{"id":377,"date":"2023-05-23T13:50:28","date_gmt":"2023-05-23T13:50:28","guid":{"rendered":"https:\/\/www.unioviedo.es\/CDA\/?page_id=377"},"modified":"2026-02-23T09:16:35","modified_gmt":"2026-02-23T09:16:35","slug":"matricula","status":"publish","type":"page","link":"https:\/\/www.unioviedo.es\/CDA\/matricula\/","title":{"rendered":"Matr\u00edcula"},"content":{"rendered":"\t\t<div data-elementor-type=\"wp-page\" data-elementor-id=\"377\" class=\"elementor elementor-377\" data-elementor-post-type=\"page\">\n\t\t\t\t\t\t\t\t\t<section class=\"elementor-section elementor-top-section elementor-element elementor-element-5bb0a19 elementor-section-height-min-height elementor-section-boxed elementor-section-height-default elementor-section-items-middle\" data-id=\"5bb0a19\" data-element_type=\"section\" data-settings=\"{&quot;background_background&quot;:&quot;classic&quot;}\">\n\t\t\t\t\t\t\t<div class=\"elementor-background-overlay\"><\/div>\n\t\t\t\t\t\t\t<div class=\"elementor-container elementor-column-gap-default\">\n\t\t\t\t\t<div class=\"elementor-column elementor-col-100 elementor-top-column elementor-element elementor-element-ca83f07\" data-id=\"ca83f07\" data-element_type=\"column\">\n\t\t\t<div class=\"elementor-widget-wrap elementor-element-populated\">\n\t\t\t\t\t\t\t\t<div class=\"elementor-element elementor-element-804a736 elementor-widget elementor-widget-heading\" data-id=\"804a736\" data-element_type=\"widget\" data-widget_type=\"heading.default\">\n\t\t\t\t<div class=\"elementor-widget-container\">\n\t\t\t<style>\/*! elementor - v3.18.0 - 20-12-2023 *\/\n.elementor-heading-title{padding:0;margin:0;line-height:1}.elementor-widget-heading .elementor-heading-title[class*=elementor-size-]>a{color:inherit;font-size:inherit;line-height:inherit}.elementor-widget-heading .elementor-heading-title.elementor-size-small{font-size:15px}.elementor-widget-heading .elementor-heading-title.elementor-size-medium{font-size:19px}.elementor-widget-heading .elementor-heading-title.elementor-size-large{font-size:29px}.elementor-widget-heading .elementor-heading-title.elementor-size-xl{font-size:39px}.elementor-widget-heading .elementor-heading-title.elementor-size-xxl{font-size:59px}<\/style><h1 class=\"elementor-heading-title elementor-size-default\">Matr\u00edcula<\/h1>\t\t<\/div>\n\t\t\t\t<\/div>\n\t\t\t\t\t<\/div>\n\t\t<\/div>\n\t\t\t\t\t\t\t<\/div>\n\t\t<\/section>\n\t\t\t\t<section class=\"elementor-section elementor-top-section elementor-element elementor-element-38057b6 elementor-reverse-mobile elementor-section-boxed elementor-section-height-default elementor-section-height-default\" data-id=\"38057b6\" data-element_type=\"section\" data-settings=\"{&quot;background_background&quot;:&quot;classic&quot;}\">\n\t\t\t\t\t\t\t<div class=\"elementor-background-overlay\"><\/div>\n\t\t\t\t\t\t\t<div class=\"elementor-container elementor-column-gap-default\">\n\t\t\t\t\t<div class=\"elementor-column elementor-col-100 elementor-top-column elementor-element elementor-element-f723d20\" data-id=\"f723d20\" data-element_type=\"column\">\n\t\t\t<div class=\"elementor-widget-wrap elementor-element-populated\">\n\t\t\t\t\t\t\t\t<div class=\"elementor-element elementor-element-aaeb8e2 elementor-widget__width-initial elementor-widget elementor-widget-heading\" data-id=\"aaeb8e2\" data-element_type=\"widget\" data-widget_type=\"heading.default\">\n\t\t\t\t<div class=\"elementor-widget-container\">\n\t\t\t<h2 class=\"elementor-heading-title elementor-size-default\">\u00a1Plazo de preinscripci\u00f3n abierto!<\/h2>\t\t<\/div>\n\t\t\t\t<\/div>\n\t\t\t\t<div class=\"elementor-element elementor-element-b1cc6f0 elementor-widget elementor-widget-text-editor\" data-id=\"b1cc6f0\" data-element_type=\"widget\" data-widget_type=\"text-editor.default\">\n\t\t\t\t<div class=\"elementor-widget-container\">\n\t\t\t<style>\/*! elementor - v3.18.0 - 20-12-2023 *\/\n.elementor-widget-text-editor.elementor-drop-cap-view-stacked .elementor-drop-cap{background-color:#69727d;color:#fff}.elementor-widget-text-editor.elementor-drop-cap-view-framed .elementor-drop-cap{color:#69727d;border:3px solid;background-color:transparent}.elementor-widget-text-editor:not(.elementor-drop-cap-view-default) .elementor-drop-cap{margin-top:8px}.elementor-widget-text-editor:not(.elementor-drop-cap-view-default) .elementor-drop-cap-letter{width:1em;height:1em}.elementor-widget-text-editor .elementor-drop-cap{float:left;text-align:center;line-height:1;font-size:50px}.elementor-widget-text-editor .elementor-drop-cap-letter{display:inline-block}<\/style>\t\t\t\t<p style=\"text-align: center;\"><span style=\"font-style: inherit; font-weight: inherit;\">\u00a1<\/span>Ya hemos iniciado el proceso de preinscripci\u00f3n y reserva de plaza para el T\u00edtulo CDA<span style=\"font-style: inherit; font-weight: inherit;\">!<\/span><\/p><p data-start=\"392\" data-end=\"579\">Si est\u00e1s interesado\/a en formar parte del programa, env\u00edanos tu CV a la direcci\u00f3n de correo electr\u00f3nico <strong data-start=\"496\" data-end=\"513\"><a rel=\"noopener\" data-start=\"498\" data-end=\"511\">cda@uniovi.es<\/a><\/strong>. Nuestro equipo revisar\u00e1 tu perfil y te orientar\u00e1 sobre los siguientes pasos.<\/p><p style=\"text-align: left;\" data-start=\"581\" data-end=\"849\">Dado que el n\u00famero de plazas es limitado, se realizar\u00e1 un proceso de selecci\u00f3n en tres fases. Las personas preadmitidas podr\u00e1n realizar la reserva de plaza y recibir\u00e1n informaci\u00f3n detallada cuando se abran oficialmente los plazos administrativos.<\/p><p style=\"text-align: left;\" data-start=\"581\" data-end=\"849\">Calendario previsto (fechas aproximadas):<\/p><ul style=\"text-align: left;\"><li data-start=\"820\" data-end=\"893\"><p style=\"text-align: left;\" data-start=\"822\" data-end=\"893\"><strong data-start=\"822\" data-end=\"860\">\u00a0Preinscripci\u00f3n y reserva de plaza:<\/strong> Abierta hasta completar plazas<\/p><\/li><li data-start=\"894\" data-end=\"966\"><p data-start=\"896\" data-end=\"966\"><strong data-start=\"896\" data-end=\"929\">Plazo oficial de inscripci\u00f3n:<\/strong> Comenzar\u00e1 en junio y podr\u00e1 estar abierto hasta agosto de 2026<\/p><\/li><li data-start=\"967\" data-end=\"1089\"><p data-start=\"969\" data-end=\"1089\"><strong data-start=\"969\" data-end=\"994\">Periodo de matr\u00edcula:<\/strong> Previsto para la primera quincena de septiembre de 2026 (una vez formalizada la inscripci\u00f3n)<\/p><\/li><li data-start=\"1090\" data-end=\"1235\"><p data-start=\"1092\" data-end=\"1235\"><strong data-start=\"1092\" data-end=\"1113\">Inicio del curso:<\/strong> A partir del 22 de septiembre de 2026.Martes y jueves de 18:00 a 21:00 (modalidad online a trav\u00e9s de Microsoft Teams)<\/p><\/li><\/ul><p style=\"text-align: center;\"><br role=\"presentation\" \/><span dir=\"ltr\" role=\"presentation\">Para m\u00e1s informaci\u00f3n escr\u00edbenos al correo electr\u00f3nico del t\u00edtulo, visita la Web de la <\/span><span dir=\"ltr\" role=\"presentation\">Universidad de Oviedo para el T\u00edtulo de Especialista Universitario en Ciencia de Datos <\/span><span dir=\"ltr\" role=\"presentation\">aplicada a la Actividad As<\/span><span dir=\"ltr\" role=\"presentation\">eguradora <\/span><span dir=\"ltr\" role=\"presentation\">(<\/span><a href=\"https:\/\/www.uniovi.es\/estudia\/titulospropios\/especialista\/cienciadatos\"><span dir=\"ltr\" aria-owns=\"pdfjs_internal_id_50R\">https:\/\/www.uniovi.es\/estudia\/titulospropios\/especialista\/cienciadatos<\/span><\/a><span dir=\"ltr\" role=\"presentation\">)<\/span> <span dir=\"ltr\" role=\"presentation\">o nuestro perfil<\/span><br role=\"presentation\" \/><span dir=\"ltr\" role=\"presentation\">en Linkedin <a href=\"https:\/\/www.linkedin.com\/company\/especialistaCDA\/\">https:\/\/www.linkedin.com\/company\/especialistaCDA<\/a><\/span><\/p>\t\t\t\t\t\t<\/div>\n\t\t\t\t<\/div>\n\t\t\t\t\t<\/div>\n\t\t<\/div>\n\t\t\t\t\t\t\t<\/div>\n\t\t<\/section>\n\t\t\t\t\t\t\t<\/div>\n\t\t","protected":false},"excerpt":{"rendered":"<p>Matr\u00edcula \u00a1Plazo de preinscripci\u00f3n abierto! \u00a1Ya hemos iniciado el proceso de preinscripci\u00f3n y reserva de plaza para el T\u00edtulo CDA! Si est\u00e1s interesado\/a en formar parte del programa, env\u00edanos tu CV a la direcci\u00f3n de correo electr\u00f3nico cda@uniovi.es. Nuestro equipo revisar\u00e1 tu perfil y te orientar\u00e1 sobre los siguientes pasos. Dado que el n\u00famero de &hellip;<\/p>\n<p class=\"read-more\"> <a class=\"\" href=\"https:\/\/www.unioviedo.es\/CDA\/matricula\/\"> <span class=\"screen-reader-text\">Matr\u00edcula<\/span> Leer m\u00e1s &raquo;<\/a><\/p>\n","protected":false},"author":2,"featured_media":0,"parent":0,"menu_order":0,"comment_status":"closed","ping_status":"closed","template":"","meta":{"site-sidebar-layout":"no-sidebar","site-content-layout":"page-builder","ast-global-header-display":"","ast-banner-title-visibility":"","ast-main-header-display":"","ast-hfb-above-header-display":"","ast-hfb-below-header-display":"","ast-hfb-mobile-header-display":"","site-post-title":"disabled","ast-breadcrumbs-content":"","ast-featured-img":"disabled","footer-sml-layout":"","theme-transparent-header-meta":"","adv-header-id-meta":"","stick-header-meta":"","header-above-stick-meta":"","header-main-stick-meta":"","header-below-stick-meta":""},"_links":{"self":[{"href":"https:\/\/www.unioviedo.es\/CDA\/wp-json\/wp\/v2\/pages\/377"}],"collection":[{"href":"https:\/\/www.unioviedo.es\/CDA\/wp-json\/wp\/v2\/pages"}],"about":[{"href":"https:\/\/www.unioviedo.es\/CDA\/wp-json\/wp\/v2\/types\/page"}],"author":[{"embeddable":true,"href":"https:\/\/www.unioviedo.es\/CDA\/wp-json\/wp\/v2\/users\/2"}],"replies":[{"embeddable":true,"href":"https:\/\/www.unioviedo.es\/CDA\/wp-json\/wp\/v2\/comments?post=377"}],"version-history":[{"count":43,"href":"https:\/\/www.unioviedo.es\/CDA\/wp-json\/wp\/v2\/pages\/377\/revisions"}],"predecessor-version":[{"id":1355,"href":"https:\/\/www.unioviedo.es\/CDA\/wp-json\/wp\/v2\/pages\/377\/revisions\/1355"}],"wp:attachment":[{"href":"https:\/\/www.unioviedo.es\/CDA\/wp-json\/wp\/v2\/media?parent=377"}],"curies":[{"name":"wp","href":"https:\/\/api.w.org\/{rel}","templated":true}]}}