{"id":2138,"date":"2022-10-31T11:29:28","date_gmt":"2022-10-31T11:29:28","guid":{"rendered":"https:\/\/www.unioviedo.es\/EITL\/?page_id=2138"},"modified":"2023-06-12T09:04:32","modified_gmt":"2023-06-12T09:04:32","slug":"antartida","status":"publish","type":"page","link":"https:\/\/www.unioviedo.es\/EITL\/antartida\/","title":{"rendered":"Ant\u00e1rtida"},"content":{"rendered":"\t\t<div data-elementor-type=\"wp-page\" data-elementor-id=\"2138\" class=\"elementor elementor-2138\">\n\t\t\t\t\t\t\t\t\t<section class=\"elementor-section elementor-top-section elementor-element elementor-element-4abfa21f elementor-section-boxed elementor-section-height-default elementor-section-height-default\" data-id=\"4abfa21f\" data-element_type=\"section\" data-settings=\"{&quot;background_background&quot;:&quot;classic&quot;,&quot;_ha_eqh_enable&quot;:false}\">\n\t\t\t\t\t\t<div class=\"elementor-container elementor-column-gap-default\">\n\t\t\t\t\t<div class=\"elementor-column elementor-col-100 elementor-top-column elementor-element elementor-element-67e9c45f\" data-id=\"67e9c45f\" data-element_type=\"column\">\n\t\t\t<div class=\"elementor-widget-wrap elementor-element-populated\">\n\t\t\t\t\t\t\t\t<div class=\"elementor-element elementor-element-4871ac3b elementor-widget elementor-widget-heading\" data-id=\"4871ac3b\" data-element_type=\"widget\" data-widget_type=\"heading.default\">\n\t\t\t\t<div class=\"elementor-widget-container\">\n\t\t\t<style>\/*! elementor - v3.14.0 - 26-06-2023 *\/\n.elementor-heading-title{padding:0;margin:0;line-height:1}.elementor-widget-heading .elementor-heading-title[class*=elementor-size-]>a{color:inherit;font-size:inherit;line-height:inherit}.elementor-widget-heading .elementor-heading-title.elementor-size-small{font-size:15px}.elementor-widget-heading .elementor-heading-title.elementor-size-medium{font-size:19px}.elementor-widget-heading .elementor-heading-title.elementor-size-large{font-size:29px}.elementor-widget-heading .elementor-heading-title.elementor-size-xl{font-size:39px}.elementor-widget-heading .elementor-heading-title.elementor-size-xxl{font-size:59px}<\/style><h2 class=\"elementor-heading-title elementor-size-default\">En busca de nuevas estrategias de divulgaci\u00f3n cient\u00edfica en la Ant\u00e1rtida <\/h2>\t\t<\/div>\n\t\t\t\t<\/div>\n\t\t\t\t<div class=\"elementor-element elementor-element-2b34eeae elementor-widget-divider--view-line elementor-widget elementor-widget-divider\" data-id=\"2b34eeae\" data-element_type=\"widget\" data-widget_type=\"divider.default\">\n\t\t\t\t<div class=\"elementor-widget-container\">\n\t\t\t<style>\/*! elementor - v3.14.0 - 26-06-2023 *\/\n.elementor-widget-divider{--divider-border-style:none;--divider-border-width:1px;--divider-color:#0c0d0e;--divider-icon-size:20px;--divider-element-spacing:10px;--divider-pattern-height:24px;--divider-pattern-size:20px;--divider-pattern-url:none;--divider-pattern-repeat:repeat-x}.elementor-widget-divider .elementor-divider{display:flex}.elementor-widget-divider .elementor-divider__text{font-size:15px;line-height:1;max-width:95%}.elementor-widget-divider .elementor-divider__element{margin:0 var(--divider-element-spacing);flex-shrink:0}.elementor-widget-divider .elementor-icon{font-size:var(--divider-icon-size)}.elementor-widget-divider .elementor-divider-separator{display:flex;margin:0;direction:ltr}.elementor-widget-divider--view-line_icon .elementor-divider-separator,.elementor-widget-divider--view-line_text .elementor-divider-separator{align-items:center}.elementor-widget-divider--view-line_icon .elementor-divider-separator:after,.elementor-widget-divider--view-line_icon .elementor-divider-separator:before,.elementor-widget-divider--view-line_text .elementor-divider-separator:after,.elementor-widget-divider--view-line_text .elementor-divider-separator:before{display:block;content:\"\";border-bottom:0;flex-grow:1;border-top:var(--divider-border-width) var(--divider-border-style) var(--divider-color)}.elementor-widget-divider--element-align-left .elementor-divider .elementor-divider-separator>.elementor-divider__svg:first-of-type{flex-grow:0;flex-shrink:100}.elementor-widget-divider--element-align-left .elementor-divider-separator:before{content:none}.elementor-widget-divider--element-align-left .elementor-divider__element{margin-left:0}.elementor-widget-divider--element-align-right .elementor-divider .elementor-divider-separator>.elementor-divider__svg:last-of-type{flex-grow:0;flex-shrink:100}.elementor-widget-divider--element-align-right .elementor-divider-separator:after{content:none}.elementor-widget-divider--element-align-right .elementor-divider__element{margin-right:0}.elementor-widget-divider:not(.elementor-widget-divider--view-line_text):not(.elementor-widget-divider--view-line_icon) .elementor-divider-separator{border-top:var(--divider-border-width) var(--divider-border-style) var(--divider-color)}.elementor-widget-divider--separator-type-pattern{--divider-border-style:none}.elementor-widget-divider--separator-type-pattern.elementor-widget-divider--view-line .elementor-divider-separator,.elementor-widget-divider--separator-type-pattern:not(.elementor-widget-divider--view-line) .elementor-divider-separator:after,.elementor-widget-divider--separator-type-pattern:not(.elementor-widget-divider--view-line) .elementor-divider-separator:before,.elementor-widget-divider--separator-type-pattern:not([class*=elementor-widget-divider--view]) .elementor-divider-separator{width:100%;min-height:var(--divider-pattern-height);-webkit-mask-size:var(--divider-pattern-size) 100%;mask-size:var(--divider-pattern-size) 100%;-webkit-mask-repeat:var(--divider-pattern-repeat);mask-repeat:var(--divider-pattern-repeat);background-color:var(--divider-color);-webkit-mask-image:var(--divider-pattern-url);mask-image:var(--divider-pattern-url)}.elementor-widget-divider--no-spacing{--divider-pattern-size:auto}.elementor-widget-divider--bg-round{--divider-pattern-repeat:round}.rtl .elementor-widget-divider .elementor-divider__text{direction:rtl}.e-con-inner>.elementor-widget-divider,.e-con>.elementor-widget-divider{width:var(--container-widget-width,100%);--flex-grow:var(--container-widget-flex-grow)}<\/style>\t\t<div class=\"elementor-divider\">\n\t\t\t<span class=\"elementor-divider-separator\">\n\t\t\t\t\t\t<\/span>\n\t\t<\/div>\n\t\t\t\t<\/div>\n\t\t\t\t<\/div>\n\t\t\t\t\t<\/div>\n\t\t<\/div>\n\t\t\t\t\t\t\t<\/div>\n\t\t<\/section>\n\t\t\t\t<section class=\"elementor-section elementor-top-section elementor-element elementor-element-15e02dbd elementor-section-boxed elementor-section-height-default elementor-section-height-default\" data-id=\"15e02dbd\" data-element_type=\"section\" data-settings=\"{&quot;background_background&quot;:&quot;classic&quot;,&quot;_ha_eqh_enable&quot;:false}\">\n\t\t\t\t\t\t<div class=\"elementor-container elementor-column-gap-wider\">\n\t\t\t\t\t<div class=\"elementor-column elementor-col-50 elementor-top-column elementor-element elementor-element-17c7b34\" data-id=\"17c7b34\" data-element_type=\"column\">\n\t\t\t<div class=\"elementor-widget-wrap elementor-element-populated\">\n\t\t\t\t\t\t\t\t<div class=\"elementor-element elementor-element-29abb52 elementor-widget elementor-widget-text-editor\" data-id=\"29abb52\" data-element_type=\"widget\" data-widget_type=\"text-editor.default\">\n\t\t\t\t<div class=\"elementor-widget-container\">\n\t\t\t<style>\/*! elementor - v3.14.0 - 26-06-2023 *\/\n.elementor-widget-text-editor.elementor-drop-cap-view-stacked .elementor-drop-cap{background-color:#69727d;color:#fff}.elementor-widget-text-editor.elementor-drop-cap-view-framed .elementor-drop-cap{color:#69727d;border:3px solid;background-color:transparent}.elementor-widget-text-editor:not(.elementor-drop-cap-view-default) .elementor-drop-cap{margin-top:8px}.elementor-widget-text-editor:not(.elementor-drop-cap-view-default) .elementor-drop-cap-letter{width:1em;height:1em}.elementor-widget-text-editor .elementor-drop-cap{float:left;text-align:center;line-height:1;font-size:50px}.elementor-widget-text-editor .elementor-drop-cap-letter{display:inline-block}<\/style>\t\t\t\t<p><strong><em>&#8220;El calentamiento global se ha convertido en algo indiscutible, por lo que resulta crucial aumentar nuestra comprensi\u00f3n de los mecanismos y las consecuencias asociados al cambio clim\u00e1tico. La regi\u00f3n ant\u00e1rtica est\u00e1 sometida a cambios sustanciales, como por ejemplo el retroceso de las masas glaciares en las zonas polares lo cual tiene numerosas implicaciones a escala local, regional y planetaria.&#8221;<\/em><\/strong><\/p>\t\t\t\t\t\t<\/div>\n\t\t\t\t<\/div>\n\t\t\t\t<div class=\"elementor-element elementor-element-f34ec6d elementor-widget elementor-widget-text-editor\" data-id=\"f34ec6d\" data-element_type=\"widget\" data-widget_type=\"text-editor.default\">\n\t\t\t\t<div class=\"elementor-widget-container\">\n\t\t\t\t\t\t\t<p>Dentro del marco del proyecto PARANTAR de la Universidad de Oviedo financiado por el Ministerio de Ciencia e Innovaci\u00f3n, un grupo multidisciplinar de cient\u00edficos y cient\u00edficas con gran experiencia en el estudio de regiones polares van a investigar durante los pr\u00f3ximos 5 a\u00f1os los procesos de deglaciaci\u00f3n y respuesta paraglaciar desde el \u00daltimo M\u00e1ximo Glaciar en las islas Shetland del Sur (Ant\u00e1rtida). El equipo publicar\u00e1 los principales resultados obtenidos en revistas de alto impacto y conferencias internacionales, pero \u00bfc\u00f3mo traducimos este lenguaje acad\u00e9mico en actividades de divulgaci\u00f3n cient\u00edfica para que sea entendido de forma sencilla y amena por el p\u00fablico en general? Son muchos los grupos de investigaci\u00f3n espa\u00f1oles que hacen ciencia en la Ant\u00e1rtida, pero no siempre la forma en la que se comunica esta forma de investigar, las experiencias vividas, problem\u00e1ticas y dificultades se expone para conocimiento del p\u00fablico en general de manera efectiva, creativa y did\u00e1ctica.\u00a0<\/p>\t\t\t\t\t\t<\/div>\n\t\t\t\t<\/div>\n\t\t\t\t<div class=\"elementor-element elementor-element-4c217114 elementor-widget elementor-widget-heading\" data-id=\"4c217114\" data-element_type=\"widget\" data-widget_type=\"heading.default\">\n\t\t\t\t<div class=\"elementor-widget-container\">\n\t\t\t<h5 class=\"elementor-heading-title elementor-size-default\">\u00bfEn qu\u00e9 consiste la idea?<\/h5>\t\t<\/div>\n\t\t\t\t<\/div>\n\t\t\t\t<div class=\"elementor-element elementor-element-8a7a18c elementor-widget elementor-widget-text-editor\" data-id=\"8a7a18c\" data-element_type=\"widget\" data-widget_type=\"text-editor.default\">\n\t\t\t\t<div class=\"elementor-widget-container\">\n\t\t\t\t\t\t\tProfundizar en las estrategias de divulgaci\u00f3n cient\u00edfica de forma creativa, atractiva y de inter\u00e9s para el p\u00fablico en general que visibilice el trabajo que se estar\u00e1 desarrollando durante estos a\u00f1os en estas islas remotas de la Ant\u00e1rtida.  \nLa idea se centrar\u00e1 en identificar y definir el tipo de p\u00fablico objetivo al que va dirigida la informaci\u00f3n y seleccionar las principales v\u00edas y formatos de difundir las actividades del proyecto.  \t\t\t\t\t\t<\/div>\n\t\t\t\t<\/div>\n\t\t\t\t<div class=\"elementor-element elementor-element-7f56cfd9 elementor-widget elementor-widget-heading\" data-id=\"7f56cfd9\" data-element_type=\"widget\" data-widget_type=\"heading.default\">\n\t\t\t\t<div class=\"elementor-widget-container\">\n\t\t\t<h5 class=\"elementor-heading-title elementor-size-default\">\u00bfQu\u00e9 perfil de colaborador\/a ser\u00eda id\u00f3neo para su desarrollo?<\/h5>\t\t<\/div>\n\t\t\t\t<\/div>\n\t\t\t\t<div class=\"elementor-element elementor-element-2cf593ed elementor-widget elementor-widget-text-editor\" data-id=\"2cf593ed\" data-element_type=\"widget\" data-widget_type=\"text-editor.default\">\n\t\t\t\t<div class=\"elementor-widget-container\">\n\t\t\t\t\t\t\t<p>Puesto que el principal objetivo es establecer una estrategia de divulgaci\u00f3n de la ciencia, los perfiles necesarios pueden ser diversos, incluyendo a profesionales dedicados a la comunicaci\u00f3n (periodistas, fot\u00f3grafos, escritores) con capacidad de adaptar contenidos, as\u00ed como profesionales con experiencia en dise\u00f1o (ilustradores, dise\u00f1adores, artistas&#8230;etc) y creadores de contenido para redes sociales.<\/p><p>Se buscar\u00e1 tambi\u00e9n cualquier otra colaboraci\u00f3n proveniente del mundo acad\u00e9mico y de la ciencia con inter\u00e9s en dise\u00f1ar actividades relacionadas con nuestro proyecto cient\u00edfico. Con este grupo multidisciplinar podremos identificar objetivos, contenidos, y m\u00e9todos de ense\u00f1anza, valorando su adecuaci\u00f3n y estableciendo adaptaciones en base a la diversidad del p\u00fablico objetivo.<\/p>\t\t\t\t\t\t<\/div>\n\t\t\t\t<\/div>\n\t\t\t\t<div class=\"elementor-element elementor-element-766adaba elementor-widget elementor-widget-heading\" data-id=\"766adaba\" data-element_type=\"widget\" data-widget_type=\"heading.default\">\n\t\t\t\t<div class=\"elementor-widget-container\">\n\t\t\t<h6 class=\"elementor-heading-title elementor-size-default\">Campos de aplicaci\u00f3n:<\/h6>\t\t<\/div>\n\t\t\t\t<\/div>\n\t\t\t\t<section class=\"elementor-section elementor-inner-section elementor-element elementor-element-3de77e62 elementor-section-boxed elementor-section-height-default elementor-section-height-default\" data-id=\"3de77e62\" data-element_type=\"section\" data-settings=\"{&quot;_ha_eqh_enable&quot;:false}\">\n\t\t\t\t\t\t<div class=\"elementor-container elementor-column-gap-default\">\n\t\t\t\t\t<div class=\"elementor-column elementor-col-25 elementor-inner-column elementor-element elementor-element-199dbc4c\" data-id=\"199dbc4c\" data-element_type=\"column\">\n\t\t\t<div class=\"elementor-widget-wrap elementor-element-populated\">\n\t\t\t\t\t\t\t\t<div class=\"elementor-element elementor-element-cb7903c elementor-view-default elementor-mobile-position-top elementor-vertical-align-top elementor-widget elementor-widget-icon-box\" data-id=\"cb7903c\" data-element_type=\"widget\" data-widget_type=\"icon-box.default\">\n\t\t\t\t<div class=\"elementor-widget-container\">\n\t\t\t<link rel=\"stylesheet\" href=\"https:\/\/www.unioviedo.es\/EITL\/wp-content\/plugins\/elementor\/assets\/css\/widget-icon-box.min.css\">\t\t<div class=\"elementor-icon-box-wrapper\">\n\t\t\t\t\t\t<div class=\"elementor-icon-box-icon\">\n\t\t\t\t<span class=\"elementor-icon elementor-animation-\" >\n\t\t\t\t<i aria-hidden=\"true\" class=\"fas fa-book\"><\/i>\t\t\t\t<\/span>\n\t\t\t<\/div>\n\t\t\t\t\t\t<div class=\"elementor-icon-box-content\">\n\t\t\t\t<h3 class=\"elementor-icon-box-title\">\n\t\t\t\t\t<span  >\n\t\t\t\t\t\tEnse\u00f1anza, educaci\u00f3n y formaci\u00f3n\t\t\t\t\t<\/span>\n\t\t\t\t<\/h3>\n\t\t\t\t\t\t\t<\/div>\n\t\t<\/div>\n\t\t\t\t<\/div>\n\t\t\t\t<\/div>\n\t\t\t\t\t<\/div>\n\t\t<\/div>\n\t\t\t\t<div class=\"elementor-column elementor-col-25 elementor-inner-column elementor-element elementor-element-18e8949a\" data-id=\"18e8949a\" data-element_type=\"column\">\n\t\t\t<div class=\"elementor-widget-wrap elementor-element-populated\">\n\t\t\t\t\t\t\t\t<div class=\"elementor-element elementor-element-e820673 elementor-view-default elementor-mobile-position-top elementor-vertical-align-top elementor-widget elementor-widget-icon-box\" data-id=\"e820673\" data-element_type=\"widget\" data-widget_type=\"icon-box.default\">\n\t\t\t\t<div class=\"elementor-widget-container\">\n\t\t\t\t\t<div class=\"elementor-icon-box-wrapper\">\n\t\t\t\t\t\t<div class=\"elementor-icon-box-icon\">\n\t\t\t\t<span class=\"elementor-icon elementor-animation-\" >\n\t\t\t\t<i aria-hidden=\"true\" class=\"fas fa-leaf\"><\/i>\t\t\t\t<\/span>\n\t\t\t<\/div>\n\t\t\t\t\t\t<div class=\"elementor-icon-box-content\">\n\t\t\t\t<h3 class=\"elementor-icon-box-title\">\n\t\t\t\t\t<span  >\n\t\t\t\t\t\tMedio ambiente y sostenibilidad\t\t\t\t\t<\/span>\n\t\t\t\t<\/h3>\n\t\t\t\t\t\t\t<\/div>\n\t\t<\/div>\n\t\t\t\t<\/div>\n\t\t\t\t<\/div>\n\t\t\t\t\t<\/div>\n\t\t<\/div>\n\t\t\t\t<div class=\"elementor-column elementor-col-25 elementor-inner-column elementor-element elementor-element-6699acae\" data-id=\"6699acae\" data-element_type=\"column\">\n\t\t\t<div class=\"elementor-widget-wrap\">\n\t\t\t\t\t\t\t\t\t<\/div>\n\t\t<\/div>\n\t\t\t\t<div class=\"elementor-column elementor-col-25 elementor-inner-column elementor-element elementor-element-1905bb8a\" data-id=\"1905bb8a\" data-element_type=\"column\">\n\t\t\t<div class=\"elementor-widget-wrap\">\n\t\t\t\t\t\t\t\t\t<\/div>\n\t\t<\/div>\n\t\t\t\t\t\t\t<\/div>\n\t\t<\/section>\n\t\t\t\t\t<\/div>\n\t\t<\/div>\n\t\t\t\t<div class=\"elementor-column elementor-col-50 elementor-top-column elementor-element elementor-element-311b557d\" data-id=\"311b557d\" data-element_type=\"column\">\n\t\t\t<div class=\"elementor-widget-wrap elementor-element-populated\">\n\t\t\t\t\t\t\t\t<div class=\"elementor-element elementor-element-3ea07dc6 eael-team-align-eael-team-align-default elementor-widget elementor-widget-eael-team-member\" data-id=\"3ea07dc6\" data-element_type=\"widget\" data-widget_type=\"eael-team-member.default\">\n\t\t\t\t<div class=\"elementor-widget-container\">\n\t\t\t\n\n\t<div id=\"eael-team-member-3ea07dc6\" class=\"eael-team-item eael-team-members-centered team-avatar-rounded\">\n\t\t<div class=\"eael-team-item-inner\">\n\t\t\t<div class=\"eael-team-image\">\n\t\t\t\t<figure>\n\t\t\t\t\t<img decoding=\"async\" src=\"https:\/\/www.unioviedo.es\/EITL\/wp-content\/uploads\/2022\/11\/lidia-antartida.jpg\" alt=\"\">\n\t\t\t\t<\/figure>\n\t\t\t\t\n\t\t\t\t\n\t\t\t<\/div>\n\n\t\t\t<div class=\"eael-team-content\">\n\t\t\t\t<h3 class=\"eael-team-member-name\">Lidia Ferri Hidalgo<\/h3>\n\t\t\t\t<h4 class=\"eael-team-member-position\">Promotora de la idea<\/h4>\n\n\t\t\t\t\t\t\t\t\t\t\t\t\t\t\t<ul class=\"eael-team-member-social-profiles\">\n\t\t\t\t\t\t\t\t\t\t\t\t\t\t\t\t\t\t\t\t\t\t\t\t\t\t\t\t\t\t\t\t\t\t\t\t\t\t\t\t\t<li class=\"eael-team-member-social-link\">\n\t\t\t\t\t\t\t\t\t\t<a href=\"http:\/\/www.researchgate.net\/profile\/Lidia-Ferri-Hidalgo%20\" target=\"_blank\">\n\t\t\t\t\t\t\t\t\t\t\t\t\t\t\t\t\t\t\t\t\t\t\t<i aria-hidden=\"true\" class=\"fab fa-researchgate\"><\/i>\t\t\t\t\t\t\t\t\t\t\t\t\t\t\t\t\t\t\t\t\t<\/a>\n\t\t\t\t\t\t\t\t\t<\/li>\n\t\t\t\t\t\t\t\t\t\t\t\t\t\t\t\t\t\t\t\t\t<\/ul>\n\t\t\t\t\t\t\t\t\t\t<p class=\"eael-team-text\"><\/p>\n\t\t\t\t\t\t\t<\/div>\n\t\t<\/div>\n\t<\/div>\n\t\t\t<\/div>\n\t\t\t\t<\/div>\n\t\t\t\t<div class=\"elementor-element elementor-element-2fa54b12 elementor-widget elementor-widget-text-editor\" data-id=\"2fa54b12\" data-element_type=\"widget\" data-widget_type=\"text-editor.default\">\n\t\t\t\t<div class=\"elementor-widget-container\">\n\t\t\t\t\t\t\t<p>Soy Licenciada en Geolog\u00eda por la Universidad Complutense de Madrid dedicada a la investigaci\u00f3n de detecci\u00f3n de cambios en glaciares e inventario de los mismos a partir de sensores remotos. Mi primer contacto con la investigaci\u00f3n fue a partir de un proyecto en Argentina, del cual fue becaria durante el periodo 2005-2008 para estudiar las fluctuaciones de glaciares a trav\u00e9s de teledetecci\u00f3n y Sistemas de Informaci\u00f3n Geogr\u00e1fica (SIG). Desde el a\u00f1o 2010 formo parte del equipo de trabajo que realiz\u00f3 el primer Inventario Nacional de Glaciares de Argentina en el Instituto Argentino de Nivolog\u00eda, Glaciolog\u00eda y Ciencias Ambientales (IANIGLA) y en 2014 me incorpor\u00e9 como Profesional Independiente del Consejo Nacional de Investigaciones Cient\u00edficas y T\u00e9cnicas (CONICET) de Argentina. He colaborado con diversos grupos de investigaci\u00f3n internacionales, con el objetivo de ampliar l\u00edneas de investigaci\u00f3n y fomentar el trabajo multidisciplinar. En el a\u00f1o 2019 realic\u00e9 una estancia de investigaci\u00f3n con el Dr. Jes\u00fas Ruiz Fern\u00e1ndez, investigador del Departamento de Geograf\u00eda de la Universidad de Oviedo, durante la cual colabor\u00e9 en la realizaci\u00f3n de cartograf\u00eda en un \u00e1rea de estudio de la Pen\u00ednsula Ant\u00e1rtica. Durante el periodo 2021-2022 realic\u00e9 el m\u00e1ster de Recursos Territoriales y Estrategias de Ordenaci\u00f3n de la Universidad de Oviedo y en la actualidad estoy contratada a cargo del proyecto de investigaci\u00f3n PARANTAR que estudiar\u00e1 los procesos de deglaciaci\u00f3n y respuesta paraglaciar desde el \u00daltimo M\u00e1ximo Glaciar en las Islas Shetland del Sur (Ant\u00e1rtida). Estoy interesada en adquirir nuevas habilidades y conocimientos y disfruto generando contenido para divulgaci\u00f3n de la ciencia.<\/p>\t\t\t\t\t\t<\/div>\n\t\t\t\t<\/div>\n\t\t\t\t<div class=\"elementor-element elementor-element-1addaed6 elementor-align-right elementor-widget elementor-widget-button\" data-id=\"1addaed6\" data-element_type=\"widget\" data-widget_type=\"button.default\">\n\t\t\t\t<div class=\"elementor-widget-container\">\n\t\t\t\t\t<div class=\"elementor-button-wrapper\">\n\t\t\t<a class=\"elementor-button elementor-button-link elementor-size-sm\" href=\"https:\/\/www.unioviedo.es\/EITL\/edicion-2022\/\">\n\t\t\t\t\t\t<span class=\"elementor-button-content-wrapper\">\n\t\t\t\t\t\t<span class=\"elementor-button-text\">VOLVER AL LISTADO DE SELECCIONADOS<\/span>\n\t\t<\/span>\n\t\t\t\t\t<\/a>\n\t\t<\/div>\n\t\t\t\t<\/div>\n\t\t\t\t<\/div>\n\t\t\t\t\t<\/div>\n\t\t<\/div>\n\t\t\t\t\t\t\t<\/div>\n\t\t<\/section>\n\t\t\t\t<section class=\"elementor-section elementor-top-section elementor-element elementor-element-36f2b96 elementor-section-boxed elementor-section-height-default elementor-section-height-default\" data-id=\"36f2b96\" data-element_type=\"section\" data-settings=\"{&quot;background_background&quot;:&quot;classic&quot;,&quot;_ha_eqh_enable&quot;:false}\">\n\t\t\t\t\t\t<div class=\"elementor-container elementor-column-gap-default\">\n\t\t\t\t\t<div class=\"elementor-column elementor-col-100 elementor-top-column elementor-element elementor-element-0445338\" data-id=\"0445338\" data-element_type=\"column\">\n\t\t\t<div class=\"elementor-widget-wrap elementor-element-populated\">\n\t\t\t\t\t\t\t\t<div class=\"elementor-element elementor-element-8ad55f7 elementor-widget elementor-widget-heading\" data-id=\"8ad55f7\" data-element_type=\"widget\" data-widget_type=\"heading.default\">\n\t\t\t\t<div class=\"elementor-widget-container\">\n\t\t\t<h5 class=\"elementor-heading-title elementor-size-default\">Galer\u00eda de fotos<\/h5>\t\t<\/div>\n\t\t\t\t<\/div>\n\t\t\t\t<div class=\"elementor-element elementor-element-ba6fe86 ha-image-grid--even elementor-widget elementor-widget-ha-image-grid happy-addon ha-image-grid\" data-id=\"ba6fe86\" data-element_type=\"widget\" data-settings=\"{&quot;layout&quot;:&quot;even&quot;,&quot;enable_popup&quot;:&quot;yes&quot;}\" data-widget_type=\"ha-image-grid.default\">\n\t\t\t\t<div class=\"elementor-widget-container\">\n\t\t\t\n\t\t<div class=\"ha-image-grid__wrap hajs-isotope ha-lightbox--has\">\n\t\t\t\t\t\t\t\n\t\t\t\t<a href=\"#\" data-mfp-src=\"https:\/\/www.unioviedo.es\/EITL\/wp-content\/uploads\/2023\/05\/Prototipando-1-1024x766.jpg\" class=\"ha-image-grid__item ha-js-lightbox __fltr-1\">\n\t\t\t\t\t<img loading=\"lazy\" decoding=\"async\" width=\"1280\" height=\"958\" src=\"https:\/\/www.unioviedo.es\/EITL\/wp-content\/uploads\/2023\/05\/Prototipando-1.jpg\" class=\"elementor-animation-grow\" alt=\"\" srcset=\"https:\/\/www.unioviedo.es\/EITL\/wp-content\/uploads\/2023\/05\/Prototipando-1.jpg 1280w, https:\/\/www.unioviedo.es\/EITL\/wp-content\/uploads\/2023\/05\/Prototipando-1-300x225.jpg 300w, https:\/\/www.unioviedo.es\/EITL\/wp-content\/uploads\/2023\/05\/Prototipando-1-1024x766.jpg 1024w, https:\/\/www.unioviedo.es\/EITL\/wp-content\/uploads\/2023\/05\/Prototipando-1-768x575.jpg 768w\" sizes=\"auto, (max-width: 1280px) 100vw, 1280px\" \/>\t\t\t\t<\/a>\n\t\t\t\t\t\t\t\n\t\t\t\t<a href=\"#\" data-mfp-src=\"https:\/\/www.unioviedo.es\/EITL\/wp-content\/uploads\/2023\/05\/MG_1521-1024x683.jpg\" class=\"ha-image-grid__item ha-js-lightbox __fltr-1\">\n\t\t\t\t\t<img loading=\"lazy\" decoding=\"async\" width=\"2560\" height=\"1707\" src=\"https:\/\/www.unioviedo.es\/EITL\/wp-content\/uploads\/2023\/05\/MG_1521-scaled.jpg\" class=\"elementor-animation-grow\" alt=\"\" srcset=\"https:\/\/www.unioviedo.es\/EITL\/wp-content\/uploads\/2023\/05\/MG_1521-scaled.jpg 2560w, https:\/\/www.unioviedo.es\/EITL\/wp-content\/uploads\/2023\/05\/MG_1521-300x200.jpg 300w, https:\/\/www.unioviedo.es\/EITL\/wp-content\/uploads\/2023\/05\/MG_1521-1024x683.jpg 1024w, https:\/\/www.unioviedo.es\/EITL\/wp-content\/uploads\/2023\/05\/MG_1521-768x512.jpg 768w, https:\/\/www.unioviedo.es\/EITL\/wp-content\/uploads\/2023\/05\/MG_1521-1536x1024.jpg 1536w, https:\/\/www.unioviedo.es\/EITL\/wp-content\/uploads\/2023\/05\/MG_1521-2048x1365.jpg 2048w\" sizes=\"auto, (max-width: 2560px) 100vw, 2560px\" \/>\t\t\t\t<\/a>\n\t\t\t\t\t\t\t\n\t\t\t\t<a href=\"#\" data-mfp-src=\"https:\/\/www.unioviedo.es\/EITL\/wp-content\/uploads\/2023\/05\/Comunicando-1-1024x683.jpg\" class=\"ha-image-grid__item ha-js-lightbox __fltr-1\">\n\t\t\t\t\t<img loading=\"lazy\" decoding=\"async\" width=\"2560\" height=\"1707\" src=\"https:\/\/www.unioviedo.es\/EITL\/wp-content\/uploads\/2023\/05\/Comunicando-1-scaled.jpg\" class=\"elementor-animation-grow\" alt=\"\" srcset=\"https:\/\/www.unioviedo.es\/EITL\/wp-content\/uploads\/2023\/05\/Comunicando-1-scaled.jpg 2560w, https:\/\/www.unioviedo.es\/EITL\/wp-content\/uploads\/2023\/05\/Comunicando-1-300x200.jpg 300w, https:\/\/www.unioviedo.es\/EITL\/wp-content\/uploads\/2023\/05\/Comunicando-1-1024x683.jpg 1024w, https:\/\/www.unioviedo.es\/EITL\/wp-content\/uploads\/2023\/05\/Comunicando-1-768x512.jpg 768w, https:\/\/www.unioviedo.es\/EITL\/wp-content\/uploads\/2023\/05\/Comunicando-1-1536x1024.jpg 1536w, https:\/\/www.unioviedo.es\/EITL\/wp-content\/uploads\/2023\/05\/Comunicando-1-2048x1365.jpg 2048w\" sizes=\"auto, (max-width: 2560px) 100vw, 2560px\" \/>\t\t\t\t<\/a>\n\t\t\t\t\t\t\t\n\t\t\t\t<a href=\"#\" data-mfp-src=\"https:\/\/www.unioviedo.es\/EITL\/wp-content\/uploads\/2023\/05\/MG_1540-1024x683.jpg\" class=\"ha-image-grid__item ha-js-lightbox __fltr-1\">\n\t\t\t\t\t<img loading=\"lazy\" decoding=\"async\" width=\"2560\" height=\"1707\" src=\"https:\/\/www.unioviedo.es\/EITL\/wp-content\/uploads\/2023\/05\/MG_1540-scaled.jpg\" class=\"elementor-animation-grow\" alt=\"\" srcset=\"https:\/\/www.unioviedo.es\/EITL\/wp-content\/uploads\/2023\/05\/MG_1540-scaled.jpg 2560w, https:\/\/www.unioviedo.es\/EITL\/wp-content\/uploads\/2023\/05\/MG_1540-300x200.jpg 300w, https:\/\/www.unioviedo.es\/EITL\/wp-content\/uploads\/2023\/05\/MG_1540-1024x683.jpg 1024w, https:\/\/www.unioviedo.es\/EITL\/wp-content\/uploads\/2023\/05\/MG_1540-768x512.jpg 768w, https:\/\/www.unioviedo.es\/EITL\/wp-content\/uploads\/2023\/05\/MG_1540-1536x1024.jpg 1536w, https:\/\/www.unioviedo.es\/EITL\/wp-content\/uploads\/2023\/05\/MG_1540-2048x1365.jpg 2048w\" sizes=\"auto, (max-width: 2560px) 100vw, 2560px\" \/>\t\t\t\t<\/a>\n\t\t\t\t\t\t\t\n\t\t\t\t<a href=\"#\" data-mfp-src=\"https:\/\/www.unioviedo.es\/EITL\/wp-content\/uploads\/2023\/05\/MG_1542-1024x683.jpg\" class=\"ha-image-grid__item ha-js-lightbox __fltr-1\">\n\t\t\t\t\t<img loading=\"lazy\" decoding=\"async\" width=\"2560\" height=\"1707\" src=\"https:\/\/www.unioviedo.es\/EITL\/wp-content\/uploads\/2023\/05\/MG_1542-scaled.jpg\" class=\"elementor-animation-grow\" alt=\"\" srcset=\"https:\/\/www.unioviedo.es\/EITL\/wp-content\/uploads\/2023\/05\/MG_1542-scaled.jpg 2560w, https:\/\/www.unioviedo.es\/EITL\/wp-content\/uploads\/2023\/05\/MG_1542-300x200.jpg 300w, https:\/\/www.unioviedo.es\/EITL\/wp-content\/uploads\/2023\/05\/MG_1542-1024x683.jpg 1024w, https:\/\/www.unioviedo.es\/EITL\/wp-content\/uploads\/2023\/05\/MG_1542-768x512.jpg 768w, https:\/\/www.unioviedo.es\/EITL\/wp-content\/uploads\/2023\/05\/MG_1542-1536x1024.jpg 1536w, https:\/\/www.unioviedo.es\/EITL\/wp-content\/uploads\/2023\/05\/MG_1542-2048x1365.jpg 2048w\" sizes=\"auto, (max-width: 2560px) 100vw, 2560px\" \/>\t\t\t\t<\/a>\n\t\t\t\t\t<\/div>\n\n\t\t\t\t<\/div>\n\t\t\t\t<\/div>\n\t\t\t\t\t<\/div>\n\t\t<\/div>\n\t\t\t\t\t\t\t<\/div>\n\t\t<\/section>\n\t\t\t\t\t\t\t<\/div>\n\t\t","protected":false},"excerpt":{"rendered":"<p>En busca de nuevas estrategias de divulgaci\u00f3n cient\u00edfica en la Ant\u00e1rtida &#8220;El calentamiento global se ha convertido en algo indiscutible, por lo que resulta crucial aumentar nuestra comprensi\u00f3n de los mecanismos y las consecuencias asociados al cambio clim\u00e1tico. La regi\u00f3n ant\u00e1rtica est\u00e1 sometida a cambios sustanciales, como por ejemplo el retroceso de las masas glaciares &hellip;<\/p>\n<p class=\"read-more\"> <a class=\"\" href=\"https:\/\/www.unioviedo.es\/EITL\/antartida\/\"> <span class=\"screen-reader-text\">Ant\u00e1rtida<\/span> Leer m\u00e1s &raquo;<\/a><\/p>\n","protected":false},"author":1,"featured_media":0,"parent":0,"menu_order":0,"comment_status":"closed","ping_status":"closed","template":"","meta":{"site-sidebar-layout":"no-sidebar","site-content-layout":"page-builder","ast-site-content-layout":"","site-content-style":"default","site-sidebar-style":"default","ast-global-header-display":"","ast-banner-title-visibility":"","ast-main-header-display":"","ast-hfb-above-header-display":"","ast-hfb-below-header-display":"","ast-hfb-mobile-header-display":"","site-post-title":"disabled","ast-breadcrumbs-content":"","ast-featured-img":"disabled","footer-sml-layout":"","theme-transparent-header-meta":"","adv-header-id-meta":"","stick-header-meta":"","header-above-stick-meta":"","header-main-stick-meta":"","header-below-stick-meta":"","astra-migrate-meta-layouts":"","footnotes":""},"class_list":["post-2138","page","type-page","status-publish","hentry"],"yoast_head":"<!-- This site is optimized with the Yoast SEO plugin v21.0 - https:\/\/yoast.com\/wordpress\/plugins\/seo\/ -->\n<title>Ant\u00e1rtida - Integraci\u00f3n de ecosistemas<\/title>\n<meta name=\"robots\" content=\"index, follow, max-snippet:-1, max-image-preview:large, max-video-preview:-1\" \/>\n<link rel=\"canonical\" href=\"https:\/\/www.unioviedo.es\/EITL\/antartida\/\" \/>\n<meta property=\"og:locale\" content=\"es_ES\" \/>\n<meta property=\"og:type\" content=\"article\" \/>\n<meta property=\"og:title\" content=\"Ant\u00e1rtida - Integraci\u00f3n de ecosistemas\" \/>\n<meta property=\"og:description\" content=\"En busca de nuevas estrategias de divulgaci\u00f3n cient\u00edfica en la Ant\u00e1rtida &#8220;El calentamiento global se ha convertido en algo indiscutible, por lo que resulta crucial aumentar nuestra comprensi\u00f3n de los mecanismos y las consecuencias asociados al cambio clim\u00e1tico. La regi\u00f3n ant\u00e1rtica est\u00e1 sometida a cambios sustanciales, como por ejemplo el retroceso de las masas glaciares &hellip; Ant\u00e1rtida Leer m\u00e1s &raquo;\" \/>\n<meta property=\"og:url\" content=\"https:\/\/www.unioviedo.es\/EITL\/antartida\/\" \/>\n<meta property=\"og:site_name\" content=\"Integraci\u00f3n de ecosistemas\" \/>\n<meta property=\"article:modified_time\" content=\"2023-06-12T09:04:32+00:00\" \/>\n<meta property=\"og:image\" content=\"https:\/\/www.unioviedo.es\/EITL\/wp-content\/uploads\/2022\/11\/lidia-antartida.jpg\" \/>\n<meta name=\"twitter:card\" content=\"summary_large_image\" \/>\n<meta name=\"twitter:label1\" content=\"Tiempo de lectura\" \/>\n\t<meta name=\"twitter:data1\" content=\"5 minutos\" \/>\n<script type=\"application\/ld+json\" class=\"yoast-schema-graph\">{\"@context\":\"https:\/\/schema.org\",\"@graph\":[{\"@type\":\"WebPage\",\"@id\":\"https:\/\/www.unioviedo.es\/EITL\/antartida\/\",\"url\":\"https:\/\/www.unioviedo.es\/EITL\/antartida\/\",\"name\":\"Ant\u00e1rtida - Integraci\u00f3n de ecosistemas\",\"isPartOf\":{\"@id\":\"https:\/\/www.unioviedo.es\/EITL\/#website\"},\"datePublished\":\"2022-10-31T11:29:28+00:00\",\"dateModified\":\"2023-06-12T09:04:32+00:00\",\"breadcrumb\":{\"@id\":\"https:\/\/www.unioviedo.es\/EITL\/antartida\/#breadcrumb\"},\"inLanguage\":\"es\",\"potentialAction\":[{\"@type\":\"ReadAction\",\"target\":[\"https:\/\/www.unioviedo.es\/EITL\/antartida\/\"]}]},{\"@type\":\"BreadcrumbList\",\"@id\":\"https:\/\/www.unioviedo.es\/EITL\/antartida\/#breadcrumb\",\"itemListElement\":[{\"@type\":\"ListItem\",\"position\":1,\"name\":\"Portada\",\"item\":\"https:\/\/www.unioviedo.es\/EITL\/\"},{\"@type\":\"ListItem\",\"position\":2,\"name\":\"Ant\u00e1rtida\"}]},{\"@type\":\"WebSite\",\"@id\":\"https:\/\/www.unioviedo.es\/EITL\/#website\",\"url\":\"https:\/\/www.unioviedo.es\/EITL\/\",\"name\":\"Integraci\u00f3n de ecosistemas\",\"description\":\"Laboratorio de experimentaci\u00f3n, innovaci\u00f3n y producci\u00f3n colaborativa\",\"publisher\":{\"@id\":\"https:\/\/www.unioviedo.es\/EITL\/#organization\"},\"potentialAction\":[{\"@type\":\"SearchAction\",\"target\":{\"@type\":\"EntryPoint\",\"urlTemplate\":\"https:\/\/www.unioviedo.es\/EITL\/?s={search_term_string}\"},\"query-input\":\"required name=search_term_string\"}],\"inLanguage\":\"es\"},{\"@type\":\"Organization\",\"@id\":\"https:\/\/www.unioviedo.es\/EITL\/#organization\",\"name\":\"Integraci\u00f3n de ecosistemas TalentuoLab\",\"url\":\"https:\/\/www.unioviedo.es\/EITL\/\",\"logo\":{\"@type\":\"ImageObject\",\"inLanguage\":\"es\",\"@id\":\"https:\/\/www.unioviedo.es\/EITL\/#\/schema\/logo\/image\/\",\"url\":\"https:\/\/www.unioviedo.es\/EITL\/wp-content\/uploads\/2022\/10\/logotipo.svg\",\"contentUrl\":\"https:\/\/www.unioviedo.es\/EITL\/wp-content\/uploads\/2022\/10\/logotipo.svg\",\"width\":663,\"height\":228,\"caption\":\"Integraci\u00f3n de ecosistemas TalentuoLab\"},\"image\":{\"@id\":\"https:\/\/www.unioviedo.es\/EITL\/#\/schema\/logo\/image\/\"}}]}<\/script>\n<!-- \/ Yoast SEO plugin. -->","yoast_head_json":{"title":"Ant\u00e1rtida - Integraci\u00f3n de ecosistemas","robots":{"index":"index","follow":"follow","max-snippet":"max-snippet:-1","max-image-preview":"max-image-preview:large","max-video-preview":"max-video-preview:-1"},"canonical":"https:\/\/www.unioviedo.es\/EITL\/antartida\/","og_locale":"es_ES","og_type":"article","og_title":"Ant\u00e1rtida - Integraci\u00f3n de ecosistemas","og_description":"En busca de nuevas estrategias de divulgaci\u00f3n cient\u00edfica en la Ant\u00e1rtida &#8220;El calentamiento global se ha convertido en algo indiscutible, por lo que resulta crucial aumentar nuestra comprensi\u00f3n de los mecanismos y las consecuencias asociados al cambio clim\u00e1tico. La regi\u00f3n ant\u00e1rtica est\u00e1 sometida a cambios sustanciales, como por ejemplo el retroceso de las masas glaciares &hellip; Ant\u00e1rtida Leer m\u00e1s &raquo;","og_url":"https:\/\/www.unioviedo.es\/EITL\/antartida\/","og_site_name":"Integraci\u00f3n de ecosistemas","article_modified_time":"2023-06-12T09:04:32+00:00","og_image":[{"url":"https:\/\/www.unioviedo.es\/EITL\/wp-content\/uploads\/2022\/11\/lidia-antartida.jpg"}],"twitter_card":"summary_large_image","twitter_misc":{"Tiempo de lectura":"5 minutos"},"schema":{"@context":"https:\/\/schema.org","@graph":[{"@type":"WebPage","@id":"https:\/\/www.unioviedo.es\/EITL\/antartida\/","url":"https:\/\/www.unioviedo.es\/EITL\/antartida\/","name":"Ant\u00e1rtida - Integraci\u00f3n de ecosistemas","isPartOf":{"@id":"https:\/\/www.unioviedo.es\/EITL\/#website"},"datePublished":"2022-10-31T11:29:28+00:00","dateModified":"2023-06-12T09:04:32+00:00","breadcrumb":{"@id":"https:\/\/www.unioviedo.es\/EITL\/antartida\/#breadcrumb"},"inLanguage":"es","potentialAction":[{"@type":"ReadAction","target":["https:\/\/www.unioviedo.es\/EITL\/antartida\/"]}]},{"@type":"BreadcrumbList","@id":"https:\/\/www.unioviedo.es\/EITL\/antartida\/#breadcrumb","itemListElement":[{"@type":"ListItem","position":1,"name":"Portada","item":"https:\/\/www.unioviedo.es\/EITL\/"},{"@type":"ListItem","position":2,"name":"Ant\u00e1rtida"}]},{"@type":"WebSite","@id":"https:\/\/www.unioviedo.es\/EITL\/#website","url":"https:\/\/www.unioviedo.es\/EITL\/","name":"Integraci\u00f3n de ecosistemas","description":"Laboratorio de experimentaci\u00f3n, innovaci\u00f3n y producci\u00f3n colaborativa","publisher":{"@id":"https:\/\/www.unioviedo.es\/EITL\/#organization"},"potentialAction":[{"@type":"SearchAction","target":{"@type":"EntryPoint","urlTemplate":"https:\/\/www.unioviedo.es\/EITL\/?s={search_term_string}"},"query-input":"required name=search_term_string"}],"inLanguage":"es"},{"@type":"Organization","@id":"https:\/\/www.unioviedo.es\/EITL\/#organization","name":"Integraci\u00f3n de ecosistemas TalentuoLab","url":"https:\/\/www.unioviedo.es\/EITL\/","logo":{"@type":"ImageObject","inLanguage":"es","@id":"https:\/\/www.unioviedo.es\/EITL\/#\/schema\/logo\/image\/","url":"https:\/\/www.unioviedo.es\/EITL\/wp-content\/uploads\/2022\/10\/logotipo.svg","contentUrl":"https:\/\/www.unioviedo.es\/EITL\/wp-content\/uploads\/2022\/10\/logotipo.svg","width":663,"height":228,"caption":"Integraci\u00f3n de ecosistemas TalentuoLab"},"image":{"@id":"https:\/\/www.unioviedo.es\/EITL\/#\/schema\/logo\/image\/"}}]}},"_links":{"self":[{"href":"https:\/\/www.unioviedo.es\/EITL\/wp-json\/wp\/v2\/pages\/2138","targetHints":{"allow":["GET"]}}],"collection":[{"href":"https:\/\/www.unioviedo.es\/EITL\/wp-json\/wp\/v2\/pages"}],"about":[{"href":"https:\/\/www.unioviedo.es\/EITL\/wp-json\/wp\/v2\/types\/page"}],"author":[{"embeddable":true,"href":"https:\/\/www.unioviedo.es\/EITL\/wp-json\/wp\/v2\/users\/1"}],"replies":[{"embeddable":true,"href":"https:\/\/www.unioviedo.es\/EITL\/wp-json\/wp\/v2\/comments?post=2138"}],"version-history":[{"count":60,"href":"https:\/\/www.unioviedo.es\/EITL\/wp-json\/wp\/v2\/pages\/2138\/revisions"}],"predecessor-version":[{"id":2963,"href":"https:\/\/www.unioviedo.es\/EITL\/wp-json\/wp\/v2\/pages\/2138\/revisions\/2963"}],"wp:attachment":[{"href":"https:\/\/www.unioviedo.es\/EITL\/wp-json\/wp\/v2\/media?parent=2138"}],"curies":[{"name":"wp","href":"https:\/\/api.w.org\/{rel}","templated":true}]}}