{"id":866,"date":"2022-12-29T19:25:55","date_gmt":"2022-12-29T19:25:55","guid":{"rendered":"https:\/\/www.unioviedo.es\/IFESXVIII_digital\/?page_id=866"},"modified":"2024-11-19T11:21:02","modified_gmt":"2024-11-19T11:21:02","slug":"congresos","status":"publish","type":"page","link":"https:\/\/www.unioviedo.es\/IFESXVIII_digital\/?page_id=866","title":{"rendered":"Congresos"},"content":{"rendered":"\t\t<div data-elementor-type=\"wp-page\" data-elementor-id=\"866\" class=\"elementor elementor-866\">\n\t\t\t\t\t\t<section class=\"elementor-section elementor-top-section elementor-element elementor-element-c340fcb elementor-section-boxed elementor-section-height-default elementor-section-height-default\" data-id=\"c340fcb\" data-element_type=\"section\" data-e-type=\"section\">\n\t\t\t\t\t\t<div class=\"elementor-container elementor-column-gap-default\">\n\t\t\t\t\t<div class=\"elementor-column elementor-col-100 elementor-top-column elementor-element elementor-element-4f1c2d6\" data-id=\"4f1c2d6\" data-element_type=\"column\" data-e-type=\"column\">\n\t\t\t<div class=\"elementor-widget-wrap elementor-element-populated\">\n\t\t\t\t\t\t<div class=\"elementor-element elementor-element-08d6030 elementor-widget elementor-widget-image\" data-id=\"08d6030\" data-element_type=\"widget\" data-e-type=\"widget\" data-widget_type=\"image.default\">\n\t\t\t\t<div class=\"elementor-widget-container\">\n\t\t\t\t\t\t\t\t\t\t\t\t\t\t\t<img decoding=\"async\" width=\"384\" height=\"71\" src=\"https:\/\/www.unioviedo.es\/IFESXVIII_digital\/wp-content\/uploads\/2022\/01\/Ayuntamiento-Oviedo-2x.png\" class=\"attachment-large size-large wp-image-346\" alt=\"\" srcset=\"https:\/\/www.unioviedo.es\/IFESXVIII_digital\/wp-content\/uploads\/2022\/01\/Ayuntamiento-Oviedo-2x.png 384w, https:\/\/www.unioviedo.es\/IFESXVIII_digital\/wp-content\/uploads\/2022\/01\/Ayuntamiento-Oviedo-2x-300x55.png 300w\" sizes=\"(max-width: 384px) 100vw, 384px\" \/>\t\t\t\t\t\t\t\t\t\t\t\t\t\t\t<\/div>\n\t\t\t\t<\/div>\n\t\t\t\t\t<\/div>\n\t\t<\/div>\n\t\t\t\t\t<\/div>\n\t\t<\/section>\n\t\t\t\t<section class=\"elementor-section elementor-top-section elementor-element elementor-element-def28fd elementor-section-boxed elementor-section-height-default elementor-section-height-default\" data-id=\"def28fd\" data-element_type=\"section\" data-e-type=\"section\">\n\t\t\t\t\t\t<div class=\"elementor-container elementor-column-gap-default\">\n\t\t\t\t\t<div class=\"elementor-column elementor-col-25 elementor-top-column elementor-element elementor-element-8c760fb\" data-id=\"8c760fb\" data-element_type=\"column\" data-e-type=\"column\">\n\t\t\t<div class=\"elementor-widget-wrap elementor-element-populated\">\n\t\t\t\t\t\t<div class=\"elementor-element elementor-element-1e501e9 elementor-widget elementor-widget-image\" data-id=\"1e501e9\" data-element_type=\"widget\" data-e-type=\"widget\" data-widget_type=\"image.default\">\n\t\t\t\t<div class=\"elementor-widget-container\">\n\t\t\t\t\t\t\t\t\t\t\t\t\t\t\t\t<a href=\"https:\/\/www.unioviedo.es\/IFESXVIII_digital\/?page_id=755\">\n\t\t\t\t\t\t\t<img fetchpriority=\"high\" decoding=\"async\" width=\"213\" height=\"300\" src=\"https:\/\/www.unioviedo.es\/IFESXVIII_digital\/wp-content\/uploads\/2022\/12\/Portada-1-Congresos-II-Simposio-sobre-el-Padre-Feijoo-y-su-siglo-t-I-o-213x300.jpg\" class=\"attachment-medium size-medium wp-image-744\" alt=\"\" srcset=\"https:\/\/www.unioviedo.es\/IFESXVIII_digital\/wp-content\/uploads\/2022\/12\/Portada-1-Congresos-II-Simposio-sobre-el-Padre-Feijoo-y-su-siglo-t-I-o-213x300.jpg 213w, https:\/\/www.unioviedo.es\/IFESXVIII_digital\/wp-content\/uploads\/2022\/12\/Portada-1-Congresos-II-Simposio-sobre-el-Padre-Feijoo-y-su-siglo-t-I-o.jpg 643w\" sizes=\"(max-width: 213px) 100vw, 213px\" \/>\t\t\t\t\t\t\t\t<\/a>\n\t\t\t\t\t\t\t\t\t\t\t\t\t\t\t<\/div>\n\t\t\t\t<\/div>\n\t\t\t\t\t<\/div>\n\t\t<\/div>\n\t\t\t\t<div class=\"elementor-column elementor-col-25 elementor-top-column elementor-element elementor-element-69f38ff\" data-id=\"69f38ff\" data-element_type=\"column\" data-e-type=\"column\">\n\t\t\t<div class=\"elementor-widget-wrap elementor-element-populated\">\n\t\t\t\t\t\t<div class=\"elementor-element elementor-element-43bd926 elementor-widget elementor-widget-text-editor\" data-id=\"43bd926\" data-element_type=\"widget\" data-e-type=\"widget\" data-widget_type=\"text-editor.default\">\n\t\t\t\t<div class=\"elementor-widget-container\">\n\t\t\t\t\t\t\t\t\t<h4><span style=\"color: var(--the7-h4-color); letter-spacing: var(--the7-h4-letter-spacing); text-transform: var(--the7-h4-text-transform); word-spacing: var(--the7-h4-word-spacing);\">II Simposio sobre el Padre Feijoo y su siglo, vol. 1<\/span><\/h4><p>VV. AA.<\/p><p>Instituto Feijoo de Estudios del Siglo XVIII \/ <b>1981<\/b><\/p>\t\t\t\t\t\t\t\t<\/div>\n\t\t\t\t<\/div>\n\t\t\t\t\t<\/div>\n\t\t<\/div>\n\t\t\t\t<div class=\"elementor-column elementor-col-25 elementor-top-column elementor-element elementor-element-d1903ff\" data-id=\"d1903ff\" data-element_type=\"column\" data-e-type=\"column\">\n\t\t\t<div class=\"elementor-widget-wrap elementor-element-populated\">\n\t\t\t\t\t\t<div class=\"elementor-element elementor-element-33098c2 elementor-widget elementor-widget-image\" data-id=\"33098c2\" data-element_type=\"widget\" data-e-type=\"widget\" data-widget_type=\"image.default\">\n\t\t\t\t<div class=\"elementor-widget-container\">\n\t\t\t\t\t\t\t\t\t\t\t\t\t\t\t\t<a href=\"https:\/\/www.unioviedo.es\/IFESXVIII_digital\/?page_id=770\">\n\t\t\t\t\t\t\t<img decoding=\"async\" width=\"209\" height=\"300\" src=\"https:\/\/www.unioviedo.es\/IFESXVIII_digital\/wp-content\/uploads\/2022\/12\/Portada-2-Congresos-II-Simposio-sobre-el-Padre-Feijoo-y-su-Siglo-t-II-o-209x300.jpg\" class=\"attachment-medium size-medium wp-image-746\" alt=\"\" srcset=\"https:\/\/www.unioviedo.es\/IFESXVIII_digital\/wp-content\/uploads\/2022\/12\/Portada-2-Congresos-II-Simposio-sobre-el-Padre-Feijoo-y-su-Siglo-t-II-o-209x300.jpg 209w, https:\/\/www.unioviedo.es\/IFESXVIII_digital\/wp-content\/uploads\/2022\/12\/Portada-2-Congresos-II-Simposio-sobre-el-Padre-Feijoo-y-su-Siglo-t-II-o.jpg 632w\" sizes=\"(max-width: 209px) 100vw, 209px\" \/>\t\t\t\t\t\t\t\t<\/a>\n\t\t\t\t\t\t\t\t\t\t\t\t\t\t\t<\/div>\n\t\t\t\t<\/div>\n\t\t\t\t\t<\/div>\n\t\t<\/div>\n\t\t\t\t<div class=\"elementor-column elementor-col-25 elementor-top-column elementor-element elementor-element-583f039\" data-id=\"583f039\" data-element_type=\"column\" data-e-type=\"column\">\n\t\t\t<div class=\"elementor-widget-wrap elementor-element-populated\">\n\t\t\t\t\t\t<div class=\"elementor-element elementor-element-08e9fb6 elementor-widget elementor-widget-text-editor\" data-id=\"08e9fb6\" data-element_type=\"widget\" data-e-type=\"widget\" data-widget_type=\"text-editor.default\">\n\t\t\t\t<div class=\"elementor-widget-container\">\n\t\t\t\t\t\t\t\t\t<h4><span style=\"color: var(--the7-h4-color); letter-spacing: var(--the7-h4-letter-spacing); text-transform: var(--the7-h4-text-transform); word-spacing: var(--the7-h4-word-spacing);\">II Simposio sobre el Padre Feijoo y su siglo, vol. 2<\/span><\/h4><p>VV. AA.<\/p><p>Instituto Feijoo de Estudios del Siglo XVIII \/ <b>1983<\/b><\/p>\t\t\t\t\t\t\t\t<\/div>\n\t\t\t\t<\/div>\n\t\t\t\t\t<\/div>\n\t\t<\/div>\n\t\t\t\t\t<\/div>\n\t\t<\/section>\n\t\t\t\t<section class=\"elementor-section elementor-top-section elementor-element elementor-element-1e97751 elementor-section-boxed elementor-section-height-default elementor-section-height-default\" data-id=\"1e97751\" data-element_type=\"section\" data-e-type=\"section\">\n\t\t\t\t\t\t<div class=\"elementor-container elementor-column-gap-default\">\n\t\t\t\t\t<div class=\"elementor-column elementor-col-25 elementor-top-column elementor-element elementor-element-9d6cc18\" data-id=\"9d6cc18\" data-element_type=\"column\" data-e-type=\"column\">\n\t\t\t<div class=\"elementor-widget-wrap elementor-element-populated\">\n\t\t\t\t\t\t<div class=\"elementor-element elementor-element-177b8b2 elementor-widget elementor-widget-image\" data-id=\"177b8b2\" data-element_type=\"widget\" data-e-type=\"widget\" data-widget_type=\"image.default\">\n\t\t\t\t<div class=\"elementor-widget-container\">\n\t\t\t\t\t\t\t\t\t\t\t\t\t\t\t\t<a href=\"https:\/\/www.unioviedo.es\/IFESXVIII_digital\/?page_id=779\">\n\t\t\t\t\t\t\t<img loading=\"lazy\" decoding=\"async\" width=\"206\" height=\"300\" src=\"https:\/\/www.unioviedo.es\/IFESXVIII_digital\/wp-content\/uploads\/2022\/12\/Portada-3-Congresos-Estudios-dieciochistas-en-honor-de-Jose-Miguel-Caso-Gonzalez-t-1-o-206x300.jpg\" class=\"attachment-medium size-medium wp-image-748\" alt=\"\" srcset=\"https:\/\/www.unioviedo.es\/IFESXVIII_digital\/wp-content\/uploads\/2022\/12\/Portada-3-Congresos-Estudios-dieciochistas-en-honor-de-Jose-Miguel-Caso-Gonzalez-t-1-o-206x300.jpg 206w, https:\/\/www.unioviedo.es\/IFESXVIII_digital\/wp-content\/uploads\/2022\/12\/Portada-3-Congresos-Estudios-dieciochistas-en-honor-de-Jose-Miguel-Caso-Gonzalez-t-1-o.jpg 623w\" sizes=\"(max-width: 206px) 100vw, 206px\" \/>\t\t\t\t\t\t\t\t<\/a>\n\t\t\t\t\t\t\t\t\t\t\t\t\t\t\t<\/div>\n\t\t\t\t<\/div>\n\t\t\t\t\t<\/div>\n\t\t<\/div>\n\t\t\t\t<div class=\"elementor-column elementor-col-25 elementor-top-column elementor-element elementor-element-be495e6\" data-id=\"be495e6\" data-element_type=\"column\" data-e-type=\"column\">\n\t\t\t<div class=\"elementor-widget-wrap elementor-element-populated\">\n\t\t\t\t\t\t<div class=\"elementor-element elementor-element-8facb84 elementor-widget elementor-widget-text-editor\" data-id=\"8facb84\" data-element_type=\"widget\" data-e-type=\"widget\" data-widget_type=\"text-editor.default\">\n\t\t\t\t<div class=\"elementor-widget-container\">\n\t\t\t\t\t\t\t\t\t<h4><span style=\"color: var(--the7-h4-color); letter-spacing: var(--the7-h4-letter-spacing); text-transform: var(--the7-h4-text-transform); word-spacing: var(--the7-h4-word-spacing);\">Estudios dieciochistas en homenaje al profesor Jos\u00e9 Miguel Caso Gonz\u00e1lez, vol. 1<\/span><\/h4><p>VV. AA.<\/p><p>Instituto Feijoo de Estudios del Siglo XVIII \/ <b>1995<\/b><\/p>\t\t\t\t\t\t\t\t<\/div>\n\t\t\t\t<\/div>\n\t\t\t\t\t<\/div>\n\t\t<\/div>\n\t\t\t\t<div class=\"elementor-column elementor-col-25 elementor-top-column elementor-element elementor-element-6529bca\" data-id=\"6529bca\" data-element_type=\"column\" data-e-type=\"column\">\n\t\t\t<div class=\"elementor-widget-wrap elementor-element-populated\">\n\t\t\t\t\t\t<div class=\"elementor-element elementor-element-e6d0521 elementor-widget elementor-widget-image\" data-id=\"e6d0521\" data-element_type=\"widget\" data-e-type=\"widget\" data-widget_type=\"image.default\">\n\t\t\t\t<div class=\"elementor-widget-container\">\n\t\t\t\t\t\t\t\t\t\t\t\t\t\t\t\t<a href=\"https:\/\/www.unioviedo.es\/IFESXVIII_digital\/?page_id=787\">\n\t\t\t\t\t\t\t<img loading=\"lazy\" decoding=\"async\" width=\"206\" height=\"300\" src=\"https:\/\/www.unioviedo.es\/IFESXVIII_digital\/wp-content\/uploads\/2022\/12\/Portada-4-Congresos-Estudios-dieciochistas-en-honor-de-Jose-Miguel-Caso-Gonzalez-t-2-o-206x300.jpg\" class=\"attachment-medium size-medium wp-image-750\" alt=\"\" srcset=\"https:\/\/www.unioviedo.es\/IFESXVIII_digital\/wp-content\/uploads\/2022\/12\/Portada-4-Congresos-Estudios-dieciochistas-en-honor-de-Jose-Miguel-Caso-Gonzalez-t-2-o-206x300.jpg 206w, https:\/\/www.unioviedo.es\/IFESXVIII_digital\/wp-content\/uploads\/2022\/12\/Portada-4-Congresos-Estudios-dieciochistas-en-honor-de-Jose-Miguel-Caso-Gonzalez-t-2-o.jpg 623w\" sizes=\"(max-width: 206px) 100vw, 206px\" \/>\t\t\t\t\t\t\t\t<\/a>\n\t\t\t\t\t\t\t\t\t\t\t\t\t\t\t<\/div>\n\t\t\t\t<\/div>\n\t\t\t\t\t<\/div>\n\t\t<\/div>\n\t\t\t\t<div class=\"elementor-column elementor-col-25 elementor-top-column elementor-element elementor-element-6f0e19d\" data-id=\"6f0e19d\" data-element_type=\"column\" data-e-type=\"column\">\n\t\t\t<div class=\"elementor-widget-wrap elementor-element-populated\">\n\t\t\t\t\t\t<div class=\"elementor-element elementor-element-bb87946 elementor-widget elementor-widget-text-editor\" data-id=\"bb87946\" data-element_type=\"widget\" data-e-type=\"widget\" data-widget_type=\"text-editor.default\">\n\t\t\t\t<div class=\"elementor-widget-container\">\n\t\t\t\t\t\t\t\t\t<h4><span style=\"color: var(--the7-h4-color); letter-spacing: var(--the7-h4-letter-spacing); text-transform: var(--the7-h4-text-transform); word-spacing: var(--the7-h4-word-spacing);\">Estudios dieciochistas en homenaje al profesor Jos\u00e9 Miguel Caso Gonz\u00e1lez, vol. 2<\/span><\/h4><p><span style=\"color: #7a7a7a; font-family: Roboto, sans-serif; font-size: 16px;\">VV. AA.<\/span><\/p><p>Instituto Feijoo de Estudios del Siglo XVIII \/ <b>1995<\/b><\/p>\t\t\t\t\t\t\t\t<\/div>\n\t\t\t\t<\/div>\n\t\t\t\t\t<\/div>\n\t\t<\/div>\n\t\t\t\t\t<\/div>\n\t\t<\/section>\n\t\t\t\t<section class=\"elementor-section elementor-top-section elementor-element elementor-element-93425c8 elementor-section-boxed elementor-section-height-default elementor-section-height-default\" data-id=\"93425c8\" data-element_type=\"section\" data-e-type=\"section\">\n\t\t\t\t\t\t<div class=\"elementor-container elementor-column-gap-default\">\n\t\t\t\t\t<div class=\"elementor-column elementor-col-25 elementor-top-column elementor-element elementor-element-3278363\" data-id=\"3278363\" data-element_type=\"column\" data-e-type=\"column\">\n\t\t\t<div class=\"elementor-widget-wrap elementor-element-populated\">\n\t\t\t\t\t\t<div class=\"elementor-element elementor-element-d95f3ef elementor-widget elementor-widget-image\" data-id=\"d95f3ef\" data-element_type=\"widget\" data-e-type=\"widget\" data-widget_type=\"image.default\">\n\t\t\t\t<div class=\"elementor-widget-container\">\n\t\t\t\t\t\t\t\t\t\t\t\t\t\t\t\t<a href=\"https:\/\/www.unioviedo.es\/IFESXVIII_digital\/?page_id=796\">\n\t\t\t\t\t\t\t<img loading=\"lazy\" decoding=\"async\" width=\"212\" height=\"300\" src=\"https:\/\/www.unioviedo.es\/IFESXVIII_digital\/wp-content\/uploads\/2022\/12\/Portada-5-Congresos-Feijoo-hoy-o-212x300.jpg\" class=\"attachment-medium size-medium wp-image-751\" alt=\"\" srcset=\"https:\/\/www.unioviedo.es\/IFESXVIII_digital\/wp-content\/uploads\/2022\/12\/Portada-5-Congresos-Feijoo-hoy-o-212x300.jpg 212w, https:\/\/www.unioviedo.es\/IFESXVIII_digital\/wp-content\/uploads\/2022\/12\/Portada-5-Congresos-Feijoo-hoy-o.jpg 642w\" sizes=\"(max-width: 212px) 100vw, 212px\" \/>\t\t\t\t\t\t\t\t<\/a>\n\t\t\t\t\t\t\t\t\t\t\t\t\t\t\t<\/div>\n\t\t\t\t<\/div>\n\t\t\t\t\t<\/div>\n\t\t<\/div>\n\t\t\t\t<div class=\"elementor-column elementor-col-25 elementor-top-column elementor-element elementor-element-05fce9d\" data-id=\"05fce9d\" data-element_type=\"column\" data-e-type=\"column\">\n\t\t\t<div class=\"elementor-widget-wrap elementor-element-populated\">\n\t\t\t\t\t\t<div class=\"elementor-element elementor-element-74b3eb5 elementor-widget elementor-widget-text-editor\" data-id=\"74b3eb5\" data-element_type=\"widget\" data-e-type=\"widget\" data-widget_type=\"text-editor.default\">\n\t\t\t\t<div class=\"elementor-widget-container\">\n\t\t\t\t\t\t\t\t\t<h4><span style=\"color: var(--the7-h4-color); letter-spacing: var(--the7-h4-letter-spacing); text-transform: var(--the7-h4-text-transform); word-spacing: var(--the7-h4-word-spacing);\">Feijoo, hoy<\/span><\/h4><p>Ed. de Inmaculada Urzainqui<\/p><p>Instituto Feijoo de Estudios del Siglo XVIII \/ <b>2003<\/b><\/p>\t\t\t\t\t\t\t\t<\/div>\n\t\t\t\t<\/div>\n\t\t\t\t\t<\/div>\n\t\t<\/div>\n\t\t\t\t<div class=\"elementor-column elementor-col-25 elementor-top-column elementor-element elementor-element-76d20c0\" data-id=\"76d20c0\" data-element_type=\"column\" data-e-type=\"column\">\n\t\t\t<div class=\"elementor-widget-wrap elementor-element-populated\">\n\t\t\t\t\t\t<div class=\"elementor-element elementor-element-bae39f7 elementor-widget elementor-widget-image\" data-id=\"bae39f7\" data-element_type=\"widget\" data-e-type=\"widget\" data-widget_type=\"image.default\">\n\t\t\t\t<div class=\"elementor-widget-container\">\n\t\t\t\t\t\t\t\t\t\t\t\t\t\t\t\t<a href=\"https:\/\/www.unioviedo.es\/IFESXVIII_digital\/?page_id=806\">\n\t\t\t\t\t\t\t<img loading=\"lazy\" decoding=\"async\" width=\"192\" height=\"300\" src=\"https:\/\/www.unioviedo.es\/IFESXVIII_digital\/wp-content\/uploads\/2022\/12\/Portada-6-Congresos-Campomanes-200-anos-despues-o-192x300.jpg\" class=\"attachment-medium size-medium wp-image-752\" alt=\"\" srcset=\"https:\/\/www.unioviedo.es\/IFESXVIII_digital\/wp-content\/uploads\/2022\/12\/Portada-6-Congresos-Campomanes-200-anos-despues-o-192x300.jpg 192w, https:\/\/www.unioviedo.es\/IFESXVIII_digital\/wp-content\/uploads\/2022\/12\/Portada-6-Congresos-Campomanes-200-anos-despues-o.jpg 605w\" sizes=\"(max-width: 192px) 100vw, 192px\" \/>\t\t\t\t\t\t\t\t<\/a>\n\t\t\t\t\t\t\t\t\t\t\t\t\t\t\t<\/div>\n\t\t\t\t<\/div>\n\t\t\t\t\t<\/div>\n\t\t<\/div>\n\t\t\t\t<div class=\"elementor-column elementor-col-25 elementor-top-column elementor-element elementor-element-0d269b8\" data-id=\"0d269b8\" data-element_type=\"column\" data-e-type=\"column\">\n\t\t\t<div class=\"elementor-widget-wrap elementor-element-populated\">\n\t\t\t\t\t\t<div class=\"elementor-element elementor-element-3b845f1 elementor-widget elementor-widget-text-editor\" data-id=\"3b845f1\" data-element_type=\"widget\" data-e-type=\"widget\" data-widget_type=\"text-editor.default\">\n\t\t\t\t<div class=\"elementor-widget-container\">\n\t\t\t\t\t\t\t\t\t<h4>Campomanes doscientos a\u00f1os despu\u00e9s<\/h4><p>Ed. de Dolores Mateo<\/p><p>Instituto Feijoo de Estudios del Siglo XVIII \/ <b>2003<\/b><\/p>\t\t\t\t\t\t\t\t<\/div>\n\t\t\t\t<\/div>\n\t\t\t\t\t<\/div>\n\t\t<\/div>\n\t\t\t\t\t<\/div>\n\t\t<\/section>\n\t\t\t\t<section class=\"elementor-section elementor-top-section elementor-element elementor-element-221d248 elementor-section-boxed elementor-section-height-default elementor-section-height-default\" data-id=\"221d248\" data-element_type=\"section\" data-e-type=\"section\">\n\t\t\t\t\t\t<div class=\"elementor-container elementor-column-gap-default\">\n\t\t\t\t\t<div class=\"elementor-column elementor-col-25 elementor-top-column elementor-element elementor-element-3fddbc9\" data-id=\"3fddbc9\" data-element_type=\"column\" data-e-type=\"column\">\n\t\t\t<div class=\"elementor-widget-wrap elementor-element-populated\">\n\t\t\t\t\t\t<div class=\"elementor-element elementor-element-62f0e52 elementor-widget elementor-widget-image\" data-id=\"62f0e52\" data-element_type=\"widget\" data-e-type=\"widget\" data-widget_type=\"image.default\">\n\t\t\t\t<div class=\"elementor-widget-container\">\n\t\t\t\t\t\t\t\t\t\t\t\t\t\t\t\t<a href=\"https:\/\/www.unioviedo.es\/IFESXVIII_digital\/?page_id=1170\">\n\t\t\t\t\t\t\t<img loading=\"lazy\" decoding=\"async\" width=\"193\" height=\"300\" src=\"https:\/\/www.unioviedo.es\/IFESXVIII_digital\/wp-content\/uploads\/2024\/11\/2009_Trea_La-epoca-de-Carlos-IV-1-193x300.jpg\" class=\"attachment-medium size-medium wp-image-1155\" alt=\"\" srcset=\"https:\/\/www.unioviedo.es\/IFESXVIII_digital\/wp-content\/uploads\/2024\/11\/2009_Trea_La-epoca-de-Carlos-IV-1-193x300.jpg 193w, https:\/\/www.unioviedo.es\/IFESXVIII_digital\/wp-content\/uploads\/2024\/11\/2009_Trea_La-epoca-de-Carlos-IV-1-658x1024.jpg 658w, https:\/\/www.unioviedo.es\/IFESXVIII_digital\/wp-content\/uploads\/2024\/11\/2009_Trea_La-epoca-de-Carlos-IV-1-768x1195.jpg 768w, https:\/\/www.unioviedo.es\/IFESXVIII_digital\/wp-content\/uploads\/2024\/11\/2009_Trea_La-epoca-de-Carlos-IV-1.jpg 962w\" sizes=\"(max-width: 193px) 100vw, 193px\" \/>\t\t\t\t\t\t\t\t<\/a>\n\t\t\t\t\t\t\t\t\t\t\t\t\t\t\t<\/div>\n\t\t\t\t<\/div>\n\t\t\t\t\t<\/div>\n\t\t<\/div>\n\t\t\t\t<div class=\"elementor-column elementor-col-25 elementor-top-column elementor-element elementor-element-f6f9c04\" data-id=\"f6f9c04\" data-element_type=\"column\" data-e-type=\"column\">\n\t\t\t<div class=\"elementor-widget-wrap elementor-element-populated\">\n\t\t\t\t\t\t<div class=\"elementor-element elementor-element-979aff1 elementor-widget elementor-widget-text-editor\" data-id=\"979aff1\" data-element_type=\"widget\" data-e-type=\"widget\" data-widget_type=\"text-editor.default\">\n\t\t\t\t<div class=\"elementor-widget-container\">\n\t\t\t\t\t\t\t\t\t<h4 style=\"font-style: normal; font-variant-ligatures: normal; font-variant-caps: normal; text-transform: none; letter-spacing: normal; word-spacing: 0px; text-decoration-thickness: initial; text-decoration-style: initial; text-decoration-color: initial;\">La \u00e9poca de Carlos IV<\/h4><p style=\"color: #7a7a7a; font-family: Roboto, sans-serif; font-size: 16px;\">Coord. de Elena de Lorenzo \u00c1lvarez<\/p><p style=\"color: #7a7a7a; font-family: Roboto, sans-serif; font-size: 16px;\">Instituto Feijoo de Estudios del Siglo XVIII \/ Ediciones Trea \/\u00a0<span style=\"font-weight: bold;\">2009<\/span><\/p>\t\t\t\t\t\t\t\t<\/div>\n\t\t\t\t<\/div>\n\t\t\t\t\t<\/div>\n\t\t<\/div>\n\t\t\t\t<div class=\"elementor-column elementor-col-25 elementor-top-column elementor-element elementor-element-6114c60\" data-id=\"6114c60\" data-element_type=\"column\" data-e-type=\"column\">\n\t\t\t<div class=\"elementor-widget-wrap elementor-element-populated\">\n\t\t\t\t\t\t<div class=\"elementor-element elementor-element-d1a8028 elementor-widget elementor-widget-image\" data-id=\"d1a8028\" data-element_type=\"widget\" data-e-type=\"widget\" data-widget_type=\"image.default\">\n\t\t\t\t<div class=\"elementor-widget-container\">\n\t\t\t\t\t\t\t\t\t\t\t\t\t\t\t\t<a href=\"https:\/\/www.unioviedo.es\/IFESXVIII_digital\/?page_id=812\">\n\t\t\t\t\t\t\t<img loading=\"lazy\" decoding=\"async\" width=\"200\" height=\"300\" src=\"https:\/\/www.unioviedo.es\/IFESXVIII_digital\/wp-content\/uploads\/2022\/12\/Portada-7-Congresos-Jovellanos-el-valor-de-la-razon-o-200x300.jpg\" class=\"attachment-medium size-medium wp-image-753\" alt=\"\" srcset=\"https:\/\/www.unioviedo.es\/IFESXVIII_digital\/wp-content\/uploads\/2022\/12\/Portada-7-Congresos-Jovellanos-el-valor-de-la-razon-o-200x300.jpg 200w, https:\/\/www.unioviedo.es\/IFESXVIII_digital\/wp-content\/uploads\/2022\/12\/Portada-7-Congresos-Jovellanos-el-valor-de-la-razon-o-683x1024.jpg 683w, https:\/\/www.unioviedo.es\/IFESXVIII_digital\/wp-content\/uploads\/2022\/12\/Portada-7-Congresos-Jovellanos-el-valor-de-la-razon-o-768x1152.jpg 768w, https:\/\/www.unioviedo.es\/IFESXVIII_digital\/wp-content\/uploads\/2022\/12\/Portada-7-Congresos-Jovellanos-el-valor-de-la-razon-o-1024x1536.jpg 1024w, https:\/\/www.unioviedo.es\/IFESXVIII_digital\/wp-content\/uploads\/2022\/12\/Portada-7-Congresos-Jovellanos-el-valor-de-la-razon-o-1365x2048.jpg 1365w, https:\/\/www.unioviedo.es\/IFESXVIII_digital\/wp-content\/uploads\/2022\/12\/Portada-7-Congresos-Jovellanos-el-valor-de-la-razon-o-scaled.jpg 1707w\" sizes=\"(max-width: 200px) 100vw, 200px\" \/>\t\t\t\t\t\t\t\t<\/a>\n\t\t\t\t\t\t\t\t\t\t\t\t\t\t\t<\/div>\n\t\t\t\t<\/div>\n\t\t\t\t\t<\/div>\n\t\t<\/div>\n\t\t\t\t<div class=\"elementor-column elementor-col-25 elementor-top-column elementor-element elementor-element-87408f4\" data-id=\"87408f4\" data-element_type=\"column\" data-e-type=\"column\">\n\t\t\t<div class=\"elementor-widget-wrap elementor-element-populated\">\n\t\t\t\t\t\t<div class=\"elementor-element elementor-element-8b0c554 elementor-widget elementor-widget-text-editor\" data-id=\"8b0c554\" data-element_type=\"widget\" data-e-type=\"widget\" data-widget_type=\"text-editor.default\">\n\t\t\t\t<div class=\"elementor-widget-container\">\n\t\t\t\t\t\t\t\t\t<h4 style=\"font-style: normal; font-variant-ligatures: normal; font-variant-caps: normal; text-transform: none; letter-spacing: normal; word-spacing: 0px; text-decoration-thickness: initial; text-decoration-style: initial; text-decoration-color: initial;\">Jovellanos o el valor de la raz\u00f3n<\/h4><h4><p style=\"color: rgb(122, 122, 122); font-family: Roboto, sans-serif; font-size: 16px;\">Ed. de Ignacio Fern\u00e1ndez Sarasola, Elena de Lorenzo \u00c1lvarez, Joaqu\u00edn Ocampo Su\u00e1rez-Vald\u00e9s y \u00c1lvaro Ruiz de la Pe\u00f1a Solar<\/p><p style=\"color: rgb(122, 122, 122); font-family: Roboto, sans-serif; font-size: 16px;\">Instituto Feijoo de Estudios del Siglo XVIII \/ Ediciones Trea \/&nbsp;<span style=\"font-weight: 700;\">2011<\/span><\/p><\/h4>\t\t\t\t\t\t\t\t<\/div>\n\t\t\t\t<\/div>\n\t\t\t\t\t<\/div>\n\t\t<\/div>\n\t\t\t\t\t<\/div>\n\t\t<\/section>\n\t\t\t\t<section class=\"elementor-section elementor-top-section elementor-element elementor-element-e522e28 elementor-section-boxed elementor-section-height-default elementor-section-height-default\" data-id=\"e522e28\" data-element_type=\"section\" data-e-type=\"section\">\n\t\t\t\t\t\t<div class=\"elementor-container elementor-column-gap-default\">\n\t\t\t\t\t<div class=\"elementor-column elementor-col-25 elementor-top-column elementor-element elementor-element-0cf1c87\" data-id=\"0cf1c87\" data-element_type=\"column\" data-e-type=\"column\">\n\t\t\t<div class=\"elementor-widget-wrap elementor-element-populated\">\n\t\t\t\t\t\t<div class=\"elementor-element elementor-element-001f0fd elementor-widget elementor-widget-image\" data-id=\"001f0fd\" data-element_type=\"widget\" data-e-type=\"widget\" data-widget_type=\"image.default\">\n\t\t\t\t<div class=\"elementor-widget-container\">\n\t\t\t\t\t\t\t\t\t\t\t\t\t\t\t\t<a href=\"https:\/\/www.unioviedo.es\/IFESXVIII_digital\/?page_id=1171\">\n\t\t\t\t\t\t\t<img loading=\"lazy\" decoding=\"async\" width=\"209\" height=\"300\" src=\"https:\/\/www.unioviedo.es\/IFESXVIII_digital\/wp-content\/uploads\/2024\/11\/2016_Trea_Con-la-razon-y-la-experiencia-1-209x300.jpg\" class=\"attachment-medium size-medium wp-image-1157\" alt=\"\" srcset=\"https:\/\/www.unioviedo.es\/IFESXVIII_digital\/wp-content\/uploads\/2024\/11\/2016_Trea_Con-la-razon-y-la-experiencia-1-209x300.jpg 209w, https:\/\/www.unioviedo.es\/IFESXVIII_digital\/wp-content\/uploads\/2024\/11\/2016_Trea_Con-la-razon-y-la-experiencia-1-712x1024.jpg 712w, https:\/\/www.unioviedo.es\/IFESXVIII_digital\/wp-content\/uploads\/2024\/11\/2016_Trea_Con-la-razon-y-la-experiencia-1-768x1104.jpg 768w, https:\/\/www.unioviedo.es\/IFESXVIII_digital\/wp-content\/uploads\/2024\/11\/2016_Trea_Con-la-razon-y-la-experiencia-1-1069x1536.jpg 1069w, https:\/\/www.unioviedo.es\/IFESXVIII_digital\/wp-content\/uploads\/2024\/11\/2016_Trea_Con-la-razon-y-la-experiencia-1-1425x2048.jpg 1425w, https:\/\/www.unioviedo.es\/IFESXVIII_digital\/wp-content\/uploads\/2024\/11\/2016_Trea_Con-la-razon-y-la-experiencia-1-scaled.jpg 1781w\" sizes=\"(max-width: 209px) 100vw, 209px\" \/>\t\t\t\t\t\t\t\t<\/a>\n\t\t\t\t\t\t\t\t\t\t\t\t\t\t\t<\/div>\n\t\t\t\t<\/div>\n\t\t\t\t\t<\/div>\n\t\t<\/div>\n\t\t\t\t<div class=\"elementor-column elementor-col-25 elementor-top-column elementor-element elementor-element-352a6a7\" data-id=\"352a6a7\" data-element_type=\"column\" data-e-type=\"column\">\n\t\t\t<div class=\"elementor-widget-wrap elementor-element-populated\">\n\t\t\t\t\t\t<div class=\"elementor-element elementor-element-c55905e elementor-widget elementor-widget-text-editor\" data-id=\"c55905e\" data-element_type=\"widget\" data-e-type=\"widget\" data-widget_type=\"text-editor.default\">\n\t\t\t\t<div class=\"elementor-widget-container\">\n\t\t\t\t\t\t\t\t\t<h4>Con la raz\u00f3n y la experiencia. Fejioo 250 a\u00f1os despu\u00e9s<\/h4><p>Ed. de Inmaculada Urzainqui y Rodrigo Olay Vald\u00e9s<\/p><p>Instituto Feijoo de Estudios del Siglo XVIII \/ Ediciones Trea \/ Ayuntamiento de Oviedo \/ <b>2016<\/b><\/p>\t\t\t\t\t\t\t\t<\/div>\n\t\t\t\t<\/div>\n\t\t\t\t\t<\/div>\n\t\t<\/div>\n\t\t\t\t<div class=\"elementor-column elementor-col-25 elementor-top-column elementor-element elementor-element-a95100b\" data-id=\"a95100b\" data-element_type=\"column\" data-e-type=\"column\">\n\t\t\t<div class=\"elementor-widget-wrap elementor-element-populated\">\n\t\t\t\t\t\t<div class=\"elementor-element elementor-element-bc1a61a elementor-widget elementor-widget-image\" data-id=\"bc1a61a\" data-element_type=\"widget\" data-e-type=\"widget\" data-widget_type=\"image.default\">\n\t\t\t\t<div class=\"elementor-widget-container\">\n\t\t\t\t\t\t\t\t\t\t\t\t\t\t\t\t<a href=\"https:\/\/www.unioviedo.es\/IFESXVIII_digital\/?page_id=1172\">\n\t\t\t\t\t\t\t<img loading=\"lazy\" decoding=\"async\" width=\"215\" height=\"300\" src=\"https:\/\/www.unioviedo.es\/IFESXVIII_digital\/wp-content\/uploads\/2024\/11\/2021_Trea_-Sobre-Espana-en-el-largo-siglo-XVIII-215x300.jpg\" class=\"attachment-medium size-medium wp-image-1159\" alt=\"\" srcset=\"https:\/\/www.unioviedo.es\/IFESXVIII_digital\/wp-content\/uploads\/2024\/11\/2021_Trea_-Sobre-Espana-en-el-largo-siglo-XVIII-215x300.jpg 215w, https:\/\/www.unioviedo.es\/IFESXVIII_digital\/wp-content\/uploads\/2024\/11\/2021_Trea_-Sobre-Espana-en-el-largo-siglo-XVIII-734x1024.jpg 734w, https:\/\/www.unioviedo.es\/IFESXVIII_digital\/wp-content\/uploads\/2024\/11\/2021_Trea_-Sobre-Espana-en-el-largo-siglo-XVIII-768x1072.jpg 768w, https:\/\/www.unioviedo.es\/IFESXVIII_digital\/wp-content\/uploads\/2024\/11\/2021_Trea_-Sobre-Espana-en-el-largo-siglo-XVIII.jpg 1016w\" sizes=\"(max-width: 215px) 100vw, 215px\" \/>\t\t\t\t\t\t\t\t<\/a>\n\t\t\t\t\t\t\t\t\t\t\t\t\t\t\t<\/div>\n\t\t\t\t<\/div>\n\t\t\t\t\t<\/div>\n\t\t<\/div>\n\t\t\t\t<div class=\"elementor-column elementor-col-25 elementor-top-column elementor-element elementor-element-23c5c46\" data-id=\"23c5c46\" data-element_type=\"column\" data-e-type=\"column\">\n\t\t\t<div class=\"elementor-widget-wrap elementor-element-populated\">\n\t\t\t\t\t\t<div class=\"elementor-element elementor-element-1f3ea50 elementor-widget elementor-widget-text-editor\" data-id=\"1f3ea50\" data-element_type=\"widget\" data-e-type=\"widget\" data-widget_type=\"text-editor.default\">\n\t\t\t\t<div class=\"elementor-widget-container\">\n\t\t\t\t\t\t\t\t\t<h4>Sobre Espa\u00f1a en el largo siglo XVIII<\/h4>\n<p>Coord. de Juan D\u00edaz, Fernando Manzano y Rodrigo Olay Vald\u00e9s<\/p>\n<p>Instituto Feijoo de Estudios del Siglo XVIII \/ Ediciones Trea \/ Ayuntamiento de Oviedo \/ <b>2021<\/b><\/p>\t\t\t\t\t\t\t\t<\/div>\n\t\t\t\t<\/div>\n\t\t\t\t\t<\/div>\n\t\t<\/div>\n\t\t\t\t\t<\/div>\n\t\t<\/section>\n\t\t\t\t<section class=\"elementor-section elementor-top-section elementor-element elementor-element-675469f elementor-section-boxed elementor-section-height-default elementor-section-height-default\" data-id=\"675469f\" data-element_type=\"section\" data-e-type=\"section\">\n\t\t\t\t\t\t<div class=\"elementor-container elementor-column-gap-default\">\n\t\t\t\t\t<div class=\"elementor-column elementor-col-25 elementor-top-column elementor-element elementor-element-a628e3b\" data-id=\"a628e3b\" data-element_type=\"column\" data-e-type=\"column\">\n\t\t\t<div class=\"elementor-widget-wrap elementor-element-populated\">\n\t\t\t\t\t\t<div class=\"elementor-element elementor-element-760a5f6 elementor-widget elementor-widget-image\" data-id=\"760a5f6\" data-element_type=\"widget\" data-e-type=\"widget\" data-widget_type=\"image.default\">\n\t\t\t\t<div class=\"elementor-widget-container\">\n\t\t\t\t\t\t\t\t\t\t\t\t\t\t\t\t<a href=\"https:\/\/www.unioviedo.es\/IFESXVIII_digital\/?page_id=1173\">\n\t\t\t\t\t\t\t<img loading=\"lazy\" decoding=\"async\" width=\"215\" height=\"300\" src=\"https:\/\/www.unioviedo.es\/IFESXVIII_digital\/wp-content\/uploads\/2024\/11\/2022_Trea_El-mundo-del-libro-215x300.jpg\" class=\"attachment-medium size-medium wp-image-1161\" alt=\"\" srcset=\"https:\/\/www.unioviedo.es\/IFESXVIII_digital\/wp-content\/uploads\/2024\/11\/2022_Trea_El-mundo-del-libro-215x300.jpg 215w, https:\/\/www.unioviedo.es\/IFESXVIII_digital\/wp-content\/uploads\/2024\/11\/2022_Trea_El-mundo-del-libro-734x1024.jpg 734w, https:\/\/www.unioviedo.es\/IFESXVIII_digital\/wp-content\/uploads\/2024\/11\/2022_Trea_El-mundo-del-libro-768x1072.jpg 768w, https:\/\/www.unioviedo.es\/IFESXVIII_digital\/wp-content\/uploads\/2024\/11\/2022_Trea_El-mundo-del-libro-1101x1536.jpg 1101w, https:\/\/www.unioviedo.es\/IFESXVIII_digital\/wp-content\/uploads\/2024\/11\/2022_Trea_El-mundo-del-libro-1468x2048.jpg 1468w, https:\/\/www.unioviedo.es\/IFESXVIII_digital\/wp-content\/uploads\/2024\/11\/2022_Trea_El-mundo-del-libro.jpg 1490w\" sizes=\"(max-width: 215px) 100vw, 215px\" \/>\t\t\t\t\t\t\t\t<\/a>\n\t\t\t\t\t\t\t\t\t\t\t\t\t\t\t<\/div>\n\t\t\t\t<\/div>\n\t\t\t\t\t<\/div>\n\t\t<\/div>\n\t\t\t\t<div class=\"elementor-column elementor-col-25 elementor-top-column elementor-element elementor-element-c545522\" data-id=\"c545522\" data-element_type=\"column\" data-e-type=\"column\">\n\t\t\t<div class=\"elementor-widget-wrap elementor-element-populated\">\n\t\t\t\t\t\t<div class=\"elementor-element elementor-element-06b5396 elementor-widget elementor-widget-text-editor\" data-id=\"06b5396\" data-element_type=\"widget\" data-e-type=\"widget\" data-widget_type=\"text-editor.default\">\n\t\t\t\t<div class=\"elementor-widget-container\">\n\t\t\t\t\t\t\t\t\t<h4>El mundo del libro y la cultura editorial en la Espa\u00f1a del siglo XVIII<\/h4><p>Coord. de Gabriel S\u00e1nchez Espinosa y Rodrigo Olay Vald\u00e9s<\/p><p>Instituto Feijoo de Estudios del Siglo XVIII \/ Ediciones Trea \/ Ayuntamiento de Oviedo \/ <b>2022<\/b><\/p>\t\t\t\t\t\t\t\t<\/div>\n\t\t\t\t<\/div>\n\t\t\t\t\t<\/div>\n\t\t<\/div>\n\t\t\t\t<div class=\"elementor-column elementor-col-25 elementor-top-column elementor-element elementor-element-baf128f\" data-id=\"baf128f\" data-element_type=\"column\" data-e-type=\"column\">\n\t\t\t<div class=\"elementor-widget-wrap elementor-element-populated\">\n\t\t\t\t\t\t<div class=\"elementor-element elementor-element-adaf002 elementor-widget elementor-widget-image\" data-id=\"adaf002\" data-element_type=\"widget\" data-e-type=\"widget\" data-widget_type=\"image.default\">\n\t\t\t\t<div class=\"elementor-widget-container\">\n\t\t\t\t\t\t\t\t\t\t\t\t\t\t\t\t<a href=\"https:\/\/www.unioviedo.es\/IFESXVIII_digital\/?page_id=1174\">\n\t\t\t\t\t\t\t<img loading=\"lazy\" decoding=\"async\" width=\"215\" height=\"300\" src=\"https:\/\/www.unioviedo.es\/IFESXVIII_digital\/wp-content\/uploads\/2024\/11\/2024_Trea_La-censura-en-la-Espana-del-siglo-XVIII-215x300.jpg\" class=\"attachment-medium size-medium wp-image-1163\" alt=\"\" srcset=\"https:\/\/www.unioviedo.es\/IFESXVIII_digital\/wp-content\/uploads\/2024\/11\/2024_Trea_La-censura-en-la-Espana-del-siglo-XVIII-215x300.jpg 215w, https:\/\/www.unioviedo.es\/IFESXVIII_digital\/wp-content\/uploads\/2024\/11\/2024_Trea_La-censura-en-la-Espana-del-siglo-XVIII-734x1024.jpg 734w, https:\/\/www.unioviedo.es\/IFESXVIII_digital\/wp-content\/uploads\/2024\/11\/2024_Trea_La-censura-en-la-Espana-del-siglo-XVIII-768x1072.jpg 768w, https:\/\/www.unioviedo.es\/IFESXVIII_digital\/wp-content\/uploads\/2024\/11\/2024_Trea_La-censura-en-la-Espana-del-siglo-XVIII.jpg 1016w\" sizes=\"(max-width: 215px) 100vw, 215px\" \/>\t\t\t\t\t\t\t\t<\/a>\n\t\t\t\t\t\t\t\t\t\t\t\t\t\t\t<\/div>\n\t\t\t\t<\/div>\n\t\t\t\t\t<\/div>\n\t\t<\/div>\n\t\t\t\t<div class=\"elementor-column elementor-col-25 elementor-top-column elementor-element elementor-element-f4773bc\" data-id=\"f4773bc\" data-element_type=\"column\" data-e-type=\"column\">\n\t\t\t<div class=\"elementor-widget-wrap elementor-element-populated\">\n\t\t\t\t\t\t<div class=\"elementor-element elementor-element-7f08aa4 elementor-widget elementor-widget-text-editor\" data-id=\"7f08aa4\" data-element_type=\"widget\" data-e-type=\"widget\" data-widget_type=\"text-editor.default\">\n\t\t\t\t<div class=\"elementor-widget-container\">\n\t\t\t\t\t\t\t\t\t<h4>La censura en la Espa\u00f1a del siglo XVIII. Nuevas aproximaciones<\/h4><p>Coord. de Elena de Lorenzo \u00c1lvarez y Rodrigo Olay Vald\u00e9s<\/p><p>Instituto Feijoo de Estudios del Siglo XVIII \/ Ediciones Trea \/ <b>2024<\/b><\/p>\t\t\t\t\t\t\t\t<\/div>\n\t\t\t\t<\/div>\n\t\t\t\t\t<\/div>\n\t\t<\/div>\n\t\t\t\t\t<\/div>\n\t\t<\/section>\n\t\t\t\t<section class=\"elementor-section elementor-top-section elementor-element elementor-element-f8cb7d6 elementor-section-boxed elementor-section-height-default elementor-section-height-default\" data-id=\"f8cb7d6\" data-element_type=\"section\" data-e-type=\"section\">\n\t\t\t\t\t\t<div class=\"elementor-container elementor-column-gap-default\">\n\t\t\t\t\t<div class=\"elementor-column elementor-col-25 elementor-top-column elementor-element elementor-element-15eef0c\" data-id=\"15eef0c\" data-element_type=\"column\" data-e-type=\"column\">\n\t\t\t<div class=\"elementor-widget-wrap elementor-element-populated\">\n\t\t\t\t\t\t<div class=\"elementor-element elementor-element-85fbf8d elementor-widget elementor-widget-image\" data-id=\"85fbf8d\" data-element_type=\"widget\" data-e-type=\"widget\" data-widget_type=\"image.default\">\n\t\t\t\t<div class=\"elementor-widget-container\">\n\t\t\t\t\t\t\t\t\t\t\t\t\t\t\t\t<a href=\"https:\/\/www.unioviedo.es\/IFESXVIII_digital\/?page_id=1233\">\n\t\t\t\t\t\t\t<img loading=\"lazy\" decoding=\"async\" width=\"212\" height=\"300\" src=\"https:\/\/www.unioviedo.es\/IFESXVIII_digital\/wp-content\/uploads\/2024\/11\/2024_IFESXVIII_Trea_Las-Reales-Sociedades-Economicas-de-Amigos-del-Pais-212x300.jpg\" class=\"attachment-medium size-medium wp-image-1214\" alt=\"\" srcset=\"https:\/\/www.unioviedo.es\/IFESXVIII_digital\/wp-content\/uploads\/2024\/11\/2024_IFESXVIII_Trea_Las-Reales-Sociedades-Economicas-de-Amigos-del-Pais-212x300.jpg 212w, https:\/\/www.unioviedo.es\/IFESXVIII_digital\/wp-content\/uploads\/2024\/11\/2024_IFESXVIII_Trea_Las-Reales-Sociedades-Economicas-de-Amigos-del-Pais-725x1024.jpg 725w, https:\/\/www.unioviedo.es\/IFESXVIII_digital\/wp-content\/uploads\/2024\/11\/2024_IFESXVIII_Trea_Las-Reales-Sociedades-Economicas-de-Amigos-del-Pais-768x1084.jpg 768w, https:\/\/www.unioviedo.es\/IFESXVIII_digital\/wp-content\/uploads\/2024\/11\/2024_IFESXVIII_Trea_Las-Reales-Sociedades-Economicas-de-Amigos-del-Pais-1088x1536.jpg 1088w, https:\/\/www.unioviedo.es\/IFESXVIII_digital\/wp-content\/uploads\/2024\/11\/2024_IFESXVIII_Trea_Las-Reales-Sociedades-Economicas-de-Amigos-del-Pais-1451x2048.jpg 1451w, https:\/\/www.unioviedo.es\/IFESXVIII_digital\/wp-content\/uploads\/2024\/11\/2024_IFESXVIII_Trea_Las-Reales-Sociedades-Economicas-de-Amigos-del-Pais-scaled.jpg 1813w\" sizes=\"(max-width: 212px) 100vw, 212px\" \/>\t\t\t\t\t\t\t\t<\/a>\n\t\t\t\t\t\t\t\t\t\t\t\t\t\t\t<\/div>\n\t\t\t\t<\/div>\n\t\t\t\t\t<\/div>\n\t\t<\/div>\n\t\t\t\t<div class=\"elementor-column elementor-col-25 elementor-top-column elementor-element elementor-element-2fd6737\" data-id=\"2fd6737\" data-element_type=\"column\" data-e-type=\"column\">\n\t\t\t<div class=\"elementor-widget-wrap elementor-element-populated\">\n\t\t\t\t\t\t<div class=\"elementor-element elementor-element-f3c44cb elementor-widget elementor-widget-text-editor\" data-id=\"f3c44cb\" data-element_type=\"widget\" data-e-type=\"widget\" data-widget_type=\"text-editor.default\">\n\t\t\t\t<div class=\"elementor-widget-container\">\n\t\t\t\t\t\t\t\t\t<h4 style=\"font-style: normal; font-variant-ligatures: normal; font-variant-caps: normal; text-transform: none; letter-spacing: normal; word-spacing: 0px; text-decoration-thickness: initial; text-decoration-style: initial; text-decoration-color: initial;\">La Reales Sociedades Econ\u00f3micas de Amigos del Pa\u00eds. Nuevas aproximaciones (siglos XVIII-XXI)<\/h4><p style=\"color: #7a7a7a; font-family: Roboto, sans-serif; font-size: 16px;\">Coord. Jorge Mart\u00ednez Montero<\/p><p style=\"color: #7a7a7a; font-family: Roboto, sans-serif; font-size: 16px;\">Instituto Feijoo de Estudios del Siglo XVIII \/ Ediciones Trea \/\u00a0<span style=\"font-weight: bold;\">2024<\/span><\/p>\t\t\t\t\t\t\t\t<\/div>\n\t\t\t\t<\/div>\n\t\t\t\t\t<\/div>\n\t\t<\/div>\n\t\t\t\t<div class=\"elementor-column elementor-col-25 elementor-top-column elementor-element elementor-element-7e00874\" data-id=\"7e00874\" data-element_type=\"column\" data-e-type=\"column\">\n\t\t\t<div class=\"elementor-widget-wrap\">\n\t\t\t\t\t\t\t<\/div>\n\t\t<\/div>\n\t\t\t\t<div class=\"elementor-column elementor-col-25 elementor-top-column elementor-element elementor-element-ef4db7e\" data-id=\"ef4db7e\" data-element_type=\"column\" data-e-type=\"column\">\n\t\t\t<div class=\"elementor-widget-wrap\">\n\t\t\t\t\t\t\t<\/div>\n\t\t<\/div>\n\t\t\t\t\t<\/div>\n\t\t<\/section>\n\t\t\t\t<\/div>\n\t\t","protected":false},"excerpt":{"rendered":"<p>II Simposio sobre el Padre Feijoo y su siglo, vol. 1 VV. AA. Instituto Feijoo de Estudios del Siglo XVIII \/ 1981 II Simposio sobre el Padre Feijoo y su siglo, vol. 2 VV. AA. Instituto Feijoo de Estudios del Siglo XVIII \/ 1983 Estudios dieciochistas en homenaje al profesor Jos\u00e9 Miguel Caso Gonz\u00e1lez, vol.&hellip;<\/p>\n","protected":false},"author":2,"featured_media":0,"parent":0,"menu_order":0,"comment_status":"closed","ping_status":"closed","template":"","meta":{"footnotes":""},"class_list":["post-866","page","type-page","status-publish","hentry"],"_links":{"self":[{"href":"https:\/\/www.unioviedo.es\/IFESXVIII_digital\/index.php?rest_route=\/wp\/v2\/pages\/866","targetHints":{"allow":["GET"]}}],"collection":[{"href":"https:\/\/www.unioviedo.es\/IFESXVIII_digital\/index.php?rest_route=\/wp\/v2\/pages"}],"about":[{"href":"https:\/\/www.unioviedo.es\/IFESXVIII_digital\/index.php?rest_route=\/wp\/v2\/types\/page"}],"author":[{"embeddable":true,"href":"https:\/\/www.unioviedo.es\/IFESXVIII_digital\/index.php?rest_route=\/wp\/v2\/users\/2"}],"replies":[{"embeddable":true,"href":"https:\/\/www.unioviedo.es\/IFESXVIII_digital\/index.php?rest_route=%2Fwp%2Fv2%2Fcomments&post=866"}],"version-history":[{"count":19,"href":"https:\/\/www.unioviedo.es\/IFESXVIII_digital\/index.php?rest_route=\/wp\/v2\/pages\/866\/revisions"}],"predecessor-version":[{"id":1323,"href":"https:\/\/www.unioviedo.es\/IFESXVIII_digital\/index.php?rest_route=\/wp\/v2\/pages\/866\/revisions\/1323"}],"wp:attachment":[{"href":"https:\/\/www.unioviedo.es\/IFESXVIII_digital\/index.php?rest_route=%2Fwp%2Fv2%2Fmedia&parent=866"}],"curies":[{"name":"wp","href":"https:\/\/api.w.org\/{rel}","templated":true}]}}