{"id":871,"date":"2022-12-29T19:27:14","date_gmt":"2022-12-29T19:27:14","guid":{"rendered":"https:\/\/www.unioviedo.es\/IFESXVIII_digital\/?page_id=871"},"modified":"2025-09-19T15:10:47","modified_gmt":"2025-09-19T15:10:47","slug":"edicion-de-textos","status":"publish","type":"page","link":"https:\/\/www.unioviedo.es\/IFESXVIII_digital\/?page_id=871","title":{"rendered":"Edici\u00f3n de textos"},"content":{"rendered":"\t\t<div data-elementor-type=\"wp-page\" data-elementor-id=\"871\" class=\"elementor elementor-871\">\n\t\t\t\t\t\t<section class=\"elementor-section elementor-top-section elementor-element elementor-element-c340fcb elementor-section-boxed elementor-section-height-default elementor-section-height-default\" data-id=\"c340fcb\" data-element_type=\"section\" data-e-type=\"section\">\n\t\t\t\t\t\t<div class=\"elementor-container elementor-column-gap-default\">\n\t\t\t\t\t<div class=\"elementor-column elementor-col-100 elementor-top-column elementor-element elementor-element-4f1c2d6\" data-id=\"4f1c2d6\" data-element_type=\"column\" data-e-type=\"column\">\n\t\t\t<div class=\"elementor-widget-wrap elementor-element-populated\">\n\t\t\t\t\t\t<div class=\"elementor-element elementor-element-08d6030 elementor-widget elementor-widget-image\" data-id=\"08d6030\" data-element_type=\"widget\" data-e-type=\"widget\" data-widget_type=\"image.default\">\n\t\t\t\t<div class=\"elementor-widget-container\">\n\t\t\t\t\t\t\t\t\t\t\t\t\t\t\t<img decoding=\"async\" width=\"384\" height=\"71\" src=\"https:\/\/www.unioviedo.es\/IFESXVIII_digital\/wp-content\/uploads\/2022\/01\/Ayuntamiento-Oviedo-2x.png\" class=\"attachment-large size-large wp-image-346\" alt=\"\" srcset=\"https:\/\/www.unioviedo.es\/IFESXVIII_digital\/wp-content\/uploads\/2022\/01\/Ayuntamiento-Oviedo-2x.png 384w, https:\/\/www.unioviedo.es\/IFESXVIII_digital\/wp-content\/uploads\/2022\/01\/Ayuntamiento-Oviedo-2x-300x55.png 300w\" sizes=\"(max-width: 384px) 100vw, 384px\" \/>\t\t\t\t\t\t\t\t\t\t\t\t\t\t\t<\/div>\n\t\t\t\t<\/div>\n\t\t\t\t\t<\/div>\n\t\t<\/div>\n\t\t\t\t\t<\/div>\n\t\t<\/section>\n\t\t\t\t<section class=\"elementor-section elementor-top-section elementor-element elementor-element-b1ea430 elementor-section-boxed elementor-section-height-default elementor-section-height-default\" data-id=\"b1ea430\" data-element_type=\"section\" data-e-type=\"section\">\n\t\t\t\t\t\t<div class=\"elementor-container elementor-column-gap-default\">\n\t\t\t\t\t<div class=\"elementor-column elementor-col-25 elementor-top-column elementor-element elementor-element-9fd2bcd\" data-id=\"9fd2bcd\" data-element_type=\"column\" data-e-type=\"column\">\n\t\t\t<div class=\"elementor-widget-wrap elementor-element-populated\">\n\t\t\t\t\t\t<div class=\"elementor-element elementor-element-3873c0a elementor-widget elementor-widget-image\" data-id=\"3873c0a\" data-element_type=\"widget\" data-e-type=\"widget\" data-widget_type=\"image.default\">\n\t\t\t\t<div class=\"elementor-widget-container\">\n\t\t\t\t\t\t\t\t\t\t\t\t\t\t\t\t<a href=\"https:\/\/www.unioviedo.es\/IFESXVIII_digital\/?page_id=1021\">\n\t\t\t\t\t\t\t<img fetchpriority=\"high\" decoding=\"async\" width=\"221\" height=\"300\" src=\"https:\/\/www.unioviedo.es\/IFESXVIII_digital\/wp-content\/uploads\/2024\/11\/1979_Gofer_Discurso-sobre-el-fomento-de-la-industria-221x300.jpg\" class=\"attachment-medium size-medium wp-image-1018\" alt=\"\" srcset=\"https:\/\/www.unioviedo.es\/IFESXVIII_digital\/wp-content\/uploads\/2024\/11\/1979_Gofer_Discurso-sobre-el-fomento-de-la-industria-221x300.jpg 221w, https:\/\/www.unioviedo.es\/IFESXVIII_digital\/wp-content\/uploads\/2024\/11\/1979_Gofer_Discurso-sobre-el-fomento-de-la-industria.jpg 738w\" sizes=\"(max-width: 221px) 100vw, 221px\" \/>\t\t\t\t\t\t\t\t<\/a>\n\t\t\t\t\t\t\t\t\t\t\t\t\t\t\t<\/div>\n\t\t\t\t<\/div>\n\t\t\t\t\t<\/div>\n\t\t<\/div>\n\t\t\t\t<div class=\"elementor-column elementor-col-25 elementor-top-column elementor-element elementor-element-7832c21\" data-id=\"7832c21\" data-element_type=\"column\" data-e-type=\"column\">\n\t\t\t<div class=\"elementor-widget-wrap elementor-element-populated\">\n\t\t\t\t\t\t<div class=\"elementor-element elementor-element-14ce1d0 elementor-widget elementor-widget-text-editor\" data-id=\"14ce1d0\" data-element_type=\"widget\" data-e-type=\"widget\" data-widget_type=\"text-editor.default\">\n\t\t\t\t<div class=\"elementor-widget-container\">\n\t\t\t\t\t\t\t\t\t<h4 style=\"font-style: normal; font-variant-ligatures: normal; font-variant-caps: normal; text-transform: none; letter-spacing: normal; word-spacing: 0px; text-decoration-thickness: initial; text-decoration-style: initial; text-decoration-color: initial;\">Discurso sobre el fomento de la industria popular<\/h4><p style=\"color: #7a7a7a; font-family: Roboto, sans-serif; font-size: 16px;\">Pedro Rodr\u00edguez de Campomanes<\/p><p style=\"color: #7a7a7a; font-family: Roboto, sans-serif; font-size: 16px;\">Instituto Feijoo de Estudios del Siglo XVIII \/\u00a0<span style=\"font-weight: bold;\">1979<\/span><\/p>\t\t\t\t\t\t\t\t<\/div>\n\t\t\t\t<\/div>\n\t\t\t\t\t<\/div>\n\t\t<\/div>\n\t\t\t\t<div class=\"elementor-column elementor-col-25 elementor-top-column elementor-element elementor-element-a2e1239\" data-id=\"a2e1239\" data-element_type=\"column\" data-e-type=\"column\">\n\t\t\t<div class=\"elementor-widget-wrap elementor-element-populated\">\n\t\t\t\t\t\t<div class=\"elementor-element elementor-element-fb0be6f elementor-widget elementor-widget-image\" data-id=\"fb0be6f\" data-element_type=\"widget\" data-e-type=\"widget\" data-widget_type=\"image.default\">\n\t\t\t\t<div class=\"elementor-widget-container\">\n\t\t\t\t\t\t\t\t\t\t\t\t\t\t\t\t<a href=\"https:\/\/www.unioviedo.es\/IFESXVIII_digital\/?page_id=1359\">\n\t\t\t\t\t\t\t<img decoding=\"async\" width=\"212\" height=\"300\" src=\"https:\/\/www.unioviedo.es\/IFESXVIII_digital\/wp-content\/uploads\/2025\/09\/2025_OBRAS-EN-VERSO-TOMO-I_ocr-212x300.jpg\" class=\"attachment-medium size-medium wp-image-1353\" alt=\"\" srcset=\"https:\/\/www.unioviedo.es\/IFESXVIII_digital\/wp-content\/uploads\/2025\/09\/2025_OBRAS-EN-VERSO-TOMO-I_ocr-212x300.jpg 212w, https:\/\/www.unioviedo.es\/IFESXVIII_digital\/wp-content\/uploads\/2025\/09\/2025_OBRAS-EN-VERSO-TOMO-I_ocr-725x1024.jpg 725w, https:\/\/www.unioviedo.es\/IFESXVIII_digital\/wp-content\/uploads\/2025\/09\/2025_OBRAS-EN-VERSO-TOMO-I_ocr-768x1085.jpg 768w, https:\/\/www.unioviedo.es\/IFESXVIII_digital\/wp-content\/uploads\/2025\/09\/2025_OBRAS-EN-VERSO-TOMO-I_ocr.jpg 1003w\" sizes=\"(max-width: 212px) 100vw, 212px\" \/>\t\t\t\t\t\t\t\t<\/a>\n\t\t\t\t\t\t\t\t\t\t\t\t\t\t\t<\/div>\n\t\t\t\t<\/div>\n\t\t\t\t\t<\/div>\n\t\t<\/div>\n\t\t\t\t<div class=\"elementor-column elementor-col-25 elementor-top-column elementor-element elementor-element-8704562\" data-id=\"8704562\" data-element_type=\"column\" data-e-type=\"column\">\n\t\t\t<div class=\"elementor-widget-wrap elementor-element-populated\">\n\t\t\t\t\t\t<div class=\"elementor-element elementor-element-204e78b elementor-widget elementor-widget-text-editor\" data-id=\"204e78b\" data-element_type=\"widget\" data-e-type=\"widget\" data-widget_type=\"text-editor.default\">\n\t\t\t\t<div class=\"elementor-widget-container\">\n\t\t\t\t\t\t\t\t\t<h4>Obras en verso, I<\/h4><p>Juan Mel\u00e9ndez Vald\u00e9s \/ Ed. de Georges Demerson y John H. R. Polt<\/p><p>Instituto Feijoo de Estudios del Siglo XVIII \/ <b>1981<\/b><\/p>\t\t\t\t\t\t\t\t<\/div>\n\t\t\t\t<\/div>\n\t\t\t\t\t<\/div>\n\t\t<\/div>\n\t\t\t\t\t<\/div>\n\t\t<\/section>\n\t\t\t\t<section class=\"elementor-section elementor-top-section elementor-element elementor-element-6948dcc elementor-section-boxed elementor-section-height-default elementor-section-height-default\" data-id=\"6948dcc\" data-element_type=\"section\" data-e-type=\"section\">\n\t\t\t\t\t\t<div class=\"elementor-container elementor-column-gap-default\">\n\t\t\t\t\t<div class=\"elementor-column elementor-col-25 elementor-top-column elementor-element elementor-element-875b764\" data-id=\"875b764\" data-element_type=\"column\" data-e-type=\"column\">\n\t\t\t<div class=\"elementor-widget-wrap elementor-element-populated\">\n\t\t\t\t\t\t<div class=\"elementor-element elementor-element-b80082a elementor-widget elementor-widget-image\" data-id=\"b80082a\" data-element_type=\"widget\" data-e-type=\"widget\" data-widget_type=\"image.default\">\n\t\t\t\t<div class=\"elementor-widget-container\">\n\t\t\t\t\t\t\t\t\t\t\t\t\t\t\t\t<a href=\"https:\/\/www.unioviedo.es\/IFESXVIII_digital\/?page_id=1376\">\n\t\t\t\t\t\t\t<img loading=\"lazy\" decoding=\"async\" width=\"208\" height=\"300\" src=\"https:\/\/www.unioviedo.es\/IFESXVIII_digital\/wp-content\/uploads\/2025\/09\/2025_OBRAS-EN-VERSO-TOMO-II_ocr-208x300.jpg\" class=\"attachment-medium size-medium wp-image-1355\" alt=\"\" srcset=\"https:\/\/www.unioviedo.es\/IFESXVIII_digital\/wp-content\/uploads\/2025\/09\/2025_OBRAS-EN-VERSO-TOMO-II_ocr-208x300.jpg 208w, https:\/\/www.unioviedo.es\/IFESXVIII_digital\/wp-content\/uploads\/2025\/09\/2025_OBRAS-EN-VERSO-TOMO-II_ocr-710x1024.jpg 710w, https:\/\/www.unioviedo.es\/IFESXVIII_digital\/wp-content\/uploads\/2025\/09\/2025_OBRAS-EN-VERSO-TOMO-II_ocr-768x1107.jpg 768w, https:\/\/www.unioviedo.es\/IFESXVIII_digital\/wp-content\/uploads\/2025\/09\/2025_OBRAS-EN-VERSO-TOMO-II_ocr.jpg 1003w\" sizes=\"(max-width: 208px) 100vw, 208px\" \/>\t\t\t\t\t\t\t\t<\/a>\n\t\t\t\t\t\t\t\t\t\t\t\t\t\t\t<\/div>\n\t\t\t\t<\/div>\n\t\t\t\t\t<\/div>\n\t\t<\/div>\n\t\t\t\t<div class=\"elementor-column elementor-col-25 elementor-top-column elementor-element elementor-element-2bd37c2\" data-id=\"2bd37c2\" data-element_type=\"column\" data-e-type=\"column\">\n\t\t\t<div class=\"elementor-widget-wrap elementor-element-populated\">\n\t\t\t\t\t\t<div class=\"elementor-element elementor-element-044c892 elementor-widget elementor-widget-text-editor\" data-id=\"044c892\" data-element_type=\"widget\" data-e-type=\"widget\" data-widget_type=\"text-editor.default\">\n\t\t\t\t<div class=\"elementor-widget-container\">\n\t\t\t\t\t\t\t\t\t<h4 style=\"font-style: normal; font-variant-ligatures: normal; font-variant-caps: normal; text-transform: none; letter-spacing: normal; word-spacing: 0px; text-decoration-thickness: initial; text-decoration-style: initial; text-decoration-color: initial;\">Obras en verso, II<\/h4><p style=\"color: #7a7a7a; font-family: Roboto, sans-serif; font-size: 16px;\">Juan Mel\u00e9ndez Vald\u00e9s \/ Ed. de Georges Demerson y John H. R. Polt<\/p><p style=\"color: #7a7a7a; font-family: Roboto, sans-serif; font-size: 16px;\">Instituto Feijoo de Estudios del Siglo XVIII \/\u00a0<span style=\"font-weight: bold;\">1983<\/span><\/p>\t\t\t\t\t\t\t\t<\/div>\n\t\t\t\t<\/div>\n\t\t\t\t\t<\/div>\n\t\t<\/div>\n\t\t\t\t<div class=\"elementor-column elementor-col-25 elementor-top-column elementor-element elementor-element-43e228d\" data-id=\"43e228d\" data-element_type=\"column\" data-e-type=\"column\">\n\t\t\t<div class=\"elementor-widget-wrap elementor-element-populated\">\n\t\t\t\t\t\t<div class=\"elementor-element elementor-element-f1187f6 elementor-widget elementor-widget-image\" data-id=\"f1187f6\" data-element_type=\"widget\" data-e-type=\"widget\" data-widget_type=\"image.default\">\n\t\t\t\t<div class=\"elementor-widget-container\">\n\t\t\t\t\t\t\t\t\t\t\t\t\t\t\t\t<a href=\"https:\/\/www.unioviedo.es\/IFESXVIII_digital\/?page_id=831\">\n\t\t\t\t\t\t\t<img loading=\"lazy\" decoding=\"async\" width=\"206\" height=\"300\" src=\"https:\/\/www.unioviedo.es\/IFESXVIII_digital\/wp-content\/uploads\/2022\/12\/Portada-1b-Ediciones-Feijoo-Obras-completas-t-I-Bibliografia-o-206x300.jpg\" class=\"attachment-medium size-medium wp-image-745\" alt=\"\" srcset=\"https:\/\/www.unioviedo.es\/IFESXVIII_digital\/wp-content\/uploads\/2022\/12\/Portada-1b-Ediciones-Feijoo-Obras-completas-t-I-Bibliografia-o-206x300.jpg 206w, https:\/\/www.unioviedo.es\/IFESXVIII_digital\/wp-content\/uploads\/2022\/12\/Portada-1b-Ediciones-Feijoo-Obras-completas-t-I-Bibliografia-o-704x1024.jpg 704w, https:\/\/www.unioviedo.es\/IFESXVIII_digital\/wp-content\/uploads\/2022\/12\/Portada-1b-Ediciones-Feijoo-Obras-completas-t-I-Bibliografia-o-768x1117.jpg 768w, https:\/\/www.unioviedo.es\/IFESXVIII_digital\/wp-content\/uploads\/2022\/12\/Portada-1b-Ediciones-Feijoo-Obras-completas-t-I-Bibliografia-o.jpg 974w\" sizes=\"(max-width: 206px) 100vw, 206px\" \/>\t\t\t\t\t\t\t\t<\/a>\n\t\t\t\t\t\t\t\t\t\t\t\t\t\t\t<\/div>\n\t\t\t\t<\/div>\n\t\t\t\t\t<\/div>\n\t\t<\/div>\n\t\t\t\t<div class=\"elementor-column elementor-col-25 elementor-top-column elementor-element elementor-element-02358b6\" data-id=\"02358b6\" data-element_type=\"column\" data-e-type=\"column\">\n\t\t\t<div class=\"elementor-widget-wrap elementor-element-populated\">\n\t\t\t\t\t\t<div class=\"elementor-element elementor-element-bb6fe29 elementor-widget elementor-widget-text-editor\" data-id=\"bb6fe29\" data-element_type=\"widget\" data-e-type=\"widget\" data-widget_type=\"text-editor.default\">\n\t\t\t\t<div class=\"elementor-widget-container\">\n\t\t\t\t\t\t\t\t\t<h4 style=\"font-style: normal; font-variant-ligatures: normal; font-variant-caps: normal; text-transform: none; letter-spacing: normal; word-spacing: 0px; text-decoration-thickness: initial; text-decoration-style: initial; text-decoration-color: initial;\">Obras completas de Benito Jer\u00f3nimo Feijoo, t. I, Bibliograf\u00eda<\/h4><p style=\"color: #7a7a7a; font-family: Roboto, sans-serif; font-size: 16px;\">Jos\u00e9 Miguel Caso Gonz\u00e1lez y Silverio Cerra Su\u00e1rez<\/p><p style=\"color: #7a7a7a; font-family: Roboto, sans-serif; font-size: 16px;\">Instituto Feijoo de Estudios del Siglo XVIII \/\u00a0<span style=\"font-weight: bold;\">1981<\/span><\/p>\t\t\t\t\t\t\t\t<\/div>\n\t\t\t\t<\/div>\n\t\t\t\t\t<\/div>\n\t\t<\/div>\n\t\t\t\t\t<\/div>\n\t\t<\/section>\n\t\t\t\t<section class=\"elementor-section elementor-top-section elementor-element elementor-element-ca9b396 elementor-section-boxed elementor-section-height-default elementor-section-height-default\" data-id=\"ca9b396\" data-element_type=\"section\" data-e-type=\"section\">\n\t\t\t\t\t\t<div class=\"elementor-container elementor-column-gap-default\">\n\t\t\t\t\t<div class=\"elementor-column elementor-col-25 elementor-top-column elementor-element elementor-element-6274936\" data-id=\"6274936\" data-element_type=\"column\" data-e-type=\"column\">\n\t\t\t<div class=\"elementor-widget-wrap elementor-element-populated\">\n\t\t\t\t\t\t<div class=\"elementor-element elementor-element-76e6ca7 elementor-widget elementor-widget-image\" data-id=\"76e6ca7\" data-element_type=\"widget\" data-e-type=\"widget\" data-widget_type=\"image.default\">\n\t\t\t\t<div class=\"elementor-widget-container\">\n\t\t\t\t\t\t\t\t\t\t\t\t\t\t\t\t<a href=\"https:\/\/www.unioviedo.es\/IFESXVIII_digital\/?page_id=840\">\n\t\t\t\t\t\t\t<img loading=\"lazy\" decoding=\"async\" width=\"199\" height=\"300\" src=\"https:\/\/www.unioviedo.es\/IFESXVIII_digital\/wp-content\/uploads\/2022\/12\/Portada-2b-Ediciones-El-Censor-o-199x300.jpg\" class=\"attachment-medium size-medium wp-image-747\" alt=\"\" srcset=\"https:\/\/www.unioviedo.es\/IFESXVIII_digital\/wp-content\/uploads\/2022\/12\/Portada-2b-Ediciones-El-Censor-o-199x300.jpg 199w, https:\/\/www.unioviedo.es\/IFESXVIII_digital\/wp-content\/uploads\/2022\/12\/Portada-2b-Ediciones-El-Censor-o-679x1024.jpg 679w, https:\/\/www.unioviedo.es\/IFESXVIII_digital\/wp-content\/uploads\/2022\/12\/Portada-2b-Ediciones-El-Censor-o-768x1159.jpg 768w, https:\/\/www.unioviedo.es\/IFESXVIII_digital\/wp-content\/uploads\/2022\/12\/Portada-2b-Ediciones-El-Censor-o.jpg 816w\" sizes=\"(max-width: 199px) 100vw, 199px\" \/>\t\t\t\t\t\t\t\t<\/a>\n\t\t\t\t\t\t\t\t\t\t\t\t\t\t\t<\/div>\n\t\t\t\t<\/div>\n\t\t\t\t\t<\/div>\n\t\t<\/div>\n\t\t\t\t<div class=\"elementor-column elementor-col-25 elementor-top-column elementor-element elementor-element-11b7b98\" data-id=\"11b7b98\" data-element_type=\"column\" data-e-type=\"column\">\n\t\t\t<div class=\"elementor-widget-wrap elementor-element-populated\">\n\t\t\t\t\t\t<div class=\"elementor-element elementor-element-bae6f63 elementor-widget elementor-widget-text-editor\" data-id=\"bae6f63\" data-element_type=\"widget\" data-e-type=\"widget\" data-widget_type=\"text-editor.default\">\n\t\t\t\t<div class=\"elementor-widget-container\">\n\t\t\t\t\t\t\t\t\t<h4 style=\"font-style: normal; font-variant-ligatures: normal; font-variant-caps: normal; text-transform: none; letter-spacing: normal; word-spacing: 0px; text-decoration-thickness: initial; text-decoration-style: initial; text-decoration-color: initial;\">El Censor. Obra peri\u00f3dica<\/h4><p style=\"color: #7a7a7a; font-family: Roboto, sans-serif; font-size: 16px;\">Ed. de Jos\u00e9 Miguel Caso Gonz\u00e1lez<\/p><p style=\"color: #7a7a7a; font-family: Roboto, sans-serif; font-size: 16px;\">Instituto Feijoo de Estudios del Siglo XVIII \/\u00a0<span style=\"font-weight: bold;\">1989<\/span><\/p>\t\t\t\t\t\t\t\t<\/div>\n\t\t\t\t<\/div>\n\t\t\t\t\t<\/div>\n\t\t<\/div>\n\t\t\t\t<div class=\"elementor-column elementor-col-25 elementor-top-column elementor-element elementor-element-7831d5a\" data-id=\"7831d5a\" data-element_type=\"column\" data-e-type=\"column\">\n\t\t\t<div class=\"elementor-widget-wrap elementor-element-populated\">\n\t\t\t\t\t\t<div class=\"elementor-element elementor-element-ef504aa elementor-widget elementor-widget-image\" data-id=\"ef504aa\" data-element_type=\"widget\" data-e-type=\"widget\" data-widget_type=\"image.default\">\n\t\t\t\t<div class=\"elementor-widget-container\">\n\t\t\t\t\t\t\t\t\t\t\t\t\t\t\t\t<a href=\"https:\/\/www.unioviedo.es\/IFESXVIII_digital\/?page_id=951\">\n\t\t\t\t\t\t\t<img loading=\"lazy\" decoding=\"async\" width=\"216\" height=\"300\" src=\"https:\/\/www.unioviedo.es\/IFESXVIII_digital\/wp-content\/uploads\/2023\/12\/2023_84-604-0860-4_Testamento-politico-Marcelo-216x300.jpg\" class=\"attachment-medium size-medium wp-image-948\" alt=\"\" srcset=\"https:\/\/www.unioviedo.es\/IFESXVIII_digital\/wp-content\/uploads\/2023\/12\/2023_84-604-0860-4_Testamento-politico-Marcelo-216x300.jpg 216w, https:\/\/www.unioviedo.es\/IFESXVIII_digital\/wp-content\/uploads\/2023\/12\/2023_84-604-0860-4_Testamento-politico-Marcelo-738x1024.jpg 738w, https:\/\/www.unioviedo.es\/IFESXVIII_digital\/wp-content\/uploads\/2023\/12\/2023_84-604-0860-4_Testamento-politico-Marcelo-768x1066.jpg 768w, https:\/\/www.unioviedo.es\/IFESXVIII_digital\/wp-content\/uploads\/2023\/12\/2023_84-604-0860-4_Testamento-politico-Marcelo-1107x1536.jpg 1107w, https:\/\/www.unioviedo.es\/IFESXVIII_digital\/wp-content\/uploads\/2023\/12\/2023_84-604-0860-4_Testamento-politico-Marcelo-1476x2048.jpg 1476w, https:\/\/www.unioviedo.es\/IFESXVIII_digital\/wp-content\/uploads\/2023\/12\/2023_84-604-0860-4_Testamento-politico-Marcelo.jpg 1829w\" sizes=\"(max-width: 216px) 100vw, 216px\" \/>\t\t\t\t\t\t\t\t<\/a>\n\t\t\t\t\t\t\t\t\t\t\t\t\t\t\t<\/div>\n\t\t\t\t<\/div>\n\t\t\t\t\t<\/div>\n\t\t<\/div>\n\t\t\t\t<div class=\"elementor-column elementor-col-25 elementor-top-column elementor-element elementor-element-9f4b0ba\" data-id=\"9f4b0ba\" data-element_type=\"column\" data-e-type=\"column\">\n\t\t\t<div class=\"elementor-widget-wrap elementor-element-populated\">\n\t\t\t\t\t\t<div class=\"elementor-element elementor-element-b3d66a3 elementor-widget elementor-widget-text-editor\" data-id=\"b3d66a3\" data-element_type=\"widget\" data-e-type=\"widget\" data-widget_type=\"text-editor.default\">\n\t\t\t\t<div class=\"elementor-widget-container\">\n\t\t\t\t\t\t\t\t\t<h4 style=\"font-style: normal; font-variant-ligatures: normal; font-variant-caps: normal; text-transform: none; letter-spacing: normal; word-spacing: 0px; text-decoration-thickness: initial; text-decoration-style: initial; text-decoration-color: initial;\">Testamento pol\u00edtico del fil\u00f3sofo Marcelo<\/h4><p style=\"color: #7a7a7a; font-family: Roboto, sans-serif; font-size: 16px;\">Ed. de Francisco S\u00e1nchez Blanco<\/p><p style=\"color: #7a7a7a; font-family: Roboto, sans-serif; font-size: 16px;\">Instituto Feijoo de Estudios del Siglo XVIII \/\u00a0<span style=\"font-weight: bold;\">1991<\/span><\/p>\t\t\t\t\t\t\t\t<\/div>\n\t\t\t\t<\/div>\n\t\t\t\t\t<\/div>\n\t\t<\/div>\n\t\t\t\t\t<\/div>\n\t\t<\/section>\n\t\t\t\t<section class=\"elementor-section elementor-top-section elementor-element elementor-element-39336c1 elementor-section-boxed elementor-section-height-default elementor-section-height-default\" data-id=\"39336c1\" data-element_type=\"section\" data-e-type=\"section\">\n\t\t\t\t\t\t<div class=\"elementor-container elementor-column-gap-default\">\n\t\t\t\t\t<div class=\"elementor-column elementor-col-25 elementor-top-column elementor-element elementor-element-74792ee\" data-id=\"74792ee\" data-element_type=\"column\" data-e-type=\"column\">\n\t\t\t<div class=\"elementor-widget-wrap elementor-element-populated\">\n\t\t\t\t\t\t<div class=\"elementor-element elementor-element-2cf32c2 elementor-widget elementor-widget-image\" data-id=\"2cf32c2\" data-element_type=\"widget\" data-e-type=\"widget\" data-widget_type=\"image.default\">\n\t\t\t\t<div class=\"elementor-widget-container\">\n\t\t\t\t\t\t\t\t\t\t\t\t\t\t\t\t<a href=\"https:\/\/www.unioviedo.es\/IFESXVIII_digital\/?page_id=1032\">\n\t\t\t\t\t\t\t<img loading=\"lazy\" decoding=\"async\" width=\"209\" height=\"300\" src=\"https:\/\/www.unioviedo.es\/IFESXVIII_digital\/wp-content\/uploads\/2024\/11\/2009_IFESXVIII_Grafinsa_Fomento-economico-y-promocion-del-empleo-209x300.jpg\" class=\"attachment-medium size-medium wp-image-1037\" alt=\"\" srcset=\"https:\/\/www.unioviedo.es\/IFESXVIII_digital\/wp-content\/uploads\/2024\/11\/2009_IFESXVIII_Grafinsa_Fomento-economico-y-promocion-del-empleo-209x300.jpg 209w, https:\/\/www.unioviedo.es\/IFESXVIII_digital\/wp-content\/uploads\/2024\/11\/2009_IFESXVIII_Grafinsa_Fomento-economico-y-promocion-del-empleo.jpg 678w\" sizes=\"(max-width: 209px) 100vw, 209px\" \/>\t\t\t\t\t\t\t\t<\/a>\n\t\t\t\t\t\t\t\t\t\t\t\t\t\t\t<\/div>\n\t\t\t\t<\/div>\n\t\t\t\t\t<\/div>\n\t\t<\/div>\n\t\t\t\t<div class=\"elementor-column elementor-col-25 elementor-top-column elementor-element elementor-element-8eb6b73\" data-id=\"8eb6b73\" data-element_type=\"column\" data-e-type=\"column\">\n\t\t\t<div class=\"elementor-widget-wrap elementor-element-populated\">\n\t\t\t\t\t\t<div class=\"elementor-element elementor-element-48d6a94 elementor-widget elementor-widget-text-editor\" data-id=\"48d6a94\" data-element_type=\"widget\" data-e-type=\"widget\" data-widget_type=\"text-editor.default\">\n\t\t\t\t<div class=\"elementor-widget-container\">\n\t\t\t\t\t\t\t\t\t<h4 style=\"font-style: normal; font-variant-ligatures: normal; font-variant-caps: normal; text-transform: none; letter-spacing: normal; word-spacing: 0px; text-decoration-thickness: initial; text-decoration-style: initial; text-decoration-color: initial;\">Obras sobre la industria y la educaci\u00f3n popular<\/h4><p style=\"color: #7a7a7a; font-family: Roboto, sans-serif; font-size: 16px;\">Pedro Rodr\u00edguez Campomanes \/ Ed. de Vicent Llombart<\/p><p style=\"color: #7a7a7a; font-family: Roboto, sans-serif; font-size: 16px;\">Instituto Feijoo de Estudios del Siglo XVIII \/ KRK \/\u00a0<span style=\"font-weight: bold;\">2009<\/span><\/p>\t\t\t\t\t\t\t\t<\/div>\n\t\t\t\t<\/div>\n\t\t\t\t\t<\/div>\n\t\t<\/div>\n\t\t\t\t<div class=\"elementor-column elementor-col-25 elementor-top-column elementor-element elementor-element-ee54845\" data-id=\"ee54845\" data-element_type=\"column\" data-e-type=\"column\">\n\t\t\t<div class=\"elementor-widget-wrap elementor-element-populated\">\n\t\t\t\t\t\t<div class=\"elementor-element elementor-element-5ed0493 elementor-widget elementor-widget-image\" data-id=\"5ed0493\" data-element_type=\"widget\" data-e-type=\"widget\" data-widget_type=\"image.default\">\n\t\t\t\t<div class=\"elementor-widget-container\">\n\t\t\t\t\t\t\t\t\t\t\t\t\t\t\t\t<a href=\"https:\/\/www.unioviedo.es\/IFESXVIII_digital\/?page_id=849\">\n\t\t\t\t\t\t\t<img loading=\"lazy\" decoding=\"async\" width=\"180\" height=\"300\" src=\"https:\/\/www.unioviedo.es\/IFESXVIII_digital\/wp-content\/uploads\/2022\/12\/Portada-3b-Ediciones-La-luz-de-Jovellanos-Antologia-180x300.jpg\" class=\"attachment-medium size-medium wp-image-749\" alt=\"\" srcset=\"https:\/\/www.unioviedo.es\/IFESXVIII_digital\/wp-content\/uploads\/2022\/12\/Portada-3b-Ediciones-La-luz-de-Jovellanos-Antologia-180x300.jpg 180w, https:\/\/www.unioviedo.es\/IFESXVIII_digital\/wp-content\/uploads\/2022\/12\/Portada-3b-Ediciones-La-luz-de-Jovellanos-Antologia-615x1024.jpg 615w, https:\/\/www.unioviedo.es\/IFESXVIII_digital\/wp-content\/uploads\/2022\/12\/Portada-3b-Ediciones-La-luz-de-Jovellanos-Antologia.jpg 709w\" sizes=\"(max-width: 180px) 100vw, 180px\" \/>\t\t\t\t\t\t\t\t<\/a>\n\t\t\t\t\t\t\t\t\t\t\t\t\t\t\t<\/div>\n\t\t\t\t<\/div>\n\t\t\t\t\t<\/div>\n\t\t<\/div>\n\t\t\t\t<div class=\"elementor-column elementor-col-25 elementor-top-column elementor-element elementor-element-a9f6a0f\" data-id=\"a9f6a0f\" data-element_type=\"column\" data-e-type=\"column\">\n\t\t\t<div class=\"elementor-widget-wrap elementor-element-populated\">\n\t\t\t\t\t\t<div class=\"elementor-element elementor-element-f841712 elementor-widget elementor-widget-text-editor\" data-id=\"f841712\" data-element_type=\"widget\" data-e-type=\"widget\" data-widget_type=\"text-editor.default\">\n\t\t\t\t<div class=\"elementor-widget-container\">\n\t\t\t\t\t\t\t\t\t<h4 style=\"font-style: normal; font-variant-ligatures: normal; font-variant-caps: normal; text-transform: none; letter-spacing: normal; word-spacing: 0px; text-decoration-thickness: initial; text-decoration-style: initial; text-decoration-color: initial;\">La luz de Jovellanos. Antolog\u00eda<\/h4><h4><p style=\"color: rgb(122, 122, 122); font-family: Roboto, sans-serif; font-size: 16px;\">Ed. de Elena de Lorenzo \u00c1lvarez<\/p><p style=\"color: rgb(122, 122, 122); font-family: Roboto, sans-serif; font-size: 16px;\">Instituto Feijoo de Estudios del Siglo XVIII \/ Ediciones Trea \/&nbsp;<span style=\"font-weight: 700;\">2011<\/span><\/p><\/h4>\t\t\t\t\t\t\t\t<\/div>\n\t\t\t\t<\/div>\n\t\t\t\t\t<\/div>\n\t\t<\/div>\n\t\t\t\t\t<\/div>\n\t\t<\/section>\n\t\t\t\t<section class=\"elementor-section elementor-top-section elementor-element elementor-element-da94311 elementor-section-boxed elementor-section-height-default elementor-section-height-default\" data-id=\"da94311\" data-element_type=\"section\" data-e-type=\"section\">\n\t\t\t\t\t\t<div class=\"elementor-container elementor-column-gap-default\">\n\t\t\t\t\t<div class=\"elementor-column elementor-col-25 elementor-top-column elementor-element elementor-element-68138dc\" data-id=\"68138dc\" data-element_type=\"column\" data-e-type=\"column\">\n\t\t\t<div class=\"elementor-widget-wrap elementor-element-populated\">\n\t\t\t\t\t\t<div class=\"elementor-element elementor-element-6fe8bfb elementor-widget elementor-widget-image\" data-id=\"6fe8bfb\" data-element_type=\"widget\" data-e-type=\"widget\" data-widget_type=\"image.default\">\n\t\t\t\t<div class=\"elementor-widget-container\">\n\t\t\t\t\t\t\t\t\t\t\t\t\t\t\t\t<a href=\"https:\/\/www.unioviedo.es\/IFESXVIII_digital\/?page_id=1069\">\n\t\t\t\t\t\t\t<img loading=\"lazy\" decoding=\"async\" width=\"212\" height=\"300\" src=\"https:\/\/www.unioviedo.es\/IFESXVIII_digital\/wp-content\/uploads\/2024\/11\/2012_Trea_Ignacio-Fernandez-Sarasola-Los-constituyentes-asturianos-de-las-Cortes-de-Cadiz-212x300.jpg\" class=\"attachment-medium size-medium wp-image-1066\" alt=\"\" srcset=\"https:\/\/www.unioviedo.es\/IFESXVIII_digital\/wp-content\/uploads\/2024\/11\/2012_Trea_Ignacio-Fernandez-Sarasola-Los-constituyentes-asturianos-de-las-Cortes-de-Cadiz-212x300.jpg 212w, https:\/\/www.unioviedo.es\/IFESXVIII_digital\/wp-content\/uploads\/2024\/11\/2012_Trea_Ignacio-Fernandez-Sarasola-Los-constituyentes-asturianos-de-las-Cortes-de-Cadiz-725x1024.jpg 725w, https:\/\/www.unioviedo.es\/IFESXVIII_digital\/wp-content\/uploads\/2024\/11\/2012_Trea_Ignacio-Fernandez-Sarasola-Los-constituyentes-asturianos-de-las-Cortes-de-Cadiz-768x1085.jpg 768w, https:\/\/www.unioviedo.es\/IFESXVIII_digital\/wp-content\/uploads\/2024\/11\/2012_Trea_Ignacio-Fernandez-Sarasola-Los-constituyentes-asturianos-de-las-Cortes-de-Cadiz.jpg 1003w\" sizes=\"(max-width: 212px) 100vw, 212px\" \/>\t\t\t\t\t\t\t\t<\/a>\n\t\t\t\t\t\t\t\t\t\t\t\t\t\t\t<\/div>\n\t\t\t\t<\/div>\n\t\t\t\t\t<\/div>\n\t\t<\/div>\n\t\t\t\t<div class=\"elementor-column elementor-col-25 elementor-top-column elementor-element elementor-element-28e65c5\" data-id=\"28e65c5\" data-element_type=\"column\" data-e-type=\"column\">\n\t\t\t<div class=\"elementor-widget-wrap elementor-element-populated\">\n\t\t\t\t\t\t<div class=\"elementor-element elementor-element-7af2e67 elementor-widget elementor-widget-text-editor\" data-id=\"7af2e67\" data-element_type=\"widget\" data-e-type=\"widget\" data-widget_type=\"text-editor.default\">\n\t\t\t\t<div class=\"elementor-widget-container\">\n\t\t\t\t\t\t\t\t\t<h4>Los constituyentes asturianos en las Cortes de C\u00e1diz. Antolog\u00eda de discursos\u00a0<\/h4><p>Ignacio Fern\u00e1ndez Sarasola<\/p><p>Instituto Feijoo de Estudios del Siglo XVIII \/ Principado de Asturias \/ Ediciones Trea \/ <b>2012<\/b><\/p>\t\t\t\t\t\t\t\t<\/div>\n\t\t\t\t<\/div>\n\t\t\t\t\t<\/div>\n\t\t<\/div>\n\t\t\t\t<div class=\"elementor-column elementor-col-25 elementor-top-column elementor-element elementor-element-64a5c86\" data-id=\"64a5c86\" data-element_type=\"column\" data-e-type=\"column\">\n\t\t\t<div class=\"elementor-widget-wrap elementor-element-populated\">\n\t\t\t\t\t\t<div class=\"elementor-element elementor-element-29fbac6 elementor-widget elementor-widget-image\" data-id=\"29fbac6\" data-element_type=\"widget\" data-e-type=\"widget\" data-widget_type=\"image.default\">\n\t\t\t\t<div class=\"elementor-widget-container\">\n\t\t\t\t\t\t\t\t\t\t\t\t\t\t\t\t<a href=\"https:\/\/www.unioviedo.es\/IFESXVIII_digital\/?page_id=1048\">\n\t\t\t\t\t\t\t<img loading=\"lazy\" decoding=\"async\" width=\"213\" height=\"300\" src=\"https:\/\/www.unioviedo.es\/IFESXVIII_digital\/wp-content\/uploads\/2024\/11\/2012_Trea_Noticias-privadas-de-casa-utiles-para-mis-hijos-213x300.jpg\" class=\"attachment-medium size-medium wp-image-1042\" alt=\"\" srcset=\"https:\/\/www.unioviedo.es\/IFESXVIII_digital\/wp-content\/uploads\/2024\/11\/2012_Trea_Noticias-privadas-de-casa-utiles-para-mis-hijos-213x300.jpg 213w, https:\/\/www.unioviedo.es\/IFESXVIII_digital\/wp-content\/uploads\/2024\/11\/2012_Trea_Noticias-privadas-de-casa-utiles-para-mis-hijos-725x1024.jpg 725w, https:\/\/www.unioviedo.es\/IFESXVIII_digital\/wp-content\/uploads\/2024\/11\/2012_Trea_Noticias-privadas-de-casa-utiles-para-mis-hijos-768x1084.jpg 768w, https:\/\/www.unioviedo.es\/IFESXVIII_digital\/wp-content\/uploads\/2024\/11\/2012_Trea_Noticias-privadas-de-casa-utiles-para-mis-hijos.jpg 1003w\" sizes=\"(max-width: 213px) 100vw, 213px\" \/>\t\t\t\t\t\t\t\t<\/a>\n\t\t\t\t\t\t\t\t\t\t\t\t\t\t\t<\/div>\n\t\t\t\t<\/div>\n\t\t\t\t\t<\/div>\n\t\t<\/div>\n\t\t\t\t<div class=\"elementor-column elementor-col-25 elementor-top-column elementor-element elementor-element-3f0cc8e\" data-id=\"3f0cc8e\" data-element_type=\"column\" data-e-type=\"column\">\n\t\t\t<div class=\"elementor-widget-wrap elementor-element-populated\">\n\t\t\t\t\t\t<div class=\"elementor-element elementor-element-123c8e0 elementor-widget elementor-widget-text-editor\" data-id=\"123c8e0\" data-element_type=\"widget\" data-e-type=\"widget\" data-widget_type=\"text-editor.default\">\n\t\t\t\t<div class=\"elementor-widget-container\">\n\t\t\t\t\t\t\t\t\t<h4>Noticias privadas de casa \u00fatiles para mis hijos<\/h4><p>Jos\u00e9 Antonio de Armona y Murga \/ Ed. de Joaqu\u00edn \u00c1lvarez Barrientos<\/p><p>Instituto Feijoo de Estudios del Siglo XVIII \/ Ediciones Trea \/ <b>2012<\/b><\/p>\t\t\t\t\t\t\t\t<\/div>\n\t\t\t\t<\/div>\n\t\t\t\t\t<\/div>\n\t\t<\/div>\n\t\t\t\t\t<\/div>\n\t\t<\/section>\n\t\t\t\t<section class=\"elementor-section elementor-top-section elementor-element elementor-element-c002af2 elementor-section-boxed elementor-section-height-default elementor-section-height-default\" data-id=\"c002af2\" data-element_type=\"section\" data-e-type=\"section\">\n\t\t\t\t\t\t<div class=\"elementor-container elementor-column-gap-default\">\n\t\t\t\t\t<div class=\"elementor-column elementor-col-25 elementor-top-column elementor-element elementor-element-e8bd378\" data-id=\"e8bd378\" data-element_type=\"column\" data-e-type=\"column\">\n\t\t\t<div class=\"elementor-widget-wrap elementor-element-populated\">\n\t\t\t\t\t\t<div class=\"elementor-element elementor-element-72e8f4b elementor-widget elementor-widget-image\" data-id=\"72e8f4b\" data-element_type=\"widget\" data-e-type=\"widget\" data-widget_type=\"image.default\">\n\t\t\t\t<div class=\"elementor-widget-container\">\n\t\t\t\t\t\t\t\t\t\t\t\t\t\t\t\t<a href=\"https:\/\/www.unioviedo.es\/IFESXVIII_digital\/?page_id=1049\">\n\t\t\t\t\t\t\t<img loading=\"lazy\" decoding=\"async\" width=\"215\" height=\"300\" src=\"https:\/\/www.unioviedo.es\/IFESXVIII_digital\/wp-content\/uploads\/2024\/11\/2014_Trea_Lidiando-con-sombras-215x300.jpg\" class=\"attachment-medium size-medium wp-image-1044\" alt=\"\" srcset=\"https:\/\/www.unioviedo.es\/IFESXVIII_digital\/wp-content\/uploads\/2024\/11\/2014_Trea_Lidiando-con-sombras-215x300.jpg 215w, https:\/\/www.unioviedo.es\/IFESXVIII_digital\/wp-content\/uploads\/2024\/11\/2014_Trea_Lidiando-con-sombras-734x1024.jpg 734w, https:\/\/www.unioviedo.es\/IFESXVIII_digital\/wp-content\/uploads\/2024\/11\/2014_Trea_Lidiando-con-sombras-768x1072.jpg 768w, https:\/\/www.unioviedo.es\/IFESXVIII_digital\/wp-content\/uploads\/2024\/11\/2014_Trea_Lidiando-con-sombras.jpg 1016w\" sizes=\"(max-width: 215px) 100vw, 215px\" \/>\t\t\t\t\t\t\t\t<\/a>\n\t\t\t\t\t\t\t\t\t\t\t\t\t\t\t<\/div>\n\t\t\t\t<\/div>\n\t\t\t\t\t<\/div>\n\t\t<\/div>\n\t\t\t\t<div class=\"elementor-column elementor-col-25 elementor-top-column elementor-element elementor-element-220f097\" data-id=\"220f097\" data-element_type=\"column\" data-e-type=\"column\">\n\t\t\t<div class=\"elementor-widget-wrap elementor-element-populated\">\n\t\t\t\t\t\t<div class=\"elementor-element elementor-element-7066a44 elementor-widget__width-initial elementor-widget elementor-widget-text-editor\" data-id=\"7066a44\" data-element_type=\"widget\" data-e-type=\"widget\" data-widget_type=\"text-editor.default\">\n\t\t\t\t<div class=\"elementor-widget-container\">\n\t\t\t\t\t\t\t\t\t<h4>Lidiando con sombras. Antolog\u00eda de Benito Jer\u00f3nimo Feijoo\u00a0<\/h4><p>Ed. de Elena de Lorenzo \u00c1lvarez, Rodrigo Olay Vald\u00e9s y Noelia Garc\u00eda D\u00edaz<\/p><p>Instituto Feijoo de Estudios del Siglo XVIII \/ Ediciones Trea \/ <b>2014<\/b><\/p>\t\t\t\t\t\t\t\t<\/div>\n\t\t\t\t<\/div>\n\t\t\t\t\t<\/div>\n\t\t<\/div>\n\t\t\t\t<div class=\"elementor-column elementor-col-25 elementor-top-column elementor-element elementor-element-7788a04\" data-id=\"7788a04\" data-element_type=\"column\" data-e-type=\"column\">\n\t\t\t<div class=\"elementor-widget-wrap elementor-element-populated\">\n\t\t\t\t\t\t<div class=\"elementor-element elementor-element-2103fe4 elementor-widget elementor-widget-image\" data-id=\"2103fe4\" data-element_type=\"widget\" data-e-type=\"widget\" data-widget_type=\"image.default\">\n\t\t\t\t<div class=\"elementor-widget-container\">\n\t\t\t\t\t\t\t\t\t\t\t\t\t\t\t\t<a href=\"https:\/\/www.unioviedo.es\/IFESXVIII_digital\/?page_id=1082\">\n\t\t\t\t\t\t\t<img loading=\"lazy\" decoding=\"async\" width=\"215\" height=\"300\" src=\"https:\/\/www.unioviedo.es\/IFESXVIII_digital\/wp-content\/uploads\/2024\/11\/2023_Trea_El-Sigerico-Tragedia-215x300.jpg\" class=\"attachment-medium size-medium wp-image-1078\" alt=\"\" srcset=\"https:\/\/www.unioviedo.es\/IFESXVIII_digital\/wp-content\/uploads\/2024\/11\/2023_Trea_El-Sigerico-Tragedia-215x300.jpg 215w, https:\/\/www.unioviedo.es\/IFESXVIII_digital\/wp-content\/uploads\/2024\/11\/2023_Trea_El-Sigerico-Tragedia-734x1024.jpg 734w, https:\/\/www.unioviedo.es\/IFESXVIII_digital\/wp-content\/uploads\/2024\/11\/2023_Trea_El-Sigerico-Tragedia-768x1071.jpg 768w, https:\/\/www.unioviedo.es\/IFESXVIII_digital\/wp-content\/uploads\/2024\/11\/2023_Trea_El-Sigerico-Tragedia-1101x1536.jpg 1101w, https:\/\/www.unioviedo.es\/IFESXVIII_digital\/wp-content\/uploads\/2024\/11\/2023_Trea_El-Sigerico-Tragedia.jpg 1206w\" sizes=\"(max-width: 215px) 100vw, 215px\" \/>\t\t\t\t\t\t\t\t<\/a>\n\t\t\t\t\t\t\t\t\t\t\t\t\t\t\t<\/div>\n\t\t\t\t<\/div>\n\t\t\t\t\t<\/div>\n\t\t<\/div>\n\t\t\t\t<div class=\"elementor-column elementor-col-25 elementor-top-column elementor-element elementor-element-9471458\" data-id=\"9471458\" data-element_type=\"column\" data-e-type=\"column\">\n\t\t\t<div class=\"elementor-widget-wrap elementor-element-populated\">\n\t\t\t\t\t\t<div class=\"elementor-element elementor-element-7e97959 elementor-widget elementor-widget-text-editor\" data-id=\"7e97959\" data-element_type=\"widget\" data-e-type=\"widget\" data-widget_type=\"text-editor.default\">\n\t\t\t\t<div class=\"elementor-widget-container\">\n\t\t\t\t\t\t\t\t\t<h4>El Sigerico. Tragedia<\/h4><p>Manuel Ferm\u00edn de Laviano \/ Ed. de Alberto Escalante Varona<\/p><p>Instituto Feijoo de Estudios del Siglo XVIII \/ Ediciones Trea \/ <b>2023<\/b><\/p>\t\t\t\t\t\t\t\t<\/div>\n\t\t\t\t<\/div>\n\t\t\t\t\t<\/div>\n\t\t<\/div>\n\t\t\t\t\t<\/div>\n\t\t<\/section>\n\t\t\t\t<section class=\"elementor-section elementor-top-section elementor-element elementor-element-8fc6335 elementor-section-boxed elementor-section-height-default elementor-section-height-default\" data-id=\"8fc6335\" data-element_type=\"section\" data-e-type=\"section\">\n\t\t\t\t\t\t<div class=\"elementor-container elementor-column-gap-default\">\n\t\t\t\t\t<div class=\"elementor-column elementor-col-25 elementor-top-column elementor-element elementor-element-89feb76\" data-id=\"89feb76\" data-element_type=\"column\" data-e-type=\"column\">\n\t\t\t<div class=\"elementor-widget-wrap elementor-element-populated\">\n\t\t\t\t\t\t<div class=\"elementor-element elementor-element-e13b8bc elementor-widget elementor-widget-image\" data-id=\"e13b8bc\" data-element_type=\"widget\" data-e-type=\"widget\" data-widget_type=\"image.default\">\n\t\t\t\t<div class=\"elementor-widget-container\">\n\t\t\t\t\t\t\t\t\t\t\t\t\t\t\t\t<a href=\"https:\/\/www.unioviedo.es\/IFESXVIII_digital\/?page_id=1098\">\n\t\t\t\t\t\t\t<img loading=\"lazy\" decoding=\"async\" width=\"215\" height=\"300\" src=\"https:\/\/www.unioviedo.es\/IFESXVIII_digital\/wp-content\/uploads\/2024\/11\/2024_Trea_Feijoo-poeta-Antologia-215x300.jpg\" class=\"attachment-medium size-medium wp-image-1095\" alt=\"\" srcset=\"https:\/\/www.unioviedo.es\/IFESXVIII_digital\/wp-content\/uploads\/2024\/11\/2024_Trea_Feijoo-poeta-Antologia-215x300.jpg 215w, https:\/\/www.unioviedo.es\/IFESXVIII_digital\/wp-content\/uploads\/2024\/11\/2024_Trea_Feijoo-poeta-Antologia-734x1024.jpg 734w, https:\/\/www.unioviedo.es\/IFESXVIII_digital\/wp-content\/uploads\/2024\/11\/2024_Trea_Feijoo-poeta-Antologia-768x1072.jpg 768w, https:\/\/www.unioviedo.es\/IFESXVIII_digital\/wp-content\/uploads\/2024\/11\/2024_Trea_Feijoo-poeta-Antologia.jpg 1016w\" sizes=\"(max-width: 215px) 100vw, 215px\" \/>\t\t\t\t\t\t\t\t<\/a>\n\t\t\t\t\t\t\t\t\t\t\t\t\t\t\t<\/div>\n\t\t\t\t<\/div>\n\t\t\t\t\t<\/div>\n\t\t<\/div>\n\t\t\t\t<div class=\"elementor-column elementor-col-25 elementor-top-column elementor-element elementor-element-ec77cd0\" data-id=\"ec77cd0\" data-element_type=\"column\" data-e-type=\"column\">\n\t\t\t<div class=\"elementor-widget-wrap elementor-element-populated\">\n\t\t\t\t\t\t<div class=\"elementor-element elementor-element-277be65 elementor-widget__width-initial elementor-widget elementor-widget-text-editor\" data-id=\"277be65\" data-element_type=\"widget\" data-e-type=\"widget\" data-widget_type=\"text-editor.default\">\n\t\t\t\t<div class=\"elementor-widget-container\">\n\t\t\t\t\t\t\t\t\t<h4>Feijoo, poeta. Antolog\u00eda\u00a0<\/h4><p>Rodrigo Olay Vald\u00e9s<\/p><p>Instituto Feijoo de Estudios del Siglo XVIII \/ Ediciones Trea \/ <b>2024<\/b><\/p>\t\t\t\t\t\t\t\t<\/div>\n\t\t\t\t<\/div>\n\t\t\t\t\t<\/div>\n\t\t<\/div>\n\t\t\t\t<div class=\"elementor-column elementor-col-25 elementor-top-column elementor-element elementor-element-60b5655\" data-id=\"60b5655\" data-element_type=\"column\" data-e-type=\"column\">\n\t\t\t<div class=\"elementor-widget-wrap elementor-element-populated\">\n\t\t\t\t\t\t\t<\/div>\n\t\t<\/div>\n\t\t\t\t<div class=\"elementor-column elementor-col-25 elementor-top-column elementor-element elementor-element-97c751a\" data-id=\"97c751a\" data-element_type=\"column\" data-e-type=\"column\">\n\t\t\t<div class=\"elementor-widget-wrap elementor-element-populated\">\n\t\t\t\t\t\t\t<\/div>\n\t\t<\/div>\n\t\t\t\t\t<\/div>\n\t\t<\/section>\n\t\t\t\t<\/div>\n\t\t","protected":false},"excerpt":{"rendered":"<p>Discurso sobre el fomento de la industria popular Pedro Rodr\u00edguez de Campomanes Instituto Feijoo de Estudios del Siglo XVIII \/\u00a01979 Obras en verso, I Juan Mel\u00e9ndez Vald\u00e9s \/ Ed. de Georges Demerson y John H. R. Polt Instituto Feijoo de Estudios del Siglo XVIII \/ 1981 Obras en verso, II Juan Mel\u00e9ndez Vald\u00e9s \/ Ed.&hellip;<\/p>\n","protected":false},"author":2,"featured_media":0,"parent":0,"menu_order":0,"comment_status":"closed","ping_status":"closed","template":"","meta":{"footnotes":""},"class_list":["post-871","page","type-page","status-publish","hentry"],"_links":{"self":[{"href":"https:\/\/www.unioviedo.es\/IFESXVIII_digital\/index.php?rest_route=\/wp\/v2\/pages\/871","targetHints":{"allow":["GET"]}}],"collection":[{"href":"https:\/\/www.unioviedo.es\/IFESXVIII_digital\/index.php?rest_route=\/wp\/v2\/pages"}],"about":[{"href":"https:\/\/www.unioviedo.es\/IFESXVIII_digital\/index.php?rest_route=\/wp\/v2\/types\/page"}],"author":[{"embeddable":true,"href":"https:\/\/www.unioviedo.es\/IFESXVIII_digital\/index.php?rest_route=\/wp\/v2\/users\/2"}],"replies":[{"embeddable":true,"href":"https:\/\/www.unioviedo.es\/IFESXVIII_digital\/index.php?rest_route=%2Fwp%2Fv2%2Fcomments&post=871"}],"version-history":[{"count":58,"href":"https:\/\/www.unioviedo.es\/IFESXVIII_digital\/index.php?rest_route=\/wp\/v2\/pages\/871\/revisions"}],"predecessor-version":[{"id":1386,"href":"https:\/\/www.unioviedo.es\/IFESXVIII_digital\/index.php?rest_route=\/wp\/v2\/pages\/871\/revisions\/1386"}],"wp:attachment":[{"href":"https:\/\/www.unioviedo.es\/IFESXVIII_digital\/index.php?rest_route=%2Fwp%2Fv2%2Fmedia&parent=871"}],"curies":[{"name":"wp","href":"https:\/\/api.w.org\/{rel}","templated":true}]}}