{"id":64,"date":"2017-01-30T13:41:35","date_gmt":"2017-01-30T12:41:35","guid":{"rendered":"http:\/\/www.unioviedo.es\/RUEI\/?page_id=64"},"modified":"2025-08-01T10:16:19","modified_gmt":"2025-08-01T08:16:19","slug":"grupos-investigacion","status":"publish","type":"page","link":"https:\/\/www.unioviedo.es\/RUEI\/index.php\/quienes-somos\/grupos-investigacion\/","title":{"rendered":"Grupos de investigaci\u00f3n"},"content":{"rendered":"<p>A continuaci\u00f3n se recogen los Grupos de investigaci\u00f3n que se integran en la RUEI a trav\u00e9s de sus investigadores\/as.<\/p>\n<p>Los grupos se organizan por orden alfab\u00e9tico de su denominaci\u00f3n y\/o acr\u00f3nimo.<\/p>\n<p>Figuran los grupos de investigaci\u00f3n cuyos miembros, personas asociadas a la RUEI, as\u00ed lo han indicado y remitido la informaci\u00f3n autorizada para su difusi\u00f3n.&nbsp;<\/p>\n\n\n<div class=\"wp-block-media-text alignwide\" style=\"grid-template-columns:26% auto\"><figure class=\"wp-block-media-text__media\"><img loading=\"lazy\" decoding=\"async\" width=\"1018\" height=\"1024\" src=\"http:\/\/www.unioviedo.es\/RUEI\/wp-content\/uploads\/2025\/08\/ArrelsUJI-1018x1024.png\" alt=\"\" class=\"wp-image-1467\" srcset=\"https:\/\/www.unioviedo.es\/RUEI\/wp-content\/uploads\/2025\/08\/ArrelsUJI-1018x1024.png 1018w, https:\/\/www.unioviedo.es\/RUEI\/wp-content\/uploads\/2025\/08\/ArrelsUJI-150x150.png 150w, https:\/\/www.unioviedo.es\/RUEI\/wp-content\/uploads\/2025\/08\/ArrelsUJI-298x300.png 298w, https:\/\/www.unioviedo.es\/RUEI\/wp-content\/uploads\/2025\/08\/ArrelsUJI-768x772.png 768w, https:\/\/www.unioviedo.es\/RUEI\/wp-content\/uploads\/2025\/08\/ArrelsUJI.png 1552w\" sizes=\"auto, (max-width: 1018px) 100vw, 1018px\" \/><\/figure><div class=\"wp-block-media-text__content\">\n<p class=\"has-normal-font-size\"><strong>ARRELS.  Acompa\u00f1amiento, Resiliencia, Bienestar y Educaci\u00f3n Emocional en la Inclusi\u00f3n<br><\/strong><em>Universidad\/Universitat Jaume I<\/em><br>Coord. Paula Escobedo Peiro<br><a href=\"https:\/\/www.uji.es\/serveis\/ocit\/base\/grupsinvestigacio\/detall\/?urlRedirect=https:\/\/www.uji.es\/serveis\/ocit\/base\/grupsinvestigacio\/detall\/&amp;url=\/serveis\/ocit\/base\/grupsinvestigacio\/detall&amp;codi=345\" target=\"_blank\" rel=\"noreferrer noopener\" aria-label=\"Enlace a la web del grupo (abre en una nueva pesta\u00f1a)\">Enlace a la web del grupo<\/a><\/p>\n<\/div><\/div>\n\n\n\n<div class=\"wp-block-media-text alignwide\" style=\"grid-template-columns:26% auto\"><figure class=\"wp-block-media-text__media\"><img loading=\"lazy\" decoding=\"async\" width=\"1016\" height=\"448\" src=\"https:\/\/www.unioviedo.es\/RUEI\/wp-content\/uploads\/2024\/03\/CERSIN-1.png\" alt=\"Logo del Centre d\u2019Estudis i Recerca per a una Societat Inclusiva\" class=\"wp-image-1298\" srcset=\"https:\/\/www.unioviedo.es\/RUEI\/wp-content\/uploads\/2024\/03\/CERSIN-1.png 1016w, https:\/\/www.unioviedo.es\/RUEI\/wp-content\/uploads\/2024\/03\/CERSIN-1-300x132.png 300w, https:\/\/www.unioviedo.es\/RUEI\/wp-content\/uploads\/2024\/03\/CERSIN-1-768x339.png 768w\" sizes=\"auto, (max-width: 1016px) 100vw, 1016px\" \/><\/figure><div class=\"wp-block-media-text__content\">\n<p class=\"has-normal-font-size\"><strong>CERSIN. Centre d\u2019Estudis i Recerca per a una Societat Inclusiva<br><\/strong><em>Universidad\/Universitat Aut\u00f3noma de Barcelona<\/em><br>Coord. Josep M. Sanahuja Gavald\u00e0<br><a rel=\"noreferrer noopener\" aria-label=\"Enlace a la web del centro (abre en una nueva pesta\u00f1a)\" href=\"https:\/\/cersin.uab.cat\" target=\"_blank\">Enlace a la web del centro<\/a> \/ <a rel=\"noreferrer noopener\" aria-label=\"M\u00e1s informaci\u00f3n de inter\u00e9s (abre en una nueva pesta\u00f1a)\" href=\"http:\/\/www.unioviedo.es\/RUEI\/wp-content\/uploads\/2024\/03\/CERSIN.pdf\" target=\"_blank\">M\u00e1s informaci\u00f3n de inter\u00e9s<\/a><\/p>\n<\/div><\/div>\n\n\n\n<div class=\"wp-block-media-text alignwide\" style=\"grid-template-columns:26% auto\"><figure class=\"wp-block-media-text__media\"><img loading=\"lazy\" decoding=\"async\" width=\"162\" height=\"183\" src=\"http:\/\/www.unioviedo.es\/RUEI\/wp-content\/uploads\/2024\/03\/Logo-DOCE2.jpg\" alt=\"\" class=\"wp-image-1412\"\/><\/figure><div class=\"wp-block-media-text__content\">\n<p class=\"has-normal-font-size\"><strong>DOCE, Did\u00e1ctica y Organizaci\u00f3n Escolar<\/strong><br><em>Universidad de Huelva<\/em><br>Coord.  Pilar Garc\u00eda Rodr\u00edguez<br><a rel=\"noreferrer noopener\" aria-label=\"Enlace a la web del equipo (abre en una nueva pesta\u00f1a)\" href=\"http:\/\/www.uhu.es\/doce\/\" target=\"_blank\">Enlace a la web del equipo<\/a> \/ <a href=\"http:\/\/www.unioviedo.es\/RUEI\/wp-content\/uploads\/2024\/03\/DOCE.pdf\" target=\"_blank\" rel=\"noreferrer noopener\" aria-label=\"M\u00e1s informaci\u00f3n de inter\u00e9s (abre en una nueva pesta\u00f1a)\">M\u00e1s informaci\u00f3n de inter\u00e9s<\/a><\/p>\n<\/div><\/div>\n\n\n\n<div class=\"wp-block-media-text alignwide\" style=\"grid-template-columns:28% auto\"><figure class=\"wp-block-media-text__media\"><img loading=\"lazy\" decoding=\"async\" width=\"709\" height=\"338\" src=\"http:\/\/www.unioviedo.es\/RUEI\/wp-content\/uploads\/2024\/03\/DIDE.png\" alt=\"\" class=\"wp-image-1299\" srcset=\"https:\/\/www.unioviedo.es\/RUEI\/wp-content\/uploads\/2024\/03\/DIDE.png 709w, https:\/\/www.unioviedo.es\/RUEI\/wp-content\/uploads\/2024\/03\/DIDE-300x143.png 300w\" sizes=\"auto, (max-width: 709px) 100vw, 709px\" \/><\/figure><div class=\"wp-block-media-text__content\">\n<p class=\"has-normal-font-size\"><strong>DIDE. Diversidad Funcional y Derechos Humanos <\/strong><br><em>Universidad de Murcia<\/em><br>Coord. Jes\u00fas Molina Saor\u00edn <br><a rel=\"noreferrer noopener\" href=\"https:\/\/www.um.es\/web\/dide\/\" target=\"_blank\">Enlace a la web del equipo<\/a> \/ <a rel=\"noreferrer noopener\" aria-label=\"M\u00e1s informaci\u00f3n de inter\u00e9s (abre en una nueva pesta\u00f1a)\" href=\"http:\/\/www.unioviedo.es\/RUEI\/wp-content\/uploads\/2024\/03\/DIDE.pdf\" target=\"_blank\">M\u00e1s informaci\u00f3n de inter\u00e9s<\/a><\/p>\n<\/div><\/div>\n\n\n\n<div class=\"wp-block-media-text alignwide\" style=\"grid-template-columns:28% auto\"><figure class=\"wp-block-media-text__media\"><img loading=\"lazy\" decoding=\"async\" width=\"1024\" height=\"655\" src=\"http:\/\/www.unioviedo.es\/RUEI\/wp-content\/uploads\/2024\/03\/ECOLE-1024x655.jpg\" alt=\"\" class=\"wp-image-1307\" srcset=\"https:\/\/www.unioviedo.es\/RUEI\/wp-content\/uploads\/2024\/03\/ECOLE-1024x655.jpg 1024w, https:\/\/www.unioviedo.es\/RUEI\/wp-content\/uploads\/2024\/03\/ECOLE-300x192.jpg 300w, https:\/\/www.unioviedo.es\/RUEI\/wp-content\/uploads\/2024\/03\/ECOLE-768x491.jpg 768w, https:\/\/www.unioviedo.es\/RUEI\/wp-content\/uploads\/2024\/03\/ECOLE.jpg 1574w\" sizes=\"auto, (max-width: 1024px) 100vw, 1024px\" \/><\/figure><div class=\"wp-block-media-text__content\">\n<p class=\"has-normal-font-size\"><strong>ECOLE. Estudios sobre Comunicaci\u00f3n y Lenguajes para la inclusi\u00f3n y la equidad educativa <\/strong><br><em>Universidad Complutense de Madrid<\/em><br>Coord. Bel\u00e9n S\u00e1enz-Rico de Santiago<br><a href=\"https:\/\/www.ucm.es\/ecole\/equipo\" target=\"_blank\" rel=\"noreferrer noopener\" aria-label=\"Enlace a la web del equipo (abre en una nueva pesta\u00f1a)\">Enlace a la web del equipo<\/a> \/ <a rel=\"noreferrer noopener\" aria-label=\"M\u00e1s informaci\u00f3n de inter\u00e9s (abre en una nueva pesta\u00f1a)\" href=\"http:\/\/www.unioviedo.es\/RUEI\/wp-content\/uploads\/2024\/03\/ECOLE.pdf\" target=\"_blank\">M\u00e1s informaci\u00f3n de inter\u00e9s<\/a><\/p>\n<\/div><\/div>\n\n\n\n<div class=\"wp-block-media-text alignwide\" style=\"grid-template-columns:27% auto\"><figure class=\"wp-block-media-text__media\"><img loading=\"lazy\" decoding=\"async\" width=\"300\" height=\"300\" src=\"http:\/\/www.unioviedo.es\/RUEI\/wp-content\/uploads\/2025\/07\/Logo-UJI.png\" alt=\"\" class=\"wp-image-1454\" srcset=\"https:\/\/www.unioviedo.es\/RUEI\/wp-content\/uploads\/2025\/07\/Logo-UJI.png 300w, https:\/\/www.unioviedo.es\/RUEI\/wp-content\/uploads\/2025\/07\/Logo-UJI-150x150.png 150w\" sizes=\"auto, (max-width: 300px) 100vw, 300px\" \/><\/figure><div class=\"wp-block-media-text__content\">\n<p class=\"has-normal-font-size\"><strong>EDARSO. Educaci\u00f3n, Arte y Sociedad<\/strong> <br><em>Universidad\/Universitat Jaume I<\/em> <br>Coords.  Lidon Moliner Miravet y Alberto Cabedo Mas <br><a rel=\"noreferrer noopener\" aria-label=\"M\u00e1s informaci\u00f3n de inter\u00e9s (abre en una nueva pesta\u00f1a)\" href=\"https:\/\/www.uji.es\/serveis\/ocit\/base\/grupsinvestigacio\/detall?codi=303\" target=\"_blank\">Enlace a la web del equipo<\/a> \/ <a href=\"http:\/\/www.unioviedo.es\/RUEI\/wp-content\/uploads\/2025\/07\/EDARSO-Educaci\u00f3n-Arte-y-Sociedad.pdf\" target=\"_blank\" rel=\"noreferrer noopener\" aria-label=\"M\u00e1s informaci\u00f3n de inter\u00e9s (abre en una nueva pesta\u00f1a)\">M\u00e1s informaci\u00f3n de inter\u00e9s<\/a><\/p>\n<\/div><\/div>\n\n\n\n<div class=\"wp-block-media-text alignwide\" style=\"grid-template-columns:28% auto\"><figure class=\"wp-block-media-text__media\"><img loading=\"lazy\" decoding=\"async\" width=\"177\" height=\"62\" src=\"http:\/\/www.unioviedo.es\/RUEI\/wp-content\/uploads\/2024\/03\/EDHOI.jpg\" alt=\"\" class=\"wp-image-1312\"\/><\/figure><div class=\"wp-block-media-text__content\">\n<p class=\"has-normal-font-size\"><strong>EDHO\u00b7I. Educaci\u00f3n Hol\u00edstica e Inclusiva <\/strong><br><em>Universidad P\u00fablica de Navarra\/Nafarroako Unibertsitate Publikoad<\/em><br>Coord. Javier Monz\u00f3n Gonz\u00e1lez<br><a rel=\"noreferrer noopener\" aria-label=\" (abre en una nueva pesta\u00f1a)\" href=\"http:\/\/www.unioviedo.es\/RUEI\/wp-content\/uploads\/2024\/03\/EDHO.pdf\" target=\"_blank\">M\u00e1s informaci\u00f3n de inter\u00e9s<\/a><\/p>\n<\/div><\/div>\n\n\n\n<div class=\"wp-block-media-text alignwide\" style=\"grid-template-columns:28% auto\"><figure class=\"wp-block-media-text__media\"><img loading=\"lazy\" decoding=\"async\" width=\"226\" height=\"80\" src=\"http:\/\/www.unioviedo.es\/RUEI\/wp-content\/uploads\/2024\/03\/EDI.png\" alt=\"\" class=\"wp-image-1313\"\/><\/figure><div class=\"wp-block-media-text__content\">\n<p class=\"has-normal-font-size\"><strong>EDI. Educaci\u00f3n y Diversidad<\/strong><br><em>Universidad de Zaragoza<\/em><br>Coord. Mar\u00eda Bego\u00f1a Vigo Arrazola<br><a rel=\"noreferrer noopener\" aria-label=\"Enlace a la web del equipo (abre en una nueva pesta\u00f1a)\" href=\"https:\/\/educacionydiversidad.unizar.es\/\" target=\"_blank\">Enlace a la web del equipo<\/a> \/ <a href=\"http:\/\/www.unioviedo.es\/RUEI\/wp-content\/uploads\/2024\/03\/EDI.pdf\" target=\"_blank\" rel=\"noreferrer noopener\" aria-label=\"M\u00e1s informaci\u00f3n de inter\u00e9s (abre en una nueva pesta\u00f1a)\">M\u00e1s informaci\u00f3n de inter\u00e9s<\/a><\/p>\n<\/div><\/div>\n\n\n\n<div class=\"wp-block-media-text alignwide\" style=\"grid-template-columns:28% auto\"><figure class=\"wp-block-media-text__media\"><img loading=\"lazy\" decoding=\"async\" width=\"493\" height=\"279\" src=\"http:\/\/www.unioviedo.es\/RUEI\/wp-content\/uploads\/2024\/03\/EDUCODI.png\" alt=\"\" class=\"wp-image-1335\" srcset=\"https:\/\/www.unioviedo.es\/RUEI\/wp-content\/uploads\/2024\/03\/EDUCODI.png 493w, https:\/\/www.unioviedo.es\/RUEI\/wp-content\/uploads\/2024\/03\/EDUCODI-300x170.png 300w\" sizes=\"auto, (max-width: 493px) 100vw, 493px\" \/><\/figure><div class=\"wp-block-media-text__content\">\n<p class=\"has-normal-font-size\"><strong>EDUCODI. Comunicaci\u00f3n, Innovaci\u00f3n educativa y atenci\u00f3n a la diversidad<\/strong><br><em>Universidad de Murcia<\/em><br>Coord. Josefa Lozano Mart\u00ednez<br><a rel=\"noreferrer noopener\" aria-label=\"Enlace a la web del equipo (abre en una nueva pesta\u00f1a)\" href=\"https:\/\/www.um.es\/web\/educodi\/\" target=\"_blank\">Enlace a la web del equipo<\/a> \/ <a href=\"http:\/\/www.unioviedo.es\/RUEI\/wp-content\/uploads\/2024\/03\/EDUCODI.pdf\" target=\"_blank\" rel=\"noreferrer noopener\" aria-label=\"M\u00e1s informaci\u00f3n de inter\u00e9s (abre en una nueva pesta\u00f1a)\">M\u00e1s informaci\u00f3n de inter\u00e9s<\/a><\/p>\n<\/div><\/div>\n\n\n\n<div class=\"wp-block-media-text alignwide\" style=\"grid-template-columns:28% auto\"><figure class=\"wp-block-media-text__media\"><img loading=\"lazy\" decoding=\"async\" width=\"381\" height=\"80\" src=\"http:\/\/www.unioviedo.es\/RUEI\/wp-content\/uploads\/2024\/03\/EDUIN.png\" alt=\"\" class=\"wp-image-1314\" srcset=\"https:\/\/www.unioviedo.es\/RUEI\/wp-content\/uploads\/2024\/03\/EDUIN.png 381w, https:\/\/www.unioviedo.es\/RUEI\/wp-content\/uploads\/2024\/03\/EDUIN-300x63.png 300w\" sizes=\"auto, (max-width: 381px) 100vw, 381px\" \/><\/figure><div class=\"wp-block-media-text__content\">\n<p class=\"has-normal-font-size\"><strong>EDUIN. Educaci\u00f3n inclusiva: una escuela para todos<\/strong><br><em>Universidad de Murcia<\/em><br>Coord. Pilar Arnaiz S\u00e1nchez<br><a rel=\"noreferrer noopener\" aria-label=\"Enlace a la web del equipo (abre en una nueva pesta\u00f1a)\" href=\"https:\/\/www.um.es\/educacioninclusiva\/grupo-de-investigacion-eduin\/\" target=\"_blank\">Enlace a la web del equipo<\/a> \/ <a href=\"http:\/\/www.unioviedo.es\/RUEI\/wp-content\/uploads\/2024\/03\/EDUIN.pdf\" target=\"_blank\" rel=\"noreferrer noopener\" aria-label=\"M\u00e1s informaci\u00f3n de inter\u00e9s (abre en una nueva pesta\u00f1a)\">M\u00e1s informaci\u00f3n de inter\u00e9s<\/a><\/p>\n<\/div><\/div>\n\n\n\n<div class=\"wp-block-media-text alignwide\" style=\"grid-template-columns:28% auto\"><figure class=\"wp-block-media-text__media\"><img loading=\"lazy\" decoding=\"async\" width=\"716\" height=\"403\" src=\"http:\/\/www.unioviedo.es\/RUEI\/wp-content\/uploads\/2024\/03\/EDUINCLU.jpg\" alt=\"\" class=\"wp-image-1315\" srcset=\"https:\/\/www.unioviedo.es\/RUEI\/wp-content\/uploads\/2024\/03\/EDUINCLU.jpg 716w, https:\/\/www.unioviedo.es\/RUEI\/wp-content\/uploads\/2024\/03\/EDUINCLU-300x169.jpg 300w\" sizes=\"auto, (max-width: 716px) 100vw, 716px\" \/><\/figure><div class=\"wp-block-media-text__content\">\n<p class=\"has-normal-font-size\"><strong>EDUINCLU. Diversidad, discapacidad y necesidades educativas especiales<\/strong><br><em>Universidad de Almer\u00eda<\/em><br>Coord. Luis Ortiz Jim\u00e9nez<br><a href=\"https:\/\/eduinclu.es\/\" target=\"_blank\" rel=\"noreferrer noopener\" aria-label=\"Enlace a la web del equipo (abre en una nueva pesta\u00f1a)\">Enlace a la web del equipo<\/a> \/ <a rel=\"noreferrer noopener\" aria-label=\"M\u00e1s informaci\u00f3n de inter\u00e9s (abre en una nueva pesta\u00f1a)\" href=\"http:\/\/www.unioviedo.es\/RUEI\/wp-content\/uploads\/2024\/03\/EDUIN.pdf\" target=\"_blank\">M\u00e1s informaci\u00f3n de inter\u00e9s<\/a><\/p>\n<\/div><\/div>\n\n\n\n<div class=\"wp-block-media-text alignwide\" style=\"grid-template-columns:28% auto\"><figure class=\"wp-block-media-text__media\"><img loading=\"lazy\" decoding=\"async\" width=\"630\" height=\"320\" src=\"http:\/\/www.unioviedo.es\/RUEI\/wp-content\/uploads\/2024\/03\/EI.jpg\" alt=\"\" class=\"wp-image-1316\" srcset=\"https:\/\/www.unioviedo.es\/RUEI\/wp-content\/uploads\/2024\/03\/EI.jpg 630w, https:\/\/www.unioviedo.es\/RUEI\/wp-content\/uploads\/2024\/03\/EI-300x152.jpg 300w\" sizes=\"auto, (max-width: 630px) 100vw, 630px\" \/><\/figure><div class=\"wp-block-media-text__content\">\n<p class=\"has-normal-font-size\"><strong>EI. Educaci\u00f3n Inclusiva<\/strong><br><em>Universidad de Salamanca<\/em><br>Coord. Francisca Gonz\u00e1lez Gil<br><a rel=\"noreferrer noopener\" aria-label=\"Enlace a la web del equipo (abre en una nueva pesta\u00f1a)\" href=\"https:\/\/produccioncientifica.usal.es\/grupos\/3804\/detalle\" target=\"_blank\">Enlace a la web del equipo<\/a> \/ <a href=\"http:\/\/www.unioviedo.es\/RUEI\/wp-content\/uploads\/2024\/03\/EI.pdf\" target=\"_blank\" rel=\"noreferrer noopener\" aria-label=\"M\u00e1s informaci\u00f3n de inter\u00e9s (abre en una nueva pesta\u00f1a)\">M\u00e1s informaci\u00f3n de inter\u00e9s<\/a><\/p>\n<\/div><\/div>\n\n\n\n<div class=\"wp-block-media-text alignwide\" style=\"grid-template-columns:28% auto\"><figure class=\"wp-block-media-text__media\"><img loading=\"lazy\" decoding=\"async\" width=\"938\" height=\"660\" src=\"http:\/\/www.unioviedo.es\/RUEI\/wp-content\/uploads\/2024\/03\/EPSIDO.png\" alt=\"\" class=\"wp-image-1317\" srcset=\"https:\/\/www.unioviedo.es\/RUEI\/wp-content\/uploads\/2024\/03\/EPSIDO.png 938w, https:\/\/www.unioviedo.es\/RUEI\/wp-content\/uploads\/2024\/03\/EPSIDO-300x211.png 300w, https:\/\/www.unioviedo.es\/RUEI\/wp-content\/uploads\/2024\/03\/EPSIDO-768x540.png 768w\" sizes=\"auto, (max-width: 938px) 100vw, 938px\" \/><\/figure><div class=\"wp-block-media-text__content\">\n<p class=\"has-normal-font-size\"><strong>EPSIDO. Estrategias para el desarrollo globa de las personas con S\u00edndrome de Down y Atenci\u00f3n a la Diversidad<\/strong><br><em>Universidad de Granada<\/em><br>Coord. Antonio Mi\u00f1\u00e1n Espigares<br><a rel=\"noreferrer noopener\" aria-label=\"Enlace a la web del equipo (abre en una nueva pesta\u00f1a)\" href=\"https:\/\/www.ugr.es\/~epsido\/\" target=\"_blank\">Enlace a la web del equipo<\/a> \/ <a href=\"http:\/\/www.unioviedo.es\/RUEI\/wp-content\/uploads\/2024\/03\/EPSIDO.pdf\" target=\"_blank\" rel=\"noreferrer noopener\" aria-label=\"M\u00e1s informaci\u00f3n de inter\u00e9s (abre en una nueva pesta\u00f1a)\">M\u00e1s informaci\u00f3n de inter\u00e9s<\/a><\/p>\n<\/div><\/div>\n\n\n\n<div class=\"wp-block-media-text alignwide\" style=\"grid-template-columns:28% auto\"><figure class=\"wp-block-media-text__media\"><img loading=\"lazy\" decoding=\"async\" width=\"285\" height=\"236\" src=\"http:\/\/www.unioviedo.es\/RUEI\/wp-content\/uploads\/2024\/03\/FORCE.png\" alt=\"\" class=\"wp-image-1318\"\/><\/figure><div class=\"wp-block-media-text__content\">\n<p class=\"has-normal-font-size\"><strong>FORCE. Formaci\u00f3n Centrada en la Escuela<\/strong><br><em>Universidad de Granada<\/em><br>Coord. Mar\u00eda Jos\u00e9 Le\u00f3n Guerrero<br><a rel=\"noreferrer noopener\" aria-label=\"Enlace a la web del equipo (abre en una nueva pesta\u00f1a)\" href=\"https:\/\/hum386.ugr.es\/\" target=\"_blank\">Enlace a la web del equipo<\/a> \/ <a href=\"http:\/\/www.unioviedo.es\/RUEI\/wp-content\/uploads\/2024\/03\/FORCE.pdf\" target=\"_blank\" rel=\"noreferrer noopener\" aria-label=\"M\u00e1s informaci\u00f3n de inter\u00e9s (abre en una nueva pesta\u00f1a)\">M\u00e1s informaci\u00f3n de inter\u00e9s<\/a><\/p>\n<\/div><\/div>\n\n\n\n<div class=\"wp-block-media-text alignwide\" style=\"grid-template-columns:28% auto\"><figure class=\"wp-block-media-text__media\"><img loading=\"lazy\" decoding=\"async\" width=\"414\" height=\"223\" src=\"http:\/\/www.unioviedo.es\/RUEI\/wp-content\/uploads\/2024\/03\/GIC.png\" alt=\"\" class=\"wp-image-1319\" srcset=\"https:\/\/www.unioviedo.es\/RUEI\/wp-content\/uploads\/2024\/03\/GIC.png 414w, https:\/\/www.unioviedo.es\/RUEI\/wp-content\/uploads\/2024\/03\/GIC-300x162.png 300w\" sizes=\"auto, (max-width: 414px) 100vw, 414px\" \/><\/figure><div class=\"wp-block-media-text__content\">\n<p class=\"has-normal-font-size\"><strong>GIC. Investigaci\u00f3n Curricular<\/strong><br><em>Universidad de Salamanca<\/em><br>Coord. Elena Ram\u00edrez Orellana<br><a rel=\"noreferrer noopener\" aria-label=\"Enlace a la web del equipo (abre en una nueva pesta\u00f1a)\" href=\"https:\/\/produccioncientifica.usal.es\/grupos\/3787\/detalle\" target=\"_blank\">Enlace a la web del equipo<\/a> \/ <a href=\"http:\/\/www.unioviedo.es\/RUEI\/wp-content\/uploads\/2024\/03\/GIC.pdf\" target=\"_blank\" rel=\"noreferrer noopener\" aria-label=\"M\u00e1s informaci\u00f3n de inter\u00e9s (abre en una nueva pesta\u00f1a)\">M\u00e1s informaci\u00f3n de inter\u00e9s<\/a><\/p>\n<\/div><\/div>\n\n\n\n<div class=\"wp-block-media-text alignwide\" style=\"grid-template-columns:28% auto\"><figure class=\"wp-block-media-text__media\"><img loading=\"lazy\" decoding=\"async\" width=\"280\" height=\"100\" src=\"http:\/\/www.unioviedo.es\/RUEI\/wp-content\/uploads\/2024\/03\/GID.jpg\" alt=\"\" class=\"wp-image-1320\"\/><\/figure><div class=\"wp-block-media-text__content\">\n<p class=\"has-normal-font-size\"><strong>GID. Investigaci\u00f3n Did\u00e1ctica<\/strong><br><em>Universidad de Sevilla<\/em><br>Coord. Julio Cabero Almenara<br><a rel=\"noreferrer noopener\" aria-label=\"Enlace a la web del equipo (abre en una nueva pesta\u00f1a)\" href=\"http:\/\/grupo.us.es\/gidus\/\" target=\"_blank\">Enlace a la web del equipo<\/a> \/ <a href=\"http:\/\/www.unioviedo.es\/RUEI\/wp-content\/uploads\/2024\/03\/GID.pdf\" target=\"_blank\" rel=\"noreferrer noopener\" aria-label=\"M\u00e1s informaci\u00f3n de inter\u00e9s (abre en una nueva pesta\u00f1a)\">M\u00e1s informaci\u00f3n de inter\u00e9s<\/a><\/p>\n<\/div><\/div>\n\n\n\n<div class=\"wp-block-media-text alignwide\" style=\"grid-template-columns:28% auto\"><figure class=\"wp-block-media-text__media\"><img loading=\"lazy\" decoding=\"async\" width=\"675\" height=\"595\" src=\"http:\/\/www.unioviedo.es\/RUEI\/wp-content\/uploads\/2024\/03\/Logo-GRD.png\" alt=\"\" class=\"wp-image-1352\" srcset=\"https:\/\/www.unioviedo.es\/RUEI\/wp-content\/uploads\/2024\/03\/Logo-GRD.png 675w, https:\/\/www.unioviedo.es\/RUEI\/wp-content\/uploads\/2024\/03\/Logo-GRD-300x264.png 300w\" sizes=\"auto, (max-width: 675px) 100vw, 675px\" \/><\/figure><div class=\"wp-block-media-text__content\">\n<p class=\"has-normal-font-size\"><strong>GRD. Investigaci\u00f3n en Diversidad<\/strong><br><em>Universidad\/Universitat de Girona<\/em><br>Coord. Mar\u00eda Pallisera D\u00edaz<br><a rel=\"noreferrer noopener\" aria-label=\"Enlace a la web del equipo (abre en una nueva pesta\u00f1a)\" href=\"https:\/\/recercadiversitat.wixsite.com\/diversitat\" target=\"_blank\">Enlace a la web del equipo<\/a> \/ <a rel=\"noreferrer noopener\" aria-label=\"M\u00e1s informaci\u00f3n de inter\u00e9s (abre en una nueva pesta\u00f1a)\" href=\"http:\/\/www.unioviedo.es\/RUEI\/wp-content\/uploads\/2024\/03\/GRD.pdf\" target=\"_blank\">M\u00e1s informaci\u00f3n de inter\u00e9s<\/a><\/p>\n<\/div><\/div>\n\n\n\n<div class=\"wp-block-media-text alignwide\" style=\"grid-template-columns:28% auto\"><figure class=\"wp-block-media-text__media\"><img loading=\"lazy\" decoding=\"async\" width=\"446\" height=\"434\" src=\"http:\/\/www.unioviedo.es\/RUEI\/wp-content\/uploads\/2024\/03\/Logo-GREID.png\" alt=\"\" class=\"wp-image-1355\" srcset=\"https:\/\/www.unioviedo.es\/RUEI\/wp-content\/uploads\/2024\/03\/Logo-GREID.png 446w, https:\/\/www.unioviedo.es\/RUEI\/wp-content\/uploads\/2024\/03\/Logo-GREID-300x292.png 300w\" sizes=\"auto, (max-width: 446px) 100vw, 446px\" \/><\/figure><div class=\"wp-block-media-text__content\">\n<p class=\"has-normal-font-size\"><strong>GREID. Investigaci\u00f3n en Educaci\u00f3n Inclusiva y Diversidad<\/strong><br><em>Universidad de las Islas Baleares \/ Universitat de les Illes Balears<\/em><br>Coord. Sebasti\u00e0 Verger Gelabert<br><a rel=\"noreferrer noopener\" aria-label=\"Enlace a la web del equipo (abre en una nueva pesta\u00f1a)\" href=\"https:\/\/greid.uib.es\/\" target=\"_blank\">Enlace a la web del equipo<\/a> \/ <a rel=\"noreferrer noopener\" aria-label=\"M\u00e1s informaci\u00f3n de inter\u00e9s (abre en una nueva pesta\u00f1a)\" href=\"http:\/\/www.unioviedo.es\/RUEI\/wp-content\/uploads\/2024\/03\/GREID.pdf\" target=\"_blank\">M\u00e1s informaci\u00f3n de inter\u00e9s<\/a><\/p>\n<\/div><\/div>\n\n\n\n<div class=\"wp-block-media-text alignwide\" style=\"grid-template-columns:28% auto\"><figure class=\"wp-block-media-text__media\"><img loading=\"lazy\" decoding=\"async\" width=\"271\" height=\"282\" src=\"http:\/\/www.unioviedo.es\/RUEI\/wp-content\/uploads\/2024\/03\/Logo-HUM936.png\" alt=\"\" class=\"wp-image-1403\"\/><\/figure><div class=\"wp-block-media-text__content\">\n<p class=\"has-normal-font-size\"><strong>HUM-936. An\u00e1lisis de la Exclusi\u00f3n y de las Oportunidades Socioeducativas<\/strong> <br><em>Universidad de C\u00e1diz<\/em><br>Coord. Cristina Goenechea Permisan<br><a rel=\"noreferrer noopener\" aria-label=\"Enlace a la web del equipo (abre en una nueva pesta\u00f1a)\" href=\"https:\/\/produccioncientifica.uca.es\/grupos\/7841\/detalle\" target=\"_blank\">Enlace a la web del equipo<\/a> \/ <a rel=\"noreferrer noopener\" aria-label=\"M\u00e1s informaci\u00f3n de inter\u00e9s (abre en una nueva pesta\u00f1a)\" href=\"http:\/\/www.unioviedo.es\/RUEI\/wp-content\/uploads\/2024\/03\/HUM936-1.pdf\" target=\"_blank\">M\u00e1s informaci\u00f3n de inter\u00e9s<\/a><\/p>\n<\/div><\/div>\n\n\n\n<div class=\"wp-block-media-text alignwide\" style=\"grid-template-columns:28% auto\"><figure class=\"wp-block-media-text__media\"><img loading=\"lazy\" decoding=\"async\" width=\"488\" height=\"251\" src=\"http:\/\/www.unioviedo.es\/RUEI\/wp-content\/uploads\/2024\/03\/IDEA.png\" alt=\"\" class=\"wp-image-1323\" srcset=\"https:\/\/www.unioviedo.es\/RUEI\/wp-content\/uploads\/2024\/03\/IDEA.png 488w, https:\/\/www.unioviedo.es\/RUEI\/wp-content\/uploads\/2024\/03\/IDEA-300x154.png 300w\" sizes=\"auto, (max-width: 488px) 100vw, 488px\" \/><\/figure><div class=\"wp-block-media-text__content\">\n<p class=\"has-normal-font-size\"><strong>IDEA. Innovaci\u00f3n, Desarrollo, Evaluaci\u00f3n y Asesoramiento<\/strong><br><em>Universidad de Sevilla<\/em><br>Coord. Carlos Marcelo Garc\u00eda<br><a rel=\"noreferrer noopener\" aria-label=\"Enlace a la web del equipo (abre en una nueva pesta\u00f1a)\" href=\"https:\/\/investigacion.us.es\/sisius\/sis_depgrupos.php?seltext=HUM423&amp;selfield=CODIGO\" target=\"_blank\">Enlace a la web del equipo<\/a> \/ <a href=\"http:\/\/www.unioviedo.es\/RUEI\/wp-content\/uploads\/2024\/03\/IDEA.pdf\" target=\"_blank\" rel=\"noreferrer noopener\" aria-label=\"M\u00e1s informaci\u00f3n de inter\u00e9s (abre en una nueva pesta\u00f1a)\">M\u00e1s informaci\u00f3n de inter\u00e9s<\/a><\/p>\n<\/div><\/div>\n\n\n\n<div class=\"wp-block-media-text alignwide\" style=\"grid-template-columns:28% auto\"><figure class=\"wp-block-media-text__media\"><img loading=\"lazy\" decoding=\"async\" width=\"509\" height=\"494\" src=\"http:\/\/www.unioviedo.es\/RUEI\/wp-content\/uploads\/2024\/03\/Logo-IE.png\" alt=\"\" class=\"wp-image-1360\" srcset=\"https:\/\/www.unioviedo.es\/RUEI\/wp-content\/uploads\/2024\/03\/Logo-IE.png 509w, https:\/\/www.unioviedo.es\/RUEI\/wp-content\/uploads\/2024\/03\/Logo-IE-300x291.png 300w\" sizes=\"auto, (max-width: 509px) 100vw, 509px\" \/><\/figure><div class=\"wp-block-media-text__content\">\n<p class=\"has-normal-font-size\"><strong>IE. Investigaci\u00f3n Educativa \u201cEduardo Benot\u201d<\/strong><br><em>Universidad de C\u00e1diz<\/em><br>Coord. Mayka Garc\u00eda Garc\u00eda<br><a rel=\"noreferrer noopener\" aria-label=\"Enlace a la web del equipo (abre en una nueva pesta\u00f1a)\" href=\"https:\/\/hum230.uca.es\/\" target=\"_blank\">Enlace a la web del equipo<\/a> \/ <a rel=\"noreferrer noopener\" aria-label=\"M\u00e1s informaci\u00f3n de inter\u00e9s (abre en una nueva pesta\u00f1a)\" href=\"http:\/\/www.unioviedo.es\/RUEI\/wp-content\/uploads\/2024\/03\/IE.pdf\" target=\"_blank\">M\u00e1s informaci\u00f3n de inter\u00e9s<\/a><\/p>\n<\/div><\/div>\n\n\n\n<div class=\"wp-block-media-text alignwide\" style=\"grid-template-columns:28% auto\"><figure class=\"wp-block-media-text__media\"><img loading=\"lazy\" decoding=\"async\" width=\"558\" height=\"154\" src=\"http:\/\/www.unioviedo.es\/RUEI\/wp-content\/uploads\/2024\/03\/IETIC-EVEA.png\" alt=\"\" class=\"wp-image-1325\" srcset=\"https:\/\/www.unioviedo.es\/RUEI\/wp-content\/uploads\/2024\/03\/IETIC-EVEA.png 558w, https:\/\/www.unioviedo.es\/RUEI\/wp-content\/uploads\/2024\/03\/IETIC-EVEA-300x83.png 300w\" sizes=\"auto, (max-width: 558px) 100vw, 558px\" \/><\/figure><div class=\"wp-block-media-text__content\">\n<p class=\"has-normal-font-size\"><strong>IETIC-EVEA. Investigaci\u00f3n Educativa \u201cEduardo Benot\u201d<\/strong><br><em>Universidad de Oviedo \/ Universid\u00e1 d\u00b4Uvi\u00e9u<\/em><br>Coord. Queli Fueyo Guti\u00e9rrez<br><a href=\"https:\/\/ieticevea.grupos.uniovi.es\/\" target=\"_blank\" rel=\"noreferrer noopener\" aria-label=\"Enlace a la web del equipo (abre en una nueva pesta\u00f1a)\">Enlace a la web del equipo<\/a> \/ <a rel=\"noreferrer noopener\" aria-label=\"M\u00e1s informaci\u00f3n de inter\u00e9s (abre en una nueva pesta\u00f1a)\" href=\"https:\/\/www.unioviedo.es\/grupoetic\/\" target=\"_blank\">M\u00e1s informaci\u00f3n de inter\u00e9s<\/a><\/p>\n<\/div><\/div>\n\n\n\n<div class=\"wp-block-media-text alignwide\" style=\"grid-template-columns:28% auto\"><figure class=\"wp-block-media-text__media\"><img loading=\"lazy\" decoding=\"async\" width=\"1024\" height=\"446\" src=\"http:\/\/www.unioviedo.es\/RUEI\/wp-content\/uploads\/2024\/03\/INFORAL-1024x446.png\" alt=\"\" class=\"wp-image-1326\" srcset=\"https:\/\/www.unioviedo.es\/RUEI\/wp-content\/uploads\/2024\/03\/INFORAL-1024x446.png 1024w, https:\/\/www.unioviedo.es\/RUEI\/wp-content\/uploads\/2024\/03\/INFORAL-300x131.png 300w, https:\/\/www.unioviedo.es\/RUEI\/wp-content\/uploads\/2024\/03\/INFORAL-768x335.png 768w, https:\/\/www.unioviedo.es\/RUEI\/wp-content\/uploads\/2024\/03\/INFORAL.png 1088w\" sizes=\"auto, (max-width: 1024px) 100vw, 1024px\" \/><\/figure><div class=\"wp-block-media-text__content\">\n<p class=\"has-normal-font-size\"><strong>INFORAL. Innovaci\u00f3n, Formaci\u00f3n Docente y Alfabetizaci\u00f3n Informaciona<\/strong>l<br><em>Universidad de Salamanca<\/em><br>Coord. Ana Iglesias Rodr\u00edguez<br><a rel=\"noreferrer noopener\" aria-label=\"Enlace a la web del equipo (abre en una nueva pesta\u00f1a)\" href=\"https:\/\/girinforal.usal.es\/\" target=\"_blank\">Enlace a la web del equipo<\/a> \/ <a href=\"http:\/\/www.unioviedo.es\/RUEI\/wp-content\/uploads\/2024\/03\/INFORAL.pdf\" target=\"_blank\" rel=\"noreferrer noopener\" aria-label=\"M\u00e1s informaci\u00f3n de inter\u00e9s (abre en una nueva pesta\u00f1a)\">M\u00e1s informaci\u00f3n de inter\u00e9s<\/a><\/p>\n<\/div><\/div>\n\n\n\n<div class=\"wp-block-media-text alignwide\" style=\"grid-template-columns:28% auto\"><figure class=\"wp-block-media-text__media\"><img loading=\"lazy\" decoding=\"async\" width=\"304\" height=\"166\" src=\"http:\/\/www.unioviedo.es\/RUEI\/wp-content\/uploads\/2024\/03\/Logo-inPar-ES.png\" alt=\"\" class=\"wp-image-1415\" srcset=\"https:\/\/www.unioviedo.es\/RUEI\/wp-content\/uploads\/2024\/03\/Logo-inPar-ES.png 304w, https:\/\/www.unioviedo.es\/RUEI\/wp-content\/uploads\/2024\/03\/Logo-inPar-ES-300x164.png 300w\" sizes=\"auto, (max-width: 304px) 100vw, 304px\" \/><\/figure><div class=\"wp-block-media-text__content\">\n<p class=\"has-normal-font-size\"><strong>inPar-ES. Investigaci\u00f3n en Inclusi\u00f3n y Participaci\u00f3n Educativa y Social <\/strong><br><em>Universidad de Cantabria<\/em><br>Coord. Susana Rojas Pernia<br><a rel=\"noreferrer noopener\" aria-label=\"Enlace a la web del equipo (abre en una nueva pesta\u00f1a)\" href=\"https:\/\/inclusionlab.unican.es\/\" target=\"_blank\">Enlace a la web del equipo<\/a> \/ <a href=\"http:\/\/www.unioviedo.es\/RUEI\/wp-content\/uploads\/2024\/03\/inPar-ES.pdf\" target=\"_blank\" rel=\"noreferrer noopener\" aria-label=\"M\u00e1s informaci\u00f3n de inter\u00e9s (abre en una nueva pesta\u00f1a)\">M\u00e1s informaci\u00f3n de inter\u00e9s<\/a><\/p>\n<\/div><\/div>\n\n\n\n<div class=\"wp-block-media-text alignwide\" style=\"grid-template-columns:28% auto\"><figure class=\"wp-block-media-text__media\"><img loading=\"lazy\" decoding=\"async\" width=\"510\" height=\"189\" src=\"http:\/\/www.unioviedo.es\/RUEI\/wp-content\/uploads\/2024\/03\/INKLUNI.jpg\" alt=\"\" class=\"wp-image-1327\" srcset=\"https:\/\/www.unioviedo.es\/RUEI\/wp-content\/uploads\/2024\/03\/INKLUNI.jpg 510w, https:\/\/www.unioviedo.es\/RUEI\/wp-content\/uploads\/2024\/03\/INKLUNI-300x111.jpg 300w\" sizes=\"auto, (max-width: 510px) 100vw, 510px\" \/><\/figure><div class=\"wp-block-media-text__content\">\n<p class=\"has-normal-font-size\"><strong>INKLUNI. Investigaci\u00f3n inclusiva para la transformaci\u00f3n educativa y la mejora social<\/strong><br><em>Universidad del Pa\u00eds Vasco \/ Euskal Herriko Unibertsitatea <br><\/em>Coord. <br><a rel=\"noreferrer noopener\" aria-label=\"Enlace a la web del equipo (abre en una nueva pesta\u00f1a)\" href=\"https:\/\/www.ehu.eus\/es\/web\/inkluni\" target=\"_blank\">Enlace a la web del equipo<\/a> \/ <a href=\"http:\/\/www.unioviedo.es\/RUEI\/wp-content\/uploads\/2024\/03\/INKLUNI.pdf\" target=\"_blank\" rel=\"noreferrer noopener\" aria-label=\"M\u00e1s informaci\u00f3n de inter\u00e9s (abre en una nueva pesta\u00f1a)\">M\u00e1s informaci\u00f3n de inter\u00e9s<\/a><\/p>\n<\/div><\/div>\n\n\n\n<div class=\"wp-block-media-text alignwide\" style=\"grid-template-columns:28% auto\"><figure class=\"wp-block-media-text__media\"><img loading=\"lazy\" decoding=\"async\" width=\"520\" height=\"364\" src=\"http:\/\/www.unioviedo.es\/RUEI\/wp-content\/uploads\/2024\/03\/UV0-1.png\" alt=\"\" class=\"wp-image-1368\" srcset=\"https:\/\/www.unioviedo.es\/RUEI\/wp-content\/uploads\/2024\/03\/UV0-1.png 520w, https:\/\/www.unioviedo.es\/RUEI\/wp-content\/uploads\/2024\/03\/UV0-1-300x210.png 300w\" sizes=\"auto, (max-width: 520px) 100vw, 520px\" \/><\/figure><div class=\"wp-block-media-text__content\">\n<p class=\"has-normal-font-size\"><strong>INVTEA. Investigaci\u00f3n en Trastornos del Espectro Autista (INVTEA). Grupo de Investigaci\u00f3n, Grupo de Investigaci\u00f3n Inma Fern\u00e1ndez<\/strong><br><em>Universidad de Valencia<\/em> \/ <em>Universitat de Val\u00e8ncia<br><\/em>Coord. Gemma Pastor Cerezuela<br><a rel=\"noreferrer noopener\" aria-label=\"Enlace a la web del equipo (abre en una nueva pesta\u00f1a)\" href=\"https:\/\/www.uv.es\/invtea\" target=\"_blank\">Enlace a la web del equipo<\/a> \/ <a rel=\"noreferrer noopener\" aria-label=\"M\u00e1s informaci\u00f3n de inter\u00e9s (abre en una nueva pesta\u00f1a)\" href=\"http:\/\/www.unioviedo.es\/RUEI\/wp-content\/uploads\/2024\/03\/INVTEA.pdf\" target=\"_blank\">M\u00e1s informaci\u00f3n de inter\u00e9s<\/a><\/p>\n<\/div><\/div>\n\n\n\n<div class=\"wp-block-media-text alignwide\" style=\"grid-template-columns:28% auto\"><figure class=\"wp-block-media-text__media\"><img loading=\"lazy\" decoding=\"async\" width=\"336\" height=\"198\" src=\"http:\/\/www.unioviedo.es\/RUEI\/wp-content\/uploads\/2024\/03\/MEICRI.jpg\" alt=\"\" class=\"wp-image-1329\" srcset=\"https:\/\/www.unioviedo.es\/RUEI\/wp-content\/uploads\/2024\/03\/MEICRI.jpg 336w, https:\/\/www.unioviedo.es\/RUEI\/wp-content\/uploads\/2024\/03\/MEICRI-300x177.jpg 300w\" sizes=\"auto, (max-width: 336px) 100vw, 336px\" \/><\/figure><div class=\"wp-block-media-text__content\">\n<p class=\"has-normal-font-size\"><strong>MEICRI. Mejora Educativa y Ciudadan\u00eda Cr\u00edtica<\/strong><br><em>Universidad\/Universitat Jaume I<br><\/em>Coord. Odet Moliner Garc\u00eda y Mar\u00eda Lozano Estivali<br><a href=\"http:\/\/meicri.uji.es\/\">Enlace a la web del equipo<\/a> \/ <a href=\"http:\/\/www.unioviedo.es\/RUEI\/wp-content\/uploads\/2024\/03\/MEICRI.pdf\">M\u00e1s informaci\u00f3n de inter\u00e9s<\/a><\/p>\n<\/div><\/div>\n\n\n\n<div class=\"wp-block-media-text alignwide\" style=\"grid-template-columns:28% auto\"><figure class=\"wp-block-media-text__media\"><img loading=\"lazy\" decoding=\"async\" width=\"1024\" height=\"392\" src=\"http:\/\/www.unioviedo.es\/RUEI\/wp-content\/uploads\/2024\/03\/SEJ581-1024x392.png\" alt=\"\" class=\"wp-image-1330\" srcset=\"https:\/\/www.unioviedo.es\/RUEI\/wp-content\/uploads\/2024\/03\/SEJ581-1024x392.png 1024w, https:\/\/www.unioviedo.es\/RUEI\/wp-content\/uploads\/2024\/03\/SEJ581-300x115.png 300w, https:\/\/www.unioviedo.es\/RUEI\/wp-content\/uploads\/2024\/03\/SEJ581-768x294.png 768w, https:\/\/www.unioviedo.es\/RUEI\/wp-content\/uploads\/2024\/03\/SEJ581-1600x612.png 1600w\" sizes=\"auto, (max-width: 1024px) 100vw, 1024px\" \/><\/figure><div class=\"wp-block-media-text__content\">\n<p class=\"has-normal-font-size\"><strong>SEJ581. Investigaci\u00f3n en el \u00e1mbito educativo y de la salud <\/strong><br><em>Universidad de Almer\u00eda<br><\/em>Coord. Mar\u00eda del Carmen P\u00e9rez Fuentes<br><a href=\"https:\/\/www.ual.es\/investigacion\/investiga\/grupos\/area\/grupo\/SEJ\/SEJ581\">Enlace a la web del equipo<\/a> \/ <a href=\"http:\/\/www.unioviedo.es\/RUEI\/wp-content\/uploads\/2024\/03\/SEJ581.pdf\">M\u00e1s informaci\u00f3n de inter\u00e9s<\/a><\/p>\n<\/div><\/div>\n","protected":false},"excerpt":{"rendered":"<p>A continuaci\u00f3n se recogen los Grupos de investigaci\u00f3n que se integran en la RUEI a trav\u00e9s de sus investigadores\/as. Los&hellip;<\/p>\n","protected":false},"author":1,"featured_media":0,"parent":5,"menu_order":0,"comment_status":"closed","ping_status":"closed","template":"","meta":{"footnotes":""},"class_list":["post-64","page","type-page","status-publish","hentry"],"_links":{"self":[{"href":"https:\/\/www.unioviedo.es\/RUEI\/index.php\/wp-json\/wp\/v2\/pages\/64","targetHints":{"allow":["GET"]}}],"collection":[{"href":"https:\/\/www.unioviedo.es\/RUEI\/index.php\/wp-json\/wp\/v2\/pages"}],"about":[{"href":"https:\/\/www.unioviedo.es\/RUEI\/index.php\/wp-json\/wp\/v2\/types\/page"}],"author":[{"embeddable":true,"href":"https:\/\/www.unioviedo.es\/RUEI\/index.php\/wp-json\/wp\/v2\/users\/1"}],"replies":[{"embeddable":true,"href":"https:\/\/www.unioviedo.es\/RUEI\/index.php\/wp-json\/wp\/v2\/comments?post=64"}],"version-history":[{"count":105,"href":"https:\/\/www.unioviedo.es\/RUEI\/index.php\/wp-json\/wp\/v2\/pages\/64\/revisions"}],"predecessor-version":[{"id":1470,"href":"https:\/\/www.unioviedo.es\/RUEI\/index.php\/wp-json\/wp\/v2\/pages\/64\/revisions\/1470"}],"up":[{"embeddable":true,"href":"https:\/\/www.unioviedo.es\/RUEI\/index.php\/wp-json\/wp\/v2\/pages\/5"}],"wp:attachment":[{"href":"https:\/\/www.unioviedo.es\/RUEI\/index.php\/wp-json\/wp\/v2\/media?parent=64"}],"curies":[{"name":"wp","href":"https:\/\/api.w.org\/{rel}","templated":true}]}}