{"id":740,"date":"2019-04-16T13:41:52","date_gmt":"2019-04-16T11:41:52","guid":{"rendered":"http:\/\/www.unioviedo.es\/RUEI\/?page_id=740"},"modified":"2024-03-08T17:32:24","modified_gmt":"2024-03-08T16:32:24","slug":"universidad-de-las-islas-baleares-universitat-de-les-illes-balears","status":"publish","type":"page","link":"https:\/\/www.unioviedo.es\/RUEI\/index.php\/universidad-de-las-islas-baleares-universitat-de-les-illes-balears\/","title":{"rendered":"Universidad de las Islas Baleares \/ Universitat de les Illes Balears"},"content":{"rendered":"\n<div class=\"wp-block-image\"><figure class=\"aligncenter is-resized\"><img loading=\"lazy\" decoding=\"async\" src=\"http:\/\/www.unioviedo.es\/RUEI\/wp-content\/uploads\/2019\/04\/Sin-t\u00edtulo-23.png\" alt=\"\" class=\"wp-image-743\" width=\"219\" height=\"222\"\/><\/figure><\/div>\n\n\n\n<ul class=\"wp-block-list\"><li><strong><a rel=\"noreferrer noopener\" href=\"http:\/\/www.unioviedo.es\/RUEI\/wp-content\/uploads\/2024\/03\/Forteza-Forteza-Dolors.pdf\" target=\"_blank\">Forteza Forteza , Dolors <\/a><\/strong><\/li><li><strong>De la Iglesia Mayol, Bego\u00f1a<\/strong><\/li><li><strong>Moreno Tall\u00f3n, Francisca<\/strong><br><\/li><li><strong>Muntaner Guasp, Joan Jordi<\/strong><br><\/li><li><strong>Rossell\u00f3 Ramon, Mar\u00eda Rosa<\/strong><br><\/li><li><strong><a rel=\"noreferrer noopener\" href=\"http:\/\/www.unioviedo.es\/RUEI\/wp-content\/uploads\/2024\/03\/Verger-Gelabert-Sebasti%C3%A0.pdf\" target=\"_blank\">Verger Gelabert, Sebasti\u00e0<\/a><\/strong> <strong><a rel=\"noreferrer noopener\" aria-label=\"Rodr\u00edguez Rodr\u00edguez, Rosabel (abre en una nueva pesta\u00f1a)\" href=\"http:\/\/www.unioviedo.es\/RUEI\/wp-content\/uploads\/2019\/04\/Rosabel-Rodr\u00edguez-Rodr\u00edguez-Univ.-Illes-Balears.pdf\" target=\"_blank\"><\/a><\/strong><\/li><\/ul>\n\n\n\n<p>Si deseas integrarte o actualizar la informaci\u00f3n, no dudes en escribirnos a: <a href=\"https:\/\/www.unioviedo.es\/RUEI\/index.php\/contacto\/\">info@ruei.es<\/a><\/p>\n","protected":false},"excerpt":{"rendered":"<p>Forteza Forteza , Dolors De la Iglesia Mayol, Bego\u00f1a Moreno Tall\u00f3n, Francisca Muntaner Guasp, Joan Jordi Rossell\u00f3 Ramon, Mar\u00eda Rosa&hellip;<\/p>\n","protected":false},"author":1,"featured_media":0,"parent":0,"menu_order":0,"comment_status":"closed","ping_status":"closed","template":"","meta":{"footnotes":""},"class_list":["post-740","page","type-page","status-publish","hentry"],"_links":{"self":[{"href":"https:\/\/www.unioviedo.es\/RUEI\/index.php\/wp-json\/wp\/v2\/pages\/740","targetHints":{"allow":["GET"]}}],"collection":[{"href":"https:\/\/www.unioviedo.es\/RUEI\/index.php\/wp-json\/wp\/v2\/pages"}],"about":[{"href":"https:\/\/www.unioviedo.es\/RUEI\/index.php\/wp-json\/wp\/v2\/types\/page"}],"author":[{"embeddable":true,"href":"https:\/\/www.unioviedo.es\/RUEI\/index.php\/wp-json\/wp\/v2\/users\/1"}],"replies":[{"embeddable":true,"href":"https:\/\/www.unioviedo.es\/RUEI\/index.php\/wp-json\/wp\/v2\/comments?post=740"}],"version-history":[{"count":2,"href":"https:\/\/www.unioviedo.es\/RUEI\/index.php\/wp-json\/wp\/v2\/pages\/740\/revisions"}],"predecessor-version":[{"id":1144,"href":"https:\/\/www.unioviedo.es\/RUEI\/index.php\/wp-json\/wp\/v2\/pages\/740\/revisions\/1144"}],"wp:attachment":[{"href":"https:\/\/www.unioviedo.es\/RUEI\/index.php\/wp-json\/wp\/v2\/media?parent=740"}],"curies":[{"name":"wp","href":"https:\/\/api.w.org\/{rel}","templated":true}]}}