{"id":1063,"date":"2025-12-11T13:35:10","date_gmt":"2025-12-11T12:35:10","guid":{"rendered":"https:\/\/www.unioviedo.es\/Transferencia2026\/?page_id=1063"},"modified":"2026-01-18T12:42:01","modified_gmt":"2026-01-18T11:42:01","slug":"inscripcion-st2026","status":"publish","type":"page","link":"https:\/\/www.unioviedo.es\/Transferencia2026\/index.php\/inscripcion-st2026\/","title":{"rendered":"Inscripci\u00f3n"},"content":{"rendered":"\t\t<div data-elementor-type=\"wp-page\" data-elementor-id=\"1063\" class=\"elementor elementor-1063\" data-elementor-post-type=\"page\">\n\t\t\t\t\t\t<section class=\"elementor-section elementor-top-section elementor-element elementor-element-71f4353a elementor-section-height-min-height elementor-section-boxed elementor-section-height-default elementor-section-items-middle\" data-id=\"71f4353a\" data-element_type=\"section\" data-e-type=\"section\" data-settings=\"{&quot;background_background&quot;:&quot;classic&quot;}\">\n\t\t\t\t\t\t<div class=\"elementor-container elementor-column-gap-default\">\n\t\t\t\t\t<div class=\"elementor-column elementor-col-100 elementor-top-column elementor-element elementor-element-6c11e78a\" data-id=\"6c11e78a\" data-element_type=\"column\" data-e-type=\"column\">\n\t\t\t<div class=\"elementor-widget-wrap elementor-element-populated\">\n\t\t\t\t\t\t<div class=\"elementor-element elementor-element-55143ec7 elementor-widget elementor-widget-heading\" data-id=\"55143ec7\" data-element_type=\"widget\" data-e-type=\"widget\" data-widget_type=\"heading.default\">\n\t\t\t\t<div class=\"elementor-widget-container\">\n\t\t\t\t\t<h1 class=\"elementor-heading-title elementor-size-default\">Inscripciones<\/h1>\t\t\t\t<\/div>\n\t\t\t\t<\/div>\n\t\t\t\t\t<\/div>\n\t\t<\/div>\n\t\t\t\t\t<\/div>\n\t\t<\/section>\n\t\t\t\t<section class=\"elementor-section elementor-top-section elementor-element elementor-element-767f5cac elementor-section-boxed elementor-section-height-default elementor-section-height-default\" data-id=\"767f5cac\" data-element_type=\"section\" data-e-type=\"section\">\n\t\t\t\t\t\t<div class=\"elementor-container elementor-column-gap-default\">\n\t\t\t\t\t<div class=\"elementor-column elementor-col-50 elementor-top-column elementor-element elementor-element-3fdd162e\" data-id=\"3fdd162e\" data-element_type=\"column\" data-e-type=\"column\">\n\t\t\t<div class=\"elementor-widget-wrap elementor-element-populated\">\n\t\t\t\t\t\t<div class=\"elementor-element elementor-element-59dc00a4 elementor-widget__width-initial elementor-widget elementor-widget-image\" data-id=\"59dc00a4\" data-element_type=\"widget\" data-e-type=\"widget\" data-widget_type=\"image.default\">\n\t\t\t\t<div class=\"elementor-widget-container\">\n\t\t\t\t\t\t\t\t\t\t\t\t\t\t\t<img decoding=\"async\" width=\"150\" height=\"150\" src=\"https:\/\/www.unioviedo.es\/Transferencia2026\/wp-content\/uploads\/2025\/12\/2025-03-12-OTC-01-identidad-digital-uniovi-2023-negro-04-150x150.png\" class=\"attachment-thumbnail size-thumbnail wp-image-1125\" alt=\"\" srcset=\"https:\/\/www.unioviedo.es\/Transferencia2026\/wp-content\/uploads\/2025\/12\/2025-03-12-OTC-01-identidad-digital-uniovi-2023-negro-04-150x150.png 150w, https:\/\/www.unioviedo.es\/Transferencia2026\/wp-content\/uploads\/2025\/12\/2025-03-12-OTC-01-identidad-digital-uniovi-2023-negro-04-300x300.png 300w, https:\/\/www.unioviedo.es\/Transferencia2026\/wp-content\/uploads\/2025\/12\/2025-03-12-OTC-01-identidad-digital-uniovi-2023-negro-04-1024x1024.png 1024w, https:\/\/www.unioviedo.es\/Transferencia2026\/wp-content\/uploads\/2025\/12\/2025-03-12-OTC-01-identidad-digital-uniovi-2023-negro-04-768x768.png 768w, https:\/\/www.unioviedo.es\/Transferencia2026\/wp-content\/uploads\/2025\/12\/2025-03-12-OTC-01-identidad-digital-uniovi-2023-negro-04.png 1080w\" sizes=\"(max-width: 150px) 100vw, 150px\" \/>\t\t\t\t\t\t\t\t\t\t\t\t\t\t\t<\/div>\n\t\t\t\t<\/div>\n\t\t\t\t<div class=\"elementor-element elementor-element-64cb30ae elementor-widget__width-initial elementor-widget elementor-widget-heading\" data-id=\"64cb30ae\" data-element_type=\"widget\" data-e-type=\"widget\" data-widget_type=\"heading.default\">\n\t\t\t\t<div class=\"elementor-widget-container\">\n\t\t\t\t\t<h2 class=\"elementor-heading-title elementor-size-default\">\u00bfC\u00f3mo participar?<\/h2>\t\t\t\t<\/div>\n\t\t\t\t<\/div>\n\t\t\t\t\t<\/div>\n\t\t<\/div>\n\t\t\t\t<div class=\"elementor-column elementor-col-50 elementor-top-column elementor-element elementor-element-18d7fbc\" data-id=\"18d7fbc\" data-element_type=\"column\" data-e-type=\"column\">\n\t\t\t<div class=\"elementor-widget-wrap elementor-element-populated\">\n\t\t\t\t\t\t<div class=\"elementor-element elementor-element-b4c149e elementor-widget elementor-widget-text-editor\" data-id=\"b4c149e\" data-element_type=\"widget\" data-e-type=\"widget\" data-widget_type=\"text-editor.default\">\n\t\t\t\t<div class=\"elementor-widget-container\">\n\t\t\t\t\t\t\t\t\t<p><strong>El plazo de inscripci\u00f3n est\u00e1 abierto.<\/strong><\/p><p>La inscripci\u00f3n incluye acceso a charlas y mesas redondas, pausas caf\u00e9 y almuerzos, as\u00ed como visitas guiadas en todas las sedes.<\/p>\t\t\t\t\t\t\t\t<\/div>\n\t\t\t\t<\/div>\n\t\t\t\t<div class=\"elementor-element elementor-element-714483a elementor-align-left elementor-widget elementor-widget-button\" data-id=\"714483a\" data-element_type=\"widget\" data-e-type=\"widget\" data-widget_type=\"button.default\">\n\t\t\t\t<div class=\"elementor-widget-container\">\n\t\t\t\t\t\t\t\t\t<div class=\"elementor-button-wrapper\">\n\t\t\t\t\t<a class=\"elementor-button elementor-button-link elementor-size-sm\" href=\"https:\/\/forms.office.com\/pages\/responsepage.aspx?id=o3TqBcWSMUyXipJcPHmc0FEqFVXyFGdPosaVX8F7E7FUMUlDS1A5V0k2N05XWVRXWEdXSVUzVDRJUi4u&#038;route=shorturl\">\n\t\t\t\t\t\t<span class=\"elementor-button-content-wrapper\">\n\t\t\t\t\t\t\t\t\t<span class=\"elementor-button-text\">Inscripci\u00f3n de empresas e instituciones <\/span>\n\t\t\t\t\t<\/span>\n\t\t\t\t\t<\/a>\n\t\t\t\t<\/div>\n\t\t\t\t\t\t\t\t<\/div>\n\t\t\t\t<\/div>\n\t\t\t\t<div class=\"elementor-element elementor-element-1aad236 elementor-align-left elementor-widget elementor-widget-button\" data-id=\"1aad236\" data-element_type=\"widget\" data-e-type=\"widget\" data-widget_type=\"button.default\">\n\t\t\t\t<div class=\"elementor-widget-container\">\n\t\t\t\t\t\t\t\t\t<div class=\"elementor-button-wrapper\">\n\t\t\t\t\t<a class=\"elementor-button elementor-button-link elementor-size-sm\" href=\"https:\/\/forms.cloud.microsoft\/e\/VDfsMYyzdx\">\n\t\t\t\t\t\t<span class=\"elementor-button-content-wrapper\">\n\t\t\t\t\t\t\t\t\t<span class=\"elementor-button-text\">Inscripci\u00f3n de investigadores (sin presentaci\u00f3n)  de la Universidad de Oviedo<\/span>\n\t\t\t\t\t<\/span>\n\t\t\t\t\t<\/a>\n\t\t\t\t<\/div>\n\t\t\t\t\t\t\t\t<\/div>\n\t\t\t\t<\/div>\n\t\t\t\t<div class=\"elementor-element elementor-element-71143e7 elementor-align-left elementor-widget elementor-widget-button\" data-id=\"71143e7\" data-element_type=\"widget\" data-e-type=\"widget\" data-widget_type=\"button.default\">\n\t\t\t\t<div class=\"elementor-widget-container\">\n\t\t\t\t\t\t\t\t\t<div class=\"elementor-button-wrapper\">\n\t\t\t\t\t<a class=\"elementor-button elementor-button-link elementor-size-sm\" href=\"https:\/\/forms.office.com\/Pages\/DesignPageV2.aspx?subpage=design&#038;FormId=o3TqBcWSMUyXipJcPHmc0FEqFVXyFGdPosaVX8F7E7FUM1Q0TEVPWUlLN0tFOVBKVURHTzBMWVlJVy4u\">\n\t\t\t\t\t\t<span class=\"elementor-button-content-wrapper\">\n\t\t\t\t\t\t\t\t\t<span class=\"elementor-button-text\">Inscripci\u00f3n de investigadores (con presentaci\u00f3n) de la Universidad de Oviedo (CERRADA)<\/span>\n\t\t\t\t\t<\/span>\n\t\t\t\t\t<\/a>\n\t\t\t\t<\/div>\n\t\t\t\t\t\t\t\t<\/div>\n\t\t\t\t<\/div>\n\t\t\t\t<div class=\"elementor-element elementor-element-1423f42 elementor-widget elementor-widget-text-editor\" data-id=\"1423f42\" data-element_type=\"widget\" data-e-type=\"widget\" data-widget_type=\"text-editor.default\">\n\t\t\t\t<div class=\"elementor-widget-container\">\n\t\t\t\t\t\t\t\t\t<p><b>Evento\u00a0<u>gratuito<\/u><\/b><span style=\"font-weight: bold;\">.<\/span><\/p>\t\t\t\t\t\t\t\t<\/div>\n\t\t\t\t<\/div>\n\t\t\t\t\t<\/div>\n\t\t<\/div>\n\t\t\t\t\t<\/div>\n\t\t<\/section>\n\t\t<div class=\"elementor-element elementor-element-0c4e6d0 e-con-full e-flex e-con e-parent\" data-id=\"0c4e6d0\" data-element_type=\"container\" data-e-type=\"container\" data-settings=\"{&quot;background_background&quot;:&quot;classic&quot;}\">\n\t\t<div class=\"elementor-element elementor-element-ab7692d e-grid e-con-boxed e-con e-child\" data-id=\"ab7692d\" data-element_type=\"container\" data-e-type=\"container\" data-settings=\"{&quot;background_background&quot;:&quot;classic&quot;}\">\n\t\t\t\t\t<div class=\"e-con-inner\">\n\t\t\t\t<div class=\"elementor-element elementor-element-2b28759 elementor-position-inline-start elementor-view-default elementor-mobile-position-block-start elementor-widget elementor-widget-icon-box\" data-id=\"2b28759\" data-element_type=\"widget\" data-e-type=\"widget\" data-widget_type=\"icon-box.default\">\n\t\t\t\t<div class=\"elementor-widget-container\">\n\t\t\t\t\t\t\t<div class=\"elementor-icon-box-wrapper\">\n\n\t\t\t\t\t\t<div class=\"elementor-icon-box-icon\">\n\t\t\t\t<a href=\"https:\/\/www.unioviedo.es\/Transferencia2026\/wp-content\/uploads\/2026\/01\/Programa-Semana-de-la-Transferencia-2026.pdf\" class=\"elementor-icon\" tabindex=\"-1\" aria-label=\"Programa\">\n\t\t\t\t<svg aria-hidden=\"true\" class=\"e-font-icon-svg e-far-calendar-alt\" viewBox=\"0 0 448 512\" xmlns=\"http:\/\/www.w3.org\/2000\/svg\"><path d=\"M148 288h-40c-6.6 0-12-5.4-12-12v-40c0-6.6 5.4-12 12-12h40c6.6 0 12 5.4 12 12v40c0 6.6-5.4 12-12 12zm108-12v-40c0-6.6-5.4-12-12-12h-40c-6.6 0-12 5.4-12 12v40c0 6.6 5.4 12 12 12h40c6.6 0 12-5.4 12-12zm96 0v-40c0-6.6-5.4-12-12-12h-40c-6.6 0-12 5.4-12 12v40c0 6.6 5.4 12 12 12h40c6.6 0 12-5.4 12-12zm-96 96v-40c0-6.6-5.4-12-12-12h-40c-6.6 0-12 5.4-12 12v40c0 6.6 5.4 12 12 12h40c6.6 0 12-5.4 12-12zm-96 0v-40c0-6.6-5.4-12-12-12h-40c-6.6 0-12 5.4-12 12v40c0 6.6 5.4 12 12 12h40c6.6 0 12-5.4 12-12zm192 0v-40c0-6.6-5.4-12-12-12h-40c-6.6 0-12 5.4-12 12v40c0 6.6 5.4 12 12 12h40c6.6 0 12-5.4 12-12zm96-260v352c0 26.5-21.5 48-48 48H48c-26.5 0-48-21.5-48-48V112c0-26.5 21.5-48 48-48h48V12c0-6.6 5.4-12 12-12h40c6.6 0 12 5.4 12 12v52h128V12c0-6.6 5.4-12 12-12h40c6.6 0 12 5.4 12 12v52h48c26.5 0 48 21.5 48 48zm-48 346V160H48v298c0 3.3 2.7 6 6 6h340c3.3 0 6-2.7 6-6z\"><\/path><\/svg>\t\t\t\t<\/a>\n\t\t\t<\/div>\n\t\t\t\n\t\t\t\t\t\t<div class=\"elementor-icon-box-content\">\n\n\t\t\t\t\t\t\t\t\t<h3 class=\"elementor-icon-box-title\">\n\t\t\t\t\t\t<a href=\"https:\/\/www.unioviedo.es\/Transferencia2026\/wp-content\/uploads\/2026\/01\/Programa-Semana-de-la-Transferencia-2026.pdf\" >\n\t\t\t\t\t\t\tPrograma\t\t\t\t\t\t<\/a>\n\t\t\t\t\t<\/h3>\n\t\t\t\t\n\t\t\t\t\n\t\t\t<\/div>\n\t\t\t\n\t\t<\/div>\n\t\t\t\t\t\t<\/div>\n\t\t\t\t<\/div>\n\t\t\t\t<div class=\"elementor-element elementor-element-5a0e7db elementor-position-inline-start elementor-view-default elementor-mobile-position-block-start elementor-widget elementor-widget-icon-box\" data-id=\"5a0e7db\" data-element_type=\"widget\" data-e-type=\"widget\" data-widget_type=\"icon-box.default\">\n\t\t\t\t<div class=\"elementor-widget-container\">\n\t\t\t\t\t\t\t<div class=\"elementor-icon-box-wrapper\">\n\n\t\t\t\t\t\t<div class=\"elementor-icon-box-icon\">\n\t\t\t\t<a href=\"https:\/\/www.unioviedo.es\/Transferencia2026\/index.php\/localizaciones-st2026\/\" class=\"elementor-icon\" tabindex=\"-1\" aria-label=\"Consulta localizaciones\">\n\t\t\t\t<svg aria-hidden=\"true\" class=\"e-font-icon-svg e-fas-map-marker-alt\" viewBox=\"0 0 384 512\" xmlns=\"http:\/\/www.w3.org\/2000\/svg\"><path d=\"M172.268 501.67C26.97 291.031 0 269.413 0 192 0 85.961 85.961 0 192 0s192 85.961 192 192c0 77.413-26.97 99.031-172.268 309.67-9.535 13.774-29.93 13.773-39.464 0zM192 272c44.183 0 80-35.817 80-80s-35.817-80-80-80-80 35.817-80 80 35.817 80 80 80z\"><\/path><\/svg>\t\t\t\t<\/a>\n\t\t\t<\/div>\n\t\t\t\n\t\t\t\t\t\t<div class=\"elementor-icon-box-content\">\n\n\t\t\t\t\t\t\t\t\t<h3 class=\"elementor-icon-box-title\">\n\t\t\t\t\t\t<a href=\"https:\/\/www.unioviedo.es\/Transferencia2026\/index.php\/localizaciones-st2026\/\" >\n\t\t\t\t\t\t\tConsulta localizaciones\t\t\t\t\t\t<\/a>\n\t\t\t\t\t<\/h3>\n\t\t\t\t\n\t\t\t\t\n\t\t\t<\/div>\n\t\t\t\n\t\t<\/div>\n\t\t\t\t\t\t<\/div>\n\t\t\t\t<\/div>\n\t\t\t\t<div class=\"elementor-element elementor-element-677aa22 elementor-position-inline-start elementor-view-default elementor-mobile-position-block-start elementor-widget elementor-widget-icon-box\" data-id=\"677aa22\" data-element_type=\"widget\" data-e-type=\"widget\" data-widget_type=\"icon-box.default\">\n\t\t\t\t<div class=\"elementor-widget-container\">\n\t\t\t\t\t\t\t<div class=\"elementor-icon-box-wrapper\">\n\n\t\t\t\t\t\t<div class=\"elementor-icon-box-icon\">\n\t\t\t\t<a href=\"https:\/\/www.unioviedo.es\/Transferencia2026\/index.php\/inscripcion-st2026\/\" class=\"elementor-icon\" tabindex=\"-1\" aria-label=\"Formularios&lt;br&gt;de inscripci\u00f3n\">\n\t\t\t\t<svg aria-hidden=\"true\" class=\"e-font-icon-svg e-fas-pencil-alt\" viewBox=\"0 0 512 512\" xmlns=\"http:\/\/www.w3.org\/2000\/svg\"><path d=\"M497.9 142.1l-46.1 46.1c-4.7 4.7-12.3 4.7-17 0l-111-111c-4.7-4.7-4.7-12.3 0-17l46.1-46.1c18.7-18.7 49.1-18.7 67.9 0l60.1 60.1c18.8 18.7 18.8 49.1 0 67.9zM284.2 99.8L21.6 362.4.4 483.9c-2.9 16.4 11.4 30.6 27.8 27.8l121.5-21.3 262.6-262.6c4.7-4.7 4.7-12.3 0-17l-111-111c-4.8-4.7-12.4-4.7-17.1 0zM124.1 339.9c-5.5-5.5-5.5-14.3 0-19.8l154-154c5.5-5.5 14.3-5.5 19.8 0s5.5 14.3 0 19.8l-154 154c-5.5 5.5-14.3 5.5-19.8 0zM88 424h48v36.3l-64.5 11.3-31.1-31.1L51.7 376H88v48z\"><\/path><\/svg>\t\t\t\t<\/a>\n\t\t\t<\/div>\n\t\t\t\n\t\t\t\t\t\t<div class=\"elementor-icon-box-content\">\n\n\t\t\t\t\t\t\t\t\t<h3 class=\"elementor-icon-box-title\">\n\t\t\t\t\t\t<a href=\"https:\/\/www.unioviedo.es\/Transferencia2026\/index.php\/inscripcion-st2026\/\" >\n\t\t\t\t\t\t\tFormularios<br>de inscripci\u00f3n\t\t\t\t\t\t<\/a>\n\t\t\t\t\t<\/h3>\n\t\t\t\t\n\t\t\t\t\n\t\t\t<\/div>\n\t\t\t\n\t\t<\/div>\n\t\t\t\t\t\t<\/div>\n\t\t\t\t<\/div>\n\t\t\t\t\t<\/div>\n\t\t\t\t<\/div>\n\t\t\t\t<\/div>\n\t\t\t\t<\/div>\n\t\t","protected":false},"excerpt":{"rendered":"<p>Inscripciones \u00bfC\u00f3mo participar? El plazo de inscripci\u00f3n est\u00e1 abierto. La inscripci\u00f3n incluye acceso a charlas y mesas redondas, pausas caf\u00e9 y almuerzos, as\u00ed como visitas guiadas en todas las sedes. Inscripci\u00f3n de empresas e instituciones Inscripci\u00f3n de investigadores (sin presentaci\u00f3n) de la Universidad de Oviedo Inscripci\u00f3n de investigadores (con presentaci\u00f3n) de la Universidad de Oviedo [&hellip;]<\/p>\n","protected":false},"author":1,"featured_media":0,"parent":0,"menu_order":0,"comment_status":"closed","ping_status":"closed","template":"elementor_header_footer","meta":{"footnotes":""},"class_list":["post-1063","page","type-page","status-publish","hentry"],"yoast_head":"<!-- This site is optimized with the Yoast SEO plugin v27.3 - https:\/\/yoast.com\/product\/yoast-seo-wordpress\/ -->\n<title>Inscripci\u00f3n - La Semana de Transferencia<\/title>\n<meta name=\"robots\" content=\"index, follow, max-snippet:-1, max-image-preview:large, max-video-preview:-1\" \/>\n<link rel=\"canonical\" href=\"https:\/\/www.unioviedo.es\/Transferencia2026\/index.php\/inscripcion-st2026\/\" \/>\n<meta property=\"og:locale\" content=\"es_ES\" \/>\n<meta property=\"og:type\" content=\"article\" \/>\n<meta property=\"og:title\" content=\"Inscripci\u00f3n - La Semana de Transferencia\" \/>\n<meta property=\"og:description\" content=\"Inscripciones \u00bfC\u00f3mo participar? El plazo de inscripci\u00f3n est\u00e1 abierto. La inscripci\u00f3n incluye acceso a charlas y mesas redondas, pausas caf\u00e9 y almuerzos, as\u00ed como visitas guiadas en todas las sedes. Inscripci\u00f3n de empresas e instituciones Inscripci\u00f3n de investigadores (sin presentaci\u00f3n) de la Universidad de Oviedo Inscripci\u00f3n de investigadores (con presentaci\u00f3n) de la Universidad de Oviedo [&hellip;]\" \/>\n<meta property=\"og:url\" content=\"https:\/\/www.unioviedo.es\/Transferencia2026\/index.php\/inscripcion-st2026\/\" \/>\n<meta property=\"og:site_name\" content=\"La Semana de Transferencia\" \/>\n<meta property=\"article:modified_time\" content=\"2026-01-18T11:42:01+00:00\" \/>\n<meta property=\"og:image\" content=\"https:\/\/www.unioviedo.es\/Transferencia2026\/wp-content\/uploads\/2025\/12\/2025-03-12-OTC-01-identidad-digital-uniovi-2023-negro-04.png\" \/>\n\t<meta property=\"og:image:width\" content=\"1080\" \/>\n\t<meta property=\"og:image:height\" content=\"1080\" \/>\n\t<meta property=\"og:image:type\" content=\"image\/png\" \/>\n<meta name=\"twitter:card\" content=\"summary_large_image\" \/>\n<meta name=\"twitter:label1\" content=\"Tiempo de lectura\" \/>\n\t<meta name=\"twitter:data1\" content=\"1 minuto\" \/>\n<script type=\"application\/ld+json\" class=\"yoast-schema-graph\">{\"@context\":\"https:\\\/\\\/schema.org\",\"@graph\":[{\"@type\":\"WebPage\",\"@id\":\"https:\\\/\\\/www.unioviedo.es\\\/Transferencia2026\\\/index.php\\\/inscripcion-st2026\\\/\",\"url\":\"https:\\\/\\\/www.unioviedo.es\\\/Transferencia2026\\\/index.php\\\/inscripcion-st2026\\\/\",\"name\":\"Inscripci\u00f3n - La Semana de Transferencia\",\"isPartOf\":{\"@id\":\"https:\\\/\\\/www.unioviedo.es\\\/Transferencia2026\\\/#website\"},\"primaryImageOfPage\":{\"@id\":\"https:\\\/\\\/www.unioviedo.es\\\/Transferencia2026\\\/index.php\\\/inscripcion-st2026\\\/#primaryimage\"},\"image\":{\"@id\":\"https:\\\/\\\/www.unioviedo.es\\\/Transferencia2026\\\/index.php\\\/inscripcion-st2026\\\/#primaryimage\"},\"thumbnailUrl\":\"https:\\\/\\\/www.unioviedo.es\\\/Transferencia2026\\\/wp-content\\\/uploads\\\/2025\\\/12\\\/2025-03-12-OTC-01-identidad-digital-uniovi-2023-negro-04-150x150.png\",\"datePublished\":\"2025-12-11T12:35:10+00:00\",\"dateModified\":\"2026-01-18T11:42:01+00:00\",\"breadcrumb\":{\"@id\":\"https:\\\/\\\/www.unioviedo.es\\\/Transferencia2026\\\/index.php\\\/inscripcion-st2026\\\/#breadcrumb\"},\"inLanguage\":\"es\",\"potentialAction\":[{\"@type\":\"ReadAction\",\"target\":[\"https:\\\/\\\/www.unioviedo.es\\\/Transferencia2026\\\/index.php\\\/inscripcion-st2026\\\/\"]}]},{\"@type\":\"ImageObject\",\"inLanguage\":\"es\",\"@id\":\"https:\\\/\\\/www.unioviedo.es\\\/Transferencia2026\\\/index.php\\\/inscripcion-st2026\\\/#primaryimage\",\"url\":\"https:\\\/\\\/www.unioviedo.es\\\/Transferencia2026\\\/wp-content\\\/uploads\\\/2025\\\/12\\\/2025-03-12-OTC-01-identidad-digital-uniovi-2023-negro-04.png\",\"contentUrl\":\"https:\\\/\\\/www.unioviedo.es\\\/Transferencia2026\\\/wp-content\\\/uploads\\\/2025\\\/12\\\/2025-03-12-OTC-01-identidad-digital-uniovi-2023-negro-04.png\",\"width\":1080,\"height\":1080},{\"@type\":\"BreadcrumbList\",\"@id\":\"https:\\\/\\\/www.unioviedo.es\\\/Transferencia2026\\\/index.php\\\/inscripcion-st2026\\\/#breadcrumb\",\"itemListElement\":[{\"@type\":\"ListItem\",\"position\":1,\"name\":\"Portada\",\"item\":\"https:\\\/\\\/www.unioviedo.es\\\/Transferencia2026\\\/\"},{\"@type\":\"ListItem\",\"position\":2,\"name\":\"Inscripci\u00f3n\"}]},{\"@type\":\"WebSite\",\"@id\":\"https:\\\/\\\/www.unioviedo.es\\\/Transferencia2026\\\/#website\",\"url\":\"https:\\\/\\\/www.unioviedo.es\\\/Transferencia2026\\\/\",\"name\":\"La Semana de Transferencia\",\"description\":\"\",\"potentialAction\":[{\"@type\":\"SearchAction\",\"target\":{\"@type\":\"EntryPoint\",\"urlTemplate\":\"https:\\\/\\\/www.unioviedo.es\\\/Transferencia2026\\\/?s={search_term_string}\"},\"query-input\":{\"@type\":\"PropertyValueSpecification\",\"valueRequired\":true,\"valueName\":\"search_term_string\"}}],\"inLanguage\":\"es\"}]}<\/script>\n<!-- \/ Yoast SEO plugin. -->","yoast_head_json":{"title":"Inscripci\u00f3n - La Semana de Transferencia","robots":{"index":"index","follow":"follow","max-snippet":"max-snippet:-1","max-image-preview":"max-image-preview:large","max-video-preview":"max-video-preview:-1"},"canonical":"https:\/\/www.unioviedo.es\/Transferencia2026\/index.php\/inscripcion-st2026\/","og_locale":"es_ES","og_type":"article","og_title":"Inscripci\u00f3n - La Semana de Transferencia","og_description":"Inscripciones \u00bfC\u00f3mo participar? El plazo de inscripci\u00f3n est\u00e1 abierto. La inscripci\u00f3n incluye acceso a charlas y mesas redondas, pausas caf\u00e9 y almuerzos, as\u00ed como visitas guiadas en todas las sedes. Inscripci\u00f3n de empresas e instituciones Inscripci\u00f3n de investigadores (sin presentaci\u00f3n) de la Universidad de Oviedo Inscripci\u00f3n de investigadores (con presentaci\u00f3n) de la Universidad de Oviedo [&hellip;]","og_url":"https:\/\/www.unioviedo.es\/Transferencia2026\/index.php\/inscripcion-st2026\/","og_site_name":"La Semana de Transferencia","article_modified_time":"2026-01-18T11:42:01+00:00","og_image":[{"width":1080,"height":1080,"url":"https:\/\/www.unioviedo.es\/Transferencia2026\/wp-content\/uploads\/2025\/12\/2025-03-12-OTC-01-identidad-digital-uniovi-2023-negro-04.png","type":"image\/png"}],"twitter_card":"summary_large_image","twitter_misc":{"Tiempo de lectura":"1 minuto"},"schema":{"@context":"https:\/\/schema.org","@graph":[{"@type":"WebPage","@id":"https:\/\/www.unioviedo.es\/Transferencia2026\/index.php\/inscripcion-st2026\/","url":"https:\/\/www.unioviedo.es\/Transferencia2026\/index.php\/inscripcion-st2026\/","name":"Inscripci\u00f3n - La Semana de Transferencia","isPartOf":{"@id":"https:\/\/www.unioviedo.es\/Transferencia2026\/#website"},"primaryImageOfPage":{"@id":"https:\/\/www.unioviedo.es\/Transferencia2026\/index.php\/inscripcion-st2026\/#primaryimage"},"image":{"@id":"https:\/\/www.unioviedo.es\/Transferencia2026\/index.php\/inscripcion-st2026\/#primaryimage"},"thumbnailUrl":"https:\/\/www.unioviedo.es\/Transferencia2026\/wp-content\/uploads\/2025\/12\/2025-03-12-OTC-01-identidad-digital-uniovi-2023-negro-04-150x150.png","datePublished":"2025-12-11T12:35:10+00:00","dateModified":"2026-01-18T11:42:01+00:00","breadcrumb":{"@id":"https:\/\/www.unioviedo.es\/Transferencia2026\/index.php\/inscripcion-st2026\/#breadcrumb"},"inLanguage":"es","potentialAction":[{"@type":"ReadAction","target":["https:\/\/www.unioviedo.es\/Transferencia2026\/index.php\/inscripcion-st2026\/"]}]},{"@type":"ImageObject","inLanguage":"es","@id":"https:\/\/www.unioviedo.es\/Transferencia2026\/index.php\/inscripcion-st2026\/#primaryimage","url":"https:\/\/www.unioviedo.es\/Transferencia2026\/wp-content\/uploads\/2025\/12\/2025-03-12-OTC-01-identidad-digital-uniovi-2023-negro-04.png","contentUrl":"https:\/\/www.unioviedo.es\/Transferencia2026\/wp-content\/uploads\/2025\/12\/2025-03-12-OTC-01-identidad-digital-uniovi-2023-negro-04.png","width":1080,"height":1080},{"@type":"BreadcrumbList","@id":"https:\/\/www.unioviedo.es\/Transferencia2026\/index.php\/inscripcion-st2026\/#breadcrumb","itemListElement":[{"@type":"ListItem","position":1,"name":"Portada","item":"https:\/\/www.unioviedo.es\/Transferencia2026\/"},{"@type":"ListItem","position":2,"name":"Inscripci\u00f3n"}]},{"@type":"WebSite","@id":"https:\/\/www.unioviedo.es\/Transferencia2026\/#website","url":"https:\/\/www.unioviedo.es\/Transferencia2026\/","name":"La Semana de Transferencia","description":"","potentialAction":[{"@type":"SearchAction","target":{"@type":"EntryPoint","urlTemplate":"https:\/\/www.unioviedo.es\/Transferencia2026\/?s={search_term_string}"},"query-input":{"@type":"PropertyValueSpecification","valueRequired":true,"valueName":"search_term_string"}}],"inLanguage":"es"}]}},"_links":{"self":[{"href":"https:\/\/www.unioviedo.es\/Transferencia2026\/index.php\/wp-json\/wp\/v2\/pages\/1063","targetHints":{"allow":["GET"]}}],"collection":[{"href":"https:\/\/www.unioviedo.es\/Transferencia2026\/index.php\/wp-json\/wp\/v2\/pages"}],"about":[{"href":"https:\/\/www.unioviedo.es\/Transferencia2026\/index.php\/wp-json\/wp\/v2\/types\/page"}],"author":[{"embeddable":true,"href":"https:\/\/www.unioviedo.es\/Transferencia2026\/index.php\/wp-json\/wp\/v2\/users\/1"}],"replies":[{"embeddable":true,"href":"https:\/\/www.unioviedo.es\/Transferencia2026\/index.php\/wp-json\/wp\/v2\/comments?post=1063"}],"version-history":[{"count":53,"href":"https:\/\/www.unioviedo.es\/Transferencia2026\/index.php\/wp-json\/wp\/v2\/pages\/1063\/revisions"}],"predecessor-version":[{"id":1697,"href":"https:\/\/www.unioviedo.es\/Transferencia2026\/index.php\/wp-json\/wp\/v2\/pages\/1063\/revisions\/1697"}],"wp:attachment":[{"href":"https:\/\/www.unioviedo.es\/Transferencia2026\/index.php\/wp-json\/wp\/v2\/media?parent=1063"}],"curies":[{"name":"wp","href":"https:\/\/api.w.org\/{rel}","templated":true}]}}