{"id":1101,"date":"2020-03-01T20:00:06","date_gmt":"2020-03-01T19:00:06","guid":{"rendered":"https:\/\/www.unioviedo.es\/aei\/?page_id=1101"},"modified":"2022-03-26T13:54:38","modified_gmt":"2022-03-26T12:54:38","slug":"universidad-de-oviedo","status":"publish","type":"page","link":"https:\/\/www.unioviedo.es\/aei\/universidad-de-oviedo\/","title":{"rendered":"Universidad de Oviedo"},"content":{"rendered":"\n<p><a href=\"https:\/\/www.unioviedo.es\/aei\/patrimonio-educativo-y-cultural\/\">Patrimonio educativo\/cultural<\/a> > <a href=\"https:\/\/www.unioviedo.es\/aei\/universidad-de-oviedo\/\">Universidad de Oviedo. Espa\u00f1a<\/a><\/p>\n\n\n\n<p><strong>Inmersi\u00f3n en el Contexto Social y Cultural<\/strong><\/p>\n\n\n\n<p>Los estudiantes de PUMUO han participado en el proyecto acogiendo a los investigadores y ofreci\u00e9ndoles un programa l\u00fadico cultural que ellos mismos organizaron. En Oviedo, los recibieron con gaitas y sidra. Nos explicaron lo mucho que significa el programa en las vidas de muchas personas y nos ofrecieron un concierto del coro de PUMUO.<\/p>\n\n\n\n<figure class=\"wp-block-gallery columns-2 is-cropped wp-block-gallery-1 is-layout-flex wp-block-gallery-is-layout-flex\"><ul class=\"blocks-gallery-grid\"><li class=\"blocks-gallery-item\"><figure><img loading=\"lazy\" decoding=\"async\" width=\"857\" height=\"1024\" src=\"https:\/\/www.unioviedo.es\/aei\/wp-content\/uploads\/2020\/04\/patrimonio_ov_01-857x1024.jpg\" alt=\"Muestra de tradiciones asturianas\" data-id=\"1326\" data-link=\"https:\/\/www.unioviedo.es\/aei\/universidad-de-oviedo\/patrimonio_ov_01\/\" class=\"wp-image-1326\" srcset=\"https:\/\/www.unioviedo.es\/aei\/wp-content\/uploads\/2020\/04\/patrimonio_ov_01-857x1024.jpg 857w, https:\/\/www.unioviedo.es\/aei\/wp-content\/uploads\/2020\/04\/patrimonio_ov_01-251x300.jpg 251w, https:\/\/www.unioviedo.es\/aei\/wp-content\/uploads\/2020\/04\/patrimonio_ov_01-768x918.jpg 768w, https:\/\/www.unioviedo.es\/aei\/wp-content\/uploads\/2020\/04\/patrimonio_ov_01.jpg 1024w\" sizes=\"auto, (max-width: 857px) 100vw, 857px\" \/><figcaption class=\"blocks-gallery-item__caption\">Muestra de tradiciones asturianas<\/figcaption><\/figure><\/li><li class=\"blocks-gallery-item\"><figure><img loading=\"lazy\" decoding=\"async\" width=\"1024\" height=\"627\" src=\"https:\/\/www.unioviedo.es\/aei\/wp-content\/uploads\/2020\/04\/patrimonio_ov_02-1024x627.jpg\" alt=\"Intercambio de experiencias en programa PUMUO\" data-id=\"1327\" data-link=\"https:\/\/www.unioviedo.es\/aei\/universidad-de-oviedo\/patrimonio_ov_02\/\" class=\"wp-image-1327\" srcset=\"https:\/\/www.unioviedo.es\/aei\/wp-content\/uploads\/2020\/04\/patrimonio_ov_02.jpg 1024w, https:\/\/www.unioviedo.es\/aei\/wp-content\/uploads\/2020\/04\/patrimonio_ov_02-300x184.jpg 300w, https:\/\/www.unioviedo.es\/aei\/wp-content\/uploads\/2020\/04\/patrimonio_ov_02-768x470.jpg 768w\" sizes=\"auto, (max-width: 1024px) 100vw, 1024px\" \/><figcaption class=\"blocks-gallery-item__caption\">Intercambio de experiencias en el programa PUMUO<\/figcaption><\/figure><\/li><\/ul><\/figure>\n\n\n\n<p>En Avil\u00e9s organizaron una vista guiada y compartieron un almuerzo en una sidrer\u00eda en la que tambi\u00e9n participaron autoridades municipales.<\/p>\n\n\n\n<figure class=\"wp-block-gallery columns-2 is-cropped wp-block-gallery-2 is-layout-flex wp-block-gallery-is-layout-flex\"><ul class=\"blocks-gallery-grid\"><li class=\"blocks-gallery-item\"><figure><img loading=\"lazy\" decoding=\"async\" width=\"1024\" height=\"768\" src=\"https:\/\/www.unioviedo.es\/aei\/wp-content\/uploads\/2020\/03\/Oviedo_visita_02-1024x768.jpg\" alt=\"\" data-id=\"1184\" data-link=\"https:\/\/www.unioviedo.es\/aei\/universidad-de-oviedo\/oviedo_visita_02\/\" class=\"wp-image-1184\" srcset=\"https:\/\/www.unioviedo.es\/aei\/wp-content\/uploads\/2020\/03\/Oviedo_visita_02.jpg 1024w, https:\/\/www.unioviedo.es\/aei\/wp-content\/uploads\/2020\/03\/Oviedo_visita_02-300x225.jpg 300w, https:\/\/www.unioviedo.es\/aei\/wp-content\/uploads\/2020\/03\/Oviedo_visita_02-768x576.jpg 768w\" sizes=\"auto, (max-width: 1024px) 100vw, 1024px\" \/><figcaption class=\"blocks-gallery-item__caption\">Visita guiada a Avil\u00e9s<\/figcaption><\/figure><\/li><li class=\"blocks-gallery-item\"><figure><img loading=\"lazy\" decoding=\"async\" width=\"1024\" height=\"768\" src=\"https:\/\/www.unioviedo.es\/aei\/wp-content\/uploads\/2020\/03\/Oviedo_visita_01-1024x768.jpg\" alt=\"\" data-id=\"1183\" data-link=\"https:\/\/www.unioviedo.es\/aei\/universidad-de-oviedo\/oviedo_visita_01\/\" class=\"wp-image-1183\" srcset=\"https:\/\/www.unioviedo.es\/aei\/wp-content\/uploads\/2020\/03\/Oviedo_visita_01.jpg 1024w, https:\/\/www.unioviedo.es\/aei\/wp-content\/uploads\/2020\/03\/Oviedo_visita_01-300x225.jpg 300w, https:\/\/www.unioviedo.es\/aei\/wp-content\/uploads\/2020\/03\/Oviedo_visita_01-768x576.jpg 768w\" sizes=\"auto, (max-width: 1024px) 100vw, 1024px\" \/><figcaption class=\"blocks-gallery-item__caption\">Visita guiada a Avil\u00e9s<\/figcaption><\/figure><\/li><li class=\"blocks-gallery-item\"><figure><img loading=\"lazy\" decoding=\"async\" width=\"1024\" height=\"768\" src=\"https:\/\/www.unioviedo.es\/aei\/wp-content\/uploads\/2020\/03\/Oviedo_visita_03-1024x768.jpg\" alt=\"\" data-id=\"1185\" data-link=\"https:\/\/www.unioviedo.es\/aei\/universidad-de-oviedo\/oviedo_visita_03\/\" class=\"wp-image-1185\" srcset=\"https:\/\/www.unioviedo.es\/aei\/wp-content\/uploads\/2020\/03\/Oviedo_visita_03.jpg 1024w, https:\/\/www.unioviedo.es\/aei\/wp-content\/uploads\/2020\/03\/Oviedo_visita_03-300x225.jpg 300w, https:\/\/www.unioviedo.es\/aei\/wp-content\/uploads\/2020\/03\/Oviedo_visita_03-768x576.jpg 768w\" sizes=\"auto, (max-width: 1024px) 100vw, 1024px\" \/><figcaption class=\"blocks-gallery-item__caption\">Comida de confraternizaci\u00f3n con los alumnos del programa PUMUO<\/figcaption><\/figure><\/li><\/ul><\/figure>\n\n\n\n<p>Los alumnos abren sus  actividades al p\u00fablico en general. As\u00ed dan a conocer el  programa a otras personas y se facilita un buen clima entre los  participantes. En un c\u00e9ntrico bar de Gij\u00f3n han organizado dos peque\u00f1as charlas de sus profesores que hablar\u00e1n sobre su investigaci\u00f3n. Adem\u00e1s, para favorecer un buen ambiente act\u00faa un coro (un ochote) que interpreta canciones populares asturianas.<\/p>\n\n\n\n<figure class=\"wp-block-gallery columns-1 is-cropped wp-block-gallery-3 is-layout-flex wp-block-gallery-is-layout-flex\"><ul class=\"blocks-gallery-grid\"><li class=\"blocks-gallery-item\"><figure><img loading=\"lazy\" decoding=\"async\" width=\"1024\" height=\"576\" src=\"https:\/\/www.unioviedo.es\/aei\/wp-content\/uploads\/2020\/03\/cultura_03-1024x576.jpg\" alt=\"Coro asturioano\" data-id=\"1177\" data-link=\"https:\/\/www.unioviedo.es\/aei\/universidad-de-oviedo\/cultura_03\/\" class=\"wp-image-1177\" srcset=\"https:\/\/www.unioviedo.es\/aei\/wp-content\/uploads\/2020\/03\/cultura_03.jpg 1024w, https:\/\/www.unioviedo.es\/aei\/wp-content\/uploads\/2020\/03\/cultura_03-300x169.jpg 300w, https:\/\/www.unioviedo.es\/aei\/wp-content\/uploads\/2020\/03\/cultura_03-768x432.jpg 768w\" sizes=\"auto, (max-width: 1024px) 100vw, 1024px\" \/><figcaption class=\"blocks-gallery-item__caption\">Coro asturiano cantando en Gij\u00f3n para los participantes del Proyecto<\/figcaption><\/figure><\/li><li class=\"blocks-gallery-item\"><figure><img loading=\"lazy\" decoding=\"async\" width=\"1024\" height=\"576\" src=\"https:\/\/www.unioviedo.es\/aei\/wp-content\/uploads\/2020\/04\/patrimonio_ov_03-1024x576.jpg\" alt=\"Actuaci\u00f3n del coro asturiano\" data-id=\"1328\" data-link=\"https:\/\/www.unioviedo.es\/aei\/universidad-de-oviedo\/patrimonio_ov_03\/\" class=\"wp-image-1328\" srcset=\"https:\/\/www.unioviedo.es\/aei\/wp-content\/uploads\/2020\/04\/patrimonio_ov_03.jpg 1024w, https:\/\/www.unioviedo.es\/aei\/wp-content\/uploads\/2020\/04\/patrimonio_ov_03-300x169.jpg 300w, https:\/\/www.unioviedo.es\/aei\/wp-content\/uploads\/2020\/04\/patrimonio_ov_03-768x432.jpg 768w\" sizes=\"auto, (max-width: 1024px) 100vw, 1024px\" \/><figcaption class=\"blocks-gallery-item__caption\">P\u00fablico en la actuaci\u00f3n del coro asturiano<\/figcaption><\/figure><\/li><\/ul><\/figure>\n\n\n\n<p><strong>Resumen de las canciones mostradas en el Proyecto<\/strong><\/p>\n\n\n\n<p><strong>1.- La FUMAREA (La humareda)<\/strong><\/p>\n\n\n\n<figure class=\"wp-block-video\"><video controls poster=\"https:\/\/www.unioviedo.es\/aei\/wp-content\/uploads\/2020\/05\/fumarea.jpg\" src=\"https:\/\/www.unioviedo.es\/aei\/video\/la_fumarea.mp4?_t=1618643541\"><\/video><figcaption>  \u00abLa fumarea\u00bb &#8211; Coral San Mart\u00edn  <\/figcaption><\/figure>\n\n\n\n<p>La canci\u00f3n recrea una situaci\u00f3n picaresca de una adolescente prendiendo una hoguera que  da lugar a \u201cla fumarea\u201d, la humareda que supera el Alto de la Tellera. Con ello el chico entiende que es una  llamada amorosa a la cual responde el mozo apresuradamente saltando los  bardales, los matojos, para llegar hasta ella cuanto antes. \u00c9l le aconseja que no siga echando tanta hoja seca al fuego, que \u00e9l ya ha captado el mensaje y&#8230; que suene de inmediato la gaita y el tambor.<\/p>\n\n\n\n<p><strong>2.- SI YO FUERA PICADOR<\/strong><\/p>\n\n\n\n<figure class=\"wp-block-video\"><video height=\"360\" style=\"aspect-ratio: 640 \/ 360;\" width=\"640\" controls poster=\"https:\/\/www.unioviedo.es\/aei\/wp-content\/uploads\/2020\/05\/siyofuerapicador.jpg\" src=\"https:\/\/www.unioviedo.es\/aei\/wp-content\/uploads\/2020\/05\/Si_yo_fuera_picador_.mp4\"><\/video><figcaption>\u00c1lvaro Fern\u00e1ndez Conde en \u00abSi yo fuera picador\u00bb<\/figcaption><\/figure>\n\n\n\n<p>Una de las grandes obras del folklore asturiano donde el cantante solista canta \u201cla tonada\u201d y el narrador expresa el drama a trav\u00e9s de una narraci\u00f3n desgarradora. Tambi\u00e9n se conoce esta obra como \u201cEl Romance de la Mina\u201d donde se relata la historia de un ni\u00f1o de quince a\u00f1os que, siguiendo las tradiciones familiares asturianas de la \u00e9poca, suced\u00edan a sus padres en el trabajo de la mina. En este caso el ni\u00f1o enamorado expresa su sue\u00f1o de llegar a ser picador y as\u00ed comprar a la moza un collar de rojos corales engarzado en plata fina. El Narrador describe al muchacho manifestando los \u201cquince a\u00f1os como quince cartuchos de dinamita\u201d, o sea el muchacho ilusionado, sano, fuerte, de sangre ardiente, que recibi\u00f3 de su padre minero una herencia paup\u00e9rrima, donde ven\u00eda un reloj que se hab\u00eda detenido a una hora en la que su progenitor mor\u00eda en la mina a causa de una explosi\u00f3n de gas. Cantaba el ni\u00f1o su sue\u00f1o cuando ese gas acababa con su vida de padre, a las 5 y media fat\u00eddicas. Llevado su cad\u00e1ver a hombros por un pu\u00f1ado de mineros, canta la moza desde la puerta de su casa, un profundo lamento de no haber podido llegar a estrenar aquel collar de rojos corales.<\/p>\n\n\n\n<p><strong>3.- COMO LA FLOR<\/strong><\/p>\n\n\n\n<figure class=\"wp-block-video\"><video height=\"360\" style=\"aspect-ratio: 640 \/ 360;\" width=\"640\" controls poster=\"https:\/\/www.unioviedo.es\/aei\/wp-content\/uploads\/2020\/05\/comolaflor.jpg\" src=\"https:\/\/www.unioviedo.es\/aei\/wp-content\/uploads\/2020\/05\/Como_la_flor_.mp4\"><\/video><figcaption>Ochote Asturias en \u00abComo la flor\u00bb<\/figcaption><\/figure>\n\n\n\n<p>Es una obra genuinamente asturiana diferente a las anteriores. Es una obra de una dulzura extraordinaria que exige a los componentes del coro una especial sensibilidad a la hora de su interpretaci\u00f3n. Casi en susurro, los interpretes expresan un amor fr\u00e1gil que llega como el aire inconsistente, y llega de ronda hasta la puerta de casa para irse marchito por el sol, como la hoja seca que el aire transporta a su capricho. La canci\u00f3n es una obra del maestro asturiano Torner.<\/p>\n\n\n\n<p><strong>4.- AXUNT\u00c1BENSE  (Se ajuntaban)<\/strong><\/p>\n\n\n\n<figure class=\"wp-block-video\"><video height=\"360\" style=\"aspect-ratio: 640 \/ 360;\" width=\"640\" controls poster=\"https:\/\/www.unioviedo.es\/aei\/wp-content\/uploads\/2020\/05\/ayuntabense.jpg\" src=\"https:\/\/www.unioviedo.es\/aei\/wp-content\/uploads\/2020\/05\/Axuntabense.mp4\"><\/video><figcaption>Ochote Langreano \u00abAxunt\u00e1bense\u00bb<\/figcaption><\/figure>\n\n\n\n<p>Esta obra podr\u00eda haber sido el himno regional de ASTURIAS por sus caracter\u00edsticas, su expresividad, su sentimiento profundo del esp\u00edritu asturiano. La canci\u00f3n describe una reuni\u00f3n de mozos y mozas, baile, mantel y buenas viandas con sidra. El paisaje es festivo y describe el recogimiento posterior a la fiesta cuando los participantes en el jolgorio se retiran, dejan atr\u00e1s la tarde de amor tan asturiana, la mocedad se va cantando al atardecer. Se va oyendo el suave rumor de la soledad y vuelve a o\u00edrse la voz del mar. Durante\nla interpretaci\u00f3n de la obra, se abre paso una canci\u00f3n libre ejecutada por dos\ncomponentes del coro.<\/p>\n\n\n\n<p><strong>5.- EN SOMI\u00d3 <\/strong><\/p>\n\n\n\n<figure class=\"wp-block-video\"><video height=\"360\" style=\"aspect-ratio: 640 \/ 360;\" width=\"640\" controls poster=\"https:\/\/www.unioviedo.es\/aei\/wp-content\/uploads\/2020\/05\/ensomio.jpg\" src=\"https:\/\/www.unioviedo.es\/aei\/wp-content\/uploads\/2020\/05\/En_Somio.mp4\"><\/video><figcaption>Ochote Langreano, \u00abEn Somi\u00f3\u00bb<\/figcaption><\/figure>\n\n\n\n<p>Otra de las grandes obras maestras del repertorio coral asturiano. El autor es Sergio Domingo. La obra es muy extensa que habla de Somi\u00f3, un barrio de Gij\u00f3n, y el final de una fiesta, con amplio y rotundo volumen.<\/p>\n\n\n\n<figure class=\"wp-block-gallery columns-2 is-cropped wp-block-gallery-4 is-layout-flex wp-block-gallery-is-layout-flex\"><ul class=\"blocks-gallery-grid\"><li class=\"blocks-gallery-item\"><figure><img loading=\"lazy\" decoding=\"async\" width=\"1024\" height=\"576\" src=\"https:\/\/www.unioviedo.es\/aei\/wp-content\/uploads\/2020\/03\/cultura_05-1024x576.jpg\" alt=\"\" data-id=\"1179\" data-link=\"https:\/\/www.unioviedo.es\/aei\/universidad-de-oviedo\/cultura_05\/\" class=\"wp-image-1179\" srcset=\"https:\/\/www.unioviedo.es\/aei\/wp-content\/uploads\/2020\/03\/cultura_05.jpg 1024w, https:\/\/www.unioviedo.es\/aei\/wp-content\/uploads\/2020\/03\/cultura_05-300x169.jpg 300w, https:\/\/www.unioviedo.es\/aei\/wp-content\/uploads\/2020\/03\/cultura_05-768x432.jpg 768w\" sizes=\"auto, (max-width: 1024px) 100vw, 1024px\" \/><figcaption class=\"blocks-gallery-item__caption\">Visita guiada a Oviedo<\/figcaption><\/figure><\/li><li class=\"blocks-gallery-item\"><figure><img loading=\"lazy\" decoding=\"async\" width=\"1024\" height=\"576\" src=\"https:\/\/www.unioviedo.es\/aei\/wp-content\/uploads\/2020\/03\/cultura_07-1024x576.jpg\" alt=\"\" data-id=\"1181\" data-link=\"https:\/\/www.unioviedo.es\/aei\/universidad-de-oviedo\/cultura_07\/\" class=\"wp-image-1181\" srcset=\"https:\/\/www.unioviedo.es\/aei\/wp-content\/uploads\/2020\/03\/cultura_07.jpg 1024w, https:\/\/www.unioviedo.es\/aei\/wp-content\/uploads\/2020\/03\/cultura_07-300x169.jpg 300w, https:\/\/www.unioviedo.es\/aei\/wp-content\/uploads\/2020\/03\/cultura_07-768x432.jpg 768w\" sizes=\"auto, (max-width: 1024px) 100vw, 1024px\" \/><figcaption class=\"blocks-gallery-item__caption\">Comida de despedida en Gij\u00f3n<\/figcaption><\/figure><\/li><li class=\"blocks-gallery-item\"><figure><img loading=\"lazy\" decoding=\"async\" width=\"1024\" height=\"576\" src=\"https:\/\/www.unioviedo.es\/aei\/wp-content\/uploads\/2020\/03\/cultura_02-1024x576.jpg\" alt=\"\" data-id=\"1176\" data-link=\"https:\/\/www.unioviedo.es\/aei\/universidad-de-oviedo\/cultura_02\/\" class=\"wp-image-1176\" srcset=\"https:\/\/www.unioviedo.es\/aei\/wp-content\/uploads\/2020\/03\/cultura_02.jpg 1024w, https:\/\/www.unioviedo.es\/aei\/wp-content\/uploads\/2020\/03\/cultura_02-300x169.jpg 300w, https:\/\/www.unioviedo.es\/aei\/wp-content\/uploads\/2020\/03\/cultura_02-768x432.jpg 768w\" sizes=\"auto, (max-width: 1024px) 100vw, 1024px\" \/><figcaption class=\"blocks-gallery-item__caption\">Publico en el coro de Gij\u00f3n<\/figcaption><\/figure><\/li><li class=\"blocks-gallery-item\"><figure><img loading=\"lazy\" decoding=\"async\" width=\"1024\" height=\"768\" src=\"https:\/\/www.unioviedo.es\/aei\/wp-content\/uploads\/2020\/03\/cultura_08-1024x768.jpg\" alt=\"\" data-id=\"1182\" data-link=\"https:\/\/www.unioviedo.es\/aei\/universidad-de-oviedo\/cultura_08\/\" class=\"wp-image-1182\" srcset=\"https:\/\/www.unioviedo.es\/aei\/wp-content\/uploads\/2020\/03\/cultura_08.jpg 1024w, https:\/\/www.unioviedo.es\/aei\/wp-content\/uploads\/2020\/03\/cultura_08-300x225.jpg 300w, https:\/\/www.unioviedo.es\/aei\/wp-content\/uploads\/2020\/03\/cultura_08-768x576.jpg 768w\" sizes=\"auto, (max-width: 1024px) 100vw, 1024px\" \/><figcaption class=\"blocks-gallery-item__caption\">Comida en t\u00edpica sidrer\u00eda en Gij\u00f3n<\/figcaption><\/figure><\/li><li class=\"blocks-gallery-item\"><figure><img loading=\"lazy\" decoding=\"async\" width=\"1024\" height=\"768\" src=\"https:\/\/www.unioviedo.es\/aei\/wp-content\/uploads\/2020\/04\/patrimonio_ov_06-1024x768.jpg\" alt=\"Visita a Cudillero\" data-id=\"1333\" data-link=\"https:\/\/www.unioviedo.es\/aei\/patrimonio_ov_06\/\" class=\"wp-image-1333\" srcset=\"https:\/\/www.unioviedo.es\/aei\/wp-content\/uploads\/2020\/04\/patrimonio_ov_06.jpg 1024w, https:\/\/www.unioviedo.es\/aei\/wp-content\/uploads\/2020\/04\/patrimonio_ov_06-300x225.jpg 300w, https:\/\/www.unioviedo.es\/aei\/wp-content\/uploads\/2020\/04\/patrimonio_ov_06-768x576.jpg 768w\" sizes=\"auto, (max-width: 1024px) 100vw, 1024px\" \/><figcaption class=\"blocks-gallery-item__caption\">Visita a Cudillero<\/figcaption><\/figure><\/li><li class=\"blocks-gallery-item\"><figure><img loading=\"lazy\" decoding=\"async\" width=\"1024\" height=\"623\" src=\"https:\/\/www.unioviedo.es\/aei\/wp-content\/uploads\/2020\/04\/patrimonio_ov_05-1024x623.jpg\" alt=\"Inmersion Pueblos Cudillero\" data-id=\"1332\" data-link=\"https:\/\/www.unioviedo.es\/aei\/patrimonio_ov_05\/\" class=\"wp-image-1332\" srcset=\"https:\/\/www.unioviedo.es\/aei\/wp-content\/uploads\/2020\/04\/patrimonio_ov_05.jpg 1024w, https:\/\/www.unioviedo.es\/aei\/wp-content\/uploads\/2020\/04\/patrimonio_ov_05-300x183.jpg 300w, https:\/\/www.unioviedo.es\/aei\/wp-content\/uploads\/2020\/04\/patrimonio_ov_05-768x467.jpg 768w\" sizes=\"auto, (max-width: 1024px) 100vw, 1024px\" \/><figcaption class=\"blocks-gallery-item__caption\">Inmersion Pueblos Cudillero<\/figcaption><\/figure><\/li><\/ul><\/figure>\n","protected":false},"excerpt":{"rendered":"<p>Patrimonio educativo\/cultural > Universidad de Oviedo. Espa\u00f1a Inmersi\u00f3n en el Contexto Social y Cultural Los estudiantes de PUMUO han participado en el proyecto acogiendo a los investigadores y ofreci\u00e9ndoles un programa l\u00fadico cultural que ellos mismos organizaron. En Oviedo, los&#8230; <a href=\"https:\/\/www.unioviedo.es\/aei\/universidad-de-oviedo\/\" class=\"readmore\">Leer m\u00e1s<span class=\"screen-reader-text\">Universidad de Oviedo<\/span><span class=\"fa fa-angle-double-right\" aria-hidden=\"true\"><\/span><\/a><\/p>\n","protected":false},"author":1,"featured_media":0,"parent":0,"menu_order":0,"comment_status":"closed","ping_status":"closed","template":"","meta":{"footnotes":""},"class_list":["post-1101","page","type-page","status-publish","hentry"],"_links":{"self":[{"href":"https:\/\/www.unioviedo.es\/aei\/wp-json\/wp\/v2\/pages\/1101","targetHints":{"allow":["GET"]}}],"collection":[{"href":"https:\/\/www.unioviedo.es\/aei\/wp-json\/wp\/v2\/pages"}],"about":[{"href":"https:\/\/www.unioviedo.es\/aei\/wp-json\/wp\/v2\/types\/page"}],"author":[{"embeddable":true,"href":"https:\/\/www.unioviedo.es\/aei\/wp-json\/wp\/v2\/users\/1"}],"replies":[{"embeddable":true,"href":"https:\/\/www.unioviedo.es\/aei\/wp-json\/wp\/v2\/comments?post=1101"}],"version-history":[{"count":0,"href":"https:\/\/www.unioviedo.es\/aei\/wp-json\/wp\/v2\/pages\/1101\/revisions"}],"wp:attachment":[{"href":"https:\/\/www.unioviedo.es\/aei\/wp-json\/wp\/v2\/media?parent=1101"}],"curies":[{"name":"wp","href":"https:\/\/api.w.org\/{rel}","templated":true}]}}