{"id":1105,"date":"2020-03-01T20:04:34","date_gmt":"2020-03-01T19:04:34","guid":{"rendered":"https:\/\/www.unioviedo.es\/aei\/?page_id=1105"},"modified":"2022-07-07T20:45:50","modified_gmt":"2022-07-07T18:45:50","slug":"consejeria-de-educacion-castilla-y-leon","status":"publish","type":"page","link":"https:\/\/www.unioviedo.es\/aei\/consejeria-de-educacion-castilla-y-leon\/","title":{"rendered":"Consejer\u00eda de Educaci\u00f3n. Castilla y Le\u00f3n"},"content":{"rendered":"\n<p><a href=\"https:\/\/www.unioviedo.es\/aei\/patrimonio-educativo-y-cultural\/\">Patrimonio educativo\/cultural<\/a> > <a href=\"https:\/\/www.unioviedo.es\/aei\/consejeria-de-educacion-castilla-y-leon\/\">Consejer\u00eda de Educaci\u00f3n. Castilla y Le\u00f3n. Espa\u00f1a<\/a><\/p>\n\n\n\n<p>Im\u00e1genes de algunos de los lugares visitados durante las jornadas de formaci\u00f3n en Castilla y Le\u00f3n<\/p>\n\n\n\n<figure class=\"wp-block-gallery columns-2 is-cropped wp-block-gallery-1 is-layout-flex wp-block-gallery-is-layout-flex\"><ul class=\"blocks-gallery-grid\"><li class=\"blocks-gallery-item\"><figure><img loading=\"lazy\" decoding=\"async\" width=\"1024\" height=\"768\" src=\"https:\/\/www.unioviedo.es\/aei\/wp-content\/uploads\/2022\/07\/cyl-consejeria-1.webp\" alt=\"Monasterio de Prado\" data-id=\"2680\" data-full-url=\"https:\/\/www.unioviedo.es\/aei\/wp-content\/uploads\/2022\/07\/cyl-consejeria-1.webp\" data-link=\"https:\/\/www.unioviedo.es\/aei\/cyl-consejeria-1\/\" class=\"wp-image-2680\" srcset=\"https:\/\/www.unioviedo.es\/aei\/wp-content\/uploads\/2022\/07\/cyl-consejeria-1.webp 1024w, https:\/\/www.unioviedo.es\/aei\/wp-content\/uploads\/2022\/07\/cyl-consejeria-1-300x225.webp 300w, https:\/\/www.unioviedo.es\/aei\/wp-content\/uploads\/2022\/07\/cyl-consejeria-1-768x576.webp 768w\" sizes=\"auto, (max-width: 1024px) 100vw, 1024px\" \/><figcaption class=\"blocks-gallery-item__caption\">Monasterio de Prado &#8211; Consejer\u00eda de Educaci\u00f3n<\/figcaption><\/figure><\/li><li class=\"blocks-gallery-item\"><figure><img loading=\"lazy\" decoding=\"async\" width=\"1024\" height=\"766\" src=\"https:\/\/www.unioviedo.es\/aei\/wp-content\/uploads\/2022\/07\/cyl-Consejeria-2.webp\" alt=\"Monasterio de Prado\" data-id=\"2681\" data-full-url=\"https:\/\/www.unioviedo.es\/aei\/wp-content\/uploads\/2022\/07\/cyl-Consejeria-2.webp\" data-link=\"https:\/\/www.unioviedo.es\/aei\/cyl-consejeria-2\/\" class=\"wp-image-2681\" srcset=\"https:\/\/www.unioviedo.es\/aei\/wp-content\/uploads\/2022\/07\/cyl-Consejeria-2.webp 1024w, https:\/\/www.unioviedo.es\/aei\/wp-content\/uploads\/2022\/07\/cyl-Consejeria-2-300x224.webp 300w, https:\/\/www.unioviedo.es\/aei\/wp-content\/uploads\/2022\/07\/cyl-Consejeria-2-768x575.webp 768w\" sizes=\"auto, (max-width: 1024px) 100vw, 1024px\" \/><figcaption class=\"blocks-gallery-item__caption\">Monasterio de Prado &#8211; Consejer\u00eda de Educaci\u00f3n <\/figcaption><\/figure><\/li><li class=\"blocks-gallery-item\"><figure><img loading=\"lazy\" decoding=\"async\" width=\"1024\" height=\"768\" src=\"https:\/\/www.unioviedo.es\/aei\/wp-content\/uploads\/2022\/07\/cyl-Cortes-1.webp\" alt=\"Visita a las Cortes de Castilla y Le\u00f3n\" data-id=\"2682\" data-full-url=\"https:\/\/www.unioviedo.es\/aei\/wp-content\/uploads\/2022\/07\/cyl-Cortes-1.webp\" data-link=\"https:\/\/www.unioviedo.es\/aei\/cyl-cortes-1\/\" class=\"wp-image-2682\" srcset=\"https:\/\/www.unioviedo.es\/aei\/wp-content\/uploads\/2022\/07\/cyl-Cortes-1.webp 1024w, https:\/\/www.unioviedo.es\/aei\/wp-content\/uploads\/2022\/07\/cyl-Cortes-1-300x225.webp 300w, https:\/\/www.unioviedo.es\/aei\/wp-content\/uploads\/2022\/07\/cyl-Cortes-1-768x576.webp 768w\" sizes=\"auto, (max-width: 1024px) 100vw, 1024px\" \/><figcaption class=\"blocks-gallery-item__caption\">Visita a las Cortes de Castilla y Le\u00f3n<\/figcaption><\/figure><\/li><li class=\"blocks-gallery-item\"><figure><img loading=\"lazy\" decoding=\"async\" width=\"1024\" height=\"766\" src=\"https:\/\/www.unioviedo.es\/aei\/wp-content\/uploads\/2022\/07\/cyl-Cortes-2.webp\" alt=\"Visita a las Cortes de Castilla y Le\u00f3n\" data-id=\"2683\" data-full-url=\"https:\/\/www.unioviedo.es\/aei\/wp-content\/uploads\/2022\/07\/cyl-Cortes-2.webp\" data-link=\"https:\/\/www.unioviedo.es\/aei\/cyl-cortes-2\/\" class=\"wp-image-2683\" srcset=\"https:\/\/www.unioviedo.es\/aei\/wp-content\/uploads\/2022\/07\/cyl-Cortes-2.webp 1024w, https:\/\/www.unioviedo.es\/aei\/wp-content\/uploads\/2022\/07\/cyl-Cortes-2-300x224.webp 300w, https:\/\/www.unioviedo.es\/aei\/wp-content\/uploads\/2022\/07\/cyl-Cortes-2-768x575.webp 768w\" sizes=\"auto, (max-width: 1024px) 100vw, 1024px\" \/><figcaption class=\"blocks-gallery-item__caption\">Visita a las Cortes de Castilla y Le\u00f3n<\/figcaption><\/figure><\/li><li class=\"blocks-gallery-item\"><figure><img loading=\"lazy\" decoding=\"async\" width=\"1024\" height=\"766\" src=\"https:\/\/www.unioviedo.es\/aei\/wp-content\/uploads\/2022\/07\/cyl-Yllera-5.webp\" alt=\"Visita a las Bodegas Yllera, El Hilo de Ariadna\" data-id=\"2685\" data-full-url=\"https:\/\/www.unioviedo.es\/aei\/wp-content\/uploads\/2022\/07\/cyl-Yllera-5.webp\" data-link=\"https:\/\/www.unioviedo.es\/aei\/cyl-yllera-5\/\" class=\"wp-image-2685\" srcset=\"https:\/\/www.unioviedo.es\/aei\/wp-content\/uploads\/2022\/07\/cyl-Yllera-5.webp 1024w, https:\/\/www.unioviedo.es\/aei\/wp-content\/uploads\/2022\/07\/cyl-Yllera-5-300x224.webp 300w, https:\/\/www.unioviedo.es\/aei\/wp-content\/uploads\/2022\/07\/cyl-Yllera-5-768x575.webp 768w\" sizes=\"auto, (max-width: 1024px) 100vw, 1024px\" \/><figcaption class=\"blocks-gallery-item__caption\">Visita a las Bodegas Yllera, El Hilo de Ariadna<\/figcaption><\/figure><\/li><li class=\"blocks-gallery-item\"><figure><img loading=\"lazy\" decoding=\"async\" width=\"1024\" height=\"766\" src=\"https:\/\/www.unioviedo.es\/aei\/wp-content\/uploads\/2022\/07\/cyl-Yllera-1.webp\" alt=\"Visita a las Bodegas Yllera\" data-id=\"2684\" data-full-url=\"https:\/\/www.unioviedo.es\/aei\/wp-content\/uploads\/2022\/07\/cyl-Yllera-1.webp\" data-link=\"https:\/\/www.unioviedo.es\/aei\/cyl-yllera-1\/\" class=\"wp-image-2684\" srcset=\"https:\/\/www.unioviedo.es\/aei\/wp-content\/uploads\/2022\/07\/cyl-Yllera-1.webp 1024w, https:\/\/www.unioviedo.es\/aei\/wp-content\/uploads\/2022\/07\/cyl-Yllera-1-300x224.webp 300w, https:\/\/www.unioviedo.es\/aei\/wp-content\/uploads\/2022\/07\/cyl-Yllera-1-768x575.webp 768w\" sizes=\"auto, (max-width: 1024px) 100vw, 1024px\" \/><figcaption class=\"blocks-gallery-item__caption\">Visita a las Bodegas Yllera<\/figcaption><\/figure><\/li><li class=\"blocks-gallery-item\"><figure><img loading=\"lazy\" decoding=\"async\" width=\"1024\" height=\"768\" src=\"https:\/\/www.unioviedo.es\/aei\/wp-content\/uploads\/2022\/07\/cyl-ayuntamiento-1.webp\" alt=\"Ayuntamiento de Medina del Campo\" data-id=\"2676\" data-full-url=\"https:\/\/www.unioviedo.es\/aei\/wp-content\/uploads\/2022\/07\/cyl-ayuntamiento-1.webp\" data-link=\"https:\/\/www.unioviedo.es\/aei\/cyl-ayuntamiento-1\/\" class=\"wp-image-2676\" srcset=\"https:\/\/www.unioviedo.es\/aei\/wp-content\/uploads\/2022\/07\/cyl-ayuntamiento-1.webp 1024w, https:\/\/www.unioviedo.es\/aei\/wp-content\/uploads\/2022\/07\/cyl-ayuntamiento-1-300x225.webp 300w, https:\/\/www.unioviedo.es\/aei\/wp-content\/uploads\/2022\/07\/cyl-ayuntamiento-1-768x576.webp 768w\" sizes=\"auto, (max-width: 1024px) 100vw, 1024px\" \/><figcaption class=\"blocks-gallery-item__caption\">Recepci\u00f3n en el Ayuntamiento de Medina del Campo<\/figcaption><\/figure><\/li><li class=\"blocks-gallery-item\"><figure><img loading=\"lazy\" decoding=\"async\" width=\"1024\" height=\"766\" src=\"https:\/\/www.unioviedo.es\/aei\/wp-content\/uploads\/2022\/07\/cyl-ayuntamiento-2.webp\" alt=\"Ayuntamiento de Medina del Campo\" data-id=\"2677\" data-full-url=\"https:\/\/www.unioviedo.es\/aei\/wp-content\/uploads\/2022\/07\/cyl-ayuntamiento-2.webp\" data-link=\"https:\/\/www.unioviedo.es\/aei\/cyl-ayuntamiento-2\/\" class=\"wp-image-2677\" srcset=\"https:\/\/www.unioviedo.es\/aei\/wp-content\/uploads\/2022\/07\/cyl-ayuntamiento-2.webp 1024w, https:\/\/www.unioviedo.es\/aei\/wp-content\/uploads\/2022\/07\/cyl-ayuntamiento-2-300x224.webp 300w, https:\/\/www.unioviedo.es\/aei\/wp-content\/uploads\/2022\/07\/cyl-ayuntamiento-2-768x575.webp 768w\" sizes=\"auto, (max-width: 1024px) 100vw, 1024px\" \/><figcaption class=\"blocks-gallery-item__caption\"> Recepci\u00f3n en el Ayuntamiento de Medina del Campo<\/figcaption><\/figure><\/li><li class=\"blocks-gallery-item\"><figure><img loading=\"lazy\" decoding=\"async\" width=\"1024\" height=\"766\" src=\"https:\/\/www.unioviedo.es\/aei\/wp-content\/uploads\/2022\/07\/cyl-castillo-1.webp\" alt=\"Castillo de Medina del Campo\" data-id=\"2678\" data-full-url=\"https:\/\/www.unioviedo.es\/aei\/wp-content\/uploads\/2022\/07\/cyl-castillo-1.webp\" data-link=\"https:\/\/www.unioviedo.es\/aei\/cyl-castillo-1\/\" class=\"wp-image-2678\" srcset=\"https:\/\/www.unioviedo.es\/aei\/wp-content\/uploads\/2022\/07\/cyl-castillo-1.webp 1024w, https:\/\/www.unioviedo.es\/aei\/wp-content\/uploads\/2022\/07\/cyl-castillo-1-300x224.webp 300w, https:\/\/www.unioviedo.es\/aei\/wp-content\/uploads\/2022\/07\/cyl-castillo-1-768x575.webp 768w\" sizes=\"auto, (max-width: 1024px) 100vw, 1024px\" \/><figcaption class=\"blocks-gallery-item__caption\">Visita al Castillo de Medina del Campo<\/figcaption><\/figure><\/li><li class=\"blocks-gallery-item\"><figure><img loading=\"lazy\" decoding=\"async\" width=\"1024\" height=\"768\" src=\"https:\/\/www.unioviedo.es\/aei\/wp-content\/uploads\/2022\/07\/cyl-castillo-2.webp\" alt=\"Castillo de Medina del Campo\" data-id=\"2679\" data-full-url=\"https:\/\/www.unioviedo.es\/aei\/wp-content\/uploads\/2022\/07\/cyl-castillo-2.webp\" data-link=\"https:\/\/www.unioviedo.es\/aei\/cyl-castillo-2\/\" class=\"wp-image-2679\" srcset=\"https:\/\/www.unioviedo.es\/aei\/wp-content\/uploads\/2022\/07\/cyl-castillo-2.webp 1024w, https:\/\/www.unioviedo.es\/aei\/wp-content\/uploads\/2022\/07\/cyl-castillo-2-300x225.webp 300w, https:\/\/www.unioviedo.es\/aei\/wp-content\/uploads\/2022\/07\/cyl-castillo-2-768x576.webp 768w\" sizes=\"auto, (max-width: 1024px) 100vw, 1024px\" \/><figcaption class=\"blocks-gallery-item__caption\">Castillo de Medina del Campo<\/figcaption><\/figure><\/li><\/ul><\/figure>\n\n\n\n<h3 class=\"wp-block-heading\">Informaci\u00f3n sobre la riqueza cultural de Castilla y Le\u00f3n<\/h3>\n\n\n\n<p>Castilla y Le\u00f3n es&nbsp;<strong>una de las regiones m\u00e1s extensas de Europa<\/strong>. Est\u00e1 formada por nueve provincias: \u00c1vila, Burgos, Le\u00f3n, Palencia, Salamanca, Segovia, Soria, Valladolid y Zamora; y destaca por ser una de las regiones espa\u00f1olas con mayor riqueza cultural, patrimonial, etnogr\u00e1fica y natural.<\/p>\n\n\n\n<ul class=\"wp-block-list\"><li><strong><em>Patrimonio Mundial\nde la UNESCO<\/em><\/strong><strong><em><\/em><\/strong><\/li><\/ul>\n\n\n\n<p>Castilla\ny Le\u00f3n posee&nbsp;<strong>nueve\nBienes declarados Patrimonio Mundial por la UNESCO<\/strong><strong>:<\/strong> El Camino de Santiago Franc\u00e9s, la\nCatedral de Burgos, los yacimientos de la Sierra de Atapuerca (Burgos), el\nmonumento natural de Las M\u00e9dulas en Le\u00f3n, las ciudades de \u00c1vila, Salamanca y\nSegovia, los yacimientos arqueol\u00f3gicos de Siega Verde (Salamanca), los hayedos\nde Cuesta Fr\u00eda y Canal de Asot\u00edn en Le\u00f3n y el hayedo de Riofr\u00edo de Riaza en\nSegovia.<\/p>\n\n\n\n<figure class=\"wp-block-gallery columns-2 is-cropped wp-block-gallery-2 is-layout-flex wp-block-gallery-is-layout-flex\"><ul class=\"blocks-gallery-grid\"><li class=\"blocks-gallery-item\"><figure><img loading=\"lazy\" decoding=\"async\" width=\"800\" height=\"600\" src=\"https:\/\/www.unioviedo.es\/aei\/wp-content\/uploads\/2020\/05\/Catedral_de_Burgos.jpg\" alt=\"Catedral de Burgos\" data-id=\"1687\" data-link=\"https:\/\/www.unioviedo.es\/aei\/consejeria-de-educacion-castilla-y-leon\/catedral_de_burgos\/\" class=\"wp-image-1687\" srcset=\"https:\/\/www.unioviedo.es\/aei\/wp-content\/uploads\/2020\/05\/Catedral_de_Burgos.jpg 800w, https:\/\/www.unioviedo.es\/aei\/wp-content\/uploads\/2020\/05\/Catedral_de_Burgos-300x225.jpg 300w, https:\/\/www.unioviedo.es\/aei\/wp-content\/uploads\/2020\/05\/Catedral_de_Burgos-768x576.jpg 768w\" sizes=\"auto, (max-width: 800px) 100vw, 800px\" \/><figcaption class=\"blocks-gallery-item__caption\">Catedral de Burgos<\/figcaption><\/figure><\/li><li class=\"blocks-gallery-item\"><figure><img loading=\"lazy\" decoding=\"async\" width=\"800\" height=\"600\" src=\"https:\/\/www.unioviedo.es\/aei\/wp-content\/uploads\/2020\/05\/Las_Medulas.jpg\" alt=\"Las Medulas (Le\u00f3n)\" data-id=\"1691\" data-link=\"https:\/\/www.unioviedo.es\/aei\/consejeria-de-educacion-castilla-y-leon\/las_medulas\/\" class=\"wp-image-1691\" srcset=\"https:\/\/www.unioviedo.es\/aei\/wp-content\/uploads\/2020\/05\/Las_Medulas.jpg 800w, https:\/\/www.unioviedo.es\/aei\/wp-content\/uploads\/2020\/05\/Las_Medulas-300x225.jpg 300w, https:\/\/www.unioviedo.es\/aei\/wp-content\/uploads\/2020\/05\/Las_Medulas-768x576.jpg 768w\" sizes=\"auto, (max-width: 800px) 100vw, 800px\" \/><figcaption class=\"blocks-gallery-item__caption\">Las Medulas (Le\u00f3n)<\/figcaption><\/figure><\/li><li class=\"blocks-gallery-item\"><figure><img loading=\"lazy\" decoding=\"async\" width=\"1024\" height=\"366\" src=\"https:\/\/www.unioviedo.es\/aei\/wp-content\/uploads\/2020\/05\/Avila-1024x366.jpg\" alt=\"\u00c1vila\" data-id=\"1675\" data-link=\"https:\/\/www.unioviedo.es\/aei\/consejeria-de-educacion-castilla-y-leon\/avila\/\" class=\"wp-image-1675\" srcset=\"https:\/\/www.unioviedo.es\/aei\/wp-content\/uploads\/2020\/05\/Avila-1024x366.jpg 1024w, https:\/\/www.unioviedo.es\/aei\/wp-content\/uploads\/2020\/05\/Avila-300x107.jpg 300w, https:\/\/www.unioviedo.es\/aei\/wp-content\/uploads\/2020\/05\/Avila-768x274.jpg 768w, https:\/\/www.unioviedo.es\/aei\/wp-content\/uploads\/2020\/05\/Avila.jpg 1240w\" sizes=\"auto, (max-width: 1024px) 100vw, 1024px\" \/><figcaption class=\"blocks-gallery-item__caption\">\u00c1vila<\/figcaption><\/figure><\/li><li class=\"blocks-gallery-item\"><figure><img loading=\"lazy\" decoding=\"async\" width=\"1024\" height=\"512\" src=\"https:\/\/www.unioviedo.es\/aei\/wp-content\/uploads\/2020\/05\/Salamanca-1024x512.jpg\" alt=\"Salamanca\" data-id=\"1683\" data-link=\"https:\/\/www.unioviedo.es\/aei\/consejeria-de-educacion-castilla-y-leon\/salamanca\/\" class=\"wp-image-1683\" srcset=\"https:\/\/www.unioviedo.es\/aei\/wp-content\/uploads\/2020\/05\/Salamanca-1024x512.jpg 1024w, https:\/\/www.unioviedo.es\/aei\/wp-content\/uploads\/2020\/05\/Salamanca-300x150.jpg 300w, https:\/\/www.unioviedo.es\/aei\/wp-content\/uploads\/2020\/05\/Salamanca-768x384.jpg 768w, https:\/\/www.unioviedo.es\/aei\/wp-content\/uploads\/2020\/05\/Salamanca.jpg 1585w\" sizes=\"auto, (max-width: 1024px) 100vw, 1024px\" \/><figcaption class=\"blocks-gallery-item__caption\">Salamanca<\/figcaption><\/figure><\/li><li class=\"blocks-gallery-item\"><figure><img loading=\"lazy\" decoding=\"async\" width=\"960\" height=\"640\" src=\"https:\/\/www.unioviedo.es\/aei\/wp-content\/uploads\/2020\/05\/Acueducto_de_Segovia.jpg\" alt=\"\" data-id=\"1693\" data-link=\"https:\/\/www.unioviedo.es\/aei\/consejeria-de-educacion-castilla-y-leon\/acueducto_de_segovia\/\" class=\"wp-image-1693\" srcset=\"https:\/\/www.unioviedo.es\/aei\/wp-content\/uploads\/2020\/05\/Acueducto_de_Segovia.jpg 960w, https:\/\/www.unioviedo.es\/aei\/wp-content\/uploads\/2020\/05\/Acueducto_de_Segovia-300x200.jpg 300w, https:\/\/www.unioviedo.es\/aei\/wp-content\/uploads\/2020\/05\/Acueducto_de_Segovia-768x512.jpg 768w\" sizes=\"auto, (max-width: 960px) 100vw, 960px\" \/><figcaption class=\"blocks-gallery-item__caption\">Acueducto de Segovia<\/figcaption><\/figure><\/li><li class=\"blocks-gallery-item\"><figure><img loading=\"lazy\" decoding=\"async\" width=\"880\" height=\"700\" src=\"https:\/\/www.unioviedo.es\/aei\/wp-content\/uploads\/2020\/05\/Camino_de_Santiago_frances.jpg\" alt=\"Camino de Santiago Franc\u00e9s\" data-id=\"1676\" data-link=\"https:\/\/www.unioviedo.es\/aei\/consejeria-de-educacion-castilla-y-leon\/camino_de_santiago_frances\/\" class=\"wp-image-1676\" srcset=\"https:\/\/www.unioviedo.es\/aei\/wp-content\/uploads\/2020\/05\/Camino_de_Santiago_frances.jpg 880w, https:\/\/www.unioviedo.es\/aei\/wp-content\/uploads\/2020\/05\/Camino_de_Santiago_frances-300x239.jpg 300w, https:\/\/www.unioviedo.es\/aei\/wp-content\/uploads\/2020\/05\/Camino_de_Santiago_frances-768x611.jpg 768w\" sizes=\"auto, (max-width: 880px) 100vw, 880px\" \/><figcaption class=\"blocks-gallery-item__caption\">Camino de Santiago Franc\u00e9s<\/figcaption><\/figure><\/li><\/ul><\/figure>\n\n\n\n<ul class=\"wp-block-list\"><li><strong><em>Patrimonio\ncultural espa\u00f1ol<\/em><\/strong><strong><em><\/em><\/strong><\/li><\/ul>\n\n\n\n<p>Castilla\ny Le\u00f3n atesora&nbsp;<strong>una\ngran parte del patrimonio cultural espa\u00f1ol<\/strong>, m\u00e1s de 300 castillos,\nm\u00e1s de 400 museos, colecciones y centros de interpretaci\u00f3n que recogen la\nriqueza art\u00edstica, cultural y etnogr\u00e1fica de nuestra regi\u00f3n as\u00ed como 23.000\nyacimientos arqueol\u00f3gicos. <\/p>\n\n\n\n<figure class=\"wp-block-gallery columns-2 is-cropped wp-block-gallery-3 is-layout-flex wp-block-gallery-is-layout-flex\"><ul class=\"blocks-gallery-grid\"><li class=\"blocks-gallery-item\"><figure><img loading=\"lazy\" decoding=\"async\" width=\"690\" height=\"599\" src=\"https:\/\/www.unioviedo.es\/aei\/wp-content\/uploads\/2020\/05\/Palacio_episcopal_de_Astorga.jpg\" alt=\"Palacio episcopal de Astorga (Le\u00f3n)\" data-id=\"1679\" data-link=\"https:\/\/www.unioviedo.es\/aei\/consejeria-de-educacion-castilla-y-leon\/palacio_episcopal_de_astorga\/\" class=\"wp-image-1679\" srcset=\"https:\/\/www.unioviedo.es\/aei\/wp-content\/uploads\/2020\/05\/Palacio_episcopal_de_Astorga.jpg 690w, https:\/\/www.unioviedo.es\/aei\/wp-content\/uploads\/2020\/05\/Palacio_episcopal_de_Astorga-300x260.jpg 300w\" sizes=\"auto, (max-width: 690px) 100vw, 690px\" \/><figcaption class=\"blocks-gallery-item__caption\">Palacio episcopal de Astorga (Le\u00f3n)<\/figcaption><\/figure><\/li><li class=\"blocks-gallery-item\"><figure><img loading=\"lazy\" decoding=\"async\" width=\"686\" height=\"800\" src=\"https:\/\/www.unioviedo.es\/aei\/wp-content\/uploads\/2020\/05\/Canal_de_Castilla.jpg\" alt=\"Canal de Castilla\" data-id=\"1686\" data-link=\"https:\/\/www.unioviedo.es\/aei\/consejeria-de-educacion-castilla-y-leon\/canal_de_castilla\/\" class=\"wp-image-1686\" srcset=\"https:\/\/www.unioviedo.es\/aei\/wp-content\/uploads\/2020\/05\/Canal_de_Castilla.jpg 686w, https:\/\/www.unioviedo.es\/aei\/wp-content\/uploads\/2020\/05\/Canal_de_Castilla-257x300.jpg 257w\" sizes=\"auto, (max-width: 686px) 100vw, 686px\" \/><figcaption class=\"blocks-gallery-item__caption\">Canal de Castilla<\/figcaption><\/figure><\/li><li class=\"blocks-gallery-item\"><figure><img loading=\"lazy\" decoding=\"async\" width=\"624\" height=\"385\" src=\"https:\/\/www.unioviedo.es\/aei\/wp-content\/uploads\/2020\/05\/Penafiel.jpg\" alt=\"Castillo de Pe\u00f1afiel (Valladolid)\" data-id=\"1680\" data-link=\"https:\/\/www.unioviedo.es\/aei\/consejeria-de-educacion-castilla-y-leon\/penafiel\/\" class=\"wp-image-1680\" srcset=\"https:\/\/www.unioviedo.es\/aei\/wp-content\/uploads\/2020\/05\/Penafiel.jpg 624w, https:\/\/www.unioviedo.es\/aei\/wp-content\/uploads\/2020\/05\/Penafiel-300x185.jpg 300w\" sizes=\"auto, (max-width: 624px) 100vw, 624px\" \/><figcaption class=\"blocks-gallery-item__caption\">Castillo de Pe\u00f1afiel (Valladolid)<\/figcaption><\/figure><\/li><li class=\"blocks-gallery-item\"><figure><img loading=\"lazy\" decoding=\"async\" width=\"1024\" height=\"370\" src=\"https:\/\/www.unioviedo.es\/aei\/wp-content\/uploads\/2020\/05\/MUSAC-1024x370.jpg\" alt=\"MUSAC (Le\u00f3n)\" data-id=\"1678\" data-link=\"https:\/\/www.unioviedo.es\/aei\/consejeria-de-educacion-castilla-y-leon\/musac\/\" class=\"wp-image-1678\" srcset=\"https:\/\/www.unioviedo.es\/aei\/wp-content\/uploads\/2020\/05\/MUSAC-1024x370.jpg 1024w, https:\/\/www.unioviedo.es\/aei\/wp-content\/uploads\/2020\/05\/MUSAC-300x108.jpg 300w, https:\/\/www.unioviedo.es\/aei\/wp-content\/uploads\/2020\/05\/MUSAC-768x277.jpg 768w, https:\/\/www.unioviedo.es\/aei\/wp-content\/uploads\/2020\/05\/MUSAC.jpg 1440w\" sizes=\"auto, (max-width: 1024px) 100vw, 1024px\" \/><figcaption class=\"blocks-gallery-item__caption\">MUSAC (Le\u00f3n)<\/figcaption><\/figure><\/li><li class=\"blocks-gallery-item\"><figure><img loading=\"lazy\" decoding=\"async\" width=\"734\" height=\"1024\" src=\"https:\/\/www.unioviedo.es\/aei\/wp-content\/uploads\/2020\/05\/Valladolid_San_Gregorio-734x1024.jpg\" alt=\"Museo Nacional de Escultura. Valladolid\" data-id=\"1684\" data-link=\"https:\/\/www.unioviedo.es\/aei\/consejeria-de-educacion-castilla-y-leon\/valladolid_san_gregorio\/\" class=\"wp-image-1684\" srcset=\"https:\/\/www.unioviedo.es\/aei\/wp-content\/uploads\/2020\/05\/Valladolid_San_Gregorio-734x1024.jpg 734w, https:\/\/www.unioviedo.es\/aei\/wp-content\/uploads\/2020\/05\/Valladolid_San_Gregorio-215x300.jpg 215w, https:\/\/www.unioviedo.es\/aei\/wp-content\/uploads\/2020\/05\/Valladolid_San_Gregorio-768x1071.jpg 768w, https:\/\/www.unioviedo.es\/aei\/wp-content\/uploads\/2020\/05\/Valladolid_San_Gregorio.jpg 1024w\" sizes=\"auto, (max-width: 734px) 100vw, 734px\" \/><figcaption class=\"blocks-gallery-item__caption\">Museo Nacional de Escultura (Valladolid)<\/figcaption><\/figure><\/li><li class=\"blocks-gallery-item\"><figure><img loading=\"lazy\" decoding=\"async\" width=\"1000\" height=\"667\" src=\"https:\/\/www.unioviedo.es\/aei\/wp-content\/uploads\/2020\/05\/Fromista.jpg\" alt=\"Iglesia de San Mart\u00edn de Fr\u00f3mista (Palencia)\" data-id=\"1689\" data-link=\"https:\/\/www.unioviedo.es\/aei\/consejeria-de-educacion-castilla-y-leon\/fromista\/\" class=\"wp-image-1689\" srcset=\"https:\/\/www.unioviedo.es\/aei\/wp-content\/uploads\/2020\/05\/Fromista.jpg 1000w, https:\/\/www.unioviedo.es\/aei\/wp-content\/uploads\/2020\/05\/Fromista-300x200.jpg 300w, https:\/\/www.unioviedo.es\/aei\/wp-content\/uploads\/2020\/05\/Fromista-768x512.jpg 768w\" sizes=\"auto, (max-width: 1000px) 100vw, 1000px\" \/><figcaption class=\"blocks-gallery-item__caption\">Iglesia de San Mart\u00edn de Fr\u00f3mista (Palencia)<\/figcaption><\/figure><\/li><\/ul><\/figure>\n\n\n\n<p>Tambi\u00e9n\nen Castilla y Le\u00f3n existen alrededor de 30 centros educativos que poseen un\nimportante patrimonio educativo y cultural, adem\u00e1s de una memoria hist\u00f3rica\ncomo instituci\u00f3n docente. La mayor\u00eda se encuentran en edificios singulares que\nest\u00e1n declarados bienes de inter\u00e9s cultural &nbsp;y provienen de antiguos institutos creados en\nel siglo XIX y en la primera mitad del siglo XX, En ellos existen bibliotecas,\nlaboratorios de f\u00edsica y de qu\u00edmica, de historia natural, documentos\ncartogr\u00e1ficos, obras de arte y jardines bot\u00e1nicos, adem\u00e1s de documentaci\u00f3n de\ninter\u00e9s pedag\u00f3gico que constituyen un rico patrimonio que merece la pena\nconservar y poner en valor. <\/p>\n\n\n\n<p>M\u00e1s informaci\u00f3n: <a href=\"https:\/\/patrimoniocultural.jcyl.es\/web\/jcyl\/PatrimonioCultural\/es\/Plantilla100\/1284180255460\/_\/_\/_\" target=\"_blank\" rel=\"noreferrer noopener\" aria-label=\" (abre en una nueva pesta\u00f1a)\">Patrimonio cultural de Castilla y Le\u00f3n<\/a>.<\/p>\n\n\n\n<ul class=\"wp-block-list\"><li><strong><em>Gastronom\u00eda<\/em><\/strong><\/li><\/ul>\n\n\n\n<p>La\ngastronom\u00eda es otro de los enormes atractivos de Castilla y Le\u00f3n pues ofrece\nuna gran variedad de platos elaborados con productos con denominaciones de\ncalidad, carnes, embutidos, quesos, legumbres, frutas y verduras, que hacen\nde&nbsp;<strong>la cocina de Castilla y Le\u00f3n una de las m\u00e1s\napreciadas y completas de Espa\u00f1a<\/strong><strong>. <\/strong><strong><\/strong><\/p>\n\n\n\n<figure class=\"wp-block-gallery columns-3 is-cropped wp-block-gallery-4 is-layout-flex wp-block-gallery-is-layout-flex\"><ul class=\"blocks-gallery-grid\"><li class=\"blocks-gallery-item\"><figure><img loading=\"lazy\" decoding=\"async\" width=\"605\" height=\"250\" src=\"https:\/\/www.unioviedo.es\/aei\/wp-content\/uploads\/2020\/05\/lechazo_de_Aranda_de_Duero.jpg\" alt=\"lechazo de Aranda de Duero\" data-id=\"1692\" data-link=\"https:\/\/www.unioviedo.es\/aei\/consejeria-de-educacion-castilla-y-leon\/lechazo_de_aranda_de_duero\/\" class=\"wp-image-1692\" srcset=\"https:\/\/www.unioviedo.es\/aei\/wp-content\/uploads\/2020\/05\/lechazo_de_Aranda_de_Duero.jpg 605w, https:\/\/www.unioviedo.es\/aei\/wp-content\/uploads\/2020\/05\/lechazo_de_Aranda_de_Duero-300x124.jpg 300w\" sizes=\"auto, (max-width: 605px) 100vw, 605px\" \/><figcaption class=\"blocks-gallery-item__caption\">lechazo de Aranda de Duero<\/figcaption><\/figure><\/li><li class=\"blocks-gallery-item\"><figure><img loading=\"lazy\" decoding=\"async\" width=\"1024\" height=\"683\" src=\"https:\/\/www.unioviedo.es\/aei\/wp-content\/uploads\/2020\/05\/cochinillo_de_Segovia-1024x683.jpg\" alt=\"cochinillo de Segovia\" data-id=\"1688\" data-link=\"https:\/\/www.unioviedo.es\/aei\/consejeria-de-educacion-castilla-y-leon\/cochinillo_de_segovia\/\" class=\"wp-image-1688\" srcset=\"https:\/\/www.unioviedo.es\/aei\/wp-content\/uploads\/2020\/05\/cochinillo_de_Segovia.jpg 1024w, https:\/\/www.unioviedo.es\/aei\/wp-content\/uploads\/2020\/05\/cochinillo_de_Segovia-300x200.jpg 300w, https:\/\/www.unioviedo.es\/aei\/wp-content\/uploads\/2020\/05\/cochinillo_de_Segovia-768x512.jpg 768w\" sizes=\"auto, (max-width: 1024px) 100vw, 1024px\" \/><figcaption class=\"blocks-gallery-item__caption\">cochinillo de Segovia<\/figcaption><\/figure><\/li><li class=\"blocks-gallery-item\"><figure><img loading=\"lazy\" decoding=\"async\" width=\"709\" height=\"464\" src=\"https:\/\/www.unioviedo.es\/aei\/wp-content\/uploads\/2020\/05\/jamon_iberico_de_Guijuelo.png\" alt=\"jam\u00f3n ib\u00e9rico de Guijuelo\" data-id=\"1690\" data-link=\"https:\/\/www.unioviedo.es\/aei\/consejeria-de-educacion-castilla-y-leon\/jamon_iberico_de_guijuelo\/\" class=\"wp-image-1690\" srcset=\"https:\/\/www.unioviedo.es\/aei\/wp-content\/uploads\/2020\/05\/jamon_iberico_de_Guijuelo.png 709w, https:\/\/www.unioviedo.es\/aei\/wp-content\/uploads\/2020\/05\/jamon_iberico_de_Guijuelo-300x196.png 300w\" sizes=\"auto, (max-width: 709px) 100vw, 709px\" \/><figcaption class=\"blocks-gallery-item__caption\">jam\u00f3n ib\u00e9rico de Guijuelo<\/figcaption><\/figure><\/li><li class=\"blocks-gallery-item\"><figure><img loading=\"lazy\" decoding=\"async\" width=\"1024\" height=\"683\" src=\"https:\/\/www.unioviedo.es\/aei\/wp-content\/uploads\/2020\/05\/morcilla_de_Burgos_-_2009-1024x683.jpg\" alt=\"morcilla de Burgos\" data-id=\"1677\" data-link=\"https:\/\/www.unioviedo.es\/aei\/consejeria-de-educacion-castilla-y-leon\/morcilla_de_burgos_-_2009\/\" class=\"wp-image-1677\" srcset=\"https:\/\/www.unioviedo.es\/aei\/wp-content\/uploads\/2020\/05\/morcilla_de_Burgos_-_2009.jpg 1024w, https:\/\/www.unioviedo.es\/aei\/wp-content\/uploads\/2020\/05\/morcilla_de_Burgos_-_2009-300x200.jpg 300w, https:\/\/www.unioviedo.es\/aei\/wp-content\/uploads\/2020\/05\/morcilla_de_Burgos_-_2009-768x512.jpg 768w\" sizes=\"auto, (max-width: 1024px) 100vw, 1024px\" \/><figcaption class=\"blocks-gallery-item__caption\">morcilla de Burgos<\/figcaption><\/figure><\/li><li class=\"blocks-gallery-item\"><figure><img loading=\"lazy\" decoding=\"async\" width=\"640\" height=\"480\" src=\"https:\/\/www.unioviedo.es\/aei\/wp-content\/uploads\/2020\/05\/ponche_segoviano.jpg\" alt=\"ponche segoviano\" data-id=\"1681\" data-link=\"https:\/\/www.unioviedo.es\/aei\/consejeria-de-educacion-castilla-y-leon\/ponche_segoviano\/\" class=\"wp-image-1681\" srcset=\"https:\/\/www.unioviedo.es\/aei\/wp-content\/uploads\/2020\/05\/ponche_segoviano.jpg 640w, https:\/\/www.unioviedo.es\/aei\/wp-content\/uploads\/2020\/05\/ponche_segoviano-300x225.jpg 300w\" sizes=\"auto, (max-width: 640px) 100vw, 640px\" \/><figcaption class=\"blocks-gallery-item__caption\">ponche segoviano<\/figcaption><\/figure><\/li><li class=\"blocks-gallery-item\"><figure><img loading=\"lazy\" decoding=\"async\" width=\"883\" height=\"382\" src=\"https:\/\/www.unioviedo.es\/aei\/wp-content\/uploads\/2020\/05\/yemas_de_Avila.jpg\" alt=\"yemas de \u00c1vila\" data-id=\"1685\" data-link=\"https:\/\/www.unioviedo.es\/aei\/consejeria-de-educacion-castilla-y-leon\/yemas_de_avila\/\" class=\"wp-image-1685\" srcset=\"https:\/\/www.unioviedo.es\/aei\/wp-content\/uploads\/2020\/05\/yemas_de_Avila.jpg 883w, https:\/\/www.unioviedo.es\/aei\/wp-content\/uploads\/2020\/05\/yemas_de_Avila-300x130.jpg 300w, https:\/\/www.unioviedo.es\/aei\/wp-content\/uploads\/2020\/05\/yemas_de_Avila-768x332.jpg 768w\" sizes=\"auto, (max-width: 883px) 100vw, 883px\" \/><figcaption class=\"blocks-gallery-item__caption\">yemas de \u00c1vila<\/figcaption><\/figure><\/li><\/ul><\/figure>\n\n\n\n<p>M\u00e1s informaci\u00f3n sobre gastronom\u00eda de Castilla y Le\u00f3n: <a href=\"https:\/\/www.turismocastillayleon.com\/es\/gastronomia-enoturismo\/platos-tipicos\" target=\"_blank\" rel=\"noreferrer noopener\" aria-label=\" (abre en una nueva pesta\u00f1a)\">platos t\u00edpicos de Castilla y Le\u00f3n.<\/a><\/p>\n\n\n\n<ul class=\"wp-block-list\"><li><strong><em>Enoturismo<\/em><\/strong><\/li><\/ul>\n\n\n\n<p>En el\nmapa vitivin\u00edcola espa\u00f1ol, Castilla y Le\u00f3n ocupa un lugar privilegiado pues\nposee&nbsp;nueve<strong> <\/strong><strong>denominaciones de origen<\/strong><strong>:<\/strong> Ribera del Duero, Cigales, Rueda, Toro, Bierzo, Arlanza, Arribes,\nTierras de Le\u00f3n y Tierra del Vino de Zamora m\u00e1s varias denominaciones de vinos\nde calidad. <\/p>\n\n\n\n<figure class=\"wp-block-image\"><img loading=\"lazy\" decoding=\"async\" width=\"1000\" height=\"889\" src=\"https:\/\/www.unioviedo.es\/aei\/wp-content\/uploads\/2020\/05\/ruta_del_vino.jpg\" alt=\"Comarcas vitivin\u00edcolas de Castilla y Le\u00f3n\" class=\"wp-image-1682\" srcset=\"https:\/\/www.unioviedo.es\/aei\/wp-content\/uploads\/2020\/05\/ruta_del_vino.jpg 1000w, https:\/\/www.unioviedo.es\/aei\/wp-content\/uploads\/2020\/05\/ruta_del_vino-300x267.jpg 300w, https:\/\/www.unioviedo.es\/aei\/wp-content\/uploads\/2020\/05\/ruta_del_vino-768x683.jpg 768w\" sizes=\"auto, (max-width: 1000px) 100vw, 1000px\" \/><\/figure>\n\n\n\n<p>Hay unas 650 bodegas en Castilla y Le\u00f3n. Muchas de ellas se pueden visitar. (<a href=\"https:\/\/www.turismocastillayleon.com\/es\/gastronomia-enoturismo\/bodegas-visitables#ancestorContent=22691!ancestorAlias=turismocyl!onlyParent=false!locale=es_ES!proxia_mapTown=!country_proxia_mapTown=ES!state_proxia_mapTown=!minLat=43.273745870206!minLon=-1.\" target=\"_blank\" rel=\"noreferrer noopener\" aria-label=\" (abre en una nueva pesta\u00f1a)\">Ver bodegas visitables<\/a>).<\/p>\n\n\n\n<p>Castilla y Le\u00f3n es la regi\u00f3n espa\u00f1ola con mayor n\u00famero de Rutas del Vino Certificadas: <a rel=\"noreferrer noopener\" aria-label=\" (abre en una nueva pesta\u00f1a)\" href=\"https:\/\/www.wineroutesofspain.com\/ver\/4050\" target=\"_blank\">Ruta del Vino Arlanza<\/a>, <a rel=\"noreferrer noopener\" aria-label=\" (abre en una nueva pesta\u00f1a)\" href=\"https:\/\/www.rutadelvinoarribes.com\/\" target=\"_blank\">Ruta del Vino Arribes<\/a>, <a rel=\"noreferrer noopener\" aria-label=\" (abre en una nueva pesta\u00f1a)\" href=\"https:\/\/www.wineroutesofspain.com\/ver\/2604\" target=\"_blank\">Ruta del Vino Bierzo<\/a>, <a rel=\"noreferrer noopener\" aria-label=\" (abre en una nueva pesta\u00f1a)\" href=\"https:\/\/www.wineroutesofspain.com\/ver\/3473\" target=\"_blank\">Ruta del Vino Cigales<\/a>, <a rel=\"noreferrer noopener\" aria-label=\" (abre en una nueva pesta\u00f1a)\" href=\"https:\/\/www.wineroutesofspain.com\/ver\/2680\" target=\"_blank\">Ruta del Vino Ribera del Duero<\/a>, <a rel=\"noreferrer noopener\" aria-label=\" (abre en una nueva pesta\u00f1a)\" href=\"https:\/\/www.wineroutesofspain.com\/ver\/3257\" target=\"_blank\">Ruta del Vino Rueda<\/a>, <a rel=\"noreferrer noopener\" aria-label=\" (abre en una nueva pesta\u00f1a)\" href=\"https:\/\/www.wineroutesofspain.com\/ver\/4703\" target=\"_blank\">Ruta del Vino Sierra de Francia<\/a> y <a rel=\"noreferrer noopener\" aria-label=\" (abre en una nueva pesta\u00f1a)\" href=\"https:\/\/www.wineroutesofspain.com\/ver\/5382\" target=\"_blank\">Ruta del Vino Toro<\/a>.<\/p>\n\n\n\n<ul class=\"wp-block-list\"><li><strong><em>Fiestas de inter\u00e9s\ntur\u00edstico<\/em><\/strong><\/li><\/ul>\n\n\n\n<p>Cuenta tambi\u00e9n con m\u00e1s de un centenar de fiestas declaradas de inter\u00e9s tur\u00edstico regional, nacional e internacional, de las que sobresale la <a href=\"https:\/\/www.turismocastillayleon.com\/es\/semanasanta\" target=\"_blank\" rel=\"noreferrer noopener\" aria-label=\" (abre en una nueva pesta\u00f1a)\">Semana Santa<\/a>, una de las manifestaciones religiosas, culturales y populares con mayor arraigo y atractivo tur\u00edstico, y de las que Castilla y Le\u00f3n posee 8 de las 22 declaradas de inter\u00e9s tur\u00edstico internacional de toda Espa\u00f1a.<\/p>\n\n\n\n<figure class=\"wp-block-gallery columns-3 is-cropped wp-block-gallery-5 is-layout-flex wp-block-gallery-is-layout-flex\"><ul class=\"blocks-gallery-grid\"><li class=\"blocks-gallery-item\"><figure><img loading=\"lazy\" decoding=\"async\" width=\"500\" height=\"738\" src=\"https:\/\/www.unioviedo.es\/aei\/wp-content\/uploads\/2020\/05\/Semana_Santa_1.jpg\" alt=\"Semana Santa en Castilla y Le\u00f3n\" data-id=\"1713\" data-link=\"https:\/\/www.unioviedo.es\/aei\/semana_santa_1\/\" class=\"wp-image-1713\" srcset=\"https:\/\/www.unioviedo.es\/aei\/wp-content\/uploads\/2020\/05\/Semana_Santa_1.jpg 500w, https:\/\/www.unioviedo.es\/aei\/wp-content\/uploads\/2020\/05\/Semana_Santa_1-203x300.jpg 203w\" sizes=\"auto, (max-width: 500px) 100vw, 500px\" \/><\/figure><\/li><li class=\"blocks-gallery-item\"><figure><img loading=\"lazy\" decoding=\"async\" width=\"380\" height=\"390\" src=\"https:\/\/www.unioviedo.es\/aei\/wp-content\/uploads\/2020\/05\/Semana_Santa_3.jpg\" alt=\"Semana Santa en Castilla y Le\u00f3n\" data-id=\"1712\" data-link=\"https:\/\/www.unioviedo.es\/aei\/semana_santa_3\/\" class=\"wp-image-1712\" srcset=\"https:\/\/www.unioviedo.es\/aei\/wp-content\/uploads\/2020\/05\/Semana_Santa_3.jpg 380w, https:\/\/www.unioviedo.es\/aei\/wp-content\/uploads\/2020\/05\/Semana_Santa_3-292x300.jpg 292w\" sizes=\"auto, (max-width: 380px) 100vw, 380px\" \/><\/figure><\/li><li class=\"blocks-gallery-item\"><figure><img loading=\"lazy\" decoding=\"async\" width=\"378\" height=\"378\" src=\"https:\/\/www.unioviedo.es\/aei\/wp-content\/uploads\/2020\/05\/Semana_Santa_2.jpg\" alt=\"Semana Santa en Castilla y Le\u00f3n\" data-id=\"1711\" data-link=\"https:\/\/www.unioviedo.es\/aei\/semana_santa_2\/\" class=\"wp-image-1711\" srcset=\"https:\/\/www.unioviedo.es\/aei\/wp-content\/uploads\/2020\/05\/Semana_Santa_2.jpg 378w, https:\/\/www.unioviedo.es\/aei\/wp-content\/uploads\/2020\/05\/Semana_Santa_2-150x150.jpg 150w, https:\/\/www.unioviedo.es\/aei\/wp-content\/uploads\/2020\/05\/Semana_Santa_2-300x300.jpg 300w\" sizes=\"auto, (max-width: 378px) 100vw, 378px\" \/><\/figure><\/li><\/ul><\/figure>\n\n\n\n<figure class=\"wp-block-video\"><video height=\"486\" style=\"aspect-ratio: 864 \/ 486;\" width=\"864\" controls src=\"https:\/\/www.unioviedo.es\/aei\/wp-content\/uploads\/2021\/05\/Castilla_y_Leon.mp4\"><\/video><\/figure>\n\n\n\n<ul class=\"wp-block-list\"><li><strong><em>M\u00e1s informaci\u00f3n sobre el patrimonio cultural de Castilla y Le\u00f3n:<\/em><\/strong><ul><li><a rel=\"noreferrer noopener\" aria-label=\"Turismo de Castilla y Le\u00f3n (abre en una nueva pesta\u00f1a)\" href=\"https:\/\/www.turismocastillayleon.com\/es\" target=\"_blank\">Turismo de Castilla y Le\u00f3n<\/a><\/li><li><a rel=\"noreferrer noopener\" aria-label=\"Proyectos europeos sobre el patrimonio cultural de Castilla y Le\u00f3n (abre en una nueva pesta\u00f1a)\" href=\"https:\/\/patrimoniocultural.jcyl.es\/web\/jcyl\/PatrimonioCultural\/es\/Plantilla100\/1284393416130\/_\/_\/_\" target=\"_blank\">Proyectos europeos sobre el patrimonio cultural de Castilla y Le\u00f3n<\/a><\/li><\/ul><\/li><\/ul>\n","protected":false},"excerpt":{"rendered":"<p>Patrimonio educativo\/cultural > Consejer\u00eda de Educaci\u00f3n. Castilla y Le\u00f3n. Espa\u00f1a Im\u00e1genes de algunos de los lugares visitados durante las jornadas de formaci\u00f3n en Castilla y Le\u00f3n Informaci\u00f3n sobre la riqueza cultural de Castilla y Le\u00f3n Castilla y Le\u00f3n es&nbsp;una de&#8230; <a href=\"https:\/\/www.unioviedo.es\/aei\/consejeria-de-educacion-castilla-y-leon\/\" class=\"readmore\">Leer m\u00e1s<span class=\"screen-reader-text\">Consejer\u00eda de Educaci\u00f3n. Castilla y Le\u00f3n<\/span><span class=\"fa fa-angle-double-right\" aria-hidden=\"true\"><\/span><\/a><\/p>\n","protected":false},"author":1,"featured_media":0,"parent":0,"menu_order":0,"comment_status":"closed","ping_status":"closed","template":"","meta":{"footnotes":""},"class_list":["post-1105","page","type-page","status-publish","hentry"],"_links":{"self":[{"href":"https:\/\/www.unioviedo.es\/aei\/wp-json\/wp\/v2\/pages\/1105","targetHints":{"allow":["GET"]}}],"collection":[{"href":"https:\/\/www.unioviedo.es\/aei\/wp-json\/wp\/v2\/pages"}],"about":[{"href":"https:\/\/www.unioviedo.es\/aei\/wp-json\/wp\/v2\/types\/page"}],"author":[{"embeddable":true,"href":"https:\/\/www.unioviedo.es\/aei\/wp-json\/wp\/v2\/users\/1"}],"replies":[{"embeddable":true,"href":"https:\/\/www.unioviedo.es\/aei\/wp-json\/wp\/v2\/comments?post=1105"}],"version-history":[{"count":0,"href":"https:\/\/www.unioviedo.es\/aei\/wp-json\/wp\/v2\/pages\/1105\/revisions"}],"wp:attachment":[{"href":"https:\/\/www.unioviedo.es\/aei\/wp-json\/wp\/v2\/media?parent=1105"}],"curies":[{"name":"wp","href":"https:\/\/api.w.org\/{rel}","templated":true}]}}