{"id":30,"date":"2019-12-12T14:43:44","date_gmt":"2019-12-12T13:43:44","guid":{"rendered":"https:\/\/www.unioviedo.es\/aei\/?page_id=30"},"modified":"2022-07-04T12:40:39","modified_gmt":"2022-07-04T10:40:39","slug":"universidad-de-oviedo-espana","status":"publish","type":"page","link":"https:\/\/www.unioviedo.es\/aei\/universidad-de-oviedo-espana\/","title":{"rendered":"Universidad de Oviedo (Espa\u00f1a)"},"content":{"rendered":"\n<p><a href=\"https:\/\/www.unioviedo.es\/aei\/acerca-de\/\">Acerca de<\/a> &gt; <a href=\"https:\/\/www.unioviedo.es\/aei\/miembros\/\">Miembros<\/a> &gt; <a href=\"https:\/\/www.unioviedo.es\/aei\/universidad-de-oviedo-espana\/\">Universidad de Oviedo<\/a><\/p>\n\n\n\n<p><a href=\"http:\/\/www.uniovi.es\/\" target=\"_blank\" rel=\"noreferrer noopener\">www.uniovi.es<\/a><\/p>\n\n\n\n<figure class=\"wp-block-gallery columns-1 is-cropped wp-block-gallery-1 is-layout-flex wp-block-gallery-is-layout-flex\"><ul class=\"blocks-gallery-grid\"><li class=\"blocks-gallery-item\"><figure><img loading=\"lazy\" decoding=\"async\" width=\"721\" height=\"488\" src=\"https:\/\/www.unioviedo.es\/aei\/wp-content\/uploads\/2020\/01\/Oviedo-1.jpg\" alt=\"Universidad de Oviedo\" data-id=\"591\" class=\"wp-image-591\" srcset=\"https:\/\/www.unioviedo.es\/aei\/wp-content\/uploads\/2020\/01\/Oviedo-1.jpg 721w, https:\/\/www.unioviedo.es\/aei\/wp-content\/uploads\/2020\/01\/Oviedo-1-300x203.jpg 300w\" sizes=\"auto, (max-width: 721px) 100vw, 721px\" \/><figcaption class=\"blocks-gallery-item__caption\">Universidad de Oviedo (Espa\u00f1a)<\/figcaption><\/figure><\/li><\/ul><\/figure>\n\n\n\n<h3 class=\"wp-block-heading\"><strong>\u00bfQui\u00e9nes somos?<\/strong><\/h3>\n\n\n\n<p>La\nUniversidad de Oviedo es una instituci\u00f3n estatal p\u00fablica situada en Asturias,\nal norte de Espa\u00f1a, que se dedica a ense\u00f1ar e investigar. Tiene m\u00e1s de 400 a\u00f1os\nde historia.<\/p>\n\n\n\n<p>La Universidad de Oviedo juega un papel crucial en la planificaci\u00f3n y gesti\u00f3n de la cultura y la formaci\u00f3n en la regi\u00f3n de Asturias, que sufre el envejecimiento de su poblaci\u00f3n, altas tasas de desempleo y el persistente desaf\u00edo social de las personas desfavorecidas (retos similares a los que se enfrenta el resto de Espa\u00f1a y Europa).<\/p>\n\n\n\n<p>Ha\nsido una de las primeras nueve Universidades en obtener el sello como Campus de\nExcelencia Internacional. <\/p>\n\n\n\n<p>Est\u00e1\nformada por 17 facultades y 38 departamentos. Tambi\u00e9n cuenta con instalaciones\ndeportivas, \u00e1reas verdes y espacios de socializaci\u00f3n para fomentar un estilo de\nvida saludable entre los estudiantes.<\/p>\n\n\n\n<p>M\u00e1s\nde 24.000 estudiantes y 2.000 maestros desarrollan su trabajo en esta\ninstituci\u00f3n. <\/p>\n\n\n\n<p>La\nUniversidad de Oviedo realiza el 80% de la investigaci\u00f3n regional. Cuenta con\n13 institutos y centros de investigaci\u00f3n y m\u00e1s de 100 grupos y equipos de\ninvestigaci\u00f3n acreditados por la Agencia Nacional para la Evaluaci\u00f3n de la\nCalidad y Acreditaci\u00f3n (<a href=\"http:\/\/www.ciencia.gob.es\/portal\/site\/MICINN\/menuitem.7eeac5cd345b4f34f09dfd1001432ea0\/?vgnextoid=bce4f6c0b37b4610VgnVCM1000001d04140aRCRD\">ANECA<\/a>).<\/p>\n\n\n\n<p>Uno de los grupos de investigaci\u00f3n de la Universidad de Oviedo es <a href=\"https:\/\/zintac.grupos.uniovi.es\/inicio\">ZINTAC <em>(\u00abTeaching and Curriculum Group\u00bb)<\/em>,<\/a> que ha dise\u00f1ado este proyecto. Se encuadra en el Departamento de Ciencias de la Educaci\u00f3n, que tiene su sede en la Facultad de Formaci\u00f3n del Profesorado y Educaci\u00f3n. Sus miembros han acumulado una importante experiencia en la formaci\u00f3n y planificaci\u00f3n de programas educativos en todos los niveles educativos, proyectos nacionales y europeos y la coordinaci\u00f3n de diversos planes y proyectos de movilidad Erasmus. <\/p>\n\n\n\n<h3 class=\"wp-block-heading\"><strong>\u00bfD\u00f3nde estamos?<\/strong><\/h3>\n\n\n\n<p>La Universidad de Oviedo se encuentra al norte de Espa\u00f1a, en el Principado de Asturias. <\/p>\n\n\n\n<iframe loading=\"lazy\" src=\"https:\/\/www.google.com\/maps\/embed?pb=!1m18!1m12!1m3!1d39035.781608966536!2d-5.8352627408206175!3d43.34875076411434!2m3!1f0!2f0!3f0!3m2!1i1024!2i768!4f13.1!3m3!1m2!1s0xd368d1d7cf7aa7d%3A0xadc2f27b2a87f9dc!2sUniversidad%20de%20Oviedo!5e0!3m2!1ses!2ses!4v1588326146824!5m2!1ses!2ses\" style=\"border:0;\" allowfullscreen=\"\" aria-hidden=\"false\" tabindex=\"0\" width=\"800\" height=\"600\" frameborder=\"0\"><\/iframe>\n\n\n\n<p>Tiene Campus en tres ciudades de Asturias: Oviedo, Gij\u00f3n y Mieres.<\/p>\n\n\n\n<iframe loading=\"lazy\" src=\"https:\/\/www.google.com\/maps\/d\/embed?mid=1pyeEYHVSfjOeWZvaIi72fi2x8KxidLDF&amp;hl=es\" width=\"640\" height=\"480\"><\/iframe>\n\n\n\n<h3 class=\"wp-block-heading\"><strong>Actividades y servicios <\/strong><\/h3>\n\n\n\n<p><strong><em>Educaci\u00f3n\ny Formaci\u00f3n<\/em><\/strong><\/p>\n\n\n\n<p>La\nUniversidad de Oviedo ofrece al estudiante un amplio cat\u00e1logo de titulaciones\nde grado adaptadas al Espacio Europeo de Educaci\u00f3n Superior, una renovada\noferta de postgrados y la posibilidad de iniciarse en la investigaci\u00f3n de\nexcelencia a trav\u00e9s de doctorados de alta calidad. Adem\u00e1s, dispone de una\nvariada oferta de cursos de extensi\u00f3n universitaria y aulas especializadas, formaci\u00f3n\nen idiomas y un completo programa para mayores.<\/p>\n\n\n\n<p>Entre\nsus muchas actividades, la Universidad tiene el Programa dirigido a personas\nmayores denominado <a href=\"http:\/\/www.uniovi.es\/estudios\/pumuo\">PUMUO<\/a> <\/p>\n\n\n\n<p><strong><em>Investigaci\u00f3n<\/em><\/strong><\/p>\n\n\n\n<p>La Universidad de Oviedo cuenta con servicios y equipamientos punteros para facilitar la transferencia de conocimiento hacia el tejido productivo. El personal docente e investigador de la universidad constituye grupos de investigaci\u00f3n para desarrollar su actividad investigadora <a href=\"https:\/\/zintac.grupos.uniovi.es\/inicio\">ZINTAC <em>(Teaching and Curriculum Group<\/em><\/a> ). La universidad tiene varias l\u00edneas de especializaci\u00f3n en: Energ\u00eda, Medio Ambiente, Cambio Clim\u00e1tico, Biomedicina y Salud, que han hecho crecer sus proyectos con empresas e instituciones internacionales. Entre 2009 y 2018 se han postulado m\u00e1s de 200 proyectos en convocatorias europeas.<\/p>\n\n\n\n<p><strong><em>Internacionalizaci\u00f3n<\/em><\/strong><\/p>\n\n\n\n<p>La\nUniversidad de Oviedo da prioridad a la internacionalizaci\u00f3n como clave para la\nmodernizaci\u00f3n, y ha suscrito m\u00e1s de 1.000 acuerdos internacionales. En el curso\n2017\/2018 recibi\u00f3 a m\u00e1s de 750 estudiantes de 212 instituciones de todo el\nmundo y envi\u00f3 a m\u00e1s de 800 estudiantes al extranjero.<\/p>\n\n\n\n<p>Entre\nsus puntos m\u00e1s fuertes cuenta con el Plan de Biling\u00fcismo, al disponer de<a href=\"https:\/\/www.uniovi.es\/estudios\/grados\/idiomas\"> Grados\nBiling\u00fces<\/a>, <a href=\"https:\/\/www.uniovi.es\/estudios\/masteres\">M\u00e1steres\nInternacionales<\/a>, <a href=\"https:\/\/www.uniovi.es\/internacional\/estudiantes\/programas\">M\u00e1steres\nErasmus Mundus<\/a> y <a href=\"https:\/\/www.uniovi.es\/estudios\/grados\/doblesgrados\">Dobles\nGrados<\/a> (Administraci\u00f3n\ny Direcci\u00f3n de Empresas y Derecho, F\u00edsica y Matem\u00e1ticas, e Ingenier\u00eda Civil y\nde los Recursos Mineros y Energ\u00e9ticos), as\u00ed como una amplia oferta acad\u00e9mica de\nasignaturas de <a href=\"https:\/\/www.uniovi.es\/documents\/31582\/237180\/List+of+subjects+in+English+%28degree%29.pdf\/915eca22-c97e-4490-ac4c-fd4dcbd709c5\">grado<\/a> y <a href=\"https:\/\/www.uniovi.es\/documents\/31582\/237180\/List+of+subjects+in+English+%28master%29.pdf\/3bde14ae-2482-41b8-8e92-0e7302cac461\">m\u00e1ster<\/a> en ingl\u00e9s.<\/p>\n\n\n\n<p>La\nUniversidad de Oviedo tiene una escuela de idiomas espec\u00edfica denominada <a href=\"https:\/\/lacasadelaslenguas.uniovi.es\/\">Casa de las Lenguas<\/a>, que ofrece cursos de varios\nidiomas, incluyendo varios niveles de Cursos de<a href=\"http:\/\/lacasadelaslenguas.uniovi.es\/cursosespanyol\"> Espa\u00f1ol para\nExtranjeros<\/a>. Se inscriben 850 estudiantes en todo el mundo por a\u00f1o.<\/p>\n\n\n\n<p><strong><em>Empleabilidad<\/em><\/strong><\/p>\n\n\n\n<p>La\nUniversidad de Oviedo trabaja para la empleabilidad a trav\u00e9s de su agencia de\ncolocaci\u00f3n (Getting a Job) que presta sus servicios de intermediaci\u00f3n laboral\nde forma totalmente gratuita, tanto para las empresas como para los demandantes\nde empleo (estudiantes y titulados).<\/p>\n\n\n\n<h3 class=\"wp-block-heading\"><strong>Participantes en el proyecto<\/strong><\/h3>\n\n\n\n<p><strong>Grupo de investigaci\u00f3n ZINTAC: <\/strong>M\u00aa \u00c1ngeles Pascual, Beatriz Sierra, Marta Garc\u00eda, Susana Molina y Javier Fombona (Coordinador del proyecto).<\/p>\n\n\n\n<figure class=\"wp-block-gallery columns-1 is-cropped wp-block-gallery-2 is-layout-flex wp-block-gallery-is-layout-flex\"><ul class=\"blocks-gallery-grid\"><li class=\"blocks-gallery-item\"><figure><img loading=\"lazy\" decoding=\"async\" width=\"1024\" height=\"681\" src=\"https:\/\/www.unioviedo.es\/aei\/wp-content\/uploads\/2020\/05\/uniovi_participantes-1024x681.jpg\" alt=\"Miembros de la Universidad de Oviedo participantes en el proyecto Erasmus+ aei\" data-id=\"1671\" class=\"wp-image-1671\" srcset=\"https:\/\/www.unioviedo.es\/aei\/wp-content\/uploads\/2020\/05\/uniovi_participantes.jpg 1024w, https:\/\/www.unioviedo.es\/aei\/wp-content\/uploads\/2020\/05\/uniovi_participantes-300x200.jpg 300w, https:\/\/www.unioviedo.es\/aei\/wp-content\/uploads\/2020\/05\/uniovi_participantes-768x511.jpg 768w\" sizes=\"auto, (max-width: 1024px) 100vw, 1024px\" \/><figcaption class=\"blocks-gallery-item__caption\">Miembros de la Universidad de Oviedo (Espa\u00f1a)<\/figcaption><\/figure><\/li><\/ul><\/figure>\n\n\n\n<p>El\ngrupo de investigaci\u00f3n ZINTAC \u00abTeaching and Curriculum Group\u00bb ha\ndise\u00f1ado este proyecto y se encarga de su coordinaci\u00f3n. Se encuadra en el\nDepartamento de Ciencias de la Educaci\u00f3n y est\u00e1 dirigido por la profesora M\u00aa.\n\u00c1ngeles Pascual. Est\u00e1 formado por cinco investigadores cient\u00edficos, con una\namplia experiencia en investigaci\u00f3n (m\u00e1s de 100 publicaciones en los \u00faltimos 5\na\u00f1os) y docencia (19 a\u00f1os de experiencia docente en promedio). Todos los\nmiembros de este grupo trabajan en la Facultad de Formaci\u00f3n del Profesorado y\nEducaci\u00f3n y forman un equipo s\u00f3lido y multidisciplinar. En este grupo de\ninvestigaci\u00f3n sus miembros han acumulado una importante experiencia en la\nformaci\u00f3n y planificaci\u00f3n de programas educativos en todos los niveles\neducativos, proyectos nacionales y europeos y la coordinaci\u00f3n de diversos\nplanes y proyectos de movilidad Erasmus.<\/p>\n\n\n\n<p>Tambi\u00e9n\nofrecen capacitaci\u00f3n en Tecnolog\u00edas de la Informaci\u00f3n y la Comunicaci\u00f3n (TIC),\nidiomas extranjeros, competencias e inclusi\u00f3n con personas adultas. <\/p>\n\n\n\n<p>ZINTAC es miembro de numerosas redes y coopera con otros prestigiosos equipos de investigaci\u00f3n europeos, latinoamericanos y espa\u00f1oles para abordar proyectos desde diferentes puntos de vista, llegando as\u00ed a un enfoque global e integrador. Este grupo es sensible al contexto con el envejecimiento de la poblaci\u00f3n y la situaci\u00f3n de vulnerabilidad de algunas personas, adem\u00e1s de estar muy preocupado por la capacitaci\u00f3n de adultos. <\/p>\n\n\n\n<p>Sus\nprincipales l\u00edneas de investigaci\u00f3n son:<\/p>\n\n\n\n<ul class=\"wp-block-list\"><li>Tecnolog\u00eda avanzada e innovaci\u00f3n en contextos sociales, educativos y laborales.<\/li><li>Ciudadan\u00eda activa y educaci\u00f3n inclusiva.<\/li><li>Formaci\u00f3n en competencias b\u00e1sicas para la carrera docente.<\/li><\/ul>\n\n\n\n<p>Sobre <em>Javier Fombona, coordinador del proyecto:<\/em><\/p>\n\n\n\n<ul class=\"wp-block-list\"><li>Doctor en Ciencias de la Comunicaci\u00f3n, y en Filosof\u00eda y Ciencias de la Educaci\u00f3n. <\/li><li>Experto en nuevas tecnolog\u00edas y audiovisuales.<\/li><li>Ejerce como profesor e investigador. <\/li><li>Fue Vicedecano de Internacionalizaci\u00f3n y ahora es miembro del Comit\u00e9 de Innovaci\u00f3n de la Universidad. <\/li><li>Ha generado y gestionado m\u00e1s de 60 acuerdos Erasmus. <\/li><li>Fue profesor para adultos en el Programa PUMUO. <\/li><li>Ha publicado 4 libros, 30 cap\u00edtulos y m\u00e1s de 100 art\u00edculos cient\u00edficos relacionados con TIC y educaci\u00f3n. Ha supervisado y participado en 25 proyectos de investigaci\u00f3n e innovaci\u00f3n. Tambi\u00e9n tiene experiencia en el campo de los recursos multimedia y las plataformas educativas. Ha actuado como profesor invitado en instituciones de Brasil, Inglaterra, M\u00e9xico, Portugal, EEUU, Rep\u00fablica Checa, etc.<\/li><\/ul>\n\n\n\n<figure class=\"wp-block-gallery columns-1 is-cropped wp-block-gallery-3 is-layout-flex wp-block-gallery-is-layout-flex\"><ul class=\"blocks-gallery-grid\"><li class=\"blocks-gallery-item\"><figure><img loading=\"lazy\" decoding=\"async\" width=\"1024\" height=\"682\" src=\"https:\/\/www.unioviedo.es\/aei\/wp-content\/uploads\/2021\/10\/Ciechanow_Asturias-1024x682.jpeg\" alt=\"Universidad de Oviedo en Ciechanow (Polonia)\" data-id=\"2095\" data-full-url=\"https:\/\/www.unioviedo.es\/aei\/wp-content\/uploads\/2021\/10\/Ciechanow_Asturias.jpeg\" data-link=\"https:\/\/www.unioviedo.es\/aei\/ciechanow_asturias\/\" class=\"wp-image-2095\" srcset=\"https:\/\/www.unioviedo.es\/aei\/wp-content\/uploads\/2021\/10\/Ciechanow_Asturias-1024x682.jpeg 1024w, https:\/\/www.unioviedo.es\/aei\/wp-content\/uploads\/2021\/10\/Ciechanow_Asturias-300x200.jpeg 300w, https:\/\/www.unioviedo.es\/aei\/wp-content\/uploads\/2021\/10\/Ciechanow_Asturias-768x512.jpeg 768w, https:\/\/www.unioviedo.es\/aei\/wp-content\/uploads\/2021\/10\/Ciechanow_Asturias-1536x1023.jpeg 1536w, https:\/\/www.unioviedo.es\/aei\/wp-content\/uploads\/2021\/10\/Ciechanow_Asturias.jpeg 1600w\" sizes=\"auto, (max-width: 1024px) 100vw, 1024px\" \/><figcaption class=\"blocks-gallery-item__caption\">Universidad de Oviedo en Ciechanow (Polonia)<\/figcaption><\/figure><\/li><\/ul><\/figure>\n\n\n\n<figure class=\"wp-block-gallery columns-1 is-cropped wp-block-gallery-4 is-layout-flex wp-block-gallery-is-layout-flex\"><ul class=\"blocks-gallery-grid\"><li class=\"blocks-gallery-item\"><figure><img loading=\"lazy\" decoding=\"async\" width=\"1024\" height=\"765\" src=\"https:\/\/www.unioviedo.es\/aei\/wp-content\/uploads\/2022\/04\/Padua-Asturias-1024x765.webp\" alt=\"\" data-id=\"2316\" data-full-url=\"https:\/\/www.unioviedo.es\/aei\/wp-content\/uploads\/2022\/04\/Padua-Asturias.webp\" data-link=\"https:\/\/www.unioviedo.es\/aei\/universidad-de-oviedo-espana\/padua-asturias\/\" class=\"wp-image-2316\" srcset=\"https:\/\/www.unioviedo.es\/aei\/wp-content\/uploads\/2022\/04\/Padua-Asturias-1024x765.webp 1024w, https:\/\/www.unioviedo.es\/aei\/wp-content\/uploads\/2022\/04\/Padua-Asturias-300x224.webp 300w, https:\/\/www.unioviedo.es\/aei\/wp-content\/uploads\/2022\/04\/Padua-Asturias-768x574.webp 768w, https:\/\/www.unioviedo.es\/aei\/wp-content\/uploads\/2022\/04\/Padua-Asturias-1536x1148.webp 1536w, https:\/\/www.unioviedo.es\/aei\/wp-content\/uploads\/2022\/04\/Padua-Asturias.webp 1600w\" sizes=\"auto, (max-width: 1024px) 100vw, 1024px\" \/><figcaption class=\"blocks-gallery-item__caption\">Universidad de Oviedo en Padua (Italia)<\/figcaption><\/figure><\/li><\/ul><\/figure>\n\n\n\n<figure class=\"wp-block-gallery columns-1 is-cropped wp-block-gallery-5 is-layout-flex wp-block-gallery-is-layout-flex\"><ul class=\"blocks-gallery-grid\"><li class=\"blocks-gallery-item\"><figure><img loading=\"lazy\" decoding=\"async\" width=\"1024\" height=\"941\" src=\"https:\/\/www.unioviedo.es\/aei\/wp-content\/uploads\/2022\/05\/Universidad-de-Oviedo-en-Finlandia-1024x941.webp\" alt=\"Universidad de Oviedo en Borg\u00e5 (Finlandia)\" data-id=\"2473\" data-full-url=\"https:\/\/www.unioviedo.es\/aei\/wp-content\/uploads\/2022\/05\/Universidad-de-Oviedo-en-Finlandia.webp\" data-link=\"https:\/\/www.unioviedo.es\/aei\/universidad-de-oviedo-en-finlandia\/\" class=\"wp-image-2473\" srcset=\"https:\/\/www.unioviedo.es\/aei\/wp-content\/uploads\/2022\/05\/Universidad-de-Oviedo-en-Finlandia-1024x941.webp 1024w, https:\/\/www.unioviedo.es\/aei\/wp-content\/uploads\/2022\/05\/Universidad-de-Oviedo-en-Finlandia-300x276.webp 300w, https:\/\/www.unioviedo.es\/aei\/wp-content\/uploads\/2022\/05\/Universidad-de-Oviedo-en-Finlandia-768x706.webp 768w, https:\/\/www.unioviedo.es\/aei\/wp-content\/uploads\/2022\/05\/Universidad-de-Oviedo-en-Finlandia.webp 1066w\" sizes=\"auto, (max-width: 1024px) 100vw, 1024px\" \/><figcaption class=\"blocks-gallery-item__caption\">Universidad de Oviedo en Borg\u00e5 (Finlandia)<\/figcaption><\/figure><\/li><\/ul><\/figure>\n\n\n\n<figure class=\"wp-block-gallery columns-1 is-cropped wp-block-gallery-6 is-layout-flex wp-block-gallery-is-layout-flex\"><ul class=\"blocks-gallery-grid\"><li class=\"blocks-gallery-item\"><figure><img loading=\"lazy\" decoding=\"async\" width=\"1024\" height=\"766\" src=\"https:\/\/www.unioviedo.es\/aei\/wp-content\/uploads\/2022\/07\/2022_06-Asturias.webp\" alt=\"Universidad de Oviedo en Medina del Campo (Espa\u00f1a)\" data-id=\"2627\" data-full-url=\"https:\/\/www.unioviedo.es\/aei\/wp-content\/uploads\/2022\/07\/2022_06-Asturias.webp\" data-link=\"https:\/\/www.unioviedo.es\/aei\/2022_06-asturias\/\" class=\"wp-image-2627\" srcset=\"https:\/\/www.unioviedo.es\/aei\/wp-content\/uploads\/2022\/07\/2022_06-Asturias.webp 1024w, https:\/\/www.unioviedo.es\/aei\/wp-content\/uploads\/2022\/07\/2022_06-Asturias-300x224.webp 300w, https:\/\/www.unioviedo.es\/aei\/wp-content\/uploads\/2022\/07\/2022_06-Asturias-768x575.webp 768w\" sizes=\"auto, (max-width: 1024px) 100vw, 1024px\" \/><figcaption class=\"blocks-gallery-item__caption\">Universidad de Oviedo en Medina del Campo (Espa\u00f1a)<\/figcaption><\/figure><\/li><\/ul><\/figure>\n","protected":false},"excerpt":{"rendered":"<p>Acerca de &gt; Miembros &gt; Universidad de Oviedo www.uniovi.es \u00bfQui\u00e9nes somos? La Universidad de Oviedo es una instituci\u00f3n estatal p\u00fablica situada en Asturias, al norte de Espa\u00f1a, que se dedica a ense\u00f1ar e investigar. Tiene m\u00e1s de 400 a\u00f1os de&#8230; <a href=\"https:\/\/www.unioviedo.es\/aei\/universidad-de-oviedo-espana\/\" class=\"readmore\">Leer m\u00e1s<span class=\"screen-reader-text\">Universidad de Oviedo (Espa\u00f1a)<\/span><span class=\"fa fa-angle-double-right\" aria-hidden=\"true\"><\/span><\/a><\/p>\n","protected":false},"author":1,"featured_media":0,"parent":0,"menu_order":0,"comment_status":"closed","ping_status":"closed","template":"","meta":{"footnotes":""},"class_list":["post-30","page","type-page","status-publish","hentry"],"_links":{"self":[{"href":"https:\/\/www.unioviedo.es\/aei\/wp-json\/wp\/v2\/pages\/30","targetHints":{"allow":["GET"]}}],"collection":[{"href":"https:\/\/www.unioviedo.es\/aei\/wp-json\/wp\/v2\/pages"}],"about":[{"href":"https:\/\/www.unioviedo.es\/aei\/wp-json\/wp\/v2\/types\/page"}],"author":[{"embeddable":true,"href":"https:\/\/www.unioviedo.es\/aei\/wp-json\/wp\/v2\/users\/1"}],"replies":[{"embeddable":true,"href":"https:\/\/www.unioviedo.es\/aei\/wp-json\/wp\/v2\/comments?post=30"}],"version-history":[{"count":0,"href":"https:\/\/www.unioviedo.es\/aei\/wp-json\/wp\/v2\/pages\/30\/revisions"}],"wp:attachment":[{"href":"https:\/\/www.unioviedo.es\/aei\/wp-json\/wp\/v2\/media?parent=30"}],"curies":[{"name":"wp","href":"https:\/\/api.w.org\/{rel}","templated":true}]}}