{"id":34,"date":"2019-12-12T14:43:45","date_gmt":"2019-12-12T13:43:45","guid":{"rendered":"https:\/\/www.unioviedo.es\/aei\/?page_id=34"},"modified":"2020-04-17T18:19:45","modified_gmt":"2020-04-17T16:19:45","slug":"red-internacional","status":"publish","type":"page","link":"https:\/\/www.unioviedo.es\/aei\/red-internacional\/","title":{"rendered":"Red internacional"},"content":{"rendered":"\n<p><a href=\"https:\/\/www.unioviedo.es\/aei\/educacion-de-adultos\/\">Educaci\u00f3n de adultos<\/a> &gt; <a href=\"https:\/\/www.unioviedo.es\/aei\/red-internacional\/\">Red internacional<\/a><\/p>\n\n\n\n<h4 class=\"wp-block-heading\"><em>Red internacional para apoyar las pr\u00e1cticas de empleo e inclusi\u00f3n.<\/em><\/h4>\n\n\n\n<h1 class=\"wp-block-heading\"><em><strong>Europa<\/strong><\/em><\/h1>\n\n\n\n<h2 class=\"wp-block-heading\">Albania<\/h2>\n\n\n\n<p><strong><a rel=\"noreferrer noopener\" aria-label=\"Agencia Nacional de Formaci\u00f3n Profesional y Formaci\u00f3n y Cualificaciones (abre en una nueva pesta\u00f1a)\" href=\"http:\/\/www.akafp.gov.al\/\" target=\"_blank\">Agencia Nacional de Formaci\u00f3n Profesional y Formaci\u00f3n y Cualificaciones<\/a><\/strong><br><em>Revisa el registro nacional de  las profesiones, las cualificaciones, los niveles y las normas  pertinentes; desarrolla y revisa los planes de estudio del marco de  cualificaciones profesionales. Acredita a los centros de Formaci\u00f3n Profesional para las cualificaciones profesionales y emite certificados de cualificaci\u00f3n profesional de las personas.<\/em><\/p>\n\n\n\n<h2 class=\"wp-block-heading\">Alemania<\/h2>\n\n\n\n<p><strong><a rel=\"noreferrer noopener\" aria-label=\"Agencia Nacional de Educaci\u00f3n para Europa (abre en una nueva pesta\u00f1a)\" href=\"https:\/\/www.na-bibb.de\/\" target=\"_blank\">Agencia Nacional de Educaci\u00f3n para Europa<\/a> <\/strong> <br><strong>Instituto Federal Aleman de Formaci\u00f3n Profesional (NA del BIBB)<\/strong><br><em>Responsables de la aplicaci\u00f3n del programa educativo europeo Erasmus+ en la formaci\u00f3n profesional y la educaci\u00f3n para adultos.<\/em> <br><strong><a rel=\"noreferrer noopener\" href=\"https:\/\/www.dvv-international.de\/es\/\" target=\"_blank\">DVV International<\/a><\/strong> <br><strong>Instituto de Cooperaci\u00f3n  Internacional de la Asociaci\u00f3n Alemana para la Educaci\u00f3n de Adultos  (Deutscher Volkshochschul-Verband e.V., DVV)<\/strong><br><em>Apoya en todo el mundo la creaci\u00f3n y expansi\u00f3n de estructuras sostenibles para la educaci\u00f3n de j\u00f3venes y adultos. El Instituto coopera con m\u00e1s de 200 socios en m\u00e1s de 30 pa\u00edses de \u00c1frica, Asia, Latinoam\u00e9rica y Europa.<\/em>   <br><strong><a rel=\"noreferrer noopener\" href=\"https:\/\/www.make-it-in-germany.com\/de\/\" target=\"_blank\">Asociaci\u00f3n Alemana para la Educaci\u00f3n de Adultos (VHS)<\/a><\/strong><br><em>Centros p\u00fablicos para la formaci\u00f3n y formaci\u00f3n continua de adultos  que ofrecen cursos econ\u00f3micos y eventos sobre temas variados y est\u00e1 abierto a todos los interesados.<\/em>  <\/p>\n\n\n\n<h2 class=\"wp-block-heading\">Austria<\/h2>\n\n\n\n<p><strong><a rel=\"noreferrer noopener\" aria-label=\"OEAD National Agency Erasmus+ Education (abre en una nueva pesta\u00f1a)\" href=\"https:\/\/bildung.erasmusplus.at\/de\/erwachsenenbildung\/\" target=\"_blank\">OEAD National Agency Erasmus+ Education<\/a><\/strong><br><em>Los principales objetivos de la educaci\u00f3n y la formaci\u00f3n de adultos son la mejora del acceso y la provisi\u00f3n de oportunidades de aprendizaje a lo largo de toda la vida, con especial consideraci\u00f3n de los grupos desfavorecidos.<\/em> <br><strong><a rel=\"noreferrer noopener\" href=\"https:\/\/www.vhs.at\/de\" target=\"_blank\">VHS Asociaci\u00f3n de Educaci\u00f3n de Adultos de Viena<\/a><\/strong><br><em>Organici\u00f3n sin \u00e1nimo de lucro. Los colegios de la comunidad de Viena est\u00e1n situados en zonas centricas para la  formaci\u00f3n y la educaci\u00f3n en la ciudad y hacen una contribuci\u00f3n significativa a la formaci\u00f3n permanente.<\/em>  <br><strong><a rel=\"noreferrer noopener\" href=\"https:\/\/www.gobiernodecanarias.org\/educacion\/web\/adultos\/informacion\/\" target=\"_blank\">Base de conocimientos Educaci\u00f3n para Adultos<\/a><\/strong><br><em>Base de datos de educaci\u00f3n continua que incluye ofertas de cursos de diferentes instituciones.<\/em> <\/p>\n\n\n\n<h2 class=\"wp-block-heading\">B\u00e9lgica<\/h2>\n\n\n\n<p><strong><a rel=\"noreferrer noopener\" aria-label=\"Federaci\u00f3n Valonia-Bruselas (abre en una nueva pesta\u00f1a)\" href=\"https:\/\/elearning.cfwb.be\/\" target=\"_blank\">Federaci\u00f3n Valonia-Bruselas<\/a><\/strong><br><em>Plataforma virtual que ofrece cursos en l\u00ednea para fomentar el aprendizaje  permanente y la formaci\u00f3n continua. Cualquier persona puede inscribirse en los cursos. No hay l\u00edmite de edad y ning\u00fan requisito en cuanto al nivel de los t\u00edtulos anteriores.<\/em> <br><strong><a rel=\"noreferrer noopener\" href=\"https:\/\/www.epos-vlaanderen.be\/nl\" target=\"_blank\">E-Learning EPOS<\/a><\/strong> <br><em>Es el programa de la Agencia Nacional de Erasmus + en Flandes. Se encarga de fomentar y apoyar la colaboracion, la internacionalizaci\u00f3n y la movilidad en la educaci\u00f3n y la formaci\u00f3n.<\/em>   <br><strong><a rel=\"noreferrer noopener\" href=\"https:\/\/www.jugendbuero.be\/\" target=\"_blank\">Oficina de la juventud de habla alemana<\/a><\/strong><br><em>La Oficina de la Juventud es un centro proveedor de servicios para los j\u00f3venes fuera de la escuela y el trabajo juvenil en la comunidad de habla alemana de B\u00e9lgica y promueve la estrategia de aprendizaje permanente.<\/em>  <br><strong><a rel=\"noreferrer noopener\" href=\"http:\/\/www.federation-wallonie-bruxelles.be\/\" target=\"_blank\">Ministerio de la Federaci\u00f3n Valonia-Bruselas<\/a><\/strong><br><em>Organizaci\u00f3n enfocada a la formaci\u00f3n infantil, primaria, secundaria ordinaria y especializada, universitaria y no universitaria, la promoci\u00f3n social, la distancia, el sistema art\u00edstico, educativo, la inspecci\u00f3n interl\u00ednea de centros PMS, la certificaci\u00f3n y las equivalencias, subsidios y pr\u00e9stamos a los estudiantes; as\u00ed como a la investigaci\u00f3n cient\u00edfica. En el \u00e1rea de la cultura: centros culturales, la formaci\u00f3n de los marcos culturales, teatro, m\u00fasica, baile, parque de atracciones, artes, circo y de la calle, patrimonio cultural, colecciones, museos y educaci\u00f3n continua.<\/em> <\/p>\n\n\n\n<h2 class=\"wp-block-heading\">Bosnia-Herzegovina<\/h2>\n\n\n\n<p><strong><a rel=\"noreferrer noopener\" aria-label=\"Agencia para la pre-primaria, primaria y secundaria (abre en una nueva pesta\u00f1a)\" href=\"http:\/\/www.aposo.gov.ba\/\ufeff\" target=\"_blank\">Agencia para la Educaci\u00f3n pre-primaria, primaria y secundaria<\/a><\/strong><br><\/p>\n\n\n\n<h2 class=\"wp-block-heading\">Bulgaria<\/h2>\n\n\n\n<p><strong><a rel=\"noreferrer noopener\" aria-label=\"Agencia Nacional para la Educaci\u00f3n y Formaci\u00f3n Profesional (NAVET) (abre en una nueva pesta\u00f1a)\" href=\"http:\/\/www.navet.government.bg\/en\/\" target=\"_blank\">Agencia Nacional para la Educaci\u00f3n y Formaci\u00f3n Profesional (NAVET)<\/a><\/strong><br><em>Organismo p\u00fablico fundado bajo la Ley de Educaci\u00f3n y Formaci\u00f3n Profesional. Se orienta a garantizar la igualdad de acceso de todos los ciudadanos bulgaros a una formaci\u00f3n profesional de alta calidad conforme a las exigencias del mercado de trabajo. Contribuye al establecimiento y funcionamiento de un sistema integrado para mejorar la empleabilidad de diferentes grupos estudiantes, j\u00f3venes, adultos (desempleados y empleados).<\/em> <br><strong><a rel=\"noreferrer noopener\" aria-label=\"Ministerio de Educaci\u00f3n y Ciencia (abre en una nueva pesta\u00f1a)\" href=\"https:\/\/www.mon.bg\/\" target=\"_blank\">Ministerio de Educaci\u00f3n y Ciencia<\/a><\/strong><br><em>Coordinador Nacional de la educaci\u00f3n de adultos del Programa Europeo para la educaci\u00f3n de adultos en Bulgaria.<\/em> <\/p>\n\n\n\n<h2 class=\"wp-block-heading\">Chipre<\/h2>\n\n\n\n<p><strong><a rel=\"noreferrer noopener\" aria-label=\"Ministerio de Educaci\u00f3n y Cultura (abre en una nueva pesta\u00f1a)\" href=\"http:\/\/www.moec.gov.cy\/\" target=\"_blank\">Ministerio de Educaci\u00f3n y Cultura<\/a><\/strong><br><em>La p\u00e1gina web informa que proporciona acceso a avisos, circulares, boletines, informes anuales y estad\u00edsticas. Tambien proporciona informaci\u00f3n sobre  los diversos programas educativos y el acceso a los materiales de todos los niveles de ense\u00f1anza aprendizaje.<\/em><\/p>\n\n\n\n<h2 class=\"wp-block-heading\">Croacia<\/h2>\n\n\n\n<p><strong><a rel=\"noreferrer noopener\" aria-label=\"Agencia para la Formaci\u00f3n Profesional y Educaci\u00f3n de Adultos (abre en una nueva pesta\u00f1a)\" href=\"https:\/\/www.asoo.hr\/\" target=\"_blank\">Agencia para la Formaci\u00f3n Profesional y Educaci\u00f3n de Adultos<\/a><\/strong><br><em>Es una agencia p\u00fablica, cuya principal tarea es desarrollar nuevos y  actualizar los planes existentes de estudio profesional y el desarrollo de las cualificaciones profesionales basadas en competencias y resultados de aprendizaje, de acuerdo con las necesidades del mercado laboral y la formaci\u00f3n continua. Tambi\u00e9n es responsable de la planificaci\u00f3n, desarrollo, organizaci\u00f3n, implementaci\u00f3n, seguimiento y mejora del sistema de educaci\u00f3n de adultos.<\/em><\/p>\n\n\n\n<h2 class=\"wp-block-heading\">Dinamarca<\/h2>\n\n\n\n<p><strong><a rel=\"noreferrer noopener\" aria-label=\"KVUC Copenhague (abre en una nueva pesta\u00f1a)\" href=\"https:\/\/kvuc.dk\/?sid=149&amp;mgid=7\" target=\"_blank\">KVUC Copenhague<\/a><\/strong><br><strong>Centro de Aprendizaje de Adultos<\/strong>  <br><em>Ense\u00f1a los grados 9 y 10 especialmente organizados para adultos, se pueden tomar una o mas materias y combinar con la educaci\u00f3n de otros KVUC.<\/em> <br><strong><a rel=\"noreferrer noopener\" href=\"https:\/\/ufm.dk\/\" target=\"_blank\">Agencia Danesa para la Ciencia y la Educaci\u00f3n<\/a><\/strong><br><em>La web reune todo lo indispensable sobre admisiones, gu\u00eda para financiacion, acceso a publicaciones cient\u00edficas y datos de  investigacion, evaluaci\u00f3n y becas educativas. Ofrece informaci\u00f3n sobre  todos los niveles del sistema educativo danes, adultos y educaci\u00f3n superior continua.<\/em> <\/p>\n\n\n\n<h2 class=\"wp-block-heading\">Eslovaquia<\/h2>\n\n\n\n<p><strong><a rel=\"noreferrer noopener\" aria-label=\"Asociaci\u00f3n de Universidades de la Tercera Edad en Eslovaquia (abre en una nueva pesta\u00f1a)\" href=\"https:\/\/english.asutv.sk\/\" target=\"_blank\">Asociaci\u00f3n de Universidades de la Tercera Edad en Eslovaquia<\/a><\/strong><br>La <em>Asociaci\u00f3n de Universidades de la Tercera Edad (ASUTV) de Eslovaquia se estableci\u00f3 como una iniciativa de las universidades eslovacas y otras  instituciones de educaci\u00f3n superior. Organiza actividades educativas para  personas de la tercera edad en la Republica Eslovaca.<\/em><\/p>\n\n\n\n<h2 class=\"wp-block-heading\">Eslovenia<\/h2>\n\n\n\n<p><strong><a rel=\"noreferrer noopener\" aria-label=\"Centro de la Rep\u00fablica de Eslovenia de Movilidad y Europeo de Ense\u00f1anza y Capacitaci\u00f3n (abre en una nueva pesta\u00f1a)\" href=\"https:\/\/www.cmepius.si\/\" target=\"_blank\">Centro de la Rep\u00fablica de Eslovenia de Movilidad y Europeo de Ense\u00f1anza y Capacitaci\u00f3n<\/a><\/strong><br><em>Instituci\u00f3n p\u00fablica que trabaja por medio de distintos programas y  proyectos europeos; conciben el aprendizaje como un proceso de toda la vida, cuentan con proyectos de movilidad, becas y formaci\u00f3n.<\/em><\/p>\n\n\n\n<h2 class=\"wp-block-heading\">Espa\u00f1a<\/h2>\n\n\n\n<p><strong><a rel=\"noreferrer noopener\" aria-label=\"SEPIE (abre en una nueva pesta\u00f1a)\" href=\"http:\/\/www.sepie.es\/\" target=\"_blank\">SEPIE<\/a><\/strong> <br><strong>Servicio Espa\u00f1ol para la Internacionalizaci\u00f3n de la Educaci\u00f3n<\/strong>  <br><em>Organismo Autonomo, dependiente del Ministerio de Educacion, Cultura  y Deporte, que act\u00faa como Agencia Nacional para la gesti\u00f3n, difusi\u00f3n,  promoci\u00f3n y estudios de impacto del programa Erasmus+ en el \u00e1mbito de la Educaci\u00f3n y la Formaci\u00f3n.<\/em>  <\/p>\n\n\n\n<p><strong><a rel=\"noreferrer noopener\" aria-label=\"Ministerio de Educaci\u00f3n y Formaci\u00f3n Profesional (abre en una nueva pesta\u00f1a)\" href=\"http:\/\/www.educacionyfp.gob.es\/portada.html\" target=\"_blank\">Ministerio de Educaci\u00f3n y Formaci\u00f3n Profesional<\/a><\/strong><br><em>Este Ministerio ha puesto a disposici\u00f3n de la ciudadan\u00eda un portal para que puedan conocer la opci\u00f3n y modalidad formativa que mejor se ajusta a su realidad personal, familiar y profesional. Adem\u00e1s, incorpora una recopilaci\u00f3n de materiales y recursos para el apoyo a su proceso de aprendizaje que tambi\u00e9n pueden ser empleados por familias, profesionales y cualquier persona relacionada con la formaci\u00f3n y la educaci\u00f3n.<\/em><\/p>\n\n\n\n<p><strong><a rel=\"noreferrer noopener\" aria-label=\"MEFP. Formaci\u00f3n de adultos. Formaci\u00f3n a lo largo de la vida (abre en una nueva pesta\u00f1a)\" href=\"http:\/\/www.educacionyfp.gob.es\/contenidos\/estudiantes\/formacion-adultos.html\" target=\"_blank\">MEFP. Formaci\u00f3n de adultos. Formaci\u00f3n a lo largo de la vida<\/a><\/strong><\/p>\n\n\n\n<p><strong><a rel=\"noreferrer noopener\" aria-label=\"IMSERSO Instituto de Mayores y Servicios Sociales (abre en una nueva pesta\u00f1a)\" href=\"https:\/\/www.imserso.es\/imserso_01\/espaciomayores\/index.htm\" target=\"_blank\">IMSERSO Instituto de Mayores y Servicios Sociales<\/a><\/strong><br><em>Imserso, es una Entidad Gestora de la Seguridad Social adscrita al Ministerio de Sanidad, Servicios Sociales e Igualdad a traves de la  Secretar\u00eda de Estado de Servicios Sociales e Igualdad.<\/em><\/p>\n\n\n\n<p><strong>Comunidades y ciudades aut\u00f3nomas en Espa\u00f1a<\/strong><\/p>\n\n\n\n<p>Educaci\u00f3n permanente de personas adultas en:<\/p>\n\n\n\n<table class=\"wp-block-table has-fixed-layout is-style-stripes\"><tbody><tr><td><strong><a rel=\"noreferrer noopener\" href=\"https:\/\/www.educastur.es\/estudiantes\/epa\" target=\"_blank\">Asturias<\/a><\/strong><\/td><td><strong><a rel=\"noreferrer noopener\" href=\"http:\/\/centros6.pntic.mec.es\/cea.edrissis\/\" target=\"_blank\">Ceuta<\/a><\/strong><\/td><td><strong><a rel=\"noreferrer noopener\" href=\"http:\/\/cepacarmenconde.educalab.es\/\" target=\"_blank\">Melilla<\/a><\/strong><\/td><\/tr><tr><td><strong><a rel=\"noreferrer noopener\" href=\"https:\/\/www.gobiernodecanarias.org\/educacion\/web\/adultos\/informacion\/\" target=\"_blank\">Canarias<\/a><\/strong><\/td><td><strong><a rel=\"noreferrer noopener\" href=\"https:\/\/www.educarex.es\/eda.html\" target=\"_blank\">Extremadura<\/a><\/strong><\/td><td> <strong><a rel=\"noreferrer noopener\" href=\"https:\/\/www.educadult.com\/\" target=\"_blank\">Murcia<\/a><\/strong><\/td><\/tr><tr><td><strong><a rel=\"noreferrer noopener\" href=\"https:\/\/www.educantabria.es\/oferta-educativa-alv\/educacion-secundaria-para-personas-adultas.html\" target=\"_blank\">Cantabria<\/a><\/strong><\/td><td><strong><a rel=\"noreferrer noopener\" href=\"https:\/\/www.edu.xunta.gal\/portal\/taxonomy\/term\/112\" target=\"_blank\">Galicia<\/a><\/strong><\/td><td> <strong><a rel=\"noreferrer noopener\" href=\"https:\/\/www.educacion.navarra.es\/web\/dpto\/educacion-de-personas-adultas\" target=\"_blank\">Navarra<\/a><\/strong><\/td><\/tr><tr><td><strong><a rel=\"noreferrer noopener\" href=\"http:\/\/www.educa.jccm.es\/es\/estperadult\" target=\"_blank\">Castilla-La Mancha<\/a><\/strong><\/td><td><strong><a rel=\"noreferrer noopener\" href=\"http:\/\/www.caib.es\/govern\/organigrama\/area.do?lang=es&amp;coduo=178702\" target=\"_blank\">Islas Baleares<\/a><\/strong><\/td><td><strong><a href=\"http:\/\/www.gazteaukera.euskadi.eus\/r58-2245\/es\/contenidos\/informacion\/educacion_ed_adultos\/es_1702\/educ_pers_adultas_c.html\">Pa\u00eds Vasco<\/a><\/strong><\/td><\/tr><tr><td><strong><a rel=\"noreferrer noopener\" href=\"https:\/\/www.educa.jcyl.es\/adultos\/es\" target=\"_blank\">Castilla-Le\u00f3n<\/a><\/strong><\/td><td><strong><a rel=\"noreferrer noopener\" href=\"https:\/\/www.larioja.org\/edu-alumnos-familia\/es\/adultos\" target=\"_blank\">La Rioja<\/a><\/strong><\/td><td><strong><a rel=\"noreferrer noopener\" href=\"http:\/\/www.ceice.gva.es\/va\/web\/ordenacion-academica\/formacion-de-personas-adultas\" target=\"_blank\">Valencia<\/a><\/strong><\/td><\/tr><tr><td><strong><a rel=\"noreferrer noopener\" href=\"http:\/\/queestudiar.gencat.cat\/es\/estudis\/adults\" target=\"_blank\">Catalu\u00f1a<\/a><\/strong><\/td><td><strong><a rel=\"noreferrer noopener\" href=\"https:\/\/www.comunidad.madrid\/servicios\/educacion\/educacion-personas-adultas\" target=\"_blank\">Madrid<\/a><\/strong><\/td><td><strong><a href=\"http:\/\/www.gazteaukera.euskadi.eus\/r58-2245\/es\/contenidos\/informacion\/educacion_ed_adultos\/es_1702\/educ_pers_adultas_c.html\">Pa\u00eds Vasco<\/a><\/strong>  <\/td><\/tr><\/tbody><\/table>\n\n\n\n<h2 class=\"wp-block-heading\">Estonia<\/h2>\n\n\n\n<p><strong><a rel=\"noreferrer noopener\" aria-label=\"Cualificaciones (abre en una nueva pesta\u00f1a)\" href=\"https:\/\/www.kutsekoda.ee\/\" target=\"_blank\">Cualificaciones<\/a><\/strong><br><em>Es un sistema que organiza y coordina el desarrollo de estandares profesionales de examenes profesionales. Es creador de interlocutores sociales en un entorno de  colaboraci\u00f3n para la competitividad, la transparencia y la igualdad de oportunidades en el mercado laboral. Se encarga de asociar la educaci\u00f3n con el mercado laboral y contribuir a la formaci\u00f3n permanente y el desarrollo de la competencia profesional, evaluaci\u00f3n, reconocimiento y comparaci\u00f3n.<\/em><\/p>\n\n\n\n<h2 class=\"wp-block-heading\">Finlandia<\/h2>\n\n\n\n<p><strong><a rel=\"noreferrer noopener\" aria-label=\"Junta de Educaci\u00f3n (abre en una nueva pesta\u00f1a)\" href=\"https:\/\/www.oph.fi\/fi\" target=\"_blank\">Junta de Educaci\u00f3n<\/a><\/strong><br><em>Ofrece servicios y programas de educaci\u00f3n, formaci\u00f3n profesional y de educaci\u00f3n superior, as\u00ed como de educaci\u00f3n de adultos, jovenes y agentes culturales. Adem\u00e1s de programas de internacionalizaci\u00f3n, documentos de investigaci\u00f3n, encuestas y asesoramientos.<\/em><\/p>\n\n\n\n<h2 class=\"wp-block-heading\">Francia<\/h2>\n\n\n\n<p><strong><a rel=\"noreferrer noopener\" aria-label=\"Agencia Europea de Educaci\u00f3n y Formaci\u00f3n de Francia (abre en una nueva pesta\u00f1a)\" href=\"http:\/\/www.agence-erasmus.fr\/page\/EPALE\" target=\"_blank\">Agencia Europea de Educaci\u00f3n y Formaci\u00f3n<\/a><\/strong><br><em>Promoci\u00f3n y gesti\u00f3n de programas de la Comunidad Europea, incluyendo Erasmus + en los componentes de educaci\u00f3n y formaci\u00f3n. Incluye Comenius, Leonardo Da Vinci y Grundtvig.<\/em><\/p>\n\n\n\n<h2 class=\"wp-block-heading\">Hungr\u00eda<\/h2>\n\n\n\n<p><strong><a rel=\"noreferrer noopener\" aria-label=\"Oficina Nacional de Formaci\u00f3n Profesional y Educaci\u00f3n de Adultos (abre en una nueva pesta\u00f1a)\" href=\"https:\/\/www.nive.hu\/\" target=\"_blank\">Oficina Nacional de Formaci\u00f3n Profesional y Educaci\u00f3n de Adultos<\/a><\/strong><br><em>Contienen centros de formaci\u00f3n profesional para adultos, centro de examen, libros de texto, materiales did\u00e1cticos y publicaciones.<\/em><\/p>\n\n\n\n<h2 class=\"wp-block-heading\">Irlanda<\/h2>\n\n\n\n<p><strong><a rel=\"noreferrer noopener\" aria-label=\"Leargas (abre en una nueva pesta\u00f1a)\" href=\"https:\/\/www.leargas.ie\/\" target=\"_blank\">Leargas<\/a><\/strong><br><em>Agencia Nacional de Erasmus + en Educaci\u00f3n de Adultos, Educaci\u00f3n Escolar, FP y Juventud. Gestiona programas de intercambio internacional y nacional en educaci\u00f3n, juventud y trabajo comunitario, y educaci\u00f3n y formaci\u00f3n profesional.<\/em><\/p>\n\n\n\n<h2 class=\"wp-block-heading\">Islandia<\/h2>\n\n\n\n<p><strong><a rel=\"noreferrer noopener\" aria-label=\"El Centro Island\u00e9s de Investigaci\u00f3n (RANNIS) (abre en una nueva pesta\u00f1a)\" href=\"https:\/\/en.rannis.is\/\" target=\"_blank\">Centro Island\u00e9s de Investigaci\u00f3n (RANNIS)<\/a><\/strong><br><em>Apoya por medio de fondos competitivos en las distintas categor\u00edas de financiacion: investigaci\u00f3n e innovaci\u00f3n, educaci\u00f3n y entretenimiento, arte y cultura, juventud y deporte e industria. Cuenta con fondos nacionales y programas internacionales.<\/em><\/p>\n\n\n\n<h2 class=\"wp-block-heading\">Italia<\/h2>\n\n\n\n<p><strong><a rel=\"noreferrer noopener\" aria-label=\"Federaci\u00f3n Italiana de las Universidades de la Tercera Edad (Federuni (abre en una nueva pesta\u00f1a)\" href=\"http:\/\/www.federuni.it\/\" target=\"_blank\">Federaci\u00f3n Italiana de las Universidades de la Tercera Edad (Federuni)<\/a><\/strong><br><em>Acumula 250 universidades en Italia, con m\u00e1s de 60.000 estudiantes y con la ayuda de 4.250 profesores.<\/em> <br><strong><a rel=\"noreferrer noopener\" href=\"http:\/\/www.erasmusplus.it\/adulti\/epale\/\" target=\"_blank\">INDIRE agencia Erasmus+<\/a><\/strong><br><em>Los objetivos de este programa se centran en la educaci\u00f3n de adultos como el aprendizaje durante toda  la vida, el conocimiento y las habilidades para el desarrollo personal y en la b\u00fasqueda de una mayor inclusi\u00f3n social. <\/em> <\/p>\n\n\n\n<h2 class=\"wp-block-heading\">Letonia<\/h2>\n\n\n\n<p><strong><a rel=\"noreferrer noopener\" aria-label=\"Ministerio de Educaci\u00f3n y Ciencia, Letonia (abre en una nueva pesta\u00f1a)\" href=\"https:\/\/izm.gov.lv\/en\/\" target=\"_blank\">Ministerio de Educaci\u00f3n y Ciencia<\/a><\/strong><br><em>Contiene becas y programas de cooperaci\u00f3n internacional para la  formaci\u00f3n de adultos. Asimismo, congrega en conferencias a la Comisi\u00f3n  Europea, Ministerio de Educaci\u00f3n y Ciencia de Letonia, Ministerio de  Cultura, Ministerio de Bienestar y Ministerio de Econom\u00eda, gobiernos locales, universidades, proveedores de educaci\u00f3n para adultos, bibliotecas, ONGs y diferentes instituciones de educaci\u00f3n de adultos.<\/em><\/p>\n\n\n\n<h2 class=\"wp-block-heading\">Lituania<\/h2>\n\n\n\n<p><strong><a rel=\"noreferrer noopener\" aria-label=\"Fundaci\u00f3n de apoyo a intercambios educativos (abre en una nueva pesta\u00f1a)\" href=\"https:\/\/www.smpf.lt\/lt\/\" target=\"_blank\">Fundaci\u00f3n de apoyo a intercambios educativos<\/a><\/strong><br><em>Agencia nacional responsable de  implementar el programa Erasmus y el aprendizaje permanente. La Fundaci\u00f3n administra mas de 50 tipos de actividades que son relevantes para los estudiantes y de la tercera edad y la educaci\u00f3n superior u otras instituciones relacionadas con la educaci\u00f3n.<\/em><\/p>\n\n\n\n<h2 class=\"wp-block-heading\">Luxemburgo<\/h2>\n\n\n\n<p><strong><a rel=\"noreferrer noopener\" aria-label=\"MENJE \u2013 Servicio de la Formaci\u00f3n de Adultos (abre en una nueva pesta\u00f1a)\" href=\"http:\/\/www.men.public.lu\/fr\/formation-adultes\/index.html\" target=\"_blank\">MENJE \u2013 Servicio de la Formaci\u00f3n de Adultos<\/a><\/strong><br><em>Ofrece rutas de calificaciones, cursos de interes general, educaci\u00f3n b\u00e1sica para adultos y personas con necesidades especiales. Formaci\u00f3n b\u00e1sica en el lugar de trabajo y talleres de aprendizaje personalizados.<\/em><\/p>\n\n\n\n<h2 class=\"wp-block-heading\">Malta<\/h2>\n\n\n\n<p><strong><a rel=\"noreferrer noopener\" aria-label=\"Ministerio de Educaci\u00f3n y Empleo (abre en una nueva pesta\u00f1a)\" href=\"http:\/\/lifelonglearning.gov.mt\/\" target=\"_blank\">Ministerio de Educaci\u00f3n y Empleo<\/a><\/strong><br><em>La Direcci\u00f3n de Formaci\u00f3n Continua ofrece varios cursos para adultos y \u00e1reas diferentes de modo que puedan desarrollar habilidades para lograr un crecimiento en el conocimiento y crecimiento inclusivo en la econom\u00eda.<\/em><\/p>\n\n\n\n<h2 class=\"wp-block-heading\">Montenegro<\/h2>\n\n\n\n<p><strong><a rel=\"noreferrer noopener\" aria-label=\"Centro de Formaci\u00f3n Profesional (abre en una nueva pesta\u00f1a)\" href=\"http:\/\/www.cso.gov.me\/centar\" target=\"_blank\">Centro de Formaci\u00f3n Profesional<\/a><\/strong><br><em>Es una instituci\u00f3n de desarrollo, asesoramiento e investigaci\u00f3n para la mejora del sistema de formaci\u00f3n profesional y de adultos, en aras de la formaci\u00f3n de profesionales, totalmente preparados para el mercado de  trabajo, el seguimiento de la educaci\u00f3n y el aprendizaje a lo largo de la vida.<\/em><\/p>\n\n\n\n<h2 class=\"wp-block-heading\">Noruega<\/h2>\n\n\n\n<p><strong><a rel=\"noreferrer noopener\" aria-label=\"Competencia Noruega (abre en una nueva pesta\u00f1a)\" href=\"https:\/\/www.kompetansenorge.no\/\" target=\"_blank\">Competencia Noruega<\/a><\/strong><br><em>Dependiente del Ministerio de educaci\u00f3n de Noruega, promueve el acceso a la orientaci\u00f3n profesional para j\u00f3venes y adultos mediante la educaci\u00f3n continua; llevan a cabo modelos alternativos de certificaci\u00f3n para adultos. Asimismo, desarrollan y transmiten m\u00e9todos de formaci\u00f3n en habilidades b\u00e1sicas para los adultos, nuevos instrumentos de evaluaci\u00f3n y una formaci\u00f3n basada en la web adaptada a las necesidades de los adultos. <\/em><\/p>\n\n\n\n<h2 class=\"wp-block-heading\">Pa\u00edses Bajos<\/h2>\n\n\n\n<p><strong><a rel=\"noreferrer noopener\" aria-label=\"CINOP (abre en una nueva pesta\u00f1a)\" href=\"http:\/\/www.erasmusplus.nl\/\" target=\"_blank\">CINOP<\/a><\/strong><br><em>Acciones estrat\u00e9gicas para la educaci\u00f3n de adultos. Las organizaciones pueden solicitar ayudas para la movilidad de los profesionales adultos, de  modo que el intercambio europeo ofrece a los profesionales la oportunidad de mejorar sus conocimientos y habilidades. <\/em><\/p>\n\n\n\n<h2 class=\"wp-block-heading\">Polonia<\/h2>\n\n\n\n<p><strong><a rel=\"noreferrer noopener\" aria-label=\"undaci\u00f3n para el Desarrollo del Sistema de Educaci\u00f3n (FDES) (abre en una nueva pesta\u00f1a)\" href=\"https:\/\/www.frse.org.pl\/\" target=\"_blank\">Fundaci\u00f3n para el Desarrollo del Sistema de Educaci\u00f3n (FDES)<\/a><\/strong><br><em>Proporciona la oportunidad de adquirir tanto los conocimientos b\u00e1sicos y experiencia, formal y acad\u00e9mico y pr\u00e1ctico. Por medio del programa \u00abAprendizaje para la vida\u00bb coordina los programas <a rel=\"noreferrer noopener\" href=\"http:\/\/www.frse.org.pl\/program\/erasmus\/\" target=\"_blank\">Erasmus<\/a> , <a rel=\"noreferrer noopener\" href=\"http:\/\/www.frse.org.pl\/program\/leonardo-da-vinci\/\" target=\"_blank\">Leonardo da Vinci<\/a> , <a rel=\"noreferrer noopener\" href=\"http:\/\/www.frse.org.pl\/program\/comenius\/\" target=\"_blank\">Comenius<\/a>y <a rel=\"noreferrer noopener\" href=\"http:\/\/www.frse.org.pl\/program\/grundtvig\/\" target=\"_blank\">Grundtvig<\/a> ).<\/em><\/p>\n\n\n\n<h2 class=\"wp-block-heading\">Portugal<\/h2>\n\n\n\n<p><strong><a rel=\"noreferrer noopener\" href=\"http:\/\/www.anqep.gov.pt\/\ufeff\" target=\"_blank\">Agencia Nacional para la Calificaci\u00f3n y la Ense\u00f1anza Profesional<\/a><\/strong><br><em>Ofrece cursos de Educaci\u00f3n y Formaci\u00f3n de Adultos (Cursos EFA). Es una oferta de educaci\u00f3n y formaci\u00f3n para adultos que desean elevar sus  cualificaciones. Estos cursos se desarrollan seg\u00fan itinerarios de doble  certificaci\u00f3n y, siempre que sea apropiado para el perfil e historia de vida de los adultos, son solo de habilitaci\u00f3n escolar. Tambi\u00e9n gestiona  el reconocimiento, validaci\u00f3n y certificaci\u00f3n de competencias, cursos de  especializaci\u00f3n tecnol\u00f3gica y v\u00edas de conclusi\u00f3n del nivel secundario.<\/em>  <br><strong><a rel=\"noreferrer noopener\" href=\"https:\/\/rutises.wixsite.com\/rutis\" target=\"_blank\">Red de Universidades de la Tercera Edad<\/a><\/strong><br><em>Instituci\u00f3n Particular de Solidaridad Social y de Utilidad P\u00fablica  de apoyo a la comunidad. Uno de los principales objetivos de la RUTIS es la promoci\u00f3n del envejecimiento activo.<\/em>  <\/p>\n\n\n\n<h2 class=\"wp-block-heading\">Reino Unido<\/h2>\n\n\n\n<p><strong><a rel=\"noreferrer noopener\" aria-label=\" (abre en una nueva pesta\u00f1a)\" href=\"https:\/\/www.bjf.org.uk\/\" target=\"_blank\">BJF Beth Johnson Foundation<\/a><\/strong><br>Or<em>ganizaci\u00f3n ben\u00e9fica nacional. Se denominan l\u00edderes en investigaci\u00f3n, asesoramiento y proveedores de servicios y capacitaciones.<\/em> <br><strong><a rel=\"noreferrer noopener\" aria-label=\" (abre en una nueva pesta\u00f1a)\" href=\"https:\/\/www.uk.ecorys.com\/\ufeff\" target=\"_blank\">Ecorys Reino Unido<\/a><\/strong><br><em>Consultor\u00eda privada que proporciona servicios de investigaci\u00f3n, consultor\u00eda, gesti\u00f3n de programas y comunicaciones a organizaciones  p\u00fablicas, privadas y de la sociedad civil.<\/em> <\/p>\n\n\n\n<h2 class=\"wp-block-heading\">Rep\u00fablica Checa<\/h2>\n\n\n\n<p><strong><a rel=\"noreferrer noopener\" href=\"https:\/\/www.naerasmusplus.cz\/\" target=\"_blank\">DZS Casa de Colaboraci\u00f3n Exterior<\/a><\/strong><br><em>Los servicios de la DZS est\u00e1n destinados tanto para las escuelas, estudiantes, pedag\u00f3gos y directores de todo tipo de escuelas, as\u00ed como para otros profesionales, organizaciones y autoridades que se dedican a la formaci\u00f3n. <\/em> <br><strong><a rel=\"noreferrer noopener\" href=\"http:\/\/www.au3v.org\/\" target=\"_blank\">Asociaci\u00f3n de Universidades de la Tercera Edad<\/a><\/strong><br><em>Asociaci\u00f3n sin \u00e1nimo de lucro, proveedor de educaci\u00f3n para los adultos de edad avanzada. Reune a las universidades p\u00fablicas que imparten educaci\u00f3n para los estudiantes de las universidades de la tercera edad.  Se centra en la  formaci\u00f3n infantil, primaria, secundaria ordinaria y especializada,  universitaria y no universitaria, la promoci\u00f3n social, la distancia, el sistema art\u00edstico, educativo, la inspecci\u00f3n interl\u00ednea de centros PMS, la certificaci\u00f3n y las equivalencias, subsidios y pr\u00e9stamos a los estudiantes; as\u00ed como a la investigaci\u00f3n cient\u00edfica. En el \u00e1rea de la cultura: centros culturales, la formaci\u00f3n de los marcos culturales, teatro, m\u00fasica, baile, parque de atracciones, artes, circo y de la calle, patrimonio cultural, colecciones, museos y educaci\u00f3n continua.<\/em> <\/p>\n\n\n\n<h2 class=\"wp-block-heading\">Rumania<\/h2>\n\n\n\n<p><strong><a rel=\"noreferrer noopener\" aria-label=\"Autoridad Nacional de Cualificaciones (abre en una nueva pesta\u00f1a)\" href=\"http:\/\/site.anc.edu.ro\/\" target=\"_blank\">Autoridad Nacional de Cualificaciones<\/a><\/strong><br><em>Se trata del centro nacional de acreditaci\u00f3n, incluye las metodolog\u00edas de acreditacion, formaci\u00f3n de profesionales y adultos. Adem\u00e1s de proyectos y financiaciones.<\/em><\/p>\n\n\n\n<h2 class=\"wp-block-heading\">Suecia<\/h2>\n\n\n\n<p><strong><a rel=\"noreferrer noopener\" aria-label=\"El Consejo Sueco para la Educaci\u00f3n Superior (abre en una nueva pesta\u00f1a)\" href=\"https:\/\/www.utbyten.se\/\" target=\"_blank\">Consejo Sueco para la Educaci\u00f3n Superior<\/a><\/strong><br><em>El programa adulto Nordplus ofrece oportunidades para proyectos de  colaboraci\u00f3n, formaci\u00f3n y experiencia en la educaci\u00f3n de adultos y el  aprendizaje de adultos. El programa refuerza el aprendizaje de adultos y  ayudar a cumplir con los desaf\u00edos de la sociedad moderna.<\/em><\/p>\n\n\n\n<h2 class=\"wp-block-heading\">Suiza<\/h2>\n\n\n\n<p><strong><a rel=\"noreferrer noopener\" aria-label=\"Asociaci\u00f3n de Universidades Populares suizos (AUPS) (abre en una nueva pesta\u00f1a)\" href=\"https:\/\/www.up-vhs.ch\/de\/\" target=\"_blank\">Asociaci\u00f3n de Universidades Populares suizos (AUPS)<\/a><\/strong><br><em>Es una asociaci\u00f3n bajo el C\u00f3digo Civil suizo. El AUPS es un servicio p\u00fablico y recibe el apoyo financiero de la Oficina Federal de Cultura y la Secretar\u00eda de Estado para la formaci\u00f3n, la investigaci\u00f3n y la innovaci\u00f3n. Es la organizaci\u00f3n que agrupa a las universidades populares. Tiene como tareas principales: la promoci\u00f3n de la educaci\u00f3n  de adultos y el aprendizaje durante toda la vida en todos los \u00e1mbitos y en todas las formas. Ofrecen cursos en lectura y escritura contra el analfabetismo, cursos de habilidades pr\u00e1cticas, la ense\u00f1anza general academica, idiomas, educaci\u00f3n a trav\u00e9s de los viajes, informaci\u00f3n de salud, y cursos, ejercicios, cursos de dise\u00f1o, etc.<\/em><\/p>\n\n\n\n<h2 class=\"wp-block-heading\">Turqu\u00eda<\/h2>\n\n\n\n<p><strong><a rel=\"noreferrer noopener\" aria-label=\"Direcci\u00f3n General de Educaci\u00f3n de la Formaci\u00f3n Permanente (abre en una nueva pesta\u00f1a)\" href=\"http:\/\/hbogm.meb.gov.tr\/\" target=\"_blank\">Direcci\u00f3n General de Educaci\u00f3n de la Formaci\u00f3n Permanente<\/a><\/strong><br><em>Ofrece el Sistema de Educaci\u00f3n Secundaria abierta, nivel t\u00e9cnico, profesional y de aprendizaje permanente, por medio de ex\u00e1menes y cursos de formaci\u00f3n para adultos.<\/em><\/p>\n","protected":false},"excerpt":{"rendered":"<p>Educaci\u00f3n de adultos &gt; Red internacional Red internacional para apoyar las pr\u00e1cticas de empleo e inclusi\u00f3n. Europa Albania Agencia Nacional de Formaci\u00f3n Profesional y Formaci\u00f3n y CualificacionesRevisa el registro nacional de las profesiones, las cualificaciones, los niveles y las normas&#8230; <a href=\"https:\/\/www.unioviedo.es\/aei\/red-internacional\/\" class=\"readmore\">Leer m\u00e1s<span class=\"screen-reader-text\">Red internacional<\/span><span class=\"fa fa-angle-double-right\" aria-hidden=\"true\"><\/span><\/a><\/p>\n","protected":false},"author":1,"featured_media":0,"parent":0,"menu_order":0,"comment_status":"closed","ping_status":"closed","template":"","meta":{"footnotes":""},"class_list":["post-34","page","type-page","status-publish","hentry"],"_links":{"self":[{"href":"https:\/\/www.unioviedo.es\/aei\/wp-json\/wp\/v2\/pages\/34","targetHints":{"allow":["GET"]}}],"collection":[{"href":"https:\/\/www.unioviedo.es\/aei\/wp-json\/wp\/v2\/pages"}],"about":[{"href":"https:\/\/www.unioviedo.es\/aei\/wp-json\/wp\/v2\/types\/page"}],"author":[{"embeddable":true,"href":"https:\/\/www.unioviedo.es\/aei\/wp-json\/wp\/v2\/users\/1"}],"replies":[{"embeddable":true,"href":"https:\/\/www.unioviedo.es\/aei\/wp-json\/wp\/v2\/comments?post=34"}],"version-history":[{"count":0,"href":"https:\/\/www.unioviedo.es\/aei\/wp-json\/wp\/v2\/pages\/34\/revisions"}],"wp:attachment":[{"href":"https:\/\/www.unioviedo.es\/aei\/wp-json\/wp\/v2\/media?parent=34"}],"curies":[{"name":"wp","href":"https:\/\/api.w.org\/{rel}","templated":true}]}}