{"id":66,"date":"2019-12-13T17:17:04","date_gmt":"2019-12-13T16:17:04","guid":{"rendered":"https:\/\/www.unioviedo.es\/aei\/?page_id=66"},"modified":"2022-07-04T12:47:58","modified_gmt":"2022-07-04T10:47:58","slug":"cpia-padua-italia","status":"publish","type":"page","link":"https:\/\/www.unioviedo.es\/aei\/cpia-padua-italia\/","title":{"rendered":"CPIA Padua (Italia)"},"content":{"rendered":"\n<p><a href=\"https:\/\/www.unioviedo.es\/aei\/acerca-de\/\">Acerca de<\/a> &gt; <a href=\"https:\/\/www.unioviedo.es\/aei\/miembros\/\">Miembros<\/a> &gt; <a href=\"https:\/\/www.unioviedo.es\/aei\/cpia-padua-italia\/\">CPIA Padua<\/a><\/p>\n\n\n\n<p><a href=\"http:\/\/www.cpiapadova.it\" target=\"_blank\" rel=\"noreferrer noopener\" aria-label=\" (abre en una nueva pesta\u00f1a)\">www.cpiapadova.it<\/a><\/p>\n\n\n\n<figure class=\"wp-block-gallery columns-1 is-cropped wp-block-gallery-1 is-layout-flex wp-block-gallery-is-layout-flex\"><ul class=\"blocks-gallery-grid\"><li class=\"blocks-gallery-item\"><figure><img loading=\"lazy\" decoding=\"async\" width=\"1000\" height=\"669\" src=\"https:\/\/www.unioviedo.es\/aei\/wp-content\/uploads\/2020\/01\/CPIA.jpg\" alt=\"CPIA Padua (Italia)\" data-id=\"586\" class=\"wp-image-586\" srcset=\"https:\/\/www.unioviedo.es\/aei\/wp-content\/uploads\/2020\/01\/CPIA.jpg 1000w, https:\/\/www.unioviedo.es\/aei\/wp-content\/uploads\/2020\/01\/CPIA-300x201.jpg 300w, https:\/\/www.unioviedo.es\/aei\/wp-content\/uploads\/2020\/01\/CPIA-768x514.jpg 768w\" sizes=\"auto, (max-width: 1000px) 100vw, 1000px\" \/><figcaption class=\"blocks-gallery-item__caption\">Prato della Valle en Padua (Italia)<\/figcaption><\/figure><\/li><\/ul><\/figure>\n\n\n\n<h3 class=\"wp-block-heading\"><strong>\u00bfQui\u00e9nes somos?<\/strong><\/h3>\n\n\n\n<p>El\nCentro Provincial de Educaci\u00f3n de Adultos (CPIA: <em>Centro provincial per l\u2019instruzzione degli adulti<\/em>) de Padua es una\nescuela p\u00fablica establecida por el Ministerio de Educaci\u00f3n, Universidad e\nInvestigaci\u00f3n, que ha reemplazado a los antiguos CTP (Centros Territoriales\npara la Educaci\u00f3n Permanente) desde septiembre de 2015.<\/p>\n\n\n\n<p>El\nCentro est\u00e1 organizado en una oficina administrativa central en Padua,\ncoordinada por el Administrador de la Escuela, y una red de sedes asociadas distribuidas\npor toda la provincia de Padua para la prestaci\u00f3n del servicio (tambi\u00e9n presta\nservicio a un centro penitenciario estatal). <\/p>\n\n\n\n<p>En\nel CPIA trabajan unos 60 maestros y 40 maestros externos, con contrato a corto\nplazo.<\/p>\n\n\n\n<p>El\nCentro est\u00e1 dirigido a todos los ciudadanos italianos y extranjeros (de\nconformidad con las leyes de inmigraci\u00f3n actuales) que, despu\u00e9s de cumplir 16\na\u00f1os de edad, independientemente de su cualificaci\u00f3n, deseen retornar a un\ncentro educativo para:<\/p>\n\n\n\n<ul class=\"wp-block-list\"><li>obtener un diploma de escuela secundaria;<\/li><li>enriquecer sus conocimientos y aumentar su nivel cultural;<\/li><li>adquirir habilidades generales o espec\u00edficas \u00fatiles para una mejor inserci\u00f3n en el mundo del trabajo y \/ o enriquecimiento personal.<\/li><\/ul>\n\n\n\n<p>Alrededor\nde 2.500 estudiantes est\u00e1n inscritos en los cursos que ofrecen, distribuidos\nen:<\/p>\n\n\n\n<ul class=\"wp-block-list\"><li>Cursos\nde lengua italiana para extranjeros: 1.200 estudiantes.<\/li><li>Cursos\nde educaci\u00f3n de primer nivel: 300 estudiantes.<\/li><li>Cursos\nde educaci\u00f3n permanente: 1.200 estudiantes.<\/li><\/ul>\n\n\n\n<p>Se\npresta especial atenci\u00f3n a las actividades de capacitaci\u00f3n dirigidas a la\ninserci\u00f3n e integraci\u00f3n de los ciudadanos inmigrantes.<\/p>\n\n\n\n<h3 class=\"wp-block-heading\"><strong>\u00bfD\u00f3nde estamos?<\/strong><\/h3>\n\n\n\n<p>La\nprovincia de Padua se encuentra en la regi\u00f3n del V\u00e9neto, en el noreste de Italia,\nen un territorio de 2.142 km<sup>2<\/sup>, con 936.000 habitantes que viven en\n104 \u00e1reas municipales.<\/p>\n\n\n\n<figure><iframe loading=\"lazy\" src=\"https:\/\/www.google.com\/maps\/embed?pb=!1m14!1m8!1m3!1d2437563.850872629!2d9.705013759852413!3d44.80468581656817!3m2!1i1024!2i768!4f13.1!3m3!1m2!1s0x477edae3e67e137d%3A0x6b2ce25406b064f2!2sCPIA%20di%20Padova%20sede%20centrale!5e0!3m2!1ses!2ses!4v1588230386461!5m2!1ses!2ses\" allowfullscreen=\"\" width=\"800\" height=\"600\"><\/iframe><\/figure>\n\n\n\n<p>La\nsede central del CPIA se encuentra en Padua, junto con otras sedes asociadas en\nla misma localidad y otras localidades de la provincia: Abano, Albignasego, Camposampiero,\nCittadella, Monselice, Padua (Briosco, Petrarca, Valeri), Piove di Sacco y\nVigonza.<\/p>\n\n\n\n<div class=\"wp-block-image\"><figure class=\"aligncenter\"><img decoding=\"async\" src=\"https:\/\/www.unioviedo.es\/aei\/wp-content\/uploads\/2020\/04\/cyl_centros_CPIA.png\" alt=\"Sedes del CPIA de Padua\" class=\"wp-image-1544\"\/><\/figure><\/div>\n\n\n\n<h3 class=\"wp-block-heading\"><strong>Actividades y servicios <\/strong><\/h3>\n\n\n\n<p><strong><em>Educaci\u00f3n\ny Formaci\u00f3n<\/em><\/strong><\/p>\n\n\n\n<p>El\nCPIA de Padua tiene el objetivo de promover el retorno al centro de cualquier\nciudadano adulto que lo desee, italianos o extranjeros y oferta una formaci\u00f3n\ndirigida al crecimiento personal, cultural, social y econ\u00f3mico.<\/p>\n\n\n\n<p>Para\nello, en colaboraci\u00f3n con las autoridades locales, instituciones educativas,\nasociaciones y otras entidades, promueve las siguientes actividades:<\/p>\n\n\n\n<ul class=\"wp-block-list\"><li>Cursos para extranjeros que necesitan alfabetizaci\u00f3n y cursos de italiano en varios niveles.<\/li><li>Cursos para la adquisici\u00f3n de la titulaci\u00f3n de la escuela secundaria de primer grado (antigua escuela intermedia) y para alcanzar la escolaridad obligatoria (los dos primeros a\u00f1os de la escuela secundaria de segundo grado)<\/li><li>Cursos, de acuerdo con instituciones de educaci\u00f3n superior, para la adquisici\u00f3n de t\u00edtulos de secundaria.<\/li><li>Cursos de idiomas en varios niveles (ingl\u00e9s, franc\u00e9s, alem\u00e1n, espa\u00f1ol, portugu\u00e9s, \u00e1rabe, chino, &#8230;)<\/li><li>Cursos de inform\u00e1tica en varios niveles (con contenido compatible con los programas de la ECDL (Education for Cultural and Linguistic Diversity); Tambi\u00e9n se proporcionan  cursos espec\u00edficos para usuarios de la \u00abtercera edad\u00bb.<\/li><li>Cursos de ciudadan\u00eda activa.<\/li><li>Cursos para el conocimiento y uso del patrimonio art\u00edstico y cultural. <\/li><li>Cursos que estimulan la expresi\u00f3n art\u00edstica o musical y las actividades motoras.<\/li><\/ul>\n\n\n\n<p>El\nMinisterio del Interior italiano ha asignado a la CPIA la tarea de organizar\ncursos para la integraci\u00f3n ling\u00fc\u00edstica y social de los ciudadanos extranjeros y\nlos ex\u00e1menes de evaluaci\u00f3n de idiomas para obtener permisos de residencia.<\/p>\n\n\n\n<p><strong><em>Proyectos<\/em><\/strong><\/p>\n\n\n\n<p>El\nCPIA de Padua promueve <a href=\"https:\/\/www.cpiapadova.edu.it\/index.cfm?action=mys.page&amp;content_id=6\">proyectos<\/a> de inclusi\u00f3n y apoyo a\nmujeres extranjeras, lucha contra el abandono escolar temprano de adultos\nj\u00f3venes y la colocaci\u00f3n laboral de personas en riesgo de exclusi\u00f3n social\n(proyecto ESFAIRA, proyecto FUORI SCUOLA). Esta instituci\u00f3n est\u00e1 siendo un\nmodelo de referencia para innovar y elaborar protocolos de colaboraci\u00f3n nuevos\no mejorados con instituciones p\u00fablicas y privadas que operan en el territorio,\npara la integraci\u00f3n social y la integraci\u00f3n en el trabajo.&nbsp;<\/p>\n\n\n\n<p>Tambi\u00e9n\nel CPIA de Padua se est\u00e1 centrando en proyectos de capacitaci\u00f3n y colocaci\u00f3n\nlaboral para la creaci\u00f3n de nuevas habilidades profesionales vinculadas a la\nrecuperaci\u00f3n y mejora del patrimonio hist\u00f3rico y ambiental del territorio\n(proyecto <em>\u00abValorizziamo i canali\ncittadini\u00bb<\/em> en Padua).&nbsp;<\/p>\n\n\n\n<p><strong><em>Internacionalizaci\u00f3n<\/em><\/strong><\/p>\n\n\n\n<p>El\nCPIA de Padua apuesta por la internacionalizaci\u00f3n y participa en varios\nproyectos europeos Erasmus + y han trabajado en otros proyectos europeos\nComenius y Grundtvig en programas anteriores.<\/p>\n\n\n\n<h3 class=\"wp-block-heading\"><strong>Participantes en el proyecto<\/strong><\/h3>\n\n\n\n<p>Pietro Gusso,\nFrancesco Tessi, Chiara Pascuato, Gianni Franco, Sara Corelli<\/p>\n\n\n\n<figure class=\"wp-block-gallery aligncenter columns-1 is-cropped wp-block-gallery-2 is-layout-flex wp-block-gallery-is-layout-flex\"><ul class=\"blocks-gallery-grid\"><li class=\"blocks-gallery-item\"><figure><img loading=\"lazy\" decoding=\"async\" width=\"1024\" height=\"1257\" src=\"https:\/\/www.unioviedo.es\/aei\/wp-content\/uploads\/2020\/05\/miembros_italia.jpg\" alt=\"CPIA de Padua. Participantes en el proyecto Erasmus+ aei\" data-id=\"1555\" class=\"wp-image-1555\" srcset=\"https:\/\/www.unioviedo.es\/aei\/wp-content\/uploads\/2020\/05\/miembros_italia.jpg 1024w, https:\/\/www.unioviedo.es\/aei\/wp-content\/uploads\/2020\/05\/miembros_italia-244x300.jpg 244w, https:\/\/www.unioviedo.es\/aei\/wp-content\/uploads\/2020\/05\/miembros_italia-768x943.jpg 768w, https:\/\/www.unioviedo.es\/aei\/wp-content\/uploads\/2020\/05\/miembros_italia-834x1024.jpg 834w\" sizes=\"auto, (max-width: 1024px) 100vw, 1024px\" \/><figcaption class=\"blocks-gallery-item__caption\">CPIA DE Padua en Asturias (Espa\u00f1a)<\/figcaption><\/figure><\/li><\/ul><\/figure>\n\n\n\n<p>El\ngrupo de participantes de este proyecto est\u00e1 formado por personal que trabaja\nen el CPIA de Padua, profesorado especialista que imparte ense\u00f1anzas para\npersonas adultas y con otros cargos espec\u00edficos.<\/p>\n\n\n\n<p>Todos\nlos miembros del grupo participante en este proyecto tienen amplia experiencia\nen educaci\u00f3n de adultos y en el campo de la gesti\u00f3n de proyectos europeos sobre\ninnovaci\u00f3n, investigaci\u00f3n, medio ambiente, aprendizaje permanente y pymes. La\nmayor\u00eda de los miembros del grupo tienen experiencia en proyectos Erasmus+ y\ntambi\u00e9n han participado en proyectos europeos Comenius y Grundtvig. <\/p>\n\n\n\n<p>Tambi\u00e9n tienen amplio conocimiento de las nuevas tecnolog\u00edas de la informaci\u00f3n y la comunicaci\u00f3n y experiencia de trabajo en el campo de la inclusi\u00f3n de colectivos desfavorecidos, educaci\u00f3n dirigida a inmigrantes, colaboraci\u00f3n con otras instituciones para la mejora del aprendizaje de adultos, etc.<\/p>\n\n\n\n<figure class=\"wp-block-gallery columns-1 is-cropped wp-block-gallery-3 is-layout-flex wp-block-gallery-is-layout-flex\"><ul class=\"blocks-gallery-grid\"><li class=\"blocks-gallery-item\"><figure><img loading=\"lazy\" decoding=\"async\" width=\"1024\" height=\"682\" src=\"https:\/\/www.unioviedo.es\/aei\/wp-content\/uploads\/2021\/10\/Ciechanow_Italia-1024x682.jpeg\" alt=\"CPIA en Ciechanow (Polonia)\" data-id=\"2098\" data-full-url=\"https:\/\/www.unioviedo.es\/aei\/wp-content\/uploads\/2021\/10\/Ciechanow_Italia.jpeg\" data-link=\"https:\/\/www.unioviedo.es\/aei\/ciechanow_italia\/\" class=\"wp-image-2098\" srcset=\"https:\/\/www.unioviedo.es\/aei\/wp-content\/uploads\/2021\/10\/Ciechanow_Italia-1024x682.jpeg 1024w, https:\/\/www.unioviedo.es\/aei\/wp-content\/uploads\/2021\/10\/Ciechanow_Italia-300x200.jpeg 300w, https:\/\/www.unioviedo.es\/aei\/wp-content\/uploads\/2021\/10\/Ciechanow_Italia-768x512.jpeg 768w, https:\/\/www.unioviedo.es\/aei\/wp-content\/uploads\/2021\/10\/Ciechanow_Italia-1536x1023.jpeg 1536w, https:\/\/www.unioviedo.es\/aei\/wp-content\/uploads\/2021\/10\/Ciechanow_Italia.jpeg 1600w\" sizes=\"auto, (max-width: 1024px) 100vw, 1024px\" \/><figcaption class=\"blocks-gallery-item__caption\">CPIA en Ciechanow (Polonia)<\/figcaption><\/figure><\/li><\/ul><\/figure>\n\n\n\n<figure class=\"wp-block-gallery columns-1 is-cropped wp-block-gallery-4 is-layout-flex wp-block-gallery-is-layout-flex\"><ul class=\"blocks-gallery-grid\"><li class=\"blocks-gallery-item\"><figure><img loading=\"lazy\" decoding=\"async\" width=\"1024\" height=\"765\" src=\"https:\/\/www.unioviedo.es\/aei\/wp-content\/uploads\/2022\/04\/Padua-Italia.webp\" alt=\"\" data-id=\"2323\" data-full-url=\"https:\/\/www.unioviedo.es\/aei\/wp-content\/uploads\/2022\/04\/Padua-Italia.webp\" data-link=\"https:\/\/www.unioviedo.es\/aei\/cpia-padua-italia\/padua-italia\/\" class=\"wp-image-2323\" srcset=\"https:\/\/www.unioviedo.es\/aei\/wp-content\/uploads\/2022\/04\/Padua-Italia.webp 1024w, https:\/\/www.unioviedo.es\/aei\/wp-content\/uploads\/2022\/04\/Padua-Italia-300x224.webp 300w, https:\/\/www.unioviedo.es\/aei\/wp-content\/uploads\/2022\/04\/Padua-Italia-768x574.webp 768w\" sizes=\"auto, (max-width: 1024px) 100vw, 1024px\" \/><figcaption class=\"blocks-gallery-item__caption\">Una parte del equipo de Padua (Italia)<\/figcaption><\/figure><\/li><\/ul><\/figure>\n\n\n\n<figure class=\"wp-block-gallery columns-1 is-cropped wp-block-gallery-5 is-layout-flex wp-block-gallery-is-layout-flex\"><ul class=\"blocks-gallery-grid\"><li class=\"blocks-gallery-item\"><figure><img loading=\"lazy\" decoding=\"async\" width=\"1024\" height=\"682\" src=\"https:\/\/www.unioviedo.es\/aei\/wp-content\/uploads\/2022\/05\/CPIA-Padua-en-FInlandia-1024x682.jpeg\" alt=\"CPIA Padua en Borg\u00e5 (Finlandia)\" data-id=\"2467\" data-full-url=\"https:\/\/www.unioviedo.es\/aei\/wp-content\/uploads\/2022\/05\/CPIA-Padua-en-FInlandia.jpeg\" data-link=\"https:\/\/www.unioviedo.es\/aei\/cpia-padua-en-finlandia\/\" class=\"wp-image-2467\" srcset=\"https:\/\/www.unioviedo.es\/aei\/wp-content\/uploads\/2022\/05\/CPIA-Padua-en-FInlandia-1024x682.jpeg 1024w, https:\/\/www.unioviedo.es\/aei\/wp-content\/uploads\/2022\/05\/CPIA-Padua-en-FInlandia-300x200.jpeg 300w, https:\/\/www.unioviedo.es\/aei\/wp-content\/uploads\/2022\/05\/CPIA-Padua-en-FInlandia-768x512.jpeg 768w, https:\/\/www.unioviedo.es\/aei\/wp-content\/uploads\/2022\/05\/CPIA-Padua-en-FInlandia-1536x1023.jpeg 1536w, https:\/\/www.unioviedo.es\/aei\/wp-content\/uploads\/2022\/05\/CPIA-Padua-en-FInlandia.jpeg 1600w\" sizes=\"auto, (max-width: 1024px) 100vw, 1024px\" \/><figcaption class=\"blocks-gallery-item__caption\">CPIA Padua en Borg\u00e5 (Finlandia)<\/figcaption><\/figure><\/li><\/ul><\/figure>\n\n\n\n<figure class=\"wp-block-gallery columns-1 is-cropped wp-block-gallery-6 is-layout-flex wp-block-gallery-is-layout-flex\"><ul class=\"blocks-gallery-grid\"><li class=\"blocks-gallery-item\"><figure><img loading=\"lazy\" decoding=\"async\" width=\"1024\" height=\"766\" src=\"https:\/\/www.unioviedo.es\/aei\/wp-content\/uploads\/2022\/07\/2022_06-Italia.webp\" alt=\"CPIA Padua en Medina del Campo (Espa\u00f1a)\" data-id=\"2626\" data-full-url=\"https:\/\/www.unioviedo.es\/aei\/wp-content\/uploads\/2022\/07\/2022_06-Italia.webp\" data-link=\"https:\/\/www.unioviedo.es\/aei\/2022_06-italia\/\" class=\"wp-image-2626\" srcset=\"https:\/\/www.unioviedo.es\/aei\/wp-content\/uploads\/2022\/07\/2022_06-Italia.webp 1024w, https:\/\/www.unioviedo.es\/aei\/wp-content\/uploads\/2022\/07\/2022_06-Italia-300x224.webp 300w, https:\/\/www.unioviedo.es\/aei\/wp-content\/uploads\/2022\/07\/2022_06-Italia-768x575.webp 768w\" sizes=\"auto, (max-width: 1024px) 100vw, 1024px\" \/><figcaption class=\"blocks-gallery-item__caption\">CPIA Padua en Medina del Campo (Espa\u00f1a)<\/figcaption><\/figure><\/li><\/ul><\/figure>\n","protected":false},"excerpt":{"rendered":"<p>Acerca de &gt; Miembros &gt; CPIA Padua www.cpiapadova.it \u00bfQui\u00e9nes somos? El Centro Provincial de Educaci\u00f3n de Adultos (CPIA: Centro provincial per l\u2019instruzzione degli adulti) de Padua es una escuela p\u00fablica establecida por el Ministerio de Educaci\u00f3n, Universidad e Investigaci\u00f3n, que&#8230; <a href=\"https:\/\/www.unioviedo.es\/aei\/cpia-padua-italia\/\" class=\"readmore\">Leer m\u00e1s<span class=\"screen-reader-text\">CPIA Padua (Italia)<\/span><span class=\"fa fa-angle-double-right\" aria-hidden=\"true\"><\/span><\/a><\/p>\n","protected":false},"author":1,"featured_media":0,"parent":0,"menu_order":0,"comment_status":"closed","ping_status":"closed","template":"","meta":{"footnotes":""},"class_list":["post-66","page","type-page","status-publish","hentry"],"_links":{"self":[{"href":"https:\/\/www.unioviedo.es\/aei\/wp-json\/wp\/v2\/pages\/66","targetHints":{"allow":["GET"]}}],"collection":[{"href":"https:\/\/www.unioviedo.es\/aei\/wp-json\/wp\/v2\/pages"}],"about":[{"href":"https:\/\/www.unioviedo.es\/aei\/wp-json\/wp\/v2\/types\/page"}],"author":[{"embeddable":true,"href":"https:\/\/www.unioviedo.es\/aei\/wp-json\/wp\/v2\/users\/1"}],"replies":[{"embeddable":true,"href":"https:\/\/www.unioviedo.es\/aei\/wp-json\/wp\/v2\/comments?post=66"}],"version-history":[{"count":0,"href":"https:\/\/www.unioviedo.es\/aei\/wp-json\/wp\/v2\/pages\/66\/revisions"}],"wp:attachment":[{"href":"https:\/\/www.unioviedo.es\/aei\/wp-json\/wp\/v2\/media?parent=66"}],"curies":[{"name":"wp","href":"https:\/\/api.w.org\/{rel}","templated":true}]}}