{"id":67,"date":"2019-12-13T17:17:04","date_gmt":"2019-12-13T16:17:04","guid":{"rendered":"https:\/\/www.unioviedo.es\/aei\/?page_id=67"},"modified":"2022-07-04T12:41:59","modified_gmt":"2022-07-04T10:41:59","slug":"junta-de-castilla-y-leon-espana","status":"publish","type":"page","link":"https:\/\/www.unioviedo.es\/aei\/junta-de-castilla-y-leon-espana\/","title":{"rendered":"Consejer\u00eda de Educaci\u00f3n"},"content":{"rendered":"\n<h2 class=\"wp-block-heading\">Junta de Castilla y Le\u00f3n (Espa\u00f1a)<\/h2>\n\n\n\n<p><a href=\"https:\/\/www.unioviedo.es\/aei\/acerca-de\/\">Acerca de<\/a> &gt; <a href=\"https:\/\/www.unioviedo.es\/aei\/miembros\/\">Miembros<\/a> &gt; <a href=\"https:\/\/www.unioviedo.es\/aei\/junta-de-castilla-y-leon-espana\/\">Consejer\u00eda de Educaci\u00f3n. Junta de Castilla y Le\u00f3n<\/a><\/p>\n\n\n\n<p><a href=\"https:\/\/www.educa.jcyl.es\/es\" target=\"_blank\" rel=\"noreferrer noopener\" aria-label=\"www.educa.jcyl.es (abre en una nueva pesta\u00f1a)\">www.educa.jcyl.es<\/a><\/p>\n\n\n\n<figure class=\"wp-block-image is-resized\"><a href=\"https:\/\/www.educa.jcyl.es\/es\" target=\"_blank\" rel=\"noreferrer noopener\"><img loading=\"lazy\" decoding=\"async\" src=\"https:\/\/www.unioviedo.es\/aei\/wp-content\/uploads\/2019\/12\/logo_eduCYL.png\" alt=\"Consejer\u00eda de Educaci\u00f3n de la Junta de Castilla y Le\u00f3n (Espa\u00f1a)\" class=\"wp-image-171\" width=\"235\" height=\"106\" srcset=\"https:\/\/www.unioviedo.es\/aei\/wp-content\/uploads\/2019\/12\/logo_eduCYL.png 792w, https:\/\/www.unioviedo.es\/aei\/wp-content\/uploads\/2019\/12\/logo_eduCYL-300x135.png 300w, https:\/\/www.unioviedo.es\/aei\/wp-content\/uploads\/2019\/12\/logo_eduCYL-768x346.png 768w\" sizes=\"auto, (max-width: 235px) 100vw, 235px\" \/><\/a><\/figure>\n\n\n\n<figure class=\"wp-block-gallery columns-1 is-cropped wp-block-gallery-1 is-layout-flex wp-block-gallery-is-layout-flex\"><ul class=\"blocks-gallery-grid\"><li class=\"blocks-gallery-item\"><figure><img loading=\"lazy\" decoding=\"async\" width=\"624\" height=\"385\" src=\"https:\/\/www.unioviedo.es\/aei\/wp-content\/uploads\/2020\/01\/consejeriacyl.jpg\" alt=\"Monasterio Nuestra Se\u00f1ora de Prado (Valladolid)\nConsejer\u00eda de Educaci\u00f3n.\nJunta de Castilla y Le\u00f3n (Espa\u00f1a)\" data-id=\"584\" class=\"wp-image-584\" srcset=\"https:\/\/www.unioviedo.es\/aei\/wp-content\/uploads\/2020\/01\/consejeriacyl.jpg 624w, https:\/\/www.unioviedo.es\/aei\/wp-content\/uploads\/2020\/01\/consejeriacyl-300x185.jpg 300w\" sizes=\"auto, (max-width: 624px) 100vw, 624px\" \/><figcaption class=\"blocks-gallery-item__caption\">Consejer\u00eda de Educaci\u00f3n de Castilla y Le\u00f3n (Espa\u00f1a)<\/figcaption><\/figure><\/li><\/ul><\/figure>\n\n\n\n<h3 class=\"wp-block-heading\"><strong>\u00bfQui\u00e9nes somos?<\/strong><\/h3>\n\n\n\n<p>La\nJunta de Castilla y Le\u00f3n es el \u00f3rgano de gobierno y administraci\u00f3n de la\ncomunidad aut\u00f3noma de Castilla y Le\u00f3n. La funci\u00f3n de la Junta es la de ejercer\nel gobierno y la administraci\u00f3n de la autonom\u00eda.<\/p>\n\n\n\n<p>Sus\n\u00e1reas de competencia, dentro de las atribuciones que posee la comunidad\naut\u00f3noma, vienen distribuidas en Consejer\u00edas, cada una de las cuales se encarga\nde desarrollar todo lo referente a su actividad administrativa. Una de ellas es\nla Consejer\u00eda de Educaci\u00f3n.<\/p>\n\n\n\n<p>La\nConsejer\u00eda de Educaci\u00f3n es el organismo administrativo regional responsable de\nplanificar, implementar, coordinar y administrar la pol\u00edtica educativa\n(universitaria y no universitaria). <\/p>\n\n\n\n<p>A\nesta Consejer\u00eda est\u00e1 adscrito el ente p\u00fablico de derecho privado <a href=\"http:\/\/www.acsucyl.com\/acsucyl\/opencms\/agencia\/index.html\">Agencia&nbsp;para la\nCalidad del Sistema Universitario de Castilla y Le\u00f3n<\/a>, y vinculada la <a href=\"https:\/\/fuescyl.com\/\">Fundaci\u00f3n&nbsp;Universidades\ny Ense\u00f1anzas Superiores de Castilla y Le\u00f3n<\/a>.<\/p>\n\n\n\n<p>La\nConsejer\u00eda de Educaci\u00f3n est\u00e1 formada por 5 unidades administrativas\n(Direcciones Generales). Una de estas unidades es la Direcci\u00f3n General de\nFormaci\u00f3n Profesional, R\u00e9gimen Especial y Equidad Educativa, que tiene las\nsiguientes funciones con respecto a la educaci\u00f3n de adultos:<\/p>\n\n\n\n<ul class=\"wp-block-list\"><li>Planificaci\u00f3n\nde la organizaci\u00f3n acad\u00e9mica, dise\u00f1o curricular y desarrollo de recursos\ncurriculares.<\/li><li>Planificaci\u00f3n\nde necesidades de unidades escolares y funcionamiento de centros p\u00fablicos.<\/li><li>Planificaci\u00f3n\ny gesti\u00f3n de la formaci\u00f3n espec\u00edfica del profesorado.<\/li><\/ul>\n\n\n\n<p>La\neducaci\u00f3n p\u00fablica de Castilla y Le\u00f3n cuenta con aproximadamente un total de 410.000\nestudiantes: 27.000 estudiantes est\u00e1n cursando educaci\u00f3n de adultos, 29.000\nestudiantes est\u00e1n inscritos en ense\u00f1anzas de r\u00e9gimen especial (m\u00fasica, danza,\ndise\u00f1o, idiomas, etc.); y 350.000 estudiantes en el sistema general. En esta\ninstituci\u00f3n trabajan 34.000 docentes que junto a los equipos directivos\ncorrespondientes ofrecen orientaci\u00f3n profesional e instrucciones para lograr\naltos est\u00e1ndares de calidad en el sistema educativo de Castilla y Le\u00f3n. <\/p>\n\n\n\n<p>Aproximadamente\n500 profesores trabajan actualmente en educaci\u00f3n de adultos. Hay 73 centros espec\u00edficos\nque imparten ense\u00f1anzas de educaci\u00f3n para adultos (CEPAS) y un n\u00famero\nimportante de ellos ubicados en \u00e1reas rurales. Adem\u00e1s de los CEPAS existen\ncentros ordinarios en cada provincia que imparten ense\u00f1anzas de educaci\u00f3n de\nadultos.<\/p>\n\n\n\n<h3 class=\"wp-block-heading\"><strong>\u00bfD\u00f3nde estamos?<\/strong><\/h3>\n\n\n\n<p>La sede de la Consejer\u00eda de\nEducaci\u00f3n se encuentra Valladolid, ciudad situada en la comunidad aut\u00f3noma de\nCastilla y Le\u00f3n. <\/p>\n\n\n\n<p>Castilla y Le\u00f3n tiene una superficie de 94.224 kil\u00f3metros cuadrados (18,7% del \u00e1rea total de Espa\u00f1a). Es la regi\u00f3n m\u00e1s extensa de Espa\u00f1a y la tercera de Europa.<\/p>\n\n\n\n<iframe loading=\"lazy\" src=\"https:\/\/www.google.com\/maps\/embed?pb=!1m18!1m12!1m3!1d1524731.584832139!2d-5.682695096850888!3d41.720704925827725!2m3!1f0!2f0!3f0!3m2!1i1024!2i768!4f13.1!3m3!1m2!1s0xd476d3f00eaaaab%3A0x7be313647ddd0066!2sConsejer%C3%ADa%20de%20Educaci%C3%B3n!5e0!3m2!1ses!2ses!4v1588326503461!5m2!1ses!2ses\" style=\"border:0;\" allowfullscreen=\"\" aria-hidden=\"false\" tabindex=\"0\" width=\"800\" height=\"600\" frameborder=\"0\"><\/iframe>\n\n\n\n<p>La Consejer\u00eda de Educaci\u00f3n tiene centros educativos distribuidos por las 9 provincias de Castilla y Le\u00f3n (\u00c1vila, Burgos, Le\u00f3n, Palencia, Salamanca, Segovia, Soria, Valladolid y Zamora).<\/p>\n\n\n\n<div class=\"wp-block-image\"><figure class=\"aligncenter\"><img loading=\"lazy\" decoding=\"async\" width=\"549\" height=\"464\" src=\"https:\/\/www.unioviedo.es\/aei\/wp-content\/uploads\/2020\/04\/cyl_centros_adultos.png\" alt=\"Castilla y Le\u00f3n. Centros de Educaci\u00f3n de Adultos\" class=\"wp-image-1538\" srcset=\"https:\/\/www.unioviedo.es\/aei\/wp-content\/uploads\/2020\/04\/cyl_centros_adultos.png 549w, https:\/\/www.unioviedo.es\/aei\/wp-content\/uploads\/2020\/04\/cyl_centros_adultos-300x254.png 300w\" sizes=\"auto, (max-width: 549px) 100vw, 549px\" \/><\/figure><\/div>\n\n\n\n<p>La ubicaci\u00f3n de los centros que imparten ense\u00f1anzas para personas adultas en Castilla y Le\u00f3n puede consultarse en el <a rel=\"noreferrer noopener\" aria-label=\"Directorio de centros del Portal de Educaci\u00f3n (abre en una nueva pesta\u00f1a)\" href=\"http:\/\/directorio.educa.jcyl.es\/es\/mapa\" target=\"_blank\">Directorio de centros del Portal de Educaci\u00f3n<\/a><\/p>\n\n\n\n<h3 class=\"wp-block-heading\"><strong>Actividades y servicios <\/strong><\/h3>\n\n\n\n<p>La Consejer\u00eda de\nEducaci\u00f3n dirige y promueve la pol\u00edtica educativa, as\u00ed como el ejercicio de las\nfunciones de coordinaci\u00f3n, ejecuci\u00f3n e inspecci\u00f3n en la materia. Entre sus muchas\n\u00e1reas de actuaci\u00f3n se encuentra la educaci\u00f3n de personas adultas; la Consejer\u00eda\nde Educaci\u00f3n, en colaboraci\u00f3n con el gobierno nacional, se encarga de\nimplementar la Agenda Europea para el Aprendizaje de Adultos, a trav\u00e9s de\ndiferentes acciones.<\/p>\n\n\n\n<p><strong><em>Educaci\u00f3n\nde personas adultas:<\/em><\/strong><\/p>\n\n\n\n<p>En\nmateria de educaci\u00f3n de personas adultas, la Consejer\u00eda de Educaci\u00f3n tiene los\nsiguientes <strong><em>objetivos estrat\u00e9gicos<\/em><\/strong>:<\/p>\n\n\n\n<ol class=\"wp-block-list\"><li>Mantener\nerradicado el analfabetismo y aumentar el nivel de competencias clave (competencias\nb\u00e1sicas) para el aprendizaje permanente en la poblaci\u00f3n adulta. <\/li><li>Promover\nla reincorporaci\u00f3n al sistema educativo de las personas menores de 30 a\u00f1os que\nlo abandonaron de forma temprana.<\/li><li>Mejorar\nla empleabilidad de las personas adultas, en particular para las personas de\ngrupos desfavorecidos.<\/li><\/ol>\n\n\n\n<p>Para\nlograr esos objetivos, esta instituci\u00f3n educativa ha planificado las siguientes\n<strong><em>acciones<\/em><\/strong>:<\/p>\n\n\n\n<ol class=\"wp-block-list\"><li>Alfabetizaci\u00f3n\ny formaci\u00f3n para nuevos lectores. an\u00e1lisis y detecci\u00f3n de necesidades y una\noferta de programas dirigidos a grupos de inmigrantes para fomentar su\nintegraci\u00f3n social.<\/li><li>Validaci\u00f3n\ndel aprendizaje no formal e informal, basado en competencias clave (<em>basic skills)<\/em>.<\/li><li>Oferta\nde programas para j\u00f3venes que dejan la educaci\u00f3n prematuramente y para grupos socialmente\ndesfavorecidos.<\/li><li>Orientaci\u00f3n,\ninformaci\u00f3n y asesoramiento, dirigido a j\u00f3venes para dar a conocer sus\noportunidades de formaci\u00f3n.<\/li><li>Oferta\nde formaci\u00f3n profesional online, orientada a las caracter\u00edsticas espec\u00edficas de\nlas personas adultas para mejorar su empleabilidad.<\/li><li>Reconocimiento,\nevaluaci\u00f3n y acreditaci\u00f3n de competencias profesionales adquiridas a trav\u00e9s de\nla experiencia laboral y el aprendizaje no formal, considerando las necesidades\nde las personas y del sistema productivo.<\/li><li>Colaboraci\u00f3n\ncon otras instituciones para satisfacer las necesidades de las personas,\nespecialmente aquellas que tienen necesidades espec\u00edficas o sufren de la\nexclusi\u00f3n social (personas discapacitadas, inmigrantes, minor\u00edas \u00e9tnicas,\npoblaci\u00f3n reclusa, personas en hospitales y personas de ciertas \u00e1reas rurales).<\/li><li>Formaci\u00f3n\nespec\u00edfica de docentes dedicados a la educaci\u00f3n de adultos.<\/li><\/ol>\n\n\n\n<p>Los\ndesaf\u00edos futuros de la Consejer\u00eda de Educaci\u00f3n se dirigen a dar m\u00e1s importancia\na la educaci\u00f3n de adultos, ya que las estrategias espa\u00f1olas en torno al\naprendizaje permanente tienden a centrarse en otras etapas educativas.<\/p>\n\n\n\n<p><strong><em>Internacionalizaci\u00f3n<\/em><\/strong><\/p>\n\n\n\n<p>La\nConsejer\u00eda de Educaci\u00f3n est\u00e1 comprometida con la internacionalizaci\u00f3n de los\ncentros educativos y participa en muchos proyectos institucionales: <a href=\"https:\/\/ec.europa.eu\/programmes\/erasmus-plus\/about_es\">Erasmus+<\/a>, <a href=\"https:\/\/interreg.eu\/\">Interreg<\/a>, etc.<\/p>\n\n\n\n<p>Adem\u00e1s, participa en evaluaciones internacionales como\n<a href=\"https:\/\/www.educacionyfp.gob.es\/inee\/evaluaciones-internacionales\/pirls.html\">PIRLS<\/a> <em>(Progress in International Reading Literacy Study<\/em>), <a href=\"https:\/\/www.educacionyfp.gob.es\/inee\/evaluaciones-internacionales\/timss.html\">TIMMS<\/a> (<em>Trends in International Mathematics and Science Study<\/em>), <a href=\"https:\/\/www.educacionyfp.gob.es\/inee\/evaluaciones-internacionales\/pisa.html\">PISA<\/a> (<em>Program for International Student Assessment<\/em>) y <a href=\"https:\/\/www.educacionyfp.gob.es\/inee\/evaluaciones-internacionales\/piaac.html\">PIACC<\/a> (<em>Program for the International Assessment of Adult Competencies<\/em>),\ncon resultados satisfactorios.<\/p>\n\n\n\n<p><strong><em>Calidad<\/em><\/strong><\/p>\n\n\n\n<p>La Consejer\u00eda de\nEducaci\u00f3n est\u00e1 trabajando en la implementaci\u00f3n de un modelo unificado de\ngesti\u00f3n de calidad, de acuerdo con la <a href=\"https:\/\/eur-lex.europa.eu\/legal-content\/ES\/TXT\/PDF\/?uri=CELEX:32009H0708(02)\">Recomendaci\u00f3n del\nParlamento Europeo y del Consejo de 18 de junio de 2009,<\/a> sobre el\nestablecimiento de un Marco de Referencia Europeo de Garant\u00eda de Calidad para\nla Educaci\u00f3n y Formaci\u00f3n Profesional (<a href=\"https:\/\/www.eqavet.eu\/\">EQAVET<\/a>).<\/p>\n\n\n\n<h3 class=\"wp-block-heading\"><strong>Participantes en el proyecto<\/strong><\/h3>\n\n\n\n<p>Juan Andr\u00e9s Garc\u00eda Torres, Esther Hern\u00e1ndez\nRevuelta, Ana Carmen Zabalza Arbizu y M\u00aa Jes\u00fas Fern\u00e1ndez Leonor.<\/p>\n\n\n\n<figure class=\"wp-block-gallery aligncenter columns-1 is-cropped wp-block-gallery-2 is-layout-flex wp-block-gallery-is-layout-flex\"><ul class=\"blocks-gallery-grid\"><li class=\"blocks-gallery-item\"><figure><img loading=\"lazy\" decoding=\"async\" width=\"1024\" height=\"601\" src=\"https:\/\/www.unioviedo.es\/aei\/wp-content\/uploads\/2020\/04\/cyl_participantes-1024x601.jpg\" alt=\"Participantes de Castilla y Le\u00f3n en el proyecto Erasmus+ aei\" data-id=\"1531\" class=\"wp-image-1531\" srcset=\"https:\/\/www.unioviedo.es\/aei\/wp-content\/uploads\/2020\/04\/cyl_participantes.jpg 1024w, https:\/\/www.unioviedo.es\/aei\/wp-content\/uploads\/2020\/04\/cyl_participantes-300x176.jpg 300w, https:\/\/www.unioviedo.es\/aei\/wp-content\/uploads\/2020\/04\/cyl_participantes-768x451.jpg 768w\" sizes=\"auto, (max-width: 1024px) 100vw, 1024px\" \/><figcaption class=\"blocks-gallery-item__caption\">Participantes de Castilla y Le\u00f3n en el proyecto Erasmus+ aei<\/figcaption><\/figure><\/li><\/ul><\/figure>\n\n\n\n<p>El\ngrupo de participantes de este proyecto est\u00e1 formado por personal t\u00e9cnico del\nServicio de Cualificaci\u00f3n Profesional y Aprendizaje Permanente y profesorado\nespecialista que imparte ense\u00f1anzas para personas adultas y ocupa cargos\ndirectivos en centros espec\u00edficos de educaci\u00f3n de personas adultas.<\/p>\n\n\n\n<p>Todos\nlos miembros del grupo participante en este proyecto tienen amplia experiencia\nen educaci\u00f3n de adultos, en el campo de la gesti\u00f3n de centros de educaci\u00f3n de\npersonas adultas, planificaci\u00f3n de programas educativos de diversos niveles, dise\u00f1o\ncurricular, orientaci\u00f3n acad\u00e9mica y profesional, formaci\u00f3n del profesorado,\nrelaciones con otras instituciones, desarrollo de planes de actuaci\u00f3n en\nmateria de educaci\u00f3n de adultos, implementaci\u00f3n de nuevas metodolog\u00edas etc. <\/p>\n\n\n\n<p>Adem\u00e1s\nposeen gran experiencia en tecnolog\u00edas de la comunicaci\u00f3n y la informaci\u00f3n,\nidiomas extranjeros y trabajo con grupos desfavorecidos.&nbsp;&nbsp; <\/p>\n\n\n\n<p>Tambi\u00e9n han coordinado y participado en varios proyectos europeos, nacionales y regionales en materia de educaci\u00f3n de personas adultas. <\/p>\n\n\n\n<p>Rafael Navas, profesor del <a rel=\"noreferrer noopener\" aria-label=\"CEPA &quot;Victoriano Cr\u00e9mer&quot; (abre en una nueva pesta\u00f1a)\" href=\"http:\/\/cepavictorianocremer.centros.educa.jcyl.es\/sitio\/\" target=\"_blank\">CEPA \u00abVictoriano Cr\u00e9mer\u00bb<\/a> (Burgos), con experiencia docente en Formaci\u00f3n Profesional y Educaci\u00f3n de Adultos, colabora en el dise\u00f1o y realizaci\u00f3n de la web del proyecto.<\/p>\n\n\n\n<figure class=\"wp-block-gallery columns-1 is-cropped wp-block-gallery-3 is-layout-flex wp-block-gallery-is-layout-flex\"><ul class=\"blocks-gallery-grid\"><li class=\"blocks-gallery-item\"><figure><img loading=\"lazy\" decoding=\"async\" width=\"1024\" height=\"682\" src=\"https:\/\/www.unioviedo.es\/aei\/wp-content\/uploads\/2021\/10\/Ciechanow_CastillayLeon-1024x682.jpeg\" alt=\"Castilla y Le\u00f3n en Ciechanow (Polonia)\" data-id=\"2096\" data-full-url=\"https:\/\/www.unioviedo.es\/aei\/wp-content\/uploads\/2021\/10\/Ciechanow_CastillayLeon.jpeg\" data-link=\"https:\/\/www.unioviedo.es\/aei\/ciechanow_castillayleon\/\" class=\"wp-image-2096\" srcset=\"https:\/\/www.unioviedo.es\/aei\/wp-content\/uploads\/2021\/10\/Ciechanow_CastillayLeon-1024x682.jpeg 1024w, https:\/\/www.unioviedo.es\/aei\/wp-content\/uploads\/2021\/10\/Ciechanow_CastillayLeon-300x200.jpeg 300w, https:\/\/www.unioviedo.es\/aei\/wp-content\/uploads\/2021\/10\/Ciechanow_CastillayLeon-768x512.jpeg 768w, https:\/\/www.unioviedo.es\/aei\/wp-content\/uploads\/2021\/10\/Ciechanow_CastillayLeon-1536x1023.jpeg 1536w, https:\/\/www.unioviedo.es\/aei\/wp-content\/uploads\/2021\/10\/Ciechanow_CastillayLeon.jpeg 1600w\" sizes=\"auto, (max-width: 1024px) 100vw, 1024px\" \/><figcaption class=\"blocks-gallery-item__caption\">Castilla y Le\u00f3n en Ciechanow (Polonia)<\/figcaption><\/figure><\/li><\/ul><\/figure>\n\n\n\n<figure class=\"wp-block-gallery columns-1 is-cropped wp-block-gallery-4 is-layout-flex wp-block-gallery-is-layout-flex\"><ul class=\"blocks-gallery-grid\"><li class=\"blocks-gallery-item\"><figure><img loading=\"lazy\" decoding=\"async\" width=\"1024\" height=\"537\" src=\"https:\/\/www.unioviedo.es\/aei\/wp-content\/uploads\/2022\/04\/Padua-Castilla-y-Leon.jpeg\" alt=\"Castilla y Le\u00f3n en Padua\" data-id=\"2311\" data-full-url=\"https:\/\/www.unioviedo.es\/aei\/wp-content\/uploads\/2022\/04\/Padua-Castilla-y-Leon.jpeg\" data-link=\"https:\/\/www.unioviedo.es\/aei\/junta-de-castilla-y-leon-espana\/padua-castilla-y-leon\/\" class=\"wp-image-2311\" srcset=\"https:\/\/www.unioviedo.es\/aei\/wp-content\/uploads\/2022\/04\/Padua-Castilla-y-Leon.jpeg 1024w, https:\/\/www.unioviedo.es\/aei\/wp-content\/uploads\/2022\/04\/Padua-Castilla-y-Leon-300x157.jpeg 300w, https:\/\/www.unioviedo.es\/aei\/wp-content\/uploads\/2022\/04\/Padua-Castilla-y-Leon-768x403.jpeg 768w\" sizes=\"auto, (max-width: 1024px) 100vw, 1024px\" \/><figcaption class=\"blocks-gallery-item__caption\">Castilla y Le\u00f3n en Padua (Italia)<\/figcaption><\/figure><\/li><\/ul><\/figure>\n\n\n\n<figure class=\"wp-block-gallery columns-1 is-cropped wp-block-gallery-5 is-layout-flex wp-block-gallery-is-layout-flex\"><ul class=\"blocks-gallery-grid\"><li class=\"blocks-gallery-item\"><figure><img loading=\"lazy\" decoding=\"async\" width=\"1024\" height=\"682\" src=\"https:\/\/www.unioviedo.es\/aei\/wp-content\/uploads\/2022\/05\/Castilla-y-Leon-en-Finlandia-1024x682.jpeg\" alt=\"Castilla y Le\u00f3n en Borg\u00e5 (Finlandia)\" data-id=\"2464\" data-full-url=\"https:\/\/www.unioviedo.es\/aei\/wp-content\/uploads\/2022\/05\/Castilla-y-Leon-en-Finlandia.jpeg\" data-link=\"https:\/\/www.unioviedo.es\/aei\/junta-de-castilla-y-leon-espana\/castilla-y-leon-en-finlandia\/\" class=\"wp-image-2464\" srcset=\"https:\/\/www.unioviedo.es\/aei\/wp-content\/uploads\/2022\/05\/Castilla-y-Leon-en-Finlandia-1024x682.jpeg 1024w, https:\/\/www.unioviedo.es\/aei\/wp-content\/uploads\/2022\/05\/Castilla-y-Leon-en-Finlandia-300x200.jpeg 300w, https:\/\/www.unioviedo.es\/aei\/wp-content\/uploads\/2022\/05\/Castilla-y-Leon-en-Finlandia-768x512.jpeg 768w, https:\/\/www.unioviedo.es\/aei\/wp-content\/uploads\/2022\/05\/Castilla-y-Leon-en-Finlandia-1536x1023.jpeg 1536w, https:\/\/www.unioviedo.es\/aei\/wp-content\/uploads\/2022\/05\/Castilla-y-Leon-en-Finlandia.jpeg 1600w\" sizes=\"auto, (max-width: 1024px) 100vw, 1024px\" \/><figcaption class=\"blocks-gallery-item__caption\">Castilla y Le\u00f3n en Borg\u00e5 (Finlandia)<\/figcaption><\/figure><\/li><\/ul><\/figure>\n\n\n\n<figure class=\"wp-block-gallery columns-1 is-cropped wp-block-gallery-6 is-layout-flex wp-block-gallery-is-layout-flex\"><ul class=\"blocks-gallery-grid\"><li class=\"blocks-gallery-item\"><figure><img loading=\"lazy\" decoding=\"async\" width=\"1024\" height=\"766\" src=\"https:\/\/www.unioviedo.es\/aei\/wp-content\/uploads\/2022\/07\/2022_06-Castilla_Leon.webp\" alt=\"Castilla y Le\u00f3n en Medina del Campo (Espa\u00f1a)\" data-id=\"2628\" data-full-url=\"https:\/\/www.unioviedo.es\/aei\/wp-content\/uploads\/2022\/07\/2022_06-Castilla_Leon.webp\" data-link=\"https:\/\/www.unioviedo.es\/aei\/2022_06-castilla_leon\/\" class=\"wp-image-2628\" srcset=\"https:\/\/www.unioviedo.es\/aei\/wp-content\/uploads\/2022\/07\/2022_06-Castilla_Leon.webp 1024w, https:\/\/www.unioviedo.es\/aei\/wp-content\/uploads\/2022\/07\/2022_06-Castilla_Leon-300x224.webp 300w, https:\/\/www.unioviedo.es\/aei\/wp-content\/uploads\/2022\/07\/2022_06-Castilla_Leon-768x575.webp 768w\" sizes=\"auto, (max-width: 1024px) 100vw, 1024px\" \/><figcaption class=\"blocks-gallery-item__caption\">Castilla y Le\u00f3n en Medina del Campo (Espa\u00f1a)<\/figcaption><\/figure><\/li><\/ul><\/figure>\n","protected":false},"excerpt":{"rendered":"<p>Junta de Castilla y Le\u00f3n (Espa\u00f1a) Acerca de &gt; Miembros &gt; Consejer\u00eda de Educaci\u00f3n. Junta de Castilla y Le\u00f3n www.educa.jcyl.es \u00bfQui\u00e9nes somos? La Junta de Castilla y Le\u00f3n es el \u00f3rgano de gobierno y administraci\u00f3n de la comunidad aut\u00f3noma de&#8230; <a href=\"https:\/\/www.unioviedo.es\/aei\/junta-de-castilla-y-leon-espana\/\" class=\"readmore\">Leer m\u00e1s<span class=\"screen-reader-text\">Consejer\u00eda de Educaci\u00f3n<\/span><span class=\"fa fa-angle-double-right\" aria-hidden=\"true\"><\/span><\/a><\/p>\n","protected":false},"author":1,"featured_media":0,"parent":0,"menu_order":0,"comment_status":"closed","ping_status":"closed","template":"","meta":{"footnotes":""},"class_list":["post-67","page","type-page","status-publish","hentry"],"_links":{"self":[{"href":"https:\/\/www.unioviedo.es\/aei\/wp-json\/wp\/v2\/pages\/67","targetHints":{"allow":["GET"]}}],"collection":[{"href":"https:\/\/www.unioviedo.es\/aei\/wp-json\/wp\/v2\/pages"}],"about":[{"href":"https:\/\/www.unioviedo.es\/aei\/wp-json\/wp\/v2\/types\/page"}],"author":[{"embeddable":true,"href":"https:\/\/www.unioviedo.es\/aei\/wp-json\/wp\/v2\/users\/1"}],"replies":[{"embeddable":true,"href":"https:\/\/www.unioviedo.es\/aei\/wp-json\/wp\/v2\/comments?post=67"}],"version-history":[{"count":0,"href":"https:\/\/www.unioviedo.es\/aei\/wp-json\/wp\/v2\/pages\/67\/revisions"}],"wp:attachment":[{"href":"https:\/\/www.unioviedo.es\/aei\/wp-json\/wp\/v2\/media?parent=67"}],"curies":[{"name":"wp","href":"https:\/\/api.w.org\/{rel}","templated":true}]}}