{"id":76,"date":"2019-12-13T17:33:52","date_gmt":"2019-12-13T16:33:52","guid":{"rendered":"https:\/\/www.unioviedo.es\/aei\/?page_id=76"},"modified":"2022-09-14T17:23:01","modified_gmt":"2022-09-14T15:23:01","slug":"contacto","status":"publish","type":"page","link":"https:\/\/www.unioviedo.es\/aei\/contacto\/","title":{"rendered":"Contacto"},"content":{"rendered":"\n<p><a href=\"https:\/\/www.unioviedo.es\/aei\/acerca-de\/\">Acerca de<\/a> &gt; <a href=\"https:\/\/www.unioviedo.es\/aei\/contacto\/\">Contacto<\/a><\/p>\n\n\n\n<h3 class=\"wp-block-heading\"><strong>Universidad de Oviedo (Espa\u00f1a)<\/strong><\/h3>\n\n\n\n<p>(organizaci\u00f3n coordinadora) <\/p>\n\n\n\n<div class=\"wp-block-media-text alignwide is-stacked-on-mobile\" style=\"grid-template-columns:34% auto\"><figure class=\"wp-block-media-text__media\"><img loading=\"lazy\" decoding=\"async\" width=\"658\" height=\"717\" src=\"https:\/\/www.unioviedo.es\/aei\/wp-content\/uploads\/2020\/05\/Logo_Universidad_de_Oviedo.png\" alt=\"Logotipo de la Universidad de Oviedo\" class=\"wp-image-1731 size-full\" srcset=\"https:\/\/www.unioviedo.es\/aei\/wp-content\/uploads\/2020\/05\/Logo_Universidad_de_Oviedo.png 658w, https:\/\/www.unioviedo.es\/aei\/wp-content\/uploads\/2020\/05\/Logo_Universidad_de_Oviedo-275x300.png 275w\" sizes=\"auto, (max-width: 658px) 100vw, 658px\" \/><\/figure><div class=\"wp-block-media-text__content\">\n<p><strong>Calle San Francisco 3<br>33003 Oviedo (Espa\u00f1a)<\/strong><\/p>\n\n\n\n<p><a href=\"http:\/\/www.uniovi.es\" target=\"_blank\" rel=\"noreferrer noopener\">www.uniovi.es<\/a><\/p>\n\n\n\n<p>Javier Fombona   <br>fombona(at)uniovi.es <\/p>\n<\/div><\/div>\n\n\n\n<hr class=\"wp-block-separator is-style-wide\"\/>\n\n\n\n<div style=\"height:40px\" aria-hidden=\"true\" class=\"wp-block-spacer\"><\/div>\n\n\n\n<h3 class=\"wp-block-heading\"><strong>Consejer\u00eda de Educaci\u00f3n<\/strong><\/h3>\n\n\n\n<h3 class=\"wp-block-heading\" id=\"mce_0\"><strong>Junta de Castilla y Le\u00f3n (Espa\u00f1a)<\/strong> <\/h3>\n\n\n\n<div class=\"wp-block-media-text alignwide is-stacked-on-mobile\" style=\"grid-template-columns:37% auto\"><figure class=\"wp-block-media-text__media\"><img loading=\"lazy\" decoding=\"async\" width=\"792\" height=\"357\" src=\"https:\/\/www.unioviedo.es\/aei\/wp-content\/uploads\/2019\/12\/logo_eduCYL.png\" alt=\"Consejer\u00eda de Educaci\u00f3n de la Junta de Castilla y Le\u00f3n (Espa\u00f1a)\" class=\"wp-image-171 size-full\" srcset=\"https:\/\/www.unioviedo.es\/aei\/wp-content\/uploads\/2019\/12\/logo_eduCYL.png 792w, https:\/\/www.unioviedo.es\/aei\/wp-content\/uploads\/2019\/12\/logo_eduCYL-300x135.png 300w, https:\/\/www.unioviedo.es\/aei\/wp-content\/uploads\/2019\/12\/logo_eduCYL-768x346.png 768w\" sizes=\"auto, (max-width: 792px) 100vw, 792px\" \/><\/figure><div class=\"wp-block-media-text__content\">\n<p><strong>Av. del Real Valladolid, s\/n, 47014 Valladolid (Espa\u00f1a)<\/strong><\/p>\n\n\n\n<p><a href=\"http:\/\/www.jcyl.es\/web\/jcyl\/Portada\/es\/Plantilla100Directorio\/1248366924958\/0\/1284181175622\/DirectorioPadre\" target=\"_blank\" rel=\"noreferrer noopener\" aria-label=\"Consejer\u00eda de Educaci\u00f3n (abre en una nueva pesta\u00f1a)\">Consejer\u00eda de Educaci\u00f3n<\/a><\/p>\n\n\n\n<p> Juan   Andr\u00e9s Garc\u00eda<br> juanandres.garcia(at)jcyl.es<\/p>\n<\/div><\/div>\n\n\n\n<hr class=\"wp-block-separator is-style-wide\"\/>\n\n\n\n<div style=\"height:40px\" aria-hidden=\"true\" class=\"wp-block-spacer\"><\/div>\n\n\n\n<h3 class=\"wp-block-heading\"><strong>CPIA \u2013 Centro Provincial para la educaci\u00f3n de adultos de Padua (Italia)<\/strong> <\/h3>\n\n\n\n<div class=\"wp-block-media-text alignwide is-stacked-on-mobile\" style=\"grid-template-columns:38% auto\"><figure class=\"wp-block-media-text__media\"><img loading=\"lazy\" decoding=\"async\" width=\"300\" height=\"166\" src=\"https:\/\/www.unioviedo.es\/aei\/wp-content\/uploads\/2019\/12\/logo-cpia.png\" alt=\"Centro Provinciale per l\u2019istruzione degli Adulti di Padova\" class=\"wp-image-135 size-full\"\/><\/figure><div class=\"wp-block-media-text__content\">\n<p><strong>Via Dorighello, 16<\/strong><br> <strong>35128 Padua (Italia)<br> <\/strong><br> <a rel=\"noreferrer noopener\" href=\"http:\/\/www.cpiapadova.it\/\" target=\"_blank\">www.cpiapadova.it<\/a><\/p>\n\n\n\n<p>Gianni Franco   <br>gianni.franco(at)cpiapadova.it <\/p>\n<\/div><\/div>\n\n\n\n<hr class=\"wp-block-separator is-style-wide\"\/>\n\n\n\n<div style=\"height:40px\" aria-hidden=\"true\" class=\"wp-block-spacer\"><\/div>\n\n\n\n<h3 class=\"wp-block-heading\"><strong>Borg\u00e5 folkakademi (Finlandia) <\/strong> <\/h3>\n\n\n\n<div class=\"wp-block-columns alignwide is-layout-flex wp-container-core-columns-is-layout-9d6595d7 wp-block-columns-is-layout-flex\">\n<div class=\"wp-block-column is-layout-flow wp-block-column-is-layout-flow\" style=\"flex-basis:40%\">\n<figure class=\"wp-block-image\"><img loading=\"lazy\" decoding=\"async\" width=\"355\" height=\"142\" src=\"https:\/\/www.unioviedo.es\/aei\/wp-content\/uploads\/2019\/12\/logo_borka.png\" alt=\"Borg\u00e5 folkakademi Finland\" class=\"wp-image-143\" srcset=\"https:\/\/www.unioviedo.es\/aei\/wp-content\/uploads\/2019\/12\/logo_borka.png 355w, https:\/\/www.unioviedo.es\/aei\/wp-content\/uploads\/2019\/12\/logo_borka-300x120.png 300w\" sizes=\"auto, (max-width: 355px) 100vw, 355px\" \/><\/figure>\n<\/div>\n\n\n\n<div class=\"wp-block-column is-layout-flow wp-block-column-is-layout-flow\" style=\"flex-basis:60%\">\n<p><strong>Runeberginkatu 16, 06100 Porvoo, Finlandia <\/strong><\/p>\n\n\n\n<p><a rel=\"noreferrer noopener\" href=\"https:\/\/www.akan.fi\/\" target=\"_blank\">www.akan.fi\/<\/a><\/p>\n\n\n\n<p>Katinka von Kraemer  <br>katinka.vonkraemer(at)akan.fi <\/p>\n<\/div>\n<\/div>\n\n\n\n<hr class=\"wp-block-separator is-style-wide\"\/>\n\n\n\n<div style=\"height:40px\" aria-hidden=\"true\" class=\"wp-block-spacer\"><\/div>\n\n\n\n<h3 class=\"wp-block-heading\"><strong>Pa\u0144stwowa Uczelnia Zawodowa (Polonia)<\/strong> <\/h3>\n\n\n\n<div class=\"wp-block-columns alignwide is-layout-flex wp-container-core-columns-is-layout-9d6595d7 wp-block-columns-is-layout-flex\">\n<div class=\"wp-block-column is-layout-flow wp-block-column-is-layout-flow\" style=\"flex-basis:37%\">\n<figure class=\"wp-block-image is-resized\"><img loading=\"lazy\" decoding=\"async\" src=\"https:\/\/www.unioviedo.es\/aei\/wp-content\/uploads\/2020\/02\/logo_panstwowa1.png\" alt=\"Pa\u0144stwowa Uczelnia Zawodowa (Polonia)\" class=\"wp-image-1046\" width=\"278\" height=\"278\" srcset=\"https:\/\/www.unioviedo.es\/aei\/wp-content\/uploads\/2020\/02\/logo_panstwowa1.png 430w, https:\/\/www.unioviedo.es\/aei\/wp-content\/uploads\/2020\/02\/logo_panstwowa1-150x150.png 150w, https:\/\/www.unioviedo.es\/aei\/wp-content\/uploads\/2020\/02\/logo_panstwowa1-300x300.png 300w\" sizes=\"auto, (max-width: 278px) 100vw, 278px\" \/><\/figure>\n<\/div>\n\n\n\n<div class=\"wp-block-column is-layout-flow wp-block-column-is-layout-flow\" style=\"flex-basis:63%\">\n<p><strong>Henryka Sienkiewicza 50 39-400 Tarnobrzeg, Polonia<\/strong><\/p>\n\n\n\n<p><a rel=\"noreferrer noopener\" href=\"https:\/\/puzim.edu.pl\/\" target=\"_blank\">puzim.edu.pl\/<\/a><\/p>\n\n\n\n<p>Sylwester   Czaplicki<\/p>\n\n\n\n<p>sylwester.czaplicki(at)puzim.edu.pl<\/p>\n<\/div>\n<\/div>\n\n\n\n<p><\/p>\n","protected":false},"excerpt":{"rendered":"<p>Acerca de &gt; Contacto Universidad de Oviedo (Espa\u00f1a) (organizaci\u00f3n coordinadora) Calle San Francisco 333003 Oviedo (Espa\u00f1a) www.uniovi.es Javier Fombona fombona(at)uniovi.es Consejer\u00eda de Educaci\u00f3n Junta de Castilla y Le\u00f3n (Espa\u00f1a) Av. del Real Valladolid, s\/n, 47014 Valladolid (Espa\u00f1a) Consejer\u00eda de Educaci\u00f3n&#8230; <a href=\"https:\/\/www.unioviedo.es\/aei\/contacto\/\" class=\"readmore\">Leer m\u00e1s<span class=\"screen-reader-text\">Contacto<\/span><span class=\"fa fa-angle-double-right\" aria-hidden=\"true\"><\/span><\/a><\/p>\n","protected":false},"author":1,"featured_media":0,"parent":0,"menu_order":0,"comment_status":"closed","ping_status":"closed","template":"","meta":{"footnotes":""},"class_list":["post-76","page","type-page","status-publish","hentry"],"_links":{"self":[{"href":"https:\/\/www.unioviedo.es\/aei\/wp-json\/wp\/v2\/pages\/76","targetHints":{"allow":["GET"]}}],"collection":[{"href":"https:\/\/www.unioviedo.es\/aei\/wp-json\/wp\/v2\/pages"}],"about":[{"href":"https:\/\/www.unioviedo.es\/aei\/wp-json\/wp\/v2\/types\/page"}],"author":[{"embeddable":true,"href":"https:\/\/www.unioviedo.es\/aei\/wp-json\/wp\/v2\/users\/1"}],"replies":[{"embeddable":true,"href":"https:\/\/www.unioviedo.es\/aei\/wp-json\/wp\/v2\/comments?post=76"}],"version-history":[{"count":0,"href":"https:\/\/www.unioviedo.es\/aei\/wp-json\/wp\/v2\/pages\/76\/revisions"}],"wp:attachment":[{"href":"https:\/\/www.unioviedo.es\/aei\/wp-json\/wp\/v2\/media?parent=76"}],"curies":[{"name":"wp","href":"https:\/\/api.w.org\/{rel}","templated":true}]}}