{"id":81,"date":"2019-12-13T17:33:54","date_gmt":"2019-12-13T16:33:54","guid":{"rendered":"https:\/\/www.unioviedo.es\/aei\/?page_id=81"},"modified":"2020-05-06T11:01:52","modified_gmt":"2020-05-06T09:01:52","slug":"contexto-europeo","status":"publish","type":"page","link":"https:\/\/www.unioviedo.es\/aei\/contexto-europeo\/","title":{"rendered":"Contexto Europeo"},"content":{"rendered":"\n<p><a href=\"https:\/\/www.unioviedo.es\/aei\/acerca-de\/\">Acerca de<\/a> &gt; <a href=\"https:\/\/www.unioviedo.es\/aei\/contexto-europeo\/\">Contexto Europeo<\/a><\/p>\n\n\n\n<p>El programa Erasmus+ es un  programa de la UE para apoyar la educaci\u00f3n, la formaci\u00f3n, la juventud y el deporte en Europa. Y este proyecto est\u00e1 dentro de la acci\u00f3n clave 2: Cooperaci\u00f3n para la innovaci\u00f3n y el intercambio de buenas pr\u00e1cticas.<\/p>\n\n\n\n<p>Las acciones KA2 hacen posible que organizaciones de diferentes pa\u00edses participantes trabajen juntas, desarrollen, compartan y transfieran mejores pr\u00e1cticas y enfoques innovadores en los campos de educaci\u00f3n, capacitaci\u00f3n y juventud.<\/p>\n\n\n\n<figure class=\"wp-block-image\"><img loading=\"lazy\" decoding=\"async\" width=\"1024\" height=\"687\" src=\"https:\/\/www.unioviedo.es\/aei\/wp-content\/uploads\/2020\/04\/Reunion_coordinacion-1024x687.jpg\" alt=\"\" class=\"wp-image-1310\" srcset=\"https:\/\/www.unioviedo.es\/aei\/wp-content\/uploads\/2020\/04\/Reunion_coordinacion.jpg 1024w, https:\/\/www.unioviedo.es\/aei\/wp-content\/uploads\/2020\/04\/Reunion_coordinacion-300x201.jpg 300w, https:\/\/www.unioviedo.es\/aei\/wp-content\/uploads\/2020\/04\/Reunion_coordinacion-768x515.jpg 768w\" sizes=\"auto, (max-width: 1024px) 100vw, 1024px\" \/><figcaption>Reuni\u00f3n de coordinaci\u00f3n<\/figcaption><\/figure>\n\n\n\n<p><a href=\"https:\/\/ec.europa.eu\/programmes\/erasmus-plus\/node_es\">Erasmus+<\/a><\/p>\n\n\n\n<p><a href=\"https:\/\/ec.europa.eu\/programmes\/erasmus-plus\/projects_es\" target=\"_blank\" rel=\"noreferrer noopener\" aria-label=\"Resultados del proyecto Erasmus+ (abre en una nueva pesta\u00f1a)\">Resultados del proyecto Erasmus+<\/a><\/p>\n\n\n\n<p><a href=\"http:\/\/sepie.es\" target=\"_blank\" rel=\"noreferrer noopener\" aria-label=\" (abre en una nueva pesta\u00f1a)\">Erasmus+ en Espa\u00f1a<\/a><\/p>\n\n\n\n<div class=\"wp-block-image\"><figure class=\"aligncenter\"><a href=\"http:\/\/sepie.es\/\" target=\"_blank\" rel=\"noreferrer noopener\"><img loading=\"lazy\" decoding=\"async\" width=\"400\" height=\"100\" src=\"https:\/\/www.unioviedo.es\/aei\/wp-content\/uploads\/2020\/01\/SEPIE_erasmus_plus.gif\" alt=\"Agencia Nacional Erasmus+\" class=\"wp-image-598\"\/><\/a><\/figure><\/div>\n\n\n\n<h2 class=\"wp-block-heading\">Plataformas europeas relacionadas<\/h2>\n\n\n\n<p><a rel=\"noreferrer noopener\" aria-label=\"EURES DIGITAL SINGLE MARKET (abre en una nueva pesta\u00f1a)\" href=\"https:\/\/ec.europa.eu\/digital-single-market\/en\" target=\"_blank\">EURES DIGITAL SINGLE MARKET<\/a> Servicios europeos de empleo para abrir oportunidades digitales para las personas y las empresas y mejorar la posici\u00f3n de Europa como l\u00edder mundial en la econom\u00eda digital. <\/p>\n\n\n\n<p><a rel=\"noreferrer noopener\" aria-label=\"EURYDICE (abre en una nueva pesta\u00f1a)\" href=\"https:\/\/eacea.ec.europa.eu\/national-policies\/eurydice\/index_en.php_es\" target=\"_blank\">EURYDICE<\/a> Este es un servicio de apoyo a la cooperaci\u00f3n europea en el campo de la educaci\u00f3n, proporcionando informaci\u00f3n de alta calidad sobre pol\u00edticas y pr\u00e1cticas educativas, estudios comparativos, indicadores y estad\u00edsticas.<\/p>\n\n\n\n<p><a rel=\"noreferrer noopener\" aria-label=\"EURODESK (abre en una nueva pesta\u00f1a)\" href=\"http:\/\/www.eurodesk.es\/\" target=\"_blank\">EURODESK<\/a> Esta es una de las fuentes m\u00e1s completas y accesibles para obtener informaci\u00f3n gratuita sobre las oportunidades de movilidad de aprendizaje. Da apoyo nacional en 34 pa\u00edses, as\u00ed como oportunidades de capacitaci\u00f3n en un entorno internacional. <\/p>\n\n\n\n<p><a rel=\"noreferrer noopener\" aria-label=\"SALTO (abre en una nueva pesta\u00f1a)\" href=\"https:\/\/www.salto-youth.net\/\" target=\"_blank\">SALTO-YOUTH<\/a> Este servicio da recursos de aprendizaje no formal para trabajadores  juveniles y l\u00edderes juveniles, adem\u00e1s Salto organiza actividades de  formaci\u00f3n y creaci\u00f3n de redes para apoyar a las organizaciones. <\/p>\n\n\n\n<p><a href=\"https:\/\/ec.europa.eu\/jrc\/en\/digcomporg\">European Framework for Digitally Competent Educational Organizations<\/a><\/p>\n\n\n\n<p><a rel=\"noreferrer noopener\" aria-label=\"SELFIE (abre en una nueva pesta\u00f1a)\" href=\"https:\/\/ec.europa.eu\/education\/schools-go-digital_es\" target=\"_blank\">SELFIE<\/a> Servicio de apoyo a centros educativos para aprender en la era digital (Marco europeo para organizaciones educativas digitales).<\/p>\n\n\n\n<p><a rel=\"noreferrer noopener\" aria-label=\"CORDIS (abre en una nueva pesta\u00f1a)\" href=\"https:\/\/cordis.europa.eu\/about\/archives\/es\" target=\"_blank\">CORDIS<\/a> Actividades de investigaci\u00f3n e innovaci\u00f3n.<\/p>\n\n\n\n<p><a rel=\"noreferrer noopener\" aria-label=\"Funding Tenders (abre en una nueva pesta\u00f1a)\" href=\"https:\/\/ec.europa.eu\/info\/funding-tenders_es\" target=\"_blank\">Funding Tenders<\/a> Este servicio difunde convocatorias con propuestas de  financiaci\u00f3n y posibilidades  de negocio con la Comisi\u00f3n Europea. <\/p>\n\n\n\n<p><a rel=\"noreferrer noopener\" aria-label=\"ETWINNING (abre en una nueva pesta\u00f1a)\" href=\"https:\/\/www.etwinning.net\/es\/pub\/index.htm\" target=\"_blank\">ETWINNING<\/a> Esta es una plataforma y red social de maestros y escuelas no universitarias, incluidos adultos, para ofrecer oportunidades de interacci\u00f3n y capacitaci\u00f3n; los maestros y los estudiantes pueden desarrollar proyectos de colaboraci\u00f3n. Es una experiencia innovadora, proyectos de referencia y materiales educativos. <\/p>\n\n\n\n<p><a rel=\"noreferrer noopener\" aria-label=\"PUERTA DE EDUCACI\u00d3N ESCOLAR (abre en una nueva pesta\u00f1a)\" href=\"https:\/\/www.schooleducationgateway.eu\/es\/pub\/index.htm\" target=\"_blank\">PUERTA DE EDUCACI\u00d3N ESCOLAR<\/a> Esta es una plataforma para docentes, escuelas y expertos; presenta pol\u00edticas educativas, noticias, tendencias, art\u00edculos de expertos, iniciativas nacionales, acciones para escuelas, \u00e1reas de interacci\u00f3n, mejores pr\u00e1cticas, recursos adicionales, espacios de colaboraci\u00f3n y materiales educativos para expertos (23 idiomas). Estos documentos son de especial importancia: \u201cPreparando a los maestros para la diversidad\u201d, \u201cC\u00f3mo los maestros ense\u00f1an y los estudiantes aprenden: estrategias exitosas para la escuela\u201d.<\/p>\n\n\n\n<p><a rel=\"noreferrer noopener\" aria-label=\"EPALE (abre en una nueva pesta\u00f1a)\" href=\"https:\/\/epale.ec.europa.eu\/es\/node\/84013\" target=\"_blank\">EPALE<\/a> Se est\u00e1 convirtiendo en nuestro sitio web principal de educaci\u00f3n de adultos, porque es una comunidad multiling\u00fce de membres\u00eda abierta para maestros, investigadores, acad\u00e9micos, dise\u00f1adores de pol\u00edticas y cualquier otra persona con un rol profesional en el aprendizaje de adultos. Se utiliza para buscar socios y para hacer interacciones en el blog \u00abCompetencias b\u00e1sicas de maestros\u00bb y otras colaboraciones. <\/p>\n\n\n\n<p>Otras instituciones sociales b\u00e1sicas y organizaciones no gubernamentales (ONG) en relaci\u00f3n con la integraci\u00f3n, tales como:  <\/p>\n\n\n\n<ul class=\"wp-block-list\"><li><a rel=\"noreferrer noopener\" aria-label=\"Cruz Roja Espa\u00f1ola (abre en una nueva pesta\u00f1a)\" href=\"https:\/\/www2.cruzroja.es\/\" target=\"_blank\">Cruz Roja Espa\u00f1ola<\/a><\/li><li><a rel=\"noreferrer noopener\" aria-label=\"Caritas Espa\u00f1a (abre en una nueva pesta\u00f1a)\" href=\"https:\/\/www.caritas.es\/\" target=\"_blank\">Caritas Espa\u00f1a<\/a> <\/li><li><a rel=\"noreferrer noopener\" aria-label=\"Confederaci\u00f3n de organizaciones familiares en la UE (abre en una nueva pesta\u00f1a)\" href=\"http:\/\/www.edf-feph.org\/\" target=\"_blank\">Confederaci\u00f3n de organizaciones familiares en la UE<\/a><\/li><li><a rel=\"noreferrer noopener\" aria-label=\"Dynamo International-Street Workers Net (abre en una nueva pesta\u00f1a)\" href=\"http:\/\/travailderue.org\/es\/\" target=\"_blank\">Dynamo International-Street Workers Net<\/a><\/li><li><a rel=\"noreferrer noopener\" aria-label=\"Red Europea contra la Pobreza Espa\u00f1a (abre en una nueva pesta\u00f1a)\" href=\"https:\/\/www.eapn.es\/\" target=\"_blank\">Red Europea contra la Pobreza Espa\u00f1a<\/a><\/li><li><a rel=\"noreferrer noopener\" aria-label=\"Red europea de microfinanzas (abre en una nueva pesta\u00f1a)\" href=\"https:\/\/www.european-microfinance.org\/\" target=\"_blank\">Red europea de microfinanzas<\/a><\/li><\/ul>\n\n\n\n<p>Plataformas locales para la educaci\u00f3n, el empleo y la inclusi\u00f3n social como por ejemplo:<\/p>\n\n\n\n<ul class=\"wp-block-list\"><li>La web institucional del desempleo del gobierno asturiano para la formaci\u00f3n de escuelas de empleo y centros integrados de FP de Asturias  <a rel=\"noreferrer noopener\" href=\"https:\/\/www.asturias.es\/trabajastur\" target=\"_blank\">www.asturias.es\/trabajastur<\/a> <\/li><li>Escuelas de formaci\u00f3n ocupacional (para desempleados).<\/li><li>Organizaciones sociales y  empresariales.<\/li><li>Empresas de trabajo temporal.<\/li><li>Buscadores de empleo en  Internet:  <a rel=\"noreferrer noopener\" aria-label=\"www.tecnoempleo.com (abre en una nueva pesta\u00f1a)\" href=\"https:\/\/www.tecnoempleo.com\/\" target=\"_blank\">www.tecnoempleo.com<\/a>  <\/li><\/ul>\n","protected":false},"excerpt":{"rendered":"<p>Acerca de &gt; Contexto Europeo El programa Erasmus+ es un programa de la UE para apoyar la educaci\u00f3n, la formaci\u00f3n, la juventud y el deporte en Europa. Y este proyecto est\u00e1 dentro de la acci\u00f3n clave 2: Cooperaci\u00f3n para la&#8230; <a href=\"https:\/\/www.unioviedo.es\/aei\/contexto-europeo\/\" class=\"readmore\">Leer m\u00e1s<span class=\"screen-reader-text\">Contexto Europeo<\/span><span class=\"fa fa-angle-double-right\" aria-hidden=\"true\"><\/span><\/a><\/p>\n","protected":false},"author":1,"featured_media":0,"parent":0,"menu_order":0,"comment_status":"closed","ping_status":"closed","template":"","meta":{"footnotes":""},"class_list":["post-81","page","type-page","status-publish","hentry"],"_links":{"self":[{"href":"https:\/\/www.unioviedo.es\/aei\/wp-json\/wp\/v2\/pages\/81","targetHints":{"allow":["GET"]}}],"collection":[{"href":"https:\/\/www.unioviedo.es\/aei\/wp-json\/wp\/v2\/pages"}],"about":[{"href":"https:\/\/www.unioviedo.es\/aei\/wp-json\/wp\/v2\/types\/page"}],"author":[{"embeddable":true,"href":"https:\/\/www.unioviedo.es\/aei\/wp-json\/wp\/v2\/users\/1"}],"replies":[{"embeddable":true,"href":"https:\/\/www.unioviedo.es\/aei\/wp-json\/wp\/v2\/comments?post=81"}],"version-history":[{"count":0,"href":"https:\/\/www.unioviedo.es\/aei\/wp-json\/wp\/v2\/pages\/81\/revisions"}],"wp:attachment":[{"href":"https:\/\/www.unioviedo.es\/aei\/wp-json\/wp\/v2\/media?parent=81"}],"curies":[{"name":"wp","href":"https:\/\/api.w.org\/{rel}","templated":true}]}}