{"id":11087,"date":"2024-12-04T08:59:47","date_gmt":"2024-12-04T08:59:47","guid":{"rendered":"https:\/\/www.unioviedo.es\/alumni\/?page_id=11087"},"modified":"2025-11-21T15:50:34","modified_gmt":"2025-11-21T15:50:34","slug":"mentoring","status":"publish","type":"page","link":"https:\/\/www.unioviedo.es\/alumni\/index.php\/mentoring\/","title":{"rendered":"Mentoring"},"content":{"rendered":"\t\t<div data-elementor-type=\"wp-page\" data-elementor-id=\"11087\" class=\"elementor elementor-11087\">\n\t\t\t\t\t\t<section class=\"elementor-section elementor-top-section elementor-element elementor-element-9f8e86f elementor-section-full_width elementor-section-height-default elementor-section-height-default\" data-id=\"9f8e86f\" data-element_type=\"section\" data-e-type=\"section\">\n\t\t\t\t\t\t<div class=\"elementor-container elementor-column-gap-default\">\n\t\t\t\t\t<div class=\"elementor-column elementor-col-100 elementor-top-column elementor-element elementor-element-8db5db4\" data-id=\"8db5db4\" data-element_type=\"column\" data-e-type=\"column\">\n\t\t\t<div class=\"elementor-widget-wrap elementor-element-populated\">\n\t\t\t\t\t\t<div class=\"elementor-element elementor-element-b3821b4 elementor-widget elementor-widget-heading\" data-id=\"b3821b4\" data-element_type=\"widget\" data-e-type=\"widget\" data-widget_type=\"heading.default\">\n\t\t\t\t\t<h2 class=\"elementor-heading-title elementor-size-default\">PROGRAMA DE MENTORING DEL CLUB ALUMNI 360 UO<\/h2>\t\t\t\t<\/div>\n\t\t\t\t<div class=\"elementor-element elementor-element-813c261 elementor-widget elementor-widget-html\" data-id=\"813c261\" data-element_type=\"widget\" data-e-type=\"widget\" data-widget_type=\"html.default\">\n\t\t\t\t\t<div style=\"\r\n    max-width: 1200px;\r\n    margin: 20px auto;\r\n    display: flex;\r\n    background-color: #ffffff;\r\n    border-radius: 12px;\r\n    font-family: Arial, sans-serif;\r\n    line-height: 1.8;\r\n    color: #4B77AA;\r\n    text-align: justify;\r\n    box-shadow: 0 4px 10px rgba(0, 0, 0, 0.1);\r\n    overflow: hidden;\r\n\">\r\n    <!-- Franja azul lateral -->\r\n    <div style=\"\r\n        width: 12px; \/* Ancho de la franja *\/\r\n        background-color: #4B77AA;\r\n    \"><\/div>\r\n\r\n    <!-- Contenido -->\r\n    <div style=\"padding: 20px;\">\r\n        <p style=\"\r\n            font-size: 16px;\r\n            margin-bottom: 10px;\r\n        \">\r\n            Al registrarte como miembro del Club Alumni de la Universidad de Oviedo, podr\u00e1s indicar entre tus intereses la mentor\u00eda de estudiantes en \u00faltimos cursos de grado o m\u00e1ster. Desde el Equipo Alumni nos encargaremos de conectaros y ayudaros a que la experiencia sea lo m\u00e1s enriquecedora posible.\r\n        <\/p>\r\n        <p style=\"\r\n            font-size: 16px;\r\n            margin-bottom: 10px;\r\n        \">\r\n            Si ya te has registrado y quieres ser mentor\/a solo tienes que iniciar sesi\u00f3n y en  la pesta\u00f1a \"Editar perfil\" debes indicar que la mentor\u00eda est\u00e1 entre tus preferencias.\r\n        <\/p>\r\n        <div style=\"text-align: center; margin-top: 20px;\">\r\n            <a href=\"https:\/\/www.unioviedo.es\/alumni\/index.php\/iniciar-sesion\/\" style=\"\r\n                display: inline-block;\r\n                margin: 0 10px;\r\n                padding: 8px 16px;\r\n                background-color: rgba(3, 130, 124, 0.8); \/* Verde claro con transparencia *\/\r\n                color: white;\r\n                text-decoration: none;\r\n                font-size: 14px;\r\n                font-weight: bold;\r\n                border-radius: 4px;\r\n                transition: background-color 0.3s, transform 0.2s;\r\n            \" onmouseover=\"this.style.backgroundColor='rgba(2, 106, 99, 0.9)'; this.style.transform='scale(1.05)';\" onmouseout=\"this.style.backgroundColor='rgba(3, 130, 124, 0.8)'; this.style.transform='scale(1)';\">\r\n                Iniciar Sesi\u00f3n\r\n            <\/a>\r\n            <a href=\"https:\/\/www.unioviedo.es\/alumni\/index.php\/inscripciones\/\" style=\"\r\n                display: inline-block;\r\n                margin: 0 10px;\r\n                padding: 8px 16px;\r\n                background-color: rgba(3, 130, 124, 0.8); \/* Verde claro con transparencia *\/\r\n                color: white;\r\n                text-decoration: none;\r\n                font-size: 14px;\r\n                font-weight: bold;\r\n                border-radius: 4px;\r\n                transition: background-color 0.3s, transform 0.2s;\r\n            \" onmouseover=\"this.style.backgroundColor='rgba(2, 106, 99, 0.9)'; this.style.transform='scale(1.05)';\" onmouseout=\"this.style.backgroundColor='rgba(3, 130, 124, 0.8)'; this.style.transform='scale(1)';\">\r\n                Registrarme\r\n            <\/a>\r\n        <\/div>\r\n    <\/div>\r\n<\/div>\r\n\t\t\t\t<\/div>\n\t\t\t\t<div class=\"elementor-element elementor-element-33a4515 elementor-widget elementor-widget-shortcode\" data-id=\"33a4515\" data-element_type=\"widget\" data-e-type=\"widget\" data-widget_type=\"shortcode.default\">\n\t\t\t\t\t\t\t<div class=\"elementor-shortcode\">    <div style=\"max-width: 1200px; margin: auto; font-family: Arial, sans-serif; padding: 20px; background-color: #; border-radius: 0px; box-shadow: 0 0px 0px rgba(0, 0, 0, 0);\">\n        <h2 style=\"color: #005582; text-align: center;\">Nuestros Alumni mentores\/as<\/h2>\n        <div style=\"display: flex; flex-wrap: wrap; gap: 20px; justify-content: center;\">\n                                                                    <div style=\"background-color: #ffffff; padding: 20px; border: 1px solid #ddd; border-radius: 8px; width: 300px; box-shadow: 0 4px 10px rgba(0, 0, 0, 0.1); text-align: center;\">\n                        <!-- Foto de perfil -->\n                        <div style=\"margin-bottom: 10px;\">\n                            <img decoding=\"async\" src=\"https:\/\/secure.gravatar.com\/avatar\/a33bf351f67a38844b2426bb01bfc12f?s=150&#038;d=mm&#038;r=g\" alt=\"Foto de perfil\" style=\"width: 80px; height: 80px; border-radius: 50%; object-fit: cover;\">\n                        <\/div>\n                        <h3 style=\"color: #005582; font-size: 18px; margin-bottom: 10px;\">\n                            Aar\u00f3n Zarabozo Gonz\u00e1lez                        <\/h3>\n                                                    <p style=\"font-size: 14px; color: #555; margin-bottom: 15px;\">\n                                <strong>Rama de Conocimiento:<\/strong>\n                                Ciencias de la salud                            <\/p>\n                                                <!-- Botones de redes sociales -->\n                        <div style=\"margin-top: 10px; display: flex; justify-content: center; gap: 10px;\">\n                                                            <a href=\"http:\/\/www.linkedin.com\/in\/aar\u00f3n-zarabozo-gonz\u00e1lez-bb6192231\" target=\"_blank\" style=\"text-decoration: none;\">\n                                    <img decoding=\"async\" src=\"https:\/\/www.unioviedo.es\/alumni\/wp-content\/uploads\/2024\/08\/linkedin.png\" alt=\"LinkedIn\" style=\"width: 32px; height: 32px;\">\n                                <\/a>\n                                                                                        <a href=\"https:\/\/www.instagram.com\/aaronzg19\/\" target=\"_blank\" style=\"text-decoration: none;\">\n                                    <img decoding=\"async\" src=\"https:\/\/www.unioviedo.es\/alumni\/wp-content\/uploads\/2024\/08\/insta.png\" alt=\"Instagram\" style=\"width: 32px; height: 32px;\">\n                                <\/a>\n                                                                                <\/div>\n                    <\/div>\n                                                        <div style=\"background-color: #ffffff; padding: 20px; border: 1px solid #ddd; border-radius: 8px; width: 300px; box-shadow: 0 4px 10px rgba(0, 0, 0, 0.1); text-align: center;\">\n                        <!-- Foto de perfil -->\n                        <div style=\"margin-bottom: 10px;\">\n                            <img decoding=\"async\" src=\"https:\/\/secure.gravatar.com\/avatar\/a33bf351f67a38844b2426bb01bfc12f?s=150&#038;d=mm&#038;r=g\" alt=\"Foto de perfil\" style=\"width: 80px; height: 80px; border-radius: 50%; object-fit: cover;\">\n                        <\/div>\n                        <h3 style=\"color: #005582; font-size: 18px; margin-bottom: 10px;\">\n                            Adri\u00e1n Maarten Rodr\u00edguez del Valle den Ouden                        <\/h3>\n                                                    <p style=\"font-size: 14px; color: #555; margin-bottom: 15px;\">\n                                <strong>Rama de Conocimiento:<\/strong>\n                                Ciencias sociales y jur\u00eddicas                            <\/p>\n                                                <!-- Botones de redes sociales -->\n                        <div style=\"margin-top: 10px; display: flex; justify-content: center; gap: 10px;\">\n                                                                                                            <\/div>\n                    <\/div>\n                                                        <div style=\"background-color: #ffffff; padding: 20px; border: 1px solid #ddd; border-radius: 8px; width: 300px; box-shadow: 0 4px 10px rgba(0, 0, 0, 0.1); text-align: center;\">\n                        <!-- Foto de perfil -->\n                        <div style=\"margin-bottom: 10px;\">\n                            <img decoding=\"async\" src=\"https:\/\/secure.gravatar.com\/avatar\/a33bf351f67a38844b2426bb01bfc12f?s=150&#038;d=mm&#038;r=g\" alt=\"Foto de perfil\" style=\"width: 80px; height: 80px; border-radius: 50%; object-fit: cover;\">\n                        <\/div>\n                        <h3 style=\"color: #005582; font-size: 18px; margin-bottom: 10px;\">\n                            Adri\u00e1n Fern\u00e1ndez Men\u00e9ndez                        <\/h3>\n                                                    <p style=\"font-size: 14px; color: #555; margin-bottom: 15px;\">\n                                <strong>Rama de Conocimiento:<\/strong>\n                                Ciencias, Ciencias de la salud                            <\/p>\n                                                <!-- Botones de redes sociales -->\n                        <div style=\"margin-top: 10px; display: flex; justify-content: center; gap: 10px;\">\n                                                                                                            <\/div>\n                    <\/div>\n                                                        <div style=\"background-color: #ffffff; padding: 20px; border: 1px solid #ddd; border-radius: 8px; width: 300px; box-shadow: 0 4px 10px rgba(0, 0, 0, 0.1); text-align: center;\">\n                        <!-- Foto de perfil -->\n                        <div style=\"margin-bottom: 10px;\">\n                            <img decoding=\"async\" src=\"https:\/\/secure.gravatar.com\/avatar\/a33bf351f67a38844b2426bb01bfc12f?s=150&#038;d=mm&#038;r=g\" alt=\"Foto de perfil\" style=\"width: 80px; height: 80px; border-radius: 50%; object-fit: cover;\">\n                        <\/div>\n                        <h3 style=\"color: #005582; font-size: 18px; margin-bottom: 10px;\">\n                            Ainara Al\u00eda de Lera                        <\/h3>\n                                                    <p style=\"font-size: 14px; color: #555; margin-bottom: 15px;\">\n                                <strong>Rama de Conocimiento:<\/strong>\n                                Artes y humanidades                            <\/p>\n                                                <!-- Botones de redes sociales -->\n                        <div style=\"margin-top: 10px; display: flex; justify-content: center; gap: 10px;\">\n                                                            <a href=\"https:\/\/www.linkedin.com\/in\/ainara-alia-de-lera\/\" target=\"_blank\" style=\"text-decoration: none;\">\n                                    <img decoding=\"async\" src=\"https:\/\/www.unioviedo.es\/alumni\/wp-content\/uploads\/2024\/08\/linkedin.png\" alt=\"LinkedIn\" style=\"width: 32px; height: 32px;\">\n                                <\/a>\n                                                                                                            <\/div>\n                    <\/div>\n                                                        <div style=\"background-color: #ffffff; padding: 20px; border: 1px solid #ddd; border-radius: 8px; width: 300px; box-shadow: 0 4px 10px rgba(0, 0, 0, 0.1); text-align: center;\">\n                        <!-- Foto de perfil -->\n                        <div style=\"margin-bottom: 10px;\">\n                            <img decoding=\"async\" src=\"https:\/\/secure.gravatar.com\/avatar\/a33bf351f67a38844b2426bb01bfc12f?s=150&#038;d=mm&#038;r=g\" alt=\"Foto de perfil\" style=\"width: 80px; height: 80px; border-radius: 50%; object-fit: cover;\">\n                        <\/div>\n                        <h3 style=\"color: #005582; font-size: 18px; margin-bottom: 10px;\">\n                            Alba Bartolom\u00e9 Estrada                        <\/h3>\n                                                    <p style=\"font-size: 14px; color: #555; margin-bottom: 15px;\">\n                                <strong>Rama de Conocimiento:<\/strong>\n                                Artes y humanidades                            <\/p>\n                                                <!-- Botones de redes sociales -->\n                        <div style=\"margin-top: 10px; display: flex; justify-content: center; gap: 10px;\">\n                                                                                                            <\/div>\n                    <\/div>\n                                                        <div style=\"background-color: #ffffff; padding: 20px; border: 1px solid #ddd; border-radius: 8px; width: 300px; box-shadow: 0 4px 10px rgba(0, 0, 0, 0.1); text-align: center;\">\n                        <!-- Foto de perfil -->\n                        <div style=\"margin-bottom: 10px;\">\n                            <img decoding=\"async\" src=\"https:\/\/secure.gravatar.com\/avatar\/a33bf351f67a38844b2426bb01bfc12f?s=150&#038;d=mm&#038;r=g\" alt=\"Foto de perfil\" style=\"width: 80px; height: 80px; border-radius: 50%; object-fit: cover;\">\n                        <\/div>\n                        <h3 style=\"color: #005582; font-size: 18px; margin-bottom: 10px;\">\n                            Alejandro Canteli Gonz\u00e1lez                        <\/h3>\n                                                    <p style=\"font-size: 14px; color: #555; margin-bottom: 15px;\">\n                                <strong>Rama de Conocimiento:<\/strong>\n                                Ingenier\u00eda y arquitectura                            <\/p>\n                                                <!-- Botones de redes sociales -->\n                        <div style=\"margin-top: 10px; display: flex; justify-content: center; gap: 10px;\">\n                                                            <a href=\"http:\/\/www.linkedin.com\/in\/alejandro-canteli-gonz\u00e1lez-1a13402b7\" target=\"_blank\" style=\"text-decoration: none;\">\n                                    <img decoding=\"async\" src=\"https:\/\/www.unioviedo.es\/alumni\/wp-content\/uploads\/2024\/08\/linkedin.png\" alt=\"LinkedIn\" style=\"width: 32px; height: 32px;\">\n                                <\/a>\n                                                                                                            <\/div>\n                    <\/div>\n                                                        <div style=\"background-color: #ffffff; padding: 20px; border: 1px solid #ddd; border-radius: 8px; width: 300px; box-shadow: 0 4px 10px rgba(0, 0, 0, 0.1); text-align: center;\">\n                        <!-- Foto de perfil -->\n                        <div style=\"margin-bottom: 10px;\">\n                            <img decoding=\"async\" src=\"https:\/\/secure.gravatar.com\/avatar\/a33bf351f67a38844b2426bb01bfc12f?s=150&#038;d=mm&#038;r=g\" alt=\"Foto de perfil\" style=\"width: 80px; height: 80px; border-radius: 50%; object-fit: cover;\">\n                        <\/div>\n                        <h3 style=\"color: #005582; font-size: 18px; margin-bottom: 10px;\">\n                            Alisa NIZOVSKIKH                        <\/h3>\n                                                    <p style=\"font-size: 14px; color: #555; margin-bottom: 15px;\">\n                                <strong>Rama de Conocimiento:<\/strong>\n                                Artes y humanidades                            <\/p>\n                                                <!-- Botones de redes sociales -->\n                        <div style=\"margin-top: 10px; display: flex; justify-content: center; gap: 10px;\">\n                                                                                        <a href=\"https:\/\/www.instagram.com\/curifoxity\/\" target=\"_blank\" style=\"text-decoration: none;\">\n                                    <img decoding=\"async\" src=\"https:\/\/www.unioviedo.es\/alumni\/wp-content\/uploads\/2024\/08\/insta.png\" alt=\"Instagram\" style=\"width: 32px; height: 32px;\">\n                                <\/a>\n                                                                                <\/div>\n                    <\/div>\n                                                        <div style=\"background-color: #ffffff; padding: 20px; border: 1px solid #ddd; border-radius: 8px; width: 300px; box-shadow: 0 4px 10px rgba(0, 0, 0, 0.1); text-align: center;\">\n                        <!-- Foto de perfil -->\n                        <div style=\"margin-bottom: 10px;\">\n                            <img decoding=\"async\" src=\"https:\/\/secure.gravatar.com\/avatar\/a33bf351f67a38844b2426bb01bfc12f?s=150&#038;d=mm&#038;r=g\" alt=\"Foto de perfil\" style=\"width: 80px; height: 80px; border-radius: 50%; object-fit: cover;\">\n                        <\/div>\n                        <h3 style=\"color: #005582; font-size: 18px; margin-bottom: 10px;\">\n                            Alvaro Manuel Rodriguez Rodriguez                        <\/h3>\n                                                    <p style=\"font-size: 14px; color: #555; margin-bottom: 15px;\">\n                                <strong>Rama de Conocimiento:<\/strong>\n                                Ingenier\u00eda y arquitectura                            <\/p>\n                                                <!-- Botones de redes sociales -->\n                        <div style=\"margin-top: 10px; display: flex; justify-content: center; gap: 10px;\">\n                                                                                                            <\/div>\n                    <\/div>\n                                                        <div style=\"background-color: #ffffff; padding: 20px; border: 1px solid #ddd; border-radius: 8px; width: 300px; box-shadow: 0 4px 10px rgba(0, 0, 0, 0.1); text-align: center;\">\n                        <!-- Foto de perfil -->\n                        <div style=\"margin-bottom: 10px;\">\n                            <img decoding=\"async\" src=\"https:\/\/secure.gravatar.com\/avatar\/a33bf351f67a38844b2426bb01bfc12f?s=150&#038;d=mm&#038;r=g\" alt=\"Foto de perfil\" style=\"width: 80px; height: 80px; border-radius: 50%; object-fit: cover;\">\n                        <\/div>\n                        <h3 style=\"color: #005582; font-size: 18px; margin-bottom: 10px;\">\n                            \u00c1lvarez Garc\u00eda                        <\/h3>\n                                                    <p style=\"font-size: 14px; color: #555; margin-bottom: 15px;\">\n                                <strong>Rama de Conocimiento:<\/strong>\n                                Ciencias sociales y jur\u00eddicas                            <\/p>\n                                                <!-- Botones de redes sociales -->\n                        <div style=\"margin-top: 10px; display: flex; justify-content: center; gap: 10px;\">\n                                                                                                            <\/div>\n                    <\/div>\n                                                        <div style=\"background-color: #ffffff; padding: 20px; border: 1px solid #ddd; border-radius: 8px; width: 300px; box-shadow: 0 4px 10px rgba(0, 0, 0, 0.1); text-align: center;\">\n                        <!-- Foto de perfil -->\n                        <div style=\"margin-bottom: 10px;\">\n                            <img decoding=\"async\" src=\"https:\/\/secure.gravatar.com\/avatar\/a33bf351f67a38844b2426bb01bfc12f?s=150&#038;d=mm&#038;r=g\" alt=\"Foto de perfil\" style=\"width: 80px; height: 80px; border-radius: 50%; object-fit: cover;\">\n                        <\/div>\n                        <h3 style=\"color: #005582; font-size: 18px; margin-bottom: 10px;\">\n                            Andrea Burga Vieira                        <\/h3>\n                                                    <p style=\"font-size: 14px; color: #555; margin-bottom: 15px;\">\n                                <strong>Rama de Conocimiento:<\/strong>\n                                Ciencias sociales y jur\u00eddicas                            <\/p>\n                                                <!-- Botones de redes sociales -->\n                        <div style=\"margin-top: 10px; display: flex; justify-content: center; gap: 10px;\">\n                                                                                        <a href=\"https:\/\/www.instagram.com\/andreabv3\/\" target=\"_blank\" style=\"text-decoration: none;\">\n                                    <img decoding=\"async\" src=\"https:\/\/www.unioviedo.es\/alumni\/wp-content\/uploads\/2024\/08\/insta.png\" alt=\"Instagram\" style=\"width: 32px; height: 32px;\">\n                                <\/a>\n                                                                                <\/div>\n                    <\/div>\n                                                        <div style=\"background-color: #ffffff; padding: 20px; border: 1px solid #ddd; border-radius: 8px; width: 300px; box-shadow: 0 4px 10px rgba(0, 0, 0, 0.1); text-align: center;\">\n                        <!-- Foto de perfil -->\n                        <div style=\"margin-bottom: 10px;\">\n                            <img decoding=\"async\" src=\"https:\/\/secure.gravatar.com\/avatar\/a33bf351f67a38844b2426bb01bfc12f?s=150&#038;d=mm&#038;r=g\" alt=\"Foto de perfil\" style=\"width: 80px; height: 80px; border-radius: 50%; object-fit: cover;\">\n                        <\/div>\n                        <h3 style=\"color: #005582; font-size: 18px; margin-bottom: 10px;\">\n                            Andrea Fern\u00e1ndez \u00c1lvarez                        <\/h3>\n                                                    <p style=\"font-size: 14px; color: #555; margin-bottom: 15px;\">\n                                <strong>Rama de Conocimiento:<\/strong>\n                                Ciencias                            <\/p>\n                                                <!-- Botones de redes sociales -->\n                        <div style=\"margin-top: 10px; display: flex; justify-content: center; gap: 10px;\">\n                                                                                                            <\/div>\n                    <\/div>\n                                                        <div style=\"background-color: #ffffff; padding: 20px; border: 1px solid #ddd; border-radius: 8px; width: 300px; box-shadow: 0 4px 10px rgba(0, 0, 0, 0.1); text-align: center;\">\n                        <!-- Foto de perfil -->\n                        <div style=\"margin-bottom: 10px;\">\n                            <img decoding=\"async\" src=\"https:\/\/secure.gravatar.com\/avatar\/a33bf351f67a38844b2426bb01bfc12f?s=150&#038;d=mm&#038;r=g\" alt=\"Foto de perfil\" style=\"width: 80px; height: 80px; border-radius: 50%; object-fit: cover;\">\n                        <\/div>\n                        <h3 style=\"color: #005582; font-size: 18px; margin-bottom: 10px;\">\n                            Andrea Gonz\u00e1lez V\u00e1zquez                        <\/h3>\n                                                    <p style=\"font-size: 14px; color: #555; margin-bottom: 15px;\">\n                                <strong>Rama de Conocimiento:<\/strong>\n                                Ciencias de la salud                            <\/p>\n                                                <!-- Botones de redes sociales -->\n                        <div style=\"margin-top: 10px; display: flex; justify-content: center; gap: 10px;\">\n                                                                                                            <\/div>\n                    <\/div>\n                                                        <div style=\"background-color: #ffffff; padding: 20px; border: 1px solid #ddd; border-radius: 8px; width: 300px; box-shadow: 0 4px 10px rgba(0, 0, 0, 0.1); text-align: center;\">\n                        <!-- Foto de perfil -->\n                        <div style=\"margin-bottom: 10px;\">\n                            <img decoding=\"async\" src=\"https:\/\/secure.gravatar.com\/avatar\/a33bf351f67a38844b2426bb01bfc12f?s=150&#038;d=mm&#038;r=g\" alt=\"Foto de perfil\" style=\"width: 80px; height: 80px; border-radius: 50%; object-fit: cover;\">\n                        <\/div>\n                        <h3 style=\"color: #005582; font-size: 18px; margin-bottom: 10px;\">\n                            \u00c1ngela Gonz\u00e1lez \u00c1lvarez                        <\/h3>\n                                                    <p style=\"font-size: 14px; color: #555; margin-bottom: 15px;\">\n                                <strong>Rama de Conocimiento:<\/strong>\n                                Ciencias                            <\/p>\n                                                <!-- Botones de redes sociales -->\n                        <div style=\"margin-top: 10px; display: flex; justify-content: center; gap: 10px;\">\n                                                            <a href=\"https:\/\/www.linkedin.com\/in\/angela-gonzalez-alvarez\/\" target=\"_blank\" style=\"text-decoration: none;\">\n                                    <img decoding=\"async\" src=\"https:\/\/www.unioviedo.es\/alumni\/wp-content\/uploads\/2024\/08\/linkedin.png\" alt=\"LinkedIn\" style=\"width: 32px; height: 32px;\">\n                                <\/a>\n                                                                                                            <\/div>\n                    <\/div>\n                                                        <div style=\"background-color: #ffffff; padding: 20px; border: 1px solid #ddd; border-radius: 8px; width: 300px; box-shadow: 0 4px 10px rgba(0, 0, 0, 0.1); text-align: center;\">\n                        <!-- Foto de perfil -->\n                        <div style=\"margin-bottom: 10px;\">\n                            <img decoding=\"async\" src=\"https:\/\/secure.gravatar.com\/avatar\/a33bf351f67a38844b2426bb01bfc12f?s=150&#038;d=mm&#038;r=g\" alt=\"Foto de perfil\" style=\"width: 80px; height: 80px; border-radius: 50%; object-fit: cover;\">\n                        <\/div>\n                        <h3 style=\"color: #005582; font-size: 18px; margin-bottom: 10px;\">\n                            \u00c1ngela Mart\u00ednez Loureiro                        <\/h3>\n                                                    <p style=\"font-size: 14px; color: #555; margin-bottom: 15px;\">\n                                <strong>Rama de Conocimiento:<\/strong>\n                                Ciencias                            <\/p>\n                                                <!-- Botones de redes sociales -->\n                        <div style=\"margin-top: 10px; display: flex; justify-content: center; gap: 10px;\">\n                                                            <a href=\"https:\/\/es.linkedin.com\/in\/ngela-martnez-loureiro-64874733b\" target=\"_blank\" style=\"text-decoration: none;\">\n                                    <img decoding=\"async\" src=\"https:\/\/www.unioviedo.es\/alumni\/wp-content\/uploads\/2024\/08\/linkedin.png\" alt=\"LinkedIn\" style=\"width: 32px; height: 32px;\">\n                                <\/a>\n                                                                                        <a href=\"https:\/\/www.instagram.com\/angelamartiineez?igsh=MW1leTRoamRvaXNtcA==\" target=\"_blank\" style=\"text-decoration: none;\">\n                                    <img decoding=\"async\" src=\"https:\/\/www.unioviedo.es\/alumni\/wp-content\/uploads\/2024\/08\/insta.png\" alt=\"Instagram\" style=\"width: 32px; height: 32px;\">\n                                <\/a>\n                                                                                <\/div>\n                    <\/div>\n                                                        <div style=\"background-color: #ffffff; padding: 20px; border: 1px solid #ddd; border-radius: 8px; width: 300px; box-shadow: 0 4px 10px rgba(0, 0, 0, 0.1); text-align: center;\">\n                        <!-- Foto de perfil -->\n                        <div style=\"margin-bottom: 10px;\">\n                            <img decoding=\"async\" src=\"https:\/\/secure.gravatar.com\/avatar\/a33bf351f67a38844b2426bb01bfc12f?s=150&#038;d=mm&#038;r=g\" alt=\"Foto de perfil\" style=\"width: 80px; height: 80px; border-radius: 50%; object-fit: cover;\">\n                        <\/div>\n                        <h3 style=\"color: #005582; font-size: 18px; margin-bottom: 10px;\">\n                            Ana Aguilera Baquero                        <\/h3>\n                                                    <p style=\"font-size: 14px; color: #555; margin-bottom: 15px;\">\n                                <strong>Rama de Conocimiento:<\/strong>\n                                Ciencias                            <\/p>\n                                                <!-- Botones de redes sociales -->\n                        <div style=\"margin-top: 10px; display: flex; justify-content: center; gap: 10px;\">\n                                                                                                            <\/div>\n                    <\/div>\n                                                        <div style=\"background-color: #ffffff; padding: 20px; border: 1px solid #ddd; border-radius: 8px; width: 300px; box-shadow: 0 4px 10px rgba(0, 0, 0, 0.1); text-align: center;\">\n                        <!-- Foto de perfil -->\n                        <div style=\"margin-bottom: 10px;\">\n                            <img decoding=\"async\" src=\"https:\/\/secure.gravatar.com\/avatar\/a33bf351f67a38844b2426bb01bfc12f?s=150&#038;d=mm&#038;r=g\" alt=\"Foto de perfil\" style=\"width: 80px; height: 80px; border-radius: 50%; object-fit: cover;\">\n                        <\/div>\n                        <h3 style=\"color: #005582; font-size: 18px; margin-bottom: 10px;\">\n                            aroa cuervo                        <\/h3>\n                                                    <p style=\"font-size: 14px; color: #555; margin-bottom: 15px;\">\n                                <strong>Rama de Conocimiento:<\/strong>\n                                Ciencias sociales y jur\u00eddicas                            <\/p>\n                                                <!-- Botones de redes sociales -->\n                        <div style=\"margin-top: 10px; display: flex; justify-content: center; gap: 10px;\">\n                                                            <a href=\"http:\/\/www.linkedin.com\/in\/aroa-cuervo-552164341\" target=\"_blank\" style=\"text-decoration: none;\">\n                                    <img decoding=\"async\" src=\"https:\/\/www.unioviedo.es\/alumni\/wp-content\/uploads\/2024\/08\/linkedin.png\" alt=\"LinkedIn\" style=\"width: 32px; height: 32px;\">\n                                <\/a>\n                                                                                                            <\/div>\n                    <\/div>\n                                                        <div style=\"background-color: #ffffff; padding: 20px; border: 1px solid #ddd; border-radius: 8px; width: 300px; box-shadow: 0 4px 10px rgba(0, 0, 0, 0.1); text-align: center;\">\n                        <!-- Foto de perfil -->\n                        <div style=\"margin-bottom: 10px;\">\n                            <img decoding=\"async\" src=\"https:\/\/secure.gravatar.com\/avatar\/a33bf351f67a38844b2426bb01bfc12f?s=150&#038;d=mm&#038;r=g\" alt=\"Foto de perfil\" style=\"width: 80px; height: 80px; border-radius: 50%; object-fit: cover;\">\n                        <\/div>\n                        <h3 style=\"color: #005582; font-size: 18px; margin-bottom: 10px;\">\n                            Ainoa \u00c1lvarez Amador                        <\/h3>\n                                                    <p style=\"font-size: 14px; color: #555; margin-bottom: 15px;\">\n                                <strong>Rama de Conocimiento:<\/strong>\n                                Ciencias de la salud                            <\/p>\n                                                <!-- Botones de redes sociales -->\n                        <div style=\"margin-top: 10px; display: flex; justify-content: center; gap: 10px;\">\n                                                            <a href=\"http:\/\/www.linkedin.com\/in\/ainoa-\u00e1lvarez-amador-b24839318\" target=\"_blank\" style=\"text-decoration: none;\">\n                                    <img decoding=\"async\" src=\"https:\/\/www.unioviedo.es\/alumni\/wp-content\/uploads\/2024\/08\/linkedin.png\" alt=\"LinkedIn\" style=\"width: 32px; height: 32px;\">\n                                <\/a>\n                                                                                                            <\/div>\n                    <\/div>\n                                                        <div style=\"background-color: #ffffff; padding: 20px; border: 1px solid #ddd; border-radius: 8px; width: 300px; box-shadow: 0 4px 10px rgba(0, 0, 0, 0.1); text-align: center;\">\n                        <!-- Foto de perfil -->\n                        <div style=\"margin-bottom: 10px;\">\n                            <img decoding=\"async\" src=\"https:\/\/secure.gravatar.com\/avatar\/a33bf351f67a38844b2426bb01bfc12f?s=150&#038;d=mm&#038;r=g\" alt=\"Foto de perfil\" style=\"width: 80px; height: 80px; border-radius: 50%; object-fit: cover;\">\n                        <\/div>\n                        <h3 style=\"color: #005582; font-size: 18px; margin-bottom: 10px;\">\n                            Ava Mena Baumann                        <\/h3>\n                                                    <p style=\"font-size: 14px; color: #555; margin-bottom: 15px;\">\n                                <strong>Rama de Conocimiento:<\/strong>\n                                Ciencias de la salud                            <\/p>\n                                                <!-- Botones de redes sociales -->\n                        <div style=\"margin-top: 10px; display: flex; justify-content: center; gap: 10px;\">\n                                                                                                            <\/div>\n                    <\/div>\n                                                        <div style=\"background-color: #ffffff; padding: 20px; border: 1px solid #ddd; border-radius: 8px; width: 300px; box-shadow: 0 4px 10px rgba(0, 0, 0, 0.1); text-align: center;\">\n                        <!-- Foto de perfil -->\n                        <div style=\"margin-bottom: 10px;\">\n                            <img decoding=\"async\" src=\"https:\/\/secure.gravatar.com\/avatar\/a33bf351f67a38844b2426bb01bfc12f?s=150&#038;d=mm&#038;r=g\" alt=\"Foto de perfil\" style=\"width: 80px; height: 80px; border-radius: 50%; object-fit: cover;\">\n                        <\/div>\n                        <h3 style=\"color: #005582; font-size: 18px; margin-bottom: 10px;\">\n                            Bryan Sebastian Bohorquez Velasco                        <\/h3>\n                                                    <p style=\"font-size: 14px; color: #555; margin-bottom: 15px;\">\n                                <strong>Rama de Conocimiento:<\/strong>\n                                Artes y humanidades                            <\/p>\n                                                <!-- Botones de redes sociales -->\n                        <div style=\"margin-top: 10px; display: flex; justify-content: center; gap: 10px;\">\n                                                                                                            <\/div>\n                    <\/div>\n                                                        <div style=\"background-color: #ffffff; padding: 20px; border: 1px solid #ddd; border-radius: 8px; width: 300px; box-shadow: 0 4px 10px rgba(0, 0, 0, 0.1); text-align: center;\">\n                        <!-- Foto de perfil -->\n                        <div style=\"margin-bottom: 10px;\">\n                            <img decoding=\"async\" src=\"https:\/\/secure.gravatar.com\/avatar\/a33bf351f67a38844b2426bb01bfc12f?s=150&#038;d=mm&#038;r=g\" alt=\"Foto de perfil\" style=\"width: 80px; height: 80px; border-radius: 50%; object-fit: cover;\">\n                        <\/div>\n                        <h3 style=\"color: #005582; font-size: 18px; margin-bottom: 10px;\">\n                            Candela Mart\u00ednez S\u00e1nchez                        <\/h3>\n                                                    <p style=\"font-size: 14px; color: #555; margin-bottom: 15px;\">\n                                <strong>Rama de Conocimiento:<\/strong>\n                                Ciencias sociales y jur\u00eddicas                            <\/p>\n                                                <!-- Botones de redes sociales -->\n                        <div style=\"margin-top: 10px; display: flex; justify-content: center; gap: 10px;\">\n                                                                                                            <\/div>\n                    <\/div>\n                                                        <div style=\"background-color: #ffffff; padding: 20px; border: 1px solid #ddd; border-radius: 8px; width: 300px; box-shadow: 0 4px 10px rgba(0, 0, 0, 0.1); text-align: center;\">\n                        <!-- Foto de perfil -->\n                        <div style=\"margin-bottom: 10px;\">\n                            <img decoding=\"async\" src=\"https:\/\/secure.gravatar.com\/avatar\/a33bf351f67a38844b2426bb01bfc12f?s=150&#038;d=mm&#038;r=g\" alt=\"Foto de perfil\" style=\"width: 80px; height: 80px; border-radius: 50%; object-fit: cover;\">\n                        <\/div>\n                        <h3 style=\"color: #005582; font-size: 18px; margin-bottom: 10px;\">\n                            Carmen Maci\u00e1 Burgue\u00f1o                        <\/h3>\n                                                    <p style=\"font-size: 14px; color: #555; margin-bottom: 15px;\">\n                                <strong>Rama de Conocimiento:<\/strong>\n                                Ciencias                            <\/p>\n                                                <!-- Botones de redes sociales -->\n                        <div style=\"margin-top: 10px; display: flex; justify-content: center; gap: 10px;\">\n                                                                                        <a href=\"https:\/\/www.instagram.com\/carmen_mcb?igsh=MTc5MHhocTQ0OXFzNA==\" target=\"_blank\" style=\"text-decoration: none;\">\n                                    <img decoding=\"async\" src=\"https:\/\/www.unioviedo.es\/alumni\/wp-content\/uploads\/2024\/08\/insta.png\" alt=\"Instagram\" style=\"width: 32px; height: 32px;\">\n                                <\/a>\n                                                                                <\/div>\n                    <\/div>\n                                                        <div style=\"background-color: #ffffff; padding: 20px; border: 1px solid #ddd; border-radius: 8px; width: 300px; box-shadow: 0 4px 10px rgba(0, 0, 0, 0.1); text-align: center;\">\n                        <!-- Foto de perfil -->\n                        <div style=\"margin-bottom: 10px;\">\n                            <img decoding=\"async\" src=\"https:\/\/secure.gravatar.com\/avatar\/a33bf351f67a38844b2426bb01bfc12f?s=150&#038;d=mm&#038;r=g\" alt=\"Foto de perfil\" style=\"width: 80px; height: 80px; border-radius: 50%; object-fit: cover;\">\n                        <\/div>\n                        <h3 style=\"color: #005582; font-size: 18px; margin-bottom: 10px;\">\n                            Carmen Mar\u00eda M\u00e9ndez S\u00fajar                        <\/h3>\n                                                    <p style=\"font-size: 14px; color: #555; margin-bottom: 15px;\">\n                                <strong>Rama de Conocimiento:<\/strong>\n                                Ciencias, Ciencias sociales y jur\u00eddicas                            <\/p>\n                                                <!-- Botones de redes sociales -->\n                        <div style=\"margin-top: 10px; display: flex; justify-content: center; gap: 10px;\">\n                                                                                                            <\/div>\n                    <\/div>\n                                                        <div style=\"background-color: #ffffff; padding: 20px; border: 1px solid #ddd; border-radius: 8px; width: 300px; box-shadow: 0 4px 10px rgba(0, 0, 0, 0.1); text-align: center;\">\n                        <!-- Foto de perfil -->\n                        <div style=\"margin-bottom: 10px;\">\n                            <img decoding=\"async\" src=\"https:\/\/secure.gravatar.com\/avatar\/a33bf351f67a38844b2426bb01bfc12f?s=150&#038;d=mm&#038;r=g\" alt=\"Foto de perfil\" style=\"width: 80px; height: 80px; border-radius: 50%; object-fit: cover;\">\n                        <\/div>\n                        <h3 style=\"color: #005582; font-size: 18px; margin-bottom: 10px;\">\n                            Carolina Barrios Gonzalez                        <\/h3>\n                                                    <p style=\"font-size: 14px; color: #555; margin-bottom: 15px;\">\n                                <strong>Rama de Conocimiento:<\/strong>\n                                Ingenier\u00eda y arquitectura                            <\/p>\n                                                <!-- Botones de redes sociales -->\n                        <div style=\"margin-top: 10px; display: flex; justify-content: center; gap: 10px;\">\n                                                            <a href=\"https:\/\/www.linkedin.com\/in\/carolina-barrios-gonz\u00e1lez-8ab407284\/\" target=\"_blank\" style=\"text-decoration: none;\">\n                                    <img decoding=\"async\" src=\"https:\/\/www.unioviedo.es\/alumni\/wp-content\/uploads\/2024\/08\/linkedin.png\" alt=\"LinkedIn\" style=\"width: 32px; height: 32px;\">\n                                <\/a>\n                                                                                                            <\/div>\n                    <\/div>\n                                                        <div style=\"background-color: #ffffff; padding: 20px; border: 1px solid #ddd; border-radius: 8px; width: 300px; box-shadow: 0 4px 10px rgba(0, 0, 0, 0.1); text-align: center;\">\n                        <!-- Foto de perfil -->\n                        <div style=\"margin-bottom: 10px;\">\n                            <img decoding=\"async\" src=\"https:\/\/secure.gravatar.com\/avatar\/a33bf351f67a38844b2426bb01bfc12f?s=150&#038;d=mm&#038;r=g\" alt=\"Foto de perfil\" style=\"width: 80px; height: 80px; border-radius: 50%; object-fit: cover;\">\n                        <\/div>\n                        <h3 style=\"color: #005582; font-size: 18px; margin-bottom: 10px;\">\n                            Carla de R\u00e1bano P\u00e9rez                        <\/h3>\n                                                    <p style=\"font-size: 14px; color: #555; margin-bottom: 15px;\">\n                                <strong>Rama de Conocimiento:<\/strong>\n                                Ciencias sociales y jur\u00eddicas                            <\/p>\n                                                <!-- Botones de redes sociales -->\n                        <div style=\"margin-top: 10px; display: flex; justify-content: center; gap: 10px;\">\n                                                            <a href=\"https:\/\/es.linkedin.com\/in\/carla-de-rbano-prez-b69bb9233\" target=\"_blank\" style=\"text-decoration: none;\">\n                                    <img decoding=\"async\" src=\"https:\/\/www.unioviedo.es\/alumni\/wp-content\/uploads\/2024\/08\/linkedin.png\" alt=\"LinkedIn\" style=\"width: 32px; height: 32px;\">\n                                <\/a>\n                                                                                        <a href=\"https:\/\/www.instagram.com\/carla_rperez\/\" target=\"_blank\" style=\"text-decoration: none;\">\n                                    <img decoding=\"async\" src=\"https:\/\/www.unioviedo.es\/alumni\/wp-content\/uploads\/2024\/08\/insta.png\" alt=\"Instagram\" style=\"width: 32px; height: 32px;\">\n                                <\/a>\n                                                                                <\/div>\n                    <\/div>\n                                                        <div style=\"background-color: #ffffff; padding: 20px; border: 1px solid #ddd; border-radius: 8px; width: 300px; box-shadow: 0 4px 10px rgba(0, 0, 0, 0.1); text-align: center;\">\n                        <!-- Foto de perfil -->\n                        <div style=\"margin-bottom: 10px;\">\n                            <img decoding=\"async\" src=\"https:\/\/secure.gravatar.com\/avatar\/a33bf351f67a38844b2426bb01bfc12f?s=150&#038;d=mm&#038;r=g\" alt=\"Foto de perfil\" style=\"width: 80px; height: 80px; border-radius: 50%; object-fit: cover;\">\n                        <\/div>\n                        <h3 style=\"color: #005582; font-size: 18px; margin-bottom: 10px;\">\n                            Claudia Claudia Cedr\u00f3n Mor\u00e1n                        <\/h3>\n                                                    <p style=\"font-size: 14px; color: #555; margin-bottom: 15px;\">\n                                <strong>Rama de Conocimiento:<\/strong>\n                                Ciencias sociales y jur\u00eddicas                            <\/p>\n                                                <!-- Botones de redes sociales -->\n                        <div style=\"margin-top: 10px; display: flex; justify-content: center; gap: 10px;\">\n                                                                                                            <\/div>\n                    <\/div>\n                                                        <div style=\"background-color: #ffffff; padding: 20px; border: 1px solid #ddd; border-radius: 8px; width: 300px; box-shadow: 0 4px 10px rgba(0, 0, 0, 0.1); text-align: center;\">\n                        <!-- Foto de perfil -->\n                        <div style=\"margin-bottom: 10px;\">\n                            <img decoding=\"async\" src=\"https:\/\/secure.gravatar.com\/avatar\/a33bf351f67a38844b2426bb01bfc12f?s=150&#038;d=mm&#038;r=g\" alt=\"Foto de perfil\" style=\"width: 80px; height: 80px; border-radius: 50%; object-fit: cover;\">\n                        <\/div>\n                        <h3 style=\"color: #005582; font-size: 18px; margin-bottom: 10px;\">\n                            Coral G\u00f3mez G\u00f3mez                        <\/h3>\n                                                    <p style=\"font-size: 14px; color: #555; margin-bottom: 15px;\">\n                                <strong>Rama de Conocimiento:<\/strong>\n                                Artes y humanidades                            <\/p>\n                                                <!-- Botones de redes sociales -->\n                        <div style=\"margin-top: 10px; display: flex; justify-content: center; gap: 10px;\">\n                                                            <a href=\"https:\/\/www.linkedin.com\/in\/coral-gmez-gmez-ab474733b\/\" target=\"_blank\" style=\"text-decoration: none;\">\n                                    <img decoding=\"async\" src=\"https:\/\/www.unioviedo.es\/alumni\/wp-content\/uploads\/2024\/08\/linkedin.png\" alt=\"LinkedIn\" style=\"width: 32px; height: 32px;\">\n                                <\/a>\n                                                                                                            <\/div>\n                    <\/div>\n                                                        <div style=\"background-color: #ffffff; padding: 20px; border: 1px solid #ddd; border-radius: 8px; width: 300px; box-shadow: 0 4px 10px rgba(0, 0, 0, 0.1); text-align: center;\">\n                        <!-- Foto de perfil -->\n                        <div style=\"margin-bottom: 10px;\">\n                            <img decoding=\"async\" src=\"https:\/\/secure.gravatar.com\/avatar\/a33bf351f67a38844b2426bb01bfc12f?s=150&#038;d=mm&#038;r=g\" alt=\"Foto de perfil\" style=\"width: 80px; height: 80px; border-radius: 50%; object-fit: cover;\">\n                        <\/div>\n                        <h3 style=\"color: #005582; font-size: 18px; margin-bottom: 10px;\">\n                            Praise Damilola Oladapo                        <\/h3>\n                                                    <p style=\"font-size: 14px; color: #555; margin-bottom: 15px;\">\n                                <strong>Rama de Conocimiento:<\/strong>\n                                Artes y humanidades                            <\/p>\n                                                <!-- Botones de redes sociales -->\n                        <div style=\"margin-top: 10px; display: flex; justify-content: center; gap: 10px;\">\n                                                                                                            <\/div>\n                    <\/div>\n                                                        <div style=\"background-color: #ffffff; padding: 20px; border: 1px solid #ddd; border-radius: 8px; width: 300px; box-shadow: 0 4px 10px rgba(0, 0, 0, 0.1); text-align: center;\">\n                        <!-- Foto de perfil -->\n                        <div style=\"margin-bottom: 10px;\">\n                            <img decoding=\"async\" src=\"https:\/\/secure.gravatar.com\/avatar\/a33bf351f67a38844b2426bb01bfc12f?s=150&#038;d=mm&#038;r=g\" alt=\"Foto de perfil\" style=\"width: 80px; height: 80px; border-radius: 50%; object-fit: cover;\">\n                        <\/div>\n                        <h3 style=\"color: #005582; font-size: 18px; margin-bottom: 10px;\">\n                            Daniel Casta\u00f1o Rodr\u00edguez                        <\/h3>\n                                                    <p style=\"font-size: 14px; color: #555; margin-bottom: 15px;\">\n                                <strong>Rama de Conocimiento:<\/strong>\n                                Ingenier\u00eda y arquitectura                            <\/p>\n                                                <!-- Botones de redes sociales -->\n                        <div style=\"margin-top: 10px; display: flex; justify-content: center; gap: 10px;\">\n                                                                                                            <\/div>\n                    <\/div>\n                                                        <div style=\"background-color: #ffffff; padding: 20px; border: 1px solid #ddd; border-radius: 8px; width: 300px; box-shadow: 0 4px 10px rgba(0, 0, 0, 0.1); text-align: center;\">\n                        <!-- Foto de perfil -->\n                        <div style=\"margin-bottom: 10px;\">\n                            <img decoding=\"async\" src=\"https:\/\/secure.gravatar.com\/avatar\/a33bf351f67a38844b2426bb01bfc12f?s=150&#038;d=mm&#038;r=g\" alt=\"Foto de perfil\" style=\"width: 80px; height: 80px; border-radius: 50%; object-fit: cover;\">\n                        <\/div>\n                        <h3 style=\"color: #005582; font-size: 18px; margin-bottom: 10px;\">\n                            Daniel N\u00fa\u00f1ez D\u00edaz                        <\/h3>\n                                                    <p style=\"font-size: 14px; color: #555; margin-bottom: 15px;\">\n                                <strong>Rama de Conocimiento:<\/strong>\n                                Ciencias                            <\/p>\n                                                <!-- Botones de redes sociales -->\n                        <div style=\"margin-top: 10px; display: flex; justify-content: center; gap: 10px;\">\n                                                            <a href=\"https:\/\/www.linkedin.com\/in\/dnunezdiazbiotech\/\" target=\"_blank\" style=\"text-decoration: none;\">\n                                    <img decoding=\"async\" src=\"https:\/\/www.unioviedo.es\/alumni\/wp-content\/uploads\/2024\/08\/linkedin.png\" alt=\"LinkedIn\" style=\"width: 32px; height: 32px;\">\n                                <\/a>\n                                                                                                            <\/div>\n                    <\/div>\n                                                        <div style=\"background-color: #ffffff; padding: 20px; border: 1px solid #ddd; border-radius: 8px; width: 300px; box-shadow: 0 4px 10px rgba(0, 0, 0, 0.1); text-align: center;\">\n                        <!-- Foto de perfil -->\n                        <div style=\"margin-bottom: 10px;\">\n                            <img decoding=\"async\" src=\"https:\/\/secure.gravatar.com\/avatar\/a33bf351f67a38844b2426bb01bfc12f?s=150&#038;d=mm&#038;r=g\" alt=\"Foto de perfil\" style=\"width: 80px; height: 80px; border-radius: 50%; object-fit: cover;\">\n                        <\/div>\n                        <h3 style=\"color: #005582; font-size: 18px; margin-bottom: 10px;\">\n                            Diana Iris Tejada Espinal                        <\/h3>\n                                                    <p style=\"font-size: 14px; color: #555; margin-bottom: 15px;\">\n                                <strong>Rama de Conocimiento:<\/strong>\n                                Artes y humanidades                            <\/p>\n                                                <!-- Botones de redes sociales -->\n                        <div style=\"margin-top: 10px; display: flex; justify-content: center; gap: 10px;\">\n                                                                                                            <\/div>\n                    <\/div>\n                                                        <div style=\"background-color: #ffffff; padding: 20px; border: 1px solid #ddd; border-radius: 8px; width: 300px; box-shadow: 0 4px 10px rgba(0, 0, 0, 0.1); text-align: center;\">\n                        <!-- Foto de perfil -->\n                        <div style=\"margin-bottom: 10px;\">\n                            <img decoding=\"async\" src=\"https:\/\/secure.gravatar.com\/avatar\/a33bf351f67a38844b2426bb01bfc12f?s=150&#038;d=mm&#038;r=g\" alt=\"Foto de perfil\" style=\"width: 80px; height: 80px; border-radius: 50%; object-fit: cover;\">\n                        <\/div>\n                        <h3 style=\"color: #005582; font-size: 18px; margin-bottom: 10px;\">\n                            Diego Francisco Fern\u00e1ndez                        <\/h3>\n                                                    <p style=\"font-size: 14px; color: #555; margin-bottom: 15px;\">\n                                <strong>Rama de Conocimiento:<\/strong>\n                                Ingenier\u00eda y arquitectura                            <\/p>\n                                                <!-- Botones de redes sociales -->\n                        <div style=\"margin-top: 10px; display: flex; justify-content: center; gap: 10px;\">\n                                                                                        <a href=\"http:\/\/diegofcfd\" target=\"_blank\" style=\"text-decoration: none;\">\n                                    <img decoding=\"async\" src=\"https:\/\/www.unioviedo.es\/alumni\/wp-content\/uploads\/2024\/08\/insta.png\" alt=\"Instagram\" style=\"width: 32px; height: 32px;\">\n                                <\/a>\n                                                                                <\/div>\n                    <\/div>\n                                                        <div style=\"background-color: #ffffff; padding: 20px; border: 1px solid #ddd; border-radius: 8px; width: 300px; box-shadow: 0 4px 10px rgba(0, 0, 0, 0.1); text-align: center;\">\n                        <!-- Foto de perfil -->\n                        <div style=\"margin-bottom: 10px;\">\n                            <img decoding=\"async\" src=\"https:\/\/secure.gravatar.com\/avatar\/a33bf351f67a38844b2426bb01bfc12f?s=150&#038;d=mm&#038;r=g\" alt=\"Foto de perfil\" style=\"width: 80px; height: 80px; border-radius: 50%; object-fit: cover;\">\n                        <\/div>\n                        <h3 style=\"color: #005582; font-size: 18px; margin-bottom: 10px;\">\n                            Adolfo Miranda Trapiello                        <\/h3>\n                                                    <p style=\"font-size: 14px; color: #555; margin-bottom: 15px;\">\n                                <strong>Rama de Conocimiento:<\/strong>\n                                Ciencias sociales y jur\u00eddicas                            <\/p>\n                                                <!-- Botones de redes sociales -->\n                        <div style=\"margin-top: 10px; display: flex; justify-content: center; gap: 10px;\">\n                                                                                                            <\/div>\n                    <\/div>\n                                                        <div style=\"background-color: #ffffff; padding: 20px; border: 1px solid #ddd; border-radius: 8px; width: 300px; box-shadow: 0 4px 10px rgba(0, 0, 0, 0.1); text-align: center;\">\n                        <!-- Foto de perfil -->\n                        <div style=\"margin-bottom: 10px;\">\n                            <img decoding=\"async\" src=\"https:\/\/secure.gravatar.com\/avatar\/a33bf351f67a38844b2426bb01bfc12f?s=150&#038;d=mm&#038;r=g\" alt=\"Foto de perfil\" style=\"width: 80px; height: 80px; border-radius: 50%; object-fit: cover;\">\n                        <\/div>\n                        <h3 style=\"color: #005582; font-size: 18px; margin-bottom: 10px;\">\n                            Dulce P\u00e9rez Mart\u00ednez                        <\/h3>\n                                                    <p style=\"font-size: 14px; color: #555; margin-bottom: 15px;\">\n                                <strong>Rama de Conocimiento:<\/strong>\n                                Artes y humanidades                            <\/p>\n                                                <!-- Botones de redes sociales -->\n                        <div style=\"margin-top: 10px; display: flex; justify-content: center; gap: 10px;\">\n                                                                                                            <\/div>\n                    <\/div>\n                                                        <div style=\"background-color: #ffffff; padding: 20px; border: 1px solid #ddd; border-radius: 8px; width: 300px; box-shadow: 0 4px 10px rgba(0, 0, 0, 0.1); text-align: center;\">\n                        <!-- Foto de perfil -->\n                        <div style=\"margin-bottom: 10px;\">\n                            <img decoding=\"async\" src=\"https:\/\/secure.gravatar.com\/avatar\/a33bf351f67a38844b2426bb01bfc12f?s=150&#038;d=mm&#038;r=g\" alt=\"Foto de perfil\" style=\"width: 80px; height: 80px; border-radius: 50%; object-fit: cover;\">\n                        <\/div>\n                        <h3 style=\"color: #005582; font-size: 18px; margin-bottom: 10px;\">\n                            Eugenia Gonz\u00e1lez Gonz\u00e1lez                        <\/h3>\n                                                    <p style=\"font-size: 14px; color: #555; margin-bottom: 15px;\">\n                                <strong>Rama de Conocimiento:<\/strong>\n                                Ciencias sociales y jur\u00eddicas                            <\/p>\n                                                <!-- Botones de redes sociales -->\n                        <div style=\"margin-top: 10px; display: flex; justify-content: center; gap: 10px;\">\n                                                            <a href=\"https:\/\/www.linkedin.com\/in\/eugenia-gonzlez-gonzlez-43648a2b9?utm_source=share&#038;utm_campaign=share_via&#038;utm_content=profile&#038;utm_medium=ios_app\" target=\"_blank\" style=\"text-decoration: none;\">\n                                    <img decoding=\"async\" src=\"https:\/\/www.unioviedo.es\/alumni\/wp-content\/uploads\/2024\/08\/linkedin.png\" alt=\"LinkedIn\" style=\"width: 32px; height: 32px;\">\n                                <\/a>\n                                                                                                            <\/div>\n                    <\/div>\n                                                        <div style=\"background-color: #ffffff; padding: 20px; border: 1px solid #ddd; border-radius: 8px; width: 300px; box-shadow: 0 4px 10px rgba(0, 0, 0, 0.1); text-align: center;\">\n                        <!-- Foto de perfil -->\n                        <div style=\"margin-bottom: 10px;\">\n                            <img decoding=\"async\" src=\"https:\/\/secure.gravatar.com\/avatar\/a33bf351f67a38844b2426bb01bfc12f?s=150&#038;d=mm&#038;r=g\" alt=\"Foto de perfil\" style=\"width: 80px; height: 80px; border-radius: 50%; object-fit: cover;\">\n                        <\/div>\n                        <h3 style=\"color: #005582; font-size: 18px; margin-bottom: 10px;\">\n                            Eloy Eyaralar Baizan                        <\/h3>\n                                                    <p style=\"font-size: 14px; color: #555; margin-bottom: 15px;\">\n                                <strong>Rama de Conocimiento:<\/strong>\n                                Ciencias de la salud                            <\/p>\n                                                <!-- Botones de redes sociales -->\n                        <div style=\"margin-top: 10px; display: flex; justify-content: center; gap: 10px;\">\n                                                            <a href=\"https:\/\/es.linkedin.com\/in\/eloy-eyaralar-baizan-170a2b263\" target=\"_blank\" style=\"text-decoration: none;\">\n                                    <img decoding=\"async\" src=\"https:\/\/www.unioviedo.es\/alumni\/wp-content\/uploads\/2024\/08\/linkedin.png\" alt=\"LinkedIn\" style=\"width: 32px; height: 32px;\">\n                                <\/a>\n                                                                                                            <\/div>\n                    <\/div>\n                                                        <div style=\"background-color: #ffffff; padding: 20px; border: 1px solid #ddd; border-radius: 8px; width: 300px; box-shadow: 0 4px 10px rgba(0, 0, 0, 0.1); text-align: center;\">\n                        <!-- Foto de perfil -->\n                        <div style=\"margin-bottom: 10px;\">\n                            <img decoding=\"async\" src=\"https:\/\/secure.gravatar.com\/avatar\/a33bf351f67a38844b2426bb01bfc12f?s=150&#038;d=mm&#038;r=g\" alt=\"Foto de perfil\" style=\"width: 80px; height: 80px; border-radius: 50%; object-fit: cover;\">\n                        <\/div>\n                        <h3 style=\"color: #005582; font-size: 18px; margin-bottom: 10px;\">\n                            Eva Tuya Garc\u00eda                        <\/h3>\n                                                    <p style=\"font-size: 14px; color: #555; margin-bottom: 15px;\">\n                                <strong>Rama de Conocimiento:<\/strong>\n                                Ingenier\u00eda y arquitectura                            <\/p>\n                                                <!-- Botones de redes sociales -->\n                        <div style=\"margin-top: 10px; display: flex; justify-content: center; gap: 10px;\">\n                                                                                                                    <a href=\"http:\/\/Eva%20Tuya\" target=\"_blank\" style=\"text-decoration: none;\">\n                                    <img decoding=\"async\" src=\"https:\/\/www.unioviedo.es\/alumni\/wp-content\/uploads\/2024\/08\/face.png\" alt=\"Facebook\" style=\"width: 32px; height: 32px;\">\n                                <\/a>\n                                                    <\/div>\n                    <\/div>\n                                                        <div style=\"background-color: #ffffff; padding: 20px; border: 1px solid #ddd; border-radius: 8px; width: 300px; box-shadow: 0 4px 10px rgba(0, 0, 0, 0.1); text-align: center;\">\n                        <!-- Foto de perfil -->\n                        <div style=\"margin-bottom: 10px;\">\n                            <img decoding=\"async\" src=\"https:\/\/secure.gravatar.com\/avatar\/a33bf351f67a38844b2426bb01bfc12f?s=150&#038;d=mm&#038;r=g\" alt=\"Foto de perfil\" style=\"width: 80px; height: 80px; border-radius: 50%; object-fit: cover;\">\n                        <\/div>\n                        <h3 style=\"color: #005582; font-size: 18px; margin-bottom: 10px;\">\n                            Francisco Mu\u00f1oz Reinoso                        <\/h3>\n                                                    <p style=\"font-size: 14px; color: #555; margin-bottom: 15px;\">\n                                <strong>Rama de Conocimiento:<\/strong>\n                                Ciencias sociales y jur\u00eddicas                            <\/p>\n                                                <!-- Botones de redes sociales -->\n                        <div style=\"margin-top: 10px; display: flex; justify-content: center; gap: 10px;\">\n                                                                                                            <\/div>\n                    <\/div>\n                                                        <div style=\"background-color: #ffffff; padding: 20px; border: 1px solid #ddd; border-radius: 8px; width: 300px; box-shadow: 0 4px 10px rgba(0, 0, 0, 0.1); text-align: center;\">\n                        <!-- Foto de perfil -->\n                        <div style=\"margin-bottom: 10px;\">\n                            <img decoding=\"async\" src=\"https:\/\/secure.gravatar.com\/avatar\/a33bf351f67a38844b2426bb01bfc12f?s=150&#038;d=mm&#038;r=g\" alt=\"Foto de perfil\" style=\"width: 80px; height: 80px; border-radius: 50%; object-fit: cover;\">\n                        <\/div>\n                        <h3 style=\"color: #005582; font-size: 18px; margin-bottom: 10px;\">\n                            Francisco Javier Gonz\u00e1lez Men\u00e9ndez                        <\/h3>\n                                                    <p style=\"font-size: 14px; color: #555; margin-bottom: 15px;\">\n                                <strong>Rama de Conocimiento:<\/strong>\n                                Ciencias de la salud                            <\/p>\n                                                <!-- Botones de redes sociales -->\n                        <div style=\"margin-top: 10px; display: flex; justify-content: center; gap: 10px;\">\n                                                            <a href=\"https:\/\/es.linkedin.com\/in\/francisco-gonzlez-menndez-a1695625b\" target=\"_blank\" style=\"text-decoration: none;\">\n                                    <img decoding=\"async\" src=\"https:\/\/www.unioviedo.es\/alumni\/wp-content\/uploads\/2024\/08\/linkedin.png\" alt=\"LinkedIn\" style=\"width: 32px; height: 32px;\">\n                                <\/a>\n                                                                                                            <\/div>\n                    <\/div>\n                                                        <div style=\"background-color: #ffffff; padding: 20px; border: 1px solid #ddd; border-radius: 8px; width: 300px; box-shadow: 0 4px 10px rgba(0, 0, 0, 0.1); text-align: center;\">\n                        <!-- Foto de perfil -->\n                        <div style=\"margin-bottom: 10px;\">\n                            <img decoding=\"async\" src=\"https:\/\/secure.gravatar.com\/avatar\/a33bf351f67a38844b2426bb01bfc12f?s=150&#038;d=mm&#038;r=g\" alt=\"Foto de perfil\" style=\"width: 80px; height: 80px; border-radius: 50%; object-fit: cover;\">\n                        <\/div>\n                        <h3 style=\"color: #005582; font-size: 18px; margin-bottom: 10px;\">\n                            Francisco Seoane Mart\u00edn                        <\/h3>\n                                                    <p style=\"font-size: 14px; color: #555; margin-bottom: 15px;\">\n                                <strong>Rama de Conocimiento:<\/strong>\n                                Ciencias sociales y jur\u00eddicas                            <\/p>\n                                                <!-- Botones de redes sociales -->\n                        <div style=\"margin-top: 10px; display: flex; justify-content: center; gap: 10px;\">\n                                                                                        <a href=\"https:\/\/www.instagram.com\/fseoane_\/\" target=\"_blank\" style=\"text-decoration: none;\">\n                                    <img decoding=\"async\" src=\"https:\/\/www.unioviedo.es\/alumni\/wp-content\/uploads\/2024\/08\/insta.png\" alt=\"Instagram\" style=\"width: 32px; height: 32px;\">\n                                <\/a>\n                                                                                <\/div>\n                    <\/div>\n                                                        <div style=\"background-color: #ffffff; padding: 20px; border: 1px solid #ddd; border-radius: 8px; width: 300px; box-shadow: 0 4px 10px rgba(0, 0, 0, 0.1); text-align: center;\">\n                        <!-- Foto de perfil -->\n                        <div style=\"margin-bottom: 10px;\">\n                            <img decoding=\"async\" src=\"https:\/\/secure.gravatar.com\/avatar\/a33bf351f67a38844b2426bb01bfc12f?s=150&#038;d=mm&#038;r=g\" alt=\"Foto de perfil\" style=\"width: 80px; height: 80px; border-radius: 50%; object-fit: cover;\">\n                        <\/div>\n                        <h3 style=\"color: #005582; font-size: 18px; margin-bottom: 10px;\">\n                            Susana Fuentes                        <\/h3>\n                                                    <p style=\"font-size: 14px; color: #555; margin-bottom: 15px;\">\n                                <strong>Rama de Conocimiento:<\/strong>\n                                Ciencias sociales y jur\u00eddicas                            <\/p>\n                                                <!-- Botones de redes sociales -->\n                        <div style=\"margin-top: 10px; display: flex; justify-content: center; gap: 10px;\">\n                                                                                                            <\/div>\n                    <\/div>\n                                                        <div style=\"background-color: #ffffff; padding: 20px; border: 1px solid #ddd; border-radius: 8px; width: 300px; box-shadow: 0 4px 10px rgba(0, 0, 0, 0.1); text-align: center;\">\n                        <!-- Foto de perfil -->\n                        <div style=\"margin-bottom: 10px;\">\n                            <img decoding=\"async\" src=\"https:\/\/secure.gravatar.com\/avatar\/a33bf351f67a38844b2426bb01bfc12f?s=150&#038;d=mm&#038;r=g\" alt=\"Foto de perfil\" style=\"width: 80px; height: 80px; border-radius: 50%; object-fit: cover;\">\n                        <\/div>\n                        <h3 style=\"color: #005582; font-size: 18px; margin-bottom: 10px;\">\n                            Guillermo Villa \u00c1lvarez                        <\/h3>\n                                                    <p style=\"font-size: 14px; color: #555; margin-bottom: 15px;\">\n                                <strong>Rama de Conocimiento:<\/strong>\n                                Ciencias, Ciencias sociales y jur\u00eddicas                            <\/p>\n                                                <!-- Botones de redes sociales -->\n                        <div style=\"margin-top: 10px; display: flex; justify-content: center; gap: 10px;\">\n                                                                                                            <\/div>\n                    <\/div>\n                                                        <div style=\"background-color: #ffffff; padding: 20px; border: 1px solid #ddd; border-radius: 8px; width: 300px; box-shadow: 0 4px 10px rgba(0, 0, 0, 0.1); text-align: center;\">\n                        <!-- Foto de perfil -->\n                        <div style=\"margin-bottom: 10px;\">\n                            <img decoding=\"async\" src=\"https:\/\/secure.gravatar.com\/avatar\/a33bf351f67a38844b2426bb01bfc12f?s=150&#038;d=mm&#038;r=g\" alt=\"Foto de perfil\" style=\"width: 80px; height: 80px; border-radius: 50%; object-fit: cover;\">\n                        <\/div>\n                        <h3 style=\"color: #005582; font-size: 18px; margin-bottom: 10px;\">\n                            Ignacio D\u00edaz Floriano                        <\/h3>\n                                                    <p style=\"font-size: 14px; color: #555; margin-bottom: 15px;\">\n                                <strong>Rama de Conocimiento:<\/strong>\n                                Ciencias                            <\/p>\n                                                <!-- Botones de redes sociales -->\n                        <div style=\"margin-top: 10px; display: flex; justify-content: center; gap: 10px;\">\n                                                            <a href=\"https:\/\/www.linkedin.com\/in\/ignacio-daz-floriano-aa5722297?utm_source=share&#038;utm_campaign=share_via&#038;utm_content=profile&#038;utm_medium=android_app\" target=\"_blank\" style=\"text-decoration: none;\">\n                                    <img decoding=\"async\" src=\"https:\/\/www.unioviedo.es\/alumni\/wp-content\/uploads\/2024\/08\/linkedin.png\" alt=\"LinkedIn\" style=\"width: 32px; height: 32px;\">\n                                <\/a>\n                                                                                        <a href=\"https:\/\/www.instagram.com\/ignacio_d_f?igsh=MnF6Z2RrbnhoYXA2\" target=\"_blank\" style=\"text-decoration: none;\">\n                                    <img decoding=\"async\" src=\"https:\/\/www.unioviedo.es\/alumni\/wp-content\/uploads\/2024\/08\/insta.png\" alt=\"Instagram\" style=\"width: 32px; height: 32px;\">\n                                <\/a>\n                                                                                <\/div>\n                    <\/div>\n                                                        <div style=\"background-color: #ffffff; padding: 20px; border: 1px solid #ddd; border-radius: 8px; width: 300px; box-shadow: 0 4px 10px rgba(0, 0, 0, 0.1); text-align: center;\">\n                        <!-- Foto de perfil -->\n                        <div style=\"margin-bottom: 10px;\">\n                            <img decoding=\"async\" src=\"https:\/\/secure.gravatar.com\/avatar\/a33bf351f67a38844b2426bb01bfc12f?s=150&#038;d=mm&#038;r=g\" alt=\"Foto de perfil\" style=\"width: 80px; height: 80px; border-radius: 50%; object-fit: cover;\">\n                        <\/div>\n                        <h3 style=\"color: #005582; font-size: 18px; margin-bottom: 10px;\">\n                            In\u00e9s Llaneza Lobo                        <\/h3>\n                                                    <p style=\"font-size: 14px; color: #555; margin-bottom: 15px;\">\n                                <strong>Rama de Conocimiento:<\/strong>\n                                Artes y humanidades                            <\/p>\n                                                <!-- Botones de redes sociales -->\n                        <div style=\"margin-top: 10px; display: flex; justify-content: center; gap: 10px;\">\n                                                                                                            <\/div>\n                    <\/div>\n                                                        <div style=\"background-color: #ffffff; padding: 20px; border: 1px solid #ddd; border-radius: 8px; width: 300px; box-shadow: 0 4px 10px rgba(0, 0, 0, 0.1); text-align: center;\">\n                        <!-- Foto de perfil -->\n                        <div style=\"margin-bottom: 10px;\">\n                            <img decoding=\"async\" src=\"https:\/\/secure.gravatar.com\/avatar\/a33bf351f67a38844b2426bb01bfc12f?s=150&#038;d=mm&#038;r=g\" alt=\"Foto de perfil\" style=\"width: 80px; height: 80px; border-radius: 50%; object-fit: cover;\">\n                        <\/div>\n                        <h3 style=\"color: #005582; font-size: 18px; margin-bottom: 10px;\">\n                            In\u00e9s Posada Fern\u00e1ndez                        <\/h3>\n                                                    <p style=\"font-size: 14px; color: #555; margin-bottom: 15px;\">\n                                <strong>Rama de Conocimiento:<\/strong>\n                                Artes y humanidades                            <\/p>\n                                                <!-- Botones de redes sociales -->\n                        <div style=\"margin-top: 10px; display: flex; justify-content: center; gap: 10px;\">\n                                                                                                            <\/div>\n                    <\/div>\n                                                        <div style=\"background-color: #ffffff; padding: 20px; border: 1px solid #ddd; border-radius: 8px; width: 300px; box-shadow: 0 4px 10px rgba(0, 0, 0, 0.1); text-align: center;\">\n                        <!-- Foto de perfil -->\n                        <div style=\"margin-bottom: 10px;\">\n                            <img decoding=\"async\" src=\"https:\/\/secure.gravatar.com\/avatar\/a33bf351f67a38844b2426bb01bfc12f?s=150&#038;d=mm&#038;r=g\" alt=\"Foto de perfil\" style=\"width: 80px; height: 80px; border-radius: 50%; object-fit: cover;\">\n                        <\/div>\n                        <h3 style=\"color: #005582; font-size: 18px; margin-bottom: 10px;\">\n                            In\u00e9s Mart\u00ednez Salgado                        <\/h3>\n                                                    <p style=\"font-size: 14px; color: #555; margin-bottom: 15px;\">\n                                <strong>Rama de Conocimiento:<\/strong>\n                                Ciencias de la salud                            <\/p>\n                                                <!-- Botones de redes sociales -->\n                        <div style=\"margin-top: 10px; display: flex; justify-content: center; gap: 10px;\">\n                                                                                                            <\/div>\n                    <\/div>\n                                                        <div style=\"background-color: #ffffff; padding: 20px; border: 1px solid #ddd; border-radius: 8px; width: 300px; box-shadow: 0 4px 10px rgba(0, 0, 0, 0.1); text-align: center;\">\n                        <!-- Foto de perfil -->\n                        <div style=\"margin-bottom: 10px;\">\n                            <img decoding=\"async\" src=\"https:\/\/secure.gravatar.com\/avatar\/a33bf351f67a38844b2426bb01bfc12f?s=150&#038;d=mm&#038;r=g\" alt=\"Foto de perfil\" style=\"width: 80px; height: 80px; border-radius: 50%; object-fit: cover;\">\n                        <\/div>\n                        <h3 style=\"color: #005582; font-size: 18px; margin-bottom: 10px;\">\n                            Irene Bravo Rodr\u00edguez                        <\/h3>\n                                                    <p style=\"font-size: 14px; color: #555; margin-bottom: 15px;\">\n                                <strong>Rama de Conocimiento:<\/strong>\n                                Ciencias de la salud                            <\/p>\n                                                <!-- Botones de redes sociales -->\n                        <div style=\"margin-top: 10px; display: flex; justify-content: center; gap: 10px;\">\n                                                                                                            <\/div>\n                    <\/div>\n                                                        <div style=\"background-color: #ffffff; padding: 20px; border: 1px solid #ddd; border-radius: 8px; width: 300px; box-shadow: 0 4px 10px rgba(0, 0, 0, 0.1); text-align: center;\">\n                        <!-- Foto de perfil -->\n                        <div style=\"margin-bottom: 10px;\">\n                            <img decoding=\"async\" src=\"https:\/\/secure.gravatar.com\/avatar\/a33bf351f67a38844b2426bb01bfc12f?s=150&#038;d=mm&#038;r=g\" alt=\"Foto de perfil\" style=\"width: 80px; height: 80px; border-radius: 50%; object-fit: cover;\">\n                        <\/div>\n                        <h3 style=\"color: #005582; font-size: 18px; margin-bottom: 10px;\">\n                            Isaac Vicente Hern\u00e1ndez Crespo                        <\/h3>\n                                                    <p style=\"font-size: 14px; color: #555; margin-bottom: 15px;\">\n                                <strong>Rama de Conocimiento:<\/strong>\n                                Ciencias sociales y jur\u00eddicas                            <\/p>\n                                                <!-- Botones de redes sociales -->\n                        <div style=\"margin-top: 10px; display: flex; justify-content: center; gap: 10px;\">\n                                                            <a href=\"http:\/\/www.linkedin.com\/in\/%20isaac-hern\u00e1ndez\" target=\"_blank\" style=\"text-decoration: none;\">\n                                    <img decoding=\"async\" src=\"https:\/\/www.unioviedo.es\/alumni\/wp-content\/uploads\/2024\/08\/linkedin.png\" alt=\"LinkedIn\" style=\"width: 32px; height: 32px;\">\n                                <\/a>\n                                                                                                            <\/div>\n                    <\/div>\n                                                        <div style=\"background-color: #ffffff; padding: 20px; border: 1px solid #ddd; border-radius: 8px; width: 300px; box-shadow: 0 4px 10px rgba(0, 0, 0, 0.1); text-align: center;\">\n                        <!-- Foto de perfil -->\n                        <div style=\"margin-bottom: 10px;\">\n                            <img decoding=\"async\" src=\"https:\/\/secure.gravatar.com\/avatar\/a33bf351f67a38844b2426bb01bfc12f?s=150&#038;d=mm&#038;r=g\" alt=\"Foto de perfil\" style=\"width: 80px; height: 80px; border-radius: 50%; object-fit: cover;\">\n                        <\/div>\n                        <h3 style=\"color: #005582; font-size: 18px; margin-bottom: 10px;\">\n                            Isabel Tejedor Bur\u00f3n                        <\/h3>\n                                                    <p style=\"font-size: 14px; color: #555; margin-bottom: 15px;\">\n                                <strong>Rama de Conocimiento:<\/strong>\n                                Ingenier\u00eda y arquitectura                            <\/p>\n                                                <!-- Botones de redes sociales -->\n                        <div style=\"margin-top: 10px; display: flex; justify-content: center; gap: 10px;\">\n                                                                                                            <\/div>\n                    <\/div>\n                                                        <div style=\"background-color: #ffffff; padding: 20px; border: 1px solid #ddd; border-radius: 8px; width: 300px; box-shadow: 0 4px 10px rgba(0, 0, 0, 0.1); text-align: center;\">\n                        <!-- Foto de perfil -->\n                        <div style=\"margin-bottom: 10px;\">\n                            <img decoding=\"async\" src=\"https:\/\/secure.gravatar.com\/avatar\/a33bf351f67a38844b2426bb01bfc12f?s=150&#038;d=mm&#038;r=g\" alt=\"Foto de perfil\" style=\"width: 80px; height: 80px; border-radius: 50%; object-fit: cover;\">\n                        <\/div>\n                        <h3 style=\"color: #005582; font-size: 18px; margin-bottom: 10px;\">\n                            Isidro Ben\u00edtez Zapico                        <\/h3>\n                                                    <p style=\"font-size: 14px; color: #555; margin-bottom: 15px;\">\n                                <strong>Rama de Conocimiento:<\/strong>\n                                Ingenier\u00eda y arquitectura                            <\/p>\n                                                <!-- Botones de redes sociales -->\n                        <div style=\"margin-top: 10px; display: flex; justify-content: center; gap: 10px;\">\n                                                                                                            <\/div>\n                    <\/div>\n                                                        <div style=\"background-color: #ffffff; padding: 20px; border: 1px solid #ddd; border-radius: 8px; width: 300px; box-shadow: 0 4px 10px rgba(0, 0, 0, 0.1); text-align: center;\">\n                        <!-- Foto de perfil -->\n                        <div style=\"margin-bottom: 10px;\">\n                            <img decoding=\"async\" src=\"https:\/\/secure.gravatar.com\/avatar\/a33bf351f67a38844b2426bb01bfc12f?s=150&#038;d=mm&#038;r=g\" alt=\"Foto de perfil\" style=\"width: 80px; height: 80px; border-radius: 50%; object-fit: cover;\">\n                        <\/div>\n                        <h3 style=\"color: #005582; font-size: 18px; margin-bottom: 10px;\">\n                            Alejandra L\u00f3pez Men\u00e9ndez                        <\/h3>\n                                                    <p style=\"font-size: 14px; color: #555; margin-bottom: 15px;\">\n                                <strong>Rama de Conocimiento:<\/strong>\n                                Ciencias sociales y jur\u00eddicas                            <\/p>\n                                                <!-- Botones de redes sociales -->\n                        <div style=\"margin-top: 10px; display: flex; justify-content: center; gap: 10px;\">\n                                                            <a href=\"https:\/\/www.linkedin.com\/in\/alejandra-lopez-menendez?utm_source=share&#038;utm_campaign=share_via&#038;utm_content=profile&#038;utm_medium=android_app\" target=\"_blank\" style=\"text-decoration: none;\">\n                                    <img decoding=\"async\" src=\"https:\/\/www.unioviedo.es\/alumni\/wp-content\/uploads\/2024\/08\/linkedin.png\" alt=\"LinkedIn\" style=\"width: 32px; height: 32px;\">\n                                <\/a>\n                                                                                                            <\/div>\n                    <\/div>\n                                                        <div style=\"background-color: #ffffff; padding: 20px; border: 1px solid #ddd; border-radius: 8px; width: 300px; box-shadow: 0 4px 10px rgba(0, 0, 0, 0.1); text-align: center;\">\n                        <!-- Foto de perfil -->\n                        <div style=\"margin-bottom: 10px;\">\n                            <img decoding=\"async\" src=\"https:\/\/secure.gravatar.com\/avatar\/a33bf351f67a38844b2426bb01bfc12f?s=150&#038;d=mm&#038;r=g\" alt=\"Foto de perfil\" style=\"width: 80px; height: 80px; border-radius: 50%; object-fit: cover;\">\n                        <\/div>\n                        <h3 style=\"color: #005582; font-size: 18px; margin-bottom: 10px;\">\n                            Jessica Escudero Prieto                        <\/h3>\n                                                    <p style=\"font-size: 14px; color: #555; margin-bottom: 15px;\">\n                                <strong>Rama de Conocimiento:<\/strong>\n                                Ciencias sociales y jur\u00eddicas                            <\/p>\n                                                <!-- Botones de redes sociales -->\n                        <div style=\"margin-top: 10px; display: flex; justify-content: center; gap: 10px;\">\n                                                                                                            <\/div>\n                    <\/div>\n                                                        <div style=\"background-color: #ffffff; padding: 20px; border: 1px solid #ddd; border-radius: 8px; width: 300px; box-shadow: 0 4px 10px rgba(0, 0, 0, 0.1); text-align: center;\">\n                        <!-- Foto de perfil -->\n                        <div style=\"margin-bottom: 10px;\">\n                            <img decoding=\"async\" src=\"https:\/\/secure.gravatar.com\/avatar\/a33bf351f67a38844b2426bb01bfc12f?s=150&#038;d=mm&#038;r=g\" alt=\"Foto de perfil\" style=\"width: 80px; height: 80px; border-radius: 50%; object-fit: cover;\">\n                        <\/div>\n                        <h3 style=\"color: #005582; font-size: 18px; margin-bottom: 10px;\">\n                            Janire de la Riva Rinc\u00f3n                        <\/h3>\n                                                    <p style=\"font-size: 14px; color: #555; margin-bottom: 15px;\">\n                                <strong>Rama de Conocimiento:<\/strong>\n                                Ciencias de la salud                            <\/p>\n                                                <!-- Botones de redes sociales -->\n                        <div style=\"margin-top: 10px; display: flex; justify-content: center; gap: 10px;\">\n                                                                                                            <\/div>\n                    <\/div>\n                                                        <div style=\"background-color: #ffffff; padding: 20px; border: 1px solid #ddd; border-radius: 8px; width: 300px; box-shadow: 0 4px 10px rgba(0, 0, 0, 0.1); text-align: center;\">\n                        <!-- Foto de perfil -->\n                        <div style=\"margin-bottom: 10px;\">\n                            <img decoding=\"async\" src=\"https:\/\/secure.gravatar.com\/avatar\/a33bf351f67a38844b2426bb01bfc12f?s=150&#038;d=mm&#038;r=g\" alt=\"Foto de perfil\" style=\"width: 80px; height: 80px; border-radius: 50%; object-fit: cover;\">\n                        <\/div>\n                        <h3 style=\"color: #005582; font-size: 18px; margin-bottom: 10px;\">\n                            Jos\u00e9 Luis Ram\u00edrez Casta\u00f1eda                        <\/h3>\n                                                    <p style=\"font-size: 14px; color: #555; margin-bottom: 15px;\">\n                                <strong>Rama de Conocimiento:<\/strong>\n                                Ingenier\u00eda y arquitectura                            <\/p>\n                                                <!-- Botones de redes sociales -->\n                        <div style=\"margin-top: 10px; display: flex; justify-content: center; gap: 10px;\">\n                                                                                                            <\/div>\n                    <\/div>\n                                                        <div style=\"background-color: #ffffff; padding: 20px; border: 1px solid #ddd; border-radius: 8px; width: 300px; box-shadow: 0 4px 10px rgba(0, 0, 0, 0.1); text-align: center;\">\n                        <!-- Foto de perfil -->\n                        <div style=\"margin-bottom: 10px;\">\n                            <img decoding=\"async\" src=\"https:\/\/secure.gravatar.com\/avatar\/a33bf351f67a38844b2426bb01bfc12f?s=150&#038;d=mm&#038;r=g\" alt=\"Foto de perfil\" style=\"width: 80px; height: 80px; border-radius: 50%; object-fit: cover;\">\n                        <\/div>\n                        <h3 style=\"color: #005582; font-size: 18px; margin-bottom: 10px;\">\n                            Dar\u00edo P\u00e9rez Llamazares                        <\/h3>\n                                                    <p style=\"font-size: 14px; color: #555; margin-bottom: 15px;\">\n                                <strong>Rama de Conocimiento:<\/strong>\n                                Artes y humanidades                            <\/p>\n                                                <!-- Botones de redes sociales -->\n                        <div style=\"margin-top: 10px; display: flex; justify-content: center; gap: 10px;\">\n                                                                                        <a href=\"https:\/\/www.instagram.com\/yoko_globo\/\" target=\"_blank\" style=\"text-decoration: none;\">\n                                    <img decoding=\"async\" src=\"https:\/\/www.unioviedo.es\/alumni\/wp-content\/uploads\/2024\/08\/insta.png\" alt=\"Instagram\" style=\"width: 32px; height: 32px;\">\n                                <\/a>\n                                                                                <\/div>\n                    <\/div>\n                                                        <div style=\"background-color: #ffffff; padding: 20px; border: 1px solid #ddd; border-radius: 8px; width: 300px; box-shadow: 0 4px 10px rgba(0, 0, 0, 0.1); text-align: center;\">\n                        <!-- Foto de perfil -->\n                        <div style=\"margin-bottom: 10px;\">\n                            <img decoding=\"async\" src=\"https:\/\/secure.gravatar.com\/avatar\/a33bf351f67a38844b2426bb01bfc12f?s=150&#038;d=mm&#038;r=g\" alt=\"Foto de perfil\" style=\"width: 80px; height: 80px; border-radius: 50%; object-fit: cover;\">\n                        <\/div>\n                        <h3 style=\"color: #005582; font-size: 18px; margin-bottom: 10px;\">\n                            Jos\u00e9 Manuel Rodr\u00edguez Garc\u00eda                        <\/h3>\n                                                    <p style=\"font-size: 14px; color: #555; margin-bottom: 15px;\">\n                                <strong>Rama de Conocimiento:<\/strong>\n                                Ciencias sociales y jur\u00eddicas                            <\/p>\n                                                <!-- Botones de redes sociales -->\n                        <div style=\"margin-top: 10px; display: flex; justify-content: center; gap: 10px;\">\n                                                                                                            <\/div>\n                    <\/div>\n                                                        <div style=\"background-color: #ffffff; padding: 20px; border: 1px solid #ddd; border-radius: 8px; width: 300px; box-shadow: 0 4px 10px rgba(0, 0, 0, 0.1); text-align: center;\">\n                        <!-- Foto de perfil -->\n                        <div style=\"margin-bottom: 10px;\">\n                            <img decoding=\"async\" src=\"https:\/\/secure.gravatar.com\/avatar\/a33bf351f67a38844b2426bb01bfc12f?s=150&#038;d=mm&#038;r=g\" alt=\"Foto de perfil\" style=\"width: 80px; height: 80px; border-radius: 50%; object-fit: cover;\">\n                        <\/div>\n                        <h3 style=\"color: #005582; font-size: 18px; margin-bottom: 10px;\">\n                            Jos\u00e9 Ram\u00f3n Otero Garc\u00eda                        <\/h3>\n                                                    <p style=\"font-size: 14px; color: #555; margin-bottom: 15px;\">\n                                <strong>Rama de Conocimiento:<\/strong>\n                                Ciencias sociales y jur\u00eddicas                            <\/p>\n                                                <!-- Botones de redes sociales -->\n                        <div style=\"margin-top: 10px; display: flex; justify-content: center; gap: 10px;\">\n                                                            <a href=\"http:\/\/www.linkedin.com\/in\/joseoterogarcia\" target=\"_blank\" style=\"text-decoration: none;\">\n                                    <img decoding=\"async\" src=\"https:\/\/www.unioviedo.es\/alumni\/wp-content\/uploads\/2024\/08\/linkedin.png\" alt=\"LinkedIn\" style=\"width: 32px; height: 32px;\">\n                                <\/a>\n                                                                                                            <\/div>\n                    <\/div>\n                                                        <div style=\"background-color: #ffffff; padding: 20px; border: 1px solid #ddd; border-radius: 8px; width: 300px; box-shadow: 0 4px 10px rgba(0, 0, 0, 0.1); text-align: center;\">\n                        <!-- Foto de perfil -->\n                        <div style=\"margin-bottom: 10px;\">\n                            <img decoding=\"async\" src=\"https:\/\/secure.gravatar.com\/avatar\/a33bf351f67a38844b2426bb01bfc12f?s=150&#038;d=mm&#038;r=g\" alt=\"Foto de perfil\" style=\"width: 80px; height: 80px; border-radius: 50%; object-fit: cover;\">\n                        <\/div>\n                        <h3 style=\"color: #005582; font-size: 18px; margin-bottom: 10px;\">\n                            JUAN P\u00c9REZ BARRERO                        <\/h3>\n                                                    <p style=\"font-size: 14px; color: #555; margin-bottom: 15px;\">\n                                <strong>Rama de Conocimiento:<\/strong>\n                                Ciencias                            <\/p>\n                                                <!-- Botones de redes sociales -->\n                        <div style=\"margin-top: 10px; display: flex; justify-content: center; gap: 10px;\">\n                                                            <a href=\"http:\/\/www.linkedin.com\/in\/jperezbarrero\" target=\"_blank\" style=\"text-decoration: none;\">\n                                    <img decoding=\"async\" src=\"https:\/\/www.unioviedo.es\/alumni\/wp-content\/uploads\/2024\/08\/linkedin.png\" alt=\"LinkedIn\" style=\"width: 32px; height: 32px;\">\n                                <\/a>\n                                                                                                            <\/div>\n                    <\/div>\n                                                        <div style=\"background-color: #ffffff; padding: 20px; border: 1px solid #ddd; border-radius: 8px; width: 300px; box-shadow: 0 4px 10px rgba(0, 0, 0, 0.1); text-align: center;\">\n                        <!-- Foto de perfil -->\n                        <div style=\"margin-bottom: 10px;\">\n                            <img decoding=\"async\" src=\"https:\/\/secure.gravatar.com\/avatar\/a33bf351f67a38844b2426bb01bfc12f?s=150&#038;d=mm&#038;r=g\" alt=\"Foto de perfil\" style=\"width: 80px; height: 80px; border-radius: 50%; object-fit: cover;\">\n                        <\/div>\n                        <h3 style=\"color: #005582; font-size: 18px; margin-bottom: 10px;\">\n                            Juan Pablo Menes Garc\u00eda                        <\/h3>\n                                                    <p style=\"font-size: 14px; color: #555; margin-bottom: 15px;\">\n                                <strong>Rama de Conocimiento:<\/strong>\n                                Ciencias                            <\/p>\n                                                <!-- Botones de redes sociales -->\n                        <div style=\"margin-top: 10px; display: flex; justify-content: center; gap: 10px;\">\n                                                            <a href=\"https:\/\/www.linkedin.com\/in\/juanpamenes\/\" target=\"_blank\" style=\"text-decoration: none;\">\n                                    <img decoding=\"async\" src=\"https:\/\/www.unioviedo.es\/alumni\/wp-content\/uploads\/2024\/08\/linkedin.png\" alt=\"LinkedIn\" style=\"width: 32px; height: 32px;\">\n                                <\/a>\n                                                                                        <a href=\"https:\/\/www.instagram.com\/juanpa.menes_3\/\" target=\"_blank\" style=\"text-decoration: none;\">\n                                    <img decoding=\"async\" src=\"https:\/\/www.unioviedo.es\/alumni\/wp-content\/uploads\/2024\/08\/insta.png\" alt=\"Instagram\" style=\"width: 32px; height: 32px;\">\n                                <\/a>\n                                                                                <\/div>\n                    <\/div>\n                                                        <div style=\"background-color: #ffffff; padding: 20px; border: 1px solid #ddd; border-radius: 8px; width: 300px; box-shadow: 0 4px 10px rgba(0, 0, 0, 0.1); text-align: center;\">\n                        <!-- Foto de perfil -->\n                        <div style=\"margin-bottom: 10px;\">\n                            <img decoding=\"async\" src=\"https:\/\/secure.gravatar.com\/avatar\/a33bf351f67a38844b2426bb01bfc12f?s=150&#038;d=mm&#038;r=g\" alt=\"Foto de perfil\" style=\"width: 80px; height: 80px; border-radius: 50%; object-fit: cover;\">\n                        <\/div>\n                        <h3 style=\"color: #005582; font-size: 18px; margin-bottom: 10px;\">\n                            Pedro Luis Biyogo Nguema Eyang                        <\/h3>\n                                                    <p style=\"font-size: 14px; color: #555; margin-bottom: 15px;\">\n                                <strong>Rama de Conocimiento:<\/strong>\n                                Ciencias sociales y jur\u00eddicas                            <\/p>\n                                                <!-- Botones de redes sociales -->\n                        <div style=\"margin-top: 10px; display: flex; justify-content: center; gap: 10px;\">\n                                                                                                            <\/div>\n                    <\/div>\n                                                        <div style=\"background-color: #ffffff; padding: 20px; border: 1px solid #ddd; border-radius: 8px; width: 300px; box-shadow: 0 4px 10px rgba(0, 0, 0, 0.1); text-align: center;\">\n                        <!-- Foto de perfil -->\n                        <div style=\"margin-bottom: 10px;\">\n                            <img decoding=\"async\" src=\"https:\/\/secure.gravatar.com\/avatar\/a33bf351f67a38844b2426bb01bfc12f?s=150&#038;d=mm&#038;r=g\" alt=\"Foto de perfil\" style=\"width: 80px; height: 80px; border-radius: 50%; object-fit: cover;\">\n                        <\/div>\n                        <h3 style=\"color: #005582; font-size: 18px; margin-bottom: 10px;\">\n                            Laydy Sara Males Picuasi                        <\/h3>\n                                                    <p style=\"font-size: 14px; color: #555; margin-bottom: 15px;\">\n                                <strong>Rama de Conocimiento:<\/strong>\n                                Artes y humanidades                            <\/p>\n                                                <!-- Botones de redes sociales -->\n                        <div style=\"margin-top: 10px; display: flex; justify-content: center; gap: 10px;\">\n                                                                                                            <\/div>\n                    <\/div>\n                                                        <div style=\"background-color: #ffffff; padding: 20px; border: 1px solid #ddd; border-radius: 8px; width: 300px; box-shadow: 0 4px 10px rgba(0, 0, 0, 0.1); text-align: center;\">\n                        <!-- Foto de perfil -->\n                        <div style=\"margin-bottom: 10px;\">\n                            <img decoding=\"async\" src=\"https:\/\/secure.gravatar.com\/avatar\/a33bf351f67a38844b2426bb01bfc12f?s=150&#038;d=mm&#038;r=g\" alt=\"Foto de perfil\" style=\"width: 80px; height: 80px; border-radius: 50%; object-fit: cover;\">\n                        <\/div>\n                        <h3 style=\"color: #005582; font-size: 18px; margin-bottom: 10px;\">\n                            Laura Amador Fern\u00e1ndez                        <\/h3>\n                                                    <p style=\"font-size: 14px; color: #555; margin-bottom: 15px;\">\n                                <strong>Rama de Conocimiento:<\/strong>\n                                Ciencias de la salud                            <\/p>\n                                                <!-- Botones de redes sociales -->\n                        <div style=\"margin-top: 10px; display: flex; justify-content: center; gap: 10px;\">\n                                                                                        <a href=\"https:\/\/www.instagram.com\/_laauura02_?igsh=MXQ1NjB6c2R4OGd6bw==\" target=\"_blank\" style=\"text-decoration: none;\">\n                                    <img decoding=\"async\" src=\"https:\/\/www.unioviedo.es\/alumni\/wp-content\/uploads\/2024\/08\/insta.png\" alt=\"Instagram\" style=\"width: 32px; height: 32px;\">\n                                <\/a>\n                                                                                <\/div>\n                    <\/div>\n                                                        <div style=\"background-color: #ffffff; padding: 20px; border: 1px solid #ddd; border-radius: 8px; width: 300px; box-shadow: 0 4px 10px rgba(0, 0, 0, 0.1); text-align: center;\">\n                        <!-- Foto de perfil -->\n                        <div style=\"margin-bottom: 10px;\">\n                            <img decoding=\"async\" src=\"https:\/\/secure.gravatar.com\/avatar\/a33bf351f67a38844b2426bb01bfc12f?s=150&#038;d=mm&#038;r=g\" alt=\"Foto de perfil\" style=\"width: 80px; height: 80px; border-radius: 50%; object-fit: cover;\">\n                        <\/div>\n                        <h3 style=\"color: #005582; font-size: 18px; margin-bottom: 10px;\">\n                            Laura Fern\u00e1ndez Torre                        <\/h3>\n                                                    <p style=\"font-size: 14px; color: #555; margin-bottom: 15px;\">\n                                <strong>Rama de Conocimiento:<\/strong>\n                                Ciencias sociales y jur\u00eddicas, Ingenier\u00eda y arquitectura                            <\/p>\n                                                <!-- Botones de redes sociales -->\n                        <div style=\"margin-top: 10px; display: flex; justify-content: center; gap: 10px;\">\n                                                                                                            <\/div>\n                    <\/div>\n                                                        <div style=\"background-color: #ffffff; padding: 20px; border: 1px solid #ddd; border-radius: 8px; width: 300px; box-shadow: 0 4px 10px rgba(0, 0, 0, 0.1); text-align: center;\">\n                        <!-- Foto de perfil -->\n                        <div style=\"margin-bottom: 10px;\">\n                            <img decoding=\"async\" src=\"https:\/\/secure.gravatar.com\/avatar\/a33bf351f67a38844b2426bb01bfc12f?s=150&#038;d=mm&#038;r=g\" alt=\"Foto de perfil\" style=\"width: 80px; height: 80px; border-radius: 50%; object-fit: cover;\">\n                        <\/div>\n                        <h3 style=\"color: #005582; font-size: 18px; margin-bottom: 10px;\">\n                            Laura Seijas Zamora                        <\/h3>\n                                                    <p style=\"font-size: 14px; color: #555; margin-bottom: 15px;\">\n                                <strong>Rama de Conocimiento:<\/strong>\n                                Ciencias sociales y jur\u00eddicas                            <\/p>\n                                                <!-- Botones de redes sociales -->\n                        <div style=\"margin-top: 10px; display: flex; justify-content: center; gap: 10px;\">\n                                                                                                            <\/div>\n                    <\/div>\n                                                        <div style=\"background-color: #ffffff; padding: 20px; border: 1px solid #ddd; border-radius: 8px; width: 300px; box-shadow: 0 4px 10px rgba(0, 0, 0, 0.1); text-align: center;\">\n                        <!-- Foto de perfil -->\n                        <div style=\"margin-bottom: 10px;\">\n                            <img decoding=\"async\" src=\"https:\/\/secure.gravatar.com\/avatar\/a33bf351f67a38844b2426bb01bfc12f?s=150&#038;d=mm&#038;r=g\" alt=\"Foto de perfil\" style=\"width: 80px; height: 80px; border-radius: 50%; object-fit: cover;\">\n                        <\/div>\n                        <h3 style=\"color: #005582; font-size: 18px; margin-bottom: 10px;\">\n                            Lidia Hern\u00e1ndez Garc\u00eda                        <\/h3>\n                                                    <p style=\"font-size: 14px; color: #555; margin-bottom: 15px;\">\n                                <strong>Rama de Conocimiento:<\/strong>\n                                Artes y humanidades                            <\/p>\n                                                <!-- Botones de redes sociales -->\n                        <div style=\"margin-top: 10px; display: flex; justify-content: center; gap: 10px;\">\n                                                                                                            <\/div>\n                    <\/div>\n                                                        <div style=\"background-color: #ffffff; padding: 20px; border: 1px solid #ddd; border-radius: 8px; width: 300px; box-shadow: 0 4px 10px rgba(0, 0, 0, 0.1); text-align: center;\">\n                        <!-- Foto de perfil -->\n                        <div style=\"margin-bottom: 10px;\">\n                            <img decoding=\"async\" src=\"https:\/\/secure.gravatar.com\/avatar\/a33bf351f67a38844b2426bb01bfc12f?s=150&#038;d=mm&#038;r=g\" alt=\"Foto de perfil\" style=\"width: 80px; height: 80px; border-radius: 50%; object-fit: cover;\">\n                        <\/div>\n                        <h3 style=\"color: #005582; font-size: 18px; margin-bottom: 10px;\">\n                            Llara \u00c1lvarez Sanz                        <\/h3>\n                                                    <p style=\"font-size: 14px; color: #555; margin-bottom: 15px;\">\n                                <strong>Rama de Conocimiento:<\/strong>\n                                Ciencias de la salud                            <\/p>\n                                                <!-- Botones de redes sociales -->\n                        <div style=\"margin-top: 10px; display: flex; justify-content: center; gap: 10px;\">\n                                                                                                            <\/div>\n                    <\/div>\n                                                        <div style=\"background-color: #ffffff; padding: 20px; border: 1px solid #ddd; border-radius: 8px; width: 300px; box-shadow: 0 4px 10px rgba(0, 0, 0, 0.1); text-align: center;\">\n                        <!-- Foto de perfil -->\n                        <div style=\"margin-bottom: 10px;\">\n                            <img decoding=\"async\" src=\"https:\/\/secure.gravatar.com\/avatar\/a33bf351f67a38844b2426bb01bfc12f?s=150&#038;d=mm&#038;r=g\" alt=\"Foto de perfil\" style=\"width: 80px; height: 80px; border-radius: 50%; object-fit: cover;\">\n                        <\/div>\n                        <h3 style=\"color: #005582; font-size: 18px; margin-bottom: 10px;\">\n                            Luc\u00eda Fern\u00e1ndez \u00c1lvarez                        <\/h3>\n                                                    <p style=\"font-size: 14px; color: #555; margin-bottom: 15px;\">\n                                <strong>Rama de Conocimiento:<\/strong>\n                                Ciencias de la salud                            <\/p>\n                                                <!-- Botones de redes sociales -->\n                        <div style=\"margin-top: 10px; display: flex; justify-content: center; gap: 10px;\">\n                                                                                                            <\/div>\n                    <\/div>\n                                                        <div style=\"background-color: #ffffff; padding: 20px; border: 1px solid #ddd; border-radius: 8px; width: 300px; box-shadow: 0 4px 10px rgba(0, 0, 0, 0.1); text-align: center;\">\n                        <!-- Foto de perfil -->\n                        <div style=\"margin-bottom: 10px;\">\n                            <img decoding=\"async\" src=\"https:\/\/secure.gravatar.com\/avatar\/a33bf351f67a38844b2426bb01bfc12f?s=150&#038;d=mm&#038;r=g\" alt=\"Foto de perfil\" style=\"width: 80px; height: 80px; border-radius: 50%; object-fit: cover;\">\n                        <\/div>\n                        <h3 style=\"color: #005582; font-size: 18px; margin-bottom: 10px;\">\n                            Luc\u00eda Garcia Sancha                        <\/h3>\n                                                    <p style=\"font-size: 14px; color: #555; margin-bottom: 15px;\">\n                                <strong>Rama de Conocimiento:<\/strong>\n                                Artes y humanidades                            <\/p>\n                                                <!-- Botones de redes sociales -->\n                        <div style=\"margin-top: 10px; display: flex; justify-content: center; gap: 10px;\">\n                                                                                                            <\/div>\n                    <\/div>\n                                                        <div style=\"background-color: #ffffff; padding: 20px; border: 1px solid #ddd; border-radius: 8px; width: 300px; box-shadow: 0 4px 10px rgba(0, 0, 0, 0.1); text-align: center;\">\n                        <!-- Foto de perfil -->\n                        <div style=\"margin-bottom: 10px;\">\n                            <img decoding=\"async\" src=\"https:\/\/secure.gravatar.com\/avatar\/a33bf351f67a38844b2426bb01bfc12f?s=150&#038;d=mm&#038;r=g\" alt=\"Foto de perfil\" style=\"width: 80px; height: 80px; border-radius: 50%; object-fit: cover;\">\n                        <\/div>\n                        <h3 style=\"color: #005582; font-size: 18px; margin-bottom: 10px;\">\n                            Luc\u00eda Fern\u00e1ndez Rodr\u00edguez                        <\/h3>\n                                                    <p style=\"font-size: 14px; color: #555; margin-bottom: 15px;\">\n                                <strong>Rama de Conocimiento:<\/strong>\n                                Ingenier\u00eda y arquitectura                            <\/p>\n                                                <!-- Botones de redes sociales -->\n                        <div style=\"margin-top: 10px; display: flex; justify-content: center; gap: 10px;\">\n                                                                                                            <\/div>\n                    <\/div>\n                                                        <div style=\"background-color: #ffffff; padding: 20px; border: 1px solid #ddd; border-radius: 8px; width: 300px; box-shadow: 0 4px 10px rgba(0, 0, 0, 0.1); text-align: center;\">\n                        <!-- Foto de perfil -->\n                        <div style=\"margin-bottom: 10px;\">\n                            <img decoding=\"async\" src=\"https:\/\/secure.gravatar.com\/avatar\/a33bf351f67a38844b2426bb01bfc12f?s=150&#038;d=mm&#038;r=g\" alt=\"Foto de perfil\" style=\"width: 80px; height: 80px; border-radius: 50%; object-fit: cover;\">\n                        <\/div>\n                        <h3 style=\"color: #005582; font-size: 18px; margin-bottom: 10px;\">\n                            Luc\u00eda Perera L\u00f3pez                        <\/h3>\n                                                    <p style=\"font-size: 14px; color: #555; margin-bottom: 15px;\">\n                                <strong>Rama de Conocimiento:<\/strong>\n                                Ciencias sociales y jur\u00eddicas                            <\/p>\n                                                <!-- Botones de redes sociales -->\n                        <div style=\"margin-top: 10px; display: flex; justify-content: center; gap: 10px;\">\n                                                                                                            <\/div>\n                    <\/div>\n                                                        <div style=\"background-color: #ffffff; padding: 20px; border: 1px solid #ddd; border-radius: 8px; width: 300px; box-shadow: 0 4px 10px rgba(0, 0, 0, 0.1); text-align: center;\">\n                        <!-- Foto de perfil -->\n                        <div style=\"margin-bottom: 10px;\">\n                            <img decoding=\"async\" src=\"https:\/\/secure.gravatar.com\/avatar\/a33bf351f67a38844b2426bb01bfc12f?s=150&#038;d=mm&#038;r=g\" alt=\"Foto de perfil\" style=\"width: 80px; height: 80px; border-radius: 50%; object-fit: cover;\">\n                        <\/div>\n                        <h3 style=\"color: #005582; font-size: 18px; margin-bottom: 10px;\">\n                            MAIROBI PERSINAL MEDINA                        <\/h3>\n                                                    <p style=\"font-size: 14px; color: #555; margin-bottom: 15px;\">\n                                <strong>Rama de Conocimiento:<\/strong>\n                                Ciencias de la salud                            <\/p>\n                                                <!-- Botones de redes sociales -->\n                        <div style=\"margin-top: 10px; display: flex; justify-content: center; gap: 10px;\">\n                                                            <a href=\"https:\/\/es.linkedin.com\/in\/mairobi-persinal-medina-a23b90112\" target=\"_blank\" style=\"text-decoration: none;\">\n                                    <img decoding=\"async\" src=\"https:\/\/www.unioviedo.es\/alumni\/wp-content\/uploads\/2024\/08\/linkedin.png\" alt=\"LinkedIn\" style=\"width: 32px; height: 32px;\">\n                                <\/a>\n                                                                                        <a href=\"https:\/\/www.instagram.com\/mairobimedina\/\" target=\"_blank\" style=\"text-decoration: none;\">\n                                    <img decoding=\"async\" src=\"https:\/\/www.unioviedo.es\/alumni\/wp-content\/uploads\/2024\/08\/insta.png\" alt=\"Instagram\" style=\"width: 32px; height: 32px;\">\n                                <\/a>\n                                                                                <\/div>\n                    <\/div>\n                                                        <div style=\"background-color: #ffffff; padding: 20px; border: 1px solid #ddd; border-radius: 8px; width: 300px; box-shadow: 0 4px 10px rgba(0, 0, 0, 0.1); text-align: center;\">\n                        <!-- Foto de perfil -->\n                        <div style=\"margin-bottom: 10px;\">\n                            <img decoding=\"async\" src=\"https:\/\/secure.gravatar.com\/avatar\/a33bf351f67a38844b2426bb01bfc12f?s=150&#038;d=mm&#038;r=g\" alt=\"Foto de perfil\" style=\"width: 80px; height: 80px; border-radius: 50%; object-fit: cover;\">\n                        <\/div>\n                        <h3 style=\"color: #005582; font-size: 18px; margin-bottom: 10px;\">\n                            Manuel Gonz\u00e1lez D\u00edaz                        <\/h3>\n                                                    <p style=\"font-size: 14px; color: #555; margin-bottom: 15px;\">\n                                <strong>Rama de Conocimiento:<\/strong>\n                                Ciencias                            <\/p>\n                                                <!-- Botones de redes sociales -->\n                        <div style=\"margin-top: 10px; display: flex; justify-content: center; gap: 10px;\">\n                                                            <a href=\"https:\/\/www.linkedin.com\/in\/manuel-gonzlez-daz-64b42b142?utm_source=share&#038;utm_campaign=share_via&#038;utm_content=profile&#038;utm_medium=ios_app\" target=\"_blank\" style=\"text-decoration: none;\">\n                                    <img decoding=\"async\" src=\"https:\/\/www.unioviedo.es\/alumni\/wp-content\/uploads\/2024\/08\/linkedin.png\" alt=\"LinkedIn\" style=\"width: 32px; height: 32px;\">\n                                <\/a>\n                                                                                                            <\/div>\n                    <\/div>\n                                                        <div style=\"background-color: #ffffff; padding: 20px; border: 1px solid #ddd; border-radius: 8px; width: 300px; box-shadow: 0 4px 10px rgba(0, 0, 0, 0.1); text-align: center;\">\n                        <!-- Foto de perfil -->\n                        <div style=\"margin-bottom: 10px;\">\n                            <img decoding=\"async\" src=\"https:\/\/secure.gravatar.com\/avatar\/a33bf351f67a38844b2426bb01bfc12f?s=150&#038;d=mm&#038;r=g\" alt=\"Foto de perfil\" style=\"width: 80px; height: 80px; border-radius: 50%; object-fit: cover;\">\n                        <\/div>\n                        <h3 style=\"color: #005582; font-size: 18px; margin-bottom: 10px;\">\n                            Marbelis Le\u00f3n Gil                        <\/h3>\n                                                    <p style=\"font-size: 14px; color: #555; margin-bottom: 15px;\">\n                                <strong>Rama de Conocimiento:<\/strong>\n                                Ciencias sociales y jur\u00eddicas                            <\/p>\n                                                <!-- Botones de redes sociales -->\n                        <div style=\"margin-top: 10px; display: flex; justify-content: center; gap: 10px;\">\n                                                            <a href=\"https:\/\/es.linkedin.com\/in\/marbelisleongil\" target=\"_blank\" style=\"text-decoration: none;\">\n                                    <img decoding=\"async\" src=\"https:\/\/www.unioviedo.es\/alumni\/wp-content\/uploads\/2024\/08\/linkedin.png\" alt=\"LinkedIn\" style=\"width: 32px; height: 32px;\">\n                                <\/a>\n                                                                                        <a href=\"https:\/\/www.instagram.com\/marbelisleongil\/\" target=\"_blank\" style=\"text-decoration: none;\">\n                                    <img decoding=\"async\" src=\"https:\/\/www.unioviedo.es\/alumni\/wp-content\/uploads\/2024\/08\/insta.png\" alt=\"Instagram\" style=\"width: 32px; height: 32px;\">\n                                <\/a>\n                                                                                <\/div>\n                    <\/div>\n                                                        <div style=\"background-color: #ffffff; padding: 20px; border: 1px solid #ddd; border-radius: 8px; width: 300px; box-shadow: 0 4px 10px rgba(0, 0, 0, 0.1); text-align: center;\">\n                        <!-- Foto de perfil -->\n                        <div style=\"margin-bottom: 10px;\">\n                            <img decoding=\"async\" src=\"https:\/\/secure.gravatar.com\/avatar\/a33bf351f67a38844b2426bb01bfc12f?s=150&#038;d=mm&#038;r=g\" alt=\"Foto de perfil\" style=\"width: 80px; height: 80px; border-radius: 50%; object-fit: cover;\">\n                        <\/div>\n                        <h3 style=\"color: #005582; font-size: 18px; margin-bottom: 10px;\">\n                            Marcos Cuesta Gallego                        <\/h3>\n                                                    <p style=\"font-size: 14px; color: #555; margin-bottom: 15px;\">\n                                <strong>Rama de Conocimiento:<\/strong>\n                                Artes y humanidades                            <\/p>\n                                                <!-- Botones de redes sociales -->\n                        <div style=\"margin-top: 10px; display: flex; justify-content: center; gap: 10px;\">\n                                                                                        <a href=\"https:\/\/www.instagram.com\/marcos_history_99\/\" target=\"_blank\" style=\"text-decoration: none;\">\n                                    <img decoding=\"async\" src=\"https:\/\/www.unioviedo.es\/alumni\/wp-content\/uploads\/2024\/08\/insta.png\" alt=\"Instagram\" style=\"width: 32px; height: 32px;\">\n                                <\/a>\n                                                                                        <a href=\"https:\/\/www.facebook.com\/marcos.cuestagallego\" target=\"_blank\" style=\"text-decoration: none;\">\n                                    <img decoding=\"async\" src=\"https:\/\/www.unioviedo.es\/alumni\/wp-content\/uploads\/2024\/08\/face.png\" alt=\"Facebook\" style=\"width: 32px; height: 32px;\">\n                                <\/a>\n                                                    <\/div>\n                    <\/div>\n                                                        <div style=\"background-color: #ffffff; padding: 20px; border: 1px solid #ddd; border-radius: 8px; width: 300px; box-shadow: 0 4px 10px rgba(0, 0, 0, 0.1); text-align: center;\">\n                        <!-- Foto de perfil -->\n                        <div style=\"margin-bottom: 10px;\">\n                            <img decoding=\"async\" src=\"https:\/\/secure.gravatar.com\/avatar\/a33bf351f67a38844b2426bb01bfc12f?s=150&#038;d=mm&#038;r=g\" alt=\"Foto de perfil\" style=\"width: 80px; height: 80px; border-radius: 50%; object-fit: cover;\">\n                        <\/div>\n                        <h3 style=\"color: #005582; font-size: 18px; margin-bottom: 10px;\">\n                            Marcos Gonz\u00e1lez \u00c1lvarez                        <\/h3>\n                                                    <p style=\"font-size: 14px; color: #555; margin-bottom: 15px;\">\n                                <strong>Rama de Conocimiento:<\/strong>\n                                Ciencias sociales y jur\u00eddicas                            <\/p>\n                                                <!-- Botones de redes sociales -->\n                        <div style=\"margin-top: 10px; display: flex; justify-content: center; gap: 10px;\">\n                                                                                        <a href=\"https:\/\/www.instagram.com\/marcospereda4\/\" target=\"_blank\" style=\"text-decoration: none;\">\n                                    <img decoding=\"async\" src=\"https:\/\/www.unioviedo.es\/alumni\/wp-content\/uploads\/2024\/08\/insta.png\" alt=\"Instagram\" style=\"width: 32px; height: 32px;\">\n                                <\/a>\n                                                                                <\/div>\n                    <\/div>\n                                                        <div style=\"background-color: #ffffff; padding: 20px; border: 1px solid #ddd; border-radius: 8px; width: 300px; box-shadow: 0 4px 10px rgba(0, 0, 0, 0.1); text-align: center;\">\n                        <!-- Foto de perfil -->\n                        <div style=\"margin-bottom: 10px;\">\n                            <img decoding=\"async\" src=\"https:\/\/secure.gravatar.com\/avatar\/a33bf351f67a38844b2426bb01bfc12f?s=150&#038;d=mm&#038;r=g\" alt=\"Foto de perfil\" style=\"width: 80px; height: 80px; border-radius: 50%; object-fit: cover;\">\n                        <\/div>\n                        <h3 style=\"color: #005582; font-size: 18px; margin-bottom: 10px;\">\n                            Mar\u00eda Lorenzo Gallardo                        <\/h3>\n                                                    <p style=\"font-size: 14px; color: #555; margin-bottom: 15px;\">\n                                <strong>Rama de Conocimiento:<\/strong>\n                                Ciencias sociales y jur\u00eddicas                            <\/p>\n                                                <!-- Botones de redes sociales -->\n                        <div style=\"margin-top: 10px; display: flex; justify-content: center; gap: 10px;\">\n                                                                                                            <\/div>\n                    <\/div>\n                                                        <div style=\"background-color: #ffffff; padding: 20px; border: 1px solid #ddd; border-radius: 8px; width: 300px; box-shadow: 0 4px 10px rgba(0, 0, 0, 0.1); text-align: center;\">\n                        <!-- Foto de perfil -->\n                        <div style=\"margin-bottom: 10px;\">\n                            <img decoding=\"async\" src=\"https:\/\/secure.gravatar.com\/avatar\/a33bf351f67a38844b2426bb01bfc12f?s=150&#038;d=mm&#038;r=g\" alt=\"Foto de perfil\" style=\"width: 80px; height: 80px; border-radius: 50%; object-fit: cover;\">\n                        <\/div>\n                        <h3 style=\"color: #005582; font-size: 18px; margin-bottom: 10px;\">\n                            Maria \u00c1lvarez G\u00f3mez                        <\/h3>\n                                                    <p style=\"font-size: 14px; color: #555; margin-bottom: 15px;\">\n                                <strong>Rama de Conocimiento:<\/strong>\n                                Ciencias de la salud                            <\/p>\n                                                <!-- Botones de redes sociales -->\n                        <div style=\"margin-top: 10px; display: flex; justify-content: center; gap: 10px;\">\n                                                                                                            <\/div>\n                    <\/div>\n                                                        <div style=\"background-color: #ffffff; padding: 20px; border: 1px solid #ddd; border-radius: 8px; width: 300px; box-shadow: 0 4px 10px rgba(0, 0, 0, 0.1); text-align: center;\">\n                        <!-- Foto de perfil -->\n                        <div style=\"margin-bottom: 10px;\">\n                            <img decoding=\"async\" src=\"https:\/\/secure.gravatar.com\/avatar\/a33bf351f67a38844b2426bb01bfc12f?s=150&#038;d=mm&#038;r=g\" alt=\"Foto de perfil\" style=\"width: 80px; height: 80px; border-radius: 50%; object-fit: cover;\">\n                        <\/div>\n                        <h3 style=\"color: #005582; font-size: 18px; margin-bottom: 10px;\">\n                            Marta Fern\u00e1ndez                        <\/h3>\n                                                    <p style=\"font-size: 14px; color: #555; margin-bottom: 15px;\">\n                                <strong>Rama de Conocimiento:<\/strong>\n                                Ciencias                            <\/p>\n                                                <!-- Botones de redes sociales -->\n                        <div style=\"margin-top: 10px; display: flex; justify-content: center; gap: 10px;\">\n                                                                                                            <\/div>\n                    <\/div>\n                                                        <div style=\"background-color: #ffffff; padding: 20px; border: 1px solid #ddd; border-radius: 8px; width: 300px; box-shadow: 0 4px 10px rgba(0, 0, 0, 0.1); text-align: center;\">\n                        <!-- Foto de perfil -->\n                        <div style=\"margin-bottom: 10px;\">\n                            <img decoding=\"async\" src=\"https:\/\/secure.gravatar.com\/avatar\/a33bf351f67a38844b2426bb01bfc12f?s=150&#038;d=mm&#038;r=g\" alt=\"Foto de perfil\" style=\"width: 80px; height: 80px; border-radius: 50%; object-fit: cover;\">\n                        <\/div>\n                        <h3 style=\"color: #005582; font-size: 18px; margin-bottom: 10px;\">\n                            Mayra Nicole Fern\u00e1ndez B\u00e1ez                        <\/h3>\n                                                    <p style=\"font-size: 14px; color: #555; margin-bottom: 15px;\">\n                                <strong>Rama de Conocimiento:<\/strong>\n                                Artes y humanidades                            <\/p>\n                                                <!-- Botones de redes sociales -->\n                        <div style=\"margin-top: 10px; display: flex; justify-content: center; gap: 10px;\">\n                                                                                                            <\/div>\n                    <\/div>\n                                                        <div style=\"background-color: #ffffff; padding: 20px; border: 1px solid #ddd; border-radius: 8px; width: 300px; box-shadow: 0 4px 10px rgba(0, 0, 0, 0.1); text-align: center;\">\n                        <!-- Foto de perfil -->\n                        <div style=\"margin-bottom: 10px;\">\n                            <img decoding=\"async\" src=\"https:\/\/secure.gravatar.com\/avatar\/a33bf351f67a38844b2426bb01bfc12f?s=150&#038;d=mm&#038;r=g\" alt=\"Foto de perfil\" style=\"width: 80px; height: 80px; border-radius: 50%; object-fit: cover;\">\n                        <\/div>\n                        <h3 style=\"color: #005582; font-size: 18px; margin-bottom: 10px;\">\n                            Mar\u00eda Covadonga Juez Siesto                        <\/h3>\n                                                    <p style=\"font-size: 14px; color: #555; margin-bottom: 15px;\">\n                                <strong>Rama de Conocimiento:<\/strong>\n                                Ciencias sociales y jur\u00eddicas                            <\/p>\n                                                <!-- Botones de redes sociales -->\n                        <div style=\"margin-top: 10px; display: flex; justify-content: center; gap: 10px;\">\n                                                                                        <a href=\"https:\/\/www.instagram.com\/covijuez\/\" target=\"_blank\" style=\"text-decoration: none;\">\n                                    <img decoding=\"async\" src=\"https:\/\/www.unioviedo.es\/alumni\/wp-content\/uploads\/2024\/08\/insta.png\" alt=\"Instagram\" style=\"width: 32px; height: 32px;\">\n                                <\/a>\n                                                                                        <a href=\"https:\/\/www.facebook.com\/mariacovadonga.juezsiesto\" target=\"_blank\" style=\"text-decoration: none;\">\n                                    <img decoding=\"async\" src=\"https:\/\/www.unioviedo.es\/alumni\/wp-content\/uploads\/2024\/08\/face.png\" alt=\"Facebook\" style=\"width: 32px; height: 32px;\">\n                                <\/a>\n                                                    <\/div>\n                    <\/div>\n                                                        <div style=\"background-color: #ffffff; padding: 20px; border: 1px solid #ddd; border-radius: 8px; width: 300px; box-shadow: 0 4px 10px rgba(0, 0, 0, 0.1); text-align: center;\">\n                        <!-- Foto de perfil -->\n                        <div style=\"margin-bottom: 10px;\">\n                            <img decoding=\"async\" src=\"https:\/\/secure.gravatar.com\/avatar\/a33bf351f67a38844b2426bb01bfc12f?s=150&#038;d=mm&#038;r=g\" alt=\"Foto de perfil\" style=\"width: 80px; height: 80px; border-radius: 50%; object-fit: cover;\">\n                        <\/div>\n                        <h3 style=\"color: #005582; font-size: 18px; margin-bottom: 10px;\">\n                            Melani Miroslavova Toneva                        <\/h3>\n                                                    <p style=\"font-size: 14px; color: #555; margin-bottom: 15px;\">\n                                <strong>Rama de Conocimiento:<\/strong>\n                                Ciencias sociales y jur\u00eddicas                            <\/p>\n                                                <!-- Botones de redes sociales -->\n                        <div style=\"margin-top: 10px; display: flex; justify-content: center; gap: 10px;\">\n                                                                                                            <\/div>\n                    <\/div>\n                                                        <div style=\"background-color: #ffffff; padding: 20px; border: 1px solid #ddd; border-radius: 8px; width: 300px; box-shadow: 0 4px 10px rgba(0, 0, 0, 0.1); text-align: center;\">\n                        <!-- Foto de perfil -->\n                        <div style=\"margin-bottom: 10px;\">\n                            <img decoding=\"async\" src=\"https:\/\/secure.gravatar.com\/avatar\/a33bf351f67a38844b2426bb01bfc12f?s=150&#038;d=mm&#038;r=g\" alt=\"Foto de perfil\" style=\"width: 80px; height: 80px; border-radius: 50%; object-fit: cover;\">\n                        <\/div>\n                        <h3 style=\"color: #005582; font-size: 18px; margin-bottom: 10px;\">\n                            Menc\u00eda Men\u00e9ndez P\u00e9rez                        <\/h3>\n                                                    <p style=\"font-size: 14px; color: #555; margin-bottom: 15px;\">\n                                <strong>Rama de Conocimiento:<\/strong>\n                                Ciencias sociales y jur\u00eddicas                            <\/p>\n                                                <!-- Botones de redes sociales -->\n                        <div style=\"margin-top: 10px; display: flex; justify-content: center; gap: 10px;\">\n                                                                                                            <\/div>\n                    <\/div>\n                                                        <div style=\"background-color: #ffffff; padding: 20px; border: 1px solid #ddd; border-radius: 8px; width: 300px; box-shadow: 0 4px 10px rgba(0, 0, 0, 0.1); text-align: center;\">\n                        <!-- Foto de perfil -->\n                        <div style=\"margin-bottom: 10px;\">\n                            <img decoding=\"async\" src=\"https:\/\/secure.gravatar.com\/avatar\/a33bf351f67a38844b2426bb01bfc12f?s=150&#038;d=mm&#038;r=g\" alt=\"Foto de perfil\" style=\"width: 80px; height: 80px; border-radius: 50%; object-fit: cover;\">\n                        <\/div>\n                        <h3 style=\"color: #005582; font-size: 18px; margin-bottom: 10px;\">\n                            Miguel Carrasco Arango                        <\/h3>\n                                                    <p style=\"font-size: 14px; color: #555; margin-bottom: 15px;\">\n                                <strong>Rama de Conocimiento:<\/strong>\n                                Ciencias                            <\/p>\n                                                <!-- Botones de redes sociales -->\n                        <div style=\"margin-top: 10px; display: flex; justify-content: center; gap: 10px;\">\n                                                            <a href=\"https:\/\/www.linkedin.com\/in\/miguel-carrasco-arango-914871224?utm_source=share&#038;utm_campaign=share_via&#038;utm_content=profile&#038;utm_medium=android_app\" target=\"_blank\" style=\"text-decoration: none;\">\n                                    <img decoding=\"async\" src=\"https:\/\/www.unioviedo.es\/alumni\/wp-content\/uploads\/2024\/08\/linkedin.png\" alt=\"LinkedIn\" style=\"width: 32px; height: 32px;\">\n                                <\/a>\n                                                                                        <a href=\"https:\/\/www.instagram.com\/miguel12aviles\/\" target=\"_blank\" style=\"text-decoration: none;\">\n                                    <img decoding=\"async\" src=\"https:\/\/www.unioviedo.es\/alumni\/wp-content\/uploads\/2024\/08\/insta.png\" alt=\"Instagram\" style=\"width: 32px; height: 32px;\">\n                                <\/a>\n                                                                                <\/div>\n                    <\/div>\n                                                        <div style=\"background-color: #ffffff; padding: 20px; border: 1px solid #ddd; border-radius: 8px; width: 300px; box-shadow: 0 4px 10px rgba(0, 0, 0, 0.1); text-align: center;\">\n                        <!-- Foto de perfil -->\n                        <div style=\"margin-bottom: 10px;\">\n                            <img decoding=\"async\" src=\"https:\/\/secure.gravatar.com\/avatar\/a33bf351f67a38844b2426bb01bfc12f?s=150&#038;d=mm&#038;r=g\" alt=\"Foto de perfil\" style=\"width: 80px; height: 80px; border-radius: 50%; object-fit: cover;\">\n                        <\/div>\n                        <h3 style=\"color: #005582; font-size: 18px; margin-bottom: 10px;\">\n                            Miguel Granda Su\u00e1rez                        <\/h3>\n                                                    <p style=\"font-size: 14px; color: #555; margin-bottom: 15px;\">\n                                <strong>Rama de Conocimiento:<\/strong>\n                                Ingenier\u00eda y arquitectura                            <\/p>\n                                                <!-- Botones de redes sociales -->\n                        <div style=\"margin-top: 10px; display: flex; justify-content: center; gap: 10px;\">\n                                                                                                            <\/div>\n                    <\/div>\n                                                        <div style=\"background-color: #ffffff; padding: 20px; border: 1px solid #ddd; border-radius: 8px; width: 300px; box-shadow: 0 4px 10px rgba(0, 0, 0, 0.1); text-align: center;\">\n                        <!-- Foto de perfil -->\n                        <div style=\"margin-bottom: 10px;\">\n                            <img decoding=\"async\" src=\"https:\/\/secure.gravatar.com\/avatar\/a33bf351f67a38844b2426bb01bfc12f?s=150&#038;d=mm&#038;r=g\" alt=\"Foto de perfil\" style=\"width: 80px; height: 80px; border-radius: 50%; object-fit: cover;\">\n                        <\/div>\n                        <h3 style=\"color: #005582; font-size: 18px; margin-bottom: 10px;\">\n                            Miguel V\u00e9lez C\u00e1ceres                        <\/h3>\n                                                    <p style=\"font-size: 14px; color: #555; margin-bottom: 15px;\">\n                                <strong>Rama de Conocimiento:<\/strong>\n                                Ingenier\u00eda y arquitectura                            <\/p>\n                                                <!-- Botones de redes sociales -->\n                        <div style=\"margin-top: 10px; display: flex; justify-content: center; gap: 10px;\">\n                                                            <a href=\"https:\/\/www.linkedin.com\/in\/miguel-v\u00e9lez-c\u00e1ceres-41401a123\" target=\"_blank\" style=\"text-decoration: none;\">\n                                    <img decoding=\"async\" src=\"https:\/\/www.unioviedo.es\/alumni\/wp-content\/uploads\/2024\/08\/linkedin.png\" alt=\"LinkedIn\" style=\"width: 32px; height: 32px;\">\n                                <\/a>\n                                                                                        <a href=\"https:\/\/www.instagram.com\/miguevc39\/\" target=\"_blank\" style=\"text-decoration: none;\">\n                                    <img decoding=\"async\" src=\"https:\/\/www.unioviedo.es\/alumni\/wp-content\/uploads\/2024\/08\/insta.png\" alt=\"Instagram\" style=\"width: 32px; height: 32px;\">\n                                <\/a>\n                                                                                <\/div>\n                    <\/div>\n                                                        <div style=\"background-color: #ffffff; padding: 20px; border: 1px solid #ddd; border-radius: 8px; width: 300px; box-shadow: 0 4px 10px rgba(0, 0, 0, 0.1); text-align: center;\">\n                        <!-- Foto de perfil -->\n                        <div style=\"margin-bottom: 10px;\">\n                            <img decoding=\"async\" src=\"https:\/\/secure.gravatar.com\/avatar\/a33bf351f67a38844b2426bb01bfc12f?s=150&#038;d=mm&#038;r=g\" alt=\"Foto de perfil\" style=\"width: 80px; height: 80px; border-radius: 50%; object-fit: cover;\">\n                        <\/div>\n                        <h3 style=\"color: #005582; font-size: 18px; margin-bottom: 10px;\">\n                            Mar\u00eda Jes\u00fas Solla                        <\/h3>\n                                                    <p style=\"font-size: 14px; color: #555; margin-bottom: 15px;\">\n                                <strong>Rama de Conocimiento:<\/strong>\n                                Ciencias sociales y jur\u00eddicas                            <\/p>\n                                                <!-- Botones de redes sociales -->\n                        <div style=\"margin-top: 10px; display: flex; justify-content: center; gap: 10px;\">\n                                                                                                            <\/div>\n                    <\/div>\n                                                        <div style=\"background-color: #ffffff; padding: 20px; border: 1px solid #ddd; border-radius: 8px; width: 300px; box-shadow: 0 4px 10px rgba(0, 0, 0, 0.1); text-align: center;\">\n                        <!-- Foto de perfil -->\n                        <div style=\"margin-bottom: 10px;\">\n                            <img decoding=\"async\" src=\"https:\/\/secure.gravatar.com\/avatar\/a33bf351f67a38844b2426bb01bfc12f?s=150&#038;d=mm&#038;r=g\" alt=\"Foto de perfil\" style=\"width: 80px; height: 80px; border-radius: 50%; object-fit: cover;\">\n                        <\/div>\n                        <h3 style=\"color: #005582; font-size: 18px; margin-bottom: 10px;\">\n                            Mariana Savlovschi                        <\/h3>\n                                                    <p style=\"font-size: 14px; color: #555; margin-bottom: 15px;\">\n                                <strong>Rama de Conocimiento:<\/strong>\n                                Ciencias                            <\/p>\n                                                <!-- Botones de redes sociales -->\n                        <div style=\"margin-top: 10px; display: flex; justify-content: center; gap: 10px;\">\n                                                            <a href=\"http:\/\/linkedin.com\/in\/mariana-savlovschi-84162012a\" target=\"_blank\" style=\"text-decoration: none;\">\n                                    <img decoding=\"async\" src=\"https:\/\/www.unioviedo.es\/alumni\/wp-content\/uploads\/2024\/08\/linkedin.png\" alt=\"LinkedIn\" style=\"width: 32px; height: 32px;\">\n                                <\/a>\n                                                                                                            <\/div>\n                    <\/div>\n                                                        <div style=\"background-color: #ffffff; padding: 20px; border: 1px solid #ddd; border-radius: 8px; width: 300px; box-shadow: 0 4px 10px rgba(0, 0, 0, 0.1); text-align: center;\">\n                        <!-- Foto de perfil -->\n                        <div style=\"margin-bottom: 10px;\">\n                            <img decoding=\"async\" src=\"https:\/\/secure.gravatar.com\/avatar\/a33bf351f67a38844b2426bb01bfc12f?s=150&#038;d=mm&#038;r=g\" alt=\"Foto de perfil\" style=\"width: 80px; height: 80px; border-radius: 50%; object-fit: cover;\">\n                        <\/div>\n                        <h3 style=\"color: #005582; font-size: 18px; margin-bottom: 10px;\">\n                            Nasrullah Kancura                        <\/h3>\n                                                    <p style=\"font-size: 14px; color: #555; margin-bottom: 15px;\">\n                                <strong>Rama de Conocimiento:<\/strong>\n                                Artes y humanidades                            <\/p>\n                                                <!-- Botones de redes sociales -->\n                        <div style=\"margin-top: 10px; display: flex; justify-content: center; gap: 10px;\">\n                                                            <a href=\"https:\/\/www.linkedin.com\/in\/nasrullah-kancura-132b35298\/\" target=\"_blank\" style=\"text-decoration: none;\">\n                                    <img decoding=\"async\" src=\"https:\/\/www.unioviedo.es\/alumni\/wp-content\/uploads\/2024\/08\/linkedin.png\" alt=\"LinkedIn\" style=\"width: 32px; height: 32px;\">\n                                <\/a>\n                                                                                                            <\/div>\n                    <\/div>\n                                                        <div style=\"background-color: #ffffff; padding: 20px; border: 1px solid #ddd; border-radius: 8px; width: 300px; box-shadow: 0 4px 10px rgba(0, 0, 0, 0.1); text-align: center;\">\n                        <!-- Foto de perfil -->\n                        <div style=\"margin-bottom: 10px;\">\n                            <img decoding=\"async\" src=\"https:\/\/secure.gravatar.com\/avatar\/a33bf351f67a38844b2426bb01bfc12f?s=150&#038;d=mm&#038;r=g\" alt=\"Foto de perfil\" style=\"width: 80px; height: 80px; border-radius: 50%; object-fit: cover;\">\n                        <\/div>\n                        <h3 style=\"color: #005582; font-size: 18px; margin-bottom: 10px;\">\n                            Paola Giulia Nasta Gonz\u00e1lez                        <\/h3>\n                                                    <p style=\"font-size: 14px; color: #555; margin-bottom: 15px;\">\n                                <strong>Rama de Conocimiento:<\/strong>\n                                Ciencias sociales y jur\u00eddicas                            <\/p>\n                                                <!-- Botones de redes sociales -->\n                        <div style=\"margin-top: 10px; display: flex; justify-content: center; gap: 10px;\">\n                                                            <a href=\"https:\/\/es.linkedin.com\/in\/paola-nasta-gonzlez-53b2aa242?trk=public_post_reshare-text\" target=\"_blank\" style=\"text-decoration: none;\">\n                                    <img decoding=\"async\" src=\"https:\/\/www.unioviedo.es\/alumni\/wp-content\/uploads\/2024\/08\/linkedin.png\" alt=\"LinkedIn\" style=\"width: 32px; height: 32px;\">\n                                <\/a>\n                                                                                                            <\/div>\n                    <\/div>\n                                                        <div style=\"background-color: #ffffff; padding: 20px; border: 1px solid #ddd; border-radius: 8px; width: 300px; box-shadow: 0 4px 10px rgba(0, 0, 0, 0.1); text-align: center;\">\n                        <!-- Foto de perfil -->\n                        <div style=\"margin-bottom: 10px;\">\n                            <img decoding=\"async\" src=\"https:\/\/secure.gravatar.com\/avatar\/a33bf351f67a38844b2426bb01bfc12f?s=150&#038;d=mm&#038;r=g\" alt=\"Foto de perfil\" style=\"width: 80px; height: 80px; border-radius: 50%; object-fit: cover;\">\n                        <\/div>\n                        <h3 style=\"color: #005582; font-size: 18px; margin-bottom: 10px;\">\n                            NEREA \u00c1LVAREZ LLARENA                        <\/h3>\n                                                    <p style=\"font-size: 14px; color: #555; margin-bottom: 15px;\">\n                                <strong>Rama de Conocimiento:<\/strong>\n                                Ciencias sociales y jur\u00eddicas                            <\/p>\n                                                <!-- Botones de redes sociales -->\n                        <div style=\"margin-top: 10px; display: flex; justify-content: center; gap: 10px;\">\n                                                                                                            <\/div>\n                    <\/div>\n                                                        <div style=\"background-color: #ffffff; padding: 20px; border: 1px solid #ddd; border-radius: 8px; width: 300px; box-shadow: 0 4px 10px rgba(0, 0, 0, 0.1); text-align: center;\">\n                        <!-- Foto de perfil -->\n                        <div style=\"margin-bottom: 10px;\">\n                            <img decoding=\"async\" src=\"https:\/\/secure.gravatar.com\/avatar\/a33bf351f67a38844b2426bb01bfc12f?s=150&#038;d=mm&#038;r=g\" alt=\"Foto de perfil\" style=\"width: 80px; height: 80px; border-radius: 50%; object-fit: cover;\">\n                        <\/div>\n                        <h3 style=\"color: #005582; font-size: 18px; margin-bottom: 10px;\">\n                            Noa Pardo Rivera                        <\/h3>\n                                                    <p style=\"font-size: 14px; color: #555; margin-bottom: 15px;\">\n                                <strong>Rama de Conocimiento:<\/strong>\n                                Ciencias                            <\/p>\n                                                <!-- Botones de redes sociales -->\n                        <div style=\"margin-top: 10px; display: flex; justify-content: center; gap: 10px;\">\n                                                            <a href=\"https:\/\/www.linkedin.com\/in\/noa-pardo-465361234\/\" target=\"_blank\" style=\"text-decoration: none;\">\n                                    <img decoding=\"async\" src=\"https:\/\/www.unioviedo.es\/alumni\/wp-content\/uploads\/2024\/08\/linkedin.png\" alt=\"LinkedIn\" style=\"width: 32px; height: 32px;\">\n                                <\/a>\n                                                                                                            <\/div>\n                    <\/div>\n                                                        <div style=\"background-color: #ffffff; padding: 20px; border: 1px solid #ddd; border-radius: 8px; width: 300px; box-shadow: 0 4px 10px rgba(0, 0, 0, 0.1); text-align: center;\">\n                        <!-- Foto de perfil -->\n                        <div style=\"margin-bottom: 10px;\">\n                            <img decoding=\"async\" src=\"https:\/\/secure.gravatar.com\/avatar\/a33bf351f67a38844b2426bb01bfc12f?s=150&#038;d=mm&#038;r=g\" alt=\"Foto de perfil\" style=\"width: 80px; height: 80px; border-radius: 50%; object-fit: cover;\">\n                        <\/div>\n                        <h3 style=\"color: #005582; font-size: 18px; margin-bottom: 10px;\">\n                            Nuria Est\u00e9vez D\u00edaz                        <\/h3>\n                                                    <p style=\"font-size: 14px; color: #555; margin-bottom: 15px;\">\n                                <strong>Rama de Conocimiento:<\/strong>\n                                Ciencias                            <\/p>\n                                                <!-- Botones de redes sociales -->\n                        <div style=\"margin-top: 10px; display: flex; justify-content: center; gap: 10px;\">\n                                                                                                            <\/div>\n                    <\/div>\n                                                        <div style=\"background-color: #ffffff; padding: 20px; border: 1px solid #ddd; border-radius: 8px; width: 300px; box-shadow: 0 4px 10px rgba(0, 0, 0, 0.1); text-align: center;\">\n                        <!-- Foto de perfil -->\n                        <div style=\"margin-bottom: 10px;\">\n                            <img decoding=\"async\" src=\"https:\/\/secure.gravatar.com\/avatar\/a33bf351f67a38844b2426bb01bfc12f?s=150&#038;d=mm&#038;r=g\" alt=\"Foto de perfil\" style=\"width: 80px; height: 80px; border-radius: 50%; object-fit: cover;\">\n                        <\/div>\n                        <h3 style=\"color: #005582; font-size: 18px; margin-bottom: 10px;\">\n                            Abdulazeez Adebayo Olayinka                        <\/h3>\n                                                    <p style=\"font-size: 14px; color: #555; margin-bottom: 15px;\">\n                                <strong>Rama de Conocimiento:<\/strong>\n                                Ingenier\u00eda y arquitectura                            <\/p>\n                                                <!-- Botones de redes sociales -->\n                        <div style=\"margin-top: 10px; display: flex; justify-content: center; gap: 10px;\">\n                                                            <a href=\"https:\/\/www.linkedin.com\/in\/abdulazeez-olayinka-19976679\/\" target=\"_blank\" style=\"text-decoration: none;\">\n                                    <img decoding=\"async\" src=\"https:\/\/www.unioviedo.es\/alumni\/wp-content\/uploads\/2024\/08\/linkedin.png\" alt=\"LinkedIn\" style=\"width: 32px; height: 32px;\">\n                                <\/a>\n                                                                                                            <\/div>\n                    <\/div>\n                                                        <div style=\"background-color: #ffffff; padding: 20px; border: 1px solid #ddd; border-radius: 8px; width: 300px; box-shadow: 0 4px 10px rgba(0, 0, 0, 0.1); text-align: center;\">\n                        <!-- Foto de perfil -->\n                        <div style=\"margin-bottom: 10px;\">\n                            <img decoding=\"async\" src=\"https:\/\/secure.gravatar.com\/avatar\/a33bf351f67a38844b2426bb01bfc12f?s=150&#038;d=mm&#038;r=g\" alt=\"Foto de perfil\" style=\"width: 80px; height: 80px; border-radius: 50%; object-fit: cover;\">\n                        <\/div>\n                        <h3 style=\"color: #005582; font-size: 18px; margin-bottom: 10px;\">\n                            Pablo Amor Garc\u00eda                        <\/h3>\n                                                    <p style=\"font-size: 14px; color: #555; margin-bottom: 15px;\">\n                                <strong>Rama de Conocimiento:<\/strong>\n                                Ciencias sociales y jur\u00eddicas                            <\/p>\n                                                <!-- Botones de redes sociales -->\n                        <div style=\"margin-top: 10px; display: flex; justify-content: center; gap: 10px;\">\n                                                                                                            <\/div>\n                    <\/div>\n                                                        <div style=\"background-color: #ffffff; padding: 20px; border: 1px solid #ddd; border-radius: 8px; width: 300px; box-shadow: 0 4px 10px rgba(0, 0, 0, 0.1); text-align: center;\">\n                        <!-- Foto de perfil -->\n                        <div style=\"margin-bottom: 10px;\">\n                            <img decoding=\"async\" src=\"https:\/\/secure.gravatar.com\/avatar\/a33bf351f67a38844b2426bb01bfc12f?s=150&#038;d=mm&#038;r=g\" alt=\"Foto de perfil\" style=\"width: 80px; height: 80px; border-radius: 50%; object-fit: cover;\">\n                        <\/div>\n                        <h3 style=\"color: #005582; font-size: 18px; margin-bottom: 10px;\">\n                            pablo pelaez naredo                        <\/h3>\n                                                    <p style=\"font-size: 14px; color: #555; margin-bottom: 15px;\">\n                                <strong>Rama de Conocimiento:<\/strong>\n                                Ciencias sociales y jur\u00eddicas                            <\/p>\n                                                <!-- Botones de redes sociales -->\n                        <div style=\"margin-top: 10px; display: flex; justify-content: center; gap: 10px;\">\n                                                                                                            <\/div>\n                    <\/div>\n                                                        <div style=\"background-color: #ffffff; padding: 20px; border: 1px solid #ddd; border-radius: 8px; width: 300px; box-shadow: 0 4px 10px rgba(0, 0, 0, 0.1); text-align: center;\">\n                        <!-- Foto de perfil -->\n                        <div style=\"margin-bottom: 10px;\">\n                            <img decoding=\"async\" src=\"https:\/\/secure.gravatar.com\/avatar\/a33bf351f67a38844b2426bb01bfc12f?s=150&#038;d=mm&#038;r=g\" alt=\"Foto de perfil\" style=\"width: 80px; height: 80px; border-radius: 50%; object-fit: cover;\">\n                        <\/div>\n                        <h3 style=\"color: #005582; font-size: 18px; margin-bottom: 10px;\">\n                            Patricia Villaz\u00e1n Gamonal                        <\/h3>\n                                                    <p style=\"font-size: 14px; color: #555; margin-bottom: 15px;\">\n                                <strong>Rama de Conocimiento:<\/strong>\n                                Ciencias                            <\/p>\n                                                <!-- Botones de redes sociales -->\n                        <div style=\"margin-top: 10px; display: flex; justify-content: center; gap: 10px;\">\n                                                                                                            <\/div>\n                    <\/div>\n                                                        <div style=\"background-color: #ffffff; padding: 20px; border: 1px solid #ddd; border-radius: 8px; width: 300px; box-shadow: 0 4px 10px rgba(0, 0, 0, 0.1); text-align: center;\">\n                        <!-- Foto de perfil -->\n                        <div style=\"margin-bottom: 10px;\">\n                            <img decoding=\"async\" src=\"https:\/\/secure.gravatar.com\/avatar\/a33bf351f67a38844b2426bb01bfc12f?s=150&#038;d=mm&#038;r=g\" alt=\"Foto de perfil\" style=\"width: 80px; height: 80px; border-radius: 50%; object-fit: cover;\">\n                        <\/div>\n                        <h3 style=\"color: #005582; font-size: 18px; margin-bottom: 10px;\">\n                            Patricia Hormigo P\u00e9rez                        <\/h3>\n                                                    <p style=\"font-size: 14px; color: #555; margin-bottom: 15px;\">\n                                <strong>Rama de Conocimiento:<\/strong>\n                                Artes y humanidades                            <\/p>\n                                                <!-- Botones de redes sociales -->\n                        <div style=\"margin-top: 10px; display: flex; justify-content: center; gap: 10px;\">\n                                                                                                            <\/div>\n                    <\/div>\n                                                        <div style=\"background-color: #ffffff; padding: 20px; border: 1px solid #ddd; border-radius: 8px; width: 300px; box-shadow: 0 4px 10px rgba(0, 0, 0, 0.1); text-align: center;\">\n                        <!-- Foto de perfil -->\n                        <div style=\"margin-bottom: 10px;\">\n                            <img decoding=\"async\" src=\"https:\/\/secure.gravatar.com\/avatar\/a33bf351f67a38844b2426bb01bfc12f?s=150&#038;d=mm&#038;r=g\" alt=\"Foto de perfil\" style=\"width: 80px; height: 80px; border-radius: 50%; object-fit: cover;\">\n                        <\/div>\n                        <h3 style=\"color: #005582; font-size: 18px; margin-bottom: 10px;\">\n                            Paula Cayetana Gonz\u00e1lez Analuisa                        <\/h3>\n                                                    <p style=\"font-size: 14px; color: #555; margin-bottom: 15px;\">\n                                <strong>Rama de Conocimiento:<\/strong>\n                                Ciencias sociales y jur\u00eddicas                            <\/p>\n                                                <!-- Botones de redes sociales -->\n                        <div style=\"margin-top: 10px; display: flex; justify-content: center; gap: 10px;\">\n                                                                                        <a href=\"https:\/\/www.instagram.com\/pautan3000\/\" target=\"_blank\" style=\"text-decoration: none;\">\n                                    <img decoding=\"async\" src=\"https:\/\/www.unioviedo.es\/alumni\/wp-content\/uploads\/2024\/08\/insta.png\" alt=\"Instagram\" style=\"width: 32px; height: 32px;\">\n                                <\/a>\n                                                                                <\/div>\n                    <\/div>\n                                                        <div style=\"background-color: #ffffff; padding: 20px; border: 1px solid #ddd; border-radius: 8px; width: 300px; box-shadow: 0 4px 10px rgba(0, 0, 0, 0.1); text-align: center;\">\n                        <!-- Foto de perfil -->\n                        <div style=\"margin-bottom: 10px;\">\n                            <img decoding=\"async\" src=\"https:\/\/secure.gravatar.com\/avatar\/a33bf351f67a38844b2426bb01bfc12f?s=150&#038;d=mm&#038;r=g\" alt=\"Foto de perfil\" style=\"width: 80px; height: 80px; border-radius: 50%; object-fit: cover;\">\n                        <\/div>\n                        <h3 style=\"color: #005582; font-size: 18px; margin-bottom: 10px;\">\n                            Pelayo D\u00edaz Mart\u00ednez                        <\/h3>\n                                                    <p style=\"font-size: 14px; color: #555; margin-bottom: 15px;\">\n                                <strong>Rama de Conocimiento:<\/strong>\n                                Ciencias de la salud                            <\/p>\n                                                <!-- Botones de redes sociales -->\n                        <div style=\"margin-top: 10px; display: flex; justify-content: center; gap: 10px;\">\n                                                                                                            <\/div>\n                    <\/div>\n                                                        <div style=\"background-color: #ffffff; padding: 20px; border: 1px solid #ddd; border-radius: 8px; width: 300px; box-shadow: 0 4px 10px rgba(0, 0, 0, 0.1); text-align: center;\">\n                        <!-- Foto de perfil -->\n                        <div style=\"margin-bottom: 10px;\">\n                            <img decoding=\"async\" src=\"https:\/\/secure.gravatar.com\/avatar\/a33bf351f67a38844b2426bb01bfc12f?s=150&#038;d=mm&#038;r=g\" alt=\"Foto de perfil\" style=\"width: 80px; height: 80px; border-radius: 50%; object-fit: cover;\">\n                        <\/div>\n                        <h3 style=\"color: #005582; font-size: 18px; margin-bottom: 10px;\">\n                            Pelayo Reguera Garc\u00eda                        <\/h3>\n                                                    <p style=\"font-size: 14px; color: #555; margin-bottom: 15px;\">\n                                <strong>Rama de Conocimiento:<\/strong>\n                                Ingenier\u00eda y arquitectura                            <\/p>\n                                                <!-- Botones de redes sociales -->\n                        <div style=\"margin-top: 10px; display: flex; justify-content: center; gap: 10px;\">\n                                                            <a href=\"https:\/\/www.linkedin.com\/in\/pelayo-reguera-garcia\" target=\"_blank\" style=\"text-decoration: none;\">\n                                    <img decoding=\"async\" src=\"https:\/\/www.unioviedo.es\/alumni\/wp-content\/uploads\/2024\/08\/linkedin.png\" alt=\"LinkedIn\" style=\"width: 32px; height: 32px;\">\n                                <\/a>\n                                                                                                            <\/div>\n                    <\/div>\n                                                        <div style=\"background-color: #ffffff; padding: 20px; border: 1px solid #ddd; border-radius: 8px; width: 300px; box-shadow: 0 4px 10px rgba(0, 0, 0, 0.1); text-align: center;\">\n                        <!-- Foto de perfil -->\n                        <div style=\"margin-bottom: 10px;\">\n                            <img decoding=\"async\" src=\"https:\/\/secure.gravatar.com\/avatar\/a33bf351f67a38844b2426bb01bfc12f?s=150&#038;d=mm&#038;r=g\" alt=\"Foto de perfil\" style=\"width: 80px; height: 80px; border-radius: 50%; object-fit: cover;\">\n                        <\/div>\n                        <h3 style=\"color: #005582; font-size: 18px; margin-bottom: 10px;\">\n                            Paula Fern\u00e1ndez Su\u00e1rez                        <\/h3>\n                                                    <p style=\"font-size: 14px; color: #555; margin-bottom: 15px;\">\n                                <strong>Rama de Conocimiento:<\/strong>\n                                Ciencias sociales y jur\u00eddicas                            <\/p>\n                                                <!-- Botones de redes sociales -->\n                        <div style=\"margin-top: 10px; display: flex; justify-content: center; gap: 10px;\">\n                                                            <a href=\"https:\/\/www.linkedin.com\/in\/paula-fernndez-surez?utm_source=share&#038;utm_campaign=share_via&#038;utm_content=profile&#038;utm_medium=android_app\" target=\"_blank\" style=\"text-decoration: none;\">\n                                    <img decoding=\"async\" src=\"https:\/\/www.unioviedo.es\/alumni\/wp-content\/uploads\/2024\/08\/linkedin.png\" alt=\"LinkedIn\" style=\"width: 32px; height: 32px;\">\n                                <\/a>\n                                                                                                            <\/div>\n                    <\/div>\n                                                        <div style=\"background-color: #ffffff; padding: 20px; border: 1px solid #ddd; border-radius: 8px; width: 300px; box-shadow: 0 4px 10px rgba(0, 0, 0, 0.1); text-align: center;\">\n                        <!-- Foto de perfil -->\n                        <div style=\"margin-bottom: 10px;\">\n                            <img decoding=\"async\" src=\"https:\/\/secure.gravatar.com\/avatar\/a33bf351f67a38844b2426bb01bfc12f?s=150&#038;d=mm&#038;r=g\" alt=\"Foto de perfil\" style=\"width: 80px; height: 80px; border-radius: 50%; object-fit: cover;\">\n                        <\/div>\n                        <h3 style=\"color: #005582; font-size: 18px; margin-bottom: 10px;\">\n                            Felipe Murillo Plaza                        <\/h3>\n                                                    <p style=\"font-size: 14px; color: #555; margin-bottom: 15px;\">\n                                <strong>Rama de Conocimiento:<\/strong>\n                                Ciencias de la salud                            <\/p>\n                                                <!-- Botones de redes sociales -->\n                        <div style=\"margin-top: 10px; display: flex; justify-content: center; gap: 10px;\">\n                                                                                                            <\/div>\n                    <\/div>\n                                                        <div style=\"background-color: #ffffff; padding: 20px; border: 1px solid #ddd; border-radius: 8px; width: 300px; box-shadow: 0 4px 10px rgba(0, 0, 0, 0.1); text-align: center;\">\n                        <!-- Foto de perfil -->\n                        <div style=\"margin-bottom: 10px;\">\n                            <img decoding=\"async\" src=\"https:\/\/secure.gravatar.com\/avatar\/a33bf351f67a38844b2426bb01bfc12f?s=150&#038;d=mm&#038;r=g\" alt=\"Foto de perfil\" style=\"width: 80px; height: 80px; border-radius: 50%; object-fit: cover;\">\n                        <\/div>\n                        <h3 style=\"color: #005582; font-size: 18px; margin-bottom: 10px;\">\n                            Paloma Gonz\u00e1lez Fern\u00e1ndez                        <\/h3>\n                                                    <p style=\"font-size: 14px; color: #555; margin-bottom: 15px;\">\n                                <strong>Rama de Conocimiento:<\/strong>\n                                Ciencias sociales y jur\u00eddicas                            <\/p>\n                                                <!-- Botones de redes sociales -->\n                        <div style=\"margin-top: 10px; display: flex; justify-content: center; gap: 10px;\">\n                                                                                                            <\/div>\n                    <\/div>\n                                                        <div style=\"background-color: #ffffff; padding: 20px; border: 1px solid #ddd; border-radius: 8px; width: 300px; box-shadow: 0 4px 10px rgba(0, 0, 0, 0.1); text-align: center;\">\n                        <!-- Foto de perfil -->\n                        <div style=\"margin-bottom: 10px;\">\n                            <img decoding=\"async\" src=\"https:\/\/secure.gravatar.com\/avatar\/a33bf351f67a38844b2426bb01bfc12f?s=150&#038;d=mm&#038;r=g\" alt=\"Foto de perfil\" style=\"width: 80px; height: 80px; border-radius: 50%; object-fit: cover;\">\n                        <\/div>\n                        <h3 style=\"color: #005582; font-size: 18px; margin-bottom: 10px;\">\n                            Raquel Mar\u00eda Gonz\u00e1lez Garc\u00eda                        <\/h3>\n                                                    <p style=\"font-size: 14px; color: #555; margin-bottom: 15px;\">\n                                <strong>Rama de Conocimiento:<\/strong>\n                                Ciencias de la salud                            <\/p>\n                                                <!-- Botones de redes sociales -->\n                        <div style=\"margin-top: 10px; display: flex; justify-content: center; gap: 10px;\">\n                                                                                        <a href=\"https:\/\/www.instagram.com\/rachz97?igsh=ZXZmMzIzajFsaG95\" target=\"_blank\" style=\"text-decoration: none;\">\n                                    <img decoding=\"async\" src=\"https:\/\/www.unioviedo.es\/alumni\/wp-content\/uploads\/2024\/08\/insta.png\" alt=\"Instagram\" style=\"width: 32px; height: 32px;\">\n                                <\/a>\n                                                                                <\/div>\n                    <\/div>\n                                                        <div style=\"background-color: #ffffff; padding: 20px; border: 1px solid #ddd; border-radius: 8px; width: 300px; box-shadow: 0 4px 10px rgba(0, 0, 0, 0.1); text-align: center;\">\n                        <!-- Foto de perfil -->\n                        <div style=\"margin-bottom: 10px;\">\n                            <img decoding=\"async\" src=\"https:\/\/secure.gravatar.com\/avatar\/a33bf351f67a38844b2426bb01bfc12f?s=150&#038;d=mm&#038;r=g\" alt=\"Foto de perfil\" style=\"width: 80px; height: 80px; border-radius: 50%; object-fit: cover;\">\n                        <\/div>\n                        <h3 style=\"color: #005582; font-size: 18px; margin-bottom: 10px;\">\n                            Rub\u00e9n Men\u00e9ndez M\u00e1rquez                        <\/h3>\n                                                    <p style=\"font-size: 14px; color: #555; margin-bottom: 15px;\">\n                                <strong>Rama de Conocimiento:<\/strong>\n                                Artes y humanidades                            <\/p>\n                                                <!-- Botones de redes sociales -->\n                        <div style=\"margin-top: 10px; display: flex; justify-content: center; gap: 10px;\">\n                                                            <a href=\"https:\/\/es.linkedin.com\/in\/rubenmmhistoriador\" target=\"_blank\" style=\"text-decoration: none;\">\n                                    <img decoding=\"async\" src=\"https:\/\/www.unioviedo.es\/alumni\/wp-content\/uploads\/2024\/08\/linkedin.png\" alt=\"LinkedIn\" style=\"width: 32px; height: 32px;\">\n                                <\/a>\n                                                                                                            <\/div>\n                    <\/div>\n                                                        <div style=\"background-color: #ffffff; padding: 20px; border: 1px solid #ddd; border-radius: 8px; width: 300px; box-shadow: 0 4px 10px rgba(0, 0, 0, 0.1); text-align: center;\">\n                        <!-- Foto de perfil -->\n                        <div style=\"margin-bottom: 10px;\">\n                            <img decoding=\"async\" src=\"https:\/\/secure.gravatar.com\/avatar\/a33bf351f67a38844b2426bb01bfc12f?s=150&#038;d=mm&#038;r=g\" alt=\"Foto de perfil\" style=\"width: 80px; height: 80px; border-radius: 50%; object-fit: cover;\">\n                        <\/div>\n                        <h3 style=\"color: #005582; font-size: 18px; margin-bottom: 10px;\">\n                            Sara Rodr\u00edguez Cabo                        <\/h3>\n                                                    <p style=\"font-size: 14px; color: #555; margin-bottom: 15px;\">\n                                <strong>Rama de Conocimiento:<\/strong>\n                                Ciencias                            <\/p>\n                                                <!-- Botones de redes sociales -->\n                        <div style=\"margin-top: 10px; display: flex; justify-content: center; gap: 10px;\">\n                                                            <a href=\"https:\/\/www.linkedin.com\/in\/sararcabo?trk=contact-info\" target=\"_blank\" style=\"text-decoration: none;\">\n                                    <img decoding=\"async\" src=\"https:\/\/www.unioviedo.es\/alumni\/wp-content\/uploads\/2024\/08\/linkedin.png\" alt=\"LinkedIn\" style=\"width: 32px; height: 32px;\">\n                                <\/a>\n                                                                                                            <\/div>\n                    <\/div>\n                                                        <div style=\"background-color: #ffffff; padding: 20px; border: 1px solid #ddd; border-radius: 8px; width: 300px; box-shadow: 0 4px 10px rgba(0, 0, 0, 0.1); text-align: center;\">\n                        <!-- Foto de perfil -->\n                        <div style=\"margin-bottom: 10px;\">\n                            <img decoding=\"async\" src=\"https:\/\/secure.gravatar.com\/avatar\/a33bf351f67a38844b2426bb01bfc12f?s=150&#038;d=mm&#038;r=g\" alt=\"Foto de perfil\" style=\"width: 80px; height: 80px; border-radius: 50%; object-fit: cover;\">\n                        <\/div>\n                        <h3 style=\"color: #005582; font-size: 18px; margin-bottom: 10px;\">\n                            Saray Barreiro Ur\u00eda                        <\/h3>\n                                                    <p style=\"font-size: 14px; color: #555; margin-bottom: 15px;\">\n                                <strong>Rama de Conocimiento:<\/strong>\n                                Artes y humanidades                            <\/p>\n                                                <!-- Botones de redes sociales -->\n                        <div style=\"margin-top: 10px; display: flex; justify-content: center; gap: 10px;\">\n                                                                                                            <\/div>\n                    <\/div>\n                                                        <div style=\"background-color: #ffffff; padding: 20px; border: 1px solid #ddd; border-radius: 8px; width: 300px; box-shadow: 0 4px 10px rgba(0, 0, 0, 0.1); text-align: center;\">\n                        <!-- Foto de perfil -->\n                        <div style=\"margin-bottom: 10px;\">\n                            <img decoding=\"async\" src=\"https:\/\/secure.gravatar.com\/avatar\/a33bf351f67a38844b2426bb01bfc12f?s=150&#038;d=mm&#038;r=g\" alt=\"Foto de perfil\" style=\"width: 80px; height: 80px; border-radius: 50%; object-fit: cover;\">\n                        <\/div>\n                        <h3 style=\"color: #005582; font-size: 18px; margin-bottom: 10px;\">\n                            Juan Jos\u00e9 Alba LInares                        <\/h3>\n                                                    <p style=\"font-size: 14px; color: #555; margin-bottom: 15px;\">\n                                <strong>Rama de Conocimiento:<\/strong>\n                                Ciencias                            <\/p>\n                                                <!-- Botones de redes sociales -->\n                        <div style=\"margin-top: 10px; display: flex; justify-content: center; gap: 10px;\">\n                                                                                                            <\/div>\n                    <\/div>\n                                                        <div style=\"background-color: #ffffff; padding: 20px; border: 1px solid #ddd; border-radius: 8px; width: 300px; box-shadow: 0 4px 10px rgba(0, 0, 0, 0.1); text-align: center;\">\n                        <!-- Foto de perfil -->\n                        <div style=\"margin-bottom: 10px;\">\n                            <img decoding=\"async\" src=\"https:\/\/secure.gravatar.com\/avatar\/a33bf351f67a38844b2426bb01bfc12f?s=150&#038;d=mm&#038;r=g\" alt=\"Foto de perfil\" style=\"width: 80px; height: 80px; border-radius: 50%; object-fit: cover;\">\n                        <\/div>\n                        <h3 style=\"color: #005582; font-size: 18px; margin-bottom: 10px;\">\n                            Sofia Alexandra Pinto Alves                        <\/h3>\n                                                    <p style=\"font-size: 14px; color: #555; margin-bottom: 15px;\">\n                                <strong>Rama de Conocimiento:<\/strong>\n                                Ciencias sociales y jur\u00eddicas                            <\/p>\n                                                <!-- Botones de redes sociales -->\n                        <div style=\"margin-top: 10px; display: flex; justify-content: center; gap: 10px;\">\n                                                                                                            <\/div>\n                    <\/div>\n                                                        <div style=\"background-color: #ffffff; padding: 20px; border: 1px solid #ddd; border-radius: 8px; width: 300px; box-shadow: 0 4px 10px rgba(0, 0, 0, 0.1); text-align: center;\">\n                        <!-- Foto de perfil -->\n                        <div style=\"margin-bottom: 10px;\">\n                            <img decoding=\"async\" src=\"https:\/\/secure.gravatar.com\/avatar\/a33bf351f67a38844b2426bb01bfc12f?s=150&#038;d=mm&#038;r=g\" alt=\"Foto de perfil\" style=\"width: 80px; height: 80px; border-radius: 50%; object-fit: cover;\">\n                        <\/div>\n                        <h3 style=\"color: #005582; font-size: 18px; margin-bottom: 10px;\">\n                            Sofia Pool Palicio                        <\/h3>\n                                                    <p style=\"font-size: 14px; color: #555; margin-bottom: 15px;\">\n                                <strong>Rama de Conocimiento:<\/strong>\n                                Ciencias sociales y jur\u00eddicas                            <\/p>\n                                                <!-- Botones de redes sociales -->\n                        <div style=\"margin-top: 10px; display: flex; justify-content: center; gap: 10px;\">\n                                                                                                            <\/div>\n                    <\/div>\n                                                        <div style=\"background-color: #ffffff; padding: 20px; border: 1px solid #ddd; border-radius: 8px; width: 300px; box-shadow: 0 4px 10px rgba(0, 0, 0, 0.1); text-align: center;\">\n                        <!-- Foto de perfil -->\n                        <div style=\"margin-bottom: 10px;\">\n                            <img decoding=\"async\" src=\"https:\/\/secure.gravatar.com\/avatar\/a33bf351f67a38844b2426bb01bfc12f?s=150&#038;d=mm&#038;r=g\" alt=\"Foto de perfil\" style=\"width: 80px; height: 80px; border-radius: 50%; object-fit: cover;\">\n                        <\/div>\n                        <h3 style=\"color: #005582; font-size: 18px; margin-bottom: 10px;\">\n                            Sonia Fuentes Gonz\u00e1lez                        <\/h3>\n                                                    <p style=\"font-size: 14px; color: #555; margin-bottom: 15px;\">\n                                <strong>Rama de Conocimiento:<\/strong>\n                                Ciencias sociales y jur\u00eddicas                            <\/p>\n                                                <!-- Botones de redes sociales -->\n                        <div style=\"margin-top: 10px; display: flex; justify-content: center; gap: 10px;\">\n                                                                                        <a href=\"http:\/\/@soniagonzalez__\" target=\"_blank\" style=\"text-decoration: none;\">\n                                    <img decoding=\"async\" src=\"https:\/\/www.unioviedo.es\/alumni\/wp-content\/uploads\/2024\/08\/insta.png\" alt=\"Instagram\" style=\"width: 32px; height: 32px;\">\n                                <\/a>\n                                                                                <\/div>\n                    <\/div>\n                                                        <div style=\"background-color: #ffffff; padding: 20px; border: 1px solid #ddd; border-radius: 8px; width: 300px; box-shadow: 0 4px 10px rgba(0, 0, 0, 0.1); text-align: center;\">\n                        <!-- Foto de perfil -->\n                        <div style=\"margin-bottom: 10px;\">\n                            <img decoding=\"async\" src=\"https:\/\/secure.gravatar.com\/avatar\/a33bf351f67a38844b2426bb01bfc12f?s=150&#038;d=mm&#038;r=g\" alt=\"Foto de perfil\" style=\"width: 80px; height: 80px; border-radius: 50%; object-fit: cover;\">\n                        <\/div>\n                        <h3 style=\"color: #005582; font-size: 18px; margin-bottom: 10px;\">\n                            Sara Suarez Tostado                        <\/h3>\n                                                    <p style=\"font-size: 14px; color: #555; margin-bottom: 15px;\">\n                                <strong>Rama de Conocimiento:<\/strong>\n                                Ciencias de la salud                            <\/p>\n                                                <!-- Botones de redes sociales -->\n                        <div style=\"margin-top: 10px; display: flex; justify-content: center; gap: 10px;\">\n                                                                                        <a href=\"http:\/\/@ssuarez_tostado\" target=\"_blank\" style=\"text-decoration: none;\">\n                                    <img decoding=\"async\" src=\"https:\/\/www.unioviedo.es\/alumni\/wp-content\/uploads\/2024\/08\/insta.png\" alt=\"Instagram\" style=\"width: 32px; height: 32px;\">\n                                <\/a>\n                                                                                <\/div>\n                    <\/div>\n                                                        <div style=\"background-color: #ffffff; padding: 20px; border: 1px solid #ddd; border-radius: 8px; width: 300px; box-shadow: 0 4px 10px rgba(0, 0, 0, 0.1); text-align: center;\">\n                        <!-- Foto de perfil -->\n                        <div style=\"margin-bottom: 10px;\">\n                            <img decoding=\"async\" src=\"https:\/\/secure.gravatar.com\/avatar\/a33bf351f67a38844b2426bb01bfc12f?s=150&#038;d=mm&#038;r=g\" alt=\"Foto de perfil\" style=\"width: 80px; height: 80px; border-radius: 50%; object-fit: cover;\">\n                        <\/div>\n                        <h3 style=\"color: #005582; font-size: 18px; margin-bottom: 10px;\">\n                            Tom\u00e1s Miranda Garc\u00eda                        <\/h3>\n                                                    <p style=\"font-size: 14px; color: #555; margin-bottom: 15px;\">\n                                <strong>Rama de Conocimiento:<\/strong>\n                                Ingenier\u00eda y arquitectura                            <\/p>\n                                                <!-- Botones de redes sociales -->\n                        <div style=\"margin-top: 10px; display: flex; justify-content: center; gap: 10px;\">\n                                                            <a href=\"http:\/\/www.linkedin.com\/in\/tomas-miranda-garc\u00eda\" target=\"_blank\" style=\"text-decoration: none;\">\n                                    <img decoding=\"async\" src=\"https:\/\/www.unioviedo.es\/alumni\/wp-content\/uploads\/2024\/08\/linkedin.png\" alt=\"LinkedIn\" style=\"width: 32px; height: 32px;\">\n                                <\/a>\n                                                                                                            <\/div>\n                    <\/div>\n                                                        <div style=\"background-color: #ffffff; padding: 20px; border: 1px solid #ddd; border-radius: 8px; width: 300px; box-shadow: 0 4px 10px rgba(0, 0, 0, 0.1); text-align: center;\">\n                        <!-- Foto de perfil -->\n                        <div style=\"margin-bottom: 10px;\">\n                            <img decoding=\"async\" src=\"https:\/\/secure.gravatar.com\/avatar\/a33bf351f67a38844b2426bb01bfc12f?s=150&#038;d=mm&#038;r=g\" alt=\"Foto de perfil\" style=\"width: 80px; height: 80px; border-radius: 50%; object-fit: cover;\">\n                        <\/div>\n                        <h3 style=\"color: #005582; font-size: 18px; margin-bottom: 10px;\">\n                            Elena Apil\u00e1nez Piniella                        <\/h3>\n                                                    <p style=\"font-size: 14px; color: #555; margin-bottom: 15px;\">\n                                <strong>Rama de Conocimiento:<\/strong>\n                                Ciencias sociales y jur\u00eddicas                            <\/p>\n                                                <!-- Botones de redes sociales -->\n                        <div style=\"margin-top: 10px; display: flex; justify-content: center; gap: 10px;\">\n                                                            <a href=\"https:\/\/www.linkedin.com\/in\/elena-apilnez-piniella-ba506724\/\" target=\"_blank\" style=\"text-decoration: none;\">\n                                    <img decoding=\"async\" src=\"https:\/\/www.unioviedo.es\/alumni\/wp-content\/uploads\/2024\/08\/linkedin.png\" alt=\"LinkedIn\" style=\"width: 32px; height: 32px;\">\n                                <\/a>\n                                                                                                            <\/div>\n                    <\/div>\n                                                        <div style=\"background-color: #ffffff; padding: 20px; border: 1px solid #ddd; border-radius: 8px; width: 300px; box-shadow: 0 4px 10px rgba(0, 0, 0, 0.1); text-align: center;\">\n                        <!-- Foto de perfil -->\n                        <div style=\"margin-bottom: 10px;\">\n                            <img decoding=\"async\" src=\"https:\/\/secure.gravatar.com\/avatar\/a33bf351f67a38844b2426bb01bfc12f?s=150&#038;d=mm&#038;r=g\" alt=\"Foto de perfil\" style=\"width: 80px; height: 80px; border-radius: 50%; object-fit: cover;\">\n                        <\/div>\n                        <h3 style=\"color: #005582; font-size: 18px; margin-bottom: 10px;\">\n                            Jos\u00e9                         <\/h3>\n                                                    <p style=\"font-size: 14px; color: #555; margin-bottom: 15px;\">\n                                <strong>Rama de Conocimiento:<\/strong>\n                                Artes y humanidades                            <\/p>\n                                                <!-- Botones de redes sociales -->\n                        <div style=\"margin-top: 10px; display: flex; justify-content: center; gap: 10px;\">\n                                                                                                            <\/div>\n                    <\/div>\n                                                        <div style=\"background-color: #ffffff; padding: 20px; border: 1px solid #ddd; border-radius: 8px; width: 300px; box-shadow: 0 4px 10px rgba(0, 0, 0, 0.1); text-align: center;\">\n                        <!-- Foto de perfil -->\n                        <div style=\"margin-bottom: 10px;\">\n                            <img decoding=\"async\" src=\"https:\/\/secure.gravatar.com\/avatar\/a33bf351f67a38844b2426bb01bfc12f?s=150&#038;d=mm&#038;r=g\" alt=\"Foto de perfil\" style=\"width: 80px; height: 80px; border-radius: 50%; object-fit: cover;\">\n                        <\/div>\n                        <h3 style=\"color: #005582; font-size: 18px; margin-bottom: 10px;\">\n                            Sara Otero                        <\/h3>\n                                                    <p style=\"font-size: 14px; color: #555; margin-bottom: 15px;\">\n                                <strong>Rama de Conocimiento:<\/strong>\n                                Ingenier\u00eda y arquitectura                            <\/p>\n                                                <!-- Botones de redes sociales -->\n                        <div style=\"margin-top: 10px; display: flex; justify-content: center; gap: 10px;\">\n                                                            <a href=\"https:\/\/www.linkedin.com\/in\/saraoteroo\" target=\"_blank\" style=\"text-decoration: none;\">\n                                    <img decoding=\"async\" src=\"https:\/\/www.unioviedo.es\/alumni\/wp-content\/uploads\/2024\/08\/linkedin.png\" alt=\"LinkedIn\" style=\"width: 32px; height: 32px;\">\n                                <\/a>\n                                                                                                            <\/div>\n                    <\/div>\n                                                        <div style=\"background-color: #ffffff; padding: 20px; border: 1px solid #ddd; border-radius: 8px; width: 300px; box-shadow: 0 4px 10px rgba(0, 0, 0, 0.1); text-align: center;\">\n                        <!-- Foto de perfil -->\n                        <div style=\"margin-bottom: 10px;\">\n                            <img decoding=\"async\" src=\"https:\/\/secure.gravatar.com\/avatar\/a33bf351f67a38844b2426bb01bfc12f?s=150&#038;d=mm&#038;r=g\" alt=\"Foto de perfil\" style=\"width: 80px; height: 80px; border-radius: 50%; object-fit: cover;\">\n                        <\/div>\n                        <h3 style=\"color: #005582; font-size: 18px; margin-bottom: 10px;\">\n                            Jorge L\u00f3pez Malgor                        <\/h3>\n                                                    <p style=\"font-size: 14px; color: #555; margin-bottom: 15px;\">\n                                <strong>Rama de Conocimiento:<\/strong>\n                                Artes y humanidades, Ciencias sociales y jur\u00eddicas                            <\/p>\n                                                <!-- Botones de redes sociales -->\n                        <div style=\"margin-top: 10px; display: flex; justify-content: center; gap: 10px;\">\n                                                                                                            <\/div>\n                    <\/div>\n                                                        <div style=\"background-color: #ffffff; padding: 20px; border: 1px solid #ddd; border-radius: 8px; width: 300px; box-shadow: 0 4px 10px rgba(0, 0, 0, 0.1); text-align: center;\">\n                        <!-- Foto de perfil -->\n                        <div style=\"margin-bottom: 10px;\">\n                            <img decoding=\"async\" src=\"https:\/\/secure.gravatar.com\/avatar\/a33bf351f67a38844b2426bb01bfc12f?s=150&#038;d=mm&#038;r=g\" alt=\"Foto de perfil\" style=\"width: 80px; height: 80px; border-radius: 50%; object-fit: cover;\">\n                        <\/div>\n                        <h3 style=\"color: #005582; font-size: 18px; margin-bottom: 10px;\">\n                            Carlos D\u00edaz Santos                        <\/h3>\n                                                    <p style=\"font-size: 14px; color: #555; margin-bottom: 15px;\">\n                                <strong>Rama de Conocimiento:<\/strong>\n                                Artes y humanidades                            <\/p>\n                                                <!-- Botones de redes sociales -->\n                        <div style=\"margin-top: 10px; display: flex; justify-content: center; gap: 10px;\">\n                                                                                        <a href=\"https:\/\/www.instagram.com\/_carlos99_\/\" target=\"_blank\" style=\"text-decoration: none;\">\n                                    <img decoding=\"async\" src=\"https:\/\/www.unioviedo.es\/alumni\/wp-content\/uploads\/2024\/08\/insta.png\" alt=\"Instagram\" style=\"width: 32px; height: 32px;\">\n                                <\/a>\n                                                                                <\/div>\n                    <\/div>\n                                                        <div style=\"background-color: #ffffff; padding: 20px; border: 1px solid #ddd; border-radius: 8px; width: 300px; box-shadow: 0 4px 10px rgba(0, 0, 0, 0.1); text-align: center;\">\n                        <!-- Foto de perfil -->\n                        <div style=\"margin-bottom: 10px;\">\n                            <img decoding=\"async\" src=\"https:\/\/secure.gravatar.com\/avatar\/a33bf351f67a38844b2426bb01bfc12f?s=150&#038;d=mm&#038;r=g\" alt=\"Foto de perfil\" style=\"width: 80px; height: 80px; border-radius: 50%; object-fit: cover;\">\n                        <\/div>\n                        <h3 style=\"color: #005582; font-size: 18px; margin-bottom: 10px;\">\n                            V\u00edctor Antol\u00edn Gonz\u00e1lez                        <\/h3>\n                                                    <p style=\"font-size: 14px; color: #555; margin-bottom: 15px;\">\n                                <strong>Rama de Conocimiento:<\/strong>\n                                Ciencias sociales y jur\u00eddicas                            <\/p>\n                                                <!-- Botones de redes sociales -->\n                        <div style=\"margin-top: 10px; display: flex; justify-content: center; gap: 10px;\">\n                                                                                                            <\/div>\n                    <\/div>\n                                                        <div style=\"background-color: #ffffff; padding: 20px; border: 1px solid #ddd; border-radius: 8px; width: 300px; box-shadow: 0 4px 10px rgba(0, 0, 0, 0.1); text-align: center;\">\n                        <!-- Foto de perfil -->\n                        <div style=\"margin-bottom: 10px;\">\n                            <img decoding=\"async\" src=\"https:\/\/secure.gravatar.com\/avatar\/a33bf351f67a38844b2426bb01bfc12f?s=150&#038;d=mm&#038;r=g\" alt=\"Foto de perfil\" style=\"width: 80px; height: 80px; border-radius: 50%; object-fit: cover;\">\n                        <\/div>\n                        <h3 style=\"color: #005582; font-size: 18px; margin-bottom: 10px;\">\n                            Daniel Mallada Fern\u00e1ndez                        <\/h3>\n                                                    <p style=\"font-size: 14px; color: #555; margin-bottom: 15px;\">\n                                <strong>Rama de Conocimiento:<\/strong>\n                                Ingenier\u00eda y arquitectura                            <\/p>\n                                                <!-- Botones de redes sociales -->\n                        <div style=\"margin-top: 10px; display: flex; justify-content: center; gap: 10px;\">\n                                                            <a href=\"http:\/\/www.linkedin.com\/in\/daniel-mallada-fernandez-7a00b7238\" target=\"_blank\" style=\"text-decoration: none;\">\n                                    <img decoding=\"async\" src=\"https:\/\/www.unioviedo.es\/alumni\/wp-content\/uploads\/2024\/08\/linkedin.png\" alt=\"LinkedIn\" style=\"width: 32px; height: 32px;\">\n                                <\/a>\n                                                                                        <a href=\"https:\/\/www.instagram.com\/danimallada_\/\" target=\"_blank\" style=\"text-decoration: none;\">\n                                    <img decoding=\"async\" src=\"https:\/\/www.unioviedo.es\/alumni\/wp-content\/uploads\/2024\/08\/insta.png\" alt=\"Instagram\" style=\"width: 32px; height: 32px;\">\n                                <\/a>\n                                                                                <\/div>\n                    <\/div>\n                                                        <div style=\"background-color: #ffffff; padding: 20px; border: 1px solid #ddd; border-radius: 8px; width: 300px; box-shadow: 0 4px 10px rgba(0, 0, 0, 0.1); text-align: center;\">\n                        <!-- Foto de perfil -->\n                        <div style=\"margin-bottom: 10px;\">\n                            <img decoding=\"async\" src=\"https:\/\/secure.gravatar.com\/avatar\/a33bf351f67a38844b2426bb01bfc12f?s=150&#038;d=mm&#038;r=g\" alt=\"Foto de perfil\" style=\"width: 80px; height: 80px; border-radius: 50%; object-fit: cover;\">\n                        <\/div>\n                        <h3 style=\"color: #005582; font-size: 18px; margin-bottom: 10px;\">\n                            Enrique Candanedo                        <\/h3>\n                                                    <p style=\"font-size: 14px; color: #555; margin-bottom: 15px;\">\n                                <strong>Rama de Conocimiento:<\/strong>\n                                Ciencias sociales y jur\u00eddicas                            <\/p>\n                                                <!-- Botones de redes sociales -->\n                        <div style=\"margin-top: 10px; display: flex; justify-content: center; gap: 10px;\">\n                                                                                                            <\/div>\n                    <\/div>\n                                                        <div style=\"background-color: #ffffff; padding: 20px; border: 1px solid #ddd; border-radius: 8px; width: 300px; box-shadow: 0 4px 10px rgba(0, 0, 0, 0.1); text-align: center;\">\n                        <!-- Foto de perfil -->\n                        <div style=\"margin-bottom: 10px;\">\n                            <img decoding=\"async\" src=\"https:\/\/secure.gravatar.com\/avatar\/a33bf351f67a38844b2426bb01bfc12f?s=150&#038;d=mm&#038;r=g\" alt=\"Foto de perfil\" style=\"width: 80px; height: 80px; border-radius: 50%; object-fit: cover;\">\n                        <\/div>\n                        <h3 style=\"color: #005582; font-size: 18px; margin-bottom: 10px;\">\n                            Miranda Garc\u00eda Cruzado                        <\/h3>\n                                                    <p style=\"font-size: 14px; color: #555; margin-bottom: 15px;\">\n                                <strong>Rama de Conocimiento:<\/strong>\n                                Ciencias sociales y jur\u00eddicas                            <\/p>\n                                                <!-- Botones de redes sociales -->\n                        <div style=\"margin-top: 10px; display: flex; justify-content: center; gap: 10px;\">\n                                                                                                            <\/div>\n                    <\/div>\n                                                        <div style=\"background-color: #ffffff; padding: 20px; border: 1px solid #ddd; border-radius: 8px; width: 300px; box-shadow: 0 4px 10px rgba(0, 0, 0, 0.1); text-align: center;\">\n                        <!-- Foto de perfil -->\n                        <div style=\"margin-bottom: 10px;\">\n                            <img decoding=\"async\" src=\"https:\/\/secure.gravatar.com\/avatar\/a33bf351f67a38844b2426bb01bfc12f?s=150&#038;d=mm&#038;r=g\" alt=\"Foto de perfil\" style=\"width: 80px; height: 80px; border-radius: 50%; object-fit: cover;\">\n                        <\/div>\n                        <h3 style=\"color: #005582; font-size: 18px; margin-bottom: 10px;\">\n                            Valeria Montes Canga                        <\/h3>\n                                                    <p style=\"font-size: 14px; color: #555; margin-bottom: 15px;\">\n                                <strong>Rama de Conocimiento:<\/strong>\n                                Ciencias                            <\/p>\n                                                <!-- Botones de redes sociales -->\n                        <div style=\"margin-top: 10px; display: flex; justify-content: center; gap: 10px;\">\n                                                                                        <a href=\"https:\/\/www.instagram.com\/psychotronic_spider1921\/\" target=\"_blank\" style=\"text-decoration: none;\">\n                                    <img decoding=\"async\" src=\"https:\/\/www.unioviedo.es\/alumni\/wp-content\/uploads\/2024\/08\/insta.png\" alt=\"Instagram\" style=\"width: 32px; height: 32px;\">\n                                <\/a>\n                                                                                        <a href=\"https:\/\/www.facebook.com\/maya.frazer.3\" target=\"_blank\" style=\"text-decoration: none;\">\n                                    <img decoding=\"async\" src=\"https:\/\/www.unioviedo.es\/alumni\/wp-content\/uploads\/2024\/08\/face.png\" alt=\"Facebook\" style=\"width: 32px; height: 32px;\">\n                                <\/a>\n                                                    <\/div>\n                    <\/div>\n                                                        <div style=\"background-color: #ffffff; padding: 20px; border: 1px solid #ddd; border-radius: 8px; width: 300px; box-shadow: 0 4px 10px rgba(0, 0, 0, 0.1); text-align: center;\">\n                        <!-- Foto de perfil -->\n                        <div style=\"margin-bottom: 10px;\">\n                            <img decoding=\"async\" src=\"https:\/\/secure.gravatar.com\/avatar\/a33bf351f67a38844b2426bb01bfc12f?s=150&#038;d=mm&#038;r=g\" alt=\"Foto de perfil\" style=\"width: 80px; height: 80px; border-radius: 50%; object-fit: cover;\">\n                        <\/div>\n                        <h3 style=\"color: #005582; font-size: 18px; margin-bottom: 10px;\">\n                            Rebeca Oliveira Su\u00e1rez                        <\/h3>\n                                                    <p style=\"font-size: 14px; color: #555; margin-bottom: 15px;\">\n                                <strong>Rama de Conocimiento:<\/strong>\n                                Ingenier\u00eda y arquitectura                            <\/p>\n                                                <!-- Botones de redes sociales -->\n                        <div style=\"margin-top: 10px; display: flex; justify-content: center; gap: 10px;\">\n                                                                                                            <\/div>\n                    <\/div>\n                                                        <div style=\"background-color: #ffffff; padding: 20px; border: 1px solid #ddd; border-radius: 8px; width: 300px; box-shadow: 0 4px 10px rgba(0, 0, 0, 0.1); text-align: center;\">\n                        <!-- Foto de perfil -->\n                        <div style=\"margin-bottom: 10px;\">\n                            <img decoding=\"async\" src=\"https:\/\/secure.gravatar.com\/avatar\/a33bf351f67a38844b2426bb01bfc12f?s=150&#038;d=mm&#038;r=g\" alt=\"Foto de perfil\" style=\"width: 80px; height: 80px; border-radius: 50%; object-fit: cover;\">\n                        <\/div>\n                        <h3 style=\"color: #005582; font-size: 18px; margin-bottom: 10px;\">\n                            Diego Ormaz\u00e1bal Bernaldo de Quir\u00f3s                        <\/h3>\n                                                    <p style=\"font-size: 14px; color: #555; margin-bottom: 15px;\">\n                                <strong>Rama de Conocimiento:<\/strong>\n                                Ingenier\u00eda y arquitectura                            <\/p>\n                                                <!-- Botones de redes sociales -->\n                        <div style=\"margin-top: 10px; display: flex; justify-content: center; gap: 10px;\">\n                                                            <a href=\"https:\/\/www.linkedin.com\/in\/diegoormazabal\/\" target=\"_blank\" style=\"text-decoration: none;\">\n                                    <img decoding=\"async\" src=\"https:\/\/www.unioviedo.es\/alumni\/wp-content\/uploads\/2024\/08\/linkedin.png\" alt=\"LinkedIn\" style=\"width: 32px; height: 32px;\">\n                                <\/a>\n                                                                                                            <\/div>\n                    <\/div>\n                                                        <div style=\"background-color: #ffffff; padding: 20px; border: 1px solid #ddd; border-radius: 8px; width: 300px; box-shadow: 0 4px 10px rgba(0, 0, 0, 0.1); text-align: center;\">\n                        <!-- Foto de perfil -->\n                        <div style=\"margin-bottom: 10px;\">\n                            <img decoding=\"async\" src=\"https:\/\/secure.gravatar.com\/avatar\/a33bf351f67a38844b2426bb01bfc12f?s=150&#038;d=mm&#038;r=g\" alt=\"Foto de perfil\" style=\"width: 80px; height: 80px; border-radius: 50%; object-fit: cover;\">\n                        <\/div>\n                        <h3 style=\"color: #005582; font-size: 18px; margin-bottom: 10px;\">\n                            Pelayo Reguera Garc\u00eda                        <\/h3>\n                                                    <p style=\"font-size: 14px; color: #555; margin-bottom: 15px;\">\n                                <strong>Rama de Conocimiento:<\/strong>\n                                Ingenier\u00eda y arquitectura                            <\/p>\n                                                <!-- Botones de redes sociales -->\n                        <div style=\"margin-top: 10px; display: flex; justify-content: center; gap: 10px;\">\n                                                            <a href=\"http:\/\/www.linkedin.com\/in\/pelayo-reguera-garcia\" target=\"_blank\" style=\"text-decoration: none;\">\n                                    <img decoding=\"async\" src=\"https:\/\/www.unioviedo.es\/alumni\/wp-content\/uploads\/2024\/08\/linkedin.png\" alt=\"LinkedIn\" style=\"width: 32px; height: 32px;\">\n                                <\/a>\n                                                                                                            <\/div>\n                    <\/div>\n                                                        <div style=\"background-color: #ffffff; padding: 20px; border: 1px solid #ddd; border-radius: 8px; width: 300px; box-shadow: 0 4px 10px rgba(0, 0, 0, 0.1); text-align: center;\">\n                        <!-- Foto de perfil -->\n                        <div style=\"margin-bottom: 10px;\">\n                            <img decoding=\"async\" src=\"https:\/\/secure.gravatar.com\/avatar\/a33bf351f67a38844b2426bb01bfc12f?s=150&#038;d=mm&#038;r=g\" alt=\"Foto de perfil\" style=\"width: 80px; height: 80px; border-radius: 50%; object-fit: cover;\">\n                        <\/div>\n                        <h3 style=\"color: #005582; font-size: 18px; margin-bottom: 10px;\">\n                            \u00c1lvaro Fern\u00e1ndez Fern\u00e1ndez                        <\/h3>\n                                                    <p style=\"font-size: 14px; color: #555; margin-bottom: 15px;\">\n                                <strong>Rama de Conocimiento:<\/strong>\n                                Ciencias                            <\/p>\n                                                <!-- Botones de redes sociales -->\n                        <div style=\"margin-top: 10px; display: flex; justify-content: center; gap: 10px;\">\n                                                                                                            <\/div>\n                    <\/div>\n                                                        <div style=\"background-color: #ffffff; padding: 20px; border: 1px solid #ddd; border-radius: 8px; width: 300px; box-shadow: 0 4px 10px rgba(0, 0, 0, 0.1); text-align: center;\">\n                        <!-- Foto de perfil -->\n                        <div style=\"margin-bottom: 10px;\">\n                            <img decoding=\"async\" src=\"https:\/\/secure.gravatar.com\/avatar\/a33bf351f67a38844b2426bb01bfc12f?s=150&#038;d=mm&#038;r=g\" alt=\"Foto de perfil\" style=\"width: 80px; height: 80px; border-radius: 50%; object-fit: cover;\">\n                        <\/div>\n                        <h3 style=\"color: #005582; font-size: 18px; margin-bottom: 10px;\">\n                            Silvia Heres Su\u00e1rez                        <\/h3>\n                                                    <p style=\"font-size: 14px; color: #555; margin-bottom: 15px;\">\n                                <strong>Rama de Conocimiento:<\/strong>\n                                Artes y humanidades                            <\/p>\n                                                <!-- Botones de redes sociales -->\n                        <div style=\"margin-top: 10px; display: flex; justify-content: center; gap: 10px;\">\n                                                                                                            <\/div>\n                    <\/div>\n                                                        <div style=\"background-color: #ffffff; padding: 20px; border: 1px solid #ddd; border-radius: 8px; width: 300px; box-shadow: 0 4px 10px rgba(0, 0, 0, 0.1); text-align: center;\">\n                        <!-- Foto de perfil -->\n                        <div style=\"margin-bottom: 10px;\">\n                            <img decoding=\"async\" src=\"https:\/\/secure.gravatar.com\/avatar\/a33bf351f67a38844b2426bb01bfc12f?s=150&#038;d=mm&#038;r=g\" alt=\"Foto de perfil\" style=\"width: 80px; height: 80px; border-radius: 50%; object-fit: cover;\">\n                        <\/div>\n                        <h3 style=\"color: #005582; font-size: 18px; margin-bottom: 10px;\">\n                            Luc\u00eda Garc\u00eda M\u00e9ndez                        <\/h3>\n                                                    <p style=\"font-size: 14px; color: #555; margin-bottom: 15px;\">\n                                <strong>Rama de Conocimiento:<\/strong>\n                                Artes y humanidades                            <\/p>\n                                                <!-- Botones de redes sociales -->\n                        <div style=\"margin-top: 10px; display: flex; justify-content: center; gap: 10px;\">\n                                                                                                            <\/div>\n                    <\/div>\n                                                        <div style=\"background-color: #ffffff; padding: 20px; border: 1px solid #ddd; border-radius: 8px; width: 300px; box-shadow: 0 4px 10px rgba(0, 0, 0, 0.1); text-align: center;\">\n                        <!-- Foto de perfil -->\n                        <div style=\"margin-bottom: 10px;\">\n                            <img decoding=\"async\" src=\"https:\/\/secure.gravatar.com\/avatar\/a33bf351f67a38844b2426bb01bfc12f?s=150&#038;d=mm&#038;r=g\" alt=\"Foto de perfil\" style=\"width: 80px; height: 80px; border-radius: 50%; object-fit: cover;\">\n                        <\/div>\n                        <h3 style=\"color: #005582; font-size: 18px; margin-bottom: 10px;\">\n                            Mireia Moreno Men\u00e9ndez                        <\/h3>\n                                                    <p style=\"font-size: 14px; color: #555; margin-bottom: 15px;\">\n                                <strong>Rama de Conocimiento:<\/strong>\n                                Ciencias sociales y jur\u00eddicas                            <\/p>\n                                                <!-- Botones de redes sociales -->\n                        <div style=\"margin-top: 10px; display: flex; justify-content: center; gap: 10px;\">\n                                                                                                            <\/div>\n                    <\/div>\n                                                        <div style=\"background-color: #ffffff; padding: 20px; border: 1px solid #ddd; border-radius: 8px; width: 300px; box-shadow: 0 4px 10px rgba(0, 0, 0, 0.1); text-align: center;\">\n                        <!-- Foto de perfil -->\n                        <div style=\"margin-bottom: 10px;\">\n                            <img decoding=\"async\" src=\"https:\/\/secure.gravatar.com\/avatar\/a33bf351f67a38844b2426bb01bfc12f?s=150&#038;d=mm&#038;r=g\" alt=\"Foto de perfil\" style=\"width: 80px; height: 80px; border-radius: 50%; object-fit: cover;\">\n                        <\/div>\n                        <h3 style=\"color: #005582; font-size: 18px; margin-bottom: 10px;\">\n                            Ana Vazquez palomo                        <\/h3>\n                                                    <p style=\"font-size: 14px; color: #555; margin-bottom: 15px;\">\n                                <strong>Rama de Conocimiento:<\/strong>\n                                Ingenier\u00eda y arquitectura                            <\/p>\n                                                <!-- Botones de redes sociales -->\n                        <div style=\"margin-top: 10px; display: flex; justify-content: center; gap: 10px;\">\n                                                                                                            <\/div>\n                    <\/div>\n                                                        <div style=\"background-color: #ffffff; padding: 20px; border: 1px solid #ddd; border-radius: 8px; width: 300px; box-shadow: 0 4px 10px rgba(0, 0, 0, 0.1); text-align: center;\">\n                        <!-- Foto de perfil -->\n                        <div style=\"margin-bottom: 10px;\">\n                            <img decoding=\"async\" src=\"https:\/\/secure.gravatar.com\/avatar\/a33bf351f67a38844b2426bb01bfc12f?s=150&#038;d=mm&#038;r=g\" alt=\"Foto de perfil\" style=\"width: 80px; height: 80px; border-radius: 50%; object-fit: cover;\">\n                        <\/div>\n                        <h3 style=\"color: #005582; font-size: 18px; margin-bottom: 10px;\">\n                            Daniel Prado                        <\/h3>\n                                                    <p style=\"font-size: 14px; color: #555; margin-bottom: 15px;\">\n                                <strong>Rama de Conocimiento:<\/strong>\n                                Ingenier\u00eda y arquitectura                            <\/p>\n                                                <!-- Botones de redes sociales -->\n                        <div style=\"margin-top: 10px; display: flex; justify-content: center; gap: 10px;\">\n                                                                                                            <\/div>\n                    <\/div>\n                                                        <div style=\"background-color: #ffffff; padding: 20px; border: 1px solid #ddd; border-radius: 8px; width: 300px; box-shadow: 0 4px 10px rgba(0, 0, 0, 0.1); text-align: center;\">\n                        <!-- Foto de perfil -->\n                        <div style=\"margin-bottom: 10px;\">\n                            <img decoding=\"async\" src=\"https:\/\/secure.gravatar.com\/avatar\/a33bf351f67a38844b2426bb01bfc12f?s=150&#038;d=mm&#038;r=g\" alt=\"Foto de perfil\" style=\"width: 80px; height: 80px; border-radius: 50%; object-fit: cover;\">\n                        <\/div>\n                        <h3 style=\"color: #005582; font-size: 18px; margin-bottom: 10px;\">\n                            Pablo Ortega Cabezas                        <\/h3>\n                                                    <p style=\"font-size: 14px; color: #555; margin-bottom: 15px;\">\n                                <strong>Rama de Conocimiento:<\/strong>\n                                Artes y humanidades                            <\/p>\n                                                <!-- Botones de redes sociales -->\n                        <div style=\"margin-top: 10px; display: flex; justify-content: center; gap: 10px;\">\n                                                            <a href=\"https:\/\/www.linkedin.com\/in\/pabloortegacabezas\" target=\"_blank\" style=\"text-decoration: none;\">\n                                    <img decoding=\"async\" src=\"https:\/\/www.unioviedo.es\/alumni\/wp-content\/uploads\/2024\/08\/linkedin.png\" alt=\"LinkedIn\" style=\"width: 32px; height: 32px;\">\n                                <\/a>\n                                                                                        <a href=\"https:\/\/www.instagram.com\/pabloortegacabezas\/\" target=\"_blank\" style=\"text-decoration: none;\">\n                                    <img decoding=\"async\" src=\"https:\/\/www.unioviedo.es\/alumni\/wp-content\/uploads\/2024\/08\/insta.png\" alt=\"Instagram\" style=\"width: 32px; height: 32px;\">\n                                <\/a>\n                                                                                        <a href=\"https:\/\/www.facebook.com\/pabloortegacabezas\" target=\"_blank\" style=\"text-decoration: none;\">\n                                    <img decoding=\"async\" src=\"https:\/\/www.unioviedo.es\/alumni\/wp-content\/uploads\/2024\/08\/face.png\" alt=\"Facebook\" style=\"width: 32px; height: 32px;\">\n                                <\/a>\n                                                    <\/div>\n                    <\/div>\n                                                        <div style=\"background-color: #ffffff; padding: 20px; border: 1px solid #ddd; border-radius: 8px; width: 300px; box-shadow: 0 4px 10px rgba(0, 0, 0, 0.1); text-align: center;\">\n                        <!-- Foto de perfil -->\n                        <div style=\"margin-bottom: 10px;\">\n                            <img decoding=\"async\" src=\"https:\/\/secure.gravatar.com\/avatar\/a33bf351f67a38844b2426bb01bfc12f?s=150&#038;d=mm&#038;r=g\" alt=\"Foto de perfil\" style=\"width: 80px; height: 80px; border-radius: 50%; object-fit: cover;\">\n                        <\/div>\n                        <h3 style=\"color: #005582; font-size: 18px; margin-bottom: 10px;\">\n                            Andrea Camblor Miranda                        <\/h3>\n                                                    <p style=\"font-size: 14px; color: #555; margin-bottom: 15px;\">\n                                <strong>Rama de Conocimiento:<\/strong>\n                                Ciencias de la salud                            <\/p>\n                                                <!-- Botones de redes sociales -->\n                        <div style=\"margin-top: 10px; display: flex; justify-content: center; gap: 10px;\">\n                                                                                                            <\/div>\n                    <\/div>\n                                                        <div style=\"background-color: #ffffff; padding: 20px; border: 1px solid #ddd; border-radius: 8px; width: 300px; box-shadow: 0 4px 10px rgba(0, 0, 0, 0.1); text-align: center;\">\n                        <!-- Foto de perfil -->\n                        <div style=\"margin-bottom: 10px;\">\n                            <img decoding=\"async\" src=\"https:\/\/secure.gravatar.com\/avatar\/a33bf351f67a38844b2426bb01bfc12f?s=150&#038;d=mm&#038;r=g\" alt=\"Foto de perfil\" style=\"width: 80px; height: 80px; border-radius: 50%; object-fit: cover;\">\n                        <\/div>\n                        <h3 style=\"color: #005582; font-size: 18px; margin-bottom: 10px;\">\n                            Luc\u00eda Garc\u00eda P\u00e9rez                        <\/h3>\n                                                    <p style=\"font-size: 14px; color: #555; margin-bottom: 15px;\">\n                                <strong>Rama de Conocimiento:<\/strong>\n                                Ciencias                            <\/p>\n                                                <!-- Botones de redes sociales -->\n                        <div style=\"margin-top: 10px; display: flex; justify-content: center; gap: 10px;\">\n                                                                                                            <\/div>\n                    <\/div>\n                                                        <div style=\"background-color: #ffffff; padding: 20px; border: 1px solid #ddd; border-radius: 8px; width: 300px; box-shadow: 0 4px 10px rgba(0, 0, 0, 0.1); text-align: center;\">\n                        <!-- Foto de perfil -->\n                        <div style=\"margin-bottom: 10px;\">\n                            <img decoding=\"async\" src=\"https:\/\/secure.gravatar.com\/avatar\/a33bf351f67a38844b2426bb01bfc12f?s=150&#038;d=mm&#038;r=g\" alt=\"Foto de perfil\" style=\"width: 80px; height: 80px; border-radius: 50%; object-fit: cover;\">\n                        <\/div>\n                        <h3 style=\"color: #005582; font-size: 18px; margin-bottom: 10px;\">\n                            Judit Batiste Guinart                        <\/h3>\n                                                    <p style=\"font-size: 14px; color: #555; margin-bottom: 15px;\">\n                                <strong>Rama de Conocimiento:<\/strong>\n                                Artes y humanidades                            <\/p>\n                                                <!-- Botones de redes sociales -->\n                        <div style=\"margin-top: 10px; display: flex; justify-content: center; gap: 10px;\">\n                                                                                                            <\/div>\n                    <\/div>\n                                                        <div style=\"background-color: #ffffff; padding: 20px; border: 1px solid #ddd; border-radius: 8px; width: 300px; box-shadow: 0 4px 10px rgba(0, 0, 0, 0.1); text-align: center;\">\n                        <!-- Foto de perfil -->\n                        <div style=\"margin-bottom: 10px;\">\n                            <img decoding=\"async\" src=\"https:\/\/secure.gravatar.com\/avatar\/a33bf351f67a38844b2426bb01bfc12f?s=150&#038;d=mm&#038;r=g\" alt=\"Foto de perfil\" style=\"width: 80px; height: 80px; border-radius: 50%; object-fit: cover;\">\n                        <\/div>\n                        <h3 style=\"color: #005582; font-size: 18px; margin-bottom: 10px;\">\n                            Alba Bujanda Zaragoza                        <\/h3>\n                                                    <p style=\"font-size: 14px; color: #555; margin-bottom: 15px;\">\n                                <strong>Rama de Conocimiento:<\/strong>\n                                Ciencias sociales y jur\u00eddicas                            <\/p>\n                                                <!-- Botones de redes sociales -->\n                        <div style=\"margin-top: 10px; display: flex; justify-content: center; gap: 10px;\">\n                                                                                                            <\/div>\n                    <\/div>\n                                                        <div style=\"background-color: #ffffff; padding: 20px; border: 1px solid #ddd; border-radius: 8px; width: 300px; box-shadow: 0 4px 10px rgba(0, 0, 0, 0.1); text-align: center;\">\n                        <!-- Foto de perfil -->\n                        <div style=\"margin-bottom: 10px;\">\n                            <img decoding=\"async\" src=\"https:\/\/secure.gravatar.com\/avatar\/a33bf351f67a38844b2426bb01bfc12f?s=150&#038;d=mm&#038;r=g\" alt=\"Foto de perfil\" style=\"width: 80px; height: 80px; border-radius: 50%; object-fit: cover;\">\n                        <\/div>\n                        <h3 style=\"color: #005582; font-size: 18px; margin-bottom: 10px;\">\n                            Mar\u00eda Dolores Fern\u00e1ndez Fern\u00e1ndez                        <\/h3>\n                                                    <p style=\"font-size: 14px; color: #555; margin-bottom: 15px;\">\n                                <strong>Rama de Conocimiento:<\/strong>\n                                Ciencias sociales y jur\u00eddicas                            <\/p>\n                                                <!-- Botones de redes sociales -->\n                        <div style=\"margin-top: 10px; display: flex; justify-content: center; gap: 10px;\">\n                                                                                                            <\/div>\n                    <\/div>\n                                                        <div style=\"background-color: #ffffff; padding: 20px; border: 1px solid #ddd; border-radius: 8px; width: 300px; box-shadow: 0 4px 10px rgba(0, 0, 0, 0.1); text-align: center;\">\n                        <!-- Foto de perfil -->\n                        <div style=\"margin-bottom: 10px;\">\n                            <img decoding=\"async\" src=\"https:\/\/secure.gravatar.com\/avatar\/a33bf351f67a38844b2426bb01bfc12f?s=150&#038;d=mm&#038;r=g\" alt=\"Foto de perfil\" style=\"width: 80px; height: 80px; border-radius: 50%; object-fit: cover;\">\n                        <\/div>\n                        <h3 style=\"color: #005582; font-size: 18px; margin-bottom: 10px;\">\n                            Claudia \u00c1lvarez Carro                        <\/h3>\n                                                    <p style=\"font-size: 14px; color: #555; margin-bottom: 15px;\">\n                                <strong>Rama de Conocimiento:<\/strong>\n                                Ciencias sociales y jur\u00eddicas                            <\/p>\n                                                <!-- Botones de redes sociales -->\n                        <div style=\"margin-top: 10px; display: flex; justify-content: center; gap: 10px;\">\n                                                                                        <a href=\"http:\/\/Clauu.alvrz\" target=\"_blank\" style=\"text-decoration: none;\">\n                                    <img decoding=\"async\" src=\"https:\/\/www.unioviedo.es\/alumni\/wp-content\/uploads\/2024\/08\/insta.png\" alt=\"Instagram\" style=\"width: 32px; height: 32px;\">\n                                <\/a>\n                                                                                <\/div>\n                    <\/div>\n                                                        <div style=\"background-color: #ffffff; padding: 20px; border: 1px solid #ddd; border-radius: 8px; width: 300px; box-shadow: 0 4px 10px rgba(0, 0, 0, 0.1); text-align: center;\">\n                        <!-- Foto de perfil -->\n                        <div style=\"margin-bottom: 10px;\">\n                            <img decoding=\"async\" src=\"https:\/\/secure.gravatar.com\/avatar\/a33bf351f67a38844b2426bb01bfc12f?s=150&#038;d=mm&#038;r=g\" alt=\"Foto de perfil\" style=\"width: 80px; height: 80px; border-radius: 50%; object-fit: cover;\">\n                        <\/div>\n                        <h3 style=\"color: #005582; font-size: 18px; margin-bottom: 10px;\">\n                            Victor Manuel Campo Hoyo                        <\/h3>\n                                                    <p style=\"font-size: 14px; color: #555; margin-bottom: 15px;\">\n                                <strong>Rama de Conocimiento:<\/strong>\n                                Ingenier\u00eda y arquitectura                            <\/p>\n                                                <!-- Botones de redes sociales -->\n                        <div style=\"margin-top: 10px; display: flex; justify-content: center; gap: 10px;\">\n                                                                                                            <\/div>\n                    <\/div>\n                                                        <div style=\"background-color: #ffffff; padding: 20px; border: 1px solid #ddd; border-radius: 8px; width: 300px; box-shadow: 0 4px 10px rgba(0, 0, 0, 0.1); text-align: center;\">\n                        <!-- Foto de perfil -->\n                        <div style=\"margin-bottom: 10px;\">\n                            <img decoding=\"async\" src=\"https:\/\/secure.gravatar.com\/avatar\/a33bf351f67a38844b2426bb01bfc12f?s=150&#038;d=mm&#038;r=g\" alt=\"Foto de perfil\" style=\"width: 80px; height: 80px; border-radius: 50%; object-fit: cover;\">\n                        <\/div>\n                        <h3 style=\"color: #005582; font-size: 18px; margin-bottom: 10px;\">\n                            Carlos Pat\u00f3n Mu\u00f1oz                        <\/h3>\n                                                    <p style=\"font-size: 14px; color: #555; margin-bottom: 15px;\">\n                                <strong>Rama de Conocimiento:<\/strong>\n                                Ciencias sociales y jur\u00eddicas                            <\/p>\n                                                <!-- Botones de redes sociales -->\n                        <div style=\"margin-top: 10px; display: flex; justify-content: center; gap: 10px;\">\n                                                            <a href=\"http:\/\/Carlos%20Pat\u00f3n%20Mu\u00f1oz\" target=\"_blank\" style=\"text-decoration: none;\">\n                                    <img decoding=\"async\" src=\"https:\/\/www.unioviedo.es\/alumni\/wp-content\/uploads\/2024\/08\/linkedin.png\" alt=\"LinkedIn\" style=\"width: 32px; height: 32px;\">\n                                <\/a>\n                                                                                                            <\/div>\n                    <\/div>\n                                                        <div style=\"background-color: #ffffff; padding: 20px; border: 1px solid #ddd; border-radius: 8px; width: 300px; box-shadow: 0 4px 10px rgba(0, 0, 0, 0.1); text-align: center;\">\n                        <!-- Foto de perfil -->\n                        <div style=\"margin-bottom: 10px;\">\n                            <img decoding=\"async\" src=\"https:\/\/secure.gravatar.com\/avatar\/a33bf351f67a38844b2426bb01bfc12f?s=150&#038;d=mm&#038;r=g\" alt=\"Foto de perfil\" style=\"width: 80px; height: 80px; border-radius: 50%; object-fit: cover;\">\n                        <\/div>\n                        <h3 style=\"color: #005582; font-size: 18px; margin-bottom: 10px;\">\n                            Adeyemi Ogedengbe Omoge                        <\/h3>\n                                                    <p style=\"font-size: 14px; color: #555; margin-bottom: 15px;\">\n                                <strong>Rama de Conocimiento:<\/strong>\n                                Ciencias de la salud                            <\/p>\n                                                <!-- Botones de redes sociales -->\n                        <div style=\"margin-top: 10px; display: flex; justify-content: center; gap: 10px;\">\n                                                            <a href=\"https:\/\/www.linkedin.com\/in\/adeyemi-omoge\/\" target=\"_blank\" style=\"text-decoration: none;\">\n                                    <img decoding=\"async\" src=\"https:\/\/www.unioviedo.es\/alumni\/wp-content\/uploads\/2024\/08\/linkedin.png\" alt=\"LinkedIn\" style=\"width: 32px; height: 32px;\">\n                                <\/a>\n                                                                                        <a href=\"https:\/\/www.instagram.com\/omogeadeyemi\/\" target=\"_blank\" style=\"text-decoration: none;\">\n                                    <img decoding=\"async\" src=\"https:\/\/www.unioviedo.es\/alumni\/wp-content\/uploads\/2024\/08\/insta.png\" alt=\"Instagram\" style=\"width: 32px; height: 32px;\">\n                                <\/a>\n                                                                                        <a href=\"https:\/\/www.facebook.com\/profile.php?id=61553842537929\" target=\"_blank\" style=\"text-decoration: none;\">\n                                    <img decoding=\"async\" src=\"https:\/\/www.unioviedo.es\/alumni\/wp-content\/uploads\/2024\/08\/face.png\" alt=\"Facebook\" style=\"width: 32px; height: 32px;\">\n                                <\/a>\n                                                    <\/div>\n                    <\/div>\n                                                        <div style=\"background-color: #ffffff; padding: 20px; border: 1px solid #ddd; border-radius: 8px; width: 300px; box-shadow: 0 4px 10px rgba(0, 0, 0, 0.1); text-align: center;\">\n                        <!-- Foto de perfil -->\n                        <div style=\"margin-bottom: 10px;\">\n                            <img decoding=\"async\" src=\"https:\/\/secure.gravatar.com\/avatar\/a33bf351f67a38844b2426bb01bfc12f?s=150&#038;d=mm&#038;r=g\" alt=\"Foto de perfil\" style=\"width: 80px; height: 80px; border-radius: 50%; object-fit: cover;\">\n                        <\/div>\n                        <h3 style=\"color: #005582; font-size: 18px; margin-bottom: 10px;\">\n                            Patricia D\u00edaz R\u00faa                        <\/h3>\n                                                    <p style=\"font-size: 14px; color: #555; margin-bottom: 15px;\">\n                                <strong>Rama de Conocimiento:<\/strong>\n                                Ciencias sociales y jur\u00eddicas                            <\/p>\n                                                <!-- Botones de redes sociales -->\n                        <div style=\"margin-top: 10px; display: flex; justify-content: center; gap: 10px;\">\n                                                            <a href=\"https:\/\/es.linkedin.com\/in\/patricia-daz-ra-4672a9276\" target=\"_blank\" style=\"text-decoration: none;\">\n                                    <img decoding=\"async\" src=\"https:\/\/www.unioviedo.es\/alumni\/wp-content\/uploads\/2024\/08\/linkedin.png\" alt=\"LinkedIn\" style=\"width: 32px; height: 32px;\">\n                                <\/a>\n                                                                                        <a href=\"https:\/\/www.instagram.com\/patridr23\/\" target=\"_blank\" style=\"text-decoration: none;\">\n                                    <img decoding=\"async\" src=\"https:\/\/www.unioviedo.es\/alumni\/wp-content\/uploads\/2024\/08\/insta.png\" alt=\"Instagram\" style=\"width: 32px; height: 32px;\">\n                                <\/a>\n                                                                                <\/div>\n                    <\/div>\n                                                        <div style=\"background-color: #ffffff; padding: 20px; border: 1px solid #ddd; border-radius: 8px; width: 300px; box-shadow: 0 4px 10px rgba(0, 0, 0, 0.1); text-align: center;\">\n                        <!-- Foto de perfil -->\n                        <div style=\"margin-bottom: 10px;\">\n                            <img decoding=\"async\" src=\"https:\/\/secure.gravatar.com\/avatar\/a33bf351f67a38844b2426bb01bfc12f?s=150&#038;d=mm&#038;r=g\" alt=\"Foto de perfil\" style=\"width: 80px; height: 80px; border-radius: 50%; object-fit: cover;\">\n                        <\/div>\n                        <h3 style=\"color: #005582; font-size: 18px; margin-bottom: 10px;\">\n                            Valeria Montes Canga                        <\/h3>\n                                                    <p style=\"font-size: 14px; color: #555; margin-bottom: 15px;\">\n                                <strong>Rama de Conocimiento:<\/strong>\n                                Ciencias                            <\/p>\n                                                <!-- Botones de redes sociales -->\n                        <div style=\"margin-top: 10px; display: flex; justify-content: center; gap: 10px;\">\n                                                                                                            <\/div>\n                    <\/div>\n                                                        <div style=\"background-color: #ffffff; padding: 20px; border: 1px solid #ddd; border-radius: 8px; width: 300px; box-shadow: 0 4px 10px rgba(0, 0, 0, 0.1); text-align: center;\">\n                        <!-- Foto de perfil -->\n                        <div style=\"margin-bottom: 10px;\">\n                            <img decoding=\"async\" src=\"https:\/\/secure.gravatar.com\/avatar\/a33bf351f67a38844b2426bb01bfc12f?s=150&#038;d=mm&#038;r=g\" alt=\"Foto de perfil\" style=\"width: 80px; height: 80px; border-radius: 50%; object-fit: cover;\">\n                        <\/div>\n                        <h3 style=\"color: #005582; font-size: 18px; margin-bottom: 10px;\">\n                            Vanesa Herguedas Toimil                        <\/h3>\n                                                    <p style=\"font-size: 14px; color: #555; margin-bottom: 15px;\">\n                                <strong>Rama de Conocimiento:<\/strong>\n                                Ciencias                            <\/p>\n                                                <!-- Botones de redes sociales -->\n                        <div style=\"margin-top: 10px; display: flex; justify-content: center; gap: 10px;\">\n                                                                                                            <\/div>\n                    <\/div>\n                                                        <div style=\"background-color: #ffffff; padding: 20px; border: 1px solid #ddd; border-radius: 8px; width: 300px; box-shadow: 0 4px 10px rgba(0, 0, 0, 0.1); text-align: center;\">\n                        <!-- Foto de perfil -->\n                        <div style=\"margin-bottom: 10px;\">\n                            <img decoding=\"async\" src=\"https:\/\/secure.gravatar.com\/avatar\/a33bf351f67a38844b2426bb01bfc12f?s=150&#038;d=mm&#038;r=g\" alt=\"Foto de perfil\" style=\"width: 80px; height: 80px; border-radius: 50%; object-fit: cover;\">\n                        <\/div>\n                        <h3 style=\"color: #005582; font-size: 18px; margin-bottom: 10px;\">\n                            V\u00edctor Castro Andres                        <\/h3>\n                                                    <p style=\"font-size: 14px; color: #555; margin-bottom: 15px;\">\n                                <strong>Rama de Conocimiento:<\/strong>\n                                Artes y humanidades                            <\/p>\n                                                <!-- Botones de redes sociales -->\n                        <div style=\"margin-top: 10px; display: flex; justify-content: center; gap: 10px;\">\n                                                                                                            <\/div>\n                    <\/div>\n                                                        <div style=\"background-color: #ffffff; padding: 20px; border: 1px solid #ddd; border-radius: 8px; width: 300px; box-shadow: 0 4px 10px rgba(0, 0, 0, 0.1); text-align: center;\">\n                        <!-- Foto de perfil -->\n                        <div style=\"margin-bottom: 10px;\">\n                            <img decoding=\"async\" src=\"https:\/\/secure.gravatar.com\/avatar\/a33bf351f67a38844b2426bb01bfc12f?s=150&#038;d=mm&#038;r=g\" alt=\"Foto de perfil\" style=\"width: 80px; height: 80px; border-radius: 50%; object-fit: cover;\">\n                        <\/div>\n                        <h3 style=\"color: #005582; font-size: 18px; margin-bottom: 10px;\">\n                            Ximena Baquero Gonz\u00e1lez                        <\/h3>\n                                                    <p style=\"font-size: 14px; color: #555; margin-bottom: 15px;\">\n                                <strong>Rama de Conocimiento:<\/strong>\n                                Ciencias                            <\/p>\n                                                <!-- Botones de redes sociales -->\n                        <div style=\"margin-top: 10px; display: flex; justify-content: center; gap: 10px;\">\n                                                                                        <a href=\"https:\/\/www.instagram.com\/xbaq_\/\" target=\"_blank\" style=\"text-decoration: none;\">\n                                    <img decoding=\"async\" src=\"https:\/\/www.unioviedo.es\/alumni\/wp-content\/uploads\/2024\/08\/insta.png\" alt=\"Instagram\" style=\"width: 32px; height: 32px;\">\n                                <\/a>\n                                                                                <\/div>\n                    <\/div>\n                                                        <div style=\"background-color: #ffffff; padding: 20px; border: 1px solid #ddd; border-radius: 8px; width: 300px; box-shadow: 0 4px 10px rgba(0, 0, 0, 0.1); text-align: center;\">\n                        <!-- Foto de perfil -->\n                        <div style=\"margin-bottom: 10px;\">\n                            <img decoding=\"async\" src=\"https:\/\/secure.gravatar.com\/avatar\/a33bf351f67a38844b2426bb01bfc12f?s=150&#038;d=mm&#038;r=g\" alt=\"Foto de perfil\" style=\"width: 80px; height: 80px; border-radius: 50%; object-fit: cover;\">\n                        <\/div>\n                        <h3 style=\"color: #005582; font-size: 18px; margin-bottom: 10px;\">\n                            Yadhira Pozo Reguera                        <\/h3>\n                                                    <p style=\"font-size: 14px; color: #555; margin-bottom: 15px;\">\n                                <strong>Rama de Conocimiento:<\/strong>\n                                Ciencias sociales y jur\u00eddicas                            <\/p>\n                                                <!-- Botones de redes sociales -->\n                        <div style=\"margin-top: 10px; display: flex; justify-content: center; gap: 10px;\">\n                                                                                                            <\/div>\n                    <\/div>\n                                                        <div style=\"background-color: #ffffff; padding: 20px; border: 1px solid #ddd; border-radius: 8px; width: 300px; box-shadow: 0 4px 10px rgba(0, 0, 0, 0.1); text-align: center;\">\n                        <!-- Foto de perfil -->\n                        <div style=\"margin-bottom: 10px;\">\n                            <img decoding=\"async\" src=\"https:\/\/secure.gravatar.com\/avatar\/a33bf351f67a38844b2426bb01bfc12f?s=150&#038;d=mm&#038;r=g\" alt=\"Foto de perfil\" style=\"width: 80px; height: 80px; border-radius: 50%; object-fit: cover;\">\n                        <\/div>\n                        <h3 style=\"color: #005582; font-size: 18px; margin-bottom: 10px;\">\n                            Zulema Mart\u00ednez Meis                        <\/h3>\n                                                    <p style=\"font-size: 14px; color: #555; margin-bottom: 15px;\">\n                                <strong>Rama de Conocimiento:<\/strong>\n                                Artes y humanidades                            <\/p>\n                                                <!-- Botones de redes sociales -->\n                        <div style=\"margin-top: 10px; display: flex; justify-content: center; gap: 10px;\">\n                                                            <a href=\"https:\/\/www.linkedin.com\/in\/zulemamartinezmeis\/\" target=\"_blank\" style=\"text-decoration: none;\">\n                                    <img decoding=\"async\" src=\"https:\/\/www.unioviedo.es\/alumni\/wp-content\/uploads\/2024\/08\/linkedin.png\" alt=\"LinkedIn\" style=\"width: 32px; height: 32px;\">\n                                <\/a>\n                                                                                        <a href=\"https:\/\/www.instagram.com\/zulema_zmm\/\" target=\"_blank\" style=\"text-decoration: none;\">\n                                    <img decoding=\"async\" src=\"https:\/\/www.unioviedo.es\/alumni\/wp-content\/uploads\/2024\/08\/insta.png\" alt=\"Instagram\" style=\"width: 32px; height: 32px;\">\n                                <\/a>\n                                                                                        <a href=\"https:\/\/www.facebook.com\/zulema.meis\/\" target=\"_blank\" style=\"text-decoration: none;\">\n                                    <img decoding=\"async\" src=\"https:\/\/www.unioviedo.es\/alumni\/wp-content\/uploads\/2024\/08\/face.png\" alt=\"Facebook\" style=\"width: 32px; height: 32px;\">\n                                <\/a>\n                                                    <\/div>\n                    <\/div>\n                                    <\/div>\n    <\/div>\n    <\/div>\n\t\t\t\t\t\t<\/div>\n\t\t\t\t<div class=\"elementor-element elementor-element-b5a4e38 elementor-widget elementor-widget-heading\" data-id=\"b5a4e38\" data-element_type=\"widget\" data-e-type=\"widget\" data-widget_type=\"heading.default\">\n\t\t\t\t\t<h2 class=\"elementor-heading-title elementor-size-default\">\u00bfEres estudiante de la UO en el \u00faltimo curso de grado o m\u00e1ster?<\/h2>\t\t\t\t<\/div>\n\t\t\t\t<div class=\"elementor-element elementor-element-51c09be elementor-widget elementor-widget-html\" data-id=\"51c09be\" data-element_type=\"widget\" data-e-type=\"widget\" data-widget_type=\"html.default\">\n\t\t\t\t\t<div style=\"\r\n    max-width: 1000px;\r\n    margin: 20px auto;\r\n    display: flex;\r\n    background-color: #ffffff;\r\n    border-radius: 12px;\r\n    font-family: Arial, sans-serif;\r\n    line-height: 1.8;\r\n    color: #4B77AA;\r\n    text-align: justify;\r\n    box-shadow: 0 4px 10px rgba(0, 0, 0, 0.1);\r\n    overflow: hidden;\r\n\">\r\n    <!-- Franja azul lateral -->\r\n    <div style=\"\r\n        width: 12px; \/* Ancho de la franja *\/\r\n        background-color: #4B77AA;\r\n    \"><\/div>\r\n\r\n    <!-- Contenido -->\r\n    <div style=\"padding: 20px;\">\r\n        <p style=\"\r\n            font-size: 16px;\r\n            margin-bottom: 10px;\r\n        \">\r\n            Completa el siguiente formulario para mostrar tu inter\u00e9s en recibir la mentorizaci\u00f3n de un egresado\/a de la Universidad de Oviedo en tu campo de estudios o seg\u00fan tus intereses profesionales.\r\n        <\/p>\r\n        <div style=\"text-align: center; margin-top: 20px;\">\r\n        <\/div>\r\n    <\/div>\r\n<\/div>\r\n\t\t\t\t<\/div>\n\t\t\t\t<div class=\"elementor-element elementor-element-2bfa890 elementor-widget elementor-widget-shortcode\" data-id=\"2bfa890\" data-element_type=\"widget\" data-e-type=\"widget\" data-widget_type=\"shortcode.default\">\n\t\t\t\t\t\t\t<div class=\"elementor-shortcode\"><div class='fluentform ff-default fluentform_wrapper_37 ffs_default_wrap'><form data-form_id=\"37\" id=\"fluentform_37\" class=\"frm-fluent-form fluent_form_37 ff-el-form-top ff_form_instance_37_1 ff-form-loading ffs_default\" data-form_instance=\"ff_form_instance_37_1\" method=\"POST\" ><fieldset  style=\"border: none!important;margin: 0!important;padding: 0!important;background-color: transparent!important;box-shadow: none!important;outline: none!important; min-inline-size: 100%;\">\n                    <legend class=\"ff_screen_reader_title\" style=\"display: block; margin: 0!important;padding: 0!important;height: 0!important;text-indent: -999999px;width: 0!important;overflow:hidden;\">Mentor\u00eda para alumnos de la UO<\/legend><input type='hidden' name='__fluent_form_embded_post_id' value='11087' \/><input type=\"hidden\" id=\"_fluentform_37_fluentformnonce\" name=\"_fluentform_37_fluentformnonce\" value=\"7dfd63427a\" \/><input type=\"hidden\" name=\"_wp_http_referer\" value=\"\/alumni\/index.php\/wp-json\/wp\/v2\/pages\/11087\" \/><div data-type=\"name-element\" data-name=\"names\" class=\" ff-field_container ff-name-field-wrapper\" ><div class='ff-t-container'><div class='ff-t-cell '><div class='ff-el-group ff-el-form-top'><div class=\"ff-el-input--label asterisk-right\"><label for='ff_37_names_first_name_' id='label_ff_37_names_first_name_' >Nombre<\/label><\/div><div class='ff-el-input--content'><input type=\"text\" name=\"names[first_name]\" id=\"ff_37_names_first_name_\" class=\"ff-el-form-control\" placeholder=\"Introduce tu nombre\" aria-invalid=\"false\" aria-required=false><\/div><\/div><\/div><div class='ff-t-cell '><div class='ff-el-group ff-el-form-top'><div class=\"ff-el-input--label asterisk-right\"><label for='ff_37_names_last_name_' id='label_ff_37_names_last_name_' >Apellidos<\/label><\/div><div class='ff-el-input--content'><input type=\"text\" name=\"names[last_name]\" id=\"ff_37_names_last_name_\" class=\"ff-el-form-control\" placeholder=\"Introduce tus apellidos\" aria-invalid=\"false\" aria-required=false><\/div><\/div><\/div><\/div><\/div><div class='ff-el-group'><div class=\"ff-el-input--label ff-el-is-required asterisk-right\"><label for='ff_37_correo' id='label_ff_37_correo' aria-label=\"Correo electr\u00f3nico (@uniovi.es)\">Correo electr\u00f3nico (@uniovi.es)<\/label><\/div><div class='ff-el-input--content'><input type=\"email\" name=\"correo\" id=\"ff_37_correo\" class=\"ff-el-form-control\" placeholder=\"Correo electr\u00f3nico institucional de la Universidad de Oviedo\" data-name=\"correo\"  aria-invalid=\"false\" aria-required=true><\/div><\/div><div class='ff-el-group'><div class=\"ff-el-input--label ff-el-is-required asterisk-right\"><label for='ff_37_centro' id='label_ff_37_centro' aria-label=\"Centro donde estudias\">Centro donde estudias<\/label><\/div><div class='ff-el-input--content'><select name=\"centro\" id=\"ff_37_centro\" class=\"ff-el-form-control\" data-name=\"centro\" data-calc_value=\"0\"  aria-invalid=\"false\" aria-required=\"true\" aria-labelledby=\"label_ff_37_centro\"><option value=\"\">- Elegir -<\/option><option value=\"Facultad de Biolog\u00eda\"  >Facultad de Biolog\u00eda<\/option><option value=\"Facultad de Ciencias\"  >Facultad de Ciencias<\/option><option value=\"Facultad de Comercio, Turismo y Ciencias Sociales Jovellanos\"  >Facultad de Comercio, Turismo y Ciencias Sociales Jovellanos<\/option><option value=\"Facultad de Derecho\"  >Facultad de Derecho<\/option><option value=\"Facultad de Econom\u00eda y Empresa\"  >Facultad de Econom\u00eda y Empresa<\/option><option value=\"Facultad de Filosof\u00eda y Letras\"  >Facultad de Filosof\u00eda y Letras<\/option><option value=\"Facultad de Formaci\u00f3n del Profesorado y Educaci\u00f3n\"  >Facultad de Formaci\u00f3n del Profesorado y Educaci\u00f3n<\/option><option value=\"Facultad de Geolog\u00eda\"  >Facultad de Geolog\u00eda<\/option><option value=\"Facultad de Medicina y Ciencias de la Salud\"  >Facultad de Medicina y Ciencias de la Salud<\/option><option value=\"Facultad de Psicolog\u00eda\"  >Facultad de Psicolog\u00eda<\/option><option value=\"Facultad de Qu\u00edmica\"  >Facultad de Qu\u00edmica<\/option><option value=\"Escuela de Ingenier\u00eda Inform\u00e1tica\"  >Escuela de Ingenier\u00eda Inform\u00e1tica<\/option><option value=\"Escuela Polit\u00e9cnica de Ingenier\u00eda de Gij\u00f3n\"  >Escuela Polit\u00e9cnica de Ingenier\u00eda de Gij\u00f3n<\/option><option value=\"Escuela Polit\u00e9cnica de Mieres\"  >Escuela Polit\u00e9cnica de Mieres<\/option><option value=\"Escuela Superior de la Marina Civil\"  >Escuela Superior de la Marina Civil<\/option><option value=\"Facultad &quot;Padre Oss\u00f3&quot;\"  >Facultad \"Padre Oss\u00f3\"<\/option><option value=\"Facultad de Enfermer\u00eda de Gij\u00f3n\"  >Facultad de Enfermer\u00eda de Gij\u00f3n<\/option><option value=\"Centro Internacional de Postgrado\"  >Centro Internacional de Postgrado<\/option><\/select><\/div><\/div><div class='ff-el-group'><div class=\"ff-el-input--label ff-el-is-required asterisk-right\"><label for='ff_37_titulacion' id='label_ff_37_titulacion' aria-label=\"Titulaci\u00f3n que vas a finalizar\">Titulaci\u00f3n que vas a finalizar<\/label><\/div><div class='ff-el-input--content'><input type=\"text\" name=\"titulacion\" class=\"ff-el-form-control\" data-name=\"titulacion\" id=\"ff_37_titulacion\"  aria-invalid=\"false\" aria-required=true><\/div><\/div><div class='ff-el-group'><div class=\"ff-el-input--label asterisk-right\"><label for='ff_37_caracteristicas' id='label_ff_37_caracteristicas' aria-label=\"\u00bfHay alg\u00fan Alumni en particular de quien te gustar\u00eda recibir mentor\u00eda? Tambi\u00e9n puedes indicarnos en qu\u00e9 campo o \u00e1mbito te gustar\u00eda que estuviese especializada la persona.\">\u00bfHay alg\u00fan Alumni en particular de quien te gustar\u00eda recibir mentor\u00eda? Tambi\u00e9n puedes indicarnos en qu\u00e9 campo o \u00e1mbito te gustar\u00eda que estuviese especializada la persona.<\/label><\/div><div class='ff-el-input--content'><input type=\"text\" name=\"caracteristicas\" class=\"ff-el-form-control\" data-name=\"caracteristicas\" id=\"ff_37_caracteristicas\"  aria-invalid=\"false\" aria-required=false><\/div><\/div><div class='ff-el-group ff-text-center ff_submit_btn_wrapper'><button type=\"submit\" class=\"ff-btn ff-btn-submit ff-btn-md ff_btn_style\"  aria-label=\"Enviar\">Enviar<\/button><\/div><\/fieldset><\/form><div id='fluentform_37_errors' class='ff-errors-in-stack ff_form_instance_37_1 ff-form-loading_errors ff_form_instance_37_1_errors'><\/div><\/div>            <script type=\"text\/javascript\">\n                window.fluent_form_ff_form_instance_37_1 = {\"id\":\"37\",\"ajaxUrl\":\"https:\\\/\\\/www.unioviedo.es\\\/alumni\\\/wp-admin\\\/admin-ajax.php\",\"settings\":{\"layout\":{\"labelPlacement\":\"top\",\"helpMessagePlacement\":\"with_label\",\"errorMessagePlacement\":\"inline\"},\"restrictions\":{\"denyEmptySubmission\":{\"enabled\":false}}},\"form_instance\":\"ff_form_instance_37_1\",\"form_id_selector\":\"fluentform_37\",\"rules\":{\"names[first_name]\":{\"required\":{\"value\":false,\"message\":\"Este campo es obligatorio\",\"global_message\":\"Este campo es obligatorio\",\"global\":true}},\"names[middle_name]\":{\"required\":{\"value\":false,\"message\":\"Este campo es obligatorio\",\"global_message\":\"Este campo es obligatorio\",\"global\":true}},\"names[last_name]\":{\"required\":{\"value\":false,\"message\":\"Este campo es obligatorio\",\"global_message\":\"Este campo es obligatorio\",\"global\":true}},\"correo\":{\"required\":{\"value\":true,\"message\":\"Este campo es obligatorio\",\"global_message\":\"Este campo es obligatorio\",\"global\":true},\"email\":{\"value\":true,\"message\":\"Este campo debe contener un correo electr\\u00f3nico v\\u00e1lido\",\"global_message\":\"Este campo debe contener un correo electr\\u00f3nico v\\u00e1lido\",\"global\":true}},\"centro\":{\"required\":{\"value\":true,\"message\":\"Este campo es obligatorio\",\"global_message\":\"Este campo es obligatorio\",\"global\":true}},\"titulacion\":{\"required\":{\"value\":true,\"message\":\"Este campo es obligatorio\",\"global_message\":\"Este campo es obligatorio\",\"global\":true}},\"caracteristicas\":{\"required\":{\"value\":false,\"message\":\"Este campo es obligatorio\",\"global_message\":\"Este campo es obligatorio\",\"global\":true}}},\"debounce_time\":300};\n                            <\/script>\n            <\/div>\n\t\t\t\t\t\t<\/div>\n\t\t\t\t\t<\/div>\n\t\t<\/div>\n\t\t\t\t\t<\/div>\n\t\t<\/section>\n\t\t\t\t<\/div>\n\t\t","protected":false},"excerpt":{"rendered":"<p>PROGRAMA DE MENTORING DEL CLUB ALUMNI 360 UO Al registrarte como miembro del Club Alumni de la Universidad de Oviedo, podr\u00e1s indicar entre tus intereses la mentor\u00eda de estudiantes en \u00faltimos cursos de grado o m\u00e1ster. Desde el Equipo Alumni nos encargaremos de conectaros y ayudaros a que la experiencia sea lo m\u00e1s enriquecedora posible.&hellip;&nbsp;<a href=\"https:\/\/www.unioviedo.es\/alumni\/index.php\/mentoring\/\" rel=\"bookmark\">Leer m\u00e1s &raquo;<span class=\"screen-reader-text\">Mentoring<\/span><\/a><\/p>\n","protected":false},"author":49,"featured_media":0,"parent":0,"menu_order":0,"comment_status":"closed","ping_status":"closed","template":"page-templates\/template-pagebuilder-full-width.php","meta":{"neve_meta_sidebar":"","neve_meta_container":"","neve_meta_enable_content_width":"off","neve_meta_content_width":100,"neve_meta_title_alignment":"","neve_meta_author_avatar":"","neve_post_elements_order":"","neve_meta_disable_header":"","neve_meta_disable_footer":"","neve_meta_disable_title":"on","footnotes":""},"class_list":["post-11087","page","type-page","status-publish","hentry"],"_links":{"self":[{"href":"https:\/\/www.unioviedo.es\/alumni\/index.php\/wp-json\/wp\/v2\/pages\/11087","targetHints":{"allow":["GET"]}}],"collection":[{"href":"https:\/\/www.unioviedo.es\/alumni\/index.php\/wp-json\/wp\/v2\/pages"}],"about":[{"href":"https:\/\/www.unioviedo.es\/alumni\/index.php\/wp-json\/wp\/v2\/types\/page"}],"author":[{"embeddable":true,"href":"https:\/\/www.unioviedo.es\/alumni\/index.php\/wp-json\/wp\/v2\/users\/49"}],"replies":[{"embeddable":true,"href":"https:\/\/www.unioviedo.es\/alumni\/index.php\/wp-json\/wp\/v2\/comments?post=11087"}],"version-history":[{"count":3,"href":"https:\/\/www.unioviedo.es\/alumni\/index.php\/wp-json\/wp\/v2\/pages\/11087\/revisions"}],"predecessor-version":[{"id":11855,"href":"https:\/\/www.unioviedo.es\/alumni\/index.php\/wp-json\/wp\/v2\/pages\/11087\/revisions\/11855"}],"wp:attachment":[{"href":"https:\/\/www.unioviedo.es\/alumni\/index.php\/wp-json\/wp\/v2\/media?parent=11087"}],"curies":[{"name":"wp","href":"https:\/\/api.w.org\/{rel}","templated":true}]}}