{"id":1162,"date":"2022-09-02T09:29:35","date_gmt":"2022-09-02T07:29:35","guid":{"rendered":"https:\/\/www.unioviedo.es\/aunas\/?page_id=1162"},"modified":"2022-10-07T12:34:48","modified_gmt":"2022-10-07T10:34:48","slug":"jornadas-internacionales-sobre-representacion-del-personal-y-estrategias-sindicales-en-los-nuevos-escenarios-laborales","status":"publish","type":"page","link":"https:\/\/www.unioviedo.es\/aunas\/jornadas-internacionales-sobre-representacion-del-personal-y-estrategias-sindicales-en-los-nuevos-escenarios-laborales\/","title":{"rendered":"Jornadas Internacionales sobre \u00abRepresentaci\u00f3n del personal y negociaci\u00f3n colectiva en los nuevos escenarios laborales\u00bb"},"content":{"rendered":"\n<figure class=\"wp-block-image size-large\"><img decoding=\"async\" loading=\"lazy\" width=\"1024\" height=\"763\" src=\"https:\/\/www.unioviedo.es\/aunas\/wp-content\/uploads\/2019\/07\/fullsizeoutput_6813-1024x763.jpeg\" alt=\"\" class=\"wp-image-248\"\/><\/figure>\n\n\n\n<p><\/p>\n\n\n\n<p><strong>Oviedo, 26 y 27 de septiembre de 2022<\/strong><\/p>\n\n\n\n<p>Aula Magna de la Facultad de Derecho (d\u00eda 26) y Sal\u00f3n de Grados de la Facultad de Econom\u00eda y Empresa (d\u00eda 27). Campus de \u00abEl Cristo\u00bb s\/n<\/p>\n\n\n\n<p>Modalidad presencial y <em>on line<\/em><\/p>\n\n\n\n<p>Directores: Luis Antonio Fern\u00e1ndez Villaz\u00f3n y Ana Rosa Arg\u00fcelles Blanco<\/p>\n\n\n\n<p><a href=\"https:\/\/forms.office.com\/Pages\/ResponsePage.aspx?id=o3TqBcWSMUyXipJcPHmc0BbudmQkI9ZKpzHE39_eZZFUN0VOSU5VUklJTDRKMktOWDlRR1QxVE8zTi4u\">Formulario de inscripci\u00f3n<\/a> (hasta el 21 de septiembre)<\/p>\n\n\n\n<div class=\"wp-block-file\"><a id=\"wp-block-file--media-9186a92d-fdf1-4cc0-a8a2-25cd046c8921\" href=\"https:\/\/www.unioviedo.es\/aunas\/wp-content\/uploads\/2022\/09\/jornadas-internacionales-sobre.pdf\">Descargue aqu\u00ed el d\u00edptico con el programa <\/a><a href=\"https:\/\/www.unioviedo.es\/aunas\/wp-content\/uploads\/2022\/09\/jornadas-internacionales-sobre.pdf\" class=\"wp-block-file__button\" download aria-describedby=\"wp-block-file--media-9186a92d-fdf1-4cc0-a8a2-25cd046c8921\">Descarga<\/a><\/div>\n\n\n\n<h2 class=\"wp-block-heading\"><strong>PROGRAMA<\/strong><\/h2>\n\n\n\n<h2 class=\"wp-block-heading\">Lunes, 26 de septiembre. Sesi\u00f3n matinal<\/h2>\n\n\n\n<p>9:30: <strong>Inauguraci\u00f3n<\/strong><\/p>\n\n\n\n<p>Pedro Fern\u00e1ndez-Raigoso Casta\u00f1o<\/p>\n\n\n\n<p><em>Director General de Empleo y Formaci\u00f3n del Gobierno del Principado de Asturias<\/em><\/p>\n\n\n\n<p>Javier Gustavo Fern\u00e1ndez Teruelo<\/p>\n\n\n\n<p><em>Decano de la Facultad de Derecho<\/em><\/p>\n\n\n\n<p>Carmen Benavides Gonz\u00e1lez<\/p>\n\n\n\n<p><em>Decana de la Facultad de Econom\u00eda y Empresa<\/em><\/p>\n\n\n\n<p>Luis Antonio Fern\u00e1ndez Villaz\u00f3n<\/p>\n\n\n\n<p><em>IP1 del Proyecto AUNAS<\/em><\/p>\n\n\n\n<figure class=\"wp-block-embed is-type-video is-provider-youtube wp-block-embed-youtube wp-embed-aspect-16-9 wp-has-aspect-ratio\"><div class=\"wp-block-embed__wrapper\">\n<iframe loading=\"lazy\" title=\"Inauguraci\u00f3n Jornadas Internacionales sobre &quot;Representaci\u00f3n del personal y negociaci\u00f3n colectiva&quot;\" width=\"525\" height=\"295\" src=\"https:\/\/www.youtube.com\/embed\/4bUWNm_vclE?feature=oembed\" frameborder=\"0\" allow=\"accelerometer; autoplay; clipboard-write; encrypted-media; gyroscope; picture-in-picture\" allowfullscreen><\/iframe>\n<\/div><figcaption>V\u00eddeo de la inauguraci\u00f3n<\/figcaption><\/figure>\n\n\n\n<p>10:00: <strong>La negociaci\u00f3n colectiva en los nuevos escenarios laborales<\/strong><\/p>\n\n\n\n<p>Jesus Cruz Villal\u00f3n<\/p>\n\n\n\n<p><em>Presidente de la Comisi\u00f3n Consultiva Nacional de Convenios Colectivos. Catedr\u00e1tico de Derecho del Trabajo de la Universidad de Sevilla<\/em><\/p>\n\n\n\n<p>Modera: Carolina Mart\u00ednez Moreno. Catedr\u00e1tica de Derecho del Trabajo de la Universidad de Oviedo<\/p>\n\n\n\n<figure class=\"wp-block-embed is-type-video is-provider-youtube wp-block-embed-youtube wp-embed-aspect-16-9 wp-has-aspect-ratio\"><div class=\"wp-block-embed__wrapper\">\n<iframe loading=\"lazy\" title=\"La negociaci\u00f3n colectiva en los nuevos escenarios laborales\" width=\"525\" height=\"295\" src=\"https:\/\/www.youtube.com\/embed\/DSEIKd69C2U?feature=oembed\" frameborder=\"0\" allow=\"accelerometer; autoplay; clipboard-write; encrypted-media; gyroscope; picture-in-picture\" allowfullscreen><\/iframe>\n<\/div><figcaption>V\u00edde de la ponencia del profesor Cruz Villal\u00f3n<\/figcaption><\/figure>\n\n\n\n<div class=\"wp-block-file\"><object class=\"wp-block-file__embed\" data=\"https:\/\/www.unioviedo.es\/aunas\/wp-content\/uploads\/2022\/10\/presentacion-cruz-villalon-1.pdf\" type=\"application\/pdf\" style=\"width:100%;height:600px\" aria-label=\"Incrustado de Incrustado de Puede descargar aqu\u00ed la presentaci\u00f3n del profesor Cruz..\"><\/object><a id=\"wp-block-file--media-d58df95d-f526-4e76-86ef-78df1a112830\" href=\"https:\/\/www.unioviedo.es\/aunas\/wp-content\/uploads\/2022\/10\/presentacion-cruz-villalon-1.pdf\">Puede descargar aqu\u00ed la presentaci\u00f3n del profesor Cruz<\/a><a href=\"https:\/\/www.unioviedo.es\/aunas\/wp-content\/uploads\/2022\/10\/presentacion-cruz-villalon-1.pdf\" class=\"wp-block-file__button\" download aria-describedby=\"wp-block-file--media-d58df95d-f526-4e76-86ef-78df1a112830\">Descarga<\/a><\/div>\n\n\n\n<p>12:00: <strong>Las relaciones colectivas en las redes empresariales<\/strong><\/p>\n\n\n\n<p>Wilfredo Sanguineti Raymond<\/p>\n\n\n\n<p><em>Catedr\u00e1tico de Derecho del Trabajo de la Universidad de Salamanca<\/em><\/p>\n\n\n\n<p>Modera: Ana Rosa Arg\u00fcelles Blanco. Catedr\u00e1ica de Derecho del Trabajo de la Universidad de Oviedo<\/p>\n\n\n\n<figure class=\"wp-block-embed is-type-video is-provider-youtube wp-block-embed-youtube wp-embed-aspect-16-9 wp-has-aspect-ratio\"><div class=\"wp-block-embed__wrapper\">\n<iframe loading=\"lazy\" title=\"Las relaciones colectivas en las redes empresariales\" width=\"525\" height=\"295\" src=\"https:\/\/www.youtube.com\/embed\/V10bdRQE0f8?feature=oembed\" frameborder=\"0\" allow=\"accelerometer; autoplay; clipboard-write; encrypted-media; gyroscope; picture-in-picture\" allowfullscreen><\/iframe>\n<\/div><figcaption>V\u00eddeo de la ponencia del profesor Sanguineti Raymond<\/figcaption><\/figure>\n\n\n\n<h2 class=\"wp-block-heading\">Lunes, 26 de septiembre. Sesi\u00f3n vespertina<\/h2>\n\n\n\n<p>16:00: <strong>Negociaci\u00f3n colectiva y autonom\u00eda individual en la industria 4.0<\/strong><\/p>\n\n\n\n<p>Stefano Bellomo<\/p>\n\n\n\n<p><em>Ordinario di Diritto del Lavoro, Universit\u00e0 di Roma\u00a0\u00abSapienza<\/em>\u00ab<\/p>\n\n\n\n<figure class=\"wp-block-embed is-type-video is-provider-youtube wp-block-embed-youtube wp-embed-aspect-16-9 wp-has-aspect-ratio\"><div class=\"wp-block-embed__wrapper\">\n<iframe loading=\"lazy\" title=\"Negociaci\u00f3n colectiva y autonom\u00eda individual en la industria 4.0\" width=\"525\" height=\"295\" src=\"https:\/\/www.youtube.com\/embed\/8hipizePzKM?feature=oembed\" frameborder=\"0\" allow=\"accelerometer; autoplay; clipboard-write; encrypted-media; gyroscope; picture-in-picture\" allowfullscreen><\/iframe>\n<\/div><figcaption>V\u00eddeo de la ponencia del profesor Bellomo<\/figcaption><\/figure>\n\n\n\n<p>17:30: <strong>La representaci\u00f3n y participaci\u00f3n del personal en el <em>UK Corporate governance code 2018<\/em><\/strong><\/p>\n\n\n\n<p>Charlotte Villiers<\/p>\n\n\n\n<p><em>Professor of Company Law and Corporate Governance, University of Bristol Law School<\/em><\/p>\n\n\n\n<p>Modera: Luis Antonio Fern\u00e1ndez Villaz\u00f3n. Profesor Titular de Universidad de la Universidad de Oviedo<\/p>\n\n\n\n<figure class=\"wp-block-embed is-type-video is-provider-youtube wp-block-embed-youtube wp-embed-aspect-16-9 wp-has-aspect-ratio\"><div class=\"wp-block-embed__wrapper\">\n<iframe loading=\"lazy\" title=\"La representaci\u00f3n y participaci\u00f3n del personal en el UK Corporate governance code 2018\" width=\"525\" height=\"295\" src=\"https:\/\/www.youtube.com\/embed\/TUuTLacYfNc?feature=oembed\" frameborder=\"0\" allow=\"accelerometer; autoplay; clipboard-write; encrypted-media; gyroscope; picture-in-picture\" allowfullscreen><\/iframe>\n<\/div><figcaption>V\u00eddeo de la ponencia de la profesora Villiers<\/figcaption><\/figure>\n\n\n\n<div class=\"wp-block-file\"><object class=\"wp-block-file__embed\" data=\"https:\/\/www.unioviedo.es\/aunas\/wp-content\/uploads\/2022\/10\/Spanish-Oviedo-Jornada-Presentation.pdf\" type=\"application\/pdf\" style=\"width:100%;height:600px\" aria-label=\"Incrustado de Incrustado de Puede descargar aqu\u00ed la presentaci\u00f3n de la Profesora Villiers..\"><\/object><a id=\"wp-block-file--media-b1c1b790-0b78-4109-8434-3e7d7b58cc31\" href=\"https:\/\/www.unioviedo.es\/aunas\/wp-content\/uploads\/2022\/10\/Spanish-Oviedo-Jornada-Presentation.pdf\">Puede descargar aqu\u00ed la presentaci\u00f3n de la Profesora Villiers<\/a><a href=\"https:\/\/www.unioviedo.es\/aunas\/wp-content\/uploads\/2022\/10\/Spanish-Oviedo-Jornada-Presentation.pdf\" class=\"wp-block-file__button\" download aria-describedby=\"wp-block-file--media-b1c1b790-0b78-4109-8434-3e7d7b58cc31\">Descarga<\/a><\/div>\n\n\n\n<h2 class=\"wp-block-heading\">Martes, 27 de septiembre<\/h2>\n\n\n\n<p>10:00:<strong> Presentaci\u00f3n de la obra colectiva \u00ab<strong>Acci\u00f3n sindical y relaciones colectivas en los nuevos escenarios laborales\u00bb<\/strong>. Conclusiones del Proyecto AUNAS<\/strong><\/p>\n\n\n\n<p>Luis Antonio Fern\u00e1ndez Villaz\u00f3n<\/p>\n\n\n\n<p><em>Profesor Titular de Derecho del Trabajo de la Universidad de Oviedo<\/em><\/p>\n\n\n\n<p>Ana Rosa Arg\u00fcelles Blanco<\/p>\n\n\n\n<p><em>Catedr\u00e1tica de Derecho del Trabajo de la Universidad de Oviedo<\/em><\/p>\n\n\n\n<figure class=\"wp-block-embed is-type-video is-provider-youtube wp-block-embed-youtube wp-embed-aspect-16-9 wp-has-aspect-ratio\"><div class=\"wp-block-embed__wrapper\">\n<iframe loading=\"lazy\" title=\"Acci\u00f3n sindical y relaciones colectivas en los nuevos escenarios laborales. Conclusiones AUNAS.\" width=\"525\" height=\"295\" src=\"https:\/\/www.youtube.com\/embed\/UA7OgXK42xo?feature=oembed\" frameborder=\"0\" allow=\"accelerometer; autoplay; clipboard-write; encrypted-media; gyroscope; picture-in-picture\" allowfullscreen><\/iframe>\n<\/div><figcaption>V\u00eddeo de la presentaci\u00f3n del libro<\/figcaption><\/figure>\n\n\n\n<p>11:00: <strong>La negociaci\u00f3n colectiva como respuesta para afrontar los retos de la estructura de la representaci\u00f3n unitaria<\/strong><\/p>\n\n\n\n<p>Helena Ys\u00e0s Molinero<\/p>\n\n\n\n<p><em>Profesora Titular de Derecho del Trabajo de la Universidad Aut\u00f3noma de Barcelona<\/em><\/p>\n\n\n\n<p>Modera: Vanesa Rodr\u00edguez \u00c1lvarez. Profesora Contratada Doctora de Sociolog\u00eda de la Universidad de Oviedo<\/p>\n\n\n\n<figure class=\"wp-block-embed is-type-video is-provider-youtube wp-block-embed-youtube wp-embed-aspect-16-9 wp-has-aspect-ratio\"><div class=\"wp-block-embed__wrapper\">\n<iframe loading=\"lazy\" title=\"Negociaci\u00f3n colectiva como respuesta para afrontar retos de estructura  en representaci\u00f3n unitaria\" width=\"525\" height=\"295\" src=\"https:\/\/www.youtube.com\/embed\/hPcwclgm32w?feature=oembed\" frameborder=\"0\" allow=\"accelerometer; autoplay; clipboard-write; encrypted-media; gyroscope; picture-in-picture\" allowfullscreen><\/iframe>\n<\/div><figcaption>V\u00eddeo de la ponencia de la profesora Ys\u00e0s Molinero<\/figcaption><\/figure>\n\n\n\n<div class=\"wp-block-file\"><object class=\"wp-block-file__embed\" data=\"https:\/\/www.unioviedo.es\/aunas\/wp-content\/uploads\/2022\/10\/Ysas-Oviedo-27-sept22-ppt.pdf\" type=\"application\/pdf\" style=\"width:100%;height:600px\" aria-label=\"Incrustado de Incrustado de Puede descargar aqu\u00ed la presentaci\u00f3n de la Profesora Ys\u00e0s..\"><\/object><a id=\"wp-block-file--media-85bddf67-afad-4bcc-a1d5-e6d8d05abdd3\" href=\"https:\/\/www.unioviedo.es\/aunas\/wp-content\/uploads\/2022\/10\/Ysas-Oviedo-27-sept22-ppt.pdf\">Puede descargar aqu\u00ed la presentaci\u00f3n de la Profesora Ys\u00e0s<\/a><a href=\"https:\/\/www.unioviedo.es\/aunas\/wp-content\/uploads\/2022\/10\/Ysas-Oviedo-27-sept22-ppt.pdf\" class=\"wp-block-file__button\" download aria-describedby=\"wp-block-file--media-85bddf67-afad-4bcc-a1d5-e6d8d05abdd3\">Descarga<\/a><\/div>\n\n\n\n<p>12:30: <strong>El papel de la representaci\u00f3n del personal en la gesti\u00f3n del uso de la Inteligencia Artificial en las empresas<\/strong><\/p>\n\n\n\n<p>Pilar Rivas Vallejo<\/p>\n\n\n\n<p><em>Catedr\u00e1tica de Derecho del Trabajo de la Universidad de Barcelona<\/em><\/p>\n\n\n\n<p>Modera: Remedios Men\u00e9ndez Calvo. Profesora Titular de Universidad de la Universidad de Alcal\u00e1<\/p>\n\n\n\n<figure class=\"wp-block-embed is-type-video is-provider-youtube wp-block-embed-youtube wp-embed-aspect-16-9 wp-has-aspect-ratio\"><div class=\"wp-block-embed__wrapper\">\n<iframe loading=\"lazy\" title=\"El papel de la representaci\u00f3n del personal en la gesti\u00f3n del uso de la IA en las empresas.\" width=\"525\" height=\"295\" src=\"https:\/\/www.youtube.com\/embed\/wQNkRE58DNU?feature=oembed\" frameborder=\"0\" allow=\"accelerometer; autoplay; clipboard-write; encrypted-media; gyroscope; picture-in-picture\" allowfullscreen><\/iframe>\n<\/div><figcaption>V\u00ededo de la ponencia d ela profesora Rivas Vallejo<\/figcaption><\/figure>\n\n\n\n<div class=\"wp-block-file\"><object class=\"wp-block-file__embed\" data=\"https:\/\/www.unioviedo.es\/aunas\/wp-content\/uploads\/2022\/10\/PRESENTACION-PILAR-RIVAS.pdf\" type=\"application\/pdf\" style=\"width:100%;height:600px\" aria-label=\"Incrustado de Incrustado de Puede descargar aqu\u00ed la presentaci\u00f3n de la Profesora Rivas..\"><\/object><a id=\"wp-block-file--media-b50f0b38-6a44-4ac5-957e-39099553ad26\" href=\"https:\/\/www.unioviedo.es\/aunas\/wp-content\/uploads\/2022\/10\/PRESENTACION-PILAR-RIVAS.pdf\">Puede descargar aqu\u00ed la presentaci\u00f3n de la Profesora Rivas<\/a><a href=\"https:\/\/www.unioviedo.es\/aunas\/wp-content\/uploads\/2022\/10\/PRESENTACION-PILAR-RIVAS.pdf\" class=\"wp-block-file__button\" download aria-describedby=\"wp-block-file--media-b50f0b38-6a44-4ac5-957e-39099553ad26\">Descarga<\/a><\/div>\n\n\n\n<p>13:30: <strong>Clausura<\/strong><\/p>\n\n\n\n<p>Javier Fern\u00e1ndez Lanero<\/p>\n\n\n\n<p><em>Secretario General de UGT Asturias<\/em><\/p>\n\n\n\n<p>Ignacio Garc\u00eda L\u00f3pez<\/p>\n\n\n\n<p><em>Director del \u00c1rea de Apoyo Corporativo y Responsable Jur\u00eddico de la Federaci\u00f3n Asturiana de Empresarios<\/em><\/p>\n\n\n\n<p>Helena Plaza<\/p>\n\n\n\n<p><em>Responsable del Espacio Joven de CC.OO. d\u00b4Asturies<\/em><\/p>\n\n\n\n<figure class=\"wp-block-embed is-type-video is-provider-youtube wp-block-embed-youtube wp-embed-aspect-16-9 wp-has-aspect-ratio\"><div class=\"wp-block-embed__wrapper\">\n<iframe loading=\"lazy\" title=\"Clausura Jornadas Internacionales sobre &quot;Representaci\u00f3n del personal y negociaci\u00f3n colectiva&quot;\" width=\"525\" height=\"295\" src=\"https:\/\/www.youtube.com\/embed\/1uuaO3bQ9xY?feature=oembed\" frameborder=\"0\" allow=\"accelerometer; autoplay; clipboard-write; encrypted-media; gyroscope; picture-in-picture\" allowfullscreen><\/iframe>\n<\/div><figcaption>V\u00eddeo de la clausura<\/figcaption><\/figure>\n\n\n\n<p><\/p>\n\n\n\n<figure class=\"wp-block-image size-large is-resized\"><img decoding=\"async\" loading=\"lazy\" src=\"https:\/\/www.unioviedo.es\/aunas\/wp-content\/uploads\/2022\/09\/Escudo_UO_Horizontal_Color_JPG-01-1-1024x410.jpg\" alt=\"\" class=\"wp-image-1219\" width=\"267\" height=\"106\" srcset=\"https:\/\/www.unioviedo.es\/aunas\/wp-content\/uploads\/2022\/09\/Escudo_UO_Horizontal_Color_JPG-01-1-1024x410.jpg 1024w, https:\/\/www.unioviedo.es\/aunas\/wp-content\/uploads\/2022\/09\/Escudo_UO_Horizontal_Color_JPG-01-1-300x120.jpg 300w, https:\/\/www.unioviedo.es\/aunas\/wp-content\/uploads\/2022\/09\/Escudo_UO_Horizontal_Color_JPG-01-1-768x308.jpg 768w, https:\/\/www.unioviedo.es\/aunas\/wp-content\/uploads\/2022\/09\/Escudo_UO_Horizontal_Color_JPG-01-1-1536x615.jpg 1536w, https:\/\/www.unioviedo.es\/aunas\/wp-content\/uploads\/2022\/09\/Escudo_UO_Horizontal_Color_JPG-01-1.jpg 1802w\" sizes=\"(max-width: 267px) 100vw, 267px\" \/><\/figure>\n\n\n\n<figure class=\"wp-block-image size-large is-resized\"><img decoding=\"async\" loading=\"lazy\" src=\"https:\/\/www.unioviedo.es\/aunas\/wp-content\/uploads\/2022\/09\/375px-Logotipo_del_Ministerio_de_Ciencia_e_Innovacion.svg_-1.png\" alt=\"\" class=\"wp-image-1220\" width=\"295\" height=\"91\" srcset=\"https:\/\/www.unioviedo.es\/aunas\/wp-content\/uploads\/2022\/09\/375px-Logotipo_del_Ministerio_de_Ciencia_e_Innovacion.svg_-1.png 375w, https:\/\/www.unioviedo.es\/aunas\/wp-content\/uploads\/2022\/09\/375px-Logotipo_del_Ministerio_de_Ciencia_e_Innovacion.svg_-1-300x93.png 300w\" sizes=\"(max-width: 295px) 100vw, 295px\" \/><\/figure>\n\n\n\n<p>Con la colaboraci\u00f3n de:<\/p>\n\n\n\n<figure class=\"wp-block-image size-large is-resized\"><img decoding=\"async\" loading=\"lazy\" src=\"https:\/\/www.unioviedo.es\/aunas\/wp-content\/uploads\/2022\/09\/Castellano-horizontal-color-industria-empleo-peconomica-1024x200.png\" alt=\"\" class=\"wp-image-1206\" width=\"319\" height=\"62\" srcset=\"https:\/\/www.unioviedo.es\/aunas\/wp-content\/uploads\/2022\/09\/Castellano-horizontal-color-industria-empleo-peconomica-1024x200.png 1024w, https:\/\/www.unioviedo.es\/aunas\/wp-content\/uploads\/2022\/09\/Castellano-horizontal-color-industria-empleo-peconomica-300x58.png 300w, https:\/\/www.unioviedo.es\/aunas\/wp-content\/uploads\/2022\/09\/Castellano-horizontal-color-industria-empleo-peconomica-768x150.png 768w, https:\/\/www.unioviedo.es\/aunas\/wp-content\/uploads\/2022\/09\/Castellano-horizontal-color-industria-empleo-peconomica-1536x299.png 1536w, https:\/\/www.unioviedo.es\/aunas\/wp-content\/uploads\/2022\/09\/Castellano-horizontal-color-industria-empleo-peconomica-2048x399.png 2048w\" sizes=\"(max-width: 319px) 100vw, 319px\" \/><\/figure>\n\n\n\n<p><\/p>\n","protected":false},"excerpt":{"rendered":"<p>Oviedo, 26 y 27 de septiembre de 2022 Aula Magna de la Facultad de Derecho (d\u00eda 26) y Sal\u00f3n de Grados de la Facultad de Econom\u00eda y Empresa (d\u00eda 27). Campus de \u00abEl Cristo\u00bb s\/n Modalidad presencial y on line Directores: Luis Antonio Fern\u00e1ndez Villaz\u00f3n y Ana Rosa Arg\u00fcelles Blanco Formulario de inscripci\u00f3n (hasta el &hellip; <\/p>\n<p class=\"link-more\"><a href=\"https:\/\/www.unioviedo.es\/aunas\/jornadas-internacionales-sobre-representacion-del-personal-y-estrategias-sindicales-en-los-nuevos-escenarios-laborales\/\" class=\"more-link\">Continuar leyendo<span class=\"screen-reader-text\"> \u00abJornadas Internacionales sobre \u00abRepresentaci\u00f3n del personal y negociaci\u00f3n colectiva en los nuevos escenarios laborales\u00bb\u00bb<\/span><\/a><\/p>\n","protected":false},"author":1,"featured_media":0,"parent":0,"menu_order":0,"comment_status":"closed","ping_status":"closed","template":"","meta":{"footnotes":""},"_links":{"self":[{"href":"https:\/\/www.unioviedo.es\/aunas\/wp-json\/wp\/v2\/pages\/1162"}],"collection":[{"href":"https:\/\/www.unioviedo.es\/aunas\/wp-json\/wp\/v2\/pages"}],"about":[{"href":"https:\/\/www.unioviedo.es\/aunas\/wp-json\/wp\/v2\/types\/page"}],"author":[{"embeddable":true,"href":"https:\/\/www.unioviedo.es\/aunas\/wp-json\/wp\/v2\/users\/1"}],"replies":[{"embeddable":true,"href":"https:\/\/www.unioviedo.es\/aunas\/wp-json\/wp\/v2\/comments?post=1162"}],"version-history":[{"count":51,"href":"https:\/\/www.unioviedo.es\/aunas\/wp-json\/wp\/v2\/pages\/1162\/revisions"}],"predecessor-version":[{"id":1316,"href":"https:\/\/www.unioviedo.es\/aunas\/wp-json\/wp\/v2\/pages\/1162\/revisions\/1316"}],"wp:attachment":[{"href":"https:\/\/www.unioviedo.es\/aunas\/wp-json\/wp\/v2\/media?parent=1162"}],"curies":[{"name":"wp","href":"https:\/\/api.w.org\/{rel}","templated":true}]}}