{"id":158,"date":"2019-07-05T14:33:01","date_gmt":"2019-07-05T12:33:01","guid":{"rendered":"https:\/\/www.unioviedo.es\/aunas\/?page_id=158"},"modified":"2020-11-13T10:18:18","modified_gmt":"2020-11-13T09:18:18","slug":"luis-antonio-fernandez-villazon","status":"publish","type":"page","link":"https:\/\/www.unioviedo.es\/aunas\/luis-antonio-fernandez-villazon\/","title":{"rendered":"Luis Antonio Fern\u00e1ndez Villaz\u00f3n"},"content":{"rendered":"\n<p class=\"has-medium-font-size\">Profesor T. U. de Derecho del Trabajo y de la Seguridad Social, Universidad de Oviedo<\/p>\n\n\n\n<figure class=\"wp-block-image is-resized\"><img decoding=\"async\" loading=\"lazy\" src=\"https:\/\/www.unioviedo.es\/aunas\/wp-content\/uploads\/2019\/09\/396A14AB-E2DC-4284-B4B6-BE4887368425-747x1024.jpeg\" alt=\"\" class=\"wp-image-296\" width=\"153\" height=\"156\"\/><\/figure>\n\n\n\n<p>El Dr. Fern\u00e1ndez Villaz\u00f3n inici\u00f3 su carrera cient\u00edfica con una publicaci\u00f3n pionera en Espa\u00f1a sobre el tratamiento automatizado de datos de car\u00e1cter personal en el \u00e1mbito laboral (Revista Relaciones Laborales, 1994), que a\u00fan hoy es una de los m\u00e1s citadas sobre la materia. Desde entonces, una buena parte de su actividad investigadora se ha centrado en la protecci\u00f3n de los derechos fundamentales de los trabajadores y su interacci\u00f3n con las facultades empresariales de direcci\u00f3n y control, tem\u00e1tica en la que es autor de varias obras de referencia.<\/p>\n\n\n\n<p>Tambi\u00e9n ha desarrollado relevantes estudios en materia de igualdad de g\u00e9nero en las relaciones laborales, sobre la distribuci\u00f3n de competencias entre la jurisdicci\u00f3n social y la contencioso-administrativa (tema de su tesis doctoral), sobre las relaciones laborales en el sector p\u00fablico, el contenido de la negociaci\u00f3n colectiva, el r\u00e9gimen jur\u00eddico del tiempo de trabajo y, m\u00e1s recientemente, acerca de las pol\u00edticas de protecci\u00f3n y fomento del empleo de los grupos m\u00e1s vulnerables. Sobre esta \u00faltima cuesti\u00f3n ha realizado un interesante an\u00e1lisis sobre la conceptuaci\u00f3n jur\u00eddica del t\u00e9rmino grupos vulnerables y la interactuaci\u00f3n entre las pol\u00edticas y el Derecho que \u00e9ste representa.<\/p>\n\n\n\n<p>Ha dirigido una tesis doctoral y liderado tres proyectos nacionales del Programa Nacional de I+D (incluyendo el actual), adem\u00e1s de participar como investigador en otros varios y en un Proyecto Europeo del VII Programa Marco.<\/p>\n\n\n\n<p>Tambi\u00e9n ha realizado numerosas actividades de transferencia, entre las que destacan la emisi\u00f3n de Informes para diversas instituciones, la participaci\u00f3n en la redacci\u00f3n del proyecto de Ley de Igualdad del Principado de Asturias y la actuaci\u00f3n como \u00e1rbitro en un conflicto colectivo en el seno del Servicio Asturiano de Soluci\u00f3n Extrajudicial de Conflictos (SASEC).<\/p>\n\n\n\n<p>Perfil de Luis Antonio Fern\u00e1ndez Villaz\u00f3n en la <a href=\"https:\/\/derechoprivado.uniovi.es\/personal\/pdi\/-\/asset_publisher\/0020\/content\/pdi_fernandez-villazon-luis-antonio;jsessionid=9AE0B18BB696B397A25284CE06F76120?redirect=%2Fpersonal%2Fpdi\">Universidad de Oviedo<\/a><\/p>\n","protected":false},"excerpt":{"rendered":"<p>Profesor T. U. de Derecho del Trabajo y de la Seguridad Social, Universidad de Oviedo El Dr. Fern\u00e1ndez Villaz\u00f3n inici\u00f3 su carrera cient\u00edfica con una publicaci\u00f3n pionera en Espa\u00f1a sobre el tratamiento automatizado de datos de car\u00e1cter personal en el \u00e1mbito laboral (Revista Relaciones Laborales, 1994), que a\u00fan hoy es una de los m\u00e1s citadas &hellip; <\/p>\n<p class=\"link-more\"><a href=\"https:\/\/www.unioviedo.es\/aunas\/luis-antonio-fernandez-villazon\/\" class=\"more-link\">Continuar leyendo<span class=\"screen-reader-text\"> \u00abLuis Antonio Fern\u00e1ndez Villaz\u00f3n\u00bb<\/span><\/a><\/p>\n","protected":false},"author":1,"featured_media":0,"parent":0,"menu_order":0,"comment_status":"closed","ping_status":"closed","template":"","meta":{"footnotes":""},"_links":{"self":[{"href":"https:\/\/www.unioviedo.es\/aunas\/wp-json\/wp\/v2\/pages\/158"}],"collection":[{"href":"https:\/\/www.unioviedo.es\/aunas\/wp-json\/wp\/v2\/pages"}],"about":[{"href":"https:\/\/www.unioviedo.es\/aunas\/wp-json\/wp\/v2\/types\/page"}],"author":[{"embeddable":true,"href":"https:\/\/www.unioviedo.es\/aunas\/wp-json\/wp\/v2\/users\/1"}],"replies":[{"embeddable":true,"href":"https:\/\/www.unioviedo.es\/aunas\/wp-json\/wp\/v2\/comments?post=158"}],"version-history":[{"count":13,"href":"https:\/\/www.unioviedo.es\/aunas\/wp-json\/wp\/v2\/pages\/158\/revisions"}],"predecessor-version":[{"id":673,"href":"https:\/\/www.unioviedo.es\/aunas\/wp-json\/wp\/v2\/pages\/158\/revisions\/673"}],"wp:attachment":[{"href":"https:\/\/www.unioviedo.es\/aunas\/wp-json\/wp\/v2\/media?parent=158"}],"curies":[{"name":"wp","href":"https:\/\/api.w.org\/{rel}","templated":true}]}}