{"id":162,"date":"2019-07-05T14:42:58","date_gmt":"2019-07-05T12:42:58","guid":{"rendered":"https:\/\/www.unioviedo.es\/aunas\/?page_id=162"},"modified":"2019-11-12T09:53:31","modified_gmt":"2019-11-12T08:53:31","slug":"ana-rosa-arguelles-blanco","status":"publish","type":"page","link":"https:\/\/www.unioviedo.es\/aunas\/ana-rosa-arguelles-blanco\/","title":{"rendered":"Ana Rosa Arg\u00fcelles Blanco"},"content":{"rendered":"\n<p class=\"has-medium-font-size\">Catedr\u00e1tica de Derecho del Trabajo y de la Seguridad Social, Universidad de Oviedo<\/p>\n\n\n\n<figure class=\"wp-block-image is-resized\"><img decoding=\"async\" loading=\"lazy\" src=\"https:\/\/www.unioviedo.es\/aunas\/wp-content\/uploads\/2019\/09\/FCCE3B79-7A1E-47B9-B9FD-7D84B23EA945-1024x933.jpeg\" alt=\"\" class=\"wp-image-297\" width=\"160\" height=\"153\"\/><\/figure>\n\n\n\n<p>Ana Rosa Arg\u00fcelles Blanco es Doctora en Derecho desde el 08-03-1996 y fue Profesora Titular de Universidad de Derecho del Trabajo y de la Seguridad Social de 1999 a 2019, a\u00f1o en que accede al Cuerpo de Catedr\u00e1ticos de Universidad.<br>En cuanto su perfil docente, se incorpor\u00f3 a la Universidad de Oviedo como Profesora Asociada a Tiempo Completo el 8-01-1990, encadenando sucesivos contratos y figuras que la han vinculado hasta la fecha con esa entidad, donde imparte en clases te\u00f3ricas y pr\u00e1cticas en el Grado en Derecho (Facultad de Derecho), en el Grado en Relaciones Laborales y Recursos Humanos (Facultad de Econom\u00eda y Empresa), en el M\u00e1ster Erasmus Mundus GEMMA. Master Europeo conjunto en Estudios de las Mujeres y de G\u00e9nero (desde 2008) y en el M\u00e1ster Protecci\u00f3n jur\u00eddica de las personas de las personas y los grupos vulnerables (desde 2011). Imparti\u00f3 clases como profesora visitante en la Facultad de Derecho y Ciencias pol\u00edticas de la Universidad Central de Panam\u00e1, por invitaci\u00f3n del profesor Rolando Murgas (1999) y en el Master-Doctorado Oficial en Estudios para la Igualdad de g\u00e9nero en Ciencias Humanas, Sociales y Jur\u00eddicas de UIMP-CSIC (2008-2010). Tambi\u00e9n ha sido durante varios a\u00f1os profesora-tutora en el Centro asociado de la UNED de Gij\u00f3n- Asturias.<\/p>\n\n\n\n<p>Ha participado en un total de 12 proyectos de investigaci\u00f3n (en 4 como Investigadora Principal, 2 auton\u00f3micos y dos del Plan Nacional) y 10 contratos de investigaci\u00f3n (8 como IP). Present\u00f3 15 comunicaciones en congresos nacionales e internacionales y ha participado como ponente invitada en 19 jornadas y conferencias en entornos acad\u00e9micos y 9 en entornos t\u00e9cnico-profesionales. Ha realizado estancias de investigaci\u00f3n en dos centros asociados al CNRS: el Centre d\u00bfInvestiation et Recherches Critiques sur le Droit, bajo la Direcci\u00f3n del Profesor Antoine Jeammaud (predoctoral, 1993) y la Maison de Sciences de l\u00bfHomme Ange Gu\u00e9pin, bajo la Direcci\u00f3n del Profesor Alain Supiot (postdoctoral, 1999).<br>Ha sido Vicesecretaria General de la Universidad de Oviedo (2004-2007), Secretaria del Departamento (1996-1998), miembro del Claustro en representaci\u00f3n de diferentes cuerpos, as\u00ed como miembro de la Comisi\u00f3n de Gobierno de la Escuela Universitaria de Relaciones Laborales y de la Facultad de Econom\u00eda y Empresa, donde en la actualidad tambi\u00e9n forma parte de su Comisi\u00f3n de Calidad. Pertenece a la Asociaci\u00f3n Espa\u00f1ola de Derecho del Trabajo y de la Seguridad (AEDTSS), a la Asociaci\u00f3n para el Estudio del Derecho Universitario (AEDUN) y es tambi\u00e9n socia-fundadora y miembro de la Junta Directiva de GENET-Red Transversal de estudios de g\u00e9nero en ciencias sociales, humanas y jur\u00eddicas.<br>En paralelo, ha desarrollado una intensa labor de divulgaci\u00f3n en prensa, cursos de formaci\u00f3n y seminarios organizados por administraciones p\u00fablicas y agentes sociales.<br>Sus principales l\u00edneas de investigaci\u00f3n incluyen la suspensi\u00f3n del contrato de trabajo y las excedencias, la igualdad de trato y oportunidades en las relaciones laborales, representaci\u00f3n y participaci\u00f3n del personal en las empresas, negociaci\u00f3n colectiva, personal laboral en administraciones p\u00fablicas, ordenaci\u00f3n del tiempo de trabajo y grupos vulnerables en las relaciones laborales.<\/p>\n\n\n\n<p>Perfil de Ana Rosa Arg\u00fcelles Blanco en la <a href=\"https:\/\/derechoprivado.uniovi.es\/personal\/pdi\/-\/asset_publisher\/0020\/content\/pdi_arguelles-blanco-ana-rosa?redirect=%2Fpersonal%2Fpdi\">Universidad de Oviedo<\/a><\/p>\n","protected":false},"excerpt":{"rendered":"<p>Catedr\u00e1tica de Derecho del Trabajo y de la Seguridad Social, Universidad de Oviedo Ana Rosa Arg\u00fcelles Blanco es Doctora en Derecho desde el 08-03-1996 y fue Profesora Titular de Universidad de Derecho del Trabajo y de la Seguridad Social de 1999 a 2019, a\u00f1o en que accede al Cuerpo de Catedr\u00e1ticos de Universidad.En cuanto su &hellip; <\/p>\n<p class=\"link-more\"><a href=\"https:\/\/www.unioviedo.es\/aunas\/ana-rosa-arguelles-blanco\/\" class=\"more-link\">Continuar leyendo<span class=\"screen-reader-text\"> \u00abAna Rosa Arg\u00fcelles Blanco\u00bb<\/span><\/a><\/p>\n","protected":false},"author":1,"featured_media":0,"parent":0,"menu_order":0,"comment_status":"closed","ping_status":"closed","template":"","meta":{"footnotes":""},"_links":{"self":[{"href":"https:\/\/www.unioviedo.es\/aunas\/wp-json\/wp\/v2\/pages\/162"}],"collection":[{"href":"https:\/\/www.unioviedo.es\/aunas\/wp-json\/wp\/v2\/pages"}],"about":[{"href":"https:\/\/www.unioviedo.es\/aunas\/wp-json\/wp\/v2\/types\/page"}],"author":[{"embeddable":true,"href":"https:\/\/www.unioviedo.es\/aunas\/wp-json\/wp\/v2\/users\/1"}],"replies":[{"embeddable":true,"href":"https:\/\/www.unioviedo.es\/aunas\/wp-json\/wp\/v2\/comments?post=162"}],"version-history":[{"count":8,"href":"https:\/\/www.unioviedo.es\/aunas\/wp-json\/wp\/v2\/pages\/162\/revisions"}],"predecessor-version":[{"id":382,"href":"https:\/\/www.unioviedo.es\/aunas\/wp-json\/wp\/v2\/pages\/162\/revisions\/382"}],"wp:attachment":[{"href":"https:\/\/www.unioviedo.es\/aunas\/wp-json\/wp\/v2\/media?parent=162"}],"curies":[{"name":"wp","href":"https:\/\/api.w.org\/{rel}","templated":true}]}}