{"id":315,"date":"2019-09-06T11:37:00","date_gmt":"2019-09-06T09:37:00","guid":{"rendered":"https:\/\/www.unioviedo.es\/aunas\/?page_id=315"},"modified":"2019-09-06T11:46:39","modified_gmt":"2019-09-06T09:46:39","slug":"jose-a-soler-arrebola","status":"publish","type":"page","link":"https:\/\/www.unioviedo.es\/aunas\/jose-a-soler-arrebola\/","title":{"rendered":"Jose A. Soler Arrebola"},"content":{"rendered":"\n<p class=\"has-medium-font-size\">Profesor T.U. Derecho del Trabajo y Seguridad Social de la Universidad de Almer\u00eda<\/p>\n\n\n\n<figure class=\"wp-block-image is-resized\"><img decoding=\"async\" loading=\"lazy\" src=\"https:\/\/www.unioviedo.es\/aunas\/wp-content\/uploads\/2019\/09\/soler-arrebola-jose-683x1024.jpg\" alt=\"\" class=\"wp-image-316\" width=\"153\" height=\"155\"\/><\/figure>\n\n\n\n<p>Jos\u00e9 A. Soler Arrebola es Licenciado en Derecho por la Universidad de Granada y Doctor desde 1999 por la Universidad de Almer\u00eda. Actualmente ejerce como profesor Titular de Derecho del Trabajo y Seguridad Social en esta \u00faltima.<\/p>\n\n\n\n<p>En su haber cuenta con m\u00e1s de una treintena de publicaciones de diferente \u00edndole destacando monograf\u00edas relativas a la relaci\u00f3n laboral penitenciaria, inserci\u00f3n laboral, el trabajo de aut\u00f3nomos econ\u00f3micamente dependientes o en materia de aspectos laborales en procesos de reversi\u00f3n de servicios p\u00fablicos. Sus l\u00edneas de investigaci\u00f3n tambi\u00e9n se han centrado en diferentes campos entre los que se pueden rese\u00f1ar los relacionados con la evoluci\u00f3n de los Acuerdos Marco Internacionales y los relativos al papel del sindicalismo y la negociaci\u00f3n colectiva en el desarrollo de las relaciones de trabajo, as\u00ed como las derivadas laborales en los procesos de reestructuraciones empresariales.&nbsp;<\/p>\n\n\n\n<p>Ha participado como miembro en numerosos proyectos I+D en diferentes universidades como Salamanca, Granada, Alcal\u00e1 de Henares, Mil\u00e1n y actualmente Oviedo. Asimismo ha intervenido como ponente en distintos congresos tanto nacionales como internacionales. Tambi\u00e9n ha sido galardonado con el premio Blas Infante de Estudios e Investigaci\u00f3n sobre Administraci\u00f3n y Gesti\u00f3n Publica en su d\u00e9cima edici\u00f3n. En la actualidad es claustral y Coordinador del Grado de Relaciones Laborales y Recursos Humanos en la Universidad de Almer\u00eda.<\/p>\n\n\n\n<p>Perfil de Jose A. Soler en la <a href=\"https:\/\/cms.ual.es\/UAL\/personas\/persona.htm?id=505250505748545686\">Universidad de Almer\u00eda<\/a><\/p>\n","protected":false},"excerpt":{"rendered":"<p>Profesor T.U. Derecho del Trabajo y Seguridad Social de la Universidad de Almer\u00eda Jos\u00e9 A. Soler Arrebola es Licenciado en Derecho por la Universidad de Granada y Doctor desde 1999 por la Universidad de Almer\u00eda. Actualmente ejerce como profesor Titular de Derecho del Trabajo y Seguridad Social en esta \u00faltima. En su haber cuenta con &hellip; <\/p>\n<p class=\"link-more\"><a href=\"https:\/\/www.unioviedo.es\/aunas\/jose-a-soler-arrebola\/\" class=\"more-link\">Continuar leyendo<span class=\"screen-reader-text\"> \u00abJose A. Soler Arrebola\u00bb<\/span><\/a><\/p>\n","protected":false},"author":1,"featured_media":0,"parent":0,"menu_order":0,"comment_status":"closed","ping_status":"closed","template":"","meta":{"footnotes":""},"_links":{"self":[{"href":"https:\/\/www.unioviedo.es\/aunas\/wp-json\/wp\/v2\/pages\/315"}],"collection":[{"href":"https:\/\/www.unioviedo.es\/aunas\/wp-json\/wp\/v2\/pages"}],"about":[{"href":"https:\/\/www.unioviedo.es\/aunas\/wp-json\/wp\/v2\/types\/page"}],"author":[{"embeddable":true,"href":"https:\/\/www.unioviedo.es\/aunas\/wp-json\/wp\/v2\/users\/1"}],"replies":[{"embeddable":true,"href":"https:\/\/www.unioviedo.es\/aunas\/wp-json\/wp\/v2\/comments?post=315"}],"version-history":[{"count":6,"href":"https:\/\/www.unioviedo.es\/aunas\/wp-json\/wp\/v2\/pages\/315\/revisions"}],"predecessor-version":[{"id":323,"href":"https:\/\/www.unioviedo.es\/aunas\/wp-json\/wp\/v2\/pages\/315\/revisions\/323"}],"wp:attachment":[{"href":"https:\/\/www.unioviedo.es\/aunas\/wp-json\/wp\/v2\/media?parent=315"}],"curies":[{"name":"wp","href":"https:\/\/api.w.org\/{rel}","templated":true}]}}