{"id":337,"date":"2019-09-26T17:37:14","date_gmt":"2019-09-26T15:37:14","guid":{"rendered":"https:\/\/www.unioviedo.es\/aunas\/?page_id=337"},"modified":"2019-09-26T17:48:42","modified_gmt":"2019-09-26T15:48:42","slug":"maria-leonor-suarez-llanos","status":"publish","type":"page","link":"https:\/\/www.unioviedo.es\/aunas\/maria-leonor-suarez-llanos\/","title":{"rendered":"Mar\u00eda Leonor Su\u00e1rez Llanos"},"content":{"rendered":"\n<p class=\"has-medium-font-size\">Profesora T. U. de Filosof\u00eda del Derecho (Universidad de Oviedo)<\/p>\n\n\n\n<figure class=\"wp-block-image is-resized\"><img decoding=\"async\" loading=\"lazy\" src=\"https:\/\/www.unioviedo.es\/aunas\/wp-content\/uploads\/2019\/09\/foto-leonor-738x1024.jpg\" alt=\"\" class=\"wp-image-338\" width=\"153\" height=\"156\"\/><\/figure>\n\n\n\n<p>Leonor Su\u00e1rez Llanos es autora de m\u00e1s de treinta publicaciones en editoriales y revistas del m\u00e1ximo prestigio jur\u00eddico. La gran mayor\u00eda de los art\u00edculos cient\u00edficos en revistas del primer cuartil de los \u00edndices jur\u00eddicos.<\/p>\n\n\n\n<p>La trayectoria de investigaci\u00f3n desarrollada hasta el momento da cuenta de un proceso sucesivo de an\u00e1lisis del fen\u00f3meno jur\u00eddico en el contexto de las sociedades desarrolladas, que aspira conocerlo para comprenderlo en sus distintas y fundamentales dimensiones y, de esta forma, a dise\u00f1ar, conforme a claves racionales de correcci\u00f3n, los recursos cr\u00edticos y de fundamentaci\u00f3n que permita su transformaci\u00f3n y adecuaci\u00f3n a las exigencias de una sociedad cambiante y protectora de los derechos.<\/p>\n\n\n\n<p>Ordenada cronol\u00f3gica y sistem\u00e1ticamente, esta l\u00ednea de investigaci\u00f3n part\u00eda en su momento&nbsp;&nbsp;del an\u00e1lisis de las condiciones de legitimidad pol\u00edtico y jur\u00eddica en el marco de los Estados de Derecho desarrollados, poniendo en conexi\u00f3n la definici\u00f3n de la protecci\u00f3n de los derechos y la democracia con los desarrollos cr\u00edticos que objetaban su posibilidad en t\u00e9rminos de legitimidad&nbsp;&nbsp;y protecci\u00f3n jur\u00eddica de los derechos. En este punto la investigaci\u00f3n desarroll\u00f3 cr\u00edticamente las claves del liberalismo pol\u00edtico que sustenta el Estado de Derecho desde la perspectiva comunitarista. El rendimiento fundamental de esta investigaci\u00f3n es haber ofrecido un an\u00e1lisis comunitarista del liberalismo pol\u00edtico completo y complejo conceptual, cr\u00edtico y de fundamentaci\u00f3n compendiado en el libro&nbsp;<em>La Teor\u00eda Comunitarista y la Filosof\u00eda Pol\u00edtica<\/em>.<\/p>\n\n\n\n<p>Esta l\u00ednea de investigaci\u00f3n cr\u00edtica y de fundamentaci\u00f3n del Derecho en el contexto pol\u00edtico de los Estados de Derecho se desarroll\u00f3 posteriormente con el an\u00e1lisis complejo y cr\u00edtico de la estructura garantista y de la teor\u00eda y din\u00e1mica del Derecho, la aplicaci\u00f3n y la motivaci\u00f3n, conforme a la teor\u00eda de g\u00e9nero. El resultado se plasm\u00f3 en el libro&nbsp;<em>Teor\u00eda Feminista, Pol\u00edtica y Derecho.<\/em><\/p>\n\n\n\n<p>En esa etapa la investigaci\u00f3n se centr\u00f3 en el an\u00e1lisis conforme a distintas claves y perspectivas de la legitimidad y validez jur\u00eddica, los criterios formales y materiales de racionalidad y correcci\u00f3n&nbsp;&nbsp;y la argumentaci\u00f3n. As\u00ed, en este periodo, adem\u00e1s de los apuntados libros fue impulsando an\u00e1lisis concretos que aparecen en forma de art\u00edculos centrado en las claves de racionalidad, validez, argumentaci\u00f3n y dise\u00f1o, articulaci\u00f3n y cr\u00edtica de la anal\u00edtica jur\u00eddica. De ello dan cuenta, entre otros, \u201cPositivismo cr\u00edtico comprehensivo (no incluyente, no exclusivo pero excluyente)\u201d, \u201cRaz\u00f3n pr\u00e1ctica y argumentaci\u00f3n en MacCormick: de la descripci\u00f3n a la justificaci\u00f3n cr\u00edtico-normativa\u201d, \u201cEl sue\u00f1o de la codificaci\u00f3n y el despertar del Derecho\u201d, \u201cEl concepto din\u00e1mico de validez jur\u00eddica neoinstitucionalista\u201d, \u201cPlanteamiento anal\u00edtico-usanal\u00edtico: el aspecto ontol\u00f3gico\u201d, \u201cCondiciones im-probables: la correcci\u00f3n y la coherencia iuspositivista<em>.<\/em><\/p>\n\n\n\n<p>A su vez, este an\u00e1lisis de las condiciones de la validez y la correcci\u00f3n abri\u00f3 una etapa en la que el an\u00e1lisis se centr\u00f3 en la racionalidad y correcci\u00f3n legislativa, tanto desde la perspectiva sustantiva, que dio sus resultados p.ej. con \u201cLa cultura jur\u00eddica y el pluralismo jur\u00eddico. Problemas de definici\u00f3n\u201d, \u201cLa ley de la muerte: eutanasia, \u00e9ticas y derechos\u201d, \u201c\u00bfPor qu\u00e9 no derechos si son sociales?\u201d, \u201cEstado de Derecho, derechos sociales y vulnerabilidad t\u00e9cnica\u201d, \u201cEl `juicio legal\u00b4: \u00bftienen raz\u00f3n las leyes?\u201d Cuanto desde la perspectiva conceptual y de fundamentaci\u00f3n que tom\u00f3 cuerpo en&nbsp;<em>La Ley Desmedida: Estudios de Legislaci\u00f3n, Seguridad y Jurisdicci\u00f3n.<\/em><\/p>\n\n\n\n<p>La continuaci\u00f3n natural de todo eso se desarroll\u00f3 en una investigaci\u00f3n centrada en la cr\u00edtica de los modelos de justicia en sentido extenso, como se constata en \u201cLa Justicia como Ideal, como contexto y como pretexto\u201d y en sentido t\u00e9cnico jur\u00eddico, que se concret\u00f3 en el an\u00e1lisis de la responsabilidad jur\u00eddica civil y administrativa desde un planteamiento cr\u00edtico de la teor\u00eda causal. Este an\u00e1lisis tom\u00f3 cuerpo en el libro&nbsp;<em>La Teor\u00eda de la P\u00e9rdida de Oportunidad. La responsabilidad jur\u00eddica por lo que no se hizo o no se dijo bien impidiendo a otro disfrutar de una ventaja.<\/em><\/p>\n\n\n\n<p>En la actualidad la investigadora avanza en el proyecto de investigaci\u00f3n de los modelos de racionalidad desde una perspectiva complejas y alternativas a las tradicional y dogm\u00e1ticamente establecidas. El objetivo es cr\u00edtico normativa, deconstructivo y reconstructivo frente a una realidad jur\u00eddica desgastada ante el r\u00e1pido desarrollo social y la sucesiva adquisici\u00f3n de consciencia acerca de la limitaci\u00f3n de nuestros instrumentos de fundamentaci\u00f3n y desarrollo del Derecho.<\/p>\n\n\n\n<p>Este an\u00e1lisis cr\u00edtico ha tomado cuerpo, de una parte, en distintos an\u00e1lisis referidos a cuestiones conceptualmente limitadas, como \u201cCaracterizaci\u00f3n de las personas y grupos vulnerables referidos\u201d, \u201cMujer p\u00fablica, hombre p\u00fablico y morales privadas\u201d, y a la revisi\u00f3n de la alternativa metodol\u00f3gica narrativa, p.ej., en \u201cLiteratura del Derecho: entre la ciencia jur\u00eddica y la cr\u00edtica literatura\u201d o \u201cSostiene el Derecho relaciones peligrosas. Ley y literatura\u201d.<\/p>\n\n\n\n<p>Y de otra, en un estudio completo y complejo de la estructura din\u00e1mica de articulaci\u00f3n y fundamentaci\u00f3n del Derecho desde la teor\u00eda cr\u00edtica del Derecho articulada en torno al posmodernismo jur\u00eddico que se materializa en&nbsp;<em>El Posmodernismo Jur\u00eddico y la Filosof\u00eda de Derecho.<\/em><\/p>\n\n\n\n<p>Actualmente desarrolla su investigaci\u00f3n en torno a la aplicaci\u00f3n de los modelos alternativos de fundamentaci\u00f3n y critica de la racionalidad en los distintos \u00e1mbitos jur\u00eddicos, destacando las necesidades espec\u00edficas derivadas de la vulnerabilidad social, econ\u00f3mica, pol\u00edtica y jur\u00eddica estructural y especialmente en relaci\u00f3n con la actuaci\u00f3n de decisi\u00f3n legislativa y judicial. Tal es el sentido de su aportaci\u00f3n en el presente proyecto, con el que trata de integrar la perspectiva interdisciplinar en la elaboraci\u00f3n normativa y de justificaci\u00f3n de la materia concreta el an\u00e1lisis cr\u00edtico conceptual de los derechos, la autonom\u00eda de la voluntad, el desarrollo de los modelos de relaci\u00f3n laboral y la protecci\u00f3n de los derechos de las personas y los grupos vulnerables.<\/p>\n\n\n\n<p>Perfil de Leonor Su\u00e1rez llanos en la <a href=\"https:\/\/cjb.uniovi.es\/areas\/filosofiadelderecho\/-\/asset_publisher\/y5pU\/content\/suarez-llanos-maria-leonor\">Universidad de Oviedo<\/a><\/p>\n","protected":false},"excerpt":{"rendered":"<p>Profesora T. U. de Filosof\u00eda del Derecho (Universidad de Oviedo) Leonor Su\u00e1rez Llanos es autora de m\u00e1s de treinta publicaciones en editoriales y revistas del m\u00e1ximo prestigio jur\u00eddico. La gran mayor\u00eda de los art\u00edculos cient\u00edficos en revistas del primer cuartil de los \u00edndices jur\u00eddicos. La trayectoria de investigaci\u00f3n desarrollada hasta el momento da cuenta de &hellip; <\/p>\n<p class=\"link-more\"><a href=\"https:\/\/www.unioviedo.es\/aunas\/maria-leonor-suarez-llanos\/\" class=\"more-link\">Continuar leyendo<span class=\"screen-reader-text\"> \u00abMar\u00eda Leonor Su\u00e1rez Llanos\u00bb<\/span><\/a><\/p>\n","protected":false},"author":1,"featured_media":0,"parent":0,"menu_order":0,"comment_status":"closed","ping_status":"closed","template":"","meta":{"footnotes":""},"_links":{"self":[{"href":"https:\/\/www.unioviedo.es\/aunas\/wp-json\/wp\/v2\/pages\/337"}],"collection":[{"href":"https:\/\/www.unioviedo.es\/aunas\/wp-json\/wp\/v2\/pages"}],"about":[{"href":"https:\/\/www.unioviedo.es\/aunas\/wp-json\/wp\/v2\/types\/page"}],"author":[{"embeddable":true,"href":"https:\/\/www.unioviedo.es\/aunas\/wp-json\/wp\/v2\/users\/1"}],"replies":[{"embeddable":true,"href":"https:\/\/www.unioviedo.es\/aunas\/wp-json\/wp\/v2\/comments?post=337"}],"version-history":[{"count":5,"href":"https:\/\/www.unioviedo.es\/aunas\/wp-json\/wp\/v2\/pages\/337\/revisions"}],"predecessor-version":[{"id":344,"href":"https:\/\/www.unioviedo.es\/aunas\/wp-json\/wp\/v2\/pages\/337\/revisions\/344"}],"wp:attachment":[{"href":"https:\/\/www.unioviedo.es\/aunas\/wp-json\/wp\/v2\/media?parent=337"}],"curies":[{"name":"wp","href":"https:\/\/api.w.org\/{rel}","templated":true}]}}