{"id":321,"date":"2019-07-08T14:50:08","date_gmt":"2019-07-08T12:50:08","guid":{"rendered":"https:\/\/www.unioviedo.es\/blueports2019\/?page_id=321"},"modified":"2019-12-13T16:15:27","modified_gmt":"2019-12-13T15:15:27","slug":"inicio-espanol","status":"publish","type":"page","link":"https:\/\/www.unioviedo.es\/blueports2019\/index.php\/inicio-espanol\/","title":{"rendered":"Inicio Espa\u00f1ol"},"content":{"rendered":"<p>[vc_row row_type=\u00bbparallax\u00bb parallax_content_width=\u00bbin_grid\u00bb anchor=\u00bbtechnology\u00bb text_align=\u00bbleft\u00bb background_image=\u00bb111&#8243; full_screen_section_height=\u00bbno\u00bb el_id=\u00bbabout\u00bb][vc_column css=\u00bb.vc_custom_1463569538098{padding-top: 28% !important;}\u00bb offset=\u00bbvc_col-lg-6 vc_col-md-6&#8243;][vc_column_text]<\/p>\n<h4 style=\"text-align: center;\"><span style=\"color: #ffffff;\">\u00bfQu\u00e9 es BluePorts 2019?<del><\/del><\/span><\/h4>\n<p>[\/vc_column_text][vc_separator type=\u00bbtransparent\u00bb thickness=\u00bb0&#8243; up=\u00bb0&#8243; down=\u00bb24&#8243;][vc_column_text]<span style=\"color: #ffffff;\">BluePorts 2019 es un TALLER INTERNACIONAL dirigido a todas las personas interesadas en los puertos, investigadores\/as, gerentes, docentes, estudiantes y ciudadanos\/as preocupados\/as por un tema de actualidad candente: Puertos biol\u00f3gicamente seguros. Organizado por el Observatorio Marino de Asturias (Espa\u00f1a), la Autoridad Portuaria de Gij\u00f3n y la Fundaci\u00f3n de la Universidad de Oviedo, est\u00e1 coordinado por el Prof. Yaisel J. Borrell (Universidad de Oviedo) y el Prof. Eduardo Dopico (Universidad de Oviedo) bajo la Direcci\u00f3n de la profesora Eva Garc\u00eda-V\u00e1zquez (Universidad de Oviedo).<\/span>[\/vc_column_text][vc_separator type=\u00bbtransparent\u00bb thickness=\u00bb0&#8243; up=\u00bb0&#8243; down=\u00bb65&#8243;][vc_empty_space height=\u00bb75px\u00bb][\/vc_column][vc_column css=\u00bb.vc_custom_1463569399975{padding-top: 20% !important;}\u00bb offset=\u00bbvc_col-lg-6 vc_col-md-6&#8243;][vc_single_image image=\u00bb154&#8243; img_size=\u00bbfull\u00bb alignment=\u00bbright\u00bb qode_css_animation=\u00bb\u00bb][\/vc_column][\/vc_row][vc_row css_animation=\u00bb\u00bb row_type=\u00bbrow\u00bb use_row_as_full_screen_section=\u00bbno\u00bb type=\u00bbgrid\u00bb anchor=\u00bbspeakers\u00bb angled_section=\u00bbno\u00bb text_align=\u00bbcenter\u00bb background_image_as_pattern=\u00bbwithout_pattern\u00bb css=\u00bb.vc_custom_1562180623049{padding-top: 141px !important;}\u00bb z_index=\u00bb\u00bb][vc_column][vc_column_text]<\/p>\n<h4>\u00bfPor qu\u00e9 BluePorts 2019?<\/h4>\n<p>[\/vc_column_text][vc_separator type=\u00bbtransparent\u00bb thickness=\u00bb0&#8243; up=\u00bb0&#8243; down=\u00bb27&#8243;][vc_column_text]<\/p>\n<p style=\"text-align: left;\">Prevenir la introducci\u00f3n de especies ex\u00f3ticas invasoras es una de las principales l\u00edneas de acci\u00f3n previstas por la Comisi\u00f3n Europea en la pr\u00f3xima estrategia de crecimiento azul de la EU. La introducci\u00f3n de estos organismos en puertos, \u00e1reas costeras y cuencas hidrogr\u00e1ficas est\u00e1 da\u00f1ando los ecosistemas acu\u00e1ticos de todo el mundo, con costes directos estimados de muchos millones de d\u00f3lares gastados en el monitoreo, la prevenci\u00f3n de la propagaci\u00f3n y la remediaci\u00f3n de los ecosistemas.<br \/>\nLas invasiones de especies marinas no aut\u00f3ctonas (NIS) son, por lo tanto, una de las mayores amenazas para la biodiversidad y para las econom\u00edas azules sostenibles. Los puertos son las principales puertas de entrada de biota ex\u00f3tica en aguas europeas, principalmente a trav\u00e9s de bioincrustaciones y agua de lastre. La directiva europea sobre Instalaciones de Recepci\u00f3n Portuaria obliga a los puertos a proporcionar a los buques que descargan desechos, instalaciones de recepci\u00f3n adecuadas a tal fin. Dentro de este objetivo, es necesario dise\u00f1ar, probar y demostrar la instalaci\u00f3n de recepci\u00f3n portuaria \u00abideal\u00bb y los servicios apropiados para acoger agua de lastre o enturbiada con gas\u00f3leos y aceites (como primera preocupaci\u00f3n). El objetivo es crear conciencia y motivaci\u00f3n dentro de la comunidad mar\u00edtima para detener las descargas en el mar mediante el dise\u00f1o por consenso de \u00abServicios de puerto azul\u00bb. Estas estrategias deben involucrar no solo a las partes interesadas del puerto sino a toda la sociedad. Sin embargo, a pesar de todo el conocimiento disponible sobre las estrategias de detecci\u00f3n y prevenci\u00f3n de NIS, a\u00fan est\u00e1n lejos de implementarse medidas efectivas dentro de los puertos. Adem\u00e1s, se han identificado deficiencias de comunicaci\u00f3n y apoyo entre los puertos radicados en las ciudades y la ciudadan\u00eda. En este escenario, BluePorts 2019 invita a la comunidad acad\u00e9mica, autoridades portuarias, partes interesadas y ciudadanos en general, a presentar y discutir sus iniciativas y experiencias con el objetivo de evolucionar<br \/>\ndesde los Puertos a los Puertos Azules m\u00e1s all\u00e1 de 2020.<\/p>\n<p>[\/vc_column_text][vc_empty_space height=\u00bb75px\u00bb][\/vc_column][\/vc_row][vc_row row_type=\u00bbparallax\u00bb parallax_content_width=\u00bbin_grid\u00bb anchor=\u00bbtechnology\u00bb text_align=\u00bbleft\u00bb background_image=\u00bb111&#8243; full_screen_section_height=\u00bbno\u00bb el_id=\u00bblocation\u00bb][vc_column css=\u00bb.vc_custom_1562174849171{padding-top: 25% !important;}\u00bb offset=\u00bbvc_col-lg-6 vc_col-md-6&#8243;][vc_column_text]<\/p>\n<p style=\"text-align: center;\"><iframe loading=\"lazy\" style=\"border: 0;\" src=\"https:\/\/www.google.com\/maps\/embed?pb=!1m14!1m8!1m3!1d23131.152468552016!2d-5.7068177!3d43.5566714!3m2!1i1024!2i768!4f13.1!3m3!1m2!1s0xd367dcb7bf3f147%3A0xb90d38458db49a0d!2sPuerto+de+El+Musel%2C+Gij%C3%B3n%2C+Asturias!5e0!3m2!1ses!2ses!4v1562172350962!5m2!1ses!2ses\" width=\"75%\" height=\"200\" frameborder=\"0\" allowfullscreen=\"allowfullscreen\"><\/iframe><\/p>\n<p>[\/vc_column_text][vc_column_text]<\/p>\n<p style=\"text-align: center;\"><iframe loading=\"lazy\" style=\"border: 0;\" src=\"https:\/\/www.google.com\/maps\/embed?pb=!1m14!1m8!1m3!1d11568.493800558732!2d-5.66217!3d43.5414685!3m2!1i1024!2i768!4f13.1!3m3!1m2!1s0x0%3A0x610363fb25f658f3!2sCentro+Cultura+Antiguo+Instituto+Jovellanos!5e0!3m2!1ses!2ses!4v1562174106424!5m2!1ses!2ses\" width=\"75%\" height=\"200\" frameborder=\"0\" allowfullscreen=\"allowfullscreen\"><\/iframe><\/p>\n<p>[\/vc_column_text][vc_empty_space height=\u00bb75px\u00bb][\/vc_column][vc_column css=\u00bb.vc_custom_1463569399975{padding-top: 20% !important;}\u00bb offset=\u00bbvc_col-lg-6 vc_col-md-6&#8243;][vc_column_text]<\/p>\n<h4 style=\"text-align: center;\"><span style=\"color: #ffffff;\">\u00bfD\u00f3nde?<del><\/del><\/span><\/h4>\n<p>[\/vc_column_text][vc_separator type=\u00bbtransparent\u00bb thickness=\u00bb0&#8243; up=\u00bb0&#8243; down=\u00bb24&#8243;][vc_column_text]<span style=\"color: #ffffff;\">La ciudad de Gij\u00f3n es un referente en Asturias (Espa\u00f1a), para la conciencia ciudadana sobre pol\u00edtica y acciones de regeneraci\u00f3n ambiental. BluePorts 2019 es una oportunidad para reforzar ese rol y hacer de la ciudad un nuevo espacio de debate acad\u00e9mico y ciudadano relevante para acciones de gesti\u00f3n sostenible en defensa de los ecosistemas.<\/span><\/p>\n<p>&nbsp;<\/p>\n<p><span style=\"color: #ffffff;\">El evento est\u00e1 organizado en dos espacios diferentes de la ciudad de Gij\u00f3n.<\/span><\/p>\n<p>&nbsp;<\/p>\n<ul>\n<li><span style=\"color: #ffffff;\">Las sesiones del taller cient\u00edfico, s\u00f3lo para los\/as participantes, incluyen presentaciones, coloquios y debates. Se llevar\u00e1n a cabo en las incre\u00edbles instalaciones del Anfiteatro del puerto de El Musel de Gij\u00f3n.<\/span><\/li>\n<li><span style=\"color: #ffffff;\">Las sesiones de p\u00f3ster estar\u00e1n abiertas al p\u00fablico en el Centro de Cultura Antiguo Instituto Jovellanos, cercano al Ayuntamiento. Los ciudadanos y ciudadanas de Gij\u00f3n est\u00e1n invitados a venir, ver los carteles, conversar con los cient\u00edficos y participar en juegos infantiles organizados en torno a la exposici\u00f3n de carteles.<\/span><\/li>\n<\/ul>\n<p>[\/vc_column_text][vc_separator type=\u00bbtransparent\u00bb thickness=\u00bb0&#8243; up=\u00bb0&#8243; down=\u00bb65&#8243;][vc_empty_space height=\u00bb75px\u00bb][\/vc_column][\/vc_row][vc_row css_animation=\u00bb\u00bb row_type=\u00bbrow\u00bb use_row_as_full_screen_section=\u00bbno\u00bb type=\u00bbgrid\u00bb angled_section=\u00bbno\u00bb text_align=\u00bbleft\u00bb background_image_as_pattern=\u00bbwithout_pattern\u00bb z_index=\u00bb\u00bb el_id=\u00bbparticipants\u00bb][vc_column width=\u00bb1\/2&#8243;][vc_separator type=\u00bbtransparent\u00bb thickness=\u00bb0&#8243; up=\u00bb0&#8243; down=\u00bb45&#8243;][vc_single_image image=\u00bb282&#8243; img_size=\u00bbfull\u00bb qode_css_animation=\u00bb\u00bb][vc_separator type=\u00bbtransparent\u00bb thickness=\u00bb0&#8243; up=\u00bb0&#8243; down=\u00bb45&#8243;][vc_column_text]<\/p>\n<h4 style=\"text-align: left;\"><strong>Comit\u00e9 cient\u00edfico<\/strong><\/h4>\n<p>[\/vc_column_text][vc_separator type=\u00bbtransparent\u00bb thickness=\u00bb0&#8243; up=\u00bb0&#8243; down=\u00bb32&#8243;][vc_column_text]<\/p>\n<ol>\n<li style=\"text-align: left;\">Eva Garc\u00eda V\u00e1zquez (University of Oviedo, Spain)<\/li>\n<li style=\"text-align: left;\">Fabienne Valle (Port of Brest, France)<\/li>\n<li style=\"text-align: left;\">Nuno Matos (Eco-Oil, Portugal)<\/li>\n<li style=\"text-align: left;\">Alba Ardura (University of Oviedo, Spain)<\/li>\n<li style=\"text-align: left;\">Gonzalo Machado (University of Oviedo, Spain)<\/li>\n<li style=\"text-align: left;\">Horacio Montes ((University of Oviedo, Spain)<\/li>\n<li style=\"text-align: left;\">Eduardo Dopico (University of Oviedo, Spain)<\/li>\n<li style=\"text-align: left;\">Yaisel J. Borrell (University of Oviedo, Spain)<\/li>\n<\/ol>\n<p>[\/vc_column_text][\/vc_column][vc_column width=\u00bb1\/2&#8243;][vc_separator type=\u00bbtransparent\u00bb thickness=\u00bb0&#8243; up=\u00bb0&#8243; down=\u00bb45&#8243;][vc_single_image image=\u00bb285&#8243; img_size=\u00bbfull\u00bb qode_css_animation=\u00bb\u00bb][vc_separator type=\u00bbtransparent\u00bb thickness=\u00bb0&#8243; up=\u00bb0&#8243; down=\u00bb45&#8243;][vc_column_text]<\/p>\n<h4 style=\"text-align: left;\"><strong>Comit\u00e9 ejecutivo<\/strong><\/h4>\n<p>[\/vc_column_text][vc_separator type=\u00bbtransparent\u00bb thickness=\u00bb0&#8243; up=\u00bb0&#8243; down=\u00bb32&#8243;][vc_column_text]<\/p>\n<ol>\n<li style=\"text-align: left;\">Yaisel J. Borrell (University of Oviedo, Spain)<\/li>\n<li style=\"text-align: left;\">Eduardo Dopico (University of Oviedo, Spain)<\/li>\n<li style=\"text-align: left;\">Beatriz Gal\u00e1n (Projects-Gijon Port Authority, Spain)<\/li>\n<li style=\"text-align: left;\">Gonzalo Machado (University of Oviedo, Spain)<\/li>\n<li style=\"text-align: left;\">Marlene Bartolom\u00e9 (University of Oviedo, Spain)<\/li>\n<li style=\"text-align: left;\">Aitor Ibabe (University of Oviedo, Spain)<\/li>\n<li style=\"text-align: left;\">Marina Parrondo (University of Oviedo, Spain)<\/li>\n<li style=\"text-align: left;\">Paula Masi\u00e1 (University of Oviedo, Spain)<\/li>\n<li>Mar\u00eda del Carmen Blanco (University of Oviedo, Spain)<\/li>\n<li>Celia Delgado (University of Oviedo, Spain)<\/li>\n<\/ol>\n<p>[\/vc_column_text][\/vc_column][\/vc_row][vc_row css_animation=\u00bb\u00bb row_type=\u00bbrow\u00bb use_row_as_full_screen_section=\u00bbno\u00bb type=\u00bbgrid\u00bb angled_section=\u00bbno\u00bb text_align=\u00bbleft\u00bb background_image_as_pattern=\u00bbwithout_pattern\u00bb el_class=\u00bbinvitada\u00bb z_index=\u00bb\u00bb][vc_column width=\u00bb1\/4&#8243;][\/vc_column][vc_column width=\u00bb1\/2&#8243; el_class=\u00bbinvitada\u00bb css=\u00bb.vc_custom_1562335595558{border-top-width: 2px !important;border-right-width: 2px !important;border-bottom-width: 2px !important;border-left-width: 2px !important;border-left-color: #dd3333 !important;border-right-color: #dd3333 !important;border-top-color: #dd3333 !important;border-bottom-color: #dd3333 !important;border-radius: 20px !important;}\u00bb][vc_column_text]<\/p>\n<div class=\"jhH5U r-iieA_tMmsJX8\" data-rtid=\"iieA_tMmsJX8\">\n<div id=\"tw-ob\" class=\"tw-src-ltr\">\n<div class=\"oSioSc\">\n<div id=\"tw-target\">\n<div id=\"kAz1tf\" class=\"g9WsWb\">\n<div id=\"tw-target-text-container\" class=\"tw-ta-container tw-nfl\">\n<h3 id=\"tw-target-text\" class=\"tw-data-text tw-ta tw-text-medium\" dir=\"ltr\" data-placeholder=\"Traducci\u00f3n\"><span lang=\"en\" tabindex=\"0\">Oradora Invitada<\/span><\/h3>\n<\/div>\n<\/div>\n<\/div>\n<\/div>\n<\/div>\n<div class=\"icNsr6TBfPWc-pvVKlfEP0Yk\"><\/div>\n<\/div>\n<p>[\/vc_column_text][vc_separator type=\u00bbnormal\u00bb color=\u00bb#dd3333&#8243; transparency=\u00bb1&#8243; thickness=\u00bb0&#8243; up=\u00bb0&#8243; down=\u00bb41&#8243;][vc_column_text]<\/p>\n<h4><span style=\"color: #ff0000;\">Bella Galil (Tel Aviv University, Israel)<\/span><\/h4>\n<h5>Charla plenaria: El canal de Suez y su rol en la devastaci\u00f3n de la biota marina mediterr\u00e1nea.<\/h5>\n<p><span style=\"color: #ff0000;\">\u00a0<\/span><\/p>\n<p><a href=\"https:\/\/www.unioviedo.es\/blueports2019\/wp-content\/uploads\/2019\/07\/image-20141205-8636-5njbap.jpg\"><img loading=\"lazy\" decoding=\"async\" class=\"aligncenter size-full wp-image-300\" src=\"https:\/\/www.unioviedo.es\/blueports2019\/wp-content\/uploads\/2019\/07\/image-20141205-8636-5njbap.jpg\" alt=\"\" width=\"238\" height=\"238\" srcset=\"https:\/\/www.unioviedo.es\/blueports2019\/wp-content\/uploads\/2019\/07\/image-20141205-8636-5njbap.jpg 238w, https:\/\/www.unioviedo.es\/blueports2019\/wp-content\/uploads\/2019\/07\/image-20141205-8636-5njbap-150x150.jpg 150w\" sizes=\"auto, (max-width: 238px) 100vw, 238px\" \/><\/a><\/p>\n<p>&nbsp;<\/p>\n<p>La Profesora Galil es una eminente investigadora en el campo de los efectos antropog\u00e9nicos sobre la ecolog\u00eda del macrobentos en zonas profundas y costeras, din\u00e1mica y conservaci\u00f3n de la biodiversidad marina, invasiones biol\u00f3gicas marinas, y taxonom\u00eda y biolog\u00eda de crust\u00e1ceos dec\u00e1podos.[\/vc_column_text][vc_separator type=\u00bbnormal\u00bb color=\u00bb#dd3333&#8243; transparency=\u00bb1&#8243; thickness=\u00bb0&#8243; up=\u00bb0&#8243; down=\u00bb41&#8243;][\/vc_column][vc_column width=\u00bb1\/4&#8243;][\/vc_column][\/vc_row][vc_row css_animation=\u00bb\u00bb row_type=\u00bbrow\u00bb use_row_as_full_screen_section=\u00bbno\u00bb type=\u00bbfull_width\u00bb angled_section=\u00bbno\u00bb text_align=\u00bbleft\u00bb background_image_as_pattern=\u00bbwithout_pattern\u00bb][vc_column][\/vc_column][\/vc_row][vc_row row_type=\u00bbparallax\u00bb parallax_content_width=\u00bbin_grid\u00bb anchor=\u00bbtechnology\u00bb text_align=\u00bbleft\u00bb background_image=\u00bb111&#8243; full_screen_section_height=\u00bbno\u00bb el_id=\u00bbprogram\u00bb][vc_column css=\u00bb.vc_custom_1562178235996{padding-top: 14% !important;}\u00bb offset=\u00bbvc_col-lg-6 vc_col-md-6&#8243;][vc_column_text]<\/p>\n<h4 style=\"text-align: center;\"><span style=\"color: #ffffff;\">Programa Preliminar <del><\/del><\/span><\/h4>\n<p>[\/vc_column_text][vc_separator type=\u00bbtransparent\u00bb thickness=\u00bb0&#8243; up=\u00bb0&#8243; down=\u00bb24&#8243;][vc_column_text]<\/p>\n<p style=\"text-align: center;\"><span style=\"color: #ffcc00;\"><strong><u>5 Diciembre de 2019<\/u><\/strong><\/span><\/p>\n<p><span style=\"color: #ffffff;\"><strong><em>08:45: <\/em><\/strong><em>Bus Travel from Faculty of Biology (UNIOV) to Downtown of the City of Gijon (Parque Gota de leche (https:\/\/goo.gl\/maps\/dk6Z9s8VFC21R61h6)). <\/em><\/span><\/p>\n<p><span style=\"color: #ffffff;\"><strong><em>09:15: <\/em><\/strong><em>Bus Stop at Downtown of the City of Gijon (Parque Gota de leche (https:\/\/goo.gl\/maps\/dk6Z9s8VFC21R61h6)) and travel to the Port of\u00a0 Gij\u00f3n. <\/em><\/span><\/p>\n<p><span style=\"color: #ffcc00;\"><strong>9:30-9:45: <\/strong>Presentation of <strong>Blueports 2019<\/strong> by Authorities (Port of Gijon).<\/span><\/p>\n<p><span style=\"color: #ffcc00;\">9:45-10:30: Plenary speaker. <strong><span style=\"color: #339966;\">Bella Galil<\/span><\/strong><span style=\"color: #339966;\">:<\/span> The Suez Canal and the devastation of the Mediterranean Sea biota.<\/span><\/p>\n<p style=\"text-align: center;\"><span style=\"color: #ffcc00;\"><strong><u>Communications<\/u><\/strong><\/span><\/p>\n<p><span style=\"color: #ffffff;\"><span style=\"color: #ffff00;\"><strong>10:30-12:00: <\/strong>Case studies of biosecurity problems associated with ports (Port of Gijon) (<\/span><em><span style=\"color: #ffff00;\">10<\/span> minutes). <\/em><\/span><\/p>\n<ol>\n<li><span style=\"color: #ffffff;\"><strong>Large-scale assessment of non-indigenous fouling species in Mediterranean ports and recreational boat hulls. <em><span style=\"color: #ffcc99;\">A. Ma<\/span><\/em><\/strong><em><span style=\"color: #ffcc99;\"><strong>rchini et al.<\/strong><\/span><\/em><\/span><\/li>\n<li><span style=\"color: #ffffff;\"><strong>DNA mtCOI barcodes for biosecurity analysis. A proof of concept in French Polynesia ports. <\/strong><span style=\"color: #ffcc99;\"><strong><em> A. Ardura et al.<\/em><\/strong><\/span><\/span><\/li>\n<li><span style=\"color: #ffffff;\"><strong>Environmental assessments including species invasiveness in industrial ports using metabarcoding: The Port of Gijon, Bay of Biscay, as a case study.<\/strong><span style=\"color: #ffcc99;\"><strong><em> A. Ibabe et al.<\/em><\/strong><\/span><\/span><\/li>\n<li><span style=\"color: #ffffff;\"><strong>Monitoring Marine Exotic Species in the Ria de Vigo.E. <em><span style=\"color: #ffcc99;\">E. C<\/span><\/em><\/strong><em><span style=\"color: #ffcc99;\"><strong>acabelos et al.<\/strong><\/span><\/em><\/span><\/li>\n<li><span style=\"color: #ffffff;\"><strong>Nuisance species in Lake Constance Ports revealed through eDNA. <em><span style=\"color: #ffcc99;\">G. <\/span><\/em><\/strong><em><span style=\"color: #ffcc99;\"><strong>Machado &amp; Clusa L. <\/strong><\/span><\/em><\/span><\/li>\n<li><span style=\"color: #ffffff;\"><strong>Risk analysis for biological contamination by ballast water and biofouling in the Port of El Musel (Gij\u00f3n). <em><span style=\"color: #ffcc99;\">M. B<\/span><span style=\"font-weight: 400; color: #ffcc99;\">arto<\/span><\/em><\/strong><em><span style=\"color: #ffcc99;\"><strong>lom\u00e9 et al.<\/strong><\/span><\/em><\/span><\/li>\n<\/ol>\n<p><span style=\"color: #ffcc00;\"><strong>12:00-12:20: <\/strong><em>The coffee break. (Port of Gijon).<\/em><\/span><\/p>\n<p><span style=\"color: #ffff00;\"><strong>12:20-14:30<\/strong><strong>: <\/strong>Scientific and Educational Approaches to face environmental problems in port areas (Port of Gijon) (<em>10 minutes).<\/em><\/span><\/p>\n<ol>\n<li><span style=\"color: #ffffff;\"><strong>Plastic and textile marine litter as reservoirs for secondary species dispersal from ports. <em><span style=\"color: #ffcc99;\">A. I<\/span><\/em><\/strong><span style=\"color: #ffcc99;\"><strong><em>babe et al. <\/em><\/strong><\/span><\/span><\/li>\n<li><span style=\"color: #ffffff;\"><strong>Establishing informative monitoring baselines in Ports to deal with the problem of biological invasions.<span style=\"color: #ffcc99;\"> L. <\/span><\/strong><span style=\"color: #ffcc99;\"><strong><em>Miralles, Borrell Y.J.<strong style=\"font-style: normal;\"> et al.<\/strong>\u00a0<\/em><\/strong><\/span><\/span><\/li>\n<li><span style=\"color: #ffffff;\"><strong>The need for a tool to analyse the data and determine the risk of invasive species.<em><span style=\"color: #ffcc99;\"> V. S<\/span><\/em><\/strong><span style=\"color: #ffcc99;\"><strong><em>oto-L\u00f3pez et al. <\/em><\/strong><\/span><\/span><\/li>\n<li><span style=\"color: #ffffff;\"><strong>Tool to determine the biological contamination by ballast water and fouling in the Port of Gij\u00f3n. <span style=\"color: #ffcc99;\">D. <\/span><\/strong><span style=\"color: #ffcc99;\"><strong><em>Men\u00e9ndez-Tele\u00f1a, Montes H. et al. <\/em><\/strong><\/span><\/span><\/li>\n<li><span style=\"color: #ffffff;\"><strong>A fuzzy model to assess marinas at high-risk of bioinvasion in the Mediterranean Sea. <em><span style=\"color: #ffcc99;\">J. Fe<\/span><\/em><\/strong><em><span style=\"color: #ffcc99;\"><strong>rrario et al. <\/strong><\/span><\/em><\/span><\/li>\n<li><span style=\"color: #ffffff;\"><strong>Social perception and public understanding of science in adults enrolled in Blueports project scientific outreach. <\/strong><span style=\"color: #ffcc99;\"><strong><em>E. Arboleya &amp; Dopico E. <\/em><\/strong><\/span><\/span><\/li>\n<li><span style=\"color: #ffffff;\"><strong>Development and validation of eDNA markers for the detection of <em>Crepidula fornicata<\/em> in environmental samples. <em><span style=\"color: #ffcc99;\">L. M<\/span><\/em><\/strong><strong><em><span style=\"color: #ffcc99;\">iralles, Parrondo M. et<\/span> al.<\/em><\/strong><\/span><\/li>\n<li><span style=\"color: #ffffff;\"><strong>Maritime ports as sources of macro and microplastic pollution in sandy beaches. A case study in central Bay of Biscay.<em><span style=\"color: #ffcc99;\"> P. M<\/span><\/em><\/strong><em><span style=\"color: #ffcc99;\"><strong>asia et al.<\/strong><\/span><\/em><\/span><\/li>\n<\/ol>\n<p><span style=\"color: #ffcc00;\"><strong>14:30: <\/strong><em>Bus travel from Port of Gijon to Downtown of the City of Gijon (Plaza del Carmen (https:\/\/goo.gl\/maps\/urGdH8MVgkE7HJ7q9)). <\/em><\/span><\/p>\n<p><span style=\"color: #ffcc00;\"><strong>15:00-16:30: <\/strong><em>The lunch (Downtown of the City of Gijon: Casa Gloria- Esther and Nacho Manzano (https:\/\/goo.gl\/maps\/eDNP4GFqzMi9h3fv5)).<\/em><\/span>[\/vc_column_text][vc_empty_space height=\u00bb75px\u00bb][vc_single_image image=\u00bb150&#8243; img_size=\u00bbfull\u00bb alignment=\u00bbright\u00bb qode_css_animation=\u00bb\u00bb][\/vc_column][vc_column css=\u00bb.vc_custom_1463569399975{padding-top: 20% !important;}\u00bb offset=\u00bbvc_col-lg-6 vc_col-md-6&#8243;][vc_single_image image=\u00bb151&#8243; img_size=\u00bbfull\u00bb alignment=\u00bbright\u00bb qode_css_animation=\u00bb\u00bb][vc_empty_space height=\u00bb75px\u00bb][vc_column_text]<\/p>\n<p style=\"text-align: center;\"><span style=\"color: #ffcc00;\"><strong><u>Posters<\/u><\/strong><\/span><\/p>\n<p><span style=\"color: #ffff00;\"><strong>17:00-19:00:<\/strong> Open Posters Session <strong>(<\/strong><strong>Culture Center Old Institute Jovellanos, Downtown of City of Gijon<\/strong><strong>).<\/strong><\/span><\/p>\n<p style=\"text-align: center;\"><span style=\"color: #ffcc00;\"><em>Open to general public with <strong>Children\u2019s games<\/strong> and activities about invasive species and biological topics.<\/em><\/span><\/p>\n<ol>\n<li><span style=\"color: #ffffff;\"><strong>Implication of ports and marine traffic in the concentration of microplastics in ocean waters.<em><span style=\"color: #ffcc00;\"> S. A<\/span><\/em><\/strong><em><span style=\"color: #ffcc00;\"><strong>cle et al. <\/strong><\/span><\/em><\/span><\/li>\n<li><span style=\"color: #ffffff;\"><strong>Introductions of non-indigenous mollusc species associated to ports. Insights from the archaeological remains of Castillo de Gauz\u00f3n (North Iberia).<\/strong><span style=\"color: #ffcc00;\"><strong><em> P. Turrero et al. <\/em><\/strong><\/span><\/span><\/li>\n<li><span style=\"color: #ffffff;\"><strong>Risk algae in ballast water facing international conventions. Longitudinal and transversal analysis in European ships employing DNA Metabarcoding. <span style=\"color: #ffcc00;\"><em>A. A<\/em><\/span><\/strong><span style=\"color: #ffcc00;\"><em><strong>rdura et al.<\/strong><\/em><\/span><\/span><\/li>\n<li><span style=\"color: #ffffff;\"><strong>Connectivity of the big blue octopus (Octopus cyanea, Gray 1849) between the eastern and western coast of Madagascar.N.\u00a0<\/strong><span style=\"color: #ffcc00;\"><strong><em> N. van Caster et al. <\/em><\/strong><\/span><\/span><\/li>\n<li><span style=\"color: #ffffff;\"><strong>Risk of introduction of invasive species in Baleares&#8217; port. <span style=\"color: #ffcc00;\"><em>M.I<\/em><\/span><\/strong><span style=\"color: #ffcc00;\"><em><strong>. <strong style=\"font-style: normal;\">G\u00f3mez et al.<\/strong>\u00a0<\/strong><\/em><\/span><\/span><\/li>\n<li><span style=\"color: #ffffff;\"><strong>Monitoring non-indigenous species in port habitats: application of a protocol of the Smithsonian Environmental Research Center in the Gulf of La Spezia (Italy). <span style=\"color: #ffcc00;\"><em>M. T<\/em><\/span><\/strong><em><span style=\"color: #ffcc00;\"><strong>amburini et al.<\/strong><\/span><\/em><\/span><\/li>\n<li><span style=\"color: #ffffff;\"><strong>Fish in ports: Mislabelling at landings.<\/strong> <span style=\"color: #ffcc00;\"><strong><em>M.C. <\/em><em>Blanco &amp; Machado G. <\/em><\/strong><\/span><\/span><\/li>\n<li><span style=\"color: #ffffff;\"><strong>Biology and teacher students\u2019 perceptions on alien species and seaport role in their introduction.<em><span style=\"color: #ffcc00;\"> A. T<\/span><\/em><\/strong><em><span style=\"color: #ffcc00;\"><strong>orralba-Burrial et al. <\/strong><\/span><\/em><\/span><\/li>\n<li><span style=\"color: #ffffff;\"><strong>Analysis of maritime transport influence on alien species introduction in the Gulf of Gdansk, Baltic Sea, Poland. <em><span style=\"color: #ffcc00;\">I. B<\/span><\/em><\/strong><em><span style=\"color: #ffcc00;\"><strong>udzynska <\/strong><\/span><\/em><\/span><\/li>\n<li><span style=\"color: #ffffff;\"><strong>Blueports: <\/strong><strong>Scientific and educational strategies for a sustainable port activity facing biological invasions (<\/strong><strong>MINECO CGL2016-79209-R). <span style=\"color: #ffcc00;\"><em>E. D<\/em><\/span><\/strong><span style=\"color: #ffcc00;\"><em><strong>op<\/strong><\/em><\/span><\/span><span style=\"color: #ffcc00;\"><em><strong>ico.<\/strong><\/em><\/span><\/li>\n<\/ol>\n<p>[\/vc_column_text][vc_separator type=\u00bbtransparent\u00bb thickness=\u00bb0&#8243; up=\u00bb0&#8243; down=\u00bb24&#8243;][vc_column_text]<\/p>\n<p style=\"text-align: center;\"><strong><span style=\"color: #ffffff;\">5 de diciembre. 20:30h. Cena de gala: Cena t\u00edpica asturiana en un restaurante local2la taberna del piano\u00bb (https:\/\/goo.gl\/maps\/3qzLczCibrKd9bGb8).<\/span><\/strong><\/p>\n<p style=\"text-align: center;\"><span style=\"color: #ffcc00;\"><strong><em>22:30: Regreso del Autobus a <\/em><\/strong><em>Oviedo desde Gijon -Plaza del Carmen (https:\/\/goo.gl\/maps\/urGdH8MVgkE7HJ7q9)).<\/em><\/span><\/p>\n<p style=\"text-align: center;\"><strong><span style=\"color: #ffffff;\">The lunch, coffee break and Gala Dinner are included in the inscription fees<\/span><\/strong><\/p>\n<p style=\"text-align: center;\"><strong><span style=\"color: #ffffff;\">La pausa para el caf\u00e9, la comida y la cena de gala est\u00e1n incluidas en las tarifas de inscripci\u00f3n.<\/span><\/strong><\/p>\n<p>[\/vc_column_text][vc_separator type=\u00bbtransparent\u00bb thickness=\u00bb0&#8243; up=\u00bb0&#8243; down=\u00bb65&#8243;][vc_empty_space height=\u00bb75px\u00bb][\/vc_column][\/vc_row][vc_row css_animation=\u00bb\u00bb row_type=\u00bbrow\u00bb use_row_as_full_screen_section=\u00bbno\u00bb type=\u00bbgrid\u00bb anchor=\u00bbspeakers\u00bb angled_section=\u00bbno\u00bb text_align=\u00bbcenter\u00bb background_image_as_pattern=\u00bbwithout_pattern\u00bb css=\u00bb.vc_custom_1562604300983{padding-top: 81px !important;}\u00bb z_index=\u00bb\u00bb el_id=\u00bbabstact\u00bb][vc_column][vc_column_text]<\/p>\n<h3 style=\"text-align: center;\"><span style=\"color: #ff0000;\">Comunicaciones<\/span><\/h3>\n<p>[\/vc_column_text][vc_separator type=\u00bbtransparent\u00bb thickness=\u00bb0&#8243; up=\u00bb0&#8243; down=\u00bb27&#8243;][vc_separator type=\u00bbtransparent\u00bb thickness=\u00bb0&#8243; up=\u00bb0&#8243; down=\u00bb27&#8243;][vc_column_text]<\/p>\n<p style=\"text-align: center;\"><strong>Todas las comunicaciones y carteles aceptados y defendidos por sus autores en el Taller se publicar\u00e1n en un libro digital con DOI e ISBN.<\/strong><\/p>\n<p>&nbsp;<\/p>\n<p style=\"text-align: center;\"><strong>Fecha l\u00edmite para la presentaci\u00f3n de comunicaciones \/ p\u00f3steres:<\/strong><br \/>\n<strong>11 de octubre de 2019<\/strong><\/p>\n<p>&nbsp;<\/p>\n<p style=\"text-align: center;\"><strong>Respuesta del Comit\u00e9 Cient\u00edfico sobre la aceptaci\u00f3n de comunicaciones y p\u00f3steres:<\/strong><br \/>\n<strong>4 de noviembre de 2019<\/strong><\/p>\n<p>[\/vc_column_text][vc_empty_space][vc_column_text]<\/p>\n<h3 style=\"text-align: center;\"><span style=\"color: #ff0000;\">Presentar Resumen<\/span><\/h3>\n<p>[\/vc_column_text][vc_empty_space]<div role=\"form\" class=\"wpcf7\" id=\"wpcf7-f99-o1\" lang=\"es-ES\" dir=\"ltr\">\n<div class=\"screen-reader-response\"><\/div>\n<form action=\"\/blueports2019\/index.php\/wp-json\/wp\/v2\/pages\/321#wpcf7-f99-o1\" method=\"post\" class=\"wpcf7-form default\" novalidate=\"novalidate\">\n<div style=\"display: none;\">\n<input type=\"hidden\" name=\"_wpcf7\" value=\"99\" \/>\n<input type=\"hidden\" name=\"_wpcf7_version\" value=\"5.1.3\" \/>\n<input type=\"hidden\" name=\"_wpcf7_locale\" value=\"es_ES\" \/>\n<input type=\"hidden\" name=\"_wpcf7_unit_tag\" value=\"wpcf7-f99-o1\" \/>\n<input type=\"hidden\" name=\"_wpcf7_container_post\" value=\"0\" \/>\n<input type=\"hidden\" name=\"g-recaptcha-response\" value=\"\" \/>\n<\/div>\n<p><label> Title<br \/>\n    <span class=\"wpcf7-form-control-wrap your-name\"><input type=\"text\" name=\"your-name\" value=\"\" size=\"40\" class=\"wpcf7-form-control wpcf7-text wpcf7-validates-as-required\" aria-required=\"true\" aria-invalid=\"false\" \/><\/span> <\/label><\/p>\n<p><label>Authors & affiliations:<br \/>\n    <span class=\"wpcf7-form-control-wrap autor\"><input type=\"text\" name=\"autor\" value=\"\" size=\"40\" class=\"wpcf7-form-control wpcf7-text wpcf7-validates-as-required\" aria-required=\"true\" aria-invalid=\"false\" \/><\/span> <\/label><\/p>\n<p><label>Author's contact email:<br \/>\n    <span class=\"wpcf7-form-control-wrap email\"><input type=\"text\" name=\"email\" value=\"\" size=\"40\" class=\"wpcf7-form-control wpcf7-text wpcf7-validates-as-required\" aria-required=\"true\" aria-invalid=\"false\" \/><\/span><\/label><\/p>\n<p><label>Intended Scientific Session:<br \/>\n    <span class=\"wpcf7-form-control-wrap intented\"><input type=\"text\" name=\"intented\" value=\"\" size=\"40\" class=\"wpcf7-form-control wpcf7-text wpcf7-validates-as-required\" aria-required=\"true\" aria-invalid=\"false\" \/><\/span> <\/label><\/p>\n<p><label><br>Abstract:<\/BR>  (Your abstract must use Normal style and must fit in this box.  Your abstract should be no longer than 300 words. The box will \u2018expand\u2019 over 2 pages as you add text\/diagrams into it.)<br \/>\n    <span class=\"wpcf7-form-control-wrap your-message\"><textarea name=\"your-message\" cols=\"40\" rows=\"10\" class=\"wpcf7-form-control wpcf7-textarea\" aria-invalid=\"false\"><\/textarea><\/span> <\/label><\/p>\n<p><span class=\"wpcf7-form-control-wrap acceptance1\"><span class=\"wpcf7-form-control wpcf7-acceptance\"><span class=\"wpcf7-list-item\"><input type=\"checkbox\" name=\"acceptance1\" value=\"1\" aria-invalid=\"false\" \/><\/span><\/span><\/span> I accept the <a href=\"http:\/\/www.uniovi.es\/privacidad\" target=\"_blank\">privacy policy<\/a> and the <a href=\"http:\/\/www.uniovi.es\/legal\">legal notice<\/a><\/p>\n<p><input type=\"submit\" value=\"Enviar\" class=\"wpcf7-form-control wpcf7-submit\" \/><\/p>\n<div class=\"wpcf7-response-output wpcf7-display-none\"><\/div><\/form><\/div>[\/vc_column][\/vc_row][vc_row css_animation=\u00bb\u00bb row_type=\u00bbrow\u00bb use_row_as_full_screen_section=\u00bbno\u00bb type=\u00bbgrid\u00bb anchor=\u00bbspeakers\u00bb angled_section=\u00bbno\u00bb text_align=\u00bbcenter\u00bb background_image_as_pattern=\u00bbwithout_pattern\u00bb css=\u00bb.vc_custom_1562324050243{border-top-width: 2px !important;border-right-width: 2px !important;border-bottom-width: 2px !important;border-left-width: 2px !important;padding-top: 81px !important;border-left-color: #1e73be !important;border-right-color: #1e73be !important;border-top-color: #1e73be !important;border-bottom-color: #1e73be !important;}\u00bb z_index=\u00bb\u00bb el_id=\u00bbregister\u00bb][vc_column][vc_column_text]<\/p>\n<h4>Tipos de inscripci\u00f3n<\/h4>\n<p>[\/vc_column_text][vc_separator type=\u00bbtransparent\u00bb thickness=\u00bb0&#8243; up=\u00bb0&#8243; down=\u00bb27&#8243;][vc_column_text]<\/p>\n<p style=\"text-align: center;\"><strong>Estudiantes: <\/strong>50 euros<\/p>\n<p style=\"text-align: center;\"><strong>Resto de participantes: <\/strong>100 euros<\/p>\n<p>[\/vc_column_text][vc_separator type=\u00bbtransparent\u00bb thickness=\u00bb0&#8243; up=\u00bb0&#8243; down=\u00bb27&#8243;][vc_empty_space height=\u00bb25px\u00bb]<div class=\"call_to_action normal\" style=\"background-color: #1e73be;\"><div class=\"container_inner\"><div class=\"two_columns_75_25 clearfix\"><div class=\"text_wrapper column1\"><div class=\"call_to_action_text \" style=\"\">REGISTRO<\/div><\/div><div class=\"button_wrapper column2\"><a itemprop=\"url\" href=\"https:\/\/intranetfuo.uniovi.es\/en\/web\/intranet-fuo\/congresos\/blueports_2019\" class=\"qbutton white \" target=\"_blank\" style=\"\">solicitar registro<\/a><\/div><\/div><\/div><\/div>[vc_empty_space height=\u00bb25px\u00bb][vc_separator type=\u00bbtransparent\u00bb thickness=\u00bb0&#8243; up=\u00bb0&#8243; down=\u00bb27&#8243;][vc_column_text]<\/p>\n<p style=\"text-align: center;\"><strong>Fecha l\u00edmite para registrarse:<\/strong><br \/>\n<strong>24 de noviembre de 2019<\/strong><\/p>\n<p>[\/vc_column_text][vc_separator type=\u00bbtransparent\u00bb thickness=\u00bb0&#8243; up=\u00bb0&#8243; down=\u00bb27&#8243;][vc_empty_space height=\u00bb75px\u00bb][vc_column_text]<\/p>\n<h4>Contacto<\/h4>\n<p>[\/vc_column_text][vc_separator type=\u00bbtransparent\u00bb thickness=\u00bb0&#8243; up=\u00bb0&#8243; down=\u00bb27&#8243;][vc_column_text]<\/p>\n<p style=\"text-align: center;\"><strong>Prof. Yaisel Juan Borrell Pichs.<\/strong><\/p>\n<p style=\"text-align: center;\"><a href=\"mailto:borrellyaisel@uniovi.es\">borrellyaisel@uniovi.es<\/a><\/p>\n<p style=\"text-align: center;\"><strong>Prof. Eduardo Dopico<\/strong><\/p>\n<p style=\"text-align: center;\"><a href=\"mailto:dopicoeduardo@uniovi.es\">dopicoeduardo@uniovi.es<\/a><\/p>\n<p>[\/vc_column_text][vc_empty_space height=\u00bb75px\u00bb][\/vc_column][\/vc_row][vc_row row_type=\u00bbparallax\u00bb parallax_content_width=\u00bbin_grid\u00bb anchor=\u00bbtechnology\u00bb text_align=\u00bbleft\u00bb background_image=\u00bb111&#8243; full_screen_section_height=\u00bbno\u00bb][vc_column css=\u00bb.vc_custom_1562178235996{padding-top: 14% !important;}\u00bb offset=\u00bbvc_col-lg-6 vc_col-md-6&#8243;][vc_separator type=\u00bbtransparent\u00bb thickness=\u00bb0&#8243; up=\u00bb0&#8243; down=\u00bb24&#8243;][vc_column_text]<\/p>\n<h4><span style=\"color: #ffffff;\">La inscripci\u00f3n en el taller conlleva:<\/span><\/h4>\n<p>[\/vc_column_text][vc_separator type=\u00bbtransparent\u00bb thickness=\u00bb0&#8243; up=\u00bb0&#8243; down=\u00bb24&#8243;][vc_column_text]<\/p>\n<ul>\n<li style=\"text-align: left;\"><span style=\"color: #ffffff;\">Bolsa del participante<\/span><\/li>\n<li style=\"text-align: left;\"><span style=\"color: #ffffff;\">Conexi\u00f3n inal\u00e1mbrica a Internet<\/span><\/li>\n<li style=\"text-align: left;\"><span style=\"color: #ffffff;\">Certificado de participaci\u00f3n<\/span><\/li>\n<li style=\"text-align: left;\"><span style=\"color: #ffffff;\">Certificado de presentaci\u00f3n de comunicaci\u00f3n \/ p\u00f3ster<\/span><\/li>\n<li style=\"text-align: left;\"><span style=\"color: #ffffff;\">Publicaci\u00f3n de comunicaciones y p\u00f3steres aceptados.<\/span><\/li>\n<li style=\"text-align: left;\"><span style=\"color: #ffffff;\">Pausa para el caf\u00e9 y comida<\/span><\/li>\n<li style=\"text-align: left;\"><span style=\"color: #ffffff;\">Cena de gala en restaurante asturiano<\/span><\/li>\n<\/ul>\n<p>[\/vc_column_text][vc_empty_space height=\u00bb75px\u00bb][vc_column_text]<\/p>\n<h4><span style=\"color: #ffffff;\">Lugar de celebraci\u00f3n y alojamiento<\/span><\/h4>\n<p>[\/vc_column_text][vc_separator type=\u00bbtransparent\u00bb thickness=\u00bb0&#8243; up=\u00bb0&#8243; down=\u00bb24&#8243;][vc_column_text]<span style=\"color: #ffffff;\">El Ayuntamiento de Gij\u00f3n, colaborador en el Taller, ofrece una amplia gama de ocio, alojamiento y restaurantes que los participantes pueden consultar en su p\u00e1gina web oficial.<\/span><\/p>\n<p>&nbsp;<\/p>\n<p><span style=\"color: #ffffff;\"><a style=\"color: #ffffff;\" href=\"http:\/\/congresos.gijon.es\/\">http:\/\/congresos.gijon.es\/<\/a> (en espa\u00f1ol)<\/span><\/p>\n<p>&nbsp;<\/p>\n<p><span style=\"color: #ffffff;\"><a style=\"color: #ffffff;\" href=\"http:\/\/en.congresos.gijon.es\/\">http:\/\/en.congresos.gijon.es\/<\/a> (in English)<\/span>[\/vc_column_text][\/vc_column][vc_column css=\u00bb.vc_custom_1463569399975{padding-top: 20% !important;}\u00bb offset=\u00bbvc_col-lg-6 vc_col-md-6&#8243;][vc_separator type=\u00bbtransparent\u00bb thickness=\u00bb0&#8243; up=\u00bb0&#8243; down=\u00bb24&#8243;][vc_column_text]<\/p>\n<p style=\"text-align: left;\"><span style=\"color: #ffffff;\">Los y las participantes pueden enviar al Taller comunicaciones orales y p\u00f3steres que no se hayan publicado anteriormente sobre <strong>los temas esperados.<\/strong><\/span><\/p>\n<p>&nbsp;<\/p>\n<p style=\"text-align: left;\"><span style=\"color: #ffffff;\"><strong>Comunicaciones:<\/strong><\/span><\/p>\n<p style=\"text-align: left;\"><span style=\"color: #ffffff;\">Las comunicaciones ser\u00e1n presentadas en <strong>formato Resumen<\/strong> para ser evaluadas.<\/span><\/p>\n<p style=\"text-align: left;\"><span style=\"color: #ffffff;\">El resumen debe usar el estilo Normal y no debe tener m\u00e1s de 300 palabras.<\/span><\/p>\n<p style=\"text-align: left;\"><span style=\"color: #ffffff;\">Las comunicaciones aceptadas pueden extenderse hasta 2,500 palabras (5 p\u00e1ginas) para incluirlas en el Ebook, con DOI e ISBN, que ser\u00e1 publicado sobre las sesiones del Taller.<\/span><\/p>\n<p style=\"text-align: left;\"><span style=\"color: #ffffff;\">Se recomienda que el formato de la comunicaci\u00f3n extendida contenga las siguientes secciones:<\/span><br \/>\n<span style=\"color: #ffffff;\">&#8211; Introducci\u00f3n<\/span><br \/>\n<span style=\"color: #ffffff;\">&#8211; Objetivos y \/ o hip\u00f3tesis.<\/span><br \/>\n<span style=\"color: #ffffff;\">&#8211; Metodolog\u00eda \/ m\u00e9todo<\/span><br \/>\n<span style=\"color: #ffffff;\">&#8211; Resultados y discusi\u00f3n<\/span><br \/>\n<span style=\"color: #ffffff;\">&#8211; Conclusiones y Propuestas<\/span><br \/>\n<span style=\"color: #ffffff;\">&#8211; Bibliograf\u00eda<\/span><\/p>\n<p>&nbsp;<\/p>\n<p style=\"text-align: left;\"><span style=\"color: #ffffff;\"><strong>P\u00f3steres:<\/strong><\/span><\/p>\n<p style=\"text-align: left;\"><span style=\"color: #ffffff;\">Los participantes podr\u00e1n presentar p\u00f3steres sobre los temas del Taller en formato A1. (59,4cm \u00d7 84,1 cm)<\/span><\/p>\n<p>[\/vc_column_text][vc_separator type=\u00bbtransparent\u00bb thickness=\u00bb0&#8243; up=\u00bb0&#8243; down=\u00bb65&#8243;][vc_empty_space height=\u00bb75px\u00bb][\/vc_column][\/vc_row][vc_row css_animation=\u00bb\u00bb row_type=\u00bbrow\u00bb use_row_as_full_screen_section=\u00bbno\u00bb type=\u00bbfull_width\u00bb angled_section=\u00bbno\u00bb text_align=\u00bbleft\u00bb background_image_as_pattern=\u00bbwithout_pattern\u00bb el_id=\u00bbgallery\u00bb z_index=\u00bb\u00bb][vc_column][vc_gallery interval=\u00bb3&#8243; images=\u00bb451,422,450,449,448,447,446,445,444,443,442,441,440,439,438,437,436,435,434,433,432,431,430,429,428,427,426,425,424,423&#8243;][\/vc_column][\/vc_row]<\/p>\n","protected":false},"excerpt":{"rendered":"<p>[vc_row row_type=\u00bbparallax\u00bb parallax_content_width=\u00bbin_grid\u00bb anchor=\u00bbtechnology\u00bb text_align=\u00bbleft\u00bb background_image=\u00bb111&#8243; full_screen_section_height=\u00bbno\u00bb el_id=\u00bbabout\u00bb][vc_column css=\u00bb.vc_custom_1463569538098{padding-top: 28% !important;}\u00bb offset=\u00bbvc_col-lg-6 vc_col-md-6&#8243;][vc_column_text] \u00bfQu\u00e9 es BluePorts 2019? [\/vc_column_text][vc_separator type=\u00bbtransparent\u00bb thickness=\u00bb0&#8243; up=\u00bb0&#8243; down=\u00bb24&#8243;][vc_column_text]BluePorts 2019 es un TALLER INTERNACIONAL dirigido a todas las personas interesadas en los puertos, investigadores\/as, gerentes, docentes, estudiantes y ciudadanos\/as preocupados\/as por un&#8230;<\/p>\n","protected":false},"author":1,"featured_media":0,"parent":0,"menu_order":0,"comment_status":"closed","ping_status":"closed","template":"full_width.php","meta":{"footnotes":""},"class_list":["post-321","page","type-page","status-publish","hentry"],"_links":{"self":[{"href":"https:\/\/www.unioviedo.es\/blueports2019\/index.php\/wp-json\/wp\/v2\/pages\/321","targetHints":{"allow":["GET"]}}],"collection":[{"href":"https:\/\/www.unioviedo.es\/blueports2019\/index.php\/wp-json\/wp\/v2\/pages"}],"about":[{"href":"https:\/\/www.unioviedo.es\/blueports2019\/index.php\/wp-json\/wp\/v2\/types\/page"}],"author":[{"embeddable":true,"href":"https:\/\/www.unioviedo.es\/blueports2019\/index.php\/wp-json\/wp\/v2\/users\/1"}],"replies":[{"embeddable":true,"href":"https:\/\/www.unioviedo.es\/blueports2019\/index.php\/wp-json\/wp\/v2\/comments?post=321"}],"version-history":[{"count":18,"href":"https:\/\/www.unioviedo.es\/blueports2019\/index.php\/wp-json\/wp\/v2\/pages\/321\/revisions"}],"predecessor-version":[{"id":364,"href":"https:\/\/www.unioviedo.es\/blueports2019\/index.php\/wp-json\/wp\/v2\/pages\/321\/revisions\/364"}],"wp:attachment":[{"href":"https:\/\/www.unioviedo.es\/blueports2019\/index.php\/wp-json\/wp\/v2\/media?parent=321"}],"curies":[{"name":"wp","href":"https:\/\/api.w.org\/{rel}","templated":true}]}}