{"id":2513,"date":"2025-01-15T09:26:22","date_gmt":"2025-01-15T08:26:22","guid":{"rendered":"https:\/\/www.unioviedo.es\/catedraIPA\/?page_id=2513"},"modified":"2025-01-22T13:32:56","modified_gmt":"2025-01-22T12:32:56","slug":"convocatorias-premios-innovacion-anteriores","status":"publish","type":"page","link":"https:\/\/www.unioviedo.es\/catedraIPA\/convocatorias-premios-innovacion-anteriores\/","title":{"rendered":"Convocatorias anteriores &#8211; Premios Innovacion en la Industria Agroalimentaria"},"content":{"rendered":"\n<div class=\"is-layout-flex wp-container-5 wp-block-columns\">\n<div class=\"is-layout-flow wp-block-column\">\n<h2><strong>V Edici\u00f3n_2024<\/strong><\/h2>\n\n\n\n<p class=\"has-text-align-left has-medium-font-size\">Premiados en las categor\u00edas:<\/p>\n\n\n\n<div class=\"is-layout-flex wp-container-3 wp-block-columns\">\n<div class=\"is-layout-flow wp-block-column has-medium-font-size\">\n<p class=\"has-text-align-center has-medium-font-size\"><em>Bebidas<\/em><\/p>\n\n\n\n<h2 class=\"has-text-align-center has-medium-font-size\"><a rel=\"noreferrer noopener\" href=\"https:\/\/www.sidraviudaangelonpomar.es\/\" data-type=\"URL\" data-id=\"https:\/\/www.sidraviudaangelonpomar.es\/\" target=\"_blank\"><strong>Sidra Vda. Angel\u00f3n<\/strong><\/a><\/h2>\n\n\n<div class=\"wp-block-image\">\n<figure class=\"aligncenter size-full is-resized\"><img decoding=\"async\" loading=\"lazy\" src=\"https:\/\/www.unioviedo.es\/catedraIPA\/wp-content\/uploads\/2025\/01\/Vda.-Angelon.webp\" alt=\"\" class=\"wp-image-2612\" width=\"181\" height=\"137\" srcset=\"https:\/\/www.unioviedo.es\/catedraIPA\/wp-content\/uploads\/2025\/01\/Vda.-Angelon.webp 640w, https:\/\/www.unioviedo.es\/catedraIPA\/wp-content\/uploads\/2025\/01\/Vda.-Angelon-300x226.webp 300w, https:\/\/www.unioviedo.es\/catedraIPA\/wp-content\/uploads\/2025\/01\/Vda.-Angelon-570x430.webp 570w\" sizes=\"(max-width: 181px) 100vw, 181px\" \/><\/figure><\/div><\/div>\n\n\n\n<div class=\"is-layout-flow wp-block-column has-medium-font-size\">\n<p class=\"has-text-align-center has-medium-font-size\"><em>Gastronom\u00eda<\/em><\/p>\n\n\n\n<h2 class=\"has-text-align-center has-medium-font-size\"><strong><a rel=\"noreferrer noopener\" href=\"https:\/\/www.embutidoslaunion.com\/\" data-type=\"URL\" data-id=\"https:\/\/www.embutidoslaunion.com\/\" target=\"_blank\">Embutidos La Uni\u00f3n<\/a> <\/strong><\/h2>\n\n\n<div class=\"wp-block-image\">\n<figure class=\"aligncenter size-full is-resized\"><img decoding=\"async\" loading=\"lazy\" src=\"https:\/\/www.unioviedo.es\/catedraIPA\/wp-content\/uploads\/2025\/01\/Embutidos-la-Union.png\" alt=\"\" class=\"wp-image-2614\" width=\"260\" height=\"153\" srcset=\"https:\/\/www.unioviedo.es\/catedraIPA\/wp-content\/uploads\/2025\/01\/Embutidos-la-Union.png 600w, https:\/\/www.unioviedo.es\/catedraIPA\/wp-content\/uploads\/2025\/01\/Embutidos-la-Union-300x178.png 300w, https:\/\/www.unioviedo.es\/catedraIPA\/wp-content\/uploads\/2025\/01\/Embutidos-la-Union-570x337.png 570w\" sizes=\"(max-width: 260px) 100vw, 260px\" \/><\/figure><\/div><\/div>\n<\/div>\n\n\n\n<p class=\"has-text-align-center has-medium-font-size\"><a href=\"https:\/\/www.rtpa.es\/noticias-asturias\/2024-12-04\/Embutidos-La-Union-y-Sidra-Viuda-de-Angelon-ganan-los-Premios-a-la-Innovacion-Alimentaria_111733344993.html\" data-type=\"URL\" data-id=\"https:\/\/www.rtpa.es\/noticias-asturias\/2024-12-04\/Embutidos-La-Union-y-Sidra-Viuda-de-Angelon-ganan-los-Premios-a-la-Innovacion-Alimentaria_111733344993.html\" target=\"_blank\" rel=\"noreferrer noopener\">Noticia en Prensa<\/a><\/p>\n\n\n\n<p class=\"has-text-align-center has-medium-font-size\"><a href=\"https:\/\/youtu.be\/8Cl83uXYWoU\" data-type=\"URL\" data-id=\"https:\/\/youtu.be\/8Cl83uXYWoU\" target=\"_blank\" rel=\"noreferrer noopener\">Video en YouTube<\/a><\/p>\n<\/div>\n<\/div>\n\n\n\n<h2 class=\"has-text-align-left\">IV Edici\u00f3n_2023<\/h2>\n\n\n\n<p class=\"has-medium-font-size\">Premiados en las categor\u00edas:<\/p>\n\n\n\n<div class=\"is-layout-flex wp-container-8 wp-block-columns\">\n<div class=\"is-layout-flow wp-block-column\">\n<p class=\"has-text-align-center has-medium-font-size\"><em>Quesos<\/em><\/p>\n\n\n\n<h2 class=\"has-text-align-center has-medium-font-size\"><a rel=\"noreferrer noopener\" href=\"https:\/\/www.reysilo.es\/\" data-type=\"URL\" data-id=\"https:\/\/www.reysilo.es\/\" target=\"_blank\"><strong>Queser\u00eda Rey el Silo <\/strong><\/a><\/h2>\n\n\n<div class=\"wp-block-image\">\n<figure class=\"aligncenter size-full is-resized\"><img decoding=\"async\" loading=\"lazy\" src=\"https:\/\/www.unioviedo.es\/catedraIPA\/wp-content\/uploads\/2025\/01\/Rey-Silo.png\" alt=\"\" class=\"wp-image-2619\" width=\"157\" height=\"158\" srcset=\"https:\/\/www.unioviedo.es\/catedraIPA\/wp-content\/uploads\/2025\/01\/Rey-Silo.png 224w, https:\/\/www.unioviedo.es\/catedraIPA\/wp-content\/uploads\/2025\/01\/Rey-Silo-150x150.png 150w\" sizes=\"(max-width: 157px) 100vw, 157px\" \/><\/figure><\/div><\/div>\n\n\n\n<div class=\"is-layout-flow wp-block-column\">\n<p class=\"has-text-align-center has-medium-font-size\"><em>Sostenibilidad<\/em><\/p>\n\n\n\n<h2 class=\"has-text-align-center has-medium-font-size\"><a rel=\"noreferrer noopener\" href=\"https:\/\/www.benfergrado.es\/\" data-type=\"URL\" data-id=\"https:\/\/www.benfergrado.es\/\" target=\"_blank\"><strong>BENFER<\/strong><\/a><\/h2>\n\n\n<div class=\"wp-block-image\">\n<figure class=\"aligncenter size-full is-resized\"><img decoding=\"async\" loading=\"lazy\" src=\"https:\/\/www.unioviedo.es\/catedraIPA\/wp-content\/uploads\/2025\/01\/BENFER.png\" alt=\"\" class=\"wp-image-2620\" width=\"195\" height=\"116\"\/><\/figure><\/div><\/div>\n<\/div>\n\n\n\n<p class=\"has-text-align-center has-medium-font-size\"><a href=\"https:\/\/comprometidosconasturias.com\/ceremonia-de-entrega-de-los-premios-a-la-innovacion-agroalimentaria-2023-a-carnicas-benfer-y-queseria-rey-silo\/\" data-type=\"URL\" data-id=\"https:\/\/comprometidosconasturias.com\/ceremonia-de-entrega-de-los-premios-a-la-innovacion-agroalimentaria-2023-a-carnicas-benfer-y-queseria-rey-silo\/\" target=\"_blank\" rel=\"noreferrer noopener\">Noticia en Prensa<\/a><\/p>\n\n\n\n<p class=\"has-text-align-center has-medium-font-size\"><a href=\"https:\/\/www.youtube.com\/watch?v=nACrjQ0zqow&amp;t=42s\" data-type=\"URL\" data-id=\"https:\/\/www.youtube.com\/watch?v=nACrjQ0zqow&amp;t=42s\" target=\"_blank\" rel=\"noreferrer noopener\">Video en YouTube<\/a><\/p>\n\n\n\n<h2 class=\"has-text-align-left\">III Edici\u00f3n_2022<\/h2>\n\n\n\n<p class=\"has-medium-font-size\">Premiados en las categor\u00edas:<\/p>\n\n\n\n<div class=\"is-layout-flex wp-container-11 wp-block-columns\">\n<div class=\"is-layout-flow wp-block-column\">\n<p class=\"has-text-align-center has-medium-font-size\"><em>Bebidas<\/em><\/p>\n\n\n\n<h2 class=\"has-text-align-center has-medium-font-size\"><a rel=\"noreferrer noopener\" href=\"https:\/\/fuensanta.com\/\" data-type=\"URL\" data-id=\"https:\/\/fuensanta.com\/\" target=\"_blank\">FUENSANTA<\/a><\/h2>\n\n\n<div class=\"wp-block-image\">\n<figure class=\"aligncenter size-full is-resized\"><img decoding=\"async\" loading=\"lazy\" src=\"https:\/\/www.unioviedo.es\/catedraIPA\/wp-content\/uploads\/2025\/01\/Fuensanta-1.jpg\" alt=\"\" class=\"wp-image-2680\" width=\"230\" height=\"97\" srcset=\"https:\/\/www.unioviedo.es\/catedraIPA\/wp-content\/uploads\/2025\/01\/Fuensanta-1.jpg 870w, https:\/\/www.unioviedo.es\/catedraIPA\/wp-content\/uploads\/2025\/01\/Fuensanta-1-300x128.jpg 300w, https:\/\/www.unioviedo.es\/catedraIPA\/wp-content\/uploads\/2025\/01\/Fuensanta-1-768x328.jpg 768w, https:\/\/www.unioviedo.es\/catedraIPA\/wp-content\/uploads\/2025\/01\/Fuensanta-1-570x243.jpg 570w\" sizes=\"(max-width: 230px) 100vw, 230px\" \/><\/figure><\/div><\/div>\n\n\n\n<div class=\"is-layout-flow wp-block-column\">\n<p class=\"has-text-align-center has-medium-font-size\"><em>Gastronom\u00eda<\/em><\/p>\n\n\n\n<h2 class=\"has-text-align-center has-medium-font-size\"><a rel=\"noreferrer noopener\" href=\"https:\/\/el-cuco.com\/\" data-type=\"URL\" data-id=\"https:\/\/el-cuco.com\/\" target=\"_blank\">C\u00e1rnicos El Cuco<\/a> <\/h2>\n\n\n<div class=\"wp-block-image\">\n<figure class=\"aligncenter size-full is-resized\"><img decoding=\"async\" loading=\"lazy\" src=\"https:\/\/www.unioviedo.es\/catedraIPA\/wp-content\/uploads\/2025\/01\/El-cuco.webp\" alt=\"\" class=\"wp-image-2624\" width=\"161\" height=\"106\"\/><\/figure><\/div><\/div>\n<\/div>\n\n\n\n<p class=\"has-text-align-center has-medium-font-size\"><a rel=\"noreferrer noopener\" href=\"https:\/\/www.lne.es\/videos\/asturias\/2022\/12\/21\/fuensanta-cuco-premios-innovacion-agroalimentaria-80281434.html\" data-type=\"URL\" data-id=\"https:\/\/www.lne.es\/videos\/asturias\/2022\/12\/21\/fuensanta-cuco-premios-innovacion-agroalimentaria-80281434.html\" target=\"_blank\">Noticia en Prensa<\/a><\/p>\n\n\n\n<h2 class=\"has-text-align-left\">II Edici\u00f3n 2021<\/h2>\n\n\n\n<p class=\"has-medium-font-size\">Premiados en las categor\u00edas:<\/p>\n\n\n\n<div class=\"is-layout-flex wp-container-14 wp-block-columns\">\n<div class=\"is-layout-flow wp-block-column\">\n<p class=\"has-text-align-center has-medium-font-size\"><em>Quesos<\/em><\/p>\n\n\n\n<h2 class=\"has-text-align-center has-medium-font-size\"><a rel=\"noreferrer noopener\" href=\"https:\/\/loscaserinos.com\/\" data-type=\"URL\" data-id=\"https:\/\/loscaserinos.com\/\" target=\"_blank\">Los Caserinos<\/a><\/h2>\n\n\n<div class=\"wp-block-image\">\n<figure class=\"aligncenter size-full is-resized\"><img decoding=\"async\" loading=\"lazy\" src=\"https:\/\/www.unioviedo.es\/catedraIPA\/wp-content\/uploads\/2025\/01\/caserinos.png\" alt=\"\" class=\"wp-image-2673\" width=\"176\" height=\"99\" srcset=\"https:\/\/www.unioviedo.es\/catedraIPA\/wp-content\/uploads\/2025\/01\/caserinos.png 272w, https:\/\/www.unioviedo.es\/catedraIPA\/wp-content\/uploads\/2025\/01\/caserinos-270x153.png 270w\" sizes=\"(max-width: 176px) 100vw, 176px\" \/><\/figure><\/div><\/div>\n\n\n\n<div class=\"is-layout-flow wp-block-column\">\n<p class=\"has-text-align-center has-medium-font-size\"><em>Sostenibilidad<\/em><\/p>\n\n\n\n<h2 class=\"has-text-align-center has-medium-font-size\"><a rel=\"noreferrer noopener\" href=\"https:\/\/capsafood.com\/\" data-type=\"URL\" data-id=\"https:\/\/capsafood.com\/\" target=\"_blank\">CAPSA FOOD<\/a><\/h2>\n\n\n<div class=\"wp-block-image\">\n<figure class=\"aligncenter size-full is-resized\"><img decoding=\"async\" loading=\"lazy\" src=\"https:\/\/www.unioviedo.es\/catedraIPA\/wp-content\/uploads\/2025\/01\/CAPSA-FOOD-1.webp\" alt=\"\" class=\"wp-image-2674\" width=\"237\" height=\"125\" srcset=\"https:\/\/www.unioviedo.es\/catedraIPA\/wp-content\/uploads\/2025\/01\/CAPSA-FOOD-1.webp 940w, https:\/\/www.unioviedo.es\/catedraIPA\/wp-content\/uploads\/2025\/01\/CAPSA-FOOD-1-300x160.webp 300w, https:\/\/www.unioviedo.es\/catedraIPA\/wp-content\/uploads\/2025\/01\/CAPSA-FOOD-1-768x409.webp 768w, https:\/\/www.unioviedo.es\/catedraIPA\/wp-content\/uploads\/2025\/01\/CAPSA-FOOD-1-570x303.webp 570w\" sizes=\"(max-width: 237px) 100vw, 237px\" \/><\/figure><\/div><\/div>\n<\/div>\n\n\n\n<p class=\"has-text-align-center has-medium-font-size\"><a href=\"https:\/\/www.unioviedo.es\/catedraIPA\/acto-de-entrega-de-los-ii-premios-innovacion-de-la-catedra\/\" data-type=\"URL\" data-id=\"https:\/\/www.unioviedo.es\/catedraIPA\/acto-de-entrega-de-los-ii-premios-innovacion-de-la-catedra\/\" target=\"_blank\" rel=\"noreferrer noopener\">Noticia en Prensa<\/a><\/p>\n\n\n\n<p class=\"has-medium-font-size\">Premiados en las categor\u00edas: <\/p>\n\n\n\n<div class=\"is-layout-flex wp-container-17 wp-block-columns\">\n<div class=\"is-layout-flow wp-block-column\">\n<p class=\"has-text-align-center has-medium-font-size\"><em>Bebidas<\/em><\/p>\n\n\n\n<h2 class=\"has-text-align-center has-medium-font-size\"><a rel=\"noreferrer noopener\" href=\"https:\/\/licoreslosserranos.es\/\" data-type=\"URL\" data-id=\"https:\/\/licoreslosserranos.es\/\" target=\"_blank\">Licores Los Serranos<\/a><\/h2>\n\n\n<div class=\"wp-block-image\">\n<figure class=\"aligncenter size-full is-resized\"><img decoding=\"async\" loading=\"lazy\" src=\"https:\/\/www.unioviedo.es\/catedraIPA\/wp-content\/uploads\/2025\/01\/Captura-de-pantalla-2025-01-16-133526.png\" alt=\"\" class=\"wp-image-2672\" width=\"194\" height=\"111\" srcset=\"https:\/\/www.unioviedo.es\/catedraIPA\/wp-content\/uploads\/2025\/01\/Captura-de-pantalla-2025-01-16-133526.png 416w, https:\/\/www.unioviedo.es\/catedraIPA\/wp-content\/uploads\/2025\/01\/Captura-de-pantalla-2025-01-16-133526-300x172.png 300w\" sizes=\"(max-width: 194px) 100vw, 194px\" \/><\/figure><\/div><\/div>\n\n\n\n<div class=\"is-layout-flow wp-block-column\">\n<p class=\"has-text-align-center has-medium-font-size\"><em>Gastronom\u00eda<\/em><\/p>\n\n\n\n<h2 class=\"has-text-align-center has-medium-font-size\"><a rel=\"noreferrer noopener\" href=\"https:\/\/www.productosdeasturias.com\/es\/productos-tierra-astur?gad_source=1&amp;gclid=Cj0KCQiA1p28BhCBARIsADP9HrPw_U7Ahfh3PQT2hf1VXEgIv0tRmq6B2LdoCegGHRc4eDpwkJPK3mYaAtTQEALw_wcB\" target=\"_blank\">Crivencar<\/a><\/h2>\n\n\n<div class=\"wp-block-image\">\n<figure class=\"aligncenter size-full is-resized\"><img decoding=\"async\" loading=\"lazy\" src=\"https:\/\/www.unioviedo.es\/catedraIPA\/wp-content\/uploads\/2025\/01\/crivencar.png\" alt=\"\" class=\"wp-image-2670\" width=\"147\" height=\"147\" srcset=\"https:\/\/www.unioviedo.es\/catedraIPA\/wp-content\/uploads\/2025\/01\/crivencar.png 280w, https:\/\/www.unioviedo.es\/catedraIPA\/wp-content\/uploads\/2025\/01\/crivencar-150x150.png 150w\" sizes=\"(max-width: 147px) 100vw, 147px\" \/><\/figure><\/div><\/div>\n<\/div>\n\n\n\n<p class=\"has-text-align-center has-medium-font-size\"><a rel=\"noreferrer noopener\" href=\"https:\/\/www.unioviedo.es\/catedraIPA\/innovar-en-la-industria-agroalimentaria-tiene-premio\/\" data-type=\"URL\" data-id=\"https:\/\/www.unioviedo.es\/catedraIPA\/innovar-en-la-industria-agroalimentaria-tiene-premio\/\" target=\"_blank\">Noticia en P\u00e1gina Oficial <\/a><\/p>\n\n\n\n<p class=\"has-text-align-center has-medium-font-size\"><a rel=\"noreferrer noopener\" href=\"https:\/\/www.youtube.com\/watch?v=Z1t9LQkpX4w&amp;t=567s\" data-type=\"URL\" data-id=\"https:\/\/www.youtube.com\/watch?v=Z1t9LQkpX4w&amp;t=567s\" target=\"_blank\">Video en YouTube<\/a><\/p>\n","protected":false},"excerpt":{"rendered":"<p>V Edici\u00f3n_2024 Premiados en las categor\u00edas: Bebidas Sidra Vda. Angel\u00f3n Gastronom\u00eda Embutidos La Uni\u00f3n Noticia en Prensa Video en YouTube IV Edici\u00f3n_2023 Premiados en las categor\u00edas: Quesos Queser\u00eda Rey el Silo Sostenibilidad BENFER Noticia en Prensa Video en YouTube III Edici\u00f3n_2022 Premiados en las categor\u00edas: Bebidas FUENSANTA Gastronom\u00eda C\u00e1rnicos El Cuco Noticia en Prensa II [&hellip;]<\/p>\n","protected":false},"author":1,"featured_media":0,"parent":0,"menu_order":0,"comment_status":"closed","ping_status":"closed","template":"","meta":[],"_links":{"self":[{"href":"https:\/\/www.unioviedo.es\/catedraIPA\/wp-json\/wp\/v2\/pages\/2513"}],"collection":[{"href":"https:\/\/www.unioviedo.es\/catedraIPA\/wp-json\/wp\/v2\/pages"}],"about":[{"href":"https:\/\/www.unioviedo.es\/catedraIPA\/wp-json\/wp\/v2\/types\/page"}],"author":[{"embeddable":true,"href":"https:\/\/www.unioviedo.es\/catedraIPA\/wp-json\/wp\/v2\/users\/1"}],"replies":[{"embeddable":true,"href":"https:\/\/www.unioviedo.es\/catedraIPA\/wp-json\/wp\/v2\/comments?post=2513"}],"version-history":[{"count":55,"href":"https:\/\/www.unioviedo.es\/catedraIPA\/wp-json\/wp\/v2\/pages\/2513\/revisions"}],"predecessor-version":[{"id":2698,"href":"https:\/\/www.unioviedo.es\/catedraIPA\/wp-json\/wp\/v2\/pages\/2513\/revisions\/2698"}],"wp:attachment":[{"href":"https:\/\/www.unioviedo.es\/catedraIPA\/wp-json\/wp\/v2\/media?parent=2513"}],"curies":[{"name":"wp","href":"https:\/\/api.w.org\/{rel}","templated":true}]}}