{"id":15882,"date":"2021-06-21T12:08:04","date_gmt":"2021-06-21T10:08:04","guid":{"rendered":"https:\/\/www.unioviedo.es\/catedrahunosa\/?page_id=15882"},"modified":"2026-03-03T21:23:29","modified_gmt":"2026-03-03T20:23:29","slug":"formacion","status":"publish","type":"page","link":"https:\/\/www.unioviedo.es\/catedrahunosa\/formacion\/","title":{"rendered":"Actividades formativas"},"content":{"rendered":"\n<p>Las actividades de difusi\u00f3n y apoyo a la transferencia del conocimiento son un parte fundamental de la identidad de la C\u00e1tedra HUNOSA.<\/p>\n\n\n\n<p>Entre otras actividades, se organizan cursos de verano de extensi\u00f3n universitaria, jornadas de formaci\u00f3n, visitas guiadas para todos los p\u00fablicos y eventos especiales durante la Semana de la Ciencia de la Universidad de Oviedo.<\/p>\n\n\n\n<p>\u00a1Consulta la informaci\u00f3n sobre nuestros \u00faltimos eventos!<\/p>\n\n\n<div class=\"lightweight-accordion\"><details open><summary class=\"lightweight-accordion-title\"><span>Jornada sobre Geotermia Somera 2026<\/span><\/summary><div class=\"lightweight-accordion-body\">\n<div class=\"wp-block-image\">\n<figure class=\"aligncenter size-large is-resized\"><img loading=\"lazy\" decoding=\"async\" width=\"723\" height=\"1024\" src=\"https:\/\/www.unioviedo.es\/catedrahunosa\/wp-content\/uploads\/2026\/02\/Cartel_jornadageo26-723x1024.jpg\" alt=\"\" class=\"wp-image-16754\" style=\"aspect-ratio:0.706066057910995;width:382px;height:auto\" srcset=\"https:\/\/www.unioviedo.es\/catedrahunosa\/wp-content\/uploads\/2026\/02\/Cartel_jornadageo26-723x1024.jpg 723w, https:\/\/www.unioviedo.es\/catedrahunosa\/wp-content\/uploads\/2026\/02\/Cartel_jornadageo26-212x300.jpg 212w, https:\/\/www.unioviedo.es\/catedrahunosa\/wp-content\/uploads\/2026\/02\/Cartel_jornadageo26-768x1087.jpg 768w, https:\/\/www.unioviedo.es\/catedrahunosa\/wp-content\/uploads\/2026\/02\/Cartel_jornadageo26-1085x1536.jpg 1085w, https:\/\/www.unioviedo.es\/catedrahunosa\/wp-content\/uploads\/2026\/02\/Cartel_jornadageo26-1446x2048.jpg 1446w, https:\/\/www.unioviedo.es\/catedrahunosa\/wp-content\/uploads\/2026\/02\/Cartel_jornadageo26-scaled.jpg 1808w\" sizes=\"auto, (max-width: 723px) 100vw, 723px\" \/><\/figure>\n<\/div>\n\n\n<ul class=\"wp-block-list\">\n<li>&nbsp;<strong>&#x1f4c5; Fecha:<\/strong>&nbsp;4 marzo 2026.<\/li>\n\n\n\n<li><strong>&#x1f4cd; Lugar:<\/strong> <a href=\"https:\/\/www.unioviedo.es\/catedrahunosa\/contacto\/\" type=\"page\" id=\"6\">Campus de Mieres<\/a>\u00a0<strong>y <a href=\"https:\/\/teams.microsoft.com\/dl\/launcher\/launcher.html?url=%2F_%23%2Fl%2Fmeetup-join%2F19%3Ameeting_NjZiNmYxNGItNmZhNi00NWNmLTliMzktMDA3YmIwNTIzMDJi%40thread.v2%2F0%3Fcontext%3D%257b%2522Tid%2522%253a%252205ea74a3-92c5-4c31-978a-925c3c799cd0%2522%252c%2522Oid%2522%253a%2522058ac264-11a4-4f74-a0d4-17dbfc116157%2522%257d%26anon%3Dtrue&amp;type=meetup-join&amp;deeplinkId=f1cbbddd-0140-4517-a734-3bd97c8c9820&amp;directDl=true&amp;msLaunch=true&amp;enableMobilePage=true&amp;suppressPrompt=true\" target=\"_blank\" rel=\"noreferrer noopener nofollow\">online<\/a><\/strong>.<\/li>\n\n\n\n<li><strong>&#x1f3af; Para qui\u00e9n:<\/strong>&nbsp;todo tipo de personas interesadas. Profesionales y p\u00fablico general.<\/li>\n\n\n\n<li><strong>&#x1f4b0; Precio:<\/strong>&nbsp;Gratuito.<\/li>\n\n\n\n<li><strong>&#x1f4dd; Inscripci\u00f3n:<\/strong>&nbsp;Obligatoria, para gesti\u00f3n de credenciales e invitaciones web. (<a href=\"https:\/\/forms.gle\/qw9uR3xHJccZXKkv7\">enlace<\/a>)<\/li>\n\n\n\n<li>&#x1f4c4;&nbsp;<strong>Material exclusivo<\/strong>: La C\u00e1tedra HUNOSA enviar\u00e1 a las personas inscritas varios documentos con res\u00famenes informativos tras la celebraci\u00f3n de la Jornada.<\/li>\n<\/ul>\n\n\n\n<p>El pr\u00f3ximo <strong>4 de marzo<\/strong> se organizar\u00e1 en el <a href=\"https:\/\/maps.app.goo.gl\/r2qwMFjDqQFznoNj9\">Edificio de Investigaci\u00f3n<\/a> del Campus de <strong>Mieres <\/strong>(EPM) una <strong>Jornada sobre&nbsp;Geotermia&nbsp;Somera en Asturias<\/strong>.<\/p>\n\n\n\n<p>M\u00e1s all\u00e1 de presentar una energ\u00eda renovable, el objetivo de esta jornada es ser un punto de encuentro para construir el futuro energ\u00e9tico de Asturias. Ser\u00e1 cita clave para quienes busquen&nbsp;<strong>evaluar la viabilidad de proyectos, conocer las l\u00edneas de ayuda vigentes y conectar con proveedores especializados<\/strong>&nbsp;en la regi\u00f3n.<\/p>\n\n\n\n<p>Si eres arquitecto, ingeniero, trabajas para un Ayuntamiento o simplemente tienes inter\u00e9s en los detalles sobre esta energ\u00eda: no dudes en acercarte a la Jornada. \u00a1Todo el mundo es bienvenido!<\/p>\n\n\n\n<p>Porque el Principado re\u00fane lo esencial: los&nbsp;recursos, el talento especializado y la determinaci\u00f3n necesaria&nbsp;para convertirse en un polo de oportunidades&nbsp;para el despliegue de esta energ\u00eda sostenible.<\/p>\n\n\n\n<p>La Jornada <strong>tambi\u00e9n ser\u00e1 retransmitida<\/strong> en directo para quienes no pudieran desplazarse, con el fin \u00faltimo de hacer todo lo posible por acercar este evento a los y las interesadas. Adem\u00e1s, las ponencias quedar\u00e1n grabadas para ser consultadas siempre que se desee. Os dejamos aqu\u00ed el enlace: (<a href=\"https:\/\/teams.microsoft.com\/l\/meetup-join\/19%3ameeting_NjZiNmYxNGItNmZhNi00NWNmLTliMzktMDA3YmIwNTIzMDJi%40thread.v2\/0?context=%7b%22Tid%22%3a%2205ea74a3-92c5-4c31-978a-925c3c799cd0%22%2c%22Oid%22%3a%22058ac264-11a4-4f74-a0d4-17dbfc116157%22%7d\" target=\"_blank\" rel=\"noreferrer noopener nofollow\">pinche aqu\u00ed<\/a>)<\/p>\n\n\n\n<div class=\"wp-block-buttons has-white-background-color has-background is-content-justification-center is-layout-flex wp-container-core-buttons-is-layout-28206b41 wp-block-buttons-is-layout-flex\">\n<div class=\"wp-block-button has-custom-width wp-block-button__width-75 is-style-fill\"><a class=\"wp-block-button__link has-vivid-cyan-blue-background-color has-background wp-element-button\" href=\"https:\/\/forms.gle\/qw9uR3xHJccZXKkv7\" rel=\"https:\/\/forms.gle\/qw9uR3xHJccZXKkv7\">INCR\u00cdBETE AQU\u00cd GRATIS<\/a><\/div>\n<\/div>\n\n\n\n<div style=\"height:25px\" aria-hidden=\"true\" class=\"wp-block-spacer\"><\/div>\n\n\n\n<p>La Jornada se estructura en <strong>tres actos<\/strong>: una serie de <strong>ponencias <\/strong>t\u00e9cnicas impartidas por diversos expertos y expertas, un <strong>descanso <\/strong>en que servir\u00e1 vino del pa\u00eds y se incentivar\u00e1 el contacto entre participantes y ponentes y, finalmente, unas <strong>visitas guiadas<\/strong> para aquellas personas interesadas en conocer con sus propios ojos los casos de \u00e9xito m\u00e1s cercanos.<\/p>\n\n\n\n<p>La primera de las visitas ser\u00e1 a <a href=\"https:\/\/www.unioviedo.es\/catedrahunosa\/pozo-barredo\/\" type=\"post\" id=\"14450\">Pozo Barredo<\/a>, una instalaci\u00f3n de geotermia somera con agua de mina, pionera en el mundo y condecorada con numerosos reconocimientos, que se encuentra a escasos metros del Edificio de Investigaci\u00f3n donde se imparte la Jornada. La segunda de las visitas requiere de transporte propio (se facilitar\u00e1 la coordinaci\u00f3n entre asistentes en aquellos casos necesarios), pues se trata del Pozo Fond\u00f3n, ubicado a 10 minutos de distancia, en la ciudad de Langreo.<\/p>\n\n\n\n<p><br>En la jornada participaran diversos ponentes de entidades como <a href=\"https:\/\/www.linkedin.com\/company\/ekogar\/\">Ingenier\u00eda Energ\u00e9tica Ekogar S.L<\/a>,  la&nbsp;<a href=\"https:\/\/www.linkedin.com\/company\/fundacionfaen\/\">Fundaci\u00f3n Asturiana de la Energ\u00eda (FAEN<\/a>), el&nbsp;<a href=\"https:\/\/www.linkedin.com\/company\/grupohunosa\/\">Grupo HUNOSA<\/a>,&nbsp;<a href=\"https:\/\/www.linkedin.com\/company\/ecoforest\/\">Ecoforest&nbsp;<\/a>&nbsp;y la propia&nbsp;<a href=\"https:\/\/www.linkedin.com\/company\/c%C3%A1tedra-hunosa-universidad-de-oviedo\/\">C\u00e1tedra Hunosa &#8211; Universidad de Oviedo<\/a>.<\/p>\n\n\n\n<p>Tambi\u00e9n podr\u00e1n visitarse los <em>stands<\/em> de REHAU, YOKOGAWA y C\u00e1tedra HUNOSA.<\/p>\n\n\n\n<div style=\"height:25px\" aria-hidden=\"true\" class=\"wp-block-spacer\"><\/div>\n\n\n\n<p>Se repartir\u00e1n credenciales de acceso, por lo que se requiere inscripci\u00f3n a la Jornada. La inscripci\u00f3n es completamente <strong>gratuita <\/strong>y puede realizarse en:<br>&#x1f517; En el siguiente enlace: <a href=\"https:\/\/forms.gle\/qw9uR3xHJccZXKkv7\">https:\/\/forms.gle\/qw9uR3xHJccZXKkv7<\/a><br>&#x1f4e7; O bien escribiendo a <a href=\"mailto:catedrahunosa@uniovi.es\">catedrahunosa@uniovi.es<\/a><br><br>Puedes consultar la <strong>agenda<\/strong> y ponentes a continuaci\u00f3n:<\/p>\n\n\n\n<figure class=\"wp-block-image size-large\"><img loading=\"lazy\" decoding=\"async\" width=\"724\" height=\"1024\" src=\"https:\/\/www.unioviedo.es\/catedrahunosa\/wp-content\/uploads\/2026\/03\/Programa-724x1024.jpg\" alt=\"\" class=\"wp-image-16770\" srcset=\"https:\/\/www.unioviedo.es\/catedrahunosa\/wp-content\/uploads\/2026\/03\/Programa-724x1024.jpg 724w, https:\/\/www.unioviedo.es\/catedrahunosa\/wp-content\/uploads\/2026\/03\/Programa-212x300.jpg 212w, https:\/\/www.unioviedo.es\/catedrahunosa\/wp-content\/uploads\/2026\/03\/Programa-768x1086.jpg 768w, https:\/\/www.unioviedo.es\/catedrahunosa\/wp-content\/uploads\/2026\/03\/Programa-1086x1536.jpg 1086w, https:\/\/www.unioviedo.es\/catedrahunosa\/wp-content\/uploads\/2026\/03\/Programa-1448x2048.jpg 1448w, https:\/\/www.unioviedo.es\/catedrahunosa\/wp-content\/uploads\/2026\/03\/Programa-scaled.jpg 1810w\" sizes=\"auto, (max-width: 724px) 100vw, 724px\" \/><\/figure>\n\n\n\n<p><strong>No pierdas la oportunidad de actualizar tu conocimiento con los principales expertos de la regi\u00f3n y recibir tu documento de referencia oficial. \u00a1Inscr\u00edbete ya!<\/strong><\/p>\n\n\n\n<div class=\"wp-block-buttons has-white-background-color has-background is-content-justification-center is-layout-flex wp-container-core-buttons-is-layout-28206b41 wp-block-buttons-is-layout-flex\">\n<div class=\"wp-block-button has-custom-width wp-block-button__width-75 is-style-fill\"><a class=\"wp-block-button__link has-vivid-cyan-blue-background-color has-background wp-element-button\" href=\"https:\/\/forms.gle\/qw9uR3xHJccZXKkv7\" rel=\"https:\/\/forms.gle\/qw9uR3xHJccZXKkv7\">INCR\u00cdBETE AQU\u00cd GRATIS<\/a><\/div>\n<\/div>\n\n\n\n<div style=\"height:35px\" aria-hidden=\"true\" class=\"wp-block-spacer\"><\/div>\n\n\n\n<p>Tambi\u00e9n puedes seguir la retransmisi\u00f3n desde aqu\u00ed, y consultar el v\u00eddeo una vez sea grabado. Recuerda que puedes unirte en el siguiente enlace: (<a href=\"https:\/\/teams.microsoft.com\/l\/meetup-join\/19%3ameeting_NjZiNmYxNGItNmZhNi00NWNmLTliMzktMDA3YmIwNTIzMDJi%40thread.v2\/0?context=%7b%22Tid%22%3a%2205ea74a3-92c5-4c31-978a-925c3c799cd0%22%2c%22Oid%22%3a%22058ac264-11a4-4f74-a0d4-17dbfc116157%22%7d\">pulse aqu\u00ed<\/a>)<\/p>\n\n\n\n<iframe loading=\"lazy\" src=\"https:\/\/teams.microsoft.com\/convene\/townhall?eventId=dc869244-2717-4281-ab3a-8da14ad967e2@05ea74a3-92c5-4c31-978a-925c3c799cd0&#038;sessionId=aa84424f-15ce-43eb-8894-1498446001d4\" width=\"1280\" height=\"720\" frameborder=\"0\" scrolling=\"no\" allowfullscreen style=\"border:none;\" allow=\"autoplay; camera; microphone\"><\/iframe>\n\n<\/div><\/details><\/div>\n\n<div class=\"lightweight-accordion bordered\"><details><summary class=\"lightweight-accordion-title\"><span>Curso verano 2024<\/span><\/summary><div class=\"lightweight-accordion-body\">\n\n<h2 class=\"wp-block-heading has-text-align-center has-text-color\" id=\"22\" style=\"color:#00847d\"><strong>Curso de Verano: Energ\u00eda Geot\u00e9rmica<\/strong><\/h2>\n\n\n\n<p>La C\u00e1tedra Hunosa organiza la tercera edici\u00f3n del curso de verano <strong><a href=\"https:\/\/www.uniovi.es\/estudios\/extension\/cursosverano\/-\/asset_publisher\/SEp0PJi4ISGo\/content\/energia-renovable-geotermica-de-la-teoria-a-la-practica;jsessionid=03459FEB8CB1606657375AC926B140F9?redirect=%2Festudios%2Fextension%2Fcursosverano\" target=\"_blank\" rel=\"noreferrer noopener\">\u00abEnerg\u00eda Geot\u00e9rmica, de la teor\u00eda a la pr\u00e1ctica\u00bb<\/a><\/strong>. Esta formaci\u00f3n, pertenece a los cursos de extensi\u00f3n universitaria de la Universidad de Oviedo, y es homologable por <strong>un cr\u00e9dito ECTS <\/strong>si as\u00ed se solicita. <\/p>\n\n\n\n<p>Este curso se considera como un <strong>curso de formaci\u00f3n permanente para el profesorado<\/strong> no universitario, para lo cual se deber\u00e1 solicitar, de forma individual, el <strong>reconocimiento de cr\u00e9ditos<\/strong> a trav\u00e9s del procedimiento <a href=\"https:\/\/urldefense.com\/v3\/__https:\/www.educastur.es\/-\/actividades-equiparadas-a-la-formacion-permanente-modelo-de-solicitud__;!!D9dNQwwGXtA!QGf8OyhGjQvltAP2Lt2JgKDTRkg8miLrNjaKQjcWldJAsIjgzNmuQGt2hwb3qQpvVgYLjdaGa9N8jMNpkmg$\">de Actividades Equiparadas<\/a> de la Consejer\u00eda de Educaci\u00f3n.<\/p>\n\n\n\n<p>Durante esta nueva edici\u00f3n, que se celebrar\u00e1 entre el<strong> 15 y el 19 de julio<\/strong>, los asistentes podr\u00e1n descubrir y adentrarse en el mundo de la energ\u00eda geot\u00e9rmica. Las jornadas est\u00e1n organizadas en horario de ma\u00f1ana, de 9:30 a 14:30, con un total de 25 horas. Si tienes cualquier consulta, no dudes en ponerte en <strong><a href=\"https:\/\/www.unioviedo.es\/catedrahunosa\/index.php\/contacto\/\">contacto<\/a><\/strong> con nosotros.<\/p>\n\n\n\n<p>El curso est\u00e1 financiado al 100%  por la C\u00e1tedra HUNOSA y el convenio SV-21-HUNOSA-1, resultando el precio final en 0 \u20ac para todos los interesados.<\/p>\n\n\n\n<div class=\"wp-block-buttons is-layout-flex wp-block-buttons-is-layout-flex\">\n<div class=\"wp-block-button has-custom-width wp-block-button__width-50 is-style-fill\"><a class=\"wp-block-button__link has-white-color has-text-color has-background wp-element-button\" href=\"https:\/\/www.uniovi.es\/estudia\/extension\/cursosverano\/-\/asset_publisher\/7EoMMHKjBXo4\/ofertaViva\/id\/7403427\" style=\"background-color:#00847d\" target=\"_blank\" rel=\"noreferrer noopener\">P\u00e1gina del curso<\/a><\/div>\n\n\n\n<div class=\"wp-block-button has-custom-width wp-block-button__width-50 is-style-outline is-style-outline--1\"><a class=\"wp-block-button__link has-white-color has-text-color has-background wp-element-button\" href=\"https:\/\/sies.uniovi.es\/fnofmat\/web\/inicio.faces?token=a4f32905f10ba9d3fe95f9165b76d61c8e139fed436570f69909f9ecadef5e23\" style=\"background-color:#00847d\" target=\"_blank\" rel=\"noreferrer noopener\">Matr\u00edcula<\/a><\/div>\n<\/div>\n\n\n\n<div style=\"height:26px\" aria-hidden=\"true\" class=\"wp-block-spacer\"><\/div>\n\n\n\n<div class=\"wp-block-media-text alignwide is-stacked-on-mobile\" style=\"grid-template-columns:43% auto\"><figure class=\"wp-block-media-text__media\"><a href=\"https:\/\/www.uniovi.es\/estudios\/extension\/cursosverano\/-\/asset_publisher\/SEp0PJi4ISGo\/content\/energia-renovable-geotermica-de-la-teoria-a-la-practica;jsessionid=03459FEB8CB1606657375AC926B140F9?redirect=%2Festudios%2Fextension%2Fcursosverano\"><img loading=\"lazy\" decoding=\"async\" width=\"540\" height=\"780\" src=\"https:\/\/www.unioviedo.es\/catedrahunosa\/wp-content\/uploads\/2024\/06\/c35222c2_1.png\" alt=\"\" class=\"wp-image-16589 size-full\" srcset=\"https:\/\/www.unioviedo.es\/catedrahunosa\/wp-content\/uploads\/2024\/06\/c35222c2_1.png 540w, https:\/\/www.unioviedo.es\/catedrahunosa\/wp-content\/uploads\/2024\/06\/c35222c2_1-208x300.png 208w\" sizes=\"auto, (max-width: 540px) 100vw, 540px\" \/><\/a><\/figure><div class=\"wp-block-media-text__content\">\n<p>Durante las jornadas, se trataran desde <strong>aspectos generales<\/strong> sobre este recurso energ\u00e9tico, desde su origen, par\u00e1metros de su investigaci\u00f3n (an\u00e1lisis t\u00e9rmico del subsuelo, test de respuesta t\u00e9rmica), a <strong>aplicaciones industriales<\/strong>, como centrales geot\u00e9rmicas, o aplicaciones <strong>dom\u00e9sticas<\/strong>, como las certificaciones de edificios, el marco normativo o las redes de calor. <\/p>\n\n\n\n<p>Como caracter\u00edstica singular del recurso geot\u00e9rmico, se har\u00e1 especial hincapi\u00e9 en los <strong>recursos geot\u00e9rmicos asociados a la actividad minera<\/strong> y se tratar\u00e1 el caso concreto de la red de calor del <strong>Pozo Barredo en Mieres<\/strong>, del que tambi\u00e9n se visitar\u00e1n sus instalaciones en los distintos edificios que abastece, acompa\u00f1ados de personal de Hunosa. <\/p>\n\n\n\n<p>Las clases tendr\u00e1n un car\u00e1cter de formaci\u00f3n <strong>mixto te\u00f3rico-pr\u00e1ctico<\/strong>, y ser\u00e1n impartidas tanto por profesores universitarios del grupo de la C\u00e1tedra como por profesionales del sector de la geotermia. Tambi\u00e9n colaborar\u00e1n en la docencia profesionales del Grupo Hunosa, que realizar\u00e1n as\u00ed mismo la <strong>visita<\/strong> a las instalaciones geot\u00e9rmicas del <strong>Pozo Barredo en Mieres<\/strong>, y del centro de investigaci\u00f3n de la C\u00e1tedra Hunosa.<\/p>\n<\/div><\/div>\n\n\n\n<p>Descubre el <strong>programa completo<\/strong> de la semana de formaci\u00f3n:<\/p>\n\n\n\n<figure class=\"wp-block-gallery has-nested-images columns-default is-cropped wp-block-gallery-2 is-layout-flex wp-block-gallery-is-layout-flex\">\n<figure class=\"wp-block-image size-large\"><img loading=\"lazy\" decoding=\"async\" width=\"540\" height=\"780\" data-id=\"16591\" src=\"https:\/\/www.unioviedo.es\/catedrahunosa\/wp-content\/uploads\/2024\/06\/c35222c2_2.png\" alt=\"\" class=\"wp-image-16591\" srcset=\"https:\/\/www.unioviedo.es\/catedrahunosa\/wp-content\/uploads\/2024\/06\/c35222c2_2.png 540w, https:\/\/www.unioviedo.es\/catedrahunosa\/wp-content\/uploads\/2024\/06\/c35222c2_2-208x300.png 208w\" sizes=\"auto, (max-width: 540px) 100vw, 540px\" \/><\/figure>\n\n\n\n<figure class=\"wp-block-image size-large\"><img loading=\"lazy\" decoding=\"async\" width=\"540\" height=\"780\" data-id=\"16592\" src=\"https:\/\/www.unioviedo.es\/catedrahunosa\/wp-content\/uploads\/2024\/06\/c35222c2_3.png\" alt=\"\" class=\"wp-image-16592\" srcset=\"https:\/\/www.unioviedo.es\/catedrahunosa\/wp-content\/uploads\/2024\/06\/c35222c2_3.png 540w, https:\/\/www.unioviedo.es\/catedrahunosa\/wp-content\/uploads\/2024\/06\/c35222c2_3-208x300.png 208w\" sizes=\"auto, (max-width: 540px) 100vw, 540px\" \/><\/figure>\n<\/figure>\n\n\n\n<h3 class=\"wp-block-heading\">Resolvemos tus dudas sobre el proceso de matriculaci\u00f3n<\/h3>\n\n\n\n<p>\u00bfTe has intentado matricular en nuestro curso de verano sobre Energ\u00eda&nbsp;Geot\u00e9rmica y has tenido alg\u00fan problema? &#x1f914;<br>Te resolvemos algunas dudas &#x1f447;<\/p>\n\n\n\n<p>1&#xfe0f;&#x20e3; Cualquier persona se puede matricular. No hay requisitos de acceso ni hay que pertenecer a la&nbsp;comunidad Universitaria. <\/p>\n\n\n\n<p>2&#xfe0f;&#x20e3; El precio final para TODOS los interesados es de 0 \u20ac &#x1f44f;&#x1f60e;<br><\/p>\n\n\n\n<p>No dudes en ponerte en contacto con nosotros para cualquier duda<br>&#x1f4e7;escribiendo a \u00ab<a href=\"mailto:catedrahunosa@uniovi.es\">catedrahunosa@uniovi.es<\/a>\u00ab<br>&#x1f4de;o llamando al 985 45 81 89<\/p>\n\n\n\n<p><\/p>\n\n<\/div><\/details><\/div>\n\n<div class=\"lightweight-accordion bordered\"><details><summary class=\"lightweight-accordion-title\"><span>Curso verano 2022<\/span><\/summary><div class=\"lightweight-accordion-body\">\n\n<h2 class=\"wp-block-heading has-text-align-center has-text-color\" id=\"22\" style=\"color:#00847d\"><strong>Curso de Verano: Energ\u00eda Geot\u00e9rmica<\/strong><\/h2>\n\n\n\n<p>La C\u00e1tedra Hunosa organiza la segunda edici\u00f3n del curso de verano <strong><a href=\"https:\/\/www.uniovi.es\/estudios\/extension\/cursosverano\/-\/asset_publisher\/SEp0PJi4ISGo\/content\/energia-renovable-geotermica-de-la-teoria-a-la-practica;jsessionid=03459FEB8CB1606657375AC926B140F9?redirect=%2Festudios%2Fextension%2Fcursosverano\" target=\"_blank\" rel=\"noreferrer noopener\">\u00abEnerg\u00eda  Renovable Geot\u00e9rmica, de la teor\u00eda a la pr\u00e1ctica\u00bb<\/a><\/strong>. Esta formaci\u00f3n, pertenece a los cursos de extensi\u00f3n universitaria de la Universidad de Oviedo, y es homologable por <strong>un cr\u00e9dito ECTS <\/strong>si as\u00ed se solicita. <\/p>\n\n\n\n<p>Durante esta nueva edici\u00f3n, que se celebrar\u00e1 entre el<strong> 11 y el 15 de Julio<\/strong>, los asistentes podr\u00e1n descubrir y adentrarse en el mundo de la energ\u00eda geot\u00e9rmica. Las jornadas est\u00e1n organizadas en horario de ma\u00f1ana, de 9:30 a 14:30, con un total de 25 horas. Si tienes cualquier consulta, no dudes en ponerte en <strong><a href=\"https:\/\/www.unioviedo.es\/catedrahunosa\/index.php\/contacto\/\">contacto<\/a><\/strong> con nosotros.<\/p>\n\n\n\n<div style=\"height:26px\" aria-hidden=\"true\" class=\"wp-block-spacer\"><\/div>\n\n\n\n<h3 class=\"wp-block-heading\">Resolvemos tus dudas sobre el proceso de matriculaci\u00f3n<\/h3>\n\n\n\n<p>Si has detectado otro fallo en la plataforma de matriculaci\u00f3n, no dudes en ponerte en contacto con nosotros:<br>&#x1f4e7;escribiendo a \u00ab<a href=\"mailto:catedrahunosa@uniovi.es\">catedrahunosa@uniovi.es<\/a>\u00ab<br>&#x1f4de;o llamando al 985 10 30 00 Ext: 5844<\/p>\n\n\n\n<p>Si ya te has decidido no dejes pasar la oportunidad y matric\u00falate aqu\u00ed:<br>&#x1f517;<a href=\"https:\/\/sies.uniovi.es\/fnofmat\/web\/inicio.faces?token=a4f32905f10ba9d3fe95f9165b76d61c8e139fed436570f69909f9ecadef5e23\">https:\/\/sies.uniovi.es\/fnofmat\/web\/inicio.faces?token=a4f32905f10ba9d3fe95f9165b76d61c8e139fed436570f69909f9ecadef5e23<\/a><\/p>\n\n<\/div><\/details><\/div>\n\n<div class=\"lightweight-accordion bordered\"><details><summary class=\"lightweight-accordion-title\"><span>Jornada geotermia en Asturias 2022<\/span><\/summary><div class=\"lightweight-accordion-body\">\n\n<h2 class=\"wp-block-heading has-text-align-center has-text-color\" id=\"jornada\" style=\"color:#00847d\"><strong>Jornada Geotermia en Asturias<\/strong><\/h2>\n\n\n\n<div class=\"wp-block-columns is-layout-flex wp-container-core-columns-is-layout-9d6595d7 wp-block-columns-is-layout-flex\">\n<div class=\"wp-block-column is-layout-flow wp-block-column-is-layout-flow\">\n<figure class=\"wp-block-image size-large\"><img loading=\"lazy\" decoding=\"async\" width=\"1024\" height=\"579\" src=\"https:\/\/www.unioviedo.es\/catedrahunosa\/wp-content\/uploads\/2023\/02\/Jornada-geotermia-1024x579-1.jpg\" alt=\"\" class=\"wp-image-16499\" srcset=\"https:\/\/www.unioviedo.es\/catedrahunosa\/wp-content\/uploads\/2023\/02\/Jornada-geotermia-1024x579-1.jpg 1024w, https:\/\/www.unioviedo.es\/catedrahunosa\/wp-content\/uploads\/2023\/02\/Jornada-geotermia-1024x579-1-300x170.jpg 300w, https:\/\/www.unioviedo.es\/catedrahunosa\/wp-content\/uploads\/2023\/02\/Jornada-geotermia-1024x579-1-768x434.jpg 768w\" sizes=\"auto, (max-width: 706px) 89vw, (max-width: 767px) 82vw, 740px\" \/><\/figure>\n<\/div>\n\n\n\n<div class=\"wp-block-column is-layout-flow wp-block-column-is-layout-flow\">\n<p><\/p>\n\n\n\n<p>El pr\u00f3ximo 7 de abril se organizar\u00e1n en la Escuela de Ingenier\u00eda de Minas, Energ\u00eda y Materiales de Oviedo unas <strong>Jornadas sobre&nbsp;Geotermia&nbsp;en Asturias<\/strong>.<\/p>\n\n\n\n<p>En la jornada participaran distintos ponentes de entidades como el&nbsp;<a href=\"https:\/\/www.linkedin.com\/company\/grupohunosa\/\">Grupo HUNOSA<\/a>,&nbsp;<a href=\"https:\/\/www.linkedin.com\/company\/ecoforest\/\">Ecoforest&nbsp;<\/a>,&nbsp;<a href=\"https:\/\/www.linkedin.com\/company\/fundacionfaen\/\">Fundaci\u00f3n Asturiana de la Energ\u00eda, FAEN<\/a>&nbsp;, y&nbsp;<a href=\"https:\/\/www.linkedin.com\/company\/ekogar\/\">Ingenier\u00eda Energ\u00e9tica Ekogar S.L.<\/a>&nbsp;y la&nbsp;<a href=\"https:\/\/www.linkedin.com\/company\/c%C3%A1tedra-hunosa-universidad-de-oviedo\/\">C\u00e1tedra Hunosa &#8211; Universidad de Oviedo<\/a>&nbsp;como organizadores del evento.<\/p>\n<\/div>\n<\/div>\n\n\n\n<p>La inscripci\u00f3n es&nbsp;gratuita&nbsp;y puede realizarse en el siguiente enlace: <strong><a href=\"https:\/\/forms.gle\/TPMPW9RxQPwvTAts5\" target=\"_blank\" rel=\"noreferrer noopener\">https:\/\/forms.gle\/TPMPW9RxQPwvTAts5<\/a>&nbsp;<\/strong><br><br>Puedes consultar la <strong>agenda<\/strong> y ponentes a continuaci\u00f3n:<\/p>\n\n\n\n<p><strong>16:30-17:00<\/strong> Indalecio Gonz\u00e1lez Fern\u00e1ndez (Coordinador t\u00e9cnico y de proyectos FAEN):  <\/p>\n\n\n\n<p>\u2022 Situaci\u00f3n de la geotermia en Asturias<br>\u2022Subvenciones para geotermia<\/p>\n\n\n\n<p><strong>17:00-17:15<\/strong> Teresa de Jes\u00fas Alonso S\u00e1nchez (Directora de la C\u00e1tedra HUNOSA): <\/p>\n\n\n\n<p>\u2022Par\u00e1metros de dise\u00f1o de una instalaci\u00f3n geot\u00e9rmica somera<\/p>\n\n\n\n<p><strong>17:15-17:30<\/strong>, Pablo Fern\u00e1ndez Mart\u00ednez (Jefe Dpto. Energ\u00edas Renovables. HUNOSA):   <\/p>\n\n\n\n<p>\u2022Utilizaci\u00f3n de la energ\u00eda geot\u00e9rmica para grandes instalaciones en Asturias.<\/p>\n\n\n\n<p><strong>17:30- 18:15<\/strong> Juan Carlos Sanjorge Portabales (Deleg de Ecoforest para el NO de Espa\u00f1a)<br>\u2022Explicaci\u00f3n de la Bomba de calor<br>\u2022Nueva tecnolog\u00eda de las bombas Ecoforest<\/p>\n\n\n\n<p><strong>18:15- 19:00<\/strong> Ricardo Hevia Aza Garc\u00eda (Gerente de Ekogar Geotermia)<br>\u2022Instalaciones geot\u00e9rmicas para edificaci\u00f3n<br>\u2022Ejemplos de instalaciones geot\u00e9rmicas<\/p>\n\n\n\n<figure class=\"wp-block-image size-large is-resized\"><img loading=\"lazy\" decoding=\"async\" width=\"1024\" height=\"582\" src=\"https:\/\/www.unioviedo.es\/catedrahunosa\/wp-content\/uploads\/2022\/03\/Jornada-1024x582.jpg\" alt=\"Agenda Jornada geotermia\" class=\"wp-image-16174\" style=\"width:658px\" srcset=\"https:\/\/www.unioviedo.es\/catedrahunosa\/wp-content\/uploads\/2022\/03\/Jornada-1024x582.jpg 1024w, https:\/\/www.unioviedo.es\/catedrahunosa\/wp-content\/uploads\/2022\/03\/Jornada-300x170.jpg 300w, https:\/\/www.unioviedo.es\/catedrahunosa\/wp-content\/uploads\/2022\/03\/Jornada-768x436.jpg 768w, https:\/\/www.unioviedo.es\/catedrahunosa\/wp-content\/uploads\/2022\/03\/Jornada.jpg 1037w\" sizes=\"auto, (max-width: 706px) 89vw, (max-width: 767px) 82vw, 740px\" \/><\/figure>\n\n\n\n<p>\u00a1No te quedes sin tu plaza!<\/p>\n\n<\/div><\/details><\/div>\n\n<div class=\"lightweight-accordion bordered\"><details><summary class=\"lightweight-accordion-title\"><span>Curso verano 2021<\/span><\/summary><div class=\"lightweight-accordion-body\">\n\n<h2 class=\"wp-block-heading has-text-color\" id=\"block-d5149f9b-f326-497b-b3d5-28f557dadc3d\" style=\"color:#00847d\"><a href=\"https:\/\/www.uniovi.es\/estudios\/extension\/cursosverano\/-\/asset_publisher\/SEp0PJi4ISGo\/content\/energia-renovable-geotermica-de-la-teoria-a-la-practica;jsessionid=03459FEB8CB1606657375AC926B140F9?redirect=%2Festudios%2Fextension%2Fcursosverano\"><strong>\u00abEnerg\u00eda renovable geot\u00e9rmica: de la teor\u00eda a la pr\u00e1ctica\u00bb<\/strong><\/a><\/h2>\n\n\n\n<p id=\"block-2cfc80f6-49bb-411a-926c-a93d94081356\">La C\u00e1tedra Hunosa oferta un curso de formaci\u00f3n universitaria en colaboraci\u00f3n con el Grupo HUNOSA, en forma de Curso de Verano en la Universidad de Oviedo titulado <strong>\u00abEnerg\u00eda renovable geot\u00e9rmica: de la teor\u00eda a la pr\u00e1ctica\u00bb<\/strong>. Se desarrollar\u00e1 entre el 6 y el 10 de Septiembre de 2021 en el Aula de la Geotermia y la Biomasa del Campus de Mieres y se realizar\u00e1 una visita a las innovadoras instalaciones del <a href=\"https:\/\/www.hunosa.es\/energia\/\" target=\"_blank\" rel=\"noreferrer noopener\">Grupo HUNOSA<\/a> del Pozo Barredo, referentes a nivel geot\u00e9rmico en Espa\u00f1a.<\/p>\n\n\n\n<p id=\"block-f2f7c668-3014-4fe6-819a-f5d3ce84d3b2\">Adem\u00e1s la C\u00e1tedra Hunosa <strong>financiar\u00e1 parcialmente la matr\u00edcula <\/strong>de los alumnos, abonando la mitad del gasto por alumno para patrocinar el curso. <strong>Periodo de matr\u00edcula <\/strong>abierto del 10\/06\/2021 al 31\/08\/2021, se puede realizar en el siguiente enlace: Programaci\u00f3n<\/p>\n\n\n\n<figure class=\"wp-block-image\"><img decoding=\"async\" src=\"https:\/\/www.unioviedo.es\/catedrahunosa\/wp-content\/uploads\/2021\/07\/curso-verano-actualizado.png\" alt=\"curso verano geotermia\"\/><\/figure>\n\n\n\n<p id=\"block-6f90c400-a6cd-4882-8240-d093f4797c76\"><strong>El objetivo del curso <\/strong>es proporcionar a los alumnos una formaci\u00f3n general y visi\u00f3n amplia de los recursos geot\u00e9rmicos, desde su origen, continuando en su investigaci\u00f3n hasta llegar a su aplicaci\u00f3n. Tambi\u00e9n, desde el punto de vista de la aplicaci\u00f3n, se mostrar\u00e1n desde las<strong> aplicaciones<\/strong> m\u00e1s generalizadas como pueden ser la climatizaci\u00f3n de viviendas a trav\u00e9s de bombas de calor; hasta <strong>aplicaciones industriales o sistemas de calor urbano <\/strong>\u201cdistrict heating\u201d usando el recurso local m\u00e1s conocido y difundido como son las minas abandonadas. Tambi\u00e9n se dar\u00e1 una visi\u00f3n de las distintas tecnolog\u00edas de <strong>generaci\u00f3n el\u00e9ctrica <\/strong>a partir de recursos geot\u00e9rmicos.<\/p>\n\n\n\n<p id=\"block-1f9c6d3e-5005-4094-a205-c3bb717ddea8\"><strong>Las clases<\/strong> tendr\u00e1n un car\u00e1cter de formaci\u00f3n <strong>mixto te\u00f3rico-pr\u00e1ctico<\/strong>, y ser\u00e1n impartidas tanto por profesores universitarios del grupo de la C\u00e1tedra como por profesionales del sector de la geotermia. Tambi\u00e9n colaborar\u00e1n en la docencia profesionales del Grupo Hunosa, que realizar\u00e1n as\u00ed mismo la <strong>visita<\/strong> a las instalaciones geot\u00e9rmicas del <strong>Pozo Barredo en Mieres<\/strong>.<\/p>\n\n\n\n<p id=\"block-a763cab8-f53b-4db6-b7ca-370895ea00cb\">Si tienes cualquier consulta, no dudes en ponerte en <strong><a href=\"https:\/\/www.unioviedo.es\/catedrahunosa\/index.php\/contacto\/\">contacto<\/a><\/strong> con nosotros.<\/p>\n\n\n\n<h3 class=\"wp-block-heading\" id=\"block-e80091c2-768e-4db2-b3d9-eaab4374a6b6\"><strong>PROGRAMACI\u00d3N<\/strong><\/h3>\n\n\n\n<p id=\"block-0dfe4a2b-2d17-4880-9d38-cc3294a2352a\">Lunes 6 Septiembre de 9:00-14:00; 15:30-18:00; Martes 7, Jueves 9 y Viernes 10 de Septiembre: 9:00-15:30 (Mi\u00e9rcoles 8 festivo).<\/p>\n\n\n\n<h4 class=\"wp-block-heading\" id=\"block-06eedf7f-fb9b-4763-adab-53dd6945300e\">Lunes 6 Septiembre<\/h4>\n\n\n\n<ul id=\"block-95fc5458-fd8e-4e3f-95f8-a2ba0cd7d48f\" class=\"wp-block-list\">\n<li>9:00-10:00&nbsp;<em>Introducci\u00f3n al curso y Fundamentos de la geotermia<\/em>, Teresa Alonso (Universidad de Oviedo).<\/li>\n\n\n\n<li>10:00-12:00&nbsp;<em>An\u00e1lisis t\u00e9rmico del subsuelo,<\/em>&nbsp;Miguel Rey (Universidad de Oviedo).<\/li>\n\n\n\n<li>12:30-14:00&nbsp;<em>Aplicaciones dom\u00e9sticas de la geotermia<\/em>, Ricardo Hevia (Ingenier\u00eda Energ\u00e9tica Ekogar).<\/li>\n\n\n\n<li>15:30-17:00&nbsp;<em>Marco normativo<\/em>, Gonzalo Mayoral (Kerogen Energy).<\/li>\n\n\n\n<li>17:00-18:00&nbsp;<em>Ventilaci\u00f3n de minas y Geotermia<\/em>, Rafael Rodr\u00edguez (Universidad de Oviedo).<\/li>\n<\/ul>\n\n\n\n<h4 class=\"wp-block-heading\" id=\"block-25466308-ef7a-4fc7-b84d-33f875a02e40\">Martes 7 Septiembre<\/h4>\n\n\n\n<ul id=\"block-49fb08f6-57f3-4f69-acb1-0971d950f431\" class=\"wp-block-list\">\n<li>9:00-11:00&nbsp;<em>Modelizaci\u00f3n del flujo de agua subterr\u00e1nea en minas inundadas<\/em>, Paulino Fern\u00e1ndez (Universidad de Oviedo).<\/li>\n\n\n\n<li>11:00-12:00&nbsp;<em>Certificaciones energ\u00e9ticas de edificios,<\/em>&nbsp;Pilar Castro (Universidad de Oviedo).<\/li>\n\n\n\n<li>12:30-13:30&nbsp;<em>Evaluaci\u00f3n de par\u00e1metros t\u00e9rmicos del subsuelo: test de respuesta t\u00e9rmica (TRT)<\/em>,&nbsp;Teresa Alonso (Universidad de Oviedo).<\/li>\n\n\n\n<li>13:30-15:30&nbsp;<em>Tipos de centrales geot\u00e9rmicas; Relaci\u00f3n de centrales geot\u00e9rmicas en el mundo,&nbsp;<\/em>Miguel Rey (Universidad de Oviedo)<\/li>\n<\/ul>\n\n\n\n<h4 class=\"wp-block-heading\" id=\"block-bbb2faa6-d54d-44de-8599-938ccc41a516\">Mi\u00e9rcoles 8 Septiembre<\/h4>\n\n\n\n<ul id=\"block-fa5feb75-8325-4d69-9735-06bc1f264b7a\" class=\"wp-block-list\">\n<li>FESTIVIDAD D\u00cdA DE ASTURIAS<\/li>\n<\/ul>\n\n\n\n<h4 class=\"wp-block-heading\" id=\"block-4f024ecb-358c-406b-8295-724b0d30a81d\">Jueves 9 Septiembre<\/h4>\n\n\n\n<ul id=\"block-5adc3ccb-f513-4e04-b624-79b068ef05ab\" class=\"wp-block-list\">\n<li>9:00-11:00&nbsp;<em>T\u00e9cnicas de caracterizaci\u00f3n de rocas<\/em>, Rodrigo \u00c1lvarez (Universidad de Oviedo).<\/li>\n\n\n\n<li>11:00-13:30&nbsp;<em>Caracterizaci\u00f3n hidrogeol\u00f3gica del embalse minero, inundaci\u00f3n&nbsp;tras el cese del bombeo,<\/em>&nbsp;Almudena Ord\u00f3nez (Universidad de Oviedo).<\/li>\n\n\n\n<li>13:30-15:30&nbsp;<em>Aplicaciones industriales de la geotermia<\/em>,&nbsp;Gonzalo Mayoral (Kerogen Energy).<\/li>\n<\/ul>\n\n\n\n<h4 class=\"wp-block-heading\" id=\"block-39544944-ee2a-4766-9035-b57a20a95a16\">Viernes 10 Septiembre<\/h4>\n\n\n\n<ul id=\"block-5ae5ab5f-4561-465b-b69c-54a3ee0b7b53\" class=\"wp-block-list\">\n<li>9:00-10:30&nbsp;<em>Aprovechamiento geot\u00e9rmico del agua de mina<\/em>, Pablo Fern\u00e1ndez (HUNOSA).<\/li>\n\n\n\n<li>10:30-15:30&nbsp;<em>Visita a las instalaciones geot\u00e9rmicas del Grupo Hunosa del Pozo Barredo,&nbsp;<\/em>Yago Somoano (HUNOSA)<\/li>\n<\/ul>\n\n<\/div><\/details><\/div>","protected":false},"excerpt":{"rendered":"<p>Las actividades de difusi\u00f3n y apoyo a la transferencia del conocimiento son un parte fundamental de la identidad de la C\u00e1tedra HUNOSA. Entre otras actividades, se organizan cursos de verano de extensi\u00f3n universitaria, jornadas de formaci\u00f3n, visitas guiadas para todos los p\u00fablicos y eventos especiales durante la Semana de la Ciencia de la Universidad de &hellip; <\/p>\n<p class=\"link-more\"><a href=\"https:\/\/www.unioviedo.es\/catedrahunosa\/formacion\/\" class=\"more-link\">Continuar leyendo<span class=\"screen-reader-text\"> \u00abActividades formativas\u00bb<\/span><\/a><\/p>\n","protected":false},"author":1,"featured_media":16503,"parent":0,"menu_order":0,"comment_status":"closed","ping_status":"closed","template":"","meta":{"_monsterinsights_skip_tracking":false,"_monsterinsights_sitenote_active":false,"_monsterinsights_sitenote_note":"","_monsterinsights_sitenote_category":0,"footnotes":""},"class_list":["post-15882","page","type-page","status-publish","has-post-thumbnail","hentry"],"yoast_head":"<!-- This site is optimized with the Yoast SEO plugin v27.5 - https:\/\/yoast.com\/product\/yoast-seo-wordpress\/ -->\n<title>Actividades formativas y Cursos | C\u00e1tedra Hunosa | \u00a1Inf\u00f3rmate!<\/title>\n<meta name=\"description\" content=\"La C\u00e1tedra Hunosa oferta distintos cursos de formaci\u00f3n, desde Cursos de Verano a Jornadas T\u00e9cnicas orientadas a profesionales del sector.\" \/>\n<meta name=\"robots\" content=\"index, follow, max-snippet:-1, max-image-preview:large, max-video-preview:-1\" \/>\n<link rel=\"canonical\" href=\"https:\/\/www.unioviedo.es\/catedrahunosa\/formacion\/\" \/>\n<meta property=\"og:locale\" content=\"es_ES\" \/>\n<meta property=\"og:type\" content=\"article\" \/>\n<meta property=\"og:title\" content=\"Actividades formativas y Cursos | C\u00e1tedra Hunosa | \u00a1Inf\u00f3rmate!\" \/>\n<meta property=\"og:description\" content=\"La C\u00e1tedra Hunosa oferta distintos cursos de formaci\u00f3n, desde Cursos de Verano a Jornadas T\u00e9cnicas orientadas a profesionales del sector.\" \/>\n<meta property=\"og:url\" content=\"https:\/\/www.unioviedo.es\/catedrahunosa\/formacion\/\" \/>\n<meta property=\"og:site_name\" content=\"C\u00e1tedra Hunosa\" \/>\n<meta property=\"article:publisher\" content=\"https:\/\/www.facebook.com\/CatedraHunosa\/\" \/>\n<meta property=\"article:modified_time\" content=\"2026-03-03T20:23:29+00:00\" \/>\n<meta property=\"og:image\" content=\"https:\/\/www.unioviedo.es\/catedrahunosa\/wp-content\/uploads\/2023\/02\/redimensionada-2.jpg\" \/>\n\t<meta property=\"og:image:width\" content=\"905\" \/>\n\t<meta property=\"og:image:height\" content=\"580\" \/>\n\t<meta property=\"og:image:type\" content=\"image\/jpeg\" \/>\n<meta name=\"twitter:card\" content=\"summary_large_image\" \/>\n<meta name=\"twitter:label1\" content=\"Tiempo de lectura\" \/>\n\t<meta name=\"twitter:data1\" content=\"11 minutos\" \/>\n<script type=\"application\/ld+json\" class=\"yoast-schema-graph\">{\"@context\":\"https:\\\/\\\/schema.org\",\"@graph\":[{\"@type\":\"WebPage\",\"@id\":\"https:\\\/\\\/www.unioviedo.es\\\/catedrahunosa\\\/formacion\\\/\",\"url\":\"https:\\\/\\\/www.unioviedo.es\\\/catedrahunosa\\\/formacion\\\/\",\"name\":\"Actividades formativas y Cursos | C\u00e1tedra Hunosa | \u00a1Inf\u00f3rmate!\",\"isPartOf\":{\"@id\":\"https:\\\/\\\/www.unioviedo.es\\\/catedrahunosa\\\/#website\"},\"primaryImageOfPage\":{\"@id\":\"https:\\\/\\\/www.unioviedo.es\\\/catedrahunosa\\\/formacion\\\/#primaryimage\"},\"image\":{\"@id\":\"https:\\\/\\\/www.unioviedo.es\\\/catedrahunosa\\\/formacion\\\/#primaryimage\"},\"thumbnailUrl\":\"https:\\\/\\\/www.unioviedo.es\\\/catedrahunosa\\\/wp-content\\\/uploads\\\/2023\\\/02\\\/redimensionada-2.jpg\",\"datePublished\":\"2021-06-21T10:08:04+00:00\",\"dateModified\":\"2026-03-03T20:23:29+00:00\",\"description\":\"La C\u00e1tedra Hunosa oferta distintos cursos de formaci\u00f3n, desde Cursos de Verano a Jornadas T\u00e9cnicas orientadas a profesionales del sector.\",\"breadcrumb\":{\"@id\":\"https:\\\/\\\/www.unioviedo.es\\\/catedrahunosa\\\/formacion\\\/#breadcrumb\"},\"inLanguage\":\"es\",\"potentialAction\":[{\"@type\":\"ReadAction\",\"target\":[\"https:\\\/\\\/www.unioviedo.es\\\/catedrahunosa\\\/formacion\\\/\"]}]},{\"@type\":\"ImageObject\",\"inLanguage\":\"es\",\"@id\":\"https:\\\/\\\/www.unioviedo.es\\\/catedrahunosa\\\/formacion\\\/#primaryimage\",\"url\":\"https:\\\/\\\/www.unioviedo.es\\\/catedrahunosa\\\/wp-content\\\/uploads\\\/2023\\\/02\\\/redimensionada-2.jpg\",\"contentUrl\":\"https:\\\/\\\/www.unioviedo.es\\\/catedrahunosa\\\/wp-content\\\/uploads\\\/2023\\\/02\\\/redimensionada-2.jpg\",\"width\":905,\"height\":580,\"caption\":\"Curso verano 22\"},{\"@type\":\"BreadcrumbList\",\"@id\":\"https:\\\/\\\/www.unioviedo.es\\\/catedrahunosa\\\/formacion\\\/#breadcrumb\",\"itemListElement\":[{\"@type\":\"ListItem\",\"position\":1,\"name\":\"Portada\",\"item\":\"https:\\\/\\\/www.unioviedo.es\\\/catedrahunosa\\\/\"},{\"@type\":\"ListItem\",\"position\":2,\"name\":\"Actividades formativas\"}]},{\"@type\":\"WebSite\",\"@id\":\"https:\\\/\\\/www.unioviedo.es\\\/catedrahunosa\\\/#website\",\"url\":\"https:\\\/\\\/www.unioviedo.es\\\/catedrahunosa\\\/\",\"name\":\"C\u00e1tedra Hunosa\",\"description\":\"Energ\u00edas Renovables\",\"publisher\":{\"@id\":\"https:\\\/\\\/www.unioviedo.es\\\/catedrahunosa\\\/#organization\"},\"potentialAction\":[{\"@type\":\"SearchAction\",\"target\":{\"@type\":\"EntryPoint\",\"urlTemplate\":\"https:\\\/\\\/www.unioviedo.es\\\/catedrahunosa\\\/?s={search_term_string}\"},\"query-input\":{\"@type\":\"PropertyValueSpecification\",\"valueRequired\":true,\"valueName\":\"search_term_string\"}}],\"inLanguage\":\"es\"},{\"@type\":\"Organization\",\"@id\":\"https:\\\/\\\/www.unioviedo.es\\\/catedrahunosa\\\/#organization\",\"name\":\"C\u00e1tedra Hunosa\",\"url\":\"https:\\\/\\\/www.unioviedo.es\\\/catedrahunosa\\\/\",\"logo\":{\"@type\":\"ImageObject\",\"inLanguage\":\"es\",\"@id\":\"https:\\\/\\\/www.unioviedo.es\\\/catedrahunosa\\\/#\\\/schema\\\/logo\\\/image\\\/\",\"url\":\"https:\\\/\\\/www.unioviedo.es\\\/catedrahunosa\\\/wp-content\\\/uploads\\\/2021\\\/03\\\/cropped-ISOTIPO-CATEDRA-1.png\",\"contentUrl\":\"https:\\\/\\\/www.unioviedo.es\\\/catedrahunosa\\\/wp-content\\\/uploads\\\/2021\\\/03\\\/cropped-ISOTIPO-CATEDRA-1.png\",\"width\":633,\"height\":633,\"caption\":\"C\u00e1tedra Hunosa\"},\"image\":{\"@id\":\"https:\\\/\\\/www.unioviedo.es\\\/catedrahunosa\\\/#\\\/schema\\\/logo\\\/image\\\/\"},\"sameAs\":[\"https:\\\/\\\/www.facebook.com\\\/CatedraHunosa\\\/\",\"https:\\\/\\\/www.linkedin.com\\\/company\\\/c\u00e1tedra-hunosa-universidad-de-oviedo\"]}]}<\/script>\n<!-- \/ Yoast SEO plugin. -->","yoast_head_json":{"title":"Actividades formativas y Cursos | C\u00e1tedra Hunosa | \u00a1Inf\u00f3rmate!","description":"La C\u00e1tedra Hunosa oferta distintos cursos de formaci\u00f3n, desde Cursos de Verano a Jornadas T\u00e9cnicas orientadas a profesionales del sector.","robots":{"index":"index","follow":"follow","max-snippet":"max-snippet:-1","max-image-preview":"max-image-preview:large","max-video-preview":"max-video-preview:-1"},"canonical":"https:\/\/www.unioviedo.es\/catedrahunosa\/formacion\/","og_locale":"es_ES","og_type":"article","og_title":"Actividades formativas y Cursos | C\u00e1tedra Hunosa | \u00a1Inf\u00f3rmate!","og_description":"La C\u00e1tedra Hunosa oferta distintos cursos de formaci\u00f3n, desde Cursos de Verano a Jornadas T\u00e9cnicas orientadas a profesionales del sector.","og_url":"https:\/\/www.unioviedo.es\/catedrahunosa\/formacion\/","og_site_name":"C\u00e1tedra Hunosa","article_publisher":"https:\/\/www.facebook.com\/CatedraHunosa\/","article_modified_time":"2026-03-03T20:23:29+00:00","og_image":[{"width":905,"height":580,"url":"https:\/\/www.unioviedo.es\/catedrahunosa\/wp-content\/uploads\/2023\/02\/redimensionada-2.jpg","type":"image\/jpeg"}],"twitter_card":"summary_large_image","twitter_misc":{"Tiempo de lectura":"11 minutos"},"schema":{"@context":"https:\/\/schema.org","@graph":[{"@type":"WebPage","@id":"https:\/\/www.unioviedo.es\/catedrahunosa\/formacion\/","url":"https:\/\/www.unioviedo.es\/catedrahunosa\/formacion\/","name":"Actividades formativas y Cursos | C\u00e1tedra Hunosa | \u00a1Inf\u00f3rmate!","isPartOf":{"@id":"https:\/\/www.unioviedo.es\/catedrahunosa\/#website"},"primaryImageOfPage":{"@id":"https:\/\/www.unioviedo.es\/catedrahunosa\/formacion\/#primaryimage"},"image":{"@id":"https:\/\/www.unioviedo.es\/catedrahunosa\/formacion\/#primaryimage"},"thumbnailUrl":"https:\/\/www.unioviedo.es\/catedrahunosa\/wp-content\/uploads\/2023\/02\/redimensionada-2.jpg","datePublished":"2021-06-21T10:08:04+00:00","dateModified":"2026-03-03T20:23:29+00:00","description":"La C\u00e1tedra Hunosa oferta distintos cursos de formaci\u00f3n, desde Cursos de Verano a Jornadas T\u00e9cnicas orientadas a profesionales del sector.","breadcrumb":{"@id":"https:\/\/www.unioviedo.es\/catedrahunosa\/formacion\/#breadcrumb"},"inLanguage":"es","potentialAction":[{"@type":"ReadAction","target":["https:\/\/www.unioviedo.es\/catedrahunosa\/formacion\/"]}]},{"@type":"ImageObject","inLanguage":"es","@id":"https:\/\/www.unioviedo.es\/catedrahunosa\/formacion\/#primaryimage","url":"https:\/\/www.unioviedo.es\/catedrahunosa\/wp-content\/uploads\/2023\/02\/redimensionada-2.jpg","contentUrl":"https:\/\/www.unioviedo.es\/catedrahunosa\/wp-content\/uploads\/2023\/02\/redimensionada-2.jpg","width":905,"height":580,"caption":"Curso verano 22"},{"@type":"BreadcrumbList","@id":"https:\/\/www.unioviedo.es\/catedrahunosa\/formacion\/#breadcrumb","itemListElement":[{"@type":"ListItem","position":1,"name":"Portada","item":"https:\/\/www.unioviedo.es\/catedrahunosa\/"},{"@type":"ListItem","position":2,"name":"Actividades formativas"}]},{"@type":"WebSite","@id":"https:\/\/www.unioviedo.es\/catedrahunosa\/#website","url":"https:\/\/www.unioviedo.es\/catedrahunosa\/","name":"C\u00e1tedra Hunosa","description":"Energ\u00edas Renovables","publisher":{"@id":"https:\/\/www.unioviedo.es\/catedrahunosa\/#organization"},"potentialAction":[{"@type":"SearchAction","target":{"@type":"EntryPoint","urlTemplate":"https:\/\/www.unioviedo.es\/catedrahunosa\/?s={search_term_string}"},"query-input":{"@type":"PropertyValueSpecification","valueRequired":true,"valueName":"search_term_string"}}],"inLanguage":"es"},{"@type":"Organization","@id":"https:\/\/www.unioviedo.es\/catedrahunosa\/#organization","name":"C\u00e1tedra Hunosa","url":"https:\/\/www.unioviedo.es\/catedrahunosa\/","logo":{"@type":"ImageObject","inLanguage":"es","@id":"https:\/\/www.unioviedo.es\/catedrahunosa\/#\/schema\/logo\/image\/","url":"https:\/\/www.unioviedo.es\/catedrahunosa\/wp-content\/uploads\/2021\/03\/cropped-ISOTIPO-CATEDRA-1.png","contentUrl":"https:\/\/www.unioviedo.es\/catedrahunosa\/wp-content\/uploads\/2021\/03\/cropped-ISOTIPO-CATEDRA-1.png","width":633,"height":633,"caption":"C\u00e1tedra Hunosa"},"image":{"@id":"https:\/\/www.unioviedo.es\/catedrahunosa\/#\/schema\/logo\/image\/"},"sameAs":["https:\/\/www.facebook.com\/CatedraHunosa\/","https:\/\/www.linkedin.com\/company\/c\u00e1tedra-hunosa-universidad-de-oviedo"]}]}},"_links":{"self":[{"href":"https:\/\/www.unioviedo.es\/catedrahunosa\/wp-json\/wp\/v2\/pages\/15882","targetHints":{"allow":["GET"]}}],"collection":[{"href":"https:\/\/www.unioviedo.es\/catedrahunosa\/wp-json\/wp\/v2\/pages"}],"about":[{"href":"https:\/\/www.unioviedo.es\/catedrahunosa\/wp-json\/wp\/v2\/types\/page"}],"author":[{"embeddable":true,"href":"https:\/\/www.unioviedo.es\/catedrahunosa\/wp-json\/wp\/v2\/users\/1"}],"replies":[{"embeddable":true,"href":"https:\/\/www.unioviedo.es\/catedrahunosa\/wp-json\/wp\/v2\/comments?post=15882"}],"version-history":[{"count":53,"href":"https:\/\/www.unioviedo.es\/catedrahunosa\/wp-json\/wp\/v2\/pages\/15882\/revisions"}],"predecessor-version":[{"id":16773,"href":"https:\/\/www.unioviedo.es\/catedrahunosa\/wp-json\/wp\/v2\/pages\/15882\/revisions\/16773"}],"wp:featuredmedia":[{"embeddable":true,"href":"https:\/\/www.unioviedo.es\/catedrahunosa\/wp-json\/wp\/v2\/media\/16503"}],"wp:attachment":[{"href":"https:\/\/www.unioviedo.es\/catedrahunosa\/wp-json\/wp\/v2\/media?parent=15882"}],"curies":[{"name":"wp","href":"https:\/\/api.w.org\/{rel}","templated":true}]}}