{"id":16521,"date":"2023-02-24T13:03:13","date_gmt":"2023-02-24T12:03:13","guid":{"rendered":"https:\/\/www.unioviedo.es\/catedrahunosa\/?page_id=16521"},"modified":"2026-02-05T13:54:08","modified_gmt":"2026-02-05T12:54:08","slug":"premios","status":"publish","type":"page","link":"https:\/\/www.unioviedo.es\/catedrahunosa\/premios\/","title":{"rendered":"Premios  C\u00e1tedra Hunosa &#8211; Santa Catalina"},"content":{"rendered":"\n<p>Los premios de La <a href=\"https:\/\/www.unioviedo.es\/catedrahunosa\/\">C\u00e1tedra&nbsp;HUNOSA<\/a> se conceden al alumnado que destacan por sus mejores expedientes acad\u00e9micos, en la <a href=\"https:\/\/epm.uniovi.es\/\" target=\"_blank\" rel=\"noreferrer noopener\">Escuela Polit\u00e9cnica de&nbsp;Mieres<\/a>, patrocinando el premio Fin de Grado que se entrega durante la celebraci\u00f3n del acto conmemorativo de la Festividad de Santa Catalina de Alejandr\u00eda.&nbsp;<\/p>\n\n\n\n<p>\u00a1Enhorabuena a los premiados!<\/p>\n\n\n\n<div class=\"wp-block-buttons is-layout-flex wp-block-buttons-is-layout-flex\">\n<div class=\"wp-block-button\"><a class=\"wp-block-button__link has-background\" href=\"#2022\" style=\"background-color:#00847d\">2021-2022<\/a><\/div>\n\n\n\n<div class=\"wp-block-button\"><a class=\"wp-block-button__link has-background\" href=\"#2021\" style=\"background-color:#00847d\">2020-2021<\/a><\/div>\n\n\n\n<div class=\"wp-block-button is-style-fill\"><a class=\"wp-block-button__link has-background\" href=\"#2020\" style=\"background-color:#00847d\">2019-2020<\/a><\/div>\n\n\n\n<div class=\"wp-block-button is-style-fill\"><a class=\"wp-block-button__link has-background\" href=\"#2019\" style=\"background-color:#00847d\">2018-2019<\/a><\/div>\n\n\n\n<div class=\"wp-block-button\"><a class=\"wp-block-button__link has-background\" href=\"#2018\" style=\"background-color:#00847d\">2017-2018<\/a><\/div>\n\n\n\n<div class=\"wp-block-button\"><a class=\"wp-block-button__link has-white-color has-text-color has-background\" href=\"#2017\" style=\"background-color:#00847d\" rel=\"#2017\">2016-2017<\/a><\/div>\n\n\n\n<div class=\"wp-block-button is-style-fill\"><a class=\"wp-block-button__link has-background\" href=\"#2015\" style=\"background-color:#00847d\" rel=\"#2015\">2015-2016<\/a><\/div>\n<\/div>\n\n\n\n<div style=\"height:52px\" aria-hidden=\"true\" class=\"wp-block-spacer\"><\/div>\n\n\n<div class=\"lightweight-accordion bordered\"><details><summary class=\"lightweight-accordion-title\"><span>Premios Curso 2021-2022<\/span><\/summary><div class=\"lightweight-accordion-body\">\n\n<h2 class=\"wp-block-heading\" id=\"2022\">Curso 2021-2022<\/h2>\n\n\n\n<p class=\"has-text-align-left\"><strong>Mario Su\u00e1rez \u00c1lvarez<\/strong>, del doble Grado en Ingenier\u00eda Civil\/Ingenier\u00eda de los Recursos Mineros y Energ\u00e9ticos; y <strong>Enar Garc\u00eda Garc\u00eda,<\/strong> del Grado en Ingenier\u00eda de los Recursos Mineros y Energ\u00e9ticos, han recibido los Premios&nbsp;C\u00e1tedra Hunosa &#8211; Universidad de Oviedo&nbsp;2022.<br><br>Durante el acto de Santa Catalina de la&nbsp;Universidad de Oviedo&nbsp;recibieron los premios de la mano de Teresa Alonso S\u00e1nchez, Directora de la C\u00e1tedra Hunosa; y Mar\u00eda Lorenzo Conto, Directora de Energ\u00eda y Desarrollo de Negocio del&nbsp;Grupo HUNOSA.<br><br>Unos d\u00edas antes de la entrega de premios, se acercaron a conocernos al Aula de la Geotermia. Desde aqu\u00ed queremos desearles la mejor suerte en su futuro profesional.<br><br><strong>\u00a1Enhorabuena a los premiados! <\/strong><\/p>\n\n\n\n<div class=\"wp-block-image\"><figure class=\"aligncenter size-large is-resized\"><img loading=\"lazy\" decoding=\"async\" src=\"https:\/\/www.unioviedo.es\/catedrahunosa\/wp-content\/uploads\/2022\/11\/Mario-y-teresa_retocada-1024x576.jpg\" alt=\"premios santa catalina 22 catedra hunosa\" class=\"wp-image-16340\" width=\"670\" height=\"375\"\/><figcaption>Mario Su\u00e1rez \u00c1lvarez recibe el premio de manos de Teresa Alonso S\u00e1nchez, directora de la C\u00e1tedra HUNOSA<\/figcaption><\/figure><\/div>\n\n\n\n<div class=\"wp-block-image\"><figure class=\"aligncenter size-large is-resized\"><img loading=\"lazy\" decoding=\"async\" src=\"https:\/\/www.unioviedo.es\/catedrahunosa\/wp-content\/uploads\/2022\/11\/enar-y-maria_retocada-1024x576.jpg\" alt=\"premios santa catalina 22 catedra hunosa\" class=\"wp-image-16339\" width=\"660\" height=\"371\" srcset=\"https:\/\/www.unioviedo.es\/catedrahunosa\/wp-content\/uploads\/2022\/11\/enar-y-maria_retocada-1024x576.jpg 1024w, https:\/\/www.unioviedo.es\/catedrahunosa\/wp-content\/uploads\/2022\/11\/enar-y-maria_retocada-300x169.jpg 300w, https:\/\/www.unioviedo.es\/catedrahunosa\/wp-content\/uploads\/2022\/11\/enar-y-maria_retocada-768x432.jpg 768w, https:\/\/www.unioviedo.es\/catedrahunosa\/wp-content\/uploads\/2022\/11\/enar-y-maria_retocada.jpg 1200w\" sizes=\"auto, (max-width: 660px) 100vw, 660px\" \/><figcaption><em>Enar Garc\u00eda Garc\u00eda recibe el premio de manos de Mar\u00eda Lorenzo Conto, Directora de Energ\u00eda y Desarrollo de Negocio de Hunosa<\/em><\/figcaption><\/figure><\/div>\n\n\n\n<figure class=\"wp-block-gallery columns-2 is-cropped wp-block-gallery-1 is-layout-flex wp-block-gallery-is-layout-flex\"><ul class=\"blocks-gallery-grid\"><li class=\"blocks-gallery-item\"><figure><img loading=\"lazy\" decoding=\"async\" width=\"767\" height=\"870\" src=\"https:\/\/www.unioviedo.es\/catedrahunosa\/wp-content\/uploads\/2022\/11\/WhatsApp-Image-2022-11-25-at-15.30.51_retocada.jpeg\" alt=\"premios santa catalina 22 catedra hunosa\" data-id=\"16338\" data-full-url=\"https:\/\/www.unioviedo.es\/catedrahunosa\/wp-content\/uploads\/2022\/11\/WhatsApp-Image-2022-11-25-at-15.30.51_retocada.jpeg\" data-link=\"https:\/\/www.unioviedo.es\/catedrahunosa\/index.php\/premios-de-la-catedra\/whatsapp-image-2022-11-25-at-15-30-51_retocada\/\" class=\"wp-image-16338\" srcset=\"https:\/\/www.unioviedo.es\/catedrahunosa\/wp-content\/uploads\/2022\/11\/WhatsApp-Image-2022-11-25-at-15.30.51_retocada.jpeg 767w, https:\/\/www.unioviedo.es\/catedrahunosa\/wp-content\/uploads\/2022\/11\/WhatsApp-Image-2022-11-25-at-15.30.51_retocada-264x300.jpeg 264w\" sizes=\"auto, (max-width: 706px) 89vw, (max-width: 767px) 82vw, 740px\" \/><figcaption class=\"blocks-gallery-item__caption\">Los premiados (Enar Garc\u00eda y Mario Su\u00e1rezen el centro), junto a los patrocinadores del premio, la C\u00e1tedra (Teresa Alonso a la izquierda) y el Grupo Hunosa (Mar\u00eda Lorenzo a la derecha).<\/figcaption><\/figure><\/li><li class=\"blocks-gallery-item\"><figure><img loading=\"lazy\" decoding=\"async\" width=\"948\" height=\"810\" src=\"https:\/\/www.unioviedo.es\/catedrahunosa\/wp-content\/uploads\/2022\/11\/WhatsApp-Image-2022-11-21-at-12.45.01_aula-retocada.jpeg\" alt=\"premios santa catalina 22 catedra hunosa\" data-id=\"16341\" data-full-url=\"https:\/\/www.unioviedo.es\/catedrahunosa\/wp-content\/uploads\/2022\/11\/WhatsApp-Image-2022-11-21-at-12.45.01_aula-retocada.jpeg\" data-link=\"https:\/\/www.unioviedo.es\/catedrahunosa\/index.php\/premios-de-la-catedra\/whatsapp-image-2022-11-21-at-12-45-01_aula-retocada\/\" class=\"wp-image-16341\" srcset=\"https:\/\/www.unioviedo.es\/catedrahunosa\/wp-content\/uploads\/2022\/11\/WhatsApp-Image-2022-11-21-at-12.45.01_aula-retocada.jpeg 948w, https:\/\/www.unioviedo.es\/catedrahunosa\/wp-content\/uploads\/2022\/11\/WhatsApp-Image-2022-11-21-at-12.45.01_aula-retocada-300x256.jpeg 300w, https:\/\/www.unioviedo.es\/catedrahunosa\/wp-content\/uploads\/2022\/11\/WhatsApp-Image-2022-11-21-at-12.45.01_aula-retocada-768x656.jpeg 768w\" sizes=\"auto, (max-width: 706px) 89vw, (max-width: 767px) 82vw, 740px\" \/><figcaption class=\"blocks-gallery-item__caption\">Visita de los premiados al Aula de la Geotermia<\/figcaption><\/figure><\/li><\/ul><\/figure>\n\n\n\n<p><br><\/p>\n\n\n\n<p>&#x1f4cd; Noticias&nbsp;<a href=\"https:\/\/www.linkedin.com\/company\/lanuevaespana\/\">La Nueva Espa\u00f1a<\/a>:<br><br>&#8211; <a href=\"https:\/\/www.lne.es\/premios-santa-catalina\/2022\/11\/25\/ingeniero-quiere-tender-puentes-79122865.html\" target=\"_blank\" rel=\"noreferrer noopener\">\u00abUn ingeniero que quiere tender puentes\u00bb<\/a><br>&#8211; <a href=\"https:\/\/www.lne.es\/premios-santa-catalina\/2022\/11\/25\/explotacion-minas-alia-tecnologia-79122836.html\" target=\"_blank\" rel=\"noreferrer noopener\">\u00abLa explotaci\u00f3n de minas se al\u00eda con la tecnolog\u00eda\u00bb<\/a>&nbsp;<\/p>\n\n<\/div><\/details><\/div>\n\n<div class=\"lightweight-accordion bordered\"><details><summary class=\"lightweight-accordion-title\"><span>Premios Curso 2020-2021<\/span><\/summary><div class=\"lightweight-accordion-body\">\n\n<h2 class=\"wp-block-heading\" id=\"2021\"> Curso 2020-2021<\/h2>\n\n\n\n<p><strong>Javier Mart\u00ednez Gonz\u00e1lez-Posada<\/strong> ha recibido el  Premio Fin de Grado en Ingenier\u00eda de los Recursos Mineros y Energ\u00e9ticos otorgado por la C\u00e1tedra Hunosa en el Acto de Santa Catalina el pasado 26 de noviembre, al igual que <strong>Marcelo \u00c1lvarez Gallego<\/strong> recibi\u00f3 el premio Fin de Grado PCEO Doble Grado en Ingenier\u00eda Civil e Ingenier\u00eda de los Recursos Mineros y Energ\u00e9ticos, de la mano de Teresa Alonso S\u00e1nchez, Directora de la C\u00e1tedra. <br><\/p>\n\n\n\n<figure class=\"wp-block-gallery columns-2 is-cropped wp-block-gallery-2 is-layout-flex wp-block-gallery-is-layout-flex\"><ul class=\"blocks-gallery-grid\"><li class=\"blocks-gallery-item\"><figure><img loading=\"lazy\" decoding=\"async\" width=\"819\" height=\"1024\" src=\"https:\/\/www.unioviedo.es\/catedrahunosa\/wp-content\/uploads\/2021\/12\/20211126-Catalina-2021-Premiados_014-819x1024.jpg\" alt=\"\" data-id=\"16123\" data-full-url=\"https:\/\/www.unioviedo.es\/catedrahunosa\/wp-content\/uploads\/2021\/12\/20211126-Catalina-2021-Premiados_014-scaled.jpg\" data-link=\"https:\/\/www.unioviedo.es\/catedrahunosa\/index.php\/premios-de-la-catedra\/20211126-catalina-2021-premiados_014\/\" class=\"wp-image-16123\" srcset=\"https:\/\/www.unioviedo.es\/catedrahunosa\/wp-content\/uploads\/2021\/12\/20211126-Catalina-2021-Premiados_014-819x1024.jpg 819w, https:\/\/www.unioviedo.es\/catedrahunosa\/wp-content\/uploads\/2021\/12\/20211126-Catalina-2021-Premiados_014-240x300.jpg 240w, https:\/\/www.unioviedo.es\/catedrahunosa\/wp-content\/uploads\/2021\/12\/20211126-Catalina-2021-Premiados_014-768x960.jpg 768w, https:\/\/www.unioviedo.es\/catedrahunosa\/wp-content\/uploads\/2021\/12\/20211126-Catalina-2021-Premiados_014-1229x1536.jpg 1229w, https:\/\/www.unioviedo.es\/catedrahunosa\/wp-content\/uploads\/2021\/12\/20211126-Catalina-2021-Premiados_014-1638x2048.jpg 1638w, https:\/\/www.unioviedo.es\/catedrahunosa\/wp-content\/uploads\/2021\/12\/20211126-Catalina-2021-Premiados_014-scaled.jpg 2048w\" sizes=\"auto, (max-width: 706px) 89vw, (max-width: 767px) 82vw, 740px\" \/><figcaption class=\"blocks-gallery-item__caption\"><em>Javier Mart\u00ednez Gonz\u00e1lez-Posada recibiendo el premio de la mano de Teresa Alonso<\/em><\/figcaption><\/figure><\/li><li class=\"blocks-gallery-item\"><figure><img loading=\"lazy\" decoding=\"async\" width=\"819\" height=\"1024\" src=\"https:\/\/www.unioviedo.es\/catedrahunosa\/wp-content\/uploads\/2021\/12\/20211126-Catalina-2021-Premiados_013-819x1024.jpg\" alt=\"\" data-id=\"16124\" data-full-url=\"https:\/\/www.unioviedo.es\/catedrahunosa\/wp-content\/uploads\/2021\/12\/20211126-Catalina-2021-Premiados_013-scaled.jpg\" data-link=\"https:\/\/www.unioviedo.es\/catedrahunosa\/index.php\/premios-de-la-catedra\/20211126-catalina-2021-premiados_013\/\" class=\"wp-image-16124\" srcset=\"https:\/\/www.unioviedo.es\/catedrahunosa\/wp-content\/uploads\/2021\/12\/20211126-Catalina-2021-Premiados_013-819x1024.jpg 819w, https:\/\/www.unioviedo.es\/catedrahunosa\/wp-content\/uploads\/2021\/12\/20211126-Catalina-2021-Premiados_013-240x300.jpg 240w, https:\/\/www.unioviedo.es\/catedrahunosa\/wp-content\/uploads\/2021\/12\/20211126-Catalina-2021-Premiados_013-768x960.jpg 768w, https:\/\/www.unioviedo.es\/catedrahunosa\/wp-content\/uploads\/2021\/12\/20211126-Catalina-2021-Premiados_013-1229x1536.jpg 1229w, https:\/\/www.unioviedo.es\/catedrahunosa\/wp-content\/uploads\/2021\/12\/20211126-Catalina-2021-Premiados_013-1638x2048.jpg 1638w, https:\/\/www.unioviedo.es\/catedrahunosa\/wp-content\/uploads\/2021\/12\/20211126-Catalina-2021-Premiados_013-scaled.jpg 2048w\" sizes=\"auto, (max-width: 706px) 89vw, (max-width: 767px) 82vw, 740px\" \/><figcaption class=\"blocks-gallery-item__caption\">Marcelo \u00c1lvarez recibiendo el premio de la mano de Teresa Alonso<\/figcaption><\/figure><\/li><\/ul><\/figure>\n\n<\/div><\/details><\/div>\n\n<div class=\"lightweight-accordion bordered\"><details><summary class=\"lightweight-accordion-title\"><span>Premios Curso 2019-2020<\/span><\/summary><div class=\"lightweight-accordion-body\">\n\n<h2 class=\"wp-block-heading\" id=\"2020\">Premios 2019-2020<\/h2>\n\n\n\n<p>Premio Fin de Grado en Doble Grado en Ingenier\u00eda Civil e Ingenier\u00eda de los Recursos Mineros y Energ\u00e9ticos concedido a <strong>Cristian Men\u00e9ndez<\/strong>.<\/p>\n\n\n\n<div class=\"wp-block-image\"><figure class=\"aligncenter size-large is-resized\"><img loading=\"lazy\" decoding=\"async\" src=\"https:\/\/www.unioviedo.es\/catedrahunosa\/wp-content\/uploads\/2021\/03\/C-Hunosa-Cristian-Menendez-recortada-1-1024x599.png\" alt=\"premios 2020\" class=\"wp-image-15162\" width=\"768\" height=\"449\" srcset=\"https:\/\/www.unioviedo.es\/catedrahunosa\/wp-content\/uploads\/2021\/03\/C-Hunosa-Cristian-Menendez-recortada-1-1024x599.png 1024w, https:\/\/www.unioviedo.es\/catedrahunosa\/wp-content\/uploads\/2021\/03\/C-Hunosa-Cristian-Menendez-recortada-1-300x176.png 300w, https:\/\/www.unioviedo.es\/catedrahunosa\/wp-content\/uploads\/2021\/03\/C-Hunosa-Cristian-Menendez-recortada-1-768x449.png 768w, https:\/\/www.unioviedo.es\/catedrahunosa\/wp-content\/uploads\/2021\/03\/C-Hunosa-Cristian-Menendez-recortada-1.png 1502w\" sizes=\"auto, (max-width: 706px) 89vw, (max-width: 767px) 82vw, 740px\" \/><figcaption>Cristian Men\u00e9ndez, del&nbsp;Doble grado en Ingenier\u00eda Civil e Ingenier\u00eda de los Recursos Mineros y Energ\u00e9ticos, en el centro, recibe el premio de manos de Jes\u00fas Fern\u00e1ndez, director de Miner\u00eda de&nbsp;HUNOSA, y de Teresa Alonso,&nbsp;Directora&nbsp;de la C\u00e1tedra&nbsp;HUNOSA de la Universidad de Oviedo. <\/figcaption><\/figure><\/div>\n\n\n\n<p>Premio Fin de Grado en Ingenier\u00eda de los Recursos Mineros y Energ\u00e9ticos concedido a <strong>Pelayo Alonso.<\/strong><\/p>\n\n\n\n<div class=\"wp-block-image is-style-default\"><figure class=\"aligncenter size-large is-resized\"><img loading=\"lazy\" decoding=\"async\" src=\"https:\/\/www.unioviedo.es\/catedrahunosa\/wp-content\/uploads\/2021\/03\/C-Hunosa-Pelayo-recortada-1-1024x599.png\" alt=\"pelayo alonso\" class=\"wp-image-15163\" width=\"768\" height=\"449\" srcset=\"https:\/\/www.unioviedo.es\/catedrahunosa\/wp-content\/uploads\/2021\/03\/C-Hunosa-Pelayo-recortada-1-1024x599.png 1024w, https:\/\/www.unioviedo.es\/catedrahunosa\/wp-content\/uploads\/2021\/03\/C-Hunosa-Pelayo-recortada-1-300x176.png 300w, https:\/\/www.unioviedo.es\/catedrahunosa\/wp-content\/uploads\/2021\/03\/C-Hunosa-Pelayo-recortada-1-768x449.png 768w, https:\/\/www.unioviedo.es\/catedrahunosa\/wp-content\/uploads\/2021\/03\/C-Hunosa-Pelayo-recortada-1.png 1502w\" sizes=\"auto, (max-width: 706px) 89vw, (max-width: 767px) 82vw, 740px\" \/><figcaption>Pelayo Alonso, del Grado en Ingenier\u00eda de los Recursos Mineros y Energ\u00e9ticos,&nbsp;en el centro, recibe el premio&nbsp;Fin de&nbsp;Grado&nbsp;de&nbsp;manos de Jes\u00fas Fern\u00e1ndez, director de Miner\u00eda de&nbsp;HUNOSA, y de Teresa Alonso,&nbsp;Directora&nbsp;de la C\u00e1tedra&nbsp;HUNOSA&nbsp;de la Universidad de Oviedo.<br>&nbsp;<\/figcaption><\/figure><\/div>\n\n<\/div><\/details><\/div>\n\n<div class=\"lightweight-accordion bordered\"><details><summary class=\"lightweight-accordion-title\"><span>Premios Curso 2018-2019<\/span><\/summary><div class=\"lightweight-accordion-body\">\n\n<h2 class=\"wp-block-heading\" id=\"2019\">Edici\u00f3n Curso 2018-2019<\/h2>\n\n\n\n<p>Premio Fin de Grado en Ingenier\u00eda de los Recursos Mineros y Energ\u00e9ticos \u201cAurelio de Llano\u201d&nbsp;concedido a <strong>Pedro Fidalgo Fern\u00e1ndez<\/strong><em>&nbsp;y&nbsp;<\/em>Premio Fin de Grado en Ingenier\u00eda Forestal y del Medio Natural<em>&nbsp;<\/em>concedido a <strong>Pablo Vivanco Ber\u00e1stegui<em>.<\/em><\/strong><\/p>\n\n\n\n<div class=\"wp-block-image is-style-default\"><figure class=\"aligncenter size-large is-resized\"><img loading=\"lazy\" decoding=\"async\" src=\"https:\/\/www.unioviedo.es\/catedrahunosa\/wp-content\/uploads\/2021\/03\/Santa-Catalina_2018-1536x585-1-1-1024x390.png\" alt=\"premios 2018\" class=\"wp-image-15164\" width=\"768\" height=\"293\" srcset=\"https:\/\/www.unioviedo.es\/catedrahunosa\/wp-content\/uploads\/2021\/03\/Santa-Catalina_2018-1536x585-1-1-1024x390.png 1024w, https:\/\/www.unioviedo.es\/catedrahunosa\/wp-content\/uploads\/2021\/03\/Santa-Catalina_2018-1536x585-1-1-300x114.png 300w, https:\/\/www.unioviedo.es\/catedrahunosa\/wp-content\/uploads\/2021\/03\/Santa-Catalina_2018-1536x585-1-1-768x293.png 768w, https:\/\/www.unioviedo.es\/catedrahunosa\/wp-content\/uploads\/2021\/03\/Santa-Catalina_2018-1536x585-1-1.png 1536w\" sizes=\"auto, (max-width: 706px) 89vw, (max-width: 767px) 82vw, 740px\" \/><figcaption>Izquierda: Entrega el premio Jes\u00fas Fern\u00e1ndez Fern\u00e1ndez (Grupo HUNOSA); recoge Pedro Fidalgo Fern\u00e1ndez.<br>Derecha: Entrega el premio Felipe Gonz\u00e1lez Coto (Grupo HUNOSA); recoge la Directora de la EPM, Asun C\u00e1mara, en nombre de Pablo Vivanco. <\/figcaption><\/figure><\/div>\n\n<\/div><\/details><\/div>\n\n<div class=\"lightweight-accordion bordered\"><details><summary class=\"lightweight-accordion-title\"><span>Premios Curso 2017-2018<\/span><\/summary><div class=\"lightweight-accordion-body\">\n\n<h2 class=\"wp-block-heading\" id=\"2018\">Premios Curso 2017-2018<\/h2>\n\n\n\n<p>Premio Fin de Grado en Ingenier\u00eda de los Recursos Mineros y Energ\u00e9ticos \u201cAurelio de Llano\u201d, concedido a&nbsp;<strong>Elena Antu\u00f1a Yudego.<\/strong><\/p>\n\n\n\n<div class=\"wp-block-image is-style-default\"><figure class=\"aligncenter size-large is-resized\"><img loading=\"lazy\" decoding=\"async\" src=\"https:\/\/www.unioviedo.es\/catedrahunosa\/wp-content\/uploads\/2021\/03\/2017-santa-catalina-1.jpeg\" alt=\"elena antu\u00f1a\" class=\"wp-image-15165\" width=\"750\" height=\"500\" srcset=\"https:\/\/www.unioviedo.es\/catedrahunosa\/wp-content\/uploads\/2021\/03\/2017-santa-catalina-1.jpeg 1000w, https:\/\/www.unioviedo.es\/catedrahunosa\/wp-content\/uploads\/2021\/03\/2017-santa-catalina-1-300x200.jpeg 300w, https:\/\/www.unioviedo.es\/catedrahunosa\/wp-content\/uploads\/2021\/03\/2017-santa-catalina-1-768x512.jpeg 768w\" sizes=\"auto, (max-width: 706px) 89vw, (max-width: 767px) 82vw, 740px\" \/><figcaption>Entrega el premio Jos\u00e9 Luis Viesca (Grupo HUNOSA), recoge Elena Antu\u00f1a Yudego.<\/figcaption><\/figure><\/div>\n\n<\/div><\/details><\/div>\n\n<div class=\"lightweight-accordion bordered\"><details><summary class=\"lightweight-accordion-title\"><span>Premios Curso 2016-2017<\/span><\/summary><div class=\"lightweight-accordion-body\">\n\n<h2 class=\"wp-block-heading\" id=\"2017\">Premios Curso 2016-2017<\/h2>\n\n\n\n<p>Premio Fin de Grado en Ingenier\u00eda de los Recursos Mineros y Energ\u00e9ticos \u201cAurelio de Llano\u201d, concedido a<strong> Mar\u00eda Miranda Castillo<\/strong>.<\/p>\n\n\n\n<div class=\"wp-block-image is-style-default\"><figure class=\"aligncenter size-large is-resized\"><img loading=\"lazy\" decoding=\"async\" src=\"https:\/\/www.unioviedo.es\/catedrahunosa\/wp-content\/uploads\/2021\/03\/2016-santa-catalina-1.jpeg\" alt=\"maria miranda castillo\" class=\"wp-image-15166\" width=\"750\" height=\"500\" srcset=\"https:\/\/www.unioviedo.es\/catedrahunosa\/wp-content\/uploads\/2021\/03\/2016-santa-catalina-1.jpeg 1000w, https:\/\/www.unioviedo.es\/catedrahunosa\/wp-content\/uploads\/2021\/03\/2016-santa-catalina-1-300x200.jpeg 300w, https:\/\/www.unioviedo.es\/catedrahunosa\/wp-content\/uploads\/2021\/03\/2016-santa-catalina-1-768x512.jpeg 768w\" sizes=\"auto, (max-width: 706px) 89vw, (max-width: 767px) 82vw, 740px\" \/><figcaption>Entrega el premio Enrique Hevia Laguna (Grupo HUNOSA), recibe&nbsp;Mar\u00eda Miranda Castillo.<\/figcaption><\/figure><\/div>\n\n<\/div><\/details><\/div>\n\n<div class=\"lightweight-accordion bordered\"><details><summary class=\"lightweight-accordion-title\"><span>Premios Curso 2015-2016<\/span><\/summary><div class=\"lightweight-accordion-body\">\n\n<h2 class=\"wp-block-heading\" id=\"2015\">Premios Curso 2015-2016<\/h2>\n\n\n\n<p>Premio Fin de Grado en Ingenier\u00eda de los Recursos Mineros y Energ\u00e9ticos \u201cAurelio de Llano\u201d, concedido a&nbsp;<strong>Adri\u00e1n Urrusuno Gonz\u00e1lez.<\/strong><\/p>\n\n\n\n<div class=\"wp-block-image is-style-default\"><figure class=\"aligncenter size-large is-resized\"><img loading=\"lazy\" decoding=\"async\" src=\"https:\/\/www.unioviedo.es\/catedrahunosa\/wp-content\/uploads\/2021\/03\/2015-premio-fin-de-grado-1.jpeg\" alt=\"2015 premio\" class=\"wp-image-15167\" width=\"646\" height=\"431\" srcset=\"https:\/\/www.unioviedo.es\/catedrahunosa\/wp-content\/uploads\/2021\/03\/2015-premio-fin-de-grado-1.jpeg 646w, https:\/\/www.unioviedo.es\/catedrahunosa\/wp-content\/uploads\/2021\/03\/2015-premio-fin-de-grado-1-300x200.jpeg 300w\" sizes=\"auto, (max-width: 646px) 100vw, 646px\" \/><figcaption>Entrega el premio Jes\u00fas Fern\u00e1ndez Fern\u00e1ndez (Grupo HUNOSA), recibe Adri\u00e1n Urrusuno Gonz\u00e1lez.<br><br><\/figcaption><\/figure><\/div>\n\n\n\n<p>Noticia:  <a href=\"https:\/\/www.lne.es\/sociedad\/2015\/11\/26\/pasion-ciencias-desemboco-expediente-impecable-19441323.htm\" target=\"_blank\" rel=\"noreferrer noopener\">https:\/\/www.lne.es\/sociedad\/2015\/11\/26\/pasion-ciencias-desemboco-expediente-impecable-19441323.htm<\/a>l<\/p>\n\n<\/div><\/details><\/div>\n\n\n<p><\/p>\n","protected":false},"excerpt":{"rendered":"<p>Los premios de La C\u00e1tedra&nbsp;HUNOSA se conceden al alumnado que destacan por sus mejores expedientes acad\u00e9micos, en la Escuela Polit\u00e9cnica de&nbsp;Mieres, patrocinando el premio Fin de Grado que se entrega durante la celebraci\u00f3n del acto conmemorativo de la Festividad de Santa Catalina de Alejandr\u00eda.&nbsp; \u00a1Enhorabuena a los premiados!<\/p>\n","protected":false},"author":1,"featured_media":0,"parent":0,"menu_order":0,"comment_status":"closed","ping_status":"closed","template":"","meta":{"_monsterinsights_skip_tracking":false,"_monsterinsights_sitenote_active":false,"_monsterinsights_sitenote_note":"","_monsterinsights_sitenote_category":0,"footnotes":""},"class_list":["post-16521","page","type-page","status-publish","hentry"],"yoast_head":"<!-- This site is optimized with the Yoast SEO plugin v27.5 - https:\/\/yoast.com\/product\/yoast-seo-wordpress\/ -->\n<title>Premios C\u00e1tedra HUNOSA Santa Catalina | C\u00e1tedra Hunosa<\/title>\n<meta name=\"description\" content=\"La C\u00e1tedra Hunosa premia al alumnado de la Escuela Polit\u00e9cnica de Mieres patrocinando dos premios Fin de Grado a los mejores expedientes\" \/>\n<meta name=\"robots\" content=\"index, follow, max-snippet:-1, max-image-preview:large, max-video-preview:-1\" \/>\n<link rel=\"canonical\" href=\"https:\/\/www.unioviedo.es\/catedrahunosa\/premios\/\" \/>\n<meta property=\"og:locale\" content=\"es_ES\" \/>\n<meta property=\"og:type\" content=\"article\" \/>\n<meta property=\"og:title\" content=\"Premios C\u00e1tedra HUNOSA Santa Catalina | C\u00e1tedra Hunosa\" \/>\n<meta property=\"og:description\" content=\"La C\u00e1tedra Hunosa premia al alumnado de la Escuela Polit\u00e9cnica de Mieres patrocinando dos premios Fin de Grado a los mejores expedientes\" \/>\n<meta property=\"og:url\" content=\"https:\/\/www.unioviedo.es\/catedrahunosa\/premios\/\" \/>\n<meta property=\"og:site_name\" content=\"C\u00e1tedra Hunosa\" \/>\n<meta property=\"article:publisher\" content=\"https:\/\/www.facebook.com\/CatedraHunosa\/\" \/>\n<meta property=\"article:modified_time\" content=\"2026-02-05T12:54:08+00:00\" \/>\n<meta property=\"og:image\" content=\"https:\/\/www.unioviedo.es\/catedrahunosa\/wp-content\/uploads\/2022\/11\/Mario-y-teresa_retocada.jpg\" \/>\n\t<meta property=\"og:image:width\" content=\"1200\" \/>\n\t<meta property=\"og:image:height\" content=\"675\" \/>\n\t<meta property=\"og:image:type\" content=\"image\/jpeg\" \/>\n<meta name=\"twitter:card\" content=\"summary_large_image\" \/>\n<meta name=\"twitter:label1\" content=\"Tiempo de lectura\" \/>\n\t<meta name=\"twitter:data1\" content=\"6 minutos\" \/>\n<script type=\"application\/ld+json\" class=\"yoast-schema-graph\">{\"@context\":\"https:\\\/\\\/schema.org\",\"@graph\":[{\"@type\":\"WebPage\",\"@id\":\"https:\\\/\\\/www.unioviedo.es\\\/catedrahunosa\\\/premios\\\/\",\"url\":\"https:\\\/\\\/www.unioviedo.es\\\/catedrahunosa\\\/premios\\\/\",\"name\":\"Premios C\u00e1tedra HUNOSA Santa Catalina | C\u00e1tedra Hunosa\",\"isPartOf\":{\"@id\":\"https:\\\/\\\/www.unioviedo.es\\\/catedrahunosa\\\/#website\"},\"primaryImageOfPage\":{\"@id\":\"https:\\\/\\\/www.unioviedo.es\\\/catedrahunosa\\\/premios\\\/#primaryimage\"},\"image\":{\"@id\":\"https:\\\/\\\/www.unioviedo.es\\\/catedrahunosa\\\/premios\\\/#primaryimage\"},\"thumbnailUrl\":\"https:\\\/\\\/www.unioviedo.es\\\/catedrahunosa\\\/wp-content\\\/uploads\\\/2022\\\/11\\\/Mario-y-teresa_retocada-1024x576.jpg\",\"datePublished\":\"2023-02-24T12:03:13+00:00\",\"dateModified\":\"2026-02-05T12:54:08+00:00\",\"description\":\"La C\u00e1tedra Hunosa premia al alumnado de la Escuela Polit\u00e9cnica de Mieres patrocinando dos premios Fin de Grado a los mejores expedientes\",\"breadcrumb\":{\"@id\":\"https:\\\/\\\/www.unioviedo.es\\\/catedrahunosa\\\/premios\\\/#breadcrumb\"},\"inLanguage\":\"es\",\"potentialAction\":[{\"@type\":\"ReadAction\",\"target\":[\"https:\\\/\\\/www.unioviedo.es\\\/catedrahunosa\\\/premios\\\/\"]}]},{\"@type\":\"ImageObject\",\"inLanguage\":\"es\",\"@id\":\"https:\\\/\\\/www.unioviedo.es\\\/catedrahunosa\\\/premios\\\/#primaryimage\",\"url\":\"https:\\\/\\\/www.unioviedo.es\\\/catedrahunosa\\\/wp-content\\\/uploads\\\/2022\\\/11\\\/Mario-y-teresa_retocada.jpg\",\"contentUrl\":\"https:\\\/\\\/www.unioviedo.es\\\/catedrahunosa\\\/wp-content\\\/uploads\\\/2022\\\/11\\\/Mario-y-teresa_retocada.jpg\",\"width\":1200,\"height\":675,\"caption\":\"Mario Su\u00e1rez \u00c1lvarez recibe el premio de manos de Teresa Alonso S\u00e1nchez, directora de la C\u00e1tedra HUNOSA\"},{\"@type\":\"BreadcrumbList\",\"@id\":\"https:\\\/\\\/www.unioviedo.es\\\/catedrahunosa\\\/premios\\\/#breadcrumb\",\"itemListElement\":[{\"@type\":\"ListItem\",\"position\":1,\"name\":\"Portada\",\"item\":\"https:\\\/\\\/www.unioviedo.es\\\/catedrahunosa\\\/\"},{\"@type\":\"ListItem\",\"position\":2,\"name\":\"Premios C\u00e1tedra Hunosa &#8211; Santa Catalina\"}]},{\"@type\":\"WebSite\",\"@id\":\"https:\\\/\\\/www.unioviedo.es\\\/catedrahunosa\\\/#website\",\"url\":\"https:\\\/\\\/www.unioviedo.es\\\/catedrahunosa\\\/\",\"name\":\"C\u00e1tedra Hunosa\",\"description\":\"Energ\u00edas Renovables\",\"publisher\":{\"@id\":\"https:\\\/\\\/www.unioviedo.es\\\/catedrahunosa\\\/#organization\"},\"potentialAction\":[{\"@type\":\"SearchAction\",\"target\":{\"@type\":\"EntryPoint\",\"urlTemplate\":\"https:\\\/\\\/www.unioviedo.es\\\/catedrahunosa\\\/?s={search_term_string}\"},\"query-input\":{\"@type\":\"PropertyValueSpecification\",\"valueRequired\":true,\"valueName\":\"search_term_string\"}}],\"inLanguage\":\"es\"},{\"@type\":\"Organization\",\"@id\":\"https:\\\/\\\/www.unioviedo.es\\\/catedrahunosa\\\/#organization\",\"name\":\"C\u00e1tedra Hunosa\",\"url\":\"https:\\\/\\\/www.unioviedo.es\\\/catedrahunosa\\\/\",\"logo\":{\"@type\":\"ImageObject\",\"inLanguage\":\"es\",\"@id\":\"https:\\\/\\\/www.unioviedo.es\\\/catedrahunosa\\\/#\\\/schema\\\/logo\\\/image\\\/\",\"url\":\"https:\\\/\\\/www.unioviedo.es\\\/catedrahunosa\\\/wp-content\\\/uploads\\\/2021\\\/03\\\/cropped-ISOTIPO-CATEDRA-1.png\",\"contentUrl\":\"https:\\\/\\\/www.unioviedo.es\\\/catedrahunosa\\\/wp-content\\\/uploads\\\/2021\\\/03\\\/cropped-ISOTIPO-CATEDRA-1.png\",\"width\":633,\"height\":633,\"caption\":\"C\u00e1tedra Hunosa\"},\"image\":{\"@id\":\"https:\\\/\\\/www.unioviedo.es\\\/catedrahunosa\\\/#\\\/schema\\\/logo\\\/image\\\/\"},\"sameAs\":[\"https:\\\/\\\/www.facebook.com\\\/CatedraHunosa\\\/\",\"https:\\\/\\\/www.linkedin.com\\\/company\\\/c\u00e1tedra-hunosa-universidad-de-oviedo\"]}]}<\/script>\n<!-- \/ Yoast SEO plugin. -->","yoast_head_json":{"title":"Premios C\u00e1tedra HUNOSA Santa Catalina | C\u00e1tedra Hunosa","description":"La C\u00e1tedra Hunosa premia al alumnado de la Escuela Polit\u00e9cnica de Mieres patrocinando dos premios Fin de Grado a los mejores expedientes","robots":{"index":"index","follow":"follow","max-snippet":"max-snippet:-1","max-image-preview":"max-image-preview:large","max-video-preview":"max-video-preview:-1"},"canonical":"https:\/\/www.unioviedo.es\/catedrahunosa\/premios\/","og_locale":"es_ES","og_type":"article","og_title":"Premios C\u00e1tedra HUNOSA Santa Catalina | C\u00e1tedra Hunosa","og_description":"La C\u00e1tedra Hunosa premia al alumnado de la Escuela Polit\u00e9cnica de Mieres patrocinando dos premios Fin de Grado a los mejores expedientes","og_url":"https:\/\/www.unioviedo.es\/catedrahunosa\/premios\/","og_site_name":"C\u00e1tedra Hunosa","article_publisher":"https:\/\/www.facebook.com\/CatedraHunosa\/","article_modified_time":"2026-02-05T12:54:08+00:00","og_image":[{"width":1200,"height":675,"url":"https:\/\/www.unioviedo.es\/catedrahunosa\/wp-content\/uploads\/2022\/11\/Mario-y-teresa_retocada.jpg","type":"image\/jpeg"}],"twitter_card":"summary_large_image","twitter_misc":{"Tiempo de lectura":"6 minutos"},"schema":{"@context":"https:\/\/schema.org","@graph":[{"@type":"WebPage","@id":"https:\/\/www.unioviedo.es\/catedrahunosa\/premios\/","url":"https:\/\/www.unioviedo.es\/catedrahunosa\/premios\/","name":"Premios C\u00e1tedra HUNOSA Santa Catalina | C\u00e1tedra Hunosa","isPartOf":{"@id":"https:\/\/www.unioviedo.es\/catedrahunosa\/#website"},"primaryImageOfPage":{"@id":"https:\/\/www.unioviedo.es\/catedrahunosa\/premios\/#primaryimage"},"image":{"@id":"https:\/\/www.unioviedo.es\/catedrahunosa\/premios\/#primaryimage"},"thumbnailUrl":"https:\/\/www.unioviedo.es\/catedrahunosa\/wp-content\/uploads\/2022\/11\/Mario-y-teresa_retocada-1024x576.jpg","datePublished":"2023-02-24T12:03:13+00:00","dateModified":"2026-02-05T12:54:08+00:00","description":"La C\u00e1tedra Hunosa premia al alumnado de la Escuela Polit\u00e9cnica de Mieres patrocinando dos premios Fin de Grado a los mejores expedientes","breadcrumb":{"@id":"https:\/\/www.unioviedo.es\/catedrahunosa\/premios\/#breadcrumb"},"inLanguage":"es","potentialAction":[{"@type":"ReadAction","target":["https:\/\/www.unioviedo.es\/catedrahunosa\/premios\/"]}]},{"@type":"ImageObject","inLanguage":"es","@id":"https:\/\/www.unioviedo.es\/catedrahunosa\/premios\/#primaryimage","url":"https:\/\/www.unioviedo.es\/catedrahunosa\/wp-content\/uploads\/2022\/11\/Mario-y-teresa_retocada.jpg","contentUrl":"https:\/\/www.unioviedo.es\/catedrahunosa\/wp-content\/uploads\/2022\/11\/Mario-y-teresa_retocada.jpg","width":1200,"height":675,"caption":"Mario Su\u00e1rez \u00c1lvarez recibe el premio de manos de Teresa Alonso S\u00e1nchez, directora de la C\u00e1tedra HUNOSA"},{"@type":"BreadcrumbList","@id":"https:\/\/www.unioviedo.es\/catedrahunosa\/premios\/#breadcrumb","itemListElement":[{"@type":"ListItem","position":1,"name":"Portada","item":"https:\/\/www.unioviedo.es\/catedrahunosa\/"},{"@type":"ListItem","position":2,"name":"Premios C\u00e1tedra Hunosa &#8211; Santa Catalina"}]},{"@type":"WebSite","@id":"https:\/\/www.unioviedo.es\/catedrahunosa\/#website","url":"https:\/\/www.unioviedo.es\/catedrahunosa\/","name":"C\u00e1tedra Hunosa","description":"Energ\u00edas Renovables","publisher":{"@id":"https:\/\/www.unioviedo.es\/catedrahunosa\/#organization"},"potentialAction":[{"@type":"SearchAction","target":{"@type":"EntryPoint","urlTemplate":"https:\/\/www.unioviedo.es\/catedrahunosa\/?s={search_term_string}"},"query-input":{"@type":"PropertyValueSpecification","valueRequired":true,"valueName":"search_term_string"}}],"inLanguage":"es"},{"@type":"Organization","@id":"https:\/\/www.unioviedo.es\/catedrahunosa\/#organization","name":"C\u00e1tedra Hunosa","url":"https:\/\/www.unioviedo.es\/catedrahunosa\/","logo":{"@type":"ImageObject","inLanguage":"es","@id":"https:\/\/www.unioviedo.es\/catedrahunosa\/#\/schema\/logo\/image\/","url":"https:\/\/www.unioviedo.es\/catedrahunosa\/wp-content\/uploads\/2021\/03\/cropped-ISOTIPO-CATEDRA-1.png","contentUrl":"https:\/\/www.unioviedo.es\/catedrahunosa\/wp-content\/uploads\/2021\/03\/cropped-ISOTIPO-CATEDRA-1.png","width":633,"height":633,"caption":"C\u00e1tedra Hunosa"},"image":{"@id":"https:\/\/www.unioviedo.es\/catedrahunosa\/#\/schema\/logo\/image\/"},"sameAs":["https:\/\/www.facebook.com\/CatedraHunosa\/","https:\/\/www.linkedin.com\/company\/c\u00e1tedra-hunosa-universidad-de-oviedo"]}]}},"_links":{"self":[{"href":"https:\/\/www.unioviedo.es\/catedrahunosa\/wp-json\/wp\/v2\/pages\/16521","targetHints":{"allow":["GET"]}}],"collection":[{"href":"https:\/\/www.unioviedo.es\/catedrahunosa\/wp-json\/wp\/v2\/pages"}],"about":[{"href":"https:\/\/www.unioviedo.es\/catedrahunosa\/wp-json\/wp\/v2\/types\/page"}],"author":[{"embeddable":true,"href":"https:\/\/www.unioviedo.es\/catedrahunosa\/wp-json\/wp\/v2\/users\/1"}],"replies":[{"embeddable":true,"href":"https:\/\/www.unioviedo.es\/catedrahunosa\/wp-json\/wp\/v2\/comments?post=16521"}],"version-history":[{"count":9,"href":"https:\/\/www.unioviedo.es\/catedrahunosa\/wp-json\/wp\/v2\/pages\/16521\/revisions"}],"predecessor-version":[{"id":16541,"href":"https:\/\/www.unioviedo.es\/catedrahunosa\/wp-json\/wp\/v2\/pages\/16521\/revisions\/16541"}],"wp:attachment":[{"href":"https:\/\/www.unioviedo.es\/catedrahunosa\/wp-json\/wp\/v2\/media?parent=16521"}],"curies":[{"name":"wp","href":"https:\/\/api.w.org\/{rel}","templated":true}]}}