{"id":16687,"date":"2026-02-05T12:50:36","date_gmt":"2026-02-05T11:50:36","guid":{"rendered":"https:\/\/www.unioviedo.es\/catedrahunosa\/?page_id=16687"},"modified":"2026-02-05T13:06:04","modified_gmt":"2026-02-05T12:06:04","slug":"historia","status":"publish","type":"page","link":"https:\/\/www.unioviedo.es\/catedrahunosa\/inicio-2\/historia\/","title":{"rendered":"Historia de la C\u00e1tedra HUNOSA"},"content":{"rendered":"\n<p><strong>Creada en el a\u00f1o 2009<\/strong>, aunque la vinculaci\u00f3n de HUNOSA&nbsp;con la Universidad dio inicio en el a\u00f1o 1994. En ese a\u00f1o se firm\u00f3 el primer convenio para la&nbsp;realizaci\u00f3n&nbsp;de&nbsp;pr\u00e1cticas&nbsp;empresariales en HUNOSA.&nbsp;Est\u00e1&nbsp;adscrita al Vicerrectorado con competencias en materia de c\u00e1tedras institucionales y de empresa.&nbsp;&nbsp;<\/p>\n\n\n\n<p>Posteriormente, en el <strong>a\u00f1o 2013 <\/strong>abri\u00f3 sus puertas el <strong>Aula de la Geotermia y la Biomasa,<\/strong>&nbsp;en el Edificio de Investigaci\u00f3n del Campus de Mieres. Desde el Aula se fomentan y divulgan activamente los proyectos en Energ\u00edas Renovables que el grupo HUNOSA lleva&nbsp;a cabo. As\u00ed mismo, se acerca el conocimiento a miles de estudiantes que cada a\u00f1o la visitan,&nbsp;catalog\u00e1ndola&nbsp;como recurso did\u00e1ctico de EDUCASTUR.&nbsp;&nbsp;<\/p>\n\n\n\n<div class=\"wp-block-columns is-layout-flex wp-container-core-columns-is-layout-9d6595d7 wp-block-columns-is-layout-flex\">\n<div class=\"wp-block-column is-layout-flow wp-block-column-is-layout-flow\" style=\"flex-basis:33.33%\">\n<p>A <strong>finales del 2020<\/strong>, el rector de la Universidad de Oviedo, Santiago Garc\u00eda Granda, y el presidente del grupo HUNOSA, Gregorio Rabanal Mart\u00ednez, firmaron el convenio marco entre ambas instituciones, con una vigencia inicial de cuatro a\u00f1os. A trav\u00e9s de convenios espec\u00edficos, se concretar\u00e1n las acciones determinadas en el \u00e1mbito de la promoci\u00f3n universitaria e investigadora, supervisados por una comisi\u00f3n de seguimiento y control.<\/p>\n<\/div>\n\n\n\n<div class=\"wp-block-column is-layout-flow wp-block-column-is-layout-flow\" style=\"flex-basis:66.66%\"><div class=\"wp-block-image is-resized is-style-default\">\n<figure class=\"alignright size-large\"><img loading=\"lazy\" decoding=\"async\" width=\"1024\" height=\"809\" src=\"https:\/\/www.unioviedo.es\/catedrahunosa\/wp-content\/uploads\/2023\/03\/foto-presidente-Hunosa-y-rector-1024x809.jpeg\" alt=\"\" class=\"wp-image-16551\" srcset=\"https:\/\/www.unioviedo.es\/catedrahunosa\/wp-content\/uploads\/2023\/03\/foto-presidente-Hunosa-y-rector-1024x809.jpeg 1024w, https:\/\/www.unioviedo.es\/catedrahunosa\/wp-content\/uploads\/2023\/03\/foto-presidente-Hunosa-y-rector-300x237.jpeg 300w, https:\/\/www.unioviedo.es\/catedrahunosa\/wp-content\/uploads\/2023\/03\/foto-presidente-Hunosa-y-rector-768x606.jpeg 768w, https:\/\/www.unioviedo.es\/catedrahunosa\/wp-content\/uploads\/2023\/03\/foto-presidente-Hunosa-y-rector.jpeg 1379w\" sizes=\"auto, (max-width: 706px) 89vw, (max-width: 767px) 82vw, 740px\" \/><figcaption class=\"wp-element-caption\">El rector de la Universidad de Oviedo, Ignacio Villaverde, y el presidente de Grupo HUNOSA, Gregorio Rabanal Mart\u00ednez en marzo de 2022.<\/figcaption><\/figure>\n<\/div><\/div>\n<\/div>\n\n\n\n<div class=\"wp-block-media-text alignwide is-stacked-on-mobile is-vertically-aligned-center has-text-color\" style=\"color:#0071a1;grid-template-columns:24% auto\"><figure class=\"wp-block-media-text__media\"><img loading=\"lazy\" decoding=\"async\" width=\"375\" height=\"227\" src=\"https:\/\/www.unioviedo.es\/catedrahunosa\/wp-content\/uploads\/2021\/05\/Captura-de-pantalla-2021-05-18-a-las-12.11.03.png\" alt=\"\" class=\"wp-image-15761 size-full\" srcset=\"https:\/\/www.unioviedo.es\/catedrahunosa\/wp-content\/uploads\/2021\/05\/Captura-de-pantalla-2021-05-18-a-las-12.11.03.png 375w, https:\/\/www.unioviedo.es\/catedrahunosa\/wp-content\/uploads\/2021\/05\/Captura-de-pantalla-2021-05-18-a-las-12.11.03-300x182.png 300w\" sizes=\"auto, (max-width: 375px) 100vw, 375px\" \/><\/figure><div class=\"wp-block-media-text__content\">\n<h3 class=\"wp-block-heading has-text-color has-medium-font-size\" id=\"relaciones\" style=\"color:#00847d\"><strong>Relaciones HUNOSA &#8211; Universidad de Oviedo<\/strong><\/h3>\n\n\n\n<p class=\"has-text-color\" style=\"color:#6e7479;font-size:18px\">Convenio Marco entre la Universidad de Oviedo y HUNOSA para la realizaci\u00f3n de&nbsp;actividades&nbsp;de promoci\u00f3n universitaria e investigadora<\/p>\n<\/div><\/div>\n\n\n\n<div class=\"wp-block-cover is-light\" style=\"min-height:122px;aspect-ratio:unset;\"><span aria-hidden=\"true\" class=\"wp-block-cover__background has-background-dim-100 has-background-dim\" style=\"background-color:#9ec7c5\"><\/span><div class=\"wp-block-cover__inner-container is-layout-flow wp-block-cover-is-layout-flow\">\n<p class=\"has-text-align-center has-normal-font-size\" style=\"line-height:1.5\"><strong>El <strong>Convenio Marco<\/strong>, firmado a finales del 2020, regula y unifica el marco de colaboraci\u00f3n de las actividades de promoci\u00f3n universitaria e investigadora que se establezcan entre los dos organismos. <\/strong><\/p>\n<\/div><\/div>\n\n\n\n<p>Dentro de este convenio, se encuadran los siguientes Convenios Espec\u00edficos de Colaboraci\u00f3n (CEC). En ellos, se detallan los compromisos y actuaciones a realizar en cada caso, y son los siguientes:<\/p>\n\n\n\n<h4 class=\"wp-block-heading\">C\u00e1tedra Hunosa<\/h4>\n\n\n\n<ul class=\"wp-block-list\">\n<li>Firmado tambi\u00e9n a final del a\u00f1o 2020 y en el que se establecen los Objetivos y Acciones espec\u00edficas de la C\u00e1tedra, incluyendo los <a href=\"https:\/\/www.unioviedo.es\/catedrahunosa\/index.php\/premios-catedra\/\" target=\"_blank\" rel=\"noreferrer noopener\"><strong>Premios de la C\u00e1tedra Hunosa<\/strong> <\/a>a los mejores expedientes de la EPM o el mantenimiento del \u00ab<strong>Aula Hunosa de la Geotermia y la Biomasa<\/strong>\u00ab, localizada en el edificio de Investigaci\u00f3n del Campus de Mieres. <\/li>\n<\/ul>\n\n\n\n<h4 class=\"wp-block-heading\">Investigaci\u00f3n<\/h4>\n\n\n\n<ul class=\"wp-block-list\">\n<li>CEC para la <strong>Realizaci\u00f3n de&nbsp;Actividades&nbsp;de I+D+i<\/strong>: En el que se establecen actividades&nbsp;de I+D+i, relacionados con las energ\u00edas renovables, en particular la <strong>energ\u00eda geot\u00e9rmica<\/strong>, estableciendo para ello equipos de investigaci\u00f3n pluridisciplinar y mixto entre empresas y la Universidad, donde se incluyan temas como la implantaci\u00f3n de sistemas geot\u00e9rmicos o la certificaciones de bombas de calor geot\u00e9rmicas, e incluyendo planes de formaci\u00f3n.<\/li>\n<\/ul>\n\n\n\n<h4 class=\"wp-block-heading\">Biomasa<\/h4>\n\n\n\n<ul class=\"wp-block-list\">\n<li><strong>Producci\u00f3n Forestal y Biomasa<\/strong>: CEC en materia de producci\u00f3n forestal y biomasa. En \u00e9l se establece la creaci\u00f3n de un equipo de investigaci\u00f3n encargado de desarrollar las acciones y objetivos del convenio, como la elaboraci\u00f3n o actualizaci\u00f3n de Proyectos de Ordenaci\u00f3n de los montes de Hunosa y sus planes anuales, o el an\u00e1lisis del <strong>potencial forestal. <\/strong><\/li>\n<\/ul>\n\n\n\n<h4 class=\"wp-block-heading\">Recursos Mineros y Energ\u00e9ticos Espaciales<\/h4>\n\n\n\n<ul class=\"wp-block-list\">\n<li>CEC para el Fomento de la <strong>Investigaci\u00f3n en Recursos Mineros y Energ\u00e9ticos Espaciales<\/strong>: A trav\u00e9s del <a data-type=\"URL\" data-id=\"https:\/\/ictea.uniovi.es\/?tag=ictea\" href=\"https:\/\/ictea.uniovi.es\/?tag=ictea\">Instituto Universitario de Ciencias y Tecnolog\u00edas Espaciales de Asturias<\/a> (ICTEA) y Hunosa, se concretan las acciones prioritarias de dicho convenio, entre las que destacan la investigaci\u00f3n de recursos minerales espaciales, contribuir al acceso al mundo laboral relacionado con la miner\u00eda espacial, colaboraci\u00f3n en planes de formaci\u00f3n as\u00ed como la convocatoria de un <strong>Premio Hunosa <\/strong>al Trabajo Fin de Estudios relacionado con la tem\u00e1tica del convenio. <\/li>\n<\/ul>\n\n\n\n<h4 class=\"wp-block-heading\">Aula de Miner\u00eda y Energ\u00eda<\/h4>\n\n\n\n<ul class=\"wp-block-list\">\n<li><strong>\u00abAula de Miner\u00eda y Energ\u00eda HUNOSA\u00bb<\/strong>: Convenio espec\u00edfico para la creaci\u00f3n del \u00abAula de Miner\u00eda y Energ\u00eda HUNOSA\u00bb. Se encuentra en la Escuela de Ingenier\u00eda de Minas, Energ\u00eda y Materiales de Oviedo (EIMEM) y se puede visitar en el siguiente <a data-type=\"URL\" data-id=\"https:\/\/eimem.uniovi.es\/facultad\/instalaciones\/aulahunosa;jsessionid=AFB70AFE0840AB7B9C852F5574FA2CC4\" href=\"https:\/\/eimem.uniovi.es\/facultad\/instalaciones\/aulahunosa;jsessionid=AFB70AFE0840AB7B9C852F5574FA2CC4\">enlace<\/a>. Desde el Aula se organizan e imparten cursos de formaci\u00f3n a graduados y se otorga el <strong>Premio Hunosa <\/strong>a la mejor Tesis Doctoral, as\u00ed como el Premio Hunosa al Trabajo Fin de M\u00e1ster relacionado con las tecnolog\u00edas mineras e innovaci\u00f3n y sostenibilidad en miner\u00eda. <\/li>\n<\/ul>\n\n\n\n<div style=\"height:38px\" aria-hidden=\"true\" class=\"wp-block-spacer\"><\/div>\n","protected":false},"excerpt":{"rendered":"<p>Creada en el a\u00f1o 2009, aunque la vinculaci\u00f3n de HUNOSA&nbsp;con la Universidad dio inicio en el a\u00f1o 1994. En ese a\u00f1o se firm\u00f3 el primer convenio para la&nbsp;realizaci\u00f3n&nbsp;de&nbsp;pr\u00e1cticas&nbsp;empresariales en HUNOSA.&nbsp;Est\u00e1&nbsp;adscrita al Vicerrectorado con competencias en materia de c\u00e1tedras institucionales y de empresa.&nbsp;&nbsp; Posteriormente, en el a\u00f1o 2013 abri\u00f3 sus puertas el Aula de la Geotermia &hellip; <\/p>\n<p class=\"link-more\"><a href=\"https:\/\/www.unioviedo.es\/catedrahunosa\/inicio-2\/historia\/\" class=\"more-link\">Continuar leyendo<span class=\"screen-reader-text\"> \u00abHistoria de la C\u00e1tedra HUNOSA\u00bb<\/span><\/a><\/p>\n","protected":false},"author":2,"featured_media":0,"parent":5,"menu_order":0,"comment_status":"closed","ping_status":"closed","template":"","meta":{"_monsterinsights_skip_tracking":false,"_monsterinsights_sitenote_active":false,"_monsterinsights_sitenote_note":"","_monsterinsights_sitenote_category":0,"footnotes":""},"class_list":["post-16687","page","type-page","status-publish","hentry"],"yoast_head":"<!-- This site is optimized with the Yoast SEO plugin v27.5 - https:\/\/yoast.com\/product\/yoast-seo-wordpress\/ -->\n<title>Historia de la C\u00e1tedra HUNOSA | C\u00e1tedra Hunosa<\/title>\n<meta name=\"robots\" content=\"index, follow, max-snippet:-1, max-image-preview:large, max-video-preview:-1\" \/>\n<link rel=\"canonical\" href=\"https:\/\/www.unioviedo.es\/catedrahunosa\/5-3-2\/historia\/\" \/>\n<meta property=\"og:locale\" content=\"es_ES\" \/>\n<meta property=\"og:type\" content=\"article\" \/>\n<meta property=\"og:title\" content=\"Historia de la C\u00e1tedra HUNOSA | C\u00e1tedra Hunosa\" \/>\n<meta property=\"og:description\" content=\"Creada en el a\u00f1o 2009, aunque la vinculaci\u00f3n de HUNOSA&nbsp;con la Universidad dio inicio en el a\u00f1o 1994. En ese a\u00f1o se firm\u00f3 el primer convenio para la&nbsp;realizaci\u00f3n&nbsp;de&nbsp;pr\u00e1cticas&nbsp;empresariales en HUNOSA.&nbsp;Est\u00e1&nbsp;adscrita al Vicerrectorado con competencias en materia de c\u00e1tedras institucionales y de empresa.&nbsp;&nbsp; Posteriormente, en el a\u00f1o 2013 abri\u00f3 sus puertas el Aula de la Geotermia &hellip; Continuar leyendo &quot;Historia de la C\u00e1tedra HUNOSA&quot;\" \/>\n<meta property=\"og:url\" content=\"https:\/\/www.unioviedo.es\/catedrahunosa\/5-3-2\/historia\/\" \/>\n<meta property=\"og:site_name\" content=\"C\u00e1tedra Hunosa\" \/>\n<meta property=\"article:publisher\" content=\"https:\/\/www.facebook.com\/CatedraHunosa\/\" \/>\n<meta property=\"article:modified_time\" content=\"2026-02-05T12:06:04+00:00\" \/>\n<meta property=\"og:image\" content=\"https:\/\/www.unioviedo.es\/catedrahunosa\/wp-content\/uploads\/2023\/03\/foto-presidente-Hunosa-y-rector.jpeg\" \/>\n\t<meta property=\"og:image:width\" content=\"1379\" \/>\n\t<meta property=\"og:image:height\" content=\"1089\" \/>\n\t<meta property=\"og:image:type\" content=\"image\/jpeg\" \/>\n<meta name=\"twitter:card\" content=\"summary_large_image\" \/>\n<meta name=\"twitter:label1\" content=\"Tiempo de lectura\" \/>\n\t<meta name=\"twitter:data1\" content=\"4 minutos\" \/>\n<script type=\"application\/ld+json\" class=\"yoast-schema-graph\">{\"@context\":\"https:\\\/\\\/schema.org\",\"@graph\":[{\"@type\":\"WebPage\",\"@id\":\"https:\\\/\\\/www.unioviedo.es\\\/catedrahunosa\\\/5-3-2\\\/historia\\\/\",\"url\":\"https:\\\/\\\/www.unioviedo.es\\\/catedrahunosa\\\/5-3-2\\\/historia\\\/\",\"name\":\"Historia de la C\u00e1tedra HUNOSA | C\u00e1tedra Hunosa\",\"isPartOf\":{\"@id\":\"https:\\\/\\\/www.unioviedo.es\\\/catedrahunosa\\\/#website\"},\"primaryImageOfPage\":{\"@id\":\"https:\\\/\\\/www.unioviedo.es\\\/catedrahunosa\\\/5-3-2\\\/historia\\\/#primaryimage\"},\"image\":{\"@id\":\"https:\\\/\\\/www.unioviedo.es\\\/catedrahunosa\\\/5-3-2\\\/historia\\\/#primaryimage\"},\"thumbnailUrl\":\"https:\\\/\\\/www.unioviedo.es\\\/catedrahunosa\\\/wp-content\\\/uploads\\\/2023\\\/03\\\/foto-presidente-Hunosa-y-rector-1024x809.jpeg\",\"datePublished\":\"2026-02-05T11:50:36+00:00\",\"dateModified\":\"2026-02-05T12:06:04+00:00\",\"breadcrumb\":{\"@id\":\"https:\\\/\\\/www.unioviedo.es\\\/catedrahunosa\\\/5-3-2\\\/historia\\\/#breadcrumb\"},\"inLanguage\":\"es\",\"potentialAction\":[{\"@type\":\"ReadAction\",\"target\":[\"https:\\\/\\\/www.unioviedo.es\\\/catedrahunosa\\\/5-3-2\\\/historia\\\/\"]}]},{\"@type\":\"ImageObject\",\"inLanguage\":\"es\",\"@id\":\"https:\\\/\\\/www.unioviedo.es\\\/catedrahunosa\\\/5-3-2\\\/historia\\\/#primaryimage\",\"url\":\"https:\\\/\\\/www.unioviedo.es\\\/catedrahunosa\\\/wp-content\\\/uploads\\\/2023\\\/03\\\/foto-presidente-Hunosa-y-rector.jpeg\",\"contentUrl\":\"https:\\\/\\\/www.unioviedo.es\\\/catedrahunosa\\\/wp-content\\\/uploads\\\/2023\\\/03\\\/foto-presidente-Hunosa-y-rector.jpeg\",\"width\":1379,\"height\":1089},{\"@type\":\"BreadcrumbList\",\"@id\":\"https:\\\/\\\/www.unioviedo.es\\\/catedrahunosa\\\/5-3-2\\\/historia\\\/#breadcrumb\",\"itemListElement\":[{\"@type\":\"ListItem\",\"position\":1,\"name\":\"Portada\",\"item\":\"https:\\\/\\\/www.unioviedo.es\\\/catedrahunosa\\\/\"},{\"@type\":\"ListItem\",\"position\":2,\"name\":\"P\u00e1gina de inicio\",\"item\":\"https:\\\/\\\/www.unioviedo.es\\\/catedrahunosa\\\/\"},{\"@type\":\"ListItem\",\"position\":3,\"name\":\"Historia de la C\u00e1tedra HUNOSA\"}]},{\"@type\":\"WebSite\",\"@id\":\"https:\\\/\\\/www.unioviedo.es\\\/catedrahunosa\\\/#website\",\"url\":\"https:\\\/\\\/www.unioviedo.es\\\/catedrahunosa\\\/\",\"name\":\"C\u00e1tedra Hunosa\",\"description\":\"Energ\u00edas Renovables\",\"publisher\":{\"@id\":\"https:\\\/\\\/www.unioviedo.es\\\/catedrahunosa\\\/#organization\"},\"potentialAction\":[{\"@type\":\"SearchAction\",\"target\":{\"@type\":\"EntryPoint\",\"urlTemplate\":\"https:\\\/\\\/www.unioviedo.es\\\/catedrahunosa\\\/?s={search_term_string}\"},\"query-input\":{\"@type\":\"PropertyValueSpecification\",\"valueRequired\":true,\"valueName\":\"search_term_string\"}}],\"inLanguage\":\"es\"},{\"@type\":\"Organization\",\"@id\":\"https:\\\/\\\/www.unioviedo.es\\\/catedrahunosa\\\/#organization\",\"name\":\"C\u00e1tedra Hunosa\",\"url\":\"https:\\\/\\\/www.unioviedo.es\\\/catedrahunosa\\\/\",\"logo\":{\"@type\":\"ImageObject\",\"inLanguage\":\"es\",\"@id\":\"https:\\\/\\\/www.unioviedo.es\\\/catedrahunosa\\\/#\\\/schema\\\/logo\\\/image\\\/\",\"url\":\"https:\\\/\\\/www.unioviedo.es\\\/catedrahunosa\\\/wp-content\\\/uploads\\\/2021\\\/03\\\/cropped-ISOTIPO-CATEDRA-1.png\",\"contentUrl\":\"https:\\\/\\\/www.unioviedo.es\\\/catedrahunosa\\\/wp-content\\\/uploads\\\/2021\\\/03\\\/cropped-ISOTIPO-CATEDRA-1.png\",\"width\":633,\"height\":633,\"caption\":\"C\u00e1tedra Hunosa\"},\"image\":{\"@id\":\"https:\\\/\\\/www.unioviedo.es\\\/catedrahunosa\\\/#\\\/schema\\\/logo\\\/image\\\/\"},\"sameAs\":[\"https:\\\/\\\/www.facebook.com\\\/CatedraHunosa\\\/\",\"https:\\\/\\\/www.linkedin.com\\\/company\\\/c\u00e1tedra-hunosa-universidad-de-oviedo\"]}]}<\/script>\n<!-- \/ Yoast SEO plugin. -->","yoast_head_json":{"title":"Historia de la C\u00e1tedra HUNOSA | C\u00e1tedra Hunosa","robots":{"index":"index","follow":"follow","max-snippet":"max-snippet:-1","max-image-preview":"max-image-preview:large","max-video-preview":"max-video-preview:-1"},"canonical":"https:\/\/www.unioviedo.es\/catedrahunosa\/5-3-2\/historia\/","og_locale":"es_ES","og_type":"article","og_title":"Historia de la C\u00e1tedra HUNOSA | C\u00e1tedra Hunosa","og_description":"Creada en el a\u00f1o 2009, aunque la vinculaci\u00f3n de HUNOSA&nbsp;con la Universidad dio inicio en el a\u00f1o 1994. En ese a\u00f1o se firm\u00f3 el primer convenio para la&nbsp;realizaci\u00f3n&nbsp;de&nbsp;pr\u00e1cticas&nbsp;empresariales en HUNOSA.&nbsp;Est\u00e1&nbsp;adscrita al Vicerrectorado con competencias en materia de c\u00e1tedras institucionales y de empresa.&nbsp;&nbsp; Posteriormente, en el a\u00f1o 2013 abri\u00f3 sus puertas el Aula de la Geotermia &hellip; Continuar leyendo \"Historia de la C\u00e1tedra HUNOSA\"","og_url":"https:\/\/www.unioviedo.es\/catedrahunosa\/5-3-2\/historia\/","og_site_name":"C\u00e1tedra Hunosa","article_publisher":"https:\/\/www.facebook.com\/CatedraHunosa\/","article_modified_time":"2026-02-05T12:06:04+00:00","og_image":[{"width":1379,"height":1089,"url":"https:\/\/www.unioviedo.es\/catedrahunosa\/wp-content\/uploads\/2023\/03\/foto-presidente-Hunosa-y-rector.jpeg","type":"image\/jpeg"}],"twitter_card":"summary_large_image","twitter_misc":{"Tiempo de lectura":"4 minutos"},"schema":{"@context":"https:\/\/schema.org","@graph":[{"@type":"WebPage","@id":"https:\/\/www.unioviedo.es\/catedrahunosa\/5-3-2\/historia\/","url":"https:\/\/www.unioviedo.es\/catedrahunosa\/5-3-2\/historia\/","name":"Historia de la C\u00e1tedra HUNOSA | C\u00e1tedra Hunosa","isPartOf":{"@id":"https:\/\/www.unioviedo.es\/catedrahunosa\/#website"},"primaryImageOfPage":{"@id":"https:\/\/www.unioviedo.es\/catedrahunosa\/5-3-2\/historia\/#primaryimage"},"image":{"@id":"https:\/\/www.unioviedo.es\/catedrahunosa\/5-3-2\/historia\/#primaryimage"},"thumbnailUrl":"https:\/\/www.unioviedo.es\/catedrahunosa\/wp-content\/uploads\/2023\/03\/foto-presidente-Hunosa-y-rector-1024x809.jpeg","datePublished":"2026-02-05T11:50:36+00:00","dateModified":"2026-02-05T12:06:04+00:00","breadcrumb":{"@id":"https:\/\/www.unioviedo.es\/catedrahunosa\/5-3-2\/historia\/#breadcrumb"},"inLanguage":"es","potentialAction":[{"@type":"ReadAction","target":["https:\/\/www.unioviedo.es\/catedrahunosa\/5-3-2\/historia\/"]}]},{"@type":"ImageObject","inLanguage":"es","@id":"https:\/\/www.unioviedo.es\/catedrahunosa\/5-3-2\/historia\/#primaryimage","url":"https:\/\/www.unioviedo.es\/catedrahunosa\/wp-content\/uploads\/2023\/03\/foto-presidente-Hunosa-y-rector.jpeg","contentUrl":"https:\/\/www.unioviedo.es\/catedrahunosa\/wp-content\/uploads\/2023\/03\/foto-presidente-Hunosa-y-rector.jpeg","width":1379,"height":1089},{"@type":"BreadcrumbList","@id":"https:\/\/www.unioviedo.es\/catedrahunosa\/5-3-2\/historia\/#breadcrumb","itemListElement":[{"@type":"ListItem","position":1,"name":"Portada","item":"https:\/\/www.unioviedo.es\/catedrahunosa\/"},{"@type":"ListItem","position":2,"name":"P\u00e1gina de inicio","item":"https:\/\/www.unioviedo.es\/catedrahunosa\/"},{"@type":"ListItem","position":3,"name":"Historia de la C\u00e1tedra HUNOSA"}]},{"@type":"WebSite","@id":"https:\/\/www.unioviedo.es\/catedrahunosa\/#website","url":"https:\/\/www.unioviedo.es\/catedrahunosa\/","name":"C\u00e1tedra Hunosa","description":"Energ\u00edas Renovables","publisher":{"@id":"https:\/\/www.unioviedo.es\/catedrahunosa\/#organization"},"potentialAction":[{"@type":"SearchAction","target":{"@type":"EntryPoint","urlTemplate":"https:\/\/www.unioviedo.es\/catedrahunosa\/?s={search_term_string}"},"query-input":{"@type":"PropertyValueSpecification","valueRequired":true,"valueName":"search_term_string"}}],"inLanguage":"es"},{"@type":"Organization","@id":"https:\/\/www.unioviedo.es\/catedrahunosa\/#organization","name":"C\u00e1tedra Hunosa","url":"https:\/\/www.unioviedo.es\/catedrahunosa\/","logo":{"@type":"ImageObject","inLanguage":"es","@id":"https:\/\/www.unioviedo.es\/catedrahunosa\/#\/schema\/logo\/image\/","url":"https:\/\/www.unioviedo.es\/catedrahunosa\/wp-content\/uploads\/2021\/03\/cropped-ISOTIPO-CATEDRA-1.png","contentUrl":"https:\/\/www.unioviedo.es\/catedrahunosa\/wp-content\/uploads\/2021\/03\/cropped-ISOTIPO-CATEDRA-1.png","width":633,"height":633,"caption":"C\u00e1tedra Hunosa"},"image":{"@id":"https:\/\/www.unioviedo.es\/catedrahunosa\/#\/schema\/logo\/image\/"},"sameAs":["https:\/\/www.facebook.com\/CatedraHunosa\/","https:\/\/www.linkedin.com\/company\/c\u00e1tedra-hunosa-universidad-de-oviedo"]}]}},"_links":{"self":[{"href":"https:\/\/www.unioviedo.es\/catedrahunosa\/wp-json\/wp\/v2\/pages\/16687","targetHints":{"allow":["GET"]}}],"collection":[{"href":"https:\/\/www.unioviedo.es\/catedrahunosa\/wp-json\/wp\/v2\/pages"}],"about":[{"href":"https:\/\/www.unioviedo.es\/catedrahunosa\/wp-json\/wp\/v2\/types\/page"}],"author":[{"embeddable":true,"href":"https:\/\/www.unioviedo.es\/catedrahunosa\/wp-json\/wp\/v2\/users\/2"}],"replies":[{"embeddable":true,"href":"https:\/\/www.unioviedo.es\/catedrahunosa\/wp-json\/wp\/v2\/comments?post=16687"}],"version-history":[{"count":2,"href":"https:\/\/www.unioviedo.es\/catedrahunosa\/wp-json\/wp\/v2\/pages\/16687\/revisions"}],"predecessor-version":[{"id":16690,"href":"https:\/\/www.unioviedo.es\/catedrahunosa\/wp-json\/wp\/v2\/pages\/16687\/revisions\/16690"}],"up":[{"embeddable":true,"href":"https:\/\/www.unioviedo.es\/catedrahunosa\/wp-json\/wp\/v2\/pages\/5"}],"wp:attachment":[{"href":"https:\/\/www.unioviedo.es\/catedrahunosa\/wp-json\/wp\/v2\/media?parent=16687"}],"curies":[{"name":"wp","href":"https:\/\/api.w.org\/{rel}","templated":true}]}}