{"id":4894,"date":"2025-07-07T13:31:35","date_gmt":"2025-07-07T11:31:35","guid":{"rendered":"https:\/\/www.unioviedo.es\/ccuniovi\/?page_id=4894"},"modified":"2025-07-11T10:43:14","modified_gmt":"2025-07-11T08:43:14","slug":"jpc_2025","status":"publish","type":"page","link":"https:\/\/www.unioviedo.es\/ccuniovi\/jpc_2025\/","title":{"rendered":"Jornada Presentacion Catedras"},"content":{"rendered":"\t\t<div data-elementor-type=\"wp-page\" data-elementor-id=\"4894\" class=\"elementor elementor-4894\">\n\t\t\t\t\t\t<section class=\"elementor-section elementor-top-section elementor-element elementor-element-2d764f1 elementor-section-boxed elementor-section-height-default elementor-section-height-default\" data-id=\"2d764f1\" data-element_type=\"section\">\n\t\t\t\t\t\t<div class=\"elementor-container elementor-column-gap-default\">\n\t\t\t\t\t<div class=\"elementor-column elementor-col-100 elementor-top-column elementor-element elementor-element-2e469f6\" data-id=\"2e469f6\" data-element_type=\"column\">\n\t\t\t<div class=\"elementor-widget-wrap elementor-element-populated\">\n\t\t\t\t\t\t<div class=\"elementor-element elementor-element-979a3a9 elementor-widget elementor-widget-heading\" data-id=\"979a3a9\" data-element_type=\"widget\" data-widget_type=\"heading.default\">\n\t\t\t\t<div class=\"elementor-widget-container\">\n\t\t\t<h1 class=\"elementor-heading-title elementor-size-default\"><h1 class=\"post-title\" style=\"font-variant-caps: normal; font-style: normal; white-space-collapse: collapse;\">Jornada de Presentaci\u00f3n del Programa de Formaci\u00f3n Permanente en Ciberseguridad<\/h1><\/h1>\t\t<\/div>\n\t\t\t\t<\/div>\n\t\t\t\t\t<\/div>\n\t\t<\/div>\n\t\t\t\t\t<\/div>\n\t\t<\/section>\n\t\t\t\t<section class=\"elementor-section elementor-top-section elementor-element elementor-element-a5059d8 elementor-section-boxed elementor-section-height-default elementor-section-height-default\" data-id=\"a5059d8\" data-element_type=\"section\">\n\t\t\t\t\t\t<div class=\"elementor-container elementor-column-gap-default\">\n\t\t\t\t\t<div class=\"elementor-column elementor-col-100 elementor-top-column elementor-element elementor-element-d8644fd\" data-id=\"d8644fd\" data-element_type=\"column\">\n\t\t\t<div class=\"elementor-widget-wrap elementor-element-populated\">\n\t\t\t\t\t\t<div class=\"elementor-element elementor-element-29e9410 elementor-widget elementor-widget-text-editor\" data-id=\"29e9410\" data-element_type=\"widget\" data-widget_type=\"text-editor.default\">\n\t\t\t\t<div class=\"elementor-widget-container\">\n\t\t\t\t\t\t\t<p style=\"font-variant-caps: normal; font-family: Roboto; font-size: 18px; font-style: normal; font-weight: 400; caret-color: #7b7981; color: #7b7981;\">El pr\u00f3ximo<span class=\"Apple-converted-space\">&nbsp;<\/span><span style=\"font-size: 18px; font-weight: bold;\">lunes, 14 de julio, de 10:00 a 12:30 horas, el Aula Magna del Edificio Hist\u00f3rico de la Universidad de Oviedo<\/span><span class=\"Apple-converted-space\">&nbsp;<\/span>(Calle San Francisco 3, 33003, Oviedo), acoger\u00e1 una<span class=\"Apple-converted-space\">&nbsp;<\/span><span style=\"font-size: 18px; font-weight: bold;\">Jornada de Presentaci\u00f3n del Programa de Formaci\u00f3n Permanente en Ciberseguridad<\/span>, al que tenemos el placer de invitarte. Se presentar\u00e1 la oferta de trece microcredenciales universitarias, financiadas por la<span class=\"Apple-converted-space\">&nbsp;<\/span><span style=\"font-size: 18px; font-weight: bold;\">C\u00e1tedra Internacional de Ciberseguridad e Inteligencia Artificial Universidad de Oviedo-INCIBE<\/span>, con el apoyo del&nbsp;<span style=\"font-size: 18px; font-weight: bold;\">Instituto Nacional de Ciberseguridad (INCIBE)<\/span>, dependiente del Ministerio para la Transformaci\u00f3n Digital y de la Funci\u00f3n P\u00fablica a trav\u00e9s de la Secretar\u00eda de Estado de Telecomunicaciones e Infraestructuras Digitales.<\/p>\n<p style=\"font-variant-caps: normal; font-family: Roboto; font-size: 18px; font-style: normal; font-weight: 400; caret-color: #7b7981; color: #7b7981;\">Estas formaciones, de car\u00e1cter altamente especializado y corta duraci\u00f3n, permitir\u00e1n a profesionales y estudiantes acceder a contenidos actualizados y directamente aplicables en \u00e1reas clave como el an\u00e1lisis forense, la seguridad ofensiva, el desarrollo seguro o la gesti\u00f3n del riesgo digital. Este bloque formativo est\u00e1 incluido en el programa de C\u00e1tedras de Ciberseguridad en Espa\u00f1a, en el marco del<span class=\"Apple-converted-space\">&nbsp;<\/span><span style=\"font-size: 18px; font-weight: bold;\">Plan de Recuperaci\u00f3n, Transformaci\u00f3n y Resiliencia<\/span>, con la financiaci\u00f3n de los Fondos NexGenerationEU.<\/p>\n<p style=\"font-variant-caps: normal; font-family: Roboto; font-size: 18px; font-style: normal; font-weight: 400; caret-color: #7b7981; color: #7b7981;\">El acto contar\u00e1 con la presencia de representantes institucionales, expertos del sector, responsables acad\u00e9micos, como el profesor Jos\u00e9 Manuel Redondo, y agentes claves del ecosistema digital asturiano, entre ellos el<span class=\"Apple-converted-space\">&nbsp;<\/span><span style=\"font-size: 18px; font-weight: bold;\">Cl\u00faster TIC de Asturias<\/span><span class=\"Apple-converted-space\">&nbsp;<\/span>y el<span class=\"Apple-converted-space\">&nbsp;<\/span><span style=\"font-size: 18px; font-weight: bold;\">Colegio Oficial de Ingenieros en Inform\u00e1tica del Principado de Asturias (COIIPA)<\/span>, entidades colaboradoras en el desarrollo y difusi\u00f3n de esta iniciativa formativa.<\/p>\n<p style=\"font-variant-caps: normal; font-family: Roboto; font-size: 18px; font-style: normal; font-weight: 400; caret-color: #7b7981; color: #7b7981;\">El programa del acto es el siguiente:<\/p>\n<p style=\"padding-left: 40px; font-variant-caps: normal; font-family: Roboto; font-size: 18px; font-style: normal; font-weight: 400; caret-color: #7b7981; color: #7b7981;\">10:00-10:15<span class=\"Apple-converted-space\">&nbsp;<\/span><span style=\"font-size: 18px; font-weight: bold;\">Inauguraci\u00f3n institucional<\/span><\/p>\n<p style=\"padding-left: 40px; font-variant-caps: normal; font-family: Roboto; font-size: 18px; font-style: normal; font-weight: 400; caret-color: #7b7981; color: #7b7981;\">10:15-10:30<span class=\"Apple-converted-space\">&nbsp;<\/span><span style=\"font-size: 18px; font-weight: bold;\">Presentaci\u00f3n de microcredenciales universitarias y t\u00edtulos propios<\/span><\/p>\n<p style=\"padding-left: 40px; font-variant-caps: normal; font-family: Roboto; font-size: 18px; font-style: normal; font-weight: 400; caret-color: #7b7981; color: #7b7981;\">10:30-11:15<span class=\"Apple-converted-space\">&nbsp;<\/span><span style=\"font-size: 18px; font-weight: bold;\">Ponencia:&nbsp;\u201cLa realidad de la inform\u00e1tica forense en entornos corporativos\u201d. D\u00f1a. Cristina Mu\u00f1oz-Aycuens<\/span>, responsable de los servicios de Ciber, Digital Forensic y Respuesta ante Incidentes en Grant Thornton.<\/p>\n<p style=\"padding-left: 40px; font-variant-caps: normal; font-family: Roboto; font-size: 18px; font-style: normal; font-weight: 400; caret-color: #7b7981; color: #7b7981;\">11:15-12:00<span class=\"Apple-converted-space\">&nbsp;<\/span><span style=\"font-size: 18px; font-weight: bold;\">Ponencia \u201c\u00bfNo sabes lo que tienes en tu red? Los atacantes s\u00ed\u201d de D. Alejandro Castro<\/span>, Chief Product Officer en Proactivanet, desarrollador de la \u00fanica herramienta espa\u00f1ola ITAM e ITSM acreditada con \u00e9xito en los est\u00e1ndares FMN NATO SCM.<\/p>\n<p style=\"padding-left: 40px; font-variant-caps: normal; font-family: Roboto; font-size: 18px; font-style: normal; font-weight: 400; caret-color: #7b7981; color: #7b7981;\">12:00-12:30<span class=\"Apple-converted-space\">&nbsp;<\/span><span style=\"font-size: 18px; font-weight: bold;\">Caf\u00e9 networking<\/span>.<\/p>\n<p style=\"font-variant-caps: normal; font-family: Roboto; font-size: 18px; font-style: normal; font-weight: 400; caret-color: #7b7981; color: #7b7981;\">Agradecer\u00edamos a las personas interesadas en asistir que rellenen el siguiente enlace de inscripci\u00f3n,<span class=\"Apple-converted-space\">&nbsp;<\/span><span style=\"font-size: 18px; font-weight: bold;\">hasta el pr\u00f3ximo d\u00eda 11&nbsp;de julio<\/span>.<\/p>\n<p style=\"margin-bottom: 5px; font-variant-caps: normal; font-family: Roboto; font-size: 18px; font-style: normal; font-weight: 400; caret-color: #7b7981; color: #7b7981;\"><u style=\"font-size: 18px;\"><a style=\"font-size: 18px;\" href=\"https:\/\/forms.office.com\/e\/DmCR3KHCEV\" data-outlook-id=\"c39003df-2d0d-452d-82d6-93c997115ae0\">https:\/\/forms.office.com\/e\/DmCR3KHCEV<\/a><\/u><\/p>\t\t\t\t\t\t<\/div>\n\t\t\t\t<\/div>\n\t\t\t\t\t<\/div>\n\t\t<\/div>\n\t\t\t\t\t<\/div>\n\t\t<\/section>\n\t\t\t\t<section class=\"elementor-section elementor-top-section elementor-element elementor-element-a4d17ff elementor-section-boxed elementor-section-height-default elementor-section-height-default\" data-id=\"a4d17ff\" data-element_type=\"section\">\n\t\t\t\t\t\t<div class=\"elementor-container elementor-column-gap-default\">\n\t\t\t\t\t<div class=\"elementor-column elementor-col-50 elementor-top-column elementor-element elementor-element-a67e8c5\" data-id=\"a67e8c5\" data-element_type=\"column\">\n\t\t\t<div class=\"elementor-widget-wrap elementor-element-populated\">\n\t\t\t\t\t\t<div class=\"elementor-element elementor-element-0722a79 elementor-widget elementor-widget-image\" data-id=\"0722a79\" data-element_type=\"widget\" data-widget_type=\"image.default\">\n\t\t\t\t<div class=\"elementor-widget-container\">\n\t\t\t\t\t\t\t\t\t\t\t\t\t<img fetchpriority=\"high\" decoding=\"async\" width=\"1024\" height=\"829\" src=\"https:\/\/www.unioviedo.es\/ccuniovi\/wp-content\/uploads\/2025\/07\/Claustru_vieyu_de_la_Universida_dUvieu-1024x829.jpg\" class=\"attachment-large size-large wp-image-4895\" alt=\"\" srcset=\"https:\/\/www.unioviedo.es\/ccuniovi\/wp-content\/uploads\/2025\/07\/Claustru_vieyu_de_la_Universida_dUvieu-1024x829.jpg 1024w, https:\/\/www.unioviedo.es\/ccuniovi\/wp-content\/uploads\/2025\/07\/Claustru_vieyu_de_la_Universida_dUvieu-300x243.jpg 300w, https:\/\/www.unioviedo.es\/ccuniovi\/wp-content\/uploads\/2025\/07\/Claustru_vieyu_de_la_Universida_dUvieu-768x622.jpg 768w, https:\/\/www.unioviedo.es\/ccuniovi\/wp-content\/uploads\/2025\/07\/Claustru_vieyu_de_la_Universida_dUvieu.jpg 1200w\" sizes=\"(max-width: 1024px) 100vw, 1024px\" \/>\t\t\t\t\t\t\t\t\t\t\t\t\t<\/div>\n\t\t\t\t<\/div>\n\t\t\t\t\t<\/div>\n\t\t<\/div>\n\t\t\t\t<div class=\"elementor-column elementor-col-50 elementor-top-column elementor-element elementor-element-1add6c8\" data-id=\"1add6c8\" data-element_type=\"column\">\n\t\t\t<div class=\"elementor-widget-wrap elementor-element-populated\">\n\t\t\t\t\t\t<div class=\"elementor-element elementor-element-1d60336 elementor-widget elementor-widget-image\" data-id=\"1d60336\" data-element_type=\"widget\" data-widget_type=\"image.default\">\n\t\t\t\t<div class=\"elementor-widget-container\">\n\t\t\t\t\t\t\t\t\t\t\t\t\t<img decoding=\"async\" width=\"1024\" height=\"1024\" src=\"https:\/\/www.unioviedo.es\/ccuniovi\/wp-content\/uploads\/2025\/07\/Jornada-1024x1024.png\" class=\"attachment-large size-large wp-image-4896\" alt=\"\" srcset=\"https:\/\/www.unioviedo.es\/ccuniovi\/wp-content\/uploads\/2025\/07\/Jornada-1024x1024.png 1024w, https:\/\/www.unioviedo.es\/ccuniovi\/wp-content\/uploads\/2025\/07\/Jornada-300x300.png 300w, https:\/\/www.unioviedo.es\/ccuniovi\/wp-content\/uploads\/2025\/07\/Jornada-150x150.png 150w, https:\/\/www.unioviedo.es\/ccuniovi\/wp-content\/uploads\/2025\/07\/Jornada-768x768.png 768w, https:\/\/www.unioviedo.es\/ccuniovi\/wp-content\/uploads\/2025\/07\/Jornada-1536x1536.png 1536w, https:\/\/www.unioviedo.es\/ccuniovi\/wp-content\/uploads\/2025\/07\/Jornada-60x60.png 60w, https:\/\/www.unioviedo.es\/ccuniovi\/wp-content\/uploads\/2025\/07\/Jornada.png 1653w\" sizes=\"(max-width: 1024px) 100vw, 1024px\" \/>\t\t\t\t\t\t\t\t\t\t\t\t\t<\/div>\n\t\t\t\t<\/div>\n\t\t\t\t\t<\/div>\n\t\t<\/div>\n\t\t\t\t\t<\/div>\n\t\t<\/section>\n\t\t\t\t<section class=\"elementor-section elementor-top-section elementor-element elementor-element-16f2604 elementor-section-boxed elementor-section-height-default elementor-section-height-default\" data-id=\"16f2604\" data-element_type=\"section\">\n\t\t\t\t\t\t<div class=\"elementor-container elementor-column-gap-default\">\n\t\t\t\t\t<div class=\"elementor-column elementor-col-100 elementor-top-column elementor-element elementor-element-2562d91\" data-id=\"2562d91\" data-element_type=\"column\">\n\t\t\t<div class=\"elementor-widget-wrap\">\n\t\t\t\t\t\t\t<\/div>\n\t\t<\/div>\n\t\t\t\t\t<\/div>\n\t\t<\/section>\n\t\t\t\t<section class=\"elementor-section elementor-top-section elementor-element elementor-element-e6f01cb elementor-section-boxed elementor-section-height-default elementor-section-height-default\" data-id=\"e6f01cb\" data-element_type=\"section\">\n\t\t\t\t\t\t<div class=\"elementor-container elementor-column-gap-default\">\n\t\t\t\t\t<div class=\"elementor-column elementor-col-100 elementor-top-column elementor-element elementor-element-db3fdbc\" data-id=\"db3fdbc\" data-element_type=\"column\">\n\t\t\t<div class=\"elementor-widget-wrap elementor-element-populated\">\n\t\t\t\t\t\t<div class=\"elementor-element elementor-element-7c17e5a elementor-widget elementor-widget-image\" data-id=\"7c17e5a\" data-element_type=\"widget\" data-widget_type=\"image.default\">\n\t\t\t\t<div class=\"elementor-widget-container\">\n\t\t\t\t\t\t\t\t\t\t\t\t\t<img decoding=\"async\" width=\"1024\" height=\"84\" src=\"https:\/\/www.unioviedo.es\/ccuniovi\/wp-content\/uploads\/2025\/07\/2025Logos-1024x84.png\" class=\"attachment-large size-large wp-image-4905\" alt=\"\" srcset=\"https:\/\/www.unioviedo.es\/ccuniovi\/wp-content\/uploads\/2025\/07\/2025Logos-1024x84.png 1024w, https:\/\/www.unioviedo.es\/ccuniovi\/wp-content\/uploads\/2025\/07\/2025Logos-300x25.png 300w, https:\/\/www.unioviedo.es\/ccuniovi\/wp-content\/uploads\/2025\/07\/2025Logos-768x63.png 768w, https:\/\/www.unioviedo.es\/ccuniovi\/wp-content\/uploads\/2025\/07\/2025Logos-1536x126.png 1536w, https:\/\/www.unioviedo.es\/ccuniovi\/wp-content\/uploads\/2025\/07\/2025Logos-2048x168.png 2048w\" sizes=\"(max-width: 1024px) 100vw, 1024px\" \/>\t\t\t\t\t\t\t\t\t\t\t\t\t<\/div>\n\t\t\t\t<\/div>\n\t\t\t\t\t<\/div>\n\t\t<\/div>\n\t\t\t\t\t<\/div>\n\t\t<\/section>\n\t\t\t\t<\/div>\n\t\t","protected":false},"excerpt":{"rendered":"<p>Jornada de Presentaci\u00f3n del Programa de Formaci\u00f3n Permanente en Ciberseguridad El pr\u00f3ximo&nbsp;lunes, 14 de julio, de 10:00 a 12:30 horas, el Aula Magna del Edificio Hist\u00f3rico de la Universidad de Oviedo&nbsp;(Calle San Francisco 3, 33003, Oviedo), acoger\u00e1 una&nbsp;Jornada de Presentaci\u00f3n del Programa de Formaci\u00f3n Permanente en Ciberseguridad, al que tenemos<\/p>\n","protected":false},"author":1,"featured_media":0,"parent":0,"menu_order":0,"comment_status":"closed","ping_status":"closed","template":"","meta":{"footnotes":""},"class_list":["post-4894","page","type-page","status-publish","hentry"],"_links":{"self":[{"href":"https:\/\/www.unioviedo.es\/ccuniovi\/wp-json\/wp\/v2\/pages\/4894","targetHints":{"allow":["GET"]}}],"collection":[{"href":"https:\/\/www.unioviedo.es\/ccuniovi\/wp-json\/wp\/v2\/pages"}],"about":[{"href":"https:\/\/www.unioviedo.es\/ccuniovi\/wp-json\/wp\/v2\/types\/page"}],"author":[{"embeddable":true,"href":"https:\/\/www.unioviedo.es\/ccuniovi\/wp-json\/wp\/v2\/users\/1"}],"replies":[{"embeddable":true,"href":"https:\/\/www.unioviedo.es\/ccuniovi\/wp-json\/wp\/v2\/comments?post=4894"}],"version-history":[{"count":13,"href":"https:\/\/www.unioviedo.es\/ccuniovi\/wp-json\/wp\/v2\/pages\/4894\/revisions"}],"predecessor-version":[{"id":4935,"href":"https:\/\/www.unioviedo.es\/ccuniovi\/wp-json\/wp\/v2\/pages\/4894\/revisions\/4935"}],"wp:attachment":[{"href":"https:\/\/www.unioviedo.es\/ccuniovi\/wp-json\/wp\/v2\/media?parent=4894"}],"curies":[{"name":"wp","href":"https:\/\/api.w.org\/{rel}","templated":true}]}}