{"id":3559,"date":"2024-02-05T22:44:19","date_gmt":"2024-02-05T22:44:19","guid":{"rendered":"https:\/\/www.unioviedo.es\/cestudiantes\/?page_id=3559"},"modified":"2026-04-30T09:22:49","modified_gmt":"2026-04-30T09:22:49","slug":"proceso-electoral","status":"publish","type":"page","link":"https:\/\/www.unioviedo.es\/cestudiantes\/index.php\/proceso-electoral\/","title":{"rendered":"Procesos electorales"},"content":{"rendered":"\t\t<div data-elementor-type=\"wp-page\" data-elementor-id=\"3559\" class=\"elementor elementor-3559\">\n\t\t\t\t\t\t<section class=\"elementor-section elementor-top-section elementor-element elementor-element-72c3d4b elementor-section-boxed elementor-section-height-default elementor-section-height-default\" data-id=\"72c3d4b\" data-element_type=\"section\" data-e-type=\"section\">\n\t\t\t\t\t\t<div class=\"elementor-container elementor-column-gap-default\">\n\t\t\t\t\t<div class=\"elementor-column elementor-col-100 elementor-top-column elementor-element elementor-element-4e87144\" data-id=\"4e87144\" data-element_type=\"column\" data-e-type=\"column\">\n\t\t\t<div class=\"elementor-widget-wrap elementor-element-populated\">\n\t\t\t\t\t\t<div class=\"elementor-element elementor-element-43be5c3 elementor-widget elementor-widget-html\" data-id=\"43be5c3\" data-element_type=\"widget\" data-e-type=\"widget\" data-widget_type=\"html.default\">\n\t\t\t\t<div class=\"elementor-widget-container\">\n\t\t\t\t\t<main id=\"content\" class=\"neve-main\">\r\n  <div data-elementor-type=\"wp-page\" data-elementor-id=\"3559\" class=\"elementor elementor-3559\" data-elementor-post-type=\"page\">\r\n\r\n    <!-- BLOQUE CABECERA -->\r\n    <section class=\"elec-block elec-block-header\">\r\n      <div class=\"elec-shell\">\r\n        <header id=\"elec-main-header\" aria-labelledby=\"elec-title\">\r\n          <h1 id=\"elec-title\">Procesos electorales<\/h1>\r\n          <p class=\"lead\">\r\n            De conformidad con el Reglamento de R\u00e9gimen Interno\r\n            (<a href=\"https:\/\/www.unioviedo.es\/cestudiantes\/index.php\/rri-cde\/\">enlace<\/a>)\r\n            y el Reglamento Electoral\r\n            (<a href=\"https:\/\/www.unioviedo.es\/cestudiantes\/index.php\/electoral-cde\/\">enlace<\/a>)\r\n            del Consejo de Estudiantes, los miembros de la Directiva (presidencia, secretar\u00eda y tesorer\u00eda) se renuevan cada dos a\u00f1os.\r\n          <\/p>\r\n          <p class=\"lead\">\r\n            Las elecciones a la directiva comienzan, de manera ordinaria, el d\u00eda siguiente a que el Rector nombre a los representantes de estudiantes en el Consejo de Gobierno de la Universidad. Desde esa renovaci\u00f3n, las Delegaciones de Estudiantes disponen de 30 d\u00edas naturales para elegir a sus representantes en el Consejo de Estudiantes.\r\n          <\/p>\r\n          <p class=\"note\">\r\n            Tras la renovaci\u00f3n del Consejo de Estudiantes, se renueva la Junta Electoral del \u00f3rgano y comienza el proceso electoral con las exigencias previstas en la normativa de aplicaci\u00f3n.\r\n          <\/p>\r\n        <\/header>\r\n      <\/div>\r\n    <\/section>\r\n\r\n    <!-- BLOQUE RESUMEN + ACCIONES R\u00c1PIDAS -->\r\n    <section class=\"elec-block elec-block-summary\">\r\n      <div class=\"elec-shell\">\r\n        <div class=\"elec-row elec-row-split\">\r\n          <div class=\"elec-col elec-col-main\">\r\n            <article class=\"elec-card elec-card-soft\">\r\n              <h2 class=\"elec-subtitle\">C\u00f3mo se organiza el proceso<\/h2>\r\n              <p class=\"elec-body\">\r\n                1. Renovaci\u00f3n de representantes estudiantiles en el Claustro y en el Consejo de Gobierno.\r\n              <\/p>\r\n              <p class=\"elec-body\">\r\n                2. Elecci\u00f3n o designaci\u00f3n de representantes en el Consejo de Estudiantes por parte de las Delegaciones de Estudiantes.\r\n              <\/p>\r\n              <p class=\"elec-body\">\r\n                3. Constituci\u00f3n de la Junta Electoral del Consejo de Estudiantes, aprobaci\u00f3n del calendario y desarrollo del proceso electoral hasta la proclamaci\u00f3n definitiva de la Directiva.\r\n              <\/p>\r\n            <\/article>\r\n          <\/div>\r\n\r\n          <aside class=\"elec-col elec-col-side\">\r\n            <div class=\"elec-card elec-card-actions\">\r\n              <h3 class=\"elec-subtitle-sm\">Acciones r\u00e1pidas<\/h3>\r\n              <div class=\"elec-actions-list\">\r\n                <a class=\"elec-btn elec-btn-primary elec-btn-full\" href=\"#calendario-electoral\">\r\n                  Ver calendario electoral 2026\r\n                <\/a>\r\n                <a class=\"elec-btn elec-btn-ghost elec-btn-full\" href=\"https:\/\/www.unioviedo.es\/cestudiantes\/index.php\/documentos-electorales\/\">\r\n                  Procesos electorales anteriores\r\n                <\/a>\r\n                <a class=\"elec-link-small\" href=\"https:\/\/www.unioviedo.es\/cestudiantes\/index.php\/transparencia\/\">\r\n                  Transparencia y rendici\u00f3n de cuentas \u2192\r\n                <\/a>\r\n              <\/div>\r\n            <\/div>\r\n          <\/aside>\r\n        <\/div>\r\n      <\/div>\r\n    <\/section>\r\n\r\n    <!-- BLOQUE RENOVACI\u00d3N DIRECTIVA + IMAGEN -->\r\n    <section class=\"elec-block elec-block-directiva\">\r\n      <div class=\"elec-shell\">\r\n        <div class=\"elec-row elec-row-main\">\r\n          <!-- Columna texto\/documentaci\u00f3n -->\r\n          <div class=\"elec-col elec-col-text\">\r\n            <article id=\"sec-2024-directiva\" class=\"elec-card elec-card-main\">\r\n              <p class=\"elec-body\">\r\n                Tras la renovaci\u00f3n de los representantes de estudiantes en el Claustro\r\n                (<a href=\"https:\/\/eleccionesclaustro.uniovi.es\/\">enlace<\/a>)\r\n                y la renovaci\u00f3n de estos en el Consejo de Gobierno (nombramiento pendiente),\r\n                se convocan las elecciones a la Directiva del Consejo de Estudiantes.\r\n              <\/p>\r\n\r\n          <details class=\"elec-accordion\" open>\r\n            <summary>\r\n              Ver cronolog\u00eda detallada y documentaci\u00f3n oficial\r\n              <span class=\"elec-accordion-icon\">\u25bc<\/span>\r\n            <\/summary>\r\n\r\n            <div class=\"elec-accordion-body\">\r\n              <ul class=\"doc-list\">\r\n                <li>\r\n                  Comunicaci\u00f3n de la Presidencia sobre la situaci\u00f3n institucional y el proceso de renovaci\u00f3n del Consejo de Estudiantes (05\/02\/2026).\r\n                  <a href=\"https:\/\/www.unioviedo.es\/cestudiantes\/wp-content\/uploads\/2026\/02\/0.-Escrito-05-02.pdf\">Enlace al documento<\/a>.\r\n                <\/li>\r\n\r\n                <li>\r\n                  Documentaci\u00f3n sobre el criterio interpretativo relativo a la condici\u00f3n de \u00abrepresentantes del estudiantado en el Consejo de Gobierno\u00bb.\r\n                  <ul>\r\n                    <li>\r\n                      Solicitud de la Presidencia a la Junta Electoral para la fijaci\u00f3n de criterio interpretativo (11\/02\/2026).\r\n                      <a href=\"https:\/\/www.unioviedo.es\/cestudiantes\/wp-content\/uploads\/2026\/02\/0.1.-Peticion-a-la-JECdE.pdf\">Enlace al documento<\/a>.\r\n                    <\/li>\r\n                    <li>\r\n                      Resoluci\u00f3n de la Junta Electoral fijando criterio interpretativo (13\/02\/2026).\r\n                      <a href=\"https:\/\/www.unioviedo.es\/cestudiantes\/wp-content\/uploads\/2026\/02\/0.2-Resolucion-sobre-CG.pdf\">Enlace al documento<\/a>.\r\n                    <\/li>\r\n                  <\/ul>\r\n                <\/li>\r\n\r\n                <li>\r\n                  Documentaci\u00f3n del proceso claustral y base de c\u00e1lculo por centros.\r\n                  <ul>\r\n                    <li>\r\n                      Candidaturas presentadas al Claustro (elecci\u00f3n de representantes del estudiantado en el Consejo de Gobierno) (16\/02\/2026).\r\n                      <a href=\"https:\/\/www.unioviedo.es\/cestudiantes\/wp-content\/uploads\/2026\/02\/1.1.-Candidaturas-Claustro.pdf\">Enlace al documento<\/a>.\r\n                    <\/li>\r\n                    <li>\r\n                      Certificaci\u00f3n de matr\u00edcula total de estudiantes por centros (curso 2025\/2026) a efectos del proceso electoral (16\/02\/2026).\r\n                      <a href=\"https:\/\/www.unioviedo.es\/cestudiantes\/wp-content\/uploads\/2026\/02\/1.2-Cant-de-est-por-centro.pdf\">Enlace al documento<\/a>.\r\n                    <\/li>\r\n                  <\/ul>\r\n                <\/li>\r\n                <li>\r\n                  Comunicaci\u00f3n y resoluci\u00f3n de la Junta Electoral: inicio del proceso de renovaci\u00f3n del Pleno (2026), instrucciones y propuesta de calendario electoral (17\/02\/2026).\r\n                  <a href=\"https:\/\/www.unioviedo.es\/cestudiantes\/wp-content\/uploads\/2026\/02\/1.-Comunicacion-y-resolucion-JECdE.pdf\">Enlace al documento<\/a>.\r\n                <\/li>\r\n                <li>\r\n                      Acuerdo del Consejo de Estudiantes, por el que se convocan elecciones para la renovaci\u00f3n de los cargos de Presidencia, Secretar\u00eda y Tesorer\u00eda.\r\n                      <a href=\"https:\/\/www.unioviedo.es\/cestudiantes\/wp-content\/uploads\/2026\/02\/2.-Convocatoria-de-elecciones-CdE.pdf\">Enlace al documento<\/a>.\r\n                      <ul>\r\n                   <li>\r\n                      Modelo para notificar las designaciones de representantes en el Consejo de Estudiantes.\r\n                      <a href=\"https:\/\/www.unioviedo.es\/cestudiantes\/wp-content\/uploads\/2026\/02\/2.1.-Modelo-elecc-cde.docx\">Enlace al documento<\/a>.\r\n                    <\/ul><\/li>\r\n                      <ul>\r\n                   <li>\r\n                      21\/03\/2026: Anuncio de la secretar\u00eda en funciones del Consejo de Estudiantes de la Universidad de Oviedo sobre la finalizaci\u00f3n del plazo para la elecci\u00f3n de representantes por las delegaciones de estudiantes y publicaci\u00f3n de la relaci\u00f3n resultante a efectos del sorteo p\u00fablico de nuevos miembros de la junta electoral.\r\n                      <a href=\"https:\/\/www.unioviedo.es\/cestudiantes\/wp-content\/uploads\/2026\/03\/2.6.-Notificacion-conclusion-del-plazo.pdf\">Enlace al documento<\/a>.\r\n                    <\/ul><\/li>\r\n                <li>\r\n                  19\/02\/2026: env\u00edo (correo electr\u00f3nico y postal) a las Delegaciones de Estudiantes de la convocatoria; notificaci\u00f3n al Vicerrectorado de Estudiantes y Empleabilidad y a la Comisi\u00f3n Electoral (correo electr\u00f3nico).\r\n                <\/li>\r\n                <li>\r\n                  19\/02\/2026: cese de los miembros del Pleno del Consejo de Estudiantes.\r\n                <\/li>\r\n                <li>\r\n                  21\/03\/2026: Anuncio de la secretar\u00eda en funciones del Consejo de Estudiantes de la Universidad de Oviedo por el que se hace p\u00fablica la hora y el lugar de celebraci\u00f3n del sorteo p\u00fablico de nuevos miembros de la junta electoral. <a href=\"https:\/\/www.unioviedo.es\/cestudiantes\/wp-content\/uploads\/2026\/03\/3.-Notificacion-para-el-sorteo-de-la-JE.pdf\">Enlace al documento<\/a>.\r\n                <\/li>\r\n                <li>\r\n                  23\/03\/2026: Notificaci\u00f3n de la secretar\u00eda en funciones del Consejo de Estudiantes sobre el resultado del sorteo p\u00fablico de la Junta Electoral. <a href=\"https:\/\/www.unioviedo.es\/cestudiantes\/wp-content\/uploads\/2026\/03\/3.1.-Resultado-sorteo.pdf\">Enlace al documento<\/a>.\r\n                <\/li>\r\n                <li>\r\n                  26\/03\/2026: Notificaci\u00f3n de la secretar\u00eda en funciones del Consejo de Estudiantes de la Universidad de Oviedo sobre la ausencia de reclamaciones o excusas frente a las personas designadas para la junta electoral y nombramiento de sus miembros. <a href=\"https:\/\/www.unioviedo.es\/cestudiantes\/wp-content\/uploads\/2026\/03\/4.-Nombramiento-JE.pdf\">Enlace al documento<\/a>.\r\n                <\/li>\r\n                <li>\r\n                  27\/03\/2026: Acuerdo de la Junta Electoral del Consejo de Estudiantes de la Universidad de Oviedo por el que se ratifica el calendario electoral y se dispone la publicaci\u00f3n del censo provisional. <a href=\"https:\/\/www.unioviedo.es\/cestudiantes\/wp-content\/uploads\/2026\/03\/5.-Ratificacion-y-censo-prov.pdf\">Enlace al documento<\/a>.\r\n                <\/li>\r\n                <li>\r\n                  15\/04\/2026: Acuerdo de la Junta Electoral del Consejo de Estudiantes de la Universidad de Oviedo por la que se aprueba el censo definitivo. <a href=\"https:\/\/www.unioviedo.es\/cestudiantes\/wp-content\/uploads\/2026\/04\/6.-Censo-definitivo_2026.pdf\">Enlace al documento<\/a>.\r\n                <\/li>\r\n                <li>\r\n                  23\/04\/2026: Acuerdo de la Junta Electoral del Consejo de Estudiantes de la Universidad de Oviedo por la que se realiza la proclamaci\u00f3n provisional de las candidaturas presentadas. <a href=\"https:\/\/www.unioviedo.es\/cestudiantes\/wp-content\/uploads\/2026\/04\/7.-Procla-provisional.pdf\">Enlace al documento<\/a>.\r\n                <\/li>\r\n                <li>\r\n                  30\/04\/2026: Acuerdo de la Junta Electoral del Consejo de Estudiantes de la Universidad de Oviedo por la que se realiza la proclamaci\u00f3n de las candidaturas electas. <a href=\"https:\/\/www.unioviedo.es\/cestudiantes\/wp-content\/uploads\/2026\/04\/8.-Procla-definitiva.pdf\">Enlace al documento<\/a>.\r\n                <\/li>\r\n              <\/ul>\r\n            <\/div>\r\n          <\/details>\r\n        <\/article>\r\n          <\/div>\r\n\r\n          <!-- Columna imagen + CTA -->\r\n          <aside class=\"elec-col elec-col-aside\">\r\n            <div class=\"elec-card elec-card-aside\">\r\n              <figure class=\"elec-figure\">\r\n                <div class=\"elec-image-shell\">\r\n                  <img\r\n                    decoding=\"async\"\r\n                    src=\"https:\/\/www.unioviedo.es\/cestudiantes\/wp-content\/uploads\/2023\/02\/article.jpeg\"\r\n                    alt=\"Imagen ilustrativa del Consejo de Estudiantes\"\r\n                    class=\"elec-image\"\r\n                    srcset=\"https:\/\/www.unioviedo.es\/cestudiantes\/wp-content\/uploads\/2023\/02\/article.jpeg 468w, https:\/\/www.unioviedo.es\/cestudiantes\/wp-content\/uploads\/2023\/02\/article-199x300.jpeg 199w\"\r\n                    sizes=\"(max-width: 468px) 100vw, 468px\"\r\n                  >\r\n                <\/div>\r\n                <figcaption class=\"elec-caption\">\r\n                  \r\n                <\/figcaption>\r\n              <\/figure>\r\n\r\n              <a class=\"elec-btn elec-btn-primary elec-btn-full\" href=\"https:\/\/www.unioviedo.es\/cestudiantes\/index.php\/composicioncde\/\">\r\n                Miembros del Pleno actualizados\r\n              <\/a>\r\n            <\/div>\r\n          <\/aside>\r\n        <\/div>\r\n      <\/div>\r\n    <\/section>\r\n\r\n<!-- BLOQUE CALENDARIO ELECTORAL -->\r\n<section class=\"elec-block elec-block-calendar\" id=\"calendario-electoral\">\r\n  <div class=\"elec-shell\">\r\n    <article class=\"elec-card calendar-card\">\r\n      <!-- Bloque 1 -->\r\n      <details class=\"elec-accordion elec-accordion-top\" open>\r\n        <summary>\r\n          1. Inicio del proceso y constituci\u00f3n de la Junta Electoral\r\n          <span class=\"elec-accordion-icon\">\u25bc<\/span>\r\n        <\/summary>\r\n        <div class=\"elec-accordion-body\">\r\n          <div class=\"calendar-scroll\">\r\n            <table class=\"calendar-table\">\r\n              <tbody>\r\n                <tr>\r\n                  <td style=\"text-align:center;\"><h4><strong>Fase<\/strong><\/h4><\/td>\r\n                  <td colspan=\"2\" style=\"text-align:center;\"><h4><strong>Fecha y normativa<\/strong><\/h4><\/td>\r\n                <\/tr>\r\n                <tr>\r\n                  <td>Convocatoria y publicaci\u00f3n.<\/td>\r\n                  <td><strong>18\/02\/2026<\/strong><\/td>\r\n                  <td><u>Art. 14<\/u> del Reglamento Electoral.<\/td>\r\n                <\/tr>\r\n                <tr>\r\n                  <td>Notificaci\u00f3n a las Asambleas de Centro (Delegaciones de Estudiantes) para que comiencen a elegir a sus representantes en el Consejo de Estudiantes.<\/td>\r\n                  <td><strong>19\/02\/2026<\/strong><\/td>\r\n                  <td><u>Art. 27<\/u> del Reglamento Electoral.<\/td>\r\n                <\/tr>\r\n                <tr>\r\n                  <td>Reclamaciones contra la convocatoria.<\/td>\r\n                  <td><strong>19\/02\/2026<\/strong> \u2013 <strong>23\/02\/2026<\/strong><\/td>\r\n                  <td><u>Art. 14<\/u> del Reglamento Electoral.<\/td>\r\n                <\/tr>\r\n                <tr>\r\n                  <td>Resoluci\u00f3n de reclamaciones contra la convocatoria.<\/td>\r\n                  <td><strong>24\/02\/2026<\/strong> \u2013 <strong>25\/02\/2026<\/strong><\/td>\r\n                  <td>&nbsp;<\/td>\r\n                <\/tr>\r\n                <tr>\r\n                  <td>Recurso de alzada (si procede).<\/td>\r\n                  <td><strong>26\/02\/2026<\/strong> \u2013 <strong>25\/03\/2026<\/strong><\/td>\r\n                  <td><u>Art. 14<\/u> del Reglamento Electoral.<\/td>\r\n                <\/tr>\r\n                <tr>\r\n                  <td>Plazo para realizar la elecci\u00f3n de representantes por parte de la Asamblea de Centro (Delegaci\u00f3n de Estudiantes) y notificarlo a la Presidencia de la Junta Electoral.<\/td>\r\n                  <td><strong>19\/02\/2026<\/strong> \u2013 <strong>20\/03\/2026<\/strong><\/td>\r\n                  <td><u>Art. 11 y 27<\/u> del Reglamento Electoral (30 d\u00edas naturales).<\/td>\r\n                <\/tr>\r\n                <tr>\r\n                  <td>Sorteo p\u00fablico de nuevos miembros de la Junta Electoral del Consejo de Estudiantes.<\/td>\r\n                  <td><strong>23\/03\/2026<\/strong><\/td>\r\n                  <td><u>Art. 4<\/u> del Reglamento Electoral.<\/td>\r\n                <\/tr>\r\n                <tr>\r\n                  <td>Reclamaci\u00f3n\/excusa de las personas designadas para la Junta Electoral.<\/td>\r\n                  <td><strong>24\/03\/2026<\/strong> \u2013 <strong>25\/03\/2026<\/strong><\/td>\r\n                  <td><u>Art. 4.3<\/u> del Reglamento Electoral.<\/td>\r\n                <\/tr>\r\n                <tr>\r\n                  <td>Nombramiento de miembros de la Junta Electoral.<\/td>\r\n                  <td><strong>26\/03\/2026<\/strong><\/td>\r\n                  <td><u>Art. 4<\/u> del Reglamento Electoral.<\/td>\r\n                <\/tr>\r\n                <tr>\r\n                  <td>Ratificaci\u00f3n (si procede) del calendario electoral y publicaci\u00f3n del censo provisional.<\/td>\r\n                  <td><strong>27\/03\/2026<\/strong><\/td>\r\n                  <td><u>T\u00edtulo III<\/u> del Reglamento Electoral.<\/td>\r\n                <\/tr>\r\n              <\/tbody>\r\n            <\/table>\r\n          <\/div>\r\n        <\/div>\r\n      <\/details>\r\n\r\n      <!-- Bloque 2 -->\r\n      <details class=\"elec-accordion\">\r\n        <summary>\r\n          2. Censo electoral y presentaci\u00f3n de candidaturas\r\n          <span class=\"elec-accordion-icon\">\u25bc<\/span>\r\n        <\/summary>\r\n        <div class=\"elec-accordion-body\">\r\n          <div class=\"calendar-scroll\">\r\n            <table class=\"calendar-table\">\r\n              <tbody>\r\n                <tr>\r\n                  <td>Censo electoral provisional.<\/td>\r\n                  <td><strong>27\/03\/2026<\/strong><\/td>\r\n                  <td><u>Art. 8<\/u> del Reglamento Electoral.<\/td>\r\n                <\/tr>\r\n                <tr>\r\n                  <td>Reclamaciones al censo provisional.<\/td>\r\n                  <td><strong>06\/04\/2026<\/strong> \u2013 <strong>13\/04\/2026<\/strong><\/td>\r\n                  <td><u>Art. 15.1<\/u> del Reglamento Electoral.<\/td>\r\n                <\/tr>\r\n                <tr>\r\n                  <td>Resoluci\u00f3n de reclamaciones al censo.<\/td>\r\n                  <td><strong>14\/04\/2026<\/strong> \u2013 <strong>15\/04\/2026<\/strong><\/td>\r\n                  <td><u>Art. 15.2<\/u> del Reglamento Electoral.<\/td>\r\n                <\/tr>\r\n                <tr>\r\n                  <td>Publicaci\u00f3n del censo definitivo.<\/td>\r\n                  <td><strong>15\/04\/2026<\/strong><\/td>\r\n                  <td><u>Art. 15<\/u> del Reglamento Electoral.<\/td>\r\n                <\/tr>\r\n                <tr>\r\n                  <td>Presentaci\u00f3n de candidaturas.<\/td>\r\n                  <td><strong>16\/04\/2026<\/strong> \u2013 <strong>22\/04\/2026<\/strong><\/td>\r\n                  <td><u>Art. 16.1<\/u> del Reglamento Electoral.<\/td>\r\n                <\/tr>\r\n                <tr>\r\n                  <td>Proclamaci\u00f3n provisional de candidaturas.<\/td>\r\n                  <td><strong>27\/04\/2026<\/strong><\/td>\r\n                  <td><u>Art. 17.1<\/u> del Reglamento Electoral.<\/td>\r\n                <\/tr>\r\n                <tr>\r\n                  <td>Reclamaciones a la proclamaci\u00f3n provisional de candidaturas.<\/td>\r\n                  <td><strong>28\/04\/2026<\/strong> \u2013 <strong>29\/04\/2026<\/strong><\/td>\r\n                  <td><u>Art. 17.2<\/u> del Reglamento Electoral.<\/td>\r\n                <\/tr>\r\n                <tr>\r\n                  <td>Resoluci\u00f3n de reclamaciones y proclamaci\u00f3n definitiva de candidaturas.<\/td>\r\n                  <td><strong>30\/04\/2026<\/strong><\/td>\r\n                  <td><u>Art. 17<\/u> del Reglamento Electoral.<\/td>\r\n                <\/tr>\r\n                <tr>\r\n                  <td>Proclamaci\u00f3n directa de electos (si procede, si candidaturas \u2264 puestos).<\/td>\r\n                  <td><strong>30\/04\/2026<\/strong><\/td>\r\n                  <td><u>Art. 17.7<\/u> del Reglamento Electoral.<\/td>\r\n                <\/tr>\r\n              <\/tbody>\r\n            <\/table>\r\n          <\/div>\r\n\r\n          <p class=\"elec-body\">\r\n            Seg\u00fan el art\u00edculo 17.7 del Reglamento Electoral del Consejo de Estudiantes, si se presenta un n\u00famero igual o inferior de candidaturas al de puestos a cubrir, se dispensa la celebraci\u00f3n de la votaci\u00f3n.\r\n            <u>En ese caso, el mismo d\u00eda de la proclamaci\u00f3n definitiva (el <strong>30\/04\/2026<\/strong>) se realiza la proclamaci\u00f3n directa de la candidatura electa<\/u>.\r\n          <\/p>\r\n        <\/div>\r\n      <\/details>\r\n\r\n      <!-- Bloque 3 -->\r\n      <details class=\"elec-accordion\">\r\n        <summary>\r\n          3. Campa\u00f1a, votaci\u00f3n y proclamaci\u00f3n definitiva (si hay m\u00e1s candidaturas)\r\n          <span class=\"elec-accordion-icon\">\u25bc<\/span>\r\n        <\/summary>\r\n        <div class=\"elec-accordion-body\">\r\n          <div class=\"calendar-scroll\">\r\n            <table class=\"calendar-table\">\r\n              <tbody>\r\n                <tr>\r\n                  <td style=\"text-align:center;\"><h4><strong>Fase<\/strong><\/h4><\/td>\r\n                  <td colspan=\"2\" style=\"text-align:center;\"><h4><strong>Fecha y normativa<\/strong><\/h4><\/td>\r\n                <\/tr>\r\n                <tr>\r\n                  <td>Campa\u00f1a electoral.<\/td>\r\n                  <td><strong>30\/04\/2026<\/strong> \u2013 <strong>23\/09\/2026<\/strong><\/td>\r\n                  <td><u>Art. 17<\/u> del Reglamento Electoral.<\/td>\r\n                <\/tr>\r\n                <tr>\r\n                  <td>Sorteo de Mesa electoral (si procede votaci\u00f3n) y comunicaci\u00f3n.<\/td>\r\n                  <td><strong>10\/09\/2026<\/strong><\/td>\r\n                  <td><u>Art. 18.1<\/u> del Reglamento Electoral.<\/td>\r\n                <\/tr>\r\n                <tr>\r\n                  <td>Reclamaci\u00f3n\/excusa por designaci\u00f3n de Mesa.<\/td>\r\n                  <td><strong>10\/09\/2026<\/strong> \u2013 <strong>17\/09\/2026<\/strong><\/td>\r\n                  <td><u>Art. 18.3<\/u> del Reglamento Electoral.<\/td>\r\n                <\/tr>\r\n                <tr>\r\n                  <td>Resoluci\u00f3n de reclamaciones\/excusas de Mesa.<\/td>\r\n                  <td><strong>18\/09\/2026<\/strong> \u2013 <strong>21\/09\/2026<\/strong><\/td>\r\n                  <td><u>Art. 18.5<\/u> del Reglamento Electoral.<\/td>\r\n                <\/tr>\r\n                <tr>\r\n                  <td>Jornada de reflexi\u00f3n.<\/td>\r\n                  <td><strong>23\/09\/2026<\/strong><\/td>\r\n                  <td>D\u00eda anterior a la votaci\u00f3n.<\/td>\r\n                <\/tr>\r\n                <tr>\r\n                  <td>Votaci\u00f3n (1\u00aa vuelta).<\/td>\r\n                  <td><strong>24\/09\/2026<\/strong><\/td>\r\n                  <td>&nbsp;<\/td>\r\n                <\/tr>\r\n                <tr>\r\n                  <td>Votaci\u00f3n (2\u00aa vuelta, si procede).<\/td>\r\n                  <td><strong>25\/09\/2026<\/strong><\/td>\r\n                  <td>&nbsp;<\/td>\r\n                <\/tr>\r\n                <tr>\r\n                  <td>Proclamaci\u00f3n provisional de electos (si NO hay 2\u00aa vuelta).<\/td>\r\n                  <td><strong>25\/09\/2026<\/strong><\/td>\r\n                  <td><u>Art. 24<\/u> del Reglamento Electoral.<\/td>\r\n                <\/tr>\r\n                <tr>\r\n                  <td>Proclamaci\u00f3n provisional de electos (si S\u00cd hay 2\u00aa vuelta).<\/td>\r\n                  <td><strong>28\/09\/2026<\/strong><\/td>\r\n                  <td><u>Art. 24<\/u> del Reglamento Electoral.<\/td>\r\n                <\/tr>\r\n                <tr>\r\n                  <td>Reclamaciones a la proclamaci\u00f3n provisional (sin 2\u00aa vuelta).<\/td>\r\n                  <td><strong>28\/09\/2026<\/strong> \u2013 <strong>30\/09\/2026<\/strong><\/td>\r\n                  <td><u>Art. 24.2<\/u> del Reglamento Electoral.<\/td>\r\n                <\/tr>\r\n                <tr>\r\n                  <td>Reclamaciones a la proclamaci\u00f3n provisional (con 2\u00aa vuelta).<\/td>\r\n                  <td><strong>29\/09\/2026<\/strong> \u2013 <strong>01\/10\/2026<\/strong><\/td>\r\n                  <td><u>Art. 24.2<\/u> del Reglamento Electoral.<\/td>\r\n                <\/tr>\r\n                <tr>\r\n                  <td>Resoluci\u00f3n de reclamaciones y proclamaci\u00f3n definitiva de electos (sin 2\u00aa vuelta).<\/td>\r\n                  <td><strong>01\/10\/2026<\/strong> \u2013 <strong>02\/10\/2026<\/strong><\/td>\r\n                  <td><u>Art. 24.3<\/u> del Reglamento Electoral.<\/td>\r\n                <\/tr>\r\n                <tr>\r\n                  <td>Resoluci\u00f3n de reclamaciones y proclamaci\u00f3n definitiva de electos (con 2\u00aa vuelta).<\/td>\r\n                  <td><strong>02\/10\/2026<\/strong> \u2013 <strong>05\/10\/2026<\/strong><\/td>\r\n                  <td><u>Art. 24.3<\/u> del Reglamento Electoral.<\/td>\r\n                <\/tr>\r\n                <tr>\r\n                  <td>Recurso ante Junta Electoral Central (si procede) (sin 2\u00aa vuelta).<\/td>\r\n                  <td><strong>05\/10\/2026<\/strong> \u2013 <strong>06\/10\/2026<\/strong><\/td>\r\n                  <td>&nbsp;<\/td>\r\n                <\/tr>\r\n                <tr>\r\n                  <td>Recurso ante Junta Electoral Central (si procede) (con 2\u00aa vuelta).<\/td>\r\n                  <td><strong>06\/10\/2026<\/strong> \u2013 <strong>07\/10\/2026<\/strong><\/td>\r\n                  <td>&nbsp;<\/td>\r\n                <\/tr>\r\n                <tr>\r\n                  <td>Resoluci\u00f3n de Junta Electoral Central (si procede) (sin 2\u00aa vuelta).<\/td>\r\n                  <td><strong>07\/10\/2026<\/strong> \u2013 <strong>08\/10\/2026<\/strong><\/td>\r\n                  <td>&nbsp;<\/td>\r\n                <\/tr>\r\n                <tr>\r\n                  <td>Resoluci\u00f3n de Junta Electoral Central (si procede) (con 2\u00aa vuelta).<\/td>\r\n                  <td><strong>08\/10\/2026<\/strong> \u2013 <strong>09\/10\/2026<\/strong><\/td>\r\n                  <td>&nbsp;<\/td>\r\n                <\/tr>\r\n              <\/tbody>\r\n            <\/table>\r\n          <\/div>\r\n\r\n          <p class=\"elec-body\">\r\n            Nota: En el calendario 2026 se prev\u00e9 la <u>reanudaci\u00f3n de plazos en el curso 2026\/2027 (primer d\u00eda lectivo)<\/u>, manteni\u00e9ndose los hitos de Mesa, campa\u00f1a, votaci\u00f3n y proclamaciones en las fechas indicadas.\r\n          <\/p>\r\n        <\/div>\r\n      <\/details>\r\n    <\/article>\r\n  <\/div>\r\n<\/section>\r\n\r\n    \r\n    <!-- ENLACES RELACIONADOS EXTRA (PIE) -->\r\n    <section class=\"elec-block elec-block-footer\">\r\n      <div class=\"elec-shell\">\r\n        <div class=\"elec-links\">\r\n          <span class=\"elec-links-label\">M\u00e1s informaci\u00f3n:<\/span>\r\n          <a class=\"elec-chip-link\" href=\"https:\/\/www.unioviedo.es\/cestudiantes\/index.php\/documentos-electorales\/\">\r\n            Documentos de procesos anteriores\r\n          <\/a>\r\n          <a class=\"elec-chip-link\" href=\"https:\/\/www.unioviedo.es\/cestudiantes\/index.php\/transparencia\/\">\r\n            Transparencia del Consejo\r\n          <\/a>\r\n        <\/div>\r\n      <\/div>\r\n    <\/section>\r\n\r\n    <!-- Bot\u00f3n flotante para subir arriba -->\r\n    <a href=\"#elec-main-header\" class=\"scroll-top\" aria-label=\"Subir arriba\">\r\n      <span>\u2191<\/span>\r\n    <\/a>\r\n  <\/div>\r\n\r\n  <!-- ESTILOS SCOPEADOS -->\r\n  <style>\r\n    .elementor-3559{\r\n      --ink:#0f172a;\r\n      --muted:#64748b;\r\n      --brand:#03827C;\r\n      --line:rgba(15,23,42,.10);\r\n      --card:#ffffff;\r\n      --shadow:0 10px 26px rgba(15,23,42,.06);\r\n      -webkit-font-smoothing:antialiased;\r\n    }\r\n\r\n    \/* Contenedor general *\/\r\n    .elementor-3559 .elec-shell{\r\n      max-width:1050px;\r\n      margin:0 auto;\r\n      padding:0 4px;\r\n    }\r\n\r\n    .elementor-3559 .elec-block{\r\n      margin:0 auto 12px;\r\n    }\r\n    .elementor-3559 .elec-block-header{\r\n      margin-top:2px;\r\n      margin-bottom:8px;\r\n    }\r\n    .elementor-3559 .elec-block-directiva{\r\n      margin-bottom:8px;\r\n    }\r\n    .elementor-3559 .elec-block-calendar{\r\n      margin-top:0;           \/* sin hueco extra antes del calendario *\/\r\n      margin-bottom:8px;\r\n    }\r\n    .elementor-3559 .elec-block-footer{\r\n      margin-bottom:4px;\r\n    }\r\n\r\n    \/* Cabecera *\/\r\n    .elementor-3559 #elec-main-header{\r\n      padding:14px 16px 10px;\r\n      background:radial-gradient(circle at top left,#e0f3f1 0,#ffffff 45%);\r\n      border:1px solid var(--line);\r\n      border-radius:18px;\r\n      box-shadow:var(--shadow);\r\n      position:relative;\r\n      overflow:hidden;\r\n    }\r\n    .elementor-3559 #elec-main-header::after{\r\n      content:\"\";\r\n      position:absolute;\r\n      right:-32px;\r\n      bottom:-48px;\r\n      width:140px;\r\n      height:140px;\r\n      border-radius:999px;\r\n      background:radial-gradient(circle,rgba(3,130,124,.16),transparent 60%);\r\n      opacity:.9;\r\n      pointer-events:none;\r\n    }\r\n    .elementor-3559 #elec-title{\r\n      margin:0 0 4px;\r\n      line-height:1.1;\r\n      letter-spacing:.04em;\r\n      font-size:clamp(22px,3.4vw,30px);\r\n      text-transform:uppercase;\r\n      background:linear-gradient(90deg,#03827C,#16a085);\r\n      -webkit-background-clip:text;\r\n      background-clip:text;\r\n      color:transparent;\r\n    }\r\n    .elementor-3559 #elec-main-header .lead{\r\n      margin:3px 0;\r\n      color:var(--ink);\r\n      font-size:clamp(14px,2vw,15px);\r\n    }\r\n    .elementor-3559 #elec-main-header .lead a{\r\n      color:#036b65;\r\n      text-decoration:underline;\r\n      text-underline-offset:3px;\r\n    }\r\n    .elementor-3559 #elec-main-header .lead a:hover{\r\n      color:#03827C;\r\n    }\r\n    .elementor-3559 #elec-main-header .note{\r\n      margin:3px 0 0;\r\n      color:var(--muted);\r\n      font-size:12.5px;\r\n    }\r\n\r\n    \/* Layout columnas *\/\r\n    .elementor-3559 .elec-row{\r\n      display:flex;\r\n      flex-wrap:wrap;\r\n      gap:12px;\r\n      align-items:flex-start;\r\n    }\r\n    .elementor-3559 .elec-row-split{\r\n      align-items:stretch;\r\n    }\r\n    .elementor-3559 .elec-row-main{\r\n      align-items:flex-start;\r\n    }\r\n    .elementor-3559 .elec-col{\r\n      min-width:0;\r\n    }\r\n    .elementor-3559 .elec-col-main{\r\n      flex:1.6;\r\n    }\r\n    .elementor-3559 .elec-col-side{\r\n      flex:1.1;\r\n    }\r\n    .elementor-3559 .elec-col-text{\r\n      flex:1.8;\r\n    }\r\n    .elementor-3559 .elec-col-aside{\r\n      flex:1.1;\r\n    }\r\n\r\n    \/* Tarjetas *\/\r\n    .elementor-3559 .elec-card{\r\n      background:var(--card);\r\n      border-radius:16px;\r\n      border:1px solid var(--line);\r\n      box-shadow:var(--shadow);\r\n      padding:12px 14px 9px;\r\n      position:relative;\r\n      overflow:hidden;\r\n      transition:.16s transform,.16s box-shadow,.16s border-color,.16s background;\r\n    }\r\n    .elementor-3559 .elec-card:hover{\r\n      transform:translateY(-1px);\r\n      box-shadow:0 14px 30px rgba(15,23,42,.10);\r\n      border-color:rgba(3,130,124,.20);\r\n    }\r\n    .elementor-3559 .elec-card-soft{\r\n      background:linear-gradient(180deg,#f7fbfa 0%,#ffffff 100%);\r\n    }\r\n    .elementor-3559 .elec-card-main{\r\n      padding-top:12px;\r\n    }\r\n    .elementor-3559 .elec-card-actions{\r\n      padding:10px 11px 8px;\r\n    }\r\n\r\n    .elementor-3559 .elec-subtitle{\r\n      margin:0 0 6px;\r\n      font-size:clamp(17px,2.3vw,21px);\r\n      color:var(--ink);\r\n    }\r\n    .elementor-3559 .elec-subtitle-sm{\r\n      margin:0 0 4px;\r\n      font-size:13px;\r\n      text-transform:uppercase;\r\n      letter-spacing:.16em;\r\n      color:var(--muted);\r\n    }\r\n    .elementor-3559 .elec-body{\r\n      margin:0 0 6px;\r\n      color:var(--ink);\r\n      font-size:14.5px;\r\n      line-height:1.55;\r\n    }\r\n    .elementor-3559 .elec-body:last-child{\r\n      margin-bottom:0;\r\n    }\r\n    .elementor-3559 .elec-body a{\r\n      color:#036b65;\r\n      text-decoration:underline;\r\n      text-underline-offset:3px;\r\n    }\r\n    .elementor-3559 .elec-body a:hover{\r\n      color:#03827C;\r\n    }\r\n\r\n    \/* Lista de documentos (con vi\u00f1etas claras) *\/\r\n    .elementor-3559 .doc-list{\r\n      margin:6px 0 0;\r\n      padding-left:20px;\r\n      list-style:disc;\r\n      font-size:14.5px;\r\n      line-height:1.5;\r\n      color:var(--ink);\r\n    }\r\n    .elementor-3559 .doc-list > li{\r\n      margin:0 0 4px 0;\r\n      list-style:disc;\r\n    }\r\n    .elementor-3559 .doc-list ul{\r\n      margin-top:3px;\r\n      padding-left:18px;\r\n      list-style:circle;\r\n      font-size:13.5px;\r\n    }\r\n    .elementor-3559 .doc-list ul li{\r\n      margin:0 0 3px 0;\r\n      list-style:circle;\r\n    }\r\n    .elementor-3559 .doc-list a{\r\n      color:#036b65;\r\n      text-decoration:underline;\r\n      text-underline-offset:3px;\r\n    }\r\n    .elementor-3559 .doc-list a:hover{\r\n      color:#03827C;\r\n      text-decoration-thickness:1.5px;\r\n    }\r\n\r\n    \/* Acciones r\u00e1pidas *\/\r\n    .elementor-3559 .elec-actions-list{\r\n      display:flex;\r\n      flex-direction:column;\r\n      gap:8px;\r\n    }\r\n    .elementor-3559 .elec-link-small{\r\n      font-size:13px;\r\n      color:#036b65;\r\n      text-decoration:none;\r\n      margin-top:1px;\r\n    }\r\n    .elementor-3559 .elec-link-small:hover{\r\n      text-decoration:underline;\r\n      text-underline-offset:3px;\r\n      color:#03827C;\r\n    }\r\n\r\n    \/* Tarjeta imagen lateral *\/\r\n    .elementor-3559 .elec-card-aside{\r\n      padding:9px 11px 9px;\r\n      text-align:center;\r\n    }\r\n    .elementor-3559 .elec-figure{\r\n      margin:0 0 7px;\r\n    }\r\n    .elementor-3559 .elec-image-shell{\r\n      border-radius:14px;\r\n      overflow:hidden;\r\n      position:relative;\r\n      box-shadow:0 14px 28px rgba(15,23,42,.18);\r\n    }\r\n    .elementor-3559 .elec-image-shell::after{\r\n      content:\"\";\r\n      position:absolute;\r\n      inset:0;\r\n      background:linear-gradient(180deg,rgba(15,23,42,.15),transparent 40%);\r\n      pointer-events:none;\r\n      mix-blend-mode:multiply;\r\n    }\r\n    .elementor-3559 .elec-image{\r\n      max-width:100%;\r\n      height:auto;\r\n      display:block;\r\n      transform:scale(1.01);\r\n      transition:.2s transform;\r\n    }\r\n    .elementor-3559 .elec-card-aside:hover .elec-image{\r\n      transform:scale(1.03);\r\n    }\r\n    .elementor-3559 .elec-caption{\r\n      margin:4px 0 6px;\r\n      font-size:12.5px;\r\n      color:var(--muted);\r\n    }\r\n\r\n    \/* Botones \/ CTAs *\/\r\n    .elementor-3559 .elec-btn{\r\n      display:inline-flex;\r\n      align-items:center;\r\n      justify-content:center;\r\n      padding:7px 13px;\r\n      border-radius:999px;\r\n      font-size:13px;\r\n      font-weight:600;\r\n      text-decoration:none;\r\n      letter-spacing:.02em;\r\n      transition:.16s background,.16s color,.16s border-color,.16s transform,.16s box-shadow;\r\n      border:1px solid transparent;\r\n      cursor:pointer;\r\n      white-space:nowrap;\r\n    }\r\n    .elementor-3559 .elec-btn-full{\r\n      width:100%;\r\n    }\r\n    .elementor-3559 .elec-btn-primary{\r\n      background:#e0f3f1;\r\n      color:#025c57;\r\n      border-color:rgba(3,130,124,.22);\r\n    }\r\n    .elementor-3559 .elec-btn-primary:hover{\r\n      background:#03827C;\r\n      color:#ffffff;\r\n      border-color:#03827C;\r\n      transform:translateY(-1px);\r\n      box-shadow:0 9px 20px rgba(3,130,124,.26);\r\n    }\r\n    .elementor-3559 .elec-btn-ghost{\r\n      background:#ffffff;\r\n      color:#025c57;\r\n      border-color:rgba(3,130,124,.30);\r\n    }\r\n    .elementor-3559 .elec-btn-ghost:hover{\r\n      background:#03827C;\r\n      color:#ffffff;\r\n      border-color:#03827C;\r\n      transform:translateY(-1px);\r\n      box-shadow:0 9px 20px rgba(3,130,124,.26);\r\n    }\r\n\r\n    \/* Acordeones *\/\r\n    .elementor-3559 .elec-accordion{\r\n      border-radius:12px;\r\n      border:1px solid rgba(148,163,184,.4);\r\n      margin-top:6px;\r\n      background:#f9fafb;\r\n      overflow:hidden;\r\n    }\r\n    .elementor-3559 .elec-accordion-top{\r\n      margin-top:0;\r\n    }\r\n    .elementor-3559 .elec-accordion + .elec-accordion{\r\n      margin-top:6px;\r\n    }\r\n    .elementor-3559 .elec-accordion summary{\r\n      list-style:none;\r\n      cursor:pointer;\r\n      padding:7px 11px;\r\n      font-size:13.5px;\r\n      font-weight:600;\r\n      color:#0f172a;\r\n      display:flex;\r\n      align-items:center;\r\n      justify-content:space-between;\r\n      gap:10px;\r\n    }\r\n    .elementor-3559 .elec-accordion summary::-webkit-details-marker{\r\n      display:none;\r\n    }\r\n    .elementor-3559 .elec-accordion-icon{\r\n      font-size:11px;\r\n      opacity:.7;\r\n      transition:.14s transform;\r\n    }\r\n    .elementor-3559 .elec-accordion[open] .elec-accordion-icon{\r\n      transform:rotate(180deg);\r\n    }\r\n    .elementor-3559 .elec-accordion-body{\r\n      padding:7px 11px 8px;\r\n      border-top:1px solid rgba(148,163,184,.4);\r\n      background:#ffffff;\r\n    }\r\n\r\n    \/* Calendario *\/\r\n    .elementor-3559 .calendar-card{\r\n      padding-top:8px;\r\n      margin-top:0;\r\n    }\r\n    .elementor-3559 .calendar-scroll{\r\n      width:100%;\r\n      overflow-x:auto;\r\n      margin:4px 0 5px;\r\n    }\r\n    .elementor-3559 .calendar-table{\r\n      width:100% !important;\r\n      border-collapse:collapse;\r\n      font-size:13.5px;\r\n      min-width:520px;\r\n      margin-bottom:3px;\r\n    }\r\n    .elementor-3559 .calendar-table h4{\r\n      margin:0;\r\n      font-size:13.5px;\r\n    }\r\n    .elementor-3559 .calendar-table td{\r\n      padding:5px 7px;\r\n      border-bottom:1px solid rgba(148,163,184,.35);\r\n      vertical-align:top;\r\n      color:var(--ink);\r\n    }\r\n    .elementor-3559 .calendar-table tr:nth-child(1) td{\r\n      background:#f1f5f9;\r\n      font-weight:600;\r\n    }\r\n    .elementor-3559 .calendar-table tr:nth-child(odd):not(:first-child){\r\n      background:#f9fafb;\r\n    }\r\n\r\n    \/* Enlaces de pie *\/\r\n    .elementor-3559 .elec-links{\r\n      display:flex;\r\n      flex-wrap:wrap;\r\n      gap:6px;\r\n      align-items:center;\r\n      padding:4px 2px 2px;\r\n    }\r\n    .elementor-3559 .elec-links-label{\r\n      font-size:12.5px;\r\n      color:var(--muted);\r\n      margin-right:2px;\r\n    }\r\n    .elementor-3559 .elec-chip-link{\r\n      font-size:12.5px;\r\n      padding:3px 9px;\r\n      border-radius:999px;\r\n      border:1px solid rgba(148,163,184,.5);\r\n      text-decoration:none;\r\n      background:#f9fafb;\r\n      color:#03625e;\r\n      transition:.14s background,.14s color,.14s border-color,.14s transform;\r\n    }\r\n    .elementor-3559 .elec-chip-link:hover{\r\n      background:#03827C;\r\n      color:#ffffff;\r\n      border-color:#03827C;\r\n      transform:translateY(-1px);\r\n    }\r\n\r\n    \/* Bot\u00f3n flotante \"Subir arriba\" *\/\r\n    .elementor-3559 .scroll-top{\r\n      position:fixed;\r\n      right:16px;\r\n      bottom:18px;\r\n      width:34px;\r\n      height:34px;\r\n      border-radius:999px;\r\n      background:#ffffff;\r\n      color:#03827C;\r\n      display:flex;\r\n      align-items:center;\r\n      justify-content:center;\r\n      text-decoration:none;\r\n      font-size:18px;\r\n      box-shadow:0 9px 22px rgba(15,23,42,.25);\r\n      z-index:999;\r\n      border:1px solid rgba(3,130,124,.25);\r\n      opacity:.9;\r\n      transition:.16s transform,.16s opacity,.16s box-shadow,.16s background,.16s color;\r\n    }\r\n    .elementor-3559 .scroll-top span{\r\n      position:relative;\r\n      top:-1px;\r\n    }\r\n    .elementor-3559 .scroll-top:hover{\r\n      transform:translateY(-2px);\r\n      opacity:1;\r\n      box-shadow:0 14px 30px rgba(15,23,42,.30);\r\n      background:#03827C;\r\n      color:#ffffff;\r\n    }\r\n\r\n    \/* RESPONSIVE: tablet + m\u00f3vil (ajuste huecos) *\/\r\n    @media (max-width:1024px){\r\n      .elementor-3559 .elec-shell{\r\n        padding:0 6px;\r\n      }\r\n      .elementor-3559 .elec-block{\r\n        margin-bottom:10px;\r\n      }\r\n      .elementor-3559 .elec-block-calendar{\r\n        margin-top:-2px;  \/* pega a\u00fan m\u00e1s el calendario en tablet *\/\r\n      }\r\n      .elementor-3559 .elec-row{\r\n        gap:10px;\r\n      }\r\n      .elementor-3559 .elec-card{\r\n        padding:11px 12px 8px;\r\n      }\r\n      .elementor-3559 #elec-main-header{\r\n        padding:12px 13px 9px;\r\n      }\r\n    }\r\n\r\n    @media (max-width:900px){\r\n      .elementor-3559 .elec-row{\r\n        flex-direction:column;\r\n      }\r\n      .elementor-3559 .elec-col-main,\r\n      .elementor-3559 .elec-col-side,\r\n      .elementor-3559 .elec-col-text,\r\n      .elementor-3559 .elec-col-aside{\r\n        flex:1 1 100%;\r\n      }\r\n      .elementor-3559 .elec-card-aside{\r\n        max-width:440px;\r\n        margin:2px auto 4px;\r\n      }\r\n      .elementor-3559 .elec-block-calendar{\r\n        margin-top:-4px;\r\n      }\r\n    }\r\n\r\n    @media (max-width:720px){\r\n      .elementor-3559 .elec-shell{\r\n        padding:0 8px;\r\n      }\r\n      .elementor-3559 #elec-main-header{\r\n        padding:11px 11px 8px;\r\n        margin-top:2px;\r\n      }\r\n      .elementor-3559 .elec-block{\r\n        margin-bottom:8px;\r\n      }\r\n      .elementor-3559 .elec-block-calendar{\r\n        margin-top:-6px;\r\n      }\r\n      .elementor-3559 .elec-card{\r\n        padding:9px 10px 7px;\r\n      }\r\n      .elementor-3559 .calendar-table{\r\n        font-size:13px;\r\n      }\r\n      .elementor-3559 .scroll-top{\r\n        width:30px;\r\n        height:30px;\r\n        font-size:16px;\r\n        right:12px;\r\n        bottom:14px;\r\n      }\r\n    }\r\n  <\/style>\r\n<\/main>\r\n\t\t\t\t<\/div>\n\t\t\t\t<\/div>\n\t\t\t\t\t<\/div>\n\t\t<\/div>\n\t\t\t\t\t<\/div>\n\t\t<\/section>\n\t\t\t\t<\/div>\n\t\t","protected":false},"excerpt":{"rendered":"<p>Procesos electorales De conformidad con el Reglamento de R\u00e9gimen Interno (enlace) y el Reglamento Electoral (enlace) del Consejo de Estudiantes, los miembros de la Directiva (presidencia, secretar\u00eda y tesorer\u00eda) se renuevan cada dos a\u00f1os. Las elecciones a la directiva comienzan, de manera ordinaria, el d\u00eda siguiente a que el Rector nombre a los representantes de&hellip;&nbsp;<a href=\"https:\/\/www.unioviedo.es\/cestudiantes\/index.php\/proceso-electoral\/\" rel=\"bookmark\">Leer m\u00e1s &raquo;<span class=\"screen-reader-text\">Procesos electorales<\/span><\/a><\/p>\n","protected":false},"author":1,"featured_media":0,"parent":0,"menu_order":0,"comment_status":"closed","ping_status":"closed","template":"page-templates\/template-pagebuilder-full-width.php","meta":{"neve_meta_sidebar":"","neve_meta_container":"","neve_meta_enable_content_width":"off","neve_meta_content_width":100,"neve_meta_title_alignment":"","neve_meta_author_avatar":"","neve_post_elements_order":"","neve_meta_disable_header":"","neve_meta_disable_footer":"","neve_meta_disable_title":"","footnotes":""},"class_list":["post-3559","page","type-page","status-publish","hentry"],"_links":{"self":[{"href":"https:\/\/www.unioviedo.es\/cestudiantes\/index.php\/wp-json\/wp\/v2\/pages\/3559","targetHints":{"allow":["GET"]}}],"collection":[{"href":"https:\/\/www.unioviedo.es\/cestudiantes\/index.php\/wp-json\/wp\/v2\/pages"}],"about":[{"href":"https:\/\/www.unioviedo.es\/cestudiantes\/index.php\/wp-json\/wp\/v2\/types\/page"}],"author":[{"embeddable":true,"href":"https:\/\/www.unioviedo.es\/cestudiantes\/index.php\/wp-json\/wp\/v2\/users\/1"}],"replies":[{"embeddable":true,"href":"https:\/\/www.unioviedo.es\/cestudiantes\/index.php\/wp-json\/wp\/v2\/comments?post=3559"}],"version-history":[{"count":63,"href":"https:\/\/www.unioviedo.es\/cestudiantes\/index.php\/wp-json\/wp\/v2\/pages\/3559\/revisions"}],"predecessor-version":[{"id":17989,"href":"https:\/\/www.unioviedo.es\/cestudiantes\/index.php\/wp-json\/wp\/v2\/pages\/3559\/revisions\/17989"}],"wp:attachment":[{"href":"https:\/\/www.unioviedo.es\/cestudiantes\/index.php\/wp-json\/wp\/v2\/media?parent=3559"}],"curies":[{"name":"wp","href":"https:\/\/api.w.org\/{rel}","templated":true}]}}