{"id":2,"date":"2017-01-27T17:50:12","date_gmt":"2017-01-27T17:50:12","guid":{"rendered":"http:\/\/www.unioviedo.es\/configober\/?page_id=2"},"modified":"2017-09-22T11:42:30","modified_gmt":"2017-09-22T09:42:30","slug":"pagina-ejemplo","status":"publish","type":"page","link":"https:\/\/www.unioviedo.es\/configober\/index.php\/pagina-ejemplo\/","title":{"rendered":"Programa \/ Programme"},"content":{"rendered":"<p><b>Lunes \/ Monday 25\u00a0<\/b><\/p>\n<p><b>09,30<\/b> Apertura \/ Opening session<\/p>\n<p><b>10,00<\/b> Marco general (40 min x 3 + 1 h debate) \/ General Framework<\/p>\n<p>10,00 Gobernanza \/ Governance: <i>Emilio Mu\u00f1oz (CIEMAT)<\/i><\/p>\n<p>10,45 Confianza \/ Trust: <i>Armando Men\u00e9ndez (Universidad de Oviedo)<\/i><\/p>\n<p>11,30 Pausa \/ Coffee break<\/p>\n<p>11,50 Riesgo \/ Risk:\u00a0<i>Ortwin Renn (IASS Potsdam)<\/i><\/p>\n<p><b>13,00<\/b> Descanso \/ Break<\/p>\n<p><b>15,30<\/b>\u00a0Comunicaciones \/ Contributed Papers<\/p>\n<p>15,30\u00a0<span style=\"font-size: 1rem;\">Javier Gil: Desconfianza, riesgo y desigualdad. A prop\u00f3sito de Pierre Rosanvallon y de Cass Sunstein.<\/span><\/p>\n<p>16,00 Mar Ma\u00f1es Bordes: La (de)construcci\u00f3n discursiva de la cultura de la ansiedad: un proyecto internacional e interdisciplinario<\/p>\n<p>16,30 Enrique Su\u00e1rez Ferreiro: Gobernanza, confianza, y cultura del riesgo o de lo desgobernante<\/p>\n<p>17,00\u00a0Lola S. Almendros: Incertidumbre y autoridad: lo epist\u00e9mico y lo pol\u00edtico en el paradigma tecnocient\u00edfico<\/p>\n<p><span style=\"font-size: 1rem;\">17,30 Pablo Melogno: Confiabilidad y contrastaci\u00f3n emp\u00edrica en la relatividad general: Arthur Eddington y el eclipse de 1919.<\/span><\/p>\n<p><b>18,00<\/b>\u00a0Debate. Creaci\u00f3n cient\u00edfico-t\u00e9cnica y art\u00edstica \/ Techno-Scientific and Artistic Creation \u00a0(Modera \/ Chair: Marta I. Gonz\u00e1lez)<\/p>\n<p>Carlos \u00c1lvarez Pereira (Innaxis)<\/p>\n<p>Alfonso Palacio (director, Museo de Bellas Artes de Asturias \/ Asturias Fine Arts Museum)<\/p>\n<p>Borja S\u00e1nchez (IPLA, CSIC)<\/p>\n<p><strong>19,30<\/strong> Fin de la sesi\u00f3n \/ End of session<\/p>\n<p><b>Martes \/ Tuesday 26<\/b><\/p>\n<p><b>09,30<\/b> Comunicaci\u00f3n y ense\u00f1anza \/ Communication and Learning (Modera\/Chair: Emilia Lopera)<\/p>\n<p>Domingo Mart\u00edn (Universidad Polit\u00e9cnica de Madrid)<\/p>\n<p>Gonzalo Mart\u00ednez Pe\u00f3n (subdirector,\u00a0<em>La Nueva Espa\u00f1a<\/em>)<\/p>\n<p>Marco Masip (Telef\u00f3nica)<\/p>\n<p>Jos\u00e9 F\u00e9lix Tezanos (catedr\u00e1tico em\u00e9rito \/ emeritus professor, UNED)<\/p>\n<p><strong>11,00\u00a0<\/strong>Pausa \/ Coffee break<\/p>\n<p><b>11,30<\/b>\u00a0Debate. Administraci\u00f3n y representaci\u00f3n \/ Administration and Representation (Modera \/Chair: Armando\u00a0Men\u00e9ndez)<\/p>\n<p>Elisa P\u00e9rez Vera (ex-rectora \/ former rector UNED, ex-magistrada del Tribunal Constitucional \/ former member of the Constitutional Court, Comit\u00e9 de \u00c9tica del Gobierno del Pa\u00eds Vasco \/ Ethics Committee of the Basque Government)<\/p>\n<p>Concha Rold\u00e1n (directora\/ director, Instituto de Filosof\u00eda, CSIC)<\/p>\n<p><strong>13,00\u00a0<\/strong>Pausa \/ Break<\/p>\n<p><b>16,00<\/b>\u00a0Comunicaciones \/ Contributed Papers<\/p>\n<p>16,00 Mark Alfano, Nicole Huijts, and Sabine Roeser: \u00a0Trust and distrust in institutions and governance<\/p>\n<p>16,30 Nicolas Kirby: Trust, Distrust and the Legitimacy of Government<\/p>\n<p>17,00 Carlo Martini: Public trust in economics. How much? How do we know?<\/p>\n<p>17,30 Joel Patom\u00e4ki: Risk and Trust as Mutual Dependencies Between Techniques, Biopower as Trust Creating Assemblage in Basel Bank Limiting Technologies<\/p>\n<p><b>18,00<\/b>\u00a0Debate: Comercio \/ Trade\u00a0(Modera \/ Chair: Armando Men\u00e9ndez)<\/p>\n<p>Rodrigo Cepeda (consultor, Comunicaci\u00f3n Profesional)<\/p>\n<p>Emilio Mu\u00f1oz (ASEBIO)<\/p>\n<p>C\u00e9sar Ullastres (Comunidad de Madrid)<\/p>\n<p><strong>19,30<\/strong> Fin de la sesi\u00f3n \/ End of session<\/p>\n<p><b><\/b><b>Mi\u00e9rcoles \/ Wednesday 27<\/b><\/p>\n<p><b>09,30<\/b>\u00a0Debate. Cuidado \/ Care (Modera\u00a0\/ Chair: Emilio Mu\u00f1oz )<\/p>\n<p><span style=\"font-size: 1rem;\">Armando Men\u00e9ndez Su\u00e1rez (Fundaci\u00f3n DAF)<\/span><\/p>\n<p><span style=\"font-size: 1rem;\">Representante de C\u00e1ritas<\/span><\/p>\n<p>Miguel A. Valladares (director de comunicaci\u00f3n, WWF Espa\u00f1a)<\/p>\n<p><strong>11,00\u00a0<\/strong>Pausa \/ Coffee break<\/p>\n<p><b>11,30<\/b>\u00a0Debate. Ocio \/ Leisure \u00a0(Modera \/ Chair: Armando Men\u00e9ndez)<\/p>\n<p>Jos\u00e9 Antonio M\u00e9ndez (Universidad de Oviedo)<\/p>\n<p>Norman Su\u00e1rez (Cuicui Studios \/ UNEVA)<\/p>\n<p>Fernando Villabella (Oviedo Baloncesto \/ C\u00e1mara de Comercio de Oviedo)<\/p>\n<p><b>13,30<\/b>\u00a0Clausura \/ Closing session<\/p>\n","protected":false},"excerpt":{"rendered":"<p>Lunes \/ Monday 25\u00a0 09,30 Apertura \/ Opening session 10,00 Marco general (40 min x 3 + 1 h debate) \/ General Framework 10,00 Gobernanza \/ Governance: Emilio Mu\u00f1oz (CIEMAT) 10,45 Confianza \/ Trust: Armando Men\u00e9ndez (Universidad de Oviedo) 11,30 Pausa \/ Coffee break 11,50 Riesgo \/ Risk:\u00a0Ortwin Renn (IASS Potsdam) 13,00 Descanso \/ Break &hellip; <\/p>\n<p class=\"link-more\"><a href=\"https:\/\/www.unioviedo.es\/configober\/index.php\/pagina-ejemplo\/\" class=\"more-link\">Continuar leyendo<span class=\"screen-reader-text\"> \u00abPrograma \/ Programme\u00bb<\/span><\/a><\/p>\n","protected":false},"author":1,"featured_media":0,"parent":0,"menu_order":0,"comment_status":"closed","ping_status":"open","template":"","meta":{"footnotes":""},"class_list":["post-2","page","type-page","status-publish","hentry"],"_links":{"self":[{"href":"https:\/\/www.unioviedo.es\/configober\/index.php\/wp-json\/wp\/v2\/pages\/2","targetHints":{"allow":["GET"]}}],"collection":[{"href":"https:\/\/www.unioviedo.es\/configober\/index.php\/wp-json\/wp\/v2\/pages"}],"about":[{"href":"https:\/\/www.unioviedo.es\/configober\/index.php\/wp-json\/wp\/v2\/types\/page"}],"author":[{"embeddable":true,"href":"https:\/\/www.unioviedo.es\/configober\/index.php\/wp-json\/wp\/v2\/users\/1"}],"replies":[{"embeddable":true,"href":"https:\/\/www.unioviedo.es\/configober\/index.php\/wp-json\/wp\/v2\/comments?post=2"}],"version-history":[{"count":18,"href":"https:\/\/www.unioviedo.es\/configober\/index.php\/wp-json\/wp\/v2\/pages\/2\/revisions"}],"predecessor-version":[{"id":251,"href":"https:\/\/www.unioviedo.es\/configober\/index.php\/wp-json\/wp\/v2\/pages\/2\/revisions\/251"}],"wp:attachment":[{"href":"https:\/\/www.unioviedo.es\/configober\/index.php\/wp-json\/wp\/v2\/media?parent=2"}],"curies":[{"name":"wp","href":"https:\/\/api.w.org\/{rel}","templated":true}]}}