{"id":15,"date":"2018-09-13T14:28:00","date_gmt":"2018-09-13T14:28:00","guid":{"rendered":"https:\/\/www.unioviedo.es\/ei\/?page_id=15"},"modified":"2026-04-10T07:31:44","modified_gmt":"2026-04-10T07:31:44","slug":"contact","status":"publish","type":"page","link":"https:\/\/www.unioviedo.es\/ei\/about-this-project\/contact\/","title":{"rendered":"Contact"},"content":{"rendered":"<h3>Asociaci\u00f3n Internacional Observatorio Cient\u00edfico del Audiovisual y Pedagog\u00eda iOCAP2007\u00a0 &#8211;\u00a0Universidad de Oviedo\u00a0 (coordinator organisation)<\/h3>\n<p><img loading=\"lazy\" decoding=\"async\" class=\"size-medium wp-image-79 alignleft\" src=\"https:\/\/www.unioviedo.es\/ei\/wp-content\/uploads\/2018\/09\/logo-uniovi-300x193.png\" alt=\"\" width=\"300\" height=\"193\" srcset=\"https:\/\/www.unioviedo.es\/ei\/wp-content\/uploads\/2018\/09\/logo-uniovi-300x193.png 300w, https:\/\/www.unioviedo.es\/ei\/wp-content\/uploads\/2018\/09\/logo-uniovi.png 348w\" sizes=\"auto, (max-width: 300px) 100vw, 300px\" \/><strong>Despacho 317, Facultad de Formaci\u00f3n del Profesorado y Educaci\u00f3n, C\/ Aniceto Sela S\/N, 33005 Oviedo (Spain)<\/strong><\/p>\n<p><a href=\"http:\/\/www.uniovi.es\" target=\"_blank\" rel=\"noopener\">https:\/\/www.iocap2007.uniovi.es<\/a><\/p>\n<p>Coordination person:<br \/>\nJavier Fombona [<a href=\"mailto:fombona@uniovi.es\" target=\"_blank\" rel=\"noopener\">fombona@uniovi.es<\/a>]<\/p>\n<h3><\/h3>\n<p>&nbsp;<\/p>\n<p>&nbsp;<\/p>\n<hr \/>\n<h3>UNIVERSIDADE ABERTA<\/h3>\n<p><img loading=\"lazy\" decoding=\"async\" class=\"size-medium wp-image-80 alignleft\" src=\"https:\/\/www.unioviedo.es\/ei\/wp-content\/uploads\/2018\/09\/logo-universidad-aberta-300x287.jpg\" alt=\"\" width=\"300\" height=\"287\" srcset=\"https:\/\/www.unioviedo.es\/ei\/wp-content\/uploads\/2018\/09\/logo-universidad-aberta-300x287.jpg 300w, https:\/\/www.unioviedo.es\/ei\/wp-content\/uploads\/2018\/09\/logo-universidad-aberta.jpg 500w\" sizes=\"auto, (max-width: 300px) 100vw, 300px\" \/><strong>Rua da escola politecnica 147<\/strong><br \/>\n<strong>1269 001 Lisboa (Portugal)<\/strong><\/p>\n<p><a href=\"http:\/\/www.uab.pt\" target=\"_blank\" rel=\"noopener\">www.uab.pt<\/a><\/p>\n<p>Contact person:<br \/>\nGl\u00f3ria Louren\u00e7o Bastos [<a href=\"mailto:Gloria.Bastos@uab.pt\" target=\"_blank\" rel=\"noopener\">Gloria.Bastos@uab.pt<\/a>]<\/p>\n<h3><\/h3>\n<p>&nbsp;<\/p>\n<p>&nbsp;<\/p>\n<hr \/>\n<h3>CEPA &#8211; Centro de Educaci\u00f3n de Personas Adultas de Gij\u00f3n<\/h3>\n<p><img loading=\"lazy\" decoding=\"async\" class=\"size-medium wp-image-76 alignleft\" src=\"https:\/\/www.unioviedo.es\/ei\/wp-content\/uploads\/2018\/09\/logo-cepa-270x300.jpg\" alt=\"\" width=\"270\" height=\"300\" srcset=\"https:\/\/www.unioviedo.es\/ei\/wp-content\/uploads\/2018\/09\/logo-cepa-270x300.jpg 270w, https:\/\/www.unioviedo.es\/ei\/wp-content\/uploads\/2018\/09\/logo-cepa.jpg 602w\" sizes=\"auto, (max-width: 270px) 100vw, 270px\" \/><strong>Jove y Hevia, 5<\/strong><br \/>\n<strong>33211 Gij\u00f3n (Espa\u00f1a)<\/strong><\/p>\n<p><a href=\"http:\/\/www.cepagijon.es\" target=\"_blank\" rel=\"noopener\">www.cepagijon.es<\/a><\/p>\n<p>Contact person:<br \/>\nJulia Magdalena Garc\u00eda [<a href=\"mailto:cpg.juliamagdalena@gmail.com\">cpg.juliamagdalena@gmail.com<\/a>]<\/p>\n<h3><\/h3>\n<p>&nbsp;<\/p>\n<p>&nbsp;<\/p>\n<hr \/>\n<h3>ESE &#8211; E-SENIORS: INITIATION DES SENIORS AUX NTIC ASSOCIATION<\/h3>\n<p><img loading=\"lazy\" decoding=\"async\" class=\"size-full wp-image-78 alignleft\" src=\"https:\/\/www.unioviedo.es\/ei\/wp-content\/uploads\/2018\/09\/logo-eseniors.gif\" alt=\"\" width=\"200\" height=\"200\" \/><strong>Cite Phalsbourg 19<\/strong><br \/>\n<strong>75011 Paris (F<span lang=\"es\">rance<\/span>)<\/strong><\/p>\n<p><a href=\"http:\/\/www.e-seniors.asso.fr\/\" target=\"_blank\" rel=\"noopener\">www.e-seniors.asso.fr<\/a><\/p>\n<p>Contact person:<br \/>\nMon<span lang=\"es\">ique Epstein<\/span><br \/>\n[<a href=\"mailto:monakom.eseniors@gmail.com\">mon<span lang=\"es\">ique<\/span>.e<span lang=\"es\">pstein<\/span>@gmail.com<\/a>]<\/p>\n<h3><\/h3>\n<p>&nbsp;<\/p>\n<p>&nbsp;<\/p>\n<hr \/>\n<h3>CPIA &#8211; Centro Provinciale per l&#8217;istruzione degli Adulti di Padova<\/h3>\n<p><img loading=\"lazy\" decoding=\"async\" class=\"size-medium wp-image-77 alignleft\" src=\"https:\/\/www.unioviedo.es\/ei\/wp-content\/uploads\/2018\/09\/logo-cpia-300x166.png\" alt=\"\" width=\"300\" height=\"166\" srcset=\"https:\/\/www.unioviedo.es\/ei\/wp-content\/uploads\/2018\/09\/logo-cpia-300x166.png 300w, https:\/\/www.unioviedo.es\/ei\/wp-content\/uploads\/2018\/09\/logo-cpia-768x425.png 768w, https:\/\/www.unioviedo.es\/ei\/wp-content\/uploads\/2018\/09\/logo-cpia.png 950w\" sizes=\"auto, (max-width: 300px) 100vw, 300px\" \/><strong>Via Dorighello, 16<\/strong><br \/>\n<strong>35128 Padova (I<span lang=\"es\">taly<\/span>)<br \/>\n<\/strong><br \/>\n<a href=\"http:\/\/www.cpiapadova.it\/\" target=\"_blank\" rel=\"noopener\">www.cpiapadova.it<\/a><\/p>\n<p>Contact person: Francesco Lazzarini<br \/>\n[<a href=\"mailto:profgusso@cpiapadova.it\">dirigente@cpiapadova.it<\/a>]<\/p>\n<h3><\/h3>\n<p>&nbsp;<\/p>\n<hr \/>\n<p>&nbsp;<\/p>\n","protected":false},"excerpt":{"rendered":"<p>Asociaci\u00f3n Internacional Observatorio Cient\u00edfico del Audiovisual y Pedagog\u00eda iOCAP2007\u00a0 &#8211;\u00a0Universidad de Oviedo\u00a0 (coordinator organisation) Despacho 317, Facultad de Formaci\u00f3n del Profesorado y Educaci\u00f3n, C\/ Aniceto [&hellip;]<\/p>\n","protected":false},"author":1,"featured_media":0,"parent":5,"menu_order":0,"comment_status":"closed","ping_status":"closed","template":"","meta":{"footnotes":"","_links_to":"","_links_to_target":""},"categories":[],"tags":[],"class_list":["post-15","page","type-page","status-publish","hentry"],"_links":{"self":[{"href":"https:\/\/www.unioviedo.es\/ei\/wp-json\/wp\/v2\/pages\/15","targetHints":{"allow":["GET"]}}],"collection":[{"href":"https:\/\/www.unioviedo.es\/ei\/wp-json\/wp\/v2\/pages"}],"about":[{"href":"https:\/\/www.unioviedo.es\/ei\/wp-json\/wp\/v2\/types\/page"}],"author":[{"embeddable":true,"href":"https:\/\/www.unioviedo.es\/ei\/wp-json\/wp\/v2\/users\/1"}],"replies":[{"embeddable":true,"href":"https:\/\/www.unioviedo.es\/ei\/wp-json\/wp\/v2\/comments?post=15"}],"version-history":[{"count":12,"href":"https:\/\/www.unioviedo.es\/ei\/wp-json\/wp\/v2\/pages\/15\/revisions"}],"predecessor-version":[{"id":780,"href":"https:\/\/www.unioviedo.es\/ei\/wp-json\/wp\/v2\/pages\/15\/revisions\/780"}],"up":[{"embeddable":true,"href":"https:\/\/www.unioviedo.es\/ei\/wp-json\/wp\/v2\/pages\/5"}],"wp:attachment":[{"href":"https:\/\/www.unioviedo.es\/ei\/wp-json\/wp\/v2\/media?parent=15"}],"wp:term":[{"taxonomy":"category","embeddable":true,"href":"https:\/\/www.unioviedo.es\/ei\/wp-json\/wp\/v2\/categories?post=15"},{"taxonomy":"post_tag","embeddable":true,"href":"https:\/\/www.unioviedo.es\/ei\/wp-json\/wp\/v2\/tags?post=15"}],"curies":[{"name":"wp","href":"https:\/\/api.w.org\/{rel}","templated":true}]}}