{"id":310,"date":"2023-02-07T16:44:24","date_gmt":"2023-02-07T15:44:24","guid":{"rendered":"https:\/\/www.unioviedo.es\/feijoopro\/?page_id=310"},"modified":"2024-12-19T08:46:34","modified_gmt":"2024-12-19T07:46:34","slug":"seminario-de-investigacion-ilustracion-catolica-revision-de-un-concepto-y-su-aplicacion","status":"publish","type":"page","link":"https:\/\/www.unioviedo.es\/feijoopro\/seminario-de-investigacion-ilustracion-catolica-revision-de-un-concepto-y-su-aplicacion\/","title":{"rendered":"Seminario de investigaci\u00f3n: \u00abIlustraci\u00f3n cat\u00f3lica: revisi\u00f3n de un concepto y su aplicaci\u00f3n\u00bb"},"content":{"rendered":"\n<p>UNED, Madrid, 27 y 28 de abril de 2023<\/p>\n\n\n\n<p>Organizadores: <strong>Marta Garc\u00eda Alonso<\/strong> (UNED) y <strong>Eduardo Zazo<\/strong> (Universidad Aut\u00f3noma de Madrid)<\/p>\n\n\n\n<p>En colaboraci\u00f3n con el <strong>Departamento de Filosof\u00eda Moral y Pol\u00edtica de la UNED<\/strong><\/p>\n\n\n\n<p><strong>PROGRAMA<\/strong><\/p>\n\n\n\n<p><strong>Jueves 27<\/strong>, <strong>ma\u00f1ana (10-13.30h)<\/strong><\/p>\n\n\n\n<p>Inmaculada Urzainqui (Instituto Feijoo): <em>Feijoo: La religi\u00f3n en las estimaciones intelectuales de Feijoo<\/em><\/p>\n\n\n\n<p>Juli\u00e1n Viejo (UAM): <em>A vueltas con la Ilustraci\u00f3n hispana<\/em><\/p>\n\n\n\n<p>Jos\u00e9 Luis G\u00f3mez Urd\u00e1\u00f1ez (Universidad de la Rioja): <em>El cat\u00f3lico Pablo de Olavide y la instrumentalizaci\u00f3n pol\u00edtica de la Inquisici\u00f3n<\/em><\/p>\n\n\n\n<p><strong>Jueves 27, tarde (16-19.30h)<\/strong><\/p>\n\n\n\n<p>Francisco Castilla (Universidad de Alcal\u00e1): <em>El itinerario religioso de Jos\u00e9 Cadalso: creencia, filosof\u00eda y concepci\u00f3n utilitaria de la fe.<\/em> Sesi\u00f3n online.<\/p>\n\n\n\n<p>Elena de Lorenzo (Universidad de Oviedo-Instituto Feijoo): <em>G. M. de Jovellanos: Estado y religi\u00f3n, o lo p\u00fablico y lo privado<\/em><\/p>\n\n\n\n<p>Eva Velasco (Universidad Rey Juan Carlos):<em> Pol\u00edtica y religi\u00f3n en la Ilustraci\u00f3n espa\u00f1ola: debates y controversias en las historias eclesi\u00e1sticas<\/em><\/p>\n\n\n\n<p><strong>Viernes 28, ma\u00f1ana (10-13.30h)<\/strong><\/p>\n\n\n\n<p>Gregorio Alonso (University of Leeds): <em>\u00bfFueron los afrancesados ilustrados cat\u00f3licos? Tentativas de respuesta con F\u00e9lix Jos\u00e9 Reynoso<\/em><\/p>\n\n\n\n<p>Elisa Mart\u00edn-Valdepe\u00f1as: <em>De la caridad a la beneficencia: el papel de las asociaciones de mujeres en el siglo XVIII<\/em><\/p>\n\n\n\n<p>Debate conjunto sobre el concepto de Ilustraci\u00f3n cat\u00f3lica.<\/p>\n\n\n\n<p>Moderador: Armando Men\u00e9ndez Viso (Universidad de Oviedo)<\/p>\n","protected":false},"excerpt":{"rendered":"<p>UNED, Madrid, 27 y 28 de abril de 2023 Organizadores: Marta Garc\u00eda Alonso (UNED) y Eduardo Zazo (Universidad Aut\u00f3noma de Madrid) En colaboraci\u00f3n con el Departamento de Filosof\u00eda Moral y Pol\u00edtica de la UNED PROGRAMA Jueves 27, ma\u00f1ana (10-13.30h) Inmaculada Urzainqui (Instituto Feijoo): Feijoo: La religi\u00f3n en las estimaciones intelectuales de Feijoo Juli\u00e1n Viejo (UAM): &hellip; <\/p>\n<p class=\"link-more\"><a href=\"https:\/\/www.unioviedo.es\/feijoopro\/seminario-de-investigacion-ilustracion-catolica-revision-de-un-concepto-y-su-aplicacion\/\" class=\"more-link\">Continuar leyendo<span class=\"screen-reader-text\"> \u00abSeminario de investigaci\u00f3n: \u00abIlustraci\u00f3n cat\u00f3lica: revisi\u00f3n de un concepto y su aplicaci\u00f3n\u00bb\u00bb<\/span><\/a><\/p>\n","protected":false},"author":1,"featured_media":0,"parent":0,"menu_order":0,"comment_status":"closed","ping_status":"closed","template":"","meta":{"footnotes":""},"class_list":["post-310","page","type-page","status-publish","hentry"],"_links":{"self":[{"href":"https:\/\/www.unioviedo.es\/feijoopro\/wp-json\/wp\/v2\/pages\/310","targetHints":{"allow":["GET"]}}],"collection":[{"href":"https:\/\/www.unioviedo.es\/feijoopro\/wp-json\/wp\/v2\/pages"}],"about":[{"href":"https:\/\/www.unioviedo.es\/feijoopro\/wp-json\/wp\/v2\/types\/page"}],"author":[{"embeddable":true,"href":"https:\/\/www.unioviedo.es\/feijoopro\/wp-json\/wp\/v2\/users\/1"}],"replies":[{"embeddable":true,"href":"https:\/\/www.unioviedo.es\/feijoopro\/wp-json\/wp\/v2\/comments?post=310"}],"version-history":[{"count":5,"href":"https:\/\/www.unioviedo.es\/feijoopro\/wp-json\/wp\/v2\/pages\/310\/revisions"}],"predecessor-version":[{"id":505,"href":"https:\/\/www.unioviedo.es\/feijoopro\/wp-json\/wp\/v2\/pages\/310\/revisions\/505"}],"wp:attachment":[{"href":"https:\/\/www.unioviedo.es\/feijoopro\/wp-json\/wp\/v2\/media?parent=310"}],"curies":[{"name":"wp","href":"https:\/\/api.w.org\/{rel}","templated":true}]}}