{"id":546,"date":"2025-11-21T11:54:01","date_gmt":"2025-11-21T10:54:01","guid":{"rendered":"https:\/\/www.unioviedo.es\/feijoopro\/?page_id=546"},"modified":"2026-04-15T09:22:29","modified_gmt":"2026-04-15T07:22:29","slug":"simposio-defensa-de-las-mujeres-de-benito-jeronimo-feijoo-origenes-contexto-y-utilizacion-posterior-de-un-texto-capital-de-la-filosofia-iberoamericana","status":"publish","type":"page","link":"https:\/\/www.unioviedo.es\/feijoopro\/simposio-defensa-de-las-mujeres-de-benito-jeronimo-feijoo-origenes-contexto-y-utilizacion-posterior-de-un-texto-capital-de-la-filosofia-iberoamericana\/","title":{"rendered":"Simposio\u00a0\u00ab\u201cDefensa de las mujeres\u201d de Benito Jer\u00f3nimo Feijoo. Or\u00edgenes, contexto y utilizaci\u00f3n posterior de un texto capital de la filosof\u00eda iberoamericana\u00bb"},"content":{"rendered":"\n<p>Universidad Aut\u00f3noma de Madrid<br>20 y 21 de abril de 2026<br>Organizan: Nantu Arroyo, Marta Nogueroles, Eduardo Zazo<\/p>\n\n\n\n<figure class=\"wp-block-image size-large\"><img loading=\"lazy\" decoding=\"async\" width=\"724\" height=\"1024\" src=\"https:\/\/www.unioviedo.es\/feijoopro\/wp-content\/uploads\/2026\/04\/Simposio-Defensa-de-las-mujeres-de-Feijoo.-Cartel-724x1024.jpg\" alt=\"\" class=\"wp-image-564\" srcset=\"https:\/\/www.unioviedo.es\/feijoopro\/wp-content\/uploads\/2026\/04\/Simposio-Defensa-de-las-mujeres-de-Feijoo.-Cartel-724x1024.jpg 724w, https:\/\/www.unioviedo.es\/feijoopro\/wp-content\/uploads\/2026\/04\/Simposio-Defensa-de-las-mujeres-de-Feijoo.-Cartel-212x300.jpg 212w, https:\/\/www.unioviedo.es\/feijoopro\/wp-content\/uploads\/2026\/04\/Simposio-Defensa-de-las-mujeres-de-Feijoo.-Cartel-768x1086.jpg 768w, https:\/\/www.unioviedo.es\/feijoopro\/wp-content\/uploads\/2026\/04\/Simposio-Defensa-de-las-mujeres-de-Feijoo.-Cartel-1086x1536.jpg 1086w, https:\/\/www.unioviedo.es\/feijoopro\/wp-content\/uploads\/2026\/04\/Simposio-Defensa-de-las-mujeres-de-Feijoo.-Cartel-1448x2048.jpg 1448w, https:\/\/www.unioviedo.es\/feijoopro\/wp-content\/uploads\/2026\/04\/Simposio-Defensa-de-las-mujeres-de-Feijoo.-Cartel.jpg 1754w\" sizes=\"auto, (max-width: 724px) 100vw, 724px\" \/><\/figure>\n\n\n\n<p>Benito Jer\u00f3nimo Feijoo, autor clave de la primera Ilustraci\u00f3n hispana, incluy\u00f3 como discurso XVI del primer tomo del&nbsp;<em>Teatro Cr\u00edtico Universal&nbsp;<\/em>(1726) un texto crucial en la historia de la filosof\u00eda iberoamericana: \u201cDefensa de las mujeres\u201d. En este escrito Feijoo recurre a argumentos f\u00edsicos, morales, intelectuales, hist\u00f3ricos, teol\u00f3gicos, etc., para defender a su manera la igualdad entre hombres y mujeres. Se trata de un texto inequ\u00edvoco en su sentido igualitario, aunque ambiguo en la argumentaci\u00f3n, que ha solido ser interpretado como un hito de la Ilustraci\u00f3n, aunque aislado y remitido normalmente al contexto hispano. Sin embargo, con este discurso Feijoo se hace eco de una larga tradici\u00f3n \u2014la querella de las mujeres\u2014 que en los siglos anteriores y posteriores se ocup\u00f3 de la igualdad entre hombres y mujeres y de la que este texto forma parte como un eslab\u00f3n principal.<\/p>\n\n\n\n<p>Este simposio se propone dos objetivos:<\/p>\n\n\n\n<p>a) Por un lado, desea atender al espacio trasnacional de debate que se encuentra en los or\u00edgenes del texto y en el contexto inmediato de escritura y de recepci\u00f3n, ya que s\u00f3lo este discurso del&nbsp;<em>Teatro Cr\u00edtico Universal&nbsp;<\/em>dio lugar a m\u00e1s de dos decenas de r\u00e9plicas y se tradujo a varios idiomas. Adem\u00e1s, el propio autor menciona a Oliva Sabuco, Juana In\u00e9s de la Cruz, Marie de Gournay, Anne Dacier, Elena Cornaro o Anna Maria van Schurman, entre otras autoras, e impugna interpretaciones sobre la cuesti\u00f3n que se encuentran en algunos textos aristot\u00e9licos y b\u00edblicos y en autores como Malebranche.<\/p>\n\n\n\n<p>b) Por otro lado, desea atender tambi\u00e9n a la influencia de este discurso de Feijoo en textos y pensadoras posteriores que se dedicaron a la defensa de la igualdad entre hombres y mujeres. El texto no s\u00f3lo constituye un hito temprano de esta genealog\u00eda, sino que tambi\u00e9n se convirti\u00f3 en una referencia muy conocida que no siempre ha sido detalladamente evaluada en algunas pensadoras espa\u00f1olas de los siglos XVIII, XIX y XX como Josefa Amar, In\u00e9s Joyes, Concepci\u00f3n Arenal, Emilia Pardo Baz\u00e1n, Carmen de Burgos o Carmen Mart\u00edn Gaite, entre otras.<\/p>\n\n\n\n<p>En resumen, este simposio, organizado en el marco del proyecto de investigaci\u00f3n \u201cEl proyecto de reforma moral y pol\u00edtica de Feijoo y su recepci\u00f3n (PID2024-157719NB-I00)\u00bb, aspira a analizar pasado, presente y futuro de un texto breve, pero fundamental, de la filosof\u00eda iberoamericana.<\/p>\n\n\n\n<p><a href=\"https:\/\/www.unioviedo.es\/feijoopro\/wp-content\/uploads\/2026\/04\/Simposio-Defensa-de-las-mujeres-de-Feijoo.-Programa.pdf\">PROGRAMA<\/a><\/p>\n\n\n\n<p><\/p>\n\n\n\n<p><\/p>\n","protected":false},"excerpt":{"rendered":"<p>Universidad Aut\u00f3noma de Madrid20 y 21 de abril de 2026Organizan: Nantu Arroyo, Marta Nogueroles, Eduardo Zazo Benito Jer\u00f3nimo Feijoo, autor clave de la primera Ilustraci\u00f3n hispana, incluy\u00f3 como discurso XVI del primer tomo del&nbsp;Teatro Cr\u00edtico Universal&nbsp;(1726) un texto crucial en la historia de la filosof\u00eda iberoamericana: \u201cDefensa de las mujeres\u201d. En este escrito Feijoo recurre &hellip; <\/p>\n<p class=\"link-more\"><a href=\"https:\/\/www.unioviedo.es\/feijoopro\/simposio-defensa-de-las-mujeres-de-benito-jeronimo-feijoo-origenes-contexto-y-utilizacion-posterior-de-un-texto-capital-de-la-filosofia-iberoamericana\/\" class=\"more-link\">Continuar leyendo<span class=\"screen-reader-text\"> \u00abSimposio\u00a0\u00ab\u201cDefensa de las mujeres\u201d de Benito Jer\u00f3nimo Feijoo. Or\u00edgenes, contexto y utilizaci\u00f3n posterior de un texto capital de la filosof\u00eda iberoamericana\u00bb\u00bb<\/span><\/a><\/p>\n","protected":false},"author":1,"featured_media":0,"parent":0,"menu_order":0,"comment_status":"closed","ping_status":"closed","template":"","meta":{"footnotes":""},"class_list":["post-546","page","type-page","status-publish","hentry"],"_links":{"self":[{"href":"https:\/\/www.unioviedo.es\/feijoopro\/wp-json\/wp\/v2\/pages\/546","targetHints":{"allow":["GET"]}}],"collection":[{"href":"https:\/\/www.unioviedo.es\/feijoopro\/wp-json\/wp\/v2\/pages"}],"about":[{"href":"https:\/\/www.unioviedo.es\/feijoopro\/wp-json\/wp\/v2\/types\/page"}],"author":[{"embeddable":true,"href":"https:\/\/www.unioviedo.es\/feijoopro\/wp-json\/wp\/v2\/users\/1"}],"replies":[{"embeddable":true,"href":"https:\/\/www.unioviedo.es\/feijoopro\/wp-json\/wp\/v2\/comments?post=546"}],"version-history":[{"count":3,"href":"https:\/\/www.unioviedo.es\/feijoopro\/wp-json\/wp\/v2\/pages\/546\/revisions"}],"predecessor-version":[{"id":565,"href":"https:\/\/www.unioviedo.es\/feijoopro\/wp-json\/wp\/v2\/pages\/546\/revisions\/565"}],"wp:attachment":[{"href":"https:\/\/www.unioviedo.es\/feijoopro\/wp-json\/wp\/v2\/media?parent=546"}],"curies":[{"name":"wp","href":"https:\/\/api.w.org\/{rel}","templated":true}]}}