{"id":1159,"date":"2023-03-13T10:16:53","date_gmt":"2023-03-13T10:16:53","guid":{"rendered":"http:\/\/www.unioviedo.es\/fincorp\/?page_id=1159"},"modified":"2024-07-05T13:52:41","modified_gmt":"2024-07-05T13:52:41","slug":"activities","status":"publish","type":"page","link":"https:\/\/www.unioviedo.es\/fincorp\/index.php\/en\/knowledge-transfer\/activities\/","title":{"rendered":"Activities"},"content":{"rendered":"\n<h2 class=\"wp-block-heading\">Courses<\/h2>\n\n\n\n<ul class=\"wp-block-list\">\n<li><strong>Corporate Governance Course (8<strong><sup>th<\/sup><\/strong> ed.)<\/strong>: Instituto Iberoamericano de Mercados de Valores and Comisi\u00f3n Nacional del Mercado de Valores, October-November 2023.<\/li>\n\n\n\n<li><strong>Corporate Governance Course (7<strong><sup>th<\/sup><\/strong> ed.)<\/strong>: Instituto Iberoamericano de Mercados de Valores and Comisi\u00f3n Nacional del Mercado de Valores, October-November 2022.<\/li>\n\n\n\n<li><strong>Corporate Governance Course (6<strong><sup>th<\/sup><\/strong> ed.)<\/strong>: Instituto Iberoamericano de Mercados de Valores and Comisi\u00f3n Nacional del Mercado de Valores, October-November 2021.<\/li>\n\n\n\n<li><strong>Corporate Governance Course (5<sup>th<\/sup> ed.)<\/strong>: Instituto Iberoamericano de Mercados de Valores and Comisi\u00f3n Nacional del Mercado de Valores, October 2020.<\/li>\n<\/ul>\n\n\n\n<h2 class=\"wp-block-heading\">Seminars and presentations<\/h2>\n\n\n\n<ul class=\"wp-block-list\">\n<li><b>G\u00f3mez-Ans\u00f3n, S.: \u00ab<\/b><strong>Collective investment institution<\/strong><b>s\u00bb<\/b>, Experiences in securities markets on cooperation and exchange of information, collective investment institutions (CIIs) and securitization, Ibero-American Securities Market Institute, Guatemala, November 16, 2023.<\/li>\n\n\n\n<li><b>G\u00f3mez-Ans\u00f3n, S.: <\/b><strong><b>\u00ab<\/b>Sustainability in Corporate Governance Codes: the role of sustainability committees<b>\u00bb<\/b><\/strong>, Seminar on trends in the regulation and supervision of Ibero-American capital markets, Ibero-American Securities Market Institute, Antigua, November 15, 2023.<\/li>\n\n\n\n<li><b>G\u00f3mez-Ans\u00f3n, S.: \u00ab<strong>Sustainability as a business model for companies: the implementation of the SDGs and the Global Compact Principles in listed companies<\/strong>\u00bb<\/b>, Seminar on trends in the regulation and supervision of Ibero-American capital markets, Ibero-American Securities Market Institute, Antigua, November 14, 2023.<\/li>\n\n\n\n<li><strong>G\u00f3mez-Ans\u00f3n, S.: \u00abThe relationship between sustainability and profitability\u00bb<\/strong>, Sustainable Development Goals 8<sup>th<\/sup> Anniversary Event: Towards Economic Profitability with the 2030 Agenda, Global Compact Spanish Network, Barcelona, September 27, 2023.<\/li>\n\n\n\n<li><strong>Mart\u00ednez-Garc\u00eda, I.: \u00abSDG 4: Ensure inclusive, equitable and quality education; SDG 5: Achieve gender equality and empower all women and girls\u00bb<\/strong>, University Extension Class \u201cThe United Nations 2030 Agenda: a multidisciplinary approach to identify and understand the Sustainable Development Goals (SDGs)\u201d, Villaviciosa, September 25, 2023.<\/li>\n\n\n\n<li><strong>Mart\u00ednez-Garc\u00eda, I., L\u00f3pez-Rodr\u00edguez F. &amp; G\u00f3mez-Ans\u00f3n S.: \u00abMy finances, how to take care of them?: promoting financial education to reduce inequalities<\/strong>\u00ab, II Edition of the International Congress on Teaching Innovation, Education and Knowledge Transfer (CIINECO), online, April 12, 2023. <a rel=\"noreferrer noopener\" href=\"https:\/\/www.youtube.com\/watch?v=x218SlRr_hE\" target=\"_blank\">https:\/\/www.youtube.com\/watch?v=x218SlRr_hE<\/a><\/li>\n\n\n\n<li><strong>Sacrist\u00e1n-Navarro, M.<\/strong> XIX Seminar on Business Strategy, Rey Juan Carlos University, March 15, 2023.<\/li>\n\n\n\n<li><strong>Mart\u00ednez-Garc\u00eda, I.: \u00abSustainable Development Goals and corporate governance: Evidence from the Spanish market\u00bb<\/strong>, SUERF CNMV Conference on Corporate governance, executives compensation and ESG Goals, European Money and Finance Forum y Comisi\u00f3n Nacional del Mercado de Valores, online, November 2021. <a rel=\"noreferrer noopener\" href=\"https:\/\/www.youtube.com\/watch?v=TTacoCeWp2g\" target=\"_blank\">https:\/\/www.youtube.com\/watch?v=TTacoCeWp2g<\/a><\/li>\n\n\n\n<li><strong>G\u00f3mez-Ans\u00f3n, S.: <strong>\u00ab<\/strong>Ciclo de Coloquios sobre los Mercados Financieros, Coloquio sobre Gobierno Corporativo en tiempos de COVID-19\u00bb<\/strong>, Instituto Iberoamericano del Mercado de Valores, online (webinar), May 31, 2021 (invitation).<\/li>\n\n\n\n<li><strong>Mart\u00ednez-Garc\u00eda, I.: Webinar sobre las conclusiones de la Encuesta de Competencias Financieras<\/strong>, Comisi\u00f3n Nacional del Mercado de Valores, May 18, 2021.&nbsp;<a rel=\"noreferrer noopener\" href=\"https:\/\/www.youtube.com\/watch?v=rMUWHJi9B14\" target=\"_blank\">https:\/\/www.youtube.com\/watch?v=rMUWHJi9B14<\/a><\/li>\n\n\n\n<li><strong>Mart\u00ednez-Garc\u00eda, I. &amp; G\u00f3mez-Ans\u00f3n, S.: \u00abObjetivos de desarrollo sostenible, \u00edndices de sostenibilidad y gobierno corporativo: Un an\u00e1lisis de las sociedades cotizadas espa\u00f1olas\u00bb<\/strong>, Programa de seminarios del Departamento de Estudios y Estad\u00edsticas de la Comisi\u00f3n Nacional del Mercado de Valores, Madrid, May 2021.<\/li>\n\n\n\n<li><strong>Mart\u00ednez-Garc\u00eda, I.: Intervenci\u00f3n en el programa Mercado Abierto<\/strong>, Capitalradio, April 28, 2021&nbsp;<a rel=\"noreferrer noopener\" href=\"https:\/\/www.capitalradio.es\/noticias\/economia\/nota-sacamos-espanoles-educacion-financiera_91618719.html\" target=\"_blank\">https:\/\/www.capitalradio.es\/noticias\/economia\/nota-sacamos-espanoles-educacion-financiera_91618719.html<\/a><\/li>\n\n\n\n<li><strong>Ispierto-Mat\u00e9, A., Mart\u00ednez-Garc\u00eda, I. &amp; Ruiz-Su\u00e1rez, G.: \u00abEducaci\u00f3n financiera y decisiones de ahorro e inversi\u00f3n: un an\u00e1lisis de la Encuesta de Competencias Financieras (ECF)\u00bb<\/strong>, Programa de seminarios del Departamento de Estudios y Estad\u00edsticas de la Comisi\u00f3n Nacional del Mercado de Valores, Madrid, March 2021.<\/li>\n\n\n\n<li><strong>Mart\u00ednez-Garc\u00eda, I. &amp; G\u00f3mez-Ans\u00f3n, S.: \u00abEl papel del entorno institucional en la efectividad de la regulaci\u00f3n de diversidad de g\u00e9nero en los consejos de administraci\u00f3n en Europa\u00bb<\/strong>, Programa de seminarios del Departamento de Estudios y Estad\u00edsticas de la Comisi\u00f3n Nacional del Mercado de Valores, Madrid, February 2020.<\/li>\n\n\n\n<li><strong>Mart\u00ednez-Garc\u00eda, I., Terjesen, S. &amp; G\u00f3mez-Ans\u00f3n: \u00abC\u00f3digos de gobierno corporativo, cuotas de g\u00e9nero y proposiciones de legislaci\u00f3n internacional: Impacto en las caracter\u00edsticas de los consejeros y en el valor y rendimiento empresarial\u00bb<\/strong>, Programa de seminarios del Departamento de Estudios y Estad\u00edsticas de la Comisi\u00f3n Nacional del Mercado de Valores, Madrid, June 2019 (September 2018 invitation).<\/li>\n\n\n\n<li><strong>G\u00f3mez-Ans\u00f3n, S.: <strong>\u00ab<\/strong>Reglas espec\u00edficas de Gobierno Corporativo para entidades financieras y pol\u00edticas de remuneraci\u00f3n<strong>\u00bb<\/strong><\/strong>, I Simposio Taller de Gobierno Corporativo, Instituto de Gobierno Corporativa de Panam\u00e1, Ciudad de Panam\u00e1, Panam\u00e1, July 26, 2018 (invitation).<\/li>\n\n\n\n<li><strong>G\u00f3mez-Ans\u00f3n, S.: <strong>\u00ab<\/strong>La Opa en contexto del Gobierno Corporativo<strong>\u00bb<\/strong><\/strong>, Jornada sobre Gobierno Corporativo y tomas de control de empresas cotizadas, Instituto Iberoamericano del Mercados de Valores y Superintendencia del Mercado de Valores Per\u00fa, Lima, Per\u00fa, March 21, 2018 (invitation).<\/li>\n\n\n\n<li><strong>G\u00f3mez-Ans\u00f3n, S.: <strong>\u00ab<\/strong>Reconocimiento de los principios o pr\u00e1cticas de buen gobierno corporativo a nivel de Ley y normas de menor jerarqu\u00eda. PBGC relativos a los Directores y casos pr\u00e1cticos<strong>\u00bb<\/strong><\/strong>, Taller sobre Gobierno Corporativo y tomas de control de empresas cotizadas, Instituto Iberoamericano del Mercados de Valores y Superintendencia del Mercado de Valores Per\u00fa, Lima, Per\u00fa, March 20, 2018 (invitation).<\/li>\n\n\n\n<li><strong>G\u00f3mez-Ans\u00f3n, S.: <strong>\u00ab<\/strong>Gender Balance in Corporate Boards and Top Management: The Business Case<strong>\u00bb<\/strong><\/strong>, FEMM\/JURI Workshop on Gender Balance in corporate boards and top management, Directorate General for Internal Policies, Policy Department C Citizens\u2019 Rights and Constitutional Affairs for the Committee on Women\u2019s rights and Gender Equality and the Committee on legal Affairs, European Parliament, Bruselas, March 20, 2013 (invitation-contract).<\/li>\n<\/ul>\n\n\n\n<div class=\"wp-block-group\"><div class=\"wp-block-group__inner-container is-layout-constrained wp-block-group-is-layout-constrained\">\n<div class=\"wp-block-group is-nowrap is-layout-flex wp-container-core-group-is-layout-ad2f72ca wp-block-group-is-layout-flex\">\n<figure class=\"wp-block-image size-full is-resized\"><img loading=\"lazy\" decoding=\"async\" width=\"1024\" height=\"683\" src=\"https:\/\/www.unioviedo.es\/fincorp\/wp-content\/uploads\/2024\/01\/Antigua2023-FotoGrupo.jpg\" alt=\"\" class=\"wp-image-2479\" style=\"width:auto;height:230px\" srcset=\"https:\/\/www.unioviedo.es\/fincorp\/wp-content\/uploads\/2024\/01\/Antigua2023-FotoGrupo.jpg 1024w, https:\/\/www.unioviedo.es\/fincorp\/wp-content\/uploads\/2024\/01\/Antigua2023-FotoGrupo-300x200.jpg 300w, https:\/\/www.unioviedo.es\/fincorp\/wp-content\/uploads\/2024\/01\/Antigua2023-FotoGrupo-768x512.jpg 768w, https:\/\/www.unioviedo.es\/fincorp\/wp-content\/uploads\/2024\/01\/Antigua2023-FotoGrupo-930x620.jpg 930w\" sizes=\"auto, (max-width: 1024px) 100vw, 1024px\" \/><figcaption class=\"wp-element-caption\">IIMV Seminar in Antigua (Guatemala)<\/figcaption><\/figure>\n\n\n\n<figure class=\"wp-block-image size-large is-resized\"><img loading=\"lazy\" decoding=\"async\" width=\"1024\" height=\"683\" src=\"http:\/\/www.unioviedo.es\/fincorp\/wp-content\/uploads\/2023\/09\/23.09.27-Desarrollo-SostenibleFotoExposicion-1024x683.jpg\" alt=\"\" class=\"wp-image-2099\" style=\"object-fit:cover;width:441px;height:230px\" srcset=\"https:\/\/www.unioviedo.es\/fincorp\/wp-content\/uploads\/2023\/09\/23.09.27-Desarrollo-SostenibleFotoExposicion-1024x683.jpg 1024w, https:\/\/www.unioviedo.es\/fincorp\/wp-content\/uploads\/2023\/09\/23.09.27-Desarrollo-SostenibleFotoExposicion-300x200.jpg 300w, https:\/\/www.unioviedo.es\/fincorp\/wp-content\/uploads\/2023\/09\/23.09.27-Desarrollo-SostenibleFotoExposicion-768x512.jpg 768w, https:\/\/www.unioviedo.es\/fincorp\/wp-content\/uploads\/2023\/09\/23.09.27-Desarrollo-SostenibleFotoExposicion-1536x1024.jpg 1536w\" sizes=\"auto, (max-width: 1024px) 100vw, 1024px\" \/><figcaption class=\"wp-element-caption\">SDGs 8<sup>th<\/sup> Anniversary Event<\/figcaption><\/figure>\n<\/div>\n\n\n\n<p><\/p>\n\n\n\n<div class=\"wp-block-group is-nowrap is-layout-flex wp-container-core-group-is-layout-ad2f72ca wp-block-group-is-layout-flex\">\n<figure class=\"wp-block-image size-large is-resized\"><img loading=\"lazy\" decoding=\"async\" width=\"1024\" height=\"771\" src=\"http:\/\/www.unioviedo.es\/fincorp\/wp-content\/uploads\/2023\/09\/IMG20230925190348-1024x771.jpg\" alt=\"\" class=\"wp-image-2135\" style=\"width:392px;height:294px\" srcset=\"https:\/\/www.unioviedo.es\/fincorp\/wp-content\/uploads\/2023\/09\/IMG20230925190348-1024x771.jpg 1024w, https:\/\/www.unioviedo.es\/fincorp\/wp-content\/uploads\/2023\/09\/IMG20230925190348-300x226.jpg 300w, https:\/\/www.unioviedo.es\/fincorp\/wp-content\/uploads\/2023\/09\/IMG20230925190348-768x578.jpg 768w, https:\/\/www.unioviedo.es\/fincorp\/wp-content\/uploads\/2023\/09\/IMG20230925190348-1536x1157.jpg 1536w, https:\/\/www.unioviedo.es\/fincorp\/wp-content\/uploads\/2023\/09\/IMG20230925190348-2048x1542.jpg 2048w\" sizes=\"auto, (max-width: 1024px) 100vw, 1024px\" \/><figcaption class=\"wp-element-caption\">University Extension Class on 2030 Agenda<\/figcaption><\/figure>\n\n\n\n<figure class=\"wp-block-image size-large is-resized\"><img loading=\"lazy\" decoding=\"async\" width=\"1024\" height=\"768\" src=\"http:\/\/www.unioviedo.es\/fincorp\/wp-content\/uploads\/2023\/03\/XIX-Seminario-sobre-Estrategia-Empresarial-1024x768.jpg\" alt=\"\" class=\"wp-image-1420\" style=\"width:395px;height:292px\" srcset=\"https:\/\/www.unioviedo.es\/fincorp\/wp-content\/uploads\/2023\/03\/XIX-Seminario-sobre-Estrategia-Empresarial-1024x768.jpg 1024w, https:\/\/www.unioviedo.es\/fincorp\/wp-content\/uploads\/2023\/03\/XIX-Seminario-sobre-Estrategia-Empresarial-300x225.jpg 300w, https:\/\/www.unioviedo.es\/fincorp\/wp-content\/uploads\/2023\/03\/XIX-Seminario-sobre-Estrategia-Empresarial-768x576.jpg 768w, https:\/\/www.unioviedo.es\/fincorp\/wp-content\/uploads\/2023\/03\/XIX-Seminario-sobre-Estrategia-Empresarial-1536x1152.jpg 1536w, https:\/\/www.unioviedo.es\/fincorp\/wp-content\/uploads\/2023\/03\/XIX-Seminario-sobre-Estrategia-Empresarial.jpg 2048w\" sizes=\"auto, (max-width: 1024px) 100vw, 1024px\" \/><figcaption class=\"wp-element-caption\">XIX Seminar on Business Strategy<\/figcaption><\/figure>\n<\/div>\n<\/div><\/div>\n\n\n\n<div style=\"height:15px\" aria-hidden=\"true\" class=\"wp-block-spacer\"><\/div>\n\n\n\n<h2 class=\"wp-block-heading\">Awards<\/h2>\n\n\n\n<ul class=\"wp-block-list\">\n<li><strong>AECA Award for Accounting and Business Administration Articles<\/strong>: Runner-Up (2012, 2016 and 2021) and Finalist (2020).<\/li>\n<\/ul>\n\n\n\n<h2 class=\"wp-block-heading\">Talks<\/h2>\n\n\n\n<ul class=\"wp-block-list\">\n<li><strong>XXIII Science and Innovation Week of the University of Oviedo, Science Day at my School, talk \u00ab<strong>Mis finanzas: \u00bfc\u00f3mo cuidarlas<\/strong>\u00ab<\/strong>: IES Doctor Fleming, Oviedo, 4<sup>th<\/sup> ESO, November 8, 2023; IES Valle de Aller, Moreda, 4<sup>th<\/sup> ESO y 1<sup>st<\/sup> Baccalaureate, November 8, 2023; CEPA del Caudal, Mieres, different courses of ESO for adults, November 9, 2023; and CRA de Viella, Faes and Viella, 5<sup>th<\/sup> and 6<sup>th<\/sup> Primary Education, November 9, 2023.<\/li>\n\n\n\n<li><strong>Science Tour 2023, talk \u00abSustainability, SDGs and Agenda 2030\u00bb<\/strong>: IES Nore\u00f1a, different courses of ESO, May 23, 24 and 26, 2023.<\/li>\n\n\n\n<li><strong>Science Tour 2023, talk \u00abMy finances: how to take care of them?\u00bb<\/strong>: CEPA Gij\u00f3n, different courses of ESO for adults, March 22, 2023; IES P\u00e9rez de Ayala, Oviedo, 1<sup>st<\/sup> Baccalaureate, April 27, 2023; CDTL de Castropol, November 20, 2023; CDTL de Taramundi, November 21, 2023; and CPEB de Colombres, 3<sup>th<\/sup> and 4<sup>th<\/sup> ESO, December 20, 2023.<\/li>\n\n\n\n<li><strong>XXII Science and Innovation Week of the University of Oviedo, Science Day at my School, talk \u00abMy finances: how to take care of them?\u00bb<\/strong>: IES N\u00ba 1, Gij\u00f3n, 1<sup>st<\/sup> Baccalaureate, November 11, 2022; CEPA El Font\u00e1n, Oviedo, 3<sup>rd<\/sup> ESO for adults, November 16, 2022; and Colegio Virgen Reina, Gij\u00f3n, 2<sup>th<\/sup> ESO, November 16, 2022.<\/li>\n\n\n\n<li><strong>Talk\/colloquium Proyecto \u00abAda Byron y el Secreto Club de los Inventos\u00bb<\/strong>: Colegio Trema\u00f1es, Gij\u00f3n, Primary, March 2019.<\/li>\n<\/ul>\n\n\n\n<div class=\"wp-block-group\"><div class=\"wp-block-group__inner-container is-layout-constrained wp-block-group-is-layout-constrained\">\n<div class=\"wp-block-group is-content-justification-left is-nowrap is-layout-flex wp-container-core-group-is-layout-f56a869c wp-block-group-is-layout-flex\">\n<figure class=\"wp-block-image size-large is-resized\"><img loading=\"lazy\" decoding=\"async\" width=\"1024\" height=\"473\" src=\"https:\/\/www.unioviedo.es\/fincorp\/wp-content\/uploads\/2024\/01\/Charla-Taramundi-2023-1024x473.jpg\" alt=\"\" class=\"wp-image-2486\" style=\"width:auto;height:260px\" srcset=\"https:\/\/www.unioviedo.es\/fincorp\/wp-content\/uploads\/2024\/01\/Charla-Taramundi-2023-1024x473.jpg 1024w, https:\/\/www.unioviedo.es\/fincorp\/wp-content\/uploads\/2024\/01\/Charla-Taramundi-2023-300x139.jpg 300w, https:\/\/www.unioviedo.es\/fincorp\/wp-content\/uploads\/2024\/01\/Charla-Taramundi-2023-768x355.jpg 768w, https:\/\/www.unioviedo.es\/fincorp\/wp-content\/uploads\/2024\/01\/Charla-Taramundi-2023-1536x709.jpg 1536w, https:\/\/www.unioviedo.es\/fincorp\/wp-content\/uploads\/2024\/01\/Charla-Taramundi-2023-2048x946.jpg 2048w\" sizes=\"auto, (max-width: 1024px) 100vw, 1024px\" \/><figcaption class=\"wp-element-caption\">CDTL de Taramundi<\/figcaption><\/figure>\n\n\n\n<figure class=\"wp-block-image size-large is-resized\"><img loading=\"lazy\" decoding=\"async\" width=\"1024\" height=\"984\" src=\"https:\/\/www.unioviedo.es\/fincorp\/wp-content\/uploads\/2024\/01\/Charla-Castropol-2023-1024x984.jpeg\" alt=\"\" class=\"wp-image-2488\" style=\"width:auto;height:260px\" srcset=\"https:\/\/www.unioviedo.es\/fincorp\/wp-content\/uploads\/2024\/01\/Charla-Castropol-2023-1024x984.jpeg 1024w, https:\/\/www.unioviedo.es\/fincorp\/wp-content\/uploads\/2024\/01\/Charla-Castropol-2023-300x288.jpeg 300w, https:\/\/www.unioviedo.es\/fincorp\/wp-content\/uploads\/2024\/01\/Charla-Castropol-2023-768x738.jpeg 768w, https:\/\/www.unioviedo.es\/fincorp\/wp-content\/uploads\/2024\/01\/Charla-Castropol-2023-1536x1476.jpeg 1536w, https:\/\/www.unioviedo.es\/fincorp\/wp-content\/uploads\/2024\/01\/Charla-Castropol-2023.jpeg 1600w\" sizes=\"auto, (max-width: 1024px) 100vw, 1024px\" \/><figcaption class=\"wp-element-caption\">CDTL de Castropol<\/figcaption><\/figure>\n<\/div>\n\n\n\n<div class=\"wp-block-group is-content-justification-left is-nowrap is-layout-flex wp-container-core-group-is-layout-f56a869c wp-block-group-is-layout-flex\">\n<figure class=\"wp-block-image size-large is-resized\"><img loading=\"lazy\" decoding=\"async\" width=\"1024\" height=\"461\" src=\"http:\/\/www.unioviedo.es\/fincorp\/wp-content\/uploads\/2023\/03\/Charla-CEPA-Gijon-1024x461.jpg\" alt=\"\" class=\"wp-image-1508\" style=\"width:624px;height:278px\" srcset=\"https:\/\/www.unioviedo.es\/fincorp\/wp-content\/uploads\/2023\/03\/Charla-CEPA-Gijon-1024x461.jpg 1024w, https:\/\/www.unioviedo.es\/fincorp\/wp-content\/uploads\/2023\/03\/Charla-CEPA-Gijon-300x135.jpg 300w, https:\/\/www.unioviedo.es\/fincorp\/wp-content\/uploads\/2023\/03\/Charla-CEPA-Gijon-768x346.jpg 768w, https:\/\/www.unioviedo.es\/fincorp\/wp-content\/uploads\/2023\/03\/Charla-CEPA-Gijon-1536x691.jpg 1536w, https:\/\/www.unioviedo.es\/fincorp\/wp-content\/uploads\/2023\/03\/Charla-CEPA-Gijon.jpg 2000w\" sizes=\"auto, (max-width: 1024px) 100vw, 1024px\" \/><figcaption class=\"wp-element-caption\">CEPA Gij\u00f3n<\/figcaption><\/figure>\n\n\n\n<figure class=\"wp-block-image size-full is-resized\"><img loading=\"lazy\" decoding=\"async\" width=\"748\" height=\"999\" src=\"http:\/\/www.unioviedo.es\/fincorp\/wp-content\/uploads\/2023\/02\/Charla-Colegio-Virgen-Reina-Gijon.jpg\" alt=\"\" class=\"wp-image-684\" style=\"width:208px;height:278px\" srcset=\"https:\/\/www.unioviedo.es\/fincorp\/wp-content\/uploads\/2023\/02\/Charla-Colegio-Virgen-Reina-Gijon.jpg 748w, https:\/\/www.unioviedo.es\/fincorp\/wp-content\/uploads\/2023\/02\/Charla-Colegio-Virgen-Reina-Gijon-225x300.jpg 225w\" sizes=\"auto, (max-width: 748px) 100vw, 748px\" \/><figcaption class=\"wp-element-caption\">Colegio Virgen Reina<\/figcaption><\/figure>\n<\/div>\n\n\n\n<div class=\"wp-block-group is-nowrap is-layout-flex wp-container-core-group-is-layout-ad2f72ca wp-block-group-is-layout-flex\">\n<figure class=\"wp-block-image size-large is-resized\"><img loading=\"lazy\" decoding=\"async\" width=\"1024\" height=\"768\" src=\"http:\/\/www.unioviedo.es\/fincorp\/wp-content\/uploads\/2023\/02\/Charla-CEPA-El-Fontan-Oviedo-1024x768.jpg\" alt=\"\" class=\"wp-image-685\" style=\"width:401px;height:300px\" srcset=\"https:\/\/www.unioviedo.es\/fincorp\/wp-content\/uploads\/2023\/02\/Charla-CEPA-El-Fontan-Oviedo-1024x768.jpg 1024w, https:\/\/www.unioviedo.es\/fincorp\/wp-content\/uploads\/2023\/02\/Charla-CEPA-El-Fontan-Oviedo-300x225.jpg 300w, https:\/\/www.unioviedo.es\/fincorp\/wp-content\/uploads\/2023\/02\/Charla-CEPA-El-Fontan-Oviedo-768x576.jpg 768w, https:\/\/www.unioviedo.es\/fincorp\/wp-content\/uploads\/2023\/02\/Charla-CEPA-El-Fontan-Oviedo-1536x1152.jpg 1536w, https:\/\/www.unioviedo.es\/fincorp\/wp-content\/uploads\/2023\/02\/Charla-CEPA-El-Fontan-Oviedo-2048x1536.jpg 2048w\" sizes=\"auto, (max-width: 1024px) 100vw, 1024px\" \/><figcaption class=\"wp-element-caption\">CEPA El Font\u00e1n<\/figcaption><\/figure>\n\n\n\n<figure class=\"wp-block-image size-large is-resized\"><img loading=\"lazy\" decoding=\"async\" width=\"1024\" height=\"713\" src=\"http:\/\/www.unioviedo.es\/fincorp\/wp-content\/uploads\/2023\/02\/Charla-IES-No-1-Gijon-1024x713.jpg\" alt=\"\" class=\"wp-image-686\" style=\"width:433px;height:300px\" srcset=\"https:\/\/www.unioviedo.es\/fincorp\/wp-content\/uploads\/2023\/02\/Charla-IES-No-1-Gijon-1024x713.jpg 1024w, https:\/\/www.unioviedo.es\/fincorp\/wp-content\/uploads\/2023\/02\/Charla-IES-No-1-Gijon-300x209.jpg 300w, https:\/\/www.unioviedo.es\/fincorp\/wp-content\/uploads\/2023\/02\/Charla-IES-No-1-Gijon-768x535.jpg 768w, https:\/\/www.unioviedo.es\/fincorp\/wp-content\/uploads\/2023\/02\/Charla-IES-No-1-Gijon-1536x1070.jpg 1536w, https:\/\/www.unioviedo.es\/fincorp\/wp-content\/uploads\/2023\/02\/Charla-IES-No-1-Gijon-2048x1426.jpg 2048w\" sizes=\"auto, (max-width: 1024px) 100vw, 1024px\" \/><figcaption class=\"wp-element-caption\">IES N\u00ba 1<\/figcaption><\/figure>\n<\/div>\n<\/div><\/div>\n\n\n\n<div style=\"height:15px\" aria-hidden=\"true\" class=\"wp-block-spacer\"><\/div>\n\n\n\n<h2 class=\"wp-block-heading\">Other activities<\/h2>\n\n\n\n<ul class=\"wp-block-list\">\n<li><strong>Mentoring in International Corporate Governance Society (ICGS)<\/strong>.<\/li>\n\n\n\n<li><strong>Mentoring in Compromiso Asturias XXI<\/strong>, 2023-2024.<\/li>\n\n\n\n<li><strong>Interview in \u201cEl Sof\u00e1 Naranja\u201d, podcast of the School of Economics and Business of the University of Oviedo, entitled \u201cFinanzas, fesoring y m\u00e1s con Eduardo Men\u00e9ndez Alonso\u201d<\/strong>, May 13, 2024.<\/li>\n\n\n\n<li><strong>European Researchers&#8217; Night of the University of Oviedo, activity \u00ab\u00bfHai derechu o no hay derecho? Combate la vulnerabilidad ling\u00fc\u00edstica, econ\u00f3mica y jur\u00eddica\u00bb<\/strong>,&nbsp;September 29, 2023.<\/li>\n\n\n\n<li><strong>European Researchers&#8217; Night of the University of Oviedo, activity \u00ab\u00a1Menudo bulo! Encuentra las mentiras desde las lenguas romances hasta tus finanzas personales\u00bb<\/strong>, September 30, 2022.<\/li>\n<\/ul>\n\n\n\n<div class=\"wp-block-group is-nowrap is-layout-flex wp-container-core-group-is-layout-ad2f72ca wp-block-group-is-layout-flex\">\n<figure class=\"wp-block-image size-full is-resized\"><img loading=\"lazy\" decoding=\"async\" width=\"623\" height=\"467\" src=\"http:\/\/www.unioviedo.es\/fincorp\/wp-content\/uploads\/2023\/10\/Noche-Europea-de-los-Investigadores-e-Investigadoras-2023.jpg\" alt=\"\" class=\"wp-image-2229\" style=\"aspect-ratio:1.3340471092077089;width:426px;height:auto\" srcset=\"https:\/\/www.unioviedo.es\/fincorp\/wp-content\/uploads\/2023\/10\/Noche-Europea-de-los-Investigadores-e-Investigadoras-2023.jpg 623w, https:\/\/www.unioviedo.es\/fincorp\/wp-content\/uploads\/2023\/10\/Noche-Europea-de-los-Investigadores-e-Investigadoras-2023-300x225.jpg 300w\" sizes=\"auto, (max-width: 623px) 100vw, 623px\" \/><figcaption class=\"wp-element-caption\">European Researchers&#8217; Night 2023<\/figcaption><\/figure>\n\n\n\n<figure class=\"wp-block-image size-full is-resized\"><img loading=\"lazy\" decoding=\"async\" width=\"767\" height=\"817\" src=\"http:\/\/www.unioviedo.es\/fincorp\/wp-content\/uploads\/2023\/03\/Noche-Europea-de-los-Investigadores-e-Investigadoras.jpg\" alt=\"\" class=\"wp-image-745\" style=\"aspect-ratio:0.94;width:300px;height:auto\" srcset=\"https:\/\/www.unioviedo.es\/fincorp\/wp-content\/uploads\/2023\/03\/Noche-Europea-de-los-Investigadores-e-Investigadoras.jpg 767w, https:\/\/www.unioviedo.es\/fincorp\/wp-content\/uploads\/2023\/03\/Noche-Europea-de-los-Investigadores-e-Investigadoras-282x300.jpg 282w\" sizes=\"auto, (max-width: 767px) 100vw, 767px\" \/><figcaption class=\"wp-element-caption\">European Researchers&#8217; Night 2022<\/figcaption><\/figure>\n<\/div>\n","protected":false},"excerpt":{"rendered":"<p>Courses Seminars and presentations Awards Talks Other activities<\/p>\n","protected":false},"author":1,"featured_media":0,"parent":1158,"menu_order":2,"comment_status":"closed","ping_status":"closed","template":"","meta":{"neve_meta_sidebar":"","neve_meta_container":"","neve_meta_enable_content_width":"","neve_meta_content_width":0,"neve_meta_title_alignment":"","neve_meta_author_avatar":"","neve_post_elements_order":"","neve_meta_disable_header":"","neve_meta_disable_footer":"","neve_meta_disable_title":"","footnotes":""},"class_list":["post-1159","page","type-page","status-publish","hentry"],"_links":{"self":[{"href":"https:\/\/www.unioviedo.es\/fincorp\/index.php\/wp-json\/wp\/v2\/pages\/1159","targetHints":{"allow":["GET"]}}],"collection":[{"href":"https:\/\/www.unioviedo.es\/fincorp\/index.php\/wp-json\/wp\/v2\/pages"}],"about":[{"href":"https:\/\/www.unioviedo.es\/fincorp\/index.php\/wp-json\/wp\/v2\/types\/page"}],"author":[{"embeddable":true,"href":"https:\/\/www.unioviedo.es\/fincorp\/index.php\/wp-json\/wp\/v2\/users\/1"}],"replies":[{"embeddable":true,"href":"https:\/\/www.unioviedo.es\/fincorp\/index.php\/wp-json\/wp\/v2\/comments?post=1159"}],"version-history":[{"count":49,"href":"https:\/\/www.unioviedo.es\/fincorp\/index.php\/wp-json\/wp\/v2\/pages\/1159\/revisions"}],"predecessor-version":[{"id":2805,"href":"https:\/\/www.unioviedo.es\/fincorp\/index.php\/wp-json\/wp\/v2\/pages\/1159\/revisions\/2805"}],"up":[{"embeddable":true,"href":"https:\/\/www.unioviedo.es\/fincorp\/index.php\/wp-json\/wp\/v2\/pages\/1158"}],"wp:attachment":[{"href":"https:\/\/www.unioviedo.es\/fincorp\/index.php\/wp-json\/wp\/v2\/media?parent=1159"}],"curies":[{"name":"wp","href":"https:\/\/api.w.org\/{rel}","templated":true}]}}