{"id":1985,"date":"2023-09-22T10:11:22","date_gmt":"2023-09-22T10:11:22","guid":{"rendered":"https:\/\/www.unioviedo.es\/fincorp\/?page_id=1985"},"modified":"2024-09-23T13:40:44","modified_gmt":"2024-09-23T13:40:44","slug":"fineduca360-docencia","status":"publish","type":"page","link":"https:\/\/www.unioviedo.es\/fincorp\/index.php\/fineduca360\/fineduca360-docencia\/","title":{"rendered":"FinEduca360: Docencia"},"content":{"rendered":"\n<h2 class=\"wp-block-heading\">Docencia universitaria<\/h2>\n\n\n\n<p>Durante los \u00faltimos a\u00f1os se han dirigido distintos Trabajos Fin de Grado sobre educaci\u00f3n financiera en la Facultad de Econom\u00eda y Empresa de la Universidad de Oviedo, entre los cuales destacan:<\/p>\n\n\n\n<ul class=\"wp-block-list\">\n<li><strong>Alejandro Gamez Naves: \u00abEstrategias de comunicaci\u00f3n de iniciativas de Educaci\u00f3n Financiera en la Uni\u00f3n Europea: An\u00e1lisis Comparativo entre Espa\u00f1a, Alemania y Pa\u00edses Bajos\u00bb<\/strong>, Grado en Administraci\u00f3n y Direcci\u00f3n de Empresas, julio 2024.<\/li>\n\n\n\n<li><strong>Alba Rubio Celorio: \u00abSalud Financiera y la Mujer\u00bb<\/strong>, PCEO Grado en Administraci\u00f3n y Direcci\u00f3n de Empresas\/Grado en Derecho, julio 2024.<\/li>\n\n\n\n<li><strong>Marcos Gonz\u00e1lez \u00c1lvarez: \u00abLa Educaci\u00f3n Financiera en Espa\u00f1a: Planes y programas, especial referencia a los Colectivos Vulnerables\u00bb<\/strong>, PCEO Grado en Administraci\u00f3n y Direcci\u00f3n de Empresas\/Grado en Derecho, junio 2024.<\/li>\n\n\n\n<li><strong>Elena Moro Ur\u00eda: \u00abEducaci\u00f3n Financiera\u00bb<\/strong>, PCEO Grado en Administraci\u00f3n y Direcci\u00f3n de Empresas\/Grado en Derecho, julio 2023.<\/li>\n\n\n\n<li><strong>Claudia Villa Garc\u00eda: \u00abEducaci\u00f3n financiera y personas mayores: un an\u00e1lisis del caso espa\u00f1ol\u00bb<\/strong>, PCEO Grado en Administraci\u00f3n y Direcci\u00f3n de Empresas\/Grado en Derecho, julio 2023.<\/li>\n\n\n\n<li><strong>Paula Garc\u00eda Hernantes: \u00abEl nivel de educaci\u00f3n financiera en Espa\u00f1a: factores determinantes. An\u00e1lisis de la normativa con el curr\u00edculo educativo de los estudiantes de secundaria\u00bb<\/strong>, PCEO Grado en Administraci\u00f3n y Direcci\u00f3n de Empresas\/Grado en Derecho, julio 2022.<\/li>\n\n\n\n<li><strong>Daniel S\u00e1nchez Ur\u00eda: \u00abCompetencias financieras en la educaci\u00f3n secundaria obligatoria: Efecto del Real Decreto 1105\/2014\u00bb<\/strong>, Grado en Administraci\u00f3n y Direcci\u00f3n de Empresas, julio 2022.<\/li>\n<\/ul>\n\n\n\n<h2 class=\"wp-block-heading\">Docencia a lo largo de la vida<\/h2>\n\n\n\n<ul class=\"wp-block-list\">\n<li><strong>\u00abLos 50+ financieros: finanzas personales y salud financiera en la madurez\u00bb<\/strong>, curso PUMUO 2024-2025.<\/li>\n\n\n\n<li><strong>De Gira con la Ciencia 2023, charla \u00abMis finanzas: \u00bfc\u00f3mo cuidarlas\u00bb<\/strong>: CEPA Gij\u00f3n, varios cursos de ESO para adultos, 22 de marzo de 2023; IES P\u00e9rez de Ayala, Oviedo, 1\u00ba Bachillerato, 27 de abril de 2023; CDTL de Castropol, 20 de noviembre de 2023; CDTL de Taramundi, 21 de noviembre de 2023; y CPEB de Colombres, 3\u00ba y 4\u00ba ESO, 20 de diciembre de 2023.<\/li>\n\n\n\n<li><strong><strong>XXIII Semana de la Ciencia y la Innovaci\u00f3n de la Universidad de Oviedo, D\u00eda de la Ciencia en mi Colegio, charla \u00abMis finanzas: \u00bfc\u00f3mo cuidarlas?\u00bb<\/strong><\/strong>: IES Doctor Fleming, Oviedo, 4\u00ba ESO, 8 de noviembre de 2023; IES Valle de Aller, Moreda, 4\u00ba ESO y 1\u00ba Bachillerato, 8 de noviembre de 2023; CEPA del Caudal, Mieres, varios cursos de ESO para adultos, 9 de noviembre de 2023; y CRA de Viella, Faes y Viella, 5\u00ba y 6\u00ba Primaria, 9 de noviembre de 2023.<\/li>\n\n\n\n<li><strong>Noche Europea de los Investigadores e Investigadoras de la Universidad de Oviedo, actividad \u00ab\u00bfHai derechu o no hay derecho? Combate la vulnerabilidad ling\u00fc\u00edstica, econ\u00f3mica y jur\u00eddica\u00bb<\/strong>,&nbsp;29 de septiembre de 2023.<\/li>\n\n\n\n<li><strong>XXII Semana de la Ciencia y la Innovaci\u00f3n de la Universidad de Oviedo, D\u00eda de la Ciencia en mi Colegio, charla \u00abMis finanzas: \u00bfc\u00f3mo cuidarlas?\u00bb<\/strong>: IES N\u00ba 1, Gij\u00f3n, 1\u00ba Bachillerato, 11 de noviembre de 2022; CEPA El Font\u00e1n, Oviedo, 3\u00ba ESO para adultos, 16 de noviembre de 2022; y Colegio Virgen Reina, Gij\u00f3n, 2\u00ba ESO, 16 de noviembre de 2022.<\/li>\n\n\n\n<li><strong>Noche Europea de los Investigadores e Investigadoras de la Universidad de Oviedo, actividad \u00ab\u00a1Menudo bulo! Encuentra las mentiras desde las lenguas romances hasta tus finanzas personales\u00bb<\/strong>, 30 de septiembre de 2022.<\/li>\n<\/ul>\n\n\n\n<div class=\"wp-block-group\"><div class=\"wp-block-group__inner-container is-layout-constrained wp-block-group-is-layout-constrained\">\n<div class=\"wp-block-group is-content-justification-left is-nowrap is-layout-flex wp-container-core-group-is-layout-f56a869c wp-block-group-is-layout-flex\">\n<figure class=\"wp-block-image size-large is-resized\"><img loading=\"lazy\" decoding=\"async\" width=\"1024\" height=\"473\" src=\"https:\/\/www.unioviedo.es\/fincorp\/wp-content\/uploads\/2024\/01\/Charla-Taramundi-2023-1024x473.jpg\" alt=\"\" class=\"wp-image-2486\" style=\"width:auto;height:260px\" srcset=\"https:\/\/www.unioviedo.es\/fincorp\/wp-content\/uploads\/2024\/01\/Charla-Taramundi-2023-1024x473.jpg 1024w, https:\/\/www.unioviedo.es\/fincorp\/wp-content\/uploads\/2024\/01\/Charla-Taramundi-2023-300x139.jpg 300w, https:\/\/www.unioviedo.es\/fincorp\/wp-content\/uploads\/2024\/01\/Charla-Taramundi-2023-768x355.jpg 768w, https:\/\/www.unioviedo.es\/fincorp\/wp-content\/uploads\/2024\/01\/Charla-Taramundi-2023-1536x709.jpg 1536w, https:\/\/www.unioviedo.es\/fincorp\/wp-content\/uploads\/2024\/01\/Charla-Taramundi-2023-2048x946.jpg 2048w\" sizes=\"auto, (max-width: 1024px) 100vw, 1024px\" \/><figcaption class=\"wp-element-caption\">CDTL de Taramundi<\/figcaption><\/figure>\n\n\n\n<figure class=\"wp-block-image size-large is-resized\"><img loading=\"lazy\" decoding=\"async\" width=\"1024\" height=\"984\" src=\"https:\/\/www.unioviedo.es\/fincorp\/wp-content\/uploads\/2024\/01\/Charla-Castropol-2023-1024x984.jpeg\" alt=\"\" class=\"wp-image-2488\" style=\"width:auto;height:260px\" srcset=\"https:\/\/www.unioviedo.es\/fincorp\/wp-content\/uploads\/2024\/01\/Charla-Castropol-2023-1024x984.jpeg 1024w, https:\/\/www.unioviedo.es\/fincorp\/wp-content\/uploads\/2024\/01\/Charla-Castropol-2023-300x288.jpeg 300w, https:\/\/www.unioviedo.es\/fincorp\/wp-content\/uploads\/2024\/01\/Charla-Castropol-2023-768x738.jpeg 768w, https:\/\/www.unioviedo.es\/fincorp\/wp-content\/uploads\/2024\/01\/Charla-Castropol-2023-1536x1476.jpeg 1536w, https:\/\/www.unioviedo.es\/fincorp\/wp-content\/uploads\/2024\/01\/Charla-Castropol-2023.jpeg 1600w\" sizes=\"auto, (max-width: 1024px) 100vw, 1024px\" \/><figcaption class=\"wp-element-caption\">CDTL de Castropol<\/figcaption><\/figure>\n<\/div>\n\n\n\n<div class=\"wp-block-group is-nowrap is-layout-flex wp-container-core-group-is-layout-ad2f72ca wp-block-group-is-layout-flex\">\n<figure class=\"wp-block-image size-full is-resized\"><img loading=\"lazy\" decoding=\"async\" width=\"623\" height=\"467\" src=\"http:\/\/www.unioviedo.es\/fincorp\/wp-content\/uploads\/2023\/10\/Noche-Europea-de-los-Investigadores-e-Investigadoras-2023.jpg\" alt=\"\" class=\"wp-image-2229\" style=\"width:auto;height:250px\" srcset=\"https:\/\/www.unioviedo.es\/fincorp\/wp-content\/uploads\/2023\/10\/Noche-Europea-de-los-Investigadores-e-Investigadoras-2023.jpg 623w, https:\/\/www.unioviedo.es\/fincorp\/wp-content\/uploads\/2023\/10\/Noche-Europea-de-los-Investigadores-e-Investigadoras-2023-300x225.jpg 300w\" sizes=\"auto, (max-width: 623px) 100vw, 623px\" \/><figcaption class=\"wp-element-caption\">Noche Europea de los Investigadores 2023<\/figcaption><\/figure>\n\n\n\n<figure class=\"wp-block-image size-large is-resized\"><img loading=\"lazy\" decoding=\"async\" width=\"1024\" height=\"461\" src=\"http:\/\/www.unioviedo.es\/fincorp\/wp-content\/uploads\/2023\/03\/Charla-CEPA-Gijon-1024x461.jpg\" alt=\"\" class=\"wp-image-1508\" style=\"width:auto;height:250px\" srcset=\"https:\/\/www.unioviedo.es\/fincorp\/wp-content\/uploads\/2023\/03\/Charla-CEPA-Gijon-1024x461.jpg 1024w, https:\/\/www.unioviedo.es\/fincorp\/wp-content\/uploads\/2023\/03\/Charla-CEPA-Gijon-300x135.jpg 300w, https:\/\/www.unioviedo.es\/fincorp\/wp-content\/uploads\/2023\/03\/Charla-CEPA-Gijon-768x346.jpg 768w, https:\/\/www.unioviedo.es\/fincorp\/wp-content\/uploads\/2023\/03\/Charla-CEPA-Gijon-1536x691.jpg 1536w, https:\/\/www.unioviedo.es\/fincorp\/wp-content\/uploads\/2023\/03\/Charla-CEPA-Gijon.jpg 2000w\" sizes=\"auto, (max-width: 1024px) 100vw, 1024px\" \/><figcaption class=\"wp-element-caption\">CEPA Gij\u00f3n<\/figcaption><\/figure>\n<\/div>\n\n\n\n<div class=\"wp-block-group is-content-justification-left is-nowrap is-layout-flex wp-container-core-group-is-layout-f56a869c wp-block-group-is-layout-flex\">\n<figure class=\"wp-block-image size-full is-resized\"><img loading=\"lazy\" decoding=\"async\" width=\"748\" height=\"999\" src=\"http:\/\/www.unioviedo.es\/fincorp\/wp-content\/uploads\/2023\/02\/Charla-Colegio-Virgen-Reina-Gijon.jpg\" alt=\"\" class=\"wp-image-684\" style=\"width:auto;height:400px\" srcset=\"https:\/\/www.unioviedo.es\/fincorp\/wp-content\/uploads\/2023\/02\/Charla-Colegio-Virgen-Reina-Gijon.jpg 748w, https:\/\/www.unioviedo.es\/fincorp\/wp-content\/uploads\/2023\/02\/Charla-Colegio-Virgen-Reina-Gijon-225x300.jpg 225w\" sizes=\"auto, (max-width: 748px) 100vw, 748px\" \/><figcaption class=\"wp-element-caption\">Colegio Virgen Reina<\/figcaption><\/figure>\n\n\n\n<figure class=\"wp-block-image size-large is-resized\"><img loading=\"lazy\" decoding=\"async\" width=\"1024\" height=\"768\" src=\"http:\/\/www.unioviedo.es\/fincorp\/wp-content\/uploads\/2023\/02\/Charla-CEPA-El-Fontan-Oviedo-1024x768.jpg\" alt=\"\" class=\"wp-image-685\" style=\"width:auto;height:400px\" srcset=\"https:\/\/www.unioviedo.es\/fincorp\/wp-content\/uploads\/2023\/02\/Charla-CEPA-El-Fontan-Oviedo-1024x768.jpg 1024w, https:\/\/www.unioviedo.es\/fincorp\/wp-content\/uploads\/2023\/02\/Charla-CEPA-El-Fontan-Oviedo-300x225.jpg 300w, https:\/\/www.unioviedo.es\/fincorp\/wp-content\/uploads\/2023\/02\/Charla-CEPA-El-Fontan-Oviedo-768x576.jpg 768w, https:\/\/www.unioviedo.es\/fincorp\/wp-content\/uploads\/2023\/02\/Charla-CEPA-El-Fontan-Oviedo-1536x1152.jpg 1536w, https:\/\/www.unioviedo.es\/fincorp\/wp-content\/uploads\/2023\/02\/Charla-CEPA-El-Fontan-Oviedo-2048x1536.jpg 2048w\" sizes=\"auto, (max-width: 1024px) 100vw, 1024px\" \/><figcaption class=\"wp-element-caption\">CEPA El Font\u00e1n<\/figcaption><\/figure>\n<\/div>\n\n\n\n<div class=\"wp-block-group is-nowrap is-layout-flex wp-container-core-group-is-layout-ad2f72ca wp-block-group-is-layout-flex\">\n<figure class=\"wp-block-image size-large is-resized\"><img loading=\"lazy\" decoding=\"async\" width=\"1024\" height=\"713\" src=\"http:\/\/www.unioviedo.es\/fincorp\/wp-content\/uploads\/2023\/02\/Charla-IES-No-1-Gijon-1024x713.jpg\" alt=\"\" class=\"wp-image-686\" style=\"aspect-ratio:1.4433333333333334;object-fit:cover;width:auto;height:360px\" srcset=\"https:\/\/www.unioviedo.es\/fincorp\/wp-content\/uploads\/2023\/02\/Charla-IES-No-1-Gijon-1024x713.jpg 1024w, https:\/\/www.unioviedo.es\/fincorp\/wp-content\/uploads\/2023\/02\/Charla-IES-No-1-Gijon-300x209.jpg 300w, https:\/\/www.unioviedo.es\/fincorp\/wp-content\/uploads\/2023\/02\/Charla-IES-No-1-Gijon-768x535.jpg 768w, https:\/\/www.unioviedo.es\/fincorp\/wp-content\/uploads\/2023\/02\/Charla-IES-No-1-Gijon-1536x1070.jpg 1536w, https:\/\/www.unioviedo.es\/fincorp\/wp-content\/uploads\/2023\/02\/Charla-IES-No-1-Gijon-2048x1426.jpg 2048w\" sizes=\"auto, (max-width: 1024px) 100vw, 1024px\" \/><figcaption class=\"wp-element-caption\">IES N\u00ba 1<\/figcaption><\/figure>\n\n\n\n<figure class=\"wp-block-image size-full is-resized\"><img loading=\"lazy\" decoding=\"async\" width=\"767\" height=\"817\" src=\"http:\/\/www.unioviedo.es\/fincorp\/wp-content\/uploads\/2023\/03\/Noche-Europea-de-los-Investigadores-e-Investigadoras.jpg\" alt=\"\" class=\"wp-image-745\" style=\"aspect-ratio:0.94;object-fit:cover;width:auto;height:360px\" srcset=\"https:\/\/www.unioviedo.es\/fincorp\/wp-content\/uploads\/2023\/03\/Noche-Europea-de-los-Investigadores-e-Investigadoras.jpg 767w, https:\/\/www.unioviedo.es\/fincorp\/wp-content\/uploads\/2023\/03\/Noche-Europea-de-los-Investigadores-e-Investigadoras-282x300.jpg 282w\" sizes=\"auto, (max-width: 767px) 100vw, 767px\" \/><figcaption class=\"wp-element-caption\">Noche Europea de los Investigadores 2022<\/figcaption><\/figure>\n<\/div>\n<\/div><\/div>\n\n\n\n<div style=\"height:15px\" aria-hidden=\"true\" class=\"wp-block-spacer\"><\/div>\n\n\n\n<h2 class=\"wp-block-heading\">Comunicaciones en congresos de educaci\u00f3n e innovaci\u00f3n<\/h2>\n\n\n\n<ul class=\"wp-block-list\">\n<li><strong>Mart\u00ednez-Garc\u00eda, I., L\u00f3pez-Rodr\u00edguez F. &amp; G\u00f3mez-Ans\u00f3n S. (2023): \u00abMis finanzas, \u00bfc\u00f3mo cuidarlas?: promoviendo la educaci\u00f3n financiera para reducir las desigualdades\u00bb<\/strong>, II Edici\u00f3n del Congreso Internacional en Innovaci\u00f3n Docente, Educaci\u00f3n y Transferencia del Conocimiento (CIINECO), <em>online<\/em>, 12 de abril de 2023. <a rel=\"noreferrer noopener\" href=\"https:\/\/www.youtube.com\/watch?v=x218SlRr_hE\" target=\"_blank\">https:\/\/www.youtube.com\/watch?v=x218SlRr_hE<\/a><\/li>\n\n\n\n<li><strong>Mart\u00ednez-Garc\u00eda, I. &amp; Llamedo-Pandiella, G. (2022): \u00abAprendizaje para la vida desde la Roman\u00edstica y la Econom\u00eda Financiera\u00bb<\/strong>, Edunovatic 2022, VII Congreso Virtual Internacional de Educaci\u00f3n, Innovaci\u00f3n y TIC, <em>online<\/em>, diciembre de 2022 (comunicaci\u00f3n escrita).<\/li>\n\n\n\n<li><strong>Llamedo-Pandiella, G. &amp; Mart\u00ednez-Garc\u00eda, I. (2022): \u00ab\u00bfCiencia o apariencia? Educaci\u00f3n financiera y Educaci\u00f3n socioling\u00fc\u00edstica para familias\u00bb<\/strong>, Edunovatic 2022, VII Congreso Virtual Internacional de Educaci\u00f3n, Innovaci\u00f3n y TIC, <em>online<\/em>, diciembre de 2022 (comunicaci\u00f3n escrita).<\/li>\n<\/ul>\n\n\n\n<h2 class=\"wp-block-heading\">Talleres a docentes<\/h2>\n\n\n\n<ul class=\"wp-block-list\">\n<li><strong>\u00abCreando juegos transversales para combatir la desinformaci\u00f3n\u00bb<\/strong>, 2\u00aa Trobada de Centres Innovadors a Tarragona, Red DIM-EDU y Universitat Rovira Virgili, <em>online<\/em>, 1 de marzo de 2023.<\/li>\n<\/ul>\n\n\n\n<h2 class=\"wp-block-heading\">Proyectos de innovaci\u00f3n docente<\/h2>\n\n\n\n<ul class=\"wp-block-list\">\n<li><strong>\u00abFinEduca360: J\u00f3venes para J\u00f3venes\u00bb<\/strong>, Instituto de Investigaci\u00f3n e Innovaci\u00f3n Educativa,&nbsp;Vicerrectorado de Pol\u00edticas del Profesorado de la Universidad de Oviedo.&nbsp;Profesoras responsables: S. G\u00f3mez Ans\u00f3n e I. Mart\u00ednez Garc\u00eda. Cursos 2023-2024 y 2024-2025.<\/li>\n<\/ul>\n","protected":false},"excerpt":{"rendered":"<p>Docencia universitaria Durante los \u00faltimos a\u00f1os se han dirigido distintos Trabajos Fin de Grado sobre educaci\u00f3n financiera en la Facultad de Econom\u00eda y Empresa de la Universidad de Oviedo, entre los cuales destacan: Docencia a lo largo de la vida Comunicaciones en congresos de educaci\u00f3n e innovaci\u00f3n Talleres a docentes Proyectos de innovaci\u00f3n docente<\/p>\n","protected":false},"author":1,"featured_media":0,"parent":1977,"menu_order":2,"comment_status":"closed","ping_status":"closed","template":"","meta":{"neve_meta_sidebar":"","neve_meta_container":"default","neve_meta_enable_content_width":"","neve_meta_content_width":0,"neve_meta_title_alignment":"left","neve_meta_author_avatar":"","neve_post_elements_order":"","neve_meta_disable_header":"","neve_meta_disable_footer":"","neve_meta_disable_title":"","footnotes":""},"class_list":["post-1985","page","type-page","status-publish","hentry"],"_links":{"self":[{"href":"https:\/\/www.unioviedo.es\/fincorp\/index.php\/wp-json\/wp\/v2\/pages\/1985","targetHints":{"allow":["GET"]}}],"collection":[{"href":"https:\/\/www.unioviedo.es\/fincorp\/index.php\/wp-json\/wp\/v2\/pages"}],"about":[{"href":"https:\/\/www.unioviedo.es\/fincorp\/index.php\/wp-json\/wp\/v2\/types\/page"}],"author":[{"embeddable":true,"href":"https:\/\/www.unioviedo.es\/fincorp\/index.php\/wp-json\/wp\/v2\/users\/1"}],"replies":[{"embeddable":true,"href":"https:\/\/www.unioviedo.es\/fincorp\/index.php\/wp-json\/wp\/v2\/comments?post=1985"}],"version-history":[{"count":37,"href":"https:\/\/www.unioviedo.es\/fincorp\/index.php\/wp-json\/wp\/v2\/pages\/1985\/revisions"}],"predecessor-version":[{"id":2955,"href":"https:\/\/www.unioviedo.es\/fincorp\/index.php\/wp-json\/wp\/v2\/pages\/1985\/revisions\/2955"}],"up":[{"embeddable":true,"href":"https:\/\/www.unioviedo.es\/fincorp\/index.php\/wp-json\/wp\/v2\/pages\/1977"}],"wp:attachment":[{"href":"https:\/\/www.unioviedo.es\/fincorp\/index.php\/wp-json\/wp\/v2\/media?parent=1985"}],"curies":[{"name":"wp","href":"https:\/\/api.w.org\/{rel}","templated":true}]}}