{"id":2000,"date":"2023-09-22T13:59:01","date_gmt":"2023-09-22T13:59:01","guid":{"rendered":"https:\/\/www.unioviedo.es\/fincorp\/?page_id=2000"},"modified":"2024-02-23T10:29:27","modified_gmt":"2024-02-23T10:29:27","slug":"fineduca360-investigacion-y-transferencia","status":"publish","type":"page","link":"https:\/\/www.unioviedo.es\/fincorp\/index.php\/fineduca360\/fineduca360-investigacion-y-transferencia\/","title":{"rendered":"FinEduca360: Investigaci\u00f3n y transferencia"},"content":{"rendered":"\n<h2 class=\"wp-block-heading\">Proyectos y contratos<\/h2>\n\n\n\n<ul class=\"wp-block-list\">\n<li><strong>Salud Financiera y Violencias Econ\u00f3micas: normativa y estado de la cuesti\u00f3n<\/strong>.<\/li>\n<\/ul>\n\n\n\n<div class=\"wp-block-group is-vertical is-layout-flex wp-container-core-group-is-layout-8cf370e7 wp-block-group-is-layout-flex\">\n<p>Entidad: Fundaci\u00f3n Nantik Lum [FUO-24-004].<\/p>\n\n\n\n<p>Duraci\u00f3n: enero-septiembre 2024 (9 meses).<\/p>\n\n\n\n<p>Investigadora principal: Silvia G\u00f3mez Ans\u00f3n.<\/p>\n\n\n\n<p>Investigadores: Silvia G\u00f3mez Ans\u00f3n, Javier Gonz\u00e1lez-Vega, Mar\u00eda Sacrist\u00e1n Navarro, Irma Mart\u00ednez Garc\u00eda y M\u00aa Paz Fern\u00e1ndez-Rivera Gonz\u00e1lez.<\/p>\n<\/div>\n\n\n\n<ul class=\"wp-block-list\">\n<li><strong>Educaci\u00f3n Financiera: planes y pol\u00edticas en la OCDE<\/strong>.<\/li>\n<\/ul>\n\n\n\n<div class=\"wp-block-group is-vertical is-layout-flex wp-container-core-group-is-layout-8cf370e7 wp-block-group-is-layout-flex\">\n<p>Entidad: Funcas [FUO23-339].<\/p>\n\n\n\n<p>Duraci\u00f3n: noviembre 2023-enero 2025 (1 a\u00f1o 2 meses).<\/p>\n\n\n\n<p>Investigadora principal: Silvia G\u00f3mez Ans\u00f3n.<\/p>\n\n\n\n<p>Investigadoras: Silvia G\u00f3mez Ans\u00f3n e Irma Mart\u00ednez Garc\u00eda.<\/p>\n<\/div>\n\n\n\n<ul class=\"wp-block-list\">\n<li><strong>Educaci\u00f3n financiera: avances y desaf\u00edos<\/strong>.<\/li>\n<\/ul>\n\n\n\n<div class=\"wp-block-group is-vertical is-layout-flex wp-container-core-group-is-layout-8cf370e7 wp-block-group-is-layout-flex\">\n<p>Entidad: Bolsas y Mercados Espa\u00f1oles, Sociedad Holding de Mercados y Sistemas Financieros, S.A..<\/p>\n\n\n\n<p>Duraci\u00f3n: septiembre 2023 \u2013 enero 2024 (4 meses).<\/p>\n\n\n\n<p>Investigadoras: Irma Mart\u00ednez Garc\u00eda y Silvia G\u00f3mez Ans\u00f3n.<\/p>\n<\/div>\n\n\n\n<ul class=\"wp-block-list\">\n<li><strong>Educaci\u00f3n financiera en la educaci\u00f3n secundaria obligatoria: impacto de la normativa, los programas de educaci\u00f3n financiera y desigualdades territoriales<\/strong>.<\/li>\n<\/ul>\n\n\n\n<div class=\"wp-block-group is-vertical is-layout-flex wp-container-core-group-is-layout-8cf370e7 wp-block-group-is-layout-flex\">\n<p>Entidad: III Convocatoria de Ayudas a la Investigaci\u00f3n en Educaci\u00f3n Financiera, FUNCAS, [FUO-FUO-071-22].<\/p>\n\n\n\n<p>Duraci\u00f3n: diciembre 2021-noviembre 2022 (1 a\u00f1o).<\/p>\n\n\n\n<p>Investigadora principal: Silvia G\u00f3mez Ans\u00f3n.<\/p>\n\n\n\n<p>Investigadoras: Silvia G\u00f3mez Ans\u00f3n e Irma Mart\u00ednez Garc\u00eda.<\/p>\n<\/div>\n\n\n\n<div style=\"height:35px\" aria-hidden=\"true\" class=\"wp-block-spacer\"><\/div>\n\n\n\n<h2 class=\"wp-block-heading\">Congresos<\/h2>\n\n\n\n<ul class=\"wp-block-list\">\n<li><strong>Mart\u00ednez-Garc\u00eda, I., L\u00f3pez-Rodr\u00edguez F. &amp; G\u00f3mez-Ans\u00f3n S.: \u00abEducation norms as policies to promote financial literacy: are they effective?\u00bb<\/strong>, Academic Conference on Financial Literacy Research (organizada por la Comisi\u00f3n Europea, la FSMA y la KU Leaven), 21 de febrero de 2024.<\/li>\n\n\n\n<li><strong>Mart\u00ednez-Garc\u00eda, I., L\u00f3pez-Rodr\u00edguez F. &amp; G\u00f3mez-Ans\u00f3n S.: \u00abEducation norms as policies to promote financial literacy: are they effective?\u00bb<\/strong>, 12\u00aa Conferencia Internacional de la Iberoamerican Academy of Management, diciembre de 2023.<\/li>\n\n\n\n<li><strong>Mart\u00ednez-Garc\u00eda, I., L\u00f3pez-Rodr\u00edguez F. &amp; G\u00f3mez-Ans\u00f3n S.: \u00abEducation norms as policies to promote financial literacy: are they effective?\u00bb<\/strong>, 30\u00ba Foro de Finanzas de la AEFIN, M\u00e1laga, 7 de julio de 2023.<\/li>\n<\/ul>\n\n\n\n<div style=\"height:35px\" aria-hidden=\"true\" class=\"wp-block-spacer\"><\/div>\n\n\n\n<h2 class=\"wp-block-heading\">Publicaciones<\/h2>\n\n\n\n<ul class=\"wp-block-list\">\n<li>Mart\u00ednez-Garc\u00eda, I., &amp; G\u00f3mez-Ans\u00f3n, S. (2023). <em>Educaci\u00f3n financiera: avances y desaf\u00edos de la investigaci\u00f3n<\/em>. Bolsas y Mercados Espa\u00f1oles. <a rel=\"noreferrer noopener\" href=\"https:\/\/www.bolsasymercados.es\/docs\/BME\/docsSubidos\/Estudios-Articulos\/BME-Educacion-Financiera-avances-desafios-investigacion.pdf\" target=\"_blank\">https:\/\/www.bolsasymercados.es\/docs\/BME\/docsSubidos\/Estudios-Articulos\/BME-Educacion-Financiera-avances-desafios-investigacion.pdf<\/a><\/li>\n\n\n\n<li>Mart\u00ednez-Garc\u00eda, I., L\u00f3pez-Rodr\u00edguez, F., &amp; G\u00f3mez-Ans\u00f3n, S. (2023). <em>Educaci\u00f3n financiera en la Educaci\u00f3n Secundaria Obligatoria: impacto de la normativa, los programas de educaci\u00f3n financiera y desigualdades territoriales<\/em>. Funcas. <a rel=\"noreferrer noopener\" href=\"https:\/\/www.funcas.es\/libro\/educacion-financiera-en-la-educacion-secundaria-obligatoria-impacto-de-la-normativa-los-programas-de-educacion-financiera-y-desigualdades-territoriales\/\" target=\"_blank\">https:\/\/www.funcas.es\/libro\/educacion-financiera-en-la-educacion-secundaria-obligatoria-impacto-de-la-normativa-los-programas-de-educacion-financiera-y-desigualdades-territoriales\/<\/a><\/li>\n\n\n\n<li>Llamedo-Pandiella, G. &amp; Mart\u00ednez-Garc\u00eda, I. (2022). \u00bfCiencia o apariencia? Educaci\u00f3n financiera y Educaci\u00f3n socioling\u00fc\u00edstica para familias.&nbsp;En<em> <\/em>REDINE,<em> <\/em>(Ed.), <em>Conference Proceedings EDUNOVATIC 2022&nbsp;<\/em>(pp. 357-362). Adaya Press. ISBN: 978-84-124511-7-7. doi: 10.58909\/ad22447986.<\/li>\n\n\n\n<li>Mart\u00ednez-Garc\u00eda, I. &amp; Llamedo-Pandiella, G. (2022). Aprendizaje para la vida desde la Roman\u00edstica y la Econom\u00eda Financiera. En&nbsp;REDINE (Ed.), <em>Conference Proceedings EDUNOVATIC 2022<\/em>&nbsp;(pp. 374-375). Adaya Press. ISBN: 978-84-124511-7-7. doi: 10.58909\/ad22447986.<\/li>\n<\/ul>\n","protected":false},"excerpt":{"rendered":"<p>Proyectos y contratos Entidad: Fundaci\u00f3n Nantik Lum [FUO-24-004]. Duraci\u00f3n: enero-septiembre 2024 (9 meses). Investigadora principal: Silvia G\u00f3mez Ans\u00f3n. Investigadores: Silvia G\u00f3mez Ans\u00f3n, Javier Gonz\u00e1lez-Vega, Mar\u00eda Sacrist\u00e1n Navarro, Irma Mart\u00ednez Garc\u00eda y M\u00aa Paz Fern\u00e1ndez-Rivera Gonz\u00e1lez. Entidad: Funcas [FUO23-339]. Duraci\u00f3n: noviembre 2023-enero 2025 (1 a\u00f1o 2 meses). Investigadora principal: Silvia G\u00f3mez Ans\u00f3n. Investigadoras: Silvia G\u00f3mez Ans\u00f3n&hellip;&nbsp;<a href=\"https:\/\/www.unioviedo.es\/fincorp\/index.php\/fineduca360\/fineduca360-investigacion-y-transferencia\/\" rel=\"bookmark\">Leer m\u00e1s &raquo;<span class=\"screen-reader-text\">FinEduca360: Investigaci\u00f3n y transferencia<\/span><\/a><\/p>\n","protected":false},"author":1,"featured_media":0,"parent":1977,"menu_order":2,"comment_status":"closed","ping_status":"closed","template":"","meta":{"neve_meta_sidebar":"","neve_meta_container":"default","neve_meta_enable_content_width":"","neve_meta_content_width":0,"neve_meta_title_alignment":"","neve_meta_author_avatar":"","neve_post_elements_order":"","neve_meta_disable_header":"","neve_meta_disable_footer":"","neve_meta_disable_title":"","footnotes":""},"class_list":["post-2000","page","type-page","status-publish","hentry"],"_links":{"self":[{"href":"https:\/\/www.unioviedo.es\/fincorp\/index.php\/wp-json\/wp\/v2\/pages\/2000","targetHints":{"allow":["GET"]}}],"collection":[{"href":"https:\/\/www.unioviedo.es\/fincorp\/index.php\/wp-json\/wp\/v2\/pages"}],"about":[{"href":"https:\/\/www.unioviedo.es\/fincorp\/index.php\/wp-json\/wp\/v2\/types\/page"}],"author":[{"embeddable":true,"href":"https:\/\/www.unioviedo.es\/fincorp\/index.php\/wp-json\/wp\/v2\/users\/1"}],"replies":[{"embeddable":true,"href":"https:\/\/www.unioviedo.es\/fincorp\/index.php\/wp-json\/wp\/v2\/comments?post=2000"}],"version-history":[{"count":13,"href":"https:\/\/www.unioviedo.es\/fincorp\/index.php\/wp-json\/wp\/v2\/pages\/2000\/revisions"}],"predecessor-version":[{"id":2589,"href":"https:\/\/www.unioviedo.es\/fincorp\/index.php\/wp-json\/wp\/v2\/pages\/2000\/revisions\/2589"}],"up":[{"embeddable":true,"href":"https:\/\/www.unioviedo.es\/fincorp\/index.php\/wp-json\/wp\/v2\/pages\/1977"}],"wp:attachment":[{"href":"https:\/\/www.unioviedo.es\/fincorp\/index.php\/wp-json\/wp\/v2\/media?parent=2000"}],"curies":[{"name":"wp","href":"https:\/\/api.w.org\/{rel}","templated":true}]}}