{"id":2032,"date":"2023-09-25T07:57:29","date_gmt":"2023-09-25T07:57:29","guid":{"rendered":"https:\/\/www.unioviedo.es\/fincorp\/?page_id=2032"},"modified":"2024-09-23T13:40:37","modified_gmt":"2024-09-23T13:40:37","slug":"fineduca360-teaching","status":"publish","type":"page","link":"https:\/\/www.unioviedo.es\/fincorp\/index.php\/en\/fineduca360-en\/fineduca360-teaching\/","title":{"rendered":"FinEduca360: Teaching"},"content":{"rendered":"\n<h2 class=\"wp-block-heading\">University teaching<\/h2>\n\n\n\n<p>During the last few years, several Bachelor&#8217;s Theses on financial education have been directed at the Faculty of Economics and Business of the University of Oviedo, among which the following stand out:<\/p>\n\n\n\n<ul class=\"wp-block-list\">\n<li><strong>Alejandro Gamez Naves: \u00abEstrategias de comunicaci\u00f3n de iniciativas de Educaci\u00f3n Financiera en la Uni\u00f3n Europea: An\u00e1lisis Comparativo entre Espa\u00f1a, Alemania y Pa\u00edses Bajos\u00bb<\/strong>, Bachelor\u2019s Degree in Management and Business Administration, July 2024.<\/li>\n\n\n\n<li><strong>Alba Rubio Celorio: \u00abSalud Financiera y la Mujer\u00bb<\/strong>, PCEO Bachelor\u2019s Degree in Management and Business Administration\/Bachelor\u2019s Degree in Law, July 2024.<\/li>\n\n\n\n<li><strong>Marcos Gonz\u00e1lez \u00c1lvarez: \u00abLa Educaci\u00f3n Financiera en Espa\u00f1a: Planes y programas, especial referencia a los Colectivos Vulnerables\u00bb<\/strong>, PCEO Bachelor\u2019s Degree in Management and Business Administration\/Bachelor\u2019s Degree in Law, June 2024.<\/li>\n\n\n\n<li><strong>Elena Moro Ur\u00eda: \u00abEducaci\u00f3n Financiera\u00bb<\/strong>, PCEO Bachelor\u2019s Degree in Management and Business Administration\/Bachelor\u2019s Degree in Law, July 2023.<\/li>\n\n\n\n<li><strong>Claudia Villa Garc\u00eda: \u00abEducaci\u00f3n financiera y personas mayores: un an\u00e1lisis del caso espa\u00f1ol\u00bb<\/strong>, PCEO Bachelor\u2019s Degree in Management and Business Administration\/Bachelor\u2019s Degree in Law, July 2023.<\/li>\n\n\n\n<li><strong>Paula Garc\u00eda Hernantes: \u00abEl nivel de educaci\u00f3n financiera en Espa\u00f1a: factores determinantes. An\u00e1lisis de la normativa con el curr\u00edculo educativo de los estudiantes de secundaria\u00bb<\/strong>, PCEO Bachelor\u2019s Degree in Management and Business Administration\/Bachelor\u2019s Degree in Law, July 2022.<\/li>\n\n\n\n<li><strong>Daniel S\u00e1nchez Ur\u00eda: \u00abCompetencias financieras en la educaci\u00f3n secundaria obligatoria: Efecto del Real Decreto 1105\/2014\u00bb<\/strong>, Bachelor\u2019s Degree in Management and Business Administration, July 2022.<\/li>\n<\/ul>\n\n\n\n<h2 class=\"wp-block-heading\">Lifelong teaching<\/h2>\n\n\n\n<ul class=\"wp-block-list\">\n<li><strong>\u00abThe financial 50+: Personal finance and financial health at maturity\u00bb<\/strong>, PUMUO 2024-2025 course.<\/li>\n\n\n\n<li><strong>Science Tour 2023, talk \u00abMy finances: how to take care of them?\u00bb<\/strong>: CEPA Gij\u00f3n, different courses of ESO for adults, March 22, 2023; IES P\u00e9rez de Ayala, Oviedo, 1<sup>st<\/sup> Baccalaureate, April 27, 2023; CDTL de Castropol, November 20, 2023; CDTL de Taramundi, November 21, 2023; and CPEB de Colombres, 3<sup>th<\/sup> and 4<sup>th<\/sup> ESO, December 20, 2023.<\/li>\n\n\n\n<li><strong>XXIII Science and Innovation Week of the University of Oviedo, Science Day at my School, talk \u00ab<strong>Mis finanzas: \u00bfc\u00f3mo cuidarlas<\/strong>\u00ab<\/strong>: IES Doctor Fleming, Oviedo, 4<sup>th<\/sup> ESO, November 8, 2023; IES Valle de Aller, Moreda, 4<sup>th<\/sup> ESO y 1<sup>st<\/sup> Baccalaureate, November 8, 2023; CEPA del Caudal, Mieres, different courses of ESO for adults, November 9, 2023; and CRA de Viella, Faes and Viella, 5<sup>th<\/sup> and 6<sup>th<\/sup> Primary Education, November 9, 2023.<\/li>\n\n\n\n<li><strong>European Researchers&#8217; Night of the University of Oviedo, activity \u00ab\u00bfHai derechu o no hay derecho? Combate la vulnerabilidad ling\u00fc\u00edstica, econ\u00f3mica y jur\u00eddica\u00bb<\/strong>,&nbsp;September 29, 2023.<\/li>\n\n\n\n<li><strong>XXII Science and Innovation Week of the University of Oviedo, Science Day at my School, talk \u00abMy finances: how to take care of them?\u00bb<\/strong>: IES N\u00ba 1, Gij\u00f3n, 1<sup>st<\/sup> Baccalaureate, November 11, 2022; CEPA El Font\u00e1n, Oviedo, 3<sup>rd<\/sup> ESO for adults, November 16, 2022; and Colegio Virgen Reina, Gij\u00f3n, 2<sup>th<\/sup> ESO, November 16, 2022.<\/li>\n\n\n\n<li><strong>European Researchers&#8217; Night of the University of Oviedo, activity \u00ab\u00a1Menudo bulo! Encuentra las mentiras desde las lenguas romances hasta tus finanzas personales\u00bb<\/strong>, September 30, 2022.<\/li>\n<\/ul>\n\n\n\n<div class=\"wp-block-group\"><div class=\"wp-block-group__inner-container is-layout-constrained wp-block-group-is-layout-constrained\">\n<div class=\"wp-block-group is-content-justification-left is-nowrap is-layout-flex wp-container-core-group-is-layout-f56a869c wp-block-group-is-layout-flex\">\n<figure class=\"wp-block-image size-large is-resized\"><img loading=\"lazy\" decoding=\"async\" width=\"1024\" height=\"473\" src=\"https:\/\/www.unioviedo.es\/fincorp\/wp-content\/uploads\/2024\/01\/Charla-Taramundi-2023-1024x473.jpg\" alt=\"\" class=\"wp-image-2486\" style=\"width:auto;height:260px\" srcset=\"https:\/\/www.unioviedo.es\/fincorp\/wp-content\/uploads\/2024\/01\/Charla-Taramundi-2023-1024x473.jpg 1024w, https:\/\/www.unioviedo.es\/fincorp\/wp-content\/uploads\/2024\/01\/Charla-Taramundi-2023-300x139.jpg 300w, https:\/\/www.unioviedo.es\/fincorp\/wp-content\/uploads\/2024\/01\/Charla-Taramundi-2023-768x355.jpg 768w, https:\/\/www.unioviedo.es\/fincorp\/wp-content\/uploads\/2024\/01\/Charla-Taramundi-2023-1536x709.jpg 1536w, https:\/\/www.unioviedo.es\/fincorp\/wp-content\/uploads\/2024\/01\/Charla-Taramundi-2023-2048x946.jpg 2048w\" sizes=\"auto, (max-width: 1024px) 100vw, 1024px\" \/><figcaption class=\"wp-element-caption\">CDTL de Taramundi<\/figcaption><\/figure>\n\n\n\n<figure class=\"wp-block-image size-large is-resized\"><img loading=\"lazy\" decoding=\"async\" width=\"1024\" height=\"984\" src=\"https:\/\/www.unioviedo.es\/fincorp\/wp-content\/uploads\/2024\/01\/Charla-Castropol-2023-1024x984.jpeg\" alt=\"\" class=\"wp-image-2488\" style=\"width:auto;height:260px\" srcset=\"https:\/\/www.unioviedo.es\/fincorp\/wp-content\/uploads\/2024\/01\/Charla-Castropol-2023-1024x984.jpeg 1024w, https:\/\/www.unioviedo.es\/fincorp\/wp-content\/uploads\/2024\/01\/Charla-Castropol-2023-300x288.jpeg 300w, https:\/\/www.unioviedo.es\/fincorp\/wp-content\/uploads\/2024\/01\/Charla-Castropol-2023-768x738.jpeg 768w, https:\/\/www.unioviedo.es\/fincorp\/wp-content\/uploads\/2024\/01\/Charla-Castropol-2023-1536x1476.jpeg 1536w, https:\/\/www.unioviedo.es\/fincorp\/wp-content\/uploads\/2024\/01\/Charla-Castropol-2023.jpeg 1600w\" sizes=\"auto, (max-width: 1024px) 100vw, 1024px\" \/><figcaption class=\"wp-element-caption\">CDTL de Castropol<\/figcaption><\/figure>\n<\/div>\n\n\n\n<div class=\"wp-block-group is-nowrap is-layout-flex wp-container-core-group-is-layout-ad2f72ca wp-block-group-is-layout-flex\">\n<figure class=\"wp-block-image size-full is-resized\"><img loading=\"lazy\" decoding=\"async\" width=\"623\" height=\"467\" src=\"http:\/\/www.unioviedo.es\/fincorp\/wp-content\/uploads\/2023\/10\/Noche-Europea-de-los-Investigadores-e-Investigadoras-2023.jpg\" alt=\"\" class=\"wp-image-2229\" style=\"width:auto;height:250px\" srcset=\"https:\/\/www.unioviedo.es\/fincorp\/wp-content\/uploads\/2023\/10\/Noche-Europea-de-los-Investigadores-e-Investigadoras-2023.jpg 623w, https:\/\/www.unioviedo.es\/fincorp\/wp-content\/uploads\/2023\/10\/Noche-Europea-de-los-Investigadores-e-Investigadoras-2023-300x225.jpg 300w\" sizes=\"auto, (max-width: 623px) 100vw, 623px\" \/><figcaption class=\"wp-element-caption\">European Researchers&#8217; Night 2023<\/figcaption><\/figure>\n\n\n\n<figure class=\"wp-block-image size-large is-resized\"><img loading=\"lazy\" decoding=\"async\" width=\"1024\" height=\"461\" src=\"http:\/\/www.unioviedo.es\/fincorp\/wp-content\/uploads\/2023\/03\/Charla-CEPA-Gijon-1024x461.jpg\" alt=\"\" class=\"wp-image-1508\" style=\"width:auto;height:250px\" srcset=\"https:\/\/www.unioviedo.es\/fincorp\/wp-content\/uploads\/2023\/03\/Charla-CEPA-Gijon-1024x461.jpg 1024w, https:\/\/www.unioviedo.es\/fincorp\/wp-content\/uploads\/2023\/03\/Charla-CEPA-Gijon-300x135.jpg 300w, https:\/\/www.unioviedo.es\/fincorp\/wp-content\/uploads\/2023\/03\/Charla-CEPA-Gijon-768x346.jpg 768w, https:\/\/www.unioviedo.es\/fincorp\/wp-content\/uploads\/2023\/03\/Charla-CEPA-Gijon-1536x691.jpg 1536w, https:\/\/www.unioviedo.es\/fincorp\/wp-content\/uploads\/2023\/03\/Charla-CEPA-Gijon.jpg 2000w\" sizes=\"auto, (max-width: 1024px) 100vw, 1024px\" \/><figcaption class=\"wp-element-caption\">CEPA Gij\u00f3n<\/figcaption><\/figure>\n<\/div>\n\n\n\n<div class=\"wp-block-group is-content-justification-left is-nowrap is-layout-flex wp-container-core-group-is-layout-f56a869c wp-block-group-is-layout-flex\">\n<figure class=\"wp-block-image size-full is-resized\"><img loading=\"lazy\" decoding=\"async\" width=\"748\" height=\"999\" src=\"http:\/\/www.unioviedo.es\/fincorp\/wp-content\/uploads\/2023\/02\/Charla-Colegio-Virgen-Reina-Gijon.jpg\" alt=\"\" class=\"wp-image-684\" style=\"width:auto;height:400px\" srcset=\"https:\/\/www.unioviedo.es\/fincorp\/wp-content\/uploads\/2023\/02\/Charla-Colegio-Virgen-Reina-Gijon.jpg 748w, https:\/\/www.unioviedo.es\/fincorp\/wp-content\/uploads\/2023\/02\/Charla-Colegio-Virgen-Reina-Gijon-225x300.jpg 225w\" sizes=\"auto, (max-width: 748px) 100vw, 748px\" \/><figcaption class=\"wp-element-caption\">Colegio Virgen Reina<\/figcaption><\/figure>\n\n\n\n<figure class=\"wp-block-image size-large is-resized\"><img loading=\"lazy\" decoding=\"async\" width=\"1024\" height=\"768\" src=\"http:\/\/www.unioviedo.es\/fincorp\/wp-content\/uploads\/2023\/02\/Charla-CEPA-El-Fontan-Oviedo-1024x768.jpg\" alt=\"\" class=\"wp-image-685\" style=\"width:auto;height:400px\" srcset=\"https:\/\/www.unioviedo.es\/fincorp\/wp-content\/uploads\/2023\/02\/Charla-CEPA-El-Fontan-Oviedo-1024x768.jpg 1024w, https:\/\/www.unioviedo.es\/fincorp\/wp-content\/uploads\/2023\/02\/Charla-CEPA-El-Fontan-Oviedo-300x225.jpg 300w, https:\/\/www.unioviedo.es\/fincorp\/wp-content\/uploads\/2023\/02\/Charla-CEPA-El-Fontan-Oviedo-768x576.jpg 768w, https:\/\/www.unioviedo.es\/fincorp\/wp-content\/uploads\/2023\/02\/Charla-CEPA-El-Fontan-Oviedo-1536x1152.jpg 1536w, https:\/\/www.unioviedo.es\/fincorp\/wp-content\/uploads\/2023\/02\/Charla-CEPA-El-Fontan-Oviedo-2048x1536.jpg 2048w\" sizes=\"auto, (max-width: 1024px) 100vw, 1024px\" \/><figcaption class=\"wp-element-caption\">CEPA El Font\u00e1n<\/figcaption><\/figure>\n<\/div>\n\n\n\n<div class=\"wp-block-group is-nowrap is-layout-flex wp-container-core-group-is-layout-ad2f72ca wp-block-group-is-layout-flex\">\n<figure class=\"wp-block-image size-large is-resized\"><img loading=\"lazy\" decoding=\"async\" width=\"1024\" height=\"713\" src=\"http:\/\/www.unioviedo.es\/fincorp\/wp-content\/uploads\/2023\/02\/Charla-IES-No-1-Gijon-1024x713.jpg\" alt=\"\" class=\"wp-image-686\" style=\"aspect-ratio:1.4433333333333334;object-fit:cover;width:auto;height:360px\" srcset=\"https:\/\/www.unioviedo.es\/fincorp\/wp-content\/uploads\/2023\/02\/Charla-IES-No-1-Gijon-1024x713.jpg 1024w, https:\/\/www.unioviedo.es\/fincorp\/wp-content\/uploads\/2023\/02\/Charla-IES-No-1-Gijon-300x209.jpg 300w, https:\/\/www.unioviedo.es\/fincorp\/wp-content\/uploads\/2023\/02\/Charla-IES-No-1-Gijon-768x535.jpg 768w, https:\/\/www.unioviedo.es\/fincorp\/wp-content\/uploads\/2023\/02\/Charla-IES-No-1-Gijon-1536x1070.jpg 1536w, https:\/\/www.unioviedo.es\/fincorp\/wp-content\/uploads\/2023\/02\/Charla-IES-No-1-Gijon-2048x1426.jpg 2048w\" sizes=\"auto, (max-width: 1024px) 100vw, 1024px\" \/><figcaption class=\"wp-element-caption\">IES N\u00ba 1<\/figcaption><\/figure>\n\n\n\n<figure class=\"wp-block-image size-full is-resized\"><img loading=\"lazy\" decoding=\"async\" width=\"767\" height=\"817\" src=\"http:\/\/www.unioviedo.es\/fincorp\/wp-content\/uploads\/2023\/03\/Noche-Europea-de-los-Investigadores-e-Investigadoras.jpg\" alt=\"\" class=\"wp-image-745\" style=\"aspect-ratio:0.94;object-fit:cover;width:auto;height:360px\" srcset=\"https:\/\/www.unioviedo.es\/fincorp\/wp-content\/uploads\/2023\/03\/Noche-Europea-de-los-Investigadores-e-Investigadoras.jpg 767w, https:\/\/www.unioviedo.es\/fincorp\/wp-content\/uploads\/2023\/03\/Noche-Europea-de-los-Investigadores-e-Investigadoras-282x300.jpg 282w\" sizes=\"auto, (max-width: 767px) 100vw, 767px\" \/><figcaption class=\"wp-element-caption\">European Researchers&#8217; Night 2022<\/figcaption><\/figure>\n<\/div>\n<\/div><\/div>\n\n\n\n<div style=\"height:15px\" aria-hidden=\"true\" class=\"wp-block-spacer\"><\/div>\n\n\n\n<h2 class=\"wp-block-heading\">Communications at education and innovation conferences<\/h2>\n\n\n\n<ul class=\"wp-block-list\">\n<li><strong>Mart\u00ednez-Garc\u00eda, I., L\u00f3pez-Rodr\u00edguez F. &amp; G\u00f3mez-Ans\u00f3n S.: \u00abMis finanzas, \u00bfc\u00f3mo cuidarlas?: promoviendo la educaci\u00f3n financiera para reducir las desigualdades<\/strong>\u00ab, II Edition of the International Congress on Teaching Innovation, Education and Knowledge Transfer (CIINECO), online, April 12, 2023. <a rel=\"noreferrer noopener\" href=\"https:\/\/www.youtube.com\/watch?v=x218SlRr_hE\" target=\"_blank\">https:\/\/www.youtube.com\/watch?v=x218SlRr_hE<\/a><\/li>\n\n\n\n<li><strong>Mart\u00ednez-Garc\u00eda, I. &amp; Llamedo-Pandiella, G. (2022): \u00abAprendizaje para la vida desde la Roman\u00edstica y la Econom\u00eda Financiera\u00bb<\/strong>, Edunovatic 2022, VII Virtual International Conference on Education, Innovation and ICT, online, December 2022 (written communication).<\/li>\n\n\n\n<li><strong>Llamedo-Pandiella, G. &amp; Mart\u00ednez-Garc\u00eda, I. (2022): \u00ab\u00bfCiencia o apariencia? Educaci\u00f3n financiera y Educaci\u00f3n socioling\u00fc\u00edstica para familias\u00bb<\/strong>, Edunovatic 2022, VII Virtual International Conference on Education, Innovation and ICT, online, December 2022 (written communication).<\/li>\n<\/ul>\n\n\n\n<h2 class=\"wp-block-heading\">Workshops for teachers<\/h2>\n\n\n\n<ul class=\"wp-block-list\">\n<li><strong>\u00abCreando juegos transversales para combatir la desinformaci\u00f3n\u00bb<\/strong>, 2\u00aa Trobada de Centres Innovadors a Tarragona, Red DIM-EDU and Universitat Rovira Virgili, online, March 1, 2023.<\/li>\n<\/ul>\n\n\n\n<h2 class=\"wp-block-heading\">Teaching innovation projects<\/h2>\n\n\n\n<ul class=\"wp-block-list\">\n<li><strong>\u00abFinEduca360: J\u00f3venes para J\u00f3venes\u00bb<\/strong>, Instituto de Investigaci\u00f3n e Innovaci\u00f3n Educativa,&nbsp;Vicerrectorado de Pol\u00edticas del Profesorado de la Universidad de Oviedo.&nbsp;Coordinating teachers: S. G\u00f3mez Ans\u00f3n and I. Mart\u00ednez Garc\u00eda. 2023-2024 and 2024-2025 academic years.<\/li>\n<\/ul>\n","protected":false},"excerpt":{"rendered":"<p>University teaching During the last few years, several Bachelor&#8217;s Theses on financial education have been directed at the Faculty of Economics and Business of the University of Oviedo, among which the following stand out: Lifelong teaching Communications at education and innovation conferences Workshops for teachers Teaching innovation projects<\/p>\n","protected":false},"author":1,"featured_media":0,"parent":2028,"menu_order":2,"comment_status":"closed","ping_status":"closed","template":"","meta":{"neve_meta_sidebar":"","neve_meta_container":"default","neve_meta_enable_content_width":"","neve_meta_content_width":0,"neve_meta_title_alignment":"left","neve_meta_author_avatar":"","neve_post_elements_order":"","neve_meta_disable_header":"","neve_meta_disable_footer":"","neve_meta_disable_title":"","footnotes":""},"class_list":["post-2032","page","type-page","status-publish","hentry"],"_links":{"self":[{"href":"https:\/\/www.unioviedo.es\/fincorp\/index.php\/wp-json\/wp\/v2\/pages\/2032","targetHints":{"allow":["GET"]}}],"collection":[{"href":"https:\/\/www.unioviedo.es\/fincorp\/index.php\/wp-json\/wp\/v2\/pages"}],"about":[{"href":"https:\/\/www.unioviedo.es\/fincorp\/index.php\/wp-json\/wp\/v2\/types\/page"}],"author":[{"embeddable":true,"href":"https:\/\/www.unioviedo.es\/fincorp\/index.php\/wp-json\/wp\/v2\/users\/1"}],"replies":[{"embeddable":true,"href":"https:\/\/www.unioviedo.es\/fincorp\/index.php\/wp-json\/wp\/v2\/comments?post=2032"}],"version-history":[{"count":22,"href":"https:\/\/www.unioviedo.es\/fincorp\/index.php\/wp-json\/wp\/v2\/pages\/2032\/revisions"}],"predecessor-version":[{"id":2954,"href":"https:\/\/www.unioviedo.es\/fincorp\/index.php\/wp-json\/wp\/v2\/pages\/2032\/revisions\/2954"}],"up":[{"embeddable":true,"href":"https:\/\/www.unioviedo.es\/fincorp\/index.php\/wp-json\/wp\/v2\/pages\/2028"}],"wp:attachment":[{"href":"https:\/\/www.unioviedo.es\/fincorp\/index.php\/wp-json\/wp\/v2\/media?parent=2032"}],"curies":[{"name":"wp","href":"https:\/\/api.w.org\/{rel}","templated":true}]}}