{"id":224,"date":"2023-02-16T09:11:09","date_gmt":"2023-02-16T09:11:09","guid":{"rendered":"https:\/\/www.unioviedo.es\/fincorp\/?page_id=224"},"modified":"2025-06-20T11:19:53","modified_gmt":"2025-06-20T11:19:53","slug":"actividades","status":"publish","type":"page","link":"https:\/\/www.unioviedo.es\/fincorp\/index.php\/transferencia\/actividades\/","title":{"rendered":"Actividades"},"content":{"rendered":"\n<h2 class=\"wp-block-heading\">Cursos<\/h2>\n\n\n\n<ul class=\"wp-block-list\">\n<li><strong>Curso Gobierno Corporativo (8\u00aa ed.)<\/strong>: Instituto Iberoamericano de Mercados de Valores y Comisi\u00f3n Nacional del Mercado de Valores, octubre-noviembre de 2023.<\/li>\n\n\n\n<li><strong>Curso Gobierno Corporativo (7\u00aa ed.)<\/strong>: Instituto Iberoamericano de Mercados de Valores y Comisi\u00f3n Nacional del Mercado de Valores, octubre-noviembre de 2022.<\/li>\n\n\n\n<li><strong>Curso Gobierno Corporativo (6\u00aa ed.)<\/strong>: Instituto Iberoamericano de Mercados de Valores y Comisi\u00f3n Nacional del Mercado de Valores, octubre-noviembre de 2021.<\/li>\n\n\n\n<li><strong>Curso Gobierno Corporativo (5\u00aa ed.)<\/strong>: Instituto Iberoamericano de Mercados de Valores y Comisi\u00f3n Nacional del Mercado de Valores, octubre de 2020.<\/li>\n<\/ul>\n\n\n\n<h2 class=\"wp-block-heading\">Seminarios y ponencias<\/h2>\n\n\n\n<ul class=\"wp-block-list\">\n<li><strong>Men\u00e9ndez, E.: \u201cFinanzas sostenibles: perspectiva bancaria\u201d<\/strong>, Ciclo de Di\u00e1logos Sostenibilidad y Liderazgo de la Universidad de Oviedo y de la C\u00e1tedra Concepci\u00f3n Arenal de la Agenda 2030 de la Universidad de Oviedo, 25 de marzo de 2025.&nbsp;<\/li>\n\n\n\n<li><strong>Mart\u00ednez Garc\u00eda, I.:<\/strong> <strong>\u00abLa educaci\u00f3n financiera como pol\u00edtica educativa estatal: \u00bfes efectiva?\u00bb<\/strong>, Programa de seminarios del Departamento de Estudios y Estad\u00edsticas de la Comisi\u00f3n Nacional del Mercado de Valores, Madrid, enero 2024.&nbsp;<\/li>\n\n\n\n<li><strong>G\u00f3mez-Ans\u00f3n, S.:<\/strong> Mujeres Avenir <strong>\u201cContra las violencias econ\u00f3micas\u201d.<\/strong> En colaboraci\u00f3n con BNP Paribas. Mesa Redonda. Club Financiero G\u00e9nova, Madrid, 20 de mayo de 2025.<\/li>\n\n\n\n<li><strong>G\u00f3mez-Ans\u00f3n, S.:<\/strong> La responsabilidad de las instituciones y organizaciones sociales en la lucha contra la violencia econ\u00f3mica&nbsp;<strong>\u201cViolencia econ\u00f3mica: la asignatura pendiente en la erradicaci\u00f3n de la violencia de g\u00e9nero\u201d<\/strong> Mesa Redonda. Fundaci\u00f3n Nantik Lum.&nbsp;<\/li>\n\n\n\n<li><strong>G\u00f3mez-Ans\u00f3n, S.:<\/strong> II Encuentro de C\u00e1tedras Universitarias de Sostenbilidad. Mesa redonda: <strong>\u201cC\u00e1tedras de Agenda 2030\u201d<\/strong>.<\/li>\n\n\n\n<li><strong>G\u00f3mez-Ans\u00f3n, S.:<\/strong> I Encuentro de C\u00e1tedras Universitarias de Sostenibilidad. Mesa redonda: <strong>\u201cC\u00e1tedras de Agenda 2030\u201d.<\/strong>&nbsp;<\/li>\n\n\n\n<li><b>G\u00f3mez-Ans\u00f3n, S.: \u00ab<\/b><strong>Instituciones de Inversi\u00f3n Colectiva<\/strong><b>\u00bb<\/b>, Experiencias en mercados de valores sobre cooperaci\u00f3n e intercambio de informaci\u00f3n, instituciones de inversi\u00f3n colectiva (IIC) y titulizaci\u00f3n, Instituto Iberoamericano de Mercados de Valores, Guatemala, 16 de noviembre de 2023.<\/li>\n\n\n\n<li><b>G\u00f3mez-Ans\u00f3n, S.: \u00ab<\/b><strong>La sostenibilidad en los C\u00f3digos de Gobierno Corporativo: el papel de las comisiones de sostenibilidad<\/strong><b>\u00bb<\/b>, Seminario sobre tendencias en la regulaci\u00f3n y supervisi\u00f3n de los mercados de capitales iberoamericanos, Instituto Iberoamericano de Mercados de Valores, Antigua, 15 de noviembre de 2023.<\/li>\n\n\n\n<li><b>G\u00f3mez-Ans\u00f3n, S.: \u00ab<strong>La sostenibilidad como modelo de negocio para las empresas: la implementaci\u00f3n de los ODS y los Principios del Pacto Mundial en las empresas cotizadas<\/strong>\u00bb<\/b>, Seminario sobre tendencias en la regulaci\u00f3n y supervisi\u00f3n de los mercados de capitales iberoamericanos, Instituto Iberoamericano de Mercados de Valores, Antigua, 14 de noviembre de 2023.<\/li>\n\n\n\n<li><strong>G\u00f3mez-Ans\u00f3n, S.: \u00abLa relaci\u00f3n entre sostenibilidad y rentabilidad\u00bb<\/strong>, Evento 8\u00ba Aniversario de los Objetivos de Desarrollo Sostenible: Hacia la rentabilidad econ\u00f3mica con la Agenda 2030, Pacto Mundial Red Espa\u00f1ola, Barcelona, 27 de septiembre de 2023.<\/li>\n\n\n\n<li><strong>Mart\u00ednez-Garc\u00eda, I.: \u00abODS 4: Garantizar una educaci\u00f3n inclusiva, equitativa y de calidad; ODS 5: Lograr la igualdad entre los g\u00e9neros y empoderar a todas las mujeres y ni\u00f1as\u00bb<\/strong>, Aula de Extensi\u00f3n Universitaria \u00abLa Agenda 2030 de las Naciones Unidas: una aproximaci\u00f3n multidisciplinar para identificar y comprender los Objetivos de Desarrollo Sostenible (ODS)\u00bb, Villaviciosa, 25 de septiembre de 2023.<\/li>\n\n\n\n<li><strong>Mart\u00ednez-Garc\u00eda, I., L\u00f3pez-Rodr\u00edguez F. &amp; G\u00f3mez-Ans\u00f3n S.: \u00abMis finanzas, \u00bfc\u00f3mo cuidarlas?: promoviendo la educaci\u00f3n financiera para reducir las desigualdades\u00bb<\/strong>, II Edici\u00f3n del Congreso Internacional en Innovaci\u00f3n Docente, Educaci\u00f3n y Transferencia del Conocimiento (CIINECO), online, 12 de abril de 2023. <a rel=\"noreferrer noopener\" href=\"https:\/\/www.youtube.com\/watch?v=x218SlRr_hE\" target=\"_blank\">https:\/\/www.youtube.com\/watch?v=x218SlRr_hE<\/a><\/li>\n\n\n\n<li><strong>Sacrist\u00e1n-Navarro, M.<\/strong> XIX Seminario sobre Estrategia Empresarial, Universidad Rey Juan Carlos, 15 de marzo de 2023.<\/li>\n\n\n\n<li><strong>Mart\u00ednez-Garc\u00eda, I.: <strong><strong>\u00ab<\/strong><\/strong>Sustainable Development Goals and corporate governance: Evidence from the Spanish market<strong>\u00bb<\/strong><\/strong>, SUERF CNMV Conference on Corporate governance, executives compensation and ESG Goals, European Money and Finance Forum y Comisi\u00f3n Nacional del Mercado de Valores, online, noviembre 2021. <a rel=\"noreferrer noopener\" href=\"https:\/\/www.youtube.com\/watch?v=TTacoCeWp2g\" target=\"_blank\">https:\/\/www.youtube.com\/watch?v=TTacoCeWp2g<\/a><\/li>\n\n\n\n<li><strong>G\u00f3mez-Ans\u00f3n, S.: <strong>\u00ab<\/strong>Ciclo de Coloquios sobre los Mercados Financieros, Coloquio sobre Gobierno Corporativo en tiempos de COVID-19\u00bb<\/strong>, Instituto Iberoamericano del Mercado de Valores, online (webinar), 31 de mayo de 2021 (por invitaci\u00f3n).<\/li>\n\n\n\n<li><strong>Mart\u00ednez-Garc\u00eda, I.: Webinar sobre las conclusiones de la Encuesta de Competencias Financieras<\/strong>, Comisi\u00f3n Nacional del Mercado de Valores, 18 de mayo 2021.&nbsp;<a rel=\"noreferrer noopener\" href=\"https:\/\/www.youtube.com\/watch?v=rMUWHJi9B14\" target=\"_blank\">https:\/\/www.youtube.com\/watch?v=rMUWHJi9B14<\/a><\/li>\n\n\n\n<li><strong>Mart\u00ednez-Garc\u00eda, I. &amp; G\u00f3mez-Ans\u00f3n, S.: \u00abObjetivos de desarrollo sostenible, \u00edndices de sostenibilidad y gobierno corporativo: Un an\u00e1lisis de las sociedades cotizadas espa\u00f1olas\u00bb<\/strong>, Programa de seminarios del Departamento de Estudios y Estad\u00edsticas de la Comisi\u00f3n Nacional del Mercado de Valores, Madrid, mayo 2021.<\/li>\n\n\n\n<li><strong>Mart\u00ednez-Garc\u00eda, I.: Intervenci\u00f3n en el programa Mercado Abierto<\/strong>, Capitalradio, 28 de abril 2021.&nbsp;<a rel=\"noreferrer noopener\" href=\"https:\/\/www.capitalradio.es\/noticias\/economia\/nota-sacamos-espanoles-educacion-financiera_91618719.html\" target=\"_blank\">https:\/\/www.capitalradio.es\/noticias\/economia\/nota-sacamos-espanoles-educacion-financiera_91618719.html<\/a><\/li>\n\n\n\n<li><strong>Ispierto-Mat\u00e9, A., Mart\u00ednez-Garc\u00eda, I. &amp; Ruiz-Su\u00e1rez, G.: \u00abEducaci\u00f3n financiera y decisiones de ahorro e inversi\u00f3n: un an\u00e1lisis de la Encuesta de Competencias Financieras (ECF)\u00bb<\/strong>, Programa de seminarios del Departamento de Estudios y Estad\u00edsticas de la Comisi\u00f3n Nacional del Mercado de Valores, Madrid, marzo 2021.<\/li>\n\n\n\n<li><strong>Mart\u00ednez-Garc\u00eda, I. &amp; G\u00f3mez-Ans\u00f3n, S.: \u00abEl papel del entorno institucional en la efectividad de la regulaci\u00f3n de diversidad de g\u00e9nero en los consejos de administraci\u00f3n en Europa\u00bb<\/strong>, Programa de seminarios del Departamento de Estudios y Estad\u00edsticas de la Comisi\u00f3n Nacional del Mercado de Valores, Madrid, febrero 2020.<\/li>\n\n\n\n<li><strong>Mart\u00ednez-Garc\u00eda, I., Terjesen, S. &amp; G\u00f3mez-Ans\u00f3n: \u00abC\u00f3digos de gobierno corporativo, cuotas de g\u00e9nero y proposiciones de legislaci\u00f3n internacional: Impacto en las caracter\u00edsticas de los consejeros y en el valor y rendimiento empresarial\u00bb<\/strong>, Programa de seminarios del Departamento de Estudios y Estad\u00edsticas de la Comisi\u00f3n Nacional del Mercado de Valores, Madrid, junio de 2019 (invitaci\u00f3n septiembre 2018).<\/li>\n\n\n\n<li><strong>G\u00f3mez-Ans\u00f3n, S.: <strong>\u00ab<\/strong>Reglas espec\u00edficas de Gobierno Corporativo para entidades financieras y pol\u00edticas de remuneraci\u00f3n<strong>\u00bb<\/strong><\/strong>, I Simposio Taller de Gobierno Corporativo, Instituto de Gobierno Corporativa de Panam\u00e1, Ciudad de Panam\u00e1, Panam\u00e1, 26 de julio de 2018 (por invitaci\u00f3n).<\/li>\n\n\n\n<li><strong>G\u00f3mez-Ans\u00f3n, S.: <strong>\u00ab<\/strong>La Opa en contexto del Gobierno Corporativo<strong>\u00bb<\/strong><\/strong>, Jornada sobre Gobierno Corporativo y tomas de control de empresas cotizadas, Instituto Iberoamericano del Mercados de Valores y Superintendencia del Mercado de Valores Per\u00fa, Lima, Per\u00fa, 21 de marzo de 2018 (por invitaci\u00f3n).<\/li>\n\n\n\n<li><strong>G\u00f3mez-Ans\u00f3n, S.: <strong>\u00ab<\/strong>Reconocimiento de los principios o pr\u00e1cticas de buen gobierno corporativo a nivel de Ley y normas de menor jerarqu\u00eda. PBGC relativos a los Directores y casos pr\u00e1cticos<strong>\u00bb<\/strong><\/strong>, Taller sobre Gobierno Corporativo y tomas de control de empresas cotizadas, Instituto Iberoamericano del Mercados de Valores y Superintendencia del Mercado de Valores Per\u00fa, Lima, Per\u00fa, 20 de marzo de 2018 (por invitaci\u00f3n).<\/li>\n\n\n\n<li><strong>G\u00f3mez-Ans\u00f3n, S.: <strong>\u00ab<\/strong>Gender Balance in Corporate Boards and Top Management: The Business Case<strong>\u00bb<\/strong><\/strong>, FEMM\/JURI Workshop on Gender Balance in corporate boards and top management, Directorate General for Internal Policies, Policy Department C Citizens\u2019 Rights and Constitutional Affairs for the Committee on Women\u2019s rights and Gender Equality and the Committee on legal Affairs, European Parliament, Bruselas, 20 de marzo de 2013 (por invitaci\u00f3n-contrato).<\/li>\n<\/ul>\n\n\n\n<div class=\"wp-block-group\"><div class=\"wp-block-group__inner-container is-layout-constrained wp-block-group-is-layout-constrained\">\n<div class=\"wp-block-group is-nowrap is-layout-flex wp-container-core-group-is-layout-ad2f72ca wp-block-group-is-layout-flex\">\n<figure class=\"wp-block-image size-full is-resized\"><img loading=\"lazy\" decoding=\"async\" width=\"1024\" height=\"683\" src=\"https:\/\/www.unioviedo.es\/fincorp\/wp-content\/uploads\/2024\/01\/Antigua2023-FotoGrupo.jpg\" alt=\"\" class=\"wp-image-2479\" style=\"width:auto;height:230px\" srcset=\"https:\/\/www.unioviedo.es\/fincorp\/wp-content\/uploads\/2024\/01\/Antigua2023-FotoGrupo.jpg 1024w, https:\/\/www.unioviedo.es\/fincorp\/wp-content\/uploads\/2024\/01\/Antigua2023-FotoGrupo-300x200.jpg 300w, https:\/\/www.unioviedo.es\/fincorp\/wp-content\/uploads\/2024\/01\/Antigua2023-FotoGrupo-768x512.jpg 768w, https:\/\/www.unioviedo.es\/fincorp\/wp-content\/uploads\/2024\/01\/Antigua2023-FotoGrupo-930x620.jpg 930w\" sizes=\"auto, (max-width: 1024px) 100vw, 1024px\" \/><figcaption class=\"wp-element-caption\">Seminario del IIMV en Antigua (Guatemala)<\/figcaption><\/figure>\n\n\n\n<figure class=\"wp-block-image size-large is-resized\"><img loading=\"lazy\" decoding=\"async\" width=\"1024\" height=\"683\" src=\"http:\/\/www.unioviedo.es\/fincorp\/wp-content\/uploads\/2023\/09\/23.09.27-Desarrollo-SostenibleFotoExposicion-1024x683.jpg\" alt=\"\" class=\"wp-image-2099\" style=\"object-fit:cover;width:441px;height:230px\" srcset=\"https:\/\/www.unioviedo.es\/fincorp\/wp-content\/uploads\/2023\/09\/23.09.27-Desarrollo-SostenibleFotoExposicion-1024x683.jpg 1024w, https:\/\/www.unioviedo.es\/fincorp\/wp-content\/uploads\/2023\/09\/23.09.27-Desarrollo-SostenibleFotoExposicion-300x200.jpg 300w, https:\/\/www.unioviedo.es\/fincorp\/wp-content\/uploads\/2023\/09\/23.09.27-Desarrollo-SostenibleFotoExposicion-768x512.jpg 768w, https:\/\/www.unioviedo.es\/fincorp\/wp-content\/uploads\/2023\/09\/23.09.27-Desarrollo-SostenibleFotoExposicion-1536x1024.jpg 1536w\" sizes=\"auto, (max-width: 1024px) 100vw, 1024px\" \/><figcaption class=\"wp-element-caption\">Evento 8\u00ba Aniversario de los ODS<\/figcaption><\/figure>\n<\/div>\n\n\n\n<div class=\"wp-block-group is-nowrap is-layout-flex wp-container-core-group-is-layout-ad2f72ca wp-block-group-is-layout-flex\">\n<figure class=\"wp-block-image size-large is-resized\"><img loading=\"lazy\" decoding=\"async\" width=\"1024\" height=\"771\" src=\"http:\/\/www.unioviedo.es\/fincorp\/wp-content\/uploads\/2023\/09\/IMG20230925190348-1024x771.jpg\" alt=\"\" class=\"wp-image-2135\" style=\"width:392px;height:294px\" srcset=\"https:\/\/www.unioviedo.es\/fincorp\/wp-content\/uploads\/2023\/09\/IMG20230925190348-1024x771.jpg 1024w, https:\/\/www.unioviedo.es\/fincorp\/wp-content\/uploads\/2023\/09\/IMG20230925190348-300x226.jpg 300w, https:\/\/www.unioviedo.es\/fincorp\/wp-content\/uploads\/2023\/09\/IMG20230925190348-768x578.jpg 768w, https:\/\/www.unioviedo.es\/fincorp\/wp-content\/uploads\/2023\/09\/IMG20230925190348-1536x1157.jpg 1536w, https:\/\/www.unioviedo.es\/fincorp\/wp-content\/uploads\/2023\/09\/IMG20230925190348-2048x1542.jpg 2048w\" sizes=\"auto, (max-width: 1024px) 100vw, 1024px\" \/><figcaption class=\"wp-element-caption\">Aula de Extensi\u00f3n Universitaria sobre Agenda 2030<\/figcaption><\/figure>\n\n\n\n<figure class=\"wp-block-image size-large is-resized\"><img loading=\"lazy\" decoding=\"async\" width=\"1024\" height=\"768\" src=\"http:\/\/www.unioviedo.es\/fincorp\/wp-content\/uploads\/2023\/03\/XIX-Seminario-sobre-Estrategia-Empresarial-1024x768.jpg\" alt=\"\" class=\"wp-image-1420\" style=\"width:395px;height:292px\" srcset=\"https:\/\/www.unioviedo.es\/fincorp\/wp-content\/uploads\/2023\/03\/XIX-Seminario-sobre-Estrategia-Empresarial-1024x768.jpg 1024w, https:\/\/www.unioviedo.es\/fincorp\/wp-content\/uploads\/2023\/03\/XIX-Seminario-sobre-Estrategia-Empresarial-300x225.jpg 300w, https:\/\/www.unioviedo.es\/fincorp\/wp-content\/uploads\/2023\/03\/XIX-Seminario-sobre-Estrategia-Empresarial-768x576.jpg 768w, https:\/\/www.unioviedo.es\/fincorp\/wp-content\/uploads\/2023\/03\/XIX-Seminario-sobre-Estrategia-Empresarial-1536x1152.jpg 1536w, https:\/\/www.unioviedo.es\/fincorp\/wp-content\/uploads\/2023\/03\/XIX-Seminario-sobre-Estrategia-Empresarial.jpg 2048w\" sizes=\"auto, (max-width: 1024px) 100vw, 1024px\" \/><figcaption class=\"wp-element-caption\">XIX Seminario sobre Estrategia Empresarial<\/figcaption><\/figure>\n<\/div>\n<\/div><\/div>\n\n\n\n<div style=\"height:15px\" aria-hidden=\"true\" class=\"wp-block-spacer\"><\/div>\n\n\n\n<h2 class=\"wp-block-heading\">Premios<\/h2>\n\n\n\n<ul class=\"wp-block-list\">\n<li><strong>Premio AECA para Art\u00edculos sobre Contabilidad y Administraci\u00f3n de Empresas<\/strong>: Acc\u00e9sit (2012, 2016 y 2021) y Finalista (2020).<\/li>\n<\/ul>\n\n\n\n<h2 class=\"wp-block-heading\">Charlas<\/h2>\n\n\n\n<ul class=\"wp-block-list\">\n<li><strong>XXIV<\/strong> <strong><strong>Semana de la Ciencia y la Innovaci\u00f3n de la Universidad de Oviedo, D\u00eda de la Ciencia en mi Colegio, charla \u00abMis finanzas: \u00bfc\u00f3mo cuidarlas?\u00bb<\/strong><\/strong>: IES Selgas, Cudillero; IES Valle de Tur\u00f3n, Tur\u00f3n; C.P. Pablo Iglesias, Soto de Ribera; Centro Concertado de Ense\u00f1anza Jos\u00e9 Garc\u00eda Fern\u00e1ndez, Luarca; IES Santa Cristina de Lena, Pola de Lena; Sagrada Familia-El Pilar, Pola de Lena; IES Alfonso II, Oviedo; IES Jer\u00f3nimo Gonz\u00e1lez, Sama de Langreo. <\/li>\n\n\n\n<li><strong><strong>XXIII Semana de la Ciencia y la Innovaci\u00f3n de la Universidad de Oviedo, D\u00eda de la Ciencia en mi Colegio, charla \u00abMis finanzas: \u00bfc\u00f3mo cuidarlas?\u00bb<\/strong><\/strong>: IES Doctor Fleming, Oviedo, 4\u00ba ESO, 8 de noviembre de 2023; IES Valle de Aller, Moreda, 4\u00ba ESO y 1\u00ba Bachillerato, 8 de noviembre de 2023; CEPA del Caudal, Mieres, varios cursos de ESO para adultos, 9 de noviembre de 2023; y CRA de Viella, Faes y Viella, 5\u00ba y 6\u00ba Primaria, 9 de noviembre de 2023.<\/li>\n\n\n\n<li><strong>De Gira con la Ciencia 2023, charla \u00abSostenibilidad, ODS y Agenda 2030: ODS 5 Igualdad de g\u00e9nero\u00bb<\/strong>: IES Nore\u00f1a, varios cursos de ESO, 23, 24 y 26 de mayo de 2023.<\/li>\n\n\n\n<li><strong>De Gira con la Ciencia 2023, charla \u00abMis finanzas: \u00bfc\u00f3mo cuidarlas\u00bb<\/strong>: CEPA Gij\u00f3n, varios cursos de ESO para adultos, 22 de marzo de 2023; IES P\u00e9rez de Ayala, Oviedo, 1\u00ba Bachillerato, 27 de abril de 2023; CDTL de Castropol, 20 de noviembre de 2023; CDTL de Taramundi, 21 de noviembre de 2023; y CPEB de Colombres, 3\u00ba y 4\u00ba ESO, 20 de diciembre de 2023.<\/li>\n\n\n\n<li><strong>XXII Semana de la Ciencia y la Innovaci\u00f3n de la Universidad de Oviedo, D\u00eda de la Ciencia en mi Colegio, charla \u00abMis finanzas: \u00bfc\u00f3mo cuidarlas?\u00bb<\/strong>: IES N\u00ba 1, Gij\u00f3n, 1\u00ba Bachillerato, 11 de noviembre de 2022; CEPA El Font\u00e1n, Oviedo, 3\u00ba ESO para adultos, 16 de noviembre de 2022; y Colegio Virgen Reina, Gij\u00f3n, 2\u00ba ESO, 16 de noviembre de 2022.<\/li>\n\n\n\n<li><strong>Charla\/coloquio Proyecto \u00abAda Byron y el Secreto Club de los Inventos\u00bb<\/strong>: Colegio Trema\u00f1es, Gij\u00f3n, Primaria, marzo 2019.<\/li>\n<\/ul>\n\n\n\n<div class=\"wp-block-group\"><div class=\"wp-block-group__inner-container is-layout-constrained wp-block-group-is-layout-constrained\">\n<div class=\"wp-block-group is-content-justification-left is-nowrap is-layout-flex wp-container-core-group-is-layout-f56a869c wp-block-group-is-layout-flex\">\n<figure class=\"wp-block-image size-large is-resized\"><img loading=\"lazy\" decoding=\"async\" width=\"1024\" height=\"473\" src=\"https:\/\/www.unioviedo.es\/fincorp\/wp-content\/uploads\/2024\/01\/Charla-Taramundi-2023-1024x473.jpg\" alt=\"\" class=\"wp-image-2486\" style=\"width:auto;height:260px\" srcset=\"https:\/\/www.unioviedo.es\/fincorp\/wp-content\/uploads\/2024\/01\/Charla-Taramundi-2023-1024x473.jpg 1024w, https:\/\/www.unioviedo.es\/fincorp\/wp-content\/uploads\/2024\/01\/Charla-Taramundi-2023-300x139.jpg 300w, https:\/\/www.unioviedo.es\/fincorp\/wp-content\/uploads\/2024\/01\/Charla-Taramundi-2023-768x355.jpg 768w, https:\/\/www.unioviedo.es\/fincorp\/wp-content\/uploads\/2024\/01\/Charla-Taramundi-2023-1536x709.jpg 1536w, https:\/\/www.unioviedo.es\/fincorp\/wp-content\/uploads\/2024\/01\/Charla-Taramundi-2023-2048x946.jpg 2048w\" sizes=\"auto, (max-width: 1024px) 100vw, 1024px\" \/><figcaption class=\"wp-element-caption\">CDTL de Taramundi<\/figcaption><\/figure>\n\n\n\n<figure class=\"wp-block-image size-large is-resized\"><img loading=\"lazy\" decoding=\"async\" width=\"1024\" height=\"984\" src=\"https:\/\/www.unioviedo.es\/fincorp\/wp-content\/uploads\/2024\/01\/Charla-Castropol-2023-1024x984.jpeg\" alt=\"\" class=\"wp-image-2488\" style=\"width:auto;height:260px\" srcset=\"https:\/\/www.unioviedo.es\/fincorp\/wp-content\/uploads\/2024\/01\/Charla-Castropol-2023-1024x984.jpeg 1024w, https:\/\/www.unioviedo.es\/fincorp\/wp-content\/uploads\/2024\/01\/Charla-Castropol-2023-300x288.jpeg 300w, https:\/\/www.unioviedo.es\/fincorp\/wp-content\/uploads\/2024\/01\/Charla-Castropol-2023-768x738.jpeg 768w, https:\/\/www.unioviedo.es\/fincorp\/wp-content\/uploads\/2024\/01\/Charla-Castropol-2023-1536x1476.jpeg 1536w, https:\/\/www.unioviedo.es\/fincorp\/wp-content\/uploads\/2024\/01\/Charla-Castropol-2023.jpeg 1600w\" sizes=\"auto, (max-width: 1024px) 100vw, 1024px\" \/><figcaption class=\"wp-element-caption\">CDTL de Castropol<\/figcaption><\/figure>\n<\/div>\n\n\n\n<div class=\"wp-block-group is-content-justification-left is-nowrap is-layout-flex wp-container-core-group-is-layout-f56a869c wp-block-group-is-layout-flex\">\n<figure class=\"wp-block-image size-large is-resized\"><img loading=\"lazy\" decoding=\"async\" width=\"1024\" height=\"461\" src=\"http:\/\/www.unioviedo.es\/fincorp\/wp-content\/uploads\/2023\/03\/Charla-CEPA-Gijon-1024x461.jpg\" alt=\"\" class=\"wp-image-1508\" style=\"width:624px;height:278px\" srcset=\"https:\/\/www.unioviedo.es\/fincorp\/wp-content\/uploads\/2023\/03\/Charla-CEPA-Gijon-1024x461.jpg 1024w, https:\/\/www.unioviedo.es\/fincorp\/wp-content\/uploads\/2023\/03\/Charla-CEPA-Gijon-300x135.jpg 300w, https:\/\/www.unioviedo.es\/fincorp\/wp-content\/uploads\/2023\/03\/Charla-CEPA-Gijon-768x346.jpg 768w, https:\/\/www.unioviedo.es\/fincorp\/wp-content\/uploads\/2023\/03\/Charla-CEPA-Gijon-1536x691.jpg 1536w, https:\/\/www.unioviedo.es\/fincorp\/wp-content\/uploads\/2023\/03\/Charla-CEPA-Gijon.jpg 2000w\" sizes=\"auto, (max-width: 1024px) 100vw, 1024px\" \/><figcaption class=\"wp-element-caption\">CEPA Gij\u00f3n<\/figcaption><\/figure>\n\n\n\n<figure class=\"wp-block-image size-full is-resized\"><img loading=\"lazy\" decoding=\"async\" width=\"748\" height=\"999\" src=\"http:\/\/www.unioviedo.es\/fincorp\/wp-content\/uploads\/2023\/02\/Charla-Colegio-Virgen-Reina-Gijon.jpg\" alt=\"\" class=\"wp-image-684\" style=\"width:208px;height:278px\" srcset=\"https:\/\/www.unioviedo.es\/fincorp\/wp-content\/uploads\/2023\/02\/Charla-Colegio-Virgen-Reina-Gijon.jpg 748w, https:\/\/www.unioviedo.es\/fincorp\/wp-content\/uploads\/2023\/02\/Charla-Colegio-Virgen-Reina-Gijon-225x300.jpg 225w\" sizes=\"auto, (max-width: 748px) 100vw, 748px\" \/><figcaption class=\"wp-element-caption\">Colegio Virgen Reina<\/figcaption><\/figure>\n<\/div>\n\n\n\n<div class=\"wp-block-group is-nowrap is-layout-flex wp-container-core-group-is-layout-ad2f72ca wp-block-group-is-layout-flex\">\n<figure class=\"wp-block-image size-large is-resized\"><img loading=\"lazy\" decoding=\"async\" width=\"1024\" height=\"768\" src=\"http:\/\/www.unioviedo.es\/fincorp\/wp-content\/uploads\/2023\/02\/Charla-CEPA-El-Fontan-Oviedo-1024x768.jpg\" alt=\"\" class=\"wp-image-685\" style=\"width:401px;height:300px\" srcset=\"https:\/\/www.unioviedo.es\/fincorp\/wp-content\/uploads\/2023\/02\/Charla-CEPA-El-Fontan-Oviedo-1024x768.jpg 1024w, https:\/\/www.unioviedo.es\/fincorp\/wp-content\/uploads\/2023\/02\/Charla-CEPA-El-Fontan-Oviedo-300x225.jpg 300w, https:\/\/www.unioviedo.es\/fincorp\/wp-content\/uploads\/2023\/02\/Charla-CEPA-El-Fontan-Oviedo-768x576.jpg 768w, https:\/\/www.unioviedo.es\/fincorp\/wp-content\/uploads\/2023\/02\/Charla-CEPA-El-Fontan-Oviedo-1536x1152.jpg 1536w, https:\/\/www.unioviedo.es\/fincorp\/wp-content\/uploads\/2023\/02\/Charla-CEPA-El-Fontan-Oviedo-2048x1536.jpg 2048w\" sizes=\"auto, (max-width: 1024px) 100vw, 1024px\" \/><figcaption class=\"wp-element-caption\">CEPA El Font\u00e1n<\/figcaption><\/figure>\n\n\n\n<figure class=\"wp-block-image size-large is-resized\"><img loading=\"lazy\" decoding=\"async\" width=\"1024\" height=\"713\" src=\"http:\/\/www.unioviedo.es\/fincorp\/wp-content\/uploads\/2023\/02\/Charla-IES-No-1-Gijon-1024x713.jpg\" alt=\"\" class=\"wp-image-686\" style=\"width:433px;height:300px\" srcset=\"https:\/\/www.unioviedo.es\/fincorp\/wp-content\/uploads\/2023\/02\/Charla-IES-No-1-Gijon-1024x713.jpg 1024w, https:\/\/www.unioviedo.es\/fincorp\/wp-content\/uploads\/2023\/02\/Charla-IES-No-1-Gijon-300x209.jpg 300w, https:\/\/www.unioviedo.es\/fincorp\/wp-content\/uploads\/2023\/02\/Charla-IES-No-1-Gijon-768x535.jpg 768w, https:\/\/www.unioviedo.es\/fincorp\/wp-content\/uploads\/2023\/02\/Charla-IES-No-1-Gijon-1536x1070.jpg 1536w, https:\/\/www.unioviedo.es\/fincorp\/wp-content\/uploads\/2023\/02\/Charla-IES-No-1-Gijon-2048x1426.jpg 2048w\" sizes=\"auto, (max-width: 1024px) 100vw, 1024px\" \/><figcaption class=\"wp-element-caption\">IES N\u00ba 1<\/figcaption><\/figure>\n<\/div>\n<\/div><\/div>\n\n\n\n<div style=\"height:15px\" aria-hidden=\"true\" class=\"wp-block-spacer\"><\/div>\n\n\n\n<h2 class=\"wp-block-heading\">Otras actividades<\/h2>\n\n\n\n<ul class=\"wp-block-list\">\n<li><strong>International Corporate Governance Society <em>Mentoring<\/em> Program<\/strong>, University of Alberta, 2025\u00a0<\/li>\n\n\n\n<li><strong><em>Mentoring<\/em> en International Corporate Governance Society (ICGS)<\/strong>.<\/li>\n\n\n\n<li><strong><em>Mentoring<\/em> en Compromiso Asturias XXI<\/strong>, 2023-2024.<\/li>\n\n\n\n<li><strong>Intervenci\u00f3n en el programa M\u00e1s de Uno Cangas de Narcea<\/strong>, Onda Cero, Marzo 2025.<br><a href=\"https:\/\/www.ondacero.es\/emisoras\/asturias\/cangasnarcea\/mas-uno-cangas-narcea-5032025_2025030567c844dfbd6bf00001f579fe.html\">https:\/\/www.ondacero.es\/emisoras\/asturias\/cangasnarcea\/mas-uno-cangas-narcea-5032025_2025030567c844dfbd6bf00001f579fe.html<\/a><\/li>\n\n\n\n<li><strong>Entrevista en \u00abEl Sof\u00e1 Naranja\u00bb, podcast de la Facultad de Econom\u00eda y Empresa de la Universidad de Oviedo, titulada \u00abFinanzas, fesoring y m\u00e1s con Eduardo Men\u00e9ndez Alonso\u00bb<\/strong>, 13 de mayo de 2024.<\/li>\n\n\n\n<li><strong>Noche Europea de los Investigadores e Investigadoras de la Universidad de Oviedo, actividad<\/strong> <strong>\u00abT-ODS a por el 10: nuevas miradas para reducir las desigualdades ling\u00fc\u00edsticas, econ\u00f3micas y jur\u00eddicas\u00bb<\/strong>, septiembre de 2024.<\/li>\n\n\n\n<li><strong>Noche Europea de los Investigadores e Investigadoras de la Universidad de Oviedo, actividad \u00ab\u00bfHai derechu o no hay derecho? Combate la vulnerabilidad ling\u00fc\u00edstica, econ\u00f3mica y jur\u00eddica\u00bb<\/strong>,&nbsp;29 de septiembre de 2023.<\/li>\n\n\n\n<li><strong>Noche Europea de los Investigadores e Investigadoras de la Universidad de Oviedo, actividad \u00ab\u00a1Menudo bulo! Encuentra las mentiras desde las lenguas romances hasta tus finanzas personales\u00bb<\/strong>, 30 de septiembre de 2022.<\/li>\n<\/ul>\n\n\n\n<div class=\"wp-block-group is-nowrap is-layout-flex wp-container-core-group-is-layout-ad2f72ca wp-block-group-is-layout-flex\">\n<figure class=\"wp-block-image size-full is-resized\"><img loading=\"lazy\" decoding=\"async\" width=\"623\" height=\"467\" src=\"http:\/\/www.unioviedo.es\/fincorp\/wp-content\/uploads\/2023\/10\/Noche-Europea-de-los-Investigadores-e-Investigadoras-2023.jpg\" alt=\"\" class=\"wp-image-2229\" style=\"aspect-ratio:1.3340471092077089;width:426px;height:auto\" srcset=\"https:\/\/www.unioviedo.es\/fincorp\/wp-content\/uploads\/2023\/10\/Noche-Europea-de-los-Investigadores-e-Investigadoras-2023.jpg 623w, https:\/\/www.unioviedo.es\/fincorp\/wp-content\/uploads\/2023\/10\/Noche-Europea-de-los-Investigadores-e-Investigadoras-2023-300x225.jpg 300w\" sizes=\"auto, (max-width: 623px) 100vw, 623px\" \/><figcaption class=\"wp-element-caption\">Noche Europea de los Investigadores 2023<\/figcaption><\/figure>\n\n\n\n<figure class=\"wp-block-image size-full is-resized\"><img loading=\"lazy\" decoding=\"async\" width=\"767\" height=\"817\" src=\"http:\/\/www.unioviedo.es\/fincorp\/wp-content\/uploads\/2023\/03\/Noche-Europea-de-los-Investigadores-e-Investigadoras.jpg\" alt=\"\" class=\"wp-image-745\" style=\"aspect-ratio:0.94;width:300px;height:auto\" srcset=\"https:\/\/www.unioviedo.es\/fincorp\/wp-content\/uploads\/2023\/03\/Noche-Europea-de-los-Investigadores-e-Investigadoras.jpg 767w, https:\/\/www.unioviedo.es\/fincorp\/wp-content\/uploads\/2023\/03\/Noche-Europea-de-los-Investigadores-e-Investigadoras-282x300.jpg 282w\" sizes=\"auto, (max-width: 767px) 100vw, 767px\" \/><figcaption class=\"wp-element-caption\">Noche Europea de los Investigadores 2022<\/figcaption><\/figure>\n<\/div>\n","protected":false},"excerpt":{"rendered":"<p>Cursos Seminarios y ponencias Premios Charlas Otras actividades<\/p>\n","protected":false},"author":1,"featured_media":0,"parent":220,"menu_order":2,"comment_status":"closed","ping_status":"closed","template":"","meta":{"neve_meta_sidebar":"","neve_meta_container":"contained","neve_meta_enable_content_width":"","neve_meta_content_width":0,"neve_meta_title_alignment":"","neve_meta_author_avatar":"","neve_post_elements_order":"","neve_meta_disable_header":"","neve_meta_disable_footer":"","neve_meta_disable_title":"","footnotes":""},"class_list":["post-224","page","type-page","status-publish","hentry"],"_links":{"self":[{"href":"https:\/\/www.unioviedo.es\/fincorp\/index.php\/wp-json\/wp\/v2\/pages\/224","targetHints":{"allow":["GET"]}}],"collection":[{"href":"https:\/\/www.unioviedo.es\/fincorp\/index.php\/wp-json\/wp\/v2\/pages"}],"about":[{"href":"https:\/\/www.unioviedo.es\/fincorp\/index.php\/wp-json\/wp\/v2\/types\/page"}],"author":[{"embeddable":true,"href":"https:\/\/www.unioviedo.es\/fincorp\/index.php\/wp-json\/wp\/v2\/users\/1"}],"replies":[{"embeddable":true,"href":"https:\/\/www.unioviedo.es\/fincorp\/index.php\/wp-json\/wp\/v2\/comments?post=224"}],"version-history":[{"count":89,"href":"https:\/\/www.unioviedo.es\/fincorp\/index.php\/wp-json\/wp\/v2\/pages\/224\/revisions"}],"predecessor-version":[{"id":3634,"href":"https:\/\/www.unioviedo.es\/fincorp\/index.php\/wp-json\/wp\/v2\/pages\/224\/revisions\/3634"}],"up":[{"embeddable":true,"href":"https:\/\/www.unioviedo.es\/fincorp\/index.php\/wp-json\/wp\/v2\/pages\/220"}],"wp:attachment":[{"href":"https:\/\/www.unioviedo.es\/fincorp\/index.php\/wp-json\/wp\/v2\/media?parent=224"}],"curies":[{"name":"wp","href":"https:\/\/api.w.org\/{rel}","templated":true}]}}