{"id":3364,"date":"2025-05-20T20:27:16","date_gmt":"2025-05-20T20:27:16","guid":{"rendered":"https:\/\/www.unioviedo.es\/fincorp\/?page_id=3364"},"modified":"2026-01-23T08:32:20","modified_gmt":"2026-01-23T08:32:20","slug":"divgenemp-otras-actividades","status":"publish","type":"page","link":"https:\/\/www.unioviedo.es\/fincorp\/index.php\/divgenemp\/divgenemp-otras-actividades\/","title":{"rendered":"DIVGENEMP: Otras actividades"},"content":{"rendered":"\n<h2 class=\"wp-block-heading\">Direcci\u00f3n de Trabajos de Fin de Grado<\/h2>\n\n\n\n<ul class=\"wp-block-list\">\n<li><strong>\u00abDiversidad de g\u00e9nero en los consejos de administraci\u00f3n en Iberoam\u00e9rica: evoluci\u00f3n y normativas\u00bb<\/strong>, por <em>\u00c1ngela Mart\u00ednez Mart\u00ednez<\/em>. Dirigido por <em>Irma Mart\u00ednez Garc\u00eda<\/em> y depositado en mayo de 2025.<\/li>\n\n\n\n<li><strong>\u00abDiversidad de g\u00e9nero en los consejos de administraci\u00f3n de los bancos del IBEX-35\u00bb<\/strong>, por <em>Carla Rubio Mart\u00ednez<\/em>. Dirigido por <em>Silvia G\u00f3mez Ans\u00f3n<\/em> y defendido en julio de 2024.<\/li>\n\n\n\n<li><strong>\u00abFusiones y adquisiciones: an\u00e1lisis de la OPA competidora sobre Applus Services\u00bb<\/strong>, por <em>Luc\u00eda Briz L\u00f3pez<\/em>. Dirigido por <em>Silvia G\u00f3mez Ans\u00f3n<\/em> y defendido en julio de 2024.<\/li>\n\n\n\n<li><strong>\u00abDiversidad de g\u00e9nero en los consejos de administraci\u00f3n y la Directiva (UE) 2022\/2381: cumplimiento y consecuencias\u00bb<\/strong>, por <em>Alejandro Tr\u00e9nor Guisasola<\/em>. Defendido en junio de 2024. El Trabajo de Fin de Grado obtuvo la calificaci\u00f3n de <strong>Matr\u00edcula de Honor<\/strong> y el <strong>Premio al Trabajo de Fin de Grado de la C\u00e1tedra Vaciero de Transformaci\u00f3n Empresarial y su Marco Jur\u00eddico-Financiero de la Universidad de Oviedo<\/strong>.<\/li>\n\n\n\n<li><strong>\u00abEstrategias de sostenibilidad en la industria textil\u00bb<\/strong>, por <em>Laura Garc\u00eda Saavedra<\/em>. Dirigido por <em>Mar\u00eda Asunci\u00f3n Sacrist\u00e1n Navarro<\/em> y defendido en junio de 2024.<\/li>\n\n\n\n<li><strong>\u00abEstudio de las fusiones recientes en el \u00e1mbito espa\u00f1ol: tipolog\u00edas y formas de pago\u00bb<\/strong>, por <em>Esther Fern\u00e1ndez Serrano<\/em>. Dirigido por <em>Mar\u00eda Asunci\u00f3n Sacrist\u00e1n Navarro<\/em> y defendido en junio de 2024.<\/li>\n\n\n\n<li><strong>\u00abInversi\u00f3n sostenible\u00bb<\/strong>, por <em>Javier Pe\u00f1a Hern\u00e1ndez<\/em>. Dirigido por <em>Mar\u00eda Asunci\u00f3n Sacrist\u00e1n Navarro<\/em> y defendido en junio de 2024.<\/li>\n<\/ul>\n\n\n\n<h2 class=\"wp-block-heading\">Docencia<\/h2>\n\n\n\n<h3 class=\"wp-block-heading\">Aulas de Extensi\u00f3n Universitaria<\/h3>\n\n\n\n<ul class=\"wp-block-list\">\n<li><strong>Aula de Extensi\u00f3n Universitaria \u00abSin g\u00e9nero de dudas: cuestiones de g\u00e9nero con perspectiva econ\u00f3mica y jur\u00eddica\u00bb<\/strong>. Curso acad\u00e9mico 2025-2026. En el equipo de direcci\u00f3n participa <em>Irma Mart\u00ednez Garc\u00eda<\/em>.<\/li>\n\n\n\n<li><strong>Aula de Extensi\u00f3n Universitaria de la Universidad de Oviedo \u00abAsturias sostenible: una mirada local a la Agenda 2030\u00bb<\/strong>. Actividad de formaci\u00f3n para personas adultas desarrollada en el marco del proyecto de investigaci\u00f3n. Participaron como docentes <em>Silvia G\u00f3mez Ans\u00f3n<\/em>, <em>Irma Mart\u00ednez Garc\u00eda<\/em> e <em>Ignacio Tasc\u00f3n Amo<\/em>. Se celebr\u00f3 entre febrero y abril de 2025 en Riosa (Principado de Asturias).<\/li>\n\n\n\n<li><strong>Aula de Extensi\u00f3n Universitaria de la Universidad de Oviedo \u00abLa Agenda 2030 de las Naciones Unidas: una aproximaci\u00f3n multidisciplinar para identificar y comprender los Objetivos de Desarrollo Sostenible\u00bb<\/strong>. Actividad formativa dirigida a personas adultas, impartida por <em>Irma Mart\u00ednez Garc\u00eda<\/em> y <em>Silvia G\u00f3mez Ans\u00f3n<\/em>. Se celebr\u00f3 entre septiembre y diciembre de 2024 en Nava (Principado de Asturias).<\/li>\n\n\n\n<li><strong>Aula de Extensi\u00f3n Universitaria de la Universidad de Oviedo \u00abLa Agenda 2030 de las Naciones Unidas: una aproximaci\u00f3n multidisciplinar para identificar y comprender los Objetivos de Desarrollo Sostenible\u00bb<\/strong>. Actividad formativa dirigida a personas adultas, impartida por <em>Irma Mart\u00ednez Garc\u00eda<\/em> y <em>Silvia G\u00f3mez Ans\u00f3n<\/em>. Se celebr\u00f3 entre septiembre y diciembre de 2023 en Villaviciosa (Principado de Asturias).<\/li>\n<\/ul>\n\n\n\n<h3 class=\"wp-block-heading\">Programa Universitario para Mayores (PUMUO)<\/h3>\n\n\n\n<ul class=\"wp-block-list\">\n<li><strong>Curso \u00abNo dejar a nadie atr\u00e1s: abordando la Agenda 2030 con una perspectiva intergeneracional\u00bb<\/strong>, en el marco del <strong>Programa Universitario para Mayores de la Universidad de Oviedo (PUMUO)<\/strong>. Curso acad\u00e9mico 2025-2026, primer semestre, Oviedo. Docencia a cargo de <em>Irma Mart\u00ednez Garc\u00eda<\/em>.<\/li>\n\n\n\n<li><strong>Curso \u00abDiversidad, equidad e inclusi\u00f3n: perspectivas jur\u00eddica y econ\u00f3mica\u00bb<\/strong>, en el marco del <strong>Programa Universitario para Mayores de la Universidad de Oviedo (PUMUO)<\/strong>. Curso acad\u00e9mico 2025-2026, primer semestre, Avil\u00e9s. Docencia a cargo de <em>Silvia G\u00f3mez Ans\u00f3n<\/em>.<\/li>\n\n\n\n<li><strong>Curso \u00abLGTBIQ+: una aproximaci\u00f3n jur\u00eddica y econ\u00f3mica\u00bb<\/strong>, en el marco del <strong>Programa Universitario para Mayores de la Universidad de Oviedo (PUMUO)<\/strong>. Iniciativa formativa dirigida a la poblaci\u00f3n mayor de cincuenta a\u00f1os. La asignatura fue codirigida e impartida por <em>Silvia G\u00f3mez Ans\u00f3n<\/em>. El curso tuvo lugar en el primer cuatrimestre del curso acad\u00e9mico 2024-2025.<\/li>\n\n\n\n<li><strong>Curso \u00abLa Agenda 2030 de las Naciones Unidas: una aproximaci\u00f3n para identificar y comprender los Objetivos de Desarrollo Sostenible (ODS)\u00bb<\/strong>, en el marco del <strong>Programa Universitario para Mayores de la Universidad de Oviedo (PUMUO)<\/strong>. La docencia fue impartida por <em>Irma Mart\u00ednez Garc\u00eda<\/em>. El curso se desarroll\u00f3 entre febrero y junio de 2024.<\/li>\n\n\n\n<li><strong>Curso \u00abDiversidad, equidad e inclusi\u00f3n: perspectivas jur\u00eddica y econ\u00f3mica\u00bb<\/strong>, en el marco del <strong>Programa Universitario para Mayores de la Universidad de Oviedo (PUMUO)<\/strong>. Iniciativa formativa dirigida a la poblaci\u00f3n mayor de cincuenta a\u00f1os. La asignatura fue codirigida e impartida por <em>Silvia G\u00f3mez Ans\u00f3n<\/em>. El curso tuvo lugar en el primer cuatrimestre del curso acad\u00e9mico 2023-2024.<\/li>\n<\/ul>\n\n\n\n<h3 class=\"wp-block-heading\">Cursos a profesionales y formaci\u00f3n a investigadores<\/h3>\n\n\n\n<ul class=\"wp-block-list\">\n<li><strong>Doctoral Consortium del XII Congreso Internacional de la Iberoamerican Academy of Management<\/strong>. <em>Silvia G\u00f3mez Ans\u00f3n<\/em> particip\u00f3 como mentora en el evento celebrado en la Universidad CEU San Pablo en mayo de 2025.<\/li>\n\n\n\n<li><strong>Curso \u00abGobierno corporativo\u00bb (IX edici\u00f3n)<\/strong>, organizado por el Instituto Iberoamericano del Mercado de Valores y la Comisi\u00f3n Nacional del Mercado de Valores (IIMV y CNMV). <em>Mar\u00eda Asunci\u00f3n Sacrist\u00e1n Navarro<\/em> y <em>Silvia G\u00f3mez Ans\u00f3n<\/em> participaron como docentes en el m\u00f3dulo <strong>\u00abEl gobierno de la administraci\u00f3n de la empresa en sociedades cotizadas en Espa\u00f1a e Iberoam\u00e9rica\u00bb<\/strong>. El curso se celebr\u00f3 entre octubre y diciembre de 2025.<\/li>\n\n\n\n<li><strong>International Corporate Governance Society Mentoring Program<\/strong>. <em>Silvia G\u00f3mez Ans\u00f3n<\/em> particip\u00f3 como mentora en este programa organizado por la Queen\u2019s University Belfast en 2024.<\/li>\n\n\n\n<li><strong>PhD in Business Programme<\/strong>. <em>Irma Mart\u00ednez Garc\u00eda<\/em> imparti\u00f3 el curso <strong>\u00abAdvanced Data Panel Methods\u00bb<\/strong> en el marco del programa de doctorado en Empresa de la Universitat de Barcelona, los d\u00edas 26 de noviembre y 3 de diciembre de 2024.<\/li>\n\n\n\n<li><strong>Curso \u00abGobierno corporativo\u00bb (VIII edici\u00f3n)<\/strong>, organizado por el Instituto Iberoamericano del Mercado de Valores y la Comisi\u00f3n Nacional del Mercado de Valores (IIMV y CNMV). <em>Mar\u00eda Asunci\u00f3n Sacrist\u00e1n Navarro<\/em> y <em>Silvia G\u00f3mez Ans\u00f3n<\/em> participaron como docentes en el m\u00f3dulo <strong>\u00abEl gobierno de la administraci\u00f3n de la empresa en sociedades cotizadas en Espa\u00f1a e Iberoam\u00e9rica\u00bb<\/strong>. El curso se celebr\u00f3 entre octubre y diciembre de 2024.<\/li>\n<\/ul>\n\n\n\n<h2 class=\"wp-block-heading\">Congresos<\/h2>\n\n\n\n<h3 class=\"wp-block-heading\">Comunicaciones a congresos internacionales<\/h3>\n\n\n\n<ul class=\"wp-block-list\">\n<li><em>Tasc\u00f3n-Amo, I.<\/em> <strong>\u00abBalancing family ownership and family control strategies and sustainability practices\u00bb<\/strong>. Doctoral Colloquium de la European Academy of Management (EURAM) 2025 Annual Conference, Universidad de Florencia, Florencia (Italia), 21-22 junio 2025.<\/li>\n\n\n\n<li><em>Calleja-Blanco, J., Mart\u00ednez-Garc\u00eda, I., Hern\u00e1ndez-Vivanco, A., &amp; Bernardo, M.<\/em> <strong>\u00abA regional analysis of the impact of environmental practices\u00bb<\/strong>. XIII Congreso Internacional de la Iberoamerican Academy of Management (IAoM), Madrid (Espa\u00f1a), mayo 2025.<\/li>\n\n\n\n<li><em>Tasc\u00f3n-Amo, I., Sacrist\u00e1n-Navarro, M., &amp; G\u00f3mez-Ans\u00f3n, S.<\/em> <strong>\u00abBalancing family ownership and family control strategies and sustainability practices\u00bb<\/strong>. XIII Congreso Internacional de la Iberoamerican Academy of Management (IAoM), Madrid (Espa\u00f1a), mayo 2025.<\/li>\n\n\n\n<li><em>Tasc\u00f3n-Amo, I., Sacrist\u00e1n-Navarro, M., &amp; G\u00f3mez-Ans\u00f3n, S.<\/em> <strong>\u00abBalancing family ownership and family control strategies and sustainability practices\u00bb<\/strong>. 5th Annual Boca-ECGI Corporate Finance and Governance Conference, Universidad CEU San Pablo, Madrid (Espa\u00f1a), diciembre 2024.<\/li>\n\n\n\n<li><em>Mart\u00ednez-Garc\u00eda, I., &amp; G\u00f3mez-Ans\u00f3n, S.<\/em> <strong>\u00abSustainable Development Goals, Sustainability Indices and Corporate Governance: an analysis of Spanish listed companies\u00bb<\/strong>. 12th International Conference of the Iberoamerican Academy of Management (IAoM), Punta Cana (Rep\u00fablica Dominicana), diciembre 2023.<\/li>\n\n\n\n<li><em>Mart\u00ednez-Garc\u00eda, I., &amp; G\u00f3mez-Ans\u00f3n, S.<\/em> <strong>\u00abSustainable Development Goals, Sustainability Indices and Corporate Governance: an analysis of Spanish listed companies\u00bb<\/strong>. 9th Annual International Corporate Governance Society (ICGS) Conference, Madrid (Espa\u00f1a), octubre 2023.<\/li>\n<\/ul>\n\n\n\n<h3 class=\"wp-block-heading\">Comunicaciones a congresos nacionales<\/h3>\n\n\n\n<ul class=\"wp-block-list\">\n<li><em>Sacrist\u00e1n-Navarro, M., Tasc\u00f3n-Amo, I., &amp; G\u00f3mez-Ans\u00f3n, S.<\/em> <strong>\u00abBalancing family ownership and family control strategies and sustainability practices\u00bb<\/strong>. XXXIV Congreso Internacional de la Asociaci\u00f3n Cient\u00edfica de Econom\u00eda y Direcci\u00f3n de la Empresa (ACEDE), Universidad P\u00fablica de Navarra, Pamplona (Espa\u00f1a), 15-17 junio 2025.<\/li>\n\n\n\n<li><em>Calleja-Blanco, J., Mart\u00ednez-Garc\u00eda, I., Hern\u00e1ndez-Vivanco, A., &amp; Bernardo, M.<\/em> <strong>\u00abThe impact of environmental corporate practices on regions\u00bb<\/strong>. XXXIII Congreso de la Asociaci\u00f3n Cient\u00edfica de Econom\u00eda y Direcci\u00f3n de la Empresa (ACEDE), Valencia (Espa\u00f1a), junio 2024.<\/li>\n\n\n\n<li><em>Tasc\u00f3n-Amo, I.<\/em> <strong>\u00abFamily Firms and Sustainable Development: A Spanish Perspective\u00bb<\/strong>. Taller de la Secci\u00f3n de Empresa Familiar de la Asociaci\u00f3n Cient\u00edfica de Econom\u00eda y Direcci\u00f3n de la Empresa (ACEDE), Universidad Rey Juan Carlos, Madrid (Espa\u00f1a), enero 2024.<\/li>\n\n\n\n<li><em>G\u00f3mez-Ans\u00f3n, S., &amp; Sacrist\u00e1n-Navarro, M.<\/em> <strong>\u00abSostenibilidad y gobierno corporativo en la empresa familiar\u00bb<\/strong>. Taller de la Secci\u00f3n de Empresa Familiar de la Asociaci\u00f3n Cient\u00edfica de Econom\u00eda y Direcci\u00f3n de la Empresa (ACEDE) 2024 \u00abEmpresa familiar y sostenibilidad: el camino a seguir\u00bb, Universidad Rey Juan Carlos, Madrid (Espa\u00f1a), enero 2024 (por invitaci\u00f3n).<\/li>\n<\/ul>\n\n\n\n<h3 class=\"wp-block-heading\">Organizaci\u00f3n de congresos internacionales<\/h3>\n\n\n\n<ul class=\"wp-block-list\">\n<li><em>Mart\u00ednez Garc\u00eda, I.<\/em> Chair de la sesi\u00f3n <strong>\u00abGender and Governance \/ G\u00e9nero y Gobernanza\u00bb<\/strong> en el <strong>XIII Iberoamerican Academy of Management Conference<\/strong>, celebrado en Madrid en mayo de 2025.<\/li>\n\n\n\n<li><em>G\u00f3mez Ans\u00f3n, S.<\/em> Co-chair del <strong>Comit\u00e9 Cient\u00edfico<\/strong> del <strong>XIII Iberoamerican Academy of Management Conference<\/strong>, celebrado en Madrid en mayo de 2025.<\/li>\n\n\n\n<li><em>Mart\u00ednez Garc\u00eda, I.<\/em> Chair de la sesi\u00f3n <strong>\u00abLeverage &amp; Capital Structure\u00bb<\/strong> en el <strong>Boca-ECGI Corporate Finance and Governance Conference<\/strong>, celebrado en Madrid en diciembre de 2024.<\/li>\n\n\n\n<li><em>G\u00f3mez Ans\u00f3n, S.<\/em> Chair de la sesi\u00f3n <strong>\u00abESG\u00bb<\/strong> en el <strong>Boca-ECGI Corporate Finance and Governance Conference<\/strong>, celebrado en Madrid en diciembre de 2024.<\/li>\n<\/ul>\n\n\n\n<h2 class=\"wp-block-heading\">Transferencia y difusi\u00f3n<\/h2>\n\n\n\n<ul class=\"wp-block-list\">\n<li><em>Mart\u00ednez-Garc\u00eda, I.<\/em> <strong>\u00abLiderazgo en femenino: un reto 2030\u00bb<\/strong>. Charla para alumnado de Educaci\u00f3n Secundaria Obligatoria en el IES Isla de Deva (Piedras Blancas) y en el Colegio San Nicol\u00e1s de Bari (Avil\u00e9s), en el marco de la iniciativa <strong>D\u00eda de la Ciencia en mi Colegio de la XXV Semana de la Ciencia y la Innovaci\u00f3n de la Universidad de Oviedo<\/strong>, 12 y 21 de noviembre de 2025.<\/li>\n\n\n\n<li><em>Mart\u00ednez-Garc\u00eda, I.<\/em> <strong>\u00abConociendo la Agenda 2030: de la teor\u00eda a la pr\u00e1ctica con el ODS 10\u00bb<\/strong>. Actividad desarrollada en el Centro de Formaci\u00f3n Profesional Unendo (Oviedo), en el marco de la iniciativa <strong>Ciencia Apasionante de la XXV Semana de la Ciencia y la Innovaci\u00f3n de la Universidad de Oviedo<\/strong>, 12 de noviembre de 2025.<\/li>\n\n\n\n<li><em>Mart\u00ednez-Garc\u00eda, I.<\/em> <strong>\u00abCon-CIENCIA-dos frente a los grandes retos globales. \u00a1T\u00fa eres el protagonista!\u00bb<\/strong>. Stand en la <strong>Noche Europea de los Investigadores e Investigadoras de la Universidad de Oviedo<\/strong>, Unidad de Cultura Cient\u00edfica y de la Innovaci\u00f3n (UCC+I), en el marco del proyecto <strong>European Researchers\u2019 Night for Everyone<\/strong> (UE-24-G9-CIENCE4ALL-101162477), 26 de septiembre de 2025.<\/li>\n\n\n\n<li><em>G\u00f3mez-Ans\u00f3n, S.<\/em> <strong>\u00abLiderazgo en femenino: un reto 2030\u00bb<\/strong>. Actividad celebrada en el Centro de Empresas Sabil (Santo Adriano), en el marco de la iniciativa <strong>Ciencia Circular de la XXIV Semana de la Ciencia y la Innovaci\u00f3n de la Universidad de Oviedo<\/strong>, febrero de 2025.<\/li>\n\n\n\n<li><em>Mart\u00ednez-Garc\u00eda, I.<\/em> <strong>\u00ab\u00a1Agenda 2030 para T-ODS! Compromiso compartido y reducci\u00f3n de las desigualdades\u00bb<\/strong>. En el marco de la iniciativa <strong>Ciencia Apasionante de la XXIV Semana de la Ciencia y la Innovaci\u00f3n de la Universidad de Oviedo<\/strong>, noviembre de 2024.<\/li>\n\n\n\n<li><em>Mart\u00ednez-Garc\u00eda, I.<\/em> <strong>\u00abLiderazgo en femenino: un reto 2030\u00bb<\/strong>. Charla para alumnado de 4.\u00ba de ESO en el IES Selgas, en el marco de la iniciativa <strong>D\u00eda de la Ciencia en mi Colegio de la XXIV Semana de la Ciencia y la Innovaci\u00f3n de la Universidad de Oviedo<\/strong>, noviembre de 2024.<\/li>\n\n\n\n<li><em>Mart\u00ednez-Garc\u00eda, I.<\/em> <strong>\u00abT-ODS a por el 10: nuevas miradas para reducir las desigualdades ling\u00fc\u00edsticas, econ\u00f3micas y jur\u00eddicas\u00bb<\/strong>. Stand en la <strong>Noche Europea de los Investigadores e Investigadoras de la Universidad de Oviedo<\/strong>, Unidad de Cultura Cient\u00edfica y de la Innovaci\u00f3n (UCC+I), septiembre de 2024.<\/li>\n\n\n\n<li><em>Mart\u00ednez-Garc\u00eda, I.<\/em> <strong>\u00abImpulsando la sostenibilidad corporativa: avances y beneficios del compromiso empresarial con los ODS y la Agenda 2030\u00bb<\/strong>. Actividad organizada por <strong>EQA, Entidad de Certificaci\u00f3n, Inspecci\u00f3n y Verificaci\u00f3n<\/strong>, enero de 2024.<\/li>\n\n\n\n<li><em>Basco, R.<\/em> <strong>\u00abHow cultural contexts influence family businesses\u00bb<\/strong>. En el marco de las actividades del I<strong>nstituto de Familias Empresarias del Tecnol\u00f3gico de Monterrey (IFEM)<\/strong>, 2023.<\/li>\n\n\n\n<li><em>Mart\u00ednez-Garc\u00eda, I.<\/em> <strong>\u00abLa diversidad de g\u00e9nero en los consejos de administraci\u00f3n\u00bb<\/strong>. En el marco de la iniciativa <strong>ODS Pensamiento Compartido<\/strong>, C\u00e1tedra Concepci\u00f3n Arenal de Agenda 2030 de la Universidad de Oviedo. <a href=\"https:\/\/digibuo.uniovi.es\/dspace\/handle\/10651\/72669\">https:\/\/digibuo.uniovi.es\/dspace\/handle\/10651\/72669<\/a><\/li>\n<\/ul>\n","protected":false},"excerpt":{"rendered":"<p>Direcci\u00f3n de Trabajos de Fin de Grado Docencia Aulas de Extensi\u00f3n Universitaria Programa Universitario para Mayores (PUMUO) Cursos a profesionales y formaci\u00f3n a investigadores Congresos Comunicaciones a congresos internacionales Comunicaciones a congresos nacionales Organizaci\u00f3n de congresos internacionales Transferencia y difusi\u00f3n<\/p>\n","protected":false},"author":1,"featured_media":0,"parent":3346,"menu_order":0,"comment_status":"closed","ping_status":"closed","template":"","meta":{"neve_meta_sidebar":"","neve_meta_container":"","neve_meta_enable_content_width":"","neve_meta_content_width":0,"neve_meta_title_alignment":"","neve_meta_author_avatar":"","neve_post_elements_order":"","neve_meta_disable_header":"","neve_meta_disable_footer":"","neve_meta_disable_title":"","footnotes":""},"class_list":["post-3364","page","type-page","status-publish","hentry"],"_links":{"self":[{"href":"https:\/\/www.unioviedo.es\/fincorp\/index.php\/wp-json\/wp\/v2\/pages\/3364","targetHints":{"allow":["GET"]}}],"collection":[{"href":"https:\/\/www.unioviedo.es\/fincorp\/index.php\/wp-json\/wp\/v2\/pages"}],"about":[{"href":"https:\/\/www.unioviedo.es\/fincorp\/index.php\/wp-json\/wp\/v2\/types\/page"}],"author":[{"embeddable":true,"href":"https:\/\/www.unioviedo.es\/fincorp\/index.php\/wp-json\/wp\/v2\/users\/1"}],"replies":[{"embeddable":true,"href":"https:\/\/www.unioviedo.es\/fincorp\/index.php\/wp-json\/wp\/v2\/comments?post=3364"}],"version-history":[{"count":7,"href":"https:\/\/www.unioviedo.es\/fincorp\/index.php\/wp-json\/wp\/v2\/pages\/3364\/revisions"}],"predecessor-version":[{"id":3788,"href":"https:\/\/www.unioviedo.es\/fincorp\/index.php\/wp-json\/wp\/v2\/pages\/3364\/revisions\/3788"}],"up":[{"embeddable":true,"href":"https:\/\/www.unioviedo.es\/fincorp\/index.php\/wp-json\/wp\/v2\/pages\/3346"}],"wp:attachment":[{"href":"https:\/\/www.unioviedo.es\/fincorp\/index.php\/wp-json\/wp\/v2\/media?parent=3364"}],"curies":[{"name":"wp","href":"https:\/\/api.w.org\/{rel}","templated":true}]}}