{"id":3373,"date":"2025-05-20T20:29:56","date_gmt":"2025-05-20T20:29:56","guid":{"rendered":"https:\/\/www.unioviedo.es\/fincorp\/?page_id=3373"},"modified":"2025-06-09T08:47:54","modified_gmt":"2025-06-09T08:47:54","slug":"divgenemp-anuncios","status":"publish","type":"page","link":"https:\/\/www.unioviedo.es\/fincorp\/index.php\/divgenemp\/divgenemp-anuncios\/","title":{"rendered":"DIVGENEMP: Anuncios"},"content":{"rendered":"<ul class=\"wp-block-latest-posts__list wp-block-latest-posts\"><li><div class=\"wp-block-latest-posts__featured-image alignleft\"><img loading=\"lazy\" decoding=\"async\" width=\"193\" height=\"300\" src=\"https:\/\/www.unioviedo.es\/fincorp\/wp-content\/uploads\/2026\/01\/semciencia2025-193x300.jpg\" class=\"attachment-medium size-medium wp-post-image\" alt=\"\" style=\"max-width:150px;max-height:150px;\" srcset=\"https:\/\/www.unioviedo.es\/fincorp\/wp-content\/uploads\/2026\/01\/semciencia2025-193x300.jpg 193w, https:\/\/www.unioviedo.es\/fincorp\/wp-content\/uploads\/2026\/01\/semciencia2025.jpg 337w\" sizes=\"auto, (max-width: 193px) 100vw, 193px\" \/><\/div><a class=\"wp-block-latest-posts__post-title\" href=\"https:\/\/www.unioviedo.es\/fincorp\/index.php\/2025\/11\/28\/participacion-en-la-xxv-semana-de-la-ciencia-y-la-innovacion-de-la-universidad-de-oviedo\/\">Participaci\u00f3n en la XXV Semana de la Ciencia y la Innovaci\u00f3n de la Universidad de Oviedo<\/a><div class=\"wp-block-latest-posts__post-excerpt\">En noviembre de 2025, miembros de nuestro grupo de investigaci\u00f3n participan en la XXV Semana de la Ciencia y la Innovaci\u00f3n de la Universidad de Oviedo, englobada en el programa de ayudas para el fomento de la cultura cient\u00edfica, tecnol\u00f3gica y de la innovaci\u00f3n de la FECYT (Ministerio de Ciencia e Innovaci\u00f3n).<\/div><\/li>\n<li><div class=\"wp-block-latest-posts__featured-image alignleft\"><img loading=\"lazy\" decoding=\"async\" width=\"300\" height=\"279\" src=\"https:\/\/www.unioviedo.es\/fincorp\/wp-content\/uploads\/2024\/03\/Logos-Nantik-Lum-y-Grupo-300x279.png\" class=\"attachment-medium size-medium wp-post-image\" alt=\"\" style=\"max-width:150px;max-height:150px;\" srcset=\"https:\/\/www.unioviedo.es\/fincorp\/wp-content\/uploads\/2024\/03\/Logos-Nantik-Lum-y-Grupo-300x279.png 300w, https:\/\/www.unioviedo.es\/fincorp\/wp-content\/uploads\/2024\/03\/Logos-Nantik-Lum-y-Grupo-1024x951.png 1024w, https:\/\/www.unioviedo.es\/fincorp\/wp-content\/uploads\/2024\/03\/Logos-Nantik-Lum-y-Grupo-768x713.png 768w, https:\/\/www.unioviedo.es\/fincorp\/wp-content\/uploads\/2024\/03\/Logos-Nantik-Lum-y-Grupo.png 1342w\" sizes=\"auto, (max-width: 300px) 100vw, 300px\" \/><\/div><a class=\"wp-block-latest-posts__post-title\" href=\"https:\/\/www.unioviedo.es\/fincorp\/index.php\/2025\/11\/11\/ii-jornada-violencia-economica-y-salud-financiera-desafios-soluciones-y-avances-legales\/\">II Jornada Violencia Econ\u00f3mica y Salud Financiera: desaf\u00edos, soluciones y avances legales<\/a><div class=\"wp-block-latest-posts__post-excerpt\">El pr\u00f3ximo martes, 18 de noviembre de 2025, se celebrar\u00e1 en el Aula Magna de la Universidad de Oviedo la II Jornada \u00abViolencia Econ\u00f3mica y Salud Financiera: desaf\u00edos, soluciones y avances legales\u00bb, organizada por el Grupo de Investigaci\u00f3n Finanzas y Gobierno Corporativo y la Fundaci\u00f3n Nantik Lum, con el apoyo del Vicerrectorado de Planificaci\u00f3n Estrat\u00e9gica y Coordinaci\u00f3n de Campus, el Ministerio de Derechos Sociales, Consumo y Agenda 2030 y el Ministerio de Ciencia, Innovaci\u00f3n y Universidades (Proyecto: PID2022-140023NA-I00).<\/div><\/li>\n<li><div class=\"wp-block-latest-posts__featured-image alignleft\"><img loading=\"lazy\" decoding=\"async\" width=\"213\" height=\"300\" src=\"https:\/\/www.unioviedo.es\/fincorp\/wp-content\/uploads\/2026\/01\/aulagen-213x300.png\" class=\"attachment-medium size-medium wp-post-image\" alt=\"\" style=\"max-width:150px;max-height:150px;\" srcset=\"https:\/\/www.unioviedo.es\/fincorp\/wp-content\/uploads\/2026\/01\/aulagen-213x300.png 213w, https:\/\/www.unioviedo.es\/fincorp\/wp-content\/uploads\/2026\/01\/aulagen.png 555w\" sizes=\"auto, (max-width: 213px) 100vw, 213px\" \/><\/div><a class=\"wp-block-latest-posts__post-title\" href=\"https:\/\/www.unioviedo.es\/fincorp\/index.php\/2025\/10\/20\/inicio-del-aula-de-extension-universitaria-sin-genero-de-dudas-cuestiones-de-genero-con-perspectiva-economica-y-juridica\/\">Inicio del Aula de Extensi\u00f3n Universitaria \u00abSin G\u00e9nero de Dudas: cuestiones de g\u00e9nero con perspectiva econ\u00f3mica y jur\u00eddica\u00bb<\/a><div class=\"wp-block-latest-posts__post-excerpt\">En octubre de 2025 dio comienzo el Aula de Extensi\u00f3n Universitaria \u00abSin G\u00e9nero de Dudas: cuestiones de g\u00e9nero con perspectiva econ\u00f3mica y jur\u00eddica\u00bb, correspondiente al curso acad\u00e9mico 2025-2026, en Riosa (Principado de Asturias). El Aula est\u00e1 dirigida por Irma Mart\u00ednez Garc\u00eda, miembro de nuestro grupo de investigaci\u00f3n, y Beatriz V\u00e1zquez Rodr\u00edguez.<\/div><\/li>\n<li><div class=\"wp-block-latest-posts__featured-image alignleft\"><img loading=\"lazy\" decoding=\"async\" width=\"247\" height=\"300\" src=\"https:\/\/www.unioviedo.es\/fincorp\/wp-content\/uploads\/2024\/06\/pumuo-logo-1-247x300.jpg\" class=\"attachment-medium size-medium wp-post-image\" alt=\"\" style=\"max-width:150px;max-height:150px;\" srcset=\"https:\/\/www.unioviedo.es\/fincorp\/wp-content\/uploads\/2024\/06\/pumuo-logo-1-247x300.jpg 247w, https:\/\/www.unioviedo.es\/fincorp\/wp-content\/uploads\/2024\/06\/pumuo-logo-1.jpg 296w\" sizes=\"auto, (max-width: 247px) 100vw, 247px\" \/><\/div><a class=\"wp-block-latest-posts__post-title\" href=\"https:\/\/www.unioviedo.es\/fincorp\/index.php\/2025\/09\/30\/inicio-del-curso-diversidad-equidad-e-inclusion-perspectivas-juridica-y-economica-pumuo\/\">Inicio del curso \u00abDiversidad, equidad e inclusi\u00f3n: perspectivas jur\u00eddica y econ\u00f3mica\u00bb (PUMUO)<\/a><div class=\"wp-block-latest-posts__post-excerpt\">Este mes de septiembre de 2025 da comienzo el curso \u00abDiversidad, equidad e inclusi\u00f3n: perspectivas jur\u00eddica y econ\u00f3mica\u00bb, en el marco del Programa Universitario para Mayores de la Universidad de Oviedo (PUMUO). El curso se imparte durante el primer semestre del curso acad\u00e9mico 2025-2026 en Avil\u00e9s, y en la docencia participa Silvia G\u00f3mez Ans\u00f3n, miembro de nuestro grupo de investigaci\u00f3n.<\/div><\/li>\n<li><div class=\"wp-block-latest-posts__featured-image alignleft\"><img loading=\"lazy\" decoding=\"async\" width=\"247\" height=\"300\" src=\"https:\/\/www.unioviedo.es\/fincorp\/wp-content\/uploads\/2024\/06\/pumuo-logo-1-247x300.jpg\" class=\"attachment-medium size-medium wp-post-image\" alt=\"\" style=\"max-width:150px;max-height:150px;\" srcset=\"https:\/\/www.unioviedo.es\/fincorp\/wp-content\/uploads\/2024\/06\/pumuo-logo-1-247x300.jpg 247w, https:\/\/www.unioviedo.es\/fincorp\/wp-content\/uploads\/2024\/06\/pumuo-logo-1.jpg 296w\" sizes=\"auto, (max-width: 247px) 100vw, 247px\" \/><\/div><a class=\"wp-block-latest-posts__post-title\" href=\"https:\/\/www.unioviedo.es\/fincorp\/index.php\/2025\/09\/30\/inicio-del-curso-no-dejar-a-nadie-atras-abordando-la-agenda-2030-con-una-perspectiva-intergeneracional-pumuo\/\">Inicio del curso \u00abNo dejar a nadie atr\u00e1s: abordando la Agenda 2030 con una perspectiva intergeneracional\u00bb (PUMUO)<\/a><div class=\"wp-block-latest-posts__post-excerpt\">Este mes de septiembre de 2025 da comienzo el curso \u00abNo dejar a nadie atr\u00e1s: abordando la Agenda 2030 con una perspectiva intergeneracional\u00bb, en el marco del Programa Universitario para Mayores de la Universidad de Oviedo (PUMUO). El curso se imparte durante el primer semestre del curso acad\u00e9mico 2025-2026 en Oviedo, y en la docencia participa Irma Mart\u00ednez Garc\u00eda, miembro de nuestro grupo de investigaci\u00f3n.<\/div><\/li>\n<li><div class=\"wp-block-latest-posts__featured-image alignleft\"><img loading=\"lazy\" decoding=\"async\" width=\"212\" height=\"300\" src=\"https:\/\/www.unioviedo.es\/fincorp\/wp-content\/uploads\/2026\/01\/ninvest-1-212x300.jpg\" class=\"attachment-medium size-medium wp-post-image\" alt=\"\" style=\"max-width:150px;max-height:150px;\" srcset=\"https:\/\/www.unioviedo.es\/fincorp\/wp-content\/uploads\/2026\/01\/ninvest-1-212x300.jpg 212w, https:\/\/www.unioviedo.es\/fincorp\/wp-content\/uploads\/2026\/01\/ninvest-1-724x1024.jpg 724w, https:\/\/www.unioviedo.es\/fincorp\/wp-content\/uploads\/2026\/01\/ninvest-1-768x1086.jpg 768w, https:\/\/www.unioviedo.es\/fincorp\/wp-content\/uploads\/2026\/01\/ninvest-1.jpg 842w\" sizes=\"auto, (max-width: 212px) 100vw, 212px\" \/><\/div><a class=\"wp-block-latest-posts__post-title\" href=\"https:\/\/www.unioviedo.es\/fincorp\/index.php\/2025\/09\/29\/participacion-en-la-noche-europea-de-los-investigadores-e-investigadoras-2025\/\">Participaci\u00f3n en la Noche Europea de los Investigadores e Investigadoras 2025<\/a><div class=\"wp-block-latest-posts__post-excerpt\">El 26 de septiembre de 2025, miembros de nuestro grupo de investigaci\u00f3n participaron en la Noche Europea de los Investigadores e Investigadoras de la Universidad de Oviedo, organizada por la Unidad de Cultura Cient\u00edfica y de la Innovaci\u00f3n (UCC+I), a trav\u00e9s del stand \u00abCon-CIENCIA-dos frente a los grandes retos globales. \u00a1T\u00fa eres el protagonista!\u00bb.<\/div><\/li>\n<li><div class=\"wp-block-latest-posts__featured-image alignleft\"><img loading=\"lazy\" decoding=\"async\" width=\"300\" height=\"67\" src=\"https:\/\/www.unioviedo.es\/fincorp\/wp-content\/uploads\/2023\/11\/Logo-Grupo-completo-espanol-copia-300x67.jpg\" class=\"attachment-medium size-medium wp-post-image\" alt=\"\" style=\"max-width:150px;max-height:150px;\" srcset=\"https:\/\/www.unioviedo.es\/fincorp\/wp-content\/uploads\/2023\/11\/Logo-Grupo-completo-espanol-copia-300x67.jpg 300w, https:\/\/www.unioviedo.es\/fincorp\/wp-content\/uploads\/2023\/11\/Logo-Grupo-completo-espanol-copia-1024x227.jpg 1024w, https:\/\/www.unioviedo.es\/fincorp\/wp-content\/uploads\/2023\/11\/Logo-Grupo-completo-espanol-copia-768x170.jpg 768w, https:\/\/www.unioviedo.es\/fincorp\/wp-content\/uploads\/2023\/11\/Logo-Grupo-completo-espanol-copia-1536x341.jpg 1536w, https:\/\/www.unioviedo.es\/fincorp\/wp-content\/uploads\/2023\/11\/Logo-Grupo-completo-espanol-copia.jpg 1820w\" sizes=\"auto, (max-width: 300px) 100vw, 300px\" \/><\/div><a class=\"wp-block-latest-posts__post-title\" href=\"https:\/\/www.unioviedo.es\/fincorp\/index.php\/2025\/07\/30\/publicacion-de-un-nuevo-articulo-en-spanish-accounting-review\/\">Publicaci\u00f3n de un nuevo art\u00edculo en Spanish Accounting Review<\/a><div class=\"wp-block-latest-posts__post-excerpt\">Este mes de julio de 2025, se ha publicado el art\u00edculo \u00abThe influence of corporate governance characteristics on the readability of corporate social responsibility reports written in Spanish\u00bb, en el que participan Irma Mart\u00ednez Garc\u00eda y Mar\u00eda Asunci\u00f3n Sacrist\u00e1n Navarro, miembros de nuestro grupo de investigaci\u00f3n.<\/div><\/li>\n<li><div class=\"wp-block-latest-posts__featured-image alignleft\"><img loading=\"lazy\" decoding=\"async\" width=\"300\" height=\"300\" src=\"https:\/\/www.unioviedo.es\/fincorp\/wp-content\/uploads\/2026\/01\/euram-2025-300x300.jpg\" class=\"attachment-medium size-medium wp-post-image\" alt=\"\" style=\"max-width:150px;max-height:150px;\" srcset=\"https:\/\/www.unioviedo.es\/fincorp\/wp-content\/uploads\/2026\/01\/euram-2025-300x300.jpg 300w, https:\/\/www.unioviedo.es\/fincorp\/wp-content\/uploads\/2026\/01\/euram-2025-150x150.jpg 150w, https:\/\/www.unioviedo.es\/fincorp\/wp-content\/uploads\/2026\/01\/euram-2025.jpg 512w\" sizes=\"auto, (max-width: 300px) 100vw, 300px\" \/><\/div><a class=\"wp-block-latest-posts__post-title\" href=\"https:\/\/www.unioviedo.es\/fincorp\/index.php\/2025\/06\/25\/presentacion-en-el-doctoral-colloquium-de-euram-2025\/\">Presentaci\u00f3n en el Doctoral Colloquium de EURAM 2025<\/a><div class=\"wp-block-latest-posts__post-excerpt\">Los d\u00edas 21 y 22 de junio de 2025, Ignacio Tasc\u00f3n Amo present\u00f3 la comunicaci\u00f3n \u00abBalancing family ownership and family control strategies and sustainability practices\u00bb en el Doctoral Colloquium de la European Academy of Management (EURAM) 2025 Annual Conference, celebrado en la Universidad de Florencia (Italia).<\/div><\/li>\n<li><div class=\"wp-block-latest-posts__featured-image alignleft\"><img loading=\"lazy\" decoding=\"async\" width=\"300\" height=\"151\" src=\"https:\/\/www.unioviedo.es\/fincorp\/wp-content\/uploads\/2026\/01\/acede2025-300x151.png\" class=\"attachment-medium size-medium wp-post-image\" alt=\"\" style=\"max-width:150px;max-height:150px;\" srcset=\"https:\/\/www.unioviedo.es\/fincorp\/wp-content\/uploads\/2026\/01\/acede2025-300x151.png 300w, https:\/\/www.unioviedo.es\/fincorp\/wp-content\/uploads\/2026\/01\/acede2025.png 346w\" sizes=\"auto, (max-width: 300px) 100vw, 300px\" \/><\/div><a class=\"wp-block-latest-posts__post-title\" href=\"https:\/\/www.unioviedo.es\/fincorp\/index.php\/2025\/06\/20\/presentacion-en-el-xxxiv-congreso-internacional-de-acede\/\">Presentaci\u00f3n en el XXXIV Congreso Internacional de ACEDE<\/a><div class=\"wp-block-latest-posts__post-excerpt\">Entre el 15 y el 17 de junio de 2025, Ignacio Tasc\u00f3n Amo present\u00f3 la comunicaci\u00f3n \u00abBalancing family ownership and family control strategies and sustainability practices\u00bb en el XXXIV Congreso Internacional de la Asociaci\u00f3n Cient\u00edfica de Econom\u00eda y Direcci\u00f3n de la Empresa (ACEDE), celebrado en la Universidad P\u00fablica de Navarra (Pamplona).<\/div><\/li>\n<li><div class=\"wp-block-latest-posts__featured-image alignleft\"><img loading=\"lazy\" decoding=\"async\" width=\"300\" height=\"119\" src=\"https:\/\/www.unioviedo.es\/fincorp\/wp-content\/uploads\/2025\/06\/iberoam-300x119.jpeg\" class=\"attachment-medium size-medium wp-post-image\" alt=\"\" style=\"max-width:150px;max-height:150px;\" srcset=\"https:\/\/www.unioviedo.es\/fincorp\/wp-content\/uploads\/2025\/06\/iberoam-300x119.jpeg 300w, https:\/\/www.unioviedo.es\/fincorp\/wp-content\/uploads\/2025\/06\/iberoam-1024x407.jpeg 1024w, https:\/\/www.unioviedo.es\/fincorp\/wp-content\/uploads\/2025\/06\/iberoam-768x305.jpeg 768w, https:\/\/www.unioviedo.es\/fincorp\/wp-content\/uploads\/2025\/06\/iberoam.jpeg 1138w\" sizes=\"auto, (max-width: 300px) 100vw, 300px\" \/><\/div><a class=\"wp-block-latest-posts__post-title\" href=\"https:\/\/www.unioviedo.es\/fincorp\/index.php\/2025\/06\/01\/comunicacion-en-la-iberoamerican-academy-of-management-2\/\">Comunicaci\u00f3n en la Iberoamerican Academy of Management<\/a><div class=\"wp-block-latest-posts__post-excerpt\">Ignacio Tasc\u00f3n Amo, Mar\u00eda Sacrist\u00e1n Navarro y Silvia G\u00f3mez Ans\u00f3n presentan la comunicaci\u00f3n oral \u201cBalancing family ownership and family control strategies and sustainability practices\u201d en la 13th International Conference of the Iberoamerican Academy of Management en Madrid.<\/div><\/li>\n<li><div class=\"wp-block-latest-posts__featured-image alignleft\"><img loading=\"lazy\" decoding=\"async\" width=\"300\" height=\"119\" src=\"https:\/\/www.unioviedo.es\/fincorp\/wp-content\/uploads\/2025\/06\/iberoam-300x119.jpeg\" class=\"attachment-medium size-medium wp-post-image\" alt=\"\" style=\"max-width:150px;max-height:150px;\" srcset=\"https:\/\/www.unioviedo.es\/fincorp\/wp-content\/uploads\/2025\/06\/iberoam-300x119.jpeg 300w, https:\/\/www.unioviedo.es\/fincorp\/wp-content\/uploads\/2025\/06\/iberoam-1024x407.jpeg 1024w, https:\/\/www.unioviedo.es\/fincorp\/wp-content\/uploads\/2025\/06\/iberoam-768x305.jpeg 768w, https:\/\/www.unioviedo.es\/fincorp\/wp-content\/uploads\/2025\/06\/iberoam.jpeg 1138w\" sizes=\"auto, (max-width: 300px) 100vw, 300px\" \/><\/div><a class=\"wp-block-latest-posts__post-title\" href=\"https:\/\/www.unioviedo.es\/fincorp\/index.php\/2025\/06\/01\/comunicacion-en-la-iberoamerican-academy-of-management\/\">Comunicaci\u00f3n en la Iberoamerican Academy of Management<\/a><div class=\"wp-block-latest-posts__post-excerpt\">Calleja-Blanco, J., Mart\u00ednez-Garc\u00eda, I., Hern\u00e1ndez-Vivanco, A. y Bernardo, M. presentan la comunicaci\u00f3n oral \u201cA regional analysis of the impact of environmental practices\u201d en la 13th International Conference of the Iberoamerican Academy of Management en Madrid.<\/div><\/li>\n<li><div class=\"wp-block-latest-posts__featured-image alignleft\"><img loading=\"lazy\" decoding=\"async\" width=\"300\" height=\"221\" src=\"https:\/\/www.unioviedo.es\/fincorp\/wp-content\/uploads\/2023\/02\/Universidad-de-Oviedo-2-300x221.jpg\" class=\"attachment-medium size-medium wp-post-image\" alt=\"\" style=\"max-width:150px;max-height:150px;\" srcset=\"https:\/\/www.unioviedo.es\/fincorp\/wp-content\/uploads\/2023\/02\/Universidad-de-Oviedo-2-300x221.jpg 300w, https:\/\/www.unioviedo.es\/fincorp\/wp-content\/uploads\/2023\/02\/Universidad-de-Oviedo-2-1024x755.jpg 1024w, https:\/\/www.unioviedo.es\/fincorp\/wp-content\/uploads\/2023\/02\/Universidad-de-Oviedo-2-768x566.jpg 768w, https:\/\/www.unioviedo.es\/fincorp\/wp-content\/uploads\/2023\/02\/Universidad-de-Oviedo-2.jpg 1200w\" sizes=\"auto, (max-width: 300px) 100vw, 300px\" \/><\/div><a class=\"wp-block-latest-posts__post-title\" href=\"https:\/\/www.unioviedo.es\/fincorp\/index.php\/2025\/04\/30\/asturias-sostenible-una-mirada-local-a-la-agenda-2030-en-riosa\/\">\u201cAsturias Sostenible: una mirada local a la Agenda 2030\u201d en Riosa<\/a><div class=\"wp-block-latest-posts__post-excerpt\">Irma Mart\u00ednez (Co-directora), Silvia G\u00f3mez e Ignacio Tasc\u00f3n participan en el\u00a0Aula de Extensi\u00f3n Universitaria de la Universidad de Oviedo \u201cAsturias Sostenible: una mirada local a la Agenda 2030\u201d. Esta iniciativa de acceso gratuito busca formar a la poblaci\u00f3n asturiana en aspectos relacionados con la Agenda 2030. La formaci\u00f3n se desarroll\u00f3 en la Casa de la Cultura de Riosa entre los meses de febrero y abril de 2025.<\/div><\/li>\n<li><div class=\"wp-block-latest-posts__featured-image alignleft\"><img loading=\"lazy\" decoding=\"async\" width=\"300\" height=\"103\" src=\"https:\/\/www.unioviedo.es\/fincorp\/wp-content\/uploads\/2025\/06\/Screenshot-2025-06-19-at-11.11.48-300x103.png\" class=\"attachment-medium size-medium wp-post-image\" alt=\"\" style=\"max-width:150px;max-height:150px;\" srcset=\"https:\/\/www.unioviedo.es\/fincorp\/wp-content\/uploads\/2025\/06\/Screenshot-2025-06-19-at-11.11.48-300x103.png 300w, https:\/\/www.unioviedo.es\/fincorp\/wp-content\/uploads\/2025\/06\/Screenshot-2025-06-19-at-11.11.48.png 500w\" sizes=\"auto, (max-width: 300px) 100vw, 300px\" \/><\/div><a class=\"wp-block-latest-posts__post-title\" href=\"https:\/\/www.unioviedo.es\/fincorp\/index.php\/2025\/04\/10\/colaboracion-con-la-fundacion-inspiring-girls-en-el-c-p-maestro-casanova\/\">Colaboraci\u00f3n con la Fundaci\u00f3n Inspiring Girls en el C.P. Maestro Casanova<\/a><div class=\"wp-block-latest-posts__post-excerpt\">Silvia G\u00f3mez Ans\u00f3n realiz\u00f3 diferentes ponencias acerca de su experiencia personal y profesional a ni\u00f1as en edades entre los 9 y 12 a\u00f1os gracias a la Fundaci\u00f3n Inspiring Girls. Su objetivo es poner en contacto a ni\u00f1as en edad escolar con mujeres profesionales de todos los sectores, ayud\u00e1ndolas a visibilizar la amplia variedad de profesiones y trabajos que existen y transmitirles valores como el esfuerzo, la constancia y la confianza en s\u00ed mismas.\u00a0\u00a0 https:\/\/www.linkedin.com\/feed\/update\/urn:li:activity:7303192923070763008<\/div><\/li>\n<li><div class=\"wp-block-latest-posts__featured-image alignleft\"><img loading=\"lazy\" decoding=\"async\" width=\"206\" height=\"300\" src=\"https:\/\/www.unioviedo.es\/fincorp\/wp-content\/uploads\/2025\/06\/semana-ciencia-206x300.png\" class=\"attachment-medium size-medium wp-post-image\" alt=\"\" style=\"max-width:150px;max-height:150px;\" srcset=\"https:\/\/www.unioviedo.es\/fincorp\/wp-content\/uploads\/2025\/06\/semana-ciencia-206x300.png 206w, https:\/\/www.unioviedo.es\/fincorp\/wp-content\/uploads\/2025\/06\/semana-ciencia.png 310w\" sizes=\"auto, (max-width: 206px) 100vw, 206px\" \/><\/div><a class=\"wp-block-latest-posts__post-title\" href=\"https:\/\/www.unioviedo.es\/fincorp\/index.php\/2025\/02\/19\/reflexion-sobre-liderazgo-femenino-en-el-centro-de-empresas-sabil-de-santo-adriano\/\">Reflexi\u00f3n sobre liderazgo femenino en el Centro de Empresas Sabil de Santo Adriano<\/a><div class=\"wp-block-latest-posts__post-excerpt\">Silvia G\u00f3mez Ans\u00f3n ofrece la charla \u201cLiderazgo en femenino: un reto 2030\u201d en el Centro de Empresas Sabil de Santo Adriano, dentro de la iniciativa \u201cCiencia Circular\u201d de la XXIV Semana de la Ciencia y la Innovaci\u00f3n de la Universidad de Oviedo. \u00a0https:\/\/www.linkedin.com\/in\/fincorp-grupo-31034130a\/recent-activity\/all\/<\/div><\/li>\n<li><div class=\"wp-block-latest-posts__featured-image alignleft\"><img loading=\"lazy\" decoding=\"async\" width=\"247\" height=\"300\" src=\"https:\/\/www.unioviedo.es\/fincorp\/wp-content\/uploads\/2024\/06\/pumuo-logo-1-247x300.jpg\" class=\"attachment-medium size-medium wp-post-image\" alt=\"\" style=\"max-width:150px;max-height:150px;\" srcset=\"https:\/\/www.unioviedo.es\/fincorp\/wp-content\/uploads\/2024\/06\/pumuo-logo-1-247x300.jpg 247w, https:\/\/www.unioviedo.es\/fincorp\/wp-content\/uploads\/2024\/06\/pumuo-logo-1.jpg 296w\" sizes=\"auto, (max-width: 247px) 100vw, 247px\" \/><\/div><a class=\"wp-block-latest-posts__post-title\" href=\"https:\/\/www.unioviedo.es\/fincorp\/index.php\/2025\/01\/31\/curso-sobre-lgtbiq-en-el-pumuo\/\">Curso sobre LGTBIQ+ en el PUMUO<\/a><div class=\"wp-block-latest-posts__post-excerpt\">Silvia G\u00f3mez Ans\u00f3n codirige la asignatura\u00a0\u201cLGTBIQ+: Una aproximaci\u00f3n jur\u00eddica y econ\u00f3mica\u201d, impartida\u00a0dentro del Programa Universitario para Mayores de la Universidad de Oviedo (PUMUO),\u00a0durante\u00a0el primer cuatrimestre del curso acad\u00e9mico 2024-2025\u00a0en Oviedo. Esta formaci\u00f3n, dirigida a mayores de cincuenta a\u00f1os,\u00a0permite\u00a0al alumnado\u00a0formarse en\u00a0cuestiones clave sobre diversidad sexual y de g\u00e9nero desde una perspectiva jur\u00eddica y econ\u00f3mica.<\/div><\/li>\n<li><div class=\"wp-block-latest-posts__featured-image alignleft\"><img loading=\"lazy\" decoding=\"async\" width=\"300\" height=\"111\" src=\"https:\/\/www.unioviedo.es\/fincorp\/wp-content\/uploads\/2025\/06\/review-of-regional-research-300x111.jpg\" class=\"attachment-medium size-medium wp-post-image\" alt=\"\" style=\"max-width:150px;max-height:150px;\" srcset=\"https:\/\/www.unioviedo.es\/fincorp\/wp-content\/uploads\/2025\/06\/review-of-regional-research-300x111.jpg 300w, https:\/\/www.unioviedo.es\/fincorp\/wp-content\/uploads\/2025\/06\/review-of-regional-research.jpg 738w\" sizes=\"auto, (max-width: 300px) 100vw, 300px\" \/><\/div><a class=\"wp-block-latest-posts__post-title\" href=\"https:\/\/www.unioviedo.es\/fincorp\/index.php\/2025\/01\/21\/nueva-publicacion-en-review-of-regional-research\/\">Nueva publicaci\u00f3n en \u00abReview of Regional Research\u00bb<\/a><div class=\"wp-block-latest-posts__post-excerpt\">Este mes de enero se\u00a0se ha publicado\u00a0en el n\u00famero 45 de la revista Review of Regional Research el art\u00edculo elaborado por Mar\u00eda Sacrist\u00e1n Navarro, Irma Mart\u00ednez Garc\u00eda, Rodrigo Basco\u00a0y Silvia G\u00f3mez Ans\u00f3n \u201cContext matters! Insights into family ownership of listed firms across Europe\u201d.\u00a0\u00a0 Se puede encontrar el art\u00edculo en:\u00a0https:\/\/link.springer.com\/article\/10.1007\/s10037-024-00220-0\u00a0\u00a0<\/div><\/li>\n<li><div class=\"wp-block-latest-posts__featured-image alignleft\"><img loading=\"lazy\" decoding=\"async\" width=\"233\" height=\"300\" src=\"https:\/\/www.unioviedo.es\/fincorp\/wp-content\/uploads\/2025\/06\/TFG-Alejandro-Trenor-Guisasola-233x300.png\" class=\"attachment-medium size-medium wp-post-image\" alt=\"\" style=\"max-width:150px;max-height:150px;\" srcset=\"https:\/\/www.unioviedo.es\/fincorp\/wp-content\/uploads\/2025\/06\/TFG-Alejandro-Trenor-Guisasola-233x300.png 233w, https:\/\/www.unioviedo.es\/fincorp\/wp-content\/uploads\/2025\/06\/TFG-Alejandro-Trenor-Guisasola.png 604w\" sizes=\"auto, (max-width: 233px) 100vw, 233px\" \/><\/div><a class=\"wp-block-latest-posts__post-title\" href=\"https:\/\/www.unioviedo.es\/fincorp\/index.php\/2025\/01\/20\/trabajo-de-fin-de-grado-premiado-por-la-catedra-vaciero-de-transformacion-empresarial-y-su-marco-juridico-financiero\/\">Trabajo de Fin de Grado Premiado por la C\u00e1tedra Vaciero de Transformaci\u00f3n Empresarial y su marco Jur\u00eddico-Financiero<\/a><div class=\"wp-block-latest-posts__post-excerpt\">El TFG de Alejandro Tr\u00e9nor Guisasola, titulado\u00a0\u201cDiversidad de g\u00e9nero en los consejos de administraci\u00f3n y la Directiva (UE) 2022\/2381: cumplimiento y consecuencias\u201d\u00a0y dirigido por Irma Mart\u00ednez Garc\u00eda recibi\u00f3 el Premio Trabajo de Fin de Grado\u00a0de\u00a0la C\u00e1tedra Vaciero de Transformaci\u00f3n Empresarial y su marco Jur\u00eddico-Financiero de la Universidad de Oviedo.\u00a0\u00a1Enhorabuena, Alejandro!<\/div><\/li>\n<li><div class=\"wp-block-latest-posts__featured-image alignleft\"><img loading=\"lazy\" decoding=\"async\" width=\"300\" height=\"182\" src=\"https:\/\/www.unioviedo.es\/fincorp\/wp-content\/uploads\/2024\/12\/ecgi-logo-high-res-300x182.jpg\" class=\"attachment-medium size-medium wp-post-image\" alt=\"\" style=\"max-width:150px;max-height:150px;\" srcset=\"https:\/\/www.unioviedo.es\/fincorp\/wp-content\/uploads\/2024\/12\/ecgi-logo-high-res-300x182.jpg 300w, https:\/\/www.unioviedo.es\/fincorp\/wp-content\/uploads\/2024\/12\/ecgi-logo-high-res-768x466.jpg 768w, https:\/\/www.unioviedo.es\/fincorp\/wp-content\/uploads\/2024\/12\/ecgi-logo-high-res.jpg 947w\" sizes=\"auto, (max-width: 300px) 100vw, 300px\" \/><\/div><a class=\"wp-block-latest-posts__post-title\" href=\"https:\/\/www.unioviedo.es\/fincorp\/index.php\/2024\/12\/20\/participacion-en-el-5th-annual-boca-ecgi-corporate-finance-and-governance-conference\/\">Participaci\u00f3n en el 5th Annual Boca-ECGI Corporate Finance and Governance Conference<\/a><div class=\"wp-block-latest-posts__post-excerpt\">La semana pasada, nuestro grupo particip\u00f3 en el 5th Annual Boca-ECGI Corporate Finance and Governance Conference, celebrado los d\u00edas 13 y 14 de diciembre de 2024 en la Universidad CEU San Pablo de Madrid.<\/div><\/li>\n<li><div class=\"wp-block-latest-posts__featured-image alignleft\"><img loading=\"lazy\" decoding=\"async\" width=\"260\" height=\"208\" src=\"https:\/\/www.unioviedo.es\/fincorp\/wp-content\/uploads\/2025\/06\/instituto-iberoamericano-de-valores-1.png\" class=\"attachment-medium size-medium wp-post-image\" alt=\"\" style=\"max-width:150px;max-height:150px;\" \/><\/div><a class=\"wp-block-latest-posts__post-title\" href=\"https:\/\/www.unioviedo.es\/fincorp\/index.php\/2024\/12\/12\/nueva-publicacion-gobierno-corporativo-en-latinoamerica-tendencias-y-desafios\/\">Nueva publicaci\u00f3n \u201cGobierno Corporativo en Latinoam\u00e9rica: Tendencias y Desaf\u00edos\u201d<\/a><div class=\"wp-block-latest-posts__post-excerpt\">En el n\u00famero 73 (especial 25 aniversario) de la Revista Iberoamericana del Mercado de Valores, se puede encontrar el art\u00edculo elaborado por Mar\u00eda Sacrist\u00e1n Navarro y Silvia G\u00f3mez Ans\u00f3n bajo el t\u00edtulo \u201cGobierno Corporativo en Latinoam\u00e9rica: Tendencias y Desaf\u00edos\u201d.<\/div><\/li>\n<li><div class=\"wp-block-latest-posts__featured-image alignleft\"><img loading=\"lazy\" decoding=\"async\" width=\"206\" height=\"300\" src=\"https:\/\/www.unioviedo.es\/fincorp\/wp-content\/uploads\/2025\/06\/semana-ciencia-206x300.png\" class=\"attachment-medium size-medium wp-post-image\" alt=\"\" style=\"max-width:150px;max-height:150px;\" srcset=\"https:\/\/www.unioviedo.es\/fincorp\/wp-content\/uploads\/2025\/06\/semana-ciencia-206x300.png 206w, https:\/\/www.unioviedo.es\/fincorp\/wp-content\/uploads\/2025\/06\/semana-ciencia.png 310w\" sizes=\"auto, (max-width: 206px) 100vw, 206px\" \/><\/div><a class=\"wp-block-latest-posts__post-title\" href=\"https:\/\/www.unioviedo.es\/fincorp\/index.php\/2024\/11\/19\/desigualdades-y-ods-en-la-semana-de-la-ciencia-de-la-universidad-de-oviedo\/\">Desigualdades y ODS en la Semana de la Ciencia de la Universidad de Oviedo<\/a><div class=\"wp-block-latest-posts__post-excerpt\">Irma Mart\u00ednez participa con la charla \u201c\u00a1Agenda 2030 para T-ODS! Compromiso compartido y reducci\u00f3n de las desigualdades\u201d, en la iniciativa \u201cCiencia Apasionante\u201d de la XXIV Semana de la Ciencia y la Innovaci\u00f3n de la Universidad de Oviedo.<\/div><\/li>\n<li><div class=\"wp-block-latest-posts__featured-image alignleft\"><img loading=\"lazy\" decoding=\"async\" width=\"300\" height=\"221\" src=\"https:\/\/www.unioviedo.es\/fincorp\/wp-content\/uploads\/2023\/02\/Universidad-de-Oviedo-2-300x221.jpg\" class=\"attachment-medium size-medium wp-post-image\" alt=\"\" style=\"max-width:150px;max-height:150px;\" srcset=\"https:\/\/www.unioviedo.es\/fincorp\/wp-content\/uploads\/2023\/02\/Universidad-de-Oviedo-2-300x221.jpg 300w, https:\/\/www.unioviedo.es\/fincorp\/wp-content\/uploads\/2023\/02\/Universidad-de-Oviedo-2-1024x755.jpg 1024w, https:\/\/www.unioviedo.es\/fincorp\/wp-content\/uploads\/2023\/02\/Universidad-de-Oviedo-2-768x566.jpg 768w, https:\/\/www.unioviedo.es\/fincorp\/wp-content\/uploads\/2023\/02\/Universidad-de-Oviedo-2.jpg 1200w\" sizes=\"auto, (max-width: 300px) 100vw, 300px\" \/><\/div><a class=\"wp-block-latest-posts__post-title\" href=\"https:\/\/www.unioviedo.es\/fincorp\/index.php\/2024\/11\/19\/charla-en-el-marco-de-la-semana-de-la-ciencia-en-el-ies-selgas\/\">Charla en el marco de la Semana de la Ciencia en el IES Selgas<\/a><div class=\"wp-block-latest-posts__post-excerpt\">Irma Mart\u00ednez Garc\u00eda imparte la ponencia \u201cLiderazgo en femenino: un reto 2030\u201d dirigida a estudiantes de 4\u00ba de ESO en el IES Selgas, dentro de la iniciativa \u201cD\u00eda de la Ciencia en mi Colegio\u201d de la XXIV Semana de la Ciencia y la Innovaci\u00f3n de la Universidad de Oviedo.<\/div><\/li>\n<li><div class=\"wp-block-latest-posts__featured-image alignleft\"><img loading=\"lazy\" decoding=\"async\" width=\"256\" height=\"112\" src=\"https:\/\/www.unioviedo.es\/fincorp\/wp-content\/uploads\/2025\/06\/concep-arenal-1.png\" class=\"attachment-medium size-medium wp-post-image\" alt=\"\" style=\"max-width:150px;max-height:150px;\" \/><\/div><a class=\"wp-block-latest-posts__post-title\" href=\"https:\/\/www.unioviedo.es\/fincorp\/index.php\/2024\/09\/30\/participacion-en-aula-de-extension-universitaria-sobre-agenda-2030-2\/\">Participaci\u00f3n en Aula de Extensi\u00f3n Universitaria sobre Agenda 2030<\/a><div class=\"wp-block-latest-posts__post-excerpt\">Irma Mart\u00ednez Garc\u00eda y Silvia G\u00f3mez Ans\u00f3n\u00a0participan en la segunda edici\u00f3n del Aula de Extensi\u00f3n Universitaria\u00a0\u201cLa Agenda 2030 de las Naciones Unidas: una aproximaci\u00f3n multidisciplinar para identificar y comprender los Objetivos de Desarrollo Sostenible\u201d\u00a0en el que se abordan las l\u00edneas de investigaci\u00f3n de nuestro proyecto DIVGENEMP. Esta vez,\u00a0es\u00a0el concejo de Nava quien acoge\u00a0la formaci\u00f3n.\u00a0<\/div><\/li>\n<li><div class=\"wp-block-latest-posts__featured-image alignleft\"><img loading=\"lazy\" decoding=\"async\" width=\"210\" height=\"210\" src=\"https:\/\/www.unioviedo.es\/fincorp\/wp-content\/uploads\/2025\/06\/noche-europea2.png\" class=\"attachment-medium size-medium wp-post-image\" alt=\"\" style=\"max-width:150px;max-height:150px;\" srcset=\"https:\/\/www.unioviedo.es\/fincorp\/wp-content\/uploads\/2025\/06\/noche-europea2.png 210w, https:\/\/www.unioviedo.es\/fincorp\/wp-content\/uploads\/2025\/06\/noche-europea2-150x150.png 150w\" sizes=\"auto, (max-width: 210px) 100vw, 210px\" \/><\/div><a class=\"wp-block-latest-posts__post-title\" href=\"https:\/\/www.unioviedo.es\/fincorp\/index.php\/2024\/09\/20\/participacion-en-la-noche-europea-de-los-investigadores-con-mirada-inclusiva-hacia-los-ods\/\">Participaci\u00f3n en la Noche Europea de los Investigadores con mirada inclusiva hacia los ODS<\/a><div class=\"wp-block-latest-posts__post-excerpt\">Irma Mart\u00ednez Garc\u00eda presenta el stand \u201cT-ODS a por el 10: nuevas miradas para reducir las desigualdades ling\u00fc\u00edsticas, econ\u00f3micas y jur\u00eddicas\u201d en la Noche Europea de los Investigadores e Investigadoras de la Universidad de Oviedo, organizada por la Unidad de Cultura Cient\u00edfica y de la Innovaci\u00f3n (UCC+I).<\/div><\/li>\n<li><div class=\"wp-block-latest-posts__featured-image alignleft\"><img loading=\"lazy\" decoding=\"async\" width=\"300\" height=\"221\" src=\"https:\/\/www.unioviedo.es\/fincorp\/wp-content\/uploads\/2023\/02\/Universidad-de-Oviedo-2-300x221.jpg\" class=\"attachment-medium size-medium wp-post-image\" alt=\"\" style=\"max-width:150px;max-height:150px;\" srcset=\"https:\/\/www.unioviedo.es\/fincorp\/wp-content\/uploads\/2023\/02\/Universidad-de-Oviedo-2-300x221.jpg 300w, https:\/\/www.unioviedo.es\/fincorp\/wp-content\/uploads\/2023\/02\/Universidad-de-Oviedo-2-1024x755.jpg 1024w, https:\/\/www.unioviedo.es\/fincorp\/wp-content\/uploads\/2023\/02\/Universidad-de-Oviedo-2-768x566.jpg 768w, https:\/\/www.unioviedo.es\/fincorp\/wp-content\/uploads\/2023\/02\/Universidad-de-Oviedo-2.jpg 1200w\" sizes=\"auto, (max-width: 300px) 100vw, 300px\" \/><\/div><a class=\"wp-block-latest-posts__post-title\" href=\"https:\/\/www.unioviedo.es\/fincorp\/index.php\/2024\/07\/29\/impulsando-la-formacion-de-nuevos-profesionales-a-traves-de-la-direccion-de-trabajos-de-fin-de-grado\/\">Impulsando la formaci\u00f3n de nuevos profesionales a trav\u00e9s de la direcci\u00f3n de Trabajos de Fin de Grado<\/a><div class=\"wp-block-latest-posts__post-excerpt\">Durante el curso acad\u00e9mico 2023-2024, se ha continuado\u00a0formando a\u00a0nuevos profesionales\u00a0en\u00a0las l\u00edneas de investigaci\u00f3n del proyecto DIVGENEMP mediante la direcci\u00f3n de Trabajos de Fin de Grado (TFG). En total, seis\u00a0alumnos han defendido sus\u00a0trabajos.\u00a0\u00a1Enhorabuena!<\/div><\/li>\n<li><div class=\"wp-block-latest-posts__featured-image alignleft\"><img loading=\"lazy\" decoding=\"async\" width=\"234\" height=\"220\" src=\"https:\/\/www.unioviedo.es\/fincorp\/wp-content\/uploads\/2024\/06\/JBR.jpg\" class=\"attachment-medium size-medium wp-post-image\" alt=\"\" style=\"max-width:150px;max-height:150px;\" \/><\/div><a class=\"wp-block-latest-posts__post-title\" href=\"https:\/\/www.unioviedo.es\/fincorp\/index.php\/2024\/06\/21\/publicacion-de-articulo-en-la-revista-journal-of-business-research\/\">Publicaci\u00f3n de art\u00edculo en la revista\u00a0\u00abJournal of Business Research\u00bb<\/a><div class=\"wp-block-latest-posts__post-excerpt\">La revista Journal Business Research ha publicado el art\u00edculo titulado \u00abRegulating board gender diversity in Europe: The influence of cultural, governmental, and women\u2019s institutions\u00bb, escrito por Irma Mart\u00ednez Garc\u00eda, Siri Terjesen y Silvia G\u00f3mez Ans\u00f3n.<\/div><\/li>\n<li><div class=\"wp-block-latest-posts__featured-image alignleft\"><img loading=\"lazy\" decoding=\"async\" width=\"300\" height=\"149\" src=\"https:\/\/www.unioviedo.es\/fincorp\/wp-content\/uploads\/2024\/06\/ACEDE-2024-Logo-300x149.jpg\" class=\"attachment-medium size-medium wp-post-image\" alt=\"\" style=\"max-width:150px;max-height:150px;\" srcset=\"https:\/\/www.unioviedo.es\/fincorp\/wp-content\/uploads\/2024\/06\/ACEDE-2024-Logo-300x149.jpg 300w, https:\/\/www.unioviedo.es\/fincorp\/wp-content\/uploads\/2024\/06\/ACEDE-2024-Logo-1024x508.jpg 1024w, https:\/\/www.unioviedo.es\/fincorp\/wp-content\/uploads\/2024\/06\/ACEDE-2024-Logo-768x381.jpg 768w, https:\/\/www.unioviedo.es\/fincorp\/wp-content\/uploads\/2024\/06\/ACEDE-2024-Logo.jpg 1149w\" sizes=\"auto, (max-width: 300px) 100vw, 300px\" \/><\/div><a class=\"wp-block-latest-posts__post-title\" href=\"https:\/\/www.unioviedo.es\/fincorp\/index.php\/2024\/06\/21\/presentacion-en-el-xxxiii-congreso-de-acede\/\">Presentaci\u00f3n en el XXXIII Congreso de ACEDE<\/a><div class=\"wp-block-latest-posts__post-excerpt\">El 18 de junio, Jonathan Calleja Blanco ha presentado en el XXXIII Congreso de ACEDE, celebrado en Valencia, el art\u00edculo titulado \u00abThe Impact of Environmental Corporate Practices on Regions\u00bb, en el que participan como coautoras Irma Mart\u00ednez Garc\u00eda, miembro del grupo, y Merc\u00e8 Bernardo, colaboradora del grupo.<\/div><\/li>\n<li><div class=\"wp-block-latest-posts__featured-image alignleft\"><img loading=\"lazy\" decoding=\"async\" width=\"247\" height=\"300\" src=\"https:\/\/www.unioviedo.es\/fincorp\/wp-content\/uploads\/2024\/06\/pumuo-logo-1-247x300.jpg\" class=\"attachment-medium size-medium wp-post-image\" alt=\"\" style=\"max-width:150px;max-height:150px;\" srcset=\"https:\/\/www.unioviedo.es\/fincorp\/wp-content\/uploads\/2024\/06\/pumuo-logo-1-247x300.jpg 247w, https:\/\/www.unioviedo.es\/fincorp\/wp-content\/uploads\/2024\/06\/pumuo-logo-1.jpg 296w\" sizes=\"auto, (max-width: 247px) 100vw, 247px\" \/><\/div><a class=\"wp-block-latest-posts__post-title\" href=\"https:\/\/www.unioviedo.es\/fincorp\/index.php\/2024\/06\/20\/curso-sobre-la-agenda-2030-y-los-ods\/\">Curso sobre la Agenda 2030 y los ODS<\/a><div class=\"wp-block-latest-posts__post-excerpt\">Entre los meses de febrero y junio de 2024, el Programa Universitario para Mayores de la Universidad de Oviedo (PUMUO)&nbsp;acoge el&nbsp;curso \u201cLa Agenda 2030 de las Naciones Unidas: una aproximaci\u00f3n para identificar y comprender los Objetivos de Desarrollo Sostenible (ODS)\u201d. Irma Mart\u00ednez Garc\u00eda ha&nbsp;participado como docente en esta asignatura centrada en el&nbsp;an\u00e1lisis de los grandes desaf\u00edos globales, como es la diversidad e igualdad de g\u00e9nero.<\/div><\/li>\n<li><div class=\"wp-block-latest-posts__featured-image alignleft\"><img loading=\"lazy\" decoding=\"async\" width=\"256\" height=\"112\" src=\"https:\/\/www.unioviedo.es\/fincorp\/wp-content\/uploads\/2025\/06\/concep-arenal-1.png\" class=\"attachment-medium size-medium wp-post-image\" alt=\"\" style=\"max-width:150px;max-height:150px;\" \/><\/div><a class=\"wp-block-latest-posts__post-title\" href=\"https:\/\/www.unioviedo.es\/fincorp\/index.php\/2024\/06\/13\/ponencia-en-ods-pensamiento-compartido\/\">Ponencia en ODS Pensamiento Compartido<\/a><div class=\"wp-block-latest-posts__post-excerpt\">Irma Mart\u00ednez Garc\u00eda participa con la ponencia \u201cLa diversidad de g\u00e9nero en los consejos de administraci\u00f3n\u201d en la actividad ODS Pensamiento Compartido de la C\u00e1tedra Concepci\u00f3n Arenal de Agenda 2030 de la Universidad de Oviedo. Link a la actividad:\u00a0https:\/\/digibuo.uniovi.es\/dspace\/handle\/10651\/72669<\/div><\/li>\n<li><div class=\"wp-block-latest-posts__featured-image alignleft\"><img loading=\"lazy\" decoding=\"async\" width=\"300\" height=\"58\" src=\"https:\/\/www.unioviedo.es\/fincorp\/wp-content\/uploads\/2025\/06\/Screenshot-2025-06-11-at-09.36.58-300x58.png\" class=\"attachment-medium size-medium wp-post-image\" alt=\"\" style=\"max-width:150px;max-height:150px;\" srcset=\"https:\/\/www.unioviedo.es\/fincorp\/wp-content\/uploads\/2025\/06\/Screenshot-2025-06-11-at-09.36.58-300x58.png 300w, https:\/\/www.unioviedo.es\/fincorp\/wp-content\/uploads\/2025\/06\/Screenshot-2025-06-11-at-09.36.58.png 682w\" sizes=\"auto, (max-width: 300px) 100vw, 300px\" \/><\/div><a class=\"wp-block-latest-posts__post-title\" href=\"https:\/\/www.unioviedo.es\/fincorp\/index.php\/2024\/03\/15\/participacion-en-elgar-encyclopedia-of-family-business\/\">Participaci\u00f3n en \u00abElgar Encyclopedia of Family Business\u00bb<\/a><div class=\"wp-block-latest-posts__post-excerpt\">Rodrigo Basco\u00a0publica el\u00a0cap\u00edtulo \u201cInformal Institutions\u201d\u00a0en\u00a0el libro\u00a0\u201cElgar Encyclopedia of Family Business\u201d\u00a0de\u00a0la editorial Edward Elgar Publishing. El contenido se puede encontrar a trav\u00e9s del siguiente link: https:\/\/www.e-elgar.com\/shop\/gbp\/elgar-encyclopedia-of-family-business-9781800888715.html?srsltid=AfmBOopVhR3fRzH5H3rO2yWarlSb0_o2UlG2yBHHO0vjC8JCmtshWxRu<\/div><\/li>\n<li><div class=\"wp-block-latest-posts__featured-image alignleft\"><img loading=\"lazy\" decoding=\"async\" width=\"300\" height=\"115\" src=\"https:\/\/www.unioviedo.es\/fincorp\/wp-content\/uploads\/2025\/06\/Picture-1-1-300x115.png\" class=\"attachment-medium size-medium wp-post-image\" alt=\"\" style=\"max-width:150px;max-height:150px;\" srcset=\"https:\/\/www.unioviedo.es\/fincorp\/wp-content\/uploads\/2025\/06\/Picture-1-1-300x115.png 300w, https:\/\/www.unioviedo.es\/fincorp\/wp-content\/uploads\/2025\/06\/Picture-1-1.png 360w\" sizes=\"auto, (max-width: 300px) 100vw, 300px\" \/><\/div><a class=\"wp-block-latest-posts__post-title\" href=\"https:\/\/www.unioviedo.es\/fincorp\/index.php\/2024\/01\/28\/comunicacion-en-la-universidad-rey-juan-carlos-2\/\">Comunicaci\u00f3n en la Universidad Rey Juan Carlos<\/a><div class=\"wp-block-latest-posts__post-excerpt\">Ignacio Tasc\u00f3n presenta la comunicaci\u00f3n oral \u201cFamily Firms and Sustainable Development: A Spanish Perspective\u201d en el Taller de la Secci\u00f3n de Empresa Familiar de la Asociaci\u00f3n Cient\u00edfica de Econom\u00eda y Direcci\u00f3n de la Empresa (ACEDE).<\/div><\/li>\n<li><div class=\"wp-block-latest-posts__featured-image alignleft\"><img loading=\"lazy\" decoding=\"async\" width=\"300\" height=\"300\" src=\"https:\/\/www.unioviedo.es\/fincorp\/wp-content\/uploads\/2025\/06\/eqa-300x300.png\" class=\"attachment-medium size-medium wp-post-image\" alt=\"\" style=\"max-width:150px;max-height:150px;\" srcset=\"https:\/\/www.unioviedo.es\/fincorp\/wp-content\/uploads\/2025\/06\/eqa-300x300.png 300w, https:\/\/www.unioviedo.es\/fincorp\/wp-content\/uploads\/2025\/06\/eqa-150x150.png 150w, https:\/\/www.unioviedo.es\/fincorp\/wp-content\/uploads\/2025\/06\/eqa.png 512w\" sizes=\"auto, (max-width: 300px) 100vw, 300px\" \/><\/div><a class=\"wp-block-latest-posts__post-title\" href=\"https:\/\/www.unioviedo.es\/fincorp\/index.php\/2024\/01\/19\/ponencia-en-jornada-para-la-eqa\/\">Ponencia en jornada para la EQA<\/a><div class=\"wp-block-latest-posts__post-excerpt\">Irma Mart\u00ednez Garc\u00eda interviene con la ponencia \u201cImpulsando la sostenibilidad corporativa: avances y beneficios del compromiso empresarial con los ODS y la Agenda 2030\u201d, en una jornada organizada por EQA: Entidad de Certificaci\u00f3n, Inspecci\u00f3n y Verificaci\u00f3n.<\/div><\/li>\n<li><div class=\"wp-block-latest-posts__featured-image alignleft\"><img loading=\"lazy\" decoding=\"async\" width=\"300\" height=\"115\" src=\"https:\/\/www.unioviedo.es\/fincorp\/wp-content\/uploads\/2025\/06\/Picture-1-1-300x115.png\" class=\"attachment-medium size-medium wp-post-image\" alt=\"\" style=\"max-width:150px;max-height:150px;\" srcset=\"https:\/\/www.unioviedo.es\/fincorp\/wp-content\/uploads\/2025\/06\/Picture-1-1-300x115.png 300w, https:\/\/www.unioviedo.es\/fincorp\/wp-content\/uploads\/2025\/06\/Picture-1-1.png 360w\" sizes=\"auto, (max-width: 300px) 100vw, 300px\" \/><\/div><a class=\"wp-block-latest-posts__post-title\" href=\"https:\/\/www.unioviedo.es\/fincorp\/index.php\/2024\/01\/18\/comunicacion-en-la-universidad-rey-juan-carlos\/\">Comunicaci\u00f3n en la Universidad Rey Juan Carlos<\/a><div class=\"wp-block-latest-posts__post-excerpt\">Silvia G\u00f3mez Ans\u00f3n y Mar\u00eda Sacrist\u00e1n Navarro presentan la comunicaci\u00f3n titulada \u201cSostenibilidad y gobierno corporativo en la empresa familiar\u201d en el Taller de la Secci\u00f3n de Empresa Familiar de ACEDE 2024 \u201cEmpresa Familiar y Sostenibilidad: El camino a seguir\u201d, celebrado en la Universidad Rey Juan Carlos, Madrid, en enero de 2024.\u00a0<\/div><\/li>\n<li><div class=\"wp-block-latest-posts__featured-image alignleft\"><img loading=\"lazy\" decoding=\"async\" width=\"300\" height=\"119\" src=\"https:\/\/www.unioviedo.es\/fincorp\/wp-content\/uploads\/2025\/06\/iberoam-300x119.jpeg\" class=\"attachment-medium size-medium wp-post-image\" alt=\"\" style=\"max-width:150px;max-height:150px;\" srcset=\"https:\/\/www.unioviedo.es\/fincorp\/wp-content\/uploads\/2025\/06\/iberoam-300x119.jpeg 300w, https:\/\/www.unioviedo.es\/fincorp\/wp-content\/uploads\/2025\/06\/iberoam-1024x407.jpeg 1024w, https:\/\/www.unioviedo.es\/fincorp\/wp-content\/uploads\/2025\/06\/iberoam-768x305.jpeg 768w, https:\/\/www.unioviedo.es\/fincorp\/wp-content\/uploads\/2025\/06\/iberoam.jpeg 1138w\" sizes=\"auto, (max-width: 300px) 100vw, 300px\" \/><\/div><a class=\"wp-block-latest-posts__post-title\" href=\"https:\/\/www.unioviedo.es\/fincorp\/index.php\/2023\/12\/11\/comunicacion-en-la-iberoamerican-academy-of-management-2023\/\">Comunicaci\u00f3n en la Iberoamerican Academy of Management 2023<\/a><div class=\"wp-block-latest-posts__post-excerpt\">Irma Mart\u00ednez y Silvia G\u00f3mez exponen la comunicaci\u00f3n oral \u201cSustainable Development Goals, Sustainability Indices and Corporate Governance: an analysis of Spanish listed companies\u201d en la 12th International Conference of the Iberoamerican Academy of Management en Punta Cana.<\/div><\/li>\n<li><div class=\"wp-block-latest-posts__featured-image alignleft\"><img loading=\"lazy\" decoding=\"async\" width=\"175\" height=\"94\" src=\"https:\/\/www.unioviedo.es\/fincorp\/wp-content\/uploads\/2023\/10\/ICGS-Conference-2023-logo.png\" class=\"attachment-medium size-medium wp-post-image\" alt=\"\" style=\"max-width:150px;max-height:150px;\" \/><\/div><a class=\"wp-block-latest-posts__post-title\" href=\"https:\/\/www.unioviedo.es\/fincorp\/index.php\/2023\/10\/23\/participacion-en-la-icgs-conference-2023\/\">Participaci\u00f3n en la ICGS Conference 2023\u00a0<\/a><div class=\"wp-block-latest-posts__post-excerpt\">Silvia G\u00f3mez Ans\u00f3n e Irma Mart\u00ednez Garc\u00eda han participado en la ICGS Conference (https:\/\/www.ie.edu\/icgs2023\/), celebrada del 20 al 22 de octubre de 2023 en Madrid. Han presentado el art\u00edculo titulado \u00abSustainable Development Goals, Sustainability Indices and Corporate Governance: An Analysis of Spanish Listed Companies\u00bb. Muchas gracias a los asistentes a la sesi\u00f3n por sus comentarios.<\/div><\/li>\n<li><div class=\"wp-block-latest-posts__featured-image alignleft\"><img loading=\"lazy\" decoding=\"async\" width=\"300\" height=\"142\" src=\"https:\/\/www.unioviedo.es\/fincorp\/wp-content\/uploads\/2023\/02\/Catedra-Concepcion-Arenal-de-Agenda-2030-300x142.png\" class=\"attachment-medium size-medium wp-post-image\" alt=\"\" style=\"max-width:150px;max-height:150px;\" srcset=\"https:\/\/www.unioviedo.es\/fincorp\/wp-content\/uploads\/2023\/02\/Catedra-Concepcion-Arenal-de-Agenda-2030-300x142.png 300w, https:\/\/www.unioviedo.es\/fincorp\/wp-content\/uploads\/2023\/02\/Catedra-Concepcion-Arenal-de-Agenda-2030.png 686w\" sizes=\"auto, (max-width: 300px) 100vw, 300px\" \/><\/div><a class=\"wp-block-latest-posts__post-title\" href=\"https:\/\/www.unioviedo.es\/fincorp\/index.php\/2023\/09\/15\/participacion-en-aula-de-extension-universitaria-sobre-agenda-2030\/\">Participaci\u00f3n en Aula de Extensi\u00f3n Universitaria sobre Agenda 2030<\/a><div class=\"wp-block-latest-posts__post-excerpt\">Miembros del grupo (Silvia G\u00f3mez Ans\u00f3n e Irma Mart\u00ednez Garc\u00eda) participan (como docentes y como co-directora -Irma Mart\u00ednez-) en el Aula de Extensi\u00f3n Universitaria \u00abLa Agenda 2030 de las Naciones Unidas: una aproximaci\u00f3n multidisciplinar para identificar y comprender los Objetivos de Desarrollo Sostenible (ODS)\u00bb,\u00a0impulsada por la C\u00e1tedra Concepci\u00f3n Arenal de Agenda 2030 de la Universidad de Oviedo. El Aula de Extensi\u00f3n se impartir\u00e1 en el Ateneo Obrero de Villaviciosa cada lunes entre el 11 de septiembre y el 27 de noviembre, en horario de 19:00h a 20:30h.<\/div><\/li>\n<li><div class=\"wp-block-latest-posts__featured-image alignleft\"><img loading=\"lazy\" decoding=\"async\" width=\"300\" height=\"221\" src=\"https:\/\/www.unioviedo.es\/fincorp\/wp-content\/uploads\/2023\/02\/Universidad-de-Oviedo-2-300x221.jpg\" class=\"attachment-medium size-medium wp-post-image\" alt=\"\" style=\"max-width:150px;max-height:150px;\" srcset=\"https:\/\/www.unioviedo.es\/fincorp\/wp-content\/uploads\/2023\/02\/Universidad-de-Oviedo-2-300x221.jpg 300w, https:\/\/www.unioviedo.es\/fincorp\/wp-content\/uploads\/2023\/02\/Universidad-de-Oviedo-2-1024x755.jpg 1024w, https:\/\/www.unioviedo.es\/fincorp\/wp-content\/uploads\/2023\/02\/Universidad-de-Oviedo-2-768x566.jpg 768w, https:\/\/www.unioviedo.es\/fincorp\/wp-content\/uploads\/2023\/02\/Universidad-de-Oviedo-2.jpg 1200w\" sizes=\"auto, (max-width: 300px) 100vw, 300px\" \/><\/div><a class=\"wp-block-latest-posts__post-title\" href=\"https:\/\/www.unioviedo.es\/fincorp\/index.php\/2023\/09\/11\/comienza-la-asignatura-de-pumuo-diversidad-equidad-e-inclusion-perspectivas-juridica-y-economica\/\">Comienza la asignatura de PUMUO \u201cDiversidad, equidad e inclusi\u00f3n: perspectivas jur\u00eddica y econ\u00f3mica\u201d<\/a><div class=\"wp-block-latest-posts__post-excerpt\">Este mes de septiembre dio comienzo la asignatura\u00a0\u00abDiversidad, equidad e inclusi\u00f3n: perspectivas jur\u00eddica y econ\u00f3mica\u00bb, impartida dentro del\u00a0Programa Universitario para Mayores de la Universidad de Oviedo (PUMUO). El curso, dirigido a personas mayores de cincuenta a\u00f1os, ofrece al alumnado una oportunidad de conocer y reflexionar acerca de retos actuales en materia socioecon\u00f3mica. La profesora Silvia G\u00f3mez Ans\u00f3n se encargar\u00e1 de la docencia.<\/div><\/li>\n<li><div class=\"wp-block-latest-posts__featured-image alignleft\"><img loading=\"lazy\" decoding=\"async\" width=\"300\" height=\"142\" src=\"https:\/\/www.unioviedo.es\/fincorp\/wp-content\/uploads\/2023\/08\/Screenshot-2025-06-11-at-09.57.33-300x142.png\" class=\"attachment-medium size-medium wp-post-image\" alt=\"\" style=\"max-width:150px;max-height:150px;\" srcset=\"https:\/\/www.unioviedo.es\/fincorp\/wp-content\/uploads\/2023\/08\/Screenshot-2025-06-11-at-09.57.33-300x142.png 300w, https:\/\/www.unioviedo.es\/fincorp\/wp-content\/uploads\/2023\/08\/Screenshot-2025-06-11-at-09.57.33.png 432w\" sizes=\"auto, (max-width: 300px) 100vw, 300px\" \/><\/div><a class=\"wp-block-latest-posts__post-title\" href=\"https:\/\/www.unioviedo.es\/fincorp\/index.php\/2023\/08\/26\/participacion-en-libro-gender-diversity-past-present-and-future-perspectives\/\">Participaci\u00f3n en Libro \u00abGender Diversity: Past, Present and Future Perspectives\u00bb<\/a><div class=\"wp-block-latest-posts__post-excerpt\">Las investigadoras Irma Mart\u00ednez y Silvia G\u00f3mez han escrito el cap\u00edtulo titulado \u201cWomen on corporate boards in Europe: milestones and challenges\u201d para el libro \u201cGender Diversity: Past, Present and Future Perspectives\u201d\u00a0\u00a0publicado\u00a0por Nova Science Publishers.\u00a0El cap\u00edtulo est\u00e1 disponible en: https:\/\/digibuo.uniovi.es\/dspace\/bitstream\/handle\/10651\/71236\/219.pdf?sequence=3&amp;isAllowed=y<\/div><\/li>\n<li><div class=\"wp-block-latest-posts__featured-image alignleft\"><img loading=\"lazy\" decoding=\"async\" width=\"300\" height=\"240\" src=\"https:\/\/www.unioviedo.es\/fincorp\/wp-content\/uploads\/2023\/07\/iimv-300x240.png\" class=\"attachment-medium size-medium wp-post-image\" alt=\"\" style=\"max-width:150px;max-height:150px;\" srcset=\"https:\/\/www.unioviedo.es\/fincorp\/wp-content\/uploads\/2023\/07\/iimv-300x240.png 300w, https:\/\/www.unioviedo.es\/fincorp\/wp-content\/uploads\/2023\/07\/iimv.png 598w\" sizes=\"auto, (max-width: 300px) 100vw, 300px\" \/><\/div><a class=\"wp-block-latest-posts__post-title\" href=\"https:\/\/www.unioviedo.es\/fincorp\/index.php\/2023\/07\/28\/publicacion-de-articulo-en-la-revista-iberoamericana-de-mercados-de-valores\/\">Publicaci\u00f3n de art\u00edculo en la Revista Iberoamericana de Mercados de Valores<\/a><div class=\"wp-block-latest-posts__post-excerpt\">Irma Mart\u00ednez Garc\u00eda ha publicado el art\u00edculo titulado \u00abCuotas de g\u00e9nero en los consejos de administraci\u00f3n: una perspectiva internacional\u00bb, en el n\u00famero 69 de la Revista Iberoamericana de Mercados de Valores del Instituto Iberoamericano de Mercados de Valores. El n\u00famero est\u00e1 disponible en el link: https:\/\/www.rimv.org\/<\/div><\/li>\n<li><div class=\"wp-block-latest-posts__featured-image alignleft\"><img loading=\"lazy\" decoding=\"async\" width=\"300\" height=\"45\" src=\"https:\/\/www.unioviedo.es\/fincorp\/wp-content\/uploads\/2025\/06\/tecnologico-de-monterrey-300x45.png\" class=\"attachment-medium size-medium wp-post-image\" alt=\"\" style=\"max-width:150px;max-height:150px;\" srcset=\"https:\/\/www.unioviedo.es\/fincorp\/wp-content\/uploads\/2025\/06\/tecnologico-de-monterrey-300x45.png 300w, https:\/\/www.unioviedo.es\/fincorp\/wp-content\/uploads\/2025\/06\/tecnologico-de-monterrey.png 320w\" sizes=\"auto, (max-width: 300px) 100vw, 300px\" \/><\/div><a class=\"wp-block-latest-posts__post-title\" href=\"https:\/\/www.unioviedo.es\/fincorp\/index.php\/2023\/06\/13\/influencia-del-contexto-cultural-en-las-empresas-familiares-en-el-tecnologico-de-monterrey\/\">Influencia del contexto cultural en las empresas familiares en el Tecnol\u00f3gico de Monterrey<\/a><div class=\"wp-block-latest-posts__post-excerpt\">Rodrigo Basco ofrece la charla \u201cHow cultural contexts influence family businesses\u201d en el Instituto de Familias Empresarias del Tecnol\u00f3gico de Monterrey (IFEM).<\/div><\/li>\n<\/ul>","protected":false},"excerpt":{"rendered":"","protected":false},"author":1,"featured_media":0,"parent":3346,"menu_order":0,"comment_status":"closed","ping_status":"closed","template":"","meta":{"neve_meta_sidebar":"","neve_meta_container":"","neve_meta_enable_content_width":"","neve_meta_content_width":0,"neve_meta_title_alignment":"","neve_meta_author_avatar":"","neve_post_elements_order":"","neve_meta_disable_header":"","neve_meta_disable_footer":"","neve_meta_disable_title":"","footnotes":""},"class_list":["post-3373","page","type-page","status-publish","hentry"],"_links":{"self":[{"href":"https:\/\/www.unioviedo.es\/fincorp\/index.php\/wp-json\/wp\/v2\/pages\/3373","targetHints":{"allow":["GET"]}}],"collection":[{"href":"https:\/\/www.unioviedo.es\/fincorp\/index.php\/wp-json\/wp\/v2\/pages"}],"about":[{"href":"https:\/\/www.unioviedo.es\/fincorp\/index.php\/wp-json\/wp\/v2\/types\/page"}],"author":[{"embeddable":true,"href":"https:\/\/www.unioviedo.es\/fincorp\/index.php\/wp-json\/wp\/v2\/users\/1"}],"replies":[{"embeddable":true,"href":"https:\/\/www.unioviedo.es\/fincorp\/index.php\/wp-json\/wp\/v2\/comments?post=3373"}],"version-history":[{"count":3,"href":"https:\/\/www.unioviedo.es\/fincorp\/index.php\/wp-json\/wp\/v2\/pages\/3373\/revisions"}],"predecessor-version":[{"id":3463,"href":"https:\/\/www.unioviedo.es\/fincorp\/index.php\/wp-json\/wp\/v2\/pages\/3373\/revisions\/3463"}],"up":[{"embeddable":true,"href":"https:\/\/www.unioviedo.es\/fincorp\/index.php\/wp-json\/wp\/v2\/pages\/3346"}],"wp:attachment":[{"href":"https:\/\/www.unioviedo.es\/fincorp\/index.php\/wp-json\/wp\/v2\/media?parent=3373"}],"curies":[{"name":"wp","href":"https:\/\/api.w.org\/{rel}","templated":true}]}}