{"id":3697,"date":"2025-11-26T17:20:59","date_gmt":"2025-11-26T17:20:59","guid":{"rendered":"https:\/\/www.unioviedo.es\/fincorp\/?page_id=3697"},"modified":"2025-11-27T14:56:28","modified_gmt":"2025-11-27T14:56:28","slug":"fineduca360-jovenes-para-jovenes-1a-edicion-curso-2023-2024","status":"publish","type":"page","link":"https:\/\/www.unioviedo.es\/fincorp\/index.php\/fineduca360\/fineduca360-jovenes-para-jovenes\/fineduca360-jovenes-para-jovenes-1a-edicion-curso-2023-2024\/","title":{"rendered":"FinEduca360: J\u00f3venes para J\u00f3venes (1\u00aa edici\u00f3n, curso 2023-2024)"},"content":{"rendered":"\n<p>Esta <strong>primera edici\u00f3n<\/strong> del proyecto <strong>\u00abFinEduca360: J\u00f3venes para J\u00f3venes\u00bb<\/strong>, desarrollada durante el <strong>curso 2023-2024<\/strong>, estuvo financiada por el <strong>Instituto de Investigaci\u00f3n e Innovaci\u00f3n Educativa (INIE)<\/strong> del\u00a0Vicerrectorado de Pol\u00edticas del Profesorado de la Universidad de Oviedo.<\/p>\n\n\n\n<p>En ella participaron <strong>14 estudiantes universitarios<\/strong> de los grados en Administraci\u00f3n y Direcci\u00f3n de Empresas, Econom\u00eda y de la PCEO Administraci\u00f3n y Direcci\u00f3n de Empresas y Derecho, as\u00ed como del M\u00e1ster Universitario en Econom\u00eda: Instrumentos del An\u00e1lisis Econ\u00f3mico.<\/p>\n\n\n\n<p>Durante la fase formativa, el alumnado particip\u00f3 en <strong>5 talleres<\/strong> impartidos por profesionales de <strong>Asociaci\u00f3n Espa\u00f1ola de Asesores y Planificadores Financieros<\/strong> (<strong>EFPA Espa\u00f1a)<\/strong>, la <strong>Comisi\u00f3n Nacional del Mercado de Valores (CNMV)<\/strong> y <strong>profesorado de la Facultad de Econom\u00eda y Empresa<\/strong> perteneciente al <strong>Grupo de Investigaci\u00f3n Finanzas y Gobierno Corporativo<\/strong>.<\/p>\n\n\n\n<p>Posteriormente, durante los meses de <strong>mayo y junio de 2024<\/strong>, se impartieron un total de <strong>10 charlas tituladas \u00abMis finanzas: \u00bfc\u00f3mo cuidarlas?\u00bb<\/strong> en <strong>9 centros educativos<\/strong> de Asturias, alcanzando a <strong>161 estudiantes de Educaci\u00f3n Secundaria, Bachillerato y Formaci\u00f3n Profesional<\/strong>:<\/p>\n\n\n\n<ul class=\"wp-block-list\">\n<li>El <strong>10 de mayo de\u00a02024,\u00a0Esther Men\u00e9ndez Gonz\u00e1lez<\/strong>, estudiante de 5\u00ba curso de la PCEO Administraci\u00f3n y Direcci\u00f3n de Empresas y Derecho, volvi\u00f3 a las aulas de su instituto, el <strong>IES\u00a0Carre\u00f1o Miranda (Avil\u00e9s)<\/strong>, impartiendo la charla a <strong>alumnos de 4\u00ba de la ESO<\/strong>.<\/li>\n\n\n\n<li>El <strong>14 de mayo de 2024<\/strong>, <strong>\u00c1lvaro Baena Huerta y Ana Fanjul \u00c1lvarez<\/strong>, estudiantes de 3<sup>er<\/sup> curso de Administraci\u00f3n y Direcci\u00f3n de Empresas y de 4\u00ba curso de la PCEO Administraci\u00f3n y Direcci\u00f3n de Empresas y Derecho, respectivamente, volvieron a las aulas de su colegio, el <strong>Colegio Santa Mar\u00eda del Naranco Alter (Oviedo)<\/strong>, impartiendo la charla a <strong>alumnos de 4\u00ba de la ESO<\/strong>.<\/li>\n\n\n\n<li>El <strong>15 de mayo de 2024<\/strong>, <strong>Ignacio Tasc\u00f3n Amo<\/strong>, estudiante del M\u00e1ster Universitario en Econom\u00eda: Instrumentos del An\u00e1lisis Econ\u00f3mico, acudi\u00f3 al <strong>IES R\u00edo Nora (Siero)<\/strong>, impartiendo la charla a <strong>alumnos de 1\u00ba de Bachillerato<\/strong>.<\/li>\n\n\n\n<li>El <strong>17 de mayo de 2024<\/strong>, <strong>Carmen Cuevas S\u00e1nchez y Mario Solares Fern\u00e1ndez<\/strong>, estudiantes de 5\u00ba curso de la PCEO Administraci\u00f3n y Direcci\u00f3n de Empresas y Derecho, volvieron a las aulas de su colegio, el <strong>Colegio San Ignacio (Oviedo)<\/strong>, impartiendo la charla a <strong>alumnos de 1\u00ba de Bachillerato<\/strong>.<\/li>\n\n\n\n<li>El <strong>28 de mayo de 2024<\/strong>, <strong>Marina Mart\u00ednez S\u00e1nchez y Mario Solares Fern\u00e1ndez<\/strong>, estudiantes de 5\u00ba curso de la PCEO Administraci\u00f3n y Direcci\u00f3n de Empresas y Derecho, acudieron al <strong>IES Pe\u00f1amayor (Nava)<\/strong>, impartiendo la charla a <strong>alumnos de 4\u00ba de la ESO<\/strong>.<\/li>\n\n\n\n<li>El <strong>29 de mayo de 2024<\/strong>, <strong>Nadia \u00c1lvarez Garc\u00eda e Ignacio Tasc\u00f3n Amo<\/strong>, estudiantes de 5\u00ba curso de la PCEO Administraci\u00f3n y Direcci\u00f3n de Empresas y Derecho y del M\u00e1ster Universitario de Econom\u00eda: Instrumentos del An\u00e1lisis Econ\u00f3mico, respectivamente, acudieron al <strong>IES Alto Nal\u00f3n (Barredos)<\/strong>, impartiendo la charla a <strong>alumnos de 4\u00ba de la ESO<\/strong>.<\/li>\n\n\n\n<li>El <strong>28 y el 29 de mayo de 2024<\/strong>, <strong>Andrea de la Torre Guti\u00e9rrez y Sergio Fuertes \u00c1lvarez<\/strong>, estudiantes de 5\u00ba curso de la PCEO Administraci\u00f3n y Direcci\u00f3n de Empresas y Derecho y de 4\u00ba curso de Econom\u00eda, respectivamente, acudieron al <strong>IES Universidad Laboral (Gij\u00f3n)<\/strong>, impartiendo dos charlas a <strong>alumnos de 4\u00ba de la ESO<\/strong>.<\/li>\n\n\n\n<li>El <strong>4 de junio de 2024<\/strong>, <strong>Carla Iglesias Lastra y Borja Javier Hevia Rodr\u00edguez<\/strong>, estudiantes de 3\u00ba curso de Administraci\u00f3n y Direcci\u00f3n de Empresas y de 4\u00ba curso de Econom\u00eda, respectivamente, acudieron al <strong>IES C\u00e9sar Rodr\u00edguez (Grado)<\/strong>, impartiendo la charla a <strong>alumnos de 4\u00ba de la ESO<\/strong>.<\/li>\n\n\n\n<li>El <strong>5 de junio de 2024<\/strong>, <strong>Juan Tora\u00f1o Cueto y Alejandro Tr\u00e9nor Guisasola<\/strong>, estudiantes de 5\u00ba curso de la PCEO Administraci\u00f3n y Direcci\u00f3n de Empresas y Derecho, acudieron al <strong>IES Fern\u00e1ndez Vall\u00edn (Gij\u00f3n)<\/strong>, impartiendo la charla a <strong>alumnos de Formaci\u00f3n Profesional<\/strong>.<\/li>\n<\/ul>\n\n\n\n<div class=\"wp-block-group is-nowrap is-layout-flex wp-container-core-group-is-layout-ad2f72ca wp-block-group-is-layout-flex\">\n<figure class=\"wp-block-image size-large is-resized\"><img loading=\"lazy\" decoding=\"async\" width=\"1024\" height=\"768\" src=\"http:\/\/www.unioviedo.es\/fincorp\/wp-content\/uploads\/2024\/05\/20240510-FinEduca360JPJ-Esther-1024x768.jpeg\" alt=\"\" class=\"wp-image-2693\" style=\"width:auto;height:300px\" srcset=\"https:\/\/www.unioviedo.es\/fincorp\/wp-content\/uploads\/2024\/05\/20240510-FinEduca360JPJ-Esther-1024x768.jpeg 1024w, https:\/\/www.unioviedo.es\/fincorp\/wp-content\/uploads\/2024\/05\/20240510-FinEduca360JPJ-Esther-300x225.jpeg 300w, https:\/\/www.unioviedo.es\/fincorp\/wp-content\/uploads\/2024\/05\/20240510-FinEduca360JPJ-Esther-768x576.jpeg 768w, https:\/\/www.unioviedo.es\/fincorp\/wp-content\/uploads\/2024\/05\/20240510-FinEduca360JPJ-Esther-1536x1153.jpeg 1536w, https:\/\/www.unioviedo.es\/fincorp\/wp-content\/uploads\/2024\/05\/20240510-FinEduca360JPJ-Esther-2048x1537.jpeg 2048w\" sizes=\"auto, (max-width: 1024px) 100vw, 1024px\" \/><figcaption class=\"wp-element-caption\">IES Carre\u00f1o Miranda (Avil\u00e9s)<\/figcaption><\/figure>\n\n\n\n<figure class=\"wp-block-image size-large is-resized\"><img loading=\"lazy\" decoding=\"async\" width=\"1024\" height=\"768\" src=\"http:\/\/www.unioviedo.es\/fincorp\/wp-content\/uploads\/2024\/05\/20240514-FinEduca360JPJ-AlvaroyAna-1-1024x768.jpg\" alt=\"\" class=\"wp-image-2694\" style=\"width:auto;height:300px\" srcset=\"https:\/\/www.unioviedo.es\/fincorp\/wp-content\/uploads\/2024\/05\/20240514-FinEduca360JPJ-AlvaroyAna-1-1024x768.jpg 1024w, https:\/\/www.unioviedo.es\/fincorp\/wp-content\/uploads\/2024\/05\/20240514-FinEduca360JPJ-AlvaroyAna-1-300x225.jpg 300w, https:\/\/www.unioviedo.es\/fincorp\/wp-content\/uploads\/2024\/05\/20240514-FinEduca360JPJ-AlvaroyAna-1-768x576.jpg 768w, https:\/\/www.unioviedo.es\/fincorp\/wp-content\/uploads\/2024\/05\/20240514-FinEduca360JPJ-AlvaroyAna-1-1536x1152.jpg 1536w, https:\/\/www.unioviedo.es\/fincorp\/wp-content\/uploads\/2024\/05\/20240514-FinEduca360JPJ-AlvaroyAna-1.jpg 1600w\" sizes=\"auto, (max-width: 1024px) 100vw, 1024px\" \/><figcaption class=\"wp-element-caption\">Colegio Santa Mar\u00eda del Naranco Alter (Oviedo)<\/figcaption><\/figure>\n<\/div>\n\n\n\n<div class=\"wp-block-group is-nowrap is-layout-flex wp-container-core-group-is-layout-ad2f72ca wp-block-group-is-layout-flex\">\n<figure class=\"wp-block-image size-large is-resized\"><img loading=\"lazy\" decoding=\"async\" width=\"1024\" height=\"577\" src=\"https:\/\/www.unioviedo.es\/fincorp\/wp-content\/uploads\/2024\/05\/20240517-FinEduca360JPJ-CarmenyMario-1024x577.jpg\" alt=\"\" class=\"wp-image-2728\" style=\"width:auto;height:300px\" srcset=\"https:\/\/www.unioviedo.es\/fincorp\/wp-content\/uploads\/2024\/05\/20240517-FinEduca360JPJ-CarmenyMario-1024x577.jpg 1024w, https:\/\/www.unioviedo.es\/fincorp\/wp-content\/uploads\/2024\/05\/20240517-FinEduca360JPJ-CarmenyMario-300x169.jpg 300w, https:\/\/www.unioviedo.es\/fincorp\/wp-content\/uploads\/2024\/05\/20240517-FinEduca360JPJ-CarmenyMario-768x433.jpg 768w, https:\/\/www.unioviedo.es\/fincorp\/wp-content\/uploads\/2024\/05\/20240517-FinEduca360JPJ-CarmenyMario-1536x865.jpg 1536w, https:\/\/www.unioviedo.es\/fincorp\/wp-content\/uploads\/2024\/05\/20240517-FinEduca360JPJ-CarmenyMario-2048x1154.jpg 2048w\" sizes=\"auto, (max-width: 1024px) 100vw, 1024px\" \/><figcaption class=\"wp-element-caption\">Colegio San Ignacio (Oviedo)<\/figcaption><\/figure>\n\n\n\n<figure class=\"wp-block-image size-large is-resized\"><img loading=\"lazy\" decoding=\"async\" width=\"1024\" height=\"768\" src=\"http:\/\/www.unioviedo.es\/fincorp\/wp-content\/uploads\/2024\/06\/20240528-FinEduca360JPJ-MarinayMario-1024x768.jpg\" alt=\"\" class=\"wp-image-2748\" style=\"width:auto;height:300px\" srcset=\"https:\/\/www.unioviedo.es\/fincorp\/wp-content\/uploads\/2024\/06\/20240528-FinEduca360JPJ-MarinayMario-1024x768.jpg 1024w, https:\/\/www.unioviedo.es\/fincorp\/wp-content\/uploads\/2024\/06\/20240528-FinEduca360JPJ-MarinayMario-300x225.jpg 300w, https:\/\/www.unioviedo.es\/fincorp\/wp-content\/uploads\/2024\/06\/20240528-FinEduca360JPJ-MarinayMario-768x576.jpg 768w, https:\/\/www.unioviedo.es\/fincorp\/wp-content\/uploads\/2024\/06\/20240528-FinEduca360JPJ-MarinayMario-1536x1152.jpg 1536w, https:\/\/www.unioviedo.es\/fincorp\/wp-content\/uploads\/2024\/06\/20240528-FinEduca360JPJ-MarinayMario.jpg 2000w\" sizes=\"auto, (max-width: 1024px) 100vw, 1024px\" \/><figcaption class=\"wp-element-caption\">IES Pe\u00f1amayor (Nava)<\/figcaption><\/figure>\n<\/div>\n\n\n\n<div class=\"wp-block-group is-nowrap is-layout-flex wp-container-core-group-is-layout-ad2f72ca wp-block-group-is-layout-flex\">\n<figure class=\"wp-block-image size-large is-resized\"><img loading=\"lazy\" decoding=\"async\" width=\"1024\" height=\"768\" src=\"http:\/\/www.unioviedo.es\/fincorp\/wp-content\/uploads\/2024\/06\/20240529-FinEduca360JPJ-NadiaeIgnacio-1-1024x768.jpeg\" alt=\"\" class=\"wp-image-2752\" style=\"width:auto;height:300px\" srcset=\"https:\/\/www.unioviedo.es\/fincorp\/wp-content\/uploads\/2024\/06\/20240529-FinEduca360JPJ-NadiaeIgnacio-1-1024x768.jpeg 1024w, https:\/\/www.unioviedo.es\/fincorp\/wp-content\/uploads\/2024\/06\/20240529-FinEduca360JPJ-NadiaeIgnacio-1-300x225.jpeg 300w, https:\/\/www.unioviedo.es\/fincorp\/wp-content\/uploads\/2024\/06\/20240529-FinEduca360JPJ-NadiaeIgnacio-1-768x576.jpeg 768w, https:\/\/www.unioviedo.es\/fincorp\/wp-content\/uploads\/2024\/06\/20240529-FinEduca360JPJ-NadiaeIgnacio-1-1536x1152.jpeg 1536w, https:\/\/www.unioviedo.es\/fincorp\/wp-content\/uploads\/2024\/06\/20240529-FinEduca360JPJ-NadiaeIgnacio-1-2048x1536.jpeg 2048w\" sizes=\"auto, (max-width: 1024px) 100vw, 1024px\" \/><figcaption class=\"wp-element-caption\">IES Alto Nal\u00f3n (Barredos)<\/figcaption><\/figure>\n\n\n\n<figure class=\"wp-block-image size-large is-resized\"><img loading=\"lazy\" decoding=\"async\" width=\"1024\" height=\"768\" src=\"http:\/\/www.unioviedo.es\/fincorp\/wp-content\/uploads\/2024\/06\/20240528-FinEduca360JPJ-AndreaySergio-1024x768.jpeg\" alt=\"\" class=\"wp-image-2746\" style=\"width:auto;height:300px\" srcset=\"https:\/\/www.unioviedo.es\/fincorp\/wp-content\/uploads\/2024\/06\/20240528-FinEduca360JPJ-AndreaySergio-1024x768.jpeg 1024w, https:\/\/www.unioviedo.es\/fincorp\/wp-content\/uploads\/2024\/06\/20240528-FinEduca360JPJ-AndreaySergio-300x225.jpeg 300w, https:\/\/www.unioviedo.es\/fincorp\/wp-content\/uploads\/2024\/06\/20240528-FinEduca360JPJ-AndreaySergio-768x576.jpeg 768w, https:\/\/www.unioviedo.es\/fincorp\/wp-content\/uploads\/2024\/06\/20240528-FinEduca360JPJ-AndreaySergio-1536x1152.jpeg 1536w, https:\/\/www.unioviedo.es\/fincorp\/wp-content\/uploads\/2024\/06\/20240528-FinEduca360JPJ-AndreaySergio-2048x1536.jpeg 2048w\" sizes=\"auto, (max-width: 1024px) 100vw, 1024px\" \/><figcaption class=\"wp-element-caption\">IES Universidad Laboral (Gij\u00f3n)<\/figcaption><\/figure>\n<\/div>\n\n\n\n<div class=\"wp-block-group is-nowrap is-layout-flex wp-container-core-group-is-layout-ad2f72ca wp-block-group-is-layout-flex\">\n<figure class=\"wp-block-image size-large is-resized\"><img loading=\"lazy\" decoding=\"async\" width=\"1024\" height=\"768\" src=\"http:\/\/www.unioviedo.es\/fincorp\/wp-content\/uploads\/2024\/06\/20240529-FinEduca360JPJ-AndreaySergio-1024x768.jpg\" alt=\"\" class=\"wp-image-2749\" style=\"width:auto;height:300px\" srcset=\"https:\/\/www.unioviedo.es\/fincorp\/wp-content\/uploads\/2024\/06\/20240529-FinEduca360JPJ-AndreaySergio-1024x768.jpg 1024w, https:\/\/www.unioviedo.es\/fincorp\/wp-content\/uploads\/2024\/06\/20240529-FinEduca360JPJ-AndreaySergio-300x225.jpg 300w, https:\/\/www.unioviedo.es\/fincorp\/wp-content\/uploads\/2024\/06\/20240529-FinEduca360JPJ-AndreaySergio-768x576.jpg 768w, https:\/\/www.unioviedo.es\/fincorp\/wp-content\/uploads\/2024\/06\/20240529-FinEduca360JPJ-AndreaySergio.jpg 1200w\" sizes=\"auto, (max-width: 1024px) 100vw, 1024px\" \/><figcaption class=\"wp-element-caption\">IES Universidad Laboral (Gij\u00f3n)<\/figcaption><\/figure>\n\n\n\n<figure class=\"wp-block-image size-full is-resized\"><img loading=\"lazy\" decoding=\"async\" width=\"828\" height=\"622\" src=\"http:\/\/www.unioviedo.es\/fincorp\/wp-content\/uploads\/2024\/06\/20240604-FinEduca360JPJ-CarlayBorja.jpg\" alt=\"\" class=\"wp-image-2753\" style=\"width:auto;height:300px\" srcset=\"https:\/\/www.unioviedo.es\/fincorp\/wp-content\/uploads\/2024\/06\/20240604-FinEduca360JPJ-CarlayBorja.jpg 828w, https:\/\/www.unioviedo.es\/fincorp\/wp-content\/uploads\/2024\/06\/20240604-FinEduca360JPJ-CarlayBorja-300x225.jpg 300w, https:\/\/www.unioviedo.es\/fincorp\/wp-content\/uploads\/2024\/06\/20240604-FinEduca360JPJ-CarlayBorja-768x577.jpg 768w\" sizes=\"auto, (max-width: 828px) 100vw, 828px\" \/><figcaption class=\"wp-element-caption\">IES C\u00e9sar Rodr\u00edguez (Grado)<\/figcaption><\/figure>\n<\/div>\n\n\n\n<div class=\"wp-block-group is-nowrap is-layout-flex wp-container-core-group-is-layout-ad2f72ca wp-block-group-is-layout-flex\">\n<figure class=\"wp-block-image size-large is-resized\"><img loading=\"lazy\" decoding=\"async\" width=\"768\" height=\"1024\" src=\"http:\/\/www.unioviedo.es\/fincorp\/wp-content\/uploads\/2024\/06\/20240605-FinEduca360JPJ-JuanyAlejandro-1-768x1024.jpeg\" alt=\"\" class=\"wp-image-2754\" style=\"width:auto;height:300px\" srcset=\"https:\/\/www.unioviedo.es\/fincorp\/wp-content\/uploads\/2024\/06\/20240605-FinEduca360JPJ-JuanyAlejandro-1-768x1024.jpeg 768w, https:\/\/www.unioviedo.es\/fincorp\/wp-content\/uploads\/2024\/06\/20240605-FinEduca360JPJ-JuanyAlejandro-1-225x300.jpeg 225w, https:\/\/www.unioviedo.es\/fincorp\/wp-content\/uploads\/2024\/06\/20240605-FinEduca360JPJ-JuanyAlejandro-1-1152x1536.jpeg 1152w, https:\/\/www.unioviedo.es\/fincorp\/wp-content\/uploads\/2024\/06\/20240605-FinEduca360JPJ-JuanyAlejandro-1.jpeg 1391w\" sizes=\"auto, (max-width: 768px) 100vw, 768px\" \/><figcaption class=\"wp-element-caption\">IES Fern\u00e1ndez Vall\u00edn (Gij\u00f3n)<\/figcaption><\/figure>\n<\/div>\n","protected":false},"excerpt":{"rendered":"<p>Esta primera edici\u00f3n del proyecto \u00abFinEduca360: J\u00f3venes para J\u00f3venes\u00bb, desarrollada durante el curso 2023-2024, estuvo financiada por el Instituto de Investigaci\u00f3n e Innovaci\u00f3n Educativa (INIE) del\u00a0Vicerrectorado de Pol\u00edticas del Profesorado de la Universidad de Oviedo. En ella participaron 14 estudiantes universitarios de los grados en Administraci\u00f3n y Direcci\u00f3n de Empresas, Econom\u00eda y de la PCEO&hellip;&nbsp;<a href=\"https:\/\/www.unioviedo.es\/fincorp\/index.php\/fineduca360\/fineduca360-jovenes-para-jovenes\/fineduca360-jovenes-para-jovenes-1a-edicion-curso-2023-2024\/\" rel=\"bookmark\">Leer m\u00e1s &raquo;<span class=\"screen-reader-text\">FinEduca360: J\u00f3venes para J\u00f3venes (1\u00aa edici\u00f3n, curso 2023-2024)<\/span><\/a><\/p>\n","protected":false},"author":1,"featured_media":0,"parent":2707,"menu_order":0,"comment_status":"closed","ping_status":"closed","template":"","meta":{"neve_meta_sidebar":"","neve_meta_container":"","neve_meta_enable_content_width":"","neve_meta_content_width":0,"neve_meta_title_alignment":"","neve_meta_author_avatar":"","neve_post_elements_order":"","neve_meta_disable_header":"","neve_meta_disable_footer":"","neve_meta_disable_title":"","footnotes":""},"class_list":["post-3697","page","type-page","status-publish","hentry"],"_links":{"self":[{"href":"https:\/\/www.unioviedo.es\/fincorp\/index.php\/wp-json\/wp\/v2\/pages\/3697","targetHints":{"allow":["GET"]}}],"collection":[{"href":"https:\/\/www.unioviedo.es\/fincorp\/index.php\/wp-json\/wp\/v2\/pages"}],"about":[{"href":"https:\/\/www.unioviedo.es\/fincorp\/index.php\/wp-json\/wp\/v2\/types\/page"}],"author":[{"embeddable":true,"href":"https:\/\/www.unioviedo.es\/fincorp\/index.php\/wp-json\/wp\/v2\/users\/1"}],"replies":[{"embeddable":true,"href":"https:\/\/www.unioviedo.es\/fincorp\/index.php\/wp-json\/wp\/v2\/comments?post=3697"}],"version-history":[{"count":4,"href":"https:\/\/www.unioviedo.es\/fincorp\/index.php\/wp-json\/wp\/v2\/pages\/3697\/revisions"}],"predecessor-version":[{"id":3704,"href":"https:\/\/www.unioviedo.es\/fincorp\/index.php\/wp-json\/wp\/v2\/pages\/3697\/revisions\/3704"}],"up":[{"embeddable":true,"href":"https:\/\/www.unioviedo.es\/fincorp\/index.php\/wp-json\/wp\/v2\/pages\/2707"}],"wp:attachment":[{"href":"https:\/\/www.unioviedo.es\/fincorp\/index.php\/wp-json\/wp\/v2\/media?parent=3697"}],"curies":[{"name":"wp","href":"https:\/\/api.w.org\/{rel}","templated":true}]}}