{"id":3720,"date":"2025-11-27T10:20:55","date_gmt":"2025-11-27T10:20:55","guid":{"rendered":"https:\/\/www.unioviedo.es\/fincorp\/?page_id=3720"},"modified":"2025-11-27T10:29:20","modified_gmt":"2025-11-27T10:29:20","slug":"fineduca360-youth-for-youth-1st-edition-2023-2024-academic-year","status":"publish","type":"page","link":"https:\/\/www.unioviedo.es\/fincorp\/index.php\/en\/fineduca360-en\/fineduca360-youth-for-youth\/fineduca360-youth-for-youth-1st-edition-2023-2024-academic-year\/","title":{"rendered":"FinEduca360: Youth for Youth (1st edition, 2023-2024 academic year)"},"content":{"rendered":"\n<p>This <strong>first edition<\/strong> of the project <strong>\u00abFinEduca360: Youth for Youth\u00bb<\/strong>, developed during the <strong>2023-2024 academic year<\/strong>, was funded by the <strong>Institute for Educational Research and Innovation (INIE)<\/strong> of the Vice-Rectorate for Teaching Staff Policies of the University of Oviedo.<\/p>\n\n\n\n<p>It involved <strong>14 university students<\/strong> from the Bachelor&#8217;s degrees in Management and Business Administration, Economics, and the PCEO in Management and Business Administration and Law, as well as from the Master&#8217;s Degree in Economics: Economic Analysis Instruments.<\/p>\n\n\n\n<p>During the training phase, participants attended <strong>5 workshops<\/strong> delivered by professionals from the <strong>Spanish Association of Financial Advisers and Planners (EFPA Spain)<\/strong>, the <strong>Spanish Securities and Markets Commission (CNMV)<\/strong>, and <strong>teaching staff from the Faculty of Economics and Business<\/strong> affiliated to the <strong>Finance and Corporate Governance Research Group<\/strong>.<\/p>\n\n\n\n<p>Subsequently, during <strong>May and June 2024<\/strong>, a total of <strong>10 talks<\/strong> entitled \u00abMy finances: How to take care of them?\u00bb were delivered in <strong>9 educational centres<\/strong> in Asturias, reaching <strong>161 students from Secondary Education, Baccalaureate and Vocational Training<\/strong>:<\/p>\n\n\n\n<ul class=\"wp-block-list\">\n<li>On <strong>10 May 2024<\/strong>, <strong>Esther Men\u00e9ndez Gonz\u00e1lez<\/strong>, a 5<sup>th<\/sup>-year student of the PCEO in Management and Business Administration and Law, returned to her former centre, <strong>IES Carre\u00f1o Miranda (Avil\u00e9s)<\/strong>, delivering the talk to <strong>students in 4<sup>th<\/sup> of ESO<\/strong>.<\/li>\n\n\n\n<li>On <strong>14 May 2024<\/strong>, <strong>\u00c1lvaro Baena Huerta and Ana Fanjul \u00c1lvarez<\/strong>, 3<sup>rd<\/sup>-year Management and Business Administration and 4<sup>th<\/sup>-year PCEO in Management and Business Administration and Law students, respectively, returned to their former centre, <strong>Colegio Santa Mar\u00eda del Naranco Alter (Oviedo)<\/strong>, delivering the talk to <strong>students in 4<sup>th<\/sup> of ESO<\/strong>.<\/li>\n\n\n\n<li>On <strong>15 May 2024<\/strong>, <strong>Ignacio Tasc\u00f3n Amo<\/strong>, a student of the Master&#8217;s Degree in Economics: Economic Analysis Instruments, visited <strong>IES R\u00edo Nora (Siero)<\/strong>, delivering the talk to <strong>students in 1<sup>st<\/sup> of <strong>Baccalaureate<\/strong><\/strong>.<\/li>\n\n\n\n<li>On <strong>17 May 2024<\/strong>, <strong>Carmen Cuevas S\u00e1nchez and Mario Solares Fern\u00e1ndez<\/strong>, 5<sup>th<\/sup>-year students of the PCEO in Management and Business Administration and Law, returned to their former centre, <strong>Colegio San Ignacio (Oviedo)<\/strong>, delivering the talk to <strong>students in 1<sup>st<\/sup> of <strong>Baccalaureate<\/strong><\/strong>.<\/li>\n\n\n\n<li>On <strong>28 May 2024<\/strong>, <strong>Marina Mart\u00ednez S\u00e1nchez and Mario Solares Fern\u00e1ndez<\/strong>, 5<sup>th<\/sup>-year students of the PCEO in Management and Business Administration and Law, visited <strong>IES Pe\u00f1amayor (Nava)<\/strong>, delivering the talk to <strong>students in 4<sup>th<\/sup> of ESO<\/strong>.<\/li>\n\n\n\n<li>On <strong>29 May 2024<\/strong>, <strong>Nadia \u00c1lvarez Garc\u00eda and Ignacio Tasc\u00f3n Amo<\/strong>, 5<sup>th<\/sup>-year PCEO in Management and Business Administration and Law and Master&#8217;s Degree in Economics: Economic Analysis Instruments students, respectively, visited <strong>IES Alto Nal\u00f3n (Barredos)<\/strong>, delivering the talk to <strong>students in 4<sup>th<\/sup> of ESO<\/strong>.<\/li>\n\n\n\n<li>On <strong>28 and 29 May 2024<\/strong>, <strong>Andrea de la Torre Guti\u00e9rrez and Sergio Fuertes \u00c1lvarez<\/strong>, 5<sup>th<\/sup>-year PCEO in Management and Business Administration and Law and 4<sup>th<\/sup>-year Economics students, respectively, visited <strong>IES Universidad Laboral (Gij\u00f3n)<\/strong>, delivering two talks to <strong>students in 4<sup>th<\/sup> of ESO<\/strong>.<\/li>\n\n\n\n<li>On <strong>4 June 2024<\/strong>, <strong>Carla Iglesias Lastra and Borja Javier Hevia Rodr\u00edguez<\/strong>, 3<sup>rd<\/sup>-year Management and Business Administration and 4th-year Economics students, respectively, visited <strong>IES C\u00e9sar Rodr\u00edguez (Grado)<\/strong>, delivering the talk to <strong>students in 4th of ESO<\/strong>.<\/li>\n\n\n\n<li><strong>On 5 June 2024<\/strong>, <strong>Juan Tora\u00f1o Cueto and Alejandro Tr\u00e9nor Guisasola<\/strong>, 5<sup>th<\/sup>-year students of the PCEO in Management and Business Administration and Law, visited <strong>IES Fern\u00e1ndez Vall\u00edn (Gij\u00f3n)<\/strong>, delivering the talk to <strong>students in Vocational Training<\/strong>.<\/li>\n<\/ul>\n\n\n\n<div class=\"wp-block-group is-nowrap is-layout-flex wp-container-core-group-is-layout-ad2f72ca wp-block-group-is-layout-flex\">\n<figure class=\"wp-block-image size-large is-resized\"><img loading=\"lazy\" decoding=\"async\" width=\"1024\" height=\"768\" src=\"http:\/\/www.unioviedo.es\/fincorp\/wp-content\/uploads\/2024\/05\/20240510-FinEduca360JPJ-Esther-1024x768.jpeg\" alt=\"\" class=\"wp-image-2693\" style=\"width:auto;height:300px\" srcset=\"https:\/\/www.unioviedo.es\/fincorp\/wp-content\/uploads\/2024\/05\/20240510-FinEduca360JPJ-Esther-1024x768.jpeg 1024w, https:\/\/www.unioviedo.es\/fincorp\/wp-content\/uploads\/2024\/05\/20240510-FinEduca360JPJ-Esther-300x225.jpeg 300w, https:\/\/www.unioviedo.es\/fincorp\/wp-content\/uploads\/2024\/05\/20240510-FinEduca360JPJ-Esther-768x576.jpeg 768w, https:\/\/www.unioviedo.es\/fincorp\/wp-content\/uploads\/2024\/05\/20240510-FinEduca360JPJ-Esther-1536x1153.jpeg 1536w, https:\/\/www.unioviedo.es\/fincorp\/wp-content\/uploads\/2024\/05\/20240510-FinEduca360JPJ-Esther-2048x1537.jpeg 2048w\" sizes=\"auto, (max-width: 1024px) 100vw, 1024px\" \/><figcaption class=\"wp-element-caption\">IES Carre\u00f1o Miranda (Avil\u00e9s)<\/figcaption><\/figure>\n\n\n\n<figure class=\"wp-block-image size-large is-resized\"><img loading=\"lazy\" decoding=\"async\" width=\"1024\" height=\"768\" src=\"http:\/\/www.unioviedo.es\/fincorp\/wp-content\/uploads\/2024\/05\/20240514-FinEduca360JPJ-AlvaroyAna-1-1024x768.jpg\" alt=\"\" class=\"wp-image-2694\" style=\"width:auto;height:300px\" srcset=\"https:\/\/www.unioviedo.es\/fincorp\/wp-content\/uploads\/2024\/05\/20240514-FinEduca360JPJ-AlvaroyAna-1-1024x768.jpg 1024w, https:\/\/www.unioviedo.es\/fincorp\/wp-content\/uploads\/2024\/05\/20240514-FinEduca360JPJ-AlvaroyAna-1-300x225.jpg 300w, https:\/\/www.unioviedo.es\/fincorp\/wp-content\/uploads\/2024\/05\/20240514-FinEduca360JPJ-AlvaroyAna-1-768x576.jpg 768w, https:\/\/www.unioviedo.es\/fincorp\/wp-content\/uploads\/2024\/05\/20240514-FinEduca360JPJ-AlvaroyAna-1-1536x1152.jpg 1536w, https:\/\/www.unioviedo.es\/fincorp\/wp-content\/uploads\/2024\/05\/20240514-FinEduca360JPJ-AlvaroyAna-1.jpg 1600w\" sizes=\"auto, (max-width: 1024px) 100vw, 1024px\" \/><figcaption class=\"wp-element-caption\">Colegio Santa Mar\u00eda del Naranco Alter (Oviedo)<\/figcaption><\/figure>\n<\/div>\n\n\n\n<div class=\"wp-block-group is-nowrap is-layout-flex wp-container-core-group-is-layout-ad2f72ca wp-block-group-is-layout-flex\">\n<figure class=\"wp-block-image size-large is-resized\"><img loading=\"lazy\" decoding=\"async\" width=\"1024\" height=\"577\" src=\"https:\/\/www.unioviedo.es\/fincorp\/wp-content\/uploads\/2024\/05\/20240517-FinEduca360JPJ-CarmenyMario-1024x577.jpg\" alt=\"\" class=\"wp-image-2728\" style=\"width:auto;height:300px\" srcset=\"https:\/\/www.unioviedo.es\/fincorp\/wp-content\/uploads\/2024\/05\/20240517-FinEduca360JPJ-CarmenyMario-1024x577.jpg 1024w, https:\/\/www.unioviedo.es\/fincorp\/wp-content\/uploads\/2024\/05\/20240517-FinEduca360JPJ-CarmenyMario-300x169.jpg 300w, https:\/\/www.unioviedo.es\/fincorp\/wp-content\/uploads\/2024\/05\/20240517-FinEduca360JPJ-CarmenyMario-768x433.jpg 768w, https:\/\/www.unioviedo.es\/fincorp\/wp-content\/uploads\/2024\/05\/20240517-FinEduca360JPJ-CarmenyMario-1536x865.jpg 1536w, https:\/\/www.unioviedo.es\/fincorp\/wp-content\/uploads\/2024\/05\/20240517-FinEduca360JPJ-CarmenyMario-2048x1154.jpg 2048w\" sizes=\"auto, (max-width: 1024px) 100vw, 1024px\" \/><figcaption class=\"wp-element-caption\">Colegio San Ignacio (Oviedo)<\/figcaption><\/figure>\n\n\n\n<figure class=\"wp-block-image size-large is-resized\"><img loading=\"lazy\" decoding=\"async\" width=\"1024\" height=\"768\" src=\"http:\/\/www.unioviedo.es\/fincorp\/wp-content\/uploads\/2024\/06\/20240528-FinEduca360JPJ-MarinayMario-1024x768.jpg\" alt=\"\" class=\"wp-image-2748\" style=\"width:auto;height:300px\" srcset=\"https:\/\/www.unioviedo.es\/fincorp\/wp-content\/uploads\/2024\/06\/20240528-FinEduca360JPJ-MarinayMario-1024x768.jpg 1024w, https:\/\/www.unioviedo.es\/fincorp\/wp-content\/uploads\/2024\/06\/20240528-FinEduca360JPJ-MarinayMario-300x225.jpg 300w, https:\/\/www.unioviedo.es\/fincorp\/wp-content\/uploads\/2024\/06\/20240528-FinEduca360JPJ-MarinayMario-768x576.jpg 768w, https:\/\/www.unioviedo.es\/fincorp\/wp-content\/uploads\/2024\/06\/20240528-FinEduca360JPJ-MarinayMario-1536x1152.jpg 1536w, https:\/\/www.unioviedo.es\/fincorp\/wp-content\/uploads\/2024\/06\/20240528-FinEduca360JPJ-MarinayMario.jpg 2000w\" sizes=\"auto, (max-width: 1024px) 100vw, 1024px\" \/><figcaption class=\"wp-element-caption\">IES Pe\u00f1amayor (Nava)<\/figcaption><\/figure>\n<\/div>\n\n\n\n<div class=\"wp-block-group is-nowrap is-layout-flex wp-container-core-group-is-layout-ad2f72ca wp-block-group-is-layout-flex\">\n<figure class=\"wp-block-image size-large is-resized\"><img loading=\"lazy\" decoding=\"async\" width=\"1024\" height=\"768\" src=\"http:\/\/www.unioviedo.es\/fincorp\/wp-content\/uploads\/2024\/06\/20240529-FinEduca360JPJ-NadiaeIgnacio-1-1024x768.jpeg\" alt=\"\" class=\"wp-image-2752\" style=\"width:auto;height:300px\" srcset=\"https:\/\/www.unioviedo.es\/fincorp\/wp-content\/uploads\/2024\/06\/20240529-FinEduca360JPJ-NadiaeIgnacio-1-1024x768.jpeg 1024w, https:\/\/www.unioviedo.es\/fincorp\/wp-content\/uploads\/2024\/06\/20240529-FinEduca360JPJ-NadiaeIgnacio-1-300x225.jpeg 300w, https:\/\/www.unioviedo.es\/fincorp\/wp-content\/uploads\/2024\/06\/20240529-FinEduca360JPJ-NadiaeIgnacio-1-768x576.jpeg 768w, https:\/\/www.unioviedo.es\/fincorp\/wp-content\/uploads\/2024\/06\/20240529-FinEduca360JPJ-NadiaeIgnacio-1-1536x1152.jpeg 1536w, https:\/\/www.unioviedo.es\/fincorp\/wp-content\/uploads\/2024\/06\/20240529-FinEduca360JPJ-NadiaeIgnacio-1-2048x1536.jpeg 2048w\" sizes=\"auto, (max-width: 1024px) 100vw, 1024px\" \/><figcaption class=\"wp-element-caption\">IES Alto Nal\u00f3n (Barredos)<\/figcaption><\/figure>\n\n\n\n<figure class=\"wp-block-image size-large is-resized\"><img loading=\"lazy\" decoding=\"async\" width=\"1024\" height=\"768\" src=\"http:\/\/www.unioviedo.es\/fincorp\/wp-content\/uploads\/2024\/06\/20240528-FinEduca360JPJ-AndreaySergio-1024x768.jpeg\" alt=\"\" class=\"wp-image-2746\" style=\"width:auto;height:300px\" srcset=\"https:\/\/www.unioviedo.es\/fincorp\/wp-content\/uploads\/2024\/06\/20240528-FinEduca360JPJ-AndreaySergio-1024x768.jpeg 1024w, https:\/\/www.unioviedo.es\/fincorp\/wp-content\/uploads\/2024\/06\/20240528-FinEduca360JPJ-AndreaySergio-300x225.jpeg 300w, https:\/\/www.unioviedo.es\/fincorp\/wp-content\/uploads\/2024\/06\/20240528-FinEduca360JPJ-AndreaySergio-768x576.jpeg 768w, https:\/\/www.unioviedo.es\/fincorp\/wp-content\/uploads\/2024\/06\/20240528-FinEduca360JPJ-AndreaySergio-1536x1152.jpeg 1536w, https:\/\/www.unioviedo.es\/fincorp\/wp-content\/uploads\/2024\/06\/20240528-FinEduca360JPJ-AndreaySergio-2048x1536.jpeg 2048w\" sizes=\"auto, (max-width: 1024px) 100vw, 1024px\" \/><figcaption class=\"wp-element-caption\">IES Universidad Laboral (Gij\u00f3n)<\/figcaption><\/figure>\n<\/div>\n\n\n\n<div class=\"wp-block-group is-nowrap is-layout-flex wp-container-core-group-is-layout-ad2f72ca wp-block-group-is-layout-flex\">\n<figure class=\"wp-block-image size-large is-resized\"><img loading=\"lazy\" decoding=\"async\" width=\"1024\" height=\"768\" src=\"http:\/\/www.unioviedo.es\/fincorp\/wp-content\/uploads\/2024\/06\/20240529-FinEduca360JPJ-AndreaySergio-1024x768.jpg\" alt=\"\" class=\"wp-image-2749\" style=\"width:auto;height:300px\" srcset=\"https:\/\/www.unioviedo.es\/fincorp\/wp-content\/uploads\/2024\/06\/20240529-FinEduca360JPJ-AndreaySergio-1024x768.jpg 1024w, https:\/\/www.unioviedo.es\/fincorp\/wp-content\/uploads\/2024\/06\/20240529-FinEduca360JPJ-AndreaySergio-300x225.jpg 300w, https:\/\/www.unioviedo.es\/fincorp\/wp-content\/uploads\/2024\/06\/20240529-FinEduca360JPJ-AndreaySergio-768x576.jpg 768w, https:\/\/www.unioviedo.es\/fincorp\/wp-content\/uploads\/2024\/06\/20240529-FinEduca360JPJ-AndreaySergio.jpg 1200w\" sizes=\"auto, (max-width: 1024px) 100vw, 1024px\" \/><figcaption class=\"wp-element-caption\">IES Universidad Laboral (Gij\u00f3n)<\/figcaption><\/figure>\n\n\n\n<figure class=\"wp-block-image size-full is-resized\"><img loading=\"lazy\" decoding=\"async\" width=\"828\" height=\"622\" src=\"http:\/\/www.unioviedo.es\/fincorp\/wp-content\/uploads\/2024\/06\/20240604-FinEduca360JPJ-CarlayBorja.jpg\" alt=\"\" class=\"wp-image-2753\" style=\"width:auto;height:300px\" srcset=\"https:\/\/www.unioviedo.es\/fincorp\/wp-content\/uploads\/2024\/06\/20240604-FinEduca360JPJ-CarlayBorja.jpg 828w, https:\/\/www.unioviedo.es\/fincorp\/wp-content\/uploads\/2024\/06\/20240604-FinEduca360JPJ-CarlayBorja-300x225.jpg 300w, https:\/\/www.unioviedo.es\/fincorp\/wp-content\/uploads\/2024\/06\/20240604-FinEduca360JPJ-CarlayBorja-768x577.jpg 768w\" sizes=\"auto, (max-width: 828px) 100vw, 828px\" \/><figcaption class=\"wp-element-caption\">IES C\u00e9sar Rodr\u00edguez (Grado)<\/figcaption><\/figure>\n<\/div>\n\n\n\n<div class=\"wp-block-group is-nowrap is-layout-flex wp-container-core-group-is-layout-ad2f72ca wp-block-group-is-layout-flex\">\n<figure class=\"wp-block-image size-large is-resized\"><img loading=\"lazy\" decoding=\"async\" width=\"768\" height=\"1024\" src=\"http:\/\/www.unioviedo.es\/fincorp\/wp-content\/uploads\/2024\/06\/20240605-FinEduca360JPJ-JuanyAlejandro-1-768x1024.jpeg\" alt=\"\" class=\"wp-image-2754\" style=\"width:auto;height:300px\" srcset=\"https:\/\/www.unioviedo.es\/fincorp\/wp-content\/uploads\/2024\/06\/20240605-FinEduca360JPJ-JuanyAlejandro-1-768x1024.jpeg 768w, https:\/\/www.unioviedo.es\/fincorp\/wp-content\/uploads\/2024\/06\/20240605-FinEduca360JPJ-JuanyAlejandro-1-225x300.jpeg 225w, https:\/\/www.unioviedo.es\/fincorp\/wp-content\/uploads\/2024\/06\/20240605-FinEduca360JPJ-JuanyAlejandro-1-1152x1536.jpeg 1152w, https:\/\/www.unioviedo.es\/fincorp\/wp-content\/uploads\/2024\/06\/20240605-FinEduca360JPJ-JuanyAlejandro-1.jpeg 1391w\" sizes=\"auto, (max-width: 768px) 100vw, 768px\" \/><figcaption class=\"wp-element-caption\">IES Fern\u00e1ndez Vall\u00edn (Gij\u00f3n)<\/figcaption><\/figure>\n<\/div>\n","protected":false},"excerpt":{"rendered":"<p>This first edition of the project \u00abFinEduca360: Youth for Youth\u00bb, developed during the 2023-2024 academic year, was funded by the Institute for Educational Research and Innovation (INIE) of the Vice-Rectorate for Teaching Staff Policies of the University of Oviedo. It involved 14 university students from the Bachelor&#8217;s degrees in Management and Business Administration, Economics, and&hellip;&nbsp;<a href=\"https:\/\/www.unioviedo.es\/fincorp\/index.php\/en\/fineduca360-en\/fineduca360-youth-for-youth\/fineduca360-youth-for-youth-1st-edition-2023-2024-academic-year\/\" rel=\"bookmark\">Leer m\u00e1s &raquo;<span class=\"screen-reader-text\">FinEduca360: Youth for Youth (1st edition, 2023-2024 academic year)<\/span><\/a><\/p>\n","protected":false},"author":1,"featured_media":0,"parent":2710,"menu_order":0,"comment_status":"closed","ping_status":"closed","template":"","meta":{"neve_meta_sidebar":"","neve_meta_container":"","neve_meta_enable_content_width":"","neve_meta_content_width":0,"neve_meta_title_alignment":"","neve_meta_author_avatar":"","neve_post_elements_order":"","neve_meta_disable_header":"","neve_meta_disable_footer":"","neve_meta_disable_title":"","footnotes":""},"class_list":["post-3720","page","type-page","status-publish","hentry"],"_links":{"self":[{"href":"https:\/\/www.unioviedo.es\/fincorp\/index.php\/wp-json\/wp\/v2\/pages\/3720","targetHints":{"allow":["GET"]}}],"collection":[{"href":"https:\/\/www.unioviedo.es\/fincorp\/index.php\/wp-json\/wp\/v2\/pages"}],"about":[{"href":"https:\/\/www.unioviedo.es\/fincorp\/index.php\/wp-json\/wp\/v2\/types\/page"}],"author":[{"embeddable":true,"href":"https:\/\/www.unioviedo.es\/fincorp\/index.php\/wp-json\/wp\/v2\/users\/1"}],"replies":[{"embeddable":true,"href":"https:\/\/www.unioviedo.es\/fincorp\/index.php\/wp-json\/wp\/v2\/comments?post=3720"}],"version-history":[{"count":2,"href":"https:\/\/www.unioviedo.es\/fincorp\/index.php\/wp-json\/wp\/v2\/pages\/3720\/revisions"}],"predecessor-version":[{"id":3723,"href":"https:\/\/www.unioviedo.es\/fincorp\/index.php\/wp-json\/wp\/v2\/pages\/3720\/revisions\/3723"}],"up":[{"embeddable":true,"href":"https:\/\/www.unioviedo.es\/fincorp\/index.php\/wp-json\/wp\/v2\/pages\/2710"}],"wp:attachment":[{"href":"https:\/\/www.unioviedo.es\/fincorp\/index.php\/wp-json\/wp\/v2\/media?parent=3720"}],"curies":[{"name":"wp","href":"https:\/\/api.w.org\/{rel}","templated":true}]}}