{"id":3722,"date":"2025-11-27T10:44:26","date_gmt":"2025-11-27T10:44:26","guid":{"rendered":"https:\/\/www.unioviedo.es\/fincorp\/?page_id=3722"},"modified":"2025-11-28T11:13:43","modified_gmt":"2025-11-28T11:13:43","slug":"fineduca360-youth-for-youth-2nd-edition-2024-2025-academic-year","status":"publish","type":"page","link":"https:\/\/www.unioviedo.es\/fincorp\/index.php\/en\/fineduca360-en\/fineduca360-youth-for-youth\/fineduca360-youth-for-youth-2nd-edition-2024-2025-academic-year\/","title":{"rendered":"FinEduca360: Youth for Youth (2nd edition, 2024\u20132025 academic year)"},"content":{"rendered":"\n<p>This <strong>second edition<\/strong> of the project <strong>\u00abFinEduca360: Youth for Youth\u00bb<\/strong>, developed during the <strong>2024\u20132025 academic year<\/strong>, was funded by the <strong>Institute for Educational Research and Innovation (INIE)<\/strong> of the Vice-Rectorate for Teaching Staff Policies of the University of Oviedo.<\/p>\n\n\n\n<p>It involved <strong>19 university students<\/strong> from the Bachelor&#8217;s degrees in Management and Business Administration, Accounting and Finance, Economics, and the PCEO in Management and Business Administration and Law, from the Master&#8217;s Degrees in Economics: Economic Analysis Instruments, Accounting Information Systems and Financial Analysis, and Teachers Training, and from the PhD Programme in Economics and Business.<\/p>\n\n\n\n<p>During the training phase, participants attended <strong>5 workshops<\/strong> delivered by professionals from the <strong>Spanish Association of Financial Advisers and Planners (EFPA Spain)<\/strong>, the <strong>Spanish Securities and Markets Commission (CNMV)<\/strong>, <strong>teaching staff from the Faculty of Economics and Business<\/strong> affiliated to the <strong>Finance and Corporate Governance Research Group<\/strong>, and <strong>students who had participated in the first edition of the project<\/strong>.<\/p>\n\n\n\n<p>Subsequently, between <strong>February and June 2025<\/strong>, a total of <strong>29 talks<\/strong> entitled \u00abMy finances: How to take care of them?\u00bb were delivered in <strong>22 educational centres<\/strong> in Asturias, reaching <strong>680 students from Secondary Education, Baccalaureate and Vocational Training<\/strong>:<\/p>\n\n\n\n<ul class=\"wp-block-list\">\n<li>On <strong>24 February 2025<\/strong>, <strong>Ana Fanjul \u00c1lvarez and I\u00f1igo L\u00f3pez Fern\u00e1ndez<\/strong>, 5<sup>th<\/sup>-year students of the PCEO in Management and Business Administration and Law, visited <strong>IES Doctor Fleming (Oviedo)<\/strong>, delivering the talk to <strong>students in 4<sup>th<\/sup> of ESO<\/strong>.<\/li>\n\n\n\n<li>On <strong>25 February 2025<\/strong>, <strong>Nadia \u00c1lvarez Garc\u00eda and Sergio Fuertes \u00c1lvarez<\/strong>, students of the Master&#8217;s Degree in Economics: Economic Analysis Instruments, visited <strong>IES Doctor Fleming (Oviedo)<\/strong>, delivering the talk to <strong>students in 4<sup>th<\/sup> of ESO<\/strong>.<\/li>\n\n\n\n<li>On <strong>27 February 2025<\/strong>, <strong>Marina Mart\u00ednez S\u00e1nchez<\/strong>, a student of the Master&#8217;s Degree in Teachers Training, visited <strong>IES La Corredoria (Oviedo)<\/strong>, delivering the talk to <strong>students in 4<sup>th<\/sup> of ESO<\/strong>.<\/li>\n\n\n\n<li>On <strong>27 February 2025<\/strong>, <strong>Nadia \u00c1lvarez Garc\u00eda and Sergio Fuertes \u00c1lvarez<\/strong>, students of the Master&#8217;s Degree in Economics: Economic Analysis Instruments, visited <strong>IES Pando (Oviedo)<\/strong>, delivering the talk to <strong>students in 1<sup>st<\/sup> of Baccalaureate<\/strong>.<\/li>\n\n\n\n<li>On <strong>6 March 2025<\/strong>, <strong>Marina Mart\u00ednez S\u00e1nchez and Anna Mar\u00eda Santos Rudenco<\/strong>, students of the Master\u2019s Degree in Teacher Training and 5<sup>th<\/sup>-year student of the PCEO in Management and Business Administration and Law, respectively, visited <strong>IES La Corredoria (Oviedo)<\/strong>, delivering the talk to <strong>students in 4<sup>th<\/sup> of ESO<\/strong>.<\/li>\n\n\n\n<li>On <strong>10 March 2025<\/strong>, <strong>Sof\u00eda Garc\u00eda Rubio and I\u00e1n Mor\u00e1n Niembro<\/strong>, 3<sup>rd<\/sup>-year Management and Business Administration students, visited <strong>IES N\u00ba 1 (Gij\u00f3n)<\/strong>, delivering the talk to <strong>students in 2<sup>nd<\/sup> of Baccalaureate<\/strong>.<\/li>\n\n\n\n<li>On <strong>11 March 2025<\/strong>, <strong>Ignacio Tasc\u00f3n Amo<\/strong>, a student of the PhD Programme in Economics and Business, visited <strong>Colegio Juan Pablo II \u2013 Santo Tom\u00e1s and Colegio Nuestra Se\u00f1ora del Buen Consejo (Avil\u00e9s)<\/strong>, delivering two talks to <strong>students in 4<sup>th<\/sup> of ESO<\/strong>.<\/li>\n\n\n\n<li>On <strong>18 March 2025<\/strong>, <strong>Claudia Mart\u00ednez Pandiella and Daniela Pedrouzo \u00c1lvarez<\/strong>, 5<sup>th<\/sup>-year students of the PCEO in Management and Business Administration and Law, visited <strong>IES Pando (Oviedo)<\/strong>, delivering the talk to <strong>students in 4<sup>th<\/sup> of ESO<\/strong>.<\/li>\n\n\n\n<li>On <strong>21 March 2025<\/strong>, <strong>Nayara Antequera Gonz\u00e1lez and Miguel \u00c1ngel del R\u00edo de Paz<\/strong>, 4<sup>th<\/sup>-year Management and Business Administration and 5<sup>th<\/sup>-year PCEO in Management and Business Administration and Law students, respectively, visited <strong>Colegio Beata Imelda \u2013 Santo Tom\u00e1s (La Felguera)<\/strong>, delivering two talks to <strong>students in 4<sup>th<\/sup> of ESO and 1<sup>st<\/sup> and 2<sup>nd<\/sup> of Baccalaureate<\/strong>.<\/li>\n\n\n\n<li>On <strong>24 March 2025<\/strong>, <strong>Regina \u00c1lvarez Fern\u00e1ndez-Campoamor and Emilio Ord\u00f3\u00f1ez Ib\u00e1\u00f1ez<\/strong>, 3<sup>rd<\/sup>-year PCEO in Management and Business Administration and Lawstudents, visited <strong>Colegio San Ignacio (Oviedo)<\/strong>, delivering two talks to <strong><strong>students in 4<sup>th<\/sup> of ESO<\/strong><\/strong>.<\/li>\n\n\n\n<li>On <strong>28 March 2025<\/strong>, <strong>Sof\u00eda Garc\u00eda Rubio and I\u00e1n Mor\u00e1n Niembro<\/strong>,  3<sup>rd<\/sup>-year Management and Business Administration students, visited <strong>IES Alfonso II (Oviedo)<\/strong>, delivering the talk to <strong>students in 1<sup>st<\/sup> of Baccalaureate<\/strong>.<\/li>\n\n\n\n<li>On <strong>2 April 2025<\/strong>, <strong>Ignacio Tasc\u00f3n Amo<\/strong>, a student of the PhD Programme in Economics and Business, visited <strong>IES Cangas del Narcea (Cangas del Narcea)<\/strong>, delivering the talk to <strong>students in 4<sup>th<\/sup> of ESO and 1<sup>st<\/sup> of Baccalaureate<\/strong>.<\/li>\n\n\n\n<li>On <strong>4 April 2025<\/strong>, <strong>Ana Fanjul \u00c1lvarez and I\u00f1igo L\u00f3pez Fern\u00e1ndez<\/strong>, 5<sup>th<\/sup>-year students of the PCEO in Management and Business Administration and Law, visited <strong>IES Escultor Juan de Villanueva (Pola de Siero)<\/strong>, delivering two talks to <strong>students in 4<sup>th<\/sup> of ESO<\/strong>.<\/li>\n\n\n\n<li>On <strong>10 April 2025<\/strong>, <strong>Sof\u00eda Garc\u00eda Rubio<\/strong>, a 3<sup>rd<\/sup>-year Management and Business Administration, visited <strong>IES La Er\u00eda (Oviedo)<\/strong>, delivering the talk to <strong>students in 1<sup>st<\/sup> of Baccalaureate<\/strong>.<\/li>\n\n\n\n<li>On <strong>11 April 2025<\/strong>, <strong>Nadia \u00c1lvarez Garc\u00eda and Nayara Antequera Gonz\u00e1lez<\/strong>, Master&#8217;s Degree in Economics: Economic Analysis Instruments and 4<sup>th<\/sup>-year Management and Business Administration students, respectively, visited <strong>IES Juan Jos\u00e9 Calvo Miguel (Sotrondio)<\/strong>, delivering two talks to <strong>students in 3<sup>rd<\/sup> and 4<sup>th<\/sup> of ESO and 1<sup>st<\/sup> and 2<sup>nd<\/sup> of Baccalaureate<\/strong>.<\/li>\n\n\n\n<li>On <strong>22 April 2025<\/strong>, <strong>Tania Monteser\u00edn Gonz\u00e1lez and Ana Regina P\u00e9rez Nieto<\/strong>, 3<sup>rd<\/sup>-year Accounting and Finance and Master&#8217;s Degree in Accounting Information Systems and Financial Analysis students, respectively, visited <strong>IES El Sueve (Arriondas)<\/strong>, delivering the talk to <strong>students in 1<sup>st<\/sup> of Baccalaureate<\/strong>.<\/li>\n\n\n\n<li>On <strong>24 April 2025<\/strong>, <strong>Andrea de la Torre Guti\u00e9rrez and Anna Mar\u00eda Santos Rudenco<\/strong>, 5<sup>th<\/sup>-year students of the PCEO in Management and Business Administration and Law, visited <strong>IES Fern\u00e1ndez Vall\u00edn (Gij\u00f3n)<\/strong>, delivering the talk to <strong>students in Vocational Training<\/strong>.<\/li>\n\n\n\n<li>On <strong>6 May 2025<\/strong>, <strong>Claudia Mart\u00ednez Pandiella and Daniela Pedrouzo \u00c1lvarez<\/strong>, 5<sup>th<\/sup>-year students of the PCEO in Management and Business Administration and Law, visited <strong>IES Aramo (Oviedo)<\/strong>, delivering the talk to <strong>students in 4<sup>th<\/sup> of ESO<\/strong>.<\/li>\n\n\n\n<li>On <strong>8 May 2025<\/strong>, <strong>Roberto Prieto Portugu\u00e9s<\/strong>, a 3<sup>rd<\/sup>-year PCEO in Management and Business Administration and Law student, visited <strong>CEPA de Gij\u00f3n (Gij\u00f3n)<\/strong>, delivering the talk to <strong>students in 3<sup>rd<\/sup> of ESO<\/strong>.<\/li>\n\n\n\n<li>On <strong>16 May 2025<\/strong>, <strong>Ignacio Tasc\u00f3n Amo, Sergio Fuertes \u00c1lvarez and Nadia \u00c1lvarez Garc\u00eda<\/strong>, students of the PhD Programme in Economics and Business and the Master&#8217;s Degree in Economics: Economic Analysis Instruments, respectively, visited <strong>IES de Pravia (Pravia)<\/strong>, delivering the talk to <strong>students in 1<sup>st<\/sup> of Baccalaureate and Vocational Training<\/strong>.<\/li>\n\n\n\n<li>On <strong>21 May 2025<\/strong>, Ignacio Tasc\u00f3n Amo, a student of the PhD Programme in Economics and Business, returned to his former centre, <strong>IES Bernaldo de Quir\u00f3s (Mieres)<\/strong>, delivering the talk to <strong>students in 4<sup>th<\/sup> of ESO<\/strong>.<\/li>\n\n\n\n<li>On <strong>28 May 2025<\/strong>, <strong>Tania Monteser\u00edn Gonz\u00e1lez and Ana Regina P\u00e9rez Nieto<\/strong>, 3<sup>rd<\/sup>-year Accounting and Finance and Master&#8217;s Degree in Accounting Information Systems and Financial Analysis students, respectively, visited <strong>IES Ram\u00f3n Areces (Grado)<\/strong>, delivering the talk to <strong>students in 1<sup>st<\/sup> of Baccalaureate<\/strong>.<\/li>\n\n\n\n<li>On <strong>29 May 2025<\/strong>, <strong>Tania Monteser\u00edn Gonz\u00e1lez and Ana Regina P\u00e9rez Nieto<\/strong>, 3<sup>rd<\/sup>-year Accounting and Finance and Master&#8217;s Degree in Accounting Information Systems and Financial Analysis students, respectively, visited <strong>IES Roces (Gij\u00f3n)<\/strong>, delivering the talk to <strong>students in 4<sup>th<\/sup> of ESO and 1<sup>st<\/sup> of Baccalaureate<\/strong>.<\/li>\n\n\n\n<li>On <strong>2 June 2025<\/strong>, <strong>Ignacio Tasc\u00f3n Amo, Sergio Fuertes \u00c1lvarez and Nadia \u00c1lvarez Garc\u00eda<\/strong>, students of the PhD Programme in Economics and Business and the Master&#8217;s Degree in Economics: Economic Analysis Instruments, respectively, visited <strong>Colegio Salesianos Santo \u00c1ngel (Avil\u00e9s)<\/strong>, delivering the talk to <strong>students in 4<sup>th<\/sup> of ESO and 1<sup>st<\/sup> of Baccalaureate<\/strong>.<\/li>\n<\/ul>\n\n\n\n<div class=\"wp-block-group is-nowrap is-layout-flex wp-container-core-group-is-layout-ad2f72ca wp-block-group-is-layout-flex\">\n<figure class=\"wp-block-image size-large is-resized\"><img loading=\"lazy\" decoding=\"async\" width=\"1024\" height=\"768\" src=\"https:\/\/www.unioviedo.es\/fincorp\/wp-content\/uploads\/2025\/11\/2024-2025-2Ed-FE360JPJ-20250129-FotoGrupal-1024x768.jpeg\" alt=\"\" class=\"wp-image-3731\" style=\"width:auto;height:300px\" srcset=\"https:\/\/www.unioviedo.es\/fincorp\/wp-content\/uploads\/2025\/11\/2024-2025-2Ed-FE360JPJ-20250129-FotoGrupal-1024x768.jpeg 1024w, https:\/\/www.unioviedo.es\/fincorp\/wp-content\/uploads\/2025\/11\/2024-2025-2Ed-FE360JPJ-20250129-FotoGrupal-300x225.jpeg 300w, https:\/\/www.unioviedo.es\/fincorp\/wp-content\/uploads\/2025\/11\/2024-2025-2Ed-FE360JPJ-20250129-FotoGrupal-768x576.jpeg 768w, https:\/\/www.unioviedo.es\/fincorp\/wp-content\/uploads\/2025\/11\/2024-2025-2Ed-FE360JPJ-20250129-FotoGrupal.jpeg 1504w\" sizes=\"auto, (max-width: 1024px) 100vw, 1024px\" \/><figcaption class=\"wp-element-caption\">Inicio de la segunda edici\u00f3n del proyecto<\/figcaption><\/figure>\n\n\n\n<figure class=\"wp-block-image size-large is-resized\"><img loading=\"lazy\" decoding=\"async\" width=\"1024\" height=\"768\" src=\"https:\/\/www.unioviedo.es\/fincorp\/wp-content\/uploads\/2025\/11\/2024-2025-2Ed-FE360JPJ-20250205-TallerEFPA1-5-1024x768.jpg\" alt=\"\" class=\"wp-image-3733\" style=\"width:auto;height:300px\" srcset=\"https:\/\/www.unioviedo.es\/fincorp\/wp-content\/uploads\/2025\/11\/2024-2025-2Ed-FE360JPJ-20250205-TallerEFPA1-5-1024x768.jpg 1024w, https:\/\/www.unioviedo.es\/fincorp\/wp-content\/uploads\/2025\/11\/2024-2025-2Ed-FE360JPJ-20250205-TallerEFPA1-5-300x225.jpg 300w, https:\/\/www.unioviedo.es\/fincorp\/wp-content\/uploads\/2025\/11\/2024-2025-2Ed-FE360JPJ-20250205-TallerEFPA1-5-768x576.jpg 768w, https:\/\/www.unioviedo.es\/fincorp\/wp-content\/uploads\/2025\/11\/2024-2025-2Ed-FE360JPJ-20250205-TallerEFPA1-5-1536x1152.jpg 1536w, https:\/\/www.unioviedo.es\/fincorp\/wp-content\/uploads\/2025\/11\/2024-2025-2Ed-FE360JPJ-20250205-TallerEFPA1-5-2048x1536.jpg 2048w\" sizes=\"auto, (max-width: 1024px) 100vw, 1024px\" \/><figcaption class=\"wp-element-caption\">Primer taller de la EFPA<\/figcaption><\/figure>\n<\/div>\n\n\n\n<div class=\"wp-block-group is-nowrap is-layout-flex wp-container-core-group-is-layout-ad2f72ca wp-block-group-is-layout-flex\">\n<figure class=\"wp-block-image size-large is-resized\"><img loading=\"lazy\" decoding=\"async\" width=\"1024\" height=\"763\" src=\"https:\/\/www.unioviedo.es\/fincorp\/wp-content\/uploads\/2025\/11\/2024-2025-2Ed-FE360JPJ-20250212-TallerEFPA2-2-1024x763.jpg\" alt=\"\" class=\"wp-image-3734\" style=\"width:auto;height:300px\" srcset=\"https:\/\/www.unioviedo.es\/fincorp\/wp-content\/uploads\/2025\/11\/2024-2025-2Ed-FE360JPJ-20250212-TallerEFPA2-2-1024x763.jpg 1024w, https:\/\/www.unioviedo.es\/fincorp\/wp-content\/uploads\/2025\/11\/2024-2025-2Ed-FE360JPJ-20250212-TallerEFPA2-2-300x224.jpg 300w, https:\/\/www.unioviedo.es\/fincorp\/wp-content\/uploads\/2025\/11\/2024-2025-2Ed-FE360JPJ-20250212-TallerEFPA2-2-768x572.jpg 768w, https:\/\/www.unioviedo.es\/fincorp\/wp-content\/uploads\/2025\/11\/2024-2025-2Ed-FE360JPJ-20250212-TallerEFPA2-2-1536x1144.jpg 1536w, https:\/\/www.unioviedo.es\/fincorp\/wp-content\/uploads\/2025\/11\/2024-2025-2Ed-FE360JPJ-20250212-TallerEFPA2-2-2048x1526.jpg 2048w\" sizes=\"auto, (max-width: 1024px) 100vw, 1024px\" \/><figcaption class=\"wp-element-caption\">Segundo taller de la EFPA<\/figcaption><\/figure>\n\n\n\n<figure class=\"wp-block-image size-large is-resized\"><img loading=\"lazy\" decoding=\"async\" width=\"1024\" height=\"768\" src=\"https:\/\/www.unioviedo.es\/fincorp\/wp-content\/uploads\/2025\/11\/2024-2025-2Ed-FE360JPJ-20250220-TallerCNMV-7-1024x768.jpg\" alt=\"\" class=\"wp-image-3736\" style=\"width:auto;height:300px\" srcset=\"https:\/\/www.unioviedo.es\/fincorp\/wp-content\/uploads\/2025\/11\/2024-2025-2Ed-FE360JPJ-20250220-TallerCNMV-7-1024x768.jpg 1024w, https:\/\/www.unioviedo.es\/fincorp\/wp-content\/uploads\/2025\/11\/2024-2025-2Ed-FE360JPJ-20250220-TallerCNMV-7-300x225.jpg 300w, https:\/\/www.unioviedo.es\/fincorp\/wp-content\/uploads\/2025\/11\/2024-2025-2Ed-FE360JPJ-20250220-TallerCNMV-7-768x576.jpg 768w, https:\/\/www.unioviedo.es\/fincorp\/wp-content\/uploads\/2025\/11\/2024-2025-2Ed-FE360JPJ-20250220-TallerCNMV-7-1536x1152.jpg 1536w, https:\/\/www.unioviedo.es\/fincorp\/wp-content\/uploads\/2025\/11\/2024-2025-2Ed-FE360JPJ-20250220-TallerCNMV-7.jpg 2016w\" sizes=\"auto, (max-width: 1024px) 100vw, 1024px\" \/><figcaption class=\"wp-element-caption\">Taller de la CNMV<\/figcaption><\/figure>\n<\/div>\n\n\n\n<div class=\"wp-block-group is-nowrap is-layout-flex wp-container-core-group-is-layout-ad2f72ca wp-block-group-is-layout-flex\">\n<figure class=\"wp-block-image size-full is-resized\"><img loading=\"lazy\" decoding=\"async\" width=\"1070\" height=\"696\" src=\"https:\/\/www.unioviedo.es\/fincorp\/wp-content\/uploads\/2025\/11\/2024-2025-2Ed-FE360JPJ-20250224-AFAILF-IESFleming-1.jpeg\" alt=\"\" class=\"wp-image-3738\" style=\"width:auto;height:300px\" srcset=\"https:\/\/www.unioviedo.es\/fincorp\/wp-content\/uploads\/2025\/11\/2024-2025-2Ed-FE360JPJ-20250224-AFAILF-IESFleming-1.jpeg 1070w, https:\/\/www.unioviedo.es\/fincorp\/wp-content\/uploads\/2025\/11\/2024-2025-2Ed-FE360JPJ-20250224-AFAILF-IESFleming-1-300x195.jpeg 300w, https:\/\/www.unioviedo.es\/fincorp\/wp-content\/uploads\/2025\/11\/2024-2025-2Ed-FE360JPJ-20250224-AFAILF-IESFleming-1-1024x666.jpeg 1024w, https:\/\/www.unioviedo.es\/fincorp\/wp-content\/uploads\/2025\/11\/2024-2025-2Ed-FE360JPJ-20250224-AFAILF-IESFleming-1-768x500.jpeg 768w\" sizes=\"auto, (max-width: 1070px) 100vw, 1070px\" \/><figcaption class=\"wp-element-caption\">IES Doctor Fleming (Oviedo)<\/figcaption><\/figure>\n\n\n\n<figure class=\"wp-block-image size-full is-resized\"><img loading=\"lazy\" decoding=\"async\" width=\"640\" height=\"480\" src=\"http:\/\/www.unioviedo.es\/fincorp\/wp-content\/uploads\/2025\/11\/2024-2025-2Ed-FE360JPJ-20250225-NAGSFA-IESFleming-2.jpg\" alt=\"\" class=\"wp-image-3737\" style=\"width:auto;height:300px\" srcset=\"https:\/\/www.unioviedo.es\/fincorp\/wp-content\/uploads\/2025\/11\/2024-2025-2Ed-FE360JPJ-20250225-NAGSFA-IESFleming-2.jpg 640w, https:\/\/www.unioviedo.es\/fincorp\/wp-content\/uploads\/2025\/11\/2024-2025-2Ed-FE360JPJ-20250225-NAGSFA-IESFleming-2-300x225.jpg 300w\" sizes=\"auto, (max-width: 640px) 100vw, 640px\" \/><figcaption class=\"wp-element-caption\">IES Doctor Fleming (Oviedo)<\/figcaption><\/figure>\n<\/div>\n\n\n\n<div class=\"wp-block-group is-nowrap is-layout-flex wp-container-core-group-is-layout-ad2f72ca wp-block-group-is-layout-flex\">\n<figure class=\"wp-block-image size-full is-resized\"><img loading=\"lazy\" decoding=\"async\" width=\"2400\" height=\"1799\" src=\"https:\/\/www.unioviedo.es\/fincorp\/wp-content\/uploads\/2025\/11\/2024-2025-2Ed-FE360JPJ-20250227-MMS-IESLa-Corredoria-1.jpeg\" alt=\"\" class=\"wp-image-3739\" style=\"width:auto;height:300px\" srcset=\"https:\/\/www.unioviedo.es\/fincorp\/wp-content\/uploads\/2025\/11\/2024-2025-2Ed-FE360JPJ-20250227-MMS-IESLa-Corredoria-1.jpeg 2400w, https:\/\/www.unioviedo.es\/fincorp\/wp-content\/uploads\/2025\/11\/2024-2025-2Ed-FE360JPJ-20250227-MMS-IESLa-Corredoria-1-300x225.jpeg 300w, https:\/\/www.unioviedo.es\/fincorp\/wp-content\/uploads\/2025\/11\/2024-2025-2Ed-FE360JPJ-20250227-MMS-IESLa-Corredoria-1-1024x768.jpeg 1024w, https:\/\/www.unioviedo.es\/fincorp\/wp-content\/uploads\/2025\/11\/2024-2025-2Ed-FE360JPJ-20250227-MMS-IESLa-Corredoria-1-768x576.jpeg 768w, https:\/\/www.unioviedo.es\/fincorp\/wp-content\/uploads\/2025\/11\/2024-2025-2Ed-FE360JPJ-20250227-MMS-IESLa-Corredoria-1-1536x1151.jpeg 1536w, https:\/\/www.unioviedo.es\/fincorp\/wp-content\/uploads\/2025\/11\/2024-2025-2Ed-FE360JPJ-20250227-MMS-IESLa-Corredoria-1-2048x1535.jpeg 2048w\" sizes=\"auto, (max-width: 2400px) 100vw, 2400px\" \/><figcaption class=\"wp-element-caption\">IES La Corredoria (Oviedo)<\/figcaption><\/figure>\n\n\n\n<figure class=\"wp-block-image size-full is-resized\"><img loading=\"lazy\" decoding=\"async\" width=\"2560\" height=\"1920\" src=\"https:\/\/www.unioviedo.es\/fincorp\/wp-content\/uploads\/2025\/11\/2024-2025-2Ed-FE360JPJ-20250306-MMSAMSR-IESLaCorredoria-4-scaled.jpeg\" alt=\"\" class=\"wp-image-3740\" style=\"width:auto;height:300px\" srcset=\"https:\/\/www.unioviedo.es\/fincorp\/wp-content\/uploads\/2025\/11\/2024-2025-2Ed-FE360JPJ-20250306-MMSAMSR-IESLaCorredoria-4-scaled.jpeg 2560w, https:\/\/www.unioviedo.es\/fincorp\/wp-content\/uploads\/2025\/11\/2024-2025-2Ed-FE360JPJ-20250306-MMSAMSR-IESLaCorredoria-4-300x225.jpeg 300w, https:\/\/www.unioviedo.es\/fincorp\/wp-content\/uploads\/2025\/11\/2024-2025-2Ed-FE360JPJ-20250306-MMSAMSR-IESLaCorredoria-4-1024x768.jpeg 1024w, https:\/\/www.unioviedo.es\/fincorp\/wp-content\/uploads\/2025\/11\/2024-2025-2Ed-FE360JPJ-20250306-MMSAMSR-IESLaCorredoria-4-768x576.jpeg 768w, https:\/\/www.unioviedo.es\/fincorp\/wp-content\/uploads\/2025\/11\/2024-2025-2Ed-FE360JPJ-20250306-MMSAMSR-IESLaCorredoria-4-1536x1152.jpeg 1536w, https:\/\/www.unioviedo.es\/fincorp\/wp-content\/uploads\/2025\/11\/2024-2025-2Ed-FE360JPJ-20250306-MMSAMSR-IESLaCorredoria-4-2048x1536.jpeg 2048w\" sizes=\"auto, (max-width: 2560px) 100vw, 2560px\" \/><figcaption class=\"wp-element-caption\">IES La Corredoria (Oviedo)<\/figcaption><\/figure>\n<\/div>\n\n\n\n<div class=\"wp-block-group is-nowrap is-layout-flex wp-container-core-group-is-layout-ad2f72ca wp-block-group-is-layout-flex\">\n<figure class=\"wp-block-image size-full is-resized\"><img loading=\"lazy\" decoding=\"async\" width=\"2560\" height=\"1920\" src=\"https:\/\/www.unioviedo.es\/fincorp\/wp-content\/uploads\/2025\/11\/2024-2025-2Ed-FE360JPJ-20250310-SGRIMN-IESNo1-1-Pixelada-scaled.jpeg\" alt=\"\" class=\"wp-image-3741\" style=\"width:auto;height:300px\" srcset=\"https:\/\/www.unioviedo.es\/fincorp\/wp-content\/uploads\/2025\/11\/2024-2025-2Ed-FE360JPJ-20250310-SGRIMN-IESNo1-1-Pixelada-scaled.jpeg 2560w, https:\/\/www.unioviedo.es\/fincorp\/wp-content\/uploads\/2025\/11\/2024-2025-2Ed-FE360JPJ-20250310-SGRIMN-IESNo1-1-Pixelada-300x225.jpeg 300w, https:\/\/www.unioviedo.es\/fincorp\/wp-content\/uploads\/2025\/11\/2024-2025-2Ed-FE360JPJ-20250310-SGRIMN-IESNo1-1-Pixelada-1024x768.jpeg 1024w, https:\/\/www.unioviedo.es\/fincorp\/wp-content\/uploads\/2025\/11\/2024-2025-2Ed-FE360JPJ-20250310-SGRIMN-IESNo1-1-Pixelada-768x576.jpeg 768w, https:\/\/www.unioviedo.es\/fincorp\/wp-content\/uploads\/2025\/11\/2024-2025-2Ed-FE360JPJ-20250310-SGRIMN-IESNo1-1-Pixelada-1536x1152.jpeg 1536w, https:\/\/www.unioviedo.es\/fincorp\/wp-content\/uploads\/2025\/11\/2024-2025-2Ed-FE360JPJ-20250310-SGRIMN-IESNo1-1-Pixelada-2048x1536.jpeg 2048w\" sizes=\"auto, (max-width: 2560px) 100vw, 2560px\" \/><figcaption class=\"wp-element-caption\">IES N\u00ba 1 (Gij\u00f3n)<\/figcaption><\/figure>\n\n\n\n<figure class=\"wp-block-image size-full is-resized\"><img loading=\"lazy\" decoding=\"async\" width=\"2560\" height=\"1920\" src=\"https:\/\/www.unioviedo.es\/fincorp\/wp-content\/uploads\/2025\/11\/2024-2025-2Ed-FE360JPJ-20250311-ITA-ColegioJuanPabloIISantoTomas-scaled.jpg\" alt=\"\" class=\"wp-image-3742\" style=\"width:auto;height:300px\" srcset=\"https:\/\/www.unioviedo.es\/fincorp\/wp-content\/uploads\/2025\/11\/2024-2025-2Ed-FE360JPJ-20250311-ITA-ColegioJuanPabloIISantoTomas-scaled.jpg 2560w, https:\/\/www.unioviedo.es\/fincorp\/wp-content\/uploads\/2025\/11\/2024-2025-2Ed-FE360JPJ-20250311-ITA-ColegioJuanPabloIISantoTomas-300x225.jpg 300w, https:\/\/www.unioviedo.es\/fincorp\/wp-content\/uploads\/2025\/11\/2024-2025-2Ed-FE360JPJ-20250311-ITA-ColegioJuanPabloIISantoTomas-1024x768.jpg 1024w, https:\/\/www.unioviedo.es\/fincorp\/wp-content\/uploads\/2025\/11\/2024-2025-2Ed-FE360JPJ-20250311-ITA-ColegioJuanPabloIISantoTomas-768x576.jpg 768w, https:\/\/www.unioviedo.es\/fincorp\/wp-content\/uploads\/2025\/11\/2024-2025-2Ed-FE360JPJ-20250311-ITA-ColegioJuanPabloIISantoTomas-1536x1152.jpg 1536w, https:\/\/www.unioviedo.es\/fincorp\/wp-content\/uploads\/2025\/11\/2024-2025-2Ed-FE360JPJ-20250311-ITA-ColegioJuanPabloIISantoTomas-2048x1536.jpg 2048w\" sizes=\"auto, (max-width: 2560px) 100vw, 2560px\" \/><figcaption class=\"wp-element-caption\">Colegio Juan Pablo \u2013 Santo Tom\u00e1s (Avil\u00e9s)<\/figcaption><\/figure>\n<\/div>\n\n\n\n<div class=\"wp-block-group is-nowrap is-layout-flex wp-container-core-group-is-layout-ad2f72ca wp-block-group-is-layout-flex\">\n<figure class=\"wp-block-image size-full is-resized\"><img loading=\"lazy\" decoding=\"async\" width=\"2560\" height=\"1920\" src=\"http:\/\/www.unioviedo.es\/fincorp\/wp-content\/uploads\/2025\/11\/2024-2025-2Ed-FE360JPJ-20250311-ITA-ColegioNuestraSenoraDelBuenConsejo-scaled.jpg\" alt=\"\" class=\"wp-image-3744\" style=\"width:auto;height:300px\" srcset=\"https:\/\/www.unioviedo.es\/fincorp\/wp-content\/uploads\/2025\/11\/2024-2025-2Ed-FE360JPJ-20250311-ITA-ColegioNuestraSenoraDelBuenConsejo-scaled.jpg 2560w, https:\/\/www.unioviedo.es\/fincorp\/wp-content\/uploads\/2025\/11\/2024-2025-2Ed-FE360JPJ-20250311-ITA-ColegioNuestraSenoraDelBuenConsejo-300x225.jpg 300w, https:\/\/www.unioviedo.es\/fincorp\/wp-content\/uploads\/2025\/11\/2024-2025-2Ed-FE360JPJ-20250311-ITA-ColegioNuestraSenoraDelBuenConsejo-1024x768.jpg 1024w, https:\/\/www.unioviedo.es\/fincorp\/wp-content\/uploads\/2025\/11\/2024-2025-2Ed-FE360JPJ-20250311-ITA-ColegioNuestraSenoraDelBuenConsejo-768x576.jpg 768w, https:\/\/www.unioviedo.es\/fincorp\/wp-content\/uploads\/2025\/11\/2024-2025-2Ed-FE360JPJ-20250311-ITA-ColegioNuestraSenoraDelBuenConsejo-1536x1152.jpg 1536w, https:\/\/www.unioviedo.es\/fincorp\/wp-content\/uploads\/2025\/11\/2024-2025-2Ed-FE360JPJ-20250311-ITA-ColegioNuestraSenoraDelBuenConsejo-2048x1536.jpg 2048w\" sizes=\"auto, (max-width: 2560px) 100vw, 2560px\" \/><figcaption class=\"wp-element-caption\">Colegio de Nuestra Se\u00f1ora del Buen Consejo (Avil\u00e9s)<\/figcaption><\/figure>\n\n\n\n<figure class=\"wp-block-image size-full is-resized\"><img loading=\"lazy\" decoding=\"async\" width=\"2560\" height=\"1920\" src=\"http:\/\/www.unioviedo.es\/fincorp\/wp-content\/uploads\/2025\/11\/2024-2025-2Ed-FE360JPJ-20250318-CMPDPA-IESPando-3-scaled.jpeg\" alt=\"\" class=\"wp-image-3743\" style=\"width:auto;height:300px\" srcset=\"https:\/\/www.unioviedo.es\/fincorp\/wp-content\/uploads\/2025\/11\/2024-2025-2Ed-FE360JPJ-20250318-CMPDPA-IESPando-3-scaled.jpeg 2560w, https:\/\/www.unioviedo.es\/fincorp\/wp-content\/uploads\/2025\/11\/2024-2025-2Ed-FE360JPJ-20250318-CMPDPA-IESPando-3-300x225.jpeg 300w, https:\/\/www.unioviedo.es\/fincorp\/wp-content\/uploads\/2025\/11\/2024-2025-2Ed-FE360JPJ-20250318-CMPDPA-IESPando-3-1024x768.jpeg 1024w, https:\/\/www.unioviedo.es\/fincorp\/wp-content\/uploads\/2025\/11\/2024-2025-2Ed-FE360JPJ-20250318-CMPDPA-IESPando-3-768x576.jpeg 768w\" sizes=\"auto, (max-width: 2560px) 100vw, 2560px\" \/><figcaption class=\"wp-element-caption\">IES Pando (Oviedo)<\/figcaption><\/figure>\n<\/div>\n\n\n\n<div class=\"wp-block-group is-nowrap is-layout-flex wp-container-core-group-is-layout-ad2f72ca wp-block-group-is-layout-flex\">\n<figure class=\"wp-block-image size-full is-resized\"><img loading=\"lazy\" decoding=\"async\" width=\"2410\" height=\"1808\" src=\"https:\/\/www.unioviedo.es\/fincorp\/wp-content\/uploads\/2025\/11\/2024-2025-2Ed-FE360JPJ-20250321-NAGMARP-ColegioBeataImeldaSantoTomas-5.jpeg\" alt=\"\" class=\"wp-image-3746\" style=\"width:auto;height:300px\" srcset=\"https:\/\/www.unioviedo.es\/fincorp\/wp-content\/uploads\/2025\/11\/2024-2025-2Ed-FE360JPJ-20250321-NAGMARP-ColegioBeataImeldaSantoTomas-5.jpeg 2410w, https:\/\/www.unioviedo.es\/fincorp\/wp-content\/uploads\/2025\/11\/2024-2025-2Ed-FE360JPJ-20250321-NAGMARP-ColegioBeataImeldaSantoTomas-5-300x225.jpeg 300w, https:\/\/www.unioviedo.es\/fincorp\/wp-content\/uploads\/2025\/11\/2024-2025-2Ed-FE360JPJ-20250321-NAGMARP-ColegioBeataImeldaSantoTomas-5-1024x768.jpeg 1024w, https:\/\/www.unioviedo.es\/fincorp\/wp-content\/uploads\/2025\/11\/2024-2025-2Ed-FE360JPJ-20250321-NAGMARP-ColegioBeataImeldaSantoTomas-5-768x576.jpeg 768w, https:\/\/www.unioviedo.es\/fincorp\/wp-content\/uploads\/2025\/11\/2024-2025-2Ed-FE360JPJ-20250321-NAGMARP-ColegioBeataImeldaSantoTomas-5-1536x1152.jpeg 1536w, https:\/\/www.unioviedo.es\/fincorp\/wp-content\/uploads\/2025\/11\/2024-2025-2Ed-FE360JPJ-20250321-NAGMARP-ColegioBeataImeldaSantoTomas-5-2048x1536.jpeg 2048w\" sizes=\"auto, (max-width: 2410px) 100vw, 2410px\" \/><figcaption class=\"wp-element-caption\">Colegio Beata Imelda \u2013 Santo Tom\u00e1s (La Felguera)<\/figcaption><\/figure>\n\n\n\n<figure class=\"wp-block-image size-full is-resized\"><img loading=\"lazy\" decoding=\"async\" width=\"2560\" height=\"1920\" src=\"https:\/\/www.unioviedo.es\/fincorp\/wp-content\/uploads\/2025\/11\/2024-2025-2Ed-FE360JPJ-20250328-SGRIMN-IESAlfonsoII-1-Pixelada-scaled.jpg\" alt=\"\" class=\"wp-image-3748\" style=\"width:auto;height:300px\" srcset=\"https:\/\/www.unioviedo.es\/fincorp\/wp-content\/uploads\/2025\/11\/2024-2025-2Ed-FE360JPJ-20250328-SGRIMN-IESAlfonsoII-1-Pixelada-scaled.jpg 2560w, https:\/\/www.unioviedo.es\/fincorp\/wp-content\/uploads\/2025\/11\/2024-2025-2Ed-FE360JPJ-20250328-SGRIMN-IESAlfonsoII-1-Pixelada-300x225.jpg 300w, https:\/\/www.unioviedo.es\/fincorp\/wp-content\/uploads\/2025\/11\/2024-2025-2Ed-FE360JPJ-20250328-SGRIMN-IESAlfonsoII-1-Pixelada-1024x768.jpg 1024w, https:\/\/www.unioviedo.es\/fincorp\/wp-content\/uploads\/2025\/11\/2024-2025-2Ed-FE360JPJ-20250328-SGRIMN-IESAlfonsoII-1-Pixelada-768x576.jpg 768w, https:\/\/www.unioviedo.es\/fincorp\/wp-content\/uploads\/2025\/11\/2024-2025-2Ed-FE360JPJ-20250328-SGRIMN-IESAlfonsoII-1-Pixelada-1536x1152.jpg 1536w, https:\/\/www.unioviedo.es\/fincorp\/wp-content\/uploads\/2025\/11\/2024-2025-2Ed-FE360JPJ-20250328-SGRIMN-IESAlfonsoII-1-Pixelada-2048x1536.jpg 2048w\" sizes=\"auto, (max-width: 2560px) 100vw, 2560px\" \/><figcaption class=\"wp-element-caption\">IES Alfonso II (Oviedo)<\/figcaption><\/figure>\n<\/div>\n\n\n\n<div class=\"wp-block-group is-nowrap is-layout-flex wp-container-core-group-is-layout-ad2f72ca wp-block-group-is-layout-flex\">\n<figure class=\"wp-block-image size-full is-resized\"><img loading=\"lazy\" decoding=\"async\" width=\"2560\" height=\"1920\" src=\"https:\/\/www.unioviedo.es\/fincorp\/wp-content\/uploads\/2025\/11\/2024-2025-2Ed-FE360JPJ-20250402-ITA-IESCangasDelNarcea-2-scaled.jpg\" alt=\"\" class=\"wp-image-3749\" style=\"width:auto;height:300px\" srcset=\"https:\/\/www.unioviedo.es\/fincorp\/wp-content\/uploads\/2025\/11\/2024-2025-2Ed-FE360JPJ-20250402-ITA-IESCangasDelNarcea-2-scaled.jpg 2560w, https:\/\/www.unioviedo.es\/fincorp\/wp-content\/uploads\/2025\/11\/2024-2025-2Ed-FE360JPJ-20250402-ITA-IESCangasDelNarcea-2-300x225.jpg 300w, https:\/\/www.unioviedo.es\/fincorp\/wp-content\/uploads\/2025\/11\/2024-2025-2Ed-FE360JPJ-20250402-ITA-IESCangasDelNarcea-2-1024x768.jpg 1024w, https:\/\/www.unioviedo.es\/fincorp\/wp-content\/uploads\/2025\/11\/2024-2025-2Ed-FE360JPJ-20250402-ITA-IESCangasDelNarcea-2-768x576.jpg 768w, https:\/\/www.unioviedo.es\/fincorp\/wp-content\/uploads\/2025\/11\/2024-2025-2Ed-FE360JPJ-20250402-ITA-IESCangasDelNarcea-2-1536x1152.jpg 1536w, https:\/\/www.unioviedo.es\/fincorp\/wp-content\/uploads\/2025\/11\/2024-2025-2Ed-FE360JPJ-20250402-ITA-IESCangasDelNarcea-2-2048x1536.jpg 2048w\" sizes=\"auto, (max-width: 2560px) 100vw, 2560px\" \/><figcaption class=\"wp-element-caption\">IES Cangas del Narcea (Cangas del Narcea)<\/figcaption><\/figure>\n\n\n\n<figure class=\"wp-block-image size-full is-resized\"><img loading=\"lazy\" decoding=\"async\" width=\"1600\" height=\"1200\" src=\"https:\/\/www.unioviedo.es\/fincorp\/wp-content\/uploads\/2025\/11\/2024-2025-2Ed-FE360JPJ-20250404-AFAILF-IESEscultorJuanDeVillanueva-4.jpg\" alt=\"\" class=\"wp-image-3750\" style=\"width:auto;height:300px\" srcset=\"https:\/\/www.unioviedo.es\/fincorp\/wp-content\/uploads\/2025\/11\/2024-2025-2Ed-FE360JPJ-20250404-AFAILF-IESEscultorJuanDeVillanueva-4.jpg 1600w, https:\/\/www.unioviedo.es\/fincorp\/wp-content\/uploads\/2025\/11\/2024-2025-2Ed-FE360JPJ-20250404-AFAILF-IESEscultorJuanDeVillanueva-4-300x225.jpg 300w, https:\/\/www.unioviedo.es\/fincorp\/wp-content\/uploads\/2025\/11\/2024-2025-2Ed-FE360JPJ-20250404-AFAILF-IESEscultorJuanDeVillanueva-4-1024x768.jpg 1024w, https:\/\/www.unioviedo.es\/fincorp\/wp-content\/uploads\/2025\/11\/2024-2025-2Ed-FE360JPJ-20250404-AFAILF-IESEscultorJuanDeVillanueva-4-768x576.jpg 768w, https:\/\/www.unioviedo.es\/fincorp\/wp-content\/uploads\/2025\/11\/2024-2025-2Ed-FE360JPJ-20250404-AFAILF-IESEscultorJuanDeVillanueva-4-1536x1152.jpg 1536w\" sizes=\"auto, (max-width: 1600px) 100vw, 1600px\" \/><figcaption class=\"wp-element-caption\">IES Escultor Juan de Villanueva (Pola de Siero)<\/figcaption><\/figure>\n<\/div>\n\n\n\n<div class=\"wp-block-group is-nowrap is-layout-flex wp-container-core-group-is-layout-ad2f72ca wp-block-group-is-layout-flex\">\n<figure class=\"wp-block-image size-full is-resized\"><img loading=\"lazy\" decoding=\"async\" width=\"2560\" height=\"1920\" src=\"https:\/\/www.unioviedo.es\/fincorp\/wp-content\/uploads\/2025\/11\/2024-2025-2Ed-FE360JPJ-20250410-SGR-IESLaEria-6-scaled.jpeg\" alt=\"\" class=\"wp-image-3751\" style=\"width:auto;height:300px\" srcset=\"https:\/\/www.unioviedo.es\/fincorp\/wp-content\/uploads\/2025\/11\/2024-2025-2Ed-FE360JPJ-20250410-SGR-IESLaEria-6-scaled.jpeg 2560w, https:\/\/www.unioviedo.es\/fincorp\/wp-content\/uploads\/2025\/11\/2024-2025-2Ed-FE360JPJ-20250410-SGR-IESLaEria-6-300x225.jpeg 300w, https:\/\/www.unioviedo.es\/fincorp\/wp-content\/uploads\/2025\/11\/2024-2025-2Ed-FE360JPJ-20250410-SGR-IESLaEria-6-1024x768.jpeg 1024w, https:\/\/www.unioviedo.es\/fincorp\/wp-content\/uploads\/2025\/11\/2024-2025-2Ed-FE360JPJ-20250410-SGR-IESLaEria-6-768x576.jpeg 768w, https:\/\/www.unioviedo.es\/fincorp\/wp-content\/uploads\/2025\/11\/2024-2025-2Ed-FE360JPJ-20250410-SGR-IESLaEria-6-1536x1152.jpeg 1536w, https:\/\/www.unioviedo.es\/fincorp\/wp-content\/uploads\/2025\/11\/2024-2025-2Ed-FE360JPJ-20250410-SGR-IESLaEria-6-2048x1536.jpeg 2048w\" sizes=\"auto, (max-width: 2560px) 100vw, 2560px\" \/><figcaption class=\"wp-element-caption\">IES La Er\u00eda (Oviedo)<\/figcaption><\/figure>\n\n\n\n<figure class=\"wp-block-image size-full is-resized\"><img loading=\"lazy\" decoding=\"async\" width=\"1547\" height=\"870\" src=\"https:\/\/www.unioviedo.es\/fincorp\/wp-content\/uploads\/2025\/11\/2024-2025-2Ed-FE360JPJ-20250411-NAGNAG-IESJuanJoseCalvoMiguel-2.jpg\" alt=\"\" class=\"wp-image-3752\" style=\"width:auto;height:300px\" srcset=\"https:\/\/www.unioviedo.es\/fincorp\/wp-content\/uploads\/2025\/11\/2024-2025-2Ed-FE360JPJ-20250411-NAGNAG-IESJuanJoseCalvoMiguel-2.jpg 1547w, https:\/\/www.unioviedo.es\/fincorp\/wp-content\/uploads\/2025\/11\/2024-2025-2Ed-FE360JPJ-20250411-NAGNAG-IESJuanJoseCalvoMiguel-2-300x169.jpg 300w, https:\/\/www.unioviedo.es\/fincorp\/wp-content\/uploads\/2025\/11\/2024-2025-2Ed-FE360JPJ-20250411-NAGNAG-IESJuanJoseCalvoMiguel-2-1024x576.jpg 1024w, https:\/\/www.unioviedo.es\/fincorp\/wp-content\/uploads\/2025\/11\/2024-2025-2Ed-FE360JPJ-20250411-NAGNAG-IESJuanJoseCalvoMiguel-2-768x432.jpg 768w, https:\/\/www.unioviedo.es\/fincorp\/wp-content\/uploads\/2025\/11\/2024-2025-2Ed-FE360JPJ-20250411-NAGNAG-IESJuanJoseCalvoMiguel-2-1536x864.jpg 1536w\" sizes=\"auto, (max-width: 1547px) 100vw, 1547px\" \/><figcaption class=\"wp-element-caption\">IES Juan Jos\u00e9 Calvo Miguel (Sotrondio)<\/figcaption><\/figure>\n<\/div>\n\n\n\n<div class=\"wp-block-group is-nowrap is-layout-flex wp-container-core-group-is-layout-ad2f72ca wp-block-group-is-layout-flex\">\n<figure class=\"wp-block-image size-full is-resized\"><img loading=\"lazy\" decoding=\"async\" width=\"2560\" height=\"1535\" src=\"https:\/\/www.unioviedo.es\/fincorp\/wp-content\/uploads\/2025\/11\/2024-2025-2Ed-FE360JPJ-20250422-TMGARPN-IESElSueve-1-scaled.jpg\" alt=\"\" class=\"wp-image-3753\" style=\"width:auto;height:300px\" srcset=\"https:\/\/www.unioviedo.es\/fincorp\/wp-content\/uploads\/2025\/11\/2024-2025-2Ed-FE360JPJ-20250422-TMGARPN-IESElSueve-1-scaled.jpg 2560w, https:\/\/www.unioviedo.es\/fincorp\/wp-content\/uploads\/2025\/11\/2024-2025-2Ed-FE360JPJ-20250422-TMGARPN-IESElSueve-1-300x180.jpg 300w, https:\/\/www.unioviedo.es\/fincorp\/wp-content\/uploads\/2025\/11\/2024-2025-2Ed-FE360JPJ-20250422-TMGARPN-IESElSueve-1-1024x614.jpg 1024w, https:\/\/www.unioviedo.es\/fincorp\/wp-content\/uploads\/2025\/11\/2024-2025-2Ed-FE360JPJ-20250422-TMGARPN-IESElSueve-1-768x461.jpg 768w, https:\/\/www.unioviedo.es\/fincorp\/wp-content\/uploads\/2025\/11\/2024-2025-2Ed-FE360JPJ-20250422-TMGARPN-IESElSueve-1-1536x921.jpg 1536w, https:\/\/www.unioviedo.es\/fincorp\/wp-content\/uploads\/2025\/11\/2024-2025-2Ed-FE360JPJ-20250422-TMGARPN-IESElSueve-1-2048x1228.jpg 2048w\" sizes=\"auto, (max-width: 2560px) 100vw, 2560px\" \/><figcaption class=\"wp-element-caption\">IES El Sueve (Arriondas)<\/figcaption><\/figure>\n\n\n\n<figure class=\"wp-block-image size-full is-resized\"><img loading=\"lazy\" decoding=\"async\" width=\"1869\" height=\"1402\" src=\"https:\/\/www.unioviedo.es\/fincorp\/wp-content\/uploads\/2025\/11\/2024-2025-2Ed-FE360JPJ-20250424-ATGAMSR-IESFernandezVallin-2.jpeg\" alt=\"\" class=\"wp-image-3754\" style=\"width:auto;height:300px\" srcset=\"https:\/\/www.unioviedo.es\/fincorp\/wp-content\/uploads\/2025\/11\/2024-2025-2Ed-FE360JPJ-20250424-ATGAMSR-IESFernandezVallin-2.jpeg 1869w, https:\/\/www.unioviedo.es\/fincorp\/wp-content\/uploads\/2025\/11\/2024-2025-2Ed-FE360JPJ-20250424-ATGAMSR-IESFernandezVallin-2-300x225.jpeg 300w, https:\/\/www.unioviedo.es\/fincorp\/wp-content\/uploads\/2025\/11\/2024-2025-2Ed-FE360JPJ-20250424-ATGAMSR-IESFernandezVallin-2-1024x768.jpeg 1024w, https:\/\/www.unioviedo.es\/fincorp\/wp-content\/uploads\/2025\/11\/2024-2025-2Ed-FE360JPJ-20250424-ATGAMSR-IESFernandezVallin-2-768x576.jpeg 768w, https:\/\/www.unioviedo.es\/fincorp\/wp-content\/uploads\/2025\/11\/2024-2025-2Ed-FE360JPJ-20250424-ATGAMSR-IESFernandezVallin-2-1536x1152.jpeg 1536w\" sizes=\"auto, (max-width: 1869px) 100vw, 1869px\" \/><figcaption class=\"wp-element-caption\">IES Fern\u00e1ndez Vall\u00edn (Gij\u00f3n)<\/figcaption><\/figure>\n<\/div>\n\n\n\n<div class=\"wp-block-group is-nowrap is-layout-flex wp-container-core-group-is-layout-ad2f72ca wp-block-group-is-layout-flex\">\n<figure class=\"wp-block-image size-full is-resized\"><img loading=\"lazy\" decoding=\"async\" width=\"2560\" height=\"1920\" src=\"https:\/\/www.unioviedo.es\/fincorp\/wp-content\/uploads\/2025\/11\/2024-2025-2Ed-FE360JPJ-20250506-CMPDPA-IESElAramo-2-scaled.jpeg\" alt=\"\" class=\"wp-image-3755\" style=\"width:auto;height:300px\" srcset=\"https:\/\/www.unioviedo.es\/fincorp\/wp-content\/uploads\/2025\/11\/2024-2025-2Ed-FE360JPJ-20250506-CMPDPA-IESElAramo-2-scaled.jpeg 2560w, https:\/\/www.unioviedo.es\/fincorp\/wp-content\/uploads\/2025\/11\/2024-2025-2Ed-FE360JPJ-20250506-CMPDPA-IESElAramo-2-300x225.jpeg 300w, https:\/\/www.unioviedo.es\/fincorp\/wp-content\/uploads\/2025\/11\/2024-2025-2Ed-FE360JPJ-20250506-CMPDPA-IESElAramo-2-1024x768.jpeg 1024w, https:\/\/www.unioviedo.es\/fincorp\/wp-content\/uploads\/2025\/11\/2024-2025-2Ed-FE360JPJ-20250506-CMPDPA-IESElAramo-2-768x576.jpeg 768w, https:\/\/www.unioviedo.es\/fincorp\/wp-content\/uploads\/2025\/11\/2024-2025-2Ed-FE360JPJ-20250506-CMPDPA-IESElAramo-2-1536x1152.jpeg 1536w, https:\/\/www.unioviedo.es\/fincorp\/wp-content\/uploads\/2025\/11\/2024-2025-2Ed-FE360JPJ-20250506-CMPDPA-IESElAramo-2-2048x1536.jpeg 2048w\" sizes=\"auto, (max-width: 2560px) 100vw, 2560px\" \/><figcaption class=\"wp-element-caption\">IES Aramo (Oviedo)<\/figcaption><\/figure>\n\n\n\n<figure class=\"wp-block-image size-full is-resized\"><img loading=\"lazy\" decoding=\"async\" width=\"1543\" height=\"900\" src=\"https:\/\/www.unioviedo.es\/fincorp\/wp-content\/uploads\/2025\/11\/2024-2025-2Ed-FE360JPJ-20250516-NAGITASFA-IESDePravia-5.jpg\" alt=\"\" class=\"wp-image-3756\" style=\"width:auto;height:300px\" srcset=\"https:\/\/www.unioviedo.es\/fincorp\/wp-content\/uploads\/2025\/11\/2024-2025-2Ed-FE360JPJ-20250516-NAGITASFA-IESDePravia-5.jpg 1543w, https:\/\/www.unioviedo.es\/fincorp\/wp-content\/uploads\/2025\/11\/2024-2025-2Ed-FE360JPJ-20250516-NAGITASFA-IESDePravia-5-300x175.jpg 300w, https:\/\/www.unioviedo.es\/fincorp\/wp-content\/uploads\/2025\/11\/2024-2025-2Ed-FE360JPJ-20250516-NAGITASFA-IESDePravia-5-1024x597.jpg 1024w, https:\/\/www.unioviedo.es\/fincorp\/wp-content\/uploads\/2025\/11\/2024-2025-2Ed-FE360JPJ-20250516-NAGITASFA-IESDePravia-5-768x448.jpg 768w, https:\/\/www.unioviedo.es\/fincorp\/wp-content\/uploads\/2025\/11\/2024-2025-2Ed-FE360JPJ-20250516-NAGITASFA-IESDePravia-5-1536x896.jpg 1536w\" sizes=\"auto, (max-width: 1543px) 100vw, 1543px\" \/><figcaption class=\"wp-element-caption\">IES de Pravia (Pravia)<\/figcaption><\/figure>\n<\/div>\n\n\n\n<div class=\"wp-block-group is-nowrap is-layout-flex wp-container-core-group-is-layout-ad2f72ca wp-block-group-is-layout-flex\">\n<figure class=\"wp-block-image size-full is-resized\"><img loading=\"lazy\" decoding=\"async\" width=\"2560\" height=\"1697\" src=\"https:\/\/www.unioviedo.es\/fincorp\/wp-content\/uploads\/2025\/11\/2024-2025-2Ed-FE360JPJ-20250528-TMGARPN-IESRamonAreces-3-scaled.jpg\" alt=\"\" class=\"wp-image-3757\" style=\"width:auto;height:300px\" srcset=\"https:\/\/www.unioviedo.es\/fincorp\/wp-content\/uploads\/2025\/11\/2024-2025-2Ed-FE360JPJ-20250528-TMGARPN-IESRamonAreces-3-scaled.jpg 2560w, https:\/\/www.unioviedo.es\/fincorp\/wp-content\/uploads\/2025\/11\/2024-2025-2Ed-FE360JPJ-20250528-TMGARPN-IESRamonAreces-3-300x199.jpg 300w, https:\/\/www.unioviedo.es\/fincorp\/wp-content\/uploads\/2025\/11\/2024-2025-2Ed-FE360JPJ-20250528-TMGARPN-IESRamonAreces-3-1024x679.jpg 1024w, https:\/\/www.unioviedo.es\/fincorp\/wp-content\/uploads\/2025\/11\/2024-2025-2Ed-FE360JPJ-20250528-TMGARPN-IESRamonAreces-3-768x509.jpg 768w, https:\/\/www.unioviedo.es\/fincorp\/wp-content\/uploads\/2025\/11\/2024-2025-2Ed-FE360JPJ-20250528-TMGARPN-IESRamonAreces-3-1536x1018.jpg 1536w, https:\/\/www.unioviedo.es\/fincorp\/wp-content\/uploads\/2025\/11\/2024-2025-2Ed-FE360JPJ-20250528-TMGARPN-IESRamonAreces-3-2048x1357.jpg 2048w\" sizes=\"auto, (max-width: 2560px) 100vw, 2560px\" \/><figcaption class=\"wp-element-caption\">IES Ram\u00f3n Areces (Grado)<\/figcaption><\/figure>\n<\/div>\n","protected":false},"excerpt":{"rendered":"<p>This second edition of the project \u00abFinEduca360: Youth for Youth\u00bb, developed during the 2024\u20132025 academic year, was funded by the Institute for Educational Research and Innovation (INIE) of the Vice-Rectorate for Teaching Staff Policies of the University of Oviedo. It involved 19 university students from the Bachelor&#8217;s degrees in Management and Business Administration, Accounting and&hellip;&nbsp;<a href=\"https:\/\/www.unioviedo.es\/fincorp\/index.php\/en\/fineduca360-en\/fineduca360-youth-for-youth\/fineduca360-youth-for-youth-2nd-edition-2024-2025-academic-year\/\" rel=\"bookmark\">Leer m\u00e1s &raquo;<span class=\"screen-reader-text\">FinEduca360: Youth for Youth (2nd edition, 2024\u20132025 academic year)<\/span><\/a><\/p>\n","protected":false},"author":1,"featured_media":0,"parent":2710,"menu_order":0,"comment_status":"closed","ping_status":"closed","template":"","meta":{"neve_meta_sidebar":"","neve_meta_container":"","neve_meta_enable_content_width":"","neve_meta_content_width":0,"neve_meta_title_alignment":"","neve_meta_author_avatar":"","neve_post_elements_order":"","neve_meta_disable_header":"","neve_meta_disable_footer":"","neve_meta_disable_title":"","footnotes":""},"class_list":["post-3722","page","type-page","status-publish","hentry"],"_links":{"self":[{"href":"https:\/\/www.unioviedo.es\/fincorp\/index.php\/wp-json\/wp\/v2\/pages\/3722","targetHints":{"allow":["GET"]}}],"collection":[{"href":"https:\/\/www.unioviedo.es\/fincorp\/index.php\/wp-json\/wp\/v2\/pages"}],"about":[{"href":"https:\/\/www.unioviedo.es\/fincorp\/index.php\/wp-json\/wp\/v2\/types\/page"}],"author":[{"embeddable":true,"href":"https:\/\/www.unioviedo.es\/fincorp\/index.php\/wp-json\/wp\/v2\/users\/1"}],"replies":[{"embeddable":true,"href":"https:\/\/www.unioviedo.es\/fincorp\/index.php\/wp-json\/wp\/v2\/comments?post=3722"}],"version-history":[{"count":3,"href":"https:\/\/www.unioviedo.es\/fincorp\/index.php\/wp-json\/wp\/v2\/pages\/3722\/revisions"}],"predecessor-version":[{"id":3759,"href":"https:\/\/www.unioviedo.es\/fincorp\/index.php\/wp-json\/wp\/v2\/pages\/3722\/revisions\/3759"}],"up":[{"embeddable":true,"href":"https:\/\/www.unioviedo.es\/fincorp\/index.php\/wp-json\/wp\/v2\/pages\/2710"}],"wp:attachment":[{"href":"https:\/\/www.unioviedo.es\/fincorp\/index.php\/wp-json\/wp\/v2\/media?parent=3722"}],"curies":[{"name":"wp","href":"https:\/\/api.w.org\/{rel}","templated":true}]}}