{"id":1453,"date":"2024-04-08T12:07:08","date_gmt":"2024-04-08T12:07:08","guid":{"rendered":"https:\/\/www.unioviedo.es\/foro_empleo\/?page_id=1453"},"modified":"2024-04-17T10:01:56","modified_gmt":"2024-04-17T10:01:56","slug":"galeria-21foroempleo","status":"publish","type":"page","link":"https:\/\/www.unioviedo.es\/foro_empleo\/index.php\/galeria-21foroempleo\/","title":{"rendered":"Galer\u00eda 21Foroempleo"},"content":{"rendered":"<p>[et_pb_section fb_built=\u00bb1&#8243; admin_label=\u00bbSection\u00bb _builder_version=\u00bb4.24.1&#8243; _module_preset=\u00bbdefault\u00bb background_enable_color=\u00bboff\u00bb custom_margin=\u00bb||||true|false\u00bb custom_padding=\u00bb3vw||||false|false\u00bb da_popup_slug=\u00bbConferencias\u00bb da_disable_devices=\u00bboff|off|off\u00bb box_shadow_style=\u00bbpreset3&#8243; box_shadow_color=\u00bbrgba(0,0,0,0.15)\u00bb global_colors_info=\u00bb{}\u00bb da_is_popup=\u00bboff\u00bb da_exit_intent=\u00bboff\u00bb da_has_close=\u00bbon\u00bb da_alt_close=\u00bboff\u00bb da_dark_close=\u00bboff\u00bb da_not_modal=\u00bbon\u00bb da_is_singular=\u00bboff\u00bb da_with_loader=\u00bboff\u00bb da_has_shadow=\u00bbon\u00bb][et_pb_row column_structure=\u00bb3_4,1_4&#8243; admin_label=\u00bbconnect with users Row\u00bb _builder_version=\u00bb4.16&#8243; custom_margin=\u00bb0px|auto|0px|auto|true|false\u00bb custom_padding=\u00bb0|0px|60px|0px|false|false\u00bb use_custom_width=\u00bbon\u00bb custom_width_px=\u00bb1440px\u00bb global_colors_info=\u00bb{}\u00bb][et_pb_column type=\u00bb3_4&#8243; _builder_version=\u00bb4.16&#8243; custom_padding=\u00bb||||false|false\u00bb custom_padding_tablet=\u00bb30%|15%|20%|12%\u00bb custom_padding_phone=\u00bb60%|10%|30%|\u00bb custom_padding_last_edited=\u00bboff|desktop\u00bb global_colors_info=\u00bb{}\u00bb padding_phone=\u00bb60%|10%|30%|\u00bb padding_tablet=\u00bb30%|15%|20%|12%\u00bb padding_last_edited=\u00bboff|desktop\u00bb custom_padding__hover=\u00bb|||\u00bb][et_pb_text _builder_version=\u00bb4.24.1&#8243; text_font=\u00bbRoboto||||||||\u00bb text_font_size=\u00bb16px\u00bb text_line_height=\u00bb1.8em\u00bb header_font=\u00bbRoboto|700|||||||\u00bb header_text_align=\u00bbleft\u00bb header_text_color=\u00bb#07867f\u00bb header_font_size=\u00bb55px\u00bb header_line_height=\u00bb1.2em\u00bb header_2_font=\u00bbRoboto||||||||\u00bb header_2_text_align=\u00bbleft\u00bb header_2_text_color=\u00bb#000000&#8243; header_2_font_size=\u00bb45px\u00bb header_3_font=\u00bbRoboto|700||on|||||\u00bb header_3_text_align=\u00bbleft\u00bb header_3_text_color=\u00bbgcid-9b3fdd7f-77b8-4cfd-bc05-605d46624de0&#8243; header_3_font_size=\u00bb24px\u00bb header_3_letter_spacing=\u00bb10px\u00bb header_3_line_height=\u00bb2em\u00bb background_layout=\u00bbdark\u00bb module_alignment=\u00bbcenter\u00bb text_font_size_last_edited=\u00bboff|desktop\u00bb header_font_size_tablet=\u00bb40px\u00bb header_font_size_phone=\u00bb32px\u00bb header_font_size_last_edited=\u00bbon|phone\u00bb header_3_font_size_tablet=\u00bb16px\u00bb header_3_font_size_phone=\u00bb14px\u00bb header_3_font_size_last_edited=\u00bbon|phone\u00bb header_3_letter_spacing_tablet=\u00bb5px\u00bb header_3_letter_spacing_phone=\u00bb\u00bb header_3_letter_spacing_last_edited=\u00bbon|tablet\u00bb global_colors_info=\u00bb{%22gcid-9b3fdd7f-77b8-4cfd-bc05-605d46624de0%22:%91%22header_3_text_color%22%93}\u00bb]<\/p>\n<h3>21 Foro de Empleo de la Universidad de Oviedo<\/h3>\n<h1>Galer\u00eda de Im\u00e1genes<\/h1>\n<p>[\/et_pb_text][\/et_pb_column][et_pb_column type=\u00bb1_4&#8243; _builder_version=\u00bb4.16&#8243; custom_padding=\u00bb||||false|false\u00bb custom_padding_tablet=\u00bb30%|15%|20%|12%\u00bb custom_padding_phone=\u00bb60%|10%|30%|\u00bb custom_padding_last_edited=\u00bboff|desktop\u00bb global_colors_info=\u00bb{}\u00bb padding_phone=\u00bb60%|10%|30%|\u00bb padding_tablet=\u00bb30%|15%|20%|12%\u00bb padding_last_edited=\u00bboff|desktop\u00bb custom_padding__hover=\u00bb|||\u00bb][et_pb_image src=\u00bbhttps:\/\/www.unioviedo.es\/foro_empleo\/wp-content\/uploads\/2024\/01\/logo-foro-empleo21-fechas.jpg\u00bb title_text=\u00bblogo-foro-empleo21-fechas\u00bb align=\u00bbcenter\u00bb _builder_version=\u00bb4.24.1&#8243; _module_preset=\u00bbdefault\u00bb global_colors_info=\u00bb{}\u00bb][\/et_pb_image][\/et_pb_column][\/et_pb_row][et_pb_row column_structure=\u00bb1_4,1_4,1_4,1_4&#8243; use_custom_gutter=\u00bbon\u00bb gutter_width=\u00bb2&#8243; make_equal=\u00bbon\u00bb module_class=\u00bbtres-columnas\u00bb _builder_version=\u00bb4.24.1&#8243; _module_preset=\u00bbdefault\u00bb custom_margin=\u00bb0px||0px||true|false\u00bb custom_padding=\u00bb0px||0px||true|false\u00bb global_colors_info=\u00bb{}\u00bb][et_pb_column type=\u00bb1_4&#8243; _builder_version=\u00bb4.16&#8243; _module_preset=\u00bbdefault\u00bb global_colors_info=\u00bb{}\u00bb][et_pb_blurb title=\u00bbConferencias y Talleres\u00bb url=\u00bbhttps:\/\/www.unioviedo.es\/foro_empleo\/index.php\/galeria-21foroempleo\/#Conferencias\u00bb use_icon=\u00bbon\u00bb font_icon=\u00bb&#xe04e;||divi||400&#8243; icon_color=\u00bbgcid-9b3fdd7f-77b8-4cfd-bc05-605d46624de0&#8243; image_icon_background_color=\u00bbgcid-62bdcb5b-02fa-4420-a354-84ecf1a634d7&#8243; icon_placement=\u00bbleft\u00bb image_icon_width=\u00bb16px\u00bb _builder_version=\u00bb4.24.1&#8243; header_font=\u00bbRoboto|700|||||||\u00bb header_font_size=\u00bb18px\u00bb header_line_height=\u00bb1.7em\u00bb body_font=\u00bb||||||||\u00bb body_line_height=\u00bb1.8em\u00bb background_enable_color=\u00bboff\u00bb image_icon_custom_padding=\u00bb8px|8px|8px|8px|false|false\u00bb module_alignment=\u00bbleft\u00bb custom_margin=\u00bb|||\u00bb custom_padding=\u00bb|||\u00bb custom_padding_phone=\u00bb||29px|\u00bb custom_padding_last_edited=\u00bboff|desktop\u00bb animation=\u00bboff\u00bb link_option_url=\u00bbhttps:\/\/www.unioviedo.es\/foro_empleo\/index.php\/galeria-21foroempleo\/#Conferencias\u00bb border_radii_image=\u00bbon|100%|100%|100%|100%\u00bb use_circle=\u00bbon\u00bb circle_color=\u00bbrgba(247,177,0,0.3)\u00bb global_colors_info=\u00bb{%22gcid-9b3fdd7f-77b8-4cfd-bc05-605d46624de0%22:%91%22icon_color%22%93,%22gcid-62bdcb5b-02fa-4420-a354-84ecf1a634d7%22:%91%22image_icon_background_color%22%93}\u00bb image_icon_background_color__sticky_enabled=\u00bb#07867f\u00bb image_icon_background_color__sticky=\u00bb#07867f\u00bb][\/et_pb_blurb][\/et_pb_column][et_pb_column type=\u00bb1_4&#8243; _builder_version=\u00bb4.16&#8243; _module_preset=\u00bbdefault\u00bb global_colors_info=\u00bb{}\u00bb][et_pb_blurb title=\u00bbMesas Redondas\u00bb url=\u00bbhttps:\/\/www.unioviedo.es\/foro_empleo\/index.php\/galeria-21foroempleo\/#Mesasredondas\u00bb use_icon=\u00bbon\u00bb font_icon=\u00bb&#xe04e;||divi||400&#8243; icon_color=\u00bbgcid-9b3fdd7f-77b8-4cfd-bc05-605d46624de0&#8243; image_icon_background_color=\u00bbgcid-62bdcb5b-02fa-4420-a354-84ecf1a634d7&#8243; icon_placement=\u00bbleft\u00bb image_icon_width=\u00bb16px\u00bb _builder_version=\u00bb4.24.1&#8243; header_font=\u00bbRoboto|700|||||||\u00bb header_font_size=\u00bb18px\u00bb header_line_height=\u00bb1.7em\u00bb body_font=\u00bb||||||||\u00bb body_line_height=\u00bb1.8em\u00bb background_enable_color=\u00bboff\u00bb image_icon_custom_padding=\u00bb8px|8px|8px|8px|false|false\u00bb module_alignment=\u00bbleft\u00bb custom_margin=\u00bb|||\u00bb custom_padding=\u00bb|||\u00bb custom_padding_phone=\u00bb||29px|\u00bb custom_padding_last_edited=\u00bboff|desktop\u00bb animation=\u00bboff\u00bb link_option_url=\u00bbhttps:\/\/www.unioviedo.es\/foro_empleo\/index.php\/galeria-21foroempleo\/#Mesasredondas\u00bb border_radii_image=\u00bbon|100%|100%|100%|100%\u00bb use_circle=\u00bbon\u00bb circle_color=\u00bbrgba(247,177,0,0.3)\u00bb global_colors_info=\u00bb{%22gcid-9b3fdd7f-77b8-4cfd-bc05-605d46624de0%22:%91%22icon_color%22%93,%22gcid-62bdcb5b-02fa-4420-a354-84ecf1a634d7%22:%91%22image_icon_background_color%22%93}\u00bb image_icon_background_color__sticky_enabled=\u00bb#07867f\u00bb image_icon_background_color__sticky=\u00bb#07867f\u00bb][\/et_pb_blurb][\/et_pb_column][et_pb_column type=\u00bb1_4&#8243; _builder_version=\u00bb4.16&#8243; _module_preset=\u00bbdefault\u00bb global_colors_info=\u00bb{}\u00bb][et_pb_blurb title=\u00bbStands\u00bb url=\u00bbhttps:\/\/www.unioviedo.es\/foro_empleo\/index.php\/galeria-21foroempleo\/#Stands\u00bb use_icon=\u00bbon\u00bb font_icon=\u00bb&#xe04e;||divi||400&#8243; icon_color=\u00bbgcid-9b3fdd7f-77b8-4cfd-bc05-605d46624de0&#8243; image_icon_background_color=\u00bbgcid-62bdcb5b-02fa-4420-a354-84ecf1a634d7&#8243; icon_placement=\u00bbleft\u00bb image_icon_width=\u00bb16px\u00bb _builder_version=\u00bb4.24.1&#8243; header_font=\u00bbRoboto|700|||||||\u00bb header_font_size=\u00bb18px\u00bb header_line_height=\u00bb1.7em\u00bb body_font=\u00bb||||||||\u00bb body_line_height=\u00bb1.8em\u00bb background_enable_color=\u00bboff\u00bb image_icon_custom_padding=\u00bb8px|8px|8px|8px|false|false\u00bb module_alignment=\u00bbleft\u00bb custom_margin=\u00bb|||\u00bb custom_padding=\u00bb|||\u00bb custom_padding_phone=\u00bb||29px|\u00bb custom_padding_last_edited=\u00bboff|desktop\u00bb animation=\u00bboff\u00bb link_option_url=\u00bbhttps:\/\/www.unioviedo.es\/foro_empleo\/index.php\/galeria-21foroempleo\/#Stands\u00bb border_radii_image=\u00bbon|100%|100%|100%|100%\u00bb use_circle=\u00bbon\u00bb circle_color=\u00bbrgba(247,177,0,0.3)\u00bb global_colors_info=\u00bb{%22gcid-9b3fdd7f-77b8-4cfd-bc05-605d46624de0%22:%91%22icon_color%22%93,%22gcid-62bdcb5b-02fa-4420-a354-84ecf1a634d7%22:%91%22image_icon_background_color%22%93}\u00bb image_icon_background_color__sticky_enabled=\u00bb#07867f\u00bb image_icon_background_color__sticky=\u00bb#07867f\u00bb][\/et_pb_blurb][\/et_pb_column][et_pb_column type=\u00bb1_4&#8243; _builder_version=\u00bb4.24.1&#8243; _module_preset=\u00bbdefault\u00bb global_colors_info=\u00bb{}\u00bb][et_pb_blurb title=\u00bbGenerales\u00bb url=\u00bbhttps:\/\/www.unioviedo.es\/foro_empleo\/index.php\/galeria-21foroempleo\/#Generales\u00bb use_icon=\u00bbon\u00bb font_icon=\u00bb&#xe04e;||divi||400&#8243; icon_color=\u00bbgcid-9b3fdd7f-77b8-4cfd-bc05-605d46624de0&#8243; image_icon_background_color=\u00bbgcid-62bdcb5b-02fa-4420-a354-84ecf1a634d7&#8243; icon_placement=\u00bbleft\u00bb image_icon_width=\u00bb16px\u00bb _builder_version=\u00bb4.24.1&#8243; header_font=\u00bbRoboto|700|||||||\u00bb header_font_size=\u00bb18px\u00bb header_line_height=\u00bb1.7em\u00bb body_font=\u00bb||||||||\u00bb body_line_height=\u00bb1.8em\u00bb background_enable_color=\u00bboff\u00bb image_icon_custom_padding=\u00bb8px|8px|8px|8px|false|false\u00bb module_alignment=\u00bbleft\u00bb custom_margin=\u00bb|||\u00bb custom_padding=\u00bb|||\u00bb custom_padding_phone=\u00bb||29px|\u00bb custom_padding_last_edited=\u00bboff|desktop\u00bb animation=\u00bboff\u00bb link_option_url=\u00bbhttps:\/\/www.unioviedo.es\/foro_empleo\/index.php\/galeria-21foroempleo\/#Generales\u00bb border_radii_image=\u00bbon|100%|100%|100%|100%\u00bb use_circle=\u00bbon\u00bb circle_color=\u00bbrgba(247,177,0,0.3)\u00bb global_colors_info=\u00bb{%22gcid-9b3fdd7f-77b8-4cfd-bc05-605d46624de0%22:%91%22icon_color%22%93,%22gcid-62bdcb5b-02fa-4420-a354-84ecf1a634d7%22:%91%22image_icon_background_color%22%93}\u00bb image_icon_background_color__sticky_enabled=\u00bb#07867f\u00bb image_icon_background_color__sticky=\u00bb#07867f\u00bb][\/et_pb_blurb][\/et_pb_column][\/et_pb_row][et_pb_row column_structure=\u00bb1_4,1_4,1_4,1_4&#8243; use_custom_gutter=\u00bbon\u00bb gutter_width=\u00bb2&#8243; make_equal=\u00bbon\u00bb module_class=\u00bbtres-columnas\u00bb _builder_version=\u00bb4.24.1&#8243; _module_preset=\u00bbdefault\u00bb custom_margin=\u00bb0px||0px||true|false\u00bb custom_padding=\u00bb0px||0px||true|false\u00bb global_colors_info=\u00bb{}\u00bb][et_pb_column type=\u00bb1_4&#8243; _builder_version=\u00bb4.16&#8243; _module_preset=\u00bbdefault\u00bb global_colors_info=\u00bb{}\u00bb][et_pb_blurb title=\u00bbEspacio tu Marca Personal\u00bb url=\u00bbhttps:\/\/www.unioviedo.es\/foro_empleo\/index.php\/galeria-21foroempleo\/#Espaciomarca\u00bb use_icon=\u00bbon\u00bb font_icon=\u00bb&#xe04e;||divi||400&#8243; icon_color=\u00bbgcid-9b3fdd7f-77b8-4cfd-bc05-605d46624de0&#8243; image_icon_background_color=\u00bbgcid-62bdcb5b-02fa-4420-a354-84ecf1a634d7&#8243; icon_placement=\u00bbleft\u00bb image_icon_width=\u00bb16px\u00bb _builder_version=\u00bb4.24.1&#8243; header_font=\u00bbRoboto|700|||||||\u00bb header_font_size=\u00bb18px\u00bb header_line_height=\u00bb1.7em\u00bb body_font=\u00bb||||||||\u00bb body_line_height=\u00bb1.8em\u00bb background_enable_color=\u00bboff\u00bb image_icon_custom_padding=\u00bb8px|8px|8px|8px|false|false\u00bb module_alignment=\u00bbleft\u00bb custom_margin=\u00bb|||\u00bb custom_padding=\u00bb|||\u00bb custom_padding_phone=\u00bb||29px|\u00bb custom_padding_last_edited=\u00bboff|desktop\u00bb animation=\u00bboff\u00bb link_option_url=\u00bbhttps:\/\/www.unioviedo.es\/foro_empleo\/index.php\/galeria-21foroempleo\/#Espaciomarca\u00bb border_radii_image=\u00bbon|100%|100%|100%|100%\u00bb use_circle=\u00bbon\u00bb circle_color=\u00bbrgba(247,177,0,0.3)\u00bb global_colors_info=\u00bb{%22gcid-9b3fdd7f-77b8-4cfd-bc05-605d46624de0%22:%91%22icon_color%22%93,%22gcid-62bdcb5b-02fa-4420-a354-84ecf1a634d7%22:%91%22image_icon_background_color%22%93}\u00bb image_icon_background_color__sticky_enabled=\u00bb#07867f\u00bb image_icon_background_color__sticky=\u00bb#07867f\u00bb][\/et_pb_blurb][\/et_pb_column][et_pb_column type=\u00bb1_4&#8243; _builder_version=\u00bb4.16&#8243; _module_preset=\u00bbdefault\u00bb global_colors_info=\u00bb{}\u00bb][et_pb_blurb title=\u00bbLaboratorio de Entrevistas\u00bb url=\u00bbhttps:\/\/www.unioviedo.es\/foro_empleo\/index.php\/galeria-21foroempleo\/#Entrevistas\u00bb use_icon=\u00bbon\u00bb font_icon=\u00bb&#xe04e;||divi||400&#8243; icon_color=\u00bbgcid-9b3fdd7f-77b8-4cfd-bc05-605d46624de0&#8243; image_icon_background_color=\u00bbgcid-62bdcb5b-02fa-4420-a354-84ecf1a634d7&#8243; icon_placement=\u00bbleft\u00bb image_icon_width=\u00bb16px\u00bb _builder_version=\u00bb4.24.1&#8243; header_font=\u00bbRoboto|700|||||||\u00bb header_font_size=\u00bb18px\u00bb header_line_height=\u00bb1.7em\u00bb body_font=\u00bb||||||||\u00bb body_line_height=\u00bb1.8em\u00bb background_enable_color=\u00bboff\u00bb image_icon_custom_padding=\u00bb8px|8px|8px|8px|false|false\u00bb module_alignment=\u00bbleft\u00bb custom_margin=\u00bb|||\u00bb custom_padding=\u00bb|||\u00bb custom_padding_phone=\u00bb||29px|\u00bb custom_padding_last_edited=\u00bboff|desktop\u00bb animation=\u00bboff\u00bb link_option_url=\u00bbhttps:\/\/www.unioviedo.es\/foro_empleo\/index.php\/galeria-21foroempleo\/#Entrevistas\u00bb border_radii_image=\u00bbon|100%|100%|100%|100%\u00bb use_circle=\u00bbon\u00bb circle_color=\u00bbrgba(247,177,0,0.3)\u00bb global_colors_info=\u00bb{%22gcid-9b3fdd7f-77b8-4cfd-bc05-605d46624de0%22:%91%22icon_color%22%93,%22gcid-62bdcb5b-02fa-4420-a354-84ecf1a634d7%22:%91%22image_icon_background_color%22%93}\u00bb image_icon_background_color__sticky_enabled=\u00bb#07867f\u00bb image_icon_background_color__sticky=\u00bb#07867f\u00bb][\/et_pb_blurb][\/et_pb_column][et_pb_column type=\u00bb1_4&#8243; _builder_version=\u00bb4.16&#8243; _module_preset=\u00bbdefault\u00bb global_colors_info=\u00bb{}\u00bb][et_pb_blurb title=\u00bbPresentaciones Corporativas\u00bb url=\u00bbhttps:\/\/www.unioviedo.es\/foro_empleo\/index.php\/galeria-21foroempleo\/#Presentaciones\u00bb use_icon=\u00bbon\u00bb font_icon=\u00bb&#xe04e;||divi||400&#8243; icon_color=\u00bbgcid-9b3fdd7f-77b8-4cfd-bc05-605d46624de0&#8243; image_icon_background_color=\u00bbgcid-62bdcb5b-02fa-4420-a354-84ecf1a634d7&#8243; icon_placement=\u00bbleft\u00bb image_icon_width=\u00bb16px\u00bb _builder_version=\u00bb4.24.1&#8243; header_font=\u00bbRoboto|700|||||||\u00bb header_font_size=\u00bb18px\u00bb header_line_height=\u00bb1.7em\u00bb body_font=\u00bb||||||||\u00bb body_line_height=\u00bb1.8em\u00bb background_enable_color=\u00bboff\u00bb image_icon_custom_padding=\u00bb8px|8px|8px|8px|false|false\u00bb module_alignment=\u00bbleft\u00bb custom_margin=\u00bb|||\u00bb custom_padding=\u00bb|||\u00bb custom_padding_phone=\u00bb||29px|\u00bb custom_padding_last_edited=\u00bboff|desktop\u00bb animation=\u00bboff\u00bb link_option_url=\u00bbhttps:\/\/www.unioviedo.es\/foro_empleo\/index.php\/galeria-21foroempleo\/#Presentaciones\u00bb border_radii_image=\u00bbon|100%|100%|100%|100%\u00bb use_circle=\u00bbon\u00bb circle_color=\u00bbrgba(247,177,0,0.3)\u00bb global_colors_info=\u00bb{%22gcid-9b3fdd7f-77b8-4cfd-bc05-605d46624de0%22:%91%22icon_color%22%93,%22gcid-62bdcb5b-02fa-4420-a354-84ecf1a634d7%22:%91%22image_icon_background_color%22%93}\u00bb image_icon_background_color__sticky_enabled=\u00bb#07867f\u00bb image_icon_background_color__sticky=\u00bb#07867f\u00bb][\/et_pb_blurb][\/et_pb_column][et_pb_column type=\u00bb1_4&#8243; _builder_version=\u00bb4.24.1&#8243; _module_preset=\u00bbdefault\u00bb global_colors_info=\u00bb{}\u00bb][\/et_pb_column][\/et_pb_row][\/et_pb_section][et_pb_section fb_built=\u00bb1&#8243; admin_label=\u00bbSection\u00bb module_id=\u00bbConferencias\u00bb _builder_version=\u00bb4.18.0&#8243; _module_preset=\u00bbdefault\u00bb custom_margin=\u00bb0px||0px||true|false\u00bb custom_padding=\u00bb0px||0px||true|false\u00bb da_popup_slug=\u00bbConferencias\u00bb da_disable_devices=\u00bboff|off|off\u00bb global_colors_info=\u00bb{}\u00bb da_is_popup=\u00bboff\u00bb da_exit_intent=\u00bboff\u00bb da_has_close=\u00bbon\u00bb da_alt_close=\u00bboff\u00bb da_dark_close=\u00bboff\u00bb da_not_modal=\u00bbon\u00bb da_is_singular=\u00bboff\u00bb da_with_loader=\u00bboff\u00bb da_has_shadow=\u00bbon\u00bb][et_pb_row use_custom_gutter=\u00bbon\u00bb gutter_width=\u00bb1&#8243; _builder_version=\u00bb4.24.1&#8243; _module_preset=\u00bbdefault\u00bb border_color_top=\u00bb#B3B3B3&#8243; border_style_top=\u00bbdotted\u00bb global_colors_info=\u00bb{}\u00bb][et_pb_column type=\u00bb4_4&#8243; _builder_version=\u00bb4.18.0&#8243; _module_preset=\u00bbdefault\u00bb global_colors_info=\u00bb{}\u00bb][et_pb_text _builder_version=\u00bb4.24.1&#8243; _module_preset=\u00bbdefault\u00bb text_font=\u00bb|600||on|||||\u00bb text_font_size=\u00bb12px\u00bb global_colors_info=\u00bb{}\u00bb]<\/p>\n<p><strong>Conferencia Alfonso Alc\u00e1ntara. Gesti\u00f3n de la motivaci\u00f3n y mantenimiento del talento<\/strong><\/p>\n<p>[\/et_pb_text][et_pb_gallery gallery_ids=\u00bb1456,1463,1462,1461,1460,1457,1458,1459&#8243; posts_number=\u00bb100&#8243; show_title_and_caption=\u00bboff\u00bb show_pagination=\u00bboff\u00bb zoom_icon_color=\u00bb#FFFFFF\u00bb hover_overlay_color=\u00bbRGBA(255,255,255,0)\u00bb hover_icon=\u00bb&#x50;||divi||400&#8243; _builder_version=\u00bb4.24.1&#8243; _module_preset=\u00bbdefault\u00bb title_font=\u00bb|600||on|||||\u00bb title_font_size=\u00bb11px\u00bb caption_font_size=\u00bb13px\u00bb global_colors_info=\u00bb{}\u00bb][\/et_pb_gallery][\/et_pb_column][\/et_pb_row][et_pb_row use_custom_gutter=\u00bbon\u00bb gutter_width=\u00bb1&#8243; _builder_version=\u00bb4.18.0&#8243; _module_preset=\u00bbdefault\u00bb border_width_top=\u00bb2px\u00bb border_color_top=\u00bb#B3B3B3&#8243; border_style_top=\u00bbdotted\u00bb global_colors_info=\u00bb{}\u00bb][et_pb_column type=\u00bb4_4&#8243; _builder_version=\u00bb4.18.0&#8243; _module_preset=\u00bbdefault\u00bb global_colors_info=\u00bb{}\u00bb][et_pb_text _builder_version=\u00bb4.24.1&#8243; _module_preset=\u00bbdefault\u00bb text_font=\u00bb|600||on|||||\u00bb text_font_size=\u00bb12px\u00bb global_colors_info=\u00bb{}\u00bb]<\/p>\n<p><strong>Conferencia Carla Lazo. B\u00fasqueda laboral 3.0: C\u00f3mo iniciar tu carrera profesional en 2024<\/strong><\/p>\n<p>[\/et_pb_text][et_pb_gallery gallery_ids=\u00bb1477,1464,1465,1466,1467,1468,1469,1470,1471,1472,1473,1475,1476,1478,1479,1480,1481&#8243; posts_number=\u00bb100&#8243; show_title_and_caption=\u00bboff\u00bb show_pagination=\u00bboff\u00bb zoom_icon_color=\u00bb#FFFFFF\u00bb hover_overlay_color=\u00bbRGBA(255,255,255,0)\u00bb hover_icon=\u00bb&#x50;||divi||400&#8243; _builder_version=\u00bb4.24.1&#8243; _module_preset=\u00bbdefault\u00bb title_font=\u00bb|600||on|||||\u00bb title_font_size=\u00bb11px\u00bb caption_font_size=\u00bb13px\u00bb global_colors_info=\u00bb{}\u00bb][\/et_pb_gallery][\/et_pb_column][\/et_pb_row][et_pb_row use_custom_gutter=\u00bbon\u00bb gutter_width=\u00bb1&#8243; _builder_version=\u00bb4.24.1&#8243; _module_preset=\u00bbdefault\u00bb border_color_top=\u00bb#B3B3B3&#8243; border_style_top=\u00bbdotted\u00bb global_colors_info=\u00bb{}\u00bb][et_pb_column type=\u00bb4_4&#8243; _builder_version=\u00bb4.18.0&#8243; _module_preset=\u00bbdefault\u00bb global_colors_info=\u00bb{}\u00bb][et_pb_text _builder_version=\u00bb4.24.1&#8243; _module_preset=\u00bbdefault\u00bb text_font=\u00bb|600||on|||||\u00bb text_font_size=\u00bb12px\u00bb global_colors_info=\u00bb{}\u00bb]<\/p>\n<p><strong>Talleres TalentUO Afrontar con \u00e9xito entrevistas de trabajo<\/strong><\/p>\n<p>[\/et_pb_text][et_pb_gallery gallery_ids=\u00bb1738,1739,1740,1741,1742,1743,1744,1745,1746&#8243; posts_number=\u00bb100&#8243; show_title_and_caption=\u00bboff\u00bb show_pagination=\u00bboff\u00bb zoom_icon_color=\u00bb#FFFFFF\u00bb hover_overlay_color=\u00bbRGBA(255,255,255,0)\u00bb hover_icon=\u00bb&#x50;||divi||400&#8243; _builder_version=\u00bb4.24.1&#8243; _module_preset=\u00bbdefault\u00bb title_font=\u00bb|600||on|||||\u00bb title_font_size=\u00bb11px\u00bb caption_font_size=\u00bb13px\u00bb global_colors_info=\u00bb{}\u00bb][\/et_pb_gallery][\/et_pb_column][\/et_pb_row][\/et_pb_section][et_pb_section fb_built=\u00bb1&#8243; admin_label=\u00bbSection\u00bb module_id=\u00bbMesasredondas\u00bb _builder_version=\u00bb4.18.0&#8243; _module_preset=\u00bbdefault\u00bb custom_margin=\u00bb0px||0px||true|false\u00bb custom_padding=\u00bb0px||0px||true|false\u00bb da_popup_slug=\u00bbMesasredondas\u00bb da_disable_devices=\u00bboff|off|off\u00bb global_colors_info=\u00bb{}\u00bb da_is_popup=\u00bboff\u00bb da_exit_intent=\u00bboff\u00bb da_has_close=\u00bbon\u00bb da_alt_close=\u00bboff\u00bb da_dark_close=\u00bboff\u00bb da_not_modal=\u00bbon\u00bb da_is_singular=\u00bboff\u00bb da_with_loader=\u00bboff\u00bb da_has_shadow=\u00bbon\u00bb][et_pb_row use_custom_gutter=\u00bbon\u00bb gutter_width=\u00bb1&#8243; _builder_version=\u00bb4.18.0&#8243; _module_preset=\u00bbdefault\u00bb border_width_top=\u00bb2px\u00bb border_color_top=\u00bb#B3B3B3&#8243; border_style_top=\u00bbdotted\u00bb global_colors_info=\u00bb{}\u00bb][et_pb_column type=\u00bb4_4&#8243; _builder_version=\u00bb4.18.0&#8243; _module_preset=\u00bbdefault\u00bb global_colors_info=\u00bb{}\u00bb][et_pb_text _builder_version=\u00bb4.24.1&#8243; _module_preset=\u00bbdefault\u00bb text_font=\u00bb|600||on|||||\u00bb text_font_size=\u00bb12px\u00bb global_colors_info=\u00bb{}\u00bb]<\/p>\n<p><strong>Mesas Redondas<\/strong><\/p>\n<p>[\/et_pb_text][et_pb_gallery gallery_ids=\u00bb1482,1483,1484,1485,1486,1487,1488,1489,1490,1491,1492,1501,1500,1499,1498,1497,1496,1495,1494,1493&#8243; posts_number=\u00bb100&#8243; show_title_and_caption=\u00bboff\u00bb show_pagination=\u00bboff\u00bb zoom_icon_color=\u00bb#FFFFFF\u00bb hover_overlay_color=\u00bbRGBA(255,255,255,0)\u00bb hover_icon=\u00bb&#x50;||divi||400&#8243; _builder_version=\u00bb4.24.1&#8243; _module_preset=\u00bbdefault\u00bb title_font=\u00bb|600||on|||||\u00bb title_font_size=\u00bb11px\u00bb caption_font_size=\u00bb13px\u00bb border_color_top_image=\u00bb#FFFFFF\u00bb global_colors_info=\u00bb{}\u00bb][\/et_pb_gallery][\/et_pb_column][\/et_pb_row][\/et_pb_section][et_pb_section fb_built=\u00bb1&#8243; admin_label=\u00bbSection\u00bb module_id=\u00bbStands\u00bb _builder_version=\u00bb4.18.0&#8243; _module_preset=\u00bbdefault\u00bb custom_margin=\u00bb0px||0px||true|false\u00bb custom_padding=\u00bb0px||0px||true|false\u00bb da_popup_slug=\u00bbStands\u00bb da_disable_devices=\u00bboff|off|off\u00bb global_colors_info=\u00bb{}\u00bb da_is_popup=\u00bboff\u00bb da_exit_intent=\u00bboff\u00bb da_has_close=\u00bbon\u00bb da_alt_close=\u00bboff\u00bb da_dark_close=\u00bboff\u00bb da_not_modal=\u00bbon\u00bb da_is_singular=\u00bboff\u00bb da_with_loader=\u00bboff\u00bb da_has_shadow=\u00bbon\u00bb][et_pb_row use_custom_gutter=\u00bbon\u00bb gutter_width=\u00bb1&#8243; _builder_version=\u00bb4.18.0&#8243; _module_preset=\u00bbdefault\u00bb border_width_top=\u00bb2px\u00bb border_color_top=\u00bb#B3B3B3&#8243; border_style_top=\u00bbdotted\u00bb global_colors_info=\u00bb{}\u00bb][et_pb_column type=\u00bb4_4&#8243; _builder_version=\u00bb4.18.0&#8243; _module_preset=\u00bbdefault\u00bb global_colors_info=\u00bb{}\u00bb][et_pb_text _builder_version=\u00bb4.24.1&#8243; _module_preset=\u00bbdefault\u00bb text_font=\u00bb|600||on|||||\u00bb text_font_size=\u00bb12px\u00bb global_colors_info=\u00bb{}\u00bb]<\/p>\n<p><strong>Stands<\/strong><\/p>\n<p>[\/et_pb_text][et_pb_gallery gallery_ids=\u00bb1723,1722,1721,1720,1719,1718,1717,1716,1715,1714,1713,1712&#8243; posts_number=\u00bb100&#8243; show_title_and_caption=\u00bboff\u00bb show_pagination=\u00bboff\u00bb zoom_icon_color=\u00bb#FFFFFF\u00bb hover_overlay_color=\u00bbRGBA(255,255,255,0)\u00bb hover_icon=\u00bb&#x50;||divi||400&#8243; _builder_version=\u00bb4.24.1&#8243; _module_preset=\u00bbdefault\u00bb title_font=\u00bb|600||on|||||\u00bb title_font_size=\u00bb11px\u00bb caption_font_size=\u00bb13px\u00bb border_color_top_image=\u00bb#FFFFFF\u00bb global_colors_info=\u00bb{}\u00bb][\/et_pb_gallery][et_pb_gallery gallery_ids=\u00bb1711,1710,1709,1708,1707,1706,1705,1704,1703,1702,1701,1700,1699,1698,1697,1696,1695,1694,1693,1692,1691,1690,1689,1688,1687,1686,1685,1684,1683,1682,1681,1680,1679,1678,1677,1676,1675,1674,1673,1672,1671,1670,1669,1668,1667,1666,1665,1664,1663,1662,1661,1660,1659,1658,1657,1656,1655,1654,1653,1652,1651,1650,1649,1648,1647,1646,1645,1644,1643,1642,1641,1640,1639,1638,1637,1636,1635,1634,1633,1632,1631,1630,1629,1628,1627,1626,1625,1624,1623,1622,1621,1620,1619,1618,1617,1616,1615,1614,1613,1612,1611,1610,1609,1608,1607,1606,1605,1604,1603,1602,1601,1600,1599,1598,1597,1596,1595,1594,1593,1592,1591,1590,1589,1588,1587,1586,1585,1584,1583,1582,1581,1580,1579,1578,1577,1576,1575,1574,1573,1572,1571,1570,1569,1568,1567,1566,1565,1564,1563,1562,1561,1560,1559,1558,1557,1556,1555,1554,1553,1552,1551,1550,1549,1548,1547,1546,1545,1544,1543,1542,1541,1540,1539,1538,1537,1536,1535,1534,1533,1532,1531,1530,1529,1528,1527,1526,1525,1524,1523,1522,1521,1520,1519,1518,1517,1516,1515,1514,1513,1512,1511,1510,1509,1508,1507,1506,1505,1504,1503,1502&#8243; posts_number=\u00bb100&#8243; show_title_and_caption=\u00bboff\u00bb show_pagination=\u00bboff\u00bb zoom_icon_color=\u00bb#FFFFFF\u00bb hover_overlay_color=\u00bbRGBA(255,255,255,0)\u00bb hover_icon=\u00bb&#x50;||divi||400&#8243; _builder_version=\u00bb4.24.1&#8243; _module_preset=\u00bbdefault\u00bb title_font=\u00bb|600||on|||||\u00bb title_font_size=\u00bb11px\u00bb caption_font_size=\u00bb13px\u00bb border_color_top_image=\u00bb#FFFFFF\u00bb global_colors_info=\u00bb{}\u00bb][\/et_pb_gallery][et_pb_gallery gallery_ids=\u00bb1611,1610,1609,1608,1607,1606,1605,1604,1603,1602,1601,1600,1599,1598,1597,1596,1595,1594,1593,1592,1591,1590,1589,1588,1587,1586,1585,1584,1583,1582,1581,1580,1579,1578,1577,1576,1575,1574,1573,1572,1571,1570,1569,1568,1567,1566,1565,1564,1563,1562,1561,1560,1559,1558,1557,1556,1555,1554,1553,1552,1551,1550,1549,1548,1547,1546,1545,1544,1543,1542,1541,1540,1539,1538,1537,1536,1535,1534,1533,1532,1531,1530,1529,1528,1527,1526,1525,1524,1523,1522,1521,1520,1519,1518,1517,1516,1515,1514,1513,1512,1511,1510,1509,1508,1507,1506,1505,1504,1503,1502&#8243; posts_number=\u00bb100&#8243; show_title_and_caption=\u00bboff\u00bb show_pagination=\u00bboff\u00bb zoom_icon_color=\u00bb#FFFFFF\u00bb hover_overlay_color=\u00bbRGBA(255,255,255,0)\u00bb hover_icon=\u00bb&#x50;||divi||400&#8243; _builder_version=\u00bb4.24.1&#8243; _module_preset=\u00bbdefault\u00bb title_font=\u00bb|600||on|||||\u00bb title_font_size=\u00bb11px\u00bb caption_font_size=\u00bb13px\u00bb border_color_top_image=\u00bb#FFFFFF\u00bb global_colors_info=\u00bb{}\u00bb][\/et_pb_gallery][\/et_pb_column][\/et_pb_row][\/et_pb_section][et_pb_section fb_built=\u00bb1&#8243; admin_label=\u00bbSection\u00bb module_id=\u00bbGenerales\u00bb _builder_version=\u00bb4.24.1&#8243; _module_preset=\u00bbdefault\u00bb custom_margin=\u00bb0px||0px||true|false\u00bb custom_padding=\u00bb0px||0px||true|false\u00bb da_popup_slug=\u00bbGenerales\u00bb da_disable_devices=\u00bboff|off|off\u00bb global_colors_info=\u00bb{}\u00bb da_is_popup=\u00bboff\u00bb da_exit_intent=\u00bboff\u00bb da_has_close=\u00bbon\u00bb da_alt_close=\u00bboff\u00bb da_dark_close=\u00bboff\u00bb da_not_modal=\u00bbon\u00bb da_is_singular=\u00bboff\u00bb da_with_loader=\u00bboff\u00bb da_has_shadow=\u00bbon\u00bb][et_pb_row use_custom_gutter=\u00bbon\u00bb gutter_width=\u00bb1&#8243; _builder_version=\u00bb4.18.0&#8243; _module_preset=\u00bbdefault\u00bb border_width_top=\u00bb2px\u00bb border_color_top=\u00bb#B3B3B3&#8243; border_style_top=\u00bbdotted\u00bb global_colors_info=\u00bb{}\u00bb][et_pb_column type=\u00bb4_4&#8243; _builder_version=\u00bb4.18.0&#8243; _module_preset=\u00bbdefault\u00bb global_colors_info=\u00bb{}\u00bb][et_pb_text _builder_version=\u00bb4.24.1&#8243; _module_preset=\u00bbdefault\u00bb text_font=\u00bb|600||on|||||\u00bb text_font_size=\u00bb12px\u00bb global_colors_info=\u00bb{}\u00bb]<\/p>\n<p><strong>Generales<\/strong><\/p>\n<p>[\/et_pb_text][et_pb_gallery gallery_ids=\u00bb1747,1748,1749,1750,1751,1752,1753,1754,1755,1756,1757,1758,1759,1760,1761,1762,1763,1764,1765,1766&#8243; posts_number=\u00bb100&#8243; show_title_and_caption=\u00bboff\u00bb show_pagination=\u00bboff\u00bb zoom_icon_color=\u00bb#FFFFFF\u00bb hover_overlay_color=\u00bbRGBA(255,255,255,0)\u00bb hover_icon=\u00bb&#x50;||divi||400&#8243; _builder_version=\u00bb4.24.1&#8243; _module_preset=\u00bbdefault\u00bb title_font=\u00bb|600||on|||||\u00bb title_font_size=\u00bb11px\u00bb caption_font_size=\u00bb13px\u00bb border_color_top_image=\u00bb#FFFFFF\u00bb global_colors_info=\u00bb{}\u00bb][\/et_pb_gallery][\/et_pb_column][\/et_pb_row][\/et_pb_section][et_pb_section fb_built=\u00bb1&#8243; admin_label=\u00bbSection\u00bb module_id=\u00bbEspaciomarca\u00bb _builder_version=\u00bb4.24.1&#8243; _module_preset=\u00bbdefault\u00bb custom_margin=\u00bb0px||0px||true|false\u00bb custom_padding=\u00bb0px||0px||true|false\u00bb da_popup_slug=\u00bbEspaciomarca\u00bb da_disable_devices=\u00bboff|off|off\u00bb global_colors_info=\u00bb{}\u00bb da_is_popup=\u00bboff\u00bb da_exit_intent=\u00bboff\u00bb da_has_close=\u00bbon\u00bb da_alt_close=\u00bboff\u00bb da_dark_close=\u00bboff\u00bb da_not_modal=\u00bbon\u00bb da_is_singular=\u00bboff\u00bb da_with_loader=\u00bboff\u00bb da_has_shadow=\u00bbon\u00bb][et_pb_row use_custom_gutter=\u00bbon\u00bb gutter_width=\u00bb1&#8243; _builder_version=\u00bb4.18.0&#8243; _module_preset=\u00bbdefault\u00bb border_width_top=\u00bb2px\u00bb border_color_top=\u00bb#B3B3B3&#8243; border_style_top=\u00bbdotted\u00bb global_colors_info=\u00bb{}\u00bb][et_pb_column type=\u00bb4_4&#8243; _builder_version=\u00bb4.18.0&#8243; _module_preset=\u00bbdefault\u00bb global_colors_info=\u00bb{}\u00bb][et_pb_text _builder_version=\u00bb4.24.1&#8243; _module_preset=\u00bbdefault\u00bb text_font=\u00bb|600||on|||||\u00bb text_font_size=\u00bb12px\u00bb global_colors_info=\u00bb{}\u00bb]<\/p>\n<p><strong>Espacio tu marca personal<\/strong><\/p>\n<p>[\/et_pb_text][et_pb_gallery gallery_ids=\u00bb1768,1769,1770,1771,1772,1773,1774,1775,1776,1777,1778,1779,1780,1781,1782,1783&#8243; posts_number=\u00bb100&#8243; show_title_and_caption=\u00bboff\u00bb show_pagination=\u00bboff\u00bb zoom_icon_color=\u00bb#FFFFFF\u00bb hover_overlay_color=\u00bbRGBA(255,255,255,0)\u00bb hover_icon=\u00bb&#x50;||divi||400&#8243; _builder_version=\u00bb4.24.1&#8243; _module_preset=\u00bbdefault\u00bb title_font=\u00bb|600||on|||||\u00bb title_font_size=\u00bb11px\u00bb caption_font_size=\u00bb13px\u00bb border_color_top_image=\u00bb#FFFFFF\u00bb global_colors_info=\u00bb{}\u00bb][\/et_pb_gallery][\/et_pb_column][\/et_pb_row][\/et_pb_section][et_pb_section fb_built=\u00bb1&#8243; admin_label=\u00bbSection\u00bb module_id=\u00bbEntrevistas\u00bb _builder_version=\u00bb4.24.1&#8243; _module_preset=\u00bbdefault\u00bb custom_margin=\u00bb0px||0px||true|false\u00bb custom_padding=\u00bb0px||0px||true|false\u00bb da_popup_slug=\u00bbEntrevistas\u00bb da_disable_devices=\u00bboff|off|off\u00bb global_colors_info=\u00bb{}\u00bb da_is_popup=\u00bboff\u00bb da_exit_intent=\u00bboff\u00bb da_has_close=\u00bbon\u00bb da_alt_close=\u00bboff\u00bb da_dark_close=\u00bboff\u00bb da_not_modal=\u00bbon\u00bb da_is_singular=\u00bboff\u00bb da_with_loader=\u00bboff\u00bb da_has_shadow=\u00bbon\u00bb][et_pb_row use_custom_gutter=\u00bbon\u00bb gutter_width=\u00bb1&#8243; _builder_version=\u00bb4.18.0&#8243; _module_preset=\u00bbdefault\u00bb border_width_top=\u00bb2px\u00bb border_color_top=\u00bb#B3B3B3&#8243; border_style_top=\u00bbdotted\u00bb global_colors_info=\u00bb{}\u00bb][et_pb_column type=\u00bb4_4&#8243; _builder_version=\u00bb4.18.0&#8243; _module_preset=\u00bbdefault\u00bb global_colors_info=\u00bb{}\u00bb][et_pb_text _builder_version=\u00bb4.24.1&#8243; _module_preset=\u00bbdefault\u00bb text_font=\u00bb|600||on|||||\u00bb text_font_size=\u00bb12px\u00bb global_colors_info=\u00bb{}\u00bb]<strong>Laboratorio de Entrevistas<\/strong>[\/et_pb_text][et_pb_gallery gallery_ids=\u00bb1785,1786,1787,1788,1789,1790,1791,1792,1793,1794,1795,1796,1797,1798,1799,1800,1801,1802,1803,1804&#8243; posts_number=\u00bb100&#8243; show_title_and_caption=\u00bboff\u00bb show_pagination=\u00bboff\u00bb zoom_icon_color=\u00bb#FFFFFF\u00bb hover_overlay_color=\u00bbRGBA(255,255,255,0)\u00bb hover_icon=\u00bb&#x50;||divi||400&#8243; _builder_version=\u00bb4.24.1&#8243; _module_preset=\u00bbdefault\u00bb title_font=\u00bb|600||on|||||\u00bb title_font_size=\u00bb11px\u00bb caption_font_size=\u00bb13px\u00bb border_color_top_image=\u00bb#FFFFFF\u00bb global_colors_info=\u00bb{}\u00bb][\/et_pb_gallery][\/et_pb_column][\/et_pb_row][\/et_pb_section][et_pb_section fb_built=\u00bb1&#8243; admin_label=\u00bbSection\u00bb module_id=\u00bbPresentaciones\u00bb _builder_version=\u00bb4.24.1&#8243; _module_preset=\u00bbdefault\u00bb custom_margin=\u00bb0px||0px||true|false\u00bb custom_padding=\u00bb0px||0px||true|false\u00bb da_popup_slug=\u00bbPresentaciones\u00bb da_disable_devices=\u00bboff|off|off\u00bb global_colors_info=\u00bb{}\u00bb da_is_popup=\u00bboff\u00bb da_exit_intent=\u00bboff\u00bb da_has_close=\u00bbon\u00bb da_alt_close=\u00bboff\u00bb da_dark_close=\u00bboff\u00bb da_not_modal=\u00bbon\u00bb da_is_singular=\u00bboff\u00bb da_with_loader=\u00bboff\u00bb da_has_shadow=\u00bbon\u00bb][et_pb_row use_custom_gutter=\u00bbon\u00bb gutter_width=\u00bb1&#8243; _builder_version=\u00bb4.18.0&#8243; _module_preset=\u00bbdefault\u00bb border_width_top=\u00bb2px\u00bb border_color_top=\u00bb#B3B3B3&#8243; border_style_top=\u00bbdotted\u00bb global_colors_info=\u00bb{}\u00bb][et_pb_column type=\u00bb4_4&#8243; _builder_version=\u00bb4.18.0&#8243; _module_preset=\u00bbdefault\u00bb global_colors_info=\u00bb{}\u00bb][et_pb_text _builder_version=\u00bb4.24.1&#8243; _module_preset=\u00bbdefault\u00bb text_font=\u00bb|600||on|||||\u00bb text_font_size=\u00bb12px\u00bb global_colors_info=\u00bb{}\u00bb]<\/p>\n<p><strong>Presentaciones Corporativas<\/strong><\/p>\n<p>[\/et_pb_text][et_pb_gallery gallery_ids=\u00bb1805,1806,1807,1808,1809,1810,1827,1811,1812,1813,1814,1815,1816,1817,1818,1819,1826&#8243; posts_number=\u00bb100&#8243; show_title_and_caption=\u00bboff\u00bb show_pagination=\u00bboff\u00bb zoom_icon_color=\u00bb#FFFFFF\u00bb hover_overlay_color=\u00bbRGBA(255,255,255,0)\u00bb hover_icon=\u00bb&#x50;||divi||400&#8243; _builder_version=\u00bb4.24.1&#8243; _module_preset=\u00bbdefault\u00bb title_font=\u00bb|600||on|||||\u00bb title_font_size=\u00bb11px\u00bb caption_font_size=\u00bb13px\u00bb hover_enabled=\u00bb0&#8243; border_color_top_image=\u00bb#FFFFFF\u00bb global_colors_info=\u00bb{}\u00bb sticky_enabled=\u00bb0&#8243;][\/et_pb_gallery][\/et_pb_column][\/et_pb_row][\/et_pb_section]<\/p>\n","protected":false},"excerpt":{"rendered":"<p>21 Foro de Empleo de la Universidad de Oviedo Galer\u00eda de Im\u00e1genesConferencia Alfonso Alc\u00e1ntara. Gesti\u00f3n de la motivaci\u00f3n y mantenimiento del talentoConferencia Carla Lazo. B\u00fasqueda laboral 3.0: C\u00f3mo iniciar tu carrera profesional en 2024Talleres TalentUO Afrontar con \u00e9xito entrevistas de trabajoMesas RedondasStandsGeneralesEspacio tu marca personalLaboratorio de EntrevistasPresentaciones Corporativas<\/p>\n","protected":false},"author":1,"featured_media":0,"parent":0,"menu_order":0,"comment_status":"closed","ping_status":"closed","template":"","meta":{"_et_pb_use_builder":"on","_et_pb_old_content":"","_et_gb_content_width":"","footnotes":""},"class_list":["post-1453","page","type-page","status-publish","hentry"],"yoast_head":"<!-- This site is optimized with the Yoast SEO plugin v24.5 - https:\/\/yoast.com\/wordpress\/plugins\/seo\/ -->\n<title>Galer\u00eda 21Foroempleo - Foro de Empleo<\/title>\n<meta name=\"robots\" content=\"index, follow, max-snippet:-1, max-image-preview:large, max-video-preview:-1\" \/>\n<link rel=\"canonical\" href=\"https:\/\/www.unioviedo.es\/foro_empleo\/index.php\/galeria-21foroempleo\/\" \/>\n<meta property=\"og:locale\" content=\"es_ES\" \/>\n<meta property=\"og:type\" content=\"article\" \/>\n<meta property=\"og:title\" content=\"Galer\u00eda 21Foroempleo - Foro de Empleo\" \/>\n<meta property=\"og:description\" content=\"21 Foro de Empleo de la Universidad de Oviedo Galer\u00eda de Im\u00e1genesConferencia Alfonso Alc\u00e1ntara. Gesti\u00f3n de la motivaci\u00f3n y mantenimiento del talentoConferencia Carla Lazo. B\u00fasqueda laboral 3.0: C\u00f3mo iniciar tu carrera profesional en 2024Talleres TalentUO Afrontar con \u00e9xito entrevistas de trabajoMesas RedondasStandsGeneralesEspacio tu marca personalLaboratorio de EntrevistasPresentaciones Corporativas\" \/>\n<meta property=\"og:url\" content=\"https:\/\/www.unioviedo.es\/foro_empleo\/index.php\/galeria-21foroempleo\/\" \/>\n<meta property=\"og:site_name\" content=\"Foro de Empleo\" \/>\n<meta property=\"article:modified_time\" content=\"2024-04-17T10:01:56+00:00\" \/>\n<meta property=\"og:image\" content=\"https:\/\/www.unioviedo.es\/foro_empleo\/wp-content\/uploads\/2026\/03\/imagen-general.jpg\" \/>\n\t<meta property=\"og:image:width\" content=\"1200\" \/>\n\t<meta property=\"og:image:height\" content=\"675\" \/>\n\t<meta property=\"og:image:type\" content=\"image\/jpeg\" \/>\n<meta name=\"twitter:card\" content=\"summary_large_image\" \/>\n<meta name=\"twitter:label1\" content=\"Tiempo de lectura\" \/>\n\t<meta name=\"twitter:data1\" content=\"77 minutos\" \/>\n<script type=\"application\/ld+json\" class=\"yoast-schema-graph\">{\"@context\":\"https:\/\/schema.org\",\"@graph\":[{\"@type\":\"WebPage\",\"@id\":\"https:\/\/www.unioviedo.es\/foro_empleo\/index.php\/galeria-21foroempleo\/\",\"url\":\"https:\/\/www.unioviedo.es\/foro_empleo\/index.php\/galeria-21foroempleo\/\",\"name\":\"Galer\u00eda 21Foroempleo - Foro de Empleo\",\"isPartOf\":{\"@id\":\"https:\/\/www.unioviedo.es\/foro_empleo\/#website\"},\"datePublished\":\"2024-04-08T12:07:08+00:00\",\"dateModified\":\"2024-04-17T10:01:56+00:00\",\"breadcrumb\":{\"@id\":\"https:\/\/www.unioviedo.es\/foro_empleo\/index.php\/galeria-21foroempleo\/#breadcrumb\"},\"inLanguage\":\"es\",\"potentialAction\":[{\"@type\":\"ReadAction\",\"target\":[\"https:\/\/www.unioviedo.es\/foro_empleo\/index.php\/galeria-21foroempleo\/\"]}]},{\"@type\":\"BreadcrumbList\",\"@id\":\"https:\/\/www.unioviedo.es\/foro_empleo\/index.php\/galeria-21foroempleo\/#breadcrumb\",\"itemListElement\":[{\"@type\":\"ListItem\",\"position\":1,\"name\":\"Portada\",\"item\":\"https:\/\/www.unioviedo.es\/foro_empleo\/\"},{\"@type\":\"ListItem\",\"position\":2,\"name\":\"Galer\u00eda 21Foroempleo\"}]},{\"@type\":\"WebSite\",\"@id\":\"https:\/\/www.unioviedo.es\/foro_empleo\/#website\",\"url\":\"https:\/\/www.unioviedo.es\/foro_empleo\/\",\"name\":\"Foro de Empleo\",\"description\":\"Foro de Empleo de la Universidad de Oviedo. Hacia un empleo verde, digital e inclusivo\",\"publisher\":{\"@id\":\"https:\/\/www.unioviedo.es\/foro_empleo\/#organization\"},\"potentialAction\":[{\"@type\":\"SearchAction\",\"target\":{\"@type\":\"EntryPoint\",\"urlTemplate\":\"https:\/\/www.unioviedo.es\/foro_empleo\/?s={search_term_string}\"},\"query-input\":{\"@type\":\"PropertyValueSpecification\",\"valueRequired\":true,\"valueName\":\"search_term_string\"}}],\"inLanguage\":\"es\"},{\"@type\":\"Organization\",\"@id\":\"https:\/\/www.unioviedo.es\/foro_empleo\/#organization\",\"name\":\"Foro de Empleo\",\"url\":\"https:\/\/www.unioviedo.es\/foro_empleo\/\",\"logo\":{\"@type\":\"ImageObject\",\"inLanguage\":\"es\",\"@id\":\"https:\/\/www.unioviedo.es\/foro_empleo\/#\/schema\/logo\/image\/\",\"url\":\"https:\/\/www.unioviedo.es\/foro_empleo\/wp-content\/uploads\/2022\/08\/20-logo-foro-1.png\",\"contentUrl\":\"https:\/\/www.unioviedo.es\/foro_empleo\/wp-content\/uploads\/2022\/08\/20-logo-foro-1.png\",\"width\":807,\"height\":588,\"caption\":\"Foro de Empleo\"},\"image\":{\"@id\":\"https:\/\/www.unioviedo.es\/foro_empleo\/#\/schema\/logo\/image\/\"}}]}<\/script>\n<!-- \/ Yoast SEO plugin. -->","yoast_head_json":{"title":"Galer\u00eda 21Foroempleo - Foro de Empleo","robots":{"index":"index","follow":"follow","max-snippet":"max-snippet:-1","max-image-preview":"max-image-preview:large","max-video-preview":"max-video-preview:-1"},"canonical":"https:\/\/www.unioviedo.es\/foro_empleo\/index.php\/galeria-21foroempleo\/","og_locale":"es_ES","og_type":"article","og_title":"Galer\u00eda 21Foroempleo - Foro de Empleo","og_description":"21 Foro de Empleo de la Universidad de Oviedo Galer\u00eda de Im\u00e1genesConferencia Alfonso Alc\u00e1ntara. Gesti\u00f3n de la motivaci\u00f3n y mantenimiento del talentoConferencia Carla Lazo. B\u00fasqueda laboral 3.0: C\u00f3mo iniciar tu carrera profesional en 2024Talleres TalentUO Afrontar con \u00e9xito entrevistas de trabajoMesas RedondasStandsGeneralesEspacio tu marca personalLaboratorio de EntrevistasPresentaciones Corporativas","og_url":"https:\/\/www.unioviedo.es\/foro_empleo\/index.php\/galeria-21foroempleo\/","og_site_name":"Foro de Empleo","article_modified_time":"2024-04-17T10:01:56+00:00","og_image":[{"width":1200,"height":675,"url":"https:\/\/www.unioviedo.es\/foro_empleo\/wp-content\/uploads\/2026\/03\/imagen-general.jpg","type":"image\/jpeg"}],"twitter_card":"summary_large_image","twitter_misc":{"Tiempo de lectura":"77 minutos"},"schema":{"@context":"https:\/\/schema.org","@graph":[{"@type":"WebPage","@id":"https:\/\/www.unioviedo.es\/foro_empleo\/index.php\/galeria-21foroempleo\/","url":"https:\/\/www.unioviedo.es\/foro_empleo\/index.php\/galeria-21foroempleo\/","name":"Galer\u00eda 21Foroempleo - Foro de Empleo","isPartOf":{"@id":"https:\/\/www.unioviedo.es\/foro_empleo\/#website"},"datePublished":"2024-04-08T12:07:08+00:00","dateModified":"2024-04-17T10:01:56+00:00","breadcrumb":{"@id":"https:\/\/www.unioviedo.es\/foro_empleo\/index.php\/galeria-21foroempleo\/#breadcrumb"},"inLanguage":"es","potentialAction":[{"@type":"ReadAction","target":["https:\/\/www.unioviedo.es\/foro_empleo\/index.php\/galeria-21foroempleo\/"]}]},{"@type":"BreadcrumbList","@id":"https:\/\/www.unioviedo.es\/foro_empleo\/index.php\/galeria-21foroempleo\/#breadcrumb","itemListElement":[{"@type":"ListItem","position":1,"name":"Portada","item":"https:\/\/www.unioviedo.es\/foro_empleo\/"},{"@type":"ListItem","position":2,"name":"Galer\u00eda 21Foroempleo"}]},{"@type":"WebSite","@id":"https:\/\/www.unioviedo.es\/foro_empleo\/#website","url":"https:\/\/www.unioviedo.es\/foro_empleo\/","name":"Foro de Empleo","description":"Foro de Empleo de la Universidad de Oviedo. Hacia un empleo verde, digital e inclusivo","publisher":{"@id":"https:\/\/www.unioviedo.es\/foro_empleo\/#organization"},"potentialAction":[{"@type":"SearchAction","target":{"@type":"EntryPoint","urlTemplate":"https:\/\/www.unioviedo.es\/foro_empleo\/?s={search_term_string}"},"query-input":{"@type":"PropertyValueSpecification","valueRequired":true,"valueName":"search_term_string"}}],"inLanguage":"es"},{"@type":"Organization","@id":"https:\/\/www.unioviedo.es\/foro_empleo\/#organization","name":"Foro de Empleo","url":"https:\/\/www.unioviedo.es\/foro_empleo\/","logo":{"@type":"ImageObject","inLanguage":"es","@id":"https:\/\/www.unioviedo.es\/foro_empleo\/#\/schema\/logo\/image\/","url":"https:\/\/www.unioviedo.es\/foro_empleo\/wp-content\/uploads\/2022\/08\/20-logo-foro-1.png","contentUrl":"https:\/\/www.unioviedo.es\/foro_empleo\/wp-content\/uploads\/2022\/08\/20-logo-foro-1.png","width":807,"height":588,"caption":"Foro de Empleo"},"image":{"@id":"https:\/\/www.unioviedo.es\/foro_empleo\/#\/schema\/logo\/image\/"}}]}},"jetpack_sharing_enabled":true,"_links":{"self":[{"href":"https:\/\/www.unioviedo.es\/foro_empleo\/index.php\/wp-json\/wp\/v2\/pages\/1453","targetHints":{"allow":["GET"]}}],"collection":[{"href":"https:\/\/www.unioviedo.es\/foro_empleo\/index.php\/wp-json\/wp\/v2\/pages"}],"about":[{"href":"https:\/\/www.unioviedo.es\/foro_empleo\/index.php\/wp-json\/wp\/v2\/types\/page"}],"author":[{"embeddable":true,"href":"https:\/\/www.unioviedo.es\/foro_empleo\/index.php\/wp-json\/wp\/v2\/users\/1"}],"replies":[{"embeddable":true,"href":"https:\/\/www.unioviedo.es\/foro_empleo\/index.php\/wp-json\/wp\/v2\/comments?post=1453"}],"version-history":[{"count":13,"href":"https:\/\/www.unioviedo.es\/foro_empleo\/index.php\/wp-json\/wp\/v2\/pages\/1453\/revisions"}],"predecessor-version":[{"id":1828,"href":"https:\/\/www.unioviedo.es\/foro_empleo\/index.php\/wp-json\/wp\/v2\/pages\/1453\/revisions\/1828"}],"wp:attachment":[{"href":"https:\/\/www.unioviedo.es\/foro_empleo\/index.php\/wp-json\/wp\/v2\/media?parent=1453"}],"curies":[{"name":"wp","href":"https:\/\/api.w.org\/{rel}","templated":true}]}}