{"id":2131,"date":"2025-04-01T12:00:46","date_gmt":"2025-04-01T12:00:46","guid":{"rendered":"https:\/\/www.unioviedo.es\/foro_empleo\/?page_id=2131"},"modified":"2026-04-09T11:10:26","modified_gmt":"2026-04-09T11:10:26","slug":"galeria-22-foro-de-empleo","status":"publish","type":"page","link":"https:\/\/www.unioviedo.es\/foro_empleo\/index.php\/galeria-22-foro-de-empleo\/","title":{"rendered":"Galer\u00eda 22 Foro de Empleo"},"content":{"rendered":"<p>[et_pb_section fb_built=\u00bb1&#8243; admin_label=\u00bbSection\u00bb _builder_version=\u00bb4.27.4&#8243; _module_preset=\u00bbdefault\u00bb background_enable_color=\u00bboff\u00bb custom_margin=\u00bb||||true|false\u00bb custom_padding=\u00bb4vw||||false|false\u00bb sticky_position=\u00bbtop\u00bb da_popup_slug=\u00bbConferencias\u00bb da_disable_devices=\u00bboff|off|off\u00bb box_shadow_style=\u00bbpreset3&#8243; box_shadow_color=\u00bbrgba(0,0,0,0.15)\u00bb global_colors_info=\u00bb{}\u00bb da_is_popup=\u00bboff\u00bb da_exit_intent=\u00bboff\u00bb da_has_close=\u00bbon\u00bb da_alt_close=\u00bboff\u00bb da_dark_close=\u00bboff\u00bb da_not_modal=\u00bbon\u00bb da_is_singular=\u00bboff\u00bb da_with_loader=\u00bboff\u00bb da_has_shadow=\u00bbon\u00bb][et_pb_row column_structure=\u00bb3_4,1_4&#8243; admin_label=\u00bbconnect with users Row\u00bb _builder_version=\u00bb4.16&#8243; custom_margin=\u00bb0px|auto|0px|auto|true|false\u00bb custom_padding=\u00bb0|0px|40px|0px|false|false\u00bb use_custom_width=\u00bbon\u00bb custom_width_px=\u00bb1440px\u00bb global_colors_info=\u00bb{}\u00bb][et_pb_column type=\u00bb3_4&#8243; _builder_version=\u00bb4.16&#8243; custom_padding=\u00bb||||false|false\u00bb custom_padding_tablet=\u00bb30%|15%|20%|12%\u00bb custom_padding_phone=\u00bb60%|10%|30%|\u00bb custom_padding_last_edited=\u00bboff|desktop\u00bb global_colors_info=\u00bb{}\u00bb padding_phone=\u00bb60%|10%|30%|\u00bb padding_tablet=\u00bb30%|15%|20%|12%\u00bb padding_last_edited=\u00bboff|desktop\u00bb custom_padding__hover=\u00bb|||\u00bb][et_pb_text _builder_version=\u00bb4.27.4&#8243; text_font=\u00bbRoboto||||||||\u00bb text_font_size=\u00bb16px\u00bb text_line_height=\u00bb1.8em\u00bb header_font=\u00bbMontserrat|800|||||||\u00bb header_text_align=\u00bbleft\u00bb header_text_color=\u00bb#07867f\u00bb header_font_size=\u00bb55px\u00bb header_line_height=\u00bb1.2em\u00bb header_2_font=\u00bbRoboto|300|||||||\u00bb header_2_text_align=\u00bbleft\u00bb header_2_text_color=\u00bb#000000&#8243; header_2_font_size=\u00bb20px\u00bb header_2_letter_spacing=\u00bb4px\u00bb header_3_font=\u00bbMontserrat|300||on|||||\u00bb header_3_text_align=\u00bbleft\u00bb header_3_text_color=\u00bbgcid-1f1bf5fb-a99d-4acc-8d9e-ddac074c158c\u00bb header_3_font_size=\u00bb20px\u00bb header_3_letter_spacing=\u00bb4px\u00bb background_layout=\u00bbdark\u00bb module_alignment=\u00bbcenter\u00bb text_font_size_last_edited=\u00bboff|desktop\u00bb header_font_size_tablet=\u00bb40px\u00bb header_font_size_phone=\u00bb32px\u00bb header_font_size_last_edited=\u00bbon|phone\u00bb header_3_font_size_tablet=\u00bb16px\u00bb header_3_font_size_phone=\u00bb14px\u00bb header_3_font_size_last_edited=\u00bbon|phone\u00bb header_3_letter_spacing_tablet=\u00bb5px\u00bb header_3_letter_spacing_phone=\u00bb\u00bb header_3_letter_spacing_last_edited=\u00bbon|tablet\u00bb global_colors_info=\u00bb{%22gcid-1f1bf5fb-a99d-4acc-8d9e-ddac074c158c%22:%91%22header_3_text_color%22%93}\u00bb]<\/p>\n<h1>Galer\u00eda de Im\u00e1genes<\/h1>\n<h3>22 Foro de Empleo de la Universidad de Oviedo<\/h3>\n<p>[\/et_pb_text][\/et_pb_column][et_pb_column type=\u00bb1_4&#8243; _builder_version=\u00bb4.16&#8243; custom_padding=\u00bb||||false|false\u00bb custom_padding_tablet=\u00bb30%|15%|20%|12%\u00bb custom_padding_phone=\u00bb60%|10%|30%|\u00bb custom_padding_last_edited=\u00bboff|desktop\u00bb global_colors_info=\u00bb{}\u00bb padding_phone=\u00bb60%|10%|30%|\u00bb padding_tablet=\u00bb30%|15%|20%|12%\u00bb padding_last_edited=\u00bboff|desktop\u00bb custom_padding__hover=\u00bb|||\u00bb][et_pb_image src=\u00bbhttps:\/\/www.unioviedo.es\/foro_empleo\/wp-content\/uploads\/2024\/12\/ForoEmpleo_Logo_2024.png\u00bb title_text=\u00bbForoEmpleo_Logo_2024&#8243; align=\u00bbcenter\u00bb _builder_version=\u00bb4.27.4&#8243; _module_preset=\u00bbdefault\u00bb global_colors_info=\u00bb{}\u00bb][\/et_pb_image][\/et_pb_column][\/et_pb_row][et_pb_row column_structure=\u00bb1_4,1_4,1_4,1_4&#8243; use_custom_gutter=\u00bbon\u00bb gutter_width=\u00bb2&#8243; make_equal=\u00bbon\u00bb module_class=\u00bbtres-columnas\u00bb _builder_version=\u00bb4.27.4&#8243; _module_preset=\u00bbdefault\u00bb custom_margin=\u00bb0px||0px||true|false\u00bb custom_padding=\u00bb0px||0px||true|false\u00bb global_colors_info=\u00bb{}\u00bb][et_pb_column type=\u00bb1_4&#8243; _builder_version=\u00bb4.16&#8243; _module_preset=\u00bbdefault\u00bb global_colors_info=\u00bb{}\u00bb][et_pb_blurb title=\u00bbInauguraci\u00f3n\u00bb url=\u00bbhttps:\/\/www.unioviedo.es\/foro_empleo\/index.php\/galeria-22-foro-de-empleo\/#Conferencias\u00bb use_icon=\u00bbon\u00bb font_icon=\u00bb&#xe04e;||divi||400&#8243; icon_color=\u00bbgcid-3cfd1695-69cd-4cf7-af5f-fb35fc66ed00&#8243; image_icon_background_color=\u00bbgcid-a9cd69aa-d1f8-45ef-881c-a50d31fca3b7&#8243; icon_placement=\u00bbleft\u00bb image_icon_width=\u00bb16px\u00bb _builder_version=\u00bb4.27.4&#8243; header_font=\u00bbMontserrat|700|||||||\u00bb header_font_size=\u00bb16px\u00bb header_line_height=\u00bb1.7em\u00bb body_font=\u00bb||||||||\u00bb body_line_height=\u00bb1.8em\u00bb background_enable_color=\u00bboff\u00bb image_icon_custom_padding=\u00bb8px|8px|8px|8px|false|false\u00bb module_alignment=\u00bbleft\u00bb custom_margin=\u00bb|||\u00bb custom_padding=\u00bb|||\u00bb custom_padding_phone=\u00bb||29px|\u00bb custom_padding_last_edited=\u00bboff|desktop\u00bb animation=\u00bboff\u00bb link_option_url=\u00bbhttps:\/\/www.unioviedo.es\/foro_empleo\/index.php\/galeria-22-foro-de-empleo\/#Conferencias\u00bb border_radii_image=\u00bbon|100%|100%|100%|100%\u00bb use_circle=\u00bbon\u00bb circle_color=\u00bbrgba(247,177,0,0.3)\u00bb global_colors_info=\u00bb{%22gcid-3cfd1695-69cd-4cf7-af5f-fb35fc66ed00%22:%91%22icon_color%22%93,%22gcid-a9cd69aa-d1f8-45ef-881c-a50d31fca3b7%22:%91%22image_icon_background_color%22%93}\u00bb image_icon_background_color__sticky_enabled=\u00bb#07867f\u00bb image_icon_background_color__sticky=\u00bb#07867f\u00bb][\/et_pb_blurb][\/et_pb_column][et_pb_column type=\u00bb1_4&#8243; _builder_version=\u00bb4.16&#8243; _module_preset=\u00bbdefault\u00bb global_colors_info=\u00bb{}\u00bb][et_pb_blurb title=\u00bbSala de Talleres\u00bb url=\u00bbhttps:\/\/www.unioviedo.es\/foro_empleo\/index.php\/galeria-22-foro-de-empleo\/#Saladetalleres\u00bb use_icon=\u00bbon\u00bb font_icon=\u00bb&#xe04e;||divi||400&#8243; icon_color=\u00bbgcid-3cfd1695-69cd-4cf7-af5f-fb35fc66ed00&#8243; image_icon_background_color=\u00bbgcid-a9cd69aa-d1f8-45ef-881c-a50d31fca3b7&#8243; icon_placement=\u00bbleft\u00bb image_icon_width=\u00bb16px\u00bb _builder_version=\u00bb4.27.4&#8243; header_font=\u00bbMontserrat|700|||||||\u00bb header_font_size=\u00bb16px\u00bb header_line_height=\u00bb1.7em\u00bb body_font=\u00bb||||||||\u00bb body_line_height=\u00bb1.8em\u00bb background_enable_color=\u00bboff\u00bb image_icon_custom_padding=\u00bb8px|8px|8px|8px|false|false\u00bb module_alignment=\u00bbleft\u00bb custom_margin=\u00bb|||\u00bb custom_padding=\u00bb|||\u00bb custom_padding_phone=\u00bb||29px|\u00bb custom_padding_last_edited=\u00bboff|desktop\u00bb animation=\u00bboff\u00bb link_option_url=\u00bbhttps:\/\/www.unioviedo.es\/foro_empleo\/index.php\/galeria-22-foro-de-empleo\/#Saladetalleres\u00bb border_radii_image=\u00bbon|100%|100%|100%|100%\u00bb use_circle=\u00bbon\u00bb circle_color=\u00bbrgba(247,177,0,0.3)\u00bb global_colors_info=\u00bb{%22gcid-3cfd1695-69cd-4cf7-af5f-fb35fc66ed00%22:%91%22icon_color%22%93,%22gcid-a9cd69aa-d1f8-45ef-881c-a50d31fca3b7%22:%91%22image_icon_background_color%22%93}\u00bb image_icon_background_color__sticky_enabled=\u00bb#07867f\u00bb image_icon_background_color__sticky=\u00bb#07867f\u00bb][\/et_pb_blurb][\/et_pb_column][et_pb_column type=\u00bb1_4&#8243; _builder_version=\u00bb4.16&#8243; _module_preset=\u00bbdefault\u00bb global_colors_info=\u00bb{}\u00bb][et_pb_blurb title=\u00bbMesas Redondas\u00bb url=\u00bbhttps:\/\/www.unioviedo.es\/foro_empleo\/index.php\/galeria-22-foro-de-empleo\/#Mesasredondas\u00bb use_icon=\u00bbon\u00bb font_icon=\u00bb&#xe04e;||divi||400&#8243; icon_color=\u00bbgcid-3cfd1695-69cd-4cf7-af5f-fb35fc66ed00&#8243; image_icon_background_color=\u00bbgcid-a9cd69aa-d1f8-45ef-881c-a50d31fca3b7&#8243; icon_placement=\u00bbleft\u00bb image_icon_width=\u00bb16px\u00bb _builder_version=\u00bb4.27.4&#8243; header_font=\u00bbMontserrat|700|||||||\u00bb header_font_size=\u00bb16px\u00bb header_line_height=\u00bb1.7em\u00bb body_font=\u00bb||||||||\u00bb body_line_height=\u00bb1.8em\u00bb background_enable_color=\u00bboff\u00bb image_icon_custom_padding=\u00bb8px|8px|8px|8px|false|false\u00bb module_alignment=\u00bbleft\u00bb custom_margin=\u00bb|||\u00bb custom_padding=\u00bb|||\u00bb custom_padding_phone=\u00bb||29px|\u00bb custom_padding_last_edited=\u00bboff|desktop\u00bb animation=\u00bboff\u00bb link_option_url=\u00bbhttps:\/\/www.unioviedo.es\/foro_empleo\/index.php\/galeria-22-foro-de-empleo\/#Mesasredondas\u00bb border_radii_image=\u00bbon|100%|100%|100%|100%\u00bb use_circle=\u00bbon\u00bb circle_color=\u00bbrgba(247,177,0,0.3)\u00bb global_colors_info=\u00bb{%22gcid-3cfd1695-69cd-4cf7-af5f-fb35fc66ed00%22:%91%22icon_color%22%93,%22gcid-a9cd69aa-d1f8-45ef-881c-a50d31fca3b7%22:%91%22image_icon_background_color%22%93}\u00bb image_icon_background_color__sticky_enabled=\u00bb#07867f\u00bb image_icon_background_color__sticky=\u00bb#07867f\u00bb][\/et_pb_blurb][\/et_pb_column][et_pb_column type=\u00bb1_4&#8243; _builder_version=\u00bb4.24.1&#8243; _module_preset=\u00bbdefault\u00bb global_colors_info=\u00bb{}\u00bb][et_pb_blurb title=\u00bbGenerales\u00bb url=\u00bbhttps:\/\/www.unioviedo.es\/foro_empleo\/index.php\/galeria-22-foro-de-empleo\/#Generales\u00bb use_icon=\u00bbon\u00bb font_icon=\u00bb&#xe04e;||divi||400&#8243; icon_color=\u00bbgcid-3cfd1695-69cd-4cf7-af5f-fb35fc66ed00&#8243; image_icon_background_color=\u00bbgcid-a9cd69aa-d1f8-45ef-881c-a50d31fca3b7&#8243; icon_placement=\u00bbleft\u00bb image_icon_width=\u00bb16px\u00bb _builder_version=\u00bb4.27.4&#8243; header_font=\u00bbMontserrat|700|||||||\u00bb header_font_size=\u00bb16px\u00bb header_line_height=\u00bb1.7em\u00bb body_font=\u00bb||||||||\u00bb body_line_height=\u00bb1.8em\u00bb background_enable_color=\u00bboff\u00bb image_icon_custom_padding=\u00bb8px|8px|8px|8px|false|false\u00bb module_alignment=\u00bbleft\u00bb custom_margin=\u00bb|||\u00bb custom_padding=\u00bb|||\u00bb custom_padding_phone=\u00bb||29px|\u00bb custom_padding_last_edited=\u00bboff|desktop\u00bb animation=\u00bboff\u00bb link_option_url=\u00bbhttps:\/\/www.unioviedo.es\/foro_empleo\/index.php\/galeria-22-foro-de-empleo\/#Generales\u00bb border_radii_image=\u00bbon|100%|100%|100%|100%\u00bb use_circle=\u00bbon\u00bb circle_color=\u00bbrgba(247,177,0,0.3)\u00bb global_colors_info=\u00bb{%22gcid-3cfd1695-69cd-4cf7-af5f-fb35fc66ed00%22:%91%22icon_color%22%93,%22gcid-a9cd69aa-d1f8-45ef-881c-a50d31fca3b7%22:%91%22image_icon_background_color%22%93}\u00bb image_icon_background_color__sticky_enabled=\u00bb#07867f\u00bb image_icon_background_color__sticky=\u00bb#07867f\u00bb][\/et_pb_blurb][\/et_pb_column][\/et_pb_row][et_pb_row column_structure=\u00bb1_4,1_4,1_4,1_4&#8243; use_custom_gutter=\u00bbon\u00bb gutter_width=\u00bb2&#8243; make_equal=\u00bbon\u00bb module_class=\u00bbtres-columnas\u00bb _builder_version=\u00bb4.27.4&#8243; _module_preset=\u00bbdefault\u00bb custom_margin=\u00bb0px||0px||true|false\u00bb custom_padding=\u00bb0px||0px||true|false\u00bb global_colors_info=\u00bb{}\u00bb][et_pb_column type=\u00bb1_4&#8243; _builder_version=\u00bb4.16&#8243; _module_preset=\u00bbdefault\u00bb global_colors_info=\u00bb{}\u00bb][et_pb_blurb title=\u00bbPresentaciones Corporativas\u00bb url=\u00bbhttps:\/\/www.unioviedo.es\/foro_empleo\/index.php\/galeria-22-foro-de-empleo\/#Presentacionescorporativas\u00bb use_icon=\u00bbon\u00bb font_icon=\u00bb&#xe04e;||divi||400&#8243; icon_color=\u00bbgcid-3cfd1695-69cd-4cf7-af5f-fb35fc66ed00&#8243; image_icon_background_color=\u00bbgcid-a9cd69aa-d1f8-45ef-881c-a50d31fca3b7&#8243; icon_placement=\u00bbleft\u00bb image_icon_width=\u00bb16px\u00bb _builder_version=\u00bb4.27.4&#8243; header_font=\u00bbMontserrat|700|||||||\u00bb header_font_size=\u00bb16px\u00bb body_font=\u00bb||||||||\u00bb body_line_height=\u00bb1.8em\u00bb background_enable_color=\u00bboff\u00bb image_icon_custom_padding=\u00bb8px|8px|8px|8px|false|false\u00bb module_alignment=\u00bbleft\u00bb custom_margin=\u00bb|||\u00bb custom_padding=\u00bb|||\u00bb custom_padding_phone=\u00bb||29px|\u00bb custom_padding_last_edited=\u00bboff|desktop\u00bb animation=\u00bboff\u00bb link_option_url=\u00bbhttps:\/\/www.unioviedo.es\/foro_empleo\/index.php\/galeria-22-foro-de-empleo\/#Presentacionescorporativas\u00bb border_radii_image=\u00bbon|100%|100%|100%|100%\u00bb use_circle=\u00bbon\u00bb circle_color=\u00bbrgba(247,177,0,0.3)\u00bb global_colors_info=\u00bb{%22gcid-3cfd1695-69cd-4cf7-af5f-fb35fc66ed00%22:%91%22icon_color%22%93,%22gcid-a9cd69aa-d1f8-45ef-881c-a50d31fca3b7%22:%91%22image_icon_background_color%22%93}\u00bb image_icon_background_color__sticky_enabled=\u00bb#07867f\u00bb image_icon_background_color__sticky=\u00bb#07867f\u00bb][\/et_pb_blurb][\/et_pb_column][et_pb_column type=\u00bb1_4&#8243; _builder_version=\u00bb4.16&#8243; _module_preset=\u00bbdefault\u00bb global_colors_info=\u00bb{}\u00bb][et_pb_blurb title=\u00bbLaboratorio de Entrevistas\u00bb url=\u00bbhttps:\/\/www.unioviedo.es\/foro_empleo\/index.php\/galeria-22-foro-de-empleo\/#LaborarioEntrevistas\u00bb use_icon=\u00bbon\u00bb font_icon=\u00bb&#xe04e;||divi||400&#8243; icon_color=\u00bbgcid-3cfd1695-69cd-4cf7-af5f-fb35fc66ed00&#8243; image_icon_background_color=\u00bbgcid-a9cd69aa-d1f8-45ef-881c-a50d31fca3b7&#8243; icon_placement=\u00bbleft\u00bb image_icon_width=\u00bb16px\u00bb _builder_version=\u00bb4.27.4&#8243; header_font=\u00bbMontserrat|700|||||||\u00bb header_font_size=\u00bb16px\u00bb body_font=\u00bb||||||||\u00bb body_line_height=\u00bb1.8em\u00bb background_enable_color=\u00bboff\u00bb image_icon_custom_padding=\u00bb8px|8px|8px|8px|false|false\u00bb module_alignment=\u00bbleft\u00bb custom_margin=\u00bb|||\u00bb custom_padding=\u00bb|||\u00bb custom_padding_phone=\u00bb||29px|\u00bb custom_padding_last_edited=\u00bboff|desktop\u00bb animation=\u00bboff\u00bb link_option_url=\u00bbhttps:\/\/www.unioviedo.es\/foro_empleo\/index.php\/galeria-22-foro-de-empleo\/#LaborarioEntrevistas\u00bb border_radii_image=\u00bbon|100%|100%|100%|100%\u00bb use_circle=\u00bbon\u00bb circle_color=\u00bbrgba(247,177,0,0.3)\u00bb global_colors_info=\u00bb{%22gcid-3cfd1695-69cd-4cf7-af5f-fb35fc66ed00%22:%91%22icon_color%22%93,%22gcid-a9cd69aa-d1f8-45ef-881c-a50d31fca3b7%22:%91%22image_icon_background_color%22%93}\u00bb image_icon_background_color__sticky_enabled=\u00bb#07867f\u00bb image_icon_background_color__sticky=\u00bb#07867f\u00bb][\/et_pb_blurb][\/et_pb_column][et_pb_column type=\u00bb1_4&#8243; _builder_version=\u00bb4.16&#8243; _module_preset=\u00bbdefault\u00bb global_colors_info=\u00bb{}\u00bb][et_pb_blurb title=\u00bbStands\u00bb url=\u00bbhttps:\/\/www.unioviedo.es\/foro_empleo\/index.php\/galeria-22-foro-de-empleo\/#Stands\u00bb use_icon=\u00bbon\u00bb font_icon=\u00bb&#xe04e;||divi||400&#8243; icon_color=\u00bbgcid-3cfd1695-69cd-4cf7-af5f-fb35fc66ed00&#8243; image_icon_background_color=\u00bbgcid-a9cd69aa-d1f8-45ef-881c-a50d31fca3b7&#8243; icon_placement=\u00bbleft\u00bb image_icon_width=\u00bb16px\u00bb _builder_version=\u00bb4.27.4&#8243; header_font=\u00bbMontserrat|700|||||||\u00bb header_font_size=\u00bb16px\u00bb header_line_height=\u00bb1.7em\u00bb body_font=\u00bb||||||||\u00bb body_line_height=\u00bb1.8em\u00bb background_enable_color=\u00bboff\u00bb image_icon_custom_padding=\u00bb8px|8px|8px|8px|false|false\u00bb module_alignment=\u00bbleft\u00bb custom_margin=\u00bb|||\u00bb custom_padding=\u00bb|||\u00bb custom_padding_phone=\u00bb||29px|\u00bb custom_padding_last_edited=\u00bboff|desktop\u00bb animation=\u00bboff\u00bb link_option_url=\u00bbhttps:\/\/www.unioviedo.es\/foro_empleo\/index.php\/galeria-22-foro-de-empleo\/#Stands\u00bb border_radii_image=\u00bbon|100%|100%|100%|100%\u00bb use_circle=\u00bbon\u00bb circle_color=\u00bbrgba(247,177,0,0.3)\u00bb global_colors_info=\u00bb{%22gcid-3cfd1695-69cd-4cf7-af5f-fb35fc66ed00%22:%91%22icon_color%22%93,%22gcid-a9cd69aa-d1f8-45ef-881c-a50d31fca3b7%22:%91%22image_icon_background_color%22%93}\u00bb image_icon_background_color__sticky_enabled=\u00bb#07867f\u00bb image_icon_background_color__sticky=\u00bb#07867f\u00bb][\/et_pb_blurb][\/et_pb_column][et_pb_column type=\u00bb1_4&#8243; _builder_version=\u00bb4.24.1&#8243; _module_preset=\u00bbdefault\u00bb global_colors_info=\u00bb{}\u00bb][\/et_pb_column][\/et_pb_row][\/et_pb_section][et_pb_section fb_built=\u00bb1&#8243; admin_label=\u00bbSection\u00bb module_id=\u00bbConferencias\u00bb _builder_version=\u00bb4.18.0&#8243; _module_preset=\u00bbdefault\u00bb custom_margin=\u00bb0px||0px||true|false\u00bb custom_padding=\u00bb0px||0px||true|false\u00bb da_popup_slug=\u00bbConferencias\u00bb da_disable_devices=\u00bboff|off|off\u00bb global_colors_info=\u00bb{}\u00bb da_is_popup=\u00bboff\u00bb da_exit_intent=\u00bboff\u00bb da_has_close=\u00bbon\u00bb da_alt_close=\u00bboff\u00bb da_dark_close=\u00bboff\u00bb da_not_modal=\u00bbon\u00bb da_is_singular=\u00bboff\u00bb da_with_loader=\u00bboff\u00bb da_has_shadow=\u00bbon\u00bb][et_pb_row use_custom_gutter=\u00bbon\u00bb gutter_width=\u00bb1&#8243; _builder_version=\u00bb4.24.1&#8243; _module_preset=\u00bbdefault\u00bb border_color_top=\u00bb#B3B3B3&#8243; border_style_top=\u00bbdotted\u00bb global_colors_info=\u00bb{}\u00bb][et_pb_column type=\u00bb4_4&#8243; _builder_version=\u00bb4.18.0&#8243; _module_preset=\u00bbdefault\u00bb global_colors_info=\u00bb{}\u00bb][et_pb_text _builder_version=\u00bb4.27.4&#8243; _module_preset=\u00bbdefault\u00bb text_font=\u00bb|600||on|||||\u00bb text_font_size=\u00bb12px\u00bb global_colors_info=\u00bb{}\u00bb]<\/p>\n<p><strong>Acto Oficial de Inauguraci\u00f3n<\/strong><\/p>\n<p>[\/et_pb_text][\/et_pb_column][\/et_pb_row][et_pb_row use_custom_gutter=\u00bbon\u00bb gutter_width=\u00bb1&#8243; _builder_version=\u00bb4.24.1&#8243; _module_preset=\u00bbdefault\u00bb border_color_top=\u00bb#B3B3B3&#8243; border_style_top=\u00bbdotted\u00bb locked=\u00bboff\u00bb global_colors_info=\u00bb{}\u00bb][et_pb_column type=\u00bb4_4&#8243; _builder_version=\u00bb4.18.0&#8243; _module_preset=\u00bbdefault\u00bb global_colors_info=\u00bb{}\u00bb][et_pb_text _builder_version=\u00bb4.27.4&#8243; _module_preset=\u00bbdefault\u00bb text_font=\u00bb|600||on|||||\u00bb text_font_size=\u00bb12px\u00bb global_colors_info=\u00bb{}\u00bb]<\/p>\n<p><strong>Acto Oficial de Inauguraci\u00f3n<\/strong><\/p>\n<p>[\/et_pb_text][et_pb_gallery gallery_ids=\u00bb2276,2277,2278,2279,2280,2281,2282,2283,2284,2285,2286,2287,2288,2289,2290&#8243; posts_number=\u00bb100&#8243; show_title_and_caption=\u00bboff\u00bb show_pagination=\u00bboff\u00bb zoom_icon_color=\u00bb#FFFFFF\u00bb hover_overlay_color=\u00bbRGBA(255,255,255,0)\u00bb hover_icon=\u00bb&#x50;||divi||400&#8243; _builder_version=\u00bb4.27.4&#8243; _module_preset=\u00bbdefault\u00bb title_font=\u00bb|600||on|||||\u00bb title_font_size=\u00bb11px\u00bb caption_font_size=\u00bb13px\u00bb global_colors_info=\u00bb{}\u00bb][\/et_pb_gallery][\/et_pb_column][\/et_pb_row][et_pb_row use_custom_gutter=\u00bbon\u00bb gutter_width=\u00bb1&#8243; _builder_version=\u00bb4.18.0&#8243; _module_preset=\u00bbdefault\u00bb border_width_top=\u00bb2px\u00bb border_color_top=\u00bb#B3B3B3&#8243; border_style_top=\u00bbdotted\u00bb global_colors_info=\u00bb{}\u00bb][et_pb_column type=\u00bb4_4&#8243; _builder_version=\u00bb4.18.0&#8243; _module_preset=\u00bbdefault\u00bb global_colors_info=\u00bb{}\u00bb][et_pb_text _builder_version=\u00bb4.27.4&#8243; _module_preset=\u00bbdefault\u00bb text_font=\u00bb|600||on|||||\u00bb text_font_size=\u00bb12px\u00bb global_colors_info=\u00bb{}\u00bb]<strong>Conferencia inaugural \u201cMarca personal en LinkedIn y trabajos del futuro\u201d Ponente: Berta Mateos. Experta en LinkedIn y Marca Personal<\/strong>[\/et_pb_text][et_pb_gallery gallery_ids=\u00bb2293,2292,2297,2294,2295,2296&#8243; posts_number=\u00bb100&#8243; show_title_and_caption=\u00bboff\u00bb show_pagination=\u00bboff\u00bb zoom_icon_color=\u00bb#FFFFFF\u00bb hover_overlay_color=\u00bbRGBA(255,255,255,0)\u00bb hover_icon=\u00bb&#x50;||divi||400&#8243; _builder_version=\u00bb4.27.4&#8243; _module_preset=\u00bbdefault\u00bb title_font=\u00bb|600||on|||||\u00bb title_font_size=\u00bb11px\u00bb caption_font_size=\u00bb13px\u00bb global_colors_info=\u00bb{}\u00bb][\/et_pb_gallery][\/et_pb_column][\/et_pb_row][et_pb_row use_custom_gutter=\u00bbon\u00bb gutter_width=\u00bb1&#8243; _builder_version=\u00bb4.24.1&#8243; _module_preset=\u00bbdefault\u00bb border_color_top=\u00bb#B3B3B3&#8243; border_style_top=\u00bbdotted\u00bb global_colors_info=\u00bb{}\u00bb][et_pb_column type=\u00bb4_4&#8243; _builder_version=\u00bb4.18.0&#8243; _module_preset=\u00bbdefault\u00bb global_colors_info=\u00bb{}\u00bb][et_pb_text _builder_version=\u00bb4.27.4&#8243; _module_preset=\u00bbdefault\u00bb text_font=\u00bb|600||on|||||\u00bb text_font_size=\u00bb12px\u00bb global_colors_info=\u00bb{}\u00bb]<strong>Jornada final Proyecto Uniovi Innovation Skills<\/strong>[\/et_pb_text][et_pb_gallery gallery_ids=\u00bb2298,2299,2300,2301,2302,2303,2304,2305,2306,2307,2308,2309,2310,2311,2312,2313,2314,2315,2316,2317,2318,2319,2320,2321,2322,2323,2324,2325,2326,2327,2328,2329,2330,2331,2332,2333,2334&#8243; posts_number=\u00bb100&#8243; show_title_and_caption=\u00bboff\u00bb show_pagination=\u00bboff\u00bb zoom_icon_color=\u00bb#FFFFFF\u00bb hover_overlay_color=\u00bbRGBA(255,255,255,0)\u00bb hover_icon=\u00bb&#x50;||divi||400&#8243; _builder_version=\u00bb4.27.4&#8243; _module_preset=\u00bbdefault\u00bb title_font=\u00bb|600||on|||||\u00bb title_font_size=\u00bb11px\u00bb caption_font_size=\u00bb13px\u00bb global_colors_info=\u00bb{}\u00bb][\/et_pb_gallery][\/et_pb_column][\/et_pb_row][\/et_pb_section][et_pb_section fb_built=\u00bb1&#8243; admin_label=\u00bbSection\u00bb module_id=\u00bbMesasredondas\u00bb _builder_version=\u00bb4.18.0&#8243; _module_preset=\u00bbdefault\u00bb custom_margin=\u00bb0px||0px||true|false\u00bb custom_padding=\u00bb0px||0px||true|false\u00bb da_popup_slug=\u00bbMesasredondas\u00bb da_disable_devices=\u00bboff|off|off\u00bb global_colors_info=\u00bb{}\u00bb da_is_popup=\u00bboff\u00bb da_exit_intent=\u00bboff\u00bb da_has_close=\u00bbon\u00bb da_alt_close=\u00bboff\u00bb da_dark_close=\u00bboff\u00bb da_not_modal=\u00bbon\u00bb da_is_singular=\u00bboff\u00bb da_with_loader=\u00bboff\u00bb da_has_shadow=\u00bbon\u00bb][et_pb_row use_custom_gutter=\u00bbon\u00bb gutter_width=\u00bb1&#8243; _builder_version=\u00bb4.18.0&#8243; _module_preset=\u00bbdefault\u00bb border_width_top=\u00bb2px\u00bb border_color_top=\u00bb#B3B3B3&#8243; border_style_top=\u00bbdotted\u00bb global_colors_info=\u00bb{}\u00bb][et_pb_column type=\u00bb4_4&#8243; _builder_version=\u00bb4.18.0&#8243; _module_preset=\u00bbdefault\u00bb global_colors_info=\u00bb{}\u00bb][et_pb_text _builder_version=\u00bb4.24.1&#8243; _module_preset=\u00bbdefault\u00bb text_font=\u00bb|600||on|||||\u00bb text_font_size=\u00bb12px\u00bb global_colors_info=\u00bb{}\u00bb]<\/p>\n<p><strong>Mesas Redondas<\/strong><\/p>\n<p>[\/et_pb_text][et_pb_gallery gallery_ids=\u00bb2335,2336,2337,2338,2339&#8243; posts_number=\u00bb100&#8243; show_title_and_caption=\u00bboff\u00bb show_pagination=\u00bboff\u00bb zoom_icon_color=\u00bb#FFFFFF\u00bb hover_overlay_color=\u00bbRGBA(255,255,255,0)\u00bb hover_icon=\u00bb&#x50;||divi||400&#8243; _builder_version=\u00bb4.27.4&#8243; _module_preset=\u00bbdefault\u00bb title_font=\u00bb|600||on|||||\u00bb title_font_size=\u00bb11px\u00bb caption_font_size=\u00bb13px\u00bb border_color_top_image=\u00bb#FFFFFF\u00bb global_colors_info=\u00bb{}\u00bb][\/et_pb_gallery][\/et_pb_column][\/et_pb_row][\/et_pb_section][et_pb_section fb_built=\u00bb1&#8243; admin_label=\u00bbSection\u00bb module_id=\u00bbPresentacionescorporativas\u00bb _builder_version=\u00bb4.27.4&#8243; _module_preset=\u00bbdefault\u00bb custom_margin=\u00bb0px||0px||true|false\u00bb custom_padding=\u00bb0px||0px||true|false\u00bb da_popup_slug=\u00bbPresentacionescorporativas\u00bb da_disable_devices=\u00bboff|off|off\u00bb global_colors_info=\u00bb{}\u00bb da_is_popup=\u00bboff\u00bb da_exit_intent=\u00bboff\u00bb da_has_close=\u00bbon\u00bb da_alt_close=\u00bboff\u00bb da_dark_close=\u00bboff\u00bb da_not_modal=\u00bbon\u00bb da_is_singular=\u00bboff\u00bb da_with_loader=\u00bboff\u00bb da_has_shadow=\u00bbon\u00bb][et_pb_row use_custom_gutter=\u00bbon\u00bb gutter_width=\u00bb1&#8243; _builder_version=\u00bb4.18.0&#8243; _module_preset=\u00bbdefault\u00bb border_width_top=\u00bb2px\u00bb border_color_top=\u00bb#B3B3B3&#8243; border_style_top=\u00bbdotted\u00bb global_colors_info=\u00bb{}\u00bb][et_pb_column type=\u00bb4_4&#8243; _builder_version=\u00bb4.18.0&#8243; _module_preset=\u00bbdefault\u00bb global_colors_info=\u00bb{}\u00bb][et_pb_text _builder_version=\u00bb4.27.4&#8243; _module_preset=\u00bbdefault\u00bb text_font=\u00bb|600||on|||||\u00bb text_font_size=\u00bb12px\u00bb global_colors_info=\u00bb{}\u00bb]<\/p>\n<p><strong>Presentaciones Corporativas<\/strong><\/p>\n<p>[\/et_pb_text][et_pb_gallery gallery_ids=\u00bb2340,2341,2342,2343,2344,2345,2346,2347,2348,2349,2350,2351,2352,2353,2354,2355,2356,2357,2358,2359,2360,2361,2362,2363,2364,2365,2366,2367,2368,2369,2370,2371,2372,2373,2374,2375,2376,2377,2378,2379,2380,2381,2382&#8243; posts_number=\u00bb100&#8243; show_title_and_caption=\u00bboff\u00bb show_pagination=\u00bboff\u00bb zoom_icon_color=\u00bb#FFFFFF\u00bb hover_overlay_color=\u00bbRGBA(255,255,255,0)\u00bb hover_icon=\u00bb&#x50;||divi||400&#8243; _builder_version=\u00bb4.27.4&#8243; _module_preset=\u00bbdefault\u00bb title_font=\u00bb|600||on|||||\u00bb title_font_size=\u00bb11px\u00bb caption_font_size=\u00bb13px\u00bb border_color_top_image=\u00bb#FFFFFF\u00bb global_colors_info=\u00bb{}\u00bb][\/et_pb_gallery][\/et_pb_column][\/et_pb_row][\/et_pb_section][et_pb_section fb_built=\u00bb1&#8243; admin_label=\u00bbSection\u00bb module_id=\u00bbGenerales\u00bb _builder_version=\u00bb4.24.1&#8243; _module_preset=\u00bbdefault\u00bb custom_margin=\u00bb0px||0px||true|false\u00bb custom_padding=\u00bb0px||0px||true|false\u00bb da_popup_slug=\u00bbGenerales\u00bb da_disable_devices=\u00bboff|off|off\u00bb global_colors_info=\u00bb{}\u00bb da_is_popup=\u00bboff\u00bb da_exit_intent=\u00bboff\u00bb da_has_close=\u00bbon\u00bb da_alt_close=\u00bboff\u00bb da_dark_close=\u00bboff\u00bb da_not_modal=\u00bbon\u00bb da_is_singular=\u00bboff\u00bb da_with_loader=\u00bboff\u00bb da_has_shadow=\u00bbon\u00bb][et_pb_row use_custom_gutter=\u00bbon\u00bb gutter_width=\u00bb1&#8243; _builder_version=\u00bb4.18.0&#8243; _module_preset=\u00bbdefault\u00bb border_width_top=\u00bb2px\u00bb border_color_top=\u00bb#B3B3B3&#8243; border_style_top=\u00bbdotted\u00bb global_colors_info=\u00bb{}\u00bb][et_pb_column type=\u00bb4_4&#8243; _builder_version=\u00bb4.18.0&#8243; _module_preset=\u00bbdefault\u00bb global_colors_info=\u00bb{}\u00bb][et_pb_text _builder_version=\u00bb4.24.1&#8243; _module_preset=\u00bbdefault\u00bb text_font=\u00bb|600||on|||||\u00bb text_font_size=\u00bb12px\u00bb global_colors_info=\u00bb{}\u00bb]<\/p>\n<p><strong>Generales<\/strong><\/p>\n<p>[\/et_pb_text][et_pb_gallery gallery_ids=\u00bb2468,2487,2469,2470,2471,2472,2473,2486,2474,2475,2476,2477,2478,2479,2481,2480,2482,2483,2484,2488,2489,2490&#8243; posts_number=\u00bb100&#8243; show_title_and_caption=\u00bboff\u00bb show_pagination=\u00bboff\u00bb zoom_icon_color=\u00bb#FFFFFF\u00bb hover_overlay_color=\u00bbRGBA(255,255,255,0)\u00bb hover_icon=\u00bb&#x50;||divi||400&#8243; _builder_version=\u00bb4.27.4&#8243; _module_preset=\u00bbdefault\u00bb title_font=\u00bb|600||on|||||\u00bb title_font_size=\u00bb11px\u00bb caption_font_size=\u00bb13px\u00bb border_color_top_image=\u00bb#FFFFFF\u00bb global_colors_info=\u00bb{}\u00bb][\/et_pb_gallery][\/et_pb_column][\/et_pb_row][\/et_pb_section][et_pb_section fb_built=\u00bb1&#8243; admin_label=\u00bbSection\u00bb module_id=\u00bbSaladetalleres\u00bb _builder_version=\u00bb4.27.4&#8243; _module_preset=\u00bbdefault\u00bb custom_margin=\u00bb0px||0px||true|false\u00bb custom_padding=\u00bb0px||0px||true|false\u00bb da_popup_slug=\u00bbSaladetalleres\u00bb da_disable_devices=\u00bboff|off|off\u00bb global_colors_info=\u00bb{}\u00bb da_is_popup=\u00bboff\u00bb da_exit_intent=\u00bboff\u00bb da_has_close=\u00bbon\u00bb da_alt_close=\u00bboff\u00bb da_dark_close=\u00bboff\u00bb da_not_modal=\u00bbon\u00bb da_is_singular=\u00bboff\u00bb da_with_loader=\u00bboff\u00bb da_has_shadow=\u00bbon\u00bb][et_pb_row use_custom_gutter=\u00bbon\u00bb gutter_width=\u00bb1&#8243; _builder_version=\u00bb4.18.0&#8243; _module_preset=\u00bbdefault\u00bb border_width_top=\u00bb2px\u00bb border_color_top=\u00bb#B3B3B3&#8243; border_style_top=\u00bbdotted\u00bb global_colors_info=\u00bb{}\u00bb][et_pb_column type=\u00bb4_4&#8243; _builder_version=\u00bb4.18.0&#8243; _module_preset=\u00bbdefault\u00bb global_colors_info=\u00bb{}\u00bb][et_pb_text _builder_version=\u00bb4.27.4&#8243; _module_preset=\u00bbdefault\u00bb text_font=\u00bb|600||on|||||\u00bb text_font_size=\u00bb12px\u00bb global_colors_info=\u00bb{}\u00bb]<\/p>\n<p><strong>Ac\u00e9rcate al mundo laboral<\/strong><\/p>\n<p>[\/et_pb_text][et_pb_gallery gallery_ids=\u00bb2383,2384,2385&#8243; posts_number=\u00bb100&#8243; show_title_and_caption=\u00bboff\u00bb show_pagination=\u00bboff\u00bb zoom_icon_color=\u00bb#FFFFFF\u00bb hover_overlay_color=\u00bbRGBA(255,255,255,0)\u00bb hover_icon=\u00bb&#x50;||divi||400&#8243; _builder_version=\u00bb4.27.4&#8243; _module_preset=\u00bbdefault\u00bb title_font=\u00bb|600||on|||||\u00bb title_font_size=\u00bb11px\u00bb caption_font_size=\u00bb13px\u00bb border_color_top_image=\u00bb#FFFFFF\u00bb global_colors_info=\u00bb{}\u00bb][\/et_pb_gallery][\/et_pb_column][\/et_pb_row][et_pb_row use_custom_gutter=\u00bbon\u00bb gutter_width=\u00bb1&#8243; _builder_version=\u00bb4.18.0&#8243; _module_preset=\u00bbdefault\u00bb border_width_top=\u00bb2px\u00bb border_color_top=\u00bb#B3B3B3&#8243; border_style_top=\u00bbdotted\u00bb global_colors_info=\u00bb{}\u00bb][et_pb_column type=\u00bb4_4&#8243; _builder_version=\u00bb4.18.0&#8243; _module_preset=\u00bbdefault\u00bb global_colors_info=\u00bb{}\u00bb][et_pb_text _builder_version=\u00bb4.27.4&#8243; _module_preset=\u00bbdefault\u00bb text_font=\u00bb|600||on|||||\u00bb text_font_size=\u00bb12px\u00bb global_colors_info=\u00bb{}\u00bb]<strong>Desarrolla tus Soft Skills a trave\u0301s del teatro<\/strong>[\/et_pb_text][et_pb_gallery gallery_ids=\u00bb2386,2410,2485,2387,2389,2388&#8243; posts_number=\u00bb100&#8243; show_title_and_caption=\u00bboff\u00bb show_pagination=\u00bboff\u00bb zoom_icon_color=\u00bb#FFFFFF\u00bb hover_overlay_color=\u00bbRGBA(255,255,255,0)\u00bb hover_icon=\u00bb&#x50;||divi||400&#8243; _builder_version=\u00bb4.27.4&#8243; _module_preset=\u00bbdefault\u00bb title_font=\u00bb|600||on|||||\u00bb title_font_size=\u00bb11px\u00bb caption_font_size=\u00bb13px\u00bb border_color_top_image=\u00bb#FFFFFF\u00bb global_colors_info=\u00bb{}\u00bb][\/et_pb_gallery][\/et_pb_column][\/et_pb_row][et_pb_row use_custom_gutter=\u00bbon\u00bb gutter_width=\u00bb1&#8243; _builder_version=\u00bb4.27.4&#8243; _module_preset=\u00bbdefault\u00bb border_width_top=\u00bb2px\u00bb border_color_top=\u00bb#B3B3B3&#8243; border_style_top=\u00bbdotted\u00bb global_colors_info=\u00bb{}\u00bb][et_pb_column type=\u00bb4_4&#8243; _builder_version=\u00bb4.18.0&#8243; _module_preset=\u00bbdefault\u00bb global_colors_info=\u00bb{}\u00bb][et_pb_text _builder_version=\u00bb4.27.4&#8243; _module_preset=\u00bbdefault\u00bb text_font=\u00bb|600||on|||||\u00bb text_font_size=\u00bb12px\u00bb global_colors_info=\u00bb{}\u00bb]<\/p>\n<p><strong>Entrevistas inversas<\/strong><\/p>\n<p>[\/et_pb_text][et_pb_gallery gallery_ids=\u00bb2390,2391,2392,2393,2394,2395,2396,2397,2398,2399&#8243; posts_number=\u00bb100&#8243; show_title_and_caption=\u00bboff\u00bb show_pagination=\u00bboff\u00bb zoom_icon_color=\u00bb#FFFFFF\u00bb hover_overlay_color=\u00bbRGBA(255,255,255,0)\u00bb hover_icon=\u00bb&#x50;||divi||400&#8243; _builder_version=\u00bb4.27.4&#8243; _module_preset=\u00bbdefault\u00bb title_font=\u00bb|600||on|||||\u00bb title_font_size=\u00bb11px\u00bb caption_font_size=\u00bb13px\u00bb border_color_top_image=\u00bb#FFFFFF\u00bb global_colors_info=\u00bb{}\u00bb][\/et_pb_gallery][\/et_pb_column][\/et_pb_row][et_pb_row use_custom_gutter=\u00bbon\u00bb gutter_width=\u00bb1&#8243; _builder_version=\u00bb4.18.0&#8243; _module_preset=\u00bbdefault\u00bb border_width_top=\u00bb2px\u00bb border_color_top=\u00bb#B3B3B3&#8243; border_style_top=\u00bbdotted\u00bb global_colors_info=\u00bb{}\u00bb][et_pb_column type=\u00bb4_4&#8243; _builder_version=\u00bb4.18.0&#8243; _module_preset=\u00bbdefault\u00bb global_colors_info=\u00bb{}\u00bb][et_pb_text _builder_version=\u00bb4.27.4&#8243; _module_preset=\u00bbdefault\u00bb text_font=\u00bb|600||on|||||\u00bb text_font_size=\u00bb12px\u00bb global_colors_info=\u00bb{}\u00bb]<strong>Revisi\u00f3n personalizada Curriculum y perfil de LinkedIn<\/strong>[\/et_pb_text][et_pb_gallery gallery_ids=\u00bb2400,2401,2402,2403,2404,2405,2406,2407,2408,2409,2411,2412,2413,2414,2415,2416,2417,2418&#8243; posts_number=\u00bb100&#8243; show_title_and_caption=\u00bboff\u00bb show_pagination=\u00bboff\u00bb zoom_icon_color=\u00bb#FFFFFF\u00bb hover_overlay_color=\u00bbRGBA(255,255,255,0)\u00bb hover_icon=\u00bb&#x50;||divi||400&#8243; _builder_version=\u00bb4.27.4&#8243; _module_preset=\u00bbdefault\u00bb title_font=\u00bb|600||on|||||\u00bb title_font_size=\u00bb11px\u00bb caption_font_size=\u00bb13px\u00bb border_color_top_image=\u00bb#FFFFFF\u00bb global_colors_info=\u00bb{}\u00bb][\/et_pb_gallery][\/et_pb_column][\/et_pb_row][et_pb_row use_custom_gutter=\u00bbon\u00bb gutter_width=\u00bb1&#8243; _builder_version=\u00bb4.18.0&#8243; _module_preset=\u00bbdefault\u00bb border_width_top=\u00bb2px\u00bb border_color_top=\u00bb#B3B3B3&#8243; border_style_top=\u00bbdotted\u00bb global_colors_info=\u00bb{}\u00bb][et_pb_column type=\u00bb4_4&#8243; _builder_version=\u00bb4.18.0&#8243; _module_preset=\u00bbdefault\u00bb global_colors_info=\u00bb{}\u00bb][et_pb_text _builder_version=\u00bb4.27.4&#8243; _module_preset=\u00bbdefault\u00bb text_font=\u00bb|600||on|||||\u00bb text_font_size=\u00bb12px\u00bb global_colors_info=\u00bb{}\u00bb]<strong>Taller Desafi\u0301a lo Convencional Atre\u0301vete a Entrar en el Mundo Startup<\/strong>[\/et_pb_text][et_pb_gallery gallery_ids=\u00bb2428,2429,2430&#8243; posts_number=\u00bb100&#8243; show_title_and_caption=\u00bboff\u00bb show_pagination=\u00bboff\u00bb zoom_icon_color=\u00bb#FFFFFF\u00bb hover_overlay_color=\u00bbRGBA(255,255,255,0)\u00bb hover_icon=\u00bb&#x50;||divi||400&#8243; _builder_version=\u00bb4.27.4&#8243; _module_preset=\u00bbdefault\u00bb title_font=\u00bb|600||on|||||\u00bb title_font_size=\u00bb11px\u00bb caption_font_size=\u00bb13px\u00bb border_color_top_image=\u00bb#FFFFFF\u00bb global_colors_info=\u00bb{}\u00bb][\/et_pb_gallery][\/et_pb_column][\/et_pb_row][et_pb_row use_custom_gutter=\u00bbon\u00bb gutter_width=\u00bb1&#8243; _builder_version=\u00bb4.18.0&#8243; _module_preset=\u00bbdefault\u00bb border_width_top=\u00bb2px\u00bb border_color_top=\u00bb#B3B3B3&#8243; border_style_top=\u00bbdotted\u00bb global_colors_info=\u00bb{}\u00bb][et_pb_column type=\u00bb4_4&#8243; _builder_version=\u00bb4.18.0&#8243; _module_preset=\u00bbdefault\u00bb global_colors_info=\u00bb{}\u00bb][et_pb_text _builder_version=\u00bb4.27.4&#8243; _module_preset=\u00bbdefault\u00bb text_font=\u00bb|600||on|||||\u00bb text_font_size=\u00bb12px\u00bb global_colors_info=\u00bb{}\u00bb]<strong>Taller Potencia tu Perfil Profesional gracias a la IA<\/strong>[\/et_pb_text][et_pb_gallery gallery_ids=\u00bb2431,2432,2433,2434&#8243; posts_number=\u00bb100&#8243; show_title_and_caption=\u00bboff\u00bb show_pagination=\u00bboff\u00bb zoom_icon_color=\u00bb#FFFFFF\u00bb hover_overlay_color=\u00bbRGBA(255,255,255,0)\u00bb hover_icon=\u00bb&#x50;||divi||400&#8243; _builder_version=\u00bb4.27.4&#8243; _module_preset=\u00bbdefault\u00bb title_font=\u00bb|600||on|||||\u00bb title_font_size=\u00bb11px\u00bb caption_font_size=\u00bb13px\u00bb border_color_top_image=\u00bb#FFFFFF\u00bb global_colors_info=\u00bb{}\u00bb][\/et_pb_gallery][\/et_pb_column][\/et_pb_row][\/et_pb_section][et_pb_section fb_built=\u00bb1&#8243; admin_label=\u00bbSection\u00bb module_id=\u00bbLaborarioEntrevistas\u00bb _builder_version=\u00bb4.27.4&#8243; _module_preset=\u00bbdefault\u00bb custom_margin=\u00bb0px||0px||true|false\u00bb custom_padding=\u00bb0px||0px||true|false\u00bb da_popup_slug=\u00bbLaborarioEntrevistas\u00bb da_disable_devices=\u00bboff|off|off\u00bb global_colors_info=\u00bb{}\u00bb da_is_popup=\u00bboff\u00bb da_exit_intent=\u00bboff\u00bb da_has_close=\u00bbon\u00bb da_alt_close=\u00bboff\u00bb da_dark_close=\u00bboff\u00bb da_not_modal=\u00bbon\u00bb da_is_singular=\u00bboff\u00bb da_with_loader=\u00bboff\u00bb da_has_shadow=\u00bbon\u00bb][et_pb_row use_custom_gutter=\u00bbon\u00bb gutter_width=\u00bb1&#8243; _builder_version=\u00bb4.18.0&#8243; _module_preset=\u00bbdefault\u00bb border_width_top=\u00bb2px\u00bb border_color_top=\u00bb#B3B3B3&#8243; border_style_top=\u00bbdotted\u00bb global_colors_info=\u00bb{}\u00bb][et_pb_column type=\u00bb4_4&#8243; _builder_version=\u00bb4.18.0&#8243; _module_preset=\u00bbdefault\u00bb global_colors_info=\u00bb{}\u00bb][et_pb_text _builder_version=\u00bb4.27.4&#8243; _module_preset=\u00bbdefault\u00bb text_font=\u00bb|600||on|||||\u00bb text_font_size=\u00bb12px\u00bb global_colors_info=\u00bb{}\u00bb]<\/p>\n<p><strong>Laboratorio de Entrevistas. Speed Job Dating<\/strong><\/p>\n<p>[\/et_pb_text][et_pb_gallery gallery_ids=\u00bb2419,2420,2421,2422,2423,2424,2425,2426,2427&#8243; posts_number=\u00bb100&#8243; show_title_and_caption=\u00bboff\u00bb show_pagination=\u00bboff\u00bb zoom_icon_color=\u00bb#FFFFFF\u00bb hover_overlay_color=\u00bbRGBA(255,255,255,0)\u00bb hover_icon=\u00bb&#x50;||divi||400&#8243; _builder_version=\u00bb4.27.4&#8243; _module_preset=\u00bbdefault\u00bb title_font=\u00bb|600||on|||||\u00bb title_font_size=\u00bb11px\u00bb caption_font_size=\u00bb13px\u00bb border_color_top_image=\u00bb#FFFFFF\u00bb global_colors_info=\u00bb{}\u00bb][\/et_pb_gallery][\/et_pb_column][\/et_pb_row][\/et_pb_section][et_pb_section fb_built=\u00bb1&#8243; admin_label=\u00bbSection\u00bb module_id=\u00bbStands\u00bb _builder_version=\u00bb4.18.0&#8243; _module_preset=\u00bbdefault\u00bb custom_margin=\u00bb0px||0px||true|false\u00bb custom_padding=\u00bb0px||0px||true|false\u00bb da_popup_slug=\u00bbStands\u00bb da_disable_devices=\u00bboff|off|off\u00bb global_colors_info=\u00bb{}\u00bb da_is_popup=\u00bboff\u00bb da_exit_intent=\u00bboff\u00bb da_has_close=\u00bbon\u00bb da_alt_close=\u00bboff\u00bb da_dark_close=\u00bboff\u00bb da_not_modal=\u00bbon\u00bb da_is_singular=\u00bboff\u00bb da_with_loader=\u00bboff\u00bb da_has_shadow=\u00bbon\u00bb][et_pb_row use_custom_gutter=\u00bbon\u00bb gutter_width=\u00bb1&#8243; _builder_version=\u00bb4.18.0&#8243; _module_preset=\u00bbdefault\u00bb border_width_top=\u00bb2px\u00bb border_color_top=\u00bb#B3B3B3&#8243; border_style_top=\u00bbdotted\u00bb global_colors_info=\u00bb{}\u00bb locked=\u00bboff\u00bb][et_pb_column type=\u00bb4_4&#8243; _builder_version=\u00bb4.18.0&#8243; _module_preset=\u00bbdefault\u00bb global_colors_info=\u00bb{}\u00bb][et_pb_text _builder_version=\u00bb4.24.1&#8243; _module_preset=\u00bbdefault\u00bb text_font=\u00bb|600||on|||||\u00bb text_font_size=\u00bb12px\u00bb global_colors_info=\u00bb{}\u00bb]<\/p>\n<p><strong>Stands<\/strong><\/p>\n<p>[\/et_pb_text][et_pb_gallery gallery_ids=\u00bb2134,2135,2136,2137,2138,2139,2140,2141,2142,2143,2144,2145,2146,2147,2148,2149,2150,2151,2152,2153,2154,2155,2156,2157,2158,2159,2160,2161,2162,2163,2164,2165,2166,2167,2168,2169,2170,2171,2172,2173,2174,2175,2176,2177,2178,2179,2180,2181,2182,2183,2184,2185,2186,2187,2188,2189,2190,2191,2192,2193,2194,2195,2196,2197,2198,2199,2200,2201,2202,2203,2204,2205,2206,2207,2208,2209,2210,2211,2212,2213,2214,2215,2216,2217,2218,2219,2220,2221,2222,2223,2224,2225,2226,2227,2228,2229,2230,2231,2232,2233,2234,2235,2236,2237,2238,2239,2240,2241,2242,2243,2244,2245,2246,2247,2248,2249,2250,2251,2252,2253,2254,2255,2256,2257,2258,2259,2260,2261,2262,2263,2264,2265,2266,2267,2268,2269,2270,2271,2272,2273,2274&#8243; posts_number=\u00bb100&#8243; show_title_and_caption=\u00bboff\u00bb show_pagination=\u00bboff\u00bb zoom_icon_color=\u00bb#FFFFFF\u00bb hover_overlay_color=\u00bbRGBA(255,255,255,0)\u00bb hover_icon=\u00bb&#x50;||divi||400&#8243; _builder_version=\u00bb4.27.4&#8243; _module_preset=\u00bbdefault\u00bb title_font=\u00bb|600||on|||||\u00bb title_font_size=\u00bb11px\u00bb caption_font_size=\u00bb13px\u00bb border_color_top_image=\u00bb#FFFFFF\u00bb global_colors_info=\u00bb{}\u00bb][\/et_pb_gallery][\/et_pb_column][\/et_pb_row][\/et_pb_section][et_pb_section fb_built=\u00bb1&#8243; _builder_version=\u00bb4.27.4&#8243; _module_preset=\u00bbdefault\u00bb da_disable_devices=\u00bboff|off|off\u00bb global_colors_info=\u00bb{}\u00bb da_is_popup=\u00bboff\u00bb da_exit_intent=\u00bboff\u00bb da_has_close=\u00bbon\u00bb da_alt_close=\u00bboff\u00bb da_dark_close=\u00bboff\u00bb da_not_modal=\u00bbon\u00bb da_is_singular=\u00bboff\u00bb da_with_loader=\u00bboff\u00bb da_has_shadow=\u00bbon\u00bb][et_pb_row _builder_version=\u00bb4.27.4&#8243; _module_preset=\u00bbdefault\u00bb global_colors_info=\u00bb{}\u00bb][et_pb_column type=\u00bb4_4&#8243; _builder_version=\u00bb4.27.4&#8243; _module_preset=\u00bbdefault\u00bb global_colors_info=\u00bb{}\u00bb][et_pb_gallery gallery_ids=\u00bb3019,3018,3022,3020,3028,3023,3021,3024,3025,3027,3026,3031,3029,3030,3038,3033,3032,3034,3035,3036,3037,3039,3040,3041,3042,3043,3044,3045,3046,3047,3048,3049,3051,3052,3050,3053,3054,3055,3056,3058,3057,3059,3060,3061,3062,3064,3063,3067,3065,3066,3068,3069,3070,3072,3071,3074,3073,3075,3077,3076,3078,3079,3080,3081,3082,3083,3084,3086,3085,3087,3088,3089,3091,3090,3092,3093,3094,3095,3096,3097,3098,3099,3100,3102,3101,3103,3104,3105,3106,3107,3108,3109,3110,3111,3113,3112,3114,3115,3116,3119,3117,3118,3120,3121,3122,3123,3124,3126,3127,3125,3128,3129,3130&#8243; _builder_version=\u00bb4.27.4&#8243; _module_preset=\u00bbdefault\u00bb global_colors_info=\u00bb{}\u00bb][\/et_pb_gallery][\/et_pb_column][\/et_pb_row][\/et_pb_section]<\/p>\n","protected":false},"excerpt":{"rendered":"<p>Galer\u00eda de Im\u00e1genes 22 Foro de Empleo de la Universidad de OviedoActo Oficial de Inauguraci\u00f3nActo Oficial de Inauguraci\u00f3nConferencia inaugural \u201cMarca personal en LinkedIn y trabajos del futuro\u201d Ponente: Berta Mateos. Experta en LinkedIn y Marca PersonalJornada final Proyecto Uniovi Innovation SkillsMesas RedondasPresentaciones CorporativasGeneralesAc\u00e9rcate al mundo laboralDesarrolla tus Soft Skills a trave\u0301s del teatroEntrevistas inversasRevisi\u00f3n personalizada [&hellip;]<\/p>\n","protected":false},"author":1,"featured_media":0,"parent":0,"menu_order":0,"comment_status":"closed","ping_status":"closed","template":"","meta":{"_et_pb_use_builder":"on","_et_pb_old_content":"","_et_gb_content_width":"","footnotes":""},"class_list":["post-2131","page","type-page","status-publish","hentry"],"yoast_head":"<!-- This site is optimized with the Yoast SEO plugin v24.5 - https:\/\/yoast.com\/wordpress\/plugins\/seo\/ -->\n<title>Galer\u00eda 22 Foro de Empleo - Foro de Empleo<\/title>\n<meta name=\"robots\" content=\"index, follow, max-snippet:-1, max-image-preview:large, max-video-preview:-1\" \/>\n<link rel=\"canonical\" href=\"https:\/\/www.unioviedo.es\/foro_empleo\/index.php\/galeria-22-foro-de-empleo\/\" \/>\n<meta property=\"og:locale\" content=\"es_ES\" \/>\n<meta property=\"og:type\" content=\"article\" \/>\n<meta property=\"og:title\" content=\"Galer\u00eda 22 Foro de Empleo - Foro de Empleo\" \/>\n<meta property=\"og:description\" content=\"Galer\u00eda de Im\u00e1genes 22 Foro de Empleo de la Universidad de OviedoActo Oficial de Inauguraci\u00f3nActo Oficial de Inauguraci\u00f3nConferencia inaugural \u201cMarca personal en LinkedIn y trabajos del futuro\u201d Ponente: Berta Mateos. Experta en LinkedIn y Marca PersonalJornada final Proyecto Uniovi Innovation SkillsMesas RedondasPresentaciones CorporativasGeneralesAc\u00e9rcate al mundo laboralDesarrolla tus Soft Skills a trave\u0301s del teatroEntrevistas inversasRevisi\u00f3n personalizada [&hellip;]\" \/>\n<meta property=\"og:url\" content=\"https:\/\/www.unioviedo.es\/foro_empleo\/index.php\/galeria-22-foro-de-empleo\/\" \/>\n<meta property=\"og:site_name\" content=\"Foro de Empleo\" \/>\n<meta property=\"article:modified_time\" content=\"2026-04-09T11:10:26+00:00\" \/>\n<meta property=\"og:image\" content=\"https:\/\/www.unioviedo.es\/foro_empleo\/wp-content\/uploads\/2026\/03\/imagen-general.jpg\" \/>\n\t<meta property=\"og:image:width\" content=\"1200\" \/>\n\t<meta property=\"og:image:height\" content=\"675\" \/>\n\t<meta property=\"og:image:type\" content=\"image\/jpeg\" \/>\n<meta name=\"twitter:card\" content=\"summary_large_image\" \/>\n<script type=\"application\/ld+json\" class=\"yoast-schema-graph\">{\"@context\":\"https:\/\/schema.org\",\"@graph\":[{\"@type\":\"WebPage\",\"@id\":\"https:\/\/www.unioviedo.es\/foro_empleo\/index.php\/galeria-22-foro-de-empleo\/\",\"url\":\"https:\/\/www.unioviedo.es\/foro_empleo\/index.php\/galeria-22-foro-de-empleo\/\",\"name\":\"Galer\u00eda 22 Foro de Empleo - Foro de Empleo\",\"isPartOf\":{\"@id\":\"https:\/\/www.unioviedo.es\/foro_empleo\/#website\"},\"datePublished\":\"2025-04-01T12:00:46+00:00\",\"dateModified\":\"2026-04-09T11:10:26+00:00\",\"breadcrumb\":{\"@id\":\"https:\/\/www.unioviedo.es\/foro_empleo\/index.php\/galeria-22-foro-de-empleo\/#breadcrumb\"},\"inLanguage\":\"es\",\"potentialAction\":[{\"@type\":\"ReadAction\",\"target\":[\"https:\/\/www.unioviedo.es\/foro_empleo\/index.php\/galeria-22-foro-de-empleo\/\"]}]},{\"@type\":\"BreadcrumbList\",\"@id\":\"https:\/\/www.unioviedo.es\/foro_empleo\/index.php\/galeria-22-foro-de-empleo\/#breadcrumb\",\"itemListElement\":[{\"@type\":\"ListItem\",\"position\":1,\"name\":\"Portada\",\"item\":\"https:\/\/www.unioviedo.es\/foro_empleo\/\"},{\"@type\":\"ListItem\",\"position\":2,\"name\":\"Galer\u00eda 22 Foro de Empleo\"}]},{\"@type\":\"WebSite\",\"@id\":\"https:\/\/www.unioviedo.es\/foro_empleo\/#website\",\"url\":\"https:\/\/www.unioviedo.es\/foro_empleo\/\",\"name\":\"Foro de Empleo\",\"description\":\"Foro de Empleo de la Universidad de Oviedo. Hacia un empleo verde, digital e inclusivo\",\"publisher\":{\"@id\":\"https:\/\/www.unioviedo.es\/foro_empleo\/#organization\"},\"potentialAction\":[{\"@type\":\"SearchAction\",\"target\":{\"@type\":\"EntryPoint\",\"urlTemplate\":\"https:\/\/www.unioviedo.es\/foro_empleo\/?s={search_term_string}\"},\"query-input\":{\"@type\":\"PropertyValueSpecification\",\"valueRequired\":true,\"valueName\":\"search_term_string\"}}],\"inLanguage\":\"es\"},{\"@type\":\"Organization\",\"@id\":\"https:\/\/www.unioviedo.es\/foro_empleo\/#organization\",\"name\":\"Foro de Empleo\",\"url\":\"https:\/\/www.unioviedo.es\/foro_empleo\/\",\"logo\":{\"@type\":\"ImageObject\",\"inLanguage\":\"es\",\"@id\":\"https:\/\/www.unioviedo.es\/foro_empleo\/#\/schema\/logo\/image\/\",\"url\":\"https:\/\/www.unioviedo.es\/foro_empleo\/wp-content\/uploads\/2022\/08\/20-logo-foro-1.png\",\"contentUrl\":\"https:\/\/www.unioviedo.es\/foro_empleo\/wp-content\/uploads\/2022\/08\/20-logo-foro-1.png\",\"width\":807,\"height\":588,\"caption\":\"Foro de Empleo\"},\"image\":{\"@id\":\"https:\/\/www.unioviedo.es\/foro_empleo\/#\/schema\/logo\/image\/\"}}]}<\/script>\n<!-- \/ Yoast SEO plugin. -->","yoast_head_json":{"title":"Galer\u00eda 22 Foro de Empleo - Foro de Empleo","robots":{"index":"index","follow":"follow","max-snippet":"max-snippet:-1","max-image-preview":"max-image-preview:large","max-video-preview":"max-video-preview:-1"},"canonical":"https:\/\/www.unioviedo.es\/foro_empleo\/index.php\/galeria-22-foro-de-empleo\/","og_locale":"es_ES","og_type":"article","og_title":"Galer\u00eda 22 Foro de Empleo - Foro de Empleo","og_description":"Galer\u00eda de Im\u00e1genes 22 Foro de Empleo de la Universidad de OviedoActo Oficial de Inauguraci\u00f3nActo Oficial de Inauguraci\u00f3nConferencia inaugural \u201cMarca personal en LinkedIn y trabajos del futuro\u201d Ponente: Berta Mateos. Experta en LinkedIn y Marca PersonalJornada final Proyecto Uniovi Innovation SkillsMesas RedondasPresentaciones CorporativasGeneralesAc\u00e9rcate al mundo laboralDesarrolla tus Soft Skills a trave\u0301s del teatroEntrevistas inversasRevisi\u00f3n personalizada [&hellip;]","og_url":"https:\/\/www.unioviedo.es\/foro_empleo\/index.php\/galeria-22-foro-de-empleo\/","og_site_name":"Foro de Empleo","article_modified_time":"2026-04-09T11:10:26+00:00","og_image":[{"width":1200,"height":675,"url":"https:\/\/www.unioviedo.es\/foro_empleo\/wp-content\/uploads\/2026\/03\/imagen-general.jpg","type":"image\/jpeg"}],"twitter_card":"summary_large_image","schema":{"@context":"https:\/\/schema.org","@graph":[{"@type":"WebPage","@id":"https:\/\/www.unioviedo.es\/foro_empleo\/index.php\/galeria-22-foro-de-empleo\/","url":"https:\/\/www.unioviedo.es\/foro_empleo\/index.php\/galeria-22-foro-de-empleo\/","name":"Galer\u00eda 22 Foro de Empleo - Foro de Empleo","isPartOf":{"@id":"https:\/\/www.unioviedo.es\/foro_empleo\/#website"},"datePublished":"2025-04-01T12:00:46+00:00","dateModified":"2026-04-09T11:10:26+00:00","breadcrumb":{"@id":"https:\/\/www.unioviedo.es\/foro_empleo\/index.php\/galeria-22-foro-de-empleo\/#breadcrumb"},"inLanguage":"es","potentialAction":[{"@type":"ReadAction","target":["https:\/\/www.unioviedo.es\/foro_empleo\/index.php\/galeria-22-foro-de-empleo\/"]}]},{"@type":"BreadcrumbList","@id":"https:\/\/www.unioviedo.es\/foro_empleo\/index.php\/galeria-22-foro-de-empleo\/#breadcrumb","itemListElement":[{"@type":"ListItem","position":1,"name":"Portada","item":"https:\/\/www.unioviedo.es\/foro_empleo\/"},{"@type":"ListItem","position":2,"name":"Galer\u00eda 22 Foro de Empleo"}]},{"@type":"WebSite","@id":"https:\/\/www.unioviedo.es\/foro_empleo\/#website","url":"https:\/\/www.unioviedo.es\/foro_empleo\/","name":"Foro de Empleo","description":"Foro de Empleo de la Universidad de Oviedo. Hacia un empleo verde, digital e inclusivo","publisher":{"@id":"https:\/\/www.unioviedo.es\/foro_empleo\/#organization"},"potentialAction":[{"@type":"SearchAction","target":{"@type":"EntryPoint","urlTemplate":"https:\/\/www.unioviedo.es\/foro_empleo\/?s={search_term_string}"},"query-input":{"@type":"PropertyValueSpecification","valueRequired":true,"valueName":"search_term_string"}}],"inLanguage":"es"},{"@type":"Organization","@id":"https:\/\/www.unioviedo.es\/foro_empleo\/#organization","name":"Foro de Empleo","url":"https:\/\/www.unioviedo.es\/foro_empleo\/","logo":{"@type":"ImageObject","inLanguage":"es","@id":"https:\/\/www.unioviedo.es\/foro_empleo\/#\/schema\/logo\/image\/","url":"https:\/\/www.unioviedo.es\/foro_empleo\/wp-content\/uploads\/2022\/08\/20-logo-foro-1.png","contentUrl":"https:\/\/www.unioviedo.es\/foro_empleo\/wp-content\/uploads\/2022\/08\/20-logo-foro-1.png","width":807,"height":588,"caption":"Foro de Empleo"},"image":{"@id":"https:\/\/www.unioviedo.es\/foro_empleo\/#\/schema\/logo\/image\/"}}]}},"jetpack_sharing_enabled":true,"_links":{"self":[{"href":"https:\/\/www.unioviedo.es\/foro_empleo\/index.php\/wp-json\/wp\/v2\/pages\/2131","targetHints":{"allow":["GET"]}}],"collection":[{"href":"https:\/\/www.unioviedo.es\/foro_empleo\/index.php\/wp-json\/wp\/v2\/pages"}],"about":[{"href":"https:\/\/www.unioviedo.es\/foro_empleo\/index.php\/wp-json\/wp\/v2\/types\/page"}],"author":[{"embeddable":true,"href":"https:\/\/www.unioviedo.es\/foro_empleo\/index.php\/wp-json\/wp\/v2\/users\/1"}],"replies":[{"embeddable":true,"href":"https:\/\/www.unioviedo.es\/foro_empleo\/index.php\/wp-json\/wp\/v2\/comments?post=2131"}],"version-history":[{"count":20,"href":"https:\/\/www.unioviedo.es\/foro_empleo\/index.php\/wp-json\/wp\/v2\/pages\/2131\/revisions"}],"predecessor-version":[{"id":3136,"href":"https:\/\/www.unioviedo.es\/foro_empleo\/index.php\/wp-json\/wp\/v2\/pages\/2131\/revisions\/3136"}],"wp:attachment":[{"href":"https:\/\/www.unioviedo.es\/foro_empleo\/index.php\/wp-json\/wp\/v2\/media?parent=2131"}],"curies":[{"name":"wp","href":"https:\/\/api.w.org\/{rel}","templated":true}]}}