{"id":2495,"date":"2025-10-23T09:53:49","date_gmt":"2025-10-23T09:53:49","guid":{"rendered":"https:\/\/www.unioviedo.es\/foro_empleo\/?page_id=2495"},"modified":"2026-02-26T15:44:47","modified_gmt":"2026-02-26T15:44:47","slug":"23-foro-de-empleo-universidad-de-oviedo","status":"publish","type":"page","link":"https:\/\/www.unioviedo.es\/foro_empleo\/","title":{"rendered":"23 FORO DE EMPLEO"},"content":{"rendered":"<p>[et_pb_section fb_built=\u00bb1&#8243; admin_label=\u00bbSection\u00bb _builder_version=\u00bb4.24.1&#8243; _module_preset=\u00bbdefault\u00bb da_disable_devices=\u00bboff|off|off\u00bb global_colors_info=\u00bb{}\u00bb da_is_popup=\u00bboff\u00bb da_exit_intent=\u00bboff\u00bb da_has_close=\u00bbon\u00bb da_alt_close=\u00bboff\u00bb da_dark_close=\u00bboff\u00bb da_not_modal=\u00bbon\u00bb da_is_singular=\u00bboff\u00bb da_with_loader=\u00bboff\u00bb da_has_shadow=\u00bbon\u00bb][et_pb_row _builder_version=\u00bb4.24.1&#8243; _module_preset=\u00bbdefault\u00bb custom_margin=\u00bb0px||0px||true|false\u00bb custom_padding=\u00bb0px||0px||true|false\u00bb global_colors_info=\u00bb{}\u00bb][et_pb_column type=\u00bb4_4&#8243; _builder_version=\u00bb4.16&#8243; _module_preset=\u00bbdefault\u00bb global_colors_info=\u00bb{}\u00bb][et_pb_image src=\u00bbhttps:\/\/www.unioviedo.es\/foro_empleo\/wp-content\/uploads\/2025\/10\/ForoEmpleo_Banner_964x306_2026.jpg\u00bb title_text=\u00bbForoEmpleo_Banner_964x306_2026&#8243; align=\u00bbcenter\u00bb _builder_version=\u00bb4.27.4&#8243; _module_preset=\u00bbdefault\u00bb global_colors_info=\u00bb{}\u00bb][\/et_pb_image][\/et_pb_column][\/et_pb_row][et_pb_row _builder_version=\u00bb4.16&#8243; global_colors_info=\u00bb{}\u00bb][et_pb_column type=\u00bb4_4&#8243; _builder_version=\u00bb4.16&#8243; custom_padding=\u00bb|||\u00bb global_colors_info=\u00bb{}\u00bb custom_padding__hover=\u00bb|||\u00bb][et_pb_text _builder_version=\u00bb4.24.1&#8243; text_font=\u00bbMontserrat||||||||\u00bb text_text_color=\u00bb#000000&#8243; text_line_height=\u00bb2em\u00bb ul_font=\u00bb||||||||\u00bb header_font=\u00bbRoboto|700|||||||\u00bb header_text_align=\u00bbcenter\u00bb header_font_size=\u00bb80px\u00bb header_line_height=\u00bb1.2em\u00bb header_3_font=\u00bbRoboto|700||on|||||\u00bb header_3_text_align=\u00bbcenter\u00bb header_3_text_color=\u00bb#ffffff\u00bb header_3_font_size=\u00bb24px\u00bb header_3_letter_spacing=\u00bb10px\u00bb header_3_line_height=\u00bb2em\u00bb text_orientation=\u00bbcenter\u00bb background_layout=\u00bbdark\u00bb module_alignment=\u00bbcenter\u00bb text_font_size_last_edited=\u00bboff|desktop\u00bb header_font_size_tablet=\u00bb40px\u00bb header_font_size_phone=\u00bb32px\u00bb header_font_size_last_edited=\u00bbon|phone\u00bb header_3_font_size_tablet=\u00bb16px\u00bb header_3_font_size_phone=\u00bb14px\u00bb header_3_font_size_last_edited=\u00bbon|phone\u00bb header_3_letter_spacing_tablet=\u00bb5px\u00bb header_3_letter_spacing_phone=\u00bb\u00bb header_3_letter_spacing_last_edited=\u00bbon|tablet\u00bb global_colors_info=\u00bb{}\u00bb]<\/p>\n<p>El Foro ofrece un <strong>espacio de encuentro<\/strong> e intercambio de experiencias y conocimientos entre <strong>empresas, instituciones, estudiantes y personas egresadas de la Universidad de Oviedo<\/strong>.<\/p>\n<p>El Foro de Empleo es <strong>una apuesta de la Universidad de Oviedo<\/strong> por la transferencia de talento como v\u00eda para aumentar el impacto de la instituci\u00f3n sobre la sociedad, construyendo puentes entre las aulas y el mercado laboral. <strong>Invertir en talento joven es invertir en un futuro mejor.<\/strong><\/p>\n<p>[\/et_pb_text][\/et_pb_column][\/et_pb_row][et_pb_row _builder_version=\u00bb4.27.4&#8243; _module_preset=\u00bbdefault\u00bb][et_pb_column _builder_version=\u00bb4.27.4&#8243; _module_preset=\u00bbdefault\u00bb type=\u00bb4_4&#8243;][et_pb_accordion open_toggle_background_color=\u00bbRGBA(255,255,255,0)\u00bb closed_toggle_background_color=\u00bbRGBA(255,255,255,0)\u00bb toggle_icon=\u00bb&#x22;||divi||400&#8243; icon_color=\u00bb#000000&#8243; use_icon_font_size=\u00bbon\u00bb icon_font_size=\u00bb32px\u00bb _builder_version=\u00bb4.27.4&#8243; _module_preset=\u00bbdefault\u00bb toggle_text_color=\u00bb#1b1b1b\u00bb toggle_font=\u00bbAlmarai|700|||||||\u00bb toggle_font_size=\u00bb50px\u00bb toggle_line_height=\u00bb1.2em\u00bb body_font=\u00bbLato||||||||\u00bb body_text_color=\u00bb#000000&#8243; body_font_size=\u00bb18px\u00bb body_line_height=\u00bb1.6em\u00bb background_enable_color=\u00bboff\u00bb custom_margin=\u00bb30px||||false|false\u00bb hover_enabled=\u00bb0&#8243; toggle_font_size_tablet=\u00bb32px\u00bb toggle_font_size_phone=\u00bb20px\u00bb toggle_font_size_last_edited=\u00bbon|desktop\u00bb body_font_size_tablet=\u00bb16px\u00bb body_font_size_phone=\u00bb14px\u00bb body_font_size_last_edited=\u00bbon|desktop\u00bb border_width_all=\u00bb0px\u00bb global_colors_info=\u00bb{%22gcid-2739a123-5e26-4669-a77f-62833b73033a%22:%91%22header_2_text_color%22,%22toggle_text_color%22%93,%22gcid-c609dac7-62ed-45e4-8b50-ceb0013ca03d%22:%91%22background_color%22%93}\u00bb locked=\u00bboff\u00bb sticky_enabled=\u00bb0&#8243;][et_pb_accordion_item title=\u00bbINHABILITADO\u00bb open=\u00bboff\u00bb _builder_version=\u00bb4.24.1&#8243; _module_preset=\u00bbdefault\u00bb custom_css_main_element=\u00bbdisplay:none\u00bb global_colors_info=\u00bb{}\u00bb][\/et_pb_accordion_item][et_pb_accordion_item title=\u00bbInscr\u00edbete\u00bb open_toggle_text_color=\u00bb#000000&#8243; open_toggle_background_color=\u00bbgcid-c609dac7-62ed-45e4-8b50-ceb0013ca03d\u00bb closed_toggle_background_color=\u00bbgcid-primary-color\u00bb _builder_version=\u00bb4.27.4&#8243; _module_preset=\u00bbdefault\u00bb body_link_text_color=\u00bbgcid-9b3fdd7f-77b8-4cfd-bc05-605d46624de0&#8243; custom_margin=\u00bb||10px||false|false\u00bb custom_padding=\u00bb20px|30px|20px|30px|true|true\u00bb custom_padding_tablet=\u00bb20px|30px|20px|30px|true|true\u00bb custom_padding_phone=\u00bb20px|20px|20px|20px|true|true\u00bb custom_padding_last_edited=\u00bbon|phone\u00bb hover_enabled=\u00bb0&#8243; border_radii=\u00bbon|50px|50px|50px|50px\u00bb global_colors_info=\u00bb{%22gcid-9b3fdd7f-77b8-4cfd-bc05-605d46624de0%22:%91%22body_link_text_color%22%93,%22gcid-c609dac7-62ed-45e4-8b50-ceb0013ca03d%22:%91%22open_toggle_background_color%22%93,%22gcid-primary-color%22:%91%22closed_toggle_background_color%22%93}\u00bb toggle_text_color=\u00bb#FFFFFF\u00bb open=\u00bbon\u00bb sticky_enabled=\u00bb0&#8243;]<\/p>\n<p class=\"p1\" style=\"text-align: left;\"><b>INSCR\u00cdBETE PARA PARTICIPAR EN LAS ACTIVIDADES DEL PROGRAMA <\/b><\/p>\n<p class=\"p2\">Consulta cu\u00e1les ser\u00e1n los horarios disponibles y planifica tu participaci\u00f3n en el 23 Foro de Empleo. Todas las conferencias, talleres y actividades requieren de inscripci\u00f3n previa.<\/p>\n<p class=\"p2\"><span class=\"s1\">\u26a0\ufe0f<\/span><b> Importante: Las plazas son limitadas.<\/b> Si te inscribes a varias actividades, aseg\u00farate de que no coincidan en d\u00eda y hora.<\/p>\n<p class=\"p3\"><span class=\"s2\"><b>SALA DE CONFERENCIAS<\/b><\/span><\/p>\n<p class=\"p4\"><span class=\"s3\"><b>18 marzo. <\/b><\/span><b>16.30h<\/b>\u00a0\u201cEstrategias de \u00e9xito para buscar empleo en LinkedIn\u201d<span class=\"s3\">. <\/span><\/p>\n<p class=\"p5\"><span class=\"s4\">Reserva aqu\u00ed tu plaza. \u00a0 <a href=\"https:\/\/forms.gle\/qzz6YSe3AfswLKvD7\"><span class=\"s5\">https:\/\/forms.gle\/qzz6YSe3AfswLKvD7<\/span><\/a><\/span><\/p>\n<p class=\"p6\"><b>18 marzo. 17.30h.<\/b>\u00a0\u201cTodo lo que debo saber para firmar mi primer contrato de trabajo\u201d<\/p>\n<p class=\"p5\"><span class=\"s4\">Reserva aqu\u00ed tu plaza: <a href=\"https:\/\/forms.gle\/LZgC8xHL7wAeEx5F7\"><span class=\"s5\">https:\/\/forms.gle\/LZgC8xHL7wAeEx5F7<\/span><\/a><\/span><\/p>\n<p class=\"p6\"><b>19 mar 10.00-11.00h.<\/b> Buscar empleo en 2026: Herramientas y estrategias que funcionan.<\/p>\n<p class=\"p5\"><span class=\"s4\">Reserva aqu\u00ed tu plaza: <a href=\"https:\/\/forms.gle\/noJTd2fatkPyDd3fA\"><span class=\"s5\">https:\/\/forms.gle\/noJTd2fatkPyDd3fA<\/span><\/a><\/span><\/p>\n<p class=\"p6\"><b>19 mar 11.00-12.00h<\/b>. \u201cIA y Empleabilidad: C\u00f3mo usar la Inteligencia Artificial para Impulsar tu Carrera Profesional\u201d<\/p>\n<p class=\"p5\"><span class=\"s4\">Reserva aqu\u00ed tu plaza: <a href=\"https:\/\/forms.gle\/UKei7k2iaUkBF3oS6\"><span class=\"s5\">https:\/\/forms.gle\/UKei7k2iaUkBF3oS6<\/span><\/a><\/span><\/p>\n<p class=\"p7\"><b><\/b><\/p>\n<p class=\"p6\"><b>19 mar 12.00-13.00h.<\/b> Del Aula al Mundo Laboral: Gu\u00eda de Permisos y Residencia para Talento Internacional<\/p>\n<p class=\"p5\"><span class=\"s4\">Reserva aqu\u00ed tu plaza: <a href=\"https:\/\/forms.gle\/dtTGDHFaB9gC7mXY8\"><span class=\"s5\">https:\/\/forms.gle\/dtTGDHFaB9gC7mXY8<\/span><\/a><\/span><\/p>\n<p class=\"p8\"><span class=\"s2\"><b><\/b><\/span><\/p>\n<p class=\"p3\"><span class=\"s2\"><b>BRANDING POINT<\/b><\/span><\/p>\n<p class=\"p9\"><b>Revisi\u00f3n de CV y Perfil de LinkedIn<\/b><b><\/b><\/p>\n<p class=\"p2\">D\u00edas: 18 y 19 de marzo Turnos de atenci\u00f3n:<\/p>\n<ul class=\"ul1\">\n<li class=\"li11\"><span class=\"s6\"><\/span>Ma\u00f1ana: de 10:30 a 11:30 h.<\/li>\n<li class=\"li11\"><span class=\"s6\"><\/span>Tarde: de 17:00 a 18:00 h.<\/li>\n<\/ul>\n<p class=\"p2\"><span class=\"s1\">\ud83d\udd0d<\/span><b> \u00bfC\u00f3mo funcionar\u00e1 el espacio?<\/b><\/p>\n<p class=\"p4\">Para que el flujo sea \u00e1gil y aproveches al m\u00e1ximo el tiempo, la zona estar\u00e1 organizada de la siguiente manera:<\/p>\n<ul class=\"ul1\">\n<li class=\"li11\"><span class=\"s6\"><\/span>Puntos de atenci\u00f3n: dispondremos de 10 puestos para la revisi\u00f3n de CV y 10 puestos para la mejora del perfil de LinkedIn.<\/li>\n<li class=\"li11\"><span class=\"s6\"><\/span>Asesor\u00eda personalizada: en cada turno de una hora, cada profesional de RRHH atender\u00e1 de forma individual a 3 personas (aproximadamente 20 minutos por sesi\u00f3n).<\/li>\n<\/ul>\n<p class=\"p4\"><span class=\"s1\">\ud83d\udca1<\/span><b> Consejo:<\/b> Trae tu CV impreso o en un dispositivo digital y ten abierta tu sesi\u00f3n de LinkedIn para agilizar la revisi\u00f3n.<\/p>\n<p class=\"p2\"><span class=\"s1\">\ud83d\udcdd<\/span><b> \u00bfC\u00f3mo participar? Pasos para tu inscripci\u00f3n<\/b><\/p>\n<p class=\"p2\">Para disfrutar de estos servicios gratuitos, es necesario realizar una inscripci\u00f3n previa siguiendo estos pasos:<\/p>\n<ul class=\"ul1\">\n<li class=\"li13\"><span class=\"s6\"><\/span><b>Inscr\u00edbete y facilita tu CV o perfil: <\/b>Antes de completar el formulario ten preparado tu CV o el enlace a tu perfil de LinkedIn. Necesitamos asegurarnos de que ya tienes un documento o una cuenta creada para poder trabajar sobre ello y sacarle el m\u00e1ximo partido a las sesiones.<\/li>\n<li class=\"li13\"><span class=\"s6\"><\/span><b>Recogida de turnos:<\/b> Para confirmar tu asistencia y organizar el acceso de forma \u00e1gil, durante el evento deber\u00e1s pasarte por el stand de la FUO (Fundaci\u00f3n Universidad de Oviedo) para recoger tu turno f\u00edsico al menos 15 minutos de antelaci\u00f3n a la hora de inicio del servicio.<\/li>\n<li class=\"li13\"><span class=\"s6\"><\/span><b>Acceso al servicio:<\/b> Una vez tengas tu turno, podr\u00e1s dirigirte a la Zona Branding Point en el horario asignado.<\/li>\n<\/ul>\n<p class=\"p2\"><b>ENLACES DE INSCRIPCI\u00d3N<\/b><\/p>\n<p class=\"p14\"><span class=\"s4\">\u2022<span class=\"Apple-tab-span\"> <\/span>Revisi\u00f3n de CV<span class=\"Apple-converted-space\">\u00a0 <\/span><a href=\"https:\/\/forms.gle\/ex2zfxtLD6qjugFx8\"><span class=\"s7\">https:\/\/forms.gle\/ex2zfxtLD6qjugFx8<\/span><\/a><\/span><\/p>\n<p class=\"p14\"><span class=\"s4\">\u2022<span class=\"Apple-tab-span\"> <\/span>Revisi\u00f3n de LinkedIn <a href=\"https:\/\/forms.gle\/Jve8s4trSnxwjY477\"><span class=\"s7\">https:\/\/forms.gle\/Jve8s4trSnxwjY477<\/span><\/a><\/span><\/p>\n<p class=\"p15\"><span class=\"s2\"><b><\/b><\/span><\/p>\n<p class=\"p9\"><span class=\"s2\"><b>HORARIOS: INTERVIEW SKILLS POINT<\/b><\/span><\/p>\n<p class=\"p16\"><b>Speed Job Dating<\/b><\/p>\n<table cellspacing=\"0\" cellpadding=\"0\" class=\"t1\">\n<tbody>\n<tr>\n<td valign=\"top\" class=\"td1\">\n<p class=\"p17\"><b>Turnos 18 marzo<\/b><b><\/b><\/p>\n<\/td>\n<td valign=\"top\" class=\"td2\">\n<p class=\"p18\"><b>Turnos 19 marzo<\/b><b><\/b><\/p>\n<\/td>\n<\/tr>\n<tr>\n<td valign=\"top\" class=\"td3\">\n<ul class=\"ul1\">\n<li class=\"li19\"><span class=\"s8\"><\/span>11:00 a 12:00h.<\/li>\n<li class=\"li19\"><span class=\"s8\"><\/span>16:30-17:30h.<\/li>\n<li class=\"li19\"><span class=\"s8\"><\/span>17:30-18:30h.<\/li>\n<\/ul>\n<\/td>\n<td valign=\"middle\" class=\"td4\">\n<ul class=\"ul1\">\n<li class=\"li19\"><span class=\"s8\"><\/span>11:00-12:00h.<\/li>\n<li class=\"li19\"><span class=\"s8\"><\/span>12:00-13:00h.<\/li>\n<li class=\"li19\"><span class=\"s8\"><\/span>16:30-17:30h.<\/li>\n<\/ul>\n<\/td>\n<\/tr>\n<\/tbody>\n<\/table>\n<p class=\"p20\"><b><\/b><\/p>\n<p class=\"p16\"><b>Entrevistas Inversas<\/b><\/p>\n<table cellspacing=\"0\" cellpadding=\"0\" class=\"t1\">\n<tbody>\n<tr>\n<td valign=\"top\" class=\"td1\">\n<p class=\"p17\"><b>Turnos 18 marzo<\/b><b><\/b><\/p>\n<\/td>\n<td valign=\"top\" class=\"td2\">\n<p class=\"p18\"><b>Turnos 19 marzo<\/b><b><\/b><\/p>\n<\/td>\n<\/tr>\n<tr>\n<td valign=\"top\" class=\"td5\">\n<ul class=\"ul1\">\n<li class=\"li19\"><span class=\"s8\"><\/span>12:00-13:00h.<\/li>\n<\/ul>\n<\/td>\n<td valign=\"middle\" class=\"td6\">\n<ul class=\"ul1\">\n<li class=\"li19\"><span class=\"s8\"><\/span>17:00-18:00 horas<\/li>\n<\/ul>\n<\/td>\n<\/tr>\n<\/tbody>\n<\/table>\n<p class=\"p2\"><span class=\"s1\">\ud83d\udd0d<\/span><b> \u00bfC\u00f3mo funcionar\u00e1 la actividad?<\/b><\/p>\n<ul class=\"ul1\">\n<li class=\"li2\"><span class=\"s6\"><\/span><b>Speed Job Dating: <\/b><\/li>\n<ul class=\"ul1\">\n<li class=\"li2\"><span class=\"s9\"><\/span>Plazas por sesi\u00f3n: 6 personas, con lista de reserva.<\/li>\n<li class=\"li4\"><span class=\"s9\"><\/span>Tiempo de entrevista con cada empresa: 10 minutos.<\/li>\n<li class=\"li4\"><span class=\"s9\"><\/span>Una vez finalices la entrevista con una empresa, pasar\u00e1s al siguiente puesto.<\/li>\n<li class=\"li4\"><span class=\"s9\"><\/span>Control de tiempos: el personal de organizaci\u00f3n se encargar\u00e1 de avisar en cada turno para que la rotaci\u00f3n sea fluida.<\/li>\n<\/ul>\n<\/ul>\n<ul class=\"ul1\">\n<li class=\"li2\"><span class=\"s6\"><\/span><b>Entrevista Inversa: <\/b><\/li>\n<ul class=\"ul1\">\n<li class=\"li2\"><span class=\"s9\"><\/span>Plazas por sesi\u00f3n: 9 personas, con lista de reserva, con las siguientes titulaciones.<\/li>\n<ul class=\"ul2\">\n<li class=\"li2\"><span class=\"s10\"><\/span>3 perfiles t\u00e9cnicos<\/li>\n<li class=\"li2\"><span class=\"s10\"><\/span>3 perfiles socio-jur\u00eddicos o de Humanidades<\/li>\n<li class=\"li2\"><span class=\"s10\"><\/span>3 perfiles de Ciencias<\/li>\n<\/ul>\n<li class=\"li2\"><span class=\"s9\"><\/span>Entrevistar\u00e1s a 3 empresas por sesi\u00f3n.<\/li>\n<li class=\"li4\"><span class=\"s9\"><\/span>Dispondr\u00e1s de 20 minutos por empresa.<\/li>\n<li class=\"li2\"><span class=\"s9\"><\/span>Control de tiempos: el personal de organizaci\u00f3n se encargar\u00e1 de avisar en cada turno para que la rotaci\u00f3n sea fluida.<\/li>\n<\/ul>\n<\/ul>\n<p class=\"p6\"><b>ENLACES PARA INSCRIPCIONES<\/b><\/p>\n<p class=\"p24\"><span class=\"s11\"><b>Speed Job<\/b> <b>Dating<\/b><\/span><span class=\"s4\">: <a href=\"https:\/\/forms.gle\/VvqV555FdcHjM8eD8\"><span class=\"s7\">https:\/\/forms.gle\/VvqV555FdcHjM8eD8<\/span><\/a><\/span><\/p>\n<p class=\"p23\"><span class=\"s2\"><b><\/b><\/span><\/p>\n<p class=\"p11\"><span class=\"s2\"><b>Entrevistas Inversas: <\/b><\/span><\/p>\n<ul class=\"ul1\">\n<li class=\"li24\"><span class=\"s12\"><\/span><span class=\"s4\">Titulaciones t\u00e9cnicas: <a href=\"https:\/\/forms.gle\/AguZ3qKSqzwZHSFv8\"><span class=\"s7\">https:\/\/forms.gle\/AguZ3qKSqzwZHSFv8<\/span><\/a><\/span><\/li>\n<li class=\"li11\"><span class=\"s6\"><\/span>Titulaciones socio-jur\u00eddicas o Humanidades: <a href=\"https:\/\/forms.gle\/1C8Rt7DbgB6r6GGK9\"><span class=\"s5\">https:\/\/forms.gle\/1C8Rt7DbgB6r6GGK9<\/span><\/a><\/li>\n<li class=\"li24\"><span class=\"s12\"><\/span><span class=\"s4\">Titulaciones ciencias: <a href=\"https:\/\/forms.gle\/pFoEy36m4hCn7nRx6\"><span class=\"s7\">https:\/\/forms.gle\/pFoEy36m4hCn7nRx6<\/span><\/a><\/span><\/li>\n<\/ul>\n<p class=\"p9\"><span class=\"s2\"><b>HORARIOS: \u201cUN CAF\u00c9 CON\u2026\u201d<\/b><\/span><\/p>\n<p class=\"p15\"><span class=\"s2\"><b><\/b><\/span><\/p>\n<table cellspacing=\"0\" cellpadding=\"0\" class=\"t1\">\n<tbody>\n<tr>\n<td valign=\"middle\" class=\"td7\">\n<p class=\"p25\"><span class=\"s13\"><b>D\u00eda 18 de marzo<\/b><b><\/b><\/span><\/p>\n<\/td>\n<td valign=\"middle\" class=\"td8\">\n<p class=\"p25\"><span class=\"s13\"><b>D\u00eda 19 de marzo<\/b><b><\/b><\/span><\/p>\n<\/td>\n<\/tr>\n<tr>\n<td valign=\"top\" class=\"td9\">\n<p class=\"p4\">10:20h. Serveo<\/p>\n<p class=\"p4\">10:40h. Corteva<\/p>\n<p class=\"p4\">11:00h. Fundaci\u00f3n Inserta Empleo<\/p>\n<p class=\"p4\">11:20h. Iff Nutrition<\/p>\n<p class=\"p4\">11:40h. Seresco<\/p>\n<p class=\"p4\">13:00h. Edp<\/p>\n<p class=\"p4\">16:40h. Alimerka<\/p>\n<p class=\"p4\">17:00h. Volkswagen<\/p>\n<p class=\"p4\">17:20h. Unicaja<\/p>\n<p class=\"p4\">17:40h. DXC Technology Spain<\/p>\n<p class=\"p4\">18:00h. Abanca<\/p>\n<p class=\"p26\">\n<\/td>\n<td valign=\"top\" class=\"td10\">\n<p class=\"p4\">10:20h. Agencia Local de Promoci\u00f3n Econ\u00f3mica y Empleo de Gij\u00f3n<\/p>\n<p class=\"p4\">10:40h. General Dinamycs<\/p>\n<p class=\"p4\">11:00h. Capsa<\/p>\n<p class=\"p4\">11:20h. Caja Rural de Asturias<\/p>\n<p class=\"p4\">12:00h. Arcelormittal<\/p>\n<p class=\"p4\">12:20h. Capgemini<\/p>\n<p class=\"p4\">12:40h. Amazon<\/p>\n<p class=\"p4\">13:00h. Ekc Quiny<\/p>\n<p class=\"p4\">16:40h. Leroy Merlin<\/p>\n<p class=\"p4\">17:00h. TKE<\/p>\n<p class=\"p4\">17:20h. Rhi Magnesita<\/p>\n<p class=\"p4\">17:40h. Mecalux<\/p>\n<p class=\"p4\">18:00h. Samoa Industrial<\/p>\n<p class=\"p27\"><span class=\"s2\"><b><\/b><\/span><\/p>\n<\/td>\n<\/tr>\n<\/tbody>\n<\/table>\n<p class=\"p2\"><span class=\"s2\"><b>\u00bfC\u00f3mo funcionar\u00e1 esta actividad?<\/b><\/span><\/p>\n<p class=\"p15\"><span class=\"s2\"><b><\/b><\/span><\/p>\n<ul class=\"ul1\">\n<li class=\"li2\"><span class=\"s6\"><\/span>Sesiones din\u00e1micas: encuentros r\u00e1pidos de 20 minutos.<\/li>\n<li class=\"li2\"><span class=\"s6\"><\/span>Formato abierto: las empresas expondr\u00e1n su actividad de forma breve para dar paso a vuestras preguntas e inquietudes.<\/li>\n<li class=\"li2\"><span class=\"s6\"><\/span>Capacidad: el espacio cuenta con asientos para 40 personas por sesi\u00f3n.<\/li>\n<li class=\"li2\"><span class=\"s6\"><\/span>Reserva de plaza: deber\u00e1s inscribirte para participar a esta actividad. Si te quedas sin plaza, no te preocupes, p\u00e1sate por all\u00ed \u00a1puedes unirte y participar de pie hasta completar el aforo de la sala!<\/li>\n<\/ul>\n<p class=\"p5\"><span class=\"s4\"><b>Reserva aqu\u00ed tu plaza<\/b>: <a href=\"https:\/\/forms.gle\/ZsJy9nGgVaQaSCXE9\"><span class=\"s5\">https:\/\/forms.gle\/ZsJy9nGgVaQaSCXE9<\/span><\/a><\/span><\/p>\n<p>[\/et_pb_accordion_item][\/et_pb_accordion][\/et_pb_column][\/et_pb_row][\/et_pb_section][et_pb_section fb_built=\u00bb1&#8243; admin_label=\u00bbSection\u00bb module_id=\u00bbInscripcion\u00bb _builder_version=\u00bb4.24.1&#8243; _module_preset=\u00bbdefault\u00bb background_color=\u00bbgcid-e5d7626d-237b-4a11-abac-a2efc83cff33&#8243; da_popup_slug=\u00bbInscripcion\u00bb da_disable_devices=\u00bboff|off|off\u00bb global_colors_info=\u00bb{%22gcid-e5d7626d-237b-4a11-abac-a2efc83cff33%22:%91%22background_color%22%93}\u00bb da_is_popup=\u00bboff\u00bb da_exit_intent=\u00bboff\u00bb da_has_close=\u00bbon\u00bb da_alt_close=\u00bboff\u00bb da_dark_close=\u00bboff\u00bb da_not_modal=\u00bbon\u00bb da_is_singular=\u00bboff\u00bb da_with_loader=\u00bboff\u00bb da_has_shadow=\u00bbon\u00bb][et_pb_row column_structure=\u00bb1_2,1_2&#8243; _builder_version=\u00bb4.24.1&#8243; _module_preset=\u00bbdefault\u00bb global_colors_info=\u00bb{}\u00bb][et_pb_column type=\u00bb1_2&#8243; _builder_version=\u00bb4.24.1&#8243; _module_preset=\u00bbdefault\u00bb global_colors_info=\u00bb{}\u00bb][et_pb_icon font_icon=\u00bb&#xf232;||fa||400&#8243; icon_color=\u00bb#FFFFFF\u00bb icon_width=\u00bb50px\u00bb align=\u00bbleft\u00bb _builder_version=\u00bb4.24.1&#8243; _module_preset=\u00bbdefault\u00bb custom_margin=\u00bb||13px|||\u00bb global_colors_info=\u00bb{}\u00bb][\/et_pb_icon][et_pb_text _builder_version=\u00bb4.27.4&#8243; _module_preset=\u00bbdefault\u00bb text_text_color=\u00bb#000000&#8243; header_2_font=\u00bbMontserrat|900|||||||\u00bb header_2_text_color=\u00bb#FFFFFF\u00bb header_2_font_size=\u00bb35px\u00bb header_3_font=\u00bbMontserrat|700||on|||||\u00bb background_layout=\u00bbdark\u00bb global_colors_info=\u00bb{}\u00bb]<\/p>\n<h2>Sigue el canal de 23 Foro de Empleo de la Universidad de Oviedo en WhatsApp<\/h2>\n<p>[\/et_pb_text][\/et_pb_column][et_pb_column type=\u00bb1_2&#8243; _builder_version=\u00bb4.24.1&#8243; _module_preset=\u00bbdefault\u00bb global_colors_info=\u00bb{}\u00bb][et_pb_image src=\u00bbhttps:\/\/www.unioviedo.es\/foro_empleo\/wp-content\/uploads\/2025\/02\/Captura-de-pantalla-2025-02-07-a-las-14.33.55.png\u00bb title_text=\u00bbCaptura de pantalla 2025-02-07 a las 14.33.55&#8243; url=\u00bbhttps:\/\/whatsapp.com\/channel\/0029VazoMjf9MF8y2pSuG50T\u00bb _builder_version=\u00bb4.24.1&#8243; _module_preset=\u00bbdefault\u00bb max_height=\u00bb150px\u00bb border_radii=\u00bbon|30px|30px|30px|30px\u00bb global_colors_info=\u00bb{}\u00bb][\/et_pb_image][\/et_pb_column][\/et_pb_row][\/et_pb_section][et_pb_section fb_built=\u00bb1&#8243; custom_padding_last_edited=\u00bboff|desktop\u00bb admin_label=\u00bbCase Study\u00bb _builder_version=\u00bb4.24.1&#8243; background_enable_image=\u00bboff\u00bb background_size=\u00bbinitial\u00bb background_position=\u00bbbottom_right\u00bb custom_padding=\u00bb|||\u00bb custom_padding_tablet=\u00bb0px||0px|0px\u00bb custom_padding_phone=\u00bb|||\u00bb bottom_divider_color=\u00bb#ffffff\u00bb bottom_divider_height=\u00bb250px\u00bb bottom_divider_flip=\u00bbhorizontal\u00bb bottom_divider_height_tablet=\u00bb150px\u00bb bottom_divider_height_phone=\u00bb110px\u00bb bottom_divider_height_last_edited=\u00bbon|phone\u00bb da_disable_devices=\u00bboff|off|off\u00bb global_colors_info=\u00bb{}\u00bb da_is_popup=\u00bboff\u00bb da_exit_intent=\u00bboff\u00bb da_has_close=\u00bbon\u00bb da_alt_close=\u00bboff\u00bb da_dark_close=\u00bboff\u00bb da_not_modal=\u00bbon\u00bb da_is_singular=\u00bboff\u00bb da_with_loader=\u00bboff\u00bb da_has_shadow=\u00bbon\u00bb][et_pb_row column_structure=\u00bb1_2,1_2&#8243; _builder_version=\u00bb4.24.1&#8243; module_alignment=\u00bbcenter\u00bb custom_margin=\u00bb|0%||\u00bb custom_padding=\u00bb|||\u00bb use_custom_width=\u00bbon\u00bb width_unit=\u00bboff\u00bb custom_width_percent=\u00bb90%\u00bb global_colors_info=\u00bb{}\u00bb][et_pb_column type=\u00bb1_2&#8243; _builder_version=\u00bb4.16&#8243; custom_padding=\u00bb||||false|false\u00bb custom_padding_tablet=\u00bb|66px||12%\u00bb custom_padding_phone=\u00bb|50px||12%\u00bb custom_padding_last_edited=\u00bboff|desktop\u00bb global_colors_info=\u00bb{}\u00bb padding_phone=\u00bb|50px||12%\u00bb padding_tablet=\u00bb|66px||12%\u00bb padding_last_edited=\u00bboff|desktop\u00bb custom_padding__hover=\u00bb|||\u00bb][et_pb_text _builder_version=\u00bb4.27.4&#8243; text_font=\u00bbMontserrat||||||||\u00bb text_line_height=\u00bb2em\u00bb link_font=\u00bbMontserrat|700|||||||\u00bb link_text_color=\u00bbgcid-3cfd1695-69cd-4cf7-af5f-fb35fc66ed00&#8243; ul_font=\u00bb||||||||\u00bb ul_text_color=\u00bb#000000&#8243; ul_line_height=\u00bb2em\u00bb quote_font=\u00bb||||||||\u00bb header_font=\u00bb||||||||\u00bb header_text_color=\u00bb#07867f\u00bb header_2_font=\u00bbMontserrat|900|||||||\u00bb header_2_text_color=\u00bbgcid-e5d7626d-237b-4a11-abac-a2efc83cff33&#8243; header_2_font_size=\u00bb45px\u00bb header_2_line_height=\u00bb1.2em\u00bb header_3_font=\u00bbMontserrat|300||on|||||\u00bb header_3_text_color=\u00bb#000000&#8243; header_3_font_size=\u00bb20px\u00bb header_3_letter_spacing=\u00bb4px\u00bb header_3_line_height=\u00bb1.6em\u00bb max_width_tablet=\u00bb\u00bb max_width_phone=\u00bb\u00bb max_width_last_edited=\u00bbon|desktop\u00bb module_alignment=\u00bbcenter\u00bb custom_margin=\u00bb|||\u00bb custom_padding=\u00bb|||\u00bb header_2_font_size_tablet=\u00bb35px\u00bb header_2_font_size_phone=\u00bb28px\u00bb header_2_font_size_last_edited=\u00bbon|phone\u00bb global_colors_info=\u00bb{%22gcid-e5d7626d-237b-4a11-abac-a2efc83cff33%22:%91%22header_2_text_color%22%93,%22gcid-3cfd1695-69cd-4cf7-af5f-fb35fc66ed00%22:%91%22link_text_color%22%93}\u00bb]<\/p>\n<h2>Para el estudiantado y personas egresadas de la Universidad de Oviedo<\/h2>\n<h3>El foro de empleo es una oportunidad para:<\/h3>\n<ul>\n<li class=\"li1\"><span class=\"s1\"><\/span>Mejorar tu curriculum, tu marca personal y tu presencia en redes profesionales como LinkedIn, de la mano de profesionales en recursos humanos que te asesorar\u00e1n de forma gratuita.<\/li>\n<li class=\"li1\"><span class=\"s1\"><\/span>Mejorar y entrenar tus competencias transversales (soft skills).<\/li>\n<li class=\"li1\"><span class=\"s1\"><\/span>Conocer las mejores estrategias para afrontar con \u00e9xito una entrevista de trabajo.<\/li>\n<li class=\"li1\"><span class=\"s1\"><\/span>Conocer y contactar con las empresas e instituciones presentes en el Foro, ampliando tu red de contactos profesionales.<\/li>\n<li class=\"li1\"><span class=\"s1\"><\/span>Participar en talleres pr\u00e1cticos relacionados con la empleabilidad.<\/li>\n<li class=\"li1\"><span class=\"s1\"><\/span>Asistir a conferencias y mesas redondas para conocer mejor la oferta laboral de las empresas participantes, as\u00ed como diferentes salidas profesionales y experiencias que te ayudar\u00e1n en tu b\u00fasqueda de empleo.<\/li>\n<li class=\"li1\"><span class=\"s1\"><\/span>Participar en los procesos de selecci\u00f3n ofrecidos por las empresas presentes en el Foro, y que se difundir\u00e1n a trav\u00e9s de esta web.<\/li>\n<li class=\"li1\"><span class=\"s1\"><\/span>Desc\u00e1rgate esta peque\u00f1a <a href=\"https:\/\/www.unioviedo.es\/foro_empleo\/wp-content\/uploads\/2026\/02\/GUIA-FORO-EMPLEO-2026.pdf\" title=\"Descargar gu\u00eda TalentUO\"><span class=\"s2\"><b>gu\u00eda<\/b><\/span><\/a>\u00a0que te ofrece TalentUO y prep\u00e1rate para billar en este Foro de Empleo.<\/li>\n<\/ul>\n<p>[\/et_pb_text][\/et_pb_column][et_pb_column type=\u00bb1_2&#8243; _builder_version=\u00bb4.16&#8243; custom_padding=\u00bb|||\u00bb custom_padding_tablet=\u00bb0px|||\u00bb custom_padding_last_edited=\u00bboff|desktop\u00bb global_colors_info=\u00bb{}\u00bb padding_tablet=\u00bb0px|||\u00bb padding_last_edited=\u00bboff|desktop\u00bb custom_padding__hover=\u00bb|||\u00bb][et_pb_text _builder_version=\u00bb4.24.1&#8243; text_font=\u00bbMontserrat||||||||\u00bb text_line_height=\u00bb2em\u00bb link_font=\u00bbMontserrat|700|||||||\u00bb link_text_color=\u00bbgcid-3cfd1695-69cd-4cf7-af5f-fb35fc66ed00&#8243; ul_font=\u00bb||||||||\u00bb ul_text_color=\u00bb#000000&#8243; ul_line_height=\u00bb2em\u00bb quote_font=\u00bb||||||||\u00bb header_font=\u00bb||||||||\u00bb header_text_color=\u00bb#07867f\u00bb header_2_font=\u00bbMontserrat|900|||||||\u00bb header_2_text_color=\u00bbgcid-e5d7626d-237b-4a11-abac-a2efc83cff33&#8243; header_2_font_size=\u00bb45px\u00bb header_2_line_height=\u00bb1.2em\u00bb header_3_font=\u00bbMontserrat|300||on|||||\u00bb header_3_text_color=\u00bb#000000&#8243; header_3_font_size=\u00bb20px\u00bb header_3_letter_spacing=\u00bb4px\u00bb header_3_line_height=\u00bb1.6em\u00bb max_width_tablet=\u00bb\u00bb max_width_phone=\u00bb\u00bb max_width_last_edited=\u00bbon|desktop\u00bb module_alignment=\u00bbcenter\u00bb custom_margin=\u00bb|||\u00bb custom_padding=\u00bb|||\u00bb header_2_font_size_tablet=\u00bb35px\u00bb header_2_font_size_phone=\u00bb28px\u00bb header_2_font_size_last_edited=\u00bbon|phone\u00bb global_colors_info=\u00bb{%22gcid-e5d7626d-237b-4a11-abac-a2efc83cff33%22:%91%22header_2_text_color%22%93,%22gcid-3cfd1695-69cd-4cf7-af5f-fb35fc66ed00%22:%91%22link_text_color%22%93}\u00bb]<\/p>\n<h2>Para las empresas e instituciones participantes<\/h2>\n<h3>El Foro les permite:<\/h3>\n<ul>\n<li>Apostar por el TalentUO, el Talento de la Universidad de Oviedo.<\/li>\n<li>Visibilizar su compromiso con el Empleo Universitario y con la Universidad de Oviedo.<\/li>\n<li>Comunicar informaci\u00f3n corporativa y perfiles profesionales de su inter\u00e9s.<\/li>\n<li>Contactar con el estudiantado y las personas ya egresadas a trav\u00e9s de su presencia en los stands, obteniendo un feedback \u00fanico por parte de este joven colectivo y ampliando as\u00ed la cantera de futuros talentos.<\/li>\n<li>Participar activamente en actividades que aportar\u00e1n un valor a\u00f1adido importante a sus departamentos de recursos humanos.<\/li>\n<li>Visibilizar las oportunidades laborales que ofrecer\u00e1n en el Foro de Empleo a trav\u00e9s de esta p\u00e1gina.<\/li>\n<li>Captar talento y personas con los perfiles m\u00e1s adecuados para sus equipos de trabajo.<\/li>\n<li>Conocer y utilizar la <a href=\"https:\/\/sies.uniovi.es\/psemp\/web\/login.faces\" target=\"_blank\" rel=\"noopener\" title=\"Visitar \">plataforma de empleo de la Universidad de Oviedo<\/a>\u00a0para captar TalentUO.<\/li>\n<\/ul>\n<p>[\/et_pb_text][\/et_pb_column][\/et_pb_row][\/et_pb_section][et_pb_section fb_built=\u00bb1&#8243; admin_label=\u00bbSection\u00bb module_id=\u00bbInscripcion\u00bb _builder_version=\u00bb4.27.4&#8243; _module_preset=\u00bbdefault\u00bb background_color=\u00bb#12876F\u00bb da_popup_slug=\u00bbInscripcion\u00bb da_disable_devices=\u00bboff|off|off\u00bb global_colors_info=\u00bb{}\u00bb da_is_popup=\u00bboff\u00bb da_exit_intent=\u00bboff\u00bb da_has_close=\u00bbon\u00bb da_alt_close=\u00bboff\u00bb da_dark_close=\u00bboff\u00bb da_not_modal=\u00bbon\u00bb da_is_singular=\u00bboff\u00bb da_with_loader=\u00bboff\u00bb da_has_shadow=\u00bbon\u00bb][et_pb_row column_structure=\u00bb1_2,1_2&#8243; _builder_version=\u00bb4.24.1&#8243; _module_preset=\u00bbdefault\u00bb global_colors_info=\u00bb{}\u00bb][et_pb_column type=\u00bb1_2&#8243; _builder_version=\u00bb4.24.1&#8243; _module_preset=\u00bbdefault\u00bb global_colors_info=\u00bb{}\u00bb][et_pb_text _builder_version=\u00bb4.27.4&#8243; _module_preset=\u00bbdefault\u00bb text_text_color=\u00bb#000000&#8243; header_2_font=\u00bbMontserrat|900|||||||\u00bb header_2_text_color=\u00bb#FFFFFF\u00bb header_2_font_size=\u00bb45px\u00bb header_3_font=\u00bbMontserrat|700||on|||||\u00bb background_layout=\u00bbdark\u00bb global_colors_info=\u00bb{}\u00bb]<\/p>\n<h2>Dossier Empresas<\/h2>\n<p>[\/et_pb_text][et_pb_text _builder_version=\u00bb4.27.4&#8243; _module_preset=\u00bbdefault\u00bb text_text_color=\u00bb#FFFFFF\u00bb text_font_size=\u00bb17px\u00bb global_colors_info=\u00bb{}\u00bb]<\/p>\n<p>El Foro de Empleo de la Universidad de Oviedo es el principal punto de encuentro entre empresas y talento universitario en Asturias.<\/p>\n<p>A trav\u00e9s de este dossier podr\u00e1s conocer el alcance del evento, su impacto, las modalidades de participaci\u00f3n y los servicios ofrecidos a las empresas colaboradoras.<\/p>\n<p>Una referencia clave para valorar futuras ediciones y oportunidades de conexi\u00f3n con estudiantes y personas egresadas de la Universidad de Oviedo.<\/p>\n<p>[\/et_pb_text][\/et_pb_column][et_pb_column type=\u00bb1_2&#8243; _builder_version=\u00bb4.24.1&#8243; _module_preset=\u00bbdefault\u00bb global_colors_info=\u00bb{}\u00bb][et_pb_text _builder_version=\u00bb4.27.4&#8243; _module_preset=\u00bbdefault\u00bb text_text_color=\u00bb#FFFFFF\u00bb text_font_size=\u00bb16px\u00bb global_colors_info=\u00bb{}\u00bb]<\/p>\n<p><strong>Descarga el dossier completo con toda la informaci\u00f3n sobre modalidades, ventajas y servicios:<\/strong><\/p>\n<p>[\/et_pb_text][et_pb_button button_url=\u00bbhttps:\/\/www.unioviedo.es\/foro_empleo\/wp-content\/uploads\/2025\/11\/Dossier-empresas-23-Foro-Empleo-mini-ok-2-mini-compressed.pdf\u00bb url_new_window=\u00bbon\u00bb button_text=\u00bbDOSSIER\u00bb _builder_version=\u00bb4.27.4&#8243; _module_preset=\u00bbdefault\u00bb custom_button=\u00bbon\u00bb button_text_size=\u00bb28px\u00bb button_text_color=\u00bb#FFFFFF\u00bb button_border_radius=\u00bb25px\u00bb button_letter_spacing=\u00bb2px\u00bb button_font=\u00bb&#8211;et_global_body_font||||||||\u00bb global_colors_info=\u00bb{}\u00bb][\/et_pb_button][\/et_pb_column][\/et_pb_row][\/et_pb_section][et_pb_section fb_built=\u00bb1&#8243; custom_padding_last_edited=\u00bbon|tablet\u00bb admin_label=\u00bbFooter\u00bb module_id=\u00bbContacto\u00bb _builder_version=\u00bb4.27.4&#8243; background_color=\u00bb#FFFFFF\u00bb background_color_gradient_direction=\u00bb130deg\u00bb background_image=\u00bbhttps:\/\/www.unioviedo.es\/foro_empleo\/wp-content\/uploads\/2025\/10\/recurso3.png\u00bb background_size=\u00bbinitial\u00bb background_position=\u00bbbottom_right\u00bb custom_margin=\u00bb0px||0px||true|false\u00bb custom_padding=\u00bb0px||0px||true|false\u00bb custom_padding_tablet=\u00bb100px||100px||true\u00bb custom_padding_phone=\u00bb||||true\u00bb top_divider_height=\u00bb250px\u00bb top_divider_flip=\u00bbvertical|horizontal\u00bb top_divider_height_tablet=\u00bb150px\u00bb top_divider_height_phone=\u00bb110px\u00bb top_divider_height_last_edited=\u00bbon|phone\u00bb da_popup_slug=\u00bbContacto\u00bb da_disable_devices=\u00bboff|off|off\u00bb global_module=\u00bb391&#8243; saved_tabs=\u00bball\u00bb global_colors_info=\u00bb{}\u00bb da_is_popup=\u00bboff\u00bb da_exit_intent=\u00bboff\u00bb da_has_close=\u00bbon\u00bb da_alt_close=\u00bboff\u00bb da_dark_close=\u00bboff\u00bb da_not_modal=\u00bbon\u00bb da_is_singular=\u00bboff\u00bb da_with_loader=\u00bboff\u00bb da_has_shadow=\u00bbon\u00bb][et_pb_row column_structure=\u00bb1_3,1_3,1_3&#8243; _builder_version=\u00bb4.24.1&#8243; custom_margin=\u00bb|||\u00bb custom_padding=\u00bb||5%||false|false\u00bb use_custom_width=\u00bbon\u00bb custom_width_px=\u00bb1440px\u00bb global_colors_info=\u00bb{}\u00bb][et_pb_column type=\u00bb1_3&#8243; _builder_version=\u00bb4.24.1&#8243; background_enable_color=\u00bboff\u00bb custom_padding=\u00bb5%||5%||true|false\u00bb border_radii=\u00bbon|10px|10px|10px|10px\u00bb border_color_all=\u00bb#f2f2fa\u00bb global_colors_info=\u00bb{}\u00bb custom_padding__hover=\u00bb|||\u00bb][et_pb_image src=\u00bbhttps:\/\/www.unioviedo.es\/foro_empleo\/wp-content\/uploads\/2025\/10\/ForoEmpleo_Logo_2026_ALTACOLOR.png\u00bb alt=\u00bblogo 23 foro\u00bb title_text=\u00bbForoEmpleo_Logo_2026_ALTACOLOR\u00bb _builder_version=\u00bb4.27.4&#8243; _module_preset=\u00bbdefault\u00bb global_colors_info=\u00bb{}\u00bb][\/et_pb_image][\/et_pb_column][et_pb_column type=\u00bb1_3&#8243; _builder_version=\u00bb4.24.1&#8243; background_enable_color=\u00bboff\u00bb custom_padding=\u00bb5%||5%||true|false\u00bb border_radii=\u00bbon|10px|10px|10px|10px\u00bb border_color_all=\u00bb#f2f2fa\u00bb global_colors_info=\u00bb{}\u00bb custom_padding__hover=\u00bb|||\u00bb][et_pb_text _builder_version=\u00bb4.24.1&#8243; text_font=\u00bb||||||||\u00bb text_font_size=\u00bb16px\u00bb text_line_height=\u00bb2em\u00bb ul_font=\u00bb||||||||\u00bb header_font=\u00bb||||||||\u00bb header_text_color=\u00bb#07867f\u00bb header_2_font=\u00bbRoboto|700|||||||\u00bb header_2_text_color=\u00bb#07867f\u00bb header_2_font_size=\u00bb45px\u00bb header_2_line_height=\u00bb1.2em\u00bb header_3_font=\u00bbMontserrat|900|||||||\u00bb header_3_text_color=\u00bb#07867f\u00bb header_3_font_size=\u00bb55px\u00bb background_layout=\u00bbdark\u00bb max_width=\u00bb800px\u00bb max_width_last_edited=\u00bboff|desktop\u00bb module_alignment=\u00bbcenter\u00bb custom_margin=\u00bb-2px||19px|||\u00bb custom_padding=\u00bb|||\u00bb header_2_font_size_tablet=\u00bb35px\u00bb header_2_font_size_phone=\u00bb28px\u00bb header_2_font_size_last_edited=\u00bbon|desktop\u00bb header_3_font_size_tablet=\u00bb55px\u00bb header_3_font_size_phone=\u00bb\u00bb header_3_font_size_last_edited=\u00bbon|desktop\u00bb global_colors_info=\u00bb{}\u00bb]<\/p>\n<h3>Contacto<\/h3>\n<p>[\/et_pb_text][et_pb_text _builder_version=\u00bb4.24.1&#8243; text_font=\u00bb||||||||\u00bb text_font_size=\u00bb16px\u00bb text_line_height=\u00bb2em\u00bb ul_font=\u00bb||||||||\u00bb header_font=\u00bb||||||||\u00bb header_2_font=\u00bbMontserrat|700|||||||\u00bb header_2_text_color=\u00bb#000000&#8243; header_2_font_size=\u00bb30px\u00bb header_2_line_height=\u00bb1.2em\u00bb header_3_font=\u00bbRoboto|700|||||||\u00bb header_3_font_size=\u00bb70px\u00bb background_layout=\u00bbdark\u00bb max_width=\u00bb800px\u00bb max_width_last_edited=\u00bboff|desktop\u00bb module_alignment=\u00bbcenter\u00bb custom_margin=\u00bb||16px|||\u00bb custom_padding=\u00bb|||\u00bb header_2_font_size_tablet=\u00bb35px\u00bb header_2_font_size_phone=\u00bb28px\u00bb header_2_font_size_last_edited=\u00bbon|desktop\u00bb header_3_font_size_tablet=\u00bb55px\u00bb header_3_font_size_phone=\u00bb\u00bb header_3_font_size_last_edited=\u00bbon|desktop\u00bb global_colors_info=\u00bb{}\u00bb]<\/p>\n<h2>Fundaci\u00f3n Universidad de Oviedo, M.P.<\/h2>\n<p>[\/et_pb_text][et_pb_text _builder_version=\u00bb4.27.4&#8243; text_font=\u00bbMontserrat||||||||\u00bb text_text_color=\u00bb#000000&#8243; text_font_size=\u00bb18px\u00bb ul_font=\u00bb||||||||\u00bb header_font=\u00bbRoboto|700|||||||\u00bb header_text_align=\u00bbcenter\u00bb header_font_size=\u00bb80px\u00bb header_line_height=\u00bb1.2em\u00bb header_3_font=\u00bbMontserrat|700|||||||\u00bb header_3_text_align=\u00bbleft\u00bb header_3_text_color=\u00bb#1BA395&#8243; header_3_font_size=\u00bb24px\u00bb header_3_line_height=\u00bb1.7em\u00bb background_layout=\u00bbdark\u00bb max_width=\u00bb800px\u00bb module_alignment=\u00bbcenter\u00bb custom_margin=\u00bb||25px|||\u00bb text_font_size_last_edited=\u00bboff|desktop\u00bb header_font_size_tablet=\u00bb40px\u00bb header_font_size_phone=\u00bb32px\u00bb header_font_size_last_edited=\u00bbon|phone\u00bb header_3_font_size_tablet=\u00bb16px\u00bb header_3_font_size_phone=\u00bb14px\u00bb header_3_font_size_last_edited=\u00bbon|phone\u00bb header_3_letter_spacing_tablet=\u00bb5px\u00bb header_3_letter_spacing_phone=\u00bb\u00bb header_3_letter_spacing_last_edited=\u00bbon|tablet\u00bb global_colors_info=\u00bb{}\u00bb]<\/p>\n<p>C\/ Principado, 3, 4\u00aa planta 33007 Oviedo<\/p>\n<h3><strong>985 104 927<\/strong><\/h3>\n<p>[\/et_pb_text][\/et_pb_column][et_pb_column type=\u00bb1_3&#8243; _builder_version=\u00bb4.24.1&#8243; background_enable_color=\u00bboff\u00bb background_enable_image=\u00bboff\u00bb background_size=\u00bbcontain\u00bb background_position=\u00bbbottom_center\u00bb custom_padding=\u00bb5%||5%||true|false\u00bb border_radii=\u00bbon|10px|10px|10px|10px\u00bb border_color_all=\u00bb#f2f2fa\u00bb global_colors_info=\u00bb{}\u00bb custom_padding__hover=\u00bb|||\u00bb][et_pb_button button_url=\u00bbmailto:fuo@uniovi.es\u00bb url_new_window=\u00bbon\u00bb button_text=\u00bbfuo@uniovi.es\u00bb button_alignment=\u00bbleft\u00bb _builder_version=\u00bb4.27.4&#8243; custom_button=\u00bbon\u00bb button_text_size=\u00bb16px\u00bb button_bg_color=\u00bb#1BA395&#8243; button_border_width=\u00bb0px\u00bb button_border_color=\u00bbrgba(0,0,0,0)\u00bb button_border_radius=\u00bb100px\u00bb button_letter_spacing=\u00bb2px\u00bb button_font=\u00bbMontserrat|700|||||||\u00bb button_use_icon=\u00bboff\u00bb background_layout=\u00bbdark\u00bb custom_margin=\u00bb||20px||false|false\u00bb custom_padding=\u00bb18px|34px|18px|34px|true|true\u00bb button_text_size_tablet=\u00bb\u00bb button_text_size_phone=\u00bb14px\u00bb button_text_size_last_edited=\u00bbon|phone\u00bb button_letter_spacing_hover=\u00bb5.5px\u00bb global_colors_info=\u00bb{}\u00bb button_text_size__hover_enabled=\u00bboff\u00bb button_one_text_size__hover_enabled=\u00bboff\u00bb button_two_text_size__hover_enabled=\u00bboff\u00bb button_text_color__hover_enabled=\u00bboff\u00bb button_one_text_color__hover_enabled=\u00bboff\u00bb button_two_text_color__hover_enabled=\u00bboff\u00bb button_border_width__hover_enabled=\u00bboff\u00bb button_one_border_width__hover_enabled=\u00bboff\u00bb button_two_border_width__hover_enabled=\u00bboff\u00bb button_border_color__hover_enabled=\u00bboff\u00bb button_one_border_color__hover_enabled=\u00bboff\u00bb button_two_border_color__hover_enabled=\u00bboff\u00bb button_border_radius__hover_enabled=\u00bboff\u00bb button_one_border_radius__hover_enabled=\u00bboff\u00bb button_two_border_radius__hover_enabled=\u00bboff\u00bb button_letter_spacing__hover_enabled=\u00bbon\u00bb button_letter_spacing__hover=\u00bb5.5px\u00bb button_one_letter_spacing__hover_enabled=\u00bboff\u00bb button_two_letter_spacing__hover_enabled=\u00bboff\u00bb button_bg_color__hover_enabled=\u00bbon|desktop\u00bb button_one_bg_color__hover_enabled=\u00bboff\u00bb button_two_bg_color__hover_enabled=\u00bboff\u00bb button_bg_color__hover=\u00bb#1BA395&#8243;][\/et_pb_button][et_pb_button button_url=\u00bbhttps:\/\/www.funiovi.es\u00bb button_text=\u00bbwww.funiovi.es\u00bb button_alignment=\u00bbleft\u00bb _builder_version=\u00bb4.27.4&#8243; custom_button=\u00bbon\u00bb button_text_size=\u00bb16px\u00bb button_text_color=\u00bb#FFFFFF\u00bb button_bg_color=\u00bb#1BA395&#8243; button_border_width=\u00bb0px\u00bb button_border_color=\u00bbrgba(0,0,0,0)\u00bb button_border_radius=\u00bb100px\u00bb button_letter_spacing=\u00bb2px\u00bb button_font=\u00bbMontserrat|700|||||||\u00bb button_use_icon=\u00bboff\u00bb background_layout=\u00bbdark\u00bb custom_margin=\u00bb||19px|||\u00bb custom_padding=\u00bb18px|34px|18px|34px|true|true\u00bb button_text_size_tablet=\u00bb\u00bb button_text_size_phone=\u00bb14px\u00bb button_text_size_last_edited=\u00bbon|phone\u00bb button_letter_spacing_hover=\u00bb5.5px\u00bb global_colors_info=\u00bb{}\u00bb button_text_size__hover_enabled=\u00bboff\u00bb button_one_text_size__hover_enabled=\u00bboff\u00bb button_two_text_size__hover_enabled=\u00bboff\u00bb button_text_color__hover_enabled=\u00bboff\u00bb button_one_text_color__hover_enabled=\u00bboff\u00bb button_two_text_color__hover_enabled=\u00bboff\u00bb button_border_width__hover_enabled=\u00bboff\u00bb button_one_border_width__hover_enabled=\u00bboff\u00bb button_two_border_width__hover_enabled=\u00bboff\u00bb button_border_color__hover_enabled=\u00bboff\u00bb button_one_border_color__hover_enabled=\u00bboff\u00bb button_two_border_color__hover_enabled=\u00bboff\u00bb button_border_radius__hover_enabled=\u00bboff\u00bb button_one_border_radius__hover_enabled=\u00bboff\u00bb button_two_border_radius__hover_enabled=\u00bboff\u00bb button_letter_spacing__hover_enabled=\u00bbon\u00bb button_letter_spacing__hover=\u00bb5.5px\u00bb button_one_letter_spacing__hover_enabled=\u00bboff\u00bb button_two_letter_spacing__hover_enabled=\u00bboff\u00bb button_bg_color__hover_enabled=\u00bboff\u00bb button_one_bg_color__hover_enabled=\u00bboff\u00bb button_two_bg_color__hover_enabled=\u00bboff\u00bb][\/et_pb_button][\/et_pb_column][\/et_pb_row][\/et_pb_section]<\/p>\n","protected":false},"excerpt":{"rendered":"<p>El Foro ofrece un espacio de encuentro e intercambio de experiencias y conocimientos entre empresas, instituciones, estudiantes y personas egresadas de la Universidad de Oviedo. El Foro de Empleo es una apuesta de la Universidad de Oviedo por la transferencia de talento como v\u00eda para aumentar el impacto de la instituci\u00f3n sobre la sociedad, construyendo [&hellip;]<\/p>\n","protected":false},"author":1,"featured_media":2516,"parent":0,"menu_order":0,"comment_status":"closed","ping_status":"closed","template":"","meta":{"_et_pb_use_builder":"on","_et_pb_old_content":"","_et_gb_content_width":"","footnotes":""},"class_list":["post-2495","page","type-page","status-publish","has-post-thumbnail","hentry"],"yoast_head":"<!-- This site is optimized with the Yoast SEO plugin v24.5 - https:\/\/yoast.com\/wordpress\/plugins\/seo\/ -->\n<title>23 FORO DE EMPLEO - Foro de Empleo<\/title>\n<meta name=\"description\" content=\"El 22 Foro de empleo Universidad de Oviedo ofrece un espacio de encuentro e intercambio de experiencias y conocimientos. Por un futuro mejor!\" \/>\n<meta name=\"robots\" content=\"index, follow, max-snippet:-1, max-image-preview:large, max-video-preview:-1\" \/>\n<link rel=\"canonical\" href=\"https:\/\/www.unioviedo.es\/foro_empleo\/\" \/>\n<meta property=\"og:locale\" content=\"es_ES\" \/>\n<meta property=\"og:type\" content=\"article\" \/>\n<meta property=\"og:title\" content=\"23 FORO DE EMPLEO - Foro de Empleo\" \/>\n<meta property=\"og:description\" content=\"El 22 Foro de empleo Universidad de Oviedo ofrece un espacio de encuentro e intercambio de experiencias y conocimientos. Por un futuro mejor!\" \/>\n<meta property=\"og:url\" content=\"https:\/\/www.unioviedo.es\/foro_empleo\/\" \/>\n<meta property=\"og:site_name\" content=\"Foro de Empleo\" \/>\n<meta property=\"article:modified_time\" content=\"2026-02-26T15:44:47+00:00\" \/>\n<meta property=\"og:image\" content=\"https:\/\/www.unioviedo.es\/foro_empleo\/wp-content\/uploads\/2025\/10\/cropped-ForoEmpleo_Logo_2026_ALTACOLOR.png\" \/>\n\t<meta property=\"og:image:width\" content=\"512\" \/>\n\t<meta property=\"og:image:height\" content=\"512\" \/>\n\t<meta property=\"og:image:type\" content=\"image\/png\" \/>\n<meta name=\"twitter:card\" content=\"summary_large_image\" \/>\n<meta name=\"twitter:label1\" content=\"Tiempo de lectura\" \/>\n\t<meta name=\"twitter:data1\" content=\"3 minutos\" \/>\n<script type=\"application\/ld+json\" class=\"yoast-schema-graph\">{\"@context\":\"https:\/\/schema.org\",\"@graph\":[{\"@type\":\"WebPage\",\"@id\":\"https:\/\/www.unioviedo.es\/foro_empleo\/\",\"url\":\"https:\/\/www.unioviedo.es\/foro_empleo\/\",\"name\":\"23 FORO DE EMPLEO - Foro de Empleo\",\"isPartOf\":{\"@id\":\"https:\/\/www.unioviedo.es\/foro_empleo\/#website\"},\"primaryImageOfPage\":{\"@id\":\"https:\/\/www.unioviedo.es\/foro_empleo\/#primaryimage\"},\"image\":{\"@id\":\"https:\/\/www.unioviedo.es\/foro_empleo\/#primaryimage\"},\"thumbnailUrl\":\"https:\/\/www.unioviedo.es\/foro_empleo\/wp-content\/uploads\/2025\/10\/cropped-ForoEmpleo_Logo_2026_ALTACOLOR.png\",\"datePublished\":\"2025-10-23T09:53:49+00:00\",\"dateModified\":\"2026-02-26T15:44:47+00:00\",\"description\":\"El 22 Foro de empleo Universidad de Oviedo ofrece un espacio de encuentro e intercambio de experiencias y conocimientos. Por un futuro mejor!\",\"breadcrumb\":{\"@id\":\"https:\/\/www.unioviedo.es\/foro_empleo\/#breadcrumb\"},\"inLanguage\":\"es\",\"potentialAction\":[{\"@type\":\"ReadAction\",\"target\":[\"https:\/\/www.unioviedo.es\/foro_empleo\/\"]}]},{\"@type\":\"ImageObject\",\"inLanguage\":\"es\",\"@id\":\"https:\/\/www.unioviedo.es\/foro_empleo\/#primaryimage\",\"url\":\"https:\/\/www.unioviedo.es\/foro_empleo\/wp-content\/uploads\/2025\/10\/cropped-ForoEmpleo_Logo_2026_ALTACOLOR.png\",\"contentUrl\":\"https:\/\/www.unioviedo.es\/foro_empleo\/wp-content\/uploads\/2025\/10\/cropped-ForoEmpleo_Logo_2026_ALTACOLOR.png\",\"width\":512,\"height\":512,\"caption\":\"logo 23 foro\"},{\"@type\":\"BreadcrumbList\",\"@id\":\"https:\/\/www.unioviedo.es\/foro_empleo\/#breadcrumb\",\"itemListElement\":[{\"@type\":\"ListItem\",\"position\":1,\"name\":\"Portada\",\"item\":\"https:\/\/www.unioviedo.es\/foro_empleo\/\"},{\"@type\":\"ListItem\",\"position\":2,\"name\":\"23 FORO DE EMPLEO\"}]},{\"@type\":\"WebSite\",\"@id\":\"https:\/\/www.unioviedo.es\/foro_empleo\/#website\",\"url\":\"https:\/\/www.unioviedo.es\/foro_empleo\/\",\"name\":\"Foro de Empleo\",\"description\":\"Foro de Empleo de la Universidad de Oviedo. Hacia un empleo verde, digital e inclusivo\",\"publisher\":{\"@id\":\"https:\/\/www.unioviedo.es\/foro_empleo\/#organization\"},\"potentialAction\":[{\"@type\":\"SearchAction\",\"target\":{\"@type\":\"EntryPoint\",\"urlTemplate\":\"https:\/\/www.unioviedo.es\/foro_empleo\/?s={search_term_string}\"},\"query-input\":{\"@type\":\"PropertyValueSpecification\",\"valueRequired\":true,\"valueName\":\"search_term_string\"}}],\"inLanguage\":\"es\"},{\"@type\":\"Organization\",\"@id\":\"https:\/\/www.unioviedo.es\/foro_empleo\/#organization\",\"name\":\"Foro de Empleo\",\"url\":\"https:\/\/www.unioviedo.es\/foro_empleo\/\",\"logo\":{\"@type\":\"ImageObject\",\"inLanguage\":\"es\",\"@id\":\"https:\/\/www.unioviedo.es\/foro_empleo\/#\/schema\/logo\/image\/\",\"url\":\"https:\/\/www.unioviedo.es\/foro_empleo\/wp-content\/uploads\/2022\/08\/20-logo-foro-1.png\",\"contentUrl\":\"https:\/\/www.unioviedo.es\/foro_empleo\/wp-content\/uploads\/2022\/08\/20-logo-foro-1.png\",\"width\":807,\"height\":588,\"caption\":\"Foro de Empleo\"},\"image\":{\"@id\":\"https:\/\/www.unioviedo.es\/foro_empleo\/#\/schema\/logo\/image\/\"}}]}<\/script>\n<!-- \/ Yoast SEO plugin. -->","yoast_head_json":{"title":"23 FORO DE EMPLEO - Foro de Empleo","description":"El 22 Foro de empleo Universidad de Oviedo ofrece un espacio de encuentro e intercambio de experiencias y conocimientos. Por un futuro mejor!","robots":{"index":"index","follow":"follow","max-snippet":"max-snippet:-1","max-image-preview":"max-image-preview:large","max-video-preview":"max-video-preview:-1"},"canonical":"https:\/\/www.unioviedo.es\/foro_empleo\/","og_locale":"es_ES","og_type":"article","og_title":"23 FORO DE EMPLEO - Foro de Empleo","og_description":"El 22 Foro de empleo Universidad de Oviedo ofrece un espacio de encuentro e intercambio de experiencias y conocimientos. Por un futuro mejor!","og_url":"https:\/\/www.unioviedo.es\/foro_empleo\/","og_site_name":"Foro de Empleo","article_modified_time":"2026-02-26T15:44:47+00:00","og_image":[{"width":512,"height":512,"url":"https:\/\/www.unioviedo.es\/foro_empleo\/wp-content\/uploads\/2025\/10\/cropped-ForoEmpleo_Logo_2026_ALTACOLOR.png","type":"image\/png"}],"twitter_card":"summary_large_image","twitter_misc":{"Tiempo de lectura":"3 minutos"},"schema":{"@context":"https:\/\/schema.org","@graph":[{"@type":"WebPage","@id":"https:\/\/www.unioviedo.es\/foro_empleo\/","url":"https:\/\/www.unioviedo.es\/foro_empleo\/","name":"23 FORO DE EMPLEO - Foro de Empleo","isPartOf":{"@id":"https:\/\/www.unioviedo.es\/foro_empleo\/#website"},"primaryImageOfPage":{"@id":"https:\/\/www.unioviedo.es\/foro_empleo\/#primaryimage"},"image":{"@id":"https:\/\/www.unioviedo.es\/foro_empleo\/#primaryimage"},"thumbnailUrl":"https:\/\/www.unioviedo.es\/foro_empleo\/wp-content\/uploads\/2025\/10\/cropped-ForoEmpleo_Logo_2026_ALTACOLOR.png","datePublished":"2025-10-23T09:53:49+00:00","dateModified":"2026-02-26T15:44:47+00:00","description":"El 22 Foro de empleo Universidad de Oviedo ofrece un espacio de encuentro e intercambio de experiencias y conocimientos. Por un futuro mejor!","breadcrumb":{"@id":"https:\/\/www.unioviedo.es\/foro_empleo\/#breadcrumb"},"inLanguage":"es","potentialAction":[{"@type":"ReadAction","target":["https:\/\/www.unioviedo.es\/foro_empleo\/"]}]},{"@type":"ImageObject","inLanguage":"es","@id":"https:\/\/www.unioviedo.es\/foro_empleo\/#primaryimage","url":"https:\/\/www.unioviedo.es\/foro_empleo\/wp-content\/uploads\/2025\/10\/cropped-ForoEmpleo_Logo_2026_ALTACOLOR.png","contentUrl":"https:\/\/www.unioviedo.es\/foro_empleo\/wp-content\/uploads\/2025\/10\/cropped-ForoEmpleo_Logo_2026_ALTACOLOR.png","width":512,"height":512,"caption":"logo 23 foro"},{"@type":"BreadcrumbList","@id":"https:\/\/www.unioviedo.es\/foro_empleo\/#breadcrumb","itemListElement":[{"@type":"ListItem","position":1,"name":"Portada","item":"https:\/\/www.unioviedo.es\/foro_empleo\/"},{"@type":"ListItem","position":2,"name":"23 FORO DE EMPLEO"}]},{"@type":"WebSite","@id":"https:\/\/www.unioviedo.es\/foro_empleo\/#website","url":"https:\/\/www.unioviedo.es\/foro_empleo\/","name":"Foro de Empleo","description":"Foro de Empleo de la Universidad de Oviedo. Hacia un empleo verde, digital e inclusivo","publisher":{"@id":"https:\/\/www.unioviedo.es\/foro_empleo\/#organization"},"potentialAction":[{"@type":"SearchAction","target":{"@type":"EntryPoint","urlTemplate":"https:\/\/www.unioviedo.es\/foro_empleo\/?s={search_term_string}"},"query-input":{"@type":"PropertyValueSpecification","valueRequired":true,"valueName":"search_term_string"}}],"inLanguage":"es"},{"@type":"Organization","@id":"https:\/\/www.unioviedo.es\/foro_empleo\/#organization","name":"Foro de Empleo","url":"https:\/\/www.unioviedo.es\/foro_empleo\/","logo":{"@type":"ImageObject","inLanguage":"es","@id":"https:\/\/www.unioviedo.es\/foro_empleo\/#\/schema\/logo\/image\/","url":"https:\/\/www.unioviedo.es\/foro_empleo\/wp-content\/uploads\/2022\/08\/20-logo-foro-1.png","contentUrl":"https:\/\/www.unioviedo.es\/foro_empleo\/wp-content\/uploads\/2022\/08\/20-logo-foro-1.png","width":807,"height":588,"caption":"Foro de Empleo"},"image":{"@id":"https:\/\/www.unioviedo.es\/foro_empleo\/#\/schema\/logo\/image\/"}}]}},"jetpack_sharing_enabled":true,"_links":{"self":[{"href":"https:\/\/www.unioviedo.es\/foro_empleo\/index.php\/wp-json\/wp\/v2\/pages\/2495","targetHints":{"allow":["GET"]}}],"collection":[{"href":"https:\/\/www.unioviedo.es\/foro_empleo\/index.php\/wp-json\/wp\/v2\/pages"}],"about":[{"href":"https:\/\/www.unioviedo.es\/foro_empleo\/index.php\/wp-json\/wp\/v2\/types\/page"}],"author":[{"embeddable":true,"href":"https:\/\/www.unioviedo.es\/foro_empleo\/index.php\/wp-json\/wp\/v2\/users\/1"}],"replies":[{"embeddable":true,"href":"https:\/\/www.unioviedo.es\/foro_empleo\/index.php\/wp-json\/wp\/v2\/comments?post=2495"}],"version-history":[{"count":21,"href":"https:\/\/www.unioviedo.es\/foro_empleo\/index.php\/wp-json\/wp\/v2\/pages\/2495\/revisions"}],"predecessor-version":[{"id":2822,"href":"https:\/\/www.unioviedo.es\/foro_empleo\/index.php\/wp-json\/wp\/v2\/pages\/2495\/revisions\/2822"}],"wp:featuredmedia":[{"embeddable":true,"href":"https:\/\/www.unioviedo.es\/foro_empleo\/index.php\/wp-json\/wp\/v2\/media\/2516"}],"wp:attachment":[{"href":"https:\/\/www.unioviedo.es\/foro_empleo\/index.php\/wp-json\/wp\/v2\/media?parent=2495"}],"curies":[{"name":"wp","href":"https:\/\/api.w.org\/{rel}","templated":true}]}}