{"id":2541,"date":"2025-11-24T12:36:45","date_gmt":"2025-11-24T12:36:45","guid":{"rendered":"https:\/\/www.unioviedo.es\/foro_empleo\/?page_id=2541"},"modified":"2025-11-24T12:40:54","modified_gmt":"2025-11-24T12:40:54","slug":"empresas-y-entidades-del-22-foro-de-empleo","status":"publish","type":"page","link":"https:\/\/www.unioviedo.es\/foro_empleo\/index.php\/empresas-y-entidades-del-22-foro-de-empleo\/","title":{"rendered":"Empresas y Entidades del 22 Foro de Empleo"},"content":{"rendered":"<p>[et_pb_section fb_built=\u00bb1&#8243; custom_padding_last_edited=\u00bbon|phone\u00bb admin_label=\u00bbTestimonials\u00bb module_id=\u00bbAmigas22foro\u00bb _builder_version=\u00bb4.24.1&#8243; background_enable_color=\u00bboff\u00bb background_size=\u00bbinitial\u00bb custom_padding=\u00bb90px||||false|false\u00bb custom_padding_tablet=\u00bb5%||5%||true\u00bb custom_padding_phone=\u00bb|||\u00bb bottom_divider_height=\u00bb200px\u00bb bottom_divider_flip=\u00bbhorizontal\u00bb da_popup_slug=\u00bbAmigas22foro\u00bb da_disable_devices=\u00bboff|off|off\u00bb global_colors_info=\u00bb{}\u00bb da_is_popup=\u00bboff\u00bb da_exit_intent=\u00bboff\u00bb da_has_close=\u00bbon\u00bb da_alt_close=\u00bboff\u00bb da_dark_close=\u00bboff\u00bb da_not_modal=\u00bbon\u00bb da_is_singular=\u00bboff\u00bb da_with_loader=\u00bboff\u00bb da_has_shadow=\u00bbon\u00bb][et_pb_row _builder_version=\u00bb4.16&#8243; global_colors_info=\u00bb{}\u00bb][et_pb_column type=\u00bb4_4&#8243; _builder_version=\u00bb4.16&#8243; custom_padding=\u00bb|||\u00bb global_colors_info=\u00bb{}\u00bb custom_padding__hover=\u00bb|||\u00bb][et_pb_text _builder_version=\u00bb4.24.1&#8243; text_font=\u00bbMontserrat||||||||\u00bb text_line_height=\u00bb2em\u00bb link_font=\u00bbMontserrat|700|||||||\u00bb link_text_color=\u00bbgcid-3cfd1695-69cd-4cf7-af5f-fb35fc66ed00&#8243; ul_font=\u00bb||||||||\u00bb ul_text_color=\u00bb#000000&#8243; ul_line_height=\u00bb2em\u00bb quote_font=\u00bb||||||||\u00bb header_font=\u00bb||||||||\u00bb header_text_color=\u00bb#07867f\u00bb header_2_font=\u00bbMontserrat|900|||||||\u00bb header_2_text_color=\u00bbgcid-e5d7626d-237b-4a11-abac-a2efc83cff33&#8243; header_2_font_size=\u00bb45px\u00bb header_2_line_height=\u00bb1.2em\u00bb header_3_font=\u00bbMontserrat|300||on|||||\u00bb header_3_text_color=\u00bb#000000&#8243; header_3_font_size=\u00bb20px\u00bb header_3_letter_spacing=\u00bb4px\u00bb header_3_line_height=\u00bb1.6em\u00bb max_width_tablet=\u00bb\u00bb max_width_phone=\u00bb\u00bb max_width_last_edited=\u00bbon|desktop\u00bb module_alignment=\u00bbcenter\u00bb custom_margin=\u00bb|||\u00bb custom_padding=\u00bb|||\u00bb header_2_font_size_tablet=\u00bb35px\u00bb header_2_font_size_phone=\u00bb28px\u00bb header_2_font_size_last_edited=\u00bbon|phone\u00bb global_colors_info=\u00bb{%22gcid-e5d7626d-237b-4a11-abac-a2efc83cff33%22:%91%22header_2_text_color%22%93,%22gcid-3cfd1695-69cd-4cf7-af5f-fb35fc66ed00%22:%91%22link_text_color%22%93}\u00bb]<\/p>\n<div class=\"css-158\">\n<div class=\"-a-159\">\n<h2 aria-level=\"1\" role=\"heading\" style=\"text-align: center;\">Empresas e instituciones Amigas del Foro de Empleo<\/h2>\n<\/div>\n<\/div>\n<p>[\/et_pb_text][\/et_pb_column][\/et_pb_row][et_pb_row column_structure=\u00bb1_5,1_5,1_5,1_5,1_5&#8243; use_custom_gutter=\u00bbon\u00bb gutter_width=\u00bb2&#8243; module_class=\u00bbtres-columnas\u00bb _builder_version=\u00bb4.24.1&#8243; max_width=\u00bb1440px\u00bb module_alignment=\u00bbcenter\u00bb custom_margin=\u00bb0px||0px||true|false\u00bb custom_padding=\u00bb0px||0px||true|false\u00bb use_custom_width=\u00bbon\u00bb custom_width_px=\u00bb1440px\u00bb global_colors_info=\u00bb{}\u00bb][et_pb_column type=\u00bb1_5&#8243; _builder_version=\u00bb4.16&#8243; custom_padding=\u00bb|||\u00bb global_colors_info=\u00bb{}\u00bb custom_padding__hover=\u00bb|||\u00bb][et_pb_image src=\u00bbhttps:\/\/www.unioviedo.es\/foro_empleo\/wp-content\/uploads\/2021\/12\/patrocinadores-2.jpg\u00bb title_text=\u00bbpatrocinadores-2&#8243; url=\u00bbhttps:\/\/empleo.abanca.com\/\u00bb url_new_window=\u00bbon\u00bb align=\u00bbcenter\u00bb align_tablet=\u00bbcenter\u00bb align_phone=\u00bb\u00bb align_last_edited=\u00bbon|desktop\u00bb _builder_version=\u00bb4.18.0&#8243; custom_margin=\u00bb||10px|\u00bb global_colors_info=\u00bb{}\u00bb][\/et_pb_image][\/et_pb_column][et_pb_column type=\u00bb1_5&#8243; _builder_version=\u00bb4.16&#8243; custom_padding=\u00bb|||\u00bb global_colors_info=\u00bb{}\u00bb custom_padding__hover=\u00bb|||\u00bb][et_pb_image src=\u00bbhttps:\/\/www.unioviedo.es\/foro_empleo\/wp-content\/uploads\/2025\/01\/arcelor-mittal-logo.jpg\u00bb title_text=\u00bbarcelor-mittal-logo\u00bb url=\u00bbhttps:\/\/spain.arcelormittal.com\/\u00bb url_new_window=\u00bbon\u00bb align=\u00bbcenter\u00bb align_tablet=\u00bbcenter\u00bb align_phone=\u00bb\u00bb align_last_edited=\u00bbon|desktop\u00bb _builder_version=\u00bb4.24.1&#8243; custom_margin=\u00bb||10px|\u00bb global_colors_info=\u00bb{}\u00bb][\/et_pb_image][\/et_pb_column][et_pb_column type=\u00bb1_5&#8243; _builder_version=\u00bb4.16&#8243; custom_padding=\u00bb|||\u00bb global_colors_info=\u00bb{}\u00bb custom_padding__hover=\u00bb|||\u00bb][et_pb_image src=\u00bbhttps:\/\/www.unioviedo.es\/foro_empleo\/wp-content\/uploads\/2025\/01\/amazon-logo-1.jpg\u00bb title_text=\u00bbamazon-logo\u00bb url=\u00bbhttps:\/\/www.amazon.jobs\/en\/\u00bb url_new_window=\u00bbon\u00bb align=\u00bbcenter\u00bb align_tablet=\u00bbcenter\u00bb align_phone=\u00bb\u00bb align_last_edited=\u00bbon|desktop\u00bb _builder_version=\u00bb4.24.1&#8243; custom_margin=\u00bb||10px|\u00bb global_colors_info=\u00bb{}\u00bb][\/et_pb_image][\/et_pb_column][et_pb_column type=\u00bb1_5&#8243; _builder_version=\u00bb4.16&#8243; custom_padding=\u00bb|||\u00bb global_colors_info=\u00bb{}\u00bb custom_padding__hover=\u00bb|||\u00bb][et_pb_image src=\u00bbhttps:\/\/www.unioviedo.es\/foro_empleo\/wp-content\/uploads\/2025\/03\/logo-asturiana-de-zic-1.jpg\u00bb title_text=\u00bblogo-asturiana-de-zic\u00bb url=\u00bbhttps:\/\/www.azsa.es\/\u00bb url_new_window=\u00bbon\u00bb align=\u00bbcenter\u00bb align_tablet=\u00bbcenter\u00bb align_phone=\u00bb\u00bb align_last_edited=\u00bbon|desktop\u00bb _builder_version=\u00bb4.27.4&#8243; custom_margin=\u00bb||10px|\u00bb global_colors_info=\u00bb{}\u00bb][\/et_pb_image][\/et_pb_column][et_pb_column type=\u00bb1_5&#8243; _builder_version=\u00bb4.16&#8243; custom_padding=\u00bb|||\u00bb global_colors_info=\u00bb{}\u00bb custom_padding__hover=\u00bb|||\u00bb][et_pb_image src=\u00bbhttps:\/\/www.unioviedo.es\/foro_empleo\/wp-content\/uploads\/2022\/08\/Logo-Axalta.jpg\u00bb title_text=\u00bbLogo-Axalta\u00bb url=\u00bbhttps:\/\/www.axalta.com\/es\/es_ES.html\u00bb url_new_window=\u00bbon\u00bb align=\u00bbcenter\u00bb align_tablet=\u00bbcenter\u00bb align_phone=\u00bb\u00bb align_last_edited=\u00bbon|desktop\u00bb _builder_version=\u00bb4.24.1&#8243; custom_margin=\u00bb||10px|\u00bb global_colors_info=\u00bb{}\u00bb][\/et_pb_image][\/et_pb_column][\/et_pb_row][et_pb_row column_structure=\u00bb1_5,1_5,1_5,1_5,1_5&#8243; use_custom_gutter=\u00bbon\u00bb gutter_width=\u00bb2&#8243; module_class=\u00bbtres-columnas\u00bb _builder_version=\u00bb4.27.4&#8243; max_width=\u00bb1440px\u00bb module_alignment=\u00bbcenter\u00bb custom_margin=\u00bb0px||0px||true|false\u00bb custom_padding=\u00bb0px||0px||true|false\u00bb use_custom_width=\u00bbon\u00bb custom_width_px=\u00bb1440px\u00bb global_colors_info=\u00bb{}\u00bb][et_pb_column type=\u00bb1_5&#8243; _builder_version=\u00bb4.16&#8243; custom_padding=\u00bb|||\u00bb global_colors_info=\u00bb{}\u00bb custom_padding__hover=\u00bb|||\u00bb][et_pb_image src=\u00bbhttps:\/\/www.unioviedo.es\/foro_empleo\/wp-content\/uploads\/2021\/12\/patrocinadores-5.jpg\u00bb title_text=\u00bbpatrocinadores-5&#8243; url=\u00bbhttps:\/\/www.grupocajarural.es\/es\u00bb url_new_window=\u00bbon\u00bb align=\u00bbcenter\u00bb align_tablet=\u00bbcenter\u00bb align_phone=\u00bb\u00bb align_last_edited=\u00bbon|desktop\u00bb _builder_version=\u00bb4.18.0&#8243; custom_margin=\u00bb||10px|\u00bb global_colors_info=\u00bb{}\u00bb][\/et_pb_image][\/et_pb_column][et_pb_column type=\u00bb1_5&#8243; _builder_version=\u00bb4.16&#8243; custom_padding=\u00bb|||\u00bb global_colors_info=\u00bb{}\u00bb custom_padding__hover=\u00bb|||\u00bb][et_pb_image src=\u00bbhttps:\/\/www.unioviedo.es\/foro_empleo\/wp-content\/uploads\/2021\/12\/patrocinadores-6.jpg\u00bb title_text=\u00bbpatrocinadores-6&#8243; url=\u00bbhttps:\/\/www.capgemini.com\/es-es\/talento\/carreras-profesionales\/elige-futuro\/\u00bb url_new_window=\u00bbon\u00bb align=\u00bbcenter\u00bb align_tablet=\u00bbcenter\u00bb align_phone=\u00bb\u00bb align_last_edited=\u00bbon|desktop\u00bb _builder_version=\u00bb4.24.1&#8243; custom_margin=\u00bb||10px|\u00bb global_colors_info=\u00bb{}\u00bb][\/et_pb_image][\/et_pb_column][et_pb_column type=\u00bb1_5&#8243; _builder_version=\u00bb4.16&#8243; custom_padding=\u00bb|||\u00bb global_colors_info=\u00bb{}\u00bb custom_padding__hover=\u00bb|||\u00bb][et_pb_image src=\u00bbhttps:\/\/www.unioviedo.es\/foro_empleo\/wp-content\/uploads\/2022\/08\/capsa.jpg\u00bb title_text=\u00bbcapsa\u00bb url=\u00bbhttps:\/\/empleo.capsa.es\/candidate\/account\/login?ReturnUrl=%2Fcandidate\u00bb url_new_window=\u00bbon\u00bb align=\u00bbcenter\u00bb align_tablet=\u00bbcenter\u00bb align_phone=\u00bb\u00bb align_last_edited=\u00bbon|desktop\u00bb _builder_version=\u00bb4.18.0&#8243; custom_margin=\u00bb||10px|\u00bb global_colors_info=\u00bb{}\u00bb][\/et_pb_image][\/et_pb_column][et_pb_column type=\u00bb1_5&#8243; _builder_version=\u00bb4.18.0&#8243; _module_preset=\u00bbdefault\u00bb global_colors_info=\u00bb{}\u00bb][et_pb_image src=\u00bbhttps:\/\/www.unioviedo.es\/foro_empleo\/wp-content\/uploads\/2021\/12\/patrocinadores-10.jpg\u00bb title_text=\u00bbpatrocinadores-10&#8243; url=\u00bbhttps:\/\/www.corteva.es\/\u00bb url_new_window=\u00bbon\u00bb align=\u00bbcenter\u00bb align_tablet=\u00bbcenter\u00bb align_phone=\u00bb\u00bb align_last_edited=\u00bbon|desktop\u00bb _builder_version=\u00bb4.24.1&#8243; custom_margin=\u00bb||10px|\u00bb global_colors_info=\u00bb{}\u00bb][\/et_pb_image][\/et_pb_column][et_pb_column type=\u00bb1_5&#8243; _builder_version=\u00bb4.16&#8243; custom_padding=\u00bb|||\u00bb global_colors_info=\u00bb{}\u00bb custom_padding__hover=\u00bb|||\u00bb][et_pb_image src=\u00bbhttps:\/\/www.unioviedo.es\/foro_empleo\/wp-content\/uploads\/2022\/09\/gijon-empleo.jpg\u00bb title_text=\u00bbgijon-empleo\u00bb url=\u00bbhttps:\/\/www.gijon.es\/es\/empleo\u00bb url_new_window=\u00bbon\u00bb align=\u00bbcenter\u00bb align_tablet=\u00bbcenter\u00bb align_phone=\u00bb\u00bb align_last_edited=\u00bbon|desktop\u00bb _builder_version=\u00bb4.18.0&#8243; custom_margin=\u00bb||10px|\u00bb global_colors_info=\u00bb{}\u00bb][\/et_pb_image][\/et_pb_column][\/et_pb_row][et_pb_row column_structure=\u00bb1_5,1_5,1_5,1_5,1_5&#8243; use_custom_gutter=\u00bbon\u00bb gutter_width=\u00bb2&#8243; module_class=\u00bbtres-columnas\u00bb _builder_version=\u00bb4.27.4&#8243; max_width=\u00bb1440px\u00bb module_alignment=\u00bbcenter\u00bb custom_margin=\u00bb0px||0px||true|false\u00bb custom_padding=\u00bb0px||0px||true|false\u00bb use_custom_width=\u00bbon\u00bb custom_width_px=\u00bb1440px\u00bb global_colors_info=\u00bb{}\u00bb][et_pb_column type=\u00bb1_5&#8243; _builder_version=\u00bb4.16&#8243; custom_padding=\u00bb|||\u00bb global_colors_info=\u00bb{}\u00bb custom_padding__hover=\u00bb|||\u00bb][et_pb_image src=\u00bbhttps:\/\/www.unioviedo.es\/foro_empleo\/wp-content\/uploads\/2025\/02\/futurs-logo.jpg\u00bb title_text=\u00bbfuturs-logo\u00bb url=\u00bbhttps:\/\/www.futurshealth.com\/empleo\/\u00bb url_new_window=\u00bbon\u00bb align=\u00bbcenter\u00bb align_tablet=\u00bbcenter\u00bb align_phone=\u00bb\u00bb align_last_edited=\u00bbon|desktop\u00bb _builder_version=\u00bb4.24.1&#8243; custom_margin=\u00bb||10px|\u00bb global_colors_info=\u00bb{}\u00bb][\/et_pb_image][\/et_pb_column][et_pb_column type=\u00bb1_5&#8243; _builder_version=\u00bb4.16&#8243; custom_padding=\u00bb|||\u00bb global_colors_info=\u00bb{}\u00bb custom_padding__hover=\u00bb|||\u00bb][et_pb_image src=\u00bbhttps:\/\/www.unioviedo.es\/foro_empleo\/wp-content\/uploads\/2024\/01\/grupo-dc.jpg\u00bb title_text=\u00bbgrupo-dc\u00bb url=\u00bbhttp:\/\/www.grupo-dc.com\u00bb url_new_window=\u00bbon\u00bb align=\u00bbcenter\u00bb align_tablet=\u00bbcenter\u00bb align_phone=\u00bb\u00bb align_last_edited=\u00bbon|desktop\u00bb _builder_version=\u00bb4.24.1&#8243; custom_margin=\u00bb||10px|\u00bb global_colors_info=\u00bb{}\u00bb][\/et_pb_image][\/et_pb_column][et_pb_column type=\u00bb1_5&#8243; _builder_version=\u00bb4.16&#8243; custom_padding=\u00bb|||\u00bb global_colors_info=\u00bb{}\u00bb custom_padding__hover=\u00bb|||\u00bb][et_pb_image src=\u00bbhttps:\/\/www.unioviedo.es\/foro_empleo\/wp-content\/uploads\/2025\/01\/grupo-espiral-logo.jpg\u00bb title_text=\u00bbgrupo-espiral-logo\u00bb url=\u00bbhttps:\/\/www.grupoespiralms.com\/\u00bb url_new_window=\u00bbon\u00bb align=\u00bbcenter\u00bb align_tablet=\u00bbcenter\u00bb align_phone=\u00bb\u00bb align_last_edited=\u00bbon|desktop\u00bb _builder_version=\u00bb4.24.1&#8243; custom_margin=\u00bb||10px|\u00bb global_colors_info=\u00bb{}\u00bb][\/et_pb_image][\/et_pb_column][et_pb_column type=\u00bb1_5&#8243; _builder_version=\u00bb4.16&#8243; custom_padding=\u00bb|||\u00bb global_colors_info=\u00bb{}\u00bb custom_padding__hover=\u00bb|||\u00bb][et_pb_image src=\u00bbhttps:\/\/www.unioviedo.es\/foro_empleo\/wp-content\/uploads\/2025\/01\/iff-logo.jpg\u00bb title_text=\u00bbiff-logo\u00bb url=\u00bbhttps:\/\/www.iff.com\/\u00bb url_new_window=\u00bbon\u00bb align=\u00bbcenter\u00bb align_tablet=\u00bbcenter\u00bb align_phone=\u00bb\u00bb align_last_edited=\u00bbon|desktop\u00bb _builder_version=\u00bb4.24.1&#8243; custom_margin=\u00bb||10px|\u00bb global_colors_info=\u00bb{}\u00bb][\/et_pb_image][\/et_pb_column][et_pb_column type=\u00bb1_5&#8243; _builder_version=\u00bb4.16&#8243; custom_padding=\u00bb|||\u00bb global_colors_info=\u00bb{}\u00bb custom_padding__hover=\u00bb|||\u00bb][et_pb_image src=\u00bbhttps:\/\/www.unioviedo.es\/foro_empleo\/wp-content\/uploads\/2025\/01\/iman-logo.jpg\u00bb title_text=\u00bbiman-logo\u00bb url=\u00bbhttp:\/\/www.imancorp.es\u00bb url_new_window=\u00bbon\u00bb align=\u00bbcenter\u00bb align_tablet=\u00bbcenter\u00bb align_phone=\u00bb\u00bb align_last_edited=\u00bbon|desktop\u00bb _builder_version=\u00bb4.24.1&#8243; custom_margin=\u00bb||10px|\u00bb global_colors_info=\u00bb{}\u00bb][\/et_pb_image][\/et_pb_column][\/et_pb_row][et_pb_row column_structure=\u00bb1_5,1_5,1_5,1_5,1_5&#8243; use_custom_gutter=\u00bbon\u00bb gutter_width=\u00bb2&#8243; module_class=\u00bbtres-columnas\u00bb _builder_version=\u00bb4.27.4&#8243; max_width=\u00bb1440px\u00bb module_alignment=\u00bbcenter\u00bb custom_margin=\u00bb0px||0px||true|false\u00bb custom_padding=\u00bb0px||0px||true|false\u00bb use_custom_width=\u00bbon\u00bb custom_width_px=\u00bb1440px\u00bb global_colors_info=\u00bb{}\u00bb][et_pb_column type=\u00bb1_5&#8243; _builder_version=\u00bb4.16&#8243; custom_padding=\u00bb|||\u00bb global_colors_info=\u00bb{}\u00bb custom_padding__hover=\u00bb|||\u00bb][et_pb_image src=\u00bbhttps:\/\/www.unioviedo.es\/foro_empleo\/wp-content\/uploads\/2025\/01\/indra-logo.jpg\u00bb title_text=\u00bbindra-logo\u00bb url=\u00bbhttps:\/\/www.indracompany.com\/\u00bb url_new_window=\u00bbon\u00bb align=\u00bbcenter\u00bb align_tablet=\u00bbcenter\u00bb align_phone=\u00bb\u00bb align_last_edited=\u00bbon|desktop\u00bb _builder_version=\u00bb4.24.1&#8243; custom_margin=\u00bb||10px|\u00bb global_colors_info=\u00bb{}\u00bb][\/et_pb_image][\/et_pb_column][et_pb_column type=\u00bb1_5&#8243; _builder_version=\u00bb4.16&#8243; custom_padding=\u00bb|||\u00bb global_colors_info=\u00bb{}\u00bb custom_padding__hover=\u00bb|||\u00bb][et_pb_image src=\u00bbhttps:\/\/www.unioviedo.es\/foro_empleo\/wp-content\/uploads\/2025\/03\/logos-inserta.jpg\u00bb title_text=\u00bblogos-inserta\u00bb url=\u00bbhttps:\/\/www.portalento.es\/\u00bb url_new_window=\u00bbon\u00bb align=\u00bbcenter\u00bb align_tablet=\u00bbcenter\u00bb align_phone=\u00bb\u00bb align_last_edited=\u00bbon|desktop\u00bb _builder_version=\u00bb4.27.4&#8243; custom_margin=\u00bb||10px|\u00bb global_colors_info=\u00bb{}\u00bb][\/et_pb_image][\/et_pb_column][et_pb_column type=\u00bb1_5&#8243; _builder_version=\u00bb4.16&#8243; custom_padding=\u00bb|||\u00bb global_colors_info=\u00bb{}\u00bb custom_padding__hover=\u00bb|||\u00bb][et_pb_image src=\u00bbhttps:\/\/www.unioviedo.es\/foro_empleo\/wp-content\/uploads\/2025\/02\/merlin-logo.jpg\u00bb title_text=\u00bbmerlin-logo\u00bb url=\u00bbhttps:\/\/empleo.leroymerlin.es\u00bb url_new_window=\u00bbon\u00bb align=\u00bbcenter\u00bb align_tablet=\u00bbcenter\u00bb align_phone=\u00bb\u00bb align_last_edited=\u00bbon|desktop\u00bb _builder_version=\u00bb4.24.1&#8243; custom_margin=\u00bb||10px|\u00bb global_colors_info=\u00bb{}\u00bb][\/et_pb_image][\/et_pb_column][et_pb_column type=\u00bb1_5&#8243; _builder_version=\u00bb4.16&#8243; custom_padding=\u00bb|||\u00bb global_colors_info=\u00bb{}\u00bb custom_padding__hover=\u00bb|||\u00bb][et_pb_image src=\u00bbhttps:\/\/www.unioviedo.es\/foro_empleo\/wp-content\/uploads\/2021\/12\/patrocinadores-17.jpg\u00bb title_text=\u00bbpatrocinadores-17&#8243; url=\u00bbhttps:\/\/www.mecalux.es\/\u00bb url_new_window=\u00bbon\u00bb align=\u00bbcenter\u00bb align_tablet=\u00bbcenter\u00bb align_phone=\u00bb\u00bb align_last_edited=\u00bbon|desktop\u00bb _builder_version=\u00bb4.18.0&#8243; custom_margin=\u00bb||10px|\u00bb global_colors_info=\u00bb{}\u00bb][\/et_pb_image][\/et_pb_column][et_pb_column type=\u00bb1_5&#8243; _builder_version=\u00bb4.16&#8243; custom_padding=\u00bb|||\u00bb global_colors_info=\u00bb{}\u00bb custom_padding__hover=\u00bb|||\u00bb][et_pb_image src=\u00bbhttps:\/\/www.unioviedo.es\/foro_empleo\/wp-content\/uploads\/2021\/12\/patrocinadores-9.jpg\u00bb title_text=\u00bbpatrocinadores-9&#8243; url=\u00bbhttps:\/\/www.merkle.com\/es\/es\u00bb url_new_window=\u00bbon\u00bb align=\u00bbcenter\u00bb align_tablet=\u00bbcenter\u00bb align_phone=\u00bb\u00bb align_last_edited=\u00bbon|desktop\u00bb _builder_version=\u00bb4.18.0&#8243; custom_margin=\u00bb||10px|\u00bb global_colors_info=\u00bb{}\u00bb][\/et_pb_image][\/et_pb_column][\/et_pb_row][et_pb_row column_structure=\u00bb1_5,1_5,1_5,1_5,1_5&#8243; use_custom_gutter=\u00bbon\u00bb gutter_width=\u00bb2&#8243; module_class=\u00bbtres-columnas\u00bb _builder_version=\u00bb4.27.4&#8243; max_width=\u00bb1440px\u00bb module_alignment=\u00bbcenter\u00bb custom_margin=\u00bb0px||0px||true|false\u00bb custom_padding=\u00bb0px||0px||true|false\u00bb use_custom_width=\u00bbon\u00bb custom_width_px=\u00bb1440px\u00bb global_colors_info=\u00bb{}\u00bb][et_pb_column type=\u00bb1_5&#8243; _builder_version=\u00bb4.16&#8243; custom_padding=\u00bb|||\u00bb global_colors_info=\u00bb{}\u00bb custom_padding__hover=\u00bb|||\u00bb][et_pb_image src=\u00bbhttps:\/\/www.unioviedo.es\/foro_empleo\/wp-content\/uploads\/2024\/01\/norvento.jpg\u00bb title_text=\u00bbnorvento\u00bb url=\u00bbhttps:\/\/www.norvento.com\/\u00bb url_new_window=\u00bbon\u00bb align=\u00bbcenter\u00bb align_tablet=\u00bbcenter\u00bb align_phone=\u00bb\u00bb align_last_edited=\u00bbon|desktop\u00bb _builder_version=\u00bb4.24.1&#8243; custom_margin=\u00bb||10px|\u00bb global_colors_info=\u00bb{}\u00bb][\/et_pb_image][\/et_pb_column][et_pb_column type=\u00bb1_5&#8243; _builder_version=\u00bb4.16&#8243; custom_padding=\u00bb|||\u00bb global_colors_info=\u00bb{}\u00bb custom_padding__hover=\u00bb|||\u00bb][et_pb_image src=\u00bbhttps:\/\/www.unioviedo.es\/foro_empleo\/wp-content\/uploads\/2025\/01\/ntt-data-logo.jpg\u00bb title_text=\u00bbntt-data-logo\u00bb url=\u00bbhttps:\/\/es.nttdata.com\/\u00bb url_new_window=\u00bbon\u00bb align=\u00bbcenter\u00bb align_tablet=\u00bbcenter\u00bb align_phone=\u00bb\u00bb align_last_edited=\u00bbon|desktop\u00bb _builder_version=\u00bb4.24.1&#8243; custom_margin=\u00bb||10px|\u00bb global_colors_info=\u00bb{}\u00bb][\/et_pb_image][\/et_pb_column][et_pb_column type=\u00bb1_5&#8243; _builder_version=\u00bb4.16&#8243; custom_padding=\u00bb|||\u00bb global_colors_info=\u00bb{}\u00bb custom_padding__hover=\u00bb|||\u00bb][et_pb_image src=\u00bbhttps:\/\/www.unioviedo.es\/foro_empleo\/wp-content\/uploads\/2025\/02\/ribera-logo-1.jpg\u00bb title_text=\u00bbribera-logo\u00bb url=\u00bbhttps:\/\/riberasalud.com\/covadonga\/empleo\/\u00bb url_new_window=\u00bbon\u00bb align=\u00bbcenter\u00bb align_tablet=\u00bbcenter\u00bb align_phone=\u00bb\u00bb align_last_edited=\u00bbon|desktop\u00bb _builder_version=\u00bb4.24.1&#8243; custom_margin=\u00bb||10px|\u00bb global_colors_info=\u00bb{}\u00bb][\/et_pb_image][\/et_pb_column][et_pb_column type=\u00bb1_5&#8243; _builder_version=\u00bb4.16&#8243; custom_padding=\u00bb|||\u00bb global_colors_info=\u00bb{}\u00bb custom_padding__hover=\u00bb|||\u00bb][et_pb_image src=\u00bbhttps:\/\/www.unioviedo.es\/foro_empleo\/wp-content\/uploads\/2025\/01\/samoa-logo.jpg\u00bb title_text=\u00bbsamoa-logo\u00bb url=\u00bbhttps:\/\/www.samoaindustrial.com\/es\/\u00bb url_new_window=\u00bbon\u00bb align=\u00bbcenter\u00bb align_tablet=\u00bbcenter\u00bb align_phone=\u00bb\u00bb align_last_edited=\u00bbon|desktop\u00bb _builder_version=\u00bb4.24.1&#8243; custom_margin=\u00bb||10px|\u00bb global_colors_info=\u00bb{}\u00bb][\/et_pb_image][\/et_pb_column][et_pb_column type=\u00bb1_5&#8243; _builder_version=\u00bb4.16&#8243; custom_padding=\u00bb|||\u00bb global_colors_info=\u00bb{}\u00bb custom_padding__hover=\u00bb|||\u00bb][et_pb_image src=\u00bbhttps:\/\/www.unioviedo.es\/foro_empleo\/wp-content\/uploads\/2025\/01\/seresco-logo.jpg\u00bb title_text=\u00bbseresco-logo\u00bb url=\u00bbhttp:\/\/www.seresco.es\u00bb url_new_window=\u00bbon\u00bb align=\u00bbcenter\u00bb align_tablet=\u00bbcenter\u00bb align_phone=\u00bb\u00bb align_last_edited=\u00bbon|desktop\u00bb _builder_version=\u00bb4.24.1&#8243; custom_margin=\u00bb||10px|\u00bb global_colors_info=\u00bb{}\u00bb][\/et_pb_image][\/et_pb_column][\/et_pb_row][et_pb_row column_structure=\u00bb1_5,1_5,1_5,1_5,1_5&#8243; use_custom_gutter=\u00bbon\u00bb gutter_width=\u00bb2&#8243; module_class=\u00bbtres-columnas\u00bb _builder_version=\u00bb4.24.1&#8243; max_width=\u00bb1440px\u00bb module_alignment=\u00bbcenter\u00bb custom_margin=\u00bb0px||0px||true|false\u00bb custom_padding=\u00bb0px||0px||true|false\u00bb use_custom_width=\u00bbon\u00bb custom_width_px=\u00bb1440px\u00bb global_colors_info=\u00bb{}\u00bb][et_pb_column type=\u00bb1_5&#8243; _builder_version=\u00bb4.16&#8243; custom_padding=\u00bb|||\u00bb global_colors_info=\u00bb{}\u00bb custom_padding__hover=\u00bb|||\u00bb][et_pb_image src=\u00bbhttps:\/\/www.unioviedo.es\/foro_empleo\/wp-content\/uploads\/2022\/09\/sesepa.jpg\u00bb title_text=\u00bbsesepa\u00bb url=\u00bbhttps:\/\/trabajastur.asturias.es\/\u00bb url_new_window=\u00bbon\u00bb align=\u00bbcenter\u00bb align_tablet=\u00bbcenter\u00bb align_phone=\u00bb\u00bb align_last_edited=\u00bbon|desktop\u00bb _builder_version=\u00bb4.18.0&#8243; custom_margin=\u00bb||10px|\u00bb global_colors_info=\u00bb{}\u00bb][\/et_pb_image][\/et_pb_column][et_pb_column type=\u00bb1_5&#8243; _builder_version=\u00bb4.16&#8243; custom_padding=\u00bb|||\u00bb global_colors_info=\u00bb{}\u00bb custom_padding__hover=\u00bb|||\u00bb][et_pb_image src=\u00bbhttps:\/\/www.unioviedo.es\/foro_empleo\/wp-content\/uploads\/2024\/01\/TKE.jpg\u00bb title_text=\u00bbTKE\u00bb url=\u00bbhttps:\/\/www.tkelevator.com\/es-es\/\u00bb url_new_window=\u00bbon\u00bb align=\u00bbcenter\u00bb align_tablet=\u00bbcenter\u00bb align_phone=\u00bb\u00bb align_last_edited=\u00bbon|desktop\u00bb _builder_version=\u00bb4.24.1&#8243; custom_margin=\u00bb||10px|\u00bb global_colors_info=\u00bb{}\u00bb][\/et_pb_image][\/et_pb_column][et_pb_column type=\u00bb1_5&#8243; _builder_version=\u00bb4.16&#8243; custom_padding=\u00bb|||\u00bb global_colors_info=\u00bb{}\u00bb custom_padding__hover=\u00bb|||\u00bb][et_pb_image src=\u00bbhttps:\/\/www.unioviedo.es\/foro_empleo\/wp-content\/uploads\/2025\/01\/windar-logo.jpg\u00bb title_text=\u00bbwindar-logo\u00bb url=\u00bbhttps:\/\/windar-renovables.com\/\u00bb url_new_window=\u00bbon\u00bb align=\u00bbcenter\u00bb align_tablet=\u00bbcenter\u00bb align_phone=\u00bb\u00bb align_last_edited=\u00bbon|desktop\u00bb _builder_version=\u00bb4.24.1&#8243; custom_margin=\u00bb||10px|\u00bb global_colors_info=\u00bb{}\u00bb][\/et_pb_image][\/et_pb_column][et_pb_column type=\u00bb1_5&#8243; _builder_version=\u00bb4.16&#8243; custom_padding=\u00bb|||\u00bb global_colors_info=\u00bb{}\u00bb custom_padding__hover=\u00bb|||\u00bb][\/et_pb_column][et_pb_column type=\u00bb1_5&#8243; _builder_version=\u00bb4.16&#8243; custom_padding=\u00bb|||\u00bb global_colors_info=\u00bb{}\u00bb custom_padding__hover=\u00bb|||\u00bb][\/et_pb_column][\/et_pb_row][\/et_pb_section][et_pb_section fb_built=\u00bb1&#8243; admin_label=\u00bbSection\u00bb module_id=\u00bbParticipantes22foro\u00bb _builder_version=\u00bb4.24.1&#8243; _module_preset=\u00bbdefault\u00bb background_color=\u00bbgcid-c609dac7-62ed-45e4-8b50-ceb0013ca03d\u00bb da_popup_slug=\u00bbParticipantes22foro\u00bb da_disable_devices=\u00bboff|off|off\u00bb global_colors_info=\u00bb{%22gcid-c609dac7-62ed-45e4-8b50-ceb0013ca03d%22:%91%22background_color%22%93}\u00bb da_is_popup=\u00bboff\u00bb da_exit_intent=\u00bboff\u00bb da_has_close=\u00bbon\u00bb da_alt_close=\u00bboff\u00bb da_dark_close=\u00bboff\u00bb da_not_modal=\u00bbon\u00bb da_is_singular=\u00bboff\u00bb da_with_loader=\u00bboff\u00bb da_has_shadow=\u00bbon\u00bb][et_pb_row _builder_version=\u00bb4.24.1&#8243; _module_preset=\u00bbdefault\u00bb global_colors_info=\u00bb{}\u00bb][et_pb_column type=\u00bb4_4&#8243; _builder_version=\u00bb4.24.1&#8243; _module_preset=\u00bbdefault\u00bb global_colors_info=\u00bb{}\u00bb][et_pb_text _builder_version=\u00bb4.24.1&#8243; text_font=\u00bbMontserrat||||||||\u00bb text_line_height=\u00bb2em\u00bb link_font=\u00bbMontserrat|700|||||||\u00bb link_text_color=\u00bbgcid-3cfd1695-69cd-4cf7-af5f-fb35fc66ed00&#8243; ul_font=\u00bb||||||||\u00bb ul_text_color=\u00bb#000000&#8243; ul_line_height=\u00bb2em\u00bb quote_font=\u00bb||||||||\u00bb header_font=\u00bb||||||||\u00bb header_text_color=\u00bb#07867f\u00bb header_2_font=\u00bbMontserrat|900|||||||\u00bb header_2_text_color=\u00bbgcid-e5d7626d-237b-4a11-abac-a2efc83cff33&#8243; header_2_font_size=\u00bb45px\u00bb header_2_line_height=\u00bb1.2em\u00bb header_3_font=\u00bbMontserrat|300||on|||||\u00bb header_3_text_color=\u00bb#000000&#8243; header_3_font_size=\u00bb20px\u00bb header_3_letter_spacing=\u00bb4px\u00bb header_3_line_height=\u00bb1.6em\u00bb max_width_tablet=\u00bb\u00bb max_width_phone=\u00bb\u00bb max_width_last_edited=\u00bbon|desktop\u00bb module_alignment=\u00bbcenter\u00bb custom_margin=\u00bb|||\u00bb custom_padding=\u00bb|||\u00bb header_2_font_size_tablet=\u00bb35px\u00bb header_2_font_size_phone=\u00bb28px\u00bb header_2_font_size_last_edited=\u00bbon|phone\u00bb global_colors_info=\u00bb{%22gcid-e5d7626d-237b-4a11-abac-a2efc83cff33%22:%91%22header_2_text_color%22%93,%22gcid-3cfd1695-69cd-4cf7-af5f-fb35fc66ed00%22:%91%22link_text_color%22%93}\u00bb]<\/p>\n<h2 style=\"text-align: center;\">Empresas e instituciones participantes<\/h2>\n<p>[\/et_pb_text][\/et_pb_column][\/et_pb_row][et_pb_row _builder_version=\u00bb4.24.1&#8243; _module_preset=\u00bbdefault\u00bb global_colors_info=\u00bb{}\u00bb][et_pb_column type=\u00bb4_4&#8243; _builder_version=\u00bb4.24.1&#8243; _module_preset=\u00bbdefault\u00bb global_colors_info=\u00bb{}\u00bb][et_pb_text _builder_version=\u00bb4.27.4&#8243; text_font=\u00bbMontserrat|||on|||||\u00bb text_font_size=\u00bb18px\u00bb text_line_height=\u00bb2em\u00bb link_font=\u00bbMontserrat|700|||||||\u00bb link_text_color=\u00bbgcid-3cfd1695-69cd-4cf7-af5f-fb35fc66ed00&#8243; link_font_size=\u00bb17px\u00bb ul_font=\u00bb||||||||\u00bb ul_text_color=\u00bb#000000&#8243; ul_line_height=\u00bb2em\u00bb quote_font=\u00bb||||||||\u00bb header_font=\u00bb||||||||\u00bb header_text_color=\u00bb#07867f\u00bb header_2_font=\u00bbMontserrat|900|||||||\u00bb header_2_text_color=\u00bbgcid-e5d7626d-237b-4a11-abac-a2efc83cff33&#8243; header_2_font_size=\u00bb45px\u00bb header_2_line_height=\u00bb1.2em\u00bb header_3_font=\u00bbMontserrat|300||on|||||\u00bb header_3_text_color=\u00bb#000000&#8243; header_3_font_size=\u00bb20px\u00bb header_3_letter_spacing=\u00bb4px\u00bb header_3_line_height=\u00bb1.6em\u00bb text_orientation=\u00bbcenter\u00bb max_width_tablet=\u00bb\u00bb max_width_phone=\u00bb\u00bb max_width_last_edited=\u00bbon|desktop\u00bb module_alignment=\u00bbcenter\u00bb custom_margin=\u00bb|||\u00bb custom_padding=\u00bb|||\u00bb header_2_font_size_tablet=\u00bb35px\u00bb header_2_font_size_phone=\u00bb28px\u00bb header_2_font_size_last_edited=\u00bbon|phone\u00bb global_colors_info=\u00bb{%22gcid-e5d7626d-237b-4a11-abac-a2efc83cff33%22:%91%22header_2_text_color%22%93,%22gcid-3cfd1695-69cd-4cf7-af5f-fb35fc66ed00%22:%91%22link_text_color%22%93}\u00bb]<a href=\"https:\/\/www.accioncontraelhambre.org\/es\" target=\"_blank\" rel=\"noopener\">Acci\u00f3n Contra El Hambre<\/a> <span style=\"color: #808080;\"> | <\/span><a href=\"https:\/\/www.accionlaboral.com\/\" target=\"_blank\" rel=\"noopener\">Acci\u00f3n Laboral<\/a> <span style=\"color: #808080;\"> | <\/span><a href=\"https:\/\/www.alimerka.es\/\" target=\"_blank\" rel=\"noopener\">ALIMERKA<\/a> <span style=\"color: #808080;\"> | <\/span><a href=\"https:\/\/www.arias.es\" target=\"_blank\" rel=\"noopener\">Arias<\/a> <span style=\"color: #808080;\"> | <\/span><a href=\"https:\/\/www.asacti.es\" target=\"_blank\" rel=\"noopener\">ASAC<\/a> <span style=\"color: #808080;\"> | <\/span><a href=\"https:\/\/www.asincar.com\" target=\"_blank\" rel=\"noopener\">Asincar Centro Tecnol\u00f3gico<\/a> <span style=\"color: #808080;\"> | <\/span><a href=\"https:\/\/www.asturagua.es\/\" target=\"_blank\" rel=\"noopener\">Asturagua<\/a> <span style=\"color: #808080;\"> | <\/span><a href=\"https:\/\/www.asturfeito.com\/es\/\" target=\"_blank\" rel=\"noopener\">Asturfeito<\/a> <span style=\"color: #808080;\"> | <\/span><a href=\"https:\/\/www.oviedo.es\/vive\/trabajo-orientacion-laboral-y-emprendimiento\" target=\"_blank\" rel=\"noopener\">AYUNTAMIENTO DE OVIEDO<\/a> <span style=\"color: #808080;\"> | <\/span><a href=\"https:\/\/babelgroup.com\/\" target=\"_blank\" rel=\"noopener\">BABEL<\/a> <span style=\"color: #808080;\"> | <\/span><a href=\"https:\/\/www.bde.es\" target=\"_blank\" rel=\"noopener\">BANCO DE ESPA\u00d1A<\/a> <span style=\"color: #808080;\"> | <\/span><a href=\"https:\/\/boolea.es\/\" target=\"_blank\" rel=\"noopener\">BOOLEA<\/a> <span style=\"color: #808080;\"> | <\/span><a href=\"https:\/\/www.bosquia.com\" target=\"_blank\" rel=\"noopener\">Bosquia Nature<\/a> <span style=\"color: #808080;\"> | <\/span><a href=\"https:\/\/www.cafento.com\/\" target=\"_blank\" rel=\"noopener\">Cafento<\/a> <span style=\"color: #808080;\"> | <\/span><a href=\"https:\/\/www.avilescamara.es\" target=\"_blank\" rel=\"noopener\">C\u00e1mara de Comercio de Avil\u00e9s<\/a> <span style=\"color: #808080;\"> | <\/span><a href=\"https:\/\/www.chemours.com\/en\/\" target=\"_blank\" rel=\"noopener\">Chemours Spain<\/a> <span style=\"color: #808080;\"> | <\/span><a href=\"https:\/\/www.gestoresadministrativosdeasturias.com\/\" target=\"_blank\" rel=\"noopener\">COLEGIO OFICIAL DE GESTORES ADMINISTRATIVOS DE ASTURIAS<\/a> <span style=\"color: #808080;\"> | <\/span><a href=\"https:\/\/www.coiias.es\/inicio\" target=\"_blank\" rel=\"noopener\">Colegio Oficial de Ingenieros Industriales del Principado de Asturias (COIIAS)<\/a> <span style=\"color: #808080;\"> | <\/span><a href=\"https:\/\/asturias.ccoo.es\/\" target=\"_blank\" rel=\"noopener\">COMISIONES OBRERAS DE ASTURIAS<\/a> <span style=\"color: #808080;\"> | <\/span><a href=\"https:\/\/tierra-astur.com\" target=\"_blank\" rel=\"noopener\">CRIVENCAR &#8211; Tierra Astur<\/a> <span style=\"color: #808080;\"> | <\/span><a href=\"https:\/\/www.fundacionctic.org\/\" target=\"_blank\" rel=\"noopener\">CTIC CENTRO TECNOL\u00d3GICO<\/a> <span style=\"color: #808080;\"> | <\/span><a href=\"https:\/\/delcom.es\/\" target=\"_blank\" rel=\"noopener\">DELCOM<\/a> <span style=\"color: #808080;\"> | <\/span><a href=\"https:\/\/reclutamiento.defensa.gob.es\/\" target=\"_blank\" rel=\"noopener\">DELEGACI\u00d3N DE DEFENSA EN EL PRINCIPADO DE ASTURIAS<\/a> <span style=\"color: #808080;\"> | <\/span><a href=\"https:\/\/www.deloitte.com\/es\/es.html\" target=\"_blank\" rel=\"noopener\">Deloitte<\/a> <span style=\"color: #808080;\"> | <\/span><a href=\"https:\/\/www.dicampus.es\/\" target=\"_blank\" rel=\"noopener\">DICAMPUS<\/a> <span style=\"color: #808080;\"> | <\/span><a href=\"https:\/\/www.dupont.com\/\" target=\"_blank\" rel=\"noopener\">Dupont<\/a> <span style=\"color: #808080;\"> | <\/span><a href=\"https:\/\/dxc.com\/es\/es\" target=\"_blank\" rel=\"noopener\">DXC Technology<\/a> <span style=\"color: #808080;\"> | <\/span><a href=\"https:\/\/www.ebury.es\/\" target=\"_blank\" rel=\"noopener\">ebury<\/a><span style=\"color: #808080;\"> | <\/span><a href=\"https:\/\/www.ebroker.es\/\" target=\"_blank\" rel=\"noopener\">ebroker<\/a> <span style=\"color: #808080;\"> | <\/span><a href=\"https:\/\/www.elecnor.com\/inserta-tu-cv\" target=\"_blank\" rel=\"noopener\">ELECNOR SERVICIOS Y PROYECTOS S.A.U.<\/a> <span style=\"color: #808080;\"> | <\/span><a href=\"https:\/\/enviracorporate.es\/\" target=\"_blank\" rel=\"noopener\">Envira e Ingenieros Asesores<\/a> <span style=\"color: #808080;\"> | <\/span><a href=\"https:\/\/www.eurofirms.com\" target=\"_blank\" rel=\"noopener\">EUROFIRMS GROUP<\/a> <span style=\"color: #808080;\"> | <\/span><a href=\"https:\/\/www.fintecasturias.com\" target=\"_blank\" rel=\"noopener\">Fundaci\u00f3n Industrial y Tecnol\u00f3gica del Principado de Asturias (FINTEC)<\/a> <span style=\"color: #808080;\"> | <\/span><a href=\"https:\/\/fundacionmujeres.es\/\" target=\"_blank\" rel=\"noopener\">FUNDACI\u00d3N MUJERES<\/a> <span style=\"color: #808080;\"> | <\/span><a href=\"https:\/\/gamrentals.com\/es\/\" target=\"_blank\" rel=\"noopener\">GAM SOLUCIONES<\/a> <span style=\"color: #808080;\"> | <\/span><a href=\"https:\/\/www.garrigues.com\/es_ES\" target=\"_blank\" rel=\"noopener\">GARRIGUES<\/a> <span style=\"color: #808080;\"> | <\/span><a href=\"https:\/\/www.gonvarri.com\/\" target=\"_blank\" rel=\"noopener\">GONVARRI INDUSTRIES<\/a> <span style=\"color: #808080;\"> | <\/span><a href=\"https:\/\/e-gri.com\/\" target=\"_blank\" rel=\"noopener\">Gri<\/a> <span style=\"color: #808080;\"> | <\/span><a href=\"https:\/\/www.blendio.es\/\" target=\"_blank\" rel=\"noopener\">GRUPO BLENDIO<\/a> <span style=\"color: #808080;\"> | <\/span><a href=\"https:\/\/grupocarac.es\/\" target=\"_blank\" rel=\"noopener\">GRUPO CARAC<\/a> <span style=\"color: #808080;\"> | <\/span><a href=\"https:\/\/zimacorp.es\/\" target=\"_blank\" rel=\"noopener\">GRUPO DAORJE S.L.U.<\/a> <span style=\"color: #808080;\"> | <\/span><a href=\"https:\/\/www.gruponoas.es\/\" target=\"_blank\" rel=\"noopener\">GRUPO NOA\u00b4S<\/a> <span style=\"color: #808080;\"> | <\/span><a href=\"https:\/\/www.gruporesnova.com\" target=\"_blank\" rel=\"noopener\">Grupo Resnova<\/a> <span style=\"color: #808080;\"> | <\/span><a href=\"https:\/\/www.hiberus.com\/\" target=\"_blank\" rel=\"noopener\">hiberus<\/a> <span style=\"color: #808080;\"> | <\/span><a href=\"https:\/\/www.idesa.net\/\" target=\"_blank\" rel=\"noopener\">IDESA<\/a> <span style=\"color: #808080;\"> | <\/span><a href=\"https:\/\/www.ineco.com\/ineco\/\" target=\"_blank\" rel=\"noopener\">INECO<\/a> <span style=\"color: #808080;\"> | <\/span><a href=\"https:\/\/www.ingeteam.com\/\" target=\"_blank\" rel=\"noopener\">INGETEAM<\/a> <span style=\"color: #808080;\"> | <\/span><a href=\"https:\/\/www.isastur.com\/\" target=\"_blank\" rel=\"noopener\">Isastur<\/a> <span style=\"color: #808080;\"> | <\/span><a href=\"https:\/\/www.izertis.com\/es\/\" target=\"_blank\" rel=\"noopener\">IZERTIS<\/a> <span style=\"color: #808080;\"> | <\/span><a href=\"https:\/\/jakala.com\/\" target=\"_blank\" rel=\"noopener\">JAKALA<\/a> <span style=\"color: #808080;\"> | <\/span><a href=\"https:\/\/www.lacera.es\/\" target=\"_blank\" rel=\"noopener\">LACERA<\/a> <span style=\"color: #808080;\"> | <\/span><a href=\"https:\/\/www.lener.es\/\" target=\"_blank\" rel=\"noopener\">Lener<\/a> <span style=\"color: #808080;\"> | <\/span><a href=\"https:\/\/www.managementsolutions.com\/\" target=\"_blank\" rel=\"noopener\">Management Solutions<\/a><span style=\"color: #808080;\"> | <\/span><a href=\"https:\/\/www.mentiona.com\/\" target=\"_blank\" rel=\"noopener\">Mentiona<\/a> <span style=\"color: #808080;\"> | <\/span><a href=\"https:\/\/metrohm-dropsens.com\/careers\/\" target=\"_blank\" rel=\"noopener\">Metrohm DropSens<\/a> <span style=\"color: #808080;\"> | <\/span><a href=\"https:\/\/www.microviable.com\/\" target=\"_blank\" rel=\"noopener\">Microviable Therapeutics<\/a> <span style=\"color: #808080;\"> | <\/span><a href=\"https:\/\/moreda.com\/\" target=\"_blank\" rel=\"noopener\">Moreda-Riviere Trefiler\u00edas, S.A.<\/a> <span style=\"color: #808080;\"> | <\/span><a href=\"https:\/\/empresa.nestle.es\/es\" target=\"_blank\" rel=\"noopener\">Nestl\u00e9<\/a> <span style=\"color: #808080;\"> | <\/span><a href=\"https:\/\/orovalle.es\/\" target=\"_blank\" rel=\"noopener\">OROVALLE MINERALS S.L.<\/a> <span style=\"color: #808080;\"> | <\/span><a href=\"https:\/\/www.pasek.es\/\" target=\"_blank\" rel=\"noopener\">PASEK<\/a> <span style=\"color: #808080;\"> | <\/span><a href=\"https:\/\/www.randstad.es\/\" target=\"_blank\" rel=\"noopener\">Randstad<\/a> <span style=\"color: #808080;\"> | <\/span><span style=\"color: #808080;\">\u00a0<\/span><a href=\"https:\/\/sacyr.com\/\" target=\"_blank\" rel=\"noopener\">SACYR<\/a> <span style=\"color: #808080;\"> | <\/span><a href=\"https:\/\/www.saint-gobain.es\/\" target=\"_blank\" rel=\"noopener\">Saint-Gobain<\/a> <span style=\"color: #808080;\"> | <\/span><a href=\"https:\/\/salsasasturianas.es\/\" target=\"_blank\" rel=\"noopener\">SALSAS ASTURIANAS<\/a> <span style=\"color: #808080;\"> | <\/span><a href=\"https:\/\/www.siroko.com\/\" target=\"_blank\" rel=\"noopener\">Siroko<\/a> <span style=\"color: #808080;\"> | <\/span><a href=\"https:\/\/talenom.com\/es-es\/\" target=\"_blank\" rel=\"noopener\">Talenom<\/a> <span style=\"color: #808080;\"> | <\/span><a href=\"https:\/\/the-cocktail.com\/\" target=\"_blank\" rel=\"noopener\">The Cocktail<\/a> <span style=\"color: #808080;\"> | <\/span><a href=\"https:\/\/www.toqi.es\/\" target=\"_blank\" rel=\"noopener\">TOQi<\/a> <span style=\"color: #808080;\"> | <\/span><a href=\"https:\/\/www.grupotsk.com\/\" target=\"_blank\" rel=\"noopener\">TSK<\/a> <span style=\"color: #808080;\"> | <\/span><a href=\"https:\/\/ugtspasturias.com\/\" target=\"_blank\" rel=\"noopener\">UGT Asturias<\/a><span style=\"color: #808080;\"> | <\/span><a href=\"https:\/\/www.urbaser.com\/\" target=\"_blank\" rel=\"noopener\">URBASER<\/a> <span style=\"color: #808080;\"> | <\/span><a href=\"https:\/\/www.vitaevents.es\/\" target=\"_blank\" rel=\"noopener\">VITAEVENTS SL<\/a><span style=\"color: #808080;\"> | <\/span><a href=\"https:\/\/www.wagner-group.com\/es\/industria\/ \" target=\"_blank\" rel=\"noopener\">Wagner<\/a>[\/et_pb_text][\/et_pb_column][\/et_pb_row][\/et_pb_section][et_pb_section fb_built=\u00bb1&#8243; admin_label=\u00bbSection\u00bb _builder_version=\u00bb4.24.1&#8243; _module_preset=\u00bbdefault\u00bb background_color=\u00bbgcid-c609dac7-62ed-45e4-8b50-ceb0013ca03d\u00bb da_disable_devices=\u00bboff|off|off\u00bb global_colors_info=\u00bb{%22gcid-c609dac7-62ed-45e4-8b50-ceb0013ca03d%22:%91%22background_color%22%93}\u00bb da_is_popup=\u00bboff\u00bb da_exit_intent=\u00bboff\u00bb da_has_close=\u00bbon\u00bb da_alt_close=\u00bboff\u00bb da_dark_close=\u00bboff\u00bb da_not_modal=\u00bbon\u00bb da_is_singular=\u00bboff\u00bb da_with_loader=\u00bboff\u00bb da_has_shadow=\u00bbon\u00bb][et_pb_row _builder_version=\u00bb4.24.1&#8243; _module_preset=\u00bbdefault\u00bb global_colors_info=\u00bb{}\u00bb][et_pb_column type=\u00bb4_4&#8243; _builder_version=\u00bb4.24.1&#8243; _module_preset=\u00bbdefault\u00bb global_colors_info=\u00bb{}\u00bb][et_pb_text _builder_version=\u00bb4.24.1&#8243; text_font=\u00bbMontserrat||||||||\u00bb text_line_height=\u00bb2em\u00bb link_font=\u00bbMontserrat|700|||||||\u00bb link_text_color=\u00bbgcid-3cfd1695-69cd-4cf7-af5f-fb35fc66ed00&#8243; ul_font=\u00bb||||||||\u00bb ul_text_color=\u00bb#000000&#8243; ul_line_height=\u00bb2em\u00bb quote_font=\u00bb||||||||\u00bb header_font=\u00bb||||||||\u00bb header_text_color=\u00bb#07867f\u00bb header_2_font=\u00bbMontserrat|900|||||||\u00bb header_2_text_color=\u00bbgcid-e5d7626d-237b-4a11-abac-a2efc83cff33&#8243; header_2_font_size=\u00bb45px\u00bb header_2_line_height=\u00bb1.2em\u00bb header_3_font=\u00bbMontserrat|300||on|||||\u00bb header_3_text_color=\u00bb#000000&#8243; header_3_font_size=\u00bb20px\u00bb header_3_letter_spacing=\u00bb4px\u00bb header_3_line_height=\u00bb1.6em\u00bb max_width_tablet=\u00bb\u00bb max_width_phone=\u00bb\u00bb max_width_last_edited=\u00bbon|desktop\u00bb module_alignment=\u00bbcenter\u00bb custom_margin=\u00bb|||\u00bb custom_padding=\u00bb|||\u00bb header_2_font_size_tablet=\u00bb35px\u00bb header_2_font_size_phone=\u00bb28px\u00bb header_2_font_size_last_edited=\u00bbon|phone\u00bb global_colors_info=\u00bb{%22gcid-e5d7626d-237b-4a11-abac-a2efc83cff33%22:%91%22header_2_text_color%22%93,%22gcid-3cfd1695-69cd-4cf7-af5f-fb35fc66ed00%22:%91%22link_text_color%22%93}\u00bb]<\/p>\n<h2 style=\"text-align: center;\">\u00a0Empresas zona networking<\/h2>\n<p>[\/et_pb_text][\/et_pb_column][\/et_pb_row][et_pb_row _builder_version=\u00bb4.24.1&#8243; _module_preset=\u00bbdefault\u00bb global_colors_info=\u00bb{}\u00bb][et_pb_column type=\u00bb4_4&#8243; _builder_version=\u00bb4.24.1&#8243; _module_preset=\u00bbdefault\u00bb global_colors_info=\u00bb{}\u00bb][et_pb_text _builder_version=\u00bb4.24.1&#8243; text_font=\u00bbMontserrat|||on|||||\u00bb text_font_size=\u00bb18px\u00bb text_line_height=\u00bb2em\u00bb link_font=\u00bbMontserrat|700|||||||\u00bb link_text_color=\u00bbgcid-3cfd1695-69cd-4cf7-af5f-fb35fc66ed00&#8243; link_font_size=\u00bb17px\u00bb ul_font=\u00bb||||||||\u00bb ul_text_color=\u00bb#000000&#8243; ul_line_height=\u00bb2em\u00bb quote_font=\u00bb||||||||\u00bb header_font=\u00bb||||||||\u00bb header_text_color=\u00bb#07867f\u00bb header_2_font=\u00bbMontserrat|900|||||||\u00bb header_2_text_color=\u00bbgcid-e5d7626d-237b-4a11-abac-a2efc83cff33&#8243; header_2_font_size=\u00bb45px\u00bb header_2_line_height=\u00bb1.2em\u00bb header_3_font=\u00bbMontserrat|300||on|||||\u00bb header_3_text_color=\u00bb#000000&#8243; header_3_font_size=\u00bb20px\u00bb header_3_letter_spacing=\u00bb4px\u00bb header_3_line_height=\u00bb1.6em\u00bb text_orientation=\u00bbcenter\u00bb max_width_tablet=\u00bb\u00bb max_width_phone=\u00bb\u00bb max_width_last_edited=\u00bbon|desktop\u00bb module_alignment=\u00bbcenter\u00bb custom_margin=\u00bb|||\u00bb custom_padding=\u00bb|||\u00bb header_2_font_size_tablet=\u00bb35px\u00bb header_2_font_size_phone=\u00bb28px\u00bb header_2_font_size_last_edited=\u00bbon|phone\u00bb global_colors_info=\u00bb{%22gcid-e5d7626d-237b-4a11-abac-a2efc83cff33%22:%91%22header_2_text_color%22%93,%22gcid-3cfd1695-69cd-4cf7-af5f-fb35fc66ed00%22:%91%22link_text_color%22%93}\u00bb]<a href=\"https:\/\/www.autecnia.com\" target=\"_blank\" rel=\"noopener\">AUTECNIA<\/a> <span style=\"color: #808080;\"> | <\/span><a href=\"https:\/\/www.enfasys.eu\/\" target=\"_blank\" rel=\"noopener\">ENFASYS<\/a> <span style=\"color: #808080;\"> | <\/span><a href=\"https:\/\/www.lisam.com\/es\/office\/espana\/\" target=\"_blank\" rel=\"noopener\">LISAM<\/a> <span style=\"color: #808080;\"> | <\/span><a href=\"https:\/\/www.stratesys-ts.com\/es\/\" target=\"_blank\" rel=\"noopener\">Stratesys<\/a>[\/et_pb_text][\/et_pb_column][\/et_pb_row][\/et_pb_section][et_pb_section fb_built=\u00bb1&#8243; custom_padding_last_edited=\u00bbon|tablet\u00bb admin_label=\u00bbFooter\u00bb module_id=\u00bbContacto\u00bb _builder_version=\u00bb4.27.4&#8243; background_color=\u00bb#FFFFFF\u00bb background_color_gradient_direction=\u00bb130deg\u00bb background_image=\u00bbhttps:\/\/www.unioviedo.es\/foro_empleo\/wp-content\/uploads\/2025\/10\/recurso3.png\u00bb background_size=\u00bbinitial\u00bb background_position=\u00bbbottom_right\u00bb custom_margin=\u00bb0px||0px||true|false\u00bb custom_padding=\u00bb0px||0px||true|false\u00bb custom_padding_tablet=\u00bb100px||100px||true\u00bb custom_padding_phone=\u00bb||||true\u00bb top_divider_height=\u00bb250px\u00bb top_divider_flip=\u00bbvertical|horizontal\u00bb top_divider_height_tablet=\u00bb150px\u00bb top_divider_height_phone=\u00bb110px\u00bb top_divider_height_last_edited=\u00bbon|phone\u00bb da_popup_slug=\u00bbContacto\u00bb da_disable_devices=\u00bboff|off|off\u00bb global_module=\u00bb391&#8243; saved_tabs=\u00bball\u00bb global_colors_info=\u00bb{}\u00bb da_is_popup=\u00bboff\u00bb da_exit_intent=\u00bboff\u00bb da_has_close=\u00bbon\u00bb da_alt_close=\u00bboff\u00bb da_dark_close=\u00bboff\u00bb da_not_modal=\u00bbon\u00bb da_is_singular=\u00bboff\u00bb da_with_loader=\u00bboff\u00bb da_has_shadow=\u00bbon\u00bb][et_pb_row column_structure=\u00bb1_3,1_3,1_3&#8243; _builder_version=\u00bb4.24.1&#8243; custom_margin=\u00bb|||\u00bb custom_padding=\u00bb||5%||false|false\u00bb use_custom_width=\u00bbon\u00bb custom_width_px=\u00bb1440px\u00bb global_colors_info=\u00bb{}\u00bb][et_pb_column type=\u00bb1_3&#8243; _builder_version=\u00bb4.24.1&#8243; background_enable_color=\u00bboff\u00bb custom_padding=\u00bb5%||5%||true|false\u00bb border_radii=\u00bbon|10px|10px|10px|10px\u00bb border_color_all=\u00bb#f2f2fa\u00bb global_colors_info=\u00bb{}\u00bb custom_padding__hover=\u00bb|||\u00bb][et_pb_image src=\u00bbhttps:\/\/www.unioviedo.es\/foro_empleo\/wp-content\/uploads\/2025\/10\/ForoEmpleo_Logo_2026_ALTACOLOR.png\u00bb alt=\u00bblogo 23 foro\u00bb title_text=\u00bbForoEmpleo_Logo_2026_ALTACOLOR\u00bb _builder_version=\u00bb4.27.4&#8243; _module_preset=\u00bbdefault\u00bb global_colors_info=\u00bb{}\u00bb][\/et_pb_image][\/et_pb_column][et_pb_column type=\u00bb1_3&#8243; _builder_version=\u00bb4.24.1&#8243; background_enable_color=\u00bboff\u00bb custom_padding=\u00bb5%||5%||true|false\u00bb border_radii=\u00bbon|10px|10px|10px|10px\u00bb border_color_all=\u00bb#f2f2fa\u00bb global_colors_info=\u00bb{}\u00bb custom_padding__hover=\u00bb|||\u00bb][et_pb_text _builder_version=\u00bb4.24.1&#8243; text_font=\u00bb||||||||\u00bb text_font_size=\u00bb16px\u00bb text_line_height=\u00bb2em\u00bb ul_font=\u00bb||||||||\u00bb header_font=\u00bb||||||||\u00bb header_text_color=\u00bb#07867f\u00bb header_2_font=\u00bbRoboto|700|||||||\u00bb header_2_text_color=\u00bb#07867f\u00bb header_2_font_size=\u00bb45px\u00bb header_2_line_height=\u00bb1.2em\u00bb header_3_font=\u00bbMontserrat|900|||||||\u00bb header_3_text_color=\u00bb#07867f\u00bb header_3_font_size=\u00bb55px\u00bb background_layout=\u00bbdark\u00bb max_width=\u00bb800px\u00bb max_width_last_edited=\u00bboff|desktop\u00bb module_alignment=\u00bbcenter\u00bb custom_margin=\u00bb-2px||19px|||\u00bb custom_padding=\u00bb|||\u00bb header_2_font_size_tablet=\u00bb35px\u00bb header_2_font_size_phone=\u00bb28px\u00bb header_2_font_size_last_edited=\u00bbon|desktop\u00bb header_3_font_size_tablet=\u00bb55px\u00bb header_3_font_size_phone=\u00bb\u00bb header_3_font_size_last_edited=\u00bbon|desktop\u00bb global_colors_info=\u00bb{}\u00bb]<\/p>\n<h3>Contacto<\/h3>\n<p>[\/et_pb_text][et_pb_text _builder_version=\u00bb4.24.1&#8243; text_font=\u00bb||||||||\u00bb text_font_size=\u00bb16px\u00bb text_line_height=\u00bb2em\u00bb ul_font=\u00bb||||||||\u00bb header_font=\u00bb||||||||\u00bb header_2_font=\u00bbMontserrat|700|||||||\u00bb header_2_text_color=\u00bb#000000&#8243; header_2_font_size=\u00bb30px\u00bb header_2_line_height=\u00bb1.2em\u00bb header_3_font=\u00bbRoboto|700|||||||\u00bb header_3_font_size=\u00bb70px\u00bb background_layout=\u00bbdark\u00bb max_width=\u00bb800px\u00bb max_width_last_edited=\u00bboff|desktop\u00bb module_alignment=\u00bbcenter\u00bb custom_margin=\u00bb||16px|||\u00bb custom_padding=\u00bb|||\u00bb header_2_font_size_tablet=\u00bb35px\u00bb header_2_font_size_phone=\u00bb28px\u00bb header_2_font_size_last_edited=\u00bbon|desktop\u00bb header_3_font_size_tablet=\u00bb55px\u00bb header_3_font_size_phone=\u00bb\u00bb header_3_font_size_last_edited=\u00bbon|desktop\u00bb global_colors_info=\u00bb{}\u00bb]<\/p>\n<h2>Fundaci\u00f3n Universidad de Oviedo, M.P.<\/h2>\n<p>[\/et_pb_text][et_pb_text _builder_version=\u00bb4.27.4&#8243; text_font=\u00bbMontserrat||||||||\u00bb text_text_color=\u00bb#000000&#8243; text_font_size=\u00bb18px\u00bb ul_font=\u00bb||||||||\u00bb header_font=\u00bbRoboto|700|||||||\u00bb header_text_align=\u00bbcenter\u00bb header_font_size=\u00bb80px\u00bb header_line_height=\u00bb1.2em\u00bb header_3_font=\u00bbMontserrat|700|||||||\u00bb header_3_text_align=\u00bbleft\u00bb header_3_text_color=\u00bb#1BA395&#8243; header_3_font_size=\u00bb24px\u00bb header_3_line_height=\u00bb1.7em\u00bb background_layout=\u00bbdark\u00bb max_width=\u00bb800px\u00bb module_alignment=\u00bbcenter\u00bb custom_margin=\u00bb||25px|||\u00bb text_font_size_last_edited=\u00bboff|desktop\u00bb header_font_size_tablet=\u00bb40px\u00bb header_font_size_phone=\u00bb32px\u00bb header_font_size_last_edited=\u00bbon|phone\u00bb header_3_font_size_tablet=\u00bb16px\u00bb header_3_font_size_phone=\u00bb14px\u00bb header_3_font_size_last_edited=\u00bbon|phone\u00bb header_3_letter_spacing_tablet=\u00bb5px\u00bb header_3_letter_spacing_phone=\u00bb\u00bb header_3_letter_spacing_last_edited=\u00bbon|tablet\u00bb global_colors_info=\u00bb{}\u00bb]<\/p>\n<p>C\/ Principado, 3, 4\u00aa planta 33007 Oviedo<\/p>\n<h3><strong>985 104 927<\/strong><\/h3>\n<p>[\/et_pb_text][\/et_pb_column][et_pb_column type=\u00bb1_3&#8243; _builder_version=\u00bb4.24.1&#8243; background_enable_color=\u00bboff\u00bb background_enable_image=\u00bboff\u00bb background_size=\u00bbcontain\u00bb background_position=\u00bbbottom_center\u00bb custom_padding=\u00bb5%||5%||true|false\u00bb border_radii=\u00bbon|10px|10px|10px|10px\u00bb border_color_all=\u00bb#f2f2fa\u00bb global_colors_info=\u00bb{}\u00bb custom_padding__hover=\u00bb|||\u00bb][et_pb_button button_url=\u00bbmailto:fuo@uniovi.es\u00bb url_new_window=\u00bbon\u00bb button_text=\u00bbfuo@uniovi.es\u00bb button_alignment=\u00bbleft\u00bb _builder_version=\u00bb4.27.4&#8243; custom_button=\u00bbon\u00bb button_text_size=\u00bb16px\u00bb button_bg_color=\u00bb#1BA395&#8243; button_border_width=\u00bb0px\u00bb button_border_color=\u00bbrgba(0,0,0,0)\u00bb button_border_radius=\u00bb100px\u00bb button_letter_spacing=\u00bb2px\u00bb button_font=\u00bbMontserrat|700|||||||\u00bb button_use_icon=\u00bboff\u00bb background_layout=\u00bbdark\u00bb custom_margin=\u00bb||20px||false|false\u00bb custom_padding=\u00bb18px|34px|18px|34px|true|true\u00bb button_text_size_tablet=\u00bb\u00bb button_text_size_phone=\u00bb14px\u00bb button_text_size_last_edited=\u00bbon|phone\u00bb button_letter_spacing_hover=\u00bb5.5px\u00bb global_colors_info=\u00bb{}\u00bb button_text_size__hover_enabled=\u00bboff\u00bb button_one_text_size__hover_enabled=\u00bboff\u00bb button_two_text_size__hover_enabled=\u00bboff\u00bb button_text_color__hover_enabled=\u00bboff\u00bb button_one_text_color__hover_enabled=\u00bboff\u00bb button_two_text_color__hover_enabled=\u00bboff\u00bb button_border_width__hover_enabled=\u00bboff\u00bb button_one_border_width__hover_enabled=\u00bboff\u00bb button_two_border_width__hover_enabled=\u00bboff\u00bb button_border_color__hover_enabled=\u00bboff\u00bb button_one_border_color__hover_enabled=\u00bboff\u00bb button_two_border_color__hover_enabled=\u00bboff\u00bb button_border_radius__hover_enabled=\u00bboff\u00bb button_one_border_radius__hover_enabled=\u00bboff\u00bb button_two_border_radius__hover_enabled=\u00bboff\u00bb button_letter_spacing__hover_enabled=\u00bbon\u00bb button_letter_spacing__hover=\u00bb5.5px\u00bb button_one_letter_spacing__hover_enabled=\u00bboff\u00bb button_two_letter_spacing__hover_enabled=\u00bboff\u00bb button_bg_color__hover_enabled=\u00bbon|desktop\u00bb button_one_bg_color__hover_enabled=\u00bboff\u00bb button_two_bg_color__hover_enabled=\u00bboff\u00bb button_bg_color__hover=\u00bb#1BA395&#8243;][\/et_pb_button][et_pb_button button_url=\u00bbhttps:\/\/www.funiovi.es\u00bb button_text=\u00bbwww.funiovi.es\u00bb button_alignment=\u00bbleft\u00bb _builder_version=\u00bb4.27.4&#8243; custom_button=\u00bbon\u00bb button_text_size=\u00bb16px\u00bb button_text_color=\u00bb#FFFFFF\u00bb button_bg_color=\u00bb#1BA395&#8243; button_border_width=\u00bb0px\u00bb button_border_color=\u00bbrgba(0,0,0,0)\u00bb button_border_radius=\u00bb100px\u00bb button_letter_spacing=\u00bb2px\u00bb button_font=\u00bbMontserrat|700|||||||\u00bb button_use_icon=\u00bboff\u00bb background_layout=\u00bbdark\u00bb custom_margin=\u00bb||19px|||\u00bb custom_padding=\u00bb18px|34px|18px|34px|true|true\u00bb button_text_size_tablet=\u00bb\u00bb button_text_size_phone=\u00bb14px\u00bb button_text_size_last_edited=\u00bbon|phone\u00bb button_letter_spacing_hover=\u00bb5.5px\u00bb global_colors_info=\u00bb{}\u00bb button_text_size__hover_enabled=\u00bboff\u00bb button_one_text_size__hover_enabled=\u00bboff\u00bb button_two_text_size__hover_enabled=\u00bboff\u00bb button_text_color__hover_enabled=\u00bboff\u00bb button_one_text_color__hover_enabled=\u00bboff\u00bb button_two_text_color__hover_enabled=\u00bboff\u00bb button_border_width__hover_enabled=\u00bboff\u00bb button_one_border_width__hover_enabled=\u00bboff\u00bb button_two_border_width__hover_enabled=\u00bboff\u00bb button_border_color__hover_enabled=\u00bboff\u00bb button_one_border_color__hover_enabled=\u00bboff\u00bb button_two_border_color__hover_enabled=\u00bboff\u00bb button_border_radius__hover_enabled=\u00bboff\u00bb button_one_border_radius__hover_enabled=\u00bboff\u00bb button_two_border_radius__hover_enabled=\u00bboff\u00bb button_letter_spacing__hover_enabled=\u00bbon\u00bb button_letter_spacing__hover=\u00bb5.5px\u00bb button_one_letter_spacing__hover_enabled=\u00bboff\u00bb button_two_letter_spacing__hover_enabled=\u00bboff\u00bb button_bg_color__hover_enabled=\u00bboff\u00bb button_one_bg_color__hover_enabled=\u00bboff\u00bb button_two_bg_color__hover_enabled=\u00bboff\u00bb][\/et_pb_button][\/et_pb_column][\/et_pb_row][\/et_pb_section]<\/p>\n","protected":false},"excerpt":{"rendered":"<p>Empresas e instituciones Amigas del Foro de Empleo Empresas e instituciones participantesAcci\u00f3n Contra El Hambre | Acci\u00f3n Laboral | ALIMERKA | Arias | ASAC | Asincar Centro Tecnol\u00f3gico | Asturagua | Asturfeito | AYUNTAMIENTO DE OVIEDO | BABEL | BANCO DE ESPA\u00d1A | BOOLEA | Bosquia Nature | Cafento | C\u00e1mara de Comercio de Avil\u00e9s [&hellip;]<\/p>\n","protected":false},"author":1,"featured_media":1843,"parent":0,"menu_order":0,"comment_status":"closed","ping_status":"closed","template":"","meta":{"_et_pb_use_builder":"on","_et_pb_old_content":"","_et_gb_content_width":"","footnotes":""},"class_list":["post-2541","page","type-page","status-publish","has-post-thumbnail","hentry"],"yoast_head":"<!-- This site is optimized with the Yoast SEO plugin v24.5 - https:\/\/yoast.com\/wordpress\/plugins\/seo\/ -->\n<title>Empresas y Entidades del 22 Foro de Empleo - Foro de Empleo<\/title>\n<meta name=\"description\" content=\"El 22 Foro de empleo Universidad de Oviedo ofrece un espacio de encuentro e intercambio de experiencias y conocimientos. Por un futuro mejor!\" \/>\n<meta name=\"robots\" content=\"index, follow, max-snippet:-1, max-image-preview:large, max-video-preview:-1\" \/>\n<link rel=\"canonical\" href=\"https:\/\/www.unioviedo.es\/foro_empleo\/index.php\/empresas-y-entidades-del-22-foro-de-empleo\/\" \/>\n<meta property=\"og:locale\" content=\"es_ES\" \/>\n<meta property=\"og:type\" content=\"article\" \/>\n<meta property=\"og:title\" content=\"Empresas y Entidades del 22 Foro de Empleo - Foro de Empleo\" \/>\n<meta property=\"og:description\" content=\"El 22 Foro de empleo Universidad de Oviedo ofrece un espacio de encuentro e intercambio de experiencias y conocimientos. Por un futuro mejor!\" \/>\n<meta property=\"og:url\" content=\"https:\/\/www.unioviedo.es\/foro_empleo\/index.php\/empresas-y-entidades-del-22-foro-de-empleo\/\" \/>\n<meta property=\"og:site_name\" content=\"Foro de Empleo\" \/>\n<meta property=\"article:modified_time\" content=\"2025-11-24T12:40:54+00:00\" \/>\n<meta property=\"og:image\" content=\"https:\/\/www.unioviedo.es\/foro_empleo\/wp-content\/uploads\/2024\/12\/ForoEmpleo_BannerwebFUO_964x306.jpg\" \/>\n\t<meta property=\"og:image:width\" content=\"964\" \/>\n\t<meta property=\"og:image:height\" content=\"306\" \/>\n\t<meta property=\"og:image:type\" content=\"image\/jpeg\" \/>\n<meta name=\"twitter:card\" content=\"summary_large_image\" \/>\n<meta name=\"twitter:label1\" content=\"Tiempo de lectura\" \/>\n\t<meta name=\"twitter:data1\" content=\"9 minutos\" \/>\n<script type=\"application\/ld+json\" class=\"yoast-schema-graph\">{\"@context\":\"https:\/\/schema.org\",\"@graph\":[{\"@type\":\"WebPage\",\"@id\":\"https:\/\/www.unioviedo.es\/foro_empleo\/index.php\/empresas-y-entidades-del-22-foro-de-empleo\/\",\"url\":\"https:\/\/www.unioviedo.es\/foro_empleo\/index.php\/empresas-y-entidades-del-22-foro-de-empleo\/\",\"name\":\"Empresas y Entidades del 22 Foro de Empleo - Foro de Empleo\",\"isPartOf\":{\"@id\":\"https:\/\/www.unioviedo.es\/foro_empleo\/#website\"},\"primaryImageOfPage\":{\"@id\":\"https:\/\/www.unioviedo.es\/foro_empleo\/index.php\/empresas-y-entidades-del-22-foro-de-empleo\/#primaryimage\"},\"image\":{\"@id\":\"https:\/\/www.unioviedo.es\/foro_empleo\/index.php\/empresas-y-entidades-del-22-foro-de-empleo\/#primaryimage\"},\"thumbnailUrl\":\"https:\/\/www.unioviedo.es\/foro_empleo\/wp-content\/uploads\/2024\/12\/ForoEmpleo_BannerwebFUO_964x306.jpg\",\"datePublished\":\"2025-11-24T12:36:45+00:00\",\"dateModified\":\"2025-11-24T12:40:54+00:00\",\"description\":\"El 22 Foro de empleo Universidad de Oviedo ofrece un espacio de encuentro e intercambio de experiencias y conocimientos. Por un futuro mejor!\",\"breadcrumb\":{\"@id\":\"https:\/\/www.unioviedo.es\/foro_empleo\/index.php\/empresas-y-entidades-del-22-foro-de-empleo\/#breadcrumb\"},\"inLanguage\":\"es\",\"potentialAction\":[{\"@type\":\"ReadAction\",\"target\":[\"https:\/\/www.unioviedo.es\/foro_empleo\/index.php\/empresas-y-entidades-del-22-foro-de-empleo\/\"]}]},{\"@type\":\"ImageObject\",\"inLanguage\":\"es\",\"@id\":\"https:\/\/www.unioviedo.es\/foro_empleo\/index.php\/empresas-y-entidades-del-22-foro-de-empleo\/#primaryimage\",\"url\":\"https:\/\/www.unioviedo.es\/foro_empleo\/wp-content\/uploads\/2024\/12\/ForoEmpleo_BannerwebFUO_964x306.jpg\",\"contentUrl\":\"https:\/\/www.unioviedo.es\/foro_empleo\/wp-content\/uploads\/2024\/12\/ForoEmpleo_BannerwebFUO_964x306.jpg\",\"width\":964,\"height\":306,\"caption\":\"22 Foro de Empleo de la Universidad de Oviedo\"},{\"@type\":\"BreadcrumbList\",\"@id\":\"https:\/\/www.unioviedo.es\/foro_empleo\/index.php\/empresas-y-entidades-del-22-foro-de-empleo\/#breadcrumb\",\"itemListElement\":[{\"@type\":\"ListItem\",\"position\":1,\"name\":\"Portada\",\"item\":\"https:\/\/www.unioviedo.es\/foro_empleo\/\"},{\"@type\":\"ListItem\",\"position\":2,\"name\":\"Empresas y Entidades del 22 Foro de Empleo\"}]},{\"@type\":\"WebSite\",\"@id\":\"https:\/\/www.unioviedo.es\/foro_empleo\/#website\",\"url\":\"https:\/\/www.unioviedo.es\/foro_empleo\/\",\"name\":\"Foro de Empleo\",\"description\":\"Foro de Empleo de la Universidad de Oviedo. Hacia un empleo verde, digital e inclusivo\",\"publisher\":{\"@id\":\"https:\/\/www.unioviedo.es\/foro_empleo\/#organization\"},\"potentialAction\":[{\"@type\":\"SearchAction\",\"target\":{\"@type\":\"EntryPoint\",\"urlTemplate\":\"https:\/\/www.unioviedo.es\/foro_empleo\/?s={search_term_string}\"},\"query-input\":{\"@type\":\"PropertyValueSpecification\",\"valueRequired\":true,\"valueName\":\"search_term_string\"}}],\"inLanguage\":\"es\"},{\"@type\":\"Organization\",\"@id\":\"https:\/\/www.unioviedo.es\/foro_empleo\/#organization\",\"name\":\"Foro de Empleo\",\"url\":\"https:\/\/www.unioviedo.es\/foro_empleo\/\",\"logo\":{\"@type\":\"ImageObject\",\"inLanguage\":\"es\",\"@id\":\"https:\/\/www.unioviedo.es\/foro_empleo\/#\/schema\/logo\/image\/\",\"url\":\"https:\/\/www.unioviedo.es\/foro_empleo\/wp-content\/uploads\/2022\/08\/20-logo-foro-1.png\",\"contentUrl\":\"https:\/\/www.unioviedo.es\/foro_empleo\/wp-content\/uploads\/2022\/08\/20-logo-foro-1.png\",\"width\":807,\"height\":588,\"caption\":\"Foro de Empleo\"},\"image\":{\"@id\":\"https:\/\/www.unioviedo.es\/foro_empleo\/#\/schema\/logo\/image\/\"}}]}<\/script>\n<!-- \/ Yoast SEO plugin. -->","yoast_head_json":{"title":"Empresas y Entidades del 22 Foro de Empleo - Foro de Empleo","description":"El 22 Foro de empleo Universidad de Oviedo ofrece un espacio de encuentro e intercambio de experiencias y conocimientos. Por un futuro mejor!","robots":{"index":"index","follow":"follow","max-snippet":"max-snippet:-1","max-image-preview":"max-image-preview:large","max-video-preview":"max-video-preview:-1"},"canonical":"https:\/\/www.unioviedo.es\/foro_empleo\/index.php\/empresas-y-entidades-del-22-foro-de-empleo\/","og_locale":"es_ES","og_type":"article","og_title":"Empresas y Entidades del 22 Foro de Empleo - Foro de Empleo","og_description":"El 22 Foro de empleo Universidad de Oviedo ofrece un espacio de encuentro e intercambio de experiencias y conocimientos. Por un futuro mejor!","og_url":"https:\/\/www.unioviedo.es\/foro_empleo\/index.php\/empresas-y-entidades-del-22-foro-de-empleo\/","og_site_name":"Foro de Empleo","article_modified_time":"2025-11-24T12:40:54+00:00","og_image":[{"width":964,"height":306,"url":"https:\/\/www.unioviedo.es\/foro_empleo\/wp-content\/uploads\/2024\/12\/ForoEmpleo_BannerwebFUO_964x306.jpg","type":"image\/jpeg"}],"twitter_card":"summary_large_image","twitter_misc":{"Tiempo de lectura":"9 minutos"},"schema":{"@context":"https:\/\/schema.org","@graph":[{"@type":"WebPage","@id":"https:\/\/www.unioviedo.es\/foro_empleo\/index.php\/empresas-y-entidades-del-22-foro-de-empleo\/","url":"https:\/\/www.unioviedo.es\/foro_empleo\/index.php\/empresas-y-entidades-del-22-foro-de-empleo\/","name":"Empresas y Entidades del 22 Foro de Empleo - Foro de Empleo","isPartOf":{"@id":"https:\/\/www.unioviedo.es\/foro_empleo\/#website"},"primaryImageOfPage":{"@id":"https:\/\/www.unioviedo.es\/foro_empleo\/index.php\/empresas-y-entidades-del-22-foro-de-empleo\/#primaryimage"},"image":{"@id":"https:\/\/www.unioviedo.es\/foro_empleo\/index.php\/empresas-y-entidades-del-22-foro-de-empleo\/#primaryimage"},"thumbnailUrl":"https:\/\/www.unioviedo.es\/foro_empleo\/wp-content\/uploads\/2024\/12\/ForoEmpleo_BannerwebFUO_964x306.jpg","datePublished":"2025-11-24T12:36:45+00:00","dateModified":"2025-11-24T12:40:54+00:00","description":"El 22 Foro de empleo Universidad de Oviedo ofrece un espacio de encuentro e intercambio de experiencias y conocimientos. Por un futuro mejor!","breadcrumb":{"@id":"https:\/\/www.unioviedo.es\/foro_empleo\/index.php\/empresas-y-entidades-del-22-foro-de-empleo\/#breadcrumb"},"inLanguage":"es","potentialAction":[{"@type":"ReadAction","target":["https:\/\/www.unioviedo.es\/foro_empleo\/index.php\/empresas-y-entidades-del-22-foro-de-empleo\/"]}]},{"@type":"ImageObject","inLanguage":"es","@id":"https:\/\/www.unioviedo.es\/foro_empleo\/index.php\/empresas-y-entidades-del-22-foro-de-empleo\/#primaryimage","url":"https:\/\/www.unioviedo.es\/foro_empleo\/wp-content\/uploads\/2024\/12\/ForoEmpleo_BannerwebFUO_964x306.jpg","contentUrl":"https:\/\/www.unioviedo.es\/foro_empleo\/wp-content\/uploads\/2024\/12\/ForoEmpleo_BannerwebFUO_964x306.jpg","width":964,"height":306,"caption":"22 Foro de Empleo de la Universidad de Oviedo"},{"@type":"BreadcrumbList","@id":"https:\/\/www.unioviedo.es\/foro_empleo\/index.php\/empresas-y-entidades-del-22-foro-de-empleo\/#breadcrumb","itemListElement":[{"@type":"ListItem","position":1,"name":"Portada","item":"https:\/\/www.unioviedo.es\/foro_empleo\/"},{"@type":"ListItem","position":2,"name":"Empresas y Entidades del 22 Foro de Empleo"}]},{"@type":"WebSite","@id":"https:\/\/www.unioviedo.es\/foro_empleo\/#website","url":"https:\/\/www.unioviedo.es\/foro_empleo\/","name":"Foro de Empleo","description":"Foro de Empleo de la Universidad de Oviedo. Hacia un empleo verde, digital e inclusivo","publisher":{"@id":"https:\/\/www.unioviedo.es\/foro_empleo\/#organization"},"potentialAction":[{"@type":"SearchAction","target":{"@type":"EntryPoint","urlTemplate":"https:\/\/www.unioviedo.es\/foro_empleo\/?s={search_term_string}"},"query-input":{"@type":"PropertyValueSpecification","valueRequired":true,"valueName":"search_term_string"}}],"inLanguage":"es"},{"@type":"Organization","@id":"https:\/\/www.unioviedo.es\/foro_empleo\/#organization","name":"Foro de Empleo","url":"https:\/\/www.unioviedo.es\/foro_empleo\/","logo":{"@type":"ImageObject","inLanguage":"es","@id":"https:\/\/www.unioviedo.es\/foro_empleo\/#\/schema\/logo\/image\/","url":"https:\/\/www.unioviedo.es\/foro_empleo\/wp-content\/uploads\/2022\/08\/20-logo-foro-1.png","contentUrl":"https:\/\/www.unioviedo.es\/foro_empleo\/wp-content\/uploads\/2022\/08\/20-logo-foro-1.png","width":807,"height":588,"caption":"Foro de Empleo"},"image":{"@id":"https:\/\/www.unioviedo.es\/foro_empleo\/#\/schema\/logo\/image\/"}}]}},"jetpack_sharing_enabled":true,"_links":{"self":[{"href":"https:\/\/www.unioviedo.es\/foro_empleo\/index.php\/wp-json\/wp\/v2\/pages\/2541","targetHints":{"allow":["GET"]}}],"collection":[{"href":"https:\/\/www.unioviedo.es\/foro_empleo\/index.php\/wp-json\/wp\/v2\/pages"}],"about":[{"href":"https:\/\/www.unioviedo.es\/foro_empleo\/index.php\/wp-json\/wp\/v2\/types\/page"}],"author":[{"embeddable":true,"href":"https:\/\/www.unioviedo.es\/foro_empleo\/index.php\/wp-json\/wp\/v2\/users\/1"}],"replies":[{"embeddable":true,"href":"https:\/\/www.unioviedo.es\/foro_empleo\/index.php\/wp-json\/wp\/v2\/comments?post=2541"}],"version-history":[{"count":2,"href":"https:\/\/www.unioviedo.es\/foro_empleo\/index.php\/wp-json\/wp\/v2\/pages\/2541\/revisions"}],"predecessor-version":[{"id":2544,"href":"https:\/\/www.unioviedo.es\/foro_empleo\/index.php\/wp-json\/wp\/v2\/pages\/2541\/revisions\/2544"}],"wp:featuredmedia":[{"embeddable":true,"href":"https:\/\/www.unioviedo.es\/foro_empleo\/index.php\/wp-json\/wp\/v2\/media\/1843"}],"wp:attachment":[{"href":"https:\/\/www.unioviedo.es\/foro_empleo\/index.php\/wp-json\/wp\/v2\/media?parent=2541"}],"curies":[{"name":"wp","href":"https:\/\/api.w.org\/{rel}","templated":true}]}}