{"id":2547,"date":"2025-11-24T12:44:33","date_gmt":"2025-11-24T12:44:33","guid":{"rendered":"https:\/\/www.unioviedo.es\/foro_empleo\/?page_id=2547"},"modified":"2025-11-24T12:56:56","modified_gmt":"2025-11-24T12:56:56","slug":"programa-22-foro-de-empleo","status":"publish","type":"page","link":"https:\/\/www.unioviedo.es\/foro_empleo\/index.php\/programa-22-foro-de-empleo\/","title":{"rendered":"Programa 22 Foro de Empleo"},"content":{"rendered":"<p>[et_pb_section fb_built=\u00bb1&#8243; admin_label=\u00bbSection\u00bb module_id=\u00bbprograma22foro\u00bb _builder_version=\u00bb4.24.1&#8243; _module_preset=\u00bbdefault\u00bb da_popup_slug=\u00bbprograma22foro\u00bb da_disable_devices=\u00bboff|off|off\u00bb global_colors_info=\u00bb{}\u00bb da_is_popup=\u00bboff\u00bb da_exit_intent=\u00bboff\u00bb da_has_close=\u00bbon\u00bb da_alt_close=\u00bboff\u00bb da_dark_close=\u00bboff\u00bb da_not_modal=\u00bbon\u00bb da_is_singular=\u00bboff\u00bb da_with_loader=\u00bboff\u00bb da_has_shadow=\u00bbon\u00bb][et_pb_row use_custom_gutter=\u00bbon\u00bb gutter_width=\u00bb1&#8243; make_equal=\u00bbon\u00bb module_class=\u00bbtres-columnas\u00bb _builder_version=\u00bb4.16&#8243; _module_preset=\u00bbdefault\u00bb width=\u00bb90%\u00bb max_width=\u00bb90%\u00bb custom_margin=\u00bb10px|auto|40px|auto|false|false\u00bb custom_padding=\u00bb0px||0px||true|false\u00bb global_colors_info=\u00bb{}\u00bb][et_pb_column type=\u00bb4_4&#8243; _builder_version=\u00bb4.16&#8243; _module_preset=\u00bbdefault\u00bb global_colors_info=\u00bb{}\u00bb][et_pb_image src=\u00bbhttps:\/\/www.unioviedo.es\/foro_empleo\/wp-content\/uploads\/2024\/12\/ForoEmpleo_Logo_2024.png\u00bb title_text=\u00bbForoEmpleo_Logo_2024&#8243; align=\u00bbcenter\u00bb _builder_version=\u00bb4.24.1&#8243; _module_preset=\u00bbdefault\u00bb width=\u00bb25%\u00bb global_colors_info=\u00bb{}\u00bb][\/et_pb_image][et_pb_text _builder_version=\u00bb4.24.1&#8243; text_font=\u00bbMontserrat||||||||\u00bb text_line_height=\u00bb2em\u00bb link_font=\u00bbMontserrat|700|||||||\u00bb link_text_color=\u00bbgcid-3cfd1695-69cd-4cf7-af5f-fb35fc66ed00&#8243; ul_font=\u00bb||||||||\u00bb ul_text_color=\u00bb#000000&#8243; ul_line_height=\u00bb2em\u00bb quote_font=\u00bb||||||||\u00bb header_font=\u00bb||||||||\u00bb header_text_color=\u00bb#07867f\u00bb header_2_font=\u00bbMontserrat|900|||||||\u00bb header_2_text_color=\u00bbgcid-e5d7626d-237b-4a11-abac-a2efc83cff33&#8243; header_2_font_size=\u00bb45px\u00bb header_2_line_height=\u00bb1.2em\u00bb header_3_font=\u00bbMontserrat|300||on|||||\u00bb header_3_text_color=\u00bb#000000&#8243; header_3_font_size=\u00bb20px\u00bb header_3_letter_spacing=\u00bb4px\u00bb header_3_line_height=\u00bb1.6em\u00bb max_width_tablet=\u00bb\u00bb max_width_phone=\u00bb\u00bb max_width_last_edited=\u00bbon|desktop\u00bb module_alignment=\u00bbcenter\u00bb custom_margin=\u00bb20px||||false|false\u00bb custom_padding=\u00bb|||\u00bb header_2_font_size_tablet=\u00bb35px\u00bb header_2_font_size_phone=\u00bb28px\u00bb header_2_font_size_last_edited=\u00bbon|phone\u00bb global_colors_info=\u00bb{%22gcid-e5d7626d-237b-4a11-abac-a2efc83cff33%22:%91%22header_2_text_color%22%93,%22gcid-3cfd1695-69cd-4cf7-af5f-fb35fc66ed00%22:%91%22link_text_color%22%93}\u00bb]<\/p>\n<h2 style=\"text-align: center;\">Programa<\/h2>\n<p>[\/et_pb_text][et_pb_text _builder_version=\u00bb4.24.1&#8243; text_font=\u00bbRoboto||||||||\u00bb text_text_color=\u00bb#7c7c7c\u00bb text_font_size=\u00bb16px\u00bb text_line_height=\u00bb1.8em\u00bb header_font=\u00bbRoboto|700|||||||\u00bb header_text_align=\u00bbcenter\u00bb header_text_color=\u00bb#07867f\u00bb header_line_height=\u00bb1.2em\u00bb header_2_font=\u00bbRoboto|300|||||||\u00bb header_2_text_align=\u00bbcenter\u00bb header_2_text_color=\u00bb#000000&#8243; header_3_font=\u00bbRoboto|700|||||||\u00bb header_3_text_align=\u00bbcenter\u00bb header_3_text_color=\u00bb#6b6b6b\u00bb header_3_font_size=\u00bb24px\u00bb background_layout=\u00bbdark\u00bb module_alignment=\u00bbcenter\u00bb custom_margin=\u00bb0px||||false|false\u00bb text_font_size_last_edited=\u00bboff|desktop\u00bb header_font_size_tablet=\u00bb40px\u00bb header_font_size_phone=\u00bb32px\u00bb header_font_size_last_edited=\u00bbon|phone\u00bb header_3_font_size_tablet=\u00bb16px\u00bb header_3_font_size_phone=\u00bb14px\u00bb header_3_font_size_last_edited=\u00bbon|phone\u00bb header_3_letter_spacing_tablet=\u00bb5px\u00bb header_3_letter_spacing_phone=\u00bb\u00bb header_3_letter_spacing_last_edited=\u00bbon|tablet\u00bb global_colors_info=\u00bb{}\u00bb]<\/p>\n<h2><span>Horario del evento<\/span><br \/><span>10.00 a 14.00h. y de 16.00 a 19.00h.<\/span><\/h2>\n<p>[\/et_pb_text][et_pb_button button_url=\u00bbhttps:\/\/www.unioviedo.es\/foro_empleo\/wp-content\/uploads\/2025\/03\/Programa-22-Foro-Empleo.pdf\u00bb url_new_window=\u00bbon\u00bb button_text=\u00bbDescargar programa completo\u00bb button_alignment=\u00bbcenter\u00bb _builder_version=\u00bb4.27.4&#8243; custom_button=\u00bbon\u00bb button_text_size=\u00bb16px\u00bb button_bg_color=\u00bbgcid-e5d7626d-237b-4a11-abac-a2efc83cff33&#8243; button_border_width=\u00bb0px\u00bb button_border_color=\u00bbrgba(0,0,0,0)\u00bb button_border_radius=\u00bb100px\u00bb button_letter_spacing=\u00bb2px\u00bb button_font=\u00bbMontserrat|700||on|||||\u00bb button_use_icon=\u00bboff\u00bb background_layout=\u00bbdark\u00bb custom_margin=\u00bb||20px||false|false\u00bb custom_padding=\u00bb18px|34px|18px|34px|true|true\u00bb button_text_size_tablet=\u00bb\u00bb button_text_size_phone=\u00bb14px\u00bb button_text_size_last_edited=\u00bbon|phone\u00bb button_letter_spacing_hover=\u00bb5.5px\u00bb global_colors_info=\u00bb{%22gcid-e5d7626d-237b-4a11-abac-a2efc83cff33%22:%91%22button_bg_color%22%93,%22gcid-f0d33f8f-2997-4c12-9853-de100d23d4f1%22:%91%22button_bg_color__hover%22%93}\u00bb button_text_size__hover_enabled=\u00bboff\u00bb button_one_text_size__hover_enabled=\u00bboff\u00bb button_two_text_size__hover_enabled=\u00bboff\u00bb button_text_color__hover_enabled=\u00bboff\u00bb button_one_text_color__hover_enabled=\u00bboff\u00bb button_two_text_color__hover_enabled=\u00bboff\u00bb button_border_width__hover_enabled=\u00bboff\u00bb button_one_border_width__hover_enabled=\u00bboff\u00bb button_two_border_width__hover_enabled=\u00bboff\u00bb button_border_color__hover_enabled=\u00bboff\u00bb button_one_border_color__hover_enabled=\u00bboff\u00bb button_two_border_color__hover_enabled=\u00bboff\u00bb button_border_radius__hover_enabled=\u00bboff\u00bb button_one_border_radius__hover_enabled=\u00bboff\u00bb button_two_border_radius__hover_enabled=\u00bboff\u00bb button_letter_spacing__hover_enabled=\u00bbon\u00bb button_letter_spacing__hover=\u00bb5.5px\u00bb button_one_letter_spacing__hover_enabled=\u00bboff\u00bb button_two_letter_spacing__hover_enabled=\u00bboff\u00bb button_bg_color__hover_enabled=\u00bbon|hover\u00bb button_one_bg_color__hover_enabled=\u00bboff\u00bb button_two_bg_color__hover_enabled=\u00bboff\u00bb button_bg_color__hover=\u00bb#76bd73&#8243; button_bg_enable_color__hover=\u00bbon\u00bb][\/et_pb_button][et_pb_accordion open_toggle_background_color=\u00bbRGBA(255,255,255,0)\u00bb closed_toggle_background_color=\u00bbRGBA(255,255,255,0)\u00bb toggle_icon=\u00bb&#x22;||divi||400&#8243; icon_color=\u00bb#000000&#8243; use_icon_font_size=\u00bbon\u00bb icon_font_size=\u00bb32px\u00bb _builder_version=\u00bb4.27.4&#8243; _module_preset=\u00bbdefault\u00bb toggle_text_color=\u00bb#1b1b1b\u00bb toggle_font=\u00bbAlmarai|700|||||||\u00bb toggle_font_size=\u00bb50px\u00bb toggle_line_height=\u00bb1.2em\u00bb body_font=\u00bbLato||||||||\u00bb body_text_color=\u00bb#000000&#8243; body_font_size=\u00bb18px\u00bb body_line_height=\u00bb1.6em\u00bb custom_margin=\u00bb30px||||false|false\u00bb toggle_font_size_tablet=\u00bb32px\u00bb toggle_font_size_phone=\u00bb20px\u00bb toggle_font_size_last_edited=\u00bbon|desktop\u00bb body_font_size_tablet=\u00bb16px\u00bb body_font_size_phone=\u00bb14px\u00bb body_font_size_last_edited=\u00bbon|desktop\u00bb border_width_all=\u00bb0px\u00bb global_colors_info=\u00bb{%22gcid-2739a123-5e26-4669-a77f-62833b73033a%22:%91%22header_2_text_color%22,%22toggle_text_color%22%93}\u00bb][et_pb_accordion_item title=\u00bbINHABILITADO\u00bb open=\u00bbon\u00bb _builder_version=\u00bb4.24.1&#8243; _module_preset=\u00bbdefault\u00bb custom_css_main_element=\u00bbdisplay:none\u00bb global_colors_info=\u00bb{}\u00bb][\/et_pb_accordion_item][et_pb_accordion_item title=\u00bbSala de Conferencias\u00bb open_toggle_background_color=\u00bbgcid-e89aeb41-5e0b-472c-864d-8068e5a50744&#8243; closed_toggle_background_color=\u00bbgcid-3ded405c-db5b-4c68-9bae-e5b133d4de0a\u00bb _builder_version=\u00bb4.27.4&#8243; _module_preset=\u00bbdefault\u00bb body_link_text_color=\u00bbgcid-e5d7626d-237b-4a11-abac-a2efc83cff33&#8243; custom_margin=\u00bb||10px||false|false\u00bb custom_padding=\u00bb20px|30px|20px|30px|true|true\u00bb custom_padding_tablet=\u00bb20px|30px|20px|30px|true|true\u00bb custom_padding_phone=\u00bb|20px||20px|true|true\u00bb custom_padding_last_edited=\u00bbon|phone\u00bb border_radii=\u00bbon|50px|50px|50px|50px\u00bb global_colors_info=\u00bb{%22gcid-e5d7626d-237b-4a11-abac-a2efc83cff33%22:%91%22body_link_text_color%22%93,%22gcid-e89aeb41-5e0b-472c-864d-8068e5a50744%22:%91%22open_toggle_background_color%22%93,%22gcid-3ded405c-db5b-4c68-9bae-e5b133d4de0a%22:%91%22closed_toggle_background_color%22%93}\u00bb open=\u00bboff\u00bb]<\/p>\n<div style=\"padding: 20px; border: 1px solid #d9d9d9; margin-bottom: 2.75%;\">\n<h2><strong>D\u00eda 12 de marzo<\/strong><\/h2>\n<\/div>\n<div style=\"padding: 20px; border: 1px solid #d9d9d9; margin-bottom: 2.75%;\">\n<h4>10.30 &#8211; 11.30h.<\/h4>\n<h3><strong>Conferencia inaugural \u201cMarca personal en LinkedIn y trabajos del futuro\u201d<\/strong><\/h3>\n<p><strong>Ponente: Berta Mateos. Experta en LinkedIn y Marca Personal<br \/><\/strong><em style=\"font-size: 18px;\">Presenta: Isabel Taboada. Subdirectora Capital Humano. Fundaci\u00f3n Universidad de Oviedo<\/em><\/p>\n<\/div>\n<div style=\"padding: 20px; border: 1px solid #d9d9d9; margin-bottom: 2.75%;\">\n<h4>12.00 &#8211; 13.00h.<\/h4>\n<h3><strong>Acto oficial de inauguraci\u00f3n del 22 Foro de Empleo<\/strong><\/h3>\n<ul>\n<li>Pedro L\u00f3pez. Vicepresidente. C\u00e1mara de Comercio de Gij\u00f3n<\/li>\n<li>Carla \u00c1lvarez. Directora General de Promoci\u00f3n del Empleo. Ayuntamiento de Gij\u00f3n<\/li>\n<li>Bego\u00f1a L\u00f3pez. Directora-Gerente del Servicio P\u00fablico de Empleo del Principado de Asturias. Gobierno del Principado de Asturias<\/li>\n<li>Ignacio Villaverde. Rector. Universidad de Oviedo<\/li>\n<\/ul>\n<p><em>Modera: Alfonso Joaqu\u00edn L\u00f3pez. Vicerrector de Estudiantes y Empleabilidad de la Universidad de Oviedo. <\/em><\/p>\n<\/div>\n<div style=\"padding: 20px; border: 1px solid #d9d9d9; margin-bottom: 2.75%;\">\n<h4>13.00 &#8211; 14.00h.<\/h4>\n<h3><strong>Presentaciones corporativas empresas<\/strong><\/h3>\n<ul>\n<li><strong>13.00h. Asociaci\u00f3n Inserta Empleo Fundaci\u00f3n Once: \u201cTalento con discapacidad una apuesta de valor\u201d<br \/><\/strong>Ismael Benito. Consultor confianza Inserta Empleo Asturias<\/li>\n<li><strong>13.15h. Corteva Agriescience: \u201cTu Puerta a Carreras Financieras y Multiling\u00fces\u201d<br \/><\/strong>M\u00f3nica Acevedo. L\u00edder del centro de servicios financieros EMEA<\/li>\n<li><strong>13.30h. Indra: \u201cPorque en Indra, transformamos el futuro\u201d<\/strong><br \/>Beatriz Mena. Responsable Talento Junior<\/li>\n<li><strong>13.45h. Mecalux Software Solutions, S.A.: \u00abDel aula a la empresa: tu futuro empieza en Mecalux Software Solutions\u00bb<\/strong><br \/>Arancha Garc\u00eda. T\u00e9cnica Selecci\u00f3n<\/li>\n<\/ul>\n<\/div>\n<div style=\"padding: 20px; border: 1px solid #d9d9d9; margin-bottom: 2.75%;\">\n<h4>14.00-16.00h. CIERRE DE INSTALACIONES<\/h4>\n<\/div>\n<div style=\"padding: 20px; border: 1px solid #d9d9d9; margin-bottom: 2.75%;\">\n<h4>16.30 &#8211; 17.30h.<\/h4>\n<h3><strong>Mesa redonda: \u201cCompetencias clave para completar tu Curriculm\u201d <\/strong><\/h3>\n<ul>\n<li>Cristina Calvo. Talent Acquisition Lead. Capgemini<\/li>\n<li>Nel Antu\u00f1a. Talent Acquisition Consultant. Corteva Agriescence<\/li>\n<li>Patricia Fidalgo. Gerente de talento. Grupo Espiral Ms<\/li>\n<li>Yasmina Gonz\u00e1lez. T\u00e9cnica Selecci\u00f3n y Desarrollo de Recursos Humanos. CAPSA Food<\/li>\n<li>Ana Fern\u00e1ndez. Reclutamiento y Selecci\u00f3n. ArcelorMittal Espa\u00f1a<\/li>\n<li>Elena Arce. Jefa de Recursos Humanos. Samoa Industrial, S.A.<\/li>\n<\/ul>\n<p><em>Modera: Gloria Blanco. Vocal Coach integral de voz, comunicaci\u00f3n y desarrollo profesional\/personal <\/em><\/p>\n<\/div>\n<div style=\"padding: 20px; border: 1px solid #d9d9d9; margin-bottom: 2.75%;\">\n<h4>17.30 &#8211; 18.30h.<\/h4>\n<h3><strong>Presentaciones corporativas empresas<\/strong><\/h3>\n<ul>\n<li><strong>17.30h. ArcelorMittal: \u201cPasado, presente y futuro de la mujer en la siderurgia\u201d\u00a0<\/strong><br \/>Patricia G\u00f3mez Leiva. Apoyo General Bater\u00edas de Cok<\/li>\n<li><strong> 17:45h. Leroy Merl\u00edn: \u201cLeroy Merl\u00edn\u201d<\/strong><br \/>Carlos Gustavo. Director de tienda Gij\u00f3n<\/li>\n<li><strong>18:00h. Capgemini: \u201c#EligeFuturo\u201d<\/strong><br \/>Cristina Calvo Rodr\u00edguez. Talent Acquisition Lead<\/li>\n<li><strong>18.15h. NTT Data: \u201cConoce NTT DATA\u201d<\/strong><br \/>Tamara Linares. People Recruiter<\/li>\n<li><strong>18.30h. Ribera Salud y Futurs Tecnolog\u00eda: \u201cSalud y Tecnolog\u00eda unidas\u201d <\/strong><br \/>Vanesa \u00c1lvarez. Directora Gerente<br \/>Iv\u00e1n Mar\u00edn. Responsable RRHH Futurs<\/li>\n<\/ul>\n<\/div>\n<div>\n<div style=\"padding: 20px; border: 1px solid #d9d9d9; margin-bottom: 2.75%;\">\n<h2><strong>D\u00eda 13 de marzo<\/strong><\/h2>\n<\/div>\n<div style=\"padding: 20px; border: 1px solid #d9d9d9; margin-bottom: 2.75%;\">\n<h4>10.30 &#8211; 11.30h.<\/h4>\n<h3><strong>\u00bfC\u00f3mo te ayuda Uniovi con la b\u00fasqueda de empleo? Conoce sus servicios de empleabilidad<\/strong><\/h3>\n<ul>\n<li>Claudia Alonso. Participante Programa Suma Talento.<\/li>\n<li>David Santos. Participante Servicio de orientaci\u00f3n laboral.<\/li>\n<li>Paula Kleckers. ArcelorMittal. Participante y Mentora en Uniovi Innovation Skills.<\/li>\n<li>Silvia Rodr\u00edguez. Hackaton TalentUO.<\/li>\n<li>Enzo Barb\u00f3n y Pablo L\u00f3pez. Ecosystem Integration Lab<\/li>\n<\/ul>\n<p><em>Modera: Susana P\u00e9rez L\u00f3pez. Directora de \u00c1rea de Empleabilidad y Emprendimiento. Universidad de Oviedo. <\/em><\/p>\n<\/div>\n<div style=\"padding: 20px; border: 1px solid #d9d9d9; margin-bottom: 2.75%;\">\n<h4>11.30 &#8211; 14.00h.<\/h4>\n<h3><strong>Presentaciones corporativas empresas<\/strong><\/h3>\n<ul>\n<li><strong> 11.30h. Agencia Local de Promoci\u00f3n Econ\u00f3mica y Empleo Ayuntamiento de Gij\u00f3n: \u201cActivaci\u00f3n Juvenil en la Agencia Local de Promoci\u00f3n Econ\u00f3mica y Empleo\u201d<br \/><\/strong>Carla \u00c1lvarez. Directora General de Promoci\u00f3n del Empleo<br \/>Joaqu\u00edn Miranda. Jefe Departamento Orientaci\u00f3n Laboral<\/li>\n<li><strong> 11.45h. Corporaci\u00f3n Alimentaria Pe\u00f1asanta (CAPSA): \u201cUn Equipo de la Leche\u201d<br \/><\/strong>Vicente Celem\u00edn. Responsable selecci\u00f3n y desarrollo de recursos humanos<\/li>\n<li><strong> 12.00h. Caja Rural: \u00abTu futuro profesional comienza aqu\u00ed\u00bb<br \/><\/strong>Tamara Campos. Responsable RRHH<\/li>\n<li><strong> 12.15h. Merkle Spain: \u00abDespliega todo tu potencial. Bienvenido a Merkle\u00bb<br \/><\/strong>Marcos Blanco Gonz\u00e1lez. Talent Acquisition Specialist<\/li>\n<li><strong> 12:30h. Grupo Espiral Ms: \u201cImpulsa tu futuro, innova con Grupo Espiral\u201d<br \/><\/strong>David Mart\u00ednez. Product Manager<br \/>Patricia M\u00edguez. Gerente de talento<\/li>\n<li><strong> 12.45h. Norvento Enerx\u00eda: \u201cPendiente\u201d<br \/><\/strong>V\u00edctor S\u00e1nchez. Ingeniero de Electr\u00f3nica de Potencia<\/li>\n<li><strong> 13.00h. Samoa Industrial, S.A.: \u201cPresentaci\u00f3n Grupo Samoa, Foro Empleo 2025\u201d<\/strong><br \/>Elena Arce. Jefa de Recursos Humanos<br \/>Mar\u00eda Gonz\u00e1lez. Puesto. T\u00e9cnica de Recursos Humanos<br \/>Luc\u00eda Gonz\u00e1lez. Puesto. T\u00e9cnica de Recursos Humanos<\/li>\n<li><strong> 13.15h. TKE: \u201cTK Elevator. Bienvenidos al futuro de la movilidad urbana\u201d<br \/><\/strong>Patricia Folgueras. Responsable de RRHH<\/li>\n<li><strong> 13.30h. IFF: \u201cThe Joyful Art of Creation\u201d<br \/><\/strong>Cristina Traviesa. Senior Regional Finance Manager, EAME Fine Fragrance<\/li>\n<li><strong> 13.45h. Amazon:<\/strong><br \/>Andrea Llanos. Graduate HR Partner<br \/>Alba Herrero. HR Business partner<\/li>\n<\/ul>\n<\/div>\n<div style=\"padding: 20px; border: 1px solid #d9d9d9; margin-bottom: 2.75%;\">\n<h4>14.00-16.00h. CIERRE INSTALACIONES<\/h4>\n<\/div>\n<div style=\"padding: 20px; border: 1px solid #d9d9d9; margin-bottom: 2.75%;\">\n<h4>16.30 &#8211; 18.30h.<\/h4>\n<h3><strong>Jornada final Proyecto Uniovi Innovation Skills<\/strong><\/h3>\n<ul>\n<li><strong> Presentaci\u00f3n reto Grupo Izertis<\/strong><\/li>\n<li><strong> Presentaci\u00f3n reto Grupo Puerto Deportivo de Gij\u00f3n<\/strong><\/li>\n<li><strong> Presentaci\u00f3n reto Grupo Siroko<\/strong><\/li>\n<li><strong> Presentaci\u00f3n reto Grupo ArcelorMittal<\/strong><\/li>\n<li><strong> Deliberaci\u00f3n del jurado, compuesto por:<\/strong><br \/>In\u00e9s Su\u00e1rez. Directora Escuela Polit\u00e9cnica de Ingenier\u00eda de Gij\u00f3n. Universidad de Oviedo<br \/>Marta M. Vidal. Vicedecana de Estudiantes y Desarrollo Profesional. Facultad de Comercio, Turismo y Ciencias Sociales Jovellanos. Universidad de Oviedo<br \/>Monserrat Fern\u00e1ndez. Jefa Divisi\u00f3n de Promoci\u00f3n, Crecimiento y Consolidaci\u00f3n Empresarial. Gij\u00f3n Impulsa. Ayuntamiento de Gij\u00f3n<br \/>Santiago Fern\u00e1ndez. Director Gerente Fundaci\u00f3n Universidad de Oviedo<br \/>Susana P\u00e9rez. Directora de \u00c1rea de Empleabilidad y Emprendimiento. Universidad de Oviedo<\/li>\n<li><strong> Anuncio grupo ganador<\/strong><\/li>\n<\/ul>\n<\/div>\n<\/div>\n<p>[\/et_pb_accordion_item][\/et_pb_accordion][et_pb_text _builder_version=\u00bb4.18.0&#8243; text_font=\u00bbRoboto||||||||\u00bb text_text_color=\u00bb#7c7c7c\u00bb text_font_size=\u00bb16px\u00bb text_line_height=\u00bb1.8em\u00bb header_font=\u00bbRoboto|700|||||||\u00bb header_text_align=\u00bbcenter\u00bb header_text_color=\u00bb#07867f\u00bb header_line_height=\u00bb1.2em\u00bb header_2_font=\u00bbRoboto|700|||||||\u00bb header_2_text_align=\u00bbcenter\u00bb header_2_text_color=\u00bbgcid-2739a123-5e26-4669-a77f-62833b73033a\u00bb header_2_font_size=\u00bb35px\u00bb header_3_font=\u00bbRoboto|700|||||||\u00bb header_3_text_align=\u00bbcenter\u00bb header_3_text_color=\u00bb#6b6b6b\u00bb header_3_font_size=\u00bb24px\u00bb background_layout=\u00bbdark\u00bb module_alignment=\u00bbcenter\u00bb custom_margin=\u00bb28px|||||\u00bb text_font_size_last_edited=\u00bboff|desktop\u00bb header_font_size_tablet=\u00bb40px\u00bb header_font_size_phone=\u00bb32px\u00bb header_font_size_last_edited=\u00bbon|phone\u00bb header_3_font_size_tablet=\u00bb16px\u00bb header_3_font_size_phone=\u00bb14px\u00bb header_3_font_size_last_edited=\u00bbon|phone\u00bb header_3_letter_spacing_tablet=\u00bb5px\u00bb header_3_letter_spacing_phone=\u00bb\u00bb header_3_letter_spacing_last_edited=\u00bbon|tablet\u00bb global_colors_info=\u00bb{%22gcid-2739a123-5e26-4669-a77f-62833b73033a%22:%91%22header_2_text_color%22%93}\u00bb]<\/p>\n<h2>Estos son los servicios gratuitos que estar\u00e1n a disposici\u00f3n de estudiantes y personas ya tituladas<\/h2>\n<p>[\/et_pb_text][\/et_pb_column][\/et_pb_row][et_pb_row use_custom_gutter=\u00bbon\u00bb gutter_width=\u00bb1&#8243; make_equal=\u00bbon\u00bb module_class=\u00bbtres-columnas\u00bb _builder_version=\u00bb4.16&#8243; _module_preset=\u00bbdefault\u00bb width=\u00bb90%\u00bb max_width=\u00bb90%\u00bb custom_margin=\u00bb10px|auto|40px|auto|false|false\u00bb custom_padding=\u00bb0px||0px||true|false\u00bb global_colors_info=\u00bb{}\u00bb][et_pb_column type=\u00bb4_4&#8243; _builder_version=\u00bb4.16&#8243; _module_preset=\u00bbdefault\u00bb global_colors_info=\u00bb{}\u00bb][et_pb_accordion open_toggle_background_color=\u00bbRGBA(255,255,255,0)\u00bb closed_toggle_background_color=\u00bbRGBA(255,255,255,0)\u00bb toggle_icon=\u00bb&#x22;||divi||400&#8243; icon_color=\u00bb#000000&#8243; use_icon_font_size=\u00bbon\u00bb icon_font_size=\u00bb32px\u00bb _builder_version=\u00bb4.27.4&#8243; _module_preset=\u00bbdefault\u00bb toggle_text_color=\u00bb#1b1b1b\u00bb toggle_font=\u00bbAlmarai|700|||||||\u00bb toggle_font_size=\u00bb50px\u00bb toggle_line_height=\u00bb1.2em\u00bb body_font=\u00bbLato||||||||\u00bb body_text_color=\u00bb#000000&#8243; body_font_size=\u00bb18px\u00bb body_line_height=\u00bb1.6em\u00bb custom_margin=\u00bb30px||||false|false\u00bb toggle_font_size_tablet=\u00bb32px\u00bb toggle_font_size_phone=\u00bb20px\u00bb toggle_font_size_last_edited=\u00bbon|desktop\u00bb body_font_size_tablet=\u00bb16px\u00bb body_font_size_phone=\u00bb14px\u00bb body_font_size_last_edited=\u00bbon|desktop\u00bb border_width_all=\u00bb0px\u00bb global_colors_info=\u00bb{%22gcid-2739a123-5e26-4669-a77f-62833b73033a%22:%91%22header_2_text_color%22,%22toggle_text_color%22%93}\u00bb][et_pb_accordion_item title=\u00bbINHABILITADO\u00bb open=\u00bbon\u00bb _builder_version=\u00bb4.24.1&#8243; _module_preset=\u00bbdefault\u00bb custom_css_main_element=\u00bbdisplay:none\u00bb global_colors_info=\u00bb{}\u00bb][\/et_pb_accordion_item][et_pb_accordion_item title=\u00bbEspacio tu marca personal\u00bb open_toggle_background_color=\u00bbgcid-a9cd69aa-d1f8-45ef-881c-a50d31fca3b7&#8243; closed_toggle_background_color=\u00bbgcid-a9cd69aa-d1f8-45ef-881c-a50d31fca3b7&#8243; _builder_version=\u00bb4.24.1&#8243; _module_preset=\u00bbdefault\u00bb body_link_text_color=\u00bbgcid-e5d7626d-237b-4a11-abac-a2efc83cff33&#8243; custom_margin=\u00bb||10px||false|false\u00bb custom_padding=\u00bb20px|30px|20px|30px|true|true\u00bb custom_padding_tablet=\u00bb20px|30px|20px|30px|true|true\u00bb custom_padding_phone=\u00bb|20px||20px|true|true\u00bb custom_padding_last_edited=\u00bbon|phone\u00bb border_radii=\u00bbon|50px|50px|50px|50px\u00bb global_colors_info=\u00bb{%22gcid-a9cd69aa-d1f8-45ef-881c-a50d31fca3b7%22:%91%22closed_toggle_background_color%22,%22open_toggle_background_color%22%93,%22gcid-e5d7626d-237b-4a11-abac-a2efc83cff33%22:%91%22body_link_text_color%22%93}\u00bb open=\u00bboff\u00bb]<\/p>\n<div style=\"padding: 20px; margin-bottom: 2.75%;\">\n<p>Tu marca personal es importante, tanto a la hora de conseguir un empleo como a la hora de mantenerlo. La marca personal\u00a0nos permite proyectar una imagen profesional coherente en todos los aspectos de nuestra presencia laboral, ya sea en redes sociales, entrevistas o en nuestro curr\u00edculum vitae. Por eso el Foro quiere ayudarte a crear y mejorar Tu Marca Personal a trav\u00e9s de estos servicios gratuitos:<\/p>\n<ul>\n<li><strong>Revisi\u00f3n personalizada de curr\u00edculum<\/strong>, de la mano de profesionales en Recursos Humanos de las empresas participantes en el Foro.<\/li>\n<li><strong>Revisi\u00f3n personalizada de perfil de LinkedIn<\/strong>, de la mano de profesionales en Recursos Humanos de las empresas participantes en el Foro.<\/li>\n<li><strong>Servicio Foto CV<\/strong>, en el que un profesional de la fotograf\u00eda sacar\u00e1 tu mejor posado para a\u00f1adir a tu curr\u00edculum y perfil en redes profesionales.<\/li>\n<\/ul>\n<p>Los servicios de revisi\u00f3n de CV y perfil LinkedIn se prestar\u00e1n previa inscripci\u00f3n. En el momento de reservar tu plaza, deber\u00e1s adjuntar el pdf de tu CV o, en su caso, el link a tu perfil de LinkedIn.<\/p>\n<p>El tiempo asignado para cada revisi\u00f3n ser\u00e1 de 20 minutos. Habr\u00e1 un total de 16 puestos en la Zona Tu Marca Personal del recinto: 8 para revisi\u00f3n de CV y 8 para revisi\u00f3n de LinkedIn.<\/p>\n<\/div>\n<div style=\"padding: 20px; border: 1px solid #000000; margin-bottom: 2.75%;\">\n<h3><strong>Sesiones programadas e inscripciones:<\/strong><\/h3>\n<ul>\n<li><strong><a href=\"https:\/\/forms.gle\/pgQ25qY9aRZkqziy6\" target=\"_blank\" rel=\"noopener\" title=\"Inscripci\u00f3n REVISI\u00d3N CV\">Inscripci\u00f3n REVISI\u00d3N CV<\/a><\/strong><\/li>\n<li><strong><a href=\"https:\/\/forms.gle\/SMmKprvBLTiAMXPu8\" target=\"_blank\" rel=\"noopener\" title=\"Inscripci\u00f3n REVISI\u00d3N LinkedIn\">Inscripci\u00f3n REVISI\u00d3N LinkedIn<\/a><\/strong><\/li>\n<\/ul>\n<\/div>\n<div style=\"padding: 20px; border: 1px solid #000000; margin-bottom: 2.75%;\">\n<h3><strong>D\u00eda 12 y 13 de marzo, en los siguientes horarios:<\/strong><\/h3>\n<p>10.30 &#8211; 11.30h.<br \/>11.30 &#8211; 12.30h.<br \/>16.30 &#8211; 17.30h.<br \/>17.30 &#8211; 18.30h.<\/p>\n<\/div>\n<p>[\/et_pb_accordion_item][et_pb_accordion_item title=\u00bbLaboratorio de entrevistas\u00bb open_toggle_background_color=\u00bbgcid-db099cfc-7ed3-45a8-a419-928092ad42f0&#8243; closed_toggle_background_color=\u00bbgcid-db099cfc-7ed3-45a8-a419-928092ad42f0&#8243; _builder_version=\u00bb4.24.1&#8243; _module_preset=\u00bbdefault\u00bb body_link_text_color=\u00bbgcid-9b3fdd7f-77b8-4cfd-bc05-605d46624de0&#8243; custom_margin=\u00bb||10px||false|false\u00bb custom_padding=\u00bb20px|30px|20px|30px|true|true\u00bb custom_padding_tablet=\u00bb20px|30px|20px|30px|true|true\u00bb custom_padding_phone=\u00bb20px|20px|20px|20px|true|true\u00bb custom_padding_last_edited=\u00bbon|phone\u00bb border_radii=\u00bbon|50px|50px|50px|50px\u00bb global_colors_info=\u00bb{%22gcid-db099cfc-7ed3-45a8-a419-928092ad42f0%22:%91%22closed_toggle_background_color%22,%22open_toggle_background_color%22%93,%22gcid-9b3fdd7f-77b8-4cfd-bc05-605d46624de0%22:%91%22body_link_text_color%22%93}\u00bb open=\u00bboff\u00bb]<\/p>\n<div style=\"padding: 20px; margin-bottom: 2.75%;\">\n<p>\u00bfTe da miedo a enfrentarte a una entrevista de trabajo? Como ocurre habitualmente, la pr\u00e1ctica es importante y precisamente eso es lo que queremos ofrecerte en el Foro de Empleo. La oportunidad de practicar tus habilidades de comunicaci\u00f3n de manera que puedas destacar en las entrevistas de los procesos de selecci\u00f3n.<\/p>\n<p>Para ello, te proponemos dos actividades con diferente formato que te que ayudar\u00e1n a preparar tus futuras entrevistas, de manera que dispongas de m\u00e1s herramientas para enfrentarte a diferentes tipos de preguntas, incluso a aquellas que puedan ser m\u00e1s inc\u00f3modas. \u00bfY qui\u00e9n sabe? Quiz\u00e1 la persona que te entreviste encuentre en t\u00ed el perfil que estaba buscando\u2026<\/p>\n<p><strong>Speed Job Dating:<\/strong><br \/>Taller de entrenamiento de entrevistas en el que interactuar\u00e1s con responsables de RR.HH. de las empresas participantes en el Foro. En sesiones cronometradas de una hora, las personas participantes en la actividad (previa inscripci\u00f3n) pasar\u00e1n por diez puntos de entrevista diferentes, de manera que podr\u00e1n entrenar, con una decena de interlocutores distintos, sus estrategias para afrontar con \u00e9xito una entrevista de trabajo.<\/p>\n<p><strong>Entrevista inversa:<\/strong><br \/>Aqu\u00ed le damos la vuelta a la entrevista, y es la empresa la entrevistada por el candidato o la candidata. En un formato de conversaci\u00f3n, m\u00e1s c\u00f3modo y distendido que una entrevista al uso, la persona candidata describir\u00e1 su perfil y sus intereses profesionales y lanzar\u00e1 a las empresas del Foro preguntas para conocer sus pol\u00edticas de RRHH y el tipo de puestos que podr\u00eda ocupar en ellas. El taller se ofertar\u00e1 con plazas limitadas y las personas que se inscriban podr\u00e1n preparar la entrevista mediante un taller de previo al Foro organizado en colaboraci\u00f3n con AEDIPE.<\/p>\n<\/div>\n<div style=\"padding: 20px; border: 1px solid #000000; margin-bottom: 2.75%;\">\n<h3><strong>Sesiones programadas e inscripciones:<\/strong><\/h3>\n<ul>\n<li><strong><a href=\"https:\/\/forms.gle\/1FHoLMnStsiwjdiKA\" target=\"_blank\" rel=\"noopener\" title=\"Inscripci\u00f3n SPEED JOB DATING\">Inscripci\u00f3n SPEED JOB DATING<\/a><\/strong><\/li>\n<li><strong><a href=\"https:\/\/forms.gle\/Mp3CnVxRtXHppJSs6\" target=\"_blank\" rel=\"noopener\" title=\"Inscripci\u00f3n ENTREVISTAS INVERSAS\">Inscripci\u00f3n ENTREVISTAS INVERSAS<\/a><\/strong><\/li>\n<\/ul>\n<\/div>\n<div style=\"padding: 20px; border: 1px solid #000000; margin-bottom: 2.75%;\">\n<h3><strong>D\u00eda 12 de marzo<\/strong><\/h3>\n<p>10.30 &#8211; 11.30h.<br \/><strong>Speed Job Dating<\/strong><\/p>\n<p>12:00 &#8211; 13.00h.<br \/><strong>Entrevistas inversas<\/strong><\/p>\n<p>16.30 &#8211; 17.30h.<br \/><strong>Speed Job Dating<\/strong><\/p>\n<p>17:30 &#8211; 18.30h.<br \/><strong>Entrevistas inversas<\/strong><\/p>\n<\/div>\n<p>[\/et_pb_accordion_item][et_pb_accordion_item title=\u00bbM\u00e1s herramientas para que te lances con \u00e9xito al mercado de trabajo\u00bb open_toggle_background_color=\u00bbgcid-d63ef1aa-84fd-4598-bcad-d261173e7c18&#8243; closed_toggle_background_color=\u00bbgcid-d63ef1aa-84fd-4598-bcad-d261173e7c18&#8243; _builder_version=\u00bb4.27.4&#8243; _module_preset=\u00bbdefault\u00bb body_link_font=\u00bb||||||||\u00bb body_link_text_color=\u00bbgcid-e5d7626d-237b-4a11-abac-a2efc83cff33&#8243; custom_margin=\u00bb||10px||false|false\u00bb custom_padding=\u00bb20px|30px|20px|30px|true|true\u00bb custom_padding_tablet=\u00bb20px|30px|20px|30px|true|true\u00bb custom_padding_phone=\u00bb|20px||20px|true|true\u00bb custom_padding_last_edited=\u00bbon|phone\u00bb border_radii=\u00bbon|50px|50px|50px|50px\u00bb global_colors_info=\u00bb{%22gcid-d63ef1aa-84fd-4598-bcad-d261173e7c18%22:%91%22open_toggle_background_color%22,%22closed_toggle_background_color%22%93,%22gcid-e5d7626d-237b-4a11-abac-a2efc83cff33%22:%91%22body_link_text_color%22%93}\u00bb open=\u00bboff\u00bb]<\/p>\n<div style=\"padding: 20px; border: 1px solid #000000; margin-bottom: 2.75%;\">\n<h3><strong>12 de marzo<\/strong><\/h3>\n<p>10.30 &#8211; 11.30h.<br \/><strong>Desaf\u00eda lo Convencional: \u00abAtr\u00e9vete a Entrar en el Mundo Startup\u00bb<\/strong><\/p>\n<ul>\n<li class=\"p1\">Lydia Alonso. Responsable innovaci\u00f3n organizativa. CEEI ASTURIAS<\/li>\n<li class=\"p1\">Ver\u00f3nica \u00c1lvarez. Coordinadora acceso a financiaci\u00f3n. CEEI Asturias<\/li>\n<\/ul>\n<p>\u00bfTe suena el mundo startup pero no tienes claro de qu\u00e9 va? Conoce c\u00f3mo estas empresas est\u00e1n cambiando las reglas del juego creando oportunidades para gente con ganas de innovar. Descubre c\u00f3mo puedes encajar en su ecosistema, te daremos las claves para comunicarte con ellas. Si quieres salir del molde y explorar nuevas formas de crecer profesionalmente, este taller es para ti. \u00a1Nos vemos all\u00ed!<\/p>\n<div style=\"padding: 20px; border: 1px solid #000000;\">\n<h3><strong>Sesiones programadas e inscripciones:<br \/>Plazas limitadas<br \/><\/strong><\/h3>\n<ul>\n<li><strong><a href=\"https:\/\/forms.gle\/yG3KPhHWgaey1Wm17\" target=\"_blank\" rel=\"noopener\" title=\"Inscripci\u00f3n Taller \u201cDesaf\u00eda lo Convencional: Atr\u00e9vete a Entrar en el Mundo Startup\u201d\">Inscripci\u00f3n Taller \u201cDesaf\u00eda lo Convencional: Atr\u00e9vete a Entrar en el Mundo Startup\u201d<\/a><\/strong><\/li>\n<\/ul>\n<\/div>\n<\/div>\n<div style=\"padding: 20px; border: 1px solid #000000; margin-bottom: 2.75%;\">\n<h3><strong>12 y 13 de marzo<\/strong><\/h3>\n<p>12.00 &#8211; 13.30h.<br \/><strong>Taller \u201cDesarrolla tus Soft Skills a trav\u00e9s del teatro\u201d<\/strong><\/p>\n<ul>\n<li class=\"p1\">Emma Quintana. Agencia Local de Promoci\u00f3n Econ\u00f3mica y Empleo<\/li>\n<\/ul>\n<p>La Agencia Local de Promoci\u00f3n Econ\u00f3mica y Empleo del Ayuntamiento de Gij\u00f3n nos ofrece este taller para que puedas mejorar tus soft skills a trav\u00e9s de una metodolog\u00eda diferente y muy divertida. Te ense\u00f1ar\u00e1n a mejorar y controlar la respiraci\u00f3n, tips de relajaci\u00f3n, f\u00f3rmulas para cuidar tu expresi\u00f3n oral y corporal\u2026, y todo ello enfocado a la b\u00fasqueda de empleo a trav\u00e9s del teatro aplicado.<\/p>\n<div style=\"padding: 20px; border: 1px solid #000000;\">Este taller se ofrecer\u00e1 los dos d\u00edas del Foro, en el mismo horario. Las plazas son limitadas.<\/div>\n<p>&nbsp;<\/p>\n<div style=\"padding: 20px; border: 1px solid #000000;\">\n<h3><strong>Sesiones programadas e inscripciones:<br \/>Plazas limitadas<br \/><\/strong><\/h3>\n<ul>\n<li><strong><a href=\"https:\/\/forms.gle\/m4LFzxwFViYiMkPu7\" target=\"_blank\" rel=\"noopener\" title=\"Inscripci\u00f3n Taller \u201cDesarrolla tus Soft Skills a trav\u00e9s del teatro\u201d\">Inscripci\u00f3n Taller \u201cDesarrolla tus Soft Skills a trav\u00e9s del teatro\u201d<\/a><\/strong><strong><\/strong><\/li>\n<\/ul>\n<\/div>\n<\/div>\n<div style=\"padding: 20px; border: 1px solid #000000; margin-bottom: 2.75%;\">\n<h3><strong> 12 de marzo<\/strong><\/h3>\n<p>16.30 &#8211; 17.30h.<br \/><strong>Taller \u201cPotencia tu Perfil Profesional Gracias a la IA\u201d<\/strong><\/p>\n<ul>\n<li class=\"p1\">Mamen Blanco. Divulgadora de Inteligencia Artificial<\/li>\n<\/ul>\n<p><strong>La inteligencia artificial (IA) est\u00e1 transformando el mundo laboral y profesional.<\/strong> En este taller, aprender\u00e1s c\u00f3mo la IA puede ser una herramienta clave para potenciar tu perfil, encontrar oportunidades de empleo y sacar a relucir la mejor versi\u00f3n de ti mismo. Desde herramientas que mejoran tu visibilidad hasta aplicaciones que te entrenan para entrevistas, esta sesi\u00f3n te ayudar\u00e1 a convertirte en un profesional m\u00e1s competitivo y preparado para los retos del mercado laboral actual.<\/p>\n<div style=\"padding: 20px; border: 1px solid #000000;\">\n<h3><strong>Sesiones programadas e inscripciones:<br \/>Plazas limitadas<br \/><\/strong><\/h3>\n<ul>\n<li><strong><a href=\"https:\/\/forms.gle\/nScESbkF1x6X8AvZA\" target=\"_blank\" rel=\"noopener\" title=\"Inscripci\u00f3n Taller \u201cPotencia tu Perfil Profesional Gracias a la IA\u201d\">Inscripci\u00f3n Taller \u201cPotencia tu Perfil Profesional Gracias a la IA\u201d<\/a><\/strong><\/li>\n<\/ul>\n<\/div>\n<\/div>\n<div style=\"padding: 20px; border: 1px solid #000000; margin-bottom: 2.75%;\">\n<h3><strong> 13 de marzo<\/strong><\/h3>\n<p>10.30 &#8211; 11.30h.<br \/><strong>Taller \u201cAc\u00e9rcate al mundo laboral: Derechos y deberes que debes conocer\u201d<\/strong><\/p>\n<ul>\n<li class=\"p1\">Fernando Pintueles. Colegio de Graduados Sociales de Asturias<\/li>\n<\/ul>\n<p>\u00bfQu\u00e9 es un contrato de trabajo? \u00bfEn qu\u00e9 debo fijarme al firmar mi contrato de trabajo? \u00bfCu\u00e1les ser\u00e1n mis derechos y obligaciones? \u00bfQu\u00e9 es una n\u00f3mina? \u00bfD\u00f3nde se regula el salario que cobrar\u00e9 o cu\u00e1l ser\u00e1 mi base de cotizaci\u00f3n y para qu\u00e9 sirve? \u00bfPor qu\u00e9 se hace la declaraci\u00f3n de la renta? Todo esto y mucho m\u00e1s aprender\u00e1s en este taller impartido por el Colegio de Graduados Sociales de Asturias. Cuestiones pr\u00e1cticas y muy \u00fatiles, para que camines con seguridad hacia el mercado de trabajo.<\/p>\n<div style=\"padding: 20px; border: 1px solid #000000;\">\n<h3><strong>Sesiones programadas e inscripciones:<br \/>Plazas limitadas<br \/><\/strong><\/h3>\n<ul>\n<li><strong><a href=\"https:\/\/forms.gle\/duNT8858kc1f28Tw8\" target=\"_blank\" rel=\"noopener\" title=\"Inscripci\u00f3n Taller \u201cAc\u00e9rcate al mundo laboral: \u201cderechos y deberes que debes conocer\u201d\">Inscripci\u00f3n Taller \u201cAc\u00e9rcate al mundo laboral: Derechos y deberes que debes conocer\u201d<\/a><\/strong><\/li>\n<\/ul>\n<\/div>\n<\/div>\n<p>[\/et_pb_accordion_item][\/et_pb_accordion][\/et_pb_column][\/et_pb_row][\/et_pb_section][et_pb_section fb_built=\u00bb1&#8243; admin_label=\u00bbSection\u00bb module_id=\u00bbtransporte22&#8243; _builder_version=\u00bb4.27.4&#8243; _module_preset=\u00bbdefault\u00bb background_color=\u00bbgcid-91aaa6cb-1d4b-445a-bcdb-f91996e15ac7&#8243; custom_margin=\u00bb0px||0px||true|false\u00bb custom_padding=\u00bb0px||0px||true|false\u00bb da_popup_slug=\u00bbtransporte22&#8243; da_exit_intent=\u00bbon\u00bb da_disable_devices=\u00bboff|off|off\u00bb global_colors_info=\u00bb{%22gcid-91aaa6cb-1d4b-445a-bcdb-f91996e15ac7%22:%91%22background_color%22%93}\u00bb da_is_popup=\u00bboff\u00bb da_has_close=\u00bbon\u00bb da_alt_close=\u00bboff\u00bb da_dark_close=\u00bboff\u00bb da_not_modal=\u00bbon\u00bb da_is_singular=\u00bboff\u00bb da_with_loader=\u00bboff\u00bb da_has_shadow=\u00bbon\u00bb][et_pb_row use_custom_gutter=\u00bbon\u00bb gutter_width=\u00bb1&#8243; make_equal=\u00bbon\u00bb module_class=\u00bb et_pb_row_fullwidth\u00bb _builder_version=\u00bb4.24.1&#8243; background_enable_color=\u00bboff\u00bb background_enable_image=\u00bboff\u00bb background_position=\u00bbtop_left\u00bb background_repeat=\u00bbrepeat\u00bb width=\u00bb100%\u00bb width_tablet=\u00bb100%\u00bb width_phone=\u00bb100%\u00bb width_last_edited=\u00bbon|desktop\u00bb max_width=\u00bb100%\u00bb max_width_tablet=\u00bb100%\u00bb max_width_phone=\u00bb100%\u00bb max_width_last_edited=\u00bbon|desktop\u00bb custom_margin=\u00bb0px||0px||true|false\u00bb custom_padding=\u00bb0px||0px|||\u00bb animation_style=\u00bbslide\u00bb animation_direction=\u00bbtop\u00bb animation_intensity_slide=\u00bb3%\u00bb make_fullwidth=\u00bbon\u00bb global_colors_info=\u00bb{%22gcid-db099cfc-7ed3-45a8-a419-928092ad42f0%22:%91%22background_color%22%93}\u00bb][et_pb_column type=\u00bb4_4&#8243; _builder_version=\u00bb4.24.1&#8243; custom_padding=\u00bb10%|8%|0px|8%|false|false\u00bb global_colors_info=\u00bb{}\u00bb custom_padding__hover=\u00bb|||\u00bb][et_pb_icon font_icon=\u00bb&#xf207;||fa||900&#8243; icon_color=\u00bbgcid-9b3fdd7f-77b8-4cfd-bc05-605d46624de0&#8243; icon_width=\u00bb41px\u00bb _builder_version=\u00bb4.24.1&#8243; _module_preset=\u00bbdefault\u00bb custom_margin=\u00bb||10px||false|false\u00bb global_colors_info=\u00bb{%22gcid-9b3fdd7f-77b8-4cfd-bc05-605d46624de0%22:%91%22icon_color%22%93}\u00bb][\/et_pb_icon][et_pb_text _builder_version=\u00bb4.24.1&#8243; text_font=\u00bbMontserrat|500|||||||\u00bb text_text_color=\u00bb#353740&#8243; text_font_size=\u00bb16px\u00bb background_size=\u00bbinitial\u00bb background_position=\u00bbtop_left\u00bb background_repeat=\u00bbrepeat\u00bb text_orientation=\u00bbcenter\u00bb custom_margin=\u00bb||0px||false|false\u00bb custom_padding=\u00bb||0px||false|false\u00bb animation_style=\u00bbslide\u00bb animation_direction=\u00bbbottom\u00bb locked=\u00bboff\u00bb global_colors_info=\u00bb{}\u00bb]<\/p>\n<h3 style=\"font-weight: 400; text-align: center;\"><strong>SERVICIO GRATUITO DE AUTOBUSES DESDE CAMPUS DE GIJ\u00d3N Y MIERES<\/strong><\/h3>\n<h3 style=\"font-weight: 400; text-align: center;\"><strong>D\u00edas 12 y 13 de marzo<\/strong><\/h3>\n<p>[\/et_pb_text][\/et_pb_column][\/et_pb_row][et_pb_row column_structure=\u00bb1_2,1_2&#8243; use_custom_gutter=\u00bbon\u00bb gutter_width=\u00bb1&#8243; make_equal=\u00bbon\u00bb module_class=\u00bb et_pb_row_fullwidth\u00bb _builder_version=\u00bb4.27.4&#8243; background_enable_color=\u00bboff\u00bb background_enable_image=\u00bboff\u00bb background_position=\u00bbtop_left\u00bb background_repeat=\u00bbrepeat\u00bb width_tablet=\u00bb100%\u00bb width_phone=\u00bb100%\u00bb width_last_edited=\u00bbon|desktop\u00bb max_width=\u00bb80%\u00bb max_width_tablet=\u00bb100%\u00bb max_width_phone=\u00bb100%\u00bb max_width_last_edited=\u00bbon|desktop\u00bb custom_padding=\u00bb0px||10%||false|false\u00bb animation_style=\u00bbslide\u00bb animation_direction=\u00bbtop\u00bb animation_intensity_slide=\u00bb3%\u00bb make_fullwidth=\u00bbon\u00bb global_colors_info=\u00bb{%22gcid-db099cfc-7ed3-45a8-a419-928092ad42f0%22:%91%22background_color%22%93}\u00bb][et_pb_column type=\u00bb1_2&#8243; _builder_version=\u00bb4.24.1&#8243; custom_padding=\u00bb3%||0px||false|false\u00bb global_colors_info=\u00bb{}\u00bb custom_padding__hover=\u00bb|||\u00bb][et_pb_text _builder_version=\u00bb4.24.1&#8243; text_font=\u00bbMontserrat|500|||||||\u00bb text_text_color=\u00bb#353740&#8243; text_font_size=\u00bb16px\u00bb background_size=\u00bbinitial\u00bb background_position=\u00bbtop_left\u00bb background_repeat=\u00bbrepeat\u00bb text_orientation=\u00bbcenter\u00bb custom_margin=\u00bb||20px||false|false\u00bb custom_padding=\u00bb||0px||false|false\u00bb animation_style=\u00bbslide\u00bb animation_direction=\u00bbbottom\u00bb locked=\u00bboff\u00bb global_colors_info=\u00bb{}\u00bb]<\/p>\n<h3 style=\"font-weight: 400; text-align: center;\"><strong style=\"font-size: 22px;\">Mi\u00e9rcoles 12 de marzo<\/strong><\/h3>\n<p>[\/et_pb_text][et_pb_text _builder_version=\u00bb4.24.1&#8243; text_font=\u00bbMontserrat|500||on|||||\u00bb text_text_color=\u00bb#353740&#8243; text_font_size=\u00bb16px\u00bb text_letter_spacing=\u00bb3px\u00bb background_size=\u00bbinitial\u00bb background_position=\u00bbtop_left\u00bb background_repeat=\u00bbrepeat\u00bb text_orientation=\u00bbcenter\u00bb custom_margin=\u00bb10px||10px||true|false\u00bb custom_padding=\u00bb10px||0px||false|false\u00bb animation_style=\u00bbslide\u00bb animation_direction=\u00bbbottom\u00bb border_width_top=\u00bb2px\u00bb locked=\u00bboff\u00bb global_colors_info=\u00bb{}\u00bb]<\/p>\n<p><strong> CAMPUS VIESQUES-RECINTO FERIAL <\/strong><\/p>\n<p>[\/et_pb_text][et_pb_text _builder_version=\u00bb4.27.4&#8243; text_font=\u00bbMontserrat||||\u00bb text_text_color=\u00bb#353740&#8243; header_font=\u00bb||||||||\u00bb background_size=\u00bbinitial\u00bb background_position=\u00bbtop_left\u00bb background_repeat=\u00bbrepeat\u00bb text_orientation=\u00bbcenter\u00bb custom_margin=\u00bb||0px||false|false\u00bb animation_style=\u00bbslide\u00bb animation_direction=\u00bbtop\u00bb animation_intensity_slide=\u00bb17%\u00bb locked=\u00bboff\u00bb global_colors_info=\u00bb{}\u00bb]<\/p>\n<p><strong>IDA<\/strong><br \/>Salida desde campus de Gij\u00f3n <strong>09.30h.<\/strong><\/p>\n<p>[\/et_pb_text][et_pb_button button_url=\u00bbhttps:\/\/docs.google.com\/forms\/d\/e\/1FAIpQLSfeM14QIfIyfkH3WBfAVuPnDiFjTV3rpwiGKvrV7yUzGCO7Xg\/viewform\u00bb url_new_window=\u00bbon\u00bb button_text=\u00bbReservar\u00bb button_alignment=\u00bbcenter\u00bb _builder_version=\u00bb4.24.1&#8243; custom_button=\u00bbon\u00bb button_text_color=\u00bbgcid-9b3fdd7f-77b8-4cfd-bc05-605d46624de0&#8243; button_border_width=\u00bb4px\u00bb button_border_color=\u00bbgcid-9b3fdd7f-77b8-4cfd-bc05-605d46624de0&#8243; button_border_radius=\u00bb100px\u00bb button_letter_spacing=\u00bb2px\u00bb button_font=\u00bbMontserrat|on||on|\u00bb button_icon=\u00bb&#x45;||divi||400&#8243; custom_margin=\u00bb||20px||false|false\u00bb animation_style=\u00bbfade\u00bb button_text_color_hover=\u00bb#ffffff\u00bb button_border_color_hover=\u00bb#ffffff\u00bb button_letter_spacing_hover=\u00bb2px\u00bb button_bg_color_hover=\u00bbrgba(0,0,0,0)\u00bb locked=\u00bboff\u00bb global_colors_info=\u00bb{%22gcid-9b3fdd7f-77b8-4cfd-bc05-605d46624de0%22:%91%22button_border_color%22,%22button_border_color__hover%22,%22button_text_color%22,%22button_text_color__hover%22%93}\u00bb button_text_size__hover_enabled=\u00bboff\u00bb button_one_text_size__hover_enabled=\u00bboff\u00bb button_two_text_size__hover_enabled=\u00bboff\u00bb button_text_color__hover_enabled=\u00bbon|hover\u00bb button_text_color__hover=\u00bb#82006f\u00bb button_one_text_color__hover_enabled=\u00bboff\u00bb button_two_text_color__hover_enabled=\u00bboff\u00bb button_border_width__hover_enabled=\u00bboff\u00bb button_one_border_width__hover_enabled=\u00bboff\u00bb button_two_border_width__hover_enabled=\u00bboff\u00bb button_border_color__hover_enabled=\u00bbon\u00bb button_border_color__hover=\u00bb#82006f\u00bb button_one_border_color__hover_enabled=\u00bboff\u00bb button_two_border_color__hover_enabled=\u00bboff\u00bb button_border_radius__hover_enabled=\u00bboff\u00bb button_one_border_radius__hover_enabled=\u00bboff\u00bb button_two_border_radius__hover_enabled=\u00bboff\u00bb button_letter_spacing__hover_enabled=\u00bbon\u00bb button_letter_spacing__hover=\u00bb2px\u00bb button_one_letter_spacing__hover_enabled=\u00bboff\u00bb button_two_letter_spacing__hover_enabled=\u00bboff\u00bb button_bg_color__hover_enabled=\u00bbon\u00bb button_bg_color__hover=\u00bbrgba(0,0,0,0)\u00bb button_one_bg_color__hover_enabled=\u00bboff\u00bb button_two_bg_color__hover_enabled=\u00bboff\u00bb][\/et_pb_button][et_pb_text _builder_version=\u00bb4.24.1&#8243; text_font=\u00bbMontserrat|500||on|||||\u00bb text_text_color=\u00bb#353740&#8243; text_font_size=\u00bb16px\u00bb text_letter_spacing=\u00bb3px\u00bb background_size=\u00bbinitial\u00bb background_position=\u00bbtop_left\u00bb background_repeat=\u00bbrepeat\u00bb text_orientation=\u00bbcenter\u00bb custom_margin=\u00bb10px||10px||true|false\u00bb custom_padding=\u00bb10px||0px||false|false\u00bb animation_style=\u00bbslide\u00bb animation_direction=\u00bbbottom\u00bb border_width_top=\u00bb2px\u00bb locked=\u00bboff\u00bb global_colors_info=\u00bb{}\u00bb]<\/p>\n<p><strong>MIERES-OVIEDO-GIJ\u00d3N<\/strong><\/p>\n<p>[\/et_pb_text][et_pb_text _builder_version=\u00bb4.27.4&#8243; text_font=\u00bbMontserrat||||\u00bb text_text_color=\u00bb#353740&#8243; header_font=\u00bb||||||||\u00bb background_size=\u00bbinitial\u00bb background_position=\u00bbtop_left\u00bb background_repeat=\u00bbrepeat\u00bb text_orientation=\u00bbcenter\u00bb custom_margin=\u00bb||0px||false|false\u00bb animation_style=\u00bbslide\u00bb animation_direction=\u00bbtop\u00bb animation_intensity_slide=\u00bb17%\u00bb locked=\u00bboff\u00bb global_colors_info=\u00bb{}\u00bb]<\/p>\n<p><strong>IDA y\/o VUELTA<\/strong><br \/>Salida desde campus de Barredo <strong><\/strong><strong>08.30h.<br \/><\/strong>Regreso desde recinto ferial <strong>14.15h.<\/strong><\/p>\n<p>[\/et_pb_text][et_pb_button button_url=\u00bbhttps:\/\/docs.google.com\/forms\/d\/e\/1FAIpQLSdrC6vJDl4SG_AKCHnAiJ4N1Vscg7Fuze6N0CjjBQytZTdBaw\/viewform\u00bb url_new_window=\u00bbon\u00bb button_text=\u00bbReservar\u00bb button_alignment=\u00bbcenter\u00bb _builder_version=\u00bb4.24.1&#8243; custom_button=\u00bbon\u00bb button_text_color=\u00bbgcid-9b3fdd7f-77b8-4cfd-bc05-605d46624de0&#8243; button_border_width=\u00bb4px\u00bb button_border_color=\u00bbgcid-9b3fdd7f-77b8-4cfd-bc05-605d46624de0&#8243; button_border_radius=\u00bb100px\u00bb button_letter_spacing=\u00bb2px\u00bb button_font=\u00bbMontserrat|on||on|\u00bb button_icon=\u00bb&#x45;||divi||400&#8243; custom_margin=\u00bb||20px||false|false\u00bb animation_style=\u00bbfade\u00bb button_text_color_hover=\u00bb#ffffff\u00bb button_border_color_hover=\u00bb#ffffff\u00bb button_letter_spacing_hover=\u00bb2px\u00bb button_bg_color_hover=\u00bbrgba(0,0,0,0)\u00bb locked=\u00bboff\u00bb global_colors_info=\u00bb{%22gcid-9b3fdd7f-77b8-4cfd-bc05-605d46624de0%22:%91%22button_text_color%22,%22button_border_color%22,%22button_text_color__hover%22,%22button_border_color__hover%22%93}\u00bb button_text_size__hover_enabled=\u00bboff\u00bb button_one_text_size__hover_enabled=\u00bboff\u00bb button_two_text_size__hover_enabled=\u00bboff\u00bb button_text_color__hover_enabled=\u00bbon|hover\u00bb button_text_color__hover=\u00bb#82006f\u00bb button_one_text_color__hover_enabled=\u00bboff\u00bb button_two_text_color__hover_enabled=\u00bboff\u00bb button_border_width__hover_enabled=\u00bboff\u00bb button_one_border_width__hover_enabled=\u00bboff\u00bb button_two_border_width__hover_enabled=\u00bboff\u00bb button_border_color__hover_enabled=\u00bbon\u00bb button_border_color__hover=\u00bb#82006f\u00bb button_one_border_color__hover_enabled=\u00bboff\u00bb button_two_border_color__hover_enabled=\u00bboff\u00bb button_border_radius__hover_enabled=\u00bboff\u00bb button_one_border_radius__hover_enabled=\u00bboff\u00bb button_two_border_radius__hover_enabled=\u00bboff\u00bb button_letter_spacing__hover_enabled=\u00bbon\u00bb button_letter_spacing__hover=\u00bb2px\u00bb button_one_letter_spacing__hover_enabled=\u00bboff\u00bb button_two_letter_spacing__hover_enabled=\u00bboff\u00bb button_bg_color__hover_enabled=\u00bbon\u00bb button_bg_color__hover=\u00bbrgba(0,0,0,0)\u00bb button_one_bg_color__hover_enabled=\u00bboff\u00bb button_two_bg_color__hover_enabled=\u00bboff\u00bb][\/et_pb_button][et_pb_text _builder_version=\u00bb4.24.1&#8243; text_font=\u00bbMontserrat|500||on|||||\u00bb text_text_color=\u00bb#353740&#8243; text_font_size=\u00bb16px\u00bb text_letter_spacing=\u00bb3px\u00bb background_size=\u00bbinitial\u00bb background_position=\u00bbtop_left\u00bb background_repeat=\u00bbrepeat\u00bb text_orientation=\u00bbcenter\u00bb custom_margin=\u00bb10px||10px||true|false\u00bb custom_padding=\u00bb10px||0px||false|false\u00bb animation_style=\u00bbslide\u00bb animation_direction=\u00bbbottom\u00bb border_width_top=\u00bb2px\u00bb locked=\u00bboff\u00bb global_colors_info=\u00bb{}\u00bb]<\/p>\n<p><strong>CAMPUS VIESQUES-RECINTO FERIAL<\/strong><\/p>\n<p>[\/et_pb_text][et_pb_text _builder_version=\u00bb4.27.4&#8243; text_font=\u00bbMontserrat||||\u00bb text_text_color=\u00bb#353740&#8243; header_font=\u00bb||||||||\u00bb background_size=\u00bbinitial\u00bb background_position=\u00bbtop_left\u00bb background_repeat=\u00bbrepeat\u00bb text_orientation=\u00bbcenter\u00bb custom_margin=\u00bb||0px||false|false\u00bb animation_style=\u00bbslide\u00bb animation_direction=\u00bbtop\u00bb animation_intensity_slide=\u00bb17%\u00bb locked=\u00bboff\u00bb global_colors_info=\u00bb{}\u00bb]<\/p>\n<p><strong>IDA<\/strong><br \/>Salida desde campus de Gij\u00f3n <strong>15.30h.<\/strong><\/p>\n<p>[\/et_pb_text][et_pb_button button_url=\u00bbhttps:\/\/docs.google.com\/forms\/d\/e\/1FAIpQLSfbblraoticFLMsp5xF9931TWd_3I3IhaWoipbRU59shQSd-Q\/viewform\u00bb url_new_window=\u00bbon\u00bb button_text=\u00bbReservar\u00bb button_alignment=\u00bbcenter\u00bb _builder_version=\u00bb4.24.1&#8243; custom_button=\u00bbon\u00bb button_text_color=\u00bbgcid-9b3fdd7f-77b8-4cfd-bc05-605d46624de0&#8243; button_border_width=\u00bb4px\u00bb button_border_color=\u00bbgcid-9b3fdd7f-77b8-4cfd-bc05-605d46624de0&#8243; button_border_radius=\u00bb100px\u00bb button_letter_spacing=\u00bb2px\u00bb button_font=\u00bbMontserrat|on||on|\u00bb button_icon=\u00bb&#x45;||divi||400&#8243; custom_margin=\u00bb||20px||false|false\u00bb animation_style=\u00bbfade\u00bb button_text_color_hover=\u00bb#ffffff\u00bb button_border_color_hover=\u00bb#ffffff\u00bb button_letter_spacing_hover=\u00bb2px\u00bb button_bg_color_hover=\u00bbrgba(0,0,0,0)\u00bb locked=\u00bboff\u00bb global_colors_info=\u00bb{%22gcid-9b3fdd7f-77b8-4cfd-bc05-605d46624de0%22:%91%22button_text_color%22,%22button_border_color%22,%22button_text_color__hover%22,%22button_border_color__hover%22%93}\u00bb button_text_size__hover_enabled=\u00bboff\u00bb button_one_text_size__hover_enabled=\u00bboff\u00bb button_two_text_size__hover_enabled=\u00bboff\u00bb button_text_color__hover_enabled=\u00bbon|hover\u00bb button_text_color__hover=\u00bb#82006f\u00bb button_one_text_color__hover_enabled=\u00bboff\u00bb button_two_text_color__hover_enabled=\u00bboff\u00bb button_border_width__hover_enabled=\u00bboff\u00bb button_one_border_width__hover_enabled=\u00bboff\u00bb button_two_border_width__hover_enabled=\u00bboff\u00bb button_border_color__hover_enabled=\u00bbon\u00bb button_border_color__hover=\u00bb#82006f\u00bb button_one_border_color__hover_enabled=\u00bboff\u00bb button_two_border_color__hover_enabled=\u00bboff\u00bb button_border_radius__hover_enabled=\u00bboff\u00bb button_one_border_radius__hover_enabled=\u00bboff\u00bb button_two_border_radius__hover_enabled=\u00bboff\u00bb button_letter_spacing__hover_enabled=\u00bbon\u00bb button_letter_spacing__hover=\u00bb2px\u00bb button_one_letter_spacing__hover_enabled=\u00bboff\u00bb button_two_letter_spacing__hover_enabled=\u00bboff\u00bb button_bg_color__hover_enabled=\u00bbon\u00bb button_bg_color__hover=\u00bbrgba(0,0,0,0)\u00bb button_one_bg_color__hover_enabled=\u00bboff\u00bb button_two_bg_color__hover_enabled=\u00bboff\u00bb][\/et_pb_button][et_pb_text _builder_version=\u00bb4.24.1&#8243; text_font=\u00bbMontserrat|500||on|||||\u00bb text_text_color=\u00bb#353740&#8243; text_font_size=\u00bb16px\u00bb text_letter_spacing=\u00bb3px\u00bb background_size=\u00bbinitial\u00bb background_position=\u00bbtop_left\u00bb background_repeat=\u00bbrepeat\u00bb text_orientation=\u00bbcenter\u00bb custom_margin=\u00bb10px||10px||true|false\u00bb custom_padding=\u00bb10px||0px||false|false\u00bb animation_style=\u00bbslide\u00bb animation_direction=\u00bbbottom\u00bb border_width_top=\u00bb2px\u00bb locked=\u00bboff\u00bb global_colors_info=\u00bb{}\u00bb]<\/p>\n<p><strong>MIERES-OVIEDO-GIJ\u00d3N<\/strong><\/p>\n<p>[\/et_pb_text][et_pb_text _builder_version=\u00bb4.27.4&#8243; text_font=\u00bbMontserrat||||\u00bb text_text_color=\u00bb#353740&#8243; header_font=\u00bb||||||||\u00bb background_size=\u00bbinitial\u00bb background_position=\u00bbtop_left\u00bb background_repeat=\u00bbrepeat\u00bb text_orientation=\u00bbcenter\u00bb custom_margin=\u00bb||0px||false|false\u00bb animation_style=\u00bbslide\u00bb animation_direction=\u00bbtop\u00bb animation_intensity_slide=\u00bb17%\u00bb locked=\u00bboff\u00bb global_colors_info=\u00bb{}\u00bb]<\/p>\n<p><strong>IDA y\/o VUELTA<\/strong><br \/>Salida desde campus de Barredo <strong>14.30h.<br \/><\/strong>Regreso desde recinto ferial <strong>19.15h.<\/strong><\/p>\n<p>[\/et_pb_text][et_pb_button button_url=\u00bbhttps:\/\/docs.google.com\/forms\/d\/e\/1FAIpQLSdrpBOLUwapfBTtZ1THkEkZFS_C7C5na1_ZOqx5359VZsPQqQ\/viewform\u00bb url_new_window=\u00bbon\u00bb button_text=\u00bbReservar\u00bb button_alignment=\u00bbcenter\u00bb _builder_version=\u00bb4.24.1&#8243; custom_button=\u00bbon\u00bb button_text_color=\u00bbgcid-9b3fdd7f-77b8-4cfd-bc05-605d46624de0&#8243; button_border_width=\u00bb4px\u00bb button_border_color=\u00bbgcid-9b3fdd7f-77b8-4cfd-bc05-605d46624de0&#8243; button_border_radius=\u00bb100px\u00bb button_letter_spacing=\u00bb2px\u00bb button_font=\u00bbMontserrat|on||on|\u00bb button_icon=\u00bb&#x45;||divi||400&#8243; custom_margin=\u00bb||20px||false|false\u00bb animation_style=\u00bbfade\u00bb button_text_color_hover=\u00bb#ffffff\u00bb button_border_color_hover=\u00bb#ffffff\u00bb button_letter_spacing_hover=\u00bb2px\u00bb button_bg_color_hover=\u00bbrgba(0,0,0,0)\u00bb locked=\u00bboff\u00bb global_colors_info=\u00bb{%22gcid-9b3fdd7f-77b8-4cfd-bc05-605d46624de0%22:%91%22button_text_color%22,%22button_border_color%22,%22button_text_color__hover%22,%22button_border_color__hover%22%93}\u00bb button_text_size__hover_enabled=\u00bboff\u00bb button_one_text_size__hover_enabled=\u00bboff\u00bb button_two_text_size__hover_enabled=\u00bboff\u00bb button_text_color__hover_enabled=\u00bbon|hover\u00bb button_text_color__hover=\u00bb#82006f\u00bb button_one_text_color__hover_enabled=\u00bboff\u00bb button_two_text_color__hover_enabled=\u00bboff\u00bb button_border_width__hover_enabled=\u00bboff\u00bb button_one_border_width__hover_enabled=\u00bboff\u00bb button_two_border_width__hover_enabled=\u00bboff\u00bb button_border_color__hover_enabled=\u00bbon\u00bb button_border_color__hover=\u00bb#82006f\u00bb button_one_border_color__hover_enabled=\u00bboff\u00bb button_two_border_color__hover_enabled=\u00bboff\u00bb button_border_radius__hover_enabled=\u00bboff\u00bb button_one_border_radius__hover_enabled=\u00bboff\u00bb button_two_border_radius__hover_enabled=\u00bboff\u00bb button_letter_spacing__hover_enabled=\u00bbon\u00bb button_letter_spacing__hover=\u00bb2px\u00bb button_one_letter_spacing__hover_enabled=\u00bboff\u00bb button_two_letter_spacing__hover_enabled=\u00bboff\u00bb button_bg_color__hover_enabled=\u00bbon\u00bb button_bg_color__hover=\u00bbrgba(0,0,0,0)\u00bb button_one_bg_color__hover_enabled=\u00bboff\u00bb button_two_bg_color__hover_enabled=\u00bboff\u00bb][\/et_pb_button][\/et_pb_column][et_pb_column type=\u00bb1_2&#8243; _builder_version=\u00bb4.24.1&#8243; custom_padding=\u00bb3%||0px||false|false\u00bb global_colors_info=\u00bb{}\u00bb custom_padding__hover=\u00bb|||\u00bb][et_pb_text _builder_version=\u00bb4.24.1&#8243; text_font=\u00bbMontserrat|500|||||||\u00bb text_text_color=\u00bb#353740&#8243; text_font_size=\u00bb16px\u00bb background_size=\u00bbinitial\u00bb background_position=\u00bbtop_left\u00bb background_repeat=\u00bbrepeat\u00bb text_orientation=\u00bbcenter\u00bb custom_margin=\u00bb||20px||false|false\u00bb custom_padding=\u00bb||0px||false|false\u00bb animation_style=\u00bbslide\u00bb animation_direction=\u00bbbottom\u00bb locked=\u00bboff\u00bb global_colors_info=\u00bb{}\u00bb]<\/p>\n<h3 style=\"font-weight: 400; text-align: center;\"><strong style=\"font-size: 22px;\">Jueves 13 de marzo<\/strong><\/h3>\n<p>[\/et_pb_text][et_pb_text _builder_version=\u00bb4.24.1&#8243; text_font=\u00bbMontserrat|500||on|||||\u00bb text_text_color=\u00bb#353740&#8243; text_font_size=\u00bb16px\u00bb text_letter_spacing=\u00bb3px\u00bb background_size=\u00bbinitial\u00bb background_position=\u00bbtop_left\u00bb background_repeat=\u00bbrepeat\u00bb text_orientation=\u00bbcenter\u00bb custom_margin=\u00bb10px||10px||true|false\u00bb custom_padding=\u00bb10px||0px||false|false\u00bb animation_style=\u00bbslide\u00bb animation_direction=\u00bbbottom\u00bb border_width_top=\u00bb2px\u00bb locked=\u00bboff\u00bb global_colors_info=\u00bb{}\u00bb]<\/p>\n<p><strong> CAMPUS VIESQUES-RECINTO FERIAL <\/strong><\/p>\n<p>[\/et_pb_text][et_pb_text _builder_version=\u00bb4.27.4&#8243; text_font=\u00bbMontserrat||||\u00bb text_text_color=\u00bb#353740&#8243; header_font=\u00bb||||||||\u00bb background_size=\u00bbinitial\u00bb background_position=\u00bbtop_left\u00bb background_repeat=\u00bbrepeat\u00bb text_orientation=\u00bbcenter\u00bb custom_margin=\u00bb||0px||false|false\u00bb animation_style=\u00bbslide\u00bb animation_direction=\u00bbtop\u00bb animation_intensity_slide=\u00bb17%\u00bb locked=\u00bboff\u00bb global_colors_info=\u00bb{}\u00bb]<strong>IDA<\/strong><br \/>\nSalida desde campus de Gij\u00f3n <strong>09.30h.<\/strong>[\/et_pb_text][et_pb_button button_url=\u00bbhttps:\/\/docs.google.com\/forms\/d\/e\/1FAIpQLSetUjDwW6Wcu6ySbnEA4iD-x1iNzgM0iPgoUM9TVS94mWGSKQ\/viewform\u00bb url_new_window=\u00bbon\u00bb button_text=\u00bbReservar\u00bb button_alignment=\u00bbcenter\u00bb _builder_version=\u00bb4.24.1&#8243; custom_button=\u00bbon\u00bb button_text_color=\u00bbgcid-9b3fdd7f-77b8-4cfd-bc05-605d46624de0&#8243; button_border_width=\u00bb4px\u00bb button_border_color=\u00bbgcid-9b3fdd7f-77b8-4cfd-bc05-605d46624de0&#8243; button_border_radius=\u00bb100px\u00bb button_letter_spacing=\u00bb2px\u00bb button_font=\u00bbMontserrat|on||on|\u00bb button_icon=\u00bb&#x45;||divi||400&#8243; custom_margin=\u00bb||20px||false|false\u00bb animation_style=\u00bbfade\u00bb button_text_color_hover=\u00bb#ffffff\u00bb button_border_color_hover=\u00bb#ffffff\u00bb button_letter_spacing_hover=\u00bb2px\u00bb button_bg_color_hover=\u00bbrgba(0,0,0,0)\u00bb locked=\u00bboff\u00bb global_colors_info=\u00bb{%22gcid-9b3fdd7f-77b8-4cfd-bc05-605d46624de0%22:%91%22button_border_color%22,%22button_border_color__hover%22,%22button_text_color%22,%22button_text_color__hover%22%93}\u00bb button_text_size__hover_enabled=\u00bboff\u00bb button_one_text_size__hover_enabled=\u00bboff\u00bb button_two_text_size__hover_enabled=\u00bboff\u00bb button_text_color__hover_enabled=\u00bbon|hover\u00bb button_text_color__hover=\u00bb#82006f\u00bb button_one_text_color__hover_enabled=\u00bboff\u00bb button_two_text_color__hover_enabled=\u00bboff\u00bb button_border_width__hover_enabled=\u00bboff\u00bb button_one_border_width__hover_enabled=\u00bboff\u00bb button_two_border_width__hover_enabled=\u00bboff\u00bb button_border_color__hover_enabled=\u00bbon\u00bb button_border_color__hover=\u00bb#82006f\u00bb button_one_border_color__hover_enabled=\u00bboff\u00bb button_two_border_color__hover_enabled=\u00bboff\u00bb button_border_radius__hover_enabled=\u00bboff\u00bb button_one_border_radius__hover_enabled=\u00bboff\u00bb button_two_border_radius__hover_enabled=\u00bboff\u00bb button_letter_spacing__hover_enabled=\u00bbon\u00bb button_letter_spacing__hover=\u00bb2px\u00bb button_one_letter_spacing__hover_enabled=\u00bboff\u00bb button_two_letter_spacing__hover_enabled=\u00bboff\u00bb button_bg_color__hover_enabled=\u00bbon\u00bb button_bg_color__hover=\u00bbrgba(0,0,0,0)\u00bb button_one_bg_color__hover_enabled=\u00bboff\u00bb button_two_bg_color__hover_enabled=\u00bboff\u00bb][\/et_pb_button][et_pb_text _builder_version=\u00bb4.24.1&#8243; text_font=\u00bbMontserrat|500||on|||||\u00bb text_text_color=\u00bb#353740&#8243; text_font_size=\u00bb16px\u00bb text_letter_spacing=\u00bb3px\u00bb background_size=\u00bbinitial\u00bb background_position=\u00bbtop_left\u00bb background_repeat=\u00bbrepeat\u00bb text_orientation=\u00bbcenter\u00bb custom_margin=\u00bb10px||10px||true|false\u00bb custom_padding=\u00bb10px||0px||false|false\u00bb animation_style=\u00bbslide\u00bb animation_direction=\u00bbbottom\u00bb border_width_top=\u00bb2px\u00bb locked=\u00bboff\u00bb global_colors_info=\u00bb{}\u00bb]<\/p>\n<p><strong>MIERES-OVIEDO-GIJ\u00d3N<\/strong><\/p>\n<p>[\/et_pb_text][et_pb_text _builder_version=\u00bb4.27.4&#8243; text_font=\u00bbMontserrat||||\u00bb text_text_color=\u00bb#353740&#8243; header_font=\u00bb||||||||\u00bb background_size=\u00bbinitial\u00bb background_position=\u00bbtop_left\u00bb background_repeat=\u00bbrepeat\u00bb text_orientation=\u00bbcenter\u00bb custom_margin=\u00bb||0px||false|false\u00bb animation_style=\u00bbslide\u00bb animation_direction=\u00bbtop\u00bb animation_intensity_slide=\u00bb17%\u00bb locked=\u00bboff\u00bb global_colors_info=\u00bb{}\u00bb]<strong>IDA y\/o VUELTA<\/strong><br \/>\nSalida desde campus de Barredo <strong><\/strong><strong>08.30h.<br \/>\n<\/strong>Regreso desde recinto ferial <strong>14.15h.<\/strong>[\/et_pb_text][et_pb_button button_url=\u00bbhttps:\/\/docs.google.com\/forms\/d\/e\/1FAIpQLSf0XaYEgAcRjb7mzg2iMdBTkwrjHVJbZEEevrYpS1UJOQBydQ\/viewform\u00bb url_new_window=\u00bbon\u00bb button_text=\u00bbReservar\u00bb button_alignment=\u00bbcenter\u00bb _builder_version=\u00bb4.24.1&#8243; custom_button=\u00bbon\u00bb button_text_color=\u00bbgcid-9b3fdd7f-77b8-4cfd-bc05-605d46624de0&#8243; button_border_width=\u00bb4px\u00bb button_border_color=\u00bbgcid-9b3fdd7f-77b8-4cfd-bc05-605d46624de0&#8243; button_border_radius=\u00bb100px\u00bb button_letter_spacing=\u00bb2px\u00bb button_font=\u00bbMontserrat|on||on|\u00bb button_icon=\u00bb&#x45;||divi||400&#8243; custom_margin=\u00bb||20px||false|false\u00bb animation_style=\u00bbfade\u00bb button_text_color_hover=\u00bb#ffffff\u00bb button_border_color_hover=\u00bb#ffffff\u00bb button_letter_spacing_hover=\u00bb2px\u00bb button_bg_color_hover=\u00bbrgba(0,0,0,0)\u00bb locked=\u00bboff\u00bb global_colors_info=\u00bb{%22gcid-9b3fdd7f-77b8-4cfd-bc05-605d46624de0%22:%91%22button_text_color%22,%22button_border_color%22,%22button_text_color__hover%22,%22button_border_color__hover%22%93}\u00bb button_text_size__hover_enabled=\u00bboff\u00bb button_one_text_size__hover_enabled=\u00bboff\u00bb button_two_text_size__hover_enabled=\u00bboff\u00bb button_text_color__hover_enabled=\u00bbon|hover\u00bb button_text_color__hover=\u00bb#82006f\u00bb button_one_text_color__hover_enabled=\u00bboff\u00bb button_two_text_color__hover_enabled=\u00bboff\u00bb button_border_width__hover_enabled=\u00bboff\u00bb button_one_border_width__hover_enabled=\u00bboff\u00bb button_two_border_width__hover_enabled=\u00bboff\u00bb button_border_color__hover_enabled=\u00bbon\u00bb button_border_color__hover=\u00bb#82006f\u00bb button_one_border_color__hover_enabled=\u00bboff\u00bb button_two_border_color__hover_enabled=\u00bboff\u00bb button_border_radius__hover_enabled=\u00bboff\u00bb button_one_border_radius__hover_enabled=\u00bboff\u00bb button_two_border_radius__hover_enabled=\u00bboff\u00bb button_letter_spacing__hover_enabled=\u00bbon\u00bb button_letter_spacing__hover=\u00bb2px\u00bb button_one_letter_spacing__hover_enabled=\u00bboff\u00bb button_two_letter_spacing__hover_enabled=\u00bboff\u00bb button_bg_color__hover_enabled=\u00bbon\u00bb button_bg_color__hover=\u00bbrgba(0,0,0,0)\u00bb button_one_bg_color__hover_enabled=\u00bboff\u00bb button_two_bg_color__hover_enabled=\u00bboff\u00bb][\/et_pb_button][et_pb_text _builder_version=\u00bb4.24.1&#8243; text_font=\u00bbMontserrat|500||on|||||\u00bb text_text_color=\u00bb#353740&#8243; text_font_size=\u00bb16px\u00bb text_letter_spacing=\u00bb3px\u00bb background_size=\u00bbinitial\u00bb background_position=\u00bbtop_left\u00bb background_repeat=\u00bbrepeat\u00bb text_orientation=\u00bbcenter\u00bb custom_margin=\u00bb10px||10px||true|false\u00bb custom_padding=\u00bb10px||0px||false|false\u00bb animation_style=\u00bbslide\u00bb animation_direction=\u00bbbottom\u00bb border_width_top=\u00bb2px\u00bb locked=\u00bboff\u00bb global_colors_info=\u00bb{}\u00bb]<\/p>\n<p><strong>CAMPUS VIESQUES-RECINTO FERIAL<\/strong><\/p>\n<p>[\/et_pb_text][et_pb_text _builder_version=\u00bb4.27.4&#8243; text_font=\u00bbMontserrat||||\u00bb text_text_color=\u00bb#353740&#8243; header_font=\u00bb||||||||\u00bb background_size=\u00bbinitial\u00bb background_position=\u00bbtop_left\u00bb background_repeat=\u00bbrepeat\u00bb text_orientation=\u00bbcenter\u00bb custom_margin=\u00bb||0px||false|false\u00bb animation_style=\u00bbslide\u00bb animation_direction=\u00bbtop\u00bb animation_intensity_slide=\u00bb17%\u00bb locked=\u00bboff\u00bb global_colors_info=\u00bb{}\u00bb]<\/p>\n<p><strong>IDA<\/strong><br \/>Salida desde campus de Gij\u00f3n <strong>15.30h.<\/strong><\/p>\n<p>[\/et_pb_text][et_pb_button button_url=\u00bbhttps:\/\/docs.google.com\/forms\/d\/e\/1FAIpQLSetoCSOz5ZlzsxWYe9kOAAgkCB6UT_AXHLteuuOUeO-Qe1pFg\/viewform\u00bb url_new_window=\u00bbon\u00bb button_text=\u00bbReservar\u00bb button_alignment=\u00bbcenter\u00bb _builder_version=\u00bb4.24.1&#8243; custom_button=\u00bbon\u00bb button_text_color=\u00bbgcid-9b3fdd7f-77b8-4cfd-bc05-605d46624de0&#8243; button_border_width=\u00bb4px\u00bb button_border_color=\u00bbgcid-9b3fdd7f-77b8-4cfd-bc05-605d46624de0&#8243; button_border_radius=\u00bb100px\u00bb button_letter_spacing=\u00bb2px\u00bb button_font=\u00bbMontserrat|on||on|\u00bb button_icon=\u00bb&#x45;||divi||400&#8243; custom_margin=\u00bb||20px||false|false\u00bb animation_style=\u00bbfade\u00bb button_text_color_hover=\u00bb#ffffff\u00bb button_border_color_hover=\u00bb#ffffff\u00bb button_letter_spacing_hover=\u00bb2px\u00bb button_bg_color_hover=\u00bbrgba(0,0,0,0)\u00bb locked=\u00bboff\u00bb global_colors_info=\u00bb{%22gcid-9b3fdd7f-77b8-4cfd-bc05-605d46624de0%22:%91%22button_text_color%22,%22button_border_color%22,%22button_text_color__hover%22,%22button_border_color__hover%22%93}\u00bb button_text_size__hover_enabled=\u00bboff\u00bb button_one_text_size__hover_enabled=\u00bboff\u00bb button_two_text_size__hover_enabled=\u00bboff\u00bb button_text_color__hover_enabled=\u00bbon|hover\u00bb button_text_color__hover=\u00bb#82006f\u00bb button_one_text_color__hover_enabled=\u00bboff\u00bb button_two_text_color__hover_enabled=\u00bboff\u00bb button_border_width__hover_enabled=\u00bboff\u00bb button_one_border_width__hover_enabled=\u00bboff\u00bb button_two_border_width__hover_enabled=\u00bboff\u00bb button_border_color__hover_enabled=\u00bbon\u00bb button_border_color__hover=\u00bb#82006f\u00bb button_one_border_color__hover_enabled=\u00bboff\u00bb button_two_border_color__hover_enabled=\u00bboff\u00bb button_border_radius__hover_enabled=\u00bboff\u00bb button_one_border_radius__hover_enabled=\u00bboff\u00bb button_two_border_radius__hover_enabled=\u00bboff\u00bb button_letter_spacing__hover_enabled=\u00bbon\u00bb button_letter_spacing__hover=\u00bb2px\u00bb button_one_letter_spacing__hover_enabled=\u00bboff\u00bb button_two_letter_spacing__hover_enabled=\u00bboff\u00bb button_bg_color__hover_enabled=\u00bbon\u00bb button_bg_color__hover=\u00bbrgba(0,0,0,0)\u00bb button_one_bg_color__hover_enabled=\u00bboff\u00bb button_two_bg_color__hover_enabled=\u00bboff\u00bb][\/et_pb_button][et_pb_text _builder_version=\u00bb4.24.1&#8243; text_font=\u00bbMontserrat|500||on|||||\u00bb text_text_color=\u00bb#353740&#8243; text_font_size=\u00bb16px\u00bb text_letter_spacing=\u00bb3px\u00bb background_size=\u00bbinitial\u00bb background_position=\u00bbtop_left\u00bb background_repeat=\u00bbrepeat\u00bb text_orientation=\u00bbcenter\u00bb custom_margin=\u00bb10px||10px||true|false\u00bb custom_padding=\u00bb10px||0px||false|false\u00bb animation_style=\u00bbslide\u00bb animation_direction=\u00bbbottom\u00bb border_width_top=\u00bb2px\u00bb locked=\u00bboff\u00bb global_colors_info=\u00bb{}\u00bb]<\/p>\n<p><strong>MIERES-OVIEDO-GIJ\u00d3N<\/strong><\/p>\n<p>[\/et_pb_text][et_pb_text _builder_version=\u00bb4.27.4&#8243; text_font=\u00bbMontserrat||||\u00bb text_text_color=\u00bb#353740&#8243; header_font=\u00bb||||||||\u00bb background_size=\u00bbinitial\u00bb background_position=\u00bbtop_left\u00bb background_repeat=\u00bbrepeat\u00bb text_orientation=\u00bbcenter\u00bb custom_margin=\u00bb||0px||false|false\u00bb animation_style=\u00bbslide\u00bb animation_direction=\u00bbtop\u00bb animation_intensity_slide=\u00bb17%\u00bb locked=\u00bboff\u00bb global_colors_info=\u00bb{}\u00bb]<strong>IDA y\/o VUELTA<\/strong><br \/>\nSalida desde campus de Barredo <strong>14.30h.<br \/>\n<\/strong>Regreso desde recinto ferial <strong>19.15h.<\/strong>[\/et_pb_text][et_pb_button button_url=\u00bbhttps:\/\/docs.google.com\/forms\/d\/e\/1FAIpQLSeq_qDnLv6iBpf9hQxJ-C6n5ggj7eumNkCXAaaDIKChOSbPpA\/viewform\u00bb url_new_window=\u00bbon\u00bb button_text=\u00bbReservar\u00bb button_alignment=\u00bbcenter\u00bb _builder_version=\u00bb4.24.1&#8243; custom_button=\u00bbon\u00bb button_text_color=\u00bbgcid-9b3fdd7f-77b8-4cfd-bc05-605d46624de0&#8243; button_border_width=\u00bb4px\u00bb button_border_color=\u00bbgcid-9b3fdd7f-77b8-4cfd-bc05-605d46624de0&#8243; button_border_radius=\u00bb100px\u00bb button_letter_spacing=\u00bb2px\u00bb button_font=\u00bbMontserrat|on||on|\u00bb button_icon=\u00bb&#x45;||divi||400&#8243; custom_margin=\u00bb||20px||false|false\u00bb animation_style=\u00bbfade\u00bb button_text_color_hover=\u00bb#ffffff\u00bb button_border_color_hover=\u00bb#ffffff\u00bb button_letter_spacing_hover=\u00bb2px\u00bb button_bg_color_hover=\u00bbrgba(0,0,0,0)\u00bb locked=\u00bboff\u00bb global_colors_info=\u00bb{%22gcid-9b3fdd7f-77b8-4cfd-bc05-605d46624de0%22:%91%22button_text_color%22,%22button_border_color%22,%22button_text_color__hover%22,%22button_border_color__hover%22%93}\u00bb button_text_size__hover_enabled=\u00bboff\u00bb button_one_text_size__hover_enabled=\u00bboff\u00bb button_two_text_size__hover_enabled=\u00bboff\u00bb button_text_color__hover_enabled=\u00bbon|hover\u00bb button_text_color__hover=\u00bb#82006f\u00bb button_one_text_color__hover_enabled=\u00bboff\u00bb button_two_text_color__hover_enabled=\u00bboff\u00bb button_border_width__hover_enabled=\u00bboff\u00bb button_one_border_width__hover_enabled=\u00bboff\u00bb button_two_border_width__hover_enabled=\u00bboff\u00bb button_border_color__hover_enabled=\u00bbon\u00bb button_border_color__hover=\u00bb#82006f\u00bb button_one_border_color__hover_enabled=\u00bboff\u00bb button_two_border_color__hover_enabled=\u00bboff\u00bb button_border_radius__hover_enabled=\u00bboff\u00bb button_one_border_radius__hover_enabled=\u00bboff\u00bb button_two_border_radius__hover_enabled=\u00bboff\u00bb button_letter_spacing__hover_enabled=\u00bbon\u00bb button_letter_spacing__hover=\u00bb2px\u00bb button_one_letter_spacing__hover_enabled=\u00bboff\u00bb button_two_letter_spacing__hover_enabled=\u00bboff\u00bb button_bg_color__hover_enabled=\u00bbon\u00bb button_bg_color__hover=\u00bbrgba(0,0,0,0)\u00bb button_one_bg_color__hover_enabled=\u00bboff\u00bb button_two_bg_color__hover_enabled=\u00bboff\u00bb][\/et_pb_button][\/et_pb_column][\/et_pb_row][\/et_pb_section][et_pb_section fb_built=\u00bb1&#8243; custom_padding_last_edited=\u00bbon|tablet\u00bb admin_label=\u00bbFooter\u00bb module_id=\u00bbContacto\u00bb _builder_version=\u00bb4.27.4&#8243; background_color=\u00bb#FFFFFF\u00bb background_color_gradient_direction=\u00bb130deg\u00bb background_image=\u00bbhttps:\/\/www.unioviedo.es\/foro_empleo\/wp-content\/uploads\/2025\/10\/recurso3.png\u00bb background_size=\u00bbinitial\u00bb background_position=\u00bbbottom_right\u00bb custom_margin=\u00bb0px||0px||true|false\u00bb custom_padding=\u00bb0px||0px||true|false\u00bb custom_padding_tablet=\u00bb100px||100px||true\u00bb custom_padding_phone=\u00bb||||true\u00bb top_divider_height=\u00bb250px\u00bb top_divider_flip=\u00bbvertical|horizontal\u00bb top_divider_height_tablet=\u00bb150px\u00bb top_divider_height_phone=\u00bb110px\u00bb top_divider_height_last_edited=\u00bbon|phone\u00bb da_popup_slug=\u00bbContacto\u00bb da_disable_devices=\u00bboff|off|off\u00bb global_module=\u00bb391&#8243; saved_tabs=\u00bball\u00bb global_colors_info=\u00bb{}\u00bb da_is_popup=\u00bboff\u00bb da_exit_intent=\u00bboff\u00bb da_has_close=\u00bbon\u00bb da_alt_close=\u00bboff\u00bb da_dark_close=\u00bboff\u00bb da_not_modal=\u00bbon\u00bb da_is_singular=\u00bboff\u00bb da_with_loader=\u00bboff\u00bb da_has_shadow=\u00bbon\u00bb][et_pb_row column_structure=\u00bb1_3,1_3,1_3&#8243; _builder_version=\u00bb4.24.1&#8243; custom_margin=\u00bb|||\u00bb custom_padding=\u00bb||5%||false|false\u00bb use_custom_width=\u00bbon\u00bb custom_width_px=\u00bb1440px\u00bb global_colors_info=\u00bb{}\u00bb][et_pb_column type=\u00bb1_3&#8243; _builder_version=\u00bb4.24.1&#8243; background_enable_color=\u00bboff\u00bb custom_padding=\u00bb5%||5%||true|false\u00bb border_radii=\u00bbon|10px|10px|10px|10px\u00bb border_color_all=\u00bb#f2f2fa\u00bb global_colors_info=\u00bb{}\u00bb custom_padding__hover=\u00bb|||\u00bb][et_pb_image src=\u00bbhttps:\/\/www.unioviedo.es\/foro_empleo\/wp-content\/uploads\/2025\/10\/ForoEmpleo_Logo_2026_ALTACOLOR.png\u00bb alt=\u00bblogo 23 foro\u00bb title_text=\u00bbForoEmpleo_Logo_2026_ALTACOLOR\u00bb _builder_version=\u00bb4.27.4&#8243; _module_preset=\u00bbdefault\u00bb global_colors_info=\u00bb{}\u00bb][\/et_pb_image][\/et_pb_column][et_pb_column type=\u00bb1_3&#8243; _builder_version=\u00bb4.24.1&#8243; background_enable_color=\u00bboff\u00bb custom_padding=\u00bb5%||5%||true|false\u00bb border_radii=\u00bbon|10px|10px|10px|10px\u00bb border_color_all=\u00bb#f2f2fa\u00bb global_colors_info=\u00bb{}\u00bb custom_padding__hover=\u00bb|||\u00bb][et_pb_text _builder_version=\u00bb4.24.1&#8243; text_font=\u00bb||||||||\u00bb text_font_size=\u00bb16px\u00bb text_line_height=\u00bb2em\u00bb ul_font=\u00bb||||||||\u00bb header_font=\u00bb||||||||\u00bb header_text_color=\u00bb#07867f\u00bb header_2_font=\u00bbRoboto|700|||||||\u00bb header_2_text_color=\u00bb#07867f\u00bb header_2_font_size=\u00bb45px\u00bb header_2_line_height=\u00bb1.2em\u00bb header_3_font=\u00bbMontserrat|900|||||||\u00bb header_3_text_color=\u00bb#07867f\u00bb header_3_font_size=\u00bb55px\u00bb background_layout=\u00bbdark\u00bb max_width=\u00bb800px\u00bb max_width_last_edited=\u00bboff|desktop\u00bb module_alignment=\u00bbcenter\u00bb custom_margin=\u00bb-2px||19px|||\u00bb custom_padding=\u00bb|||\u00bb header_2_font_size_tablet=\u00bb35px\u00bb header_2_font_size_phone=\u00bb28px\u00bb header_2_font_size_last_edited=\u00bbon|desktop\u00bb header_3_font_size_tablet=\u00bb55px\u00bb header_3_font_size_phone=\u00bb\u00bb header_3_font_size_last_edited=\u00bbon|desktop\u00bb global_colors_info=\u00bb{}\u00bb]<\/p>\n<h3>Contacto<\/h3>\n<p>[\/et_pb_text][et_pb_text _builder_version=\u00bb4.24.1&#8243; text_font=\u00bb||||||||\u00bb text_font_size=\u00bb16px\u00bb text_line_height=\u00bb2em\u00bb ul_font=\u00bb||||||||\u00bb header_font=\u00bb||||||||\u00bb header_2_font=\u00bbMontserrat|700|||||||\u00bb header_2_text_color=\u00bb#000000&#8243; header_2_font_size=\u00bb30px\u00bb header_2_line_height=\u00bb1.2em\u00bb header_3_font=\u00bbRoboto|700|||||||\u00bb header_3_font_size=\u00bb70px\u00bb background_layout=\u00bbdark\u00bb max_width=\u00bb800px\u00bb max_width_last_edited=\u00bboff|desktop\u00bb module_alignment=\u00bbcenter\u00bb custom_margin=\u00bb||16px|||\u00bb custom_padding=\u00bb|||\u00bb header_2_font_size_tablet=\u00bb35px\u00bb header_2_font_size_phone=\u00bb28px\u00bb header_2_font_size_last_edited=\u00bbon|desktop\u00bb header_3_font_size_tablet=\u00bb55px\u00bb header_3_font_size_phone=\u00bb\u00bb header_3_font_size_last_edited=\u00bbon|desktop\u00bb global_colors_info=\u00bb{}\u00bb]<\/p>\n<h2>Fundaci\u00f3n Universidad de Oviedo, M.P.<\/h2>\n<p>[\/et_pb_text][et_pb_text _builder_version=\u00bb4.27.4&#8243; text_font=\u00bbMontserrat||||||||\u00bb text_text_color=\u00bb#000000&#8243; text_font_size=\u00bb18px\u00bb ul_font=\u00bb||||||||\u00bb header_font=\u00bbRoboto|700|||||||\u00bb header_text_align=\u00bbcenter\u00bb header_font_size=\u00bb80px\u00bb header_line_height=\u00bb1.2em\u00bb header_3_font=\u00bbMontserrat|700|||||||\u00bb header_3_text_align=\u00bbleft\u00bb header_3_text_color=\u00bb#1BA395&#8243; header_3_font_size=\u00bb24px\u00bb header_3_line_height=\u00bb1.7em\u00bb background_layout=\u00bbdark\u00bb max_width=\u00bb800px\u00bb module_alignment=\u00bbcenter\u00bb custom_margin=\u00bb||25px|||\u00bb text_font_size_last_edited=\u00bboff|desktop\u00bb header_font_size_tablet=\u00bb40px\u00bb header_font_size_phone=\u00bb32px\u00bb header_font_size_last_edited=\u00bbon|phone\u00bb header_3_font_size_tablet=\u00bb16px\u00bb header_3_font_size_phone=\u00bb14px\u00bb header_3_font_size_last_edited=\u00bbon|phone\u00bb header_3_letter_spacing_tablet=\u00bb5px\u00bb header_3_letter_spacing_phone=\u00bb\u00bb header_3_letter_spacing_last_edited=\u00bbon|tablet\u00bb global_colors_info=\u00bb{}\u00bb]<\/p>\n<p>C\/ Principado, 3, 4\u00aa planta 33007 Oviedo<\/p>\n<h3><strong>985 104 927<\/strong><\/h3>\n<p>[\/et_pb_text][\/et_pb_column][et_pb_column type=\u00bb1_3&#8243; _builder_version=\u00bb4.24.1&#8243; background_enable_color=\u00bboff\u00bb background_enable_image=\u00bboff\u00bb background_size=\u00bbcontain\u00bb background_position=\u00bbbottom_center\u00bb custom_padding=\u00bb5%||5%||true|false\u00bb border_radii=\u00bbon|10px|10px|10px|10px\u00bb border_color_all=\u00bb#f2f2fa\u00bb global_colors_info=\u00bb{}\u00bb custom_padding__hover=\u00bb|||\u00bb][et_pb_button button_url=\u00bbmailto:fuo@uniovi.es\u00bb url_new_window=\u00bbon\u00bb button_text=\u00bbfuo@uniovi.es\u00bb button_alignment=\u00bbleft\u00bb _builder_version=\u00bb4.27.4&#8243; custom_button=\u00bbon\u00bb button_text_size=\u00bb16px\u00bb button_bg_color=\u00bb#1BA395&#8243; button_border_width=\u00bb0px\u00bb button_border_color=\u00bbrgba(0,0,0,0)\u00bb button_border_radius=\u00bb100px\u00bb button_letter_spacing=\u00bb2px\u00bb button_font=\u00bbMontserrat|700|||||||\u00bb button_use_icon=\u00bboff\u00bb background_layout=\u00bbdark\u00bb custom_margin=\u00bb||20px||false|false\u00bb custom_padding=\u00bb18px|34px|18px|34px|true|true\u00bb button_text_size_tablet=\u00bb\u00bb button_text_size_phone=\u00bb14px\u00bb button_text_size_last_edited=\u00bbon|phone\u00bb button_letter_spacing_hover=\u00bb5.5px\u00bb global_colors_info=\u00bb{}\u00bb button_text_size__hover_enabled=\u00bboff\u00bb button_one_text_size__hover_enabled=\u00bboff\u00bb button_two_text_size__hover_enabled=\u00bboff\u00bb button_text_color__hover_enabled=\u00bboff\u00bb button_one_text_color__hover_enabled=\u00bboff\u00bb button_two_text_color__hover_enabled=\u00bboff\u00bb button_border_width__hover_enabled=\u00bboff\u00bb button_one_border_width__hover_enabled=\u00bboff\u00bb button_two_border_width__hover_enabled=\u00bboff\u00bb button_border_color__hover_enabled=\u00bboff\u00bb button_one_border_color__hover_enabled=\u00bboff\u00bb button_two_border_color__hover_enabled=\u00bboff\u00bb button_border_radius__hover_enabled=\u00bboff\u00bb button_one_border_radius__hover_enabled=\u00bboff\u00bb button_two_border_radius__hover_enabled=\u00bboff\u00bb button_letter_spacing__hover_enabled=\u00bbon\u00bb button_letter_spacing__hover=\u00bb5.5px\u00bb button_one_letter_spacing__hover_enabled=\u00bboff\u00bb button_two_letter_spacing__hover_enabled=\u00bboff\u00bb button_bg_color__hover_enabled=\u00bbon|desktop\u00bb button_one_bg_color__hover_enabled=\u00bboff\u00bb button_two_bg_color__hover_enabled=\u00bboff\u00bb button_bg_color__hover=\u00bb#1BA395&#8243;][\/et_pb_button][et_pb_button button_url=\u00bbhttps:\/\/www.funiovi.es\u00bb button_text=\u00bbwww.funiovi.es\u00bb button_alignment=\u00bbleft\u00bb _builder_version=\u00bb4.27.4&#8243; custom_button=\u00bbon\u00bb button_text_size=\u00bb16px\u00bb button_text_color=\u00bb#FFFFFF\u00bb button_bg_color=\u00bb#1BA395&#8243; button_border_width=\u00bb0px\u00bb button_border_color=\u00bbrgba(0,0,0,0)\u00bb button_border_radius=\u00bb100px\u00bb button_letter_spacing=\u00bb2px\u00bb button_font=\u00bbMontserrat|700|||||||\u00bb button_use_icon=\u00bboff\u00bb background_layout=\u00bbdark\u00bb custom_margin=\u00bb||19px|||\u00bb custom_padding=\u00bb18px|34px|18px|34px|true|true\u00bb button_text_size_tablet=\u00bb\u00bb button_text_size_phone=\u00bb14px\u00bb button_text_size_last_edited=\u00bbon|phone\u00bb button_letter_spacing_hover=\u00bb5.5px\u00bb global_colors_info=\u00bb{}\u00bb button_text_size__hover_enabled=\u00bboff\u00bb button_one_text_size__hover_enabled=\u00bboff\u00bb button_two_text_size__hover_enabled=\u00bboff\u00bb button_text_color__hover_enabled=\u00bboff\u00bb button_one_text_color__hover_enabled=\u00bboff\u00bb button_two_text_color__hover_enabled=\u00bboff\u00bb button_border_width__hover_enabled=\u00bboff\u00bb button_one_border_width__hover_enabled=\u00bboff\u00bb button_two_border_width__hover_enabled=\u00bboff\u00bb button_border_color__hover_enabled=\u00bboff\u00bb button_one_border_color__hover_enabled=\u00bboff\u00bb button_two_border_color__hover_enabled=\u00bboff\u00bb button_border_radius__hover_enabled=\u00bboff\u00bb button_one_border_radius__hover_enabled=\u00bboff\u00bb button_two_border_radius__hover_enabled=\u00bboff\u00bb button_letter_spacing__hover_enabled=\u00bbon\u00bb button_letter_spacing__hover=\u00bb5.5px\u00bb button_one_letter_spacing__hover_enabled=\u00bboff\u00bb button_two_letter_spacing__hover_enabled=\u00bboff\u00bb button_bg_color__hover_enabled=\u00bboff\u00bb button_one_bg_color__hover_enabled=\u00bboff\u00bb button_two_bg_color__hover_enabled=\u00bboff\u00bb][\/et_pb_button][\/et_pb_column][\/et_pb_row][\/et_pb_section]<\/p>\n","protected":false},"excerpt":{"rendered":"<p>ProgramaHorario del evento10.00 a 14.00h. y de 16.00 a 19.00h. D\u00eda 12 de marzo 10.30 &#8211; 11.30h. Conferencia inaugural \u201cMarca personal en LinkedIn y trabajos del futuro\u201d Ponente: Berta Mateos. Experta en LinkedIn y Marca PersonalPresenta: Isabel Taboada. Subdirectora Capital Humano. Fundaci\u00f3n Universidad de Oviedo 12.00 &#8211; 13.00h. Acto oficial de inauguraci\u00f3n del 22 Foro [&hellip;]<\/p>\n","protected":false},"author":1,"featured_media":1843,"parent":0,"menu_order":0,"comment_status":"closed","ping_status":"closed","template":"","meta":{"_et_pb_use_builder":"on","_et_pb_old_content":"","_et_gb_content_width":"","footnotes":""},"class_list":["post-2547","page","type-page","status-publish","has-post-thumbnail","hentry"],"yoast_head":"<!-- This site is optimized with the Yoast SEO plugin v24.5 - https:\/\/yoast.com\/wordpress\/plugins\/seo\/ -->\n<title>Programa 22 Foro de Empleo - Foro de Empleo<\/title>\n<meta name=\"description\" content=\"El 22 Foro de empleo Universidad de Oviedo ofrece un espacio de encuentro e intercambio de experiencias y conocimientos. Por un futuro mejor!\" \/>\n<meta name=\"robots\" content=\"index, follow, max-snippet:-1, max-image-preview:large, max-video-preview:-1\" \/>\n<link rel=\"canonical\" href=\"https:\/\/www.unioviedo.es\/foro_empleo\/index.php\/programa-22-foro-de-empleo\/\" \/>\n<meta property=\"og:locale\" content=\"es_ES\" \/>\n<meta property=\"og:type\" content=\"article\" \/>\n<meta property=\"og:title\" content=\"Programa 22 Foro de Empleo - Foro de Empleo\" \/>\n<meta property=\"og:description\" content=\"El 22 Foro de empleo Universidad de Oviedo ofrece un espacio de encuentro e intercambio de experiencias y conocimientos. Por un futuro mejor!\" \/>\n<meta property=\"og:url\" content=\"https:\/\/www.unioviedo.es\/foro_empleo\/index.php\/programa-22-foro-de-empleo\/\" \/>\n<meta property=\"og:site_name\" content=\"Foro de Empleo\" \/>\n<meta property=\"article:modified_time\" content=\"2025-11-24T12:56:56+00:00\" \/>\n<meta property=\"og:image\" content=\"https:\/\/www.unioviedo.es\/foro_empleo\/wp-content\/uploads\/2024\/12\/ForoEmpleo_BannerwebFUO_964x306.jpg\" \/>\n\t<meta property=\"og:image:width\" content=\"964\" \/>\n\t<meta property=\"og:image:height\" content=\"306\" \/>\n\t<meta property=\"og:image:type\" content=\"image\/jpeg\" \/>\n<meta name=\"twitter:card\" content=\"summary_large_image\" \/>\n<meta name=\"twitter:label1\" content=\"Tiempo de lectura\" \/>\n\t<meta name=\"twitter:data1\" content=\"9 minutos\" \/>\n<script type=\"application\/ld+json\" class=\"yoast-schema-graph\">{\"@context\":\"https:\/\/schema.org\",\"@graph\":[{\"@type\":\"WebPage\",\"@id\":\"https:\/\/www.unioviedo.es\/foro_empleo\/index.php\/programa-22-foro-de-empleo\/\",\"url\":\"https:\/\/www.unioviedo.es\/foro_empleo\/index.php\/programa-22-foro-de-empleo\/\",\"name\":\"Programa 22 Foro de Empleo - Foro de Empleo\",\"isPartOf\":{\"@id\":\"https:\/\/www.unioviedo.es\/foro_empleo\/#website\"},\"primaryImageOfPage\":{\"@id\":\"https:\/\/www.unioviedo.es\/foro_empleo\/index.php\/programa-22-foro-de-empleo\/#primaryimage\"},\"image\":{\"@id\":\"https:\/\/www.unioviedo.es\/foro_empleo\/index.php\/programa-22-foro-de-empleo\/#primaryimage\"},\"thumbnailUrl\":\"https:\/\/www.unioviedo.es\/foro_empleo\/wp-content\/uploads\/2024\/12\/ForoEmpleo_BannerwebFUO_964x306.jpg\",\"datePublished\":\"2025-11-24T12:44:33+00:00\",\"dateModified\":\"2025-11-24T12:56:56+00:00\",\"description\":\"El 22 Foro de empleo Universidad de Oviedo ofrece un espacio de encuentro e intercambio de experiencias y conocimientos. Por un futuro mejor!\",\"breadcrumb\":{\"@id\":\"https:\/\/www.unioviedo.es\/foro_empleo\/index.php\/programa-22-foro-de-empleo\/#breadcrumb\"},\"inLanguage\":\"es\",\"potentialAction\":[{\"@type\":\"ReadAction\",\"target\":[\"https:\/\/www.unioviedo.es\/foro_empleo\/index.php\/programa-22-foro-de-empleo\/\"]}]},{\"@type\":\"ImageObject\",\"inLanguage\":\"es\",\"@id\":\"https:\/\/www.unioviedo.es\/foro_empleo\/index.php\/programa-22-foro-de-empleo\/#primaryimage\",\"url\":\"https:\/\/www.unioviedo.es\/foro_empleo\/wp-content\/uploads\/2024\/12\/ForoEmpleo_BannerwebFUO_964x306.jpg\",\"contentUrl\":\"https:\/\/www.unioviedo.es\/foro_empleo\/wp-content\/uploads\/2024\/12\/ForoEmpleo_BannerwebFUO_964x306.jpg\",\"width\":964,\"height\":306,\"caption\":\"22 Foro de Empleo de la Universidad de Oviedo\"},{\"@type\":\"BreadcrumbList\",\"@id\":\"https:\/\/www.unioviedo.es\/foro_empleo\/index.php\/programa-22-foro-de-empleo\/#breadcrumb\",\"itemListElement\":[{\"@type\":\"ListItem\",\"position\":1,\"name\":\"Portada\",\"item\":\"https:\/\/www.unioviedo.es\/foro_empleo\/\"},{\"@type\":\"ListItem\",\"position\":2,\"name\":\"Programa 22 Foro de Empleo\"}]},{\"@type\":\"WebSite\",\"@id\":\"https:\/\/www.unioviedo.es\/foro_empleo\/#website\",\"url\":\"https:\/\/www.unioviedo.es\/foro_empleo\/\",\"name\":\"Foro de Empleo\",\"description\":\"Foro de Empleo de la Universidad de Oviedo. Hacia un empleo verde, digital e inclusivo\",\"publisher\":{\"@id\":\"https:\/\/www.unioviedo.es\/foro_empleo\/#organization\"},\"potentialAction\":[{\"@type\":\"SearchAction\",\"target\":{\"@type\":\"EntryPoint\",\"urlTemplate\":\"https:\/\/www.unioviedo.es\/foro_empleo\/?s={search_term_string}\"},\"query-input\":{\"@type\":\"PropertyValueSpecification\",\"valueRequired\":true,\"valueName\":\"search_term_string\"}}],\"inLanguage\":\"es\"},{\"@type\":\"Organization\",\"@id\":\"https:\/\/www.unioviedo.es\/foro_empleo\/#organization\",\"name\":\"Foro de Empleo\",\"url\":\"https:\/\/www.unioviedo.es\/foro_empleo\/\",\"logo\":{\"@type\":\"ImageObject\",\"inLanguage\":\"es\",\"@id\":\"https:\/\/www.unioviedo.es\/foro_empleo\/#\/schema\/logo\/image\/\",\"url\":\"https:\/\/www.unioviedo.es\/foro_empleo\/wp-content\/uploads\/2022\/08\/20-logo-foro-1.png\",\"contentUrl\":\"https:\/\/www.unioviedo.es\/foro_empleo\/wp-content\/uploads\/2022\/08\/20-logo-foro-1.png\",\"width\":807,\"height\":588,\"caption\":\"Foro de Empleo\"},\"image\":{\"@id\":\"https:\/\/www.unioviedo.es\/foro_empleo\/#\/schema\/logo\/image\/\"}}]}<\/script>\n<!-- \/ Yoast SEO plugin. -->","yoast_head_json":{"title":"Programa 22 Foro de Empleo - Foro de Empleo","description":"El 22 Foro de empleo Universidad de Oviedo ofrece un espacio de encuentro e intercambio de experiencias y conocimientos. Por un futuro mejor!","robots":{"index":"index","follow":"follow","max-snippet":"max-snippet:-1","max-image-preview":"max-image-preview:large","max-video-preview":"max-video-preview:-1"},"canonical":"https:\/\/www.unioviedo.es\/foro_empleo\/index.php\/programa-22-foro-de-empleo\/","og_locale":"es_ES","og_type":"article","og_title":"Programa 22 Foro de Empleo - Foro de Empleo","og_description":"El 22 Foro de empleo Universidad de Oviedo ofrece un espacio de encuentro e intercambio de experiencias y conocimientos. Por un futuro mejor!","og_url":"https:\/\/www.unioviedo.es\/foro_empleo\/index.php\/programa-22-foro-de-empleo\/","og_site_name":"Foro de Empleo","article_modified_time":"2025-11-24T12:56:56+00:00","og_image":[{"width":964,"height":306,"url":"https:\/\/www.unioviedo.es\/foro_empleo\/wp-content\/uploads\/2024\/12\/ForoEmpleo_BannerwebFUO_964x306.jpg","type":"image\/jpeg"}],"twitter_card":"summary_large_image","twitter_misc":{"Tiempo de lectura":"9 minutos"},"schema":{"@context":"https:\/\/schema.org","@graph":[{"@type":"WebPage","@id":"https:\/\/www.unioviedo.es\/foro_empleo\/index.php\/programa-22-foro-de-empleo\/","url":"https:\/\/www.unioviedo.es\/foro_empleo\/index.php\/programa-22-foro-de-empleo\/","name":"Programa 22 Foro de Empleo - Foro de Empleo","isPartOf":{"@id":"https:\/\/www.unioviedo.es\/foro_empleo\/#website"},"primaryImageOfPage":{"@id":"https:\/\/www.unioviedo.es\/foro_empleo\/index.php\/programa-22-foro-de-empleo\/#primaryimage"},"image":{"@id":"https:\/\/www.unioviedo.es\/foro_empleo\/index.php\/programa-22-foro-de-empleo\/#primaryimage"},"thumbnailUrl":"https:\/\/www.unioviedo.es\/foro_empleo\/wp-content\/uploads\/2024\/12\/ForoEmpleo_BannerwebFUO_964x306.jpg","datePublished":"2025-11-24T12:44:33+00:00","dateModified":"2025-11-24T12:56:56+00:00","description":"El 22 Foro de empleo Universidad de Oviedo ofrece un espacio de encuentro e intercambio de experiencias y conocimientos. Por un futuro mejor!","breadcrumb":{"@id":"https:\/\/www.unioviedo.es\/foro_empleo\/index.php\/programa-22-foro-de-empleo\/#breadcrumb"},"inLanguage":"es","potentialAction":[{"@type":"ReadAction","target":["https:\/\/www.unioviedo.es\/foro_empleo\/index.php\/programa-22-foro-de-empleo\/"]}]},{"@type":"ImageObject","inLanguage":"es","@id":"https:\/\/www.unioviedo.es\/foro_empleo\/index.php\/programa-22-foro-de-empleo\/#primaryimage","url":"https:\/\/www.unioviedo.es\/foro_empleo\/wp-content\/uploads\/2024\/12\/ForoEmpleo_BannerwebFUO_964x306.jpg","contentUrl":"https:\/\/www.unioviedo.es\/foro_empleo\/wp-content\/uploads\/2024\/12\/ForoEmpleo_BannerwebFUO_964x306.jpg","width":964,"height":306,"caption":"22 Foro de Empleo de la Universidad de Oviedo"},{"@type":"BreadcrumbList","@id":"https:\/\/www.unioviedo.es\/foro_empleo\/index.php\/programa-22-foro-de-empleo\/#breadcrumb","itemListElement":[{"@type":"ListItem","position":1,"name":"Portada","item":"https:\/\/www.unioviedo.es\/foro_empleo\/"},{"@type":"ListItem","position":2,"name":"Programa 22 Foro de Empleo"}]},{"@type":"WebSite","@id":"https:\/\/www.unioviedo.es\/foro_empleo\/#website","url":"https:\/\/www.unioviedo.es\/foro_empleo\/","name":"Foro de Empleo","description":"Foro de Empleo de la Universidad de Oviedo. Hacia un empleo verde, digital e inclusivo","publisher":{"@id":"https:\/\/www.unioviedo.es\/foro_empleo\/#organization"},"potentialAction":[{"@type":"SearchAction","target":{"@type":"EntryPoint","urlTemplate":"https:\/\/www.unioviedo.es\/foro_empleo\/?s={search_term_string}"},"query-input":{"@type":"PropertyValueSpecification","valueRequired":true,"valueName":"search_term_string"}}],"inLanguage":"es"},{"@type":"Organization","@id":"https:\/\/www.unioviedo.es\/foro_empleo\/#organization","name":"Foro de Empleo","url":"https:\/\/www.unioviedo.es\/foro_empleo\/","logo":{"@type":"ImageObject","inLanguage":"es","@id":"https:\/\/www.unioviedo.es\/foro_empleo\/#\/schema\/logo\/image\/","url":"https:\/\/www.unioviedo.es\/foro_empleo\/wp-content\/uploads\/2022\/08\/20-logo-foro-1.png","contentUrl":"https:\/\/www.unioviedo.es\/foro_empleo\/wp-content\/uploads\/2022\/08\/20-logo-foro-1.png","width":807,"height":588,"caption":"Foro de Empleo"},"image":{"@id":"https:\/\/www.unioviedo.es\/foro_empleo\/#\/schema\/logo\/image\/"}}]}},"jetpack_sharing_enabled":true,"_links":{"self":[{"href":"https:\/\/www.unioviedo.es\/foro_empleo\/index.php\/wp-json\/wp\/v2\/pages\/2547","targetHints":{"allow":["GET"]}}],"collection":[{"href":"https:\/\/www.unioviedo.es\/foro_empleo\/index.php\/wp-json\/wp\/v2\/pages"}],"about":[{"href":"https:\/\/www.unioviedo.es\/foro_empleo\/index.php\/wp-json\/wp\/v2\/types\/page"}],"author":[{"embeddable":true,"href":"https:\/\/www.unioviedo.es\/foro_empleo\/index.php\/wp-json\/wp\/v2\/users\/1"}],"replies":[{"embeddable":true,"href":"https:\/\/www.unioviedo.es\/foro_empleo\/index.php\/wp-json\/wp\/v2\/comments?post=2547"}],"version-history":[{"count":3,"href":"https:\/\/www.unioviedo.es\/foro_empleo\/index.php\/wp-json\/wp\/v2\/pages\/2547\/revisions"}],"predecessor-version":[{"id":2554,"href":"https:\/\/www.unioviedo.es\/foro_empleo\/index.php\/wp-json\/wp\/v2\/pages\/2547\/revisions\/2554"}],"wp:featuredmedia":[{"embeddable":true,"href":"https:\/\/www.unioviedo.es\/foro_empleo\/index.php\/wp-json\/wp\/v2\/media\/1843"}],"wp:attachment":[{"href":"https:\/\/www.unioviedo.es\/foro_empleo\/index.php\/wp-json\/wp\/v2\/media?parent=2547"}],"curies":[{"name":"wp","href":"https:\/\/api.w.org\/{rel}","templated":true}]}}