{"id":2752,"date":"2026-02-18T17:56:19","date_gmt":"2026-02-18T17:56:19","guid":{"rendered":"https:\/\/www.unioviedo.es\/foro_empleo\/?page_id=2752"},"modified":"2026-03-13T18:22:08","modified_gmt":"2026-03-13T18:22:08","slug":"programa-23-foro-de-empleo","status":"publish","type":"page","link":"https:\/\/www.unioviedo.es\/foro_empleo\/index.php\/programa-23-foro-de-empleo\/","title":{"rendered":"Programa e Inscripciones 23 Foro de Empleo"},"content":{"rendered":"<p>[et_pb_section fb_built=\u00bb1&#8243; admin_label=\u00bbSection\u00bb module_id=\u00bbprograma22foro\u00bb _builder_version=\u00bb4.24.1&#8243; _module_preset=\u00bbdefault\u00bb da_popup_slug=\u00bbprograma22foro\u00bb da_disable_devices=\u00bboff|off|off\u00bb global_colors_info=\u00bb{}\u00bb da_is_popup=\u00bboff\u00bb da_exit_intent=\u00bboff\u00bb da_has_close=\u00bbon\u00bb da_alt_close=\u00bboff\u00bb da_dark_close=\u00bboff\u00bb da_not_modal=\u00bbon\u00bb da_is_singular=\u00bboff\u00bb da_with_loader=\u00bboff\u00bb da_has_shadow=\u00bbon\u00bb][et_pb_row use_custom_gutter=\u00bbon\u00bb gutter_width=\u00bb1&#8243; make_equal=\u00bbon\u00bb module_class=\u00bbtres-columnas\u00bb _builder_version=\u00bb4.16&#8243; _module_preset=\u00bbdefault\u00bb width=\u00bb90%\u00bb max_width=\u00bb90%\u00bb custom_margin=\u00bb10px|auto|40px|auto|false|false\u00bb custom_padding=\u00bb0px||0px||true|false\u00bb global_colors_info=\u00bb{}\u00bb][et_pb_column type=\u00bb4_4&#8243; _builder_version=\u00bb4.16&#8243; _module_preset=\u00bbdefault\u00bb global_colors_info=\u00bb{}\u00bb][et_pb_image src=\u00bbhttps:\/\/www.unioviedo.es\/foro_empleo\/wp-content\/uploads\/2025\/10\/cropped-ForoEmpleo_Logo_2026_ALTACOLOR.png\u00bb alt=\u00bblogo 23 foro\u00bb title_text=\u00bbcropped-ForoEmpleo_Logo_2026_ALTACOLOR.png\u00bb align=\u00bbcenter\u00bb _builder_version=\u00bb4.27.4&#8243; _module_preset=\u00bbdefault\u00bb width=\u00bb20%\u00bb global_colors_info=\u00bb{}\u00bb][\/et_pb_image][et_pb_text _builder_version=\u00bb4.27.4&#8243; text_font=\u00bbMontserrat||||||||\u00bb text_line_height=\u00bb2em\u00bb link_font=\u00bbMontserrat|700|||||||\u00bb link_text_color=\u00bbgcid-3cfd1695-69cd-4cf7-af5f-fb35fc66ed00&#8243; ul_font=\u00bb||||||||\u00bb ul_text_color=\u00bb#000000&#8243; ul_line_height=\u00bb2em\u00bb quote_font=\u00bb||||||||\u00bb header_font=\u00bb||||||||\u00bb header_text_color=\u00bb#07867f\u00bb header_2_font=\u00bbMontserrat|900|||||||\u00bb header_2_text_color=\u00bbgcid-e5d7626d-237b-4a11-abac-a2efc83cff33&#8243; header_2_font_size=\u00bb45px\u00bb header_2_line_height=\u00bb1.2em\u00bb header_3_font=\u00bbMontserrat|300||on|||||\u00bb header_3_text_color=\u00bb#000000&#8243; header_3_font_size=\u00bb20px\u00bb header_3_letter_spacing=\u00bb4px\u00bb header_3_line_height=\u00bb1.6em\u00bb max_width_tablet=\u00bb\u00bb max_width_phone=\u00bb\u00bb max_width_last_edited=\u00bbon|desktop\u00bb module_alignment=\u00bbcenter\u00bb custom_margin=\u00bb20px||-12px||false|false\u00bb custom_padding=\u00bb|||\u00bb header_2_font_size_tablet=\u00bb35px\u00bb header_2_font_size_phone=\u00bb28px\u00bb header_2_font_size_last_edited=\u00bbon|phone\u00bb global_colors_info=\u00bb{%22gcid-e5d7626d-237b-4a11-abac-a2efc83cff33%22:%91%22header_2_text_color%22%93,%22gcid-3cfd1695-69cd-4cf7-af5f-fb35fc66ed00%22:%91%22link_text_color%22%93}\u00bb]<\/p>\n<h2 style=\"text-align: center;\">Programa<\/h2>\n<p>[\/et_pb_text][et_pb_text _builder_version=\u00bb4.27.4&#8243; text_font=\u00bbMontserrat||||||||\u00bb text_line_height=\u00bb2em\u00bb link_font=\u00bbMontserrat|700|||||||\u00bb link_text_color=\u00bbgcid-3cfd1695-69cd-4cf7-af5f-fb35fc66ed00&#8243; ul_font=\u00bb||||||||\u00bb ul_text_color=\u00bb#000000&#8243; ul_line_height=\u00bb2em\u00bb quote_font=\u00bb||||||||\u00bb header_font=\u00bb||||||||\u00bb header_text_color=\u00bb#07867f\u00bb header_2_font=\u00bbMontserrat|900|||||||\u00bb header_2_text_color=\u00bbgcid-e5d7626d-237b-4a11-abac-a2efc83cff33&#8243; header_2_font_size=\u00bb45px\u00bb header_2_line_height=\u00bb1.2em\u00bb header_3_font=\u00bbMontserrat|300||on|||||\u00bb header_3_text_color=\u00bb#000000&#8243; header_3_font_size=\u00bb20px\u00bb header_3_letter_spacing=\u00bb4px\u00bb header_3_line_height=\u00bb1.6em\u00bb max_width_tablet=\u00bb\u00bb max_width_phone=\u00bb\u00bb max_width_last_edited=\u00bbon|desktop\u00bb module_alignment=\u00bbcenter\u00bb custom_margin=\u00bb20px||||false|false\u00bb custom_padding=\u00bb|||\u00bb header_2_font_size_tablet=\u00bb35px\u00bb header_2_font_size_phone=\u00bb28px\u00bb header_2_font_size_last_edited=\u00bbon|phone\u00bb global_colors_info=\u00bb{%22gcid-e5d7626d-237b-4a11-abac-a2efc83cff33%22:%91%22header_2_text_color%22%93,%22gcid-3cfd1695-69cd-4cf7-af5f-fb35fc66ed00%22:%91%22link_text_color%22%93}\u00bb]<\/p>\n<h2 style=\"text-align: center;\">del 18 al 19 de Marzo<\/h2>\n<p>[\/et_pb_text][et_pb_text _builder_version=\u00bb4.24.1&#8243; text_font=\u00bbRoboto||||||||\u00bb text_text_color=\u00bb#7c7c7c\u00bb text_font_size=\u00bb16px\u00bb text_line_height=\u00bb1.8em\u00bb header_font=\u00bbRoboto|700|||||||\u00bb header_text_align=\u00bbcenter\u00bb header_text_color=\u00bb#07867f\u00bb header_line_height=\u00bb1.2em\u00bb header_2_font=\u00bbRoboto|300|||||||\u00bb header_2_text_align=\u00bbcenter\u00bb header_2_text_color=\u00bb#000000&#8243; header_3_font=\u00bbRoboto|700|||||||\u00bb header_3_text_align=\u00bbcenter\u00bb header_3_text_color=\u00bb#6b6b6b\u00bb header_3_font_size=\u00bb24px\u00bb background_layout=\u00bbdark\u00bb module_alignment=\u00bbcenter\u00bb custom_margin=\u00bb0px||||false|false\u00bb custom_padding=\u00bb||36px|||\u00bb text_font_size_last_edited=\u00bboff|desktop\u00bb header_font_size_tablet=\u00bb40px\u00bb header_font_size_phone=\u00bb32px\u00bb header_font_size_last_edited=\u00bbon|phone\u00bb header_3_font_size_tablet=\u00bb16px\u00bb header_3_font_size_phone=\u00bb14px\u00bb header_3_font_size_last_edited=\u00bbon|phone\u00bb header_3_letter_spacing_tablet=\u00bb5px\u00bb header_3_letter_spacing_phone=\u00bb\u00bb header_3_letter_spacing_last_edited=\u00bbon|tablet\u00bb global_colors_info=\u00bb{}\u00bb]<\/p>\n<h2><span>Horario del evento<\/span><br \/><span>10.00 a 14.00h. y de 16.00 a 19.00h.<\/span><\/h2>\n<p>[\/et_pb_text][et_pb_button button_url=\u00bbhttps:\/\/www.unioviedo.es\/foro_empleo\/wp-content\/uploads\/2026\/03\/PROGRAMA-MAQUETADO-PARA-WEB.pdf\u00bb url_new_window=\u00bbon\u00bb button_text=\u00bbDescargar programa completo\u00bb button_alignment=\u00bbcenter\u00bb _builder_version=\u00bb4.27.4&#8243; custom_button=\u00bbon\u00bb button_text_size=\u00bb16px\u00bb button_bg_color=\u00bbgcid-primary-color\u00bb button_border_width=\u00bb0px\u00bb button_border_color=\u00bbrgba(0,0,0,0)\u00bb button_border_radius=\u00bb100px\u00bb button_letter_spacing=\u00bb2px\u00bb button_font=\u00bbMontserrat|700||on|||||\u00bb button_use_icon=\u00bboff\u00bb background_layout=\u00bbdark\u00bb custom_margin=\u00bb||20px||false|false\u00bb custom_padding=\u00bb18px|34px|18px|34px|true|true\u00bb button_text_size_tablet=\u00bb\u00bb button_text_size_phone=\u00bb14px\u00bb button_text_size_last_edited=\u00bbon|phone\u00bb button_letter_spacing_hover=\u00bb5.5px\u00bb locked=\u00bboff\u00bb global_colors_info=\u00bb{%22gcid-f0d33f8f-2997-4c12-9853-de100d23d4f1%22:%91%22button_bg_color__hover%22%93,%22gcid-primary-color%22:%91%22button_bg_color%22%93}\u00bb button_text_size__hover_enabled=\u00bboff\u00bb button_one_text_size__hover_enabled=\u00bboff\u00bb button_two_text_size__hover_enabled=\u00bboff\u00bb button_text_color__hover_enabled=\u00bboff\u00bb button_one_text_color__hover_enabled=\u00bboff\u00bb button_two_text_color__hover_enabled=\u00bboff\u00bb button_border_width__hover_enabled=\u00bboff\u00bb button_one_border_width__hover_enabled=\u00bboff\u00bb button_two_border_width__hover_enabled=\u00bboff\u00bb button_border_color__hover_enabled=\u00bboff\u00bb button_one_border_color__hover_enabled=\u00bboff\u00bb button_two_border_color__hover_enabled=\u00bboff\u00bb button_border_radius__hover_enabled=\u00bboff\u00bb button_one_border_radius__hover_enabled=\u00bboff\u00bb button_two_border_radius__hover_enabled=\u00bboff\u00bb button_letter_spacing__hover_enabled=\u00bbon\u00bb button_letter_spacing__hover=\u00bb5.5px\u00bb button_one_letter_spacing__hover_enabled=\u00bboff\u00bb button_two_letter_spacing__hover_enabled=\u00bboff\u00bb button_bg_color__hover_enabled=\u00bbon|hover\u00bb button_one_bg_color__hover_enabled=\u00bboff\u00bb button_two_bg_color__hover_enabled=\u00bboff\u00bb button_bg_color__hover=\u00bb#76bd73&#8243; button_bg_enable_color__hover=\u00bbon\u00bb][\/et_pb_button][et_pb_button button_url=\u00bbhttps:\/\/www.unioviedo.es\/foro_empleo\/wp-content\/uploads\/2026\/03\/PLANO-WEB.pdf\u00bb url_new_window=\u00bbon\u00bb button_text=\u00bbPlano de situaci\u00f3n 23 Foro de empleo\u00bb button_alignment=\u00bbcenter\u00bb _builder_version=\u00bb4.27.4&#8243; custom_button=\u00bbon\u00bb button_text_color=\u00bbgcid-primary-color\u00bb button_border_width=\u00bb4px\u00bb button_border_color=\u00bbgcid-primary-color\u00bb button_border_radius=\u00bb100px\u00bb button_letter_spacing=\u00bb2px\u00bb button_font=\u00bbMontserrat|on||on|\u00bb button_icon=\u00bb&#x45;||divi||400&#8243; custom_margin=\u00bb||20px||false|false\u00bb animation_style=\u00bbfade\u00bb button_text_color_hover=\u00bb#ffffff\u00bb button_border_color_hover=\u00bb#ffffff\u00bb button_letter_spacing_hover=\u00bb2px\u00bb button_bg_color_hover=\u00bbrgba(0,0,0,0)\u00bb locked=\u00bboff\u00bb global_colors_info=\u00bb{%22gcid-9b3fdd7f-77b8-4cfd-bc05-605d46624de0%22:%91%22button_border_color__hover%22,%22button_text_color__hover%22%93,%22gcid-primary-color%22:%91%22button_text_color%22,%22button_border_color%22%93}\u00bb button_text_size__hover_enabled=\u00bboff\u00bb button_one_text_size__hover_enabled=\u00bboff\u00bb button_two_text_size__hover_enabled=\u00bboff\u00bb button_text_color__hover_enabled=\u00bbon|hover\u00bb button_text_color__hover=\u00bb#82006f\u00bb button_one_text_color__hover_enabled=\u00bboff\u00bb button_two_text_color__hover_enabled=\u00bboff\u00bb button_border_width__hover_enabled=\u00bboff\u00bb button_one_border_width__hover_enabled=\u00bboff\u00bb button_two_border_width__hover_enabled=\u00bboff\u00bb button_border_color__hover_enabled=\u00bbon\u00bb button_border_color__hover=\u00bb#82006f\u00bb button_one_border_color__hover_enabled=\u00bboff\u00bb button_two_border_color__hover_enabled=\u00bboff\u00bb button_border_radius__hover_enabled=\u00bboff\u00bb button_one_border_radius__hover_enabled=\u00bboff\u00bb button_two_border_radius__hover_enabled=\u00bboff\u00bb button_letter_spacing__hover_enabled=\u00bbon\u00bb button_letter_spacing__hover=\u00bb2px\u00bb button_one_letter_spacing__hover_enabled=\u00bboff\u00bb button_two_letter_spacing__hover_enabled=\u00bboff\u00bb button_bg_color__hover_enabled=\u00bbon\u00bb button_bg_color__hover=\u00bbrgba(0,0,0,0)\u00bb button_one_bg_color__hover_enabled=\u00bboff\u00bb button_two_bg_color__hover_enabled=\u00bboff\u00bb][\/et_pb_button][et_pb_button button_url=\u00bb#transporte22&#8243; button_text=\u00bbServicio gratuito de autobuses\u00bb button_alignment=\u00bbcenter\u00bb _builder_version=\u00bb4.27.4&#8243; custom_button=\u00bbon\u00bb button_text_size=\u00bb16px\u00bb button_bg_color=\u00bbgcid-primary-color\u00bb button_border_width=\u00bb0px\u00bb button_border_color=\u00bbrgba(0,0,0,0)\u00bb button_border_radius=\u00bb100px\u00bb button_letter_spacing=\u00bb2px\u00bb button_font=\u00bbMontserrat|700||on|||||\u00bb button_use_icon=\u00bboff\u00bb background_layout=\u00bbdark\u00bb custom_margin=\u00bb||20px||false|false\u00bb custom_padding=\u00bb18px|34px|18px|34px|true|true\u00bb button_text_size_tablet=\u00bb\u00bb button_text_size_phone=\u00bb14px\u00bb button_text_size_last_edited=\u00bbon|phone\u00bb button_letter_spacing_hover=\u00bb5.5px\u00bb locked=\u00bboff\u00bb global_colors_info=\u00bb{%22gcid-f0d33f8f-2997-4c12-9853-de100d23d4f1%22:%91%22button_bg_color__hover%22%93,%22gcid-primary-color%22:%91%22button_bg_color%22%93}\u00bb button_text_size__hover_enabled=\u00bboff\u00bb button_one_text_size__hover_enabled=\u00bboff\u00bb button_two_text_size__hover_enabled=\u00bboff\u00bb button_text_color__hover_enabled=\u00bboff\u00bb button_one_text_color__hover_enabled=\u00bboff\u00bb button_two_text_color__hover_enabled=\u00bboff\u00bb button_border_width__hover_enabled=\u00bboff\u00bb button_one_border_width__hover_enabled=\u00bboff\u00bb button_two_border_width__hover_enabled=\u00bboff\u00bb button_border_color__hover_enabled=\u00bboff\u00bb button_one_border_color__hover_enabled=\u00bboff\u00bb button_two_border_color__hover_enabled=\u00bboff\u00bb button_border_radius__hover_enabled=\u00bboff\u00bb button_one_border_radius__hover_enabled=\u00bboff\u00bb button_two_border_radius__hover_enabled=\u00bboff\u00bb button_letter_spacing__hover_enabled=\u00bbon\u00bb button_letter_spacing__hover=\u00bb5.5px\u00bb button_one_letter_spacing__hover_enabled=\u00bboff\u00bb button_two_letter_spacing__hover_enabled=\u00bboff\u00bb button_bg_color__hover_enabled=\u00bbon|hover\u00bb button_one_bg_color__hover_enabled=\u00bboff\u00bb button_two_bg_color__hover_enabled=\u00bboff\u00bb button_bg_color__hover=\u00bb#76bd73&#8243; button_bg_enable_color__hover=\u00bbon\u00bb][\/et_pb_button][et_pb_divider show_divider=\u00bboff\u00bb _builder_version=\u00bb4.27.4&#8243; _module_preset=\u00bbdefault\u00bb custom_margin=\u00bb0px||||false|false\u00bb custom_padding=\u00bb||60px|||\u00bb global_colors_info=\u00bb{}\u00bb][\/et_pb_divider][et_pb_accordion open_toggle_background_color=\u00bb#FFFFFF\u00bb closed_toggle_background_color=\u00bb#FFFFFF\u00bb toggle_icon=\u00bb&#x22;||divi||400&#8243; icon_color=\u00bb#000000&#8243; use_icon_font_size=\u00bbon\u00bb icon_font_size=\u00bb32px\u00bb _builder_version=\u00bb4.27.4&#8243; _module_preset=\u00bbdefault\u00bb toggle_text_color=\u00bb#1b1b1b\u00bb toggle_font=\u00bbAlmarai|700|||||||\u00bb toggle_font_size=\u00bb50px\u00bb toggle_line_height=\u00bb1.2em\u00bb body_font=\u00bbLato||||||||\u00bb body_text_color=\u00bbgcid-c609dac7-62ed-45e4-8b50-ceb0013ca03d\u00bb body_font_size=\u00bb18px\u00bb body_line_height=\u00bb1.6em\u00bb background_color=\u00bbgcid-688c464a-d6f2-4296-b592-395352c71c79&#8243; custom_margin=\u00bb30px||||false|false\u00bb hover_enabled=\u00bb0&#8243; toggle_font_size_tablet=\u00bb32px\u00bb toggle_font_size_phone=\u00bb20px\u00bb toggle_font_size_last_edited=\u00bbon|desktop\u00bb body_font_size_tablet=\u00bb16px\u00bb body_font_size_phone=\u00bb14px\u00bb body_font_size_last_edited=\u00bbon|desktop\u00bb border_width_all=\u00bb0px\u00bb global_colors_info=\u00bb{%22gcid-2739a123-5e26-4669-a77f-62833b73033a%22:%91%22header_2_text_color%22,%22toggle_text_color%22%93,%22gcid-c609dac7-62ed-45e4-8b50-ceb0013ca03d%22:%91%22body_text_color%22%93,%22gcid-688c464a-d6f2-4296-b592-395352c71c79%22:%91%22background_color%22%93}\u00bb sticky_enabled=\u00bb0&#8243;][et_pb_accordion_item title=\u00bbINHABILITADO\u00bb open=\u00bbon\u00bb _builder_version=\u00bb4.24.1&#8243; _module_preset=\u00bbdefault\u00bb custom_css_main_element=\u00bbdisplay:none\u00bb global_colors_info=\u00bb{}\u00bb][\/et_pb_accordion_item][et_pb_accordion_item title=\u00bbInscr\u00edbete\u00bb open_toggle_text_color=\u00bb#000000&#8243; open_toggle_background_color=\u00bbgcid-62bdcb5b-02fa-4420-a354-84ecf1a634d7&#8243; closed_toggle_background_color=\u00bbgcid-e5d7626d-237b-4a11-abac-a2efc83cff33&#8243; _builder_version=\u00bb4.27.4&#8243; _module_preset=\u00bbdefault\u00bb body_text_color=\u00bb#000000&#8243; body_link_text_color=\u00bbgcid-9b3fdd7f-77b8-4cfd-bc05-605d46624de0&#8243; background_color=\u00bbgcid-c609dac7-62ed-45e4-8b50-ceb0013ca03d\u00bb background_enable_color=\u00bbon\u00bb custom_margin=\u00bb||10px||false|false\u00bb custom_padding=\u00bb20px|30px|20px|30px|true|true\u00bb custom_padding_tablet=\u00bb20px|30px|20px|30px|true|true\u00bb custom_padding_phone=\u00bb20px|20px|20px|20px|true|true\u00bb custom_padding_last_edited=\u00bbon|phone\u00bb hover_enabled=\u00bb0&#8243; border_radii=\u00bbon|50px|50px|50px|50px\u00bb global_colors_info=\u00bb{%22gcid-9b3fdd7f-77b8-4cfd-bc05-605d46624de0%22:%91%22body_link_text_color%22%93,%22gcid-e5d7626d-237b-4a11-abac-a2efc83cff33%22:%91%22closed_toggle_background_color%22%93,%22gcid-c609dac7-62ed-45e4-8b50-ceb0013ca03d%22:%91%22background_color%22%93,%22gcid-62bdcb5b-02fa-4420-a354-84ecf1a634d7%22:%91%22open_toggle_background_color%22%93}\u00bb toggle_text_color=\u00bb#FFFFFF\u00bb open=\u00bboff\u00bb sticky_enabled=\u00bb0&#8243;]<\/p>\n<p class=\"p1\"><b>INSCR\u00cdBETE PARA PARTICIPAR EN LAS ACTIVIDADES DEL PROGRAMA <\/b><\/p>\n<p class=\"p2\">Consulta cu\u00e1les ser\u00e1n los horarios disponibles y planifica tu participaci\u00f3n en el 23 Foro de Empleo. Todas las conferencias, talleres y actividades requieren de inscripci\u00f3n previa.<\/p>\n<p class=\"p2\"><span class=\"s1\">\u26a0\ufe0f<\/span><b> Importante: Las plazas son limitadas.<\/b> Si te inscribes a varias actividades, aseg\u00farate de que no coincidan en d\u00eda y hora.<\/p>\n<p class=\"p3\"><span class=\"s2\"><b>SALA DE CONFERENCIAS<\/b><\/span><\/p>\n<p class=\"p4\"><span class=\"s3\"><b>18 marzo. <\/b><\/span><b>16.30h<\/b>\u00a0\u201cEstrategias de \u00e9xito para buscar empleo en LinkedIn\u201d<span class=\"s3\">. <\/span><\/p>\n<p class=\"p5\"><span class=\"s4\">Reserva aqu\u00ed tu plaza. \u00a0 <a href=\"https:\/\/forms.gle\/qzz6YSe3AfswLKvD7\"><span class=\"s5\">https:\/\/forms.gle\/qzz6YSe3AfswLKvD7<\/span><\/a><\/span><\/p>\n<p class=\"p6\"><b>18 marzo. 17.30h.<\/b>\u00a0\u201cTodo lo que debo saber para firmar mi primer contrato de trabajo\u201d<\/p>\n<p class=\"p5\"><span class=\"s4\">Reserva aqu\u00ed tu plaza: <a href=\"https:\/\/forms.gle\/LZgC8xHL7wAeEx5F7\"><span class=\"s5\">https:\/\/forms.gle\/LZgC8xHL7wAeEx5F7<\/span><\/a><\/span><\/p>\n<p class=\"p6\"><b>19 mar 10.00-11.00h.<\/b> Buscar empleo en 2026: Herramientas y estrategias que funcionan.<\/p>\n<p class=\"p5\"><span class=\"s4\">Reserva aqu\u00ed tu plaza: <a href=\"https:\/\/forms.gle\/noJTd2fatkPyDd3fA\"><span class=\"s5\">https:\/\/forms.gle\/noJTd2fatkPyDd3fA<\/span><\/a><\/span><\/p>\n<p class=\"p6\"><b>19 mar 11.00-12.00h<\/b>. \u201cIA y Empleabilidad: C\u00f3mo usar la Inteligencia Artificial para Impulsar tu Carrera Profesional\u201d<\/p>\n<p class=\"p5\"><span class=\"s4\">Reserva aqu\u00ed tu plaza: <a href=\"https:\/\/forms.gle\/UKei7k2iaUkBF3oS6\"><span class=\"s5\">https:\/\/forms.gle\/UKei7k2iaUkBF3oS6<\/span><\/a><\/span><\/p>\n<p class=\"p7\"><b><\/b><\/p>\n<p class=\"p6\"><b>19 mar 12.00-13.00h.<\/b> Del Aula al Mundo Laboral: Gu\u00eda de Permisos y Residencia para Talento Internacional<\/p>\n<p class=\"p5\"><span class=\"s4\">Reserva aqu\u00ed tu plaza: <a href=\"https:\/\/forms.gle\/dtTGDHFaB9gC7mXY8\"><span class=\"s5\">https:\/\/forms.gle\/dtTGDHFaB9gC7mXY8<\/span><\/a><\/span><\/p>\n<p class=\"p8\"><span class=\"s2\"><b><\/b><\/span><\/p>\n<p class=\"p3\"><span class=\"s2\"><b>BRANDING POINT<\/b><\/span><\/p>\n<p class=\"p9\"><b>Revisi\u00f3n de CV y Perfil de LinkedIn<\/b><b><\/b><\/p>\n<p class=\"p2\">D\u00edas: 18 y 19 de marzo Turnos de atenci\u00f3n:<\/p>\n<ul class=\"ul1\">\n<li class=\"li11\"><span class=\"s6\"><\/span>Ma\u00f1ana: de 10:30 a 11:30 h.<\/li>\n<li class=\"li11\"><span class=\"s6\"><\/span>Tarde: de 17:00 a 18:00 h.<\/li>\n<\/ul>\n<p class=\"p2\"><span class=\"s1\">\ud83d\udd0d<\/span><b> \u00bfC\u00f3mo funcionar\u00e1 el espacio?<\/b><\/p>\n<p class=\"p4\">Para que el flujo sea \u00e1gil y aproveches al m\u00e1ximo el tiempo, la zona estar\u00e1 organizada de la siguiente manera:<\/p>\n<ul class=\"ul1\">\n<li class=\"li11\"><span class=\"s6\"><\/span>Puntos de atenci\u00f3n: dispondremos de 10 puestos para la revisi\u00f3n de CV y 10 puestos para la mejora del perfil de LinkedIn.<\/li>\n<li class=\"li11\"><span class=\"s6\"><\/span>Asesor\u00eda personalizada: en cada turno de una hora, cada profesional de RRHH atender\u00e1 de forma individual a 3 personas (aproximadamente 20 minutos por sesi\u00f3n).<\/li>\n<\/ul>\n<p class=\"p4\"><span class=\"s1\">\ud83d\udca1<\/span><b> Consejo:<\/b> Trae tu CV impreso o en un dispositivo digital y ten abierta tu sesi\u00f3n de LinkedIn para agilizar la revisi\u00f3n.<\/p>\n<p class=\"p2\"><span class=\"s1\">\ud83d\udcdd<\/span><b> \u00bfC\u00f3mo participar? Pasos para tu inscripci\u00f3n<\/b><\/p>\n<p class=\"p2\">Para disfrutar de estos servicios gratuitos, es necesario realizar una inscripci\u00f3n previa siguiendo estos pasos:<\/p>\n<ul class=\"ul1\">\n<li class=\"li13\"><span class=\"s6\"><\/span><b>Inscr\u00edbete y facilita tu CV o perfil: <\/b>Antes de completar el formulario ten preparado tu CV o el enlace a tu perfil de LinkedIn. Necesitamos asegurarnos de que ya tienes un documento o una cuenta creada para poder trabajar sobre ello y sacarle el m\u00e1ximo partido a las sesiones.<\/li>\n<li class=\"li13\"><span class=\"s6\"><\/span><b>Recogida de turnos:<\/b> Para confirmar tu asistencia y organizar el acceso de forma \u00e1gil, durante el evento deber\u00e1s pasarte por el stand de la FUO (Fundaci\u00f3n Universidad de Oviedo) para recoger tu turno f\u00edsico al menos 15 minutos de antelaci\u00f3n a la hora de inicio del servicio.<\/li>\n<li class=\"li13\"><span class=\"s6\"><\/span><b>Acceso al servicio:<\/b> Una vez tengas tu turno, podr\u00e1s dirigirte a la Zona Branding Point en el horario asignado.<\/li>\n<\/ul>\n<p class=\"p2\"><b>ENLACES DE INSCRIPCI\u00d3N<\/b><\/p>\n<p class=\"p14\"><span class=\"s4\">\u2022<span class=\"Apple-tab-span\"> <\/span>Revisi\u00f3n de CV<span class=\"Apple-converted-space\">\u00a0 <\/span><a href=\"https:\/\/forms.gle\/ex2zfxtLD6qjugFx8\"><span class=\"s7\">https:\/\/forms.gle\/ex2zfxtLD6qjugFx8<\/span><\/a><\/span><\/p>\n<p class=\"p14\"><span class=\"s4\">\u2022<span class=\"Apple-tab-span\"> <\/span>Revisi\u00f3n de LinkedIn <a href=\"https:\/\/forms.gle\/Jve8s4trSnxwjY477\"><span class=\"s7\">https:\/\/forms.gle\/Jve8s4trSnxwjY477<\/span><\/a><\/span><\/p>\n<p class=\"p15\"><span class=\"s2\"><b><\/b><\/span><\/p>\n<p class=\"p9\"><span class=\"s2\"><b>HORARIOS: INTERVIEW SKILLS POINT<\/b><\/span><\/p>\n<p class=\"p16\"><b>Speed Job Dating<\/b><\/p>\n<table cellspacing=\"0\" cellpadding=\"0\" class=\"t1\">\n<tbody>\n<tr>\n<td valign=\"top\" class=\"td1\">\n<p class=\"p17\"><b>Turnos 18 marzo<\/b><b><\/b><\/p>\n<\/td>\n<td valign=\"top\" class=\"td2\">\n<p class=\"p18\"><b>Turnos 19 marzo<\/b><b><\/b><\/p>\n<\/td>\n<\/tr>\n<tr>\n<td valign=\"top\" class=\"td3\">\n<ul class=\"ul1\">\n<li class=\"li19\"><span class=\"s8\"><\/span>11:00 a 12:00h.<\/li>\n<li class=\"li19\"><span class=\"s8\"><\/span>16:30-17:30h.<\/li>\n<li class=\"li19\"><span class=\"s8\"><\/span>17:30-18:30h.<\/li>\n<\/ul>\n<\/td>\n<td valign=\"middle\" class=\"td4\">\n<ul class=\"ul1\">\n<li class=\"li19\"><span class=\"s8\"><\/span>11:00-12:00h.<\/li>\n<li class=\"li19\"><span class=\"s8\"><\/span>12:00-13:00h.<\/li>\n<li class=\"li19\"><span class=\"s8\"><\/span>16:30-17:30h.<\/li>\n<\/ul>\n<\/td>\n<\/tr>\n<\/tbody>\n<\/table>\n<p class=\"p20\"><b><\/b><\/p>\n<p class=\"p16\"><b>Entrevistas Inversas<\/b><\/p>\n<table cellspacing=\"0\" cellpadding=\"0\" class=\"t1\">\n<tbody>\n<tr>\n<td valign=\"top\" class=\"td1\">\n<p class=\"p17\"><b>Turnos 18 marzo<\/b><b><\/b><\/p>\n<\/td>\n<td valign=\"top\" class=\"td2\">\n<p class=\"p18\"><b>Turnos 19 marzo<\/b><b><\/b><\/p>\n<\/td>\n<\/tr>\n<tr>\n<td valign=\"top\" class=\"td5\">\n<ul class=\"ul1\">\n<li class=\"li19\"><span class=\"s8\"><\/span>12:00-13:00h.<\/li>\n<\/ul>\n<\/td>\n<td valign=\"middle\" class=\"td6\">\n<ul class=\"ul1\">\n<li class=\"li19\"><span class=\"s8\"><\/span>17:00-18:00 horas<\/li>\n<\/ul>\n<\/td>\n<\/tr>\n<\/tbody>\n<\/table>\n<p class=\"p2\"><span class=\"s1\">\ud83d\udd0d<\/span><b> \u00bfC\u00f3mo funcionar\u00e1 la actividad?<\/b><\/p>\n<ul class=\"ul1\">\n<li class=\"li2\"><span class=\"s6\"><\/span><b>Speed Job Dating: <\/b><\/li>\n<ul class=\"ul1\">\n<li class=\"li2\"><span class=\"s9\"><\/span>Plazas por sesi\u00f3n: 6 personas, con lista de reserva.<\/li>\n<li class=\"li4\"><span class=\"s9\"><\/span>Tiempo de entrevista con cada empresa: 10 minutos.<\/li>\n<li class=\"li4\"><span class=\"s9\"><\/span>Una vez finalices la entrevista con una empresa, pasar\u00e1s al siguiente puesto.<\/li>\n<li class=\"li4\"><span class=\"s9\"><\/span>Control de tiempos: el personal de organizaci\u00f3n se encargar\u00e1 de avisar en cada turno para que la rotaci\u00f3n sea fluida.<\/li>\n<\/ul>\n<\/ul>\n<ul class=\"ul1\">\n<li class=\"li2\"><span class=\"s6\"><\/span><b>Entrevista Inversa: <\/b><\/li>\n<ul class=\"ul1\">\n<li class=\"li2\"><span class=\"s9\"><\/span>Plazas por sesi\u00f3n: 9 personas, con lista de reserva, con las siguientes titulaciones.<\/li>\n<ul class=\"ul2\">\n<li class=\"li2\"><span class=\"s10\"><\/span>3 perfiles t\u00e9cnicos<\/li>\n<li class=\"li2\"><span class=\"s10\"><\/span>3 perfiles socio-jur\u00eddicos o de Humanidades<\/li>\n<li class=\"li2\"><span class=\"s10\"><\/span>3 perfiles de Ciencias<\/li>\n<\/ul>\n<li class=\"li2\"><span class=\"s9\"><\/span>Entrevistar\u00e1s a 3 empresas por sesi\u00f3n.<\/li>\n<li class=\"li4\"><span class=\"s9\"><\/span>Dispondr\u00e1s de 20 minutos por empresa.<\/li>\n<li class=\"li2\"><span class=\"s9\"><\/span>Control de tiempos: el personal de organizaci\u00f3n se encargar\u00e1 de avisar en cada turno para que la rotaci\u00f3n sea fluida.<\/li>\n<\/ul>\n<\/ul>\n<p class=\"p6\"><b>ENLACES PARA INSCRIPCIONES<\/b><\/p>\n<p class=\"p24\"><span class=\"s11\"><b>Speed Job<\/b> <b>Dating<\/b><\/span><span class=\"s4\">: <a href=\"https:\/\/forms.gle\/VvqV555FdcHjM8eD8\"><span class=\"s7\">https:\/\/forms.gle\/VvqV555FdcHjM8eD8<\/span><\/a><\/span><\/p>\n<p class=\"p23\"><span class=\"s2\"><b><\/b><\/span><\/p>\n<p class=\"p11\"><span class=\"s2\"><b>Entrevistas Inversas: <\/b><\/span><\/p>\n<ul class=\"ul1\">\n<li class=\"li24\"><span class=\"s12\"><\/span><span class=\"s4\">Titulaciones t\u00e9cnicas: <a href=\"https:\/\/forms.gle\/AguZ3qKSqzwZHSFv8\"><span class=\"s7\">https:\/\/forms.gle\/AguZ3qKSqzwZHSFv8<\/span><\/a><\/span><\/li>\n<li class=\"li11\"><span class=\"s6\"><\/span>Titulaciones socio-jur\u00eddicas o Humanidades: <a href=\"https:\/\/forms.gle\/1C8Rt7DbgB6r6GGK9\"><span class=\"s5\">https:\/\/forms.gle\/1C8Rt7DbgB6r6GGK9<\/span><\/a><\/li>\n<li class=\"li24\"><span class=\"s12\"><\/span><span class=\"s4\">Titulaciones ciencias: <a href=\"https:\/\/forms.gle\/pFoEy36m4hCn7nRx6\"><span class=\"s7\">https:\/\/forms.gle\/pFoEy36m4hCn7nRx6<\/span><\/a><\/span><\/li>\n<\/ul>\n<p class=\"p9\"><span class=\"s2\"><b>HORARIOS: \u201cUN CAF\u00c9 CON\u2026\u201d<\/b><\/span><\/p>\n<p class=\"p15\"><span class=\"s2\"><b><\/b><\/span><\/p>\n<table cellspacing=\"0\" cellpadding=\"0\" class=\"t1\">\n<tbody>\n<tr>\n<td valign=\"middle\" class=\"td7\" style=\"width: 217px;\">\n<p class=\"p25\"><span class=\"s13\"><b>D\u00eda 18 de marzo<\/b><b><\/b><\/span><\/p>\n<\/td>\n<td valign=\"middle\" class=\"td8\" style=\"width: 159px;\">\n<p class=\"p25\"><span class=\"s13\"><b>D\u00eda 19 de marzo<\/b><b><\/b><\/span><\/p>\n<\/td>\n<\/tr>\n<tr>\n<td valign=\"top\" class=\"td9\" style=\"width: 217px;\">\n<p class=\"p1\"><span class=\"s1\">10:20 &#8211; <\/span><span class=\"s1\">Serveo<\/span><\/p>\n<p class=\"p1\"><span class=\"s1\">10:40 &#8211; <\/span><span class=\"s1\">Corteva Agriescence<\/span><\/p>\n<p class=\"p1\"><span class=\"s1\">11:00 &#8211; <\/span><span class=\"s1\">Asociaci\u00f3n Inserta Empleo Fundaci\u00f3n ONCE<\/span><\/p>\n<p class=\"p1\"><span class=\"s1\">11:20 &#8211; <\/span><span class=\"s1\">Iff<\/span><\/p>\n<p class=\"p1\"><span class=\"s1\">11:40 &#8211; <\/span><span class=\"s1\">Seresco<\/span><\/p>\n<p class=\"p1\"><span class=\"s1\">13:00 &#8211; <\/span><span class=\"s1\">EDP<\/span><\/p>\n<p class=\"p1\"><span class=\"s1\">16:40 &#8211; <\/span><span class=\"s1\">Alimerka<\/span><\/p>\n<p class=\"p1\"><span class=\"s1\">17:00 &#8211; <\/span><span class=\"s1\">Volkswagen Group Espa\u00f1a Distribuci\u00f3n<\/span><\/p>\n<p class=\"p1\"><span class=\"s1\">17:20 &#8211; <\/span><span class=\"s1\">Unicaja<\/span><\/p>\n<p class=\"p1\"><span class=\"s1\">17:40 &#8211; <\/span><span class=\"s1\">DXC Technology Spain<\/span><\/p>\n<p class=\"p1\"><span class=\"s1\">18:00 &#8211; <\/span><span class=\"s1\">Samoa Industrial<\/span><\/p>\n<p class=\"p26\">\n<\/td>\n<td valign=\"top\" class=\"td10\" style=\"width: 159px;\">\n<p class=\"p4\">10:20 &#8211; Gij\u00f3n Empleo<\/p>\n<p class=\"p4\">10:40 &#8211; GDELS<\/p>\n<p class=\"p4\">11:00 &#8211; Grupo Central Lechera Asturiana<\/p>\n<p class=\"p4\">11:20 &#8211; Caja Rural de Asturias<\/p>\n<p class=\"p4\">12:00 &#8211; ArcelorMittal<\/p>\n<p class=\"p4\">12:20 &#8211; Capgemini<\/p>\n<p class=\"p4\">13:00 &#8211; Qnity Electronics<\/p>\n<p class=\"p4\">16:40 &#8211; Leroy Merlin<br \/>17:00 &#8211; TKE<\/p>\n<p class=\"p4\">17:20 &#8211; RHI Magnesita<\/p>\n<p class=\"p4\">17:40- Mecalux Software Solutions<\/p>\n<\/td>\n<\/tr>\n<\/tbody>\n<\/table>\n<p class=\"p2\"><span class=\"s2\"><b>\u00bfC\u00f3mo funcionar\u00e1 esta actividad?<\/b><\/span><\/p>\n<p class=\"p15\"><span class=\"s2\"><b><\/b><\/span><\/p>\n<ul class=\"ul1\">\n<li class=\"li2\"><span class=\"s6\"><\/span>Sesiones din\u00e1micas: encuentros r\u00e1pidos de 20 minutos.<\/li>\n<li class=\"li2\"><span class=\"s6\"><\/span>Formato abierto: las empresas expondr\u00e1n su actividad de forma breve para dar paso a vuestras preguntas e inquietudes.<\/li>\n<li class=\"li2\"><span class=\"s6\"><\/span>Capacidad: el espacio cuenta con asientos para 40 personas por sesi\u00f3n.<\/li>\n<li class=\"li2\"><span class=\"s6\"><\/span>Reserva de plaza: deber\u00e1s inscribirte para participar a esta actividad. Si te quedas sin plaza, no te preocupes, p\u00e1sate por all\u00ed \u00a1puedes unirte y participar de pie hasta completar el aforo de la sala!<\/li>\n<\/ul>\n<p class=\"p5\"><span class=\"s4\"><b>Reserva aqu\u00ed tu plaza<\/b>: <a href=\"https:\/\/forms.gle\/ZsJy9nGgVaQaSCXE9\"><span class=\"s5\">https:\/\/forms.gle\/ZsJy9nGgVaQaSCXE9<\/span><\/a><\/span><\/p>\n<p>[\/et_pb_accordion_item][\/et_pb_accordion][et_pb_accordion open_toggle_background_color=\u00bbRGBA(255,255,255,0)\u00bb closed_toggle_background_color=\u00bbRGBA(255,255,255,0)\u00bb toggle_icon=\u00bb&#x22;||divi||400&#8243; icon_color=\u00bb#000000&#8243; use_icon_font_size=\u00bbon\u00bb icon_font_size=\u00bb32px\u00bb _builder_version=\u00bb4.27.4&#8243; _module_preset=\u00bbdefault\u00bb toggle_text_color=\u00bb#1b1b1b\u00bb toggle_font=\u00bbAlmarai|700|||||||\u00bb toggle_font_size=\u00bb50px\u00bb toggle_line_height=\u00bb1.2em\u00bb body_font=\u00bbLato||||||||\u00bb body_text_color=\u00bb#000000&#8243; body_font_size=\u00bb18px\u00bb body_line_height=\u00bb1.6em\u00bb background_enable_color=\u00bboff\u00bb custom_margin=\u00bb30px||||false|false\u00bb toggle_font_size_tablet=\u00bb32px\u00bb toggle_font_size_phone=\u00bb20px\u00bb toggle_font_size_last_edited=\u00bbon|desktop\u00bb body_font_size_tablet=\u00bb16px\u00bb body_font_size_phone=\u00bb14px\u00bb body_font_size_last_edited=\u00bbon|desktop\u00bb border_width_all=\u00bb0px\u00bb global_colors_info=\u00bb{%22gcid-2739a123-5e26-4669-a77f-62833b73033a%22:%91%22header_2_text_color%22,%22toggle_text_color%22%93,%22gcid-c609dac7-62ed-45e4-8b50-ceb0013ca03d%22:%91%22background_color%22%93}\u00bb][et_pb_accordion_item title=\u00bbINHABILITADO\u00bb open=\u00bbon\u00bb _builder_version=\u00bb4.24.1&#8243; _module_preset=\u00bbdefault\u00bb custom_css_main_element=\u00bbdisplay:none\u00bb global_colors_info=\u00bb{}\u00bb][\/et_pb_accordion_item][et_pb_accordion_item title=\u00bb Webinars  informativos\u00bb open_toggle_text_color=\u00bb#000000&#8243; open_toggle_background_color=\u00bbgcid-c609dac7-62ed-45e4-8b50-ceb0013ca03d\u00bb closed_toggle_background_color=\u00bbgcid-primary-color\u00bb _builder_version=\u00bb4.27.4&#8243; _module_preset=\u00bbdefault\u00bb body_link_text_color=\u00bbgcid-9b3fdd7f-77b8-4cfd-bc05-605d46624de0&#8243; custom_margin=\u00bb||10px||false|false\u00bb custom_padding=\u00bb20px|30px|20px|30px|true|true\u00bb custom_padding_tablet=\u00bb20px|30px|20px|30px|true|true\u00bb custom_padding_phone=\u00bb20px|20px|20px|20px|true|true\u00bb custom_padding_last_edited=\u00bbon|phone\u00bb border_radii=\u00bbon|50px|50px|50px|50px\u00bb global_colors_info=\u00bb{%22gcid-9b3fdd7f-77b8-4cfd-bc05-605d46624de0%22:%91%22body_link_text_color%22%93,%22gcid-c609dac7-62ed-45e4-8b50-ceb0013ca03d%22:%91%22open_toggle_background_color%22%93,%22gcid-primary-color%22:%91%22closed_toggle_background_color%22%93}\u00bb toggle_text_color=\u00bb#FFFFFF\u00bb open=\u00bboff\u00bb]<\/p>\n<p class=\"p1\"><strong>CONECTATE A LOS WEBINARS<\/strong><\/p>\n<p class=\"p1\"><strong>INFORMATIVOS<\/strong><\/p>\n<p class=\"p1\">Dirigidos a la comunidad universitaria<\/p>\n<p class=\"p1\">Te contamos de qu\u00e9 va el Foro y c\u00f3mo aprovecharlo<\/p>\n<p class=\"p1\"><span class=\"s1\"><b><\/b><\/span><\/p>\n<p>Martes, 10 de marzo | 16:30<br \/><a href=\"https:\/\/bit.ly\/4aCEY3L\">https:\/\/bit.ly\/4aCEY3L<\/a><\/p>\n<p>Jueves, 12 de marzo | 12:30<br \/><a href=\"https:\/\/bit.ly\/4s4zlTh\">https:\/\/bit.ly\/4s4zlTh<\/a><\/p>\n<p>Lunes, 16 de marzo | 09:00<br \/><a href=\"https:\/\/bit.ly\/3OoVAES\">https:\/\/bit.ly\/3OoVAES<\/a><\/p>\n<ul class=\"ul1\">\n<li class=\"li10\"><\/li>\n<\/ul>\n<p>[\/et_pb_accordion_item][\/et_pb_accordion][et_pb_accordion open_toggle_background_color=\u00bbRGBA(255,255,255,0)\u00bb closed_toggle_background_color=\u00bbRGBA(255,255,255,0)\u00bb toggle_icon=\u00bb&#x22;||divi||400&#8243; icon_color=\u00bb#000000&#8243; use_icon_font_size=\u00bbon\u00bb icon_font_size=\u00bb32px\u00bb _builder_version=\u00bb4.27.4&#8243; _module_preset=\u00bbdefault\u00bb toggle_text_color=\u00bb#1b1b1b\u00bb toggle_font=\u00bbAlmarai|700|||||||\u00bb toggle_font_size=\u00bb50px\u00bb toggle_line_height=\u00bb1.2em\u00bb body_font=\u00bbLato||||||||\u00bb body_text_color=\u00bb#000000&#8243; body_font_size=\u00bb18px\u00bb body_line_height=\u00bb1.6em\u00bb background_enable_color=\u00bboff\u00bb custom_margin=\u00bb30px||||false|false\u00bb toggle_font_size_tablet=\u00bb32px\u00bb toggle_font_size_phone=\u00bb20px\u00bb toggle_font_size_last_edited=\u00bbon|desktop\u00bb body_font_size_tablet=\u00bb16px\u00bb body_font_size_phone=\u00bb14px\u00bb body_font_size_last_edited=\u00bbon|desktop\u00bb border_width_all=\u00bb0px\u00bb global_colors_info=\u00bb{%22gcid-2739a123-5e26-4669-a77f-62833b73033a%22:%91%22header_2_text_color%22,%22toggle_text_color%22%93,%22gcid-c609dac7-62ed-45e4-8b50-ceb0013ca03d%22:%91%22background_color%22%93}\u00bb][et_pb_accordion_item title=\u00bbINHABILITADO\u00bb open=\u00bbon\u00bb _builder_version=\u00bb4.24.1&#8243; _module_preset=\u00bbdefault\u00bb custom_css_main_element=\u00bbdisplay:none\u00bb global_colors_info=\u00bb{}\u00bb][\/et_pb_accordion_item][et_pb_accordion_item title=\u00bbSala de Conferencias\u00bb open_toggle_text_color=\u00bb#000000&#8243; open_toggle_background_color=\u00bbgcid-c609dac7-62ed-45e4-8b50-ceb0013ca03d\u00bb closed_toggle_background_color=\u00bbgcid-e5d7626d-237b-4a11-abac-a2efc83cff33&#8243; _builder_version=\u00bb4.27.4&#8243; _module_preset=\u00bbdefault\u00bb body_link_text_color=\u00bbgcid-9b3fdd7f-77b8-4cfd-bc05-605d46624de0&#8243; custom_margin=\u00bb||10px||false|false\u00bb custom_padding=\u00bb20px|30px|20px|30px|true|true\u00bb custom_padding_tablet=\u00bb20px|30px|20px|30px|true|true\u00bb custom_padding_phone=\u00bb20px|20px|20px|20px|true|true\u00bb custom_padding_last_edited=\u00bbon|phone\u00bb border_radii=\u00bbon|50px|50px|50px|50px\u00bb global_colors_info=\u00bb{%22gcid-9b3fdd7f-77b8-4cfd-bc05-605d46624de0%22:%91%22body_link_text_color%22%93,%22gcid-e5d7626d-237b-4a11-abac-a2efc83cff33%22:%91%22closed_toggle_background_color%22%93,%22gcid-c609dac7-62ed-45e4-8b50-ceb0013ca03d%22:%91%22open_toggle_background_color%22%93}\u00bb toggle_text_color=\u00bb#FFFFFF\u00bb open=\u00bboff\u00bb]<\/p>\n<h3><span style=\"color: #339966;\"><b>18 marzo. 16.30-17.30h.<\/b><\/span><\/h3>\n<h3><span style=\"color: #339966;\"><b> \u201cEstrategias de \u00e9xito para buscar empleo en LinkedIn\u201d<\/b><\/span><\/h3>\n<p class=\"p2\"><b>Ponente:<span>\u00a0<\/span><\/b><a href=\"https:\/\/www.linkedin.com\/in\/jorgesuarezgonzalez\/\"><span class=\"s1\"><b>Jorge Su\u00e1rez<\/b><\/span><\/a><b><span>\u00a0<\/span>| CEO LinkedGrowing<\/b><\/p>\n<p class=\"p2\">\u00bfSab\u00edas que LinkedIn es mucho m\u00e1s que un curr\u00edculum online? Es el ecosistema donde nace tu pr\u00f3xima oportunidad laboral. En esta conferencia, Jorge Su\u00e1rez nos desvelar\u00e1 las claves para dejar de ser invisibles y pasar a la acci\u00f3n.<\/p>\n<p class=\"p2\">No importa si acabas de graduarte o si est\u00e1s buscando un giro en tu trayectoria: en esta sesi\u00f3n aprender\u00e1s a moverte con agilidad en la red profesional m\u00e1s importante del mundo. Analizaremos diferentes perfiles y t\u00e1cticas para que elijas la que mejor se adapta a tus objetivos:<\/p>\n<ul class=\"ul1\">\n<li class=\"li2\"><span class=\"s2\"><\/span>Velocidad vs. Esfuerzo: c\u00f3mo optimizar tu tiempo para obtener resultados reales.<\/li>\n<li class=\"li2\"><span class=\"s2\"><\/span>Estrategia de Caza o de Liderazgo: de buscar ofertas a convertirte en la persona que las empresas quieren encontrar.<\/li>\n<li class=\"li2\"><span class=\"s2\"><\/span>Gesti\u00f3n de Riesgos: qu\u00e9 errores evitar para proteger tu marca personal.<\/li>\n<li class=\"li2\"><span class=\"s2\"><\/span>Bonus de \u00c9xito: herramientas y consejos extra\u00eddos de la s\u00f3lida experiencia de nuestro ponente, con m\u00e1s de 15 a\u00f1os de experiencia de trabajo en esta plataforma.<\/li>\n<\/ul>\n<p class=\"p4\"><b>\u00a1Prepara tus dispositivos y l\u00e1nzate a construir tu futuro profesional!<\/b><\/p>\n<p class=\"p5\"><b><\/b><\/p>\n<p class=\"p6\"><b><\/b><\/p>\n<h3 class=\"p1\"><span style=\"color: #339966;\"><b>18 marzo. 17.30-18.30h. <\/b><\/span><\/h3>\n<h3 class=\"p1\"><span style=\"color: #339966;\"><b>\u201cTodo lo que debo saber para firmar mi primer contrato de trabajo\u201d<\/b><\/span><\/h3>\n<p class=\"p2\"><b>Ponente: Ioseba Torres<\/b><span>\u00a0<\/span>|<span>\u00a0<\/span><b>Colegio Oficial de Graduados Sociales de Asturias<\/b><\/p>\n<p class=\"p2\">\u00a1Enhorabuena! Has superado el proceso de selecci\u00f3n y llega el momento de la verdad: la firma del contrato. \u00bfSabes realmente qu\u00e9 est\u00e1s firmando? Para que tu entrada al mundo profesional sea todo un \u00e9xito, es fundamental conocer las reglas del juego.<\/p>\n<p class=\"p2\">En este taller pr\u00e1ctico de la mano de Ioseba Torres, experto en relaciones laborales, despejaremos todas tus dudas sobre esos documentos que a veces parecen indescifrables. Aprender\u00e1s a entender tu realidad laboral de forma clara y directa:<\/p>\n<ul class=\"ul1\">\n<li class=\"li2\"><span class=\"s2\"><\/span>Tu Contrato bajo la Lupa: qu\u00e9 elementos no pueden faltar y qu\u00e9 significan las cl\u00e1usulas que vas a firmar.<\/li>\n<li class=\"li2\"><span class=\"s2\"><\/span>Descifrando la N\u00f3mina: aprender\u00e1s qu\u00e9 es el salario bruto, el neto y de d\u00f3nde salen los conceptos que aparecen en tu n\u00f3mina.<\/li>\n<li class=\"li2\"><span class=\"s2\"><\/span>Seguridad Social e IRPF: entender\u00e1s c\u00f3mo funcionan tus aportaciones, para qu\u00e9 sirven y por qu\u00e9 es tan importante la Declaraci\u00f3n de la Renta desde tu primer empleo.<\/li>\n<li class=\"li2\"><span class=\"s2\"><\/span>Derechos y Garant\u00edas: todo lo que necesitas saber para proteger tus intereses como profesional.<\/li>\n<\/ul>\n<p class=\"p4\"><b>Ven y resuelve tus dudas para empezar tu carrera con tranquilidad y confianza.<\/b><\/p>\n<p class=\"p7\"><b><\/b><\/p>\n<h3 class=\"p1\"><span style=\"color: #339966;\"><b>19. marzo. 10.00-11.00h. <\/b><\/span><\/h3>\n<h3 class=\"p1\"><span style=\"color: #339966;\"><b>Buscar empleo en 2026: Herramientas y estrategias que funcionan.<\/b><\/span><\/h3>\n<p class=\"p2\"><b>Ponente:<span class=\"Apple-converted-space\">\u00a0<span>\u00a0<\/span><\/span>Carolina Gonz\u00e1lez. Orientadora Laboral TalentUO de la Universidad de Oviedo<\/b><\/p>\n<p class=\"p3\"><b><\/b><\/p>\n<p class=\"p2\">\u00bfSientes que el mercado laboral cambia m\u00e1s r\u00e1pido que tu feed de TikTok? No eres la \u00fanica persona con esa sensaci\u00f3n. En un entorno profesional en constante evoluci\u00f3n, saber d\u00f3nde mirar y c\u00f3mo presentarte es la clave para marcar la diferencia entre enviar curr\u00edculums al vac\u00edo o conseguir esa primera entrevista.<\/p>\n<p class=\"p2\">En esta sesi\u00f3n, nos alejamos de los consejos gen\u00e9ricos para darte una hoja de ruta real, actualizada y pr\u00e1ctica. Queremos que tomes las riendas de tu carrera profesional con las herramientas que demanda el mercado actual.<\/p>\n<p class=\"p2\"><span class=\"s3\">\ud83c\udfaf<\/span><span>\u00a0<\/span>\u00bfQu\u00e9 vas a aprender?<\/p>\n<p class=\"p2\">Acompa\u00f1aremos tu proceso de b\u00fasqueda de empleo trabajando puntos cr\u00edticos para tu \u00e9xito:<\/p>\n<ul class=\"ul1\">\n<li class=\"li2\"><span class=\"s2\"><\/span>Tu Br\u00fajula Profesional: c\u00f3mo definir objetivos que encajen con quien eres y qu\u00e9 quieres aportar.<\/li>\n<li class=\"li2\"><span class=\"s2\"><\/span>CV y Marca Personal: estructuras que impactan, errores que debes evitar y c\u00f3mo adaptar tu candidatura para que no pase desapercibida.<\/li>\n<li class=\"li2\"><span class=\"s2\"><\/span>El \u00abMercado Oculto\u00bb: aprender\u00e1s que la mayor\u00eda de las vacantes no se publican; te ense\u00f1amos a llegar a ellas mediante el networking y la autocandidatura.<\/li>\n<li class=\"li2\"><span class=\"s2\"><\/span>Ecosistema Digital: desde el dominio estrat\u00e9gico de LinkedIn y portales de empleo, hasta el funcionamiento de agencias de selecci\u00f3n y ETTs.<\/li>\n<li class=\"li2\"><span class=\"s2\"><\/span>Estrategia 360\u00ba: c\u00f3mo moverte entre los servicios p\u00fablicos de empleo y las webs corporativas de forma eficiente.<\/li>\n<\/ul>\n<h3 class=\"p1\"><span style=\"color: #339966;\"><b><\/b><\/span><\/h3>\n<h3 class=\"p1\"><span style=\"color: #339966;\"><b>19 marzo. 11.00-12.00h. <\/b><\/span><\/h3>\n<h3 class=\"p1\"><span style=\"color: #339966;\"><b>Mamen Blanco \u201cIA y Empleabilidad: C\u00f3mo usar la Inteligencia Artificial para Impulsar tu Carrera Profesional\u201d<\/b><\/span><\/h3>\n<p class=\"p8\"><b>Ponente:<span>\u00a0<\/span><\/b><a href=\"https:\/\/www.linkedin.com\/in\/mamenblancop\/\"><span class=\"s1\"><b>Mamen Blanco<\/b><\/span><\/a><b><span>\u00a0<\/span>| CEO de IA y Talento Academy<\/b><\/p>\n<p class=\"p8\">La Inteligencia Artificial no ha venido a sustituirte, sino a darte superpoderes. \u00bfTe imaginas tener a una experta en selecci\u00f3n de personal trabajando para ti las 24 horas? En esta sesi\u00f3n din\u00e1mica y 100% pr\u00e1ctica, Mamen Blanco te ense\u00f1ar\u00e1 a convertir la IA en tu mejor aliada para que tu perfil profesional destaque por encima del resto.<\/p>\n<p class=\"p8\">Olv\u00eddate de las teor\u00edas: vamos a ver herramientas reales y estrategias que puedes aplicar desde hoy mismo para acelerar tu carrera:<\/p>\n<ul class=\"ul1\">\n<li class=\"li2\"><span class=\"s2\"><\/span>B\u00fasqueda de Empleo Inteligente: optimiza tu CV en segundos, redacta cartas de presentaci\u00f3n que impacten y entrena entrevistas reales con modelos de IA que simulan a un equipo de reclutamiento (\u00a1incluidas las preguntas trampa!).<\/li>\n<li class=\"li2\"><span class=\"s2\"><\/span>Investigaci\u00f3n de Mercado de \u00c9lite: analiza empresas, cultura y salarios como un\/a profesional de la consultor\u00eda para decidir d\u00f3nde quieres trabajar realmente.<\/li>\n<li class=\"li2\"><span class=\"s2\"><\/span>Marca Personal de Alto Impacto: crea una propuesta de valor \u00fanica, mejora tu imagen profesional y genera contenido que te haga visible ante las empresas.<\/li>\n<li class=\"li2\"><span class=\"s2\"><\/span>Aprendizaje Acelerado: utiliza la IA como tu mentor personal para dominar idiomas y nuevas competencias en tiempo r\u00e9cord.<\/li>\n<li class=\"li8\"><span class=\"s2\"><\/span>Futuro Profesional: descubre las nuevas profesiones que est\u00e1n naciendo y dise\u00f1a tu propio plan de acci\u00f3n para que la tecnolog\u00eda juegue siempre a tu favor.<\/li>\n<\/ul>\n<p>&nbsp;<\/p>\n<p class=\"p9\"><b>\u00a1Es el momento de actualizar tu mentalidad y liderar el cambio tecnol\u00f3gico en tu sector!<\/b><\/p>\n<h3 class=\"p1\"><b><span style=\"color: #339966;\">19 marzo. 12.00-13.00h. <\/span><\/b><\/h3>\n<h3 class=\"p1\"><b><span style=\"color: #339966;\">Del Aula al Mundo Laboral: Gu\u00eda de Permisos y Residencia para Talento Internacional<\/span><span class=\"Apple-converted-space\"><span style=\"color: #339966;\">\u00a0<\/span> \u00a0<\/span><\/b><\/h3>\n<p class=\"p2\"><b>Ponente: In\u00e9s Rubio | Vocal del Colegio Oficial de Graduados Sociales de Asturias y Socia de Legis Abogados<\/b><\/p>\n<p class=\"p2\">\u00bfHas finalizado tus estudios en la Universidad de Oviedo y quieres iniciar tu trayectoria profesional en Espa\u00f1a? \u00bfBuscas compaginar tu formaci\u00f3n actual con una oportunidad laboral? Los tr\u00e1mites de extranjer\u00eda no tienen por qu\u00e9 ser una barrera para tu talento.<\/p>\n<p class=\"p2\">En este taller pr\u00e1ctico, In\u00e9s Rubio, experta en derecho laboral y extranjer\u00eda, te explicar\u00e1 de forma clara y sencilla las v\u00edas legales para que puedas desarrollar tu carrera con todas las garant\u00edas. Analizaremos las opciones que mejor se adaptan a tu situaci\u00f3n personal:<\/p>\n<ul class=\"ul1\">\n<li class=\"li2\"><span class=\"s2\"><\/span>Tu etapa como estudiante: c\u00f3mo aprovechar los permisos para realizar pr\u00e1cticas curriculares y extracurriculares.<\/li>\n<li class=\"li2\"><span class=\"s2\"><\/span>B\u00fasqueda de empleo: claves del permiso de residencia dise\u00f1ado espec\u00edficamente para buscar trabajo tras la titulaci\u00f3n.<\/li>\n<li class=\"li2\"><span class=\"s2\"><\/span>V\u00edas de especializaci\u00f3n: autorizaciones para la investigaci\u00f3n y para la realizaci\u00f3n de pr\u00e1cticas no laborales.<\/li>\n<li class=\"li2\"><span class=\"s2\"><\/span>Nuevas oportunidades: entenderemos qu\u00e9 es el arraigo formativo y c\u00f3mo puede ayudarte a regularizar tu situaci\u00f3n a trav\u00e9s de la formaci\u00f3n.<\/li>\n<li class=\"li2\"><span class=\"s2\"><\/span>Pasos a seguir: hoja de ruta para realizar la transici\u00f3n de la estancia por estudios al permiso de residencia y trabajo.<\/li>\n<\/ul>\n<p class=\"p4\"><b>\u00a1Despeja tus dudas legales y c\u00e9ntrate en lo que de verdad importa: tu futuro profesional!<\/b><\/p>\n<p class=\"p10\"><b><\/b><\/p>\n<h3 class=\"p1\"><span style=\"color: #339966;\"><b>19 marzo. 16.30-18.30h. <\/b><\/span><\/h3>\n<h3 class=\"p1\"><span style=\"color: #339966;\"><b>Jornada final\u00a0<\/b><a href=\"https:\/\/www.unioviinnovationskills.es\/\" style=\"color: #339966;\"><span class=\"s4\"><b>Proyecto Uniovi Innovation Skills<\/b><\/span><\/a><\/span><\/h3>\n<p class=\"p11\">El Foro de Empleo acoge de nuevo la fase final de este proyecto, una iniciativa dise\u00f1ada para conectar el talento del estudiantado con las necesidades reales del tejido empresarial asturiano. Tras semanas de trabajo multidisciplinar, los equipos finalistas presentan sus propuestas ante un jurado experto y las empresas participantes.<\/p>\n<p class=\"p11\">El acto ser\u00e1 conducido por<span>\u00a0<\/span><a href=\"https:\/\/www.linkedin.com\/in\/kikeriesgo\/\"><span class=\"s1\"><b>Kike Riesgo<\/b><\/span><\/a><span>\u00a0<\/span>(Fida Consultores) y contar\u00e1 con la exposici\u00f3n de soluciones para los siguientes retos estrat\u00e9gicos de:<\/p>\n<ul class=\"ul1\">\n<li class=\"li12\"><span class=\"s2\"><\/span>Reto Grupo ArcelorMittal<\/li>\n<li class=\"li12\"><span class=\"s2\"><\/span>Reto Castroalonso Asesores<\/li>\n<li class=\"li12\"><span class=\"s2\"><\/span>Reto Grupo Espiral Ms<\/li>\n<li class=\"li12\"><span class=\"s5\"><\/span>Reto Sotysolar<\/li>\n<\/ul>\n<p>[\/et_pb_accordion_item][\/et_pb_accordion][\/et_pb_column][\/et_pb_row][et_pb_row use_custom_gutter=\u00bbon\u00bb gutter_width=\u00bb1&#8243; make_equal=\u00bbon\u00bb module_class=\u00bbtres-columnas\u00bb _builder_version=\u00bb4.16&#8243; _module_preset=\u00bbdefault\u00bb width=\u00bb90%\u00bb max_width=\u00bb90%\u00bb custom_margin=\u00bb10px|auto|40px|auto|false|false\u00bb custom_padding=\u00bb0px||0px||true|false\u00bb global_colors_info=\u00bb{}\u00bb][et_pb_column type=\u00bb4_4&#8243; _builder_version=\u00bb4.16&#8243; _module_preset=\u00bbdefault\u00bb global_colors_info=\u00bb{}\u00bb][et_pb_accordion open_toggle_background_color=\u00bbRGBA(255,255,255,0)\u00bb closed_toggle_background_color=\u00bbRGBA(255,255,255,0)\u00bb toggle_icon=\u00bb&#x22;||divi||400&#8243; icon_color=\u00bb#000000&#8243; use_icon_font_size=\u00bbon\u00bb icon_font_size=\u00bb32px\u00bb _builder_version=\u00bb4.27.4&#8243; _module_preset=\u00bbdefault\u00bb toggle_text_color=\u00bb#1b1b1b\u00bb toggle_font=\u00bbAlmarai|700|||||||\u00bb toggle_font_size=\u00bb50px\u00bb toggle_line_height=\u00bb1.2em\u00bb body_font=\u00bbLato||||||||\u00bb body_text_color=\u00bb#000000&#8243; body_font_size=\u00bb18px\u00bb body_line_height=\u00bb1.6em\u00bb background_enable_color=\u00bboff\u00bb custom_margin=\u00bb30px||||false|false\u00bb toggle_font_size_tablet=\u00bb32px\u00bb toggle_font_size_phone=\u00bb20px\u00bb toggle_font_size_last_edited=\u00bbon|desktop\u00bb body_font_size_tablet=\u00bb16px\u00bb body_font_size_phone=\u00bb14px\u00bb body_font_size_last_edited=\u00bbon|desktop\u00bb border_width_all=\u00bb0px\u00bb global_colors_info=\u00bb{%22gcid-2739a123-5e26-4669-a77f-62833b73033a%22:%91%22header_2_text_color%22,%22toggle_text_color%22%93,%22gcid-c609dac7-62ed-45e4-8b50-ceb0013ca03d%22:%91%22background_color%22%93}\u00bb][et_pb_accordion_item title=\u00bbINHABILITADO\u00bb open=\u00bbon\u00bb _builder_version=\u00bb4.24.1&#8243; _module_preset=\u00bbdefault\u00bb custom_css_main_element=\u00bbdisplay:none\u00bb global_colors_info=\u00bb{}\u00bb][\/et_pb_accordion_item][et_pb_accordion_item title=\u00bbActividades y Talleres\u00bb open_toggle_text_color=\u00bb#000000&#8243; open_toggle_background_color=\u00bbgcid-c609dac7-62ed-45e4-8b50-ceb0013ca03d\u00bb closed_toggle_background_color=\u00bbgcid-primary-color\u00bb _builder_version=\u00bb4.27.4&#8243; _module_preset=\u00bbdefault\u00bb body_link_text_color=\u00bbgcid-9b3fdd7f-77b8-4cfd-bc05-605d46624de0&#8243; custom_margin=\u00bb||10px||false|false\u00bb custom_padding=\u00bb20px|30px|20px|30px|true|true\u00bb custom_padding_tablet=\u00bb20px|30px|20px|30px|true|true\u00bb custom_padding_phone=\u00bb20px|20px|20px|20px|true|true\u00bb custom_padding_last_edited=\u00bbon|phone\u00bb border_radii=\u00bbon|50px|50px|50px|50px\u00bb global_colors_info=\u00bb{%22gcid-9b3fdd7f-77b8-4cfd-bc05-605d46624de0%22:%91%22body_link_text_color%22%93,%22gcid-c609dac7-62ed-45e4-8b50-ceb0013ca03d%22:%91%22open_toggle_background_color%22%93,%22gcid-primary-color%22:%91%22closed_toggle_background_color%22%93}\u00bb toggle_text_color=\u00bb#FFFFFF\u00bb open=\u00bboff\u00bb]<\/p>\n<p class=\"p1\"><span class=\"s1\"><b>Haz que tu paso por el Foro cuente.<\/b><\/span> M\u00e1s all\u00e1 de los stands y el programa de conferencias, queremos que \u00e9ste sea tambi\u00e9n tu espacio para experimentar y crecer. Hemos dise\u00f1ado un programa de talleres y actividades pr\u00e1cticas para que entrenes tus habilidades, pierdas el miedo y salgas de aqu\u00ed con las herramientas necesarias para comerte el mundo laboral. <span class=\"s1\"><b>\u00a1Es el momento de pasar a la acci\u00f3n!<\/b><\/span><\/p>\n<p class=\"p1\"><span class=\"s1\"><b><\/b><\/span><\/p>\n<p class=\"p2\"><span class=\"s2\">\ud83c\udfaf<\/span><b> ZONA \u201cBRANDING POINT\u201d<\/b><\/p>\n<p class=\"p2\"><b><\/b><\/p>\n<p class=\"p3\">En un mercado laboral cada vez m\u00e1s competitivo, no s\u00f3lo cuenta la formaci\u00f3n: <b>la marca personal es la clave<\/b>. Esta marca es la huella que dejas en quienes buscan nuevas incorporaciones; es esa imagen coherente y profesional que proyectas en tus redes, en el curr\u00edculum y en cada entrevista.<\/p>\n<p class=\"p3\">Sabemos que dar el salto al mundo profesional genera retos, y por eso en el Foro de Empleo de la Universidad de Oviedo queremos que cuentes con las mejores herramientas. En la ZONA \u201cBRANDING POINT\u201d, dispondr\u00e1s de servicios estrat\u00e9gicos para que cada perfil destaque con luz propia.<\/p>\n<p class=\"p4\"><b><\/b><\/p>\n<p class=\"p3\">Ac\u00e9rcate y aprovecha estos servicios exclusivos para asistentes al Foro:<\/p>\n<p class=\"p3\"><span class=\"s3\">\ud83d\udd0d<\/span><span class=\"s4\"><b> Check-up de tu CV:<\/b><\/span> personal experto en RRHH de las entidades participantes en el Foro revisar\u00e1n tu curr\u00edculum cara a cara para ayudarte a resaltar tus puntos fuertes y eliminar lo que sobra.<\/p>\n<p class=\"p3\"><span class=\"s3\">\ud83c\udf10<\/span><span class=\"s4\"><b> Auditor\u00eda de LinkedIn:<\/b><\/span> tu perfil digital es tu carta de presentaci\u00f3n 24\/7. Deja que profesionales del sector te den los tips definitivos para que el algoritmo y los equipos de selecci\u00f3n te encuentren.<\/p>\n<p class=\"p3\"><span class=\"s3\">\ud83d\udcf8<\/span><span class=\"s4\"><b> Foto de Perfil Profesional:<\/b><\/span> olv\u00eddate de im\u00e1genes poco adecuadas. Contaremos con un servicio de fotograf\u00eda para que te lleves una imagen impecable y profesional.<\/p>\n<p class=\"p5\"><b>\u00a1Aprovecha y potencia tu perfil gratis! Define tu marca, marca la diferencia.<\/b><\/p>\n<p class=\"p5\"><b><\/b><\/p>\n<p class=\"p2\"><span class=\"s2\">\ud83c\udfaf<\/span><b> ZONA \u201cINTERVIEW SKILLS POINT\u201d<\/b><\/p>\n<p class=\"p2\"><b><\/b><\/p>\n<p class=\"p3\">\u00bfTe pones de los nervios ante una entrevista? \u00bfNo sabes c\u00f3mo destacar tu potencial en pocos minutos? En esta zona estrat\u00e9gica del Foro, te ofrecemos dos experiencias din\u00e1micas para que practiques en un entorno real y seguro.<span class=\"s5\"> <\/span>Entrena tus habilidades y supera cualquier entrevista de trabajo.<\/p>\n<p class=\"p7\"><span class=\"s6\"><b>1. Speed Job Dating: El reto de los 10 minutos<\/b><\/span><\/p>\n<p class=\"p8\">Pon a prueba tu capacidad de s\u00edntesis y comunicaci\u00f3n en un formato de \u00abcitas r\u00e1pidas\u00bb profesionales.<\/p>\n<p class=\"p3\"><b>\u00bfEn qu\u00e9 consiste?<\/b><\/p>\n<p class=\"p10\">Pasar\u00e1s por <b>10 puntos de entrevista distintos<\/b> en una sola hora en los que conocer\u00e1s al personal de selecci\u00f3n de las empresas y entidades del Foro.<\/p>\n<ul class=\"ul1\">\n<li class=\"li10\"><span class=\"s7\"><\/span><b>La din\u00e1mica:<\/b> un marcador de tiempo sonar\u00e1 cada <b>10 minutos<\/b>. En ese momento, cambiar\u00e1s al puesto contiguo para enfrentarte a un nuevo estilo de entrevista con una persona diferente experta selecci\u00f3n.<\/li>\n<li class=\"li10\"><span class=\"s7\"><\/span><b>El objetivo:<\/b> entrenar tu <i>elevator pitch<\/i> (presentaci\u00f3n de impacto) y aprender a responder preguntas complejas o \u00abcon trampa\u00bb.<\/li>\n<li class=\"li10\"><span class=\"s7\"><\/span><b>Feedback inmediato:<\/b> los \u00faltimos minutos de cada micro-entrevista se reservan para que recibas consejos de mejora directos de profesionales de RRHH.<\/li>\n<\/ul>\n<p class=\"p8\"><span class=\"s8\">\ud83d\udca1<\/span><span class=\"s1\"><b> Consejo de experto\/a:<\/b><\/span> Prep\u00e1rate bien. Es el momento ideal para practicar c\u00f3mo te defiendes bajo presi\u00f3n.<\/p>\n<p class=\"p7\"><span class=\"s6\"><b>2. Entrevistas Inversas: T\u00fa tomas el control<\/b><\/span><\/p>\n<p class=\"p10\">\u00bfAlguna vez has querido preguntar a una empresa sin filtros? Aqu\u00ed, t\u00fa tendr\u00e1s el control: convi\u00e9rtete en quien entrevista a las empresas.<\/p>\n<p class=\"p10\">Es la oportunidad perfecta para conocer a fondo la actividad de las entidades participantes en el Foro de Empleo, sus condiciones laborales y qu\u00e9 buscan realmente en el talento joven.<\/p>\n<ul class=\"ul1\">\n<li class=\"li10\"><span class=\"s9\"><\/span><b>Organizaci\u00f3n por sectores:<\/b> Las sesiones se agrupan seg\u00fan tu perfil (T\u00e9cnico, Socio-Jur\u00eddico\/Humanidades o Ciencias) para que hables con empresas de tu sector de inter\u00e9s.<\/li>\n<li class=\"li10\"><span class=\"s9\"><\/span><b>La din\u00e1mica:<\/b> Sesiones de una hora con <b>3 entrevistas de 20 minutos<\/b> cada una. Conocer\u00e1s a fondo a 3 empresas diferentes que demandan perfiles como el tuyo.<\/li>\n<li class=\"li1\"><span class=\"s9\"><\/span><b>Taller previo de preparaci\u00f3n:<\/b> Para que tus preguntas sean clave y demuestres tu conocimiento de cada empresa y sector, personal de orientaci\u00f3n laboral de la organizaci\u00f3n impartir\u00e1 un taller gratuito online antes del Foro. \u00a1Tus habilidades comunicativas marcar\u00e1n la diferencia!<\/li>\n<\/ul>\n<p>&nbsp;<\/p>\n<p class=\"p2\"><span class=\"s2\">\u2615<\/span><b> ESPACIO \u201cUN CAF\u00c9 CON\u2026\u201d<\/b><\/p>\n<p class=\"p2\"><b><\/b><\/p>\n<p class=\"p3\">Conecta con las empresas en un ambiente distendido. Olvida las barreras de una oficina o de una gran sala de conferencias. En este espacio el objetivo es acercar el talento universitario a las organizaciones en un entorno c\u00f3modo, visible y, sobre todo, muy cercano. Entra, escucha y participa de forma espont\u00e1nea.<\/p>\n<p class=\"p3\"><b>\u00bfQu\u00e9 encontrar\u00e1s en estas sesiones?<\/b><\/p>\n<p class=\"p10\">Es la oportunidad perfecta para charlar con quienes lideran las empresas m\u00e1s destacadas mientras compart\u00eds un caf\u00e9. En sesiones din\u00e1micas de <b>20 minutos<\/b>, podr\u00e1s:<\/p>\n<ul class=\"ul1\">\n<li class=\"li10\"><span class=\"s7\"><\/span><b>Conocer las vacantes:<\/b> descubre de primera mano qu\u00e9 puestos ofertan y c\u00f3mo son sus procesos de selecci\u00f3n.<\/li>\n<li class=\"li10\"><span class=\"s7\"><\/span><b>Interactuar sin filtros:<\/b> pregunta sobre su actividad diaria y cultura corporativa en un grupo reducido y de manera informal.<\/li>\n<li class=\"li3\"><span class=\"s7\"><\/span><b>Di\u00e1logo directo:<\/b> un espacio dise\u00f1ado para el intercambio de opiniones, donde tu voz cuenta tanto como la de la empresa.<\/li>\n<\/ul>\n<p class=\"p3\"><span class=\"s10\">\ud83d\udccd<\/span><b> Ubicaci\u00f3n y Din\u00e1mica<\/b><\/p>\n<p class=\"p10\">El espacio \u00abUn caf\u00e9 con&#8230;\u00bb ocupa una <b>posici\u00f3n central y privilegiada<\/b> dentro de la Feria de Empresas. No tiene p\u00e9rdida: b\u00fascalo entre los stands Platino, justo detr\u00e1s del stand de la FUO.<\/p>\n<p class=\"p1\">El espacio est\u00e1 preparado para albergar a unas <b>40 personas sentadas<\/b>, por lo que ser\u00e1 necesario que reserves tu plaza con antelaci\u00f3n, aunque si te animas a \u00faltima hora, \u00a1siempre habr\u00e1 sitio para participar de pie!<\/p>\n<p class=\"p2\"><span class=\"s2\">\u2795<\/span><b> Y ADEM\u00c1S&#8230; \u00a1NO TE PIERDAS NINGUNA OPORTUNIDAD!<\/b><\/p>\n<p class=\"p2\"><b><\/b><\/p>\n<p class=\"p12\">Queremos que aproveches cada minuto para conectar con tu futuro y, de paso, \u00a1que tu proactividad tenga premio!<\/p>\n<p class=\"p7\"><span class=\"s6\"><b>Encuentra tu oportunidad: Ofertas en la Web<\/b><\/span><\/p>\n<p class=\"p10\">No esperes al d\u00eda del evento para conocer qu\u00e9 buscan las empresas. A trav\u00e9s de nuestra web, las entidades participantes que lo deseen difundir\u00e1n sus <b>ofertas de empleo y pr\u00e1cticas<\/b>.<span class=\"s5\"> <\/span><\/p>\n<p class=\"p10\">Para que tu paso por los stands sea realmente efectivo, te recomendamos consultar previamente el cat\u00e1logo de ofertas profesionales (empleo y pr\u00e1cticas) que las empresas han publicado.<span class=\"s5\"> <\/span>Busca en esta web el apartado \u201cOportunidades profesionales del 23 Foro de Empleo\u201d. Saber qu\u00e9 perfiles buscan las empresas te permitir\u00e1 dirigir tus preguntas con mayor precisi\u00f3n y demostrar un inter\u00e9s real que te har\u00e1 destacar frente al resto.<\/p>\n<p class=\"p10\"><b>Consejo:<\/b> Revisa la secci\u00f3n de ofertas peri\u00f3dicamente; cuanto antes las consultes, mejor podr\u00e1s preparar tu visita.<\/p>\n<p class=\"p7\"><span class=\"s6\"><b>Tu interacci\u00f3n tiene recompensa: Pasaporte al Empleo<\/b><\/span><\/p>\n<p class=\"p10\">No te limites a mirar desde lejos; acercarte a las empresas y mostrar inter\u00e9s por su actividad y los perfiles que buscan tiene premio.<\/p>\n<p class=\"p10\">Al entrar Foro, recibir\u00e1s tu <b>Pasaporte al Empleo<\/b>, una din\u00e1mica dise\u00f1ada para incentivar el contacto directo con las empresas en todas las \u00e1reas del Foro.<\/p>\n<p class=\"p8\"><b>\u00bfC\u00f3mo funciona la din\u00e1mica?<\/b><\/p>\n<ol class=\"ol1\">\n<li class=\"li10\"><b>Explora y pregunta:<\/b> El espacio est\u00e1 dividido en 8 zonas identificadas por colores y n\u00fameros. Visita las diferentes zonas y charla con el personal de selecci\u00f3n sobre sus vacantes, su cultura corporativa, sus proyectos&#8230;<\/li>\n<li class=\"li10\"><b>Sella tu paso:<\/b> Tu inter\u00e9s y proactividad ser\u00e1n validados con una pegatina en cada zona que visites.<\/li>\n<li class=\"li3\"><b>Gana premios:<\/b> Completar el recorrido por todos los sectores no s\u00f3lo ampliar\u00e1 tus horizontes profesionales, sino que te permitir\u00e1 participar en el sorteo de 2 premios de 300 euros que se sortear\u00e1n al final de cada d\u00eda del evento (uno cada d\u00eda).<\/li>\n<\/ol>\n<p class=\"p13\">Una vez tengas todos los sellos, deposita tu pasaporte en la urna del stand de la FUO. \u00a1As\u00ed de f\u00e1cil!<\/p>\n<p class=\"p4\"><b><\/b><\/p>\n<p class=\"p3\"><b>\u00bfPor qu\u00e9 participar?<\/b><\/p>\n<ul class=\"ul1\">\n<li class=\"li10\"><span class=\"s7\"><\/span><b>Visibilidad:<\/b> Es la excusa perfecta para romper el hielo y hablar directamente con el personal de RRHH de empresas que quiz\u00e1s no conoc\u00edas.<\/li>\n<li class=\"li10\"><span class=\"s7\"><\/span><b>Interacci\u00f3n real:<\/b> Sin entrevistas formales ni tiempos m\u00ednimos; t\u00fa marcas el ritmo de tu visita.<\/li>\n<li class=\"li10\"><span class=\"s7\"><\/span><b>Premios:<\/b> Valoramos tu inter\u00e9s por conocer todo el ecosistema profesional del Foro.<\/li>\n<\/ul>\n<p>[\/et_pb_accordion_item][\/et_pb_accordion][\/et_pb_column][\/et_pb_row][\/et_pb_section][et_pb_section fb_built=\u00bb1&#8243; admin_label=\u00bbSection\u00bb module_id=\u00bbtransporte22&#8243; _builder_version=\u00bb4.27.4&#8243; _module_preset=\u00bbdefault\u00bb background_color=\u00bbgcid-c609dac7-62ed-45e4-8b50-ceb0013ca03d\u00bb custom_margin=\u00bb0px||0px||true|false\u00bb custom_padding=\u00bb0px||0px||true|false\u00bb da_popup_slug=\u00bbtransporte22&#8243; da_exit_intent=\u00bbon\u00bb da_disable_devices=\u00bboff|off|off\u00bb global_colors_info=\u00bb{%22gcid-c609dac7-62ed-45e4-8b50-ceb0013ca03d%22:%91%22background_color%22%93}\u00bb da_is_popup=\u00bboff\u00bb da_has_close=\u00bbon\u00bb da_alt_close=\u00bboff\u00bb da_dark_close=\u00bboff\u00bb da_not_modal=\u00bbon\u00bb da_is_singular=\u00bboff\u00bb da_with_loader=\u00bboff\u00bb da_has_shadow=\u00bbon\u00bb][et_pb_row use_custom_gutter=\u00bbon\u00bb gutter_width=\u00bb1&#8243; make_equal=\u00bbon\u00bb module_class=\u00bb et_pb_row_fullwidth\u00bb _builder_version=\u00bb4.24.1&#8243; background_enable_color=\u00bboff\u00bb background_enable_image=\u00bboff\u00bb background_position=\u00bbtop_left\u00bb background_repeat=\u00bbrepeat\u00bb width=\u00bb100%\u00bb width_tablet=\u00bb100%\u00bb width_phone=\u00bb100%\u00bb width_last_edited=\u00bbon|desktop\u00bb max_width=\u00bb100%\u00bb max_width_tablet=\u00bb100%\u00bb max_width_phone=\u00bb100%\u00bb max_width_last_edited=\u00bbon|desktop\u00bb custom_margin=\u00bb0px||0px||true|false\u00bb custom_padding=\u00bb0px||0px|||\u00bb animation_style=\u00bbslide\u00bb animation_direction=\u00bbtop\u00bb animation_intensity_slide=\u00bb3%\u00bb make_fullwidth=\u00bbon\u00bb global_colors_info=\u00bb{%22gcid-db099cfc-7ed3-45a8-a419-928092ad42f0%22:%91%22background_color%22%93}\u00bb][et_pb_column type=\u00bb4_4&#8243; _builder_version=\u00bb4.24.1&#8243; custom_padding=\u00bb10%|8%|0px|8%|false|false\u00bb global_colors_info=\u00bb{}\u00bb custom_padding__hover=\u00bb|||\u00bb][et_pb_icon font_icon=\u00bb&#xf207;||fa||900&#8243; icon_color=\u00bbgcid-primary-color\u00bb icon_width=\u00bb41px\u00bb _builder_version=\u00bb4.27.4&#8243; _module_preset=\u00bbdefault\u00bb custom_margin=\u00bb||10px||false|false\u00bb global_colors_info=\u00bb{%22gcid-primary-color%22:%91%22icon_color%22%93}\u00bb][\/et_pb_icon][et_pb_text _builder_version=\u00bb4.27.4&#8243; text_font=\u00bbMontserrat|500|||||||\u00bb text_text_color=\u00bb#353740&#8243; text_font_size=\u00bb16px\u00bb background_size=\u00bbinitial\u00bb background_position=\u00bbtop_left\u00bb background_repeat=\u00bbrepeat\u00bb text_orientation=\u00bbcenter\u00bb custom_margin=\u00bb||0px||false|false\u00bb custom_padding=\u00bb||0px||false|false\u00bb animation_style=\u00bbslide\u00bb animation_direction=\u00bbbottom\u00bb locked=\u00bboff\u00bb global_colors_info=\u00bb{}\u00bb]<\/p>\n<h3 style=\"font-weight: 400; text-align: center;\"><strong>SERVICIO GRATUITO DE AUTOBUSES DESDE CAMPUS DE GIJ\u00d3N Y MIERES<\/strong><\/h3>\n<h3 style=\"font-weight: 400; text-align: center;\"><strong>D\u00edas 18 y 19 de marzo<\/strong><\/h3>\n<p>[\/et_pb_text][\/et_pb_column][\/et_pb_row][et_pb_row column_structure=\u00bb1_2,1_2&#8243; use_custom_gutter=\u00bbon\u00bb gutter_width=\u00bb1&#8243; make_equal=\u00bbon\u00bb module_class=\u00bb et_pb_row_fullwidth\u00bb _builder_version=\u00bb4.27.4&#8243; background_enable_color=\u00bboff\u00bb background_enable_image=\u00bboff\u00bb background_position=\u00bbtop_left\u00bb background_repeat=\u00bbrepeat\u00bb width_tablet=\u00bb100%\u00bb width_phone=\u00bb100%\u00bb width_last_edited=\u00bbon|desktop\u00bb max_width=\u00bb80%\u00bb max_width_tablet=\u00bb100%\u00bb max_width_phone=\u00bb100%\u00bb max_width_last_edited=\u00bbon|desktop\u00bb custom_padding=\u00bb0px||10%||false|false\u00bb animation_style=\u00bbslide\u00bb animation_direction=\u00bbtop\u00bb animation_intensity_slide=\u00bb3%\u00bb make_fullwidth=\u00bbon\u00bb global_colors_info=\u00bb{%22gcid-db099cfc-7ed3-45a8-a419-928092ad42f0%22:%91%22background_color%22%93}\u00bb][et_pb_column type=\u00bb1_2&#8243; _builder_version=\u00bb4.24.1&#8243; custom_padding=\u00bb3%||0px||false|false\u00bb global_colors_info=\u00bb{}\u00bb custom_padding__hover=\u00bb|||\u00bb][et_pb_text _builder_version=\u00bb4.27.4&#8243; text_font=\u00bbMontserrat|500|||||||\u00bb text_text_color=\u00bb#353740&#8243; text_font_size=\u00bb16px\u00bb background_size=\u00bbinitial\u00bb background_position=\u00bbtop_left\u00bb background_repeat=\u00bbrepeat\u00bb text_orientation=\u00bbcenter\u00bb custom_margin=\u00bb||20px||false|false\u00bb custom_padding=\u00bb||0px||false|false\u00bb animation_style=\u00bbslide\u00bb animation_direction=\u00bbbottom\u00bb locked=\u00bboff\u00bb global_colors_info=\u00bb{}\u00bb]<\/p>\n<h3 style=\"font-weight: 400; text-align: center;\"><strong style=\"font-size: 22px;\">Mi\u00e9rcoles 18 de marzo<\/strong><\/h3>\n<p>[\/et_pb_text][et_pb_text _builder_version=\u00bb4.24.1&#8243; text_font=\u00bbMontserrat|500||on|||||\u00bb text_text_color=\u00bb#353740&#8243; text_font_size=\u00bb16px\u00bb text_letter_spacing=\u00bb3px\u00bb background_size=\u00bbinitial\u00bb background_position=\u00bbtop_left\u00bb background_repeat=\u00bbrepeat\u00bb text_orientation=\u00bbcenter\u00bb custom_margin=\u00bb10px||10px||true|false\u00bb custom_padding=\u00bb10px||0px||false|false\u00bb animation_style=\u00bbslide\u00bb animation_direction=\u00bbbottom\u00bb border_width_top=\u00bb2px\u00bb locked=\u00bboff\u00bb global_colors_info=\u00bb{}\u00bb]<\/p>\n<p><strong> CAMPUS VIESQUES-RECINTO FERIAL <\/strong><\/p>\n<p>[\/et_pb_text][et_pb_text _builder_version=\u00bb4.27.4&#8243; text_font=\u00bbMontserrat||||\u00bb text_text_color=\u00bb#353740&#8243; header_font=\u00bb||||||||\u00bb background_size=\u00bbinitial\u00bb background_position=\u00bbtop_left\u00bb background_repeat=\u00bbrepeat\u00bb text_orientation=\u00bbcenter\u00bb custom_margin=\u00bb||0px||false|false\u00bb animation_style=\u00bbslide\u00bb animation_direction=\u00bbtop\u00bb animation_intensity_slide=\u00bb17%\u00bb locked=\u00bboff\u00bb global_colors_info=\u00bb{}\u00bb]<\/p>\n<p><strong>IDA<\/strong><br \/>Salida desde campus de Gij\u00f3n <strong>09.30h.<\/strong><\/p>\n<p>[\/et_pb_text][et_pb_button button_url=\u00bbhttps:\/\/docs.google.com\/forms\/d\/e\/1FAIpQLSd4NcU7L0crdT3_6oJuZ9qKPtdjYsPZ7rs7oZtTGkOzA1MwKg\/viewform\u00bb url_new_window=\u00bbon\u00bb button_text=\u00bbReservar\u00bb button_alignment=\u00bbcenter\u00bb _builder_version=\u00bb4.27.4&#8243; custom_button=\u00bbon\u00bb button_text_color=\u00bbgcid-primary-color\u00bb button_border_width=\u00bb4px\u00bb button_border_color=\u00bbgcid-primary-color\u00bb button_border_radius=\u00bb100px\u00bb button_letter_spacing=\u00bb2px\u00bb button_font=\u00bbMontserrat|on||on|\u00bb button_icon=\u00bb&#x45;||divi||400&#8243; custom_margin=\u00bb||20px||false|false\u00bb animation_style=\u00bbfade\u00bb button_text_color_hover=\u00bb#ffffff\u00bb button_border_color_hover=\u00bb#ffffff\u00bb button_letter_spacing_hover=\u00bb2px\u00bb button_bg_color_hover=\u00bbrgba(0,0,0,0)\u00bb locked=\u00bboff\u00bb global_colors_info=\u00bb{%22gcid-9b3fdd7f-77b8-4cfd-bc05-605d46624de0%22:%91%22button_border_color__hover%22,%22button_text_color__hover%22%93,%22gcid-primary-color%22:%91%22button_text_color%22,%22button_border_color%22%93}\u00bb button_text_size__hover_enabled=\u00bboff\u00bb button_one_text_size__hover_enabled=\u00bboff\u00bb button_two_text_size__hover_enabled=\u00bboff\u00bb button_text_color__hover_enabled=\u00bbon|hover\u00bb button_text_color__hover=\u00bb#82006f\u00bb button_one_text_color__hover_enabled=\u00bboff\u00bb button_two_text_color__hover_enabled=\u00bboff\u00bb button_border_width__hover_enabled=\u00bboff\u00bb button_one_border_width__hover_enabled=\u00bboff\u00bb button_two_border_width__hover_enabled=\u00bboff\u00bb button_border_color__hover_enabled=\u00bbon\u00bb button_border_color__hover=\u00bb#82006f\u00bb button_one_border_color__hover_enabled=\u00bboff\u00bb button_two_border_color__hover_enabled=\u00bboff\u00bb button_border_radius__hover_enabled=\u00bboff\u00bb button_one_border_radius__hover_enabled=\u00bboff\u00bb button_two_border_radius__hover_enabled=\u00bboff\u00bb button_letter_spacing__hover_enabled=\u00bbon\u00bb button_letter_spacing__hover=\u00bb2px\u00bb button_one_letter_spacing__hover_enabled=\u00bboff\u00bb button_two_letter_spacing__hover_enabled=\u00bboff\u00bb button_bg_color__hover_enabled=\u00bbon\u00bb button_bg_color__hover=\u00bbrgba(0,0,0,0)\u00bb button_one_bg_color__hover_enabled=\u00bboff\u00bb button_two_bg_color__hover_enabled=\u00bboff\u00bb][\/et_pb_button][et_pb_text _builder_version=\u00bb4.24.1&#8243; text_font=\u00bbMontserrat|500||on|||||\u00bb text_text_color=\u00bb#353740&#8243; text_font_size=\u00bb16px\u00bb text_letter_spacing=\u00bb3px\u00bb background_size=\u00bbinitial\u00bb background_position=\u00bbtop_left\u00bb background_repeat=\u00bbrepeat\u00bb text_orientation=\u00bbcenter\u00bb custom_margin=\u00bb10px||10px||true|false\u00bb custom_padding=\u00bb10px||0px||false|false\u00bb animation_style=\u00bbslide\u00bb animation_direction=\u00bbbottom\u00bb border_width_top=\u00bb2px\u00bb locked=\u00bboff\u00bb global_colors_info=\u00bb{}\u00bb]<\/p>\n<p><strong>MIERES-OVIEDO-GIJ\u00d3N<\/strong><\/p>\n<p>[\/et_pb_text][et_pb_text _builder_version=\u00bb4.27.4&#8243; text_font=\u00bbMontserrat||||\u00bb text_text_color=\u00bb#353740&#8243; header_font=\u00bb||||||||\u00bb background_size=\u00bbinitial\u00bb background_position=\u00bbtop_left\u00bb background_repeat=\u00bbrepeat\u00bb text_orientation=\u00bbcenter\u00bb custom_margin=\u00bb||0px||false|false\u00bb animation_style=\u00bbslide\u00bb animation_direction=\u00bbtop\u00bb animation_intensity_slide=\u00bb17%\u00bb locked=\u00bboff\u00bb global_colors_info=\u00bb{}\u00bb]<\/p>\n<p><strong>IDA y\/o VUELTA<\/strong><br \/>Salida desde campus de Barredo <strong><\/strong><strong>08.30h.<br \/><\/strong>Regreso desde recinto ferial <strong>14.15h.<\/strong><\/p>\n<p>[\/et_pb_text][et_pb_button button_url=\u00bbhttps:\/\/docs.google.com\/forms\/d\/e\/1FAIpQLSfe2nexFeafM97wn1mlLvCXTTeUuev_C2yUGRMWuOWAROpEKg\/viewform\u00bb url_new_window=\u00bbon\u00bb button_text=\u00bbReservar\u00bb button_alignment=\u00bbcenter\u00bb _builder_version=\u00bb4.27.4&#8243; custom_button=\u00bbon\u00bb button_text_color=\u00bbgcid-primary-color\u00bb button_border_width=\u00bb4px\u00bb button_border_color=\u00bbgcid-primary-color\u00bb button_border_radius=\u00bb100px\u00bb button_letter_spacing=\u00bb2px\u00bb button_font=\u00bbMontserrat|on||on|\u00bb button_icon=\u00bb&#x45;||divi||400&#8243; custom_margin=\u00bb||20px||false|false\u00bb animation_style=\u00bbfade\u00bb button_text_color_hover=\u00bb#ffffff\u00bb button_border_color_hover=\u00bb#ffffff\u00bb button_letter_spacing_hover=\u00bb2px\u00bb button_bg_color_hover=\u00bbrgba(0,0,0,0)\u00bb locked=\u00bboff\u00bb global_colors_info=\u00bb{%22gcid-9b3fdd7f-77b8-4cfd-bc05-605d46624de0%22:%91%22button_border_color__hover%22,%22button_text_color__hover%22%93,%22gcid-primary-color%22:%91%22button_text_color%22,%22button_border_color%22%93}\u00bb button_text_size__hover_enabled=\u00bboff\u00bb button_one_text_size__hover_enabled=\u00bboff\u00bb button_two_text_size__hover_enabled=\u00bboff\u00bb button_text_color__hover_enabled=\u00bbon|hover\u00bb button_text_color__hover=\u00bb#82006f\u00bb button_one_text_color__hover_enabled=\u00bboff\u00bb button_two_text_color__hover_enabled=\u00bboff\u00bb button_border_width__hover_enabled=\u00bboff\u00bb button_one_border_width__hover_enabled=\u00bboff\u00bb button_two_border_width__hover_enabled=\u00bboff\u00bb button_border_color__hover_enabled=\u00bbon\u00bb button_border_color__hover=\u00bb#82006f\u00bb button_one_border_color__hover_enabled=\u00bboff\u00bb button_two_border_color__hover_enabled=\u00bboff\u00bb button_border_radius__hover_enabled=\u00bboff\u00bb button_one_border_radius__hover_enabled=\u00bboff\u00bb button_two_border_radius__hover_enabled=\u00bboff\u00bb button_letter_spacing__hover_enabled=\u00bbon\u00bb button_letter_spacing__hover=\u00bb2px\u00bb button_one_letter_spacing__hover_enabled=\u00bboff\u00bb button_two_letter_spacing__hover_enabled=\u00bboff\u00bb button_bg_color__hover_enabled=\u00bbon\u00bb button_bg_color__hover=\u00bbrgba(0,0,0,0)\u00bb button_one_bg_color__hover_enabled=\u00bboff\u00bb button_two_bg_color__hover_enabled=\u00bboff\u00bb][\/et_pb_button][et_pb_text _builder_version=\u00bb4.24.1&#8243; text_font=\u00bbMontserrat|500||on|||||\u00bb text_text_color=\u00bb#353740&#8243; text_font_size=\u00bb16px\u00bb text_letter_spacing=\u00bb3px\u00bb background_size=\u00bbinitial\u00bb background_position=\u00bbtop_left\u00bb background_repeat=\u00bbrepeat\u00bb text_orientation=\u00bbcenter\u00bb custom_margin=\u00bb10px||10px||true|false\u00bb custom_padding=\u00bb10px||0px||false|false\u00bb animation_style=\u00bbslide\u00bb animation_direction=\u00bbbottom\u00bb border_width_top=\u00bb2px\u00bb locked=\u00bboff\u00bb global_colors_info=\u00bb{}\u00bb]<\/p>\n<p><strong>CAMPUS VIESQUES-RECINTO FERIAL<\/strong><\/p>\n<p>[\/et_pb_text][et_pb_text _builder_version=\u00bb4.27.4&#8243; text_font=\u00bbMontserrat||||\u00bb text_text_color=\u00bb#353740&#8243; header_font=\u00bb||||||||\u00bb background_size=\u00bbinitial\u00bb background_position=\u00bbtop_left\u00bb background_repeat=\u00bbrepeat\u00bb text_orientation=\u00bbcenter\u00bb custom_margin=\u00bb||0px||false|false\u00bb animation_style=\u00bbslide\u00bb animation_direction=\u00bbtop\u00bb animation_intensity_slide=\u00bb17%\u00bb locked=\u00bboff\u00bb global_colors_info=\u00bb{}\u00bb]<\/p>\n<p><strong>IDA<\/strong><br \/>Salida desde campus de Gij\u00f3n <strong>15.30h.<\/strong><\/p>\n<p>[\/et_pb_text][et_pb_button button_url=\u00bbhttps:\/\/docs.google.com\/forms\/d\/e\/1FAIpQLSdEID90bSSX10MMSPtACIN-IEprvGpOvj82kqehSYYsfDUBIQ\/viewform\u00bb url_new_window=\u00bbon\u00bb button_text=\u00bbReservar\u00bb button_alignment=\u00bbcenter\u00bb _builder_version=\u00bb4.27.4&#8243; custom_button=\u00bbon\u00bb button_text_color=\u00bbgcid-primary-color\u00bb button_border_width=\u00bb4px\u00bb button_border_color=\u00bbgcid-primary-color\u00bb button_border_radius=\u00bb100px\u00bb button_letter_spacing=\u00bb2px\u00bb button_font=\u00bbMontserrat|on||on|\u00bb button_icon=\u00bb&#x45;||divi||400&#8243; custom_margin=\u00bb||20px||false|false\u00bb animation_style=\u00bbfade\u00bb button_text_color_hover=\u00bb#ffffff\u00bb button_border_color_hover=\u00bb#ffffff\u00bb button_letter_spacing_hover=\u00bb2px\u00bb button_bg_color_hover=\u00bbrgba(0,0,0,0)\u00bb locked=\u00bboff\u00bb global_colors_info=\u00bb{%22gcid-9b3fdd7f-77b8-4cfd-bc05-605d46624de0%22:%91%22button_border_color__hover%22,%22button_text_color__hover%22%93,%22gcid-primary-color%22:%91%22button_text_color%22,%22button_border_color%22%93}\u00bb button_text_size__hover_enabled=\u00bboff\u00bb button_one_text_size__hover_enabled=\u00bboff\u00bb button_two_text_size__hover_enabled=\u00bboff\u00bb button_text_color__hover_enabled=\u00bbon|hover\u00bb button_text_color__hover=\u00bb#82006f\u00bb button_one_text_color__hover_enabled=\u00bboff\u00bb button_two_text_color__hover_enabled=\u00bboff\u00bb button_border_width__hover_enabled=\u00bboff\u00bb button_one_border_width__hover_enabled=\u00bboff\u00bb button_two_border_width__hover_enabled=\u00bboff\u00bb button_border_color__hover_enabled=\u00bbon\u00bb button_border_color__hover=\u00bb#82006f\u00bb button_one_border_color__hover_enabled=\u00bboff\u00bb button_two_border_color__hover_enabled=\u00bboff\u00bb button_border_radius__hover_enabled=\u00bboff\u00bb button_one_border_radius__hover_enabled=\u00bboff\u00bb button_two_border_radius__hover_enabled=\u00bboff\u00bb button_letter_spacing__hover_enabled=\u00bbon\u00bb button_letter_spacing__hover=\u00bb2px\u00bb button_one_letter_spacing__hover_enabled=\u00bboff\u00bb button_two_letter_spacing__hover_enabled=\u00bboff\u00bb button_bg_color__hover_enabled=\u00bbon\u00bb button_bg_color__hover=\u00bbrgba(0,0,0,0)\u00bb button_one_bg_color__hover_enabled=\u00bboff\u00bb button_two_bg_color__hover_enabled=\u00bboff\u00bb][\/et_pb_button][et_pb_text _builder_version=\u00bb4.24.1&#8243; text_font=\u00bbMontserrat|500||on|||||\u00bb text_text_color=\u00bb#353740&#8243; text_font_size=\u00bb16px\u00bb text_letter_spacing=\u00bb3px\u00bb background_size=\u00bbinitial\u00bb background_position=\u00bbtop_left\u00bb background_repeat=\u00bbrepeat\u00bb text_orientation=\u00bbcenter\u00bb custom_margin=\u00bb10px||10px||true|false\u00bb custom_padding=\u00bb10px||0px||false|false\u00bb animation_style=\u00bbslide\u00bb animation_direction=\u00bbbottom\u00bb border_width_top=\u00bb2px\u00bb locked=\u00bboff\u00bb global_colors_info=\u00bb{}\u00bb]<\/p>\n<p><strong>MIERES-OVIEDO-GIJ\u00d3N<\/strong><\/p>\n<p>[\/et_pb_text][et_pb_text _builder_version=\u00bb4.27.4&#8243; text_font=\u00bbMontserrat||||\u00bb text_text_color=\u00bb#353740&#8243; header_font=\u00bb||||||||\u00bb background_size=\u00bbinitial\u00bb background_position=\u00bbtop_left\u00bb background_repeat=\u00bbrepeat\u00bb text_orientation=\u00bbcenter\u00bb custom_margin=\u00bb||0px||false|false\u00bb animation_style=\u00bbslide\u00bb animation_direction=\u00bbtop\u00bb animation_intensity_slide=\u00bb17%\u00bb locked=\u00bboff\u00bb global_colors_info=\u00bb{}\u00bb]<\/p>\n<p><strong>IDA y\/o VUELTA<\/strong><br \/>Salida desde campus de Barredo <strong>14.30h.<br \/><\/strong>Regreso desde recinto ferial <strong>19.15h.<\/strong><\/p>\n<p>[\/et_pb_text][et_pb_button button_url=\u00bbhttps:\/\/docs.google.com\/forms\/d\/e\/1FAIpQLSeAtzETxXQHJSCDARFZf3z87Xr9vZMHRh8fC3gdr6SPEvQY4Q\/viewform\u00bb url_new_window=\u00bbon\u00bb button_text=\u00bbReservar\u00bb button_alignment=\u00bbcenter\u00bb _builder_version=\u00bb4.27.4&#8243; custom_button=\u00bbon\u00bb button_text_color=\u00bbgcid-primary-color\u00bb button_border_width=\u00bb4px\u00bb button_border_color=\u00bbgcid-primary-color\u00bb button_border_radius=\u00bb100px\u00bb button_letter_spacing=\u00bb2px\u00bb button_font=\u00bbMontserrat|on||on|\u00bb button_icon=\u00bb&#x45;||divi||400&#8243; custom_margin=\u00bb||20px||false|false\u00bb animation_style=\u00bbfade\u00bb button_text_color_hover=\u00bb#ffffff\u00bb button_border_color_hover=\u00bb#ffffff\u00bb button_letter_spacing_hover=\u00bb2px\u00bb button_bg_color_hover=\u00bbrgba(0,0,0,0)\u00bb locked=\u00bboff\u00bb global_colors_info=\u00bb{%22gcid-9b3fdd7f-77b8-4cfd-bc05-605d46624de0%22:%91%22button_border_color__hover%22,%22button_text_color__hover%22%93,%22gcid-primary-color%22:%91%22button_text_color%22,%22button_border_color%22%93}\u00bb button_text_size__hover_enabled=\u00bboff\u00bb button_one_text_size__hover_enabled=\u00bboff\u00bb button_two_text_size__hover_enabled=\u00bboff\u00bb button_text_color__hover_enabled=\u00bbon|hover\u00bb button_text_color__hover=\u00bb#82006f\u00bb button_one_text_color__hover_enabled=\u00bboff\u00bb button_two_text_color__hover_enabled=\u00bboff\u00bb button_border_width__hover_enabled=\u00bboff\u00bb button_one_border_width__hover_enabled=\u00bboff\u00bb button_two_border_width__hover_enabled=\u00bboff\u00bb button_border_color__hover_enabled=\u00bbon\u00bb button_border_color__hover=\u00bb#82006f\u00bb button_one_border_color__hover_enabled=\u00bboff\u00bb button_two_border_color__hover_enabled=\u00bboff\u00bb button_border_radius__hover_enabled=\u00bboff\u00bb button_one_border_radius__hover_enabled=\u00bboff\u00bb button_two_border_radius__hover_enabled=\u00bboff\u00bb button_letter_spacing__hover_enabled=\u00bbon\u00bb button_letter_spacing__hover=\u00bb2px\u00bb button_one_letter_spacing__hover_enabled=\u00bboff\u00bb button_two_letter_spacing__hover_enabled=\u00bboff\u00bb button_bg_color__hover_enabled=\u00bbon\u00bb button_bg_color__hover=\u00bbrgba(0,0,0,0)\u00bb button_one_bg_color__hover_enabled=\u00bboff\u00bb button_two_bg_color__hover_enabled=\u00bboff\u00bb][\/et_pb_button][\/et_pb_column][et_pb_column type=\u00bb1_2&#8243; _builder_version=\u00bb4.24.1&#8243; custom_padding=\u00bb3%||0px||false|false\u00bb global_colors_info=\u00bb{}\u00bb custom_padding__hover=\u00bb|||\u00bb][et_pb_text _builder_version=\u00bb4.27.4&#8243; text_font=\u00bbMontserrat|500|||||||\u00bb text_text_color=\u00bb#353740&#8243; text_font_size=\u00bb16px\u00bb background_size=\u00bbinitial\u00bb background_position=\u00bbtop_left\u00bb background_repeat=\u00bbrepeat\u00bb text_orientation=\u00bbcenter\u00bb custom_margin=\u00bb||20px||false|false\u00bb custom_padding=\u00bb||0px||false|false\u00bb animation_style=\u00bbslide\u00bb animation_direction=\u00bbbottom\u00bb locked=\u00bboff\u00bb global_colors_info=\u00bb{}\u00bb]<\/p>\n<h3 style=\"font-weight: 400; text-align: center;\"><strong style=\"font-size: 22px;\">Jueves 19 de marzo<\/strong><\/h3>\n<p>[\/et_pb_text][et_pb_text _builder_version=\u00bb4.24.1&#8243; text_font=\u00bbMontserrat|500||on|||||\u00bb text_text_color=\u00bb#353740&#8243; text_font_size=\u00bb16px\u00bb text_letter_spacing=\u00bb3px\u00bb background_size=\u00bbinitial\u00bb background_position=\u00bbtop_left\u00bb background_repeat=\u00bbrepeat\u00bb text_orientation=\u00bbcenter\u00bb custom_margin=\u00bb10px||10px||true|false\u00bb custom_padding=\u00bb10px||0px||false|false\u00bb animation_style=\u00bbslide\u00bb animation_direction=\u00bbbottom\u00bb border_width_top=\u00bb2px\u00bb locked=\u00bboff\u00bb global_colors_info=\u00bb{}\u00bb]<\/p>\n<p><strong> CAMPUS VIESQUES-RECINTO FERIAL <\/strong><\/p>\n<p>[\/et_pb_text][et_pb_text _builder_version=\u00bb4.27.4&#8243; text_font=\u00bbMontserrat||||\u00bb text_text_color=\u00bb#353740&#8243; header_font=\u00bb||||||||\u00bb background_size=\u00bbinitial\u00bb background_position=\u00bbtop_left\u00bb background_repeat=\u00bbrepeat\u00bb text_orientation=\u00bbcenter\u00bb custom_margin=\u00bb||0px||false|false\u00bb animation_style=\u00bbslide\u00bb animation_direction=\u00bbtop\u00bb animation_intensity_slide=\u00bb17%\u00bb locked=\u00bboff\u00bb global_colors_info=\u00bb{}\u00bb]<strong>IDA<\/strong><br \/>\nSalida desde campus de Gij\u00f3n <strong>09.30h.<\/strong>[\/et_pb_text][et_pb_button button_url=\u00bbhttps:\/\/docs.google.com\/forms\/d\/e\/1FAIpQLSfhnfN5qEh3TLWAIt02KMj24T_OX-dI9bSyr_pFnsYJgRvsiA\/viewform\u00bb url_new_window=\u00bbon\u00bb button_text=\u00bbReservar\u00bb button_alignment=\u00bbcenter\u00bb _builder_version=\u00bb4.27.4&#8243; custom_button=\u00bbon\u00bb button_text_color=\u00bbgcid-primary-color\u00bb button_border_width=\u00bb4px\u00bb button_border_color=\u00bbgcid-primary-color\u00bb button_border_radius=\u00bb100px\u00bb button_letter_spacing=\u00bb2px\u00bb button_font=\u00bbMontserrat|on||on|\u00bb button_icon=\u00bb&#x45;||divi||400&#8243; custom_margin=\u00bb||20px||false|false\u00bb animation_style=\u00bbfade\u00bb button_text_color_hover=\u00bb#ffffff\u00bb button_border_color_hover=\u00bb#ffffff\u00bb button_letter_spacing_hover=\u00bb2px\u00bb button_bg_color_hover=\u00bbrgba(0,0,0,0)\u00bb locked=\u00bboff\u00bb global_colors_info=\u00bb{%22gcid-9b3fdd7f-77b8-4cfd-bc05-605d46624de0%22:%91%22button_border_color__hover%22,%22button_text_color__hover%22%93,%22gcid-primary-color%22:%91%22button_text_color%22,%22button_border_color%22%93}\u00bb button_text_size__hover_enabled=\u00bboff\u00bb button_one_text_size__hover_enabled=\u00bboff\u00bb button_two_text_size__hover_enabled=\u00bboff\u00bb button_text_color__hover_enabled=\u00bbon|hover\u00bb button_text_color__hover=\u00bb#82006f\u00bb button_one_text_color__hover_enabled=\u00bboff\u00bb button_two_text_color__hover_enabled=\u00bboff\u00bb button_border_width__hover_enabled=\u00bboff\u00bb button_one_border_width__hover_enabled=\u00bboff\u00bb button_two_border_width__hover_enabled=\u00bboff\u00bb button_border_color__hover_enabled=\u00bbon\u00bb button_border_color__hover=\u00bb#82006f\u00bb button_one_border_color__hover_enabled=\u00bboff\u00bb button_two_border_color__hover_enabled=\u00bboff\u00bb button_border_radius__hover_enabled=\u00bboff\u00bb button_one_border_radius__hover_enabled=\u00bboff\u00bb button_two_border_radius__hover_enabled=\u00bboff\u00bb button_letter_spacing__hover_enabled=\u00bbon\u00bb button_letter_spacing__hover=\u00bb2px\u00bb button_one_letter_spacing__hover_enabled=\u00bboff\u00bb button_two_letter_spacing__hover_enabled=\u00bboff\u00bb button_bg_color__hover_enabled=\u00bbon\u00bb button_bg_color__hover=\u00bbrgba(0,0,0,0)\u00bb button_one_bg_color__hover_enabled=\u00bboff\u00bb button_two_bg_color__hover_enabled=\u00bboff\u00bb][\/et_pb_button][et_pb_text _builder_version=\u00bb4.24.1&#8243; text_font=\u00bbMontserrat|500||on|||||\u00bb text_text_color=\u00bb#353740&#8243; text_font_size=\u00bb16px\u00bb text_letter_spacing=\u00bb3px\u00bb background_size=\u00bbinitial\u00bb background_position=\u00bbtop_left\u00bb background_repeat=\u00bbrepeat\u00bb text_orientation=\u00bbcenter\u00bb custom_margin=\u00bb10px||10px||true|false\u00bb custom_padding=\u00bb10px||0px||false|false\u00bb animation_style=\u00bbslide\u00bb animation_direction=\u00bbbottom\u00bb border_width_top=\u00bb2px\u00bb locked=\u00bboff\u00bb global_colors_info=\u00bb{}\u00bb]<\/p>\n<p><strong>MIERES-OVIEDO-GIJ\u00d3N<\/strong><\/p>\n<p>[\/et_pb_text][et_pb_text _builder_version=\u00bb4.27.4&#8243; text_font=\u00bbMontserrat||||\u00bb text_text_color=\u00bb#353740&#8243; header_font=\u00bb||||||||\u00bb background_size=\u00bbinitial\u00bb background_position=\u00bbtop_left\u00bb background_repeat=\u00bbrepeat\u00bb text_orientation=\u00bbcenter\u00bb custom_margin=\u00bb||0px||false|false\u00bb animation_style=\u00bbslide\u00bb animation_direction=\u00bbtop\u00bb animation_intensity_slide=\u00bb17%\u00bb locked=\u00bboff\u00bb global_colors_info=\u00bb{}\u00bb]<strong>IDA y\/o VUELTA<\/strong><br \/>\nSalida desde campus de Barredo <strong><\/strong><strong>08.30h.<br \/>\n<\/strong>Regreso desde recinto ferial <strong>14.15h.<\/strong>[\/et_pb_text][et_pb_button button_url=\u00bbhttps:\/\/docs.google.com\/forms\/d\/e\/1FAIpQLServWk1Av-rjBnnBSzIXSgHTk0EVsRJI8HewrK3ethnSEZ5EQ\/viewform\u00bb url_new_window=\u00bbon\u00bb button_text=\u00bbReservar\u00bb button_alignment=\u00bbcenter\u00bb _builder_version=\u00bb4.27.4&#8243; custom_button=\u00bbon\u00bb button_text_color=\u00bbgcid-primary-color\u00bb button_border_width=\u00bb4px\u00bb button_border_color=\u00bbgcid-primary-color\u00bb button_border_radius=\u00bb100px\u00bb button_letter_spacing=\u00bb2px\u00bb button_font=\u00bbMontserrat|on||on|\u00bb button_icon=\u00bb&#x45;||divi||400&#8243; custom_margin=\u00bb||20px||false|false\u00bb animation_style=\u00bbfade\u00bb button_text_color_hover=\u00bb#ffffff\u00bb button_border_color_hover=\u00bb#ffffff\u00bb button_letter_spacing_hover=\u00bb2px\u00bb button_bg_color_hover=\u00bbrgba(0,0,0,0)\u00bb locked=\u00bboff\u00bb global_colors_info=\u00bb{%22gcid-9b3fdd7f-77b8-4cfd-bc05-605d46624de0%22:%91%22button_border_color__hover%22,%22button_text_color__hover%22%93,%22gcid-primary-color%22:%91%22button_text_color%22,%22button_border_color%22%93}\u00bb button_text_size__hover_enabled=\u00bboff\u00bb button_one_text_size__hover_enabled=\u00bboff\u00bb button_two_text_size__hover_enabled=\u00bboff\u00bb button_text_color__hover_enabled=\u00bbon|hover\u00bb button_text_color__hover=\u00bb#82006f\u00bb button_one_text_color__hover_enabled=\u00bboff\u00bb button_two_text_color__hover_enabled=\u00bboff\u00bb button_border_width__hover_enabled=\u00bboff\u00bb button_one_border_width__hover_enabled=\u00bboff\u00bb button_two_border_width__hover_enabled=\u00bboff\u00bb button_border_color__hover_enabled=\u00bbon\u00bb button_border_color__hover=\u00bb#82006f\u00bb button_one_border_color__hover_enabled=\u00bboff\u00bb button_two_border_color__hover_enabled=\u00bboff\u00bb button_border_radius__hover_enabled=\u00bboff\u00bb button_one_border_radius__hover_enabled=\u00bboff\u00bb button_two_border_radius__hover_enabled=\u00bboff\u00bb button_letter_spacing__hover_enabled=\u00bbon\u00bb button_letter_spacing__hover=\u00bb2px\u00bb button_one_letter_spacing__hover_enabled=\u00bboff\u00bb button_two_letter_spacing__hover_enabled=\u00bboff\u00bb button_bg_color__hover_enabled=\u00bbon\u00bb button_bg_color__hover=\u00bbrgba(0,0,0,0)\u00bb button_one_bg_color__hover_enabled=\u00bboff\u00bb button_two_bg_color__hover_enabled=\u00bboff\u00bb][\/et_pb_button][et_pb_text _builder_version=\u00bb4.24.1&#8243; text_font=\u00bbMontserrat|500||on|||||\u00bb text_text_color=\u00bb#353740&#8243; text_font_size=\u00bb16px\u00bb text_letter_spacing=\u00bb3px\u00bb background_size=\u00bbinitial\u00bb background_position=\u00bbtop_left\u00bb background_repeat=\u00bbrepeat\u00bb text_orientation=\u00bbcenter\u00bb custom_margin=\u00bb10px||10px||true|false\u00bb custom_padding=\u00bb10px||0px||false|false\u00bb animation_style=\u00bbslide\u00bb animation_direction=\u00bbbottom\u00bb border_width_top=\u00bb2px\u00bb locked=\u00bboff\u00bb global_colors_info=\u00bb{}\u00bb]<\/p>\n<p><strong>CAMPUS VIESQUES-RECINTO FERIAL<\/strong><\/p>\n<p>[\/et_pb_text][et_pb_text _builder_version=\u00bb4.27.4&#8243; text_font=\u00bbMontserrat||||\u00bb text_text_color=\u00bb#353740&#8243; header_font=\u00bb||||||||\u00bb background_size=\u00bbinitial\u00bb background_position=\u00bbtop_left\u00bb background_repeat=\u00bbrepeat\u00bb text_orientation=\u00bbcenter\u00bb custom_margin=\u00bb||0px||false|false\u00bb animation_style=\u00bbslide\u00bb animation_direction=\u00bbtop\u00bb animation_intensity_slide=\u00bb17%\u00bb locked=\u00bboff\u00bb global_colors_info=\u00bb{}\u00bb]<\/p>\n<p><strong>IDA<\/strong><br \/>Salida desde campus de Gij\u00f3n <strong>15.30h.<\/strong><\/p>\n<p>[\/et_pb_text][et_pb_button button_url=\u00bbhttps:\/\/docs.google.com\/forms\/d\/e\/1FAIpQLSeWsJiqpmk4QfuZB-0ivz_6EaH0O7s6YnRasgADK2Cc5-2W1w\/viewform\u00bb url_new_window=\u00bbon\u00bb button_text=\u00bbReservar\u00bb button_alignment=\u00bbcenter\u00bb _builder_version=\u00bb4.27.4&#8243; custom_button=\u00bbon\u00bb button_text_color=\u00bbgcid-primary-color\u00bb button_border_width=\u00bb4px\u00bb button_border_color=\u00bbgcid-primary-color\u00bb button_border_radius=\u00bb100px\u00bb button_letter_spacing=\u00bb2px\u00bb button_font=\u00bbMontserrat|on||on|\u00bb button_icon=\u00bb&#x45;||divi||400&#8243; custom_margin=\u00bb||20px||false|false\u00bb animation_style=\u00bbfade\u00bb button_text_color_hover=\u00bb#ffffff\u00bb button_border_color_hover=\u00bb#ffffff\u00bb button_letter_spacing_hover=\u00bb2px\u00bb button_bg_color_hover=\u00bbrgba(0,0,0,0)\u00bb locked=\u00bboff\u00bb global_colors_info=\u00bb{%22gcid-9b3fdd7f-77b8-4cfd-bc05-605d46624de0%22:%91%22button_border_color__hover%22,%22button_text_color__hover%22%93,%22gcid-primary-color%22:%91%22button_text_color%22,%22button_border_color%22%93}\u00bb button_text_size__hover_enabled=\u00bboff\u00bb button_one_text_size__hover_enabled=\u00bboff\u00bb button_two_text_size__hover_enabled=\u00bboff\u00bb button_text_color__hover_enabled=\u00bbon|hover\u00bb button_text_color__hover=\u00bb#82006f\u00bb button_one_text_color__hover_enabled=\u00bboff\u00bb button_two_text_color__hover_enabled=\u00bboff\u00bb button_border_width__hover_enabled=\u00bboff\u00bb button_one_border_width__hover_enabled=\u00bboff\u00bb button_two_border_width__hover_enabled=\u00bboff\u00bb button_border_color__hover_enabled=\u00bbon\u00bb button_border_color__hover=\u00bb#82006f\u00bb button_one_border_color__hover_enabled=\u00bboff\u00bb button_two_border_color__hover_enabled=\u00bboff\u00bb button_border_radius__hover_enabled=\u00bboff\u00bb button_one_border_radius__hover_enabled=\u00bboff\u00bb button_two_border_radius__hover_enabled=\u00bboff\u00bb button_letter_spacing__hover_enabled=\u00bbon\u00bb button_letter_spacing__hover=\u00bb2px\u00bb button_one_letter_spacing__hover_enabled=\u00bboff\u00bb button_two_letter_spacing__hover_enabled=\u00bboff\u00bb button_bg_color__hover_enabled=\u00bbon\u00bb button_bg_color__hover=\u00bbrgba(0,0,0,0)\u00bb button_one_bg_color__hover_enabled=\u00bboff\u00bb button_two_bg_color__hover_enabled=\u00bboff\u00bb][\/et_pb_button][et_pb_text _builder_version=\u00bb4.24.1&#8243; text_font=\u00bbMontserrat|500||on|||||\u00bb text_text_color=\u00bb#353740&#8243; text_font_size=\u00bb16px\u00bb text_letter_spacing=\u00bb3px\u00bb background_size=\u00bbinitial\u00bb background_position=\u00bbtop_left\u00bb background_repeat=\u00bbrepeat\u00bb text_orientation=\u00bbcenter\u00bb custom_margin=\u00bb10px||10px||true|false\u00bb custom_padding=\u00bb10px||0px||false|false\u00bb animation_style=\u00bbslide\u00bb animation_direction=\u00bbbottom\u00bb border_width_top=\u00bb2px\u00bb locked=\u00bboff\u00bb global_colors_info=\u00bb{}\u00bb]<\/p>\n<p><strong>MIERES-OVIEDO-GIJ\u00d3N<\/strong><\/p>\n<p>[\/et_pb_text][et_pb_text _builder_version=\u00bb4.27.4&#8243; text_font=\u00bbMontserrat||||\u00bb text_text_color=\u00bb#353740&#8243; header_font=\u00bb||||||||\u00bb background_size=\u00bbinitial\u00bb background_position=\u00bbtop_left\u00bb background_repeat=\u00bbrepeat\u00bb text_orientation=\u00bbcenter\u00bb custom_margin=\u00bb||0px||false|false\u00bb animation_style=\u00bbslide\u00bb animation_direction=\u00bbtop\u00bb animation_intensity_slide=\u00bb17%\u00bb locked=\u00bboff\u00bb global_colors_info=\u00bb{}\u00bb]<strong>IDA y\/o VUELTA<\/strong><br \/>\nSalida desde campus de Barredo <strong>14.30h.<br \/>\n<\/strong>Regreso desde recinto ferial <strong>19.15h.<\/strong>[\/et_pb_text][et_pb_button button_url=\u00bbhttps:\/\/docs.google.com\/forms\/d\/e\/1FAIpQLSeVf7H8UDfJ_qKrfAlrTOiAkyVPc4EwJJpN_Y_L7MtEoYv45w\/viewform\u00bb url_new_window=\u00bbon\u00bb button_text=\u00bbReservar\u00bb button_alignment=\u00bbcenter\u00bb _builder_version=\u00bb4.27.4&#8243; custom_button=\u00bbon\u00bb button_text_color=\u00bbgcid-primary-color\u00bb button_border_width=\u00bb4px\u00bb button_border_color=\u00bbgcid-primary-color\u00bb button_border_radius=\u00bb100px\u00bb button_letter_spacing=\u00bb2px\u00bb button_font=\u00bbMontserrat|on||on|\u00bb button_icon=\u00bb&#x45;||divi||400&#8243; custom_margin=\u00bb||20px||false|false\u00bb animation_style=\u00bbfade\u00bb button_text_color_hover=\u00bb#ffffff\u00bb button_border_color_hover=\u00bb#ffffff\u00bb button_letter_spacing_hover=\u00bb2px\u00bb button_bg_color_hover=\u00bbrgba(0,0,0,0)\u00bb locked=\u00bboff\u00bb global_colors_info=\u00bb{%22gcid-9b3fdd7f-77b8-4cfd-bc05-605d46624de0%22:%91%22button_border_color__hover%22,%22button_text_color__hover%22%93,%22gcid-primary-color%22:%91%22button_text_color%22,%22button_border_color%22%93}\u00bb button_text_size__hover_enabled=\u00bboff\u00bb button_one_text_size__hover_enabled=\u00bboff\u00bb button_two_text_size__hover_enabled=\u00bboff\u00bb button_text_color__hover_enabled=\u00bbon|hover\u00bb button_text_color__hover=\u00bb#82006f\u00bb button_one_text_color__hover_enabled=\u00bboff\u00bb button_two_text_color__hover_enabled=\u00bboff\u00bb button_border_width__hover_enabled=\u00bboff\u00bb button_one_border_width__hover_enabled=\u00bboff\u00bb button_two_border_width__hover_enabled=\u00bboff\u00bb button_border_color__hover_enabled=\u00bbon\u00bb button_border_color__hover=\u00bb#82006f\u00bb button_one_border_color__hover_enabled=\u00bboff\u00bb button_two_border_color__hover_enabled=\u00bboff\u00bb button_border_radius__hover_enabled=\u00bboff\u00bb button_one_border_radius__hover_enabled=\u00bboff\u00bb button_two_border_radius__hover_enabled=\u00bboff\u00bb button_letter_spacing__hover_enabled=\u00bbon\u00bb button_letter_spacing__hover=\u00bb2px\u00bb button_one_letter_spacing__hover_enabled=\u00bboff\u00bb button_two_letter_spacing__hover_enabled=\u00bboff\u00bb button_bg_color__hover_enabled=\u00bbon\u00bb button_bg_color__hover=\u00bbrgba(0,0,0,0)\u00bb button_one_bg_color__hover_enabled=\u00bboff\u00bb button_two_bg_color__hover_enabled=\u00bboff\u00bb][\/et_pb_button][\/et_pb_column][\/et_pb_row][\/et_pb_section][et_pb_section fb_built=\u00bb1&#8243; custom_padding_last_edited=\u00bbon|tablet\u00bb admin_label=\u00bbFooter\u00bb module_id=\u00bbContacto\u00bb _builder_version=\u00bb4.27.4&#8243; background_color=\u00bb#FFFFFF\u00bb background_color_gradient_direction=\u00bb130deg\u00bb background_image=\u00bbhttps:\/\/www.unioviedo.es\/foro_empleo\/wp-content\/uploads\/2025\/10\/recurso3.png\u00bb background_size=\u00bbinitial\u00bb background_position=\u00bbbottom_right\u00bb custom_margin=\u00bb0px||0px||true|false\u00bb custom_padding=\u00bb0px||0px||true|false\u00bb custom_padding_tablet=\u00bb100px||100px||true\u00bb custom_padding_phone=\u00bb||||true\u00bb top_divider_height=\u00bb250px\u00bb top_divider_flip=\u00bbvertical|horizontal\u00bb top_divider_height_tablet=\u00bb150px\u00bb top_divider_height_phone=\u00bb110px\u00bb top_divider_height_last_edited=\u00bbon|phone\u00bb da_popup_slug=\u00bbContacto\u00bb da_disable_devices=\u00bboff|off|off\u00bb global_module=\u00bb391&#8243; saved_tabs=\u00bball\u00bb global_colors_info=\u00bb{}\u00bb da_is_popup=\u00bboff\u00bb da_exit_intent=\u00bboff\u00bb da_has_close=\u00bbon\u00bb da_alt_close=\u00bboff\u00bb da_dark_close=\u00bboff\u00bb da_not_modal=\u00bbon\u00bb da_is_singular=\u00bboff\u00bb da_with_loader=\u00bboff\u00bb da_has_shadow=\u00bbon\u00bb][et_pb_row column_structure=\u00bb1_3,1_3,1_3&#8243; _builder_version=\u00bb4.24.1&#8243; custom_margin=\u00bb|||\u00bb custom_padding=\u00bb||5%||false|false\u00bb use_custom_width=\u00bbon\u00bb custom_width_px=\u00bb1440px\u00bb global_colors_info=\u00bb{}\u00bb][et_pb_column type=\u00bb1_3&#8243; _builder_version=\u00bb4.24.1&#8243; background_enable_color=\u00bboff\u00bb custom_padding=\u00bb5%||5%||true|false\u00bb border_radii=\u00bbon|10px|10px|10px|10px\u00bb border_color_all=\u00bb#f2f2fa\u00bb global_colors_info=\u00bb{}\u00bb custom_padding__hover=\u00bb|||\u00bb][et_pb_image src=\u00bbhttps:\/\/www.unioviedo.es\/foro_empleo\/wp-content\/uploads\/2025\/10\/ForoEmpleo_Logo_2026_ALTACOLOR.png\u00bb alt=\u00bblogo 23 foro\u00bb title_text=\u00bbForoEmpleo_Logo_2026_ALTACOLOR\u00bb _builder_version=\u00bb4.27.4&#8243; _module_preset=\u00bbdefault\u00bb global_colors_info=\u00bb{}\u00bb][\/et_pb_image][\/et_pb_column][et_pb_column type=\u00bb1_3&#8243; _builder_version=\u00bb4.24.1&#8243; background_enable_color=\u00bboff\u00bb custom_padding=\u00bb5%||5%||true|false\u00bb border_radii=\u00bbon|10px|10px|10px|10px\u00bb border_color_all=\u00bb#f2f2fa\u00bb global_colors_info=\u00bb{}\u00bb custom_padding__hover=\u00bb|||\u00bb][et_pb_text _builder_version=\u00bb4.24.1&#8243; text_font=\u00bb||||||||\u00bb text_font_size=\u00bb16px\u00bb text_line_height=\u00bb2em\u00bb ul_font=\u00bb||||||||\u00bb header_font=\u00bb||||||||\u00bb header_text_color=\u00bb#07867f\u00bb header_2_font=\u00bbRoboto|700|||||||\u00bb header_2_text_color=\u00bb#07867f\u00bb header_2_font_size=\u00bb45px\u00bb header_2_line_height=\u00bb1.2em\u00bb header_3_font=\u00bbMontserrat|900|||||||\u00bb header_3_text_color=\u00bb#07867f\u00bb header_3_font_size=\u00bb55px\u00bb background_layout=\u00bbdark\u00bb max_width=\u00bb800px\u00bb max_width_last_edited=\u00bboff|desktop\u00bb module_alignment=\u00bbcenter\u00bb custom_margin=\u00bb-2px||19px|||\u00bb custom_padding=\u00bb|||\u00bb header_2_font_size_tablet=\u00bb35px\u00bb header_2_font_size_phone=\u00bb28px\u00bb header_2_font_size_last_edited=\u00bbon|desktop\u00bb header_3_font_size_tablet=\u00bb55px\u00bb header_3_font_size_phone=\u00bb\u00bb header_3_font_size_last_edited=\u00bbon|desktop\u00bb global_colors_info=\u00bb{}\u00bb]<\/p>\n<h3>Contacto<\/h3>\n<p>[\/et_pb_text][et_pb_text _builder_version=\u00bb4.24.1&#8243; text_font=\u00bb||||||||\u00bb text_font_size=\u00bb16px\u00bb text_line_height=\u00bb2em\u00bb ul_font=\u00bb||||||||\u00bb header_font=\u00bb||||||||\u00bb header_2_font=\u00bbMontserrat|700|||||||\u00bb header_2_text_color=\u00bb#000000&#8243; header_2_font_size=\u00bb30px\u00bb header_2_line_height=\u00bb1.2em\u00bb header_3_font=\u00bbRoboto|700|||||||\u00bb header_3_font_size=\u00bb70px\u00bb background_layout=\u00bbdark\u00bb max_width=\u00bb800px\u00bb max_width_last_edited=\u00bboff|desktop\u00bb module_alignment=\u00bbcenter\u00bb custom_margin=\u00bb||16px|||\u00bb custom_padding=\u00bb|||\u00bb header_2_font_size_tablet=\u00bb35px\u00bb header_2_font_size_phone=\u00bb28px\u00bb header_2_font_size_last_edited=\u00bbon|desktop\u00bb header_3_font_size_tablet=\u00bb55px\u00bb header_3_font_size_phone=\u00bb\u00bb header_3_font_size_last_edited=\u00bbon|desktop\u00bb global_colors_info=\u00bb{}\u00bb]<\/p>\n<h2>Fundaci\u00f3n Universidad de Oviedo, M.P.<\/h2>\n<p>[\/et_pb_text][et_pb_text _builder_version=\u00bb4.27.4&#8243; text_font=\u00bbMontserrat||||||||\u00bb text_text_color=\u00bb#000000&#8243; text_font_size=\u00bb18px\u00bb ul_font=\u00bb||||||||\u00bb header_font=\u00bbRoboto|700|||||||\u00bb header_text_align=\u00bbcenter\u00bb header_font_size=\u00bb80px\u00bb header_line_height=\u00bb1.2em\u00bb header_3_font=\u00bbMontserrat|700|||||||\u00bb header_3_text_align=\u00bbleft\u00bb header_3_text_color=\u00bb#1BA395&#8243; header_3_font_size=\u00bb24px\u00bb header_3_line_height=\u00bb1.7em\u00bb background_layout=\u00bbdark\u00bb max_width=\u00bb800px\u00bb module_alignment=\u00bbcenter\u00bb custom_margin=\u00bb||25px|||\u00bb text_font_size_last_edited=\u00bboff|desktop\u00bb header_font_size_tablet=\u00bb40px\u00bb header_font_size_phone=\u00bb32px\u00bb header_font_size_last_edited=\u00bbon|phone\u00bb header_3_font_size_tablet=\u00bb16px\u00bb header_3_font_size_phone=\u00bb14px\u00bb header_3_font_size_last_edited=\u00bbon|phone\u00bb header_3_letter_spacing_tablet=\u00bb5px\u00bb header_3_letter_spacing_phone=\u00bb\u00bb header_3_letter_spacing_last_edited=\u00bbon|tablet\u00bb global_colors_info=\u00bb{}\u00bb]<\/p>\n<p>C\/ Principado, 3, 4\u00aa planta 33007 Oviedo<\/p>\n<h3><strong>985 104 927<\/strong><\/h3>\n<p>[\/et_pb_text][\/et_pb_column][et_pb_column type=\u00bb1_3&#8243; _builder_version=\u00bb4.24.1&#8243; background_enable_color=\u00bboff\u00bb background_enable_image=\u00bboff\u00bb background_size=\u00bbcontain\u00bb background_position=\u00bbbottom_center\u00bb custom_padding=\u00bb5%||5%||true|false\u00bb border_radii=\u00bbon|10px|10px|10px|10px\u00bb border_color_all=\u00bb#f2f2fa\u00bb global_colors_info=\u00bb{}\u00bb custom_padding__hover=\u00bb|||\u00bb][et_pb_button button_url=\u00bbmailto:fuo@uniovi.es\u00bb url_new_window=\u00bbon\u00bb button_text=\u00bbfuo@uniovi.es\u00bb button_alignment=\u00bbleft\u00bb _builder_version=\u00bb4.27.4&#8243; custom_button=\u00bbon\u00bb button_text_size=\u00bb16px\u00bb button_bg_color=\u00bb#1BA395&#8243; button_border_width=\u00bb0px\u00bb button_border_color=\u00bbrgba(0,0,0,0)\u00bb button_border_radius=\u00bb100px\u00bb button_letter_spacing=\u00bb2px\u00bb button_font=\u00bbMontserrat|700|||||||\u00bb button_use_icon=\u00bboff\u00bb background_layout=\u00bbdark\u00bb custom_margin=\u00bb||20px||false|false\u00bb custom_padding=\u00bb18px|34px|18px|34px|true|true\u00bb button_text_size_tablet=\u00bb\u00bb button_text_size_phone=\u00bb14px\u00bb button_text_size_last_edited=\u00bbon|phone\u00bb button_letter_spacing_hover=\u00bb5.5px\u00bb global_colors_info=\u00bb{}\u00bb button_text_size__hover_enabled=\u00bboff\u00bb button_one_text_size__hover_enabled=\u00bboff\u00bb button_two_text_size__hover_enabled=\u00bboff\u00bb button_text_color__hover_enabled=\u00bboff\u00bb button_one_text_color__hover_enabled=\u00bboff\u00bb button_two_text_color__hover_enabled=\u00bboff\u00bb button_border_width__hover_enabled=\u00bboff\u00bb button_one_border_width__hover_enabled=\u00bboff\u00bb button_two_border_width__hover_enabled=\u00bboff\u00bb button_border_color__hover_enabled=\u00bboff\u00bb button_one_border_color__hover_enabled=\u00bboff\u00bb button_two_border_color__hover_enabled=\u00bboff\u00bb button_border_radius__hover_enabled=\u00bboff\u00bb button_one_border_radius__hover_enabled=\u00bboff\u00bb button_two_border_radius__hover_enabled=\u00bboff\u00bb button_letter_spacing__hover_enabled=\u00bbon\u00bb button_letter_spacing__hover=\u00bb5.5px\u00bb button_one_letter_spacing__hover_enabled=\u00bboff\u00bb button_two_letter_spacing__hover_enabled=\u00bboff\u00bb button_bg_color__hover_enabled=\u00bbon|desktop\u00bb button_one_bg_color__hover_enabled=\u00bboff\u00bb button_two_bg_color__hover_enabled=\u00bboff\u00bb button_bg_color__hover=\u00bb#1BA395&#8243;][\/et_pb_button][et_pb_button button_url=\u00bbhttps:\/\/www.funiovi.es\u00bb button_text=\u00bbwww.funiovi.es\u00bb button_alignment=\u00bbleft\u00bb _builder_version=\u00bb4.27.4&#8243; custom_button=\u00bbon\u00bb button_text_size=\u00bb16px\u00bb button_text_color=\u00bb#FFFFFF\u00bb button_bg_color=\u00bb#1BA395&#8243; button_border_width=\u00bb0px\u00bb button_border_color=\u00bbrgba(0,0,0,0)\u00bb button_border_radius=\u00bb100px\u00bb button_letter_spacing=\u00bb2px\u00bb button_font=\u00bbMontserrat|700|||||||\u00bb button_use_icon=\u00bboff\u00bb background_layout=\u00bbdark\u00bb custom_margin=\u00bb||19px|||\u00bb custom_padding=\u00bb18px|34px|18px|34px|true|true\u00bb button_text_size_tablet=\u00bb\u00bb button_text_size_phone=\u00bb14px\u00bb button_text_size_last_edited=\u00bbon|phone\u00bb button_letter_spacing_hover=\u00bb5.5px\u00bb global_colors_info=\u00bb{}\u00bb button_text_size__hover_enabled=\u00bboff\u00bb button_one_text_size__hover_enabled=\u00bboff\u00bb button_two_text_size__hover_enabled=\u00bboff\u00bb button_text_color__hover_enabled=\u00bboff\u00bb button_one_text_color__hover_enabled=\u00bboff\u00bb button_two_text_color__hover_enabled=\u00bboff\u00bb button_border_width__hover_enabled=\u00bboff\u00bb button_one_border_width__hover_enabled=\u00bboff\u00bb button_two_border_width__hover_enabled=\u00bboff\u00bb button_border_color__hover_enabled=\u00bboff\u00bb button_one_border_color__hover_enabled=\u00bboff\u00bb button_two_border_color__hover_enabled=\u00bboff\u00bb button_border_radius__hover_enabled=\u00bboff\u00bb button_one_border_radius__hover_enabled=\u00bboff\u00bb button_two_border_radius__hover_enabled=\u00bboff\u00bb button_letter_spacing__hover_enabled=\u00bbon\u00bb button_letter_spacing__hover=\u00bb5.5px\u00bb button_one_letter_spacing__hover_enabled=\u00bboff\u00bb button_two_letter_spacing__hover_enabled=\u00bboff\u00bb button_bg_color__hover_enabled=\u00bboff\u00bb button_one_bg_color__hover_enabled=\u00bboff\u00bb button_two_bg_color__hover_enabled=\u00bboff\u00bb][\/et_pb_button][\/et_pb_column][\/et_pb_row][\/et_pb_section]<\/p>\n","protected":false},"excerpt":{"rendered":"<p>Programadel 18 al 19 de MarzoHorario del evento10.00 a 14.00h. y de 16.00 a 19.00h.INSCR\u00cdBETE PARA PARTICIPAR EN LAS ACTIVIDADES DEL PROGRAMA Consulta cu\u00e1les ser\u00e1n los horarios disponibles y planifica tu participaci\u00f3n en el 23 Foro de Empleo. Todas las conferencias, talleres y actividades requieren de inscripci\u00f3n previa. \u26a0\ufe0f Importante: Las plazas son limitadas. Si [&hellip;]<\/p>\n","protected":false},"author":1,"featured_media":1843,"parent":0,"menu_order":0,"comment_status":"closed","ping_status":"closed","template":"","meta":{"_et_pb_use_builder":"on","_et_pb_old_content":"","_et_gb_content_width":"","footnotes":""},"class_list":["post-2752","page","type-page","status-publish","has-post-thumbnail","hentry"],"yoast_head":"<!-- This site is optimized with the Yoast SEO plugin v24.5 - https:\/\/yoast.com\/wordpress\/plugins\/seo\/ -->\n<title>Programa e Inscripciones 23 Foro de Empleo - Foro de Empleo<\/title>\n<meta name=\"description\" content=\"El 22 Foro de empleo Universidad de Oviedo ofrece un espacio de encuentro e intercambio de experiencias y conocimientos. Por un futuro mejor!\" \/>\n<meta name=\"robots\" content=\"index, follow, max-snippet:-1, max-image-preview:large, max-video-preview:-1\" \/>\n<link rel=\"canonical\" href=\"https:\/\/www.unioviedo.es\/foro_empleo\/index.php\/programa-23-foro-de-empleo\/\" \/>\n<meta property=\"og:locale\" content=\"es_ES\" \/>\n<meta property=\"og:type\" content=\"article\" \/>\n<meta property=\"og:title\" content=\"Programa e Inscripciones 23 Foro de Empleo - Foro de Empleo\" \/>\n<meta property=\"og:description\" content=\"El 22 Foro de empleo Universidad de Oviedo ofrece un espacio de encuentro e intercambio de experiencias y conocimientos. Por un futuro mejor!\" \/>\n<meta property=\"og:url\" content=\"https:\/\/www.unioviedo.es\/foro_empleo\/index.php\/programa-23-foro-de-empleo\/\" \/>\n<meta property=\"og:site_name\" content=\"Foro de Empleo\" \/>\n<meta property=\"article:modified_time\" content=\"2026-03-13T18:22:08+00:00\" \/>\n<meta property=\"og:image\" content=\"https:\/\/www.unioviedo.es\/foro_empleo\/wp-content\/uploads\/2024\/12\/ForoEmpleo_BannerwebFUO_964x306.jpg\" \/>\n\t<meta property=\"og:image:width\" content=\"964\" \/>\n\t<meta property=\"og:image:height\" content=\"306\" \/>\n\t<meta property=\"og:image:type\" content=\"image\/jpeg\" \/>\n<meta name=\"twitter:card\" content=\"summary_large_image\" \/>\n<meta name=\"twitter:label1\" content=\"Tiempo de lectura\" \/>\n\t<meta name=\"twitter:data1\" content=\"9 minutos\" \/>\n<script type=\"application\/ld+json\" class=\"yoast-schema-graph\">{\"@context\":\"https:\/\/schema.org\",\"@graph\":[{\"@type\":\"WebPage\",\"@id\":\"https:\/\/www.unioviedo.es\/foro_empleo\/index.php\/programa-23-foro-de-empleo\/\",\"url\":\"https:\/\/www.unioviedo.es\/foro_empleo\/index.php\/programa-23-foro-de-empleo\/\",\"name\":\"Programa e Inscripciones 23 Foro de Empleo - Foro de Empleo\",\"isPartOf\":{\"@id\":\"https:\/\/www.unioviedo.es\/foro_empleo\/#website\"},\"primaryImageOfPage\":{\"@id\":\"https:\/\/www.unioviedo.es\/foro_empleo\/index.php\/programa-23-foro-de-empleo\/#primaryimage\"},\"image\":{\"@id\":\"https:\/\/www.unioviedo.es\/foro_empleo\/index.php\/programa-23-foro-de-empleo\/#primaryimage\"},\"thumbnailUrl\":\"https:\/\/www.unioviedo.es\/foro_empleo\/wp-content\/uploads\/2024\/12\/ForoEmpleo_BannerwebFUO_964x306.jpg\",\"datePublished\":\"2026-02-18T17:56:19+00:00\",\"dateModified\":\"2026-03-13T18:22:08+00:00\",\"description\":\"El 22 Foro de empleo Universidad de Oviedo ofrece un espacio de encuentro e intercambio de experiencias y conocimientos. Por un futuro mejor!\",\"breadcrumb\":{\"@id\":\"https:\/\/www.unioviedo.es\/foro_empleo\/index.php\/programa-23-foro-de-empleo\/#breadcrumb\"},\"inLanguage\":\"es\",\"potentialAction\":[{\"@type\":\"ReadAction\",\"target\":[\"https:\/\/www.unioviedo.es\/foro_empleo\/index.php\/programa-23-foro-de-empleo\/\"]}]},{\"@type\":\"ImageObject\",\"inLanguage\":\"es\",\"@id\":\"https:\/\/www.unioviedo.es\/foro_empleo\/index.php\/programa-23-foro-de-empleo\/#primaryimage\",\"url\":\"https:\/\/www.unioviedo.es\/foro_empleo\/wp-content\/uploads\/2024\/12\/ForoEmpleo_BannerwebFUO_964x306.jpg\",\"contentUrl\":\"https:\/\/www.unioviedo.es\/foro_empleo\/wp-content\/uploads\/2024\/12\/ForoEmpleo_BannerwebFUO_964x306.jpg\",\"width\":964,\"height\":306,\"caption\":\"22 Foro de Empleo de la Universidad de Oviedo\"},{\"@type\":\"BreadcrumbList\",\"@id\":\"https:\/\/www.unioviedo.es\/foro_empleo\/index.php\/programa-23-foro-de-empleo\/#breadcrumb\",\"itemListElement\":[{\"@type\":\"ListItem\",\"position\":1,\"name\":\"Portada\",\"item\":\"https:\/\/www.unioviedo.es\/foro_empleo\/\"},{\"@type\":\"ListItem\",\"position\":2,\"name\":\"Programa e Inscripciones 23 Foro de Empleo\"}]},{\"@type\":\"WebSite\",\"@id\":\"https:\/\/www.unioviedo.es\/foro_empleo\/#website\",\"url\":\"https:\/\/www.unioviedo.es\/foro_empleo\/\",\"name\":\"Foro de Empleo\",\"description\":\"Foro de Empleo de la Universidad de Oviedo. Hacia un empleo verde, digital e inclusivo\",\"publisher\":{\"@id\":\"https:\/\/www.unioviedo.es\/foro_empleo\/#organization\"},\"potentialAction\":[{\"@type\":\"SearchAction\",\"target\":{\"@type\":\"EntryPoint\",\"urlTemplate\":\"https:\/\/www.unioviedo.es\/foro_empleo\/?s={search_term_string}\"},\"query-input\":{\"@type\":\"PropertyValueSpecification\",\"valueRequired\":true,\"valueName\":\"search_term_string\"}}],\"inLanguage\":\"es\"},{\"@type\":\"Organization\",\"@id\":\"https:\/\/www.unioviedo.es\/foro_empleo\/#organization\",\"name\":\"Foro de Empleo\",\"url\":\"https:\/\/www.unioviedo.es\/foro_empleo\/\",\"logo\":{\"@type\":\"ImageObject\",\"inLanguage\":\"es\",\"@id\":\"https:\/\/www.unioviedo.es\/foro_empleo\/#\/schema\/logo\/image\/\",\"url\":\"https:\/\/www.unioviedo.es\/foro_empleo\/wp-content\/uploads\/2022\/08\/20-logo-foro-1.png\",\"contentUrl\":\"https:\/\/www.unioviedo.es\/foro_empleo\/wp-content\/uploads\/2022\/08\/20-logo-foro-1.png\",\"width\":807,\"height\":588,\"caption\":\"Foro de Empleo\"},\"image\":{\"@id\":\"https:\/\/www.unioviedo.es\/foro_empleo\/#\/schema\/logo\/image\/\"}}]}<\/script>\n<!-- \/ Yoast SEO plugin. -->","yoast_head_json":{"title":"Programa e Inscripciones 23 Foro de Empleo - Foro de Empleo","description":"El 22 Foro de empleo Universidad de Oviedo ofrece un espacio de encuentro e intercambio de experiencias y conocimientos. Por un futuro mejor!","robots":{"index":"index","follow":"follow","max-snippet":"max-snippet:-1","max-image-preview":"max-image-preview:large","max-video-preview":"max-video-preview:-1"},"canonical":"https:\/\/www.unioviedo.es\/foro_empleo\/index.php\/programa-23-foro-de-empleo\/","og_locale":"es_ES","og_type":"article","og_title":"Programa e Inscripciones 23 Foro de Empleo - Foro de Empleo","og_description":"El 22 Foro de empleo Universidad de Oviedo ofrece un espacio de encuentro e intercambio de experiencias y conocimientos. Por un futuro mejor!","og_url":"https:\/\/www.unioviedo.es\/foro_empleo\/index.php\/programa-23-foro-de-empleo\/","og_site_name":"Foro de Empleo","article_modified_time":"2026-03-13T18:22:08+00:00","og_image":[{"width":964,"height":306,"url":"https:\/\/www.unioviedo.es\/foro_empleo\/wp-content\/uploads\/2024\/12\/ForoEmpleo_BannerwebFUO_964x306.jpg","type":"image\/jpeg"}],"twitter_card":"summary_large_image","twitter_misc":{"Tiempo de lectura":"9 minutos"},"schema":{"@context":"https:\/\/schema.org","@graph":[{"@type":"WebPage","@id":"https:\/\/www.unioviedo.es\/foro_empleo\/index.php\/programa-23-foro-de-empleo\/","url":"https:\/\/www.unioviedo.es\/foro_empleo\/index.php\/programa-23-foro-de-empleo\/","name":"Programa e Inscripciones 23 Foro de Empleo - Foro de Empleo","isPartOf":{"@id":"https:\/\/www.unioviedo.es\/foro_empleo\/#website"},"primaryImageOfPage":{"@id":"https:\/\/www.unioviedo.es\/foro_empleo\/index.php\/programa-23-foro-de-empleo\/#primaryimage"},"image":{"@id":"https:\/\/www.unioviedo.es\/foro_empleo\/index.php\/programa-23-foro-de-empleo\/#primaryimage"},"thumbnailUrl":"https:\/\/www.unioviedo.es\/foro_empleo\/wp-content\/uploads\/2024\/12\/ForoEmpleo_BannerwebFUO_964x306.jpg","datePublished":"2026-02-18T17:56:19+00:00","dateModified":"2026-03-13T18:22:08+00:00","description":"El 22 Foro de empleo Universidad de Oviedo ofrece un espacio de encuentro e intercambio de experiencias y conocimientos. Por un futuro mejor!","breadcrumb":{"@id":"https:\/\/www.unioviedo.es\/foro_empleo\/index.php\/programa-23-foro-de-empleo\/#breadcrumb"},"inLanguage":"es","potentialAction":[{"@type":"ReadAction","target":["https:\/\/www.unioviedo.es\/foro_empleo\/index.php\/programa-23-foro-de-empleo\/"]}]},{"@type":"ImageObject","inLanguage":"es","@id":"https:\/\/www.unioviedo.es\/foro_empleo\/index.php\/programa-23-foro-de-empleo\/#primaryimage","url":"https:\/\/www.unioviedo.es\/foro_empleo\/wp-content\/uploads\/2024\/12\/ForoEmpleo_BannerwebFUO_964x306.jpg","contentUrl":"https:\/\/www.unioviedo.es\/foro_empleo\/wp-content\/uploads\/2024\/12\/ForoEmpleo_BannerwebFUO_964x306.jpg","width":964,"height":306,"caption":"22 Foro de Empleo de la Universidad de Oviedo"},{"@type":"BreadcrumbList","@id":"https:\/\/www.unioviedo.es\/foro_empleo\/index.php\/programa-23-foro-de-empleo\/#breadcrumb","itemListElement":[{"@type":"ListItem","position":1,"name":"Portada","item":"https:\/\/www.unioviedo.es\/foro_empleo\/"},{"@type":"ListItem","position":2,"name":"Programa e Inscripciones 23 Foro de Empleo"}]},{"@type":"WebSite","@id":"https:\/\/www.unioviedo.es\/foro_empleo\/#website","url":"https:\/\/www.unioviedo.es\/foro_empleo\/","name":"Foro de Empleo","description":"Foro de Empleo de la Universidad de Oviedo. Hacia un empleo verde, digital e inclusivo","publisher":{"@id":"https:\/\/www.unioviedo.es\/foro_empleo\/#organization"},"potentialAction":[{"@type":"SearchAction","target":{"@type":"EntryPoint","urlTemplate":"https:\/\/www.unioviedo.es\/foro_empleo\/?s={search_term_string}"},"query-input":{"@type":"PropertyValueSpecification","valueRequired":true,"valueName":"search_term_string"}}],"inLanguage":"es"},{"@type":"Organization","@id":"https:\/\/www.unioviedo.es\/foro_empleo\/#organization","name":"Foro de Empleo","url":"https:\/\/www.unioviedo.es\/foro_empleo\/","logo":{"@type":"ImageObject","inLanguage":"es","@id":"https:\/\/www.unioviedo.es\/foro_empleo\/#\/schema\/logo\/image\/","url":"https:\/\/www.unioviedo.es\/foro_empleo\/wp-content\/uploads\/2022\/08\/20-logo-foro-1.png","contentUrl":"https:\/\/www.unioviedo.es\/foro_empleo\/wp-content\/uploads\/2022\/08\/20-logo-foro-1.png","width":807,"height":588,"caption":"Foro de Empleo"},"image":{"@id":"https:\/\/www.unioviedo.es\/foro_empleo\/#\/schema\/logo\/image\/"}}]}},"jetpack_sharing_enabled":true,"_links":{"self":[{"href":"https:\/\/www.unioviedo.es\/foro_empleo\/index.php\/wp-json\/wp\/v2\/pages\/2752","targetHints":{"allow":["GET"]}}],"collection":[{"href":"https:\/\/www.unioviedo.es\/foro_empleo\/index.php\/wp-json\/wp\/v2\/pages"}],"about":[{"href":"https:\/\/www.unioviedo.es\/foro_empleo\/index.php\/wp-json\/wp\/v2\/types\/page"}],"author":[{"embeddable":true,"href":"https:\/\/www.unioviedo.es\/foro_empleo\/index.php\/wp-json\/wp\/v2\/users\/1"}],"replies":[{"embeddable":true,"href":"https:\/\/www.unioviedo.es\/foro_empleo\/index.php\/wp-json\/wp\/v2\/comments?post=2752"}],"version-history":[{"count":60,"href":"https:\/\/www.unioviedo.es\/foro_empleo\/index.php\/wp-json\/wp\/v2\/pages\/2752\/revisions"}],"predecessor-version":[{"id":2908,"href":"https:\/\/www.unioviedo.es\/foro_empleo\/index.php\/wp-json\/wp\/v2\/pages\/2752\/revisions\/2908"}],"wp:featuredmedia":[{"embeddable":true,"href":"https:\/\/www.unioviedo.es\/foro_empleo\/index.php\/wp-json\/wp\/v2\/media\/1843"}],"wp:attachment":[{"href":"https:\/\/www.unioviedo.es\/foro_empleo\/index.php\/wp-json\/wp\/v2\/media?parent=2752"}],"curies":[{"name":"wp","href":"https:\/\/api.w.org\/{rel}","templated":true}]}}