{"id":292,"date":"2022-08-30T06:52:32","date_gmt":"2022-08-30T06:52:32","guid":{"rendered":"https:\/\/www.unioviedo.es\/foro_empleo\/?page_id=292"},"modified":"2024-01-12T14:35:30","modified_gmt":"2024-01-12T14:35:30","slug":"20-foro-de-empleo-de-la-universidad-de-oviedo","status":"publish","type":"page","link":"https:\/\/www.unioviedo.es\/foro_empleo\/index.php\/20-foro-de-empleo-de-la-universidad-de-oviedo\/","title":{"rendered":"20 foro de empleo de la Universidad de Oviedo"},"content":{"rendered":"<p>[et_pb_section fb_built=\u00bb1&#8243; admin_label=\u00bbSection\u00bb module_id=\u00bbcifras20foroempleo\u00bb _builder_version=\u00bb4.18.0&#8243; _module_preset=\u00bbdefault\u00bb da_popup_slug=\u00bbcifras20foroempleo\u00bb da_disable_devices=\u00bboff|off|off\u00bb global_colors_info=\u00bb{}\u00bb da_is_popup=\u00bboff\u00bb da_exit_intent=\u00bboff\u00bb da_has_close=\u00bbon\u00bb da_alt_close=\u00bboff\u00bb da_dark_close=\u00bboff\u00bb da_not_modal=\u00bbon\u00bb da_is_singular=\u00bboff\u00bb da_with_loader=\u00bboff\u00bb da_has_shadow=\u00bbon\u00bb][et_pb_row _builder_version=\u00bb4.18.0&#8243; _module_preset=\u00bbdefault\u00bb global_colors_info=\u00bb{}\u00bb][et_pb_column type=\u00bb4_4&#8243; _builder_version=\u00bb4.18.0&#8243; _module_preset=\u00bbdefault\u00bb global_colors_info=\u00bb{}\u00bb][et_pb_image src=\u00bbhttps:\/\/www.unioviedo.es\/foro_empleo\/wp-content\/uploads\/2022\/08\/20-logo-foro-1-300&#215;219.png\u00bb title_text=\u00bb20-logo-foro\u00bb align=\u00bbcenter\u00bb _builder_version=\u00bb4.18.0&#8243; _module_preset=\u00bbdefault\u00bb global_colors_info=\u00bb{}\u00bb][\/et_pb_image][\/et_pb_column][\/et_pb_row][et_pb_row column_structure=\u00bb1_4,1_4,1_4,1_4&#8243; _builder_version=\u00bb4.18.0&#8243; _module_preset=\u00bbdefault\u00bb global_colors_info=\u00bb{}\u00bb][et_pb_column type=\u00bb1_4&#8243; _builder_version=\u00bb4.18.0&#8243; _module_preset=\u00bbdefault\u00bb global_colors_info=\u00bb{}\u00bb][et_pb_text _builder_version=\u00bb4.18.0&#8243; _module_preset=\u00bbdefault\u00bb text_font_size=\u00bb16px\u00bb header_2_font=\u00bbRoboto|700|||||||\u00bb header_2_text_color=\u00bbgcid-e5d7626d-237b-4a11-abac-a2efc83cff33&#8243; header_2_font_size=\u00bb32px\u00bb global_colors_info=\u00bb{%22gcid-e5d7626d-237b-4a11-abac-a2efc83cff33%22:%91%22header_2_text_color%22%93}\u00bb]<\/p>\n<h2>El Foro de Empleo en Cifras<\/h2>\n<p>Cada a\u00f1o el foro facilita a las personas egresadas y estudiantes a dar el salto al mercado laboral.<\/p>\n<p>[\/et_pb_text][\/et_pb_column][et_pb_column type=\u00bb1_4&#8243; _builder_version=\u00bb4.18.0&#8243; _module_preset=\u00bbdefault\u00bb global_colors_info=\u00bb{}\u00bb][et_pb_icon font_icon=\u00bb&#xf1ad;||fa||900&#8243; icon_width=\u00bb70px\u00bb _builder_version=\u00bb4.18.0&#8243; _module_preset=\u00bbdefault\u00bb global_colors_info=\u00bb{}\u00bb][\/et_pb_icon][et_pb_number_counter title=\u00bbTotal empresas y entidades\u00bb number=\u00bb108&#8243; percent_sign=\u00bboff\u00bb _builder_version=\u00bb4.18.0&#8243; _module_preset=\u00bbdefault\u00bb title_font=\u00bbRoboto|700||on|||||\u00bb title_font_size=\u00bb18px\u00bb number_font=\u00bbRoboto|700|||||||\u00bb global_colors_info=\u00bb{}\u00bb][\/et_pb_number_counter][\/et_pb_column][et_pb_column type=\u00bb1_4&#8243; _builder_version=\u00bb4.18.0&#8243; _module_preset=\u00bbdefault\u00bb global_colors_info=\u00bb{}\u00bb][et_pb_icon font_icon=\u00bb&#xf1ad;||fa||400&#8243; icon_width=\u00bb70px\u00bb _builder_version=\u00bb4.18.0&#8243; _module_preset=\u00bbdefault\u00bb global_colors_info=\u00bb{}\u00bb][\/et_pb_icon][et_pb_number_counter title=\u00bbN\u00ba de empresas y entidades nuevas respecto a la anterior edici\u00f3n presencial\u00bb number=\u00bb20&#8243; percent_sign=\u00bboff\u00bb _builder_version=\u00bb4.18.0&#8243; _module_preset=\u00bbdefault\u00bb title_font=\u00bbRoboto|700||on|||||\u00bb title_font_size=\u00bb18px\u00bb number_font=\u00bbRoboto|700|||||||\u00bb global_colors_info=\u00bb{}\u00bb][\/et_pb_number_counter][\/et_pb_column][et_pb_column type=\u00bb1_4&#8243; _builder_version=\u00bb4.18.0&#8243; _module_preset=\u00bbdefault\u00bb global_colors_info=\u00bb{}\u00bb][et_pb_icon font_icon=\u00bb&#x69;||divi||400&#8243; icon_width=\u00bb70px\u00bb _builder_version=\u00bb4.18.0&#8243; _module_preset=\u00bbdefault\u00bb global_colors_info=\u00bb{}\u00bb][\/et_pb_icon][et_pb_number_counter title=\u00bbN\u00ba de personas que revisaron su CV con expertos\/as RR.HH.\u00bb number=\u00bb138&#8243; percent_sign=\u00bboff\u00bb _builder_version=\u00bb4.18.0&#8243; _module_preset=\u00bbdefault\u00bb title_font=\u00bbRoboto|700||on|||||\u00bb title_font_size=\u00bb18px\u00bb number_font=\u00bbRoboto|700|||||||\u00bb global_colors_info=\u00bb{}\u00bb][\/et_pb_number_counter][\/et_pb_column][\/et_pb_row][et_pb_row column_structure=\u00bb1_4,1_4,1_4,1_4&#8243; _builder_version=\u00bb4.18.0&#8243; _module_preset=\u00bbdefault\u00bb global_colors_info=\u00bb{}\u00bb][et_pb_column type=\u00bb1_4&#8243; _builder_version=\u00bb4.18.0&#8243; _module_preset=\u00bbdefault\u00bb global_colors_info=\u00bb{}\u00bb][et_pb_icon font_icon=\u00bb&#xe0cb;||divi||400&#8243; icon_width=\u00bb70px\u00bb _builder_version=\u00bb4.18.0&#8243; _module_preset=\u00bbdefault\u00bb global_colors_info=\u00bb{}\u00bb][\/et_pb_icon][et_pb_number_counter title=\u00bbN\u00ba revisiones CV y Perfil LinkedIn\u00bb number=\u00bb255&#8243; percent_sign=\u00bboff\u00bb _builder_version=\u00bb4.18.0&#8243; _module_preset=\u00bbdefault\u00bb title_font=\u00bbRoboto|700||on|||||\u00bb title_font_size=\u00bb18px\u00bb number_font=\u00bbRoboto|700|||||||\u00bb global_colors_info=\u00bb{}\u00bb][\/et_pb_number_counter][\/et_pb_column][et_pb_column type=\u00bb1_4&#8243; _builder_version=\u00bb4.18.0&#8243; _module_preset=\u00bbdefault\u00bb global_colors_info=\u00bb{}\u00bb][et_pb_icon font_icon=\u00bb&#xf0c0;||fa||900&#8243; icon_width=\u00bb70px\u00bb _builder_version=\u00bb4.18.0&#8243; _module_preset=\u00bbdefault\u00bb global_colors_info=\u00bb{}\u00bb][\/et_pb_icon][et_pb_number_counter title=\u00bbN\u00ba de estudiantes y personas egresadas asistentes al evento\u00bb number=\u00bb1055&#8243; percent_sign=\u00bboff\u00bb _builder_version=\u00bb4.18.0&#8243; _module_preset=\u00bbdefault\u00bb title_font=\u00bbRoboto|700||on|||||\u00bb title_font_size=\u00bb18px\u00bb number_font=\u00bbRoboto|700|||||||\u00bb global_colors_info=\u00bb{}\u00bb][\/et_pb_number_counter][\/et_pb_column][et_pb_column type=\u00bb1_4&#8243; _builder_version=\u00bb4.18.0&#8243; _module_preset=\u00bbdefault\u00bb global_colors_info=\u00bb{}\u00bb][et_pb_icon font_icon=\u00bb&#xf4fc;||fa||900&#8243; icon_width=\u00bb70px\u00bb _builder_version=\u00bb4.18.0&#8243; _module_preset=\u00bbdefault\u00bb global_colors_info=\u00bb{}\u00bb][\/et_pb_icon][et_pb_number_counter title=\u00bbN\u00ba de personas participantes en Hackathon TalentUO\u00bb number=\u00bb19&#8243; percent_sign=\u00bboff\u00bb _builder_version=\u00bb4.18.0&#8243; _module_preset=\u00bbdefault\u00bb title_font=\u00bbRoboto|700||on|||||\u00bb title_font_size=\u00bb18px\u00bb number_font=\u00bbRoboto|700|||||||\u00bb global_colors_info=\u00bb{}\u00bb][\/et_pb_number_counter][\/et_pb_column][et_pb_column type=\u00bb1_4&#8243; _builder_version=\u00bb4.18.0&#8243; _module_preset=\u00bbdefault\u00bb global_colors_info=\u00bb{}\u00bb][et_pb_icon font_icon=\u00bb&#xf51c;||fa||900&#8243; icon_width=\u00bb70px\u00bb _builder_version=\u00bb4.18.0&#8243; _module_preset=\u00bbdefault\u00bb global_colors_info=\u00bb{}\u00bb][\/et_pb_icon][et_pb_number_counter title=\u00bbN\u00ba Ponentes y colaboradores\/as en las actividades del programa\u00bb number=\u00bb96&#8243; percent_sign=\u00bboff\u00bb _builder_version=\u00bb4.18.0&#8243; _module_preset=\u00bbdefault\u00bb title_font=\u00bbRoboto|700||on|||||\u00bb title_font_size=\u00bb18px\u00bb number_font=\u00bbRoboto|700|||||||\u00bb global_colors_info=\u00bb{}\u00bb][\/et_pb_number_counter][\/et_pb_column][\/et_pb_row][et_pb_row column_structure=\u00bb1_4,1_4,1_4,1_4&#8243; _builder_version=\u00bb4.18.0&#8243; _module_preset=\u00bbdefault\u00bb global_colors_info=\u00bb{}\u00bb][et_pb_column type=\u00bb1_4&#8243; _builder_version=\u00bb4.18.0&#8243; _module_preset=\u00bbdefault\u00bb global_colors_info=\u00bb{}\u00bb][et_pb_icon font_icon=\u00bb&#xf1b3;||fa||900&#8243; icon_width=\u00bb70px\u00bb _builder_version=\u00bb4.18.0&#8243; _module_preset=\u00bbdefault\u00bb global_colors_info=\u00bb{}\u00bb][\/et_pb_icon][et_pb_number_counter title=\u00bbN\u00ba de Actividades\u00bb number=\u00bb31&#8243; percent_sign=\u00bboff\u00bb _builder_version=\u00bb4.18.0&#8243; _module_preset=\u00bbdefault\u00bb title_font=\u00bbRoboto|700||on|||||\u00bb title_font_size=\u00bb18px\u00bb number_font=\u00bbRoboto|700|||||||\u00bb global_colors_info=\u00bb{}\u00bb][\/et_pb_number_counter][\/et_pb_column][et_pb_column type=\u00bb1_4&#8243; _builder_version=\u00bb4.18.0&#8243; _module_preset=\u00bbdefault\u00bb global_colors_info=\u00bb{}\u00bb][et_pb_icon font_icon=\u00bb&#xf2b5;||fa||900&#8243; icon_width=\u00bb70px\u00bb _builder_version=\u00bb4.18.0&#8243; _module_preset=\u00bbdefault\u00bb global_colors_info=\u00bb{}\u00bb][\/et_pb_icon][et_pb_number_counter title=\u00bbN\u00ba participantes en Speed  Job Dating\u00bb number=\u00bb40&#8243; percent_sign=\u00bboff\u00bb _builder_version=\u00bb4.18.0&#8243; _module_preset=\u00bbdefault\u00bb title_font=\u00bbRoboto|700||on|||||\u00bb title_font_size=\u00bb18px\u00bb number_font=\u00bbRoboto|700|||||||\u00bb global_colors_info=\u00bb{}\u00bb][\/et_pb_number_counter][\/et_pb_column][et_pb_column type=\u00bb1_4&#8243; _builder_version=\u00bb4.18.0&#8243; _module_preset=\u00bbdefault\u00bb global_colors_info=\u00bb{}\u00bb][et_pb_icon font_icon=\u00bb&#xe069;||divi||400&#8243; icon_width=\u00bb70px\u00bb _builder_version=\u00bb4.18.0&#8243; _module_preset=\u00bbdefault\u00bb global_colors_info=\u00bb{}\u00bb][\/et_pb_icon][et_pb_number_counter title=\u00bbN\u00ba de ofertas empresas Foro gestionadas por la Agencia de colocaci\u00f3n\u00bb number=\u00bb92&#8243; percent_sign=\u00bboff\u00bb _builder_version=\u00bb4.18.0&#8243; _module_preset=\u00bbdefault\u00bb title_font=\u00bbRoboto|700||on|||||\u00bb title_font_size=\u00bb18px\u00bb number_font=\u00bbRoboto|700|||||||\u00bb global_colors_info=\u00bb{}\u00bb][\/et_pb_number_counter][\/et_pb_column][et_pb_column type=\u00bb1_4&#8243; _builder_version=\u00bb4.18.0&#8243; _module_preset=\u00bbdefault\u00bb global_colors_info=\u00bb{}\u00bb][et_pb_icon font_icon=\u00bb&#xf207;||fa||900&#8243; icon_width=\u00bb70px\u00bb _builder_version=\u00bb4.18.0&#8243; _module_preset=\u00bbdefault\u00bb global_colors_info=\u00bb{}\u00bb][\/et_pb_icon][et_pb_number_counter title=\u00bbUsuarios servicio gratuito de autobuses\u00bb number=\u00bb179&#8243; percent_sign=\u00bboff\u00bb _builder_version=\u00bb4.18.0&#8243; _module_preset=\u00bbdefault\u00bb title_font=\u00bbRoboto|700||on|||||\u00bb title_font_size=\u00bb18px\u00bb number_font=\u00bbRoboto|700|||||||\u00bb global_colors_info=\u00bb{}\u00bb][\/et_pb_number_counter][\/et_pb_column][\/et_pb_row][\/et_pb_section][et_pb_section fb_built=\u00bb1&#8243; custom_padding_last_edited=\u00bbon|phone\u00bb admin_label=\u00bbTestimonials\u00bb module_id=\u00bbEmpresas\u00bb _builder_version=\u00bb4.18.0&#8243; background_enable_color=\u00bboff\u00bb background_size=\u00bbinitial\u00bb custom_padding=\u00bb90px||||false|false\u00bb custom_padding_tablet=\u00bb5%||5%||true\u00bb custom_padding_phone=\u00bb|||\u00bb bottom_divider_height=\u00bb200px\u00bb bottom_divider_flip=\u00bbhorizontal\u00bb da_popup_slug=\u00bbEmpresas\u00bb da_disable_devices=\u00bboff|off|off\u00bb global_colors_info=\u00bb{}\u00bb da_is_popup=\u00bboff\u00bb da_exit_intent=\u00bboff\u00bb da_has_close=\u00bbon\u00bb da_alt_close=\u00bboff\u00bb da_dark_close=\u00bboff\u00bb da_not_modal=\u00bbon\u00bb da_is_singular=\u00bboff\u00bb da_with_loader=\u00bboff\u00bb da_has_shadow=\u00bbon\u00bb][et_pb_row _builder_version=\u00bb4.16&#8243; global_colors_info=\u00bb{}\u00bb][et_pb_column type=\u00bb4_4&#8243; _builder_version=\u00bb4.16&#8243; custom_padding=\u00bb|||\u00bb global_colors_info=\u00bb{}\u00bb custom_padding__hover=\u00bb|||\u00bb][et_pb_text _builder_version=\u00bb4.18.0&#8243; text_font=\u00bb||||||||\u00bb text_font_size=\u00bb16px\u00bb text_line_height=\u00bb2em\u00bb ul_font=\u00bb||||||||\u00bb header_font=\u00bb||||||||\u00bb header_2_font=\u00bbRoboto|700|||||||\u00bb header_2_font_size=\u00bb45px\u00bb header_2_line_height=\u00bb1.2em\u00bb header_3_font=\u00bb||||||||\u00bb text_orientation=\u00bbcenter\u00bb max_width=\u00bb800px\u00bb max_width_last_edited=\u00bboff|desktop\u00bb module_alignment=\u00bbcenter\u00bb custom_margin=\u00bb|||\u00bb custom_margin_tablet=\u00bb|115px||\u00bb custom_margin_phone=\u00bb|-100px||\u00bb custom_margin_last_edited=\u00bboff|desktop\u00bb custom_padding=\u00bb|||\u00bb header_2_font_size_tablet=\u00bb35px\u00bb header_2_font_size_phone=\u00bb28px\u00bb header_2_font_size_last_edited=\u00bbon|phone\u00bb global_colors_info=\u00bb{}\u00bb]<\/p>\n<h2> Empresas e instituciones Amigas del Foro de Empleo<\/h2>\n<p>[\/et_pb_text][\/et_pb_column][\/et_pb_row][et_pb_row column_structure=\u00bb1_4,1_4,1_4,1_4&#8243; use_custom_gutter=\u00bbon\u00bb gutter_width=\u00bb2&#8243; module_class=\u00bbtres-columnas\u00bb _builder_version=\u00bb4.16&#8243; max_width=\u00bb1440px\u00bb module_alignment=\u00bbcenter\u00bb custom_margin=\u00bb0px||0px||true|false\u00bb custom_padding=\u00bb0px||0px||true|false\u00bb use_custom_width=\u00bbon\u00bb custom_width_px=\u00bb1440px\u00bb global_colors_info=\u00bb{}\u00bb][et_pb_column type=\u00bb1_4&#8243; _builder_version=\u00bb4.16&#8243; custom_padding=\u00bb|||\u00bb global_colors_info=\u00bb{}\u00bb custom_padding__hover=\u00bb|||\u00bb][et_pb_image src=\u00bbhttps:\/\/www.unioviedo.es\/foro_empleo\/wp-content\/uploads\/2021\/12\/patrocinadores-2.jpg\u00bb title_text=\u00bbpatrocinadores-2&#8243; url=\u00bbhttps:\/\/empleo.abanca.com\/\u00bb url_new_window=\u00bbon\u00bb align=\u00bbcenter\u00bb align_tablet=\u00bbcenter\u00bb align_phone=\u00bb\u00bb align_last_edited=\u00bbon|desktop\u00bb _builder_version=\u00bb4.18.0&#8243; custom_margin=\u00bb||10px|\u00bb global_colors_info=\u00bb{}\u00bb][\/et_pb_image][\/et_pb_column][et_pb_column type=\u00bb1_4&#8243; _builder_version=\u00bb4.16&#8243; custom_padding=\u00bb|||\u00bb global_colors_info=\u00bb{}\u00bb custom_padding__hover=\u00bb|||\u00bb][et_pb_image src=\u00bbhttps:\/\/www.unioviedo.es\/foro_empleo\/wp-content\/uploads\/2022\/08\/arcelormittal.jpg\u00bb title_text=\u00bbarcelormittal\u00bb url=\u00bbhttps:\/\/spain.arcelormittal.com\/\u00bb url_new_window=\u00bbon\u00bb align=\u00bbcenter\u00bb align_tablet=\u00bbcenter\u00bb align_phone=\u00bb\u00bb align_last_edited=\u00bbon|desktop\u00bb _builder_version=\u00bb4.18.0&#8243; custom_margin=\u00bb||10px|\u00bb global_colors_info=\u00bb{}\u00bb][\/et_pb_image][\/et_pb_column][et_pb_column type=\u00bb1_4&#8243; _builder_version=\u00bb4.16&#8243; custom_padding=\u00bb|||\u00bb global_colors_info=\u00bb{}\u00bb custom_padding__hover=\u00bb|||\u00bb][et_pb_image src=\u00bbhttps:\/\/www.unioviedo.es\/foro_empleo\/wp-content\/uploads\/2022\/10\/zinc_Logo.jpg\u00bb title_text=\u00bbzinc_Logo\u00bb url=\u00bbhttps:\/\/www.azsa.es\/\u00bb url_new_window=\u00bbon\u00bb align=\u00bbcenter\u00bb align_tablet=\u00bbcenter\u00bb align_phone=\u00bb\u00bb align_last_edited=\u00bbon|desktop\u00bb _builder_version=\u00bb4.18.0&#8243; custom_margin=\u00bb||10px|\u00bb global_colors_info=\u00bb{}\u00bb][\/et_pb_image][\/et_pb_column][et_pb_column type=\u00bb1_4&#8243; _builder_version=\u00bb4.16&#8243; custom_padding=\u00bb|||\u00bb global_colors_info=\u00bb{}\u00bb custom_padding__hover=\u00bb|||\u00bb][et_pb_image src=\u00bbhttps:\/\/www.unioviedo.es\/foro_empleo\/wp-content\/uploads\/2022\/08\/Logo-Axalta.jpg\u00bb title_text=\u00bbLogo-Axalta\u00bb url=\u00bbhttps:\/\/www.axalta.com\/\u00bb url_new_window=\u00bbon\u00bb align=\u00bbcenter\u00bb align_tablet=\u00bbcenter\u00bb align_phone=\u00bb\u00bb align_last_edited=\u00bbon|desktop\u00bb _builder_version=\u00bb4.18.0&#8243; custom_margin=\u00bb||10px|\u00bb global_colors_info=\u00bb{}\u00bb][\/et_pb_image][\/et_pb_column][\/et_pb_row][et_pb_row column_structure=\u00bb1_4,1_4,1_4,1_4&#8243; use_custom_gutter=\u00bbon\u00bb gutter_width=\u00bb2&#8243; module_class=\u00bbtres-columnas\u00bb _builder_version=\u00bb4.16&#8243; max_width=\u00bb1440px\u00bb module_alignment=\u00bbcenter\u00bb custom_margin=\u00bb0px||0px||true|false\u00bb custom_padding=\u00bb0px||0px||true|false\u00bb use_custom_width=\u00bbon\u00bb custom_width_px=\u00bb1440px\u00bb global_colors_info=\u00bb{}\u00bb][et_pb_column type=\u00bb1_4&#8243; _builder_version=\u00bb4.16&#8243; custom_padding=\u00bb|||\u00bb global_colors_info=\u00bb{}\u00bb custom_padding__hover=\u00bb|||\u00bb][et_pb_image src=\u00bbhttps:\/\/www.unioviedo.es\/foro_empleo\/wp-content\/uploads\/2021\/12\/patrocinadores-5.jpg\u00bb title_text=\u00bbpatrocinadores-5&#8243; url=\u00bbhttps:\/\/www.grupocajarural.es\/es\u00bb url_new_window=\u00bbon\u00bb align=\u00bbcenter\u00bb align_tablet=\u00bbcenter\u00bb align_phone=\u00bb\u00bb align_last_edited=\u00bbon|desktop\u00bb _builder_version=\u00bb4.18.0&#8243; custom_margin=\u00bb||10px|\u00bb global_colors_info=\u00bb{}\u00bb][\/et_pb_image][\/et_pb_column][et_pb_column type=\u00bb1_4&#8243; _builder_version=\u00bb4.18.0&#8243; _module_preset=\u00bbdefault\u00bb global_colors_info=\u00bb{}\u00bb][et_pb_image src=\u00bbhttps:\/\/www.unioviedo.es\/foro_empleo\/wp-content\/uploads\/2022\/08\/capsa.jpg\u00bb title_text=\u00bbcapsa\u00bb url=\u00bbhttps:\/\/empleo.capsa.es\/candidate\/account\/login?ReturnUrl=%2Fcandidate\u00bb url_new_window=\u00bbon\u00bb align=\u00bbcenter\u00bb align_tablet=\u00bbcenter\u00bb align_phone=\u00bb\u00bb align_last_edited=\u00bbon|desktop\u00bb _builder_version=\u00bb4.18.0&#8243; custom_margin=\u00bb||10px|\u00bb global_colors_info=\u00bb{}\u00bb][\/et_pb_image][\/et_pb_column][et_pb_column type=\u00bb1_4&#8243; _builder_version=\u00bb4.16&#8243; custom_padding=\u00bb|||\u00bb global_colors_info=\u00bb{}\u00bb custom_padding__hover=\u00bb|||\u00bb][et_pb_image src=\u00bbhttps:\/\/www.unioviedo.es\/foro_empleo\/wp-content\/uploads\/2021\/12\/patrocinadores-25.jpg\u00bb title_text=\u00bbpatrocinadores-25&#8243; url=\u00bbhttps:\/\/dxc.com\/es\/es\u00bb url_new_window=\u00bbon\u00bb align=\u00bbcenter\u00bb align_tablet=\u00bbcenter\u00bb align_phone=\u00bb\u00bb align_last_edited=\u00bbon|desktop\u00bb _builder_version=\u00bb4.18.0&#8243; custom_margin=\u00bb||10px|\u00bb global_colors_info=\u00bb{}\u00bb][\/et_pb_image][\/et_pb_column][et_pb_column type=\u00bb1_4&#8243; _builder_version=\u00bb4.16&#8243; custom_padding=\u00bb|||\u00bb global_colors_info=\u00bb{}\u00bb custom_padding__hover=\u00bb|||\u00bb][et_pb_image src=\u00bbhttps:\/\/www.unioviedo.es\/foro_empleo\/wp-content\/uploads\/2021\/12\/patrocinadores-20-1.jpg\u00bb title_text=\u00bbpatrocinadores-20&#8243; url=\u00bbhttps:\/\/www.portalento.es\/\u00bb url_new_window=\u00bbon\u00bb align=\u00bbcenter\u00bb align_tablet=\u00bbcenter\u00bb align_phone=\u00bb\u00bb align_last_edited=\u00bbon|desktop\u00bb _builder_version=\u00bb4.18.0&#8243; custom_margin=\u00bb||10px|\u00bb global_colors_info=\u00bb{}\u00bb][\/et_pb_image][\/et_pb_column][\/et_pb_row][et_pb_row column_structure=\u00bb1_4,1_4,1_4,1_4&#8243; use_custom_gutter=\u00bbon\u00bb gutter_width=\u00bb2&#8243; module_class=\u00bbtres-columnas\u00bb _builder_version=\u00bb4.16&#8243; max_width=\u00bb1440px\u00bb module_alignment=\u00bbcenter\u00bb custom_margin=\u00bb0px||0px||true|false\u00bb custom_padding=\u00bb0px||0px||true|false\u00bb use_custom_width=\u00bbon\u00bb custom_width_px=\u00bb1440px\u00bb global_colors_info=\u00bb{}\u00bb][et_pb_column type=\u00bb1_4&#8243; _builder_version=\u00bb4.16&#8243; custom_padding=\u00bb|||\u00bb global_colors_info=\u00bb{}\u00bb custom_padding__hover=\u00bb|||\u00bb][et_pb_image src=\u00bbhttps:\/\/www.unioviedo.es\/foro_empleo\/wp-content\/uploads\/2022\/08\/logo-ebroker.jpg\u00bb title_text=\u00bblogo-ebroker\u00bb url=\u00bbhttps:\/\/www.ebroker.es\/proyecto-empresarial\/impulsamos-el-talento\/\u00bb url_new_window=\u00bbon\u00bb align=\u00bbcenter\u00bb align_tablet=\u00bbcenter\u00bb align_phone=\u00bb\u00bb align_last_edited=\u00bbon|desktop\u00bb _builder_version=\u00bb4.18.0&#8243; custom_margin=\u00bb||10px|\u00bb global_colors_info=\u00bb{}\u00bb][\/et_pb_image][\/et_pb_column][et_pb_column type=\u00bb1_4&#8243; _builder_version=\u00bb4.16&#8243; custom_padding=\u00bb|||\u00bb global_colors_info=\u00bb{}\u00bb custom_padding__hover=\u00bb|||\u00bb][et_pb_image src=\u00bbhttps:\/\/www.unioviedo.es\/foro_empleo\/wp-content\/uploads\/2022\/08\/econocom.jpg\u00bb title_text=\u00bbeconocom\u00bb url=\u00bbhttps:\/\/www.econocom.com\/en\u00bb url_new_window=\u00bbon\u00bb align=\u00bbcenter\u00bb align_tablet=\u00bbcenter\u00bb align_phone=\u00bb\u00bb align_last_edited=\u00bbon|desktop\u00bb _builder_version=\u00bb4.18.0&#8243; custom_margin=\u00bb||10px|\u00bb global_colors_info=\u00bb{}\u00bb][\/et_pb_image][\/et_pb_column][et_pb_column type=\u00bb1_4&#8243; _builder_version=\u00bb4.16&#8243; custom_padding=\u00bb|||\u00bb global_colors_info=\u00bb{}\u00bb custom_padding__hover=\u00bb|||\u00bb][et_pb_image src=\u00bbhttps:\/\/www.unioviedo.es\/foro_empleo\/wp-content\/uploads\/2022\/08\/logo-edp.jpg\u00bb title_text=\u00bblogo-edp\u00bb url=\u00bbhttps:\/\/espana.edp.com\/es\u00bb url_new_window=\u00bbon\u00bb align=\u00bbcenter\u00bb align_tablet=\u00bbcenter\u00bb align_phone=\u00bb\u00bb align_last_edited=\u00bbon|desktop\u00bb _builder_version=\u00bb4.18.0&#8243; custom_margin=\u00bb||10px|\u00bb global_colors_info=\u00bb{}\u00bb][\/et_pb_image][\/et_pb_column][et_pb_column type=\u00bb1_4&#8243; _builder_version=\u00bb4.16&#8243; custom_padding=\u00bb|||\u00bb global_colors_info=\u00bb{}\u00bb custom_padding__hover=\u00bb|||\u00bb][et_pb_image src=\u00bbhttps:\/\/www.unioviedo.es\/foro_empleo\/wp-content\/uploads\/2021\/12\/patrocinadores-13.jpg\u00bb title_text=\u00bbpatrocinadores-13&#8243; url=\u00bbhttps:\/\/www.eurofirms.com\/es\/es\/\u00bb url_new_window=\u00bbon\u00bb align=\u00bbcenter\u00bb align_tablet=\u00bbcenter\u00bb align_phone=\u00bb\u00bb align_last_edited=\u00bbon|desktop\u00bb _builder_version=\u00bb4.18.0&#8243; custom_margin=\u00bb||10px|\u00bb global_colors_info=\u00bb{}\u00bb][\/et_pb_image][\/et_pb_column][\/et_pb_row][et_pb_row column_structure=\u00bb1_4,1_4,1_4,1_4&#8243; use_custom_gutter=\u00bbon\u00bb gutter_width=\u00bb2&#8243; module_class=\u00bbtres-columnas\u00bb _builder_version=\u00bb4.16&#8243; max_width=\u00bb1440px\u00bb module_alignment=\u00bbcenter\u00bb custom_margin=\u00bb0px||0px||true|false\u00bb custom_padding=\u00bb0px||0px||true|false\u00bb use_custom_width=\u00bbon\u00bb custom_width_px=\u00bb1440px\u00bb global_colors_info=\u00bb{}\u00bb][et_pb_column type=\u00bb1_4&#8243; _builder_version=\u00bb4.16&#8243; custom_padding=\u00bb|||\u00bb global_colors_info=\u00bb{}\u00bb custom_padding__hover=\u00bb|||\u00bb][et_pb_image src=\u00bbhttps:\/\/www.unioviedo.es\/foro_empleo\/wp-content\/uploads\/2022\/09\/gijon-empleo.jpg\u00bb title_text=\u00bbgijon-empleo\u00bb url=\u00bbhttps:\/\/www.gijon.es\/es\/empleo\u00bb url_new_window=\u00bbon\u00bb align=\u00bbcenter\u00bb align_tablet=\u00bbcenter\u00bb align_phone=\u00bb\u00bb align_last_edited=\u00bbon|desktop\u00bb _builder_version=\u00bb4.18.0&#8243; custom_margin=\u00bb||10px|\u00bb global_colors_info=\u00bb{}\u00bb][\/et_pb_image][\/et_pb_column][et_pb_column type=\u00bb1_4&#8243; _builder_version=\u00bb4.16&#8243; custom_padding=\u00bb|||\u00bb global_colors_info=\u00bb{}\u00bb custom_padding__hover=\u00bb|||\u00bb][et_pb_image src=\u00bbhttps:\/\/www.unioviedo.es\/foro_empleo\/wp-content\/uploads\/2021\/12\/patrocinadores-16-1.jpg\u00bb title_text=\u00bbpatrocinadores-16&#8243; url=\u00bbhttps:\/\/www.leroymerlin.es\/\u00bb url_new_window=\u00bbon\u00bb align=\u00bbcenter\u00bb align_tablet=\u00bbcenter\u00bb align_phone=\u00bb\u00bb align_last_edited=\u00bbon|desktop\u00bb _builder_version=\u00bb4.18.0&#8243; custom_margin=\u00bb||10px|\u00bb global_colors_info=\u00bb{}\u00bb][\/et_pb_image][\/et_pb_column][et_pb_column type=\u00bb1_4&#8243; _builder_version=\u00bb4.16&#8243; custom_padding=\u00bb|||\u00bb global_colors_info=\u00bb{}\u00bb custom_padding__hover=\u00bb|||\u00bb][et_pb_image src=\u00bbhttps:\/\/www.unioviedo.es\/foro_empleo\/wp-content\/uploads\/2021\/12\/patrocinadores-17.jpg\u00bb title_text=\u00bbpatrocinadores-17&#8243; url=\u00bbhttps:\/\/www.mecalux.es\/\u00bb url_new_window=\u00bbon\u00bb align=\u00bbcenter\u00bb align_tablet=\u00bbcenter\u00bb align_phone=\u00bb\u00bb align_last_edited=\u00bbon|desktop\u00bb _builder_version=\u00bb4.18.0&#8243; custom_margin=\u00bb||10px|\u00bb global_colors_info=\u00bb{}\u00bb][\/et_pb_image][\/et_pb_column][et_pb_column type=\u00bb1_4&#8243; _builder_version=\u00bb4.16&#8243; custom_padding=\u00bb|||\u00bb global_colors_info=\u00bb{}\u00bb custom_padding__hover=\u00bb|||\u00bb][et_pb_image src=\u00bbhttps:\/\/www.unioviedo.es\/foro_empleo\/wp-content\/uploads\/2021\/12\/patrocinadores-9.jpg\u00bb title_text=\u00bbpatrocinadores-9&#8243; url=\u00bbhttps:\/\/www.merkle.com\/es\/es\u00bb url_new_window=\u00bbon\u00bb align=\u00bbcenter\u00bb align_tablet=\u00bbcenter\u00bb align_phone=\u00bb\u00bb align_last_edited=\u00bbon|desktop\u00bb _builder_version=\u00bb4.18.0&#8243; custom_margin=\u00bb||10px|\u00bb global_colors_info=\u00bb{}\u00bb][\/et_pb_image][\/et_pb_column][\/et_pb_row][et_pb_row column_structure=\u00bb1_5,1_5,1_5,1_5,1_5&#8243; use_custom_gutter=\u00bbon\u00bb gutter_width=\u00bb2&#8243; module_class=\u00bbtres-columnas\u00bb _builder_version=\u00bb4.16&#8243; max_width=\u00bb1440px\u00bb module_alignment=\u00bbcenter\u00bb custom_margin=\u00bb0px||0px||true|false\u00bb custom_padding=\u00bb0px||0px||true|false\u00bb use_custom_width=\u00bbon\u00bb custom_width_px=\u00bb1440px\u00bb global_colors_info=\u00bb{}\u00bb][et_pb_column type=\u00bb1_5&#8243; _builder_version=\u00bb4.16&#8243; custom_padding=\u00bb|||\u00bb global_colors_info=\u00bb{}\u00bb custom_padding__hover=\u00bb|||\u00bb][et_pb_image src=\u00bbhttps:\/\/www.unioviedo.es\/foro_empleo\/wp-content\/uploads\/2021\/12\/patrocinadores-19.jpg\u00bb title_text=\u00bbpatrocinadores-19&#8243; url=\u00bbhttps:\/\/es.nttdata.com\/\u00bb url_new_window=\u00bbon\u00bb align=\u00bbcenter\u00bb align_tablet=\u00bbcenter\u00bb align_phone=\u00bb\u00bb align_last_edited=\u00bbon|desktop\u00bb _builder_version=\u00bb4.18.0&#8243; custom_margin=\u00bb||10px|\u00bb global_colors_info=\u00bb{}\u00bb][\/et_pb_image][\/et_pb_column][et_pb_column type=\u00bb1_5&#8243; _builder_version=\u00bb4.16&#8243; custom_padding=\u00bb|||\u00bb global_colors_info=\u00bb{}\u00bb custom_padding__hover=\u00bb|||\u00bb][et_pb_image src=\u00bbhttps:\/\/www.unioviedo.es\/foro_empleo\/wp-content\/uploads\/2022\/08\/rhi-magnesita.jpg\u00bb title_text=\u00bbrhi-magnesita\u00bb url=\u00bbhttps:\/\/www.rhimagnesita.com\/\u00bb url_new_window=\u00bbon\u00bb align=\u00bbcenter\u00bb align_tablet=\u00bbcenter\u00bb align_phone=\u00bb\u00bb align_last_edited=\u00bbon|desktop\u00bb _builder_version=\u00bb4.18.0&#8243; custom_margin=\u00bb||10px|\u00bb global_colors_info=\u00bb{}\u00bb][\/et_pb_image][\/et_pb_column][et_pb_column type=\u00bb1_5&#8243; _builder_version=\u00bb4.16&#8243; custom_padding=\u00bb|||\u00bb global_colors_info=\u00bb{}\u00bb custom_padding__hover=\u00bb|||\u00bb][et_pb_image src=\u00bbhttps:\/\/www.unioviedo.es\/foro_empleo\/wp-content\/uploads\/2022\/09\/sesepa.jpg\u00bb title_text=\u00bbsesepa\u00bb url=\u00bbhttps:\/\/trabajastur.asturias.es\/\u00bb url_new_window=\u00bbon\u00bb align=\u00bbcenter\u00bb align_tablet=\u00bbcenter\u00bb align_phone=\u00bb\u00bb align_last_edited=\u00bbon|desktop\u00bb _builder_version=\u00bb4.18.0&#8243; custom_margin=\u00bb||10px|\u00bb global_colors_info=\u00bb{}\u00bb][\/et_pb_image][\/et_pb_column][et_pb_column type=\u00bb1_5&#8243; _builder_version=\u00bb4.16&#8243; custom_padding=\u00bb|||\u00bb global_colors_info=\u00bb{}\u00bb custom_padding__hover=\u00bb|||\u00bb][et_pb_image src=\u00bbhttps:\/\/www.unioviedo.es\/foro_empleo\/wp-content\/uploads\/2022\/08\/TSK.jpg\u00bb title_text=\u00bbTSK\u00bb url=\u00bbhttps:\/\/www.grupotsk.com\/\u00bb url_new_window=\u00bbon\u00bb align=\u00bbcenter\u00bb align_tablet=\u00bbcenter\u00bb align_phone=\u00bb\u00bb align_last_edited=\u00bbon|desktop\u00bb _builder_version=\u00bb4.18.0&#8243; custom_margin=\u00bb||10px|\u00bb global_colors_info=\u00bb{}\u00bb][\/et_pb_image][\/et_pb_column][et_pb_column type=\u00bb1_5&#8243; _builder_version=\u00bb4.16&#8243; custom_padding=\u00bb|||\u00bb global_colors_info=\u00bb{}\u00bb custom_padding__hover=\u00bb|||\u00bb][et_pb_image src=\u00bbhttps:\/\/www.unioviedo.es\/foro_empleo\/wp-content\/uploads\/2022\/09\/N-World_Logo.jpg\u00bb title_text=\u00bbN-World_Logo\u00bb url=\u00bbhttps:\/\/n.world\/\u00bb url_new_window=\u00bbon\u00bb align=\u00bbcenter\u00bb align_tablet=\u00bbcenter\u00bb align_phone=\u00bb\u00bb align_last_edited=\u00bbon|desktop\u00bb _builder_version=\u00bb4.18.0&#8243; custom_margin=\u00bb||10px|\u00bb global_colors_info=\u00bb{}\u00bb][\/et_pb_image][\/et_pb_column][\/et_pb_row][\/et_pb_section][et_pb_section fb_built=\u00bb1&#8243; custom_padding_last_edited=\u00bbon|phone\u00bb admin_label=\u00bbTestimonials\u00bb module_id=\u00bbMasterclass\u00bb _builder_version=\u00bb4.18.0&#8243; background_enable_color=\u00bboff\u00bb background_size=\u00bbinitial\u00bb custom_padding=\u00bb|||\u00bb custom_padding_tablet=\u00bb5%||5%||true\u00bb custom_padding_phone=\u00bb|||\u00bb bottom_divider_height=\u00bb200px\u00bb bottom_divider_flip=\u00bbhorizontal\u00bb da_popup_slug=\u00bbMasterclass\u00bb da_disable_devices=\u00bboff|off|off\u00bb global_colors_info=\u00bb{}\u00bb da_is_popup=\u00bboff\u00bb da_exit_intent=\u00bboff\u00bb da_has_close=\u00bbon\u00bb da_alt_close=\u00bboff\u00bb da_dark_close=\u00bboff\u00bb da_not_modal=\u00bbon\u00bb da_is_singular=\u00bboff\u00bb da_with_loader=\u00bboff\u00bb da_has_shadow=\u00bbon\u00bb][et_pb_row _builder_version=\u00bb4.16&#8243; global_colors_info=\u00bb{}\u00bb][et_pb_column type=\u00bb4_4&#8243; _builder_version=\u00bb4.16&#8243; custom_padding=\u00bb|||\u00bb global_colors_info=\u00bb{}\u00bb custom_padding__hover=\u00bb|||\u00bb][et_pb_text _builder_version=\u00bb4.18.0&#8243; text_font=\u00bb||||||||\u00bb text_font_size=\u00bb16px\u00bb text_line_height=\u00bb2em\u00bb ul_font=\u00bb||||||||\u00bb header_font=\u00bb||||||||\u00bb header_2_font=\u00bbRoboto|700|||||||\u00bb header_2_font_size=\u00bb45px\u00bb header_2_line_height=\u00bb1.2em\u00bb header_3_font=\u00bb||||||||\u00bb text_orientation=\u00bbcenter\u00bb max_width=\u00bb800px\u00bb max_width_last_edited=\u00bboff|desktop\u00bb module_alignment=\u00bbcenter\u00bb custom_margin=\u00bb|||\u00bb custom_margin_tablet=\u00bb|115px||\u00bb custom_margin_phone=\u00bb|-100px||\u00bb custom_margin_last_edited=\u00bboff|desktop\u00bb custom_padding=\u00bb|||\u00bb header_2_font_size_tablet=\u00bb35px\u00bb header_2_font_size_phone=\u00bb28px\u00bb header_2_font_size_last_edited=\u00bbon|phone\u00bb global_colors_info=\u00bb{}\u00bb]<\/p>\n<h2>Empresas participantes con masterclass<\/h2>\n<p>[\/et_pb_text][\/et_pb_column][\/et_pb_row][et_pb_row use_custom_gutter=\u00bbon\u00bb gutter_width=\u00bb2&#8243; module_class=\u00bbtres-columnas\u00bb _builder_version=\u00bb4.16&#8243; max_width=\u00bb1440px\u00bb module_alignment=\u00bbcenter\u00bb custom_margin=\u00bb0px||0px||true|false\u00bb custom_padding=\u00bb0px||0px||true|false\u00bb use_custom_width=\u00bbon\u00bb custom_width_px=\u00bb1440px\u00bb global_colors_info=\u00bb{}\u00bb][et_pb_column type=\u00bb4_4&#8243; _builder_version=\u00bb4.16&#8243; custom_padding=\u00bb|||\u00bb global_colors_info=\u00bb{}\u00bb custom_padding__hover=\u00bb|||\u00bb][et_pb_text _builder_version=\u00bb4.18.0&#8243; text_font=\u00bb||||||||\u00bb text_text_color=\u00bb#07867f\u00bb text_font_size=\u00bb20px\u00bb text_line_height=\u00bb2em\u00bb ul_font=\u00bb||||||||\u00bb header_font=\u00bbRoboto|700|||||||\u00bb header_text_align=\u00bbcenter\u00bb header_font_size=\u00bb80px\u00bb header_line_height=\u00bb1.2em\u00bb header_3_font=\u00bbRoboto|700||on|||||\u00bb header_3_text_align=\u00bbcenter\u00bb header_3_text_color=\u00bb#ffffff\u00bb header_3_font_size=\u00bb24px\u00bb header_3_letter_spacing=\u00bb10px\u00bb header_3_line_height=\u00bb2em\u00bb text_orientation=\u00bbcenter\u00bb background_layout=\u00bbdark\u00bb max_width=\u00bb100%\u00bb module_alignment=\u00bbcenter\u00bb text_font_size_last_edited=\u00bboff|desktop\u00bb header_font_size_tablet=\u00bb40px\u00bb header_font_size_phone=\u00bb32px\u00bb header_font_size_last_edited=\u00bbon|phone\u00bb header_3_font_size_tablet=\u00bb16px\u00bb header_3_font_size_phone=\u00bb14px\u00bb header_3_font_size_last_edited=\u00bbon|phone\u00bb header_3_letter_spacing_tablet=\u00bb5px\u00bb header_3_letter_spacing_phone=\u00bb\u00bb header_3_letter_spacing_last_edited=\u00bbon|tablet\u00bb global_colors_info=\u00bb{}\u00bb]<\/p>\n<p><a href=\"https:\/\/alcampocorporativo.es\/\" target=\"_blank\" rel=\"noopener\"><b>ALCAMPO<\/b><\/a> <span style=\"color: #808080;\"> |<\/span> <a href=\"https:\/\/alisys.net\/es\/\" target=\"_blank\" rel=\"noopener\"><b>ALISYS DIGITAL<\/b><\/a> <span style=\"color: #808080;\"> |<\/span> <a href=\"https:\/\/www.capgemini.com\/\" target=\"_blank\" rel=\"noopener\"><b>CAPGEMINI<\/b><\/a> <span style=\"color: #808080;\"> |<\/span> <a href=\"https:\/\/www.chemours.com\/join-our-team\/\" target=\"_blank\" rel=\"noopener\"><b>CHEMOURS SPAIN<\/b><\/a> <span style=\"color: #808080;\"> |<\/span> <a href=\"https:\/\/www.corteva.es\/\" target=\"_blank\" rel=\"noopener\"><b>CORTEVA AGRISCIENCE<\/b><\/a> <span style=\"color: #808080;\"> |<\/span> <a href=\"https:\/\/www.ricoh.es\" target=\"_blank\" rel=\"noopener\"><b>RICOH ESPA\u00d1A<\/b><\/a><span style=\"color: #808080;\"> |<\/span>\u00a0<a href=\"https:\/\/www.sacyrinfraestructuras.com\/sacyrfluor\" target=\"_blank\" rel=\"noopener\"><b> SACYR FLUOR<\/b><\/a> <span style=\"color: #808080;\"> |<\/span> <a href=\"https:\/\/www.saint-gobain.es\/\" target=\"_blank\" rel=\"noopener\"><b>SAINT-GOBAIN<\/b><\/a><span style=\"color: #808080;\">\u00a0<\/span><\/p>\n<p>[\/et_pb_text][\/et_pb_column][\/et_pb_row][\/et_pb_section][et_pb_section fb_built=\u00bb1&#8243; custom_padding_last_edited=\u00bbon|desktop\u00bb admin_label=\u00bbFooter\u00bb module_id=\u00bbStand\u00bb _builder_version=\u00bb4.18.0&#8243; background_enable_image=\u00bboff\u00bb background_size=\u00bbinitial\u00bb background_position=\u00bbbottom_right\u00bb custom_padding=\u00bb||5vw||false|false\u00bb custom_padding_tablet=\u00bb100px||100px||true\u00bb custom_padding_phone=\u00bb||||true\u00bb top_divider_height=\u00bb250px\u00bb top_divider_flip=\u00bbvertical\u00bb top_divider_height_tablet=\u00bb150px\u00bb top_divider_height_phone=\u00bb110px\u00bb top_divider_height_last_edited=\u00bbon|phone\u00bb bottom_divider_height=\u00bb250px\u00bb da_popup_slug=\u00bbStand\u00bb da_disable_devices=\u00bboff|off|off\u00bb saved_tabs=\u00bball\u00bb global_colors_info=\u00bb{}\u00bb da_is_popup=\u00bboff\u00bb da_exit_intent=\u00bboff\u00bb da_has_close=\u00bbon\u00bb da_alt_close=\u00bboff\u00bb da_dark_close=\u00bboff\u00bb da_not_modal=\u00bbon\u00bb da_is_singular=\u00bboff\u00bb da_with_loader=\u00bboff\u00bb da_has_shadow=\u00bbon\u00bb][et_pb_row _builder_version=\u00bb4.16&#8243; global_colors_info=\u00bb{}\u00bb][et_pb_column type=\u00bb4_4&#8243; _builder_version=\u00bb4.16&#8243; custom_padding=\u00bb|||\u00bb global_colors_info=\u00bb{}\u00bb custom_padding__hover=\u00bb|||\u00bb][et_pb_text _builder_version=\u00bb4.18.0&#8243; text_font=\u00bb||||||||\u00bb text_font_size=\u00bb16px\u00bb text_line_height=\u00bb2em\u00bb ul_font=\u00bb||||||||\u00bb header_font=\u00bb||||||||\u00bb header_2_font=\u00bbRoboto|700|||||||\u00bb header_2_font_size=\u00bb45px\u00bb header_2_line_height=\u00bb1.2em\u00bb header_3_font=\u00bb||||||||\u00bb text_orientation=\u00bbcenter\u00bb max_width=\u00bb800px\u00bb max_width_last_edited=\u00bboff|desktop\u00bb module_alignment=\u00bbcenter\u00bb custom_margin=\u00bb|||\u00bb custom_margin_tablet=\u00bb|115px||\u00bb custom_margin_phone=\u00bb|-100px||\u00bb custom_margin_last_edited=\u00bboff|desktop\u00bb custom_padding=\u00bb|||\u00bb header_2_font_size_tablet=\u00bb35px\u00bb header_2_font_size_phone=\u00bb28px\u00bb header_2_font_size_last_edited=\u00bbon|phone\u00bb global_colors_info=\u00bb{}\u00bb]<\/p>\n<h2>Empresas e instituciones participantes con stand<\/h2>\n<p>[\/et_pb_text][\/et_pb_column][\/et_pb_row][et_pb_row use_custom_gutter=\u00bbon\u00bb gutter_width=\u00bb2&#8243; module_class=\u00bbtres-columnas\u00bb _builder_version=\u00bb4.16&#8243; max_width=\u00bb1440px\u00bb module_alignment=\u00bbcenter\u00bb custom_margin=\u00bb0px||0px||true|false\u00bb custom_padding=\u00bb0px||0px||true|false\u00bb use_custom_width=\u00bbon\u00bb custom_width_px=\u00bb1440px\u00bb global_colors_info=\u00bb{}\u00bb][et_pb_column type=\u00bb4_4&#8243; _builder_version=\u00bb4.16&#8243; custom_padding=\u00bb|||\u00bb global_colors_info=\u00bb{}\u00bb custom_padding__hover=\u00bb|||\u00bb][et_pb_text _builder_version=\u00bb4.18.0&#8243; text_font=\u00bb||||||||\u00bb text_text_color=\u00bb#07867f\u00bb text_font_size=\u00bb20px\u00bb text_line_height=\u00bb2em\u00bb ul_font=\u00bb||||||||\u00bb header_font=\u00bbRoboto|700|||||||\u00bb header_text_align=\u00bbcenter\u00bb header_font_size=\u00bb80px\u00bb header_line_height=\u00bb1.2em\u00bb header_3_font=\u00bbRoboto|700||on|||||\u00bb header_3_text_align=\u00bbcenter\u00bb header_3_text_color=\u00bb#ffffff\u00bb header_3_font_size=\u00bb24px\u00bb header_3_letter_spacing=\u00bb10px\u00bb header_3_line_height=\u00bb2em\u00bb text_orientation=\u00bbcenter\u00bb background_layout=\u00bbdark\u00bb max_width=\u00bb100%\u00bb module_alignment=\u00bbcenter\u00bb text_font_size_last_edited=\u00bboff|desktop\u00bb header_font_size_tablet=\u00bb40px\u00bb header_font_size_phone=\u00bb32px\u00bb header_font_size_last_edited=\u00bbon|phone\u00bb header_3_font_size_tablet=\u00bb16px\u00bb header_3_font_size_phone=\u00bb14px\u00bb header_3_font_size_last_edited=\u00bbon|phone\u00bb header_3_letter_spacing_tablet=\u00bb5px\u00bb header_3_letter_spacing_phone=\u00bb\u00bb header_3_letter_spacing_last_edited=\u00bbon|tablet\u00bb global_colors_info=\u00bb{}\u00bb]<a href=\"https:\/\/www.alimerka.es\/\" target=\"_blank\" rel=\"noopener\"><b>ALIMERKA<\/b><\/a><span style=\"color: #808080;\"> | <\/span><a href=\"https:\/\/www.asac.as\/\" target=\"_blank\" rel=\"noopener\"><b>ASAC<\/b><\/a><span style=\"color: #808080;\"> | <\/span><a href=\"https:\/\/www.oviedo.es\/\" target=\"_blank\" rel=\"noopener\"><b>AYUNTAMIENTO DE OVIEDO<\/b><\/a><span style=\"color: #808080;\"> | <\/span><a href=\"https:\/\/www.babelgroup.com\/es\/babelievers\" target=\"_blank\" rel=\"noopener\"><b>BABEL<\/b><\/a><span style=\"color: #808080;\"> | <\/span><a href=\"https:\/\/career2.successfactors.eu\/sfcareer\/jobreqcareerpvt?jobId=241&amp;company=C0004183745P&amp;username=&amp;st=A540D7A992281434499AB66C0B8A3492627B80F9\" target=\"_blank\" rel=\"noopener\"><b>BANCO SABADELL<\/b><\/a><span style=\"color: #808080;\"> | <\/span><a href=\"https:\/\/www.bricomart.es\/\" target=\"_blank\" rel=\"noopener\"><b>BRICOMART<\/b><\/a><span style=\"color: #808080;\"> | <\/span><a href=\"https:\/\/www.cajaruraldeasturias.com\/es\/trabaja-nosotros\" target=\"_blank\" rel=\"noopener\"><b>CAJA RURAL DE ASTURIAS<\/b><\/a><span style=\"color: #808080;\"> | <\/span><a href=\"https:\/\/www.clarcat.com\/\" target=\"_blank\" rel=\"noopener\"><b>CLARCAT<\/b><\/a><span style=\"color: #808080;\"> | <\/span><a href=\"https:\/\/gestoresadministrativosdeasturias.com\/\" target=\"_blank\" rel=\"noopener\"><b>COLEGIO OFICIAL DE GESTORES ADMINISTRATIVOS DE ASTURIAS<\/b><\/a><span style=\"color: #808080;\"> | <\/span><a href=\"https:\/\/www.coiias.es\/inicio\" target=\"_blank\" rel=\"noopener\"><b>COLEGIO OFICIAL DE INGENIEROS INDUSTRIALES DEL PRINCIPADO DE ASTURIAS<\/b><\/a><span style=\"color: #808080;\"> | <\/span><a href=\"https:\/\/asturias.ccoo.es\/\" target=\"_blank\" rel=\"noopener\"><b>COMISIONES OBRERAS DE ASTURIAS<\/b><\/a><span style=\"color: #808080;\"> | <\/span><a href=\"https:\/\/daorje.zimacorp.es\/\" target=\"_blank\" rel=\"noopener\"><b>DAORJE<\/b><\/a><span style=\"color: #808080;\"> | <\/span><a href=\"https:\/\/www.decathlon.es\/es\/\" target=\"_blank\" rel=\"noopener\"><b>DECATHLON<\/b><\/a><span style=\"color: #808080;\"> | <\/span><a href=\"https:\/\/delcom.es\/\" target=\"_blank\" rel=\"noopener\"><b>DELCOM LOGISTICA<\/b><\/a><span style=\"color: #808080;\"> | <\/span><a href=\"https:\/\/www.defensa.gob.es\/\" target=\"_blank\" rel=\"noopener\"><b>MINISTERIO DE DEFENSA<\/b><\/a><span style=\"color: #808080;\"> | <\/span><a href=\"https:\/\/www2.deloitte.com\/es\/es\/careers\/carrera-profesional.html?icid=top_carrera-profesional\" target=\"_blank\" rel=\"noopener\"><b>DELOITTE<\/b><\/a><span style=\"color: #808080;\"> | <\/span><a href=\"https:\/\/www.dicampus.es\/\" target=\"_blank\" rel=\"noopener\"><b>DICAMPUS<\/b><\/a><span style=\"color: #808080;\"> | <\/span><a href=\"https:\/\/empathy.co\/\" target=\"_blank\" rel=\"noopener\"><b>EMPATHY.CO<\/b><\/a><span style=\"color: #808080;\"> | <\/span><a href=\"https:\/\/www.grupo-dc.com\/wp\/\" target=\"_blank\" rel=\"noopener\"><b>GRUPO D.C.<\/b><\/a> | <\/span><a href=\"https:\/\/ence.es\/\" target=\"_blank\" rel=\"noopener\"><b>ENCE ENERG\u00cdA &amp; CELULOSA<\/b><\/a><span style=\"color: #808080;\"> |\u00a0 <\/span><a href=\"https:\/\/enviracorporate.com\/\" target=\"_blank\" rel=\"noopener\"><b>ENVIRA<\/b><\/a><span style=\"color: #808080;\"> | <\/span><a href=\"https:\/\/www.accioncontraelhambre.org\/es\" target=\"_blank\" rel=\"noopener\"><b>FUNDACION ACCION CONTRA EL HAMBRE<\/b><\/a><span style=\"color: #808080;\"> |\u00a0 <\/span><a href=\"https:\/\/www.idonial.com\/es\/\" target=\"_blank\" rel=\"noopener\"><b>FUNDACI\u00d3N IDONIAL<\/b><\/a><span style=\"color: #808080;\"> |\u00a0 <\/span><a href=\"https:\/\/fundacionmujeres.es\/\" target=\"_blank\" rel=\"noopener\"><b>FUNDACI\u00d3N MUJERES<\/b><\/a><span style=\"color: #808080;\"> |\u00a0 <\/span><a href=\"https:\/\/gamrentals.com\/es\/\" target=\"_blank\" rel=\"noopener\"><b>GAM<\/b><\/a><span style=\"color: #808080;\"> | <\/span><a href=\"https:\/\/www.garrigues.com\/es_ES\" target=\"_blank\" rel=\"noopener\"><b>GARRIGUES<\/b><\/a><span style=\"color: #808080;\"> | <\/span><a href=\"https:\/\/www.pfsgrupo.com\/\" target=\"_blank\" rel=\"noopener\"><b>PFS GRUPO<\/b><\/a><span style=\"color: #808080;\"> | <\/span><a href=\"https:\/\/www.hiberus.com\/\" target=\"_blank\" rel=\"noopener\"><b>HIBERUS<\/b><\/a><span style=\"color: #808080;\"> | <\/span><a href=\"https:\/\/www.gonvarri.com\/\" target=\"_blank\" rel=\"noopener\"><b>GONVARRI<\/b><\/a><span style=\"color: #808080;\"> |\u00a0 <\/span><a href=\"https:\/\/www.iff.com\/\" target=\"_blank\" rel=\"noopener\"><b>IFF<\/b><\/a><span style=\"color: #808080;\"> | <\/span><a href=\"https:\/\/empleo.imancorp.es\/es\" target=\"_blank\" rel=\"noopener\"><b>IMAN TEMPORING<\/b><\/a><span style=\"color: #808080;\"> | <\/span><a href=\"https:\/\/www.indracompany.com\/\" target=\"_blank\" rel=\"noopener\"><b>INDRA<\/b><\/a><span style=\"color: #808080;\"><span style=\"color: #808080;\"> | <\/span><a href=\"https:\/\/www.renypicot.es\/\" target=\"_blank\" rel=\"noopener\"><b>RENY PICOT<\/b><\/a><span style=\"color: #808080;\"> | <\/span><a href=\"https:\/\/www.ingeteam.com\/es-es\/quienessomos\/ingeteam.aspx\" target=\"_blank\" rel=\"noopener\"><b>INGETEAM<\/b><\/a><span style=\"color: #808080;\"> | <\/span><a href=\"https:\/\/isde.es\/\" target=\"_blank\" rel=\"noopener\"><b>INSTITUTO SUPERIOR DE DERECHO Y ECONOMIA (ISDE)<\/b><\/a><span style=\"color: #808080;\"> | <\/span><a href=\"https:\/\/www.lacera.es\/es\/\" target=\"_blank\" rel=\"noopener\"><b>GRUPO LACERA<\/b><\/a><span style=\"color: #808080;\"> | <\/span><a href=\"https:\/\/lener.es\/\" target=\"_blank\" rel=\"noopener\"><b>LENER<\/b><\/a><span style=\"color: #808080;\"> | <\/span><a href=\"https:\/\/www.managementsolutions.com\/es\" target=\"_blank\" rel=\"noopener\"><b>MANAGEMENT SOLUTIONS<\/b><\/a><span style=\"color: #808080;\"> | <\/span><a href=\"https:\/\/arias.es\/\" target=\"_blank\" rel=\"noopener\"><b>ARIAS<\/b><\/a><span style=\"color: #808080;\"> | <\/span><a href=\"https:\/\/www.mba.eu\/es\/\" target=\"_blank\" rel=\"noopener\"><b>MBA SURGICAL EMPOWERMENT<\/b><\/a><span style=\"color: #808080;\"> | <\/span><a href=\"https:\/\/www.nnespana.es\/home\" target=\"_blank\" rel=\"noopener\"><b>NATIONALE NEDERLANDEN<\/b><\/a><span style=\"color: #808080;\"> | <\/span><a href=\"https:\/\/nexian.es\/\" target=\"_blank\" rel=\"noopener\"><b>NEXIAN<\/b><\/a><span style=\"color: #808080;\"> | <\/span><a href=\"https:\/\/es.ontier.net\/\" target=\"_blank\" rel=\"noopener\"><b>ONTIER<\/b><\/a><span style=\"color: #808080;\"> | <\/span><a href=\"https:\/\/www.dupont.es\/\" target=\"_blank\" rel=\"noopener\"><b>DUPONT<\/b><\/a><span style=\"color: #808080;\"> | <\/span><a href=\"https:\/\/www.pmgsinter.com\/\" target=\"_blank\" rel=\"noopener\"><b>PMG ASTURIAS POWDER METAL &amp; POWERTRAIN R&amp;D CENTER<\/b><\/a><span style=\"color: #808080;\"> | <\/span><a href=\"https:\/\/www.pwc.es\/es\/carrera-profesional.html\" target=\"_blank\" rel=\"noopener\"><b>PWC<\/b><\/a><span style=\"color: #808080;\"> |\u00a0<\/span><a href=\"https:\/\/seresco.es\/\" target=\"_blank\" rel=\"noopener\"><b>SERESCO<\/b><\/a><span style=\"color: #808080;\"> |\u00a0<\/span><a href=\"http:\/\/www.tcindustrial.com\/\" target=\"_blank\" rel=\"noopener\"><b>TC INDUSTRIAL<\/b><\/a><span style=\"color: #808080;\"> | <\/span><a href=\"https:\/\/www.tkelevator.com\/global-en\/\" target=\"_blank\" rel=\"noopener\"><b>TKE NORTE<\/b><\/a><span style=\"color: #808080;\"> | <\/span><a href=\"https:\/\/ugt-asturias.org\/\" target=\"_blank\" rel=\"noopener\"><b>UGT ASTURIAS<\/b><\/a><span style=\"color: #808080;\"> | <\/span><a href=\"https:\/\/zitron.com\/\" target=\"_blank\" rel=\"noopener\"><b>ZITRON<\/b><\/a>[\/et_pb_text][\/et_pb_column][\/et_pb_row][\/et_pb_section][et_pb_section fb_built=\u00bb1&#8243; custom_padding_last_edited=\u00bbon|desktop\u00bb admin_label=\u00bbFooter\u00bb module_id=\u00bbNetworking\u00bb _builder_version=\u00bb4.18.0&#8243; background_enable_image=\u00bboff\u00bb background_size=\u00bbinitial\u00bb background_position=\u00bbbottom_right\u00bb custom_padding=\u00bb||5vw||false|false\u00bb custom_padding_tablet=\u00bb100px||100px||true\u00bb custom_padding_phone=\u00bb||||true\u00bb top_divider_height=\u00bb250px\u00bb top_divider_flip=\u00bbvertical\u00bb top_divider_height_tablet=\u00bb150px\u00bb top_divider_height_phone=\u00bb110px\u00bb top_divider_height_last_edited=\u00bbon|phone\u00bb bottom_divider_height=\u00bb250px\u00bb da_popup_slug=\u00bbNetworking\u00bb da_disable_devices=\u00bboff|off|off\u00bb saved_tabs=\u00bball\u00bb global_colors_info=\u00bb{}\u00bb da_is_popup=\u00bboff\u00bb da_exit_intent=\u00bboff\u00bb da_has_close=\u00bbon\u00bb da_alt_close=\u00bboff\u00bb da_dark_close=\u00bboff\u00bb da_not_modal=\u00bbon\u00bb da_is_singular=\u00bboff\u00bb da_with_loader=\u00bboff\u00bb da_has_shadow=\u00bbon\u00bb][et_pb_row _builder_version=\u00bb4.16&#8243; global_colors_info=\u00bb{}\u00bb][et_pb_column type=\u00bb4_4&#8243; _builder_version=\u00bb4.16&#8243; custom_padding=\u00bb|||\u00bb global_colors_info=\u00bb{}\u00bb custom_padding__hover=\u00bb|||\u00bb][et_pb_text _builder_version=\u00bb4.18.0&#8243; text_font=\u00bb||||||||\u00bb text_font_size=\u00bb16px\u00bb text_line_height=\u00bb2em\u00bb ul_font=\u00bb||||||||\u00bb header_font=\u00bb||||||||\u00bb header_2_font=\u00bbRoboto|700|||||||\u00bb header_2_font_size=\u00bb45px\u00bb header_2_line_height=\u00bb1.2em\u00bb header_3_font=\u00bb||||||||\u00bb text_orientation=\u00bbcenter\u00bb max_width=\u00bb800px\u00bb max_width_last_edited=\u00bboff|desktop\u00bb module_alignment=\u00bbcenter\u00bb custom_margin=\u00bb|||\u00bb custom_margin_tablet=\u00bb|115px||\u00bb custom_margin_phone=\u00bb|-100px||\u00bb custom_margin_last_edited=\u00bboff|desktop\u00bb custom_padding=\u00bb|||\u00bb header_2_font_size_tablet=\u00bb35px\u00bb header_2_font_size_phone=\u00bb28px\u00bb header_2_font_size_last_edited=\u00bbon|phone\u00bb global_colors_info=\u00bb{}\u00bb]<\/p>\n<h2>\u00a0Empresas zona networking<\/h2>\n<p>[\/et_pb_text][\/et_pb_column][\/et_pb_row][et_pb_row use_custom_gutter=\u00bbon\u00bb gutter_width=\u00bb2&#8243; module_class=\u00bbtres-columnas\u00bb _builder_version=\u00bb4.16&#8243; max_width=\u00bb1440px\u00bb module_alignment=\u00bbcenter\u00bb custom_margin=\u00bb0px||0px||true|false\u00bb custom_padding=\u00bb0px||0px||true|false\u00bb use_custom_width=\u00bbon\u00bb custom_width_px=\u00bb1440px\u00bb global_colors_info=\u00bb{}\u00bb][et_pb_column type=\u00bb4_4&#8243; _builder_version=\u00bb4.16&#8243; custom_padding=\u00bb|||\u00bb global_colors_info=\u00bb{}\u00bb custom_padding__hover=\u00bb|||\u00bb][et_pb_text _builder_version=\u00bb4.18.0&#8243; text_font=\u00bb||||||||\u00bb text_text_color=\u00bb#07867f\u00bb text_font_size=\u00bb20px\u00bb text_line_height=\u00bb2em\u00bb ul_font=\u00bb||||||||\u00bb header_font=\u00bbRoboto|700|||||||\u00bb header_text_align=\u00bbcenter\u00bb header_font_size=\u00bb80px\u00bb header_line_height=\u00bb1.2em\u00bb header_3_font=\u00bbRoboto|700||on|||||\u00bb header_3_text_align=\u00bbcenter\u00bb header_3_text_color=\u00bb#ffffff\u00bb header_3_font_size=\u00bb24px\u00bb header_3_letter_spacing=\u00bb10px\u00bb header_3_line_height=\u00bb2em\u00bb text_orientation=\u00bbcenter\u00bb background_layout=\u00bbdark\u00bb max_width=\u00bb100%\u00bb module_alignment=\u00bbcenter\u00bb text_font_size_last_edited=\u00bboff|desktop\u00bb header_font_size_tablet=\u00bb40px\u00bb header_font_size_phone=\u00bb32px\u00bb header_font_size_last_edited=\u00bbon|phone\u00bb header_3_font_size_tablet=\u00bb16px\u00bb header_3_font_size_phone=\u00bb14px\u00bb header_3_font_size_last_edited=\u00bbon|phone\u00bb header_3_letter_spacing_tablet=\u00bb5px\u00bb header_3_letter_spacing_phone=\u00bb\u00bb header_3_letter_spacing_last_edited=\u00bbon|tablet\u00bb global_colors_info=\u00bb{}\u00bb]<b><a href=\"https:\/\/aritium.com\/\" target=\"_blank\" rel=\"noopener\">ARITIUM<\/a><\/b><span style=\"color: #808080;\"> | <\/span><a href=\"http:\/\/www.asincar.com\/\" target=\"_blank\" rel=\"noopener\"><b>ASINCAR CENTRO TECNOL\u00d3GICO\u00a0<\/b><\/a><span style=\"color: #808080;\"> | <b><a href=\"https:\/\/begocosta.com\/\" target=\"_blank\" rel=\"noopener\">BEGO COSTA AFRICA &amp; WORLDWIDE<\/a><\/b><\/span><span style=\"color: #808080;\"> | <\/span><a href=\"https:\/\/www.cafento.com\/\" target=\"_blank\" rel=\"noopener\"><b>CAFENTO <\/b><\/a><span style=\"color: #808080;\"> | <\/span><a href=\"https:\/\/www.caser.es\/\" target=\"_blank\" rel=\"noopener\"><b>CASER SEGUROS <\/b><\/a><span style=\"color: #808080;\"> | <\/span><a href=\"https:\/\/castroalonso.com\/\" target=\"_blank\" rel=\"noopener\"><b>CASTROALONSO <\/b><\/a><span style=\"color: #808080;\"> | <\/span><a href=\"https:\/\/www.centaurea.es\/\" target=\"_blank\" rel=\"noopener\"><b>CENTAURA TECH DEVELOPMENT <\/b><\/a><span style=\"color: #808080;\"> | <\/span><a href=\"https:\/\/gijon.cgac.es\/\" target=\"_blank\" rel=\"noopener\"><b>COAC GIJ\u00d3N <\/b><\/a><span style=\"color: #808080;\"> | <\/span><a href=\"https:\/\/www.cop-asturias.org\/\" target=\"_blank\" rel=\"noopener\"><b>COLEGIO OFICIAL DE PSIC\u00d3LOGOS DEL PRINCIPADO DE ASTURIAS <\/b><\/a><span style=\"color: #808080;\"> | <\/span><a href=\"https:\/\/enfasys.es\/\" target=\"_blank\" rel=\"noopener\"><b>ENFASYS INGENIERIA <\/b><\/a><span style=\"color: #808080;\"> | <\/span><a href=\"https:\/\/www.galenotraining.com\/\" target=\"_blank\" rel=\"noopener\"><b>GALENO TRAINING <\/b><\/a><span style=\"color: #808080;\"> | <\/span><a href=\"https:\/\/www.getronics.com\/\" target=\"_blank\" rel=\"noopener\"><b>GETRONICS <\/b><\/a><span style=\"color: #808080;\"> | <\/span><a href=\"https:\/\/www.i4life.es\/\" target=\"_blank\" rel=\"noopener\"><b>I4LIFE <\/b><\/a><span style=\"color: #808080;\"> | <\/span><a href=\"https:\/\/www.idesa.net\/\" target=\"_blank\" rel=\"noopener\"><b>IDESA <\/b><\/a><span style=\"color: #808080;\"> | <\/span><a href=\"https:\/\/www.jopeful.es\/\" target=\"_blank\" rel=\"noopener\"><b>JOPEFUL <\/b><\/a><span style=\"color: #808080;\"> | <\/span><a href=\"http:\/\/www.pasek.es\/\" target=\"_blank\" rel=\"noopener\"><b>PASEK<\/b><\/a><span style=\"color: #808080;\"> | <\/span><a href=\"https:\/\/plexigrid.com\/\" target=\"_blank\" rel=\"noopener\"><b>PLEXIGRID<\/b><\/a>[\/et_pb_text][\/et_pb_column][\/et_pb_row][\/et_pb_section][et_pb_section fb_built=\u00bb1&#8243; custom_padding_last_edited=\u00bbon|desktop\u00bb admin_label=\u00bbFooter\u00bb module_id=\u00bbColaboradores\u00bb _builder_version=\u00bb4.18.0&#8243; background_enable_image=\u00bboff\u00bb background_size=\u00bbinitial\u00bb background_position=\u00bbbottom_right\u00bb custom_padding=\u00bb||5vw||false|false\u00bb custom_padding_tablet=\u00bb100px||100px||true\u00bb custom_padding_phone=\u00bb||||true\u00bb top_divider_height=\u00bb250px\u00bb top_divider_flip=\u00bbvertical\u00bb top_divider_height_tablet=\u00bb150px\u00bb top_divider_height_phone=\u00bb110px\u00bb top_divider_height_last_edited=\u00bbon|phone\u00bb bottom_divider_height=\u00bb250px\u00bb da_popup_slug=\u00bbColaboradores\u00bb da_disable_devices=\u00bboff|off|off\u00bb saved_tabs=\u00bball\u00bb global_colors_info=\u00bb{}\u00bb da_is_popup=\u00bboff\u00bb da_exit_intent=\u00bboff\u00bb da_has_close=\u00bbon\u00bb da_alt_close=\u00bboff\u00bb da_dark_close=\u00bboff\u00bb da_not_modal=\u00bbon\u00bb da_is_singular=\u00bboff\u00bb da_with_loader=\u00bboff\u00bb da_has_shadow=\u00bbon\u00bb][et_pb_row _builder_version=\u00bb4.16&#8243; global_colors_info=\u00bb{}\u00bb][et_pb_column type=\u00bb4_4&#8243; _builder_version=\u00bb4.16&#8243; custom_padding=\u00bb|||\u00bb global_colors_info=\u00bb{}\u00bb custom_padding__hover=\u00bb|||\u00bb][et_pb_text _builder_version=\u00bb4.18.0&#8243; text_font=\u00bb||||||||\u00bb text_font_size=\u00bb16px\u00bb text_line_height=\u00bb2em\u00bb ul_font=\u00bb||||||||\u00bb header_font=\u00bb||||||||\u00bb header_2_font=\u00bbRoboto|700|||||||\u00bb header_2_font_size=\u00bb45px\u00bb header_2_line_height=\u00bb1.2em\u00bb header_3_font=\u00bb||||||||\u00bb text_orientation=\u00bbcenter\u00bb max_width=\u00bb800px\u00bb max_width_last_edited=\u00bboff|desktop\u00bb module_alignment=\u00bbcenter\u00bb custom_margin=\u00bb|||\u00bb custom_margin_tablet=\u00bb|115px||\u00bb custom_margin_phone=\u00bb|-100px||\u00bb custom_margin_last_edited=\u00bboff|desktop\u00bb custom_padding=\u00bb|||\u00bb header_2_font_size_tablet=\u00bb35px\u00bb header_2_font_size_phone=\u00bb28px\u00bb header_2_font_size_last_edited=\u00bbon|phone\u00bb global_colors_info=\u00bb{}\u00bb]<\/p>\n<h2>Colaboradores<\/h2>\n<p>[\/et_pb_text][\/et_pb_column][\/et_pb_row][et_pb_row use_custom_gutter=\u00bbon\u00bb gutter_width=\u00bb2&#8243; module_class=\u00bbtres-columnas\u00bb _builder_version=\u00bb4.16&#8243; max_width=\u00bb1440px\u00bb module_alignment=\u00bbcenter\u00bb custom_margin=\u00bb0px||0px||true|false\u00bb custom_padding=\u00bb0px||0px||true|false\u00bb use_custom_width=\u00bbon\u00bb custom_width_px=\u00bb1440px\u00bb global_colors_info=\u00bb{}\u00bb][et_pb_column type=\u00bb4_4&#8243; _builder_version=\u00bb4.16&#8243; custom_padding=\u00bb|||\u00bb global_colors_info=\u00bb{}\u00bb custom_padding__hover=\u00bb|||\u00bb][et_pb_text _builder_version=\u00bb4.18.0&#8243; text_font=\u00bb|||on|||||\u00bb text_text_color=\u00bb#07867f\u00bb text_font_size=\u00bb20px\u00bb text_line_height=\u00bb2em\u00bb ul_font=\u00bb||||||||\u00bb header_font=\u00bbRoboto|700|||||||\u00bb header_text_align=\u00bbcenter\u00bb header_font_size=\u00bb80px\u00bb header_line_height=\u00bb1.2em\u00bb header_3_font=\u00bbRoboto|700||on|||||\u00bb header_3_text_align=\u00bbcenter\u00bb header_3_text_color=\u00bb#ffffff\u00bb header_3_font_size=\u00bb24px\u00bb header_3_letter_spacing=\u00bb10px\u00bb header_3_line_height=\u00bb2em\u00bb text_orientation=\u00bbcenter\u00bb background_layout=\u00bbdark\u00bb max_width=\u00bb100%\u00bb module_alignment=\u00bbcenter\u00bb text_font_size_last_edited=\u00bboff|desktop\u00bb header_font_size_tablet=\u00bb40px\u00bb header_font_size_phone=\u00bb32px\u00bb header_font_size_last_edited=\u00bbon|phone\u00bb header_3_font_size_tablet=\u00bb16px\u00bb header_3_font_size_phone=\u00bb14px\u00bb header_3_font_size_last_edited=\u00bbon|phone\u00bb header_3_letter_spacing_tablet=\u00bb5px\u00bb header_3_letter_spacing_phone=\u00bb\u00bb header_3_letter_spacing_last_edited=\u00bbon|tablet\u00bb global_colors_info=\u00bb{}\u00bb]<strong><a href=\"http:\/\/www.aedipe.es\/\" target=\"_blank\" rel=\"noopener\">AEDIPE\u00a0<\/a><span style=\"color: #808080;\"> | <strong><a href=\"https:\/\/asata.es\/\" target=\"_blank\" rel=\"noopener\">ASATA\u00a0<\/a><span style=\"color: #808080;\"> | <a href=\"https:\/\/www.unioviedo.es\/catedradeemprendimiento\/\" target=\"_blank\" rel=\"noopener\">C\u00e1tedra de Emprendimiento Universidad de Oviedo-Caja Rural de Asturias\u00a0<\/a><span style=\"color: #808080;\"> | <a href=\"https:\/\/www.ceei.es\/\" target=\"_blank\" rel=\"noopener\">CEEI<\/a> | \u00a0<\/span><a href=\"http:\/\/www.asturiasemprenda.org\/\" target=\"_blank\" rel=\"noopener\">CLINIC JOVEN EMPRENDA\u00a0<\/a><span style=\"color: #808080;\"> | <a href=\"http:\/\/www.cop-asturias.org\/\/\" target=\"_blank\" rel=\"noopener\">Colegio Oficial de Psic\u00f3logos del Principado de Asturias\u00a0<\/a><span style=\"color: #808080;\"> | <a href=\"https:\/\/www.graduadosocialasturias.es\/\" target=\"_blank\" rel=\"noopener\">EXCELENT\u00cdSIMO COLEGIO DE GRADUADOS SOCIALES<\/a><\/span><span style=\"color: #808080;\"> | <\/span><a href=\"https:\/\/www.mdeasturias.com\/\" target=\"_blank\" rel=\"noopener\">MUJERES DE EMPRESA\u00a0<\/a><\/span><span style=\"color: #808080;\"> | <\/span><a href=\"https:\/\/asturias.secot.org\/\" target=\"_blank\" rel=\"noopener\">SECOT ASTURIAS <\/a><\/span><\/strong>[\/et_pb_text][\/et_pb_column][\/et_pb_row][\/et_pb_section][et_pb_section fb_built=\u00bb1&#8243; admin_label=\u00bbSection\u00bb module_id=\u00bbPrograma\u00bb _builder_version=\u00bb4.18.0&#8243; _module_preset=\u00bbdefault\u00bb background_color=\u00bb#f2f2f2&#8243; custom_margin=\u00bb||||true|false\u00bb custom_padding=\u00bb4vw||4vw||false|false\u00bb da_popup_slug=\u00bbPrograma\u00bb da_disable_devices=\u00bboff|off|off\u00bb global_module=\u00bb384&#8243; saved_tabs=\u00bball\u00bb global_colors_info=\u00bb{}\u00bb da_is_popup=\u00bboff\u00bb da_exit_intent=\u00bboff\u00bb da_has_close=\u00bbon\u00bb da_alt_close=\u00bboff\u00bb da_dark_close=\u00bboff\u00bb da_not_modal=\u00bbon\u00bb da_is_singular=\u00bboff\u00bb da_with_loader=\u00bboff\u00bb da_has_shadow=\u00bbon\u00bb][et_pb_row use_custom_gutter=\u00bbon\u00bb gutter_width=\u00bb1&#8243; make_equal=\u00bbon\u00bb module_class=\u00bbtres-columnas\u00bb _builder_version=\u00bb4.16&#8243; _module_preset=\u00bbdefault\u00bb width=\u00bb90%\u00bb max_width=\u00bb90%\u00bb custom_margin=\u00bb10px|auto|40px|auto|false|false\u00bb custom_padding=\u00bb0px||0px||true|false\u00bb global_colors_info=\u00bb{}\u00bb][et_pb_column type=\u00bb4_4&#8243; _builder_version=\u00bb4.16&#8243; _module_preset=\u00bbdefault\u00bb global_colors_info=\u00bb{}\u00bb][et_pb_image src=\u00bbhttps:\/\/www.unioviedo.es\/foro_empleo\/wp-content\/uploads\/2022\/08\/20-logo-foro-1-300&#215;219.png\u00bb title_text=\u00bb20-logo-foro\u00bb align=\u00bbcenter\u00bb _builder_version=\u00bb4.18.0&#8243; _module_preset=\u00bbdefault\u00bb global_colors_info=\u00bb{}\u00bb][\/et_pb_image][et_pb_text _builder_version=\u00bb4.18.0&#8243; text_font=\u00bbRoboto||||||||\u00bb text_text_color=\u00bb#7c7c7c\u00bb text_font_size=\u00bb16px\u00bb text_line_height=\u00bb1.8em\u00bb header_font=\u00bbRoboto|700|||||||\u00bb header_text_align=\u00bbcenter\u00bb header_text_color=\u00bb#07867f\u00bb header_font_size=\u00bb55px\u00bb header_line_height=\u00bb1.2em\u00bb header_2_font=\u00bbRoboto||||||||\u00bb header_2_text_align=\u00bbcenter\u00bb header_2_text_color=\u00bb#000000&#8243; header_2_font_size=\u00bb45px\u00bb header_3_font=\u00bbRoboto|700|||||||\u00bb header_3_text_align=\u00bbcenter\u00bb header_3_text_color=\u00bb#6b6b6b\u00bb header_3_font_size=\u00bb24px\u00bb text_orientation=\u00bbcenter\u00bb background_layout=\u00bbdark\u00bb module_alignment=\u00bbcenter\u00bb custom_margin=\u00bb28px|||||\u00bb text_font_size_last_edited=\u00bboff|desktop\u00bb header_font_size_tablet=\u00bb40px\u00bb header_font_size_phone=\u00bb32px\u00bb header_font_size_last_edited=\u00bbon|phone\u00bb header_3_font_size_tablet=\u00bb16px\u00bb header_3_font_size_phone=\u00bb14px\u00bb header_3_font_size_last_edited=\u00bbon|phone\u00bb header_3_letter_spacing_tablet=\u00bb5px\u00bb header_3_letter_spacing_phone=\u00bb\u00bb header_3_letter_spacing_last_edited=\u00bbon|tablet\u00bb global_colors_info=\u00bb{}\u00bb]<\/p>\n<h1>Programa<\/h1>\n<p>(D\u00edas 5 y 6 de octubre de 10 a 14 y de 16 a 19 horas)<\/p>\n<h3><span>Podr\u00e1s participar en<\/span>:<\/h3>\n<p>[\/et_pb_text][\/et_pb_column][\/et_pb_row][et_pb_row column_structure=\u00bb1_2,1_2&#8243; _builder_version=\u00bb4.18.0&#8243; _module_preset=\u00bbdefault\u00bb global_colors_info=\u00bb{}\u00bb][et_pb_column type=\u00bb1_2&#8243; _builder_version=\u00bb4.18.0&#8243; _module_preset=\u00bbdefault\u00bb global_colors_info=\u00bb{}\u00bb][et_pb_button button_url=\u00bb#Programacompleto\u00bb button_text=\u00bbVer Programa\u00bb button_alignment=\u00bbcenter\u00bb _builder_version=\u00bb4.18.0&#8243; custom_button=\u00bbon\u00bb button_text_size=\u00bb16px\u00bb button_bg_use_color_gradient=\u00bbon\u00bb button_bg_color_gradient_direction=\u00bb90deg\u00bb button_bg_color_gradient_stops=\u00bb#1c2b5e 0%|#07867f 100%\u00bb button_bg_color_gradient_start=\u00bb#1c2b5e\u00bb button_bg_color_gradient_end=\u00bb#07867f\u00bb button_border_width=\u00bb0px\u00bb button_border_color=\u00bbrgba(0,0,0,0)\u00bb button_border_radius=\u00bb4px\u00bb button_letter_spacing=\u00bb2px\u00bb button_font=\u00bbRoboto|700||on|||||\u00bb button_use_icon=\u00bboff\u00bb background_layout=\u00bbdark\u00bb custom_margin=\u00bb|||\u00bb custom_padding=\u00bb18px|34px|18px|34px|true|true\u00bb button_text_size_tablet=\u00bb\u00bb button_text_size_phone=\u00bb14px\u00bb button_text_size_last_edited=\u00bbon|phone\u00bb box_shadow_style=\u00bbpreset3&#8243; box_shadow_vertical=\u00bb20px\u00bb box_shadow_blur=\u00bb30px\u00bb box_shadow_spread=\u00bb-10px\u00bb box_shadow_color=\u00bbrgba(7,134,127,0.4)\u00bb button_letter_spacing_hover=\u00bb5.5px\u00bb global_colors_info=\u00bb{}\u00bb button_text_size__hover_enabled=\u00bboff\u00bb button_one_text_size__hover_enabled=\u00bboff\u00bb button_two_text_size__hover_enabled=\u00bboff\u00bb button_text_color__hover_enabled=\u00bboff\u00bb button_one_text_color__hover_enabled=\u00bboff\u00bb button_two_text_color__hover_enabled=\u00bboff\u00bb button_border_width__hover_enabled=\u00bboff\u00bb button_one_border_width__hover_enabled=\u00bboff\u00bb button_two_border_width__hover_enabled=\u00bboff\u00bb button_border_color__hover_enabled=\u00bboff\u00bb button_one_border_color__hover_enabled=\u00bboff\u00bb button_two_border_color__hover_enabled=\u00bboff\u00bb button_border_radius__hover_enabled=\u00bboff\u00bb button_one_border_radius__hover_enabled=\u00bboff\u00bb button_two_border_radius__hover_enabled=\u00bboff\u00bb button_letter_spacing__hover_enabled=\u00bbon\u00bb button_letter_spacing__hover=\u00bb5.5px\u00bb button_one_letter_spacing__hover_enabled=\u00bboff\u00bb button_two_letter_spacing__hover_enabled=\u00bboff\u00bb button_bg_color__hover_enabled=\u00bboff\u00bb button_one_bg_color__hover_enabled=\u00bboff\u00bb button_two_bg_color__hover_enabled=\u00bboff\u00bb][\/et_pb_button][\/et_pb_column][et_pb_column type=\u00bb1_2&#8243; _builder_version=\u00bb4.18.0&#8243; _module_preset=\u00bbdefault\u00bb global_colors_info=\u00bb{}\u00bb][et_pb_button button_url=\u00bbhttps:\/\/www.unioviedo.es\/foro_empleo\/wp-content\/uploads\/2022\/10\/Programa20ForoEmpleoUniOvi.pdf\u00bb url_new_window=\u00bbon\u00bb button_text=\u00bbDescargar Programa\u00bb button_alignment=\u00bbcenter\u00bb _builder_version=\u00bb4.18.0&#8243; custom_button=\u00bbon\u00bb button_text_size=\u00bb16px\u00bb button_bg_use_color_gradient=\u00bbon\u00bb button_bg_color_gradient_direction=\u00bb90deg\u00bb button_bg_color_gradient_stops=\u00bb#1c2b5e 0%|#07867f 100%\u00bb button_bg_color_gradient_start=\u00bb#1c2b5e\u00bb button_bg_color_gradient_end=\u00bb#07867f\u00bb button_border_width=\u00bb0px\u00bb button_border_color=\u00bbrgba(0,0,0,0)\u00bb button_border_radius=\u00bb4px\u00bb button_letter_spacing=\u00bb2px\u00bb button_font=\u00bbRoboto|700||on|||||\u00bb button_use_icon=\u00bboff\u00bb background_layout=\u00bbdark\u00bb custom_margin=\u00bb|||\u00bb custom_padding=\u00bb18px|34px|18px|34px|true|true\u00bb button_text_size_tablet=\u00bb\u00bb button_text_size_phone=\u00bb14px\u00bb button_text_size_last_edited=\u00bbon|phone\u00bb box_shadow_style=\u00bbpreset3&#8243; box_shadow_vertical=\u00bb20px\u00bb box_shadow_blur=\u00bb30px\u00bb box_shadow_spread=\u00bb-10px\u00bb box_shadow_color=\u00bbrgba(7,134,127,0.4)\u00bb button_letter_spacing_hover=\u00bb5.5px\u00bb global_colors_info=\u00bb{}\u00bb button_text_size__hover_enabled=\u00bboff\u00bb button_one_text_size__hover_enabled=\u00bboff\u00bb button_two_text_size__hover_enabled=\u00bboff\u00bb button_text_color__hover_enabled=\u00bboff\u00bb button_one_text_color__hover_enabled=\u00bboff\u00bb button_two_text_color__hover_enabled=\u00bboff\u00bb button_border_width__hover_enabled=\u00bboff\u00bb button_one_border_width__hover_enabled=\u00bboff\u00bb button_two_border_width__hover_enabled=\u00bboff\u00bb button_border_color__hover_enabled=\u00bboff\u00bb button_one_border_color__hover_enabled=\u00bboff\u00bb button_two_border_color__hover_enabled=\u00bboff\u00bb button_border_radius__hover_enabled=\u00bboff\u00bb button_one_border_radius__hover_enabled=\u00bboff\u00bb button_two_border_radius__hover_enabled=\u00bboff\u00bb button_letter_spacing__hover_enabled=\u00bbon\u00bb button_letter_spacing__hover=\u00bb5.5px\u00bb button_one_letter_spacing__hover_enabled=\u00bboff\u00bb button_two_letter_spacing__hover_enabled=\u00bboff\u00bb button_bg_color__hover_enabled=\u00bboff\u00bb button_one_bg_color__hover_enabled=\u00bboff\u00bb button_two_bg_color__hover_enabled=\u00bboff\u00bb][\/et_pb_button][\/et_pb_column][\/et_pb_row][et_pb_row column_structure=\u00bb1_2,1_2&#8243; use_custom_gutter=\u00bbon\u00bb gutter_width=\u00bb2&#8243; make_equal=\u00bbon\u00bb module_class=\u00bbtres-columnas\u00bb _builder_version=\u00bb4.18.0&#8243; _module_preset=\u00bbdefault\u00bb custom_margin=\u00bb0px||0px||true|false\u00bb custom_padding=\u00bb0px||0px||true|false\u00bb global_colors_info=\u00bb{}\u00bb][et_pb_column type=\u00bb1_2&#8243; _builder_version=\u00bb4.16&#8243; _module_preset=\u00bbdefault\u00bb global_colors_info=\u00bb{}\u00bb][et_pb_blurb title=\u00bbMasterclass (asistencia libre hasta completar aforo)\u00bb url=\u00bb#Programacompleto\u00bb use_icon=\u00bbon\u00bb font_icon=\u00bb&#x5c;||divi||400&#8243; image_icon_background_color=\u00bbrgba(7,134,127,0.3)\u00bb icon_placement=\u00bbleft\u00bb image_icon_width=\u00bb16px\u00bb _builder_version=\u00bb4.18.0&#8243; header_font=\u00bbRoboto|700|||||||\u00bb header_font_size=\u00bb18px\u00bb header_line_height=\u00bb1.7em\u00bb body_font=\u00bb||||||||\u00bb body_line_height=\u00bb1.8em\u00bb background_enable_color=\u00bboff\u00bb image_icon_custom_padding=\u00bb8px|8px|8px|8px|false|false\u00bb module_alignment=\u00bbleft\u00bb custom_margin=\u00bb|||\u00bb custom_padding=\u00bb|||\u00bb custom_padding_phone=\u00bb||29px|\u00bb custom_padding_last_edited=\u00bboff|desktop\u00bb animation=\u00bboff\u00bb border_radii_image=\u00bbon|100%|100%|100%|100%\u00bb use_circle=\u00bbon\u00bb circle_color=\u00bbrgba(7,134,127,0.3)\u00bb global_colors_info=\u00bb{}\u00bb image_icon_background_color__sticky_enabled=\u00bb#07867f\u00bb image_icon_background_color__sticky=\u00bb#07867f\u00bb][\/et_pb_blurb][et_pb_blurb title=\u00bbMesas redondas (asistencia libre hasta completar aforo)\u00bb url=\u00bb#Programacompleto\u00bb use_icon=\u00bbon\u00bb font_icon=\u00bb&#x5c;||divi||400&#8243; icon_color=\u00bb#8acfde\u00bb image_icon_background_color=\u00bbrgba(138,207,222,0.3)\u00bb icon_placement=\u00bbleft\u00bb image_icon_width=\u00bb16px\u00bb _builder_version=\u00bb4.18.0&#8243; header_font=\u00bbRoboto|700|||||||\u00bb header_font_size=\u00bb18px\u00bb header_line_height=\u00bb1.7em\u00bb body_font=\u00bb||||||||\u00bb body_line_height=\u00bb1.8em\u00bb background_enable_color=\u00bboff\u00bb image_icon_custom_padding=\u00bb8px|8px|8px|8px|false|false\u00bb module_alignment=\u00bbleft\u00bb custom_margin=\u00bb|||\u00bb custom_padding=\u00bb|||\u00bb custom_padding_phone=\u00bb||29px|\u00bb custom_padding_last_edited=\u00bboff|desktop\u00bb animation=\u00bboff\u00bb border_radii_image=\u00bbon|100%|100%|100%|100%\u00bb use_circle=\u00bbon\u00bb circle_color=\u00bbrgba(138,207,222,0.3)\u00bb global_colors_info=\u00bb{}\u00bb image_icon_background_color__sticky_enabled=\u00bb#07867f\u00bb image_icon_background_color__sticky=\u00bb#07867f\u00bb][\/et_pb_blurb][et_pb_blurb title=\u00bbConferencias (asistencia libre hasta completar aforo)\u00bb url=\u00bb#Programacompleto\u00bb use_icon=\u00bbon\u00bb font_icon=\u00bb&#x5c;||divi||400&#8243; icon_color=\u00bb#fa5e5d\u00bb image_icon_background_color=\u00bbrgba(250,94,93,0.3)\u00bb icon_placement=\u00bbleft\u00bb image_icon_width=\u00bb16px\u00bb _builder_version=\u00bb4.18.0&#8243; header_font=\u00bbRoboto|700|||||||\u00bb header_font_size=\u00bb18px\u00bb header_line_height=\u00bb1.7em\u00bb body_font=\u00bb||||||||\u00bb body_line_height=\u00bb1.8em\u00bb background_enable_color=\u00bboff\u00bb image_icon_custom_padding=\u00bb8px|8px|8px|8px|false|false\u00bb module_alignment=\u00bbleft\u00bb custom_margin=\u00bb|||\u00bb custom_padding=\u00bb|||\u00bb custom_padding_phone=\u00bb||29px|\u00bb custom_padding_last_edited=\u00bboff|desktop\u00bb animation=\u00bboff\u00bb border_radii_image=\u00bbon|100%|100%|100%|100%\u00bb use_circle=\u00bbon\u00bb circle_color=\u00bbrgba(250,94,93,0.3)\u00bb global_colors_info=\u00bb{}\u00bb image_icon_background_color__sticky_enabled=\u00bb#07867f\u00bb image_icon_background_color__sticky=\u00bb#07867f\u00bb][\/et_pb_blurb][et_pb_blurb title=\u00bbHackathon (informaci\u00f3n)\u00bb url=\u00bbhttps:\/\/www.unioviedo.es\/foro_empleo\/index.php\/hackathom\/\u00bb use_icon=\u00bbon\u00bb font_icon=\u00bb&#x5c;||divi||400&#8243; icon_color=\u00bb#162559&#8243; image_icon_background_color=\u00bbrgba(22,37,89,0.3)\u00bb icon_placement=\u00bbleft\u00bb image_icon_width=\u00bb16px\u00bb _builder_version=\u00bb4.18.0&#8243; header_font=\u00bbRoboto|700|||||||\u00bb header_font_size=\u00bb18px\u00bb header_line_height=\u00bb1.7em\u00bb body_font=\u00bb||||||||\u00bb body_line_height=\u00bb1.8em\u00bb background_enable_color=\u00bboff\u00bb image_icon_custom_padding=\u00bb8px|8px|8px|8px|false|false\u00bb module_alignment=\u00bbleft\u00bb custom_margin=\u00bb|||\u00bb custom_padding=\u00bb|||\u00bb custom_padding_phone=\u00bb||29px|\u00bb custom_padding_last_edited=\u00bboff|desktop\u00bb animation=\u00bboff\u00bb link_option_url=\u00bbhttps:\/\/www.unioviedo.es\/foro_empleo\/index.php\/hackathom\/\u00bb border_radii_image=\u00bbon|100%|100%|100%|100%\u00bb use_circle=\u00bbon\u00bb circle_color=\u00bbrgba(22,37,89,0.3)\u00bb global_colors_info=\u00bb{}\u00bb image_icon_background_color__sticky_enabled=\u00bb#07867f\u00bb image_icon_background_color__sticky=\u00bb#07867f\u00bb][\/et_pb_blurb][\/et_pb_column][et_pb_column type=\u00bb1_2&#8243; _builder_version=\u00bb4.16&#8243; _module_preset=\u00bbdefault\u00bb global_colors_info=\u00bb{}\u00bb][et_pb_blurb title=\u00bbTalleres (necesaria inscripci\u00f3n previa)\u00bb url=\u00bbhttps:\/\/www.unioviedo.es\/foro_empleo\/#Inscripciones\u00bb url_new_window=\u00bbon\u00bb use_icon=\u00bbon\u00bb font_icon=\u00bb&#x5c;||divi||400&#8243; icon_color=\u00bb#f7b100&#8243; image_icon_background_color=\u00bbrgba(247,177,0,0.3)\u00bb icon_placement=\u00bbleft\u00bb image_icon_width=\u00bb16px\u00bb _builder_version=\u00bb4.18.0&#8243; header_font=\u00bbRoboto|700|||||||\u00bb header_font_size=\u00bb18px\u00bb header_line_height=\u00bb1.7em\u00bb body_font=\u00bb||||||||\u00bb body_line_height=\u00bb1.8em\u00bb background_enable_color=\u00bboff\u00bb image_icon_custom_padding=\u00bb8px|8px|8px|8px|false|false\u00bb module_alignment=\u00bbleft\u00bb custom_margin=\u00bb|||\u00bb custom_padding=\u00bb|||\u00bb custom_padding_phone=\u00bb||29px|\u00bb custom_padding_last_edited=\u00bboff|desktop\u00bb animation=\u00bboff\u00bb border_radii_image=\u00bbon|100%|100%|100%|100%\u00bb use_circle=\u00bbon\u00bb circle_color=\u00bbrgba(247,177,0,0.3)\u00bb global_colors_info=\u00bb{}\u00bb image_icon_background_color__sticky_enabled=\u00bb#07867f\u00bb image_icon_background_color__sticky=\u00bb#07867f\u00bb][\/et_pb_blurb][et_pb_blurb title=\u00bbSpeed job dating-simulaci\u00f3n (necesaria inscripci\u00f3n previa)\u00bb url=\u00bbhttps:\/\/www.unioviedo.es\/foro_empleo\/#Inscripciones\u00bb url_new_window=\u00bbon\u00bb use_icon=\u00bbon\u00bb font_icon=\u00bb&#x5c;||divi||400&#8243; icon_color=\u00bb#162559&#8243; image_icon_background_color=\u00bbrgba(22,37,89,0.3)\u00bb icon_placement=\u00bbleft\u00bb image_icon_width=\u00bb16px\u00bb _builder_version=\u00bb4.18.0&#8243; header_font=\u00bbRoboto|700|||||||\u00bb header_font_size=\u00bb18px\u00bb header_line_height=\u00bb1.7em\u00bb body_font=\u00bb||||||||\u00bb body_line_height=\u00bb1.8em\u00bb background_enable_color=\u00bboff\u00bb image_icon_custom_padding=\u00bb8px|8px|8px|8px|false|false\u00bb module_alignment=\u00bbleft\u00bb custom_margin=\u00bb|||\u00bb custom_padding=\u00bb|||\u00bb custom_padding_phone=\u00bb||29px|\u00bb custom_padding_last_edited=\u00bboff|desktop\u00bb animation=\u00bboff\u00bb border_radii_image=\u00bbon|100%|100%|100%|100%\u00bb use_circle=\u00bbon\u00bb circle_color=\u00bbrgba(22,37,89,0.3)\u00bb global_colors_info=\u00bb{}\u00bb image_icon_background_color__sticky_enabled=\u00bb#07867f\u00bb image_icon_background_color__sticky=\u00bb#07867f\u00bb][\/et_pb_blurb][et_pb_blurb title=\u00bbAsistencia individualizada de expertos de recursos humanos para mejorar tu curriculum y tu perfil de LinkedIn  (necesaria inscripci\u00f3n previa)\u00bb url=\u00bbhttps:\/\/www.unioviedo.es\/foro_empleo\/#Inscripciones\u00bb url_new_window=\u00bbon\u00bb use_icon=\u00bbon\u00bb font_icon=\u00bb&#x5c;||divi||400&#8243; icon_color=\u00bb#f98d5e\u00bb image_icon_background_color=\u00bbrgba(249,141,94,0.3)\u00bb icon_placement=\u00bbleft\u00bb image_icon_width=\u00bb16px\u00bb _builder_version=\u00bb4.18.0&#8243; header_font=\u00bbRoboto|700|||||||\u00bb header_font_size=\u00bb18px\u00bb header_line_height=\u00bb1.7em\u00bb body_font=\u00bb||||||||\u00bb body_line_height=\u00bb1.8em\u00bb background_enable_color=\u00bboff\u00bb image_icon_custom_padding=\u00bb8px|8px|8px|8px|false|false\u00bb module_alignment=\u00bbleft\u00bb custom_margin=\u00bb|||\u00bb custom_padding=\u00bb|||\u00bb custom_padding_phone=\u00bb||29px|\u00bb custom_padding_last_edited=\u00bboff|desktop\u00bb animation=\u00bboff\u00bb border_radii_image=\u00bbon|100%|100%|100%|100%\u00bb use_circle=\u00bbon\u00bb circle_color=\u00bbrgba(249,141,94,0.3)\u00bb global_colors_info=\u00bb{}\u00bb image_icon_background_color__sticky_enabled=\u00bb#07867f\u00bb image_icon_background_color__sticky=\u00bb#07867f\u00bb][\/et_pb_blurb][et_pb_blurb title=\u00bbOfertas de empleo\u00bb url=\u00bb@ET-DC@eyJkeW5hbWljIjp0cnVlLCJjb250ZW50IjoicG9zdF9saW5rX3VybF9wYWdlIiwic2V0dGluZ3MiOnsicG9zdF9pZCI6IjM3NCJ9fQ==@\u00bb use_icon=\u00bbon\u00bb font_icon=\u00bb&#x5c;||divi||400&#8243; icon_color=\u00bb#8acfde\u00bb image_icon_background_color=\u00bbrgba(138,207,222,0.3)\u00bb icon_placement=\u00bbleft\u00bb image_icon_width=\u00bb16px\u00bb _builder_version=\u00bb4.18.0&#8243; _dynamic_attributes=\u00bburl\u00bb header_font=\u00bbRoboto|700|||||||\u00bb header_font_size=\u00bb18px\u00bb header_line_height=\u00bb1.7em\u00bb body_font=\u00bb||||||||\u00bb body_line_height=\u00bb1.8em\u00bb background_enable_color=\u00bboff\u00bb image_icon_custom_padding=\u00bb8px|8px|8px|8px|false|false\u00bb module_alignment=\u00bbleft\u00bb custom_margin=\u00bb|||\u00bb custom_padding=\u00bb|||\u00bb custom_padding_phone=\u00bb||29px|\u00bb custom_padding_last_edited=\u00bboff|desktop\u00bb animation=\u00bboff\u00bb border_radii_image=\u00bbon|100%|100%|100%|100%\u00bb use_circle=\u00bbon\u00bb circle_color=\u00bbrgba(138,207,222,0.3)\u00bb global_colors_info=\u00bb{}\u00bb image_icon_background_color__sticky_enabled=\u00bb#07867f\u00bb image_icon_background_color__sticky=\u00bb#07867f\u00bb][\/et_pb_blurb][\/et_pb_column][\/et_pb_row][\/et_pb_section][et_pb_section fb_built=\u00bb1&#8243; admin_label=\u00bbSection\u00bb module_id=\u00bbProgramacompleto\u00bb _builder_version=\u00bb4.18.0&#8243; _module_preset=\u00bbdefault\u00bb background_color=\u00bb#f2f2f2&#8243; custom_padding=\u00bb30px|||||\u00bb da_popup_slug=\u00bbProgramacompleto\u00bb da_disable_devices=\u00bboff|off|off\u00bb box_shadow_style=\u00bbpreset3&#8243; global_colors_info=\u00bb{}\u00bb da_is_popup=\u00bboff\u00bb da_exit_intent=\u00bboff\u00bb da_has_close=\u00bbon\u00bb da_alt_close=\u00bboff\u00bb da_dark_close=\u00bboff\u00bb da_not_modal=\u00bbon\u00bb da_is_singular=\u00bboff\u00bb da_with_loader=\u00bboff\u00bb da_has_shadow=\u00bbon\u00bb][et_pb_row use_custom_gutter=\u00bbon\u00bb gutter_width=\u00bb1&#8243; make_equal=\u00bbon\u00bb module_class=\u00bbtres-columnas\u00bb _builder_version=\u00bb4.18.0&#8243; _module_preset=\u00bbdefault\u00bb custom_margin=\u00bb10px|auto|40px|auto|false|false\u00bb custom_padding=\u00bb0px||0px||true|false\u00bb global_colors_info=\u00bb{}\u00bb][et_pb_column type=\u00bb4_4&#8243; _builder_version=\u00bb4.16&#8243; _module_preset=\u00bbdefault\u00bb global_colors_info=\u00bb{}\u00bb][et_pb_text _builder_version=\u00bb4.18.0&#8243; text_font=\u00bb||||||||\u00bb text_font_size=\u00bb16px\u00bb text_line_height=\u00bb2em\u00bb ul_font=\u00bb||||||||\u00bb ul_text_color=\u00bb#000000&#8243; ul_line_height=\u00bb2em\u00bb quote_font=\u00bb||||||||\u00bb header_font=\u00bb||||||||\u00bb header_text_color=\u00bb#07867f\u00bb header_2_font=\u00bbRoboto|700|||||||\u00bb header_2_font_size=\u00bb45px\u00bb header_2_line_height=\u00bb1.2em\u00bb header_3_font=\u00bb|||on|||||\u00bb header_3_text_color=\u00bb#686868&#8243; header_3_font_size=\u00bb20px\u00bb header_3_letter_spacing=\u00bb4px\u00bb header_3_line_height=\u00bb1.6em\u00bb max_width_tablet=\u00bb\u00bb max_width_phone=\u00bb\u00bb max_width_last_edited=\u00bbon|desktop\u00bb module_alignment=\u00bbcenter\u00bb custom_margin=\u00bb|||\u00bb custom_padding=\u00bb|||\u00bb header_2_font_size_tablet=\u00bb35px\u00bb header_2_font_size_phone=\u00bb28px\u00bb header_2_font_size_last_edited=\u00bbon|phone\u00bb global_colors_info=\u00bb{}\u00bb]<\/p>\n<h2>Programa<\/h2>\n<h3><\/h3>\n<p>[\/et_pb_text][\/et_pb_column][\/et_pb_row][et_pb_row _builder_version=\u00bb4.18.0&#8243; custom_margin=\u00bb13px|auto|0px|auto|false|false\u00bb custom_padding=\u00bb0px||20px||false|false\u00bb use_custom_width=\u00bbon\u00bb global_colors_info=\u00bb{}\u00bb][et_pb_column type=\u00bb4_4&#8243; _builder_version=\u00bb4.16&#8243; custom_padding=\u00bb|||\u00bb global_colors_info=\u00bb{}\u00bb custom_padding__hover=\u00bb|||\u00bb][et_pb_text _builder_version=\u00bb4.18.0&#8243; text_font=\u00bb||||||||\u00bb text_font_size=\u00bb16px\u00bb text_line_height=\u00bb2em\u00bb ul_font=\u00bb||||||||\u00bb ul_text_color=\u00bb#000000&#8243; ul_line_height=\u00bb2em\u00bb quote_font=\u00bb||||||||\u00bb header_font=\u00bb||||||||\u00bb header_text_color=\u00bb#07867f\u00bb header_2_font=\u00bbRoboto|700|||||||\u00bb header_2_text_color=\u00bb#07867f\u00bb header_2_font_size=\u00bb45px\u00bb header_2_line_height=\u00bb1.2em\u00bb header_3_font=\u00bb|||on|||||\u00bb header_3_text_color=\u00bb#07867f\u00bb header_3_font_size=\u00bb20px\u00bb header_3_letter_spacing=\u00bb4px\u00bb header_3_line_height=\u00bb1.6em\u00bb max_width_tablet=\u00bb\u00bb max_width_phone=\u00bb\u00bb max_width_last_edited=\u00bbon|desktop\u00bb module_alignment=\u00bbcenter\u00bb custom_margin=\u00bb||0px||false|false\u00bb custom_padding=\u00bb||0px||false|false\u00bb header_2_font_size_tablet=\u00bb35px\u00bb header_2_font_size_phone=\u00bb28px\u00bb header_2_font_size_last_edited=\u00bbon|phone\u00bb global_colors_info=\u00bb{}\u00bb]<\/p>\n<h3>Mi\u00e9rcoles 5 de Octubre 2022<\/h3>\n<p>[\/et_pb_text][et_pb_button button_text=\u00bb10.00 &#8211; 11.00 h\u00bb _builder_version=\u00bb4.18.0&#8243; _module_preset=\u00bbdefault\u00bb global_colors_info=\u00bb{}\u00bb][\/et_pb_button][et_pb_text _builder_version=\u00bb4.18.0&#8243; _module_preset=\u00bbdefault\u00bb custom_margin=\u00bb||0px||false|false\u00bb custom_padding=\u00bb||0px||false|false\u00bb global_colors_info=\u00bb{}\u00bb]<span><em>Mi\u00e9rcoles 5 de octubre 10.00 &#8211; 11.00 h.<br \/>\n<span><strong>Sala Emprende<\/strong><\/span><\/em><\/span>[\/et_pb_text][et_pb_blurb title=\u00bbHackathon TalentUO: presentaci\u00f3n de retos\u00bb url_new_window=\u00bbon\u00bb use_icon=\u00bbon\u00bb font_icon=\u00bb&#x5c;||divi||400&#8243; icon_placement=\u00bbleft\u00bb image_icon_width=\u00bb32px\u00bb content_max_width=\u00bb100%\u00bb _builder_version=\u00bb4.18.0&#8243; header_font=\u00bbRoboto|700||on|||||\u00bb header_font_size=\u00bb18px\u00bb header_line_height=\u00bb1.7em\u00bb body_font=\u00bb||||||||\u00bb body_line_height=\u00bb1.8em\u00bb body_ul_font=\u00bb|||on|||||\u00bb background_enable_color=\u00bboff\u00bb module_alignment=\u00bbleft\u00bb custom_padding_last_edited=\u00bboff|desktop\u00bb animation_style=\u00bbzoom\u00bb animation_intensity_zoom=\u00bb8%\u00bb animation=\u00bboff\u00bb link_option_url_new_window=\u00bbon\u00bb icon_font_size=\u00bb32px\u00bb global_colors_info=\u00bb{}\u00bb]<\/p>\n<ul>\n<li><strong> D.\u00aa Bego\u00f1a Cueto. <\/strong>Vicerrectora de transferencia y relaciones con la empresa. Universidad de Oviedo<strong><\/strong><\/li>\n<li><strong>D.\u00aa Blanca Traves\u00ed.<\/strong> U4Impact<\/li>\n<li><strong>D.\u00aa Patricia Quintana.<\/strong> Jopeful. Start-up TalentUO<\/li>\n<li><strong>D. IGNACIO NAVA.<\/strong> START-UP TALENTUO<\/li>\n<\/ul>\n<p>[\/et_pb_blurb][\/et_pb_column][\/et_pb_row][et_pb_row _builder_version=\u00bb4.18.0&#8243; custom_margin=\u00bb13px|auto|0px|auto|false|false\u00bb custom_padding=\u00bb0px||20px||false|false\u00bb use_custom_width=\u00bbon\u00bb global_colors_info=\u00bb{}\u00bb][et_pb_column type=\u00bb4_4&#8243; _builder_version=\u00bb4.16&#8243; custom_padding=\u00bb|||\u00bb global_colors_info=\u00bb{}\u00bb custom_padding__hover=\u00bb|||\u00bb][et_pb_text _builder_version=\u00bb4.18.0&#8243; _module_preset=\u00bbdefault\u00bb custom_margin=\u00bb||0px||false|false\u00bb custom_padding=\u00bb||0px||false|false\u00bb global_colors_info=\u00bb{}\u00bb]<\/p>\n<p><span><em>Mi\u00e9rcoles 5 de octubre 10.00 &#8211; 11.00 h.<br \/><strong>Sala Talent<\/strong><\/em><\/span><\/p>\n<p>[\/et_pb_text][et_pb_blurb title=\u00bbMasterclass RICOH  \u201cEl d\u00eda a d\u00eda en el trabajo de un desarrollador de software\u201d\u00bb url_new_window=\u00bbon\u00bb use_icon=\u00bbon\u00bb font_icon=\u00bb&#x5c;||divi||400&#8243; icon_placement=\u00bbleft\u00bb image_icon_width=\u00bb32px\u00bb content_max_width=\u00bb100%\u00bb _builder_version=\u00bb4.18.0&#8243; header_font=\u00bbRoboto|700||on|||||\u00bb header_font_size=\u00bb18px\u00bb header_line_height=\u00bb1.7em\u00bb body_font=\u00bb||||||||\u00bb body_line_height=\u00bb1.8em\u00bb body_ul_font=\u00bb|||on|||||\u00bb background_enable_color=\u00bboff\u00bb module_alignment=\u00bbleft\u00bb custom_padding_last_edited=\u00bboff|desktop\u00bb animation_style=\u00bbzoom\u00bb animation_intensity_zoom=\u00bb8%\u00bb animation=\u00bboff\u00bb link_option_url_new_window=\u00bbon\u00bb icon_font_size=\u00bb32px\u00bb global_colors_info=\u00bb{}\u00bb]<\/p>\n<ul>\n<li><strong>D. Carlos barriales.<\/strong> project manager. RICOH<\/li>\n<li><strong>D. Cristian augusto alonso.<\/strong> departamento de infOrm\u00e1tica. universidad de oviedo<\/li>\n<\/ul>\n<p>[\/et_pb_blurb][\/et_pb_column][\/et_pb_row][et_pb_row _builder_version=\u00bb4.18.0&#8243; custom_margin=\u00bb13px|auto|0px|auto|false|false\u00bb custom_padding=\u00bb0px||20px||false|false\u00bb use_custom_width=\u00bbon\u00bb global_colors_info=\u00bb{}\u00bb][et_pb_column type=\u00bb4_4&#8243; _builder_version=\u00bb4.16&#8243; custom_padding=\u00bb|||\u00bb global_colors_info=\u00bb{}\u00bb custom_padding__hover=\u00bb|||\u00bb][et_pb_text _builder_version=\u00bb4.18.0&#8243; _module_preset=\u00bbdefault\u00bb custom_margin=\u00bb||0px||false|false\u00bb custom_padding=\u00bb||0px||false|false\u00bb global_colors_info=\u00bb{}\u00bb]<\/p>\n<p><span><em>Mi\u00e9rcoles 5 de octubre 10.00 &#8211; 11.00 h.<br \/><strong>Sala UO<\/strong><\/em><\/span><\/p>\n<p>[\/et_pb_text][et_pb_blurb title=\u00bbConferencia \u201cOportunidades de empleo p\u00fablico en la Administraci\u00f3n del Principado de Asturias\u201d\u00bb url_new_window=\u00bbon\u00bb use_icon=\u00bbon\u00bb font_icon=\u00bb&#x5c;||divi||400&#8243; icon_placement=\u00bbleft\u00bb image_icon_width=\u00bb32px\u00bb content_max_width=\u00bb100%\u00bb _builder_version=\u00bb4.18.0&#8243; header_font=\u00bbRoboto|700||on|||||\u00bb header_font_size=\u00bb18px\u00bb header_line_height=\u00bb1.7em\u00bb body_font=\u00bb||||||||\u00bb body_line_height=\u00bb1.8em\u00bb body_ul_font=\u00bb|||on|||||\u00bb background_enable_color=\u00bboff\u00bb module_alignment=\u00bbleft\u00bb custom_padding_last_edited=\u00bboff|desktop\u00bb animation_style=\u00bbzoom\u00bb animation_intensity_zoom=\u00bb8%\u00bb animation=\u00bboff\u00bb link_option_url_new_window=\u00bbon\u00bb icon_font_size=\u00bb32px\u00bb global_colors_info=\u00bb{}\u00bb]<\/p>\n<ul>\n<li><strong>D. Miguel \u00c1ngel Rodr\u00edguez.<\/strong> Director General de la Funci\u00f3n P\u00fablica<\/li>\n<li><strong>D. Jos\u00e9 Ram\u00f3n Fern\u00e1ndez.<\/strong> T\u00e9cnico del Servicio de Ordenaci\u00f3n de Recursos Humanos<\/li>\n<li><strong>D.\u00aa Mar\u00eda Gonz\u00e1lez.<\/strong> Jefa del Servicio de Selecci\u00f3n del Personal del IAAP \u201cAdolfo Posada\u201d<\/li>\n<\/ul>\n<p><em>Presenta: <strong>D.\u00aa Mar\u00eda Isabel \u00c1lvarez Vega.<\/strong> Departamento de Derecho Privado y de la Empresa. Universidad de Oviedo<\/em><\/p>\n<p>[\/et_pb_blurb][\/et_pb_column][\/et_pb_row][et_pb_row _builder_version=\u00bb4.18.0&#8243; custom_margin=\u00bb13px|auto|0px|auto|false|false\u00bb custom_padding=\u00bb0px||20px||false|false\u00bb use_custom_width=\u00bbon\u00bb global_colors_info=\u00bb{}\u00bb][et_pb_column type=\u00bb4_4&#8243; _builder_version=\u00bb4.16&#8243; custom_padding=\u00bb|||\u00bb global_colors_info=\u00bb{}\u00bb custom_padding__hover=\u00bb|||\u00bb][et_pb_text _builder_version=\u00bb4.18.0&#8243; _module_preset=\u00bbdefault\u00bb custom_margin=\u00bb||0px||false|false\u00bb custom_padding=\u00bb||0px||false|false\u00bb global_colors_info=\u00bb{}\u00bb]<\/p>\n<p><span><em>Mi\u00e9rcoles 5 de octubre 10.00 &#8211; 11.00 h.<br \/><strong>Espacio tu marca personal<\/strong><\/em><\/span><\/p>\n<p>[\/et_pb_text][et_pb_blurb title=\u00bbRevisi\u00f3n personalizada de CV por profesionales de Recursos Humanos\u00bb url_new_window=\u00bbon\u00bb use_icon=\u00bbon\u00bb font_icon=\u00bb&#x5c;||divi||400&#8243; icon_placement=\u00bbleft\u00bb image_icon_width=\u00bb32px\u00bb content_max_width=\u00bb100%\u00bb _builder_version=\u00bb4.18.0&#8243; header_font=\u00bbRoboto|700||on|||||\u00bb header_font_size=\u00bb18px\u00bb header_line_height=\u00bb1.7em\u00bb body_font=\u00bb||||||||\u00bb body_line_height=\u00bb1.8em\u00bb body_ul_font=\u00bb|||on|||||\u00bb background_enable_color=\u00bboff\u00bb module_alignment=\u00bbleft\u00bb custom_padding_last_edited=\u00bboff|desktop\u00bb animation_style=\u00bbzoom\u00bb animation_intensity_zoom=\u00bb8%\u00bb animation=\u00bboff\u00bb link_option_url_new_window=\u00bbon\u00bb icon_font_size=\u00bb32px\u00bb global_colors_info=\u00bb{}\u00bb][\/et_pb_blurb][\/et_pb_column][\/et_pb_row][et_pb_row _builder_version=\u00bb4.18.0&#8243; custom_margin=\u00bb13px|auto|0px|auto|false|false\u00bb custom_padding=\u00bb0px||20px||false|false\u00bb use_custom_width=\u00bbon\u00bb global_colors_info=\u00bb{}\u00bb][et_pb_column type=\u00bb4_4&#8243; _builder_version=\u00bb4.16&#8243; custom_padding=\u00bb|||\u00bb global_colors_info=\u00bb{}\u00bb custom_padding__hover=\u00bb|||\u00bb][et_pb_text _builder_version=\u00bb4.18.0&#8243; _module_preset=\u00bbdefault\u00bb custom_margin=\u00bb||0px||false|false\u00bb custom_padding=\u00bb||0px||false|false\u00bb global_colors_info=\u00bb{}\u00bb]<\/p>\n<p><span><em>Mi\u00e9rcoles 5 de octubre 10.00 &#8211; 11.00 h.<br \/><strong>Espacio tu marca personal<\/strong><\/em><\/span><\/p>\n<p>[\/et_pb_text][et_pb_blurb title=\u00bbRevisi\u00f3n personalizada de perfil de LinkedIn por profesionales de Recursos Humanos\u00bb url_new_window=\u00bbon\u00bb use_icon=\u00bbon\u00bb font_icon=\u00bb&#x5c;||divi||400&#8243; icon_placement=\u00bbleft\u00bb image_icon_width=\u00bb32px\u00bb content_max_width=\u00bb100%\u00bb _builder_version=\u00bb4.18.0&#8243; header_font=\u00bbRoboto|700||on|||||\u00bb header_font_size=\u00bb18px\u00bb header_line_height=\u00bb1.7em\u00bb body_font=\u00bb||||||||\u00bb body_line_height=\u00bb1.8em\u00bb body_ul_font=\u00bb|||on|||||\u00bb background_enable_color=\u00bboff\u00bb module_alignment=\u00bbleft\u00bb custom_padding_last_edited=\u00bboff|desktop\u00bb animation_style=\u00bbzoom\u00bb animation_intensity_zoom=\u00bb8%\u00bb animation=\u00bboff\u00bb link_option_url_new_window=\u00bbon\u00bb icon_font_size=\u00bb32px\u00bb global_colors_info=\u00bb{}\u00bb][\/et_pb_blurb][\/et_pb_column][\/et_pb_row][et_pb_row _builder_version=\u00bb4.18.0&#8243; custom_margin=\u00bb13px|auto|0px|auto|false|false\u00bb custom_padding=\u00bb0px||20px||false|false\u00bb use_custom_width=\u00bbon\u00bb global_colors_info=\u00bb{}\u00bb][et_pb_column type=\u00bb4_4&#8243; _builder_version=\u00bb4.16&#8243; custom_padding=\u00bb|||\u00bb global_colors_info=\u00bb{}\u00bb custom_padding__hover=\u00bb|||\u00bb][et_pb_text _builder_version=\u00bb4.18.0&#8243; text_font=\u00bb||||||||\u00bb text_font_size=\u00bb16px\u00bb text_line_height=\u00bb2em\u00bb ul_font=\u00bb||||||||\u00bb ul_text_color=\u00bb#000000&#8243; ul_line_height=\u00bb2em\u00bb quote_font=\u00bb||||||||\u00bb header_font=\u00bb||||||||\u00bb header_text_color=\u00bb#07867f\u00bb header_2_font=\u00bbRoboto|700|||||||\u00bb header_2_text_color=\u00bb#07867f\u00bb header_2_font_size=\u00bb45px\u00bb header_2_line_height=\u00bb1.2em\u00bb header_3_font=\u00bb|||on|||||\u00bb header_3_text_color=\u00bb#07867f\u00bb header_3_font_size=\u00bb20px\u00bb header_3_letter_spacing=\u00bb4px\u00bb header_3_line_height=\u00bb1.6em\u00bb max_width_tablet=\u00bb\u00bb max_width_phone=\u00bb\u00bb max_width_last_edited=\u00bbon|desktop\u00bb module_alignment=\u00bbcenter\u00bb custom_margin=\u00bb||0px||false|false\u00bb custom_padding=\u00bb||0px||false|false\u00bb header_2_font_size_tablet=\u00bb35px\u00bb header_2_font_size_phone=\u00bb28px\u00bb header_2_font_size_last_edited=\u00bbon|phone\u00bb global_colors_info=\u00bb{}\u00bb]<\/p>\n<h3>Mi\u00e9rcoles 5 de Octubre 2022<\/h3>\n<p>[\/et_pb_text][et_pb_button button_text=\u00bb11.00 &#8211; 12.00 h\u00bb _builder_version=\u00bb4.18.0&#8243; _module_preset=\u00bbdefault\u00bb global_colors_info=\u00bb{}\u00bb][\/et_pb_button][et_pb_text _builder_version=\u00bb4.18.0&#8243; _module_preset=\u00bbdefault\u00bb custom_margin=\u00bb||0px||false|false\u00bb custom_padding=\u00bb||0px||false|false\u00bb global_colors_info=\u00bb{}\u00bb]<\/p>\n<p><span><em>Mi\u00e9rcoles 5 de octubre 11.00 &#8211; 12.00 h.<br \/><strong>Sala Talent<\/strong><\/em><\/span><\/p>\n<p>[\/et_pb_text][et_pb_blurb title=\u00bbConferencia %22C\u00f3mo usar tus redes sociales para encontrar empleo%22&#8243; url_new_window=\u00bbon\u00bb use_icon=\u00bbon\u00bb font_icon=\u00bb&#x5c;||divi||400&#8243; icon_placement=\u00bbleft\u00bb image_icon_width=\u00bb32px\u00bb content_max_width=\u00bb100%\u00bb _builder_version=\u00bb4.18.0&#8243; header_font=\u00bbRoboto|700||on|||||\u00bb header_font_size=\u00bb18px\u00bb header_line_height=\u00bb1.7em\u00bb body_font=\u00bb||||||||\u00bb body_line_height=\u00bb1.8em\u00bb body_ul_font=\u00bb|||on|||||\u00bb background_enable_color=\u00bboff\u00bb module_alignment=\u00bbleft\u00bb custom_padding_last_edited=\u00bboff|desktop\u00bb animation_style=\u00bbzoom\u00bb animation_intensity_zoom=\u00bb8%\u00bb animation=\u00bboff\u00bb link_option_url_new_window=\u00bbon\u00bb icon_font_size=\u00bb32px\u00bb global_colors_info=\u00bb{}\u00bb]<\/p>\n<ul>\n<li><strong>D.\u00aa Eva Porto. <\/strong>Psic\u00f3loga &amp; Recruiter. Creadora de contenido<\/li>\n<\/ul>\n<p><em>Presenta: <strong>D.\u00aa Ana Su\u00e1rez.<\/strong> Directora de Empleabilidad y Emprendimiento. Universidad de Oviedo<\/em><\/p>\n<p>[\/et_pb_blurb][\/et_pb_column][\/et_pb_row][et_pb_row _builder_version=\u00bb4.18.0&#8243; custom_margin=\u00bb13px|auto|0px|auto|false|false\u00bb custom_padding=\u00bb0px||20px||false|false\u00bb use_custom_width=\u00bbon\u00bb global_colors_info=\u00bb{}\u00bb][et_pb_column type=\u00bb4_4&#8243; _builder_version=\u00bb4.16&#8243; custom_padding=\u00bb|||\u00bb global_colors_info=\u00bb{}\u00bb custom_padding__hover=\u00bb|||\u00bb][et_pb_text _builder_version=\u00bb4.18.0&#8243; _module_preset=\u00bbdefault\u00bb custom_margin=\u00bb||0px||false|false\u00bb custom_padding=\u00bb||0px||false|false\u00bb global_colors_info=\u00bb{}\u00bb]<\/p>\n<p><span><em>Mi\u00e9rcoles 5 de octubre 11.00 &#8211; 12.00 h.<br \/><strong>Sala Emprende<\/strong><\/em><\/span><\/p>\n<p>[\/et_pb_text][et_pb_blurb title=\u00bbHackathon TalentUO: trabajo por grupos (fase de divergencia)\u00bb url_new_window=\u00bbon\u00bb use_icon=\u00bbon\u00bb font_icon=\u00bb&#x5c;||divi||400&#8243; icon_placement=\u00bbleft\u00bb image_icon_width=\u00bb32px\u00bb content_max_width=\u00bb100%\u00bb _builder_version=\u00bb4.18.0&#8243; header_font=\u00bbRoboto|700||on|||||\u00bb header_font_size=\u00bb18px\u00bb header_line_height=\u00bb1.7em\u00bb body_font=\u00bb||||||||\u00bb body_line_height=\u00bb1.8em\u00bb body_ul_font=\u00bb|||on|||||\u00bb background_enable_color=\u00bboff\u00bb module_alignment=\u00bbleft\u00bb custom_padding_last_edited=\u00bboff|desktop\u00bb animation_style=\u00bbzoom\u00bb animation_intensity_zoom=\u00bb8%\u00bb animation=\u00bboff\u00bb link_option_url_new_window=\u00bbon\u00bb icon_font_size=\u00bb32px\u00bb global_colors_info=\u00bb{}\u00bb][\/et_pb_blurb][\/et_pb_column][\/et_pb_row][et_pb_row _builder_version=\u00bb4.18.0&#8243; custom_margin=\u00bb13px|auto|0px|auto|false|false\u00bb custom_padding=\u00bb0px||20px||false|false\u00bb use_custom_width=\u00bbon\u00bb global_colors_info=\u00bb{}\u00bb][et_pb_column type=\u00bb4_4&#8243; _builder_version=\u00bb4.16&#8243; custom_padding=\u00bb|||\u00bb global_colors_info=\u00bb{}\u00bb custom_padding__hover=\u00bb|||\u00bb][et_pb_text _builder_version=\u00bb4.18.0&#8243; _module_preset=\u00bbdefault\u00bb custom_margin=\u00bb||0px||false|false\u00bb custom_padding=\u00bb||0px||false|false\u00bb global_colors_info=\u00bb{}\u00bb]<\/p>\n<p><span><em>Mi\u00e9rcoles 5 de octubre 11.00 &#8211; 12.00 h.<br \/><strong>Espacio tu marca personal <\/strong><\/em><\/span><\/p>\n<p>[\/et_pb_text][et_pb_blurb title=\u00bbRevisi\u00f3n personalizada de CV por profesionales de Recursos Humanos\u00bb url_new_window=\u00bbon\u00bb use_icon=\u00bbon\u00bb font_icon=\u00bb&#x5c;||divi||400&#8243; icon_placement=\u00bbleft\u00bb image_icon_width=\u00bb32px\u00bb content_max_width=\u00bb100%\u00bb _builder_version=\u00bb4.18.0&#8243; header_font=\u00bbRoboto|700||on|||||\u00bb header_font_size=\u00bb18px\u00bb header_line_height=\u00bb1.7em\u00bb body_font=\u00bb||||||||\u00bb body_line_height=\u00bb1.8em\u00bb body_ul_font=\u00bb|||on|||||\u00bb background_enable_color=\u00bboff\u00bb module_alignment=\u00bbleft\u00bb custom_padding_last_edited=\u00bboff|desktop\u00bb animation_style=\u00bbzoom\u00bb animation_intensity_zoom=\u00bb8%\u00bb animation=\u00bboff\u00bb link_option_url_new_window=\u00bbon\u00bb icon_font_size=\u00bb32px\u00bb global_colors_info=\u00bb{}\u00bb][\/et_pb_blurb][\/et_pb_column][\/et_pb_row][et_pb_row _builder_version=\u00bb4.18.0&#8243; custom_margin=\u00bb13px|auto|0px|auto|false|false\u00bb custom_padding=\u00bb0px||20px||false|false\u00bb use_custom_width=\u00bbon\u00bb global_colors_info=\u00bb{}\u00bb][et_pb_column type=\u00bb4_4&#8243; _builder_version=\u00bb4.16&#8243; custom_padding=\u00bb|||\u00bb global_colors_info=\u00bb{}\u00bb custom_padding__hover=\u00bb|||\u00bb][et_pb_text _builder_version=\u00bb4.18.0&#8243; _module_preset=\u00bbdefault\u00bb custom_margin=\u00bb||0px||false|false\u00bb custom_padding=\u00bb||0px||false|false\u00bb global_colors_info=\u00bb{}\u00bb]<\/p>\n<p><span><em>Mi\u00e9rcoles 5 de octubre 11.00 &#8211; 12.00 h.<br \/><strong>Espacio tu marca personal <\/strong><\/em><\/span><\/p>\n<p>[\/et_pb_text][et_pb_blurb title=\u00bbRevisi\u00f3n personalizada de perfil de LinkedIn por profesionales de Recursos Humanos\u00bb url_new_window=\u00bbon\u00bb use_icon=\u00bbon\u00bb font_icon=\u00bb&#x5c;||divi||400&#8243; icon_placement=\u00bbleft\u00bb image_icon_width=\u00bb32px\u00bb content_max_width=\u00bb100%\u00bb _builder_version=\u00bb4.18.0&#8243; header_font=\u00bbRoboto|700||on|||||\u00bb header_font_size=\u00bb18px\u00bb header_line_height=\u00bb1.7em\u00bb body_font=\u00bb||||||||\u00bb body_line_height=\u00bb1.8em\u00bb body_ul_font=\u00bb|||on|||||\u00bb background_enable_color=\u00bboff\u00bb module_alignment=\u00bbleft\u00bb custom_padding_last_edited=\u00bboff|desktop\u00bb animation_style=\u00bbzoom\u00bb animation_intensity_zoom=\u00bb8%\u00bb animation=\u00bboff\u00bb link_option_url_new_window=\u00bbon\u00bb icon_font_size=\u00bb32px\u00bb global_colors_info=\u00bb{}\u00bb][\/et_pb_blurb][\/et_pb_column][\/et_pb_row][et_pb_row _builder_version=\u00bb4.18.0&#8243; custom_margin=\u00bb13px|auto|0px|auto|false|false\u00bb custom_padding=\u00bb0px||20px||false|false\u00bb use_custom_width=\u00bbon\u00bb global_colors_info=\u00bb{}\u00bb][et_pb_column type=\u00bb4_4&#8243; _builder_version=\u00bb4.16&#8243; custom_padding=\u00bb|||\u00bb global_colors_info=\u00bb{}\u00bb custom_padding__hover=\u00bb|||\u00bb][et_pb_text _builder_version=\u00bb4.18.0&#8243; text_font=\u00bb||||||||\u00bb text_font_size=\u00bb16px\u00bb text_line_height=\u00bb2em\u00bb ul_font=\u00bb||||||||\u00bb ul_text_color=\u00bb#000000&#8243; ul_line_height=\u00bb2em\u00bb quote_font=\u00bb||||||||\u00bb header_font=\u00bb||||||||\u00bb header_text_color=\u00bb#07867f\u00bb header_2_font=\u00bbRoboto|700|||||||\u00bb header_2_text_color=\u00bb#07867f\u00bb header_2_font_size=\u00bb45px\u00bb header_2_line_height=\u00bb1.2em\u00bb header_3_font=\u00bb|||on|||||\u00bb header_3_text_color=\u00bb#07867f\u00bb header_3_font_size=\u00bb20px\u00bb header_3_letter_spacing=\u00bb4px\u00bb header_3_line_height=\u00bb1.6em\u00bb max_width_tablet=\u00bb\u00bb max_width_phone=\u00bb\u00bb max_width_last_edited=\u00bbon|desktop\u00bb module_alignment=\u00bbcenter\u00bb custom_margin=\u00bb||0px||false|false\u00bb custom_padding=\u00bb||0px||false|false\u00bb header_2_font_size_tablet=\u00bb35px\u00bb header_2_font_size_phone=\u00bb28px\u00bb header_2_font_size_last_edited=\u00bbon|phone\u00bb global_colors_info=\u00bb{}\u00bb]<\/p>\n<h3>Mi\u00e9rcoles 5 de Octubre 2022<\/h3>\n<p>[\/et_pb_text][et_pb_button button_text=\u00bb12.00 &#8211; 13.00 h\u00bb _builder_version=\u00bb4.18.0&#8243; _module_preset=\u00bbdefault\u00bb global_colors_info=\u00bb{}\u00bb][\/et_pb_button][et_pb_text _builder_version=\u00bb4.18.0&#8243; _module_preset=\u00bbdefault\u00bb custom_margin=\u00bb||0px||false|false\u00bb custom_padding=\u00bb||0px||false|false\u00bb global_colors_info=\u00bb{}\u00bb]<\/p>\n<p><span><em>Mi\u00e9rcoles 5 de octubre 12.00 &#8211; 13.00 h.<br \/><strong>Sala Talent<\/strong><\/em><\/span><\/p>\n<p>[\/et_pb_text][et_pb_blurb title=\u00bbActo oficial de inauguraci\u00f3n del 20 Foro de Empleo\u00bb url_new_window=\u00bbon\u00bb use_icon=\u00bbon\u00bb font_icon=\u00bb&#x5c;||divi||400&#8243; icon_placement=\u00bbleft\u00bb image_icon_width=\u00bb32px\u00bb content_max_width=\u00bb100%\u00bb _builder_version=\u00bb4.18.0&#8243; header_font=\u00bbRoboto|700||on|||||\u00bb header_font_size=\u00bb18px\u00bb header_line_height=\u00bb1.7em\u00bb body_font=\u00bb||||||||\u00bb body_line_height=\u00bb1.8em\u00bb body_ul_font=\u00bb|||on|||||\u00bb background_enable_color=\u00bboff\u00bb module_alignment=\u00bbleft\u00bb custom_padding_last_edited=\u00bboff|desktop\u00bb animation_style=\u00bbzoom\u00bb animation_intensity_zoom=\u00bb8%\u00bb animation=\u00bboff\u00bb link_option_url_new_window=\u00bbon\u00bb icon_font_size=\u00bb32px\u00bb global_colors_info=\u00bb{}\u00bb]<\/p>\n<ul>\n<li><strong>D. Ignacio Villaverde<\/strong>. Rector Mgfco. Universidad de Oviedo<\/li>\n<li><strong>D. Borja S\u00e1nchez<\/strong>. Consejero de Ciencia, Innovaci\u00f3n y Universidad. Gobierno del Principado de Asturias<\/li>\n<li><strong>D.\u00aa Ana Gonz\u00e1lez<\/strong>. Ilustr\u00edsima Alcaldesa. Ayuntamiento de Gij\u00f3n<\/li>\n<li><strong>D.\u00aa Mar\u00eda Calvo<\/strong>. Presidenta. Federaci\u00f3n Asturiana de Empresarios<\/li>\n<li><strong>D. F\u00e9lix Baraga\u00f1o<\/strong>. Presidente. C\u00e1mara de Comercio de Gij\u00f3n<\/li>\n<\/ul>\n<p>[\/et_pb_blurb][\/et_pb_column][\/et_pb_row][et_pb_row _builder_version=\u00bb4.18.0&#8243; custom_margin=\u00bb13px|auto|0px|auto|false|false\u00bb custom_padding=\u00bb0px||20px||false|false\u00bb use_custom_width=\u00bbon\u00bb global_colors_info=\u00bb{}\u00bb][et_pb_column type=\u00bb4_4&#8243; _builder_version=\u00bb4.16&#8243; custom_padding=\u00bb|||\u00bb global_colors_info=\u00bb{}\u00bb custom_padding__hover=\u00bb|||\u00bb][et_pb_text _builder_version=\u00bb4.18.0&#8243; _module_preset=\u00bbdefault\u00bb custom_margin=\u00bb||0px||false|false\u00bb custom_padding=\u00bb||0px||false|false\u00bb global_colors_info=\u00bb{}\u00bb]<\/p>\n<p><span><em>Mi\u00e9rcoles 5 de octubre 12.00 &#8211; 13.00 h.<br \/><strong>Sala UO<\/strong><\/em><\/span><\/p>\n<p>[\/et_pb_text][et_pb_blurb title=\u00bbMasterclass SACYR FLUOR \u201cCapacidades Sacyr Fluor (GNL) y habilidades para triunfar en empresas de ingenier\u00eda\u201d\u00bb url_new_window=\u00bbon\u00bb use_icon=\u00bbon\u00bb font_icon=\u00bb&#x5c;||divi||400&#8243; icon_placement=\u00bbleft\u00bb image_icon_width=\u00bb32px\u00bb content_max_width=\u00bb100%\u00bb _builder_version=\u00bb4.18.0&#8243; header_font=\u00bbRoboto|700||on|||||\u00bb header_font_size=\u00bb18px\u00bb header_line_height=\u00bb1.7em\u00bb body_font=\u00bb||||||||\u00bb body_line_height=\u00bb1.8em\u00bb body_ul_font=\u00bb|||on|||||\u00bb background_enable_color=\u00bboff\u00bb module_alignment=\u00bbleft\u00bb custom_padding_last_edited=\u00bboff|desktop\u00bb animation_style=\u00bbzoom\u00bb animation_intensity_zoom=\u00bb8%\u00bb animation=\u00bboff\u00bb link_option_url_new_window=\u00bbon\u00bb icon_font_size=\u00bb32px\u00bb global_colors_info=\u00bb{}\u00bb]<\/p>\n<ul>\n<li><strong>D. Paul Tullemans<\/strong>. Director de Ingenier\u00eda. Sacyr Fluor<\/li>\n<li><strong>D. Adelino \u00c1lvarez.<\/strong> Responsable de Ofertas. Sacyr Fluor<\/li>\n<li><strong>D.\u00aa Luc\u00eda Blanco<\/strong>. Directora de Ingenier\u00eda Civil, Electricidad e Instrumentaci\u00f3n y Control. Sacyr Fluor<\/li>\n<li><strong>D. Ram\u00f3n Rubio<\/strong>. Departamento de Construcci\u00f3n e Ingenier\u00eda de Fabricaci\u00f3n. Universidad de Oviedo<\/li>\n<\/ul>\n<p>[\/et_pb_blurb][\/et_pb_column][\/et_pb_row][et_pb_row _builder_version=\u00bb4.18.0&#8243; custom_margin=\u00bb13px|auto|0px|auto|false|false\u00bb custom_padding=\u00bb0px||20px||false|false\u00bb use_custom_width=\u00bbon\u00bb global_colors_info=\u00bb{}\u00bb][et_pb_column type=\u00bb4_4&#8243; _builder_version=\u00bb4.16&#8243; custom_padding=\u00bb|||\u00bb global_colors_info=\u00bb{}\u00bb custom_padding__hover=\u00bb|||\u00bb][et_pb_text _builder_version=\u00bb4.18.0&#8243; _module_preset=\u00bbdefault\u00bb custom_margin=\u00bb||0px||false|false\u00bb custom_padding=\u00bb||0px||false|false\u00bb global_colors_info=\u00bb{}\u00bb]<\/p>\n<p><span><em>Mi\u00e9rcoles 5 de octubre 12.00 &#8211; 13.00 h.<br \/><strong>Sala Emprende<\/strong><\/em><\/span><\/p>\n<p>[\/et_pb_text][et_pb_blurb title=\u00bbHackathon TalentUO: trabajo por grupos (fase de divergencia)\u00bb url_new_window=\u00bbon\u00bb use_icon=\u00bbon\u00bb font_icon=\u00bb&#x5c;||divi||400&#8243; icon_placement=\u00bbleft\u00bb image_icon_width=\u00bb32px\u00bb content_max_width=\u00bb100%\u00bb _builder_version=\u00bb4.18.0&#8243; header_font=\u00bbRoboto|700||on|||||\u00bb header_font_size=\u00bb18px\u00bb header_line_height=\u00bb1.7em\u00bb body_font=\u00bb||||||||\u00bb body_line_height=\u00bb1.8em\u00bb body_ul_font=\u00bb|||on|||||\u00bb background_enable_color=\u00bboff\u00bb module_alignment=\u00bbleft\u00bb custom_padding_last_edited=\u00bboff|desktop\u00bb animation_style=\u00bbzoom\u00bb animation_intensity_zoom=\u00bb8%\u00bb animation=\u00bboff\u00bb link_option_url_new_window=\u00bbon\u00bb icon_font_size=\u00bb32px\u00bb global_colors_info=\u00bb{}\u00bb][\/et_pb_blurb][\/et_pb_column][\/et_pb_row][et_pb_row _builder_version=\u00bb4.18.0&#8243; custom_margin=\u00bb13px|auto|0px|auto|false|false\u00bb custom_padding=\u00bb0px||20px||false|false\u00bb use_custom_width=\u00bbon\u00bb global_colors_info=\u00bb{}\u00bb][et_pb_column type=\u00bb4_4&#8243; _builder_version=\u00bb4.16&#8243; custom_padding=\u00bb|||\u00bb global_colors_info=\u00bb{}\u00bb custom_padding__hover=\u00bb|||\u00bb][et_pb_text _builder_version=\u00bb4.18.0&#8243; text_font=\u00bb||||||||\u00bb text_font_size=\u00bb16px\u00bb text_line_height=\u00bb2em\u00bb ul_font=\u00bb||||||||\u00bb ul_text_color=\u00bb#000000&#8243; ul_line_height=\u00bb2em\u00bb quote_font=\u00bb||||||||\u00bb header_font=\u00bb||||||||\u00bb header_text_color=\u00bb#07867f\u00bb header_2_font=\u00bbRoboto|700|||||||\u00bb header_2_text_color=\u00bb#07867f\u00bb header_2_font_size=\u00bb45px\u00bb header_2_line_height=\u00bb1.2em\u00bb header_3_font=\u00bb|||on|||||\u00bb header_3_text_color=\u00bb#07867f\u00bb header_3_font_size=\u00bb20px\u00bb header_3_letter_spacing=\u00bb4px\u00bb header_3_line_height=\u00bb1.6em\u00bb max_width_tablet=\u00bb\u00bb max_width_phone=\u00bb\u00bb max_width_last_edited=\u00bbon|desktop\u00bb module_alignment=\u00bbcenter\u00bb custom_margin=\u00bb||0px||false|false\u00bb custom_padding=\u00bb||0px||false|false\u00bb header_2_font_size_tablet=\u00bb35px\u00bb header_2_font_size_phone=\u00bb28px\u00bb header_2_font_size_last_edited=\u00bbon|phone\u00bb global_colors_info=\u00bb{}\u00bb]<\/p>\n<h3>Mi\u00e9rcoles 5 de Octubre 2022<\/h3>\n<p>[\/et_pb_text][et_pb_button button_text=\u00bb13.00 &#8211; 14.00 h\u00bb _builder_version=\u00bb4.18.0&#8243; _module_preset=\u00bbdefault\u00bb global_colors_info=\u00bb{}\u00bb][\/et_pb_button][et_pb_text _builder_version=\u00bb4.18.0&#8243; _module_preset=\u00bbdefault\u00bb custom_margin=\u00bb||0px||false|false\u00bb custom_padding=\u00bb||0px||false|false\u00bb global_colors_info=\u00bb{}\u00bb]<\/p>\n<p><span><em>Mi\u00e9rcoles 5 de octubre 13.00 &#8211; 14.00 h.<br \/><strong>Sala Talent<\/strong><\/em><\/span><\/p>\n<p>[\/et_pb_text][et_pb_blurb title=\u00bbTaller Conoce tus derechos laborales\u00bb url_new_window=\u00bbon\u00bb use_icon=\u00bbon\u00bb font_icon=\u00bb&#x5c;||divi||400&#8243; icon_placement=\u00bbleft\u00bb image_icon_width=\u00bb32px\u00bb content_max_width=\u00bb100%\u00bb _builder_version=\u00bb4.18.0&#8243; header_font=\u00bbRoboto|700||on|||||\u00bb header_font_size=\u00bb18px\u00bb header_line_height=\u00bb1.7em\u00bb body_font=\u00bb||||||||\u00bb body_line_height=\u00bb1.8em\u00bb body_ul_font=\u00bb|||on|||||\u00bb background_enable_color=\u00bboff\u00bb module_alignment=\u00bbleft\u00bb custom_padding_last_edited=\u00bboff|desktop\u00bb animation_style=\u00bbzoom\u00bb animation_intensity_zoom=\u00bb8%\u00bb animation=\u00bboff\u00bb link_option_url_new_window=\u00bbon\u00bb icon_font_size=\u00bb32px\u00bb global_colors_info=\u00bb{}\u00bb]<\/p>\n<ul>\n<li><strong>D. Graciano Amador Ma\u00fajo.<\/strong> Excmo. Colegio Oficial de Graduados Sociales de Asturias<\/li>\n<\/ul>\n<p>[\/et_pb_blurb][\/et_pb_column][\/et_pb_row][et_pb_row _builder_version=\u00bb4.18.0&#8243; custom_margin=\u00bb13px|auto|0px|auto|false|false\u00bb custom_padding=\u00bb0px||20px||false|false\u00bb use_custom_width=\u00bbon\u00bb global_colors_info=\u00bb{}\u00bb][et_pb_column type=\u00bb4_4&#8243; _builder_version=\u00bb4.16&#8243; custom_padding=\u00bb|||\u00bb global_colors_info=\u00bb{}\u00bb custom_padding__hover=\u00bb|||\u00bb][et_pb_text _builder_version=\u00bb4.18.0&#8243; _module_preset=\u00bbdefault\u00bb custom_margin=\u00bb||0px||false|false\u00bb custom_padding=\u00bb||0px||false|false\u00bb global_colors_info=\u00bb{}\u00bb]<\/p>\n<p><span><em>Mi\u00e9rcoles 5 de octubre 13.00 &#8211; 14.00 h.<br \/><strong>Sala UO<\/strong><\/em><\/span><\/p>\n<p>[\/et_pb_text][et_pb_blurb title=\u00bbMasterclass EUROFIRMS GROUP \u201cLas tendencias de empleo en la nueva econom\u00eda-Oportunidades y retos del sector\u201d\u00bb url_new_window=\u00bbon\u00bb use_icon=\u00bbon\u00bb font_icon=\u00bb&#x5c;||divi||400&#8243; icon_placement=\u00bbleft\u00bb image_icon_width=\u00bb32px\u00bb content_max_width=\u00bb100%\u00bb _builder_version=\u00bb4.18.0&#8243; header_font=\u00bbRoboto|700||on|||||\u00bb header_font_size=\u00bb18px\u00bb header_line_height=\u00bb1.7em\u00bb body_font=\u00bb||||||||\u00bb body_line_height=\u00bb1.8em\u00bb body_ul_font=\u00bb|||on|||||\u00bb background_enable_color=\u00bboff\u00bb module_alignment=\u00bbleft\u00bb custom_padding_last_edited=\u00bboff|desktop\u00bb animation_style=\u00bbzoom\u00bb animation_intensity_zoom=\u00bb8%\u00bb animation=\u00bboff\u00bb link_option_url_new_window=\u00bbon\u00bb icon_font_size=\u00bb32px\u00bb global_colors_info=\u00bb{}\u00bb]<\/p>\n<ul>\n<li><strong>D. Ra\u00fal S\u00e1nchez. <\/strong> Country Leader Spain. Eurofirms Group.<strong><br \/>\nD.\u00aa Bego\u00f1a Cueto. <\/strong>Vicerrectora de Transferencia y Relaciones con la Empresa. Universidad de Oviedo<strong><br \/>\n<\/strong><\/li>\n<\/ul>\n<p>[\/et_pb_blurb][\/et_pb_column][\/et_pb_row][et_pb_row _builder_version=\u00bb4.18.0&#8243; custom_margin=\u00bb13px|auto|0px|auto|false|false\u00bb custom_padding=\u00bb0px||20px||false|false\u00bb use_custom_width=\u00bbon\u00bb global_colors_info=\u00bb{}\u00bb][et_pb_column type=\u00bb4_4&#8243; _builder_version=\u00bb4.16&#8243; custom_padding=\u00bb|||\u00bb global_colors_info=\u00bb{}\u00bb custom_padding__hover=\u00bb|||\u00bb][et_pb_text _builder_version=\u00bb4.18.0&#8243; _module_preset=\u00bbdefault\u00bb custom_margin=\u00bb||0px||false|false\u00bb custom_padding=\u00bb||0px||false|false\u00bb global_colors_info=\u00bb{}\u00bb]<\/p>\n<p><span><em>Mi\u00e9rcoles 5 de octubre 13.00 &#8211; 14.00 h.<br \/><strong>Sala Emprende<\/strong><\/em><\/span><\/p>\n<p>[\/et_pb_text][et_pb_blurb title=\u00bbHackathon TalentUO: trabajo por grupos (fase de divergencia)\u00bb url_new_window=\u00bbon\u00bb use_icon=\u00bbon\u00bb font_icon=\u00bb&#x5c;||divi||400&#8243; icon_placement=\u00bbleft\u00bb image_icon_width=\u00bb32px\u00bb content_max_width=\u00bb100%\u00bb _builder_version=\u00bb4.18.0&#8243; header_font=\u00bbRoboto|700||on|||||\u00bb header_font_size=\u00bb18px\u00bb header_line_height=\u00bb1.7em\u00bb body_font=\u00bb||||||||\u00bb body_line_height=\u00bb1.8em\u00bb body_ul_font=\u00bb|||on|||||\u00bb background_enable_color=\u00bboff\u00bb module_alignment=\u00bbleft\u00bb custom_padding_last_edited=\u00bboff|desktop\u00bb animation_style=\u00bbzoom\u00bb animation_intensity_zoom=\u00bb8%\u00bb animation=\u00bboff\u00bb link_option_url_new_window=\u00bbon\u00bb icon_font_size=\u00bb32px\u00bb global_colors_info=\u00bb{}\u00bb][\/et_pb_blurb][\/et_pb_column][\/et_pb_row][et_pb_row _builder_version=\u00bb4.18.0&#8243; custom_margin=\u00bb13px|auto|0px|auto|false|false\u00bb custom_padding=\u00bb0px||20px||false|false\u00bb use_custom_width=\u00bbon\u00bb global_colors_info=\u00bb{}\u00bb][et_pb_column type=\u00bb4_4&#8243; _builder_version=\u00bb4.16&#8243; custom_padding=\u00bb|||\u00bb global_colors_info=\u00bb{}\u00bb custom_padding__hover=\u00bb|||\u00bb][et_pb_text _builder_version=\u00bb4.18.0&#8243; _module_preset=\u00bbdefault\u00bb custom_margin=\u00bb||0px||false|false\u00bb custom_padding=\u00bb||0px||false|false\u00bb global_colors_info=\u00bb{}\u00bb]<\/p>\n<p><span><em>Mi\u00e9rcoles 5 de octubre 13.00 &#8211; 14.00 h.<br \/><strong>Interview Lab<\/strong><\/em><\/span><\/p>\n<p>[\/et_pb_text][et_pb_blurb title=\u00bbspeed job dating de reclutamiento\u00bb url_new_window=\u00bbon\u00bb use_icon=\u00bbon\u00bb font_icon=\u00bb&#x5c;||divi||400&#8243; icon_placement=\u00bbleft\u00bb image_icon_width=\u00bb32px\u00bb content_max_width=\u00bb100%\u00bb _builder_version=\u00bb4.18.0&#8243; header_font=\u00bbRoboto|700||on|||||\u00bb header_font_size=\u00bb18px\u00bb header_line_height=\u00bb1.7em\u00bb body_font=\u00bb||||||||\u00bb body_line_height=\u00bb1.8em\u00bb body_ul_font=\u00bb|||on|||||\u00bb background_enable_color=\u00bboff\u00bb module_alignment=\u00bbleft\u00bb custom_padding_last_edited=\u00bboff|desktop\u00bb animation_style=\u00bbzoom\u00bb animation_intensity_zoom=\u00bb8%\u00bb animation=\u00bboff\u00bb link_option_url_new_window=\u00bbon\u00bb icon_font_size=\u00bb32px\u00bb global_colors_info=\u00bb{}\u00bb][\/et_pb_blurb][\/et_pb_column][\/et_pb_row][et_pb_row _builder_version=\u00bb4.18.0&#8243; custom_margin=\u00bb13px|auto|0px|auto|false|false\u00bb custom_padding=\u00bb0px||20px||false|false\u00bb use_custom_width=\u00bbon\u00bb global_colors_info=\u00bb{}\u00bb][et_pb_column type=\u00bb4_4&#8243; _builder_version=\u00bb4.16&#8243; custom_padding=\u00bb|||\u00bb global_colors_info=\u00bb{}\u00bb custom_padding__hover=\u00bb|||\u00bb][et_pb_text _builder_version=\u00bb4.18.0&#8243; text_font=\u00bb||||||||\u00bb text_font_size=\u00bb16px\u00bb text_line_height=\u00bb2em\u00bb ul_font=\u00bb||||||||\u00bb ul_text_color=\u00bb#000000&#8243; ul_line_height=\u00bb2em\u00bb quote_font=\u00bb||||||||\u00bb header_font=\u00bb||||||||\u00bb header_text_color=\u00bb#07867f\u00bb header_2_font=\u00bbRoboto|700|||||||\u00bb header_2_text_color=\u00bb#07867f\u00bb header_2_font_size=\u00bb45px\u00bb header_2_line_height=\u00bb1.2em\u00bb header_3_font=\u00bb|||on|||||\u00bb header_3_text_color=\u00bb#07867f\u00bb header_3_font_size=\u00bb20px\u00bb header_3_letter_spacing=\u00bb4px\u00bb header_3_line_height=\u00bb1.6em\u00bb max_width_tablet=\u00bb\u00bb max_width_phone=\u00bb\u00bb max_width_last_edited=\u00bbon|desktop\u00bb module_alignment=\u00bbcenter\u00bb custom_margin=\u00bb||0px||false|false\u00bb custom_padding=\u00bb||0px||false|false\u00bb header_2_font_size_tablet=\u00bb35px\u00bb header_2_font_size_phone=\u00bb28px\u00bb header_2_font_size_last_edited=\u00bbon|phone\u00bb global_colors_info=\u00bb{}\u00bb]<\/p>\n<h3>Mi\u00e9rcoles 5 de Octubre 2022<\/h3>\n<p>[\/et_pb_text][et_pb_button button_text=\u00bb16.00 &#8211; 17.00 h\u00bb _builder_version=\u00bb4.18.0&#8243; _module_preset=\u00bbdefault\u00bb global_colors_info=\u00bb{}\u00bb][\/et_pb_button][et_pb_text _builder_version=\u00bb4.18.0&#8243; _module_preset=\u00bbdefault\u00bb custom_margin=\u00bb||0px||false|false\u00bb custom_padding=\u00bb||0px||false|false\u00bb global_colors_info=\u00bb{}\u00bb]<\/p>\n<p><span><em>Mi\u00e9rcoles 5 de octubre 16.00 &#8211; 17.00 h.<br \/><strong>Sala Talent<\/strong><\/em><\/span><\/p>\n<p>[\/et_pb_text][et_pb_blurb title=\u00bbMasterclass ALCAMPO \u201cSe busca \u201cResponsables de Comercio\u201d\u00bb url_new_window=\u00bbon\u00bb use_icon=\u00bbon\u00bb font_icon=\u00bb&#x5c;||divi||400&#8243; icon_placement=\u00bbleft\u00bb image_icon_width=\u00bb32px\u00bb content_max_width=\u00bb100%\u00bb _builder_version=\u00bb4.18.0&#8243; header_font=\u00bbRoboto|700||on|||||\u00bb header_font_size=\u00bb18px\u00bb header_line_height=\u00bb1.7em\u00bb body_font=\u00bb||||||||\u00bb body_line_height=\u00bb1.8em\u00bb body_ul_font=\u00bb|||on|||||\u00bb background_enable_color=\u00bboff\u00bb module_alignment=\u00bbleft\u00bb custom_padding_last_edited=\u00bboff|desktop\u00bb animation_style=\u00bbzoom\u00bb animation_intensity_zoom=\u00bb8%\u00bb animation=\u00bboff\u00bb link_option_url_new_window=\u00bbon\u00bb icon_font_size=\u00bb32px\u00bb global_colors_info=\u00bb{}\u00bb]<\/p>\n<ul>\n<li><strong>D. Jos\u00e9 Manuel Chamoso<\/strong>. Responsable de Recursos Humanos Alcampo Nal\u00f3n<\/li>\n<li><strong>D. Eduardo del Valle.<\/strong> Departamento de Administraci\u00f3n de Empresas. Universidad de Oviedo<\/li>\n<\/ul>\n<p>[\/et_pb_blurb][\/et_pb_column][\/et_pb_row][et_pb_row _builder_version=\u00bb4.18.0&#8243; custom_margin=\u00bb13px|auto|0px|auto|false|false\u00bb custom_padding=\u00bb0px||20px||false|false\u00bb use_custom_width=\u00bbon\u00bb global_colors_info=\u00bb{}\u00bb][et_pb_column type=\u00bb4_4&#8243; _builder_version=\u00bb4.16&#8243; custom_padding=\u00bb|||\u00bb global_colors_info=\u00bb{}\u00bb custom_padding__hover=\u00bb|||\u00bb][et_pb_text _builder_version=\u00bb4.18.0&#8243; _module_preset=\u00bbdefault\u00bb custom_margin=\u00bb||0px||false|false\u00bb custom_padding=\u00bb||0px||false|false\u00bb global_colors_info=\u00bb{}\u00bb]<\/p>\n<p><span><em>Mi\u00e9rcoles 5 de octubre 16.00 &#8211; 17.00 h.<br \/><strong>Sala UO<\/strong><\/em><\/span><\/p>\n<p>[\/et_pb_text][et_pb_blurb title=\u00bbMesa redonda. El dato como materia prima \u00bfPara qui\u00e9n?\u00bb url_new_window=\u00bbon\u00bb use_icon=\u00bbon\u00bb font_icon=\u00bb&#x5c;||divi||400&#8243; icon_placement=\u00bbleft\u00bb image_icon_width=\u00bb32px\u00bb content_max_width=\u00bb100%\u00bb _builder_version=\u00bb4.18.0&#8243; header_font=\u00bbRoboto|700||on|||||\u00bb header_font_size=\u00bb18px\u00bb header_line_height=\u00bb1.7em\u00bb body_font=\u00bb||||||||\u00bb body_line_height=\u00bb1.8em\u00bb body_ul_font=\u00bb|||on|||||\u00bb background_enable_color=\u00bboff\u00bb module_alignment=\u00bbleft\u00bb custom_padding_last_edited=\u00bboff|desktop\u00bb animation_style=\u00bbzoom\u00bb animation_intensity_zoom=\u00bb8%\u00bb animation=\u00bboff\u00bb link_option_url_new_window=\u00bbon\u00bb icon_font_size=\u00bb32px\u00bb global_colors_info=\u00bb{}\u00bb]<\/p>\n<ul>\n<li><strong>D. ALEJANDRO MORENO.<\/strong> DIRECTOR DE DATA. HIBERUS<\/li>\n<li><strong>D. GERM\u00c1N HEREDIA.<\/strong> CCO. EMPATHY<\/li>\n<li><strong>D. HIGINIO IGLESIAS.<\/strong> CEO. EBROKER<\/li>\n<li><strong>D.\u00aa LETICIA BUENO.<\/strong> DATA VISUALIZATION TEAM LEADER\/DIGITAL &amp; DATA ANALYTICS. CHEMOURS SPAIN<\/li>\n<li><strong>D.\u00aa MARIAN HURL\u00c9.<\/strong> HR BUSINESS PARTNER EN MERKLE SPAIN<\/li>\n<\/ul>\n<p class=\"p1\"><em>Moderada: <b>D. Santos Gonz\u00e1lez. <\/b>Profesor Em\u00e9rito. Departamento de Matem\u00e1ticas. Universidad de Oviedo<\/em><\/p>\n<p>[\/et_pb_blurb][\/et_pb_column][\/et_pb_row][et_pb_row _builder_version=\u00bb4.18.0&#8243; custom_margin=\u00bb13px|auto|0px|auto|false|false\u00bb custom_padding=\u00bb0px||20px||false|false\u00bb use_custom_width=\u00bbon\u00bb global_colors_info=\u00bb{}\u00bb][et_pb_column type=\u00bb4_4&#8243; _builder_version=\u00bb4.16&#8243; custom_padding=\u00bb|||\u00bb global_colors_info=\u00bb{}\u00bb custom_padding__hover=\u00bb|||\u00bb][et_pb_text _builder_version=\u00bb4.18.0&#8243; _module_preset=\u00bbdefault\u00bb custom_margin=\u00bb||0px||false|false\u00bb custom_padding=\u00bb||0px||false|false\u00bb global_colors_info=\u00bb{}\u00bb]<\/p>\n<p><span><em>Mi\u00e9rcoles 5 de octubre 16.00 &#8211; 17.00 h.<br \/><strong>Sala Emprende<\/strong><\/em><\/span><\/p>\n<p>[\/et_pb_text][et_pb_blurb title=\u00bbHackathon TalentUO: trabajo por grupos (fase de convergencia)\u00bb url_new_window=\u00bbon\u00bb use_icon=\u00bbon\u00bb font_icon=\u00bb&#x5c;||divi||400&#8243; icon_placement=\u00bbleft\u00bb image_icon_width=\u00bb32px\u00bb content_max_width=\u00bb100%\u00bb _builder_version=\u00bb4.18.0&#8243; header_font=\u00bbRoboto|700||on|||||\u00bb header_font_size=\u00bb18px\u00bb header_line_height=\u00bb1.7em\u00bb body_font=\u00bb||||||||\u00bb body_line_height=\u00bb1.8em\u00bb body_ul_font=\u00bb|||on|||||\u00bb background_enable_color=\u00bboff\u00bb module_alignment=\u00bbleft\u00bb custom_padding_last_edited=\u00bboff|desktop\u00bb animation_style=\u00bbzoom\u00bb animation_intensity_zoom=\u00bb8%\u00bb animation=\u00bboff\u00bb link_option_url_new_window=\u00bbon\u00bb icon_font_size=\u00bb32px\u00bb global_colors_info=\u00bb{}\u00bb][\/et_pb_blurb][\/et_pb_column][\/et_pb_row][et_pb_row _builder_version=\u00bb4.18.0&#8243; custom_margin=\u00bb13px|auto|0px|auto|false|false\u00bb custom_padding=\u00bb0px||20px||false|false\u00bb use_custom_width=\u00bbon\u00bb global_colors_info=\u00bb{}\u00bb][et_pb_column type=\u00bb4_4&#8243; _builder_version=\u00bb4.16&#8243; custom_padding=\u00bb|||\u00bb global_colors_info=\u00bb{}\u00bb custom_padding__hover=\u00bb|||\u00bb][et_pb_text _builder_version=\u00bb4.18.0&#8243; _module_preset=\u00bbdefault\u00bb custom_margin=\u00bb||0px||false|false\u00bb custom_padding=\u00bb||0px||false|false\u00bb global_colors_info=\u00bb{}\u00bb]<\/p>\n<p><span><em>Mi\u00e9rcoles 5 de octubre 16.00 &#8211; 17.00 h.<br \/><strong>Espacio tu marca personal<\/strong><\/em><\/span><\/p>\n<p>[\/et_pb_text][et_pb_blurb title=\u00bbRevisi\u00f3n personalizada de CV por profesionales de Recursos Humanos\u00bb url_new_window=\u00bbon\u00bb use_icon=\u00bbon\u00bb font_icon=\u00bb&#x5c;||divi||400&#8243; icon_placement=\u00bbleft\u00bb image_icon_width=\u00bb32px\u00bb content_max_width=\u00bb100%\u00bb _builder_version=\u00bb4.18.0&#8243; header_font=\u00bbRoboto|700||on|||||\u00bb header_font_size=\u00bb18px\u00bb header_line_height=\u00bb1.7em\u00bb body_font=\u00bb||||||||\u00bb body_line_height=\u00bb1.8em\u00bb body_ul_font=\u00bb|||on|||||\u00bb background_enable_color=\u00bboff\u00bb module_alignment=\u00bbleft\u00bb custom_padding_last_edited=\u00bboff|desktop\u00bb animation_style=\u00bbzoom\u00bb animation_intensity_zoom=\u00bb8%\u00bb animation=\u00bboff\u00bb link_option_url_new_window=\u00bbon\u00bb icon_font_size=\u00bb32px\u00bb global_colors_info=\u00bb{}\u00bb][\/et_pb_blurb][\/et_pb_column][\/et_pb_row][et_pb_row _builder_version=\u00bb4.18.0&#8243; custom_margin=\u00bb13px|auto|0px|auto|false|false\u00bb custom_padding=\u00bb0px||20px||false|false\u00bb use_custom_width=\u00bbon\u00bb global_colors_info=\u00bb{}\u00bb][et_pb_column type=\u00bb4_4&#8243; _builder_version=\u00bb4.16&#8243; custom_padding=\u00bb|||\u00bb global_colors_info=\u00bb{}\u00bb custom_padding__hover=\u00bb|||\u00bb][et_pb_text _builder_version=\u00bb4.18.0&#8243; _module_preset=\u00bbdefault\u00bb custom_margin=\u00bb||0px||false|false\u00bb custom_padding=\u00bb||0px||false|false\u00bb global_colors_info=\u00bb{}\u00bb]<\/p>\n<p><span><em>Mi\u00e9rcoles 5 de octubre 16.00 &#8211; 17.00 h.<br \/><strong>Espacio tu marca personal<\/strong><\/em><\/span><\/p>\n<p>[\/et_pb_text][et_pb_blurb title=\u00bbRevisi\u00f3n personalizada de perfil de LinkedIn por profesionales de Recursos Humanos\u00bb url_new_window=\u00bbon\u00bb use_icon=\u00bbon\u00bb font_icon=\u00bb&#x5c;||divi||400&#8243; icon_placement=\u00bbleft\u00bb image_icon_width=\u00bb32px\u00bb content_max_width=\u00bb100%\u00bb _builder_version=\u00bb4.18.0&#8243; header_font=\u00bbRoboto|700||on|||||\u00bb header_font_size=\u00bb18px\u00bb header_line_height=\u00bb1.7em\u00bb body_font=\u00bb||||||||\u00bb body_line_height=\u00bb1.8em\u00bb body_ul_font=\u00bb|||on|||||\u00bb background_enable_color=\u00bboff\u00bb module_alignment=\u00bbleft\u00bb custom_padding_last_edited=\u00bboff|desktop\u00bb animation_style=\u00bbzoom\u00bb animation_intensity_zoom=\u00bb8%\u00bb animation=\u00bboff\u00bb link_option_url_new_window=\u00bbon\u00bb icon_font_size=\u00bb32px\u00bb global_colors_info=\u00bb{}\u00bb][\/et_pb_blurb][\/et_pb_column][\/et_pb_row][et_pb_row _builder_version=\u00bb4.18.0&#8243; custom_margin=\u00bb13px|auto|0px|auto|false|false\u00bb custom_padding=\u00bb0px||20px||false|false\u00bb use_custom_width=\u00bbon\u00bb global_colors_info=\u00bb{}\u00bb][et_pb_column type=\u00bb4_4&#8243; _builder_version=\u00bb4.16&#8243; custom_padding=\u00bb|||\u00bb global_colors_info=\u00bb{}\u00bb custom_padding__hover=\u00bb|||\u00bb][et_pb_text _builder_version=\u00bb4.18.0&#8243; text_font=\u00bb||||||||\u00bb text_font_size=\u00bb16px\u00bb text_line_height=\u00bb2em\u00bb ul_font=\u00bb||||||||\u00bb ul_text_color=\u00bb#000000&#8243; ul_line_height=\u00bb2em\u00bb quote_font=\u00bb||||||||\u00bb header_font=\u00bb||||||||\u00bb header_text_color=\u00bb#07867f\u00bb header_2_font=\u00bbRoboto|700|||||||\u00bb header_2_text_color=\u00bb#07867f\u00bb header_2_font_size=\u00bb45px\u00bb header_2_line_height=\u00bb1.2em\u00bb header_3_font=\u00bb|||on|||||\u00bb header_3_text_color=\u00bb#07867f\u00bb header_3_font_size=\u00bb20px\u00bb header_3_letter_spacing=\u00bb4px\u00bb header_3_line_height=\u00bb1.6em\u00bb max_width_tablet=\u00bb\u00bb max_width_phone=\u00bb\u00bb max_width_last_edited=\u00bbon|desktop\u00bb module_alignment=\u00bbcenter\u00bb custom_margin=\u00bb||0px||false|false\u00bb custom_padding=\u00bb||0px||false|false\u00bb header_2_font_size_tablet=\u00bb35px\u00bb header_2_font_size_phone=\u00bb28px\u00bb header_2_font_size_last_edited=\u00bbon|phone\u00bb global_colors_info=\u00bb{}\u00bb]<\/p>\n<h3>Mi\u00e9rcoles 5 de Octubre 2022<\/h3>\n<p>[\/et_pb_text][et_pb_button button_text=\u00bb17.00 &#8211; 18.00 h\u00bb _builder_version=\u00bb4.18.0&#8243; _module_preset=\u00bbdefault\u00bb global_colors_info=\u00bb{}\u00bb][\/et_pb_button][et_pb_text _builder_version=\u00bb4.18.0&#8243; _module_preset=\u00bbdefault\u00bb custom_margin=\u00bb||0px||false|false\u00bb custom_padding=\u00bb||0px||false|false\u00bb global_colors_info=\u00bb{}\u00bb]<\/p>\n<p><span><em>Mi\u00e9rcoles 5 de octubre 17.00 &#8211; 18.00 h.<br \/><strong>Sala Talent<\/strong><\/em><\/span><\/p>\n<p>[\/et_pb_text][et_pb_blurb title=\u00bbMASTERCLASS DXC \u201cDESARROLLO DE SOFTWARE A DOS VELOCIDADES: HACIA UN MODELO AUTOMATIZADO\u201d\u00bb url_new_window=\u00bbon\u00bb use_icon=\u00bbon\u00bb font_icon=\u00bb&#x5c;||divi||400&#8243; icon_placement=\u00bbleft\u00bb image_icon_width=\u00bb32px\u00bb content_max_width=\u00bb100%\u00bb _builder_version=\u00bb4.18.0&#8243; header_font=\u00bbRoboto|700||on|||||\u00bb header_font_size=\u00bb18px\u00bb header_line_height=\u00bb1.7em\u00bb body_font=\u00bb||||||||\u00bb body_line_height=\u00bb1.8em\u00bb body_ul_font=\u00bb|||on|||||\u00bb background_enable_color=\u00bboff\u00bb module_alignment=\u00bbleft\u00bb custom_padding_last_edited=\u00bboff|desktop\u00bb animation_style=\u00bbzoom\u00bb animation_intensity_zoom=\u00bb8%\u00bb animation=\u00bboff\u00bb link_option_url_new_window=\u00bbon\u00bb icon_font_size=\u00bb32px\u00bb global_colors_info=\u00bb{}\u00bb]<\/p>\n<ul>\n<li><strong>D. ENRIQUE RIESGO.<\/strong> ASSURE PLATFORM PRODUCT MANAGER. DXC TECHNOLOGY<\/li>\n<li><strong>D. PABLO CASTA\u00d1O.<\/strong> ASSURE PLATFORM AUTOMATION LEAD. DXC TECHNOLOGY<\/li>\n<li><strong>D.\u00aa Ana Su\u00e1rez.<\/strong> Universidad de Oviedo<\/li>\n<\/ul>\n<p>[\/et_pb_blurb][\/et_pb_column][\/et_pb_row][et_pb_row _builder_version=\u00bb4.18.0&#8243; custom_margin=\u00bb13px|auto|0px|auto|false|false\u00bb custom_padding=\u00bb0px||20px||false|false\u00bb use_custom_width=\u00bbon\u00bb global_colors_info=\u00bb{}\u00bb][et_pb_column type=\u00bb4_4&#8243; _builder_version=\u00bb4.16&#8243; custom_padding=\u00bb|||\u00bb global_colors_info=\u00bb{}\u00bb custom_padding__hover=\u00bb|||\u00bb][et_pb_text _builder_version=\u00bb4.18.0&#8243; _module_preset=\u00bbdefault\u00bb custom_margin=\u00bb||0px||false|false\u00bb custom_padding=\u00bb||0px||false|false\u00bb global_colors_info=\u00bb{}\u00bb]<\/p>\n<p><span><em>Mi\u00e9rcoles 5 de octubre 17.00 &#8211; 18.00 h.<br \/><strong>Sala UO<\/strong><\/em><\/span><\/p>\n<p>[\/et_pb_text][et_pb_blurb title=\u00bbMasterclass RHI MAGNESITA \u201cCaptaci\u00f3n y retenci\u00f3n del talento: La experiencia de RHI Magnesita\u201d\u00bb url_new_window=\u00bbon\u00bb use_icon=\u00bbon\u00bb font_icon=\u00bb&#x5c;||divi||400&#8243; icon_placement=\u00bbleft\u00bb image_icon_width=\u00bb32px\u00bb content_max_width=\u00bb100%\u00bb _builder_version=\u00bb4.18.0&#8243; header_font=\u00bbRoboto|700||on|||||\u00bb header_font_size=\u00bb18px\u00bb header_line_height=\u00bb1.7em\u00bb body_font=\u00bb||||||||\u00bb body_line_height=\u00bb1.8em\u00bb body_ul_font=\u00bb|||on|||||\u00bb background_enable_color=\u00bboff\u00bb module_alignment=\u00bbleft\u00bb custom_padding_last_edited=\u00bboff|desktop\u00bb animation_style=\u00bbzoom\u00bb animation_intensity_zoom=\u00bb8%\u00bb animation=\u00bboff\u00bb link_option_url_new_window=\u00bbon\u00bb icon_font_size=\u00bb32px\u00bb global_colors_info=\u00bb{}\u00bb]<\/p>\n<ul>\n<li><strong>D.\u00aa Elena Cossent<\/strong>. HRBP Spain. RHI Magnesita<\/li>\n<li><strong>D. Esteban Carvajal<\/strong>. Credit Risk Professional. RHI Magnesita<\/li>\n<li><strong>D. Gabriel P\u00e9rez<\/strong>. HRBP Spain. RHI Magnesita<\/li>\n<li><strong>D. Jos\u00e9 Antonio Fern\u00e1ndez.<\/strong> Departamento de Psicolog\u00eda. Universidad de Oviedo<\/li>\n<\/ul>\n<p>[\/et_pb_blurb][\/et_pb_column][\/et_pb_row][et_pb_row _builder_version=\u00bb4.18.0&#8243; custom_margin=\u00bb13px|auto|0px|auto|false|false\u00bb custom_padding=\u00bb0px||20px||false|false\u00bb use_custom_width=\u00bbon\u00bb global_colors_info=\u00bb{}\u00bb][et_pb_column type=\u00bb4_4&#8243; _builder_version=\u00bb4.16&#8243; custom_padding=\u00bb|||\u00bb global_colors_info=\u00bb{}\u00bb custom_padding__hover=\u00bb|||\u00bb][et_pb_text _builder_version=\u00bb4.18.0&#8243; _module_preset=\u00bbdefault\u00bb custom_margin=\u00bb||0px||false|false\u00bb custom_padding=\u00bb||0px||false|false\u00bb global_colors_info=\u00bb{}\u00bb]<\/p>\n<p><span><em>Mi\u00e9rcoles 5 de octubre 17.00 &#8211; 18.00 h.<br \/><strong>Sala Emprende<\/strong><\/em><\/span><\/p>\n<p>[\/et_pb_text][et_pb_blurb title=\u00bbHackathon TalentUO: trabajo por grupos (fase de convergencia)\u00bb url_new_window=\u00bbon\u00bb use_icon=\u00bbon\u00bb font_icon=\u00bb&#x5c;||divi||400&#8243; icon_placement=\u00bbleft\u00bb image_icon_width=\u00bb32px\u00bb content_max_width=\u00bb100%\u00bb _builder_version=\u00bb4.18.0&#8243; header_font=\u00bbRoboto|700||on|||||\u00bb header_font_size=\u00bb18px\u00bb header_line_height=\u00bb1.7em\u00bb body_font=\u00bb||||||||\u00bb body_line_height=\u00bb1.8em\u00bb body_ul_font=\u00bb|||on|||||\u00bb background_enable_color=\u00bboff\u00bb module_alignment=\u00bbleft\u00bb custom_padding_last_edited=\u00bboff|desktop\u00bb animation_style=\u00bbzoom\u00bb animation_intensity_zoom=\u00bb8%\u00bb animation=\u00bboff\u00bb link_option_url_new_window=\u00bbon\u00bb icon_font_size=\u00bb32px\u00bb global_colors_info=\u00bb{}\u00bb][\/et_pb_blurb][\/et_pb_column][\/et_pb_row][et_pb_row _builder_version=\u00bb4.18.0&#8243; custom_margin=\u00bb13px|auto|0px|auto|false|false\u00bb custom_padding=\u00bb0px||20px||false|false\u00bb use_custom_width=\u00bbon\u00bb global_colors_info=\u00bb{}\u00bb][et_pb_column type=\u00bb4_4&#8243; _builder_version=\u00bb4.16&#8243; custom_padding=\u00bb|||\u00bb global_colors_info=\u00bb{}\u00bb custom_padding__hover=\u00bb|||\u00bb][et_pb_text _builder_version=\u00bb4.18.0&#8243; _module_preset=\u00bbdefault\u00bb custom_margin=\u00bb||0px||false|false\u00bb custom_padding=\u00bb||0px||false|false\u00bb global_colors_info=\u00bb{}\u00bb]<\/p>\n<p><span><em>Mi\u00e9rcoles 5 de octubre 17.00 &#8211; 18.00 h.<br \/><strong>Espacio tu marca personal<\/strong><\/em><\/span><\/p>\n<p>[\/et_pb_text][et_pb_blurb title=\u00bbRevisi\u00f3n personalizada de CV por profesionales de Recursos Humanos\u00bb url_new_window=\u00bbon\u00bb use_icon=\u00bbon\u00bb font_icon=\u00bb&#x5c;||divi||400&#8243; icon_placement=\u00bbleft\u00bb image_icon_width=\u00bb32px\u00bb content_max_width=\u00bb100%\u00bb _builder_version=\u00bb4.18.0&#8243; header_font=\u00bbRoboto|700||on|||||\u00bb header_font_size=\u00bb18px\u00bb header_line_height=\u00bb1.7em\u00bb body_font=\u00bb||||||||\u00bb body_line_height=\u00bb1.8em\u00bb body_ul_font=\u00bb|||on|||||\u00bb background_enable_color=\u00bboff\u00bb module_alignment=\u00bbleft\u00bb custom_padding_last_edited=\u00bboff|desktop\u00bb animation_style=\u00bbzoom\u00bb animation_intensity_zoom=\u00bb8%\u00bb animation=\u00bboff\u00bb link_option_url_new_window=\u00bbon\u00bb icon_font_size=\u00bb32px\u00bb global_colors_info=\u00bb{}\u00bb][\/et_pb_blurb][\/et_pb_column][\/et_pb_row][et_pb_row _builder_version=\u00bb4.18.0&#8243; custom_margin=\u00bb13px|auto|0px|auto|false|false\u00bb custom_padding=\u00bb0px||20px||false|false\u00bb use_custom_width=\u00bbon\u00bb global_colors_info=\u00bb{}\u00bb][et_pb_column type=\u00bb4_4&#8243; _builder_version=\u00bb4.16&#8243; custom_padding=\u00bb|||\u00bb global_colors_info=\u00bb{}\u00bb custom_padding__hover=\u00bb|||\u00bb][et_pb_text _builder_version=\u00bb4.18.0&#8243; _module_preset=\u00bbdefault\u00bb custom_margin=\u00bb||0px||false|false\u00bb custom_padding=\u00bb||0px||false|false\u00bb global_colors_info=\u00bb{}\u00bb]<\/p>\n<p><span><em>Mi\u00e9rcoles 5 de octubre 17.00 &#8211; 18.00 h.<br \/><strong>Espacio tu marca personal<\/strong><\/em><\/span><\/p>\n<p>[\/et_pb_text][et_pb_blurb title=\u00bbRevisi\u00f3n personalizada de perfil de LinkedIn por profesionales de Recursos Humanos\u00bb url_new_window=\u00bbon\u00bb use_icon=\u00bbon\u00bb font_icon=\u00bb&#x5c;||divi||400&#8243; icon_placement=\u00bbleft\u00bb image_icon_width=\u00bb32px\u00bb content_max_width=\u00bb100%\u00bb _builder_version=\u00bb4.18.0&#8243; header_font=\u00bbRoboto|700||on|||||\u00bb header_font_size=\u00bb18px\u00bb header_line_height=\u00bb1.7em\u00bb body_font=\u00bb||||||||\u00bb body_line_height=\u00bb1.8em\u00bb body_ul_font=\u00bb|||on|||||\u00bb background_enable_color=\u00bboff\u00bb module_alignment=\u00bbleft\u00bb custom_padding_last_edited=\u00bboff|desktop\u00bb animation_style=\u00bbzoom\u00bb animation_intensity_zoom=\u00bb8%\u00bb animation=\u00bboff\u00bb link_option_url_new_window=\u00bbon\u00bb icon_font_size=\u00bb32px\u00bb global_colors_info=\u00bb{}\u00bb][\/et_pb_blurb][\/et_pb_column][\/et_pb_row][et_pb_row _builder_version=\u00bb4.18.0&#8243; custom_margin=\u00bb13px|auto|0px|auto|false|false\u00bb custom_padding=\u00bb0px||20px||false|false\u00bb use_custom_width=\u00bbon\u00bb global_colors_info=\u00bb{}\u00bb][et_pb_column type=\u00bb4_4&#8243; _builder_version=\u00bb4.16&#8243; custom_padding=\u00bb|||\u00bb global_colors_info=\u00bb{}\u00bb custom_padding__hover=\u00bb|||\u00bb][et_pb_text _builder_version=\u00bb4.18.0&#8243; text_font=\u00bb||||||||\u00bb text_font_size=\u00bb16px\u00bb text_line_height=\u00bb2em\u00bb ul_font=\u00bb||||||||\u00bb ul_text_color=\u00bb#000000&#8243; ul_line_height=\u00bb2em\u00bb quote_font=\u00bb||||||||\u00bb header_font=\u00bb||||||||\u00bb header_text_color=\u00bb#07867f\u00bb header_2_font=\u00bbRoboto|700|||||||\u00bb header_2_text_color=\u00bb#07867f\u00bb header_2_font_size=\u00bb45px\u00bb header_2_line_height=\u00bb1.2em\u00bb header_3_font=\u00bb|||on|||||\u00bb header_3_text_color=\u00bb#07867f\u00bb header_3_font_size=\u00bb20px\u00bb header_3_letter_spacing=\u00bb4px\u00bb header_3_line_height=\u00bb1.6em\u00bb max_width_tablet=\u00bb\u00bb max_width_phone=\u00bb\u00bb max_width_last_edited=\u00bbon|desktop\u00bb module_alignment=\u00bbcenter\u00bb custom_margin=\u00bb||0px||false|false\u00bb custom_padding=\u00bb||0px||false|false\u00bb header_2_font_size_tablet=\u00bb35px\u00bb header_2_font_size_phone=\u00bb28px\u00bb header_2_font_size_last_edited=\u00bbon|phone\u00bb global_colors_info=\u00bb{}\u00bb]<\/p>\n<h3>Mi\u00e9rcoles 5 de Octubre 2022<\/h3>\n<p>[\/et_pb_text][et_pb_button button_text=\u00bb18.00 &#8211; 19.00 h\u00bb _builder_version=\u00bb4.18.0&#8243; _module_preset=\u00bbdefault\u00bb global_colors_info=\u00bb{}\u00bb][\/et_pb_button][et_pb_text _builder_version=\u00bb4.18.0&#8243; _module_preset=\u00bbdefault\u00bb custom_margin=\u00bb||0px||false|false\u00bb custom_padding=\u00bb||0px||false|false\u00bb global_colors_info=\u00bb{}\u00bb]<\/p>\n<p><span><em>Mi\u00e9rcoles 5 de octubre 18.00 &#8211; 19.00 h.<br \/><strong>Sala Talent<\/strong><\/em><\/span><\/p>\n<p>[\/et_pb_text][et_pb_blurb title=\u00bbMasterclass SAINT-GOBAIN \u201cLa importancia de la automatizaci\u00f3n de la recogida de datos en la mejora de la industria\u201d\u00bb url_new_window=\u00bbon\u00bb use_icon=\u00bbon\u00bb font_icon=\u00bb&#x5c;||divi||400&#8243; icon_placement=\u00bbleft\u00bb image_icon_width=\u00bb32px\u00bb content_max_width=\u00bb100%\u00bb _builder_version=\u00bb4.18.0&#8243; header_font=\u00bbRoboto|700||on|||||\u00bb header_font_size=\u00bb18px\u00bb header_line_height=\u00bb1.7em\u00bb body_font=\u00bb||||||||\u00bb body_line_height=\u00bb1.8em\u00bb body_ul_font=\u00bb|||on|||||\u00bb background_enable_color=\u00bboff\u00bb module_alignment=\u00bbleft\u00bb custom_padding_last_edited=\u00bboff|desktop\u00bb animation_style=\u00bbzoom\u00bb animation_intensity_zoom=\u00bb8%\u00bb animation=\u00bboff\u00bb link_option_url_new_window=\u00bbon\u00bb icon_font_size=\u00bb32px\u00bb global_colors_info=\u00bb{}\u00bb]<\/p>\n<ul>\n<li><strong>D.\u00aa Laura Toral.<\/strong> Coordinadora de WCM (World Class Manufacturing). Saint-Gobain Glass<\/li>\n<li><strong>D. David P\u00e9rez.<\/strong> Responsable de IT. Saint-Gobain Glass<\/li>\n<li><strong>D. Felipe Mateos<\/strong>. DEPARTAMENTO DE INGENIER\u00cdA EL\u00c9CTRICA, ELECTR\u00d3NICA, DE COMUNICACIONES Y DE SISTEMAS. UNIVERSIDAD DE OVIEDO<\/li>\n<\/ul>\n<p>[\/et_pb_blurb][\/et_pb_column][\/et_pb_row][et_pb_row _builder_version=\u00bb4.18.0&#8243; custom_margin=\u00bb13px|auto|0px|auto|false|false\u00bb custom_padding=\u00bb0px||20px||false|false\u00bb use_custom_width=\u00bbon\u00bb global_colors_info=\u00bb{}\u00bb][et_pb_column type=\u00bb4_4&#8243; _builder_version=\u00bb4.16&#8243; custom_padding=\u00bb|||\u00bb global_colors_info=\u00bb{}\u00bb custom_padding__hover=\u00bb|||\u00bb][et_pb_text _builder_version=\u00bb4.18.0&#8243; _module_preset=\u00bbdefault\u00bb custom_margin=\u00bb||0px||false|false\u00bb custom_padding=\u00bb||0px||false|false\u00bb global_colors_info=\u00bb{}\u00bb]<\/p>\n<p><span><em>Mi\u00e9rcoles 5 de octubre 18.00 &#8211; 19.00 h.<br \/><strong>Sala UO<\/strong><\/em><\/span><\/p>\n<p>[\/et_pb_text][et_pb_blurb title=\u00bbMasterclass NWORLD \u201cBIG Data en un entorno empresarial\u201d\u00bb url_new_window=\u00bbon\u00bb use_icon=\u00bbon\u00bb font_icon=\u00bb&#x5c;||divi||400&#8243; icon_placement=\u00bbleft\u00bb image_icon_width=\u00bb32px\u00bb content_max_width=\u00bb100%\u00bb _builder_version=\u00bb4.18.0&#8243; header_font=\u00bbRoboto|700||on|||||\u00bb header_font_size=\u00bb18px\u00bb header_line_height=\u00bb1.7em\u00bb body_font=\u00bb||||||||\u00bb body_line_height=\u00bb1.8em\u00bb body_ul_font=\u00bb|||on|||||\u00bb background_enable_color=\u00bboff\u00bb module_alignment=\u00bbleft\u00bb custom_padding_last_edited=\u00bboff|desktop\u00bb animation_style=\u00bbzoom\u00bb animation_intensity_zoom=\u00bb8%\u00bb animation=\u00bboff\u00bb link_option_url_new_window=\u00bbon\u00bb icon_font_size=\u00bb32px\u00bb global_colors_info=\u00bb{}\u00bb]<\/p>\n<ul>\n<li><strong>D. IV\u00c1N MART\u00cdNEZ.<\/strong> INGENIERO INFORM\u00c1TICO. DATA EXPERIENCED SENIOR CONSULTANT. NWORLD<\/li>\n<li><strong>D. ENRIQUE SOLA.<\/strong> INGENIERO INFORM\u00c1TICO. BIG DATA SENIOR CONSULTANT. NWORLD<\/li>\n<li><strong>D.\u00aa CONSUELO MART\u00cdNEZ.<\/strong> DEPARTAMENTO DE MATEM\u00c1TICAS. UNIVERSIDAD DE OVIEDO<\/li>\n<\/ul>\n<p>[\/et_pb_blurb][\/et_pb_column][\/et_pb_row][et_pb_row _builder_version=\u00bb4.18.0&#8243; custom_margin=\u00bb13px|auto|0px|auto|false|false\u00bb custom_padding=\u00bb0px||20px||false|false\u00bb use_custom_width=\u00bbon\u00bb global_colors_info=\u00bb{}\u00bb][et_pb_column type=\u00bb4_4&#8243; _builder_version=\u00bb4.16&#8243; custom_padding=\u00bb|||\u00bb global_colors_info=\u00bb{}\u00bb custom_padding__hover=\u00bb|||\u00bb][et_pb_text _builder_version=\u00bb4.18.0&#8243; _module_preset=\u00bbdefault\u00bb custom_margin=\u00bb||0px||false|false\u00bb custom_padding=\u00bb||0px||false|false\u00bb global_colors_info=\u00bb{}\u00bb]<\/p>\n<p><span><em>Mi\u00e9rcoles 5 de octubre 18.00 &#8211; 19.00 h.<br \/><strong>Interview Lab<\/strong><\/em><\/span><\/p>\n<p>[\/et_pb_text][et_pb_blurb title=\u00bbSpeed job dating de reclutamiento\u00bb url_new_window=\u00bbon\u00bb use_icon=\u00bbon\u00bb font_icon=\u00bb&#x5c;||divi||400&#8243; icon_placement=\u00bbleft\u00bb image_icon_width=\u00bb32px\u00bb content_max_width=\u00bb100%\u00bb _builder_version=\u00bb4.18.0&#8243; header_font=\u00bbRoboto|700||on|||||\u00bb header_font_size=\u00bb18px\u00bb header_line_height=\u00bb1.7em\u00bb body_font=\u00bb||||||||\u00bb body_line_height=\u00bb1.8em\u00bb body_ul_font=\u00bb|||on|||||\u00bb background_enable_color=\u00bboff\u00bb module_alignment=\u00bbleft\u00bb custom_padding_last_edited=\u00bboff|desktop\u00bb animation_style=\u00bbzoom\u00bb animation_intensity_zoom=\u00bb8%\u00bb animation=\u00bboff\u00bb link_option_url_new_window=\u00bbon\u00bb icon_font_size=\u00bb32px\u00bb global_colors_info=\u00bb{}\u00bb][\/et_pb_blurb][\/et_pb_column][\/et_pb_row][et_pb_row _builder_version=\u00bb4.18.0&#8243; custom_margin=\u00bb13px|auto|0px|auto|false|false\u00bb custom_padding=\u00bb0px||20px||false|false\u00bb use_custom_width=\u00bbon\u00bb global_colors_info=\u00bb{}\u00bb][et_pb_column type=\u00bb4_4&#8243; _builder_version=\u00bb4.16&#8243; custom_padding=\u00bb|||\u00bb global_colors_info=\u00bb{}\u00bb custom_padding__hover=\u00bb|||\u00bb][et_pb_text _builder_version=\u00bb4.18.0&#8243; _module_preset=\u00bbdefault\u00bb custom_margin=\u00bb||0px||false|false\u00bb custom_padding=\u00bb||0px||false|false\u00bb global_colors_info=\u00bb{}\u00bb]<\/p>\n<p><span><em>Mi\u00e9rcoles 5 de octubre 18.00 &#8211; 19.00 h.<br \/><strong>Sala Emprende<\/strong><\/em><\/span><\/p>\n<p>[\/et_pb_text][et_pb_blurb title=\u00bbHackathon TalentUO: trabajo por grupos (fase de convergencia)\u00bb url_new_window=\u00bbon\u00bb use_icon=\u00bbon\u00bb font_icon=\u00bb&#x5c;||divi||400&#8243; icon_placement=\u00bbleft\u00bb image_icon_width=\u00bb32px\u00bb content_max_width=\u00bb100%\u00bb _builder_version=\u00bb4.18.0&#8243; header_font=\u00bbRoboto|700||on|||||\u00bb header_font_size=\u00bb18px\u00bb header_line_height=\u00bb1.7em\u00bb body_font=\u00bb||||||||\u00bb body_line_height=\u00bb1.8em\u00bb body_ul_font=\u00bb|||on|||||\u00bb background_enable_color=\u00bboff\u00bb module_alignment=\u00bbleft\u00bb custom_padding_last_edited=\u00bboff|desktop\u00bb animation_style=\u00bbzoom\u00bb animation_intensity_zoom=\u00bb8%\u00bb animation=\u00bboff\u00bb link_option_url_new_window=\u00bbon\u00bb icon_font_size=\u00bb32px\u00bb global_colors_info=\u00bb{}\u00bb][\/et_pb_blurb][\/et_pb_column][\/et_pb_row][et_pb_row _builder_version=\u00bb4.18.0&#8243; custom_margin=\u00bb13px|auto|0px|auto|false|false\u00bb custom_padding=\u00bb0px||20px||false|false\u00bb use_custom_width=\u00bbon\u00bb global_colors_info=\u00bb{}\u00bb][et_pb_column type=\u00bb4_4&#8243; _builder_version=\u00bb4.16&#8243; custom_padding=\u00bb|||\u00bb global_colors_info=\u00bb{}\u00bb custom_padding__hover=\u00bb|||\u00bb][et_pb_text _builder_version=\u00bb4.18.0&#8243; text_font=\u00bb||||||||\u00bb text_font_size=\u00bb16px\u00bb text_line_height=\u00bb2em\u00bb ul_font=\u00bb||||||||\u00bb ul_text_color=\u00bb#000000&#8243; ul_line_height=\u00bb2em\u00bb quote_font=\u00bb||||||||\u00bb header_font=\u00bb||||||||\u00bb header_text_color=\u00bb#07867f\u00bb header_2_font=\u00bbRoboto|700|||||||\u00bb header_2_text_color=\u00bb#07867f\u00bb header_2_font_size=\u00bb45px\u00bb header_2_line_height=\u00bb1.2em\u00bb header_3_font=\u00bb|||on|||||\u00bb header_3_text_color=\u00bb#07867f\u00bb header_3_font_size=\u00bb20px\u00bb header_3_letter_spacing=\u00bb4px\u00bb header_3_line_height=\u00bb1.6em\u00bb max_width_tablet=\u00bb\u00bb max_width_phone=\u00bb\u00bb max_width_last_edited=\u00bbon|desktop\u00bb module_alignment=\u00bbcenter\u00bb custom_margin=\u00bb||0px||false|false\u00bb custom_padding=\u00bb||0px||false|false\u00bb header_2_font_size_tablet=\u00bb35px\u00bb header_2_font_size_phone=\u00bb28px\u00bb header_2_font_size_last_edited=\u00bbon|phone\u00bb global_colors_info=\u00bb{}\u00bb]<\/p>\n<h3>Jueves 6 de Octubre 2022<\/h3>\n<p>[\/et_pb_text][et_pb_button button_text=\u00bb10.00 &#8211; 11.00 h\u00bb _builder_version=\u00bb4.18.0&#8243; _module_preset=\u00bbdefault\u00bb global_colors_info=\u00bb{}\u00bb][\/et_pb_button][et_pb_text _builder_version=\u00bb4.18.0&#8243; _module_preset=\u00bbdefault\u00bb custom_margin=\u00bb||0px||false|false\u00bb custom_padding=\u00bb||0px||false|false\u00bb global_colors_info=\u00bb{}\u00bb]<\/p>\n<p><span><em>Jueves 6 de octubre 10.00 &#8211; 11.00 h.<br \/><strong>Sala Talent<\/strong><\/em><\/span><\/p>\n<p>[\/et_pb_text][et_pb_blurb title=\u00bbMasterclass ARCELORMITTAL \u201cArcelorMittal reinventa la siderurgia\u201d\u00bb url_new_window=\u00bbon\u00bb use_icon=\u00bbon\u00bb font_icon=\u00bb&#x5c;||divi||400&#8243; icon_placement=\u00bbleft\u00bb image_icon_width=\u00bb32px\u00bb content_max_width=\u00bb100%\u00bb _builder_version=\u00bb4.18.0&#8243; header_font=\u00bbRoboto|700||on|||||\u00bb header_font_size=\u00bb18px\u00bb header_line_height=\u00bb1.7em\u00bb body_font=\u00bb||||||||\u00bb body_line_height=\u00bb1.8em\u00bb body_ul_font=\u00bb|||on|||||\u00bb background_enable_color=\u00bboff\u00bb module_alignment=\u00bbleft\u00bb custom_padding_last_edited=\u00bboff|desktop\u00bb animation_style=\u00bbzoom\u00bb animation_intensity_zoom=\u00bb8%\u00bb animation=\u00bboff\u00bb link_option_url_new_window=\u00bbon\u00bb icon_font_size=\u00bb32px\u00bb global_colors_info=\u00bb{}\u00bb]<\/p>\n<ul>\n<li><strong>D. Ignacio Baquet<\/strong>. Responsable de Descarbonizaci\u00f3n. ArcelorMittal. Asturias<\/li>\n<li><strong>D.\u00aa Bego\u00f1a Fern\u00e1ndez.<\/strong> Departamento de Ciencia de los Materiales e Ingenier\u00eda Metal\u00fargica. Universidad de Oviedo<\/li>\n<\/ul>\n<p>[\/et_pb_blurb][\/et_pb_column][\/et_pb_row][et_pb_row _builder_version=\u00bb4.18.0&#8243; custom_margin=\u00bb13px|auto|0px|auto|false|false\u00bb custom_padding=\u00bb0px||20px||false|false\u00bb use_custom_width=\u00bbon\u00bb global_colors_info=\u00bb{}\u00bb][et_pb_column type=\u00bb4_4&#8243; _builder_version=\u00bb4.16&#8243; custom_padding=\u00bb|||\u00bb global_colors_info=\u00bb{}\u00bb custom_padding__hover=\u00bb|||\u00bb][et_pb_text _builder_version=\u00bb4.18.0&#8243; _module_preset=\u00bbdefault\u00bb custom_margin=\u00bb||0px||false|false\u00bb custom_padding=\u00bb||0px||false|false\u00bb global_colors_info=\u00bb{}\u00bb]<\/p>\n<p><span><em>Jueves 6 de octubre 10.00 &#8211; 11.00 h.<br \/><strong>Sala UO<\/strong><\/em><\/span><\/p>\n<p>[\/et_pb_text][et_pb_blurb title=\u00bbMasterclass MECALUX \u201cLa nube, Kubernetes, alta disponibilidad y despligue continuo en Mecalux\u201d\u00bb url_new_window=\u00bbon\u00bb use_icon=\u00bbon\u00bb font_icon=\u00bb&#x5c;||divi||400&#8243; icon_placement=\u00bbleft\u00bb image_icon_width=\u00bb32px\u00bb content_max_width=\u00bb100%\u00bb _builder_version=\u00bb4.18.0&#8243; header_font=\u00bbRoboto|700||on|||||\u00bb header_font_size=\u00bb18px\u00bb header_line_height=\u00bb1.7em\u00bb body_font=\u00bb||||||||\u00bb body_line_height=\u00bb1.8em\u00bb body_ul_font=\u00bb|||on|||||\u00bb background_enable_color=\u00bboff\u00bb module_alignment=\u00bbleft\u00bb custom_padding_last_edited=\u00bboff|desktop\u00bb animation_style=\u00bbzoom\u00bb animation_intensity_zoom=\u00bb8%\u00bb animation=\u00bboff\u00bb link_option_url_new_window=\u00bbon\u00bb icon_font_size=\u00bb32px\u00bb global_colors_info=\u00bb{}\u00bb]<\/p>\n<ul>\n<li><strong>D. Carlos Alberto G\u00f3mez.<\/strong> SRE Leader (Site Reliability Engineering). Mecalux<\/li>\n<li><strong>D. Javier Garc\u00eda.<\/strong> Departamento de Inform\u00e1tica. Universidad de Oviedo<\/li>\n<\/ul>\n<p>[\/et_pb_blurb][\/et_pb_column][\/et_pb_row][et_pb_row _builder_version=\u00bb4.18.0&#8243; custom_margin=\u00bb13px|auto|0px|auto|false|false\u00bb custom_padding=\u00bb0px||20px||false|false\u00bb use_custom_width=\u00bbon\u00bb global_colors_info=\u00bb{}\u00bb][et_pb_column type=\u00bb4_4&#8243; _builder_version=\u00bb4.16&#8243; custom_padding=\u00bb|||\u00bb global_colors_info=\u00bb{}\u00bb custom_padding__hover=\u00bb|||\u00bb][et_pb_text _builder_version=\u00bb4.18.0&#8243; _module_preset=\u00bbdefault\u00bb custom_margin=\u00bb||0px||false|false\u00bb custom_padding=\u00bb||0px||false|false\u00bb global_colors_info=\u00bb{}\u00bb]<\/p>\n<p><span><em>Jueves 6 de octubre 10.00 &#8211; 11.00 h.<br \/><strong>Sala Emprende<\/strong><\/em><\/span><\/p>\n<p>[\/et_pb_text][et_pb_blurb title=\u00bbHackathon TalentUO:  trabajo por equipos y preparaci\u00f3n de exposici\u00f3n\u00bb url_new_window=\u00bbon\u00bb use_icon=\u00bbon\u00bb font_icon=\u00bb&#x5c;||divi||400&#8243; icon_placement=\u00bbleft\u00bb image_icon_width=\u00bb32px\u00bb content_max_width=\u00bb100%\u00bb _builder_version=\u00bb4.18.0&#8243; header_font=\u00bbRoboto|700||on|||||\u00bb header_font_size=\u00bb18px\u00bb header_line_height=\u00bb1.7em\u00bb body_font=\u00bb||||||||\u00bb body_line_height=\u00bb1.8em\u00bb body_ul_font=\u00bb|||on|||||\u00bb background_enable_color=\u00bboff\u00bb module_alignment=\u00bbleft\u00bb custom_padding_last_edited=\u00bboff|desktop\u00bb animation_style=\u00bbzoom\u00bb animation_intensity_zoom=\u00bb8%\u00bb animation=\u00bboff\u00bb link_option_url_new_window=\u00bbon\u00bb icon_font_size=\u00bb32px\u00bb global_colors_info=\u00bb{}\u00bb][\/et_pb_blurb][\/et_pb_column][\/et_pb_row][et_pb_row _builder_version=\u00bb4.18.0&#8243; custom_margin=\u00bb13px|auto|0px|auto|false|false\u00bb custom_padding=\u00bb0px||20px||false|false\u00bb use_custom_width=\u00bbon\u00bb global_colors_info=\u00bb{}\u00bb][et_pb_column type=\u00bb4_4&#8243; _builder_version=\u00bb4.16&#8243; custom_padding=\u00bb|||\u00bb global_colors_info=\u00bb{}\u00bb custom_padding__hover=\u00bb|||\u00bb][et_pb_text _builder_version=\u00bb4.18.0&#8243; _module_preset=\u00bbdefault\u00bb custom_margin=\u00bb||0px||false|false\u00bb custom_padding=\u00bb||0px||false|false\u00bb global_colors_info=\u00bb{}\u00bb]<\/p>\n<p><span><em>Jueves 6 de octubre 10.00 &#8211; 11.00 h.<br \/><strong>Espacio tu marca personal<\/strong><\/em><\/span><\/p>\n<p>[\/et_pb_text][et_pb_blurb title=\u00bbRevisi\u00f3n personalizada de CV por profesionales de Recursos Humanos\u00bb url_new_window=\u00bbon\u00bb use_icon=\u00bbon\u00bb font_icon=\u00bb&#x5c;||divi||400&#8243; icon_placement=\u00bbleft\u00bb image_icon_width=\u00bb32px\u00bb content_max_width=\u00bb100%\u00bb _builder_version=\u00bb4.18.0&#8243; header_font=\u00bbRoboto|700||on|||||\u00bb header_font_size=\u00bb18px\u00bb header_line_height=\u00bb1.7em\u00bb body_font=\u00bb||||||||\u00bb body_line_height=\u00bb1.8em\u00bb body_ul_font=\u00bb|||on|||||\u00bb background_enable_color=\u00bboff\u00bb module_alignment=\u00bbleft\u00bb custom_padding_last_edited=\u00bboff|desktop\u00bb animation_style=\u00bbzoom\u00bb animation_intensity_zoom=\u00bb8%\u00bb animation=\u00bboff\u00bb link_option_url_new_window=\u00bbon\u00bb icon_font_size=\u00bb32px\u00bb global_colors_info=\u00bb{}\u00bb][\/et_pb_blurb][\/et_pb_column][\/et_pb_row][et_pb_row _builder_version=\u00bb4.18.0&#8243; custom_margin=\u00bb13px|auto|0px|auto|false|false\u00bb custom_padding=\u00bb0px||20px||false|false\u00bb use_custom_width=\u00bbon\u00bb global_colors_info=\u00bb{}\u00bb][et_pb_column type=\u00bb4_4&#8243; _builder_version=\u00bb4.16&#8243; custom_padding=\u00bb|||\u00bb global_colors_info=\u00bb{}\u00bb custom_padding__hover=\u00bb|||\u00bb][et_pb_text _builder_version=\u00bb4.18.0&#8243; _module_preset=\u00bbdefault\u00bb custom_margin=\u00bb||0px||false|false\u00bb custom_padding=\u00bb||0px||false|false\u00bb global_colors_info=\u00bb{}\u00bb]<\/p>\n<p><span><em>Jueves 6 de octubre 10.00 &#8211; 11.00 h.<br \/><strong>Espacio tu marca personal<\/strong><\/em><\/span><\/p>\n<p>[\/et_pb_text][et_pb_blurb title=\u00bbRevisi\u00f3n personalizada de perfil de LinkedIn por profesionales de Recursos Humanos\u00bb url_new_window=\u00bbon\u00bb use_icon=\u00bbon\u00bb font_icon=\u00bb&#x5c;||divi||400&#8243; icon_placement=\u00bbleft\u00bb image_icon_width=\u00bb32px\u00bb content_max_width=\u00bb100%\u00bb _builder_version=\u00bb4.18.0&#8243; header_font=\u00bbRoboto|700||on|||||\u00bb header_font_size=\u00bb18px\u00bb header_line_height=\u00bb1.7em\u00bb body_font=\u00bb||||||||\u00bb body_line_height=\u00bb1.8em\u00bb body_ul_font=\u00bb|||on|||||\u00bb background_enable_color=\u00bboff\u00bb module_alignment=\u00bbleft\u00bb custom_padding_last_edited=\u00bboff|desktop\u00bb animation_style=\u00bbzoom\u00bb animation_intensity_zoom=\u00bb8%\u00bb animation=\u00bboff\u00bb link_option_url_new_window=\u00bbon\u00bb icon_font_size=\u00bb32px\u00bb global_colors_info=\u00bb{}\u00bb][\/et_pb_blurb][\/et_pb_column][\/et_pb_row][et_pb_row _builder_version=\u00bb4.18.0&#8243; custom_margin=\u00bb13px|auto|0px|auto|false|false\u00bb custom_padding=\u00bb0px||20px||false|false\u00bb use_custom_width=\u00bbon\u00bb global_colors_info=\u00bb{}\u00bb][et_pb_column type=\u00bb4_4&#8243; _builder_version=\u00bb4.16&#8243; custom_padding=\u00bb|||\u00bb global_colors_info=\u00bb{}\u00bb custom_padding__hover=\u00bb|||\u00bb][et_pb_text _builder_version=\u00bb4.18.0&#8243; text_font=\u00bb||||||||\u00bb text_font_size=\u00bb16px\u00bb text_line_height=\u00bb2em\u00bb ul_font=\u00bb||||||||\u00bb ul_text_color=\u00bb#000000&#8243; ul_line_height=\u00bb2em\u00bb quote_font=\u00bb||||||||\u00bb header_font=\u00bb||||||||\u00bb header_text_color=\u00bb#07867f\u00bb header_2_font=\u00bbRoboto|700|||||||\u00bb header_2_text_color=\u00bb#07867f\u00bb header_2_font_size=\u00bb45px\u00bb header_2_line_height=\u00bb1.2em\u00bb header_3_font=\u00bb|||on|||||\u00bb header_3_text_color=\u00bb#07867f\u00bb header_3_font_size=\u00bb20px\u00bb header_3_letter_spacing=\u00bb4px\u00bb header_3_line_height=\u00bb1.6em\u00bb max_width_tablet=\u00bb\u00bb max_width_phone=\u00bb\u00bb max_width_last_edited=\u00bbon|desktop\u00bb module_alignment=\u00bbcenter\u00bb custom_margin=\u00bb||0px||false|false\u00bb custom_padding=\u00bb||0px||false|false\u00bb header_2_font_size_tablet=\u00bb35px\u00bb header_2_font_size_phone=\u00bb28px\u00bb header_2_font_size_last_edited=\u00bbon|phone\u00bb global_colors_info=\u00bb{}\u00bb]<\/p>\n<h3>Jueves 6 de Octubre 2022<\/h3>\n<p>[\/et_pb_text][et_pb_button button_text=\u00bb11.00 &#8211; 12.00 h\u00bb _builder_version=\u00bb4.18.0&#8243; _module_preset=\u00bbdefault\u00bb global_colors_info=\u00bb{}\u00bb][\/et_pb_button][et_pb_text _builder_version=\u00bb4.18.0&#8243; _module_preset=\u00bbdefault\u00bb custom_margin=\u00bb||0px||false|false\u00bb custom_padding=\u00bb||0px||false|false\u00bb global_colors_info=\u00bb{}\u00bb]<\/p>\n<p><span><em>Jueves 6 de octubre 11.00 &#8211; 12.00 h.<br \/><strong>Sala Talent<\/strong><\/em><\/span><\/p>\n<p>[\/et_pb_text][et_pb_blurb title=\u00bbMasterclass ALISYS DIGITAL \u201cEl ma\u00f1ana de la rob\u00f3tica virtual, social y din\u00e1mica\u201d\u00bb url_new_window=\u00bbon\u00bb use_icon=\u00bbon\u00bb font_icon=\u00bb&#x5c;||divi||400&#8243; icon_placement=\u00bbleft\u00bb image_icon_width=\u00bb32px\u00bb content_max_width=\u00bb100%\u00bb _builder_version=\u00bb4.18.0&#8243; header_font=\u00bbRoboto|700||on|||||\u00bb header_font_size=\u00bb18px\u00bb header_line_height=\u00bb1.7em\u00bb body_font=\u00bb||||||||\u00bb body_line_height=\u00bb1.8em\u00bb body_ul_font=\u00bb|||on|||||\u00bb background_enable_color=\u00bboff\u00bb module_alignment=\u00bbleft\u00bb custom_padding_last_edited=\u00bboff|desktop\u00bb animation_style=\u00bbzoom\u00bb animation_intensity_zoom=\u00bb8%\u00bb animation=\u00bboff\u00bb link_option_url_new_window=\u00bbon\u00bb icon_font_size=\u00bb32px\u00bb global_colors_info=\u00bb{}\u00bb]<\/p>\n<ul>\n<li><strong> D. Jonathan Mortes. <\/strong>Jefe t\u00e9cnico de rob\u00f3tica sociosanitaria. Alisys Digital.<\/li>\n<li><strong>D. Cristian Gonz\u00e1lez.<\/strong> Departamento de Inform\u00e1tica. Universidad de Oviedo<\/li>\n<\/ul>\n<p>[\/et_pb_blurb][\/et_pb_column][\/et_pb_row][et_pb_row _builder_version=\u00bb4.18.0&#8243; custom_margin=\u00bb13px|auto|0px|auto|false|false\u00bb custom_padding=\u00bb0px||20px||false|false\u00bb use_custom_width=\u00bbon\u00bb global_colors_info=\u00bb{}\u00bb][et_pb_column type=\u00bb4_4&#8243; _builder_version=\u00bb4.16&#8243; custom_padding=\u00bb|||\u00bb global_colors_info=\u00bb{}\u00bb custom_padding__hover=\u00bb|||\u00bb][et_pb_text _builder_version=\u00bb4.18.0&#8243; _module_preset=\u00bbdefault\u00bb custom_margin=\u00bb||0px||false|false\u00bb custom_padding=\u00bb||0px||false|false\u00bb global_colors_info=\u00bb{}\u00bb]<\/p>\n<p><span><em>Jueves 6 de octubre 11.00 &#8211; 12.00 h.<br \/><strong>Sala UO<\/strong><\/em><\/span><\/p>\n<p>[\/et_pb_text][et_pb_blurb title=\u00bbMasterclass CHEMOURS SPAIN \u201cLa flexibilidad laboral y los modelos h\u00edbridos en el entorno de trabajo\u201d\u00bb url_new_window=\u00bbon\u00bb use_icon=\u00bbon\u00bb font_icon=\u00bb&#x5c;||divi||400&#8243; icon_placement=\u00bbleft\u00bb image_icon_width=\u00bb32px\u00bb content_max_width=\u00bb100%\u00bb _builder_version=\u00bb4.18.0&#8243; header_font=\u00bbRoboto|700||on|||||\u00bb header_font_size=\u00bb18px\u00bb header_line_height=\u00bb1.7em\u00bb body_font=\u00bb||||||||\u00bb body_line_height=\u00bb1.8em\u00bb body_ul_font=\u00bb|||on|||||\u00bb background_enable_color=\u00bboff\u00bb module_alignment=\u00bbleft\u00bb custom_padding_last_edited=\u00bboff|desktop\u00bb animation_style=\u00bbzoom\u00bb animation_intensity_zoom=\u00bb8%\u00bb animation=\u00bboff\u00bb link_option_url_new_window=\u00bbon\u00bb icon_font_size=\u00bb32px\u00bb global_colors_info=\u00bb{}\u00bb]<\/p>\n<ul>\n<li><strong>D.\u00aa Amelia Ozores.<\/strong> Country HR Manager\/HRBP Finance. Chemours<\/li>\n<li><strong>D. Jes\u00fas del Br\u00edo.<\/strong> Departamento de Administraci\u00f3n de Empresas. Universidad de Oviedo<\/li>\n<\/ul>\n<p>[\/et_pb_blurb][\/et_pb_column][\/et_pb_row][et_pb_row _builder_version=\u00bb4.18.0&#8243; custom_margin=\u00bb13px|auto|0px|auto|false|false\u00bb custom_padding=\u00bb0px||20px||false|false\u00bb use_custom_width=\u00bbon\u00bb global_colors_info=\u00bb{}\u00bb][et_pb_column type=\u00bb4_4&#8243; _builder_version=\u00bb4.16&#8243; custom_padding=\u00bb|||\u00bb global_colors_info=\u00bb{}\u00bb custom_padding__hover=\u00bb|||\u00bb][et_pb_text _builder_version=\u00bb4.18.0&#8243; _module_preset=\u00bbdefault\u00bb custom_margin=\u00bb||0px||false|false\u00bb custom_padding=\u00bb||0px||false|false\u00bb global_colors_info=\u00bb{}\u00bb]<\/p>\n<p><span><em>Jueves 6 de octubre 11.00 &#8211; 12.00 h.<br \/><strong>Sala Emprende<\/strong><\/em><\/span><\/p>\n<p>[\/et_pb_text][et_pb_blurb title=\u00bbHackathon TalentUO:  trabajo por equipos y preparaci\u00f3n de exposici\u00f3n\u00bb url_new_window=\u00bbon\u00bb use_icon=\u00bbon\u00bb font_icon=\u00bb&#x5c;||divi||400&#8243; icon_placement=\u00bbleft\u00bb image_icon_width=\u00bb32px\u00bb content_max_width=\u00bb100%\u00bb _builder_version=\u00bb4.18.0&#8243; header_font=\u00bbRoboto|700||on|||||\u00bb header_font_size=\u00bb18px\u00bb header_line_height=\u00bb1.7em\u00bb body_font=\u00bb||||||||\u00bb body_line_height=\u00bb1.8em\u00bb body_ul_font=\u00bb|||on|||||\u00bb background_enable_color=\u00bboff\u00bb module_alignment=\u00bbleft\u00bb custom_padding_last_edited=\u00bboff|desktop\u00bb animation_style=\u00bbzoom\u00bb animation_intensity_zoom=\u00bb8%\u00bb animation=\u00bboff\u00bb link_option_url_new_window=\u00bbon\u00bb icon_font_size=\u00bb32px\u00bb global_colors_info=\u00bb{}\u00bb][\/et_pb_blurb][\/et_pb_column][\/et_pb_row][et_pb_row _builder_version=\u00bb4.18.0&#8243; custom_margin=\u00bb13px|auto|0px|auto|false|false\u00bb custom_padding=\u00bb0px||20px||false|false\u00bb use_custom_width=\u00bbon\u00bb global_colors_info=\u00bb{}\u00bb][et_pb_column type=\u00bb4_4&#8243; _builder_version=\u00bb4.16&#8243; custom_padding=\u00bb|||\u00bb global_colors_info=\u00bb{}\u00bb custom_padding__hover=\u00bb|||\u00bb][et_pb_text _builder_version=\u00bb4.18.0&#8243; _module_preset=\u00bbdefault\u00bb custom_margin=\u00bb||0px||false|false\u00bb custom_padding=\u00bb||0px||false|false\u00bb global_colors_info=\u00bb{}\u00bb]<\/p>\n<p><span><em>Jueves 6 de octubre 11.00 &#8211; 12.00 h.<br \/><strong>Espacio tu marca personal<\/strong><\/em><\/span><\/p>\n<p>[\/et_pb_text][et_pb_blurb title=\u00bbRevisi\u00f3n personalizada de CV por profesionales de Recursos Humanos\u00bb url_new_window=\u00bbon\u00bb use_icon=\u00bbon\u00bb font_icon=\u00bb&#x5c;||divi||400&#8243; icon_placement=\u00bbleft\u00bb image_icon_width=\u00bb32px\u00bb content_max_width=\u00bb100%\u00bb _builder_version=\u00bb4.18.0&#8243; header_font=\u00bbRoboto|700||on|||||\u00bb header_font_size=\u00bb18px\u00bb header_line_height=\u00bb1.7em\u00bb body_font=\u00bb||||||||\u00bb body_line_height=\u00bb1.8em\u00bb body_ul_font=\u00bb|||on|||||\u00bb background_enable_color=\u00bboff\u00bb module_alignment=\u00bbleft\u00bb custom_padding_last_edited=\u00bboff|desktop\u00bb animation_style=\u00bbzoom\u00bb animation_intensity_zoom=\u00bb8%\u00bb animation=\u00bboff\u00bb link_option_url_new_window=\u00bbon\u00bb icon_font_size=\u00bb32px\u00bb global_colors_info=\u00bb{}\u00bb][\/et_pb_blurb][\/et_pb_column][\/et_pb_row][et_pb_row _builder_version=\u00bb4.18.0&#8243; custom_margin=\u00bb13px|auto|0px|auto|false|false\u00bb custom_padding=\u00bb0px||20px||false|false\u00bb use_custom_width=\u00bbon\u00bb global_colors_info=\u00bb{}\u00bb][et_pb_column type=\u00bb4_4&#8243; _builder_version=\u00bb4.16&#8243; custom_padding=\u00bb|||\u00bb global_colors_info=\u00bb{}\u00bb custom_padding__hover=\u00bb|||\u00bb][et_pb_text _builder_version=\u00bb4.18.0&#8243; _module_preset=\u00bbdefault\u00bb custom_margin=\u00bb||0px||false|false\u00bb custom_padding=\u00bb||0px||false|false\u00bb global_colors_info=\u00bb{}\u00bb]<\/p>\n<p><span><em>Jueves 6 de octubre 11.00 &#8211; 12.00 h.<br \/><strong>Espacio tu marca personal<\/strong><\/em><\/span><\/p>\n<p>[\/et_pb_text][et_pb_blurb title=\u00bbRevisi\u00f3n personalizada de perfil de LinkedIn por profesionales de Recursos Humanos\u00bb url_new_window=\u00bbon\u00bb use_icon=\u00bbon\u00bb font_icon=\u00bb&#x5c;||divi||400&#8243; icon_placement=\u00bbleft\u00bb image_icon_width=\u00bb32px\u00bb content_max_width=\u00bb100%\u00bb _builder_version=\u00bb4.18.0&#8243; header_font=\u00bbRoboto|700||on|||||\u00bb header_font_size=\u00bb18px\u00bb header_line_height=\u00bb1.7em\u00bb body_font=\u00bb||||||||\u00bb body_line_height=\u00bb1.8em\u00bb body_ul_font=\u00bb|||on|||||\u00bb background_enable_color=\u00bboff\u00bb module_alignment=\u00bbleft\u00bb custom_padding_last_edited=\u00bboff|desktop\u00bb animation_style=\u00bbzoom\u00bb animation_intensity_zoom=\u00bb8%\u00bb animation=\u00bboff\u00bb link_option_url_new_window=\u00bbon\u00bb icon_font_size=\u00bb32px\u00bb global_colors_info=\u00bb{}\u00bb][\/et_pb_blurb][\/et_pb_column][\/et_pb_row][et_pb_row _builder_version=\u00bb4.18.0&#8243; custom_margin=\u00bb13px|auto|0px|auto|false|false\u00bb custom_padding=\u00bb0px||20px||false|false\u00bb use_custom_width=\u00bbon\u00bb global_colors_info=\u00bb{}\u00bb][et_pb_column type=\u00bb4_4&#8243; _builder_version=\u00bb4.16&#8243; custom_padding=\u00bb|||\u00bb global_colors_info=\u00bb{}\u00bb custom_padding__hover=\u00bb|||\u00bb][et_pb_text _builder_version=\u00bb4.18.0&#8243; text_font=\u00bb||||||||\u00bb text_font_size=\u00bb16px\u00bb text_line_height=\u00bb2em\u00bb ul_font=\u00bb||||||||\u00bb ul_text_color=\u00bb#000000&#8243; ul_line_height=\u00bb2em\u00bb quote_font=\u00bb||||||||\u00bb header_font=\u00bb||||||||\u00bb header_text_color=\u00bb#07867f\u00bb header_2_font=\u00bbRoboto|700|||||||\u00bb header_2_text_color=\u00bb#07867f\u00bb header_2_font_size=\u00bb45px\u00bb header_2_line_height=\u00bb1.2em\u00bb header_3_font=\u00bb|||on|||||\u00bb header_3_text_color=\u00bb#07867f\u00bb header_3_font_size=\u00bb20px\u00bb header_3_letter_spacing=\u00bb4px\u00bb header_3_line_height=\u00bb1.6em\u00bb max_width_tablet=\u00bb\u00bb max_width_phone=\u00bb\u00bb max_width_last_edited=\u00bbon|desktop\u00bb module_alignment=\u00bbcenter\u00bb custom_margin=\u00bb||0px||false|false\u00bb custom_padding=\u00bb||0px||false|false\u00bb header_2_font_size_tablet=\u00bb35px\u00bb header_2_font_size_phone=\u00bb28px\u00bb header_2_font_size_last_edited=\u00bbon|phone\u00bb global_colors_info=\u00bb{}\u00bb]<\/p>\n<h3>Jueves 6 de Octubre 2022<\/h3>\n<p>[\/et_pb_text][et_pb_button button_text=\u00bb12.00 &#8211; 13.00 h\u00bb _builder_version=\u00bb4.18.0&#8243; _module_preset=\u00bbdefault\u00bb global_colors_info=\u00bb{}\u00bb][\/et_pb_button][et_pb_text _builder_version=\u00bb4.18.0&#8243; _module_preset=\u00bbdefault\u00bb custom_margin=\u00bb||0px||false|false\u00bb custom_padding=\u00bb||0px||false|false\u00bb global_colors_info=\u00bb{}\u00bb]<\/p>\n<p><span><em>Jueves 6 de octubre 12.00 &#8211; 13.00 h<br \/><strong>Sala Talent<\/strong><\/em><\/span><\/p>\n<p>[\/et_pb_text][et_pb_blurb title=\u00bbMasterclass INDRA \u201cLos retos de la gesti\u00f3n del tr\u00e1fico a\u00e9reo en Europa en la era post-Covid\u201d\u00bb url_new_window=\u00bbon\u00bb use_icon=\u00bbon\u00bb font_icon=\u00bb&#x5c;||divi||400&#8243; icon_placement=\u00bbleft\u00bb image_icon_width=\u00bb32px\u00bb content_max_width=\u00bb100%\u00bb _builder_version=\u00bb4.18.0&#8243; header_font=\u00bbRoboto|700||on|||||\u00bb header_font_size=\u00bb18px\u00bb header_line_height=\u00bb1.7em\u00bb body_font=\u00bb||||||||\u00bb body_line_height=\u00bb1.8em\u00bb body_ul_font=\u00bb|||on|||||\u00bb background_enable_color=\u00bboff\u00bb module_alignment=\u00bbleft\u00bb custom_padding_last_edited=\u00bboff|desktop\u00bb animation_style=\u00bbzoom\u00bb animation_intensity_zoom=\u00bb8%\u00bb animation=\u00bboff\u00bb link_option_url_new_window=\u00bbon\u00bb icon_font_size=\u00bb32px\u00bb global_colors_info=\u00bb{}\u00bb]<\/p>\n<ul>\n<li><strong> D. Pablo Bernal. <\/strong>Director del \u00c1rea de Ingenier\u00eda de Sistemas y Pruebas ATM. Indra<\/li>\n<li><strong>D. Javier Tuya.<\/strong> Departamento de Inform\u00e1tica. Universidad de Oviedo<\/li>\n<\/ul>\n<p>[\/et_pb_blurb][\/et_pb_column][\/et_pb_row][et_pb_row _builder_version=\u00bb4.18.0&#8243; custom_margin=\u00bb13px|auto|0px|auto|false|false\u00bb custom_padding=\u00bb0px||20px||false|false\u00bb use_custom_width=\u00bbon\u00bb global_colors_info=\u00bb{}\u00bb][et_pb_column type=\u00bb4_4&#8243; _builder_version=\u00bb4.16&#8243; custom_padding=\u00bb|||\u00bb global_colors_info=\u00bb{}\u00bb custom_padding__hover=\u00bb|||\u00bb][et_pb_text _builder_version=\u00bb4.18.0&#8243; _module_preset=\u00bbdefault\u00bb custom_margin=\u00bb||0px||false|false\u00bb custom_padding=\u00bb||0px||false|false\u00bb global_colors_info=\u00bb{}\u00bb]<\/p>\n<p><span><em>Jueves 6 de octubre 12.00 &#8211; 13.00 h<br \/><strong>Sala UO<\/strong><\/em><\/span><\/p>\n<p>[\/et_pb_text][et_pb_blurb title=\u00bbMesa redonda. Crecimiento verde: oportunidades laborales\u00bb url_new_window=\u00bbon\u00bb use_icon=\u00bbon\u00bb font_icon=\u00bb&#x5c;||divi||400&#8243; icon_placement=\u00bbleft\u00bb image_icon_width=\u00bb32px\u00bb content_max_width=\u00bb100%\u00bb _builder_version=\u00bb4.18.0&#8243; header_font=\u00bbRoboto|700||on|||||\u00bb header_font_size=\u00bb18px\u00bb header_line_height=\u00bb1.7em\u00bb body_font=\u00bb||||||||\u00bb body_line_height=\u00bb1.8em\u00bb body_ul_font=\u00bb|||on|||||\u00bb background_enable_color=\u00bboff\u00bb module_alignment=\u00bbleft\u00bb custom_padding_last_edited=\u00bboff|desktop\u00bb animation_style=\u00bbzoom\u00bb animation_intensity_zoom=\u00bb8%\u00bb animation=\u00bboff\u00bb link_option_url_new_window=\u00bbon\u00bb icon_font_size=\u00bb32px\u00bb global_colors_info=\u00bb{}\u00bb]<\/p>\n<ul>\n<li><strong>D.\u00aa ANA FERN\u00c1NDEZ.<\/strong> RESPONSABLE DE CERES-CIRCULAR ECONOMY AND RESOURCES FOR SUSTAINABILITY. ARCELORMITTAL GLOBAL R&amp;D<\/li>\n<li><strong>D.\u00aa Laura Ayala.<\/strong> Employer Branding &amp; Talent Acquisition. EDP Renovables<\/li>\n<li><strong>D.\u00aa Maite \u00c1lvarez.<\/strong> HR Operational Advisor. TKE Norte<\/li>\n<\/ul>\n<p><em>Modera: <strong>D. \u00c1lvaro Rubio. <\/strong>Departamento de Geolog\u00eda. Universidad de Oviedo<\/em>[\/et_pb_blurb][\/et_pb_column][\/et_pb_row][et_pb_row _builder_version=\u00bb4.18.0&#8243; custom_margin=\u00bb13px|auto|0px|auto|false|false\u00bb custom_padding=\u00bb0px||20px||false|false\u00bb use_custom_width=\u00bbon\u00bb global_colors_info=\u00bb{}\u00bb][et_pb_column type=\u00bb4_4&#8243; _builder_version=\u00bb4.16&#8243; custom_padding=\u00bb|||\u00bb global_colors_info=\u00bb{}\u00bb custom_padding__hover=\u00bb|||\u00bb][et_pb_text _builder_version=\u00bb4.18.0&#8243; _module_preset=\u00bbdefault\u00bb custom_margin=\u00bb||0px||false|false\u00bb custom_padding=\u00bb||0px||false|false\u00bb global_colors_info=\u00bb{}\u00bb]<\/p>\n<p><span><em>Jueves 6 de octubre 12.00 &#8211; 13.00 h<br \/><strong>Sala Emprende<\/strong><\/em><\/span><\/p>\n<p>[\/et_pb_text][et_pb_blurb title=\u00bbHackathon TalentUO: Exposiciones y evaluaci\u00f3n del jurado\u00bb url_new_window=\u00bbon\u00bb use_icon=\u00bbon\u00bb font_icon=\u00bb&#x5c;||divi||400&#8243; icon_placement=\u00bbleft\u00bb image_icon_width=\u00bb32px\u00bb content_max_width=\u00bb100%\u00bb _builder_version=\u00bb4.18.0&#8243; header_font=\u00bbRoboto|700||on|||||\u00bb header_font_size=\u00bb18px\u00bb header_line_height=\u00bb1.7em\u00bb body_font=\u00bb||||||||\u00bb body_line_height=\u00bb1.8em\u00bb body_ul_font=\u00bb|||on|||||\u00bb background_enable_color=\u00bboff\u00bb module_alignment=\u00bbleft\u00bb custom_padding_last_edited=\u00bboff|desktop\u00bb animation_style=\u00bbzoom\u00bb animation_intensity_zoom=\u00bb8%\u00bb animation=\u00bboff\u00bb link_option_url_new_window=\u00bbon\u00bb icon_font_size=\u00bb32px\u00bb global_colors_info=\u00bb{}\u00bb]Jurado:<\/p>\n<ul>\n<li><strong>D.\u00aa ANA SU\u00c1REZ.<\/strong> UNIVERSIDAD DE OVIEDO<\/li>\n<li><strong>D.\u00aa B\u00c1RBARA GOG\u00c9NOLA.<\/strong> COLEGIO OFICIAL DE PSIC\u00d3LOGOS DEL PRINCIPADO DE ASTURIAS<\/li>\n<li><strong>D.\u00aa CHARO G\u00d3MEZ.<\/strong> MUJERES DE EMPRESA<\/li>\n<li><strong>D.\u00aa ISABEL HUERGO.<\/strong> ASATA<\/li>\n<li><strong>D. KIKE RIESGO.<\/strong> CLINIC EMPRENDA<\/li>\n<li><strong>D.\u00aa LYDIA ALONSO.<\/strong> CEEI ASTURIAS<\/li>\n<li><strong>D. MANUEL GONZ\u00c1LEZ.<\/strong> C\u00c1TEDRA DE EMPRENDIMIENTO UNIVERSIDAD DE OVIEDO-CAJA RURAL<\/li>\n<li><strong>D. PAU GIMENO.<\/strong> RICHIE ENTREPRENEURS (ONLINE)<\/li>\n<li><strong>D.\u00aa ZAFIRA CASTA\u00d1O.<\/strong> PRESIDENTA. IMFAHE (ONLINE)<\/li>\n<\/ul>\n<p>[\/et_pb_blurb][\/et_pb_column][\/et_pb_row][et_pb_row _builder_version=\u00bb4.18.0&#8243; custom_margin=\u00bb13px|auto|0px|auto|false|false\u00bb custom_padding=\u00bb0px||20px||false|false\u00bb use_custom_width=\u00bbon\u00bb global_colors_info=\u00bb{}\u00bb][et_pb_column type=\u00bb4_4&#8243; _builder_version=\u00bb4.16&#8243; custom_padding=\u00bb|||\u00bb global_colors_info=\u00bb{}\u00bb custom_padding__hover=\u00bb|||\u00bb][et_pb_text _builder_version=\u00bb4.18.0&#8243; text_font=\u00bb||||||||\u00bb text_font_size=\u00bb16px\u00bb text_line_height=\u00bb2em\u00bb ul_font=\u00bb||||||||\u00bb ul_text_color=\u00bb#000000&#8243; ul_line_height=\u00bb2em\u00bb quote_font=\u00bb||||||||\u00bb header_font=\u00bb||||||||\u00bb header_text_color=\u00bb#07867f\u00bb header_2_font=\u00bbRoboto|700|||||||\u00bb header_2_text_color=\u00bb#07867f\u00bb header_2_font_size=\u00bb45px\u00bb header_2_line_height=\u00bb1.2em\u00bb header_3_font=\u00bb|||on|||||\u00bb header_3_text_color=\u00bb#07867f\u00bb header_3_font_size=\u00bb20px\u00bb header_3_letter_spacing=\u00bb4px\u00bb header_3_line_height=\u00bb1.6em\u00bb max_width_tablet=\u00bb\u00bb max_width_phone=\u00bb\u00bb max_width_last_edited=\u00bbon|desktop\u00bb module_alignment=\u00bbcenter\u00bb custom_margin=\u00bb||0px||false|false\u00bb custom_padding=\u00bb||0px||false|false\u00bb header_2_font_size_tablet=\u00bb35px\u00bb header_2_font_size_phone=\u00bb28px\u00bb header_2_font_size_last_edited=\u00bbon|phone\u00bb global_colors_info=\u00bb{}\u00bb]<\/p>\n<h3>Jueves 6 de Octubre 2022<\/h3>\n<p>[\/et_pb_text][et_pb_button button_text=\u00bb13.00 &#8211; 14.00 h\u00bb _builder_version=\u00bb4.18.0&#8243; _module_preset=\u00bbdefault\u00bb global_colors_info=\u00bb{}\u00bb][\/et_pb_button][et_pb_text _builder_version=\u00bb4.18.0&#8243; _module_preset=\u00bbdefault\u00bb custom_margin=\u00bb||0px||false|false\u00bb custom_padding=\u00bb||0px||false|false\u00bb global_colors_info=\u00bb{}\u00bb]<\/p>\n<p><span><em>Jueves 6 de octubre 13.00 &#8211; 14.00 h<br \/><strong>Sala Talent<\/strong><\/em><\/span><\/p>\n<p>[\/et_pb_text][et_pb_blurb title=\u00bbTaller \u201cC\u00f3mo afrontar una entrevista de trabajo\u201d\u00bb url_new_window=\u00bbon\u00bb use_icon=\u00bbon\u00bb font_icon=\u00bb&#x5c;||divi||400&#8243; icon_placement=\u00bbleft\u00bb image_icon_width=\u00bb32px\u00bb content_max_width=\u00bb100%\u00bb _builder_version=\u00bb4.18.0&#8243; header_font=\u00bbRoboto|700||on|||||\u00bb header_font_size=\u00bb18px\u00bb header_line_height=\u00bb1.7em\u00bb body_font=\u00bb||||||||\u00bb body_line_height=\u00bb1.8em\u00bb body_ul_font=\u00bb|||on|||||\u00bb background_enable_color=\u00bboff\u00bb module_alignment=\u00bbleft\u00bb custom_padding_last_edited=\u00bboff|desktop\u00bb animation_style=\u00bbzoom\u00bb animation_intensity_zoom=\u00bb8%\u00bb animation=\u00bboff\u00bb link_option_url_new_window=\u00bbon\u00bb icon_font_size=\u00bb32px\u00bb global_colors_info=\u00bb{}\u00bb]<\/p>\n<ul>\n<li><strong>D. Guillermo D\u00edaz.<\/strong> SECOT Asturias<\/li>\n<li><strong>D. Fernando L\u00f3pez.<\/strong> SECOT Asturias<\/li>\n<\/ul>\n<p>[\/et_pb_blurb][\/et_pb_column][\/et_pb_row][et_pb_row _builder_version=\u00bb4.18.0&#8243; custom_margin=\u00bb13px|auto|0px|auto|false|false\u00bb custom_padding=\u00bb0px||20px||false|false\u00bb use_custom_width=\u00bbon\u00bb global_colors_info=\u00bb{}\u00bb][et_pb_column type=\u00bb4_4&#8243; _builder_version=\u00bb4.16&#8243; custom_padding=\u00bb|||\u00bb global_colors_info=\u00bb{}\u00bb custom_padding__hover=\u00bb|||\u00bb][et_pb_text _builder_version=\u00bb4.18.0&#8243; _module_preset=\u00bbdefault\u00bb custom_margin=\u00bb||0px||false|false\u00bb custom_padding=\u00bb||0px||false|false\u00bb global_colors_info=\u00bb{}\u00bb]<\/p>\n<p><span><em>Jueves 6 de octubre 13.00 &#8211; 14.00 h<br \/><strong>Sala UO<\/strong><\/em><\/span><\/p>\n<p>[\/et_pb_text][et_pb_blurb title=\u00bbMasterclass EDP ESPA\u00d1A \u201cEl hidr\u00f3geno verde: energ\u00eda clave en la transici\u00f3n energ\u00e9tica\u201d\u00bb url_new_window=\u00bbon\u00bb use_icon=\u00bbon\u00bb font_icon=\u00bb&#x5c;||divi||400&#8243; icon_placement=\u00bbleft\u00bb image_icon_width=\u00bb32px\u00bb content_max_width=\u00bb100%\u00bb _builder_version=\u00bb4.18.0&#8243; header_font=\u00bbRoboto|700||on|||||\u00bb header_font_size=\u00bb18px\u00bb header_line_height=\u00bb1.7em\u00bb body_font=\u00bb||||||||\u00bb body_line_height=\u00bb1.8em\u00bb body_ul_font=\u00bb|||on|||||\u00bb background_enable_color=\u00bboff\u00bb module_alignment=\u00bbleft\u00bb custom_padding_last_edited=\u00bboff|desktop\u00bb animation_style=\u00bbzoom\u00bb animation_intensity_zoom=\u00bb8%\u00bb animation=\u00bboff\u00bb link_option_url_new_window=\u00bbon\u00bb icon_font_size=\u00bb32px\u00bb global_colors_info=\u00bb{}\u00bb]<\/p>\n<ul>\n<li><strong> D. Javier Izquierdo. <\/strong>Project Dev &amp; Execution (Focus Spain). EDP Espa\u00f1a<\/li>\n<li><strong>D.\u00aa In\u00e9s Su\u00e1rez.<\/strong> Departamento de Energ\u00eda. Universidad de Oviedo<\/li>\n<li><strong>D. Jorge Parrondo.<\/strong> Departamento de Energ\u00eda. Universidad de Oviedo<\/li>\n<li><strong>D. Jos\u00e9 D\u00edaz.<\/strong> Departamento de Energ\u00eda. Universidad de Oviedo<\/li>\n<\/ul>\n<p>[\/et_pb_blurb][\/et_pb_column][\/et_pb_row][et_pb_row _builder_version=\u00bb4.18.0&#8243; custom_margin=\u00bb13px|auto|0px|auto|false|false\u00bb custom_padding=\u00bb0px||20px||false|false\u00bb use_custom_width=\u00bbon\u00bb global_colors_info=\u00bb{}\u00bb][et_pb_column type=\u00bb4_4&#8243; _builder_version=\u00bb4.16&#8243; custom_padding=\u00bb|||\u00bb global_colors_info=\u00bb{}\u00bb custom_padding__hover=\u00bb|||\u00bb][et_pb_text _builder_version=\u00bb4.18.0&#8243; _module_preset=\u00bbdefault\u00bb custom_margin=\u00bb||0px||false|false\u00bb custom_padding=\u00bb||0px||false|false\u00bb global_colors_info=\u00bb{}\u00bb]<\/p>\n<p><span><em>Jueves 6 de octubre 13.00 &#8211; 14.00 h<br \/><strong>Interview Lab<\/strong><\/em><\/span><\/p>\n<p>[\/et_pb_text][et_pb_blurb title=\u00bbSpeed job dating de reclutamiento\u00bb url_new_window=\u00bbon\u00bb use_icon=\u00bbon\u00bb font_icon=\u00bb&#x5c;||divi||400&#8243; icon_placement=\u00bbleft\u00bb image_icon_width=\u00bb32px\u00bb content_max_width=\u00bb100%\u00bb _builder_version=\u00bb4.18.0&#8243; header_font=\u00bbRoboto|700||on|||||\u00bb header_font_size=\u00bb18px\u00bb header_line_height=\u00bb1.7em\u00bb body_font=\u00bb||||||||\u00bb body_line_height=\u00bb1.8em\u00bb body_ul_font=\u00bb|||on|||||\u00bb background_enable_color=\u00bboff\u00bb module_alignment=\u00bbleft\u00bb custom_padding_last_edited=\u00bboff|desktop\u00bb animation_style=\u00bbzoom\u00bb animation_intensity_zoom=\u00bb8%\u00bb animation=\u00bboff\u00bb link_option_url_new_window=\u00bbon\u00bb icon_font_size=\u00bb32px\u00bb global_colors_info=\u00bb{}\u00bb][\/et_pb_blurb][\/et_pb_column][\/et_pb_row][et_pb_row _builder_version=\u00bb4.18.0&#8243; custom_margin=\u00bb13px|auto|0px|auto|false|false\u00bb custom_padding=\u00bb0px||20px||false|false\u00bb use_custom_width=\u00bbon\u00bb global_colors_info=\u00bb{}\u00bb][et_pb_column type=\u00bb4_4&#8243; _builder_version=\u00bb4.16&#8243; custom_padding=\u00bb|||\u00bb global_colors_info=\u00bb{}\u00bb custom_padding__hover=\u00bb|||\u00bb][et_pb_text _builder_version=\u00bb4.18.0&#8243; _module_preset=\u00bbdefault\u00bb custom_margin=\u00bb||0px||false|false\u00bb custom_padding=\u00bb||0px||false|false\u00bb global_colors_info=\u00bb{}\u00bb]<\/p>\n<p><span><em>Jueves 6 de octubre 13.00 &#8211; 14.00 h<br \/><strong>Sala Emprende<\/strong><\/em><\/span><\/p>\n<p>[\/et_pb_text][et_pb_blurb title=\u00bbHackathon TalentUO: Entrega de premios\u00bb url_new_window=\u00bbon\u00bb use_icon=\u00bbon\u00bb font_icon=\u00bb&#x5c;||divi||400&#8243; icon_placement=\u00bbleft\u00bb image_icon_width=\u00bb32px\u00bb content_max_width=\u00bb100%\u00bb _builder_version=\u00bb4.18.0&#8243; header_font=\u00bbRoboto|700||on|||||\u00bb header_font_size=\u00bb18px\u00bb header_line_height=\u00bb1.7em\u00bb body_font=\u00bb||||||||\u00bb body_line_height=\u00bb1.8em\u00bb body_ul_font=\u00bb|||on|||||\u00bb background_enable_color=\u00bboff\u00bb module_alignment=\u00bbleft\u00bb custom_padding_last_edited=\u00bboff|desktop\u00bb animation_style=\u00bbzoom\u00bb animation_intensity_zoom=\u00bb8%\u00bb animation=\u00bboff\u00bb link_option_url_new_window=\u00bbon\u00bb icon_font_size=\u00bb32px\u00bb global_colors_info=\u00bb{}\u00bb]<\/p>\n<p>Entrega. <strong>D. Arturo Vega.<\/strong> Banco Sabadell<\/p>\n<p>[\/et_pb_blurb][\/et_pb_column][\/et_pb_row][\/et_pb_section][et_pb_section fb_built=\u00bb1&#8243; admin_label=\u00bbSection\u00bb module_id=\u00bbPrograma completo\u00bb _builder_version=\u00bb4.18.0&#8243; _module_preset=\u00bbdefault\u00bb background_color=\u00bb#f2f2f2&#8243; custom_padding=\u00bb30px|||||\u00bb da_popup_slug=\u00bbPrograma-completo\u00bb da_disable_devices=\u00bboff|off|off\u00bb box_shadow_style=\u00bbpreset3&#8243; global_colors_info=\u00bb{}\u00bb da_is_popup=\u00bboff\u00bb da_exit_intent=\u00bboff\u00bb da_has_close=\u00bbon\u00bb da_alt_close=\u00bboff\u00bb da_dark_close=\u00bboff\u00bb da_not_modal=\u00bbon\u00bb da_is_singular=\u00bboff\u00bb da_with_loader=\u00bboff\u00bb da_has_shadow=\u00bbon\u00bb][et_pb_row _builder_version=\u00bb4.18.0&#8243; custom_margin=\u00bb13px|auto|0px|auto|false|false\u00bb custom_padding=\u00bb0px||20px||false|false\u00bb use_custom_width=\u00bbon\u00bb global_colors_info=\u00bb{}\u00bb][et_pb_column type=\u00bb4_4&#8243; _builder_version=\u00bb4.16&#8243; custom_padding=\u00bb|||\u00bb global_colors_info=\u00bb{}\u00bb custom_padding__hover=\u00bb|||\u00bb][et_pb_text _builder_version=\u00bb4.18.0&#8243; text_font=\u00bb||||||||\u00bb text_font_size=\u00bb16px\u00bb text_line_height=\u00bb2em\u00bb ul_font=\u00bb||||||||\u00bb ul_text_color=\u00bb#000000&#8243; ul_line_height=\u00bb2em\u00bb quote_font=\u00bb||||||||\u00bb header_font=\u00bb||||||||\u00bb header_text_color=\u00bb#07867f\u00bb header_2_font=\u00bbRoboto|700|||||||\u00bb header_2_text_color=\u00bb#07867f\u00bb header_2_font_size=\u00bb45px\u00bb header_2_line_height=\u00bb1.2em\u00bb header_3_font=\u00bb|||on|||||\u00bb header_3_text_color=\u00bb#07867f\u00bb header_3_font_size=\u00bb20px\u00bb header_3_letter_spacing=\u00bb4px\u00bb header_3_line_height=\u00bb1.6em\u00bb max_width_tablet=\u00bb\u00bb max_width_phone=\u00bb\u00bb max_width_last_edited=\u00bbon|desktop\u00bb module_alignment=\u00bbcenter\u00bb custom_margin=\u00bb||0px||false|false\u00bb custom_padding=\u00bb||0px||false|false\u00bb header_2_font_size_tablet=\u00bb35px\u00bb header_2_font_size_phone=\u00bb28px\u00bb header_2_font_size_last_edited=\u00bbon|phone\u00bb global_colors_info=\u00bb{}\u00bb]<\/p>\n<h3>Jueves 6 de Octubre 2022<\/h3>\n<p>[\/et_pb_text][et_pb_button button_text=\u00bb16.00 &#8211; 17.00 h\u00bb _builder_version=\u00bb4.18.0&#8243; _module_preset=\u00bbdefault\u00bb global_colors_info=\u00bb{}\u00bb][\/et_pb_button][et_pb_text _builder_version=\u00bb4.18.0&#8243; _module_preset=\u00bbdefault\u00bb custom_margin=\u00bb||0px||false|false\u00bb custom_padding=\u00bb||0px||false|false\u00bb global_colors_info=\u00bb{}\u00bb]<\/p>\n<p><span><em>Jueves 6 de octubre 16.00 &#8211; 17.00 h<br \/><strong>Sala Talent<\/strong><\/em><\/span><\/p>\n<p>[\/et_pb_text][et_pb_blurb title=\u00bbMasterclass CORTEVA \u201cOptimizaci\u00f3n de procesos qu\u00edmicos: una historia real de \u00e9xito\u201d\u00bb url_new_window=\u00bbon\u00bb use_icon=\u00bbon\u00bb font_icon=\u00bb&#x5c;||divi||400&#8243; icon_placement=\u00bbleft\u00bb image_icon_width=\u00bb32px\u00bb content_max_width=\u00bb100%\u00bb _builder_version=\u00bb4.18.0&#8243; header_font=\u00bbRoboto|700||on|||||\u00bb header_font_size=\u00bb18px\u00bb header_line_height=\u00bb1.7em\u00bb body_font=\u00bb||||||||\u00bb body_line_height=\u00bb1.8em\u00bb body_ul_font=\u00bb|||on|||||\u00bb background_enable_color=\u00bboff\u00bb module_alignment=\u00bbleft\u00bb custom_padding_last_edited=\u00bboff|desktop\u00bb animation_style=\u00bbzoom\u00bb animation_intensity_zoom=\u00bb8%\u00bb animation=\u00bboff\u00bb link_option_url_new_window=\u00bbon\u00bb icon_font_size=\u00bb32px\u00bb global_colors_info=\u00bb{}\u00bb]<\/p>\n<ul>\n<li><strong>D.\u00aa Marina \u00c1lvarez.<\/strong> L\u00edder de Operaciones de Producci\u00f3n. Corteva Agriscience<\/li>\n<li><strong>D.\u00aa Paula Gay.<\/strong> Ingeniera de Procesos. Corteva Agriscience<\/li>\n<li><strong>D.\u00aa Susana Luque.<\/strong> Departamento de Ingenier\u00eda Qu\u00edmica y Tecnolog\u00eda del Medio Ambiente. Universidad de Oviedo<\/li>\n<\/ul>\n<p>[\/et_pb_blurb][\/et_pb_column][\/et_pb_row][et_pb_row _builder_version=\u00bb4.18.0&#8243; custom_margin=\u00bb13px|auto|0px|auto|false|false\u00bb custom_padding=\u00bb0px||20px||false|false\u00bb use_custom_width=\u00bbon\u00bb global_colors_info=\u00bb{}\u00bb][et_pb_column type=\u00bb4_4&#8243; _builder_version=\u00bb4.16&#8243; custom_padding=\u00bb|||\u00bb global_colors_info=\u00bb{}\u00bb custom_padding__hover=\u00bb|||\u00bb][et_pb_text _builder_version=\u00bb4.18.0&#8243; _module_preset=\u00bbdefault\u00bb custom_margin=\u00bb||0px||false|false\u00bb custom_padding=\u00bb||0px||false|false\u00bb global_colors_info=\u00bb{}\u00bb]<\/p>\n<p><span><em>Jueves 6 de octubre 16.00 &#8211; 17.00 h<br \/><strong>Sala UO<\/strong><\/em><\/span><\/p>\n<p>[\/et_pb_text][et_pb_blurb title=\u00bbMASTERCLASS CAPGEMINI \u201cARQUITECTURA DE MICROSERVICIOS\u201d\u00bb url_new_window=\u00bbon\u00bb use_icon=\u00bbon\u00bb font_icon=\u00bb&#x5c;||divi||400&#8243; icon_placement=\u00bbleft\u00bb image_icon_width=\u00bb32px\u00bb content_max_width=\u00bb100%\u00bb _builder_version=\u00bb4.18.0&#8243; header_font=\u00bbRoboto|700||on|||||\u00bb header_font_size=\u00bb18px\u00bb header_line_height=\u00bb1.7em\u00bb body_font=\u00bb||||||||\u00bb body_line_height=\u00bb1.8em\u00bb body_ul_font=\u00bb|||on|||||\u00bb background_enable_color=\u00bboff\u00bb module_alignment=\u00bbleft\u00bb custom_padding_last_edited=\u00bboff|desktop\u00bb animation_style=\u00bbzoom\u00bb animation_intensity_zoom=\u00bb8%\u00bb animation=\u00bboff\u00bb link_option_url_new_window=\u00bbon\u00bb icon_font_size=\u00bb32px\u00bb global_colors_info=\u00bb{}\u00bb]<\/p>\n<ul>\n<li><strong>D. LUIS CRIST\u00d3BAL SAIZ.<\/strong> SENIOR SOFTWARE ENGINEER. CAPGEMINI<\/li>\n<li><strong>D. BENJAMIN L\u00d3PEZ.<\/strong> DEPARTAMENTO DE INFORM\u00c1TICA. UNIVERSIDAD DE OVIEDO<\/li>\n<\/ul>\n<p>[\/et_pb_blurb][\/et_pb_column][\/et_pb_row][et_pb_row _builder_version=\u00bb4.18.0&#8243; custom_margin=\u00bb13px|auto|0px|auto|false|false\u00bb custom_padding=\u00bb0px||20px||false|false\u00bb use_custom_width=\u00bbon\u00bb global_colors_info=\u00bb{}\u00bb][et_pb_column type=\u00bb4_4&#8243; _builder_version=\u00bb4.16&#8243; custom_padding=\u00bb|||\u00bb global_colors_info=\u00bb{}\u00bb custom_padding__hover=\u00bb|||\u00bb][et_pb_text _builder_version=\u00bb4.18.0&#8243; _module_preset=\u00bbdefault\u00bb custom_margin=\u00bb||0px||false|false\u00bb custom_padding=\u00bb||0px||false|false\u00bb global_colors_info=\u00bb{}\u00bb]<\/p>\n<p><span><em>Jueves 6 de octubre 16.00 &#8211; 17.00 h<br \/><strong>Espacio tu marca personal<\/strong><\/em><\/span><\/p>\n<p>[\/et_pb_text][et_pb_blurb title=\u00bbRevisi\u00f3n personalizada de CV por profesionales de Recursos Humanos\u00bb url_new_window=\u00bbon\u00bb use_icon=\u00bbon\u00bb font_icon=\u00bb&#x5c;||divi||400&#8243; icon_placement=\u00bbleft\u00bb image_icon_width=\u00bb32px\u00bb content_max_width=\u00bb100%\u00bb _builder_version=\u00bb4.18.0&#8243; header_font=\u00bbRoboto|700||on|||||\u00bb header_font_size=\u00bb18px\u00bb header_line_height=\u00bb1.7em\u00bb body_font=\u00bb||||||||\u00bb body_line_height=\u00bb1.8em\u00bb body_ul_font=\u00bb|||on|||||\u00bb background_enable_color=\u00bboff\u00bb module_alignment=\u00bbleft\u00bb custom_padding_last_edited=\u00bboff|desktop\u00bb animation_style=\u00bbzoom\u00bb animation_intensity_zoom=\u00bb8%\u00bb animation=\u00bboff\u00bb link_option_url_new_window=\u00bbon\u00bb icon_font_size=\u00bb32px\u00bb global_colors_info=\u00bb{}\u00bb][\/et_pb_blurb][\/et_pb_column][\/et_pb_row][et_pb_row _builder_version=\u00bb4.18.0&#8243; custom_margin=\u00bb13px|auto|0px|auto|false|false\u00bb custom_padding=\u00bb0px||20px||false|false\u00bb use_custom_width=\u00bbon\u00bb global_colors_info=\u00bb{}\u00bb][et_pb_column type=\u00bb4_4&#8243; _builder_version=\u00bb4.16&#8243; custom_padding=\u00bb|||\u00bb global_colors_info=\u00bb{}\u00bb custom_padding__hover=\u00bb|||\u00bb][et_pb_text _builder_version=\u00bb4.18.0&#8243; _module_preset=\u00bbdefault\u00bb custom_margin=\u00bb||0px||false|false\u00bb custom_padding=\u00bb||0px||false|false\u00bb global_colors_info=\u00bb{}\u00bb]<\/p>\n<p><span><em>Jueves 6 de octubre 16.00 &#8211; 17.00 h<br \/><strong>Espacio tu marca personal<\/strong><\/em><\/span><\/p>\n<p>[\/et_pb_text][et_pb_blurb title=\u00bbRevisi\u00f3n personalizada de perfil de LinkedIn por profesionales de Recursos Humanos\u00bb url_new_window=\u00bbon\u00bb use_icon=\u00bbon\u00bb font_icon=\u00bb&#x5c;||divi||400&#8243; icon_placement=\u00bbleft\u00bb image_icon_width=\u00bb32px\u00bb content_max_width=\u00bb100%\u00bb _builder_version=\u00bb4.18.0&#8243; header_font=\u00bbRoboto|700||on|||||\u00bb header_font_size=\u00bb18px\u00bb header_line_height=\u00bb1.7em\u00bb body_font=\u00bb||||||||\u00bb body_line_height=\u00bb1.8em\u00bb body_ul_font=\u00bb|||on|||||\u00bb background_enable_color=\u00bboff\u00bb module_alignment=\u00bbleft\u00bb custom_padding_last_edited=\u00bboff|desktop\u00bb animation_style=\u00bbzoom\u00bb animation_intensity_zoom=\u00bb8%\u00bb animation=\u00bboff\u00bb link_option_url_new_window=\u00bbon\u00bb icon_font_size=\u00bb32px\u00bb global_colors_info=\u00bb{}\u00bb][\/et_pb_blurb][\/et_pb_column][\/et_pb_row][\/et_pb_section][et_pb_section fb_built=\u00bb1&#8243; admin_label=\u00bbSection\u00bb module_id=\u00bbPrograma completo\u00bb _builder_version=\u00bb4.18.0&#8243; _module_preset=\u00bbdefault\u00bb background_color=\u00bb#f2f2f2&#8243; custom_padding=\u00bb30px|||||\u00bb da_popup_slug=\u00bbPrograma-completo\u00bb da_disable_devices=\u00bboff|off|off\u00bb box_shadow_style=\u00bbpreset3&#8243; global_colors_info=\u00bb{}\u00bb da_is_popup=\u00bboff\u00bb da_exit_intent=\u00bboff\u00bb da_has_close=\u00bbon\u00bb da_alt_close=\u00bboff\u00bb da_dark_close=\u00bboff\u00bb da_not_modal=\u00bbon\u00bb da_is_singular=\u00bboff\u00bb da_with_loader=\u00bboff\u00bb da_has_shadow=\u00bbon\u00bb][et_pb_row _builder_version=\u00bb4.18.0&#8243; custom_margin=\u00bb13px|auto|0px|auto|false|false\u00bb custom_padding=\u00bb0px||20px||false|false\u00bb use_custom_width=\u00bbon\u00bb global_colors_info=\u00bb{}\u00bb][et_pb_column type=\u00bb4_4&#8243; _builder_version=\u00bb4.16&#8243; custom_padding=\u00bb|||\u00bb global_colors_info=\u00bb{}\u00bb custom_padding__hover=\u00bb|||\u00bb][et_pb_text _builder_version=\u00bb4.18.0&#8243; text_font=\u00bb||||||||\u00bb text_font_size=\u00bb16px\u00bb text_line_height=\u00bb2em\u00bb ul_font=\u00bb||||||||\u00bb ul_text_color=\u00bb#000000&#8243; ul_line_height=\u00bb2em\u00bb quote_font=\u00bb||||||||\u00bb header_font=\u00bb||||||||\u00bb header_text_color=\u00bb#07867f\u00bb header_2_font=\u00bbRoboto|700|||||||\u00bb header_2_text_color=\u00bb#07867f\u00bb header_2_font_size=\u00bb45px\u00bb header_2_line_height=\u00bb1.2em\u00bb header_3_font=\u00bb|||on|||||\u00bb header_3_text_color=\u00bb#07867f\u00bb header_3_font_size=\u00bb20px\u00bb header_3_letter_spacing=\u00bb4px\u00bb header_3_line_height=\u00bb1.6em\u00bb max_width_tablet=\u00bb\u00bb max_width_phone=\u00bb\u00bb max_width_last_edited=\u00bbon|desktop\u00bb module_alignment=\u00bbcenter\u00bb custom_margin=\u00bb||0px||false|false\u00bb custom_padding=\u00bb||0px||false|false\u00bb header_2_font_size_tablet=\u00bb35px\u00bb header_2_font_size_phone=\u00bb28px\u00bb header_2_font_size_last_edited=\u00bbon|phone\u00bb global_colors_info=\u00bb{}\u00bb]<\/p>\n<h3>Jueves 6 de Octubre 2022<\/h3>\n<p>[\/et_pb_text][et_pb_button button_text=\u00bb17.00 &#8211; 18.00 h\u00bb _builder_version=\u00bb4.18.0&#8243; _module_preset=\u00bbdefault\u00bb global_colors_info=\u00bb{}\u00bb][\/et_pb_button][et_pb_text _builder_version=\u00bb4.18.0&#8243; _module_preset=\u00bbdefault\u00bb custom_margin=\u00bb||0px||false|false\u00bb custom_padding=\u00bb||0px||false|false\u00bb global_colors_info=\u00bb{}\u00bb]<\/p>\n<p><span><em>Jueves 6 de octubre 17.00 &#8211; 18.00 h<br \/><strong>Sala Talent<\/strong><\/em><\/span><\/p>\n<p>[\/et_pb_text][et_pb_blurb title=\u00bbMasterclass INSERTA EMPLEO \u201cParticipa en m\u00e1s procesos de selecci\u00f3n haciendo tu CV accesible\u201d\u00bb url_new_window=\u00bbon\u00bb use_icon=\u00bbon\u00bb font_icon=\u00bb&#x5c;||divi||400&#8243; icon_placement=\u00bbleft\u00bb image_icon_width=\u00bb32px\u00bb content_max_width=\u00bb100%\u00bb _builder_version=\u00bb4.18.0&#8243; header_font=\u00bbRoboto|700||on|||||\u00bb header_font_size=\u00bb18px\u00bb header_line_height=\u00bb1.7em\u00bb body_font=\u00bb||||||||\u00bb body_line_height=\u00bb1.8em\u00bb body_ul_font=\u00bb|||on|||||\u00bb background_enable_color=\u00bboff\u00bb module_alignment=\u00bbleft\u00bb custom_padding_last_edited=\u00bboff|desktop\u00bb animation_style=\u00bbzoom\u00bb animation_intensity_zoom=\u00bb8%\u00bb animation=\u00bboff\u00bb link_option_url_new_window=\u00bbon\u00bb icon_font_size=\u00bb32px\u00bb global_colors_info=\u00bb{}\u00bb]<\/p>\n<ul>\n<li><strong>D. Marcelino Gonzalez.<\/strong> Mentor y Dinamizador de Emprendimiento. Inserta Empleo Asturias<\/li>\n<li><strong>D. Ramiro Mart\u00eds.<\/strong> Departamento de Ciencias de la Educaci\u00f3n. Universidad de Oviedo<\/li>\n<li><strong>D. Joaqu\u00edn Lorenzo.<\/strong> Departamento de Ciencias de la Educaci\u00f3n. Universidad de Oviedo<\/li>\n<\/ul>\n<p>[\/et_pb_blurb][\/et_pb_column][\/et_pb_row][et_pb_row _builder_version=\u00bb4.18.0&#8243; custom_margin=\u00bb13px|auto|0px|auto|false|false\u00bb custom_padding=\u00bb0px||20px||false|false\u00bb use_custom_width=\u00bbon\u00bb global_colors_info=\u00bb{}\u00bb][et_pb_column type=\u00bb4_4&#8243; _builder_version=\u00bb4.16&#8243; custom_padding=\u00bb|||\u00bb global_colors_info=\u00bb{}\u00bb custom_padding__hover=\u00bb|||\u00bb][et_pb_text _builder_version=\u00bb4.18.0&#8243; _module_preset=\u00bbdefault\u00bb custom_margin=\u00bb||0px||false|false\u00bb custom_padding=\u00bb||0px||false|false\u00bb global_colors_info=\u00bb{}\u00bb]<\/p>\n<p><span><em>Jueves 6 de octubre 17.00 &#8211; 18.00 h<br \/><strong>Sala Emprende<\/strong><\/em><\/span><\/p>\n<p>[\/et_pb_text][et_pb_blurb title=\u00bbMASTERCLASS EBROKER \u201cDEVSECOPS Y EL DESARROLLO SEGURO DE APLICACIONES\u201d\u00bb url_new_window=\u00bbon\u00bb use_icon=\u00bbon\u00bb font_icon=\u00bb&#x5c;||divi||400&#8243; icon_placement=\u00bbleft\u00bb image_icon_width=\u00bb32px\u00bb content_max_width=\u00bb100%\u00bb _builder_version=\u00bb4.18.0&#8243; header_font=\u00bbRoboto|700||on|||||\u00bb header_font_size=\u00bb18px\u00bb header_line_height=\u00bb1.7em\u00bb body_font=\u00bb||||||||\u00bb body_line_height=\u00bb1.8em\u00bb body_ul_font=\u00bb|||on|||||\u00bb background_enable_color=\u00bboff\u00bb module_alignment=\u00bbleft\u00bb custom_padding_last_edited=\u00bboff|desktop\u00bb animation_style=\u00bbzoom\u00bb animation_intensity_zoom=\u00bb8%\u00bb animation=\u00bboff\u00bb link_option_url_new_window=\u00bbon\u00bb icon_font_size=\u00bb32px\u00bb global_colors_info=\u00bb{}\u00bb]<\/p>\n<ul>\n<li><strong>D. SA\u00daL GONZ\u00c1LEZ.<\/strong> CTO. EBROKER<\/li>\n<li><strong>D. JOSE RAM\u00d3N QUEVEDO.<\/strong> DEPARTAMENTO DE INFORM\u00c1TICA. UNIVERSIDAD DE OVIEDO<\/li>\n<\/ul>\n<p>[\/et_pb_blurb][\/et_pb_column][\/et_pb_row][et_pb_row _builder_version=\u00bb4.18.0&#8243; custom_margin=\u00bb13px|auto|0px|auto|false|false\u00bb custom_padding=\u00bb0px||20px||false|false\u00bb use_custom_width=\u00bbon\u00bb global_colors_info=\u00bb{}\u00bb][et_pb_column type=\u00bb4_4&#8243; _builder_version=\u00bb4.16&#8243; custom_padding=\u00bb|||\u00bb global_colors_info=\u00bb{}\u00bb custom_padding__hover=\u00bb|||\u00bb][et_pb_text _builder_version=\u00bb4.18.0&#8243; _module_preset=\u00bbdefault\u00bb custom_margin=\u00bb||0px||false|false\u00bb custom_padding=\u00bb||0px||false|false\u00bb global_colors_info=\u00bb{}\u00bb]<\/p>\n<p><span><em>Jueves 6 de octubre 17.00 &#8211; 18.00 h<br \/><strong>Espacio tu marca personal<\/strong><\/em><\/span><\/p>\n<p>[\/et_pb_text][et_pb_blurb title=\u00bbRevisi\u00f3n personalizada de CV por profesionales de Recursos Humanos\u00bb url_new_window=\u00bbon\u00bb use_icon=\u00bbon\u00bb font_icon=\u00bb&#x5c;||divi||400&#8243; icon_placement=\u00bbleft\u00bb image_icon_width=\u00bb32px\u00bb content_max_width=\u00bb100%\u00bb _builder_version=\u00bb4.18.0&#8243; header_font=\u00bbRoboto|700||on|||||\u00bb header_font_size=\u00bb18px\u00bb header_line_height=\u00bb1.7em\u00bb body_font=\u00bb||||||||\u00bb body_line_height=\u00bb1.8em\u00bb body_ul_font=\u00bb|||on|||||\u00bb background_enable_color=\u00bboff\u00bb module_alignment=\u00bbleft\u00bb custom_padding_last_edited=\u00bboff|desktop\u00bb animation_style=\u00bbzoom\u00bb animation_intensity_zoom=\u00bb8%\u00bb animation=\u00bboff\u00bb link_option_url_new_window=\u00bbon\u00bb icon_font_size=\u00bb32px\u00bb global_colors_info=\u00bb{}\u00bb][\/et_pb_blurb][\/et_pb_column][\/et_pb_row][et_pb_row _builder_version=\u00bb4.18.0&#8243; custom_margin=\u00bb13px|auto|0px|auto|false|false\u00bb custom_padding=\u00bb0px||20px||false|false\u00bb use_custom_width=\u00bbon\u00bb global_colors_info=\u00bb{}\u00bb][et_pb_column type=\u00bb4_4&#8243; _builder_version=\u00bb4.16&#8243; custom_padding=\u00bb|||\u00bb global_colors_info=\u00bb{}\u00bb custom_padding__hover=\u00bb|||\u00bb][et_pb_text _builder_version=\u00bb4.18.0&#8243; _module_preset=\u00bbdefault\u00bb custom_margin=\u00bb||0px||false|false\u00bb custom_padding=\u00bb||0px||false|false\u00bb global_colors_info=\u00bb{}\u00bb]<\/p>\n<p><span><em>Jueves 6 de octubre 17.00 &#8211; 18.00 h<br \/><strong>Espacio tu marca personal<\/strong><\/em><\/span><\/p>\n<p>[\/et_pb_text][et_pb_blurb title=\u00bbRevisi\u00f3n personalizada de perfil de LinkedIn por profesionales de Recursos Humanos\u00bb url_new_window=\u00bbon\u00bb use_icon=\u00bbon\u00bb font_icon=\u00bb&#x5c;||divi||400&#8243; icon_placement=\u00bbleft\u00bb image_icon_width=\u00bb32px\u00bb content_max_width=\u00bb100%\u00bb _builder_version=\u00bb4.18.0&#8243; header_font=\u00bbRoboto|700||on|||||\u00bb header_font_size=\u00bb18px\u00bb header_line_height=\u00bb1.7em\u00bb body_font=\u00bb||||||||\u00bb body_line_height=\u00bb1.8em\u00bb body_ul_font=\u00bb|||on|||||\u00bb background_enable_color=\u00bboff\u00bb module_alignment=\u00bbleft\u00bb custom_padding_last_edited=\u00bboff|desktop\u00bb animation_style=\u00bbzoom\u00bb animation_intensity_zoom=\u00bb8%\u00bb animation=\u00bboff\u00bb link_option_url_new_window=\u00bbon\u00bb icon_font_size=\u00bb32px\u00bb global_colors_info=\u00bb{}\u00bb][\/et_pb_blurb][\/et_pb_column][\/et_pb_row][\/et_pb_section][et_pb_section fb_built=\u00bb1&#8243; admin_label=\u00bbSection\u00bb module_id=\u00bbPrograma completo\u00bb _builder_version=\u00bb4.18.0&#8243; _module_preset=\u00bbdefault\u00bb background_color=\u00bb#f2f2f2&#8243; custom_padding=\u00bb30px|||||\u00bb da_popup_slug=\u00bbPrograma-completo\u00bb da_disable_devices=\u00bboff|off|off\u00bb box_shadow_style=\u00bbpreset3&#8243; global_colors_info=\u00bb{}\u00bb da_is_popup=\u00bboff\u00bb da_exit_intent=\u00bboff\u00bb da_has_close=\u00bbon\u00bb da_alt_close=\u00bboff\u00bb da_dark_close=\u00bboff\u00bb da_not_modal=\u00bbon\u00bb da_is_singular=\u00bboff\u00bb da_with_loader=\u00bboff\u00bb da_has_shadow=\u00bbon\u00bb][et_pb_row _builder_version=\u00bb4.18.0&#8243; custom_margin=\u00bb13px|auto|0px|auto|false|false\u00bb custom_padding=\u00bb0px||20px||false|false\u00bb use_custom_width=\u00bbon\u00bb global_colors_info=\u00bb{}\u00bb][et_pb_column type=\u00bb4_4&#8243; _builder_version=\u00bb4.16&#8243; custom_padding=\u00bb|||\u00bb global_colors_info=\u00bb{}\u00bb custom_padding__hover=\u00bb|||\u00bb][et_pb_text _builder_version=\u00bb4.18.0&#8243; text_font=\u00bb||||||||\u00bb text_font_size=\u00bb16px\u00bb text_line_height=\u00bb2em\u00bb ul_font=\u00bb||||||||\u00bb ul_text_color=\u00bb#000000&#8243; ul_line_height=\u00bb2em\u00bb quote_font=\u00bb||||||||\u00bb header_font=\u00bb||||||||\u00bb header_text_color=\u00bb#07867f\u00bb header_2_font=\u00bbRoboto|700|||||||\u00bb header_2_text_color=\u00bb#07867f\u00bb header_2_font_size=\u00bb45px\u00bb header_2_line_height=\u00bb1.2em\u00bb header_3_font=\u00bb|||on|||||\u00bb header_3_text_color=\u00bb#07867f\u00bb header_3_font_size=\u00bb20px\u00bb header_3_letter_spacing=\u00bb4px\u00bb header_3_line_height=\u00bb1.6em\u00bb max_width_tablet=\u00bb\u00bb max_width_phone=\u00bb\u00bb max_width_last_edited=\u00bbon|desktop\u00bb module_alignment=\u00bbcenter\u00bb custom_margin=\u00bb||0px||false|false\u00bb custom_padding=\u00bb||0px||false|false\u00bb header_2_font_size_tablet=\u00bb35px\u00bb header_2_font_size_phone=\u00bb28px\u00bb header_2_font_size_last_edited=\u00bbon|phone\u00bb global_colors_info=\u00bb{}\u00bb]<\/p>\n<h3>Jueves 6 de Octubre 2022<\/h3>\n<p>[\/et_pb_text][et_pb_button button_text=\u00bb18.00 &#8211; 19.00 h\u00bb _builder_version=\u00bb4.18.0&#8243; _module_preset=\u00bbdefault\u00bb global_colors_info=\u00bb{}\u00bb][\/et_pb_button][et_pb_text _builder_version=\u00bb4.18.0&#8243; _module_preset=\u00bbdefault\u00bb custom_margin=\u00bb||0px||false|false\u00bb custom_padding=\u00bb||0px||false|false\u00bb global_colors_info=\u00bb{}\u00bb]<\/p>\n<p><span><em>Jueves 6 de octubre 18.00 &#8211; 19.00 h<br \/><strong>Sala Talent<\/strong><\/em><\/span><\/p>\n<p>[\/et_pb_text][et_pb_blurb title=\u00bbMasterclass MERKLE \u201cL&#8217;Oreal sabe que quieres probar su \u00faltima m\u00e1scara de pesta\u00f1as\u201d\u00bb url_new_window=\u00bbon\u00bb use_icon=\u00bbon\u00bb font_icon=\u00bb&#x5c;||divi||400&#8243; icon_placement=\u00bbleft\u00bb image_icon_width=\u00bb32px\u00bb content_max_width=\u00bb100%\u00bb _builder_version=\u00bb4.18.0&#8243; header_font=\u00bbRoboto|700||on|||||\u00bb header_font_size=\u00bb18px\u00bb header_line_height=\u00bb1.7em\u00bb body_font=\u00bb||||||||\u00bb body_line_height=\u00bb1.8em\u00bb body_ul_font=\u00bb|||on|||||\u00bb background_enable_color=\u00bboff\u00bb module_alignment=\u00bbleft\u00bb custom_padding_last_edited=\u00bboff|desktop\u00bb animation_style=\u00bbzoom\u00bb animation_intensity_zoom=\u00bb8%\u00bb animation=\u00bboff\u00bb link_option_url_new_window=\u00bbon\u00bb icon_font_size=\u00bb32px\u00bb global_colors_info=\u00bb{}\u00bb]<\/p>\n<ul>\n<li><strong>D.\u00aa Jana \u00c1lvarez.<\/strong> Data &amp; Tech Lead. Merkle Spain<\/li>\n<li><strong>D. Juan Jos\u00e9 Del Coz.<\/strong> Departamento de Inform\u00e1tica. Universidad de Oviedo<\/li>\n<li><strong>D. V\u00edctor Iglesias.<\/strong> Departamento de Administraci\u00f3n de Empresas. Universidad de Oviedo<\/li>\n<\/ul>\n<p>[\/et_pb_blurb][\/et_pb_column][\/et_pb_row][et_pb_row _builder_version=\u00bb4.18.0&#8243; custom_margin=\u00bb13px|auto|0px|auto|false|false\u00bb custom_padding=\u00bb0px||20px||false|false\u00bb use_custom_width=\u00bbon\u00bb global_colors_info=\u00bb{}\u00bb][et_pb_column type=\u00bb4_4&#8243; _builder_version=\u00bb4.16&#8243; custom_padding=\u00bb|||\u00bb global_colors_info=\u00bb{}\u00bb custom_padding__hover=\u00bb|||\u00bb][et_pb_text _builder_version=\u00bb4.18.0&#8243; _module_preset=\u00bbdefault\u00bb custom_margin=\u00bb||0px||false|false\u00bb custom_padding=\u00bb||0px||false|false\u00bb global_colors_info=\u00bb{}\u00bb]<\/p>\n<p><span><em>Jueves 6 de octubre 18.00 &#8211; 19.00 h<br \/><strong>Sala UO<\/strong><\/em><\/span><\/p>\n<p>[\/et_pb_text][et_pb_blurb title=\u00bbMASTERCLASS CAPSA \u201cIDENTIFICACI\u00d3N Y GESTI\u00d3N DEL TALENTO EN CAPSA\u201d\u00bb url_new_window=\u00bbon\u00bb use_icon=\u00bbon\u00bb font_icon=\u00bb&#x5c;||divi||400&#8243; icon_placement=\u00bbleft\u00bb image_icon_width=\u00bb32px\u00bb content_max_width=\u00bb100%\u00bb _builder_version=\u00bb4.18.0&#8243; header_font=\u00bbRoboto|700||on|||||\u00bb header_font_size=\u00bb18px\u00bb header_line_height=\u00bb1.7em\u00bb body_font=\u00bb||||||||\u00bb body_line_height=\u00bb1.8em\u00bb body_ul_font=\u00bb|||on|||||\u00bb background_enable_color=\u00bboff\u00bb module_alignment=\u00bbleft\u00bb custom_padding_last_edited=\u00bboff|desktop\u00bb animation_style=\u00bbzoom\u00bb animation_intensity_zoom=\u00bb8%\u00bb animation=\u00bboff\u00bb link_option_url_new_window=\u00bbon\u00bb icon_font_size=\u00bb32px\u00bb global_colors_info=\u00bb{}\u00bb]<\/p>\n<ul>\n<li><strong>D. VICENTE CELEM\u00cdN.<\/strong> RESPONSABLE DE SELECCI\u00d3N Y DESARROLLO DE RECURSOS HUMANOS. CAPSA<\/li>\n<li><strong>D.\u00aa ROSAURA PUGA.<\/strong> DEPARTAMENTO DE ADMINISTRACI\u00d3N DE EMPRESAS. UNIVERSIDAD DE OVIEDO<\/li>\n<\/ul>\n<p>[\/et_pb_blurb][\/et_pb_column][\/et_pb_row][et_pb_row _builder_version=\u00bb4.18.0&#8243; custom_margin=\u00bb13px|auto|0px|auto|false|false\u00bb custom_padding=\u00bb0px||20px||false|false\u00bb use_custom_width=\u00bbon\u00bb global_colors_info=\u00bb{}\u00bb][et_pb_column type=\u00bb4_4&#8243; _builder_version=\u00bb4.16&#8243; custom_padding=\u00bb|||\u00bb global_colors_info=\u00bb{}\u00bb custom_padding__hover=\u00bb|||\u00bb][et_pb_text _builder_version=\u00bb4.18.0&#8243; _module_preset=\u00bbdefault\u00bb custom_margin=\u00bb||0px||false|false\u00bb custom_padding=\u00bb||0px||false|false\u00bb global_colors_info=\u00bb{}\u00bb]<\/p>\n<p><span><em>Jueves 6 de octubre 18.00 &#8211; 19.00 h<br \/><strong>Interview Lab<\/strong><\/em><\/span><\/p>\n<p>[\/et_pb_text][et_pb_blurb title=\u00bbSpeed job dating de reclutamiento\u00bb url_new_window=\u00bbon\u00bb use_icon=\u00bbon\u00bb font_icon=\u00bb&#x5c;||divi||400&#8243; icon_placement=\u00bbleft\u00bb image_icon_width=\u00bb32px\u00bb content_max_width=\u00bb100%\u00bb _builder_version=\u00bb4.18.0&#8243; header_font=\u00bbRoboto|700||on|||||\u00bb header_font_size=\u00bb18px\u00bb header_line_height=\u00bb1.7em\u00bb body_font=\u00bb||||||||\u00bb body_line_height=\u00bb1.8em\u00bb body_ul_font=\u00bb|||on|||||\u00bb background_enable_color=\u00bboff\u00bb module_alignment=\u00bbleft\u00bb custom_padding_last_edited=\u00bboff|desktop\u00bb animation_style=\u00bbzoom\u00bb animation_intensity_zoom=\u00bb8%\u00bb animation=\u00bboff\u00bb link_option_url_new_window=\u00bbon\u00bb icon_font_size=\u00bb32px\u00bb global_colors_info=\u00bb{}\u00bb][\/et_pb_blurb][\/et_pb_column][\/et_pb_row][et_pb_row _builder_version=\u00bb4.18.0&#8243; custom_margin=\u00bb13px|auto|0px|auto|false|false\u00bb custom_padding=\u00bb0px||20px||false|false\u00bb use_custom_width=\u00bbon\u00bb global_colors_info=\u00bb{}\u00bb][et_pb_column type=\u00bb4_4&#8243; _builder_version=\u00bb4.16&#8243; custom_padding=\u00bb|||\u00bb global_colors_info=\u00bb{}\u00bb custom_padding__hover=\u00bb|||\u00bb][et_pb_text _builder_version=\u00bb4.18.0&#8243; _module_preset=\u00bbdefault\u00bb custom_margin=\u00bb||0px||false|false\u00bb custom_padding=\u00bb||0px||false|false\u00bb global_colors_info=\u00bb{}\u00bb]<\/p>\n<p><span><em>Jueves 6 de octubre 18.00 &#8211; 19.00 h<br \/><strong>Sala Emprende<\/strong><\/em><\/span><\/p>\n<p>[\/et_pb_text][et_pb_blurb title=\u00bbMesa redonda. \u00bfQu\u00e9 talento quieren las empresas?\u00bfQu\u00e9 empresas quiere el talento?\u00bb url_new_window=\u00bbon\u00bb use_icon=\u00bbon\u00bb font_icon=\u00bb&#x5c;||divi||400&#8243; icon_placement=\u00bbleft\u00bb image_icon_width=\u00bb32px\u00bb content_max_width=\u00bb100%\u00bb _builder_version=\u00bb4.18.0&#8243; header_font=\u00bbRoboto|700||on|||||\u00bb header_font_size=\u00bb18px\u00bb header_line_height=\u00bb1.7em\u00bb body_font=\u00bb||||||||\u00bb body_line_height=\u00bb1.8em\u00bb body_ul_font=\u00bb|||on|||||\u00bb background_enable_color=\u00bboff\u00bb module_alignment=\u00bbleft\u00bb custom_padding_last_edited=\u00bboff|desktop\u00bb animation_style=\u00bbzoom\u00bb animation_intensity_zoom=\u00bb8%\u00bb animation=\u00bboff\u00bb link_option_url_new_window=\u00bbon\u00bb icon_font_size=\u00bb32px\u00bb global_colors_info=\u00bb{}\u00bb]<\/p>\n<ul>\n<li><strong>D. ABEL MARTINEZ.<\/strong> CAPTACI\u00d3N Y DESARROLLO. ABANCA CORPORACI\u00d3N BANCARIA S.A.<\/li>\n<li><strong>D.\u00aa ALEIDA GONZ\u00c1LEZ.<\/strong> NEW NORTH<\/li>\n<li><strong>D.\u00aa ANA MAR \u00c1LVAREZ.<\/strong> WOLFAST UNIOVI<\/li>\n<li><strong>D.\u00aa BEATRIZ \u00c1VILA.<\/strong> ASOCIACI\u00d3N INSERTA EMPLEO. FUNDACI\u00d3N ONCE<\/li>\n<li><strong>D.\u00aa CARMEN GONZ\u00c1LEZ.<\/strong> GLOBAL SHARED SERVICE CENTER LEADER. AXALTA COATING SYSTEMS SPAIN S.L<\/li>\n<li><strong>D. CARLOS MARTOS.<\/strong> DIRECTOR DE OPERACIONES. EUROFIRMS GROUP<\/li>\n<li><strong>D. HUGO V\u00c1ZQUEZ.<\/strong> UNIOVI ETECH RACING<\/li>\n<li><strong>D. PEDRO RAMOS.<\/strong> DIRECTOR DEL \u00c1REA DE INGENIER\u00cdA DE PROYECTOS. EBROKER<\/li>\n<\/ul>\n<p><em>Modera: <strong>D. Juan V\u00e1zquez.<\/strong> Profesor Em\u00e9rito. Departamento de Econom\u00eda Aplicada. Universidad de Oviedo<\/em><\/p>\n<p>[\/et_pb_blurb][\/et_pb_column][\/et_pb_row][\/et_pb_section]<\/p>\n","protected":false},"excerpt":{"rendered":"<p>El Foro de Empleo en Cifras Cada a\u00f1o el foro facilita a las personas egresadas y estudiantes a dar el salto al mercado laboral. Empresas e instituciones Amigas del Foro de EmpleoEmpresas participantes con masterclassALCAMPO | ALISYS DIGITAL | CAPGEMINI | CHEMOURS SPAIN | CORTEVA AGRISCIENCE | RICOH ESPA\u00d1A |\u00a0 SACYR FLUOR | SAINT-GOBAIN\u00a0Empresas e [&hellip;]<\/p>\n","protected":false},"author":1,"featured_media":0,"parent":0,"menu_order":0,"comment_status":"closed","ping_status":"closed","template":"","meta":{"_et_pb_use_builder":"on","_et_pb_old_content":"","_et_gb_content_width":"","footnotes":""},"class_list":["post-292","page","type-page","status-publish","hentry"],"yoast_head":"<!-- This site is optimized with the Yoast SEO plugin v24.5 - https:\/\/yoast.com\/wordpress\/plugins\/seo\/ -->\n<title>20 foro de empleo de la Universidad de Oviedo - Foro de Empleo<\/title>\n<meta name=\"robots\" content=\"index, follow, max-snippet:-1, max-image-preview:large, max-video-preview:-1\" \/>\n<link rel=\"canonical\" href=\"https:\/\/www.unioviedo.es\/foro_empleo\/index.php\/20-foro-de-empleo-de-la-universidad-de-oviedo\/\" \/>\n<meta property=\"og:locale\" content=\"es_ES\" \/>\n<meta property=\"og:type\" content=\"article\" \/>\n<meta property=\"og:title\" content=\"20 foro de empleo de la Universidad de Oviedo - Foro de Empleo\" \/>\n<meta property=\"og:description\" content=\"El Foro de Empleo en Cifras Cada a\u00f1o el foro facilita a las personas egresadas y estudiantes a dar el salto al mercado laboral. Empresas e instituciones Amigas del Foro de EmpleoEmpresas participantes con masterclassALCAMPO | ALISYS DIGITAL | CAPGEMINI | CHEMOURS SPAIN | CORTEVA AGRISCIENCE | RICOH ESPA\u00d1A |\u00a0 SACYR FLUOR | SAINT-GOBAIN\u00a0Empresas e [&hellip;]\" \/>\n<meta property=\"og:url\" content=\"https:\/\/www.unioviedo.es\/foro_empleo\/index.php\/20-foro-de-empleo-de-la-universidad-de-oviedo\/\" \/>\n<meta property=\"og:site_name\" content=\"Foro de Empleo\" \/>\n<meta property=\"article:modified_time\" content=\"2024-01-12T14:35:30+00:00\" \/>\n<meta property=\"og:image\" content=\"https:\/\/www.unioviedo.es\/foro_empleo\/wp-content\/uploads\/2026\/03\/imagen-general.jpg\" \/>\n\t<meta property=\"og:image:width\" content=\"1200\" \/>\n\t<meta property=\"og:image:height\" content=\"675\" \/>\n\t<meta property=\"og:image:type\" content=\"image\/jpeg\" \/>\n<meta name=\"twitter:card\" content=\"summary_large_image\" \/>\n<meta name=\"twitter:label1\" content=\"Tiempo de lectura\" \/>\n\t<meta name=\"twitter:data1\" content=\"104 minutos\" \/>\n<script type=\"application\/ld+json\" class=\"yoast-schema-graph\">{\"@context\":\"https:\/\/schema.org\",\"@graph\":[{\"@type\":\"WebPage\",\"@id\":\"https:\/\/www.unioviedo.es\/foro_empleo\/index.php\/20-foro-de-empleo-de-la-universidad-de-oviedo\/\",\"url\":\"https:\/\/www.unioviedo.es\/foro_empleo\/index.php\/20-foro-de-empleo-de-la-universidad-de-oviedo\/\",\"name\":\"20 foro de empleo de la Universidad de Oviedo - Foro de Empleo\",\"isPartOf\":{\"@id\":\"https:\/\/www.unioviedo.es\/foro_empleo\/#website\"},\"datePublished\":\"2022-08-30T06:52:32+00:00\",\"dateModified\":\"2024-01-12T14:35:30+00:00\",\"breadcrumb\":{\"@id\":\"https:\/\/www.unioviedo.es\/foro_empleo\/index.php\/20-foro-de-empleo-de-la-universidad-de-oviedo\/#breadcrumb\"},\"inLanguage\":\"es\",\"potentialAction\":[{\"@type\":\"ReadAction\",\"target\":[\"https:\/\/www.unioviedo.es\/foro_empleo\/index.php\/20-foro-de-empleo-de-la-universidad-de-oviedo\/\"]}]},{\"@type\":\"BreadcrumbList\",\"@id\":\"https:\/\/www.unioviedo.es\/foro_empleo\/index.php\/20-foro-de-empleo-de-la-universidad-de-oviedo\/#breadcrumb\",\"itemListElement\":[{\"@type\":\"ListItem\",\"position\":1,\"name\":\"Portada\",\"item\":\"https:\/\/www.unioviedo.es\/foro_empleo\/\"},{\"@type\":\"ListItem\",\"position\":2,\"name\":\"20 foro de empleo de la Universidad de Oviedo\"}]},{\"@type\":\"WebSite\",\"@id\":\"https:\/\/www.unioviedo.es\/foro_empleo\/#website\",\"url\":\"https:\/\/www.unioviedo.es\/foro_empleo\/\",\"name\":\"Foro de Empleo\",\"description\":\"Foro de Empleo de la Universidad de Oviedo. Hacia un empleo verde, digital e inclusivo\",\"publisher\":{\"@id\":\"https:\/\/www.unioviedo.es\/foro_empleo\/#organization\"},\"potentialAction\":[{\"@type\":\"SearchAction\",\"target\":{\"@type\":\"EntryPoint\",\"urlTemplate\":\"https:\/\/www.unioviedo.es\/foro_empleo\/?s={search_term_string}\"},\"query-input\":{\"@type\":\"PropertyValueSpecification\",\"valueRequired\":true,\"valueName\":\"search_term_string\"}}],\"inLanguage\":\"es\"},{\"@type\":\"Organization\",\"@id\":\"https:\/\/www.unioviedo.es\/foro_empleo\/#organization\",\"name\":\"Foro de Empleo\",\"url\":\"https:\/\/www.unioviedo.es\/foro_empleo\/\",\"logo\":{\"@type\":\"ImageObject\",\"inLanguage\":\"es\",\"@id\":\"https:\/\/www.unioviedo.es\/foro_empleo\/#\/schema\/logo\/image\/\",\"url\":\"https:\/\/www.unioviedo.es\/foro_empleo\/wp-content\/uploads\/2022\/08\/20-logo-foro-1.png\",\"contentUrl\":\"https:\/\/www.unioviedo.es\/foro_empleo\/wp-content\/uploads\/2022\/08\/20-logo-foro-1.png\",\"width\":807,\"height\":588,\"caption\":\"Foro de Empleo\"},\"image\":{\"@id\":\"https:\/\/www.unioviedo.es\/foro_empleo\/#\/schema\/logo\/image\/\"}}]}<\/script>\n<!-- \/ Yoast SEO plugin. -->","yoast_head_json":{"title":"20 foro de empleo de la Universidad de Oviedo - Foro de Empleo","robots":{"index":"index","follow":"follow","max-snippet":"max-snippet:-1","max-image-preview":"max-image-preview:large","max-video-preview":"max-video-preview:-1"},"canonical":"https:\/\/www.unioviedo.es\/foro_empleo\/index.php\/20-foro-de-empleo-de-la-universidad-de-oviedo\/","og_locale":"es_ES","og_type":"article","og_title":"20 foro de empleo de la Universidad de Oviedo - Foro de Empleo","og_description":"El Foro de Empleo en Cifras Cada a\u00f1o el foro facilita a las personas egresadas y estudiantes a dar el salto al mercado laboral. Empresas e instituciones Amigas del Foro de EmpleoEmpresas participantes con masterclassALCAMPO | ALISYS DIGITAL | CAPGEMINI | CHEMOURS SPAIN | CORTEVA AGRISCIENCE | RICOH ESPA\u00d1A |\u00a0 SACYR FLUOR | SAINT-GOBAIN\u00a0Empresas e [&hellip;]","og_url":"https:\/\/www.unioviedo.es\/foro_empleo\/index.php\/20-foro-de-empleo-de-la-universidad-de-oviedo\/","og_site_name":"Foro de Empleo","article_modified_time":"2024-01-12T14:35:30+00:00","og_image":[{"width":1200,"height":675,"url":"https:\/\/www.unioviedo.es\/foro_empleo\/wp-content\/uploads\/2026\/03\/imagen-general.jpg","type":"image\/jpeg"}],"twitter_card":"summary_large_image","twitter_misc":{"Tiempo de lectura":"104 minutos"},"schema":{"@context":"https:\/\/schema.org","@graph":[{"@type":"WebPage","@id":"https:\/\/www.unioviedo.es\/foro_empleo\/index.php\/20-foro-de-empleo-de-la-universidad-de-oviedo\/","url":"https:\/\/www.unioviedo.es\/foro_empleo\/index.php\/20-foro-de-empleo-de-la-universidad-de-oviedo\/","name":"20 foro de empleo de la Universidad de Oviedo - Foro de Empleo","isPartOf":{"@id":"https:\/\/www.unioviedo.es\/foro_empleo\/#website"},"datePublished":"2022-08-30T06:52:32+00:00","dateModified":"2024-01-12T14:35:30+00:00","breadcrumb":{"@id":"https:\/\/www.unioviedo.es\/foro_empleo\/index.php\/20-foro-de-empleo-de-la-universidad-de-oviedo\/#breadcrumb"},"inLanguage":"es","potentialAction":[{"@type":"ReadAction","target":["https:\/\/www.unioviedo.es\/foro_empleo\/index.php\/20-foro-de-empleo-de-la-universidad-de-oviedo\/"]}]},{"@type":"BreadcrumbList","@id":"https:\/\/www.unioviedo.es\/foro_empleo\/index.php\/20-foro-de-empleo-de-la-universidad-de-oviedo\/#breadcrumb","itemListElement":[{"@type":"ListItem","position":1,"name":"Portada","item":"https:\/\/www.unioviedo.es\/foro_empleo\/"},{"@type":"ListItem","position":2,"name":"20 foro de empleo de la Universidad de Oviedo"}]},{"@type":"WebSite","@id":"https:\/\/www.unioviedo.es\/foro_empleo\/#website","url":"https:\/\/www.unioviedo.es\/foro_empleo\/","name":"Foro de Empleo","description":"Foro de Empleo de la Universidad de Oviedo. Hacia un empleo verde, digital e inclusivo","publisher":{"@id":"https:\/\/www.unioviedo.es\/foro_empleo\/#organization"},"potentialAction":[{"@type":"SearchAction","target":{"@type":"EntryPoint","urlTemplate":"https:\/\/www.unioviedo.es\/foro_empleo\/?s={search_term_string}"},"query-input":{"@type":"PropertyValueSpecification","valueRequired":true,"valueName":"search_term_string"}}],"inLanguage":"es"},{"@type":"Organization","@id":"https:\/\/www.unioviedo.es\/foro_empleo\/#organization","name":"Foro de Empleo","url":"https:\/\/www.unioviedo.es\/foro_empleo\/","logo":{"@type":"ImageObject","inLanguage":"es","@id":"https:\/\/www.unioviedo.es\/foro_empleo\/#\/schema\/logo\/image\/","url":"https:\/\/www.unioviedo.es\/foro_empleo\/wp-content\/uploads\/2022\/08\/20-logo-foro-1.png","contentUrl":"https:\/\/www.unioviedo.es\/foro_empleo\/wp-content\/uploads\/2022\/08\/20-logo-foro-1.png","width":807,"height":588,"caption":"Foro de Empleo"},"image":{"@id":"https:\/\/www.unioviedo.es\/foro_empleo\/#\/schema\/logo\/image\/"}}]}},"jetpack_sharing_enabled":true,"_links":{"self":[{"href":"https:\/\/www.unioviedo.es\/foro_empleo\/index.php\/wp-json\/wp\/v2\/pages\/292","targetHints":{"allow":["GET"]}}],"collection":[{"href":"https:\/\/www.unioviedo.es\/foro_empleo\/index.php\/wp-json\/wp\/v2\/pages"}],"about":[{"href":"https:\/\/www.unioviedo.es\/foro_empleo\/index.php\/wp-json\/wp\/v2\/types\/page"}],"author":[{"embeddable":true,"href":"https:\/\/www.unioviedo.es\/foro_empleo\/index.php\/wp-json\/wp\/v2\/users\/1"}],"replies":[{"embeddable":true,"href":"https:\/\/www.unioviedo.es\/foro_empleo\/index.php\/wp-json\/wp\/v2\/comments?post=292"}],"version-history":[{"count":125,"href":"https:\/\/www.unioviedo.es\/foro_empleo\/index.php\/wp-json\/wp\/v2\/pages\/292\/revisions"}],"predecessor-version":[{"id":1144,"href":"https:\/\/www.unioviedo.es\/foro_empleo\/index.php\/wp-json\/wp\/v2\/pages\/292\/revisions\/1144"}],"wp:attachment":[{"href":"https:\/\/www.unioviedo.es\/foro_empleo\/index.php\/wp-json\/wp\/v2\/media?parent=292"}],"curies":[{"name":"wp","href":"https:\/\/api.w.org\/{rel}","templated":true}]}}