{"id":990,"date":"2022-11-17T09:49:29","date_gmt":"2022-11-17T09:49:29","guid":{"rendered":"https:\/\/www.unioviedo.es\/foro_empleo\/?page_id=990"},"modified":"2022-11-23T10:12:49","modified_gmt":"2022-11-23T10:12:49","slug":"videos","status":"publish","type":"page","link":"https:\/\/www.unioviedo.es\/foro_empleo\/index.php\/videos\/","title":{"rendered":"Videos"},"content":{"rendered":"<p>[et_pb_section fb_built=\u00bb1&#8243; admin_label=\u00bbSection\u00bb module_id=\u00bbConferencias\u00bb _builder_version=\u00bb4.16&#8243; _module_preset=\u00bbdefault\u00bb background_color=\u00bb#f2f2f2&#8243; custom_margin=\u00bb||||true|false\u00bb custom_padding=\u00bb3vw||||false|false\u00bb da_popup_slug=\u00bbConferencias\u00bb da_disable_devices=\u00bboff|off|off\u00bb box_shadow_style=\u00bbpreset3&#8243; box_shadow_color=\u00bbrgba(0,0,0,0.15)\u00bb global_colors_info=\u00bb{}\u00bb da_is_popup=\u00bboff\u00bb da_exit_intent=\u00bboff\u00bb da_has_close=\u00bbon\u00bb da_alt_close=\u00bboff\u00bb da_dark_close=\u00bboff\u00bb da_not_modal=\u00bbon\u00bb da_is_singular=\u00bboff\u00bb da_with_loader=\u00bboff\u00bb da_has_shadow=\u00bbon\u00bb][et_pb_row column_structure=\u00bb2_3,1_3&#8243; admin_label=\u00bbconnect with users Row\u00bb _builder_version=\u00bb4.18.0&#8243; custom_margin=\u00bb0px|auto|0px|auto|true|false\u00bb custom_padding=\u00bb0|0px|60px|0px|false|false\u00bb use_custom_width=\u00bbon\u00bb custom_width_px=\u00bb1440px\u00bb global_colors_info=\u00bb{}\u00bb][et_pb_column type=\u00bb2_3&#8243; _builder_version=\u00bb4.16&#8243; custom_padding=\u00bb||||false|false\u00bb custom_padding_tablet=\u00bb30%|15%|20%|12%\u00bb custom_padding_phone=\u00bb60%|10%|30%|\u00bb custom_padding_last_edited=\u00bboff|desktop\u00bb global_colors_info=\u00bb{}\u00bb padding_phone=\u00bb60%|10%|30%|\u00bb padding_tablet=\u00bb30%|15%|20%|12%\u00bb padding_last_edited=\u00bboff|desktop\u00bb custom_padding__hover=\u00bb|||\u00bb][et_pb_text _builder_version=\u00bb4.18.0&#8243; text_font=\u00bbRoboto||||||||\u00bb text_font_size=\u00bb16px\u00bb text_line_height=\u00bb1.8em\u00bb header_font=\u00bbRoboto|700|||||||\u00bb header_text_align=\u00bbleft\u00bb header_text_color=\u00bb#07867f\u00bb header_font_size=\u00bb55px\u00bb header_line_height=\u00bb1.2em\u00bb header_2_font=\u00bbRoboto||||||||\u00bb header_2_text_align=\u00bbleft\u00bb header_2_text_color=\u00bb#000000&#8243; header_2_font_size=\u00bb45px\u00bb header_3_font=\u00bbRoboto|700||on|||||\u00bb header_3_text_align=\u00bbleft\u00bb header_3_text_color=\u00bb#6b6b6b\u00bb header_3_font_size=\u00bb24px\u00bb header_3_letter_spacing=\u00bb10px\u00bb header_3_line_height=\u00bb2em\u00bb background_layout=\u00bbdark\u00bb module_alignment=\u00bbcenter\u00bb text_font_size_last_edited=\u00bboff|desktop\u00bb header_font_size_tablet=\u00bb40px\u00bb header_font_size_phone=\u00bb32px\u00bb header_font_size_last_edited=\u00bbon|phone\u00bb header_3_font_size_tablet=\u00bb16px\u00bb header_3_font_size_phone=\u00bb14px\u00bb header_3_font_size_last_edited=\u00bbon|phone\u00bb header_3_letter_spacing_tablet=\u00bb5px\u00bb header_3_letter_spacing_phone=\u00bb\u00bb header_3_letter_spacing_last_edited=\u00bbon|tablet\u00bb global_colors_info=\u00bb{}\u00bb]<\/p>\n<h3>20 Foro de Empleo de la Universidad de Oviedo<\/h3>\n<h1>Videos de las Conferencias y Masterclass<\/h1>\n<p>[\/et_pb_text][\/et_pb_column][et_pb_column type=\u00bb1_3&#8243; _builder_version=\u00bb4.16&#8243; custom_padding=\u00bb||||false|false\u00bb custom_padding_tablet=\u00bb30%|15%|20%|12%\u00bb custom_padding_phone=\u00bb60%|10%|30%|\u00bb custom_padding_last_edited=\u00bboff|desktop\u00bb global_colors_info=\u00bb{}\u00bb padding_phone=\u00bb60%|10%|30%|\u00bb padding_tablet=\u00bb30%|15%|20%|12%\u00bb padding_last_edited=\u00bboff|desktop\u00bb custom_padding__hover=\u00bb|||\u00bb][et_pb_image src=\u00bbhttps:\/\/www.unioviedo.es\/foro_empleo\/wp-content\/uploads\/2022\/08\/20-logo-foro-1.png\u00bb title_text=\u00bb20-logo-foro\u00bb align=\u00bbcenter\u00bb _builder_version=\u00bb4.18.0&#8243; _module_preset=\u00bbdefault\u00bb global_colors_info=\u00bb{}\u00bb][\/et_pb_image][\/et_pb_column][\/et_pb_row][et_pb_row column_structure=\u00bb1_4,1_4,1_4,1_4&#8243; use_custom_gutter=\u00bbon\u00bb gutter_width=\u00bb1&#8243; make_equal=\u00bbon\u00bb module_class=\u00bbtres-columnas\u00bb _builder_version=\u00bb4.18.0&#8243; _module_preset=\u00bbdefault\u00bb custom_margin=\u00bb0px||0px||true|false\u00bb custom_padding=\u00bb0px||0px||true|false\u00bb global_colors_info=\u00bb{}\u00bb][et_pb_column type=\u00bb1_4&#8243; _builder_version=\u00bb4.16&#8243; _module_preset=\u00bbdefault\u00bb global_colors_info=\u00bb{}\u00bb][et_pb_blurb title=\u00bbSala Talent\u00bb url=\u00bbhttps:\/\/www.unioviedo.es\/foro_empleo\/index.php\/videos\/#salatalent\u00bb use_icon=\u00bbon\u00bb font_icon=\u00bb&#xe04e;||divi||400&#8243; image_icon_background_color=\u00bbrgba(7,134,127,0.3)\u00bb icon_placement=\u00bbleft\u00bb image_icon_width=\u00bb16px\u00bb _builder_version=\u00bb4.18.0&#8243; header_font=\u00bbRoboto|700|||||||\u00bb header_font_size=\u00bb18px\u00bb header_line_height=\u00bb1.7em\u00bb body_font=\u00bb||||||||\u00bb body_line_height=\u00bb1.8em\u00bb background_enable_color=\u00bboff\u00bb image_icon_custom_padding=\u00bb8px|8px|8px|8px|false|false\u00bb module_alignment=\u00bbleft\u00bb custom_margin=\u00bb|||\u00bb custom_padding=\u00bb|||\u00bb custom_padding_phone=\u00bb||29px|\u00bb custom_padding_last_edited=\u00bboff|desktop\u00bb animation=\u00bboff\u00bb border_radii_image=\u00bbon|100%|100%|100%|100%\u00bb use_circle=\u00bbon\u00bb circle_color=\u00bbrgba(7,134,127,0.3)\u00bb global_colors_info=\u00bb{}\u00bb image_icon_background_color__sticky_enabled=\u00bb#07867f\u00bb image_icon_background_color__sticky=\u00bb#07867f\u00bb][\/et_pb_blurb][\/et_pb_column][et_pb_column type=\u00bb1_4&#8243; _builder_version=\u00bb4.16&#8243; _module_preset=\u00bbdefault\u00bb global_colors_info=\u00bb{}\u00bb][et_pb_blurb title=\u00bbSala UO\u00bb url=\u00bbhttps:\/\/www.unioviedo.es\/foro_empleo\/index.php\/videos\/#salauo\u00bb use_icon=\u00bbon\u00bb font_icon=\u00bb&#xe04e;||divi||400&#8243; image_icon_background_color=\u00bbrgba(7,134,127,0.3)\u00bb icon_placement=\u00bbleft\u00bb image_icon_width=\u00bb16px\u00bb _builder_version=\u00bb4.18.0&#8243; header_font=\u00bbRoboto|700|||||||\u00bb header_font_size=\u00bb18px\u00bb header_line_height=\u00bb1.7em\u00bb body_font=\u00bb||||||||\u00bb body_line_height=\u00bb1.8em\u00bb background_enable_color=\u00bboff\u00bb image_icon_custom_padding=\u00bb8px|8px|8px|8px|false|false\u00bb module_alignment=\u00bbleft\u00bb custom_margin=\u00bb|||\u00bb custom_padding=\u00bb|||\u00bb custom_padding_phone=\u00bb||29px|\u00bb custom_padding_last_edited=\u00bboff|desktop\u00bb animation=\u00bboff\u00bb border_radii_image=\u00bbon|100%|100%|100%|100%\u00bb use_circle=\u00bbon\u00bb circle_color=\u00bbrgba(7,134,127,0.3)\u00bb global_colors_info=\u00bb{}\u00bb image_icon_background_color__sticky_enabled=\u00bb#07867f\u00bb image_icon_background_color__sticky=\u00bb#07867f\u00bb][\/et_pb_blurb][\/et_pb_column][et_pb_column type=\u00bb1_4&#8243; _builder_version=\u00bb4.16&#8243; _module_preset=\u00bbdefault\u00bb global_colors_info=\u00bb{}\u00bb][\/et_pb_column][et_pb_column type=\u00bb1_4&#8243; _builder_version=\u00bb4.16&#8243; _module_preset=\u00bbdefault\u00bb global_colors_info=\u00bb{}\u00bb][\/et_pb_column][\/et_pb_row][\/et_pb_section][et_pb_section fb_built=\u00bb1&#8243; admin_label=\u00bbServices\u00bb module_id=\u00bbsalatalent\u00bb _builder_version=\u00bb4.18.0&#8243; custom_padding=\u00bb80px|0px|12px|0px|false|false\u00bb da_popup_slug=\u00bbsalatalent\u00bb da_disable_devices=\u00bboff|off|off\u00bb global_colors_info=\u00bb{}\u00bb da_is_popup=\u00bboff\u00bb da_exit_intent=\u00bboff\u00bb da_has_close=\u00bbon\u00bb da_alt_close=\u00bboff\u00bb da_dark_close=\u00bboff\u00bb da_not_modal=\u00bbon\u00bb da_is_singular=\u00bboff\u00bb da_with_loader=\u00bboff\u00bb da_has_shadow=\u00bbon\u00bb][et_pb_row column_structure=\u00bb1_3,1_3,1_3&#8243; use_custom_gutter=\u00bbon\u00bb gutter_width=\u00bb2&#8243; _builder_version=\u00bb4.18.0&#8243; background_color=\u00bb#ffffff\u00bb max_width=\u00bb1440px\u00bb custom_padding=\u00bb27px|0px|0|0px|false|false\u00bb use_custom_width=\u00bbon\u00bb custom_width_px=\u00bb1440px\u00bb global_colors_info=\u00bb{}\u00bb][et_pb_column type=\u00bb1_3&#8243; _builder_version=\u00bb4.16&#8243; custom_padding=\u00bb2%|2%|2%|2%|true|true\u00bb border_radii=\u00bbon|20px|20px|20px|20px\u00bb border_color_all=\u00bb#07867f\u00bb border_width_top=\u00bb20px\u00bb box_shadow_style=\u00bbpreset1&#8243; box_shadow_blur=\u00bb70px\u00bb box_shadow_color=\u00bbrgba(110,130,208,0.18)\u00bb global_colors_info=\u00bb{}\u00bb custom_padding__hover=\u00bb|||\u00bb][et_pb_video src=\u00bbhttps:\/\/www.youtube.com\/watch?v=I9pEYZ6vCDs\u00bb image_src=\u00bbhttps:\/\/www.unioviedo.es\/foro_empleo\/wp-content\/uploads\/2022\/11\/acto-oficial.jpg\u00bb play_icon_color=\u00bb#f0b800&#8243; thumbnail_overlay_color=\u00bbrgba(0,0,0,0.6)\u00bb _builder_version=\u00bb4.18.0&#8243; _module_preset=\u00bbdefault\u00bb global_colors_info=\u00bb{}\u00bb][\/et_pb_video][et_pb_text _builder_version=\u00bb4.18.0&#8243; _module_preset=\u00bbdefault\u00bb text_text_color=\u00bb#07867f\u00bb global_colors_info=\u00bb{}\u00bb]<\/p>\n<p>SALA TALENT<\/p>\n<p>[\/et_pb_text][et_pb_text _builder_version=\u00bb4.18.0&#8243; _module_preset=\u00bbdefault\u00bb header_2_font=\u00bbRoboto|700|||||||\u00bb header_2_font_size=\u00bb16px\u00bb header_2_line_height=\u00bb1.2em\u00bb global_colors_info=\u00bb{}\u00bb]<\/p>\n<h2 class=\"et_pb_module_header\"><span>ACTO OFICIAL DE INAUGURACI\u00d3N DEL 20 FORO DE EMPLEO<\/span><\/h2>\n<div class=\"et_pb_blurb_description\">\n<ul>\n<li><strong>D. IGNACIO VILLAVERDE<\/strong>. RECTOR MGFCO. UNIVERSIDAD DE OVIEDO<\/li>\n<li><strong>D. BORJA S\u00c1NCHEZ<\/strong>. CONSEJERO DE CIENCIA, INNOVACI\u00d3N Y UNIVERSIDAD. GOBIERNO DEL PRINCIPADO DE ASTURIAS<\/li>\n<li><strong>D.\u00aa ANA GONZ\u00c1LEZ<\/strong>. ILUSTR\u00cdSIMA ALCALDESA. AYUNTAMIENTO DE GIJ\u00d3N<\/li>\n<li><strong>D.\u00aa MAR\u00cdA CALVO<\/strong>. PRESIDENTA. FEDERACI\u00d3N ASTURIANA DE EMPRESARIOS<\/li>\n<li><strong>D. F\u00c9LIX BARAGA\u00d1O<\/strong>. PRESIDENTE. C\u00c1MARA DE COMERCIO DE GIJ\u00d3N<\/li>\n<\/ul>\n<\/div>\n<p>[\/et_pb_text][\/et_pb_column][et_pb_column type=\u00bb1_3&#8243; _builder_version=\u00bb4.16&#8243; custom_padding=\u00bb2%|2%|2%|2%|true|true\u00bb border_radii=\u00bbon|20px|20px|20px|20px\u00bb border_color_all=\u00bb#07867f\u00bb border_width_top=\u00bb20px\u00bb box_shadow_style=\u00bbpreset1&#8243; box_shadow_blur=\u00bb70px\u00bb box_shadow_color=\u00bbrgba(110,130,208,0.18)\u00bb global_colors_info=\u00bb{}\u00bb custom_padding__hover=\u00bb|||\u00bb][et_pb_video src=\u00bbhttps:\/\/www.youtube.com\/watch?v=R9mb6DszKHs&#038;list=PLPzNnGdgCJ4UBZqCqW-0bkQrJG7uj5jWa&#038;index=6&#8243; image_src=\u00bbhttps:\/\/www.unioviedo.es\/foro_empleo\/wp-content\/uploads\/2022\/11\/Captura-de-Pantalla-2022-11-17-a-las-10.44.32.jpg\u00bb play_icon_color=\u00bb#f0b800&#8243; thumbnail_overlay_color=\u00bbrgba(0,0,0,0.6)\u00bb _builder_version=\u00bb4.18.0&#8243; _module_preset=\u00bbdefault\u00bb global_colors_info=\u00bb{}\u00bb][\/et_pb_video][et_pb_text _builder_version=\u00bb4.18.0&#8243; _module_preset=\u00bbdefault\u00bb text_text_color=\u00bb#07867f\u00bb global_colors_info=\u00bb{}\u00bb]<\/p>\n<p>SALA TALENT<\/p>\n<p>[\/et_pb_text][et_pb_text _builder_version=\u00bb4.18.0&#8243; _module_preset=\u00bbdefault\u00bb header_2_font=\u00bbRoboto|700|||||||\u00bb header_2_font_size=\u00bb16px\u00bb header_2_line_height=\u00bb1.2em\u00bb global_colors_info=\u00bb{}\u00bb]<\/p>\n<h2 class=\"et_pb_module_header\"><span>MASTERCLASS RICOH \u201cEL D\u00cdA A D\u00cdA EN EL TRABAJO DE UN DESARROLLADOR DE SOFTWARE\u201d<\/span><\/h2>\n<div class=\"et_pb_blurb_description\">\n<ul>\n<li><strong>D. CARLOS BARRIALES.<\/strong><span>\u00a0<\/span>PROJECT MANAGER. RICOH<\/li>\n<li><strong>D. CRISTIAN AUGUSTO ALONSO.<\/strong><span>\u00a0<\/span>DEPARTAMENTO DE INFORM\u00c1TICA. UNIVERSIDAD DE OVIEDO<\/li>\n<\/ul>\n<\/div>\n<p>[\/et_pb_text][\/et_pb_column][et_pb_column type=\u00bb1_3&#8243; _builder_version=\u00bb4.16&#8243; custom_padding=\u00bb2%|2%|2%|2%|true|true\u00bb border_radii=\u00bbon|20px|20px|20px|20px\u00bb border_color_all=\u00bb#07867f\u00bb border_width_top=\u00bb20px\u00bb box_shadow_style=\u00bbpreset1&#8243; box_shadow_blur=\u00bb70px\u00bb box_shadow_color=\u00bbrgba(110,130,208,0.18)\u00bb global_colors_info=\u00bb{}\u00bb custom_padding__hover=\u00bb|||\u00bb][et_pb_video src=\u00bbhttps:\/\/www.youtube.com\/watch?v=X9Qi6yCbhi0&#8243; image_src=\u00bbhttps:\/\/www.unioviedo.es\/foro_empleo\/wp-content\/uploads\/2022\/11\/Captura-de-Pantalla-2022-11-17-a-las-9.52.12.jpg\u00bb play_icon_color=\u00bb#f0b800&#8243; thumbnail_overlay_color=\u00bbrgba(0,0,0,0.6)\u00bb _builder_version=\u00bb4.18.0&#8243; _module_preset=\u00bbdefault\u00bb global_colors_info=\u00bb{}\u00bb][\/et_pb_video][et_pb_text _builder_version=\u00bb4.18.0&#8243; _module_preset=\u00bbdefault\u00bb text_text_color=\u00bb#07867f\u00bb global_colors_info=\u00bb{}\u00bb]<\/p>\n<p>SALA TALENT<\/p>\n<p>[\/et_pb_text][et_pb_text _builder_version=\u00bb4.18.0&#8243; _module_preset=\u00bbdefault\u00bb header_2_font=\u00bbRoboto|700|||||||\u00bb header_2_font_size=\u00bb16px\u00bb header_2_line_height=\u00bb1.2em\u00bb global_colors_info=\u00bb{}\u00bb]<\/p>\n<h2 class=\"et_pb_module_header\"><span>CONFERENCIA \u00abC\u00d3MO USAR TUS REDES SOCIALES PARA ENCONTRAR EMPLEO\u00bb<\/span><\/h2>\n<div class=\"et_pb_blurb_description\">\n<ul>\n<li><strong>D.\u00aa EVA PORTO.<span>\u00a0<\/span><\/strong>PSIC\u00d3LOGA &amp; RECRUITER. CREADORA DE CONTENIDO<\/li>\n<\/ul>\n<p><em>Presenta:<span>\u00a0<\/span><strong>D.\u00aa Ana Su\u00e1rez.<\/strong><span>\u00a0<\/span>Directora de Empleabilidad y Emprendimiento. Universidad de Oviedo<\/em><\/p>\n<\/div>\n<p>[\/et_pb_text][\/et_pb_column][\/et_pb_row][et_pb_row column_structure=\u00bb1_3,1_3,1_3&#8243; use_custom_gutter=\u00bbon\u00bb gutter_width=\u00bb2&#8243; _builder_version=\u00bb4.18.0&#8243; background_color=\u00bb#ffffff\u00bb max_width=\u00bb1440px\u00bb custom_padding=\u00bb27px|0px|0|0px|false|false\u00bb use_custom_width=\u00bbon\u00bb custom_width_px=\u00bb1440px\u00bb global_colors_info=\u00bb{}\u00bb][et_pb_column type=\u00bb1_3&#8243; _builder_version=\u00bb4.16&#8243; custom_padding=\u00bb2%|2%|2%|2%|true|true\u00bb border_radii=\u00bbon|20px|20px|20px|20px\u00bb border_color_all=\u00bb#07867f\u00bb border_width_top=\u00bb20px\u00bb box_shadow_style=\u00bbpreset1&#8243; box_shadow_blur=\u00bb70px\u00bb box_shadow_color=\u00bbrgba(110,130,208,0.18)\u00bb global_colors_info=\u00bb{}\u00bb custom_padding__hover=\u00bb|||\u00bb][et_pb_video src=\u00bbhttps:\/\/www.youtube.com\/watch?v=Rf0R-Hzg0gk\u00bb image_src=\u00bbhttps:\/\/www.unioviedo.es\/foro_empleo\/wp-content\/uploads\/2022\/11\/Captura-de-Pantalla-2022-11-17-a-las-11.19.11.jpg\u00bb play_icon_color=\u00bb#f0b800&#8243; thumbnail_overlay_color=\u00bbrgba(0,0,0,0.6)\u00bb _builder_version=\u00bb4.18.0&#8243; _module_preset=\u00bbdefault\u00bb global_colors_info=\u00bb{}\u00bb][\/et_pb_video][et_pb_text _builder_version=\u00bb4.18.0&#8243; _module_preset=\u00bbdefault\u00bb text_text_color=\u00bb#07867f\u00bb global_colors_info=\u00bb{}\u00bb]<\/p>\n<p>SALA TALENT<\/p>\n<p>[\/et_pb_text][et_pb_text _builder_version=\u00bb4.18.0&#8243; _module_preset=\u00bbdefault\u00bb header_2_font=\u00bbRoboto|700|||||||\u00bb header_2_font_size=\u00bb16px\u00bb header_2_line_height=\u00bb1.2em\u00bb global_colors_info=\u00bb{}\u00bb]<\/p>\n<h2 class=\"et_pb_module_header\"><span>TALLER CONOCE TUS DERECHOS LABORALES<\/span><\/h2>\n<div class=\"et_pb_blurb_description\">\n<ul>\n<li><strong>D. GRACIANO AMADOR MA\u00daJO.<\/strong><span>\u00a0<\/span>EXCMO. COLEGIO OFICIAL DE GRADUADOS SOCIALES DE ASTURIAS<\/li>\n<\/ul>\n<\/div>\n<p>[\/et_pb_text][\/et_pb_column][et_pb_column type=\u00bb1_3&#8243; _builder_version=\u00bb4.16&#8243; custom_padding=\u00bb2%|2%|2%|2%|true|true\u00bb border_radii=\u00bbon|20px|20px|20px|20px\u00bb border_color_all=\u00bb#07867f\u00bb border_width_top=\u00bb20px\u00bb box_shadow_style=\u00bbpreset1&#8243; box_shadow_blur=\u00bb70px\u00bb box_shadow_color=\u00bbrgba(110,130,208,0.18)\u00bb global_colors_info=\u00bb{}\u00bb custom_padding__hover=\u00bb|||\u00bb][et_pb_video src=\u00bbhttps:\/\/www.youtube.com\/watch?v=eHoPFQNxHn4&#8243; image_src=\u00bbhttps:\/\/www.unioviedo.es\/foro_empleo\/wp-content\/uploads\/2022\/11\/Captura-de-Pantalla-2022-11-17-a-las-10.33.55.jpg\u00bb play_icon_color=\u00bb#f0b800&#8243; thumbnail_overlay_color=\u00bbrgba(0,0,0,0.6)\u00bb _builder_version=\u00bb4.18.0&#8243; _module_preset=\u00bbdefault\u00bb global_colors_info=\u00bb{}\u00bb][\/et_pb_video][et_pb_text _builder_version=\u00bb4.18.0&#8243; _module_preset=\u00bbdefault\u00bb text_text_color=\u00bb#07867f\u00bb global_colors_info=\u00bb{}\u00bb]<\/p>\n<p>SALA TALENT<\/p>\n<p>[\/et_pb_text][et_pb_text _builder_version=\u00bb4.18.0&#8243; _module_preset=\u00bbdefault\u00bb header_2_font=\u00bbRoboto|700|||||||\u00bb header_2_font_size=\u00bb16px\u00bb header_2_line_height=\u00bb1.2em\u00bb global_colors_info=\u00bb{}\u00bb]<\/p>\n<h2 class=\"et_pb_module_header\"><span>MASTERCLASS ALCAMPO \u201cSE BUSCA \u201cRESPONSABLES DE COMERCIO\u201d<\/span><\/h2>\n<div class=\"et_pb_blurb_description\">\n<ul>\n<li><strong>D. JOS\u00c9 MANUEL CHAMOSO<\/strong>. RESPONSABLE DE RECURSOS HUMANOS ALCAMPO NAL\u00d3N<\/li>\n<li><strong>D. EDUARDO DEL VALLE.<\/strong><span>\u00a0<\/span>DEPARTAMENTO DE ADMINISTRACI\u00d3N DE EMPRESAS. UNIVERSIDAD DE OVIEDO<\/li>\n<\/ul>\n<\/div>\n<p>[\/et_pb_text][\/et_pb_column][et_pb_column type=\u00bb1_3&#8243; _builder_version=\u00bb4.16&#8243; custom_padding=\u00bb2%|2%|2%|2%|true|true\u00bb border_radii=\u00bbon|20px|20px|20px|20px\u00bb border_color_all=\u00bb#07867f\u00bb border_width_top=\u00bb20px\u00bb box_shadow_style=\u00bbpreset1&#8243; box_shadow_blur=\u00bb70px\u00bb box_shadow_color=\u00bbrgba(110,130,208,0.18)\u00bb global_colors_info=\u00bb{}\u00bb custom_padding__hover=\u00bb|||\u00bb][et_pb_video src=\u00bbhttps:\/\/www.youtube.com\/watch?v=Ly6cClp80Sw\u00bb image_src=\u00bbhttps:\/\/www.unioviedo.es\/foro_empleo\/wp-content\/uploads\/2022\/11\/Captura-de-Pantalla-2022-11-17-a-las-10.47.54.jpg\u00bb play_icon_color=\u00bb#f0b800&#8243; thumbnail_overlay_color=\u00bbrgba(0,0,0,0.6)\u00bb _builder_version=\u00bb4.18.0&#8243; _module_preset=\u00bbdefault\u00bb global_colors_info=\u00bb{}\u00bb][\/et_pb_video][et_pb_text _builder_version=\u00bb4.18.0&#8243; _module_preset=\u00bbdefault\u00bb text_text_color=\u00bb#07867f\u00bb global_colors_info=\u00bb{}\u00bb]<\/p>\n<p>SALA TALENT<\/p>\n<p>[\/et_pb_text][et_pb_text _builder_version=\u00bb4.18.0&#8243; _module_preset=\u00bbdefault\u00bb header_2_font=\u00bbRoboto|700|||||||\u00bb header_2_font_size=\u00bb16px\u00bb header_2_line_height=\u00bb1.2em\u00bb global_colors_info=\u00bb{}\u00bb]<\/p>\n<h2 class=\"et_pb_module_header\"><span>MASTERCLASS DXC \u201cDESARROLLO DE SOFTWARE A DOS VELOCIDADES: HACIA UN MODELO AUTOMATIZADO\u201d<\/span><\/h2>\n<div class=\"et_pb_blurb_description\">\n<ul>\n<li><strong>D. ENRIQUE RIESGO.<\/strong><span>\u00a0<\/span>ASSURE PLATFORM PRODUCT MANAGER. DXC TECHNOLOGY<\/li>\n<li><strong>D. PABLO CASTA\u00d1O.<\/strong><span>\u00a0<\/span>ASSURE PLATFORM AUTOMATION LEAD. DXC TECHNOLOGY<\/li>\n<li><strong>D.\u00aa ANA SU\u00c1REZ.<\/strong><span>\u00a0<\/span>UNIVERSIDAD DE OVIEDO<\/li>\n<\/ul>\n<\/div>\n<p>[\/et_pb_text][\/et_pb_column][\/et_pb_row][et_pb_row column_structure=\u00bb1_3,1_3,1_3&#8243; use_custom_gutter=\u00bbon\u00bb gutter_width=\u00bb2&#8243; _builder_version=\u00bb4.18.0&#8243; background_color=\u00bb#ffffff\u00bb max_width=\u00bb1440px\u00bb custom_padding=\u00bb27px|0px|0|0px|false|false\u00bb use_custom_width=\u00bbon\u00bb custom_width_px=\u00bb1440px\u00bb global_colors_info=\u00bb{}\u00bb][et_pb_column type=\u00bb1_3&#8243; _builder_version=\u00bb4.16&#8243; custom_padding=\u00bb2%|2%|2%|2%|true|true\u00bb border_radii=\u00bbon|20px|20px|20px|20px\u00bb border_color_all=\u00bb#07867f\u00bb border_width_top=\u00bb20px\u00bb box_shadow_style=\u00bbpreset1&#8243; box_shadow_blur=\u00bb70px\u00bb box_shadow_color=\u00bbrgba(110,130,208,0.18)\u00bb global_colors_info=\u00bb{}\u00bb custom_padding__hover=\u00bb|||\u00bb][et_pb_video src=\u00bbhttps:\/\/www.youtube.com\/watch?v=TvY3jMllxMA\u00bb image_src=\u00bbhttps:\/\/www.unioviedo.es\/foro_empleo\/wp-content\/uploads\/2022\/11\/Captura-de-Pantalla-2022-11-17-a-las-10.46.14.jpg\u00bb play_icon_color=\u00bb#f0b800&#8243; thumbnail_overlay_color=\u00bbrgba(0,0,0,0.6)\u00bb _builder_version=\u00bb4.18.0&#8243; _module_preset=\u00bbdefault\u00bb global_colors_info=\u00bb{}\u00bb][\/et_pb_video][et_pb_text _builder_version=\u00bb4.18.0&#8243; _module_preset=\u00bbdefault\u00bb text_text_color=\u00bb#07867f\u00bb global_colors_info=\u00bb{}\u00bb]<\/p>\n<p>SALA TALENT<\/p>\n<p>[\/et_pb_text][et_pb_text _builder_version=\u00bb4.18.0&#8243; _module_preset=\u00bbdefault\u00bb header_2_font=\u00bbRoboto|700|||||||\u00bb header_2_font_size=\u00bb16px\u00bb header_2_line_height=\u00bb1.2em\u00bb header_4_font=\u00bbRoboto|700|||||||\u00bb header_4_font_size=\u00bb16px\u00bb global_colors_info=\u00bb{}\u00bb]<\/p>\n<h2 class=\"et_pb_module_header\"><span>MASTERCLASS SAINT-GOBAIN \u201cLA IMPORTANCIA DE LA AUTOMATIZACI\u00d3N DE LA RECOGIDA DE DATOS EN LA MEJORA DE LA INDUSTRIA\u201d<\/span><\/h2>\n<div class=\"et_pb_blurb_description\">\n<ul>\n<li><strong>D.\u00aa LAURA TORAL.<\/strong><span>\u00a0<\/span>COORDINADORA DE WCM (WORLD CLASS MANUFACTURING). SAINT-GOBAIN GLASS<\/li>\n<li><strong>D. DAVID P\u00c9REZ.<\/strong><span>\u00a0<\/span>RESPONSABLE DE IT. SAINT-GOBAIN GLASS<\/li>\n<li><strong>D. FELIPE MATEOS<\/strong>. DEPARTAMENTO DE INGENIER\u00cdA EL\u00c9CTRICA, ELECTR\u00d3NICA, DE COMUNICACIONES Y DE SISTEMAS. UNIVERSIDAD DE OVIEDO<\/li>\n<\/ul>\n<\/div>\n<p>[\/et_pb_text][\/et_pb_column][et_pb_column type=\u00bb1_3&#8243; _builder_version=\u00bb4.16&#8243; custom_padding=\u00bb2%|2%|2%|2%|true|true\u00bb border_radii=\u00bbon|20px|20px|20px|20px\u00bb border_color_all=\u00bb#07867f\u00bb border_width_top=\u00bb20px\u00bb box_shadow_style=\u00bbpreset1&#8243; box_shadow_blur=\u00bb70px\u00bb box_shadow_color=\u00bbrgba(110,130,208,0.18)\u00bb global_colors_info=\u00bb{}\u00bb custom_padding__hover=\u00bb|||\u00bb][et_pb_video src=\u00bbhttps:\/\/www.youtube.com\/watch?v=_sHnmyKuj3Q\u00bb image_src=\u00bbhttps:\/\/www.unioviedo.es\/foro_empleo\/wp-content\/uploads\/2022\/11\/Captura-de-Pantalla-2022-11-17-a-las-11.25.49.jpg\u00bb play_icon_color=\u00bb#f0b800&#8243; thumbnail_overlay_color=\u00bbrgba(0,0,0,0.6)\u00bb _builder_version=\u00bb4.18.0&#8243; _module_preset=\u00bbdefault\u00bb global_colors_info=\u00bb{}\u00bb][\/et_pb_video][et_pb_text _builder_version=\u00bb4.18.0&#8243; _module_preset=\u00bbdefault\u00bb text_text_color=\u00bb#07867f\u00bb global_colors_info=\u00bb{}\u00bb]<\/p>\n<p>SALA TALENT<\/p>\n<p>[\/et_pb_text][et_pb_text _builder_version=\u00bb4.18.0&#8243; _module_preset=\u00bbdefault\u00bb header_2_font=\u00bbRoboto|700|||||||\u00bb header_2_font_size=\u00bb16px\u00bb header_2_line_height=\u00bb1.2em\u00bb header_3_font=\u00bbRoboto|700|||||||\u00bb header_3_font_size=\u00bb16px\u00bb header_4_font=\u00bbRoboto|700|||||||\u00bb header_4_font_size=\u00bb16px\u00bb global_colors_info=\u00bb{}\u00bb]<\/p>\n<h2 class=\"et_pb_module_header\"><span>MASTERCLASS ARCELORMITTAL \u201cARCELORMITTAL REINVENTA LA SIDERURGIA\u201d<\/span><\/h2>\n<div class=\"et_pb_blurb_description\">\n<ul>\n<li><strong>D. IGNACIO BAQUET<\/strong>. RESPONSABLE DE DESCARBONIZACI\u00d3N. ARCELORMITTAL. ASTURIAS<\/li>\n<li><strong>D.\u00aa BEGO\u00d1A FERN\u00c1NDEZ.<\/strong><span>\u00a0<\/span>DEPARTAMENTO DE CIENCIA DE LOS MATERIALES E INGENIER\u00cdA METAL\u00daRGICA. UNIVERSIDAD DE OVIEDO<\/li>\n<\/ul>\n<\/div>\n<p>[\/et_pb_text][\/et_pb_column][et_pb_column type=\u00bb1_3&#8243; _builder_version=\u00bb4.16&#8243; custom_padding=\u00bb2%|2%|2%|2%|true|true\u00bb border_radii=\u00bbon|20px|20px|20px|20px\u00bb border_color_all=\u00bb#07867f\u00bb border_width_top=\u00bb20px\u00bb box_shadow_style=\u00bbpreset1&#8243; box_shadow_blur=\u00bb70px\u00bb box_shadow_color=\u00bbrgba(110,130,208,0.18)\u00bb global_colors_info=\u00bb{}\u00bb custom_padding__hover=\u00bb|||\u00bb][et_pb_video src=\u00bbhttps:\/\/www.youtube.com\/watch?v=rgFrNIhNmLU\u00bb image_src=\u00bbhttps:\/\/www.unioviedo.es\/foro_empleo\/wp-content\/uploads\/2022\/11\/Captura-de-Pantalla-2022-11-17-a-las-11.25.57.jpg\u00bb play_icon_color=\u00bb#f0b800&#8243; thumbnail_overlay_color=\u00bbrgba(0,0,0,0.6)\u00bb _builder_version=\u00bb4.18.0&#8243; _module_preset=\u00bbdefault\u00bb hover_enabled=\u00bb0&#8243; global_colors_info=\u00bb{}\u00bb sticky_enabled=\u00bb0&#8243;][\/et_pb_video][et_pb_text _builder_version=\u00bb4.18.0&#8243; _module_preset=\u00bbdefault\u00bb text_text_color=\u00bb#07867f\u00bb global_colors_info=\u00bb{}\u00bb]<\/p>\n<p>SALA TALENT<\/p>\n<p>[\/et_pb_text][et_pb_text _builder_version=\u00bb4.18.0&#8243; _module_preset=\u00bbdefault\u00bb header_2_font=\u00bbRoboto|700|||||||\u00bb header_2_font_size=\u00bb16px\u00bb header_2_line_height=\u00bb1.2em\u00bb header_4_font=\u00bbRoboto|700|||||||\u00bb header_4_font_size=\u00bb16px\u00bb global_colors_info=\u00bb{}\u00bb]<\/p>\n<h2 class=\"et_pb_module_header\"><span>MASTERCLASS ALISYS DIGITAL \u201cEL MA\u00d1ANA DE LA ROB\u00d3TICA VIRTUAL, SOCIAL Y DIN\u00c1MICA\u201d<\/span><\/h2>\n<div class=\"et_pb_blurb_description\">\n<ul>\n<li><strong>D. JONATHAN MORTES.<span>\u00a0<\/span><\/strong>JEFE T\u00c9CNICO DE ROB\u00d3TICA SOCIOSANITARIA. ALISYS DIGITAL.<\/li>\n<li><strong>D. CRISTIAN GONZ\u00c1LEZ.<\/strong><span>\u00a0<\/span>DEPARTAMENTO DE INFORM\u00c1TICA. UNIVERSIDAD DE OVIEDO<\/li>\n<\/ul>\n<\/div>\n<p>[\/et_pb_text][\/et_pb_column][\/et_pb_row][et_pb_row column_structure=\u00bb1_3,1_3,1_3&#8243; use_custom_gutter=\u00bbon\u00bb gutter_width=\u00bb2&#8243; _builder_version=\u00bb4.18.0&#8243; background_color=\u00bb#ffffff\u00bb max_width=\u00bb1440px\u00bb custom_padding=\u00bb27px|0px|0|0px|false|false\u00bb use_custom_width=\u00bbon\u00bb custom_width_px=\u00bb1440px\u00bb global_colors_info=\u00bb{}\u00bb][et_pb_column type=\u00bb1_3&#8243; _builder_version=\u00bb4.16&#8243; custom_padding=\u00bb2%|2%|2%|2%|true|true\u00bb border_radii=\u00bbon|20px|20px|20px|20px\u00bb border_color_all=\u00bb#07867f\u00bb border_width_top=\u00bb20px\u00bb box_shadow_style=\u00bbpreset1&#8243; box_shadow_blur=\u00bb70px\u00bb box_shadow_color=\u00bbrgba(110,130,208,0.18)\u00bb global_colors_info=\u00bb{}\u00bb custom_padding__hover=\u00bb|||\u00bb][et_pb_video src=\u00bbhttps:\/\/www.youtube.com\/watch?v=NZqDudqCpno\u00bb image_src=\u00bbhttps:\/\/www.unioviedo.es\/foro_empleo\/wp-content\/uploads\/2022\/11\/Captura-de-Pantalla-2022-11-17-a-las-11.26.07.jpg\u00bb play_icon_color=\u00bb#f0b800&#8243; thumbnail_overlay_color=\u00bbrgba(0,0,0,0.6)\u00bb _builder_version=\u00bb4.18.0&#8243; _module_preset=\u00bbdefault\u00bb global_colors_info=\u00bb{}\u00bb][\/et_pb_video][et_pb_text _builder_version=\u00bb4.18.0&#8243; _module_preset=\u00bbdefault\u00bb text_text_color=\u00bb#07867f\u00bb global_colors_info=\u00bb{}\u00bb]<\/p>\n<p>SALA TALENT<\/p>\n<p>[\/et_pb_text][et_pb_text _builder_version=\u00bb4.18.0&#8243; _module_preset=\u00bbdefault\u00bb header_2_font=\u00bbRoboto|700|||||||\u00bb header_2_font_size=\u00bb16px\u00bb header_2_line_height=\u00bb1.2em\u00bb header_4_font=\u00bbRoboto|700|||||||\u00bb header_4_font_size=\u00bb16px\u00bb global_colors_info=\u00bb{}\u00bb]<\/p>\n<h4 class=\"et_pb_module_header\"><span>MASTERCLASS INDRA \u201cLOS RETOS DE LA GESTI\u00d3N DEL TR\u00c1FICO A\u00c9REO EN EUROPA EN LA ERA POST-COVID\u201d<\/span><\/h4>\n<div class=\"et_pb_blurb_description\">\n<ul>\n<li><strong>D. PABLO BERNAL.<span>\u00a0<\/span><\/strong>DIRECTOR DEL \u00c1REA DE INGENIER\u00cdA DE SISTEMAS Y PRUEBAS ATM. INDRA<\/li>\n<li><strong>D. JAVIER TUYA.<\/strong><span>\u00a0<\/span>DEPARTAMENTO DE INFORM\u00c1TICA. UNIVERSIDAD DE OVIEDO<\/li>\n<\/ul>\n<\/div>\n<p>[\/et_pb_text][\/et_pb_column][et_pb_column type=\u00bb1_3&#8243; _builder_version=\u00bb4.16&#8243; custom_padding=\u00bb2%|2%|2%|2%|true|true\u00bb border_radii=\u00bbon|20px|20px|20px|20px\u00bb border_color_all=\u00bb#07867f\u00bb border_width_top=\u00bb20px\u00bb box_shadow_style=\u00bbpreset1&#8243; box_shadow_blur=\u00bb70px\u00bb box_shadow_color=\u00bbrgba(110,130,208,0.18)\u00bb global_colors_info=\u00bb{}\u00bb custom_padding__hover=\u00bb|||\u00bb][et_pb_video src=\u00bbhttps:\/\/www.youtube.com\/watch?v=bzrGXgpFFdo\u00bb image_src=\u00bbhttps:\/\/www.unioviedo.es\/foro_empleo\/wp-content\/uploads\/2022\/11\/Captura-de-Pantalla-2022-11-17-a-las-11.26.15.jpg\u00bb play_icon_color=\u00bb#f0b800&#8243; thumbnail_overlay_color=\u00bbrgba(0,0,0,0.6)\u00bb _builder_version=\u00bb4.18.0&#8243; _module_preset=\u00bbdefault\u00bb global_colors_info=\u00bb{}\u00bb][\/et_pb_video][et_pb_text _builder_version=\u00bb4.18.0&#8243; _module_preset=\u00bbdefault\u00bb text_text_color=\u00bb#07867f\u00bb global_colors_info=\u00bb{}\u00bb]<\/p>\n<p>SALA TALENT<\/p>\n<p>[\/et_pb_text][et_pb_text _builder_version=\u00bb4.18.0&#8243; _module_preset=\u00bbdefault\u00bb header_2_font=\u00bbRoboto|700|||||||\u00bb header_2_font_size=\u00bb16px\u00bb header_2_line_height=\u00bb1.2em\u00bb header_3_font=\u00bbRoboto|700|||||||\u00bb header_3_font_size=\u00bb16px\u00bb header_4_font=\u00bbRoboto|700|||||||\u00bb header_4_font_size=\u00bb16px\u00bb global_colors_info=\u00bb{}\u00bb]<\/p>\n<h4 class=\"et_pb_module_header\"><span>TALLER \u201cC\u00d3MO AFRONTAR UNA ENTREVISTA DE TRABAJO\u201d<\/span><\/h4>\n<div class=\"et_pb_blurb_description\">\n<ul>\n<li><strong>D. GUILLERMO D\u00cdAZ.<\/strong><span>\u00a0<\/span>SECOT ASTURIAS<\/li>\n<li><strong>D. FERNANDO L\u00d3PEZ.<\/strong><span>\u00a0<\/span>SECOT ASTURIAS<\/li>\n<\/ul>\n<\/div>\n<p>[\/et_pb_text][\/et_pb_column][et_pb_column type=\u00bb1_3&#8243; _builder_version=\u00bb4.16&#8243; custom_padding=\u00bb2%|2%|2%|2%|true|true\u00bb border_radii=\u00bbon|20px|20px|20px|20px\u00bb border_color_all=\u00bb#07867f\u00bb border_width_top=\u00bb20px\u00bb box_shadow_style=\u00bbpreset1&#8243; box_shadow_blur=\u00bb70px\u00bb box_shadow_color=\u00bbrgba(110,130,208,0.18)\u00bb global_colors_info=\u00bb{}\u00bb custom_padding__hover=\u00bb|||\u00bb][et_pb_video src=\u00bbhttps:\/\/www.youtube.com\/watch?v=yJ6mCNLiFQk\u00bb image_src=\u00bbhttps:\/\/www.unioviedo.es\/foro_empleo\/wp-content\/uploads\/2022\/11\/Captura-de-Pantalla-2022-11-17-a-las-11.26.24.jpg\u00bb play_icon_color=\u00bb#f0b800&#8243; thumbnail_overlay_color=\u00bbrgba(0,0,0,0.6)\u00bb _builder_version=\u00bb4.18.0&#8243; _module_preset=\u00bbdefault\u00bb global_colors_info=\u00bb{}\u00bb][\/et_pb_video][et_pb_text _builder_version=\u00bb4.18.0&#8243; _module_preset=\u00bbdefault\u00bb text_text_color=\u00bb#07867f\u00bb global_colors_info=\u00bb{}\u00bb]<\/p>\n<p>SALA TALENT<\/p>\n<p>[\/et_pb_text][et_pb_text _builder_version=\u00bb4.18.0&#8243; _module_preset=\u00bbdefault\u00bb header_2_font=\u00bbRoboto|700|||||||\u00bb header_2_font_size=\u00bb16px\u00bb header_2_line_height=\u00bb1.2em\u00bb header_4_font=\u00bbRoboto|700|||||||\u00bb header_4_font_size=\u00bb16px\u00bb global_colors_info=\u00bb{}\u00bb]<\/p>\n<h4 class=\"et_pb_module_header\"><span>MASTERCLASS CORTEVA \u201cOPTIMIZACI\u00d3N DE PROCESOS QU\u00cdMICOS: UNA HISTORIA REAL DE \u00c9XITO\u201d<\/span><\/h4>\n<div class=\"et_pb_blurb_description\">\n<ul>\n<li><strong>D.\u00aa MARINA \u00c1LVAREZ.<\/strong><span>\u00a0<\/span>L\u00cdDER DE OPERACIONES DE PRODUCCI\u00d3N. CORTEVA AGRISCIENCE<\/li>\n<li><strong>D.\u00aa PAULA GAY.<\/strong><span>\u00a0<\/span>INGENIERA DE PROCESOS. CORTEVA AGRISCIENCE<\/li>\n<li><strong>D.\u00aa SUSANA LUQUE.<\/strong><span>\u00a0<\/span>DEPARTAMENTO DE INGENIER\u00cdA QU\u00cdMICA Y TECNOLOG\u00cdA DEL MEDIO AMBIENTE. UNIVERSIDAD DE OVIEDO<\/li>\n<\/ul>\n<\/div>\n<p>[\/et_pb_text][\/et_pb_column][\/et_pb_row][et_pb_row column_structure=\u00bb1_3,1_3,1_3&#8243; use_custom_gutter=\u00bbon\u00bb gutter_width=\u00bb2&#8243; _builder_version=\u00bb4.18.0&#8243; background_color=\u00bb#ffffff\u00bb max_width=\u00bb1440px\u00bb custom_padding=\u00bb27px|0px|0|0px|false|false\u00bb use_custom_width=\u00bbon\u00bb custom_width_px=\u00bb1440px\u00bb global_colors_info=\u00bb{}\u00bb][et_pb_column type=\u00bb1_3&#8243; _builder_version=\u00bb4.16&#8243; custom_padding=\u00bb2%|2%|2%|2%|true|true\u00bb border_radii=\u00bbon|20px|20px|20px|20px\u00bb border_color_all=\u00bb#07867f\u00bb border_width_top=\u00bb20px\u00bb box_shadow_style=\u00bbpreset1&#8243; box_shadow_blur=\u00bb70px\u00bb box_shadow_color=\u00bbrgba(110,130,208,0.18)\u00bb global_colors_info=\u00bb{}\u00bb custom_padding__hover=\u00bb|||\u00bb][et_pb_video src=\u00bbhttps:\/\/www.youtube.com\/watch?v=qr8CIVnxkKg\u00bb image_src=\u00bbhttps:\/\/www.unioviedo.es\/foro_empleo\/wp-content\/uploads\/2022\/11\/Captura-de-Pantalla-2022-11-17-a-las-11.26.34.jpg\u00bb play_icon_color=\u00bb#f0b800&#8243; thumbnail_overlay_color=\u00bbrgba(0,0,0,0.6)\u00bb _builder_version=\u00bb4.18.0&#8243; _module_preset=\u00bbdefault\u00bb global_colors_info=\u00bb{}\u00bb][\/et_pb_video][et_pb_text _builder_version=\u00bb4.18.0&#8243; _module_preset=\u00bbdefault\u00bb text_text_color=\u00bb#07867f\u00bb global_colors_info=\u00bb{}\u00bb]<\/p>\n<p>SALA TALENT<\/p>\n<p>[\/et_pb_text][et_pb_text _builder_version=\u00bb4.18.0&#8243; _module_preset=\u00bbdefault\u00bb header_2_font=\u00bbRoboto|700|||||||\u00bb header_2_font_size=\u00bb16px\u00bb header_2_line_height=\u00bb1.2em\u00bb header_4_font=\u00bbRoboto|700|||||||\u00bb header_4_font_size=\u00bb16px\u00bb global_colors_info=\u00bb{}\u00bb]<\/p>\n<h4 class=\"et_pb_module_header\"><span>MASTERCLASS INSERTA EMPLEO \u201cPARTICIPA EN M\u00c1S PROCESOS DE SELECCI\u00d3N HACIENDO TU CV ACCESIBLE\u201d<\/span><\/h4>\n<div class=\"et_pb_blurb_description\">\n<ul>\n<li><strong>D. MARCELINO GONZALEZ.<\/strong><span>\u00a0<\/span>MENTOR Y DINAMIZADOR DE EMPRENDIMIENTO. INSERTA EMPLEO ASTURIAS<\/li>\n<li><strong>D. RAMIRO MART\u00cdS.<\/strong><span>\u00a0<\/span>DEPARTAMENTO DE CIENCIAS DE LA EDUCACI\u00d3N. UNIVERSIDAD DE OVIEDO<\/li>\n<li><strong>D. JOAQU\u00cdN LORENZO.<\/strong><span>\u00a0<\/span>DEPARTAMENTO DE CIENCIAS DE LA EDUCACI\u00d3N. UNIVERSIDAD DE OVIEDO<\/li>\n<\/ul>\n<\/div>\n<p>[\/et_pb_text][\/et_pb_column][et_pb_column type=\u00bb1_3&#8243; _builder_version=\u00bb4.16&#8243; custom_padding=\u00bb2%|2%|2%|2%|true|true\u00bb border_radii=\u00bbon|20px|20px|20px|20px\u00bb border_color_all=\u00bb#07867f\u00bb border_width_top=\u00bb20px\u00bb box_shadow_style=\u00bbpreset1&#8243; box_shadow_blur=\u00bb70px\u00bb box_shadow_color=\u00bbrgba(110,130,208,0.18)\u00bb global_colors_info=\u00bb{}\u00bb custom_padding__hover=\u00bb|||\u00bb][et_pb_video src=\u00bbhttps:\/\/www.youtube.com\/watch?v=3NOLWg_9Vok\u00bb image_src=\u00bbhttps:\/\/www.unioviedo.es\/foro_empleo\/wp-content\/uploads\/2022\/11\/Captura-de-Pantalla-2022-11-17-a-las-11.26.43.jpg\u00bb play_icon_color=\u00bb#f0b800&#8243; thumbnail_overlay_color=\u00bbrgba(0,0,0,0.6)\u00bb _builder_version=\u00bb4.18.0&#8243; _module_preset=\u00bbdefault\u00bb global_colors_info=\u00bb{}\u00bb][\/et_pb_video][et_pb_text _builder_version=\u00bb4.18.0&#8243; _module_preset=\u00bbdefault\u00bb text_text_color=\u00bb#07867f\u00bb global_colors_info=\u00bb{}\u00bb]<\/p>\n<p>SALA TALENT<\/p>\n<p>[\/et_pb_text][et_pb_text _builder_version=\u00bb4.18.0&#8243; _module_preset=\u00bbdefault\u00bb header_2_font=\u00bbRoboto|700|||||||\u00bb header_2_font_size=\u00bb16px\u00bb header_2_line_height=\u00bb1.2em\u00bb header_3_font=\u00bbRoboto|700|||||||\u00bb header_3_font_size=\u00bb16px\u00bb header_4_font=\u00bbRoboto|700|||||||\u00bb header_4_font_size=\u00bb16px\u00bb global_colors_info=\u00bb{}\u00bb]<\/p>\n<h4 class=\"et_pb_module_header\"><span>MASTERCLASS MERKLE \u201cL&#8217;OREAL SABE QUE QUIERES PROBAR SU \u00daLTIMA M\u00c1SCARA DE PESTA\u00d1AS\u201d<\/span><\/h4>\n<div class=\"et_pb_blurb_description\">\n<ul>\n<li><strong>D.\u00aa JANA \u00c1LVAREZ.<\/strong><span>\u00a0<\/span>DATA &amp; TECH LEAD. MERKLE SPAIN<\/li>\n<li><strong>D. JUAN JOS\u00c9 DEL COZ.<\/strong><span>\u00a0<\/span>DEPARTAMENTO DE INFORM\u00c1TICA. UNIVERSIDAD DE OVIEDO<\/li>\n<li><strong>D. V\u00cdCTOR IGLESIAS.<\/strong><span>\u00a0<\/span>DEPARTAMENTO DE ADMINISTRACI\u00d3N DE EMPRESAS. UNIVERSIDAD DE OVIEDO<\/li>\n<\/ul>\n<\/div>\n<p>[\/et_pb_text][\/et_pb_column][et_pb_column type=\u00bb1_3&#8243; _builder_version=\u00bb4.18.0&#8243; custom_padding=\u00bb2%|2%|2%|2%|true|true\u00bb border_radii=\u00bbon|20px|20px|20px|20px\u00bb border_color_all=\u00bb#07867f\u00bb global_colors_info=\u00bb{}\u00bb custom_padding__hover=\u00bb|||\u00bb][\/et_pb_column][\/et_pb_row][\/et_pb_section][et_pb_section fb_built=\u00bb1&#8243; admin_label=\u00bbServices\u00bb module_id=\u00bbsalauo\u00bb _builder_version=\u00bb4.18.0&#8243; custom_padding=\u00bb50px|0px|80px|0px|false|false\u00bb da_popup_slug=\u00bbsalauo\u00bb da_disable_devices=\u00bboff|off|off\u00bb global_colors_info=\u00bb{}\u00bb da_is_popup=\u00bboff\u00bb da_exit_intent=\u00bboff\u00bb da_has_close=\u00bbon\u00bb da_alt_close=\u00bboff\u00bb da_dark_close=\u00bboff\u00bb da_not_modal=\u00bbon\u00bb da_is_singular=\u00bboff\u00bb da_with_loader=\u00bboff\u00bb da_has_shadow=\u00bbon\u00bb][et_pb_row column_structure=\u00bb1_3,1_3,1_3&#8243; use_custom_gutter=\u00bbon\u00bb gutter_width=\u00bb2&#8243; _builder_version=\u00bb4.18.0&#8243; background_color=\u00bb#ffffff\u00bb max_width=\u00bb1440px\u00bb custom_padding=\u00bb27px|0px|0|0px|false|false\u00bb use_custom_width=\u00bbon\u00bb custom_width_px=\u00bb1440px\u00bb global_colors_info=\u00bb{}\u00bb][et_pb_column type=\u00bb1_3&#8243; _builder_version=\u00bb4.16&#8243; custom_padding=\u00bb2%|2%|2%|2%|true|true\u00bb border_radii=\u00bbon|20px|20px|20px|20px\u00bb border_color_all=\u00bb#07867f\u00bb border_width_top=\u00bb20px\u00bb box_shadow_style=\u00bbpreset1&#8243; box_shadow_blur=\u00bb70px\u00bb box_shadow_color=\u00bbrgba(110,130,208,0.18)\u00bb global_colors_info=\u00bb{}\u00bb custom_padding__hover=\u00bb|||\u00bb][et_pb_video src=\u00bbhttps:\/\/www.youtube.com\/watch?v=83_1C3nu6Gg\u00bb image_src=\u00bbhttps:\/\/www.unioviedo.es\/foro_empleo\/wp-content\/uploads\/2022\/11\/Captura-de-Pantalla-2022-11-17-a-las-12.42.30.jpg\u00bb play_icon_color=\u00bb#f0b800&#8243; thumbnail_overlay_color=\u00bbrgba(0,0,0,0.6)\u00bb _builder_version=\u00bb4.18.0&#8243; _module_preset=\u00bbdefault\u00bb global_colors_info=\u00bb{}\u00bb][\/et_pb_video][et_pb_text _builder_version=\u00bb4.18.0&#8243; _module_preset=\u00bbdefault\u00bb text_text_color=\u00bb#07867f\u00bb global_colors_info=\u00bb{}\u00bb]<\/p>\n<p>SALA UO<\/p>\n<p>[\/et_pb_text][et_pb_text _builder_version=\u00bb4.18.0&#8243; _module_preset=\u00bbdefault\u00bb header_2_font=\u00bbRoboto|700|||||||\u00bb header_2_font_size=\u00bb16px\u00bb header_2_line_height=\u00bb1.2em\u00bb header_4_font=\u00bbRoboto|700|||||||\u00bb header_4_font_size=\u00bb16px\u00bb global_colors_info=\u00bb{}\u00bb]<\/p>\n<h4 class=\"et_pb_module_header\"><span>CONFERENCIA \u201cOPORTUNIDADES DE EMPLEO P\u00daBLICO EN LA ADMINISTRACI\u00d3N DEL PRINCIPADO DE ASTURIAS\u201d<\/span><\/h4>\n<div class=\"et_pb_blurb_description\">\n<ul>\n<li><strong>D. MIGUEL \u00c1NGEL RODR\u00cdGUEZ.<\/strong><span>\u00a0<\/span>DIRECTOR GENERAL DE LA FUNCI\u00d3N P\u00daBLICA<\/li>\n<li><strong>D. JOS\u00c9 RAM\u00d3N FERN\u00c1NDEZ.<\/strong><span>\u00a0<\/span>T\u00c9CNICO DEL SERVICIO DE ORDENACI\u00d3N DE RECURSOS HUMANOS<\/li>\n<li><strong>D.\u00aa MAR\u00cdA GONZ\u00c1LEZ.<\/strong><span>\u00a0<\/span>JEFA DEL SERVICIO DE SELECCI\u00d3N DEL PERSONAL DEL IAAP \u201cADOLFO POSADA\u201d<\/li>\n<\/ul>\n<p><em>Presenta:<span>\u00a0<\/span><strong>D.\u00aa Mar\u00eda Isabel \u00c1lvarez Vega.<\/strong><span>\u00a0<\/span>Departamento de Derecho Privado y de la Empresa. Universidad de Oviedo<\/em><\/p>\n<\/div>\n<p>[\/et_pb_text][\/et_pb_column][et_pb_column type=\u00bb1_3&#8243; _builder_version=\u00bb4.16&#8243; custom_padding=\u00bb2%|2%|2%|2%|true|true\u00bb border_radii=\u00bbon|20px|20px|20px|20px\u00bb border_color_all=\u00bb#07867f\u00bb border_width_top=\u00bb20px\u00bb box_shadow_style=\u00bbpreset1&#8243; box_shadow_blur=\u00bb70px\u00bb box_shadow_color=\u00bbrgba(110,130,208,0.18)\u00bb global_colors_info=\u00bb{}\u00bb custom_padding__hover=\u00bb|||\u00bb][et_pb_video src=\u00bbhttps:\/\/www.youtube.com\/watch?v=_IvrKSIk9oE\u00bb image_src=\u00bbhttps:\/\/www.unioviedo.es\/foro_empleo\/wp-content\/uploads\/2022\/11\/Captura-de-Pantalla-2022-11-17-a-las-12.42.39.jpg\u00bb play_icon_color=\u00bb#f0b800&#8243; thumbnail_overlay_color=\u00bbrgba(0,0,0,0.6)\u00bb _builder_version=\u00bb4.18.0&#8243; _module_preset=\u00bbdefault\u00bb global_colors_info=\u00bb{}\u00bb][\/et_pb_video][et_pb_text _builder_version=\u00bb4.18.0&#8243; _module_preset=\u00bbdefault\u00bb text_text_color=\u00bb#07867f\u00bb global_colors_info=\u00bb{}\u00bb]<\/p>\n<p>SALA UO<\/p>\n<p>[\/et_pb_text][et_pb_text _builder_version=\u00bb4.18.0&#8243; _module_preset=\u00bbdefault\u00bb header_2_font=\u00bbRoboto|700|||||||\u00bb header_2_font_size=\u00bb16px\u00bb header_2_line_height=\u00bb1.2em\u00bb header_3_font=\u00bbRoboto|700|||||||\u00bb header_3_font_size=\u00bb16px\u00bb header_4_font=\u00bbRoboto|700|||||||\u00bb header_4_font_size=\u00bb16px\u00bb global_colors_info=\u00bb{}\u00bb]<\/p>\n<h4 class=\"et_pb_module_header\"><span>MASTERCLASS SACYR FLUOR \u201cCAPACIDADES SACYR FLUOR (GNL) Y HABILIDADES PARA TRIUNFAR EN EMPRESAS DE INGENIER\u00cdA\u201d<\/span><\/h4>\n<div class=\"et_pb_blurb_description\">\n<ul>\n<li><strong>D. PAUL TULLEMANS<\/strong>. DIRECTOR DE INGENIER\u00cdA. SACYR FLUOR<\/li>\n<li><strong>D. ADELINO \u00c1LVAREZ.<\/strong><span>\u00a0<\/span>RESPONSABLE DE OFERTAS. SACYR FLUOR<\/li>\n<li><strong>D.\u00aa LUC\u00cdA BLANCO<\/strong>. DIRECTORA DE INGENIER\u00cdA CIVIL, ELECTRICIDAD E INSTRUMENTACI\u00d3N Y CONTROL. SACYR FLUOR<\/li>\n<li><strong>D. RAM\u00d3N RUBIO<\/strong>. DEPARTAMENTO DE CONSTRUCCI\u00d3N E INGENIER\u00cdA DE FABRICACI\u00d3N. UNIVERSIDAD DE OVIEDO<\/li>\n<\/ul>\n<\/div>\n<p>[\/et_pb_text][\/et_pb_column][et_pb_column type=\u00bb1_3&#8243; _builder_version=\u00bb4.16&#8243; custom_padding=\u00bb2%|2%|2%|2%|true|true\u00bb border_radii=\u00bbon|20px|20px|20px|20px\u00bb border_color_all=\u00bb#07867f\u00bb border_width_top=\u00bb20px\u00bb box_shadow_style=\u00bbpreset1&#8243; box_shadow_blur=\u00bb70px\u00bb box_shadow_color=\u00bbrgba(110,130,208,0.18)\u00bb global_colors_info=\u00bb{}\u00bb custom_padding__hover=\u00bb|||\u00bb][et_pb_video src=\u00bbhttps:\/\/www.youtube.com\/watch?v=a7hghJYax2A\u00bb image_src=\u00bbhttps:\/\/www.unioviedo.es\/foro_empleo\/wp-content\/uploads\/2022\/11\/Captura-de-Pantalla-2022-11-17-a-las-12.42.49.jpg\u00bb play_icon_color=\u00bb#f0b800&#8243; thumbnail_overlay_color=\u00bbrgba(0,0,0,0.6)\u00bb _builder_version=\u00bb4.18.0&#8243; _module_preset=\u00bbdefault\u00bb global_colors_info=\u00bb{}\u00bb][\/et_pb_video][et_pb_text _builder_version=\u00bb4.18.0&#8243; _module_preset=\u00bbdefault\u00bb text_text_color=\u00bb#07867f\u00bb global_colors_info=\u00bb{}\u00bb]<\/p>\n<p>SALA UO<\/p>\n<p>[\/et_pb_text][et_pb_text _builder_version=\u00bb4.18.0&#8243; _module_preset=\u00bbdefault\u00bb header_2_font=\u00bbRoboto|700|||||||\u00bb header_2_font_size=\u00bb16px\u00bb header_2_line_height=\u00bb1.2em\u00bb header_4_font=\u00bbRoboto|700|||||||\u00bb header_4_font_size=\u00bb16px\u00bb global_colors_info=\u00bb{}\u00bb]<\/p>\n<h4 class=\"et_pb_module_header\"><span>MASTERCLASS EUROFIRMS GROUP \u201cLAS TENDENCIAS DE EMPLEO EN LA NUEVA ECONOM\u00cdA-OPORTUNIDADES Y RETOS DEL SECTOR\u201d<\/span><\/h4>\n<div class=\"et_pb_blurb_description\">\n<ul>\n<li><strong>D. RA\u00daL S\u00c1NCHEZ.<span>\u00a0<\/span><\/strong>COUNTRY LEADER SPAIN. EUROFIRMS GROUP.<strong><br \/>D.\u00aa BEGO\u00d1A CUETO.<span>\u00a0<\/span><\/strong>VICERRECTORA DE TRANSFERENCIA Y RELACIONES CON LA EMPRESA. UNIVERSIDAD DE OVIEDO<\/li>\n<\/ul>\n<\/div>\n<p>[\/et_pb_text][\/et_pb_column][\/et_pb_row][et_pb_row column_structure=\u00bb1_3,1_3,1_3&#8243; use_custom_gutter=\u00bbon\u00bb gutter_width=\u00bb2&#8243; _builder_version=\u00bb4.18.0&#8243; background_color=\u00bb#ffffff\u00bb max_width=\u00bb1440px\u00bb custom_padding=\u00bb27px|0px|0|0px|false|false\u00bb use_custom_width=\u00bbon\u00bb custom_width_px=\u00bb1440px\u00bb global_colors_info=\u00bb{}\u00bb][et_pb_column type=\u00bb1_3&#8243; _builder_version=\u00bb4.16&#8243; custom_padding=\u00bb2%|2%|2%|2%|true|true\u00bb border_radii=\u00bbon|20px|20px|20px|20px\u00bb border_color_all=\u00bb#07867f\u00bb border_width_top=\u00bb20px\u00bb box_shadow_style=\u00bbpreset1&#8243; box_shadow_blur=\u00bb70px\u00bb box_shadow_color=\u00bbrgba(110,130,208,0.18)\u00bb global_colors_info=\u00bb{}\u00bb custom_padding__hover=\u00bb|||\u00bb][et_pb_video src=\u00bbhttps:\/\/www.youtube.com\/watch?v=2q7IyTO6nbs\u00bb image_src=\u00bbhttps:\/\/www.unioviedo.es\/foro_empleo\/wp-content\/uploads\/2022\/11\/Captura-de-Pantalla-2022-11-17-a-las-12.42.58.jpg\u00bb play_icon_color=\u00bb#f0b800&#8243; thumbnail_overlay_color=\u00bbrgba(0,0,0,0.6)\u00bb _builder_version=\u00bb4.18.0&#8243; _module_preset=\u00bbdefault\u00bb global_colors_info=\u00bb{}\u00bb][\/et_pb_video][et_pb_text _builder_version=\u00bb4.18.0&#8243; _module_preset=\u00bbdefault\u00bb text_text_color=\u00bb#07867f\u00bb global_colors_info=\u00bb{}\u00bb]<\/p>\n<p>SALA UO<\/p>\n<p>[\/et_pb_text][et_pb_text _builder_version=\u00bb4.18.0&#8243; _module_preset=\u00bbdefault\u00bb header_2_font=\u00bbRoboto|700|||||||\u00bb header_2_font_size=\u00bb16px\u00bb header_2_line_height=\u00bb1.2em\u00bb header_4_font=\u00bbRoboto|700|||||||\u00bb header_4_font_size=\u00bb16px\u00bb global_colors_info=\u00bb{}\u00bb]<\/p>\n<h4 class=\"et_pb_module_header\"><span>MESA REDONDA. EL DATO COMO MATERIA PRIMA \u00bfPARA QUI\u00c9N?<\/span><\/h4>\n<div class=\"et_pb_blurb_description\">\n<ul>\n<li><strong>D. ALEJANDRO MORENO.<\/strong><span>\u00a0<\/span>DIRECTOR DE DATA. HIBERUS<\/li>\n<li><strong>D. GERM\u00c1N HEREDIA.<\/strong><span>\u00a0<\/span>CCO. EMPATHY<\/li>\n<li><strong>D. HIGINIO IGLESIAS.<\/strong><span>\u00a0<\/span>CEO. EBROKER<\/li>\n<li><strong>D.\u00aa LETICIA BUENO.<\/strong><span>\u00a0<\/span>DATA VISUALIZATION TEAM LEADER\/DIGITAL &amp; DATA ANALYTICS. CHEMOURS SPAIN<\/li>\n<li><strong>D.\u00aa MARIAN HURL\u00c9.<\/strong><span>\u00a0<\/span>HR BUSINESS PARTNER EN MERKLE SPAIN<\/li>\n<\/ul>\n<p class=\"p1\"><em>Moderada:<span>\u00a0<\/span><b>D. Santos Gonz\u00e1lez.<span>\u00a0<\/span><\/b>Profesor Em\u00e9rito. Departamento de Matem\u00e1ticas. Universidad de Oviedo<\/em><\/p>\n<\/div>\n<p>[\/et_pb_text][\/et_pb_column][et_pb_column type=\u00bb1_3&#8243; _builder_version=\u00bb4.16&#8243; custom_padding=\u00bb2%|2%|2%|2%|true|true\u00bb border_radii=\u00bbon|20px|20px|20px|20px\u00bb border_color_all=\u00bb#07867f\u00bb border_width_top=\u00bb20px\u00bb box_shadow_style=\u00bbpreset1&#8243; box_shadow_blur=\u00bb70px\u00bb box_shadow_color=\u00bbrgba(110,130,208,0.18)\u00bb global_colors_info=\u00bb{}\u00bb custom_padding__hover=\u00bb|||\u00bb][et_pb_video src=\u00bbhttps:\/\/www.youtube.com\/watch?v=BnJtuo8Bxmc\u00bb image_src=\u00bbhttps:\/\/www.unioviedo.es\/foro_empleo\/wp-content\/uploads\/2022\/11\/Captura-de-Pantalla-2022-11-17-a-las-12.43.08.jpg\u00bb play_icon_color=\u00bb#f0b800&#8243; thumbnail_overlay_color=\u00bbrgba(0,0,0,0.6)\u00bb _builder_version=\u00bb4.18.0&#8243; _module_preset=\u00bbdefault\u00bb global_colors_info=\u00bb{}\u00bb][\/et_pb_video][et_pb_text _builder_version=\u00bb4.18.0&#8243; _module_preset=\u00bbdefault\u00bb text_text_color=\u00bb#07867f\u00bb global_colors_info=\u00bb{}\u00bb]<\/p>\n<p>SALA UO<\/p>\n<p>[\/et_pb_text][et_pb_text _builder_version=\u00bb4.18.0&#8243; _module_preset=\u00bbdefault\u00bb header_2_font=\u00bbRoboto|700|||||||\u00bb header_2_font_size=\u00bb16px\u00bb header_2_line_height=\u00bb1.2em\u00bb header_3_font=\u00bbRoboto|700|||||||\u00bb header_3_font_size=\u00bb16px\u00bb header_4_font=\u00bbRoboto|700|||||||\u00bb header_4_font_size=\u00bb16px\u00bb global_colors_info=\u00bb{}\u00bb]<\/p>\n<h4 class=\"et_pb_module_header\"><span>MASTERCLASS RHI MAGNESITA \u201cCAPTACI\u00d3N Y RETENCI\u00d3N DEL TALENTO: LA EXPERIENCIA DE RHI MAGNESITA\u201d<\/span><\/h4>\n<div class=\"et_pb_blurb_description\">\n<ul>\n<li><strong>D.\u00aa ELENA COSSENT<\/strong>. HRBP SPAIN. RHI MAGNESITA<\/li>\n<li><strong>D. ESTEBAN CARVAJAL<\/strong>. CREDIT RISK PROFESSIONAL. RHI MAGNESITA<\/li>\n<li><strong>D. GABRIEL P\u00c9REZ<\/strong>. HRBP SPAIN. RHI MAGNESITA<\/li>\n<li><strong>D. JOS\u00c9 ANTONIO FERN\u00c1NDEZ.<\/strong><span>\u00a0<\/span>DEPARTAMENTO DE PSICOLOG\u00cdA. UNIVERSIDAD DE OVIEDO<\/li>\n<\/ul>\n<\/div>\n<p>[\/et_pb_text][\/et_pb_column][et_pb_column type=\u00bb1_3&#8243; _builder_version=\u00bb4.16&#8243; custom_padding=\u00bb2%|2%|2%|2%|true|true\u00bb border_radii=\u00bbon|20px|20px|20px|20px\u00bb border_color_all=\u00bb#07867f\u00bb border_width_top=\u00bb20px\u00bb box_shadow_style=\u00bbpreset1&#8243; box_shadow_blur=\u00bb70px\u00bb box_shadow_color=\u00bbrgba(110,130,208,0.18)\u00bb global_colors_info=\u00bb{}\u00bb custom_padding__hover=\u00bb|||\u00bb][et_pb_video src=\u00bbhttps:\/\/www.youtube.com\/watch?v=WuXTzXV8xuY\u00bb image_src=\u00bbhttps:\/\/www.unioviedo.es\/foro_empleo\/wp-content\/uploads\/2022\/11\/Captura-de-Pantalla-2022-11-17-a-las-12.43.17.jpg\u00bb play_icon_color=\u00bb#f0b800&#8243; thumbnail_overlay_color=\u00bbrgba(0,0,0,0.6)\u00bb _builder_version=\u00bb4.18.0&#8243; _module_preset=\u00bbdefault\u00bb global_colors_info=\u00bb{}\u00bb][\/et_pb_video][et_pb_text _builder_version=\u00bb4.18.0&#8243; _module_preset=\u00bbdefault\u00bb text_text_color=\u00bb#07867f\u00bb global_colors_info=\u00bb{}\u00bb]<\/p>\n<p>SALA UO<\/p>\n<p>[\/et_pb_text][et_pb_text _builder_version=\u00bb4.18.0&#8243; _module_preset=\u00bbdefault\u00bb header_2_font=\u00bbRoboto|700|||||||\u00bb header_2_font_size=\u00bb16px\u00bb header_2_line_height=\u00bb1.2em\u00bb header_4_font=\u00bbRoboto|700|||||||\u00bb header_4_font_size=\u00bb16px\u00bb global_colors_info=\u00bb{}\u00bb]<\/p>\n<h4 class=\"et_pb_module_header\"><span>MASTERCLASS NWORLD \u201cBIG DATA EN UN ENTORNO EMPRESARIAL\u201d<\/span><\/h4>\n<div class=\"et_pb_blurb_description\">\n<ul>\n<li><strong>D. IV\u00c1N MART\u00cdNEZ.<\/strong><span>\u00a0<\/span>INGENIERO INFORM\u00c1TICO. DATA EXPERIENCED SENIOR CONSULTANT. NWORLD<\/li>\n<li><strong>D. ENRIQUE SOLA.<\/strong><span>\u00a0<\/span>INGENIERO INFORM\u00c1TICO. BIG DATA SENIOR CONSULTANT. NWORLD<\/li>\n<li><strong>D.\u00aa CONSUELO MART\u00cdNEZ.<\/strong><span>\u00a0<\/span>DEPARTAMENTO DE MATEM\u00c1TICAS. UNIVERSIDAD DE OVIEDO<\/li>\n<\/ul>\n<\/div>\n<p>[\/et_pb_text][\/et_pb_column][\/et_pb_row][et_pb_row column_structure=\u00bb1_3,1_3,1_3&#8243; use_custom_gutter=\u00bbon\u00bb gutter_width=\u00bb2&#8243; _builder_version=\u00bb4.18.0&#8243; background_color=\u00bb#ffffff\u00bb max_width=\u00bb1440px\u00bb custom_padding=\u00bb27px|0px|0|0px|false|false\u00bb use_custom_width=\u00bbon\u00bb custom_width_px=\u00bb1440px\u00bb global_colors_info=\u00bb{}\u00bb][et_pb_column type=\u00bb1_3&#8243; _builder_version=\u00bb4.16&#8243; custom_padding=\u00bb2%|2%|2%|2%|true|true\u00bb border_radii=\u00bbon|20px|20px|20px|20px\u00bb border_color_all=\u00bb#07867f\u00bb border_width_top=\u00bb20px\u00bb box_shadow_style=\u00bbpreset1&#8243; box_shadow_blur=\u00bb70px\u00bb box_shadow_color=\u00bbrgba(110,130,208,0.18)\u00bb global_colors_info=\u00bb{}\u00bb custom_padding__hover=\u00bb|||\u00bb][et_pb_video src=\u00bbhttps:\/\/www.youtube.com\/watch?v=pKbqTPTfi0Y\u00bb image_src=\u00bbhttps:\/\/www.unioviedo.es\/foro_empleo\/wp-content\/uploads\/2022\/11\/Captura-de-Pantalla-2022-11-17-a-las-12.43.27.jpg\u00bb play_icon_color=\u00bb#f0b800&#8243; thumbnail_overlay_color=\u00bbrgba(0,0,0,0.6)\u00bb _builder_version=\u00bb4.18.0&#8243; _module_preset=\u00bbdefault\u00bb global_colors_info=\u00bb{}\u00bb][\/et_pb_video][et_pb_text _builder_version=\u00bb4.18.0&#8243; _module_preset=\u00bbdefault\u00bb text_text_color=\u00bb#07867f\u00bb global_colors_info=\u00bb{}\u00bb]<\/p>\n<p>SALA UO<\/p>\n<p>[\/et_pb_text][et_pb_text _builder_version=\u00bb4.18.0&#8243; _module_preset=\u00bbdefault\u00bb header_2_font=\u00bbRoboto|700|||||||\u00bb header_2_font_size=\u00bb16px\u00bb header_2_line_height=\u00bb1.2em\u00bb header_4_font=\u00bbRoboto|700|||||||\u00bb header_4_font_size=\u00bb16px\u00bb global_colors_info=\u00bb{}\u00bb]<\/p>\n<h4 class=\"et_pb_module_header\"><span>MASTERCLASS MECALUX \u201cLA NUBE, KUBERNETES, ALTA DISPONIBILIDAD Y DESPLIGUE CONTINUO EN MECALUX\u201d<\/span><\/h4>\n<div class=\"et_pb_blurb_description\">\n<ul>\n<li><strong>D. CARLOS ALBERTO G\u00d3MEZ.<\/strong><span>\u00a0<\/span>SRE LEADER (SITE RELIABILITY ENGINEERING). MECALUX<\/li>\n<li><strong>D. JAVIER GARC\u00cdA.<\/strong><span>\u00a0<\/span>DEPARTAMENTO DE INFORM\u00c1TICA. UNIVERSIDAD DE OVIEDO<\/li>\n<\/ul>\n<\/div>\n<p>[\/et_pb_text][\/et_pb_column][et_pb_column type=\u00bb1_3&#8243; _builder_version=\u00bb4.16&#8243; custom_padding=\u00bb2%|2%|2%|2%|true|true\u00bb border_radii=\u00bbon|20px|20px|20px|20px\u00bb border_color_all=\u00bb#07867f\u00bb border_width_top=\u00bb20px\u00bb box_shadow_style=\u00bbpreset1&#8243; box_shadow_blur=\u00bb70px\u00bb box_shadow_color=\u00bbrgba(110,130,208,0.18)\u00bb global_colors_info=\u00bb{}\u00bb custom_padding__hover=\u00bb|||\u00bb][et_pb_video src=\u00bbhttps:\/\/www.youtube.com\/watch?v=9NyHjXTcG94&#8243; image_src=\u00bbhttps:\/\/www.unioviedo.es\/foro_empleo\/wp-content\/uploads\/2022\/11\/Captura-de-Pantalla-2022-11-17-a-las-12.43.36.jpg\u00bb play_icon_color=\u00bb#f0b800&#8243; thumbnail_overlay_color=\u00bbrgba(0,0,0,0.6)\u00bb _builder_version=\u00bb4.18.0&#8243; _module_preset=\u00bbdefault\u00bb global_colors_info=\u00bb{}\u00bb][\/et_pb_video][et_pb_text _builder_version=\u00bb4.18.0&#8243; _module_preset=\u00bbdefault\u00bb text_text_color=\u00bb#07867f\u00bb global_colors_info=\u00bb{}\u00bb]<\/p>\n<p>SALA UO<\/p>\n<p>[\/et_pb_text][et_pb_text _builder_version=\u00bb4.18.0&#8243; _module_preset=\u00bbdefault\u00bb header_2_font=\u00bbRoboto|700|||||||\u00bb header_2_font_size=\u00bb16px\u00bb header_2_line_height=\u00bb1.2em\u00bb header_3_font=\u00bbRoboto|700|||||||\u00bb header_3_font_size=\u00bb16px\u00bb header_4_font=\u00bbRoboto|700|||||||\u00bb header_4_font_size=\u00bb16px\u00bb global_colors_info=\u00bb{}\u00bb]<\/p>\n<h4 class=\"et_pb_module_header\"><span>MASTERCLASS CHEMOURS SPAIN \u201cLA FLEXIBILIDAD LABORAL Y LOS MODELOS H\u00cdBRIDOS EN EL ENTORNO DE TRABAJO\u201d<\/span><\/h4>\n<div class=\"et_pb_blurb_description\">\n<ul>\n<li><strong>D.\u00aa AMELIA OZORES.<\/strong><span>\u00a0<\/span>COUNTRY HR MANAGER\/HRBP FINANCE. CHEMOURS<\/li>\n<li><strong>D. JES\u00daS DEL BR\u00cdO.<\/strong><span>\u00a0<\/span>DEPARTAMENTO DE ADMINISTRACI\u00d3N DE EMPRESAS. UNIVERSIDAD DE OVIEDO<\/li>\n<\/ul>\n<\/div>\n<p>[\/et_pb_text][\/et_pb_column][et_pb_column type=\u00bb1_3&#8243; _builder_version=\u00bb4.16&#8243; custom_padding=\u00bb2%|2%|2%|2%|true|true\u00bb border_radii=\u00bbon|20px|20px|20px|20px\u00bb border_color_all=\u00bb#07867f\u00bb border_width_top=\u00bb20px\u00bb box_shadow_style=\u00bbpreset1&#8243; box_shadow_blur=\u00bb70px\u00bb box_shadow_color=\u00bbrgba(110,130,208,0.18)\u00bb global_colors_info=\u00bb{}\u00bb custom_padding__hover=\u00bb|||\u00bb][et_pb_video src=\u00bbhttps:\/\/www.youtube.com\/watch?v=-IF_Sx6sh8Y\u00bb image_src=\u00bbhttps:\/\/www.unioviedo.es\/foro_empleo\/wp-content\/uploads\/2022\/11\/Captura-de-Pantalla-2022-11-17-a-las-12.43.43.jpg\u00bb play_icon_color=\u00bb#f0b800&#8243; thumbnail_overlay_color=\u00bbrgba(0,0,0,0.6)\u00bb _builder_version=\u00bb4.18.0&#8243; _module_preset=\u00bbdefault\u00bb global_colors_info=\u00bb{}\u00bb][\/et_pb_video][et_pb_text _builder_version=\u00bb4.18.0&#8243; _module_preset=\u00bbdefault\u00bb text_text_color=\u00bb#07867f\u00bb global_colors_info=\u00bb{}\u00bb]<\/p>\n<p>SALA UO<\/p>\n<p>[\/et_pb_text][et_pb_text _builder_version=\u00bb4.18.0&#8243; _module_preset=\u00bbdefault\u00bb header_2_font=\u00bbRoboto|700|||||||\u00bb header_2_font_size=\u00bb16px\u00bb header_2_line_height=\u00bb1.2em\u00bb header_4_font=\u00bbRoboto|700|||||||\u00bb header_4_font_size=\u00bb16px\u00bb global_colors_info=\u00bb{}\u00bb]<\/p>\n<h4 class=\"et_pb_module_header\"><span>MESA REDONDA. CRECIMIENTO VERDE: OPORTUNIDADES LABORALES<\/span><\/h4>\n<div class=\"et_pb_blurb_description\">\n<ul>\n<li><strong>D.\u00aa ANA FERN\u00c1NDEZ.<\/strong><span>\u00a0<\/span>RESPONSABLE DE CERES-CIRCULAR ECONOMY AND RESOURCES FOR SUSTAINABILITY. ARCELORMITTAL GLOBAL R&amp;D<\/li>\n<li><strong>D.\u00aa LAURA AYALA.<\/strong><span>\u00a0<\/span>EMPLOYER BRANDING &amp; TALENT ACQUISITION. EDP RENOVABLES<\/li>\n<li><strong>D.\u00aa MAITE \u00c1LVAREZ.<\/strong><span>\u00a0<\/span>HR OPERATIONAL ADVISOR. TKE NORTE<\/li>\n<\/ul>\n<p><em>Modera:<span>\u00a0<\/span><strong>D. \u00c1lvaro Rubio.<span>\u00a0<\/span><\/strong>Departamento de Geolog\u00eda. Universidad de Oviedo<\/em><\/p>\n<\/div>\n<p>[\/et_pb_text][\/et_pb_column][\/et_pb_row][et_pb_row column_structure=\u00bb1_3,1_3,1_3&#8243; use_custom_gutter=\u00bbon\u00bb gutter_width=\u00bb2&#8243; _builder_version=\u00bb4.18.0&#8243; background_color=\u00bb#ffffff\u00bb max_width=\u00bb1440px\u00bb custom_padding=\u00bb27px|0px|0|0px|false|false\u00bb use_custom_width=\u00bbon\u00bb custom_width_px=\u00bb1440px\u00bb global_colors_info=\u00bb{}\u00bb][et_pb_column type=\u00bb1_3&#8243; _builder_version=\u00bb4.16&#8243; custom_padding=\u00bb2%|2%|2%|2%|true|true\u00bb border_radii=\u00bbon|20px|20px|20px|20px\u00bb border_color_all=\u00bb#07867f\u00bb border_width_top=\u00bb20px\u00bb box_shadow_style=\u00bbpreset1&#8243; box_shadow_blur=\u00bb70px\u00bb box_shadow_color=\u00bbrgba(110,130,208,0.18)\u00bb global_colors_info=\u00bb{}\u00bb custom_padding__hover=\u00bb|||\u00bb][et_pb_video src=\u00bbhttps:\/\/www.youtube.com\/watch?v=8JiDx54_8z0&#8243; image_src=\u00bbhttps:\/\/www.unioviedo.es\/foro_empleo\/wp-content\/uploads\/2022\/11\/Captura-de-Pantalla-2022-11-17-a-las-12.44.01.jpg\u00bb play_icon_color=\u00bb#f0b800&#8243; thumbnail_overlay_color=\u00bbrgba(0,0,0,0.6)\u00bb _builder_version=\u00bb4.18.0&#8243; _module_preset=\u00bbdefault\u00bb global_colors_info=\u00bb{}\u00bb][\/et_pb_video][et_pb_text _builder_version=\u00bb4.18.0&#8243; _module_preset=\u00bbdefault\u00bb text_text_color=\u00bb#07867f\u00bb global_colors_info=\u00bb{}\u00bb]<\/p>\n<p>SALA UO<\/p>\n<p>[\/et_pb_text][et_pb_text _builder_version=\u00bb4.18.0&#8243; _module_preset=\u00bbdefault\u00bb header_2_font=\u00bbRoboto|700|||||||\u00bb header_2_font_size=\u00bb16px\u00bb header_2_line_height=\u00bb1.2em\u00bb header_4_font=\u00bbRoboto|700|||||||\u00bb header_4_font_size=\u00bb16px\u00bb global_colors_info=\u00bb{}\u00bb]<\/p>\n<h4 class=\"et_pb_module_header\"><span>MASTERCLASS EDP ESPA\u00d1A \u201cEL HIDR\u00d3GENO VERDE: ENERG\u00cdA CLAVE EN LA TRANSICI\u00d3N ENERG\u00c9TICA\u201d<\/span><\/h4>\n<div class=\"et_pb_blurb_description\">\n<ul>\n<li><strong>D. JAVIER IZQUIERDO.<span>\u00a0<\/span><\/strong>PROJECT DEV &amp; EXECUTION (FOCUS SPAIN). EDP ESPA\u00d1A<\/li>\n<li><strong>D.\u00aa IN\u00c9S SU\u00c1REZ.<\/strong><span>\u00a0<\/span>DEPARTAMENTO DE ENERG\u00cdA. UNIVERSIDAD DE OVIEDO<\/li>\n<li><strong>D. JORGE PARRONDO.<\/strong><span>\u00a0<\/span>DEPARTAMENTO DE ENERG\u00cdA. UNIVERSIDAD DE OVIEDO<\/li>\n<li><strong>D. JOS\u00c9 D\u00cdAZ.<\/strong><span>\u00a0<\/span>DEPARTAMENTO DE ENERG\u00cdA. UNIVERSIDAD DE OVIEDO<\/li>\n<\/ul>\n<\/div>\n<p>[\/et_pb_text][\/et_pb_column][et_pb_column type=\u00bb1_3&#8243; _builder_version=\u00bb4.16&#8243; custom_padding=\u00bb2%|2%|2%|2%|true|true\u00bb border_radii=\u00bbon|20px|20px|20px|20px\u00bb border_color_all=\u00bb#07867f\u00bb border_width_top=\u00bb20px\u00bb box_shadow_style=\u00bbpreset1&#8243; box_shadow_blur=\u00bb70px\u00bb box_shadow_color=\u00bbrgba(110,130,208,0.18)\u00bb global_colors_info=\u00bb{}\u00bb custom_padding__hover=\u00bb|||\u00bb][et_pb_video src=\u00bbhttps:\/\/www.youtube.com\/watch?v=P3-nUbhHzx4&#8243; image_src=\u00bbhttps:\/\/www.unioviedo.es\/foro_empleo\/wp-content\/uploads\/2022\/11\/Captura-de-Pantalla-2022-11-17-a-las-12.44.28.jpg\u00bb play_icon_color=\u00bb#f0b800&#8243; thumbnail_overlay_color=\u00bbrgba(0,0,0,0.6)\u00bb _builder_version=\u00bb4.18.0&#8243; _module_preset=\u00bbdefault\u00bb global_colors_info=\u00bb{}\u00bb][\/et_pb_video][et_pb_text _builder_version=\u00bb4.18.0&#8243; _module_preset=\u00bbdefault\u00bb text_text_color=\u00bb#07867f\u00bb global_colors_info=\u00bb{}\u00bb]<\/p>\n<p>SALA UO<\/p>\n<p>[\/et_pb_text][et_pb_text _builder_version=\u00bb4.18.0&#8243; _module_preset=\u00bbdefault\u00bb header_2_font=\u00bbRoboto|700|||||||\u00bb header_2_font_size=\u00bb16px\u00bb header_2_line_height=\u00bb1.2em\u00bb header_3_font=\u00bbRoboto|700|||||||\u00bb header_3_font_size=\u00bb16px\u00bb header_4_font=\u00bbRoboto|700|||||||\u00bb header_4_font_size=\u00bb16px\u00bb global_colors_info=\u00bb{}\u00bb]<\/p>\n<h4 class=\"et_pb_module_header\"><span>MASTERCLASS EBROKER \u201cDEVSECOPS Y EL DESARROLLO SEGURO DE APLICACIONES\u201d<\/span><\/h4>\n<div class=\"et_pb_blurb_description\">\n<ul>\n<li><strong>D. SA\u00daL GONZ\u00c1LEZ.<\/strong><span>\u00a0<\/span>CTO. EBROKER<\/li>\n<li><strong>D. JOSE RAM\u00d3N QUEVEDO.<\/strong><span>\u00a0<\/span>DEPARTAMENTO DE INFORM\u00c1TICA. UNIVERSIDAD DE OVIEDO<\/li>\n<\/ul>\n<\/div>\n<p>[\/et_pb_text][\/et_pb_column][et_pb_column type=\u00bb1_3&#8243; _builder_version=\u00bb4.16&#8243; custom_padding=\u00bb2%|2%|2%|2%|true|true\u00bb border_radii=\u00bbon|20px|20px|20px|20px\u00bb border_color_all=\u00bb#07867f\u00bb border_width_top=\u00bb20px\u00bb box_shadow_style=\u00bbpreset1&#8243; box_shadow_blur=\u00bb70px\u00bb box_shadow_color=\u00bbrgba(110,130,208,0.18)\u00bb global_colors_info=\u00bb{}\u00bb custom_padding__hover=\u00bb|||\u00bb][et_pb_video src=\u00bbhttps:\/\/www.youtube.com\/watch?v=FDBmMQcDX-c\u00bb image_src=\u00bbhttps:\/\/www.unioviedo.es\/foro_empleo\/wp-content\/uploads\/2022\/11\/Captura-de-Pantalla-2022-11-17-a-las-12.44.15.jpg\u00bb play_icon_color=\u00bb#f0b800&#8243; thumbnail_overlay_color=\u00bbrgba(0,0,0,0.6)\u00bb _builder_version=\u00bb4.18.0&#8243; _module_preset=\u00bbdefault\u00bb global_colors_info=\u00bb{}\u00bb][\/et_pb_video][et_pb_text _builder_version=\u00bb4.18.0&#8243; _module_preset=\u00bbdefault\u00bb text_text_color=\u00bb#07867f\u00bb global_colors_info=\u00bb{}\u00bb]<\/p>\n<p>SALA UO<\/p>\n<p>[\/et_pb_text][et_pb_text _builder_version=\u00bb4.18.0&#8243; _module_preset=\u00bbdefault\u00bb header_2_font=\u00bbRoboto|700|||||||\u00bb header_2_font_size=\u00bb16px\u00bb header_2_line_height=\u00bb1.2em\u00bb header_3_font=\u00bbRoboto|700|||||||\u00bb header_3_font_size=\u00bb16px\u00bb header_4_font=\u00bbRoboto|700|||||||\u00bb header_4_font_size=\u00bb16px\u00bb global_colors_info=\u00bb{}\u00bb]<\/p>\n<h4 class=\"et_pb_module_header\"><span>MASTERCLASS CAPGEMINI \u201cARQUITECTURA DE MICROSERVICIOS\u201d<\/span><\/h4>\n<div class=\"et_pb_blurb_description\">\n<ul>\n<li><strong>D. LUIS CRIST\u00d3BAL SAIZ.<\/strong><span>\u00a0<\/span>SENIOR SOFTWARE ENGINEER. CAPGEMINI<\/li>\n<li><strong>D. BENJAMIN L\u00d3PEZ.<\/strong><span>\u00a0<\/span>DEPARTAMENTO DE INFORM\u00c1TICA. UNIVERSIDAD DE OVIEDO<\/li>\n<\/ul>\n<\/div>\n<p>[\/et_pb_text][\/et_pb_column][\/et_pb_row][et_pb_row column_structure=\u00bb1_3,1_3,1_3&#8243; use_custom_gutter=\u00bbon\u00bb gutter_width=\u00bb2&#8243; _builder_version=\u00bb4.18.0&#8243; background_color=\u00bb#ffffff\u00bb max_width=\u00bb1440px\u00bb custom_padding=\u00bb27px|0px|0|0px|false|false\u00bb use_custom_width=\u00bbon\u00bb custom_width_px=\u00bb1440px\u00bb global_colors_info=\u00bb{}\u00bb][et_pb_column type=\u00bb1_3&#8243; _builder_version=\u00bb4.16&#8243; custom_padding=\u00bb2%|2%|2%|2%|true|true\u00bb border_radii=\u00bbon|20px|20px|20px|20px\u00bb border_color_all=\u00bb#07867f\u00bb border_width_top=\u00bb20px\u00bb box_shadow_style=\u00bbpreset1&#8243; box_shadow_blur=\u00bb70px\u00bb box_shadow_color=\u00bbrgba(110,130,208,0.18)\u00bb global_colors_info=\u00bb{}\u00bb custom_padding__hover=\u00bb|||\u00bb][et_pb_video src=\u00bbhttps:\/\/www.youtube.com\/watch?v=0XbIRjhwlgI\u00bb image_src=\u00bbhttps:\/\/www.unioviedo.es\/foro_empleo\/wp-content\/uploads\/2022\/11\/Captura-de-Pantalla-2022-11-17-a-las-12.44.36.jpg\u00bb play_icon_color=\u00bb#f0b800&#8243; thumbnail_overlay_color=\u00bbrgba(0,0,0,0.6)\u00bb _builder_version=\u00bb4.18.0&#8243; _module_preset=\u00bbdefault\u00bb global_colors_info=\u00bb{}\u00bb][\/et_pb_video][et_pb_text _builder_version=\u00bb4.18.0&#8243; _module_preset=\u00bbdefault\u00bb text_text_color=\u00bb#07867f\u00bb global_colors_info=\u00bb{}\u00bb]<\/p>\n<p>SALA UO<\/p>\n<p>[\/et_pb_text][et_pb_text _builder_version=\u00bb4.18.0&#8243; _module_preset=\u00bbdefault\u00bb header_2_font=\u00bbRoboto|700|||||||\u00bb header_2_font_size=\u00bb16px\u00bb header_2_line_height=\u00bb1.2em\u00bb header_4_font=\u00bbRoboto|700|||||||\u00bb header_4_font_size=\u00bb16px\u00bb global_colors_info=\u00bb{}\u00bb]<\/p>\n<h4 class=\"et_pb_module_header\"><span>MASTERCLASS CAPSA \u201cIDENTIFICACI\u00d3N Y GESTI\u00d3N DEL TALENTO EN CAPSA\u201d<\/span><\/h4>\n<div class=\"et_pb_blurb_description\">\n<ul>\n<li><strong>D. VICENTE CELEM\u00cdN.<\/strong><span>\u00a0<\/span>RESPONSABLE DE SELECCI\u00d3N Y DESARROLLO DE RECURSOS HUMANOS. CAPSA<\/li>\n<li><strong>D.\u00aa ROSAURA PUGA.<\/strong><span>\u00a0<\/span>DEPARTAMENTO DE ADMINISTRACI\u00d3N DE EMPRESAS. UNIVERSIDAD DE OVIEDO<\/li>\n<\/ul>\n<\/div>\n<p>[\/et_pb_text][\/et_pb_column][et_pb_column type=\u00bb1_3&#8243; _builder_version=\u00bb4.18.0&#8243; _module_preset=\u00bbdefault\u00bb global_colors_info=\u00bb{}\u00bb][\/et_pb_column][et_pb_column type=\u00bb1_3&#8243; _builder_version=\u00bb4.18.0&#8243; _module_preset=\u00bbdefault\u00bb global_colors_info=\u00bb{}\u00bb][\/et_pb_column][\/et_pb_row][\/et_pb_section][et_pb_section fb_built=\u00bb1&#8243; custom_padding_last_edited=\u00bbon|desktop\u00bb next_background_color=\u00bb#ffffff\u00bb admin_label=\u00bbFooter\u00bb module_id=\u00bbResultados\u00bb _builder_version=\u00bb4.16&#8243; use_background_color_gradient=\u00bbon\u00bb background_color_gradient_stops=\u00bb#FFFFFF 0%|#f2f2fa 80%\u00bb background_color_gradient_start=\u00bb#FFFFFF\u00bb background_color_gradient_end=\u00bb#f2f2fa\u00bb background_color_gradient_end_position=\u00bb80%\u00bb background_enable_image=\u00bboff\u00bb background_size=\u00bbinitial\u00bb background_position=\u00bbbottom_right\u00bb custom_padding=\u00bb||5vw||false|false\u00bb custom_padding_tablet=\u00bb100px||100px||true\u00bb custom_padding_phone=\u00bb||||true\u00bb top_divider_height=\u00bb250px\u00bb top_divider_flip=\u00bbvertical\u00bb top_divider_height_tablet=\u00bb150px\u00bb top_divider_height_phone=\u00bb110px\u00bb top_divider_height_last_edited=\u00bbon|phone\u00bb bottom_divider_style=\u00bbramp\u00bb bottom_divider_height=\u00bb250px\u00bb da_popup_slug=\u00bbResultados\u00bb da_disable_devices=\u00bboff|off|off\u00bb saved_tabs=\u00bball\u00bb global_colors_info=\u00bb{}\u00bb da_is_popup=\u00bboff\u00bb da_exit_intent=\u00bboff\u00bb da_has_close=\u00bbon\u00bb da_alt_close=\u00bboff\u00bb da_dark_close=\u00bboff\u00bb da_not_modal=\u00bbon\u00bb da_is_singular=\u00bboff\u00bb da_with_loader=\u00bboff\u00bb da_has_shadow=\u00bbon\u00bb][\/et_pb_section]<\/p>\n","protected":false},"excerpt":{"rendered":"<p>20 Foro de Empleo de la Universidad de Oviedo Videos de las Conferencias y MasterclassSALA TALENTACTO OFICIAL DE INAUGURACI\u00d3N DEL 20 FORO DE EMPLEO D. IGNACIO VILLAVERDE. RECTOR MGFCO. UNIVERSIDAD DE OVIEDO D. BORJA S\u00c1NCHEZ. CONSEJERO DE CIENCIA, INNOVACI\u00d3N Y UNIVERSIDAD. GOBIERNO DEL PRINCIPADO DE ASTURIAS D.\u00aa ANA GONZ\u00c1LEZ. ILUSTR\u00cdSIMA ALCALDESA. AYUNTAMIENTO DE GIJ\u00d3N D.\u00aa [&hellip;]<\/p>\n","protected":false},"author":1,"featured_media":0,"parent":0,"menu_order":0,"comment_status":"closed","ping_status":"closed","template":"","meta":{"_et_pb_use_builder":"on","_et_pb_old_content":"","_et_gb_content_width":"","footnotes":""},"class_list":["post-990","page","type-page","status-publish","hentry"],"yoast_head":"<!-- This site is optimized with the Yoast SEO plugin v24.5 - https:\/\/yoast.com\/wordpress\/plugins\/seo\/ -->\n<title>Videos - Foro de Empleo<\/title>\n<meta name=\"robots\" content=\"index, follow, max-snippet:-1, max-image-preview:large, max-video-preview:-1\" \/>\n<link rel=\"canonical\" href=\"https:\/\/www.unioviedo.es\/foro_empleo\/index.php\/videos\/\" \/>\n<meta property=\"og:locale\" content=\"es_ES\" \/>\n<meta property=\"og:type\" content=\"article\" \/>\n<meta property=\"og:title\" content=\"Videos - Foro de Empleo\" \/>\n<meta property=\"og:description\" content=\"20 Foro de Empleo de la Universidad de Oviedo Videos de las Conferencias y MasterclassSALA TALENTACTO OFICIAL DE INAUGURACI\u00d3N DEL 20 FORO DE EMPLEO D. IGNACIO VILLAVERDE. RECTOR MGFCO. UNIVERSIDAD DE OVIEDO D. BORJA S\u00c1NCHEZ. CONSEJERO DE CIENCIA, INNOVACI\u00d3N Y UNIVERSIDAD. GOBIERNO DEL PRINCIPADO DE ASTURIAS D.\u00aa ANA GONZ\u00c1LEZ. ILUSTR\u00cdSIMA ALCALDESA. AYUNTAMIENTO DE GIJ\u00d3N D.\u00aa [&hellip;]\" \/>\n<meta property=\"og:url\" content=\"https:\/\/www.unioviedo.es\/foro_empleo\/index.php\/videos\/\" \/>\n<meta property=\"og:site_name\" content=\"Foro de Empleo\" \/>\n<meta property=\"article:modified_time\" content=\"2022-11-23T10:12:49+00:00\" \/>\n<meta property=\"og:image\" content=\"https:\/\/www.unioviedo.es\/foro_empleo\/wp-content\/uploads\/2026\/03\/imagen-general.jpg\" \/>\n\t<meta property=\"og:image:width\" content=\"1200\" \/>\n\t<meta property=\"og:image:height\" content=\"675\" \/>\n\t<meta property=\"og:image:type\" content=\"image\/jpeg\" \/>\n<meta name=\"twitter:card\" content=\"summary_large_image\" \/>\n<meta name=\"twitter:label1\" content=\"Tiempo de lectura\" \/>\n\t<meta name=\"twitter:data1\" content=\"33 minutos\" \/>\n<script type=\"application\/ld+json\" class=\"yoast-schema-graph\">{\"@context\":\"https:\/\/schema.org\",\"@graph\":[{\"@type\":\"WebPage\",\"@id\":\"https:\/\/www.unioviedo.es\/foro_empleo\/index.php\/videos\/\",\"url\":\"https:\/\/www.unioviedo.es\/foro_empleo\/index.php\/videos\/\",\"name\":\"Videos - Foro de Empleo\",\"isPartOf\":{\"@id\":\"https:\/\/www.unioviedo.es\/foro_empleo\/#website\"},\"datePublished\":\"2022-11-17T09:49:29+00:00\",\"dateModified\":\"2022-11-23T10:12:49+00:00\",\"breadcrumb\":{\"@id\":\"https:\/\/www.unioviedo.es\/foro_empleo\/index.php\/videos\/#breadcrumb\"},\"inLanguage\":\"es\",\"potentialAction\":[{\"@type\":\"ReadAction\",\"target\":[\"https:\/\/www.unioviedo.es\/foro_empleo\/index.php\/videos\/\"]}]},{\"@type\":\"BreadcrumbList\",\"@id\":\"https:\/\/www.unioviedo.es\/foro_empleo\/index.php\/videos\/#breadcrumb\",\"itemListElement\":[{\"@type\":\"ListItem\",\"position\":1,\"name\":\"Portada\",\"item\":\"https:\/\/www.unioviedo.es\/foro_empleo\/\"},{\"@type\":\"ListItem\",\"position\":2,\"name\":\"Videos\"}]},{\"@type\":\"WebSite\",\"@id\":\"https:\/\/www.unioviedo.es\/foro_empleo\/#website\",\"url\":\"https:\/\/www.unioviedo.es\/foro_empleo\/\",\"name\":\"Foro de Empleo\",\"description\":\"Foro de Empleo de la Universidad de Oviedo. Hacia un empleo verde, digital e inclusivo\",\"publisher\":{\"@id\":\"https:\/\/www.unioviedo.es\/foro_empleo\/#organization\"},\"potentialAction\":[{\"@type\":\"SearchAction\",\"target\":{\"@type\":\"EntryPoint\",\"urlTemplate\":\"https:\/\/www.unioviedo.es\/foro_empleo\/?s={search_term_string}\"},\"query-input\":{\"@type\":\"PropertyValueSpecification\",\"valueRequired\":true,\"valueName\":\"search_term_string\"}}],\"inLanguage\":\"es\"},{\"@type\":\"Organization\",\"@id\":\"https:\/\/www.unioviedo.es\/foro_empleo\/#organization\",\"name\":\"Foro de Empleo\",\"url\":\"https:\/\/www.unioviedo.es\/foro_empleo\/\",\"logo\":{\"@type\":\"ImageObject\",\"inLanguage\":\"es\",\"@id\":\"https:\/\/www.unioviedo.es\/foro_empleo\/#\/schema\/logo\/image\/\",\"url\":\"https:\/\/www.unioviedo.es\/foro_empleo\/wp-content\/uploads\/2022\/08\/20-logo-foro-1.png\",\"contentUrl\":\"https:\/\/www.unioviedo.es\/foro_empleo\/wp-content\/uploads\/2022\/08\/20-logo-foro-1.png\",\"width\":807,\"height\":588,\"caption\":\"Foro de Empleo\"},\"image\":{\"@id\":\"https:\/\/www.unioviedo.es\/foro_empleo\/#\/schema\/logo\/image\/\"}}]}<\/script>\n<!-- \/ Yoast SEO plugin. -->","yoast_head_json":{"title":"Videos - Foro de Empleo","robots":{"index":"index","follow":"follow","max-snippet":"max-snippet:-1","max-image-preview":"max-image-preview:large","max-video-preview":"max-video-preview:-1"},"canonical":"https:\/\/www.unioviedo.es\/foro_empleo\/index.php\/videos\/","og_locale":"es_ES","og_type":"article","og_title":"Videos - Foro de Empleo","og_description":"20 Foro de Empleo de la Universidad de Oviedo Videos de las Conferencias y MasterclassSALA TALENTACTO OFICIAL DE INAUGURACI\u00d3N DEL 20 FORO DE EMPLEO D. IGNACIO VILLAVERDE. RECTOR MGFCO. UNIVERSIDAD DE OVIEDO D. BORJA S\u00c1NCHEZ. CONSEJERO DE CIENCIA, INNOVACI\u00d3N Y UNIVERSIDAD. GOBIERNO DEL PRINCIPADO DE ASTURIAS D.\u00aa ANA GONZ\u00c1LEZ. ILUSTR\u00cdSIMA ALCALDESA. AYUNTAMIENTO DE GIJ\u00d3N D.\u00aa [&hellip;]","og_url":"https:\/\/www.unioviedo.es\/foro_empleo\/index.php\/videos\/","og_site_name":"Foro de Empleo","article_modified_time":"2022-11-23T10:12:49+00:00","og_image":[{"width":1200,"height":675,"url":"https:\/\/www.unioviedo.es\/foro_empleo\/wp-content\/uploads\/2026\/03\/imagen-general.jpg","type":"image\/jpeg"}],"twitter_card":"summary_large_image","twitter_misc":{"Tiempo de lectura":"33 minutos"},"schema":{"@context":"https:\/\/schema.org","@graph":[{"@type":"WebPage","@id":"https:\/\/www.unioviedo.es\/foro_empleo\/index.php\/videos\/","url":"https:\/\/www.unioviedo.es\/foro_empleo\/index.php\/videos\/","name":"Videos - Foro de Empleo","isPartOf":{"@id":"https:\/\/www.unioviedo.es\/foro_empleo\/#website"},"datePublished":"2022-11-17T09:49:29+00:00","dateModified":"2022-11-23T10:12:49+00:00","breadcrumb":{"@id":"https:\/\/www.unioviedo.es\/foro_empleo\/index.php\/videos\/#breadcrumb"},"inLanguage":"es","potentialAction":[{"@type":"ReadAction","target":["https:\/\/www.unioviedo.es\/foro_empleo\/index.php\/videos\/"]}]},{"@type":"BreadcrumbList","@id":"https:\/\/www.unioviedo.es\/foro_empleo\/index.php\/videos\/#breadcrumb","itemListElement":[{"@type":"ListItem","position":1,"name":"Portada","item":"https:\/\/www.unioviedo.es\/foro_empleo\/"},{"@type":"ListItem","position":2,"name":"Videos"}]},{"@type":"WebSite","@id":"https:\/\/www.unioviedo.es\/foro_empleo\/#website","url":"https:\/\/www.unioviedo.es\/foro_empleo\/","name":"Foro de Empleo","description":"Foro de Empleo de la Universidad de Oviedo. Hacia un empleo verde, digital e inclusivo","publisher":{"@id":"https:\/\/www.unioviedo.es\/foro_empleo\/#organization"},"potentialAction":[{"@type":"SearchAction","target":{"@type":"EntryPoint","urlTemplate":"https:\/\/www.unioviedo.es\/foro_empleo\/?s={search_term_string}"},"query-input":{"@type":"PropertyValueSpecification","valueRequired":true,"valueName":"search_term_string"}}],"inLanguage":"es"},{"@type":"Organization","@id":"https:\/\/www.unioviedo.es\/foro_empleo\/#organization","name":"Foro de Empleo","url":"https:\/\/www.unioviedo.es\/foro_empleo\/","logo":{"@type":"ImageObject","inLanguage":"es","@id":"https:\/\/www.unioviedo.es\/foro_empleo\/#\/schema\/logo\/image\/","url":"https:\/\/www.unioviedo.es\/foro_empleo\/wp-content\/uploads\/2022\/08\/20-logo-foro-1.png","contentUrl":"https:\/\/www.unioviedo.es\/foro_empleo\/wp-content\/uploads\/2022\/08\/20-logo-foro-1.png","width":807,"height":588,"caption":"Foro de Empleo"},"image":{"@id":"https:\/\/www.unioviedo.es\/foro_empleo\/#\/schema\/logo\/image\/"}}]}},"jetpack_sharing_enabled":true,"_links":{"self":[{"href":"https:\/\/www.unioviedo.es\/foro_empleo\/index.php\/wp-json\/wp\/v2\/pages\/990","targetHints":{"allow":["GET"]}}],"collection":[{"href":"https:\/\/www.unioviedo.es\/foro_empleo\/index.php\/wp-json\/wp\/v2\/pages"}],"about":[{"href":"https:\/\/www.unioviedo.es\/foro_empleo\/index.php\/wp-json\/wp\/v2\/types\/page"}],"author":[{"embeddable":true,"href":"https:\/\/www.unioviedo.es\/foro_empleo\/index.php\/wp-json\/wp\/v2\/users\/1"}],"replies":[{"embeddable":true,"href":"https:\/\/www.unioviedo.es\/foro_empleo\/index.php\/wp-json\/wp\/v2\/comments?post=990"}],"version-history":[{"count":11,"href":"https:\/\/www.unioviedo.es\/foro_empleo\/index.php\/wp-json\/wp\/v2\/pages\/990\/revisions"}],"predecessor-version":[{"id":1060,"href":"https:\/\/www.unioviedo.es\/foro_empleo\/index.php\/wp-json\/wp\/v2\/pages\/990\/revisions\/1060"}],"wp:attachment":[{"href":"https:\/\/www.unioviedo.es\/foro_empleo\/index.php\/wp-json\/wp\/v2\/media?parent=990"}],"curies":[{"name":"wp","href":"https:\/\/api.w.org\/{rel}","templated":true}]}}